{"id":235665,"date":"2025-06-12T15:54:39","date_gmt":"2025-06-12T13:54:39","guid":{"rendered":"https:\/\/www.mallorcaguru.es\/homepage-cat\/"},"modified":"2026-04-12T11:03:52","modified_gmt":"2026-04-12T09:03:52","slug":"inicio-mallorca-property-guru-espanya","status":"publish","type":"page","link":"https:\/\/www.mallorcaguru.es\/ca\/","title":{"rendered":"D\u00ccnici"},"content":{"rendered":"\t\t<div data-elementor-type=\"wp-post\" data-elementor-id=\"235665\" class=\"elementor elementor-235665 elementor-194\" data-elementor-post-type=\"page\">\n\t\t\t\t\t\t<section class=\"elementor-section elementor-top-section elementor-element elementor-element-c1d7965 elementor-section-height-full elementor-section-boxed elementor-section-height-default elementor-section-items-middle\" data-id=\"c1d7965\" data-element_type=\"section\" data-e-type=\"section\" data-settings=\"{&quot;background_background&quot;:&quot;classic&quot;}\">\n\t\t\t\t\t\t\t<div class=\"elementor-background-overlay\"><\/div>\n\t\t\t\t\t\t\t<div class=\"elementor-container elementor-column-gap-default\">\n\t\t\t\t\t<div class=\"elementor-column elementor-col-100 elementor-top-column elementor-element elementor-element-a552e5c\" data-id=\"a552e5c\" data-element_type=\"column\" data-e-type=\"column\">\n\t\t\t<div class=\"elementor-widget-wrap elementor-element-populated\">\n\t\t\t\t\t\t<div class=\"elementor-element elementor-element-9cff6ff elementor-widget elementor-widget-spacer\" data-id=\"9cff6ff\" data-element_type=\"widget\" data-e-type=\"widget\" data-widget_type=\"spacer.default\">\n\t\t\t\t<div class=\"elementor-widget-container\">\n\t\t\t\t\t\t\t<div class=\"elementor-spacer\">\n\t\t\t<div class=\"elementor-spacer-inner\"><\/div>\n\t\t<\/div>\n\t\t\t\t\t\t<\/div>\n\t\t\t\t<\/div>\n\t\t\t\t<div class=\"elementor-element elementor-element-00571d0 elementor-widget elementor-widget-heading\" data-id=\"00571d0\" data-element_type=\"widget\" data-e-type=\"widget\" data-widget_type=\"heading.default\">\n\t\t\t\t<div class=\"elementor-widget-container\">\n\t\t\t\t\t<h1 class=\"elementor-heading-title elementor-size-default\">Mallorca Property Guru <\/h1>\t\t\t\t<\/div>\n\t\t\t\t<\/div>\n\t\t\t\t<div class=\"elementor-element elementor-element-ac6cf9b elementor-widget elementor-widget-houzez_elementor_section_title\" data-id=\"ac6cf9b\" data-element_type=\"widget\" data-e-type=\"widget\" data-settings=\"{&quot;_animation&quot;:&quot;none&quot;}\" data-widget_type=\"houzez_elementor_section_title.default\">\n\t\t\t\t<div class=\"elementor-widget-container\">\n\t\t\t\t\t            <div class=\"houzez_section_title_wrap section-title-module\">\n                                    <h2 class=\"houzez_section_title\">Mallorca t\u00e9 el lloc perfecte per a tu<\/h2>\n                \n                                    <p class=\"houzez_section_subtitle\">Comenceu amb pocs clics<\/p>\n                            <\/div>\n            \t\t\t\t<\/div>\n\t\t\t\t<\/div>\n\t\t\t\t<div class=\"elementor-element elementor-element-590db8a elementor-widget elementor-widget-houzez_elementor_space\" data-id=\"590db8a\" data-element_type=\"widget\" data-e-type=\"widget\" data-widget_type=\"houzez_elementor_space.default\">\n\t\t\t\t<div class=\"elementor-widget-container\">\n\t\t\t\t\t        <div class=\"houzez-spacer\">\n            <div class=\"houzez-spacer-inner\"><\/div>\n        <\/div>\n        \t\t\t\t<\/div>\n\t\t\t\t<\/div>\n\t\t\t\t<section class=\"elementor-section elementor-inner-section elementor-element elementor-element-d3b1356 elementor-section-boxed elementor-section-height-default elementor-section-height-default\" data-id=\"d3b1356\" data-element_type=\"section\" data-e-type=\"section\">\n\t\t\t\t\t\t<div class=\"elementor-container elementor-column-gap-default\">\n\t\t\t\t\t<div class=\"elementor-column elementor-col-100 elementor-inner-column elementor-element elementor-element-196d994\" data-id=\"196d994\" data-element_type=\"column\" data-e-type=\"column\">\n\t\t\t<div class=\"elementor-widget-wrap elementor-element-populated\">\n\t\t\t\t\t\t<div class=\"elementor-element elementor-element-f0d3160 elementor-button-align-stretch elementor-widget elementor-widget-houzez_elementor_search_builder\" data-id=\"f0d3160\" data-element_type=\"widget\" data-e-type=\"widget\" data-settings=\"{&quot;_animation&quot;:&quot;none&quot;}\" data-widget_type=\"houzez_elementor_search_builder.default\">\n\t\t\t\t<div class=\"elementor-widget-container\">\n\t\t\t\t\t        <style>\n            #houzez-search-f0d3160 .houzez-ele-search-form-wrapper {\n                padding-bottom: 10px;\n            }\n        <\/style>\n        \n        <form class=\"houzez-search-form-js houzez-search-builder-form-js\" id=\"houzez-search-f0d3160\" method=\"get\" action=\"https:\/\/www.mallorcaguru.es\/ca\/resultats-de-la-cerca-mallorca-property-guru\/\" >\n\n            \n            <div class=\"houzez-search-builder-wrapper\">\n\n                <div class=\"houzez-ele-search-form-wrapper elementor-form-fields-wrapper elementor-labels-above\">\n\n                                            <div class=\"elementor-field-group elementor-column form-group elementor-field-group-b49cd62 elementor-col-25\">\n                    <label for=\"form-field-b49cd62\" class=\"elementor-field-label elementor-screen-only\">Estat<\/label>        <div class=\"elementor-field elementor-select-wrapper form-group\">\n            <select multiple=\"multiple\" title=\"Estat\" data-selected-text-format=\"count &gt; 1\" data-select-all-text=\"Selecciona-ho tot\" data-deselect-all-text=\"Deseleccionar tot\" data-actions-box=\"true\" data-count-selected-text=\"{0} elements seleccionats\" data-size=\"5\" name=\"status[]\" id=\"form-field-b49cd62\" class=\"selectpicker bs-select-hidden houzez-field-textual form-control elementor-size-md status-js\" data-none-results-text=\"No hi ha resultats coincidents {0}\">\n                <option data-ref=\"a-la-venda-mallorca-espanya\"   value=\"a-la-venda-mallorca-espanya\">A la Venda<\/option><option data-ref=\"bens-immobles-traspas-mallorca\"  value=\"bens-immobles-traspas-mallorca\"> - Trasp\u00e0s<\/option><option data-ref=\"en-lloguer-a-mallorca-espanya\"   value=\"en-lloguer-a-mallorca-espanya\">En lloguer<\/option><option data-ref=\"immobles-reservats-mallorca-espanya\"   value=\"immobles-reservats-mallorca-espanya\">Reservats<\/option><option data-ref=\"vendes-de-complexos-turistics\"   value=\"vendes-de-complexos-turistics\">Vendes de complexos tur\u00edstics<\/option><option data-ref=\"immobles-venut-a-mallorca\"   value=\"immobles-venut-a-mallorca\">Venut<\/option>            <\/select>\n        <\/div>\n                            <\/div>\n                                <div class=\"elementor-field-group elementor-column form-group elementor-field-group-field-cities elementor-col-25\">\n                    <label for=\"form-field-field-cities\" class=\"elementor-field-label elementor-screen-only\">Pobles<\/label>        <div class=\"elementor-field elementor-select-wrapper form-group\">\n            <select multiple=\"multiple\" title=\"Tots els pobles\" data-selected-text-format=\"count &gt; 1\" data-select-all-text=\"Selecciona-ho tot\" data-deselect-all-text=\"Deseleccionar tot\" data-actions-box=\"true\" data-count-selected-text=\"{0} elements seleccionats\" data-size=\"5\" name=\"location[]\" id=\"form-field-field-cities\" class=\"selectpicker bs-select-hidden houzez-field-textual form-control elementor-size-md houzezSelectFilter houzezCityFilter houzezThirdList houzez-city-js\" data-none-results-text=\"No hi ha resultats coincidents {0}\" data-target=\"houzezFourthList\">\n                <option data-ref=\"immobles-en-venda-alcudia-mallorca\" data-belong=\"immobiliari-en-venda-a-mallorca-raiguer-central-mallorca\" data-subtext=\"Raiguer-Centre Mallorca\" value=\"immobles-en-venda-alcudia-mallorca\">Alc\u00fadia<\/option><option data-ref=\"en-venda-algaida-mallorca\" data-belong=\"immobiliari-en-venda-en-pla-de-mallorca-centre\" data-subtext=\"Pla de Mallorca Centre\" value=\"en-venda-algaida-mallorca\">Algaida<\/option><option data-ref=\"propietat-en-venda-a-ariany-mallorca\" data-belong=\"immobiliari-en-venda-en-pla-de-mallorca-centre\" data-subtext=\"Pla de Mallorca Centre\" value=\"propietat-en-venda-a-ariany-mallorca\">Ariany<\/option><option data-ref=\"propietat-en-venda-arta-mallorca\" data-belong=\"en-venda-llevant-de-mallorca-nord-est\" data-subtext=\"Llevant de Mallorca- Nord-Est\" value=\"propietat-en-venda-arta-mallorca\">Art\u00e0<\/option><option data-ref=\"propietat-en-venda-colonia-de-sant-pere-mallorca\" data-belong=\"en-venda-llevant-de-mallorca-nord-est\" value=\"propietat-en-venda-colonia-de-sant-pere-mallorca\"> - Sant Pere (Arta)<\/option><option data-ref=\"en-venda-binissalem-mallorca\" data-belong=\"immobiliari-en-venda-a-mallorca-raiguer-central-mallorca\" data-subtext=\"Raiguer-Centre Mallorca\" value=\"en-venda-binissalem-mallorca\">Binissalem<\/option><option data-ref=\"en-venda-buger-mallorca\" data-belong=\"immobiliari-en-venda-a-mallorca-raiguer-central-mallorca\" data-subtext=\"Raiguer-Centre Mallorca\" value=\"en-venda-buger-mallorca\">B\u00fager<\/option><option data-ref=\"en-venda-a-campanet-mallorca\" data-belong=\"immobiliari-en-venda-a-mallorca-raiguer-central-mallorca\" data-subtext=\"Raiguer-Centre Mallorca\" value=\"en-venda-a-campanet-mallorca\">Campanet<\/option><option data-ref=\"immobiliari-en-venda-campos-mallorca\" data-belong=\"migjorn-de-mallorca-sud-est\" data-subtext=\"Migjorn de Mallorca-Sud-Est\" value=\"immobiliari-en-venda-campos-mallorca\">Campos<\/option><option data-ref=\"immobiliari-en-venda-capdepera-mallorca\" data-belong=\"en-venda-llevant-de-mallorca-nord-est\" data-subtext=\"Llevant de Mallorca- Nord-Est\" value=\"immobiliari-en-venda-capdepera-mallorca\">Capdepera<\/option><option data-ref=\"immobiliari-en-venda-a-cala-rajada-mallorca\" data-belong=\"en-venda-llevant-de-mallorca-nord-est\" value=\"immobiliari-en-venda-a-cala-rajada-mallorca\"> - Cala Ratjada ( Capdepera)<\/option><option data-ref=\"immobiliari-en-venda-consell-mallorca\" data-belong=\"immobiliari-en-venda-a-mallorca-raiguer-central-mallorca\" data-subtext=\"Raiguer-Centre Mallorca\" value=\"immobiliari-en-venda-consell-mallorca\">Consell<\/option><option data-ref=\"immobiliari-en-venda-costitx-mallorca\" data-belong=\"immobiliari-en-venda-en-pla-de-mallorca-centre\" data-subtext=\"Pla de Mallorca Centre\" value=\"immobiliari-en-venda-costitx-mallorca\">Costitx<\/option><option data-ref=\"immobiliari-en-venda-felanitx-mallorca\" data-belong=\"migjorn-de-mallorca-sud-est\" data-subtext=\"Migjorn de Mallorca-Sud-Est\" value=\"immobiliari-en-venda-felanitx-mallorca\">Felanitx<\/option><option data-ref=\"immobiliari-porto-colom-felanitx\" data-belong=\"migjorn-de-mallorca-sud-est\" value=\"immobiliari-porto-colom-felanitx\"> - Porto Colom ( Felanitx)<\/option><option data-ref=\"propietat-en-venda-inca-mallorca\" data-belong=\"immobiliari-en-venda-a-mallorca-raiguer-central-mallorca\" data-subtext=\"Raiguer-Centre Mallorca\" value=\"propietat-en-venda-inca-mallorca\">Inca<\/option><option data-ref=\"propietat-en-venda-lloseta-mallorca\" data-belong=\"immobiliari-en-venda-a-mallorca-raiguer-central-mallorca\" data-subtext=\"Raiguer-Centre Mallorca\" value=\"propietat-en-venda-lloseta-mallorca\">Lloseta<\/option><option data-ref=\"immobiliari-en-venda-llubi-mallorca\" data-belong=\"immobiliari-en-venda-en-pla-de-mallorca-centre\" data-subtext=\"Pla de Mallorca Centre\" value=\"immobiliari-en-venda-llubi-mallorca\">Llubi<\/option><option data-ref=\"propietat-en-venda-a-llucmajor-mallorca\" data-belong=\"migjorn-de-mallorca-sud-est\" data-subtext=\"Migjorn de Mallorca-Sud-Est\" value=\"propietat-en-venda-a-llucmajor-mallorca\">Llucmajor<\/option><option data-ref=\"immobiliari-en-venda-manacor-mallorca\" data-belong=\"en-venda-llevant-de-mallorca-nord-est\" data-subtext=\"Llevant de Mallorca- Nord-Est\" value=\"immobiliari-en-venda-manacor-mallorca\">Manacor<\/option><option data-ref=\"immobiliari-en-venda-mancor-de-la-vall-mallorca\" data-belong=\"immobiliari-en-venda-a-mallorca-raiguer-central-mallorca\" data-subtext=\"Raiguer-Centre Mallorca\" value=\"immobiliari-en-venda-mancor-de-la-vall-mallorca\">Mancor De La Vall<\/option><option data-ref=\"propietat-en-venda-maria-de-la-salut-mallorca\" data-belong=\"immobiliari-en-venda-en-pla-de-mallorca-centre\" data-subtext=\"Pla de Mallorca Centre\" value=\"propietat-en-venda-maria-de-la-salut-mallorca\">Maria de la Salut<\/option><option data-ref=\"mallorca-immobiliaria-en-venda-marratxi\" data-belong=\"immobiliari-en-venda-a-mallorca-raiguer-central-mallorca\" data-subtext=\"Raiguer-Centre Mallorca\" value=\"mallorca-immobiliaria-en-venda-marratxi\">Marratx\u00ed<\/option><option data-ref=\"immobiliari-en-venda-a-marratxinet-espanya\" data-belong=\"immobiliari-en-venda-a-mallorca-raiguer-central-mallorca\" value=\"immobiliari-en-venda-a-marratxinet-espanya\"> - Marratxinet (Marratx\u00ed)<\/option><option data-ref=\"immobiliari-en-venda-portol-mallorca\" data-belong=\"immobiliari-en-venda-a-mallorca-raiguer-central-mallorca\" value=\"immobiliari-en-venda-portol-mallorca\"> - P\u00f2rtol ( Marratx\u00ed)<\/option><option data-ref=\"propietat-en-venda-sa-cabaneta-mallorca-espanya\" data-belong=\"immobiliari-en-venda-a-mallorca-raiguer-central-mallorca\" value=\"propietat-en-venda-sa-cabaneta-mallorca-espanya\"> - Sa Cabaneta ( Marratx\u00ed )<\/option><option data-ref=\"immobiliari-en-venda-muro-mallorca\" data-belong=\"immobiliari-en-venda-en-pla-de-mallorca-centre\" data-subtext=\"Pla de Mallorca Centre\" value=\"immobiliari-en-venda-muro-mallorca\">Muro<\/option><option data-ref=\"palma-de-mallorca-propietat-en-venda-mallorca\" data-belong=\"immobles-en-venda-de-palma-de-mallorca\" data-subtext=\"Palma de Mallorca\" value=\"palma-de-mallorca-propietat-en-venda-mallorca\">Palma de Mallorca<\/option><option data-ref=\"en-venta-pollenca-mallorca\" data-belong=\"en-venda-mallorca-serra-de-tramuntana-nord\" data-subtext=\"Mallorca Serra de Tramuntana Nord\" value=\"en-venta-pollenca-mallorca\">Pollen\u00e7a<\/option><option data-ref=\"immobiliari-en-venda-a-puigpunyent-mallorca\" data-belong=\"en-venda-mallorca-serra-de-tramuntana-nord\" data-subtext=\"Mallorca Serra de Tramuntana Nord\" value=\"immobiliari-en-venda-a-puigpunyent-mallorca\">Puigpunyent<\/option><option data-ref=\"propietat-en-venda-santa-eugenia-mallorca\" data-belong=\"immobiliari-en-venda-en-pla-de-mallorca-centre\" data-subtext=\"Pla de Mallorca Centre\" value=\"propietat-en-venda-santa-eugenia-mallorca\">Santa Eugenia<\/option><option data-ref=\"immobiliari-en-venda-santa-margalida-mallorca\" data-belong=\"immobiliari-en-venda-en-pla-de-mallorca-centre\" data-subtext=\"Pla de Mallorca Centre\" value=\"immobiliari-en-venda-santa-margalida-mallorca\">Santa Margalida<\/option><option data-ref=\"en-venda-can-picafort-mallorca\" data-belong=\"immobiliari-en-venda-en-pla-de-mallorca-centre\" value=\"en-venda-can-picafort-mallorca\"> - Can Picafort (Santa Margalida)<\/option><option data-ref=\"son-serra-de-marina-santa-margalida-ca\" data-belong=\"immobiliari-en-venda-en-pla-de-mallorca-centre\" value=\"son-serra-de-marina-santa-margalida-ca\"> - Son Serra de Marina ( Santa Margalida)<\/option><option data-ref=\"en-venda-santa-maria-del-cami\" data-belong=\"immobiliari-en-venda-a-mallorca-raiguer-central-mallorca\" data-subtext=\"Raiguer-Centre Mallorca\" value=\"en-venda-santa-maria-del-cami\">Santa Maria del Cami<\/option><option data-ref=\"propietat-en-venda-a-santanyi-mallorca\" data-belong=\"migjorn-de-mallorca-sud-est\" data-subtext=\"Migjorn de Mallorca-Sud-Est\" value=\"propietat-en-venda-a-santanyi-mallorca\">Santanyi<\/option><option data-ref=\"propietat-en-venda-cala-d-or-mallorca\" data-belong=\"migjorn-de-mallorca-sud-est\" value=\"propietat-en-venda-cala-d-or-mallorca\"> - Cala d&#039;Or ( Santanyi)<\/option><option data-ref=\"en-venda-sencelles-mallorca\" data-belong=\"immobiliari-en-venda-en-pla-de-mallorca-centre\" data-subtext=\"Pla de Mallorca Centre\" value=\"en-venda-sencelles-mallorca\">Sencelles<\/option><option data-ref=\"immobiliari-en-venda-ses-salines-mallorca\" data-belong=\"migjorn-de-mallorca-sud-est\" data-subtext=\"Migjorn de Mallorca-Sud-Est\" value=\"immobiliari-en-venda-ses-salines-mallorca\">Ses Salines<\/option><option data-ref=\"immobiliari-en-venda-sineu-mallorca\" data-belong=\"immobiliari-en-venda-en-pla-de-mallorca-centre\" data-subtext=\"Pla de Mallorca Centre\" value=\"immobiliari-en-venda-sineu-mallorca\">Sineu<\/option><option data-ref=\"propietat-en-venda-soller-mallorca\" data-belong=\"en-venda-mallorca-serra-de-tramuntana-nord\" data-subtext=\"Mallorca Serra de Tramuntana Nord\" value=\"propietat-en-venda-soller-mallorca\">S\u00f3ller<\/option><option data-ref=\"immobiliari-en-venda-mallorca-son-servera\" data-belong=\"en-venda-llevant-de-mallorca-nord-est\" data-subtext=\"Llevant de Mallorca- Nord-Est\" value=\"immobiliari-en-venda-mallorca-son-servera\">Son Servera<\/option>            <\/select>\n        <\/div>\n                            <\/div>\n                                <div class=\"elementor-field-group elementor-column form-group elementor-field-group-31b5a5b elementor-col-25 elementor-hidden-mobile\">\n                    <label for=\"form-field-31b5a5b\" class=\"elementor-field-label elementor-screen-only\">Cerques Populars <\/label>        <div class=\"elementor-field elementor-select-wrapper form-group\">\n            <select data-size=\"5\" name=\"label[]\" id=\"form-field-31b5a5b\" class=\"selectpicker bs-select-hidden houzez-field-textual form-control elementor-size-md \" data-none-results-text=\"No hi ha resultats coincidents {0}\">\n                <option value=\"\">Cerques Populars <\/option><option data-ref=\"lloguer-a-llarg-termini\"   value=\"lloguer-a-llarg-termini\">Lloguer a llarg termini<\/option><option data-ref=\"lloguer-de-temporada\"   value=\"lloguer-de-temporada\">Lloguer de temporada<\/option><option data-ref=\"oportunitats-preu-reduit-immobles-mallorca\"   value=\"oportunitats-preu-reduit-immobles-mallorca\">Preu redu\u00eft<\/option><option data-ref=\"projectes-de-construccio-en-venda-mallorca\"   value=\"projectes-de-construccio-en-venda-mallorca\">Projectes de Construcci\u00f3<\/option><option data-ref=\"projectes-de-reforma-amb-llicencia-en-venda-mallorca\"   value=\"projectes-de-reforma-amb-llicencia-en-venda-mallorca\">Projectes de Reforma<\/option><option data-ref=\"propietats-amb-llicencia-etv-en-venda-a-mallorca\"   value=\"propietats-amb-llicencia-etv-en-venda-a-mallorca\">Propietats amb llic\u00e8ncia ETV en venda a Mallorca<\/option><option data-ref=\"propietats-amb-vistes-al-mar-en-venda\"   value=\"propietats-amb-vistes-al-mar-en-venda\">Propietats amb vistes al mar en venda a Mallorca | Cases a la costa<\/option><option data-ref=\"immobiliaria-propietats-bancaries-mallorca-espanya\"   value=\"immobiliaria-propietats-bancaries-mallorca-espanya\">Propietats banc\u00e0ries<\/option><option data-ref=\"propietats-dobra-nova-a-mallorca\"   value=\"propietats-dobra-nova-a-mallorca\">Propietats d&#039;obra Nova<\/option><option data-ref=\"vinyes-i-cellers-en-venda-mallorca\"   value=\"vinyes-i-cellers-en-venda-mallorca\">Vinyes i cellers<\/option>            <\/select>\n        <\/div>\n                            <\/div>\n                                    <div class=\"elementor-field-group elementor-column elementor-field-type-submit elementor-col-25\">\n                                <button type=\"submit\" class=\"houzez-search-button btn-primary elementor-button elementor-size-md\">\n                                                                            Cerca                                                                    <\/button>\n                            <\/div>\n                            \n                <\/div><!-- End main wrapper-->\n\n                            <\/div> <!-- End houzez-search-builder-wrapper -->\n        <\/form>\n\n        \t\t\t\t<\/div>\n\t\t\t\t<\/div>\n\t\t\t\t\t<\/div>\n\t\t<\/div>\n\t\t\t\t\t<\/div>\n\t\t<\/section>\n\t\t\t\t\t<\/div>\n\t\t<\/div>\n\t\t\t\t\t<\/div>\n\t\t<\/section>\n\t\t\t\t<section class=\"elementor-section elementor-top-section elementor-element elementor-element-130d89e elementor-section-boxed elementor-section-height-default elementor-section-height-default\" data-id=\"130d89e\" data-element_type=\"section\" data-e-type=\"section\">\n\t\t\t\t\t\t<div class=\"elementor-container elementor-column-gap-default\">\n\t\t\t\t\t<div class=\"elementor-column elementor-col-100 elementor-top-column elementor-element elementor-element-d1fa245\" data-id=\"d1fa245\" data-element_type=\"column\" data-e-type=\"column\">\n\t\t\t<div class=\"elementor-widget-wrap elementor-element-populated\">\n\t\t\t\t\t\t<div class=\"elementor-element elementor-element-92ea348 elementor-widget elementor-widget-houzez_elementor_space\" data-id=\"92ea348\" data-element_type=\"widget\" data-e-type=\"widget\" data-widget_type=\"houzez_elementor_space.default\">\n\t\t\t\t<div class=\"elementor-widget-container\">\n\t\t\t\t\t        <div class=\"houzez-spacer\">\n            <div class=\"houzez-spacer-inner\"><\/div>\n        <\/div>\n        \t\t\t\t<\/div>\n\t\t\t\t<\/div>\n\t\t\t\t<div class=\"elementor-element elementor-element-2c46e30 animated-slow elementor-invisible elementor-widget elementor-widget-houzez_elementor_section_title\" data-id=\"2c46e30\" data-element_type=\"widget\" data-e-type=\"widget\" data-settings=\"{&quot;_animation&quot;:&quot;fadeIn&quot;}\" data-widget_type=\"houzez_elementor_section_title.default\">\n\t\t\t\t<div class=\"elementor-widget-container\">\n\t\t\t\t\t            <div class=\"houzez_section_title_wrap section-title-module\">\n                                    <h2 class=\"houzez_section_title\">La nostra propietat immobili\u00e0ria destacada <\/h2>\n                \n                            <\/div>\n            \t\t\t\t<\/div>\n\t\t\t\t<\/div>\n\t\t\t\t<div class=\"elementor-element elementor-element-ac777fb elementor-widget elementor-widget-houzez_elementor_space\" data-id=\"ac777fb\" data-element_type=\"widget\" data-e-type=\"widget\" data-widget_type=\"houzez_elementor_space.default\">\n\t\t\t\t<div class=\"elementor-widget-container\">\n\t\t\t\t\t        <div class=\"houzez-spacer\">\n            <div class=\"houzez-spacer-inner\"><\/div>\n        <\/div>\n        \t\t\t\t<\/div>\n\t\t\t\t<\/div>\n\t\t\t\t\t<\/div>\n\t\t<\/div>\n\t\t\t\t\t<\/div>\n\t\t<\/section>\n\t\t\t\t<section class=\"elementor-section elementor-top-section elementor-element elementor-element-5811ff4 elementor-section-boxed elementor-section-height-default elementor-section-height-default\" data-id=\"5811ff4\" data-element_type=\"section\" data-e-type=\"section\">\n\t\t\t\t\t\t<div class=\"elementor-container elementor-column-gap-default\">\n\t\t\t\t\t<div class=\"elementor-column elementor-col-100 elementor-top-column elementor-element elementor-element-d2b0e81\" data-id=\"d2b0e81\" data-element_type=\"column\" data-e-type=\"column\">\n\t\t\t<div class=\"elementor-widget-wrap elementor-element-populated\">\n\t\t\t\t\t\t<div class=\"elementor-element elementor-element-52f81fd animated-slow elementor-invisible elementor-widget elementor-widget-houzez_elementor_property-card-v5\" data-id=\"52f81fd\" data-element_type=\"widget\" data-e-type=\"widget\" data-settings=\"{&quot;_animation&quot;:&quot;fadeIn&quot;}\" data-widget_type=\"houzez_elementor_property-card-v5.default\">\n\t\t\t\t<div class=\"elementor-widget-container\">\n\t\t\t\t\t    <div id=\"properties_module_section\" class=\"property-cards-module property-cards-module-v5 property-cards-module-col-2\">\n        <div id=\"module_properties\" class=\"listing-view grid-view row row-cols-1 row-cols-md-2 row-cols-lg-2 gy-4 gx-4\">\n            <div class=\"item-listing-wrap hz-item-gallery-js item-wrap-v5 hz-map-trigger\" data-hz-id=\"350643\" data-images=\"[{&quot;image&quot;:&quot;https:\\\/\\\/www.mallorcaguru.es\\\/wp-content\\\/uploads\\\/2026\\\/04\\\/ETV-Alcudia-A8100-29-584x438.jpg&quot;,&quot;alt&quot;:&quot;&quot;,&quot;width&quot;:584,&quot;height&quot;:438,&quot;srcset&quot;:false,&quot;sizes&quot;:&quot;(max-width: 584px) 100vw, 584px&quot;},{&quot;image&quot;:&quot;https:\\\/\\\/www.mallorcaguru.es\\\/wp-content\\\/uploads\\\/2026\\\/04\\\/ETV-Alcudia-A8100-29-584x438.jpg&quot;,&quot;alt&quot;:&quot;&quot;,&quot;width&quot;:584,&quot;height&quot;:438,&quot;srcset&quot;:false,&quot;sizes&quot;:&quot;(max-width: 584px) 100vw, 584px&quot;},{&quot;image&quot;:&quot;https:\\\/\\\/www.mallorcaguru.es\\\/wp-content\\\/uploads\\\/2026\\\/04\\\/ETV-Alcudia-A8100-28-584x438.jpg&quot;,&quot;alt&quot;:&quot;&quot;,&quot;width&quot;:584,&quot;height&quot;:438,&quot;srcset&quot;:false,&quot;sizes&quot;:&quot;(max-width: 584px) 100vw, 584px&quot;}]\">\n\t<div class=\"item-wrap h-100\">\n\t\t<div class=\"d-flex flex-column align-items-center h-100\">\n\t\t\t<div class=\"item-header\">\n\t\t\t\t<span class=\"label-featured label me-1\" role=\"status\">Destacats<\/span>\t\t\t\t<div class=\"labels-wrap d-flex align-items-center gap-1\" role=\"group\"> \n\n\t<a href=\"https:\/\/www.mallorcaguru.es\/ca\/estat\/a-la-venda-mallorca-espanya\/\" class=\"label-status label status-color-3530\">\n\t\t\t\t\tA la Venda\n\t\t\t\t<\/a><a href=\"https:\/\/www.mallorcaguru.es\/ca\/etiqueta\/propietats-amb-llicencia-etv-en-venda-a-mallorca\/\" class=\"hz-label label label-color-3836\">\n\t\t\t\t\tPropietats amb llic\u00e8ncia ETV en venda a Mallorca\n\t\t\t\t<\/a><a href=\"https:\/\/www.mallorcaguru.es\/ca\/etiqueta\/propietats-amb-vistes-al-mar-en-venda\/\" class=\"hz-label label label-color-3928\">\n\t\t\t\t\tPropietats amb vistes al mar en venda a Mallorca | Cases a la costa\n\t\t\t\t<\/a>       \n\n<\/div>\n\t\t\t\t<ul class=\"item-tools d-flex align-items-center justify-content-center gap-1\">\n        <li class=\"item-tool item-preview\">\n        <span class=\"hz-show-lightbox-js item-tool-preview text-center\" data-listid=\"350643\">\n            <span data-bs-toggle=\"tooltip\" data-bs-placement=\"top\" title=\"Previsualitza\">\n                <i class=\"houzez-icon icon-expand-3\"><\/i>   \n            <\/span>\n        <\/span><!-- item-tool-favorite -->\n    <\/li><!-- item-tool -->\n        \n        <li class=\"item-tool item-favorite\">\n        <span class=\"add-favorite-js item-tool-favorite text-center\" data-bs-toggle=\"tooltip\" data-bs-placement=\"top\" title=\"Preferit\" data-listid=\"350643\">\n            <i class=\"houzez-icon icon-love-it \"><\/i>\n        <\/span><!-- item-tool-favorite -->\n    <\/li><!-- item-tool -->\n    \n        <li class=\"item-tool item-compare\">\n        <span class=\"houzez_compare compare-350643 item-tool-compare text-center\" data-bs-toggle=\"tooltip\" data-bs-placement=\"top\" title=\"Afegeix per comparar\" data-listing_id=\"350643\" data-listing_image=\"https:\/\/www.mallorcaguru.es\/wp-content\/uploads\/2026\/04\/ETV-Alcudia-A8100-29-584x438.jpg\">\n            <i class=\"houzez-icon icon-add-circle\"><\/i>\n            <!-- <i class=\"houzez-icon icon-subtract-circle\"><\/i> -->\n        <\/span><!-- item-tool-compare -->\n    <\/li><!-- item-tool -->\n    <\/ul><!-- item-tools -->\n\t\t\t\t<div class=\"listing-image-wrap\">\n\t<div class=\"listing-thumb\">\n\t\t<a target=\"_self\" href=\"https:\/\/www.mallorcaguru.es\/ca\/propietat\/vil%c2%b7la-en-venda-a-alcudia-amb-llicencia-turistica-etv\/\" class=\"listing-featured-thumb hover-effect image-wrap\" role=\"link\">\n\t\t\t<img fetchpriority=\"high\" decoding=\"async\" width=\"584\" height=\"438\" src=\"data:image\/svg+xml,%3Csvg%20viewBox%3D%220%200%20584%20438%22%20xmlns%3D%22http%3A%2F%2Fwww.w3.org%2F2000%2Fsvg%22%3E%3C%2Fsvg%3E\" data-src=\"https:\/\/www.mallorcaguru.es\/wp-content\/uploads\/2026\/04\/ETV-Alcudia-A8100-29-584x438.jpg\" class=\"houzez-lazyload img-fluid wp-post-image\" alt=\"\" srcset=\"\" data-srcset=\"\" \/>\t\t<\/a><!-- hover-effect -->\n\t<\/div>\n<\/div>\t\t\t\t<div class=\"preview_loader\"><\/div>\n\t\t\t<\/div>\n\t\t\t<div class=\"item-body w-100 d-flex flex-column flex-fill align-items-center\">\n\t\t\t\t<h2 class=\"item-title mb-2 \">\n\t<a target=\"_self\" href=\"https:\/\/www.mallorcaguru.es\/ca\/propietat\/vil%c2%b7la-en-venda-a-alcudia-amb-llicencia-turistica-etv\/\" role=\"link\">Vil\u00b7la en venda a Alc\u00fadia amb llic\u00e8ncia tur\u00edstica ETV<\/a>\n<\/h2><!-- item-title -->\t\t\t\t<div class=\"item-v5-price mb-1\">\n\t\t\t\t\t 1,650,000\u20ac\t\t\t\t<\/div>\n\t\t\t\t\t\t\t\t<div class=\"item-v5-type d-flex flex-grow-1 text-center mb-3\">\n\t\t\t\t\tXalet\t\t\t\t<\/div>\n\t\t\t\t\t\t\t\t<ul class=\"item-amenities item-amenities-with-icons d-flex flex-wrap align-items-center gap-2 justify-content-center\" role=\"list\">\n\t<li class=\"h-property-id me-1\"><i class=\"houzez-icon icon-tags me-2\"><\/i><span class=\"item-amenities-text\">ID:<\/span> <span class=\"hz-figure\">A8100<\/span><\/li><li class=\"h-beds d-flex align-items-center me-1\"><i class=\"houzez-icon icon-hotel-double-bed-1 me-2\"><\/i><span class=\"item-amenities-text\">Dorm:<\/span> <span class=\"hz-figure\">5<\/span><\/li><li class=\"h-baths d-flex align-items-center me-1\"><i class=\"houzez-icon icon-bathroom-shower-1 me-2\"><\/i><span class=\"item-amenities-text\">Banys:<\/span> <span class=\"hz-figure\">5<\/span><\/li><li class=\"h-area d-flex align-items-center me-1\"><i class=\"houzez-icon icon-ruler-triangle me-2\"><\/i><span class=\"hz-figure me-1\">477<\/span> <span class=\"hz-figure area_postfix\">m\u00b2<\/span><\/li><\/ul>\t\t\t<\/div>\n\t\t<\/div>\n\t<\/div>\n<\/div><div class=\"item-listing-wrap hz-item-gallery-js item-wrap-v5 hz-map-trigger\" data-hz-id=\"347719\" data-images=\"[{&quot;image&quot;:&quot;https:\\\/\\\/www.mallorcaguru.es\\\/wp-content\\\/smush-avif\\\/2026\\\/04\\\/Santa-Maria-del-Cami-Finca-1-584x438.jpeg.avif&quot;,&quot;alt&quot;:&quot;&quot;,&quot;width&quot;:584,&quot;height&quot;:438,&quot;srcset&quot;:&quot;https:\\\/\\\/www.mallorcaguru.es\\\/wp-content\\\/smush-avif\\\/2026\\\/04\\\/Santa-Maria-del-Cami-Finca-1-584x438.jpeg.avif 584w, https:\\\/\\\/www.mallorcaguru.es\\\/wp-content\\\/smush-avif\\\/2026\\\/04\\\/Santa-Maria-del-Cami-Finca-1-1536x1152.jpeg.avif 1536w, https:\\\/\\\/www.mallorcaguru.es\\\/wp-content\\\/smush-avif\\\/2026\\\/04\\\/Santa-Maria-del-Cami-Finca-1.jpeg.avif 2048w&quot;,&quot;sizes&quot;:&quot;(max-width: 584px) 100vw, 584px&quot;},{&quot;image&quot;:&quot;https:\\\/\\\/www.mallorcaguru.es\\\/wp-content\\\/smush-avif\\\/2026\\\/04\\\/Santa-Maria-del-Cami-Finca-1-584x438.jpeg.avif&quot;,&quot;alt&quot;:&quot;&quot;,&quot;width&quot;:584,&quot;height&quot;:438,&quot;srcset&quot;:&quot;https:\\\/\\\/www.mallorcaguru.es\\\/wp-content\\\/smush-avif\\\/2026\\\/04\\\/Santa-Maria-del-Cami-Finca-1-584x438.jpeg.avif 584w, https:\\\/\\\/www.mallorcaguru.es\\\/wp-content\\\/smush-avif\\\/2026\\\/04\\\/Santa-Maria-del-Cami-Finca-1-1536x1152.jpeg.avif 1536w, https:\\\/\\\/www.mallorcaguru.es\\\/wp-content\\\/smush-avif\\\/2026\\\/04\\\/Santa-Maria-del-Cami-Finca-1.jpeg.avif 2048w&quot;,&quot;sizes&quot;:&quot;(max-width: 584px) 100vw, 584px&quot;},{&quot;image&quot;:&quot;https:\\\/\\\/www.mallorcaguru.es\\\/wp-content\\\/smush-avif\\\/2026\\\/04\\\/Santa-Maria-del-Cami-Finca-3-584x438.jpeg.avif&quot;,&quot;alt&quot;:&quot;&quot;,&quot;width&quot;:584,&quot;height&quot;:438,&quot;srcset&quot;:&quot;https:\\\/\\\/www.mallorcaguru.es\\\/wp-content\\\/smush-avif\\\/2026\\\/04\\\/Santa-Maria-del-Cami-Finca-3-584x438.jpeg.avif 584w, https:\\\/\\\/www.mallorcaguru.es\\\/wp-content\\\/smush-avif\\\/2026\\\/04\\\/Santa-Maria-del-Cami-Finca-3-1536x1152.jpeg.avif 1536w, https:\\\/\\\/www.mallorcaguru.es\\\/wp-content\\\/smush-avif\\\/2026\\\/04\\\/Santa-Maria-del-Cami-Finca-3.jpeg.avif 2048w&quot;,&quot;sizes&quot;:&quot;(max-width: 584px) 100vw, 584px&quot;}]\">\n\t<div class=\"item-wrap h-100\">\n\t\t<div class=\"d-flex flex-column align-items-center h-100\">\n\t\t\t<div class=\"item-header\">\n\t\t\t\t<span class=\"label-featured label me-1\" role=\"status\">Destacats<\/span>\t\t\t\t<div class=\"labels-wrap d-flex align-items-center gap-1\" role=\"group\"> \n\n\t<a href=\"https:\/\/www.mallorcaguru.es\/ca\/estat\/a-la-venda-mallorca-espanya\/\" class=\"label-status label status-color-3530\">\n\t\t\t\t\tA la Venda\n\t\t\t\t<\/a>       \n\n<\/div>\n\t\t\t\t<ul class=\"item-tools d-flex align-items-center justify-content-center gap-1\">\n        <li class=\"item-tool item-preview\">\n        <span class=\"hz-show-lightbox-js item-tool-preview text-center\" data-listid=\"347719\">\n            <span data-bs-toggle=\"tooltip\" data-bs-placement=\"top\" title=\"Previsualitza\">\n                <i class=\"houzez-icon icon-expand-3\"><\/i>   \n            <\/span>\n        <\/span><!-- item-tool-favorite -->\n    <\/li><!-- item-tool -->\n        \n        <li class=\"item-tool item-favorite\">\n        <span class=\"add-favorite-js item-tool-favorite text-center\" data-bs-toggle=\"tooltip\" data-bs-placement=\"top\" title=\"Preferit\" data-listid=\"347719\">\n            <i class=\"houzez-icon icon-love-it \"><\/i>\n        <\/span><!-- item-tool-favorite -->\n    <\/li><!-- item-tool -->\n    \n        <li class=\"item-tool item-compare\">\n        <span class=\"houzez_compare compare-347719 item-tool-compare text-center\" data-bs-toggle=\"tooltip\" data-bs-placement=\"top\" title=\"Afegeix per comparar\" data-listing_id=\"347719\" data-listing_image=\"https:\/\/www.mallorcaguru.es\/wp-content\/uploads\/2026\/04\/Santa-Maria-del-Cami-Finca-1-584x438.jpeg\">\n            <i class=\"houzez-icon icon-add-circle\"><\/i>\n            <!-- <i class=\"houzez-icon icon-subtract-circle\"><\/i> -->\n        <\/span><!-- item-tool-compare -->\n    <\/li><!-- item-tool -->\n    <\/ul><!-- item-tools -->\n\t\t\t\t<div class=\"listing-image-wrap\">\n\t<div class=\"listing-thumb\">\n\t\t<a target=\"_self\" href=\"https:\/\/www.mallorcaguru.es\/ca\/propietat\/solar-en-venda-a-santa-maria-del-cami\/\" class=\"listing-featured-thumb hover-effect image-wrap\" role=\"link\">\n\t\t\t<img decoding=\"async\" width=\"584\" height=\"438\" src=\"data:image\/svg+xml,%3Csvg%20viewBox%3D%220%200%20584%20438%22%20xmlns%3D%22http%3A%2F%2Fwww.w3.org%2F2000%2Fsvg%22%3E%3C%2Fsvg%3E\" data-src=\"https:\/\/www.mallorcaguru.es\/wp-content\/smush-avif\/2026\/04\/Santa-Maria-del-Cami-Finca-1-584x438.jpeg.avif\" class=\"houzez-lazyload img-fluid wp-post-image\" alt=\"\" srcset=\"\" data-srcset=\"https:\/\/www.mallorcaguru.es\/wp-content\/smush-avif\/2026\/04\/Santa-Maria-del-Cami-Finca-1-584x438.jpeg.avif 584w, https:\/\/www.mallorcaguru.es\/wp-content\/smush-avif\/2026\/04\/Santa-Maria-del-Cami-Finca-1-1536x1152.jpeg.avif 1536w, https:\/\/www.mallorcaguru.es\/wp-content\/smush-avif\/2026\/04\/Santa-Maria-del-Cami-Finca-1.jpeg.avif 2048w\" sizes=\"(max-width: 584px) 100vw, 584px\" data-smush-avif-fallback=\"{&quot;data-src&quot;:&quot;https:\\\/\\\/www.mallorcaguru.es\\\/wp-content\\\/uploads\\\/2026\\\/04\\\/Santa-Maria-del-Cami-Finca-1-584x438.jpeg&quot;,&quot;data-srcset&quot;:&quot;https:\\\/\\\/www.mallorcaguru.es\\\/wp-content\\\/uploads\\\/2026\\\/04\\\/Santa-Maria-del-Cami-Finca-1-584x438.jpeg 584w, https:\\\/\\\/www.mallorcaguru.es\\\/wp-content\\\/uploads\\\/2026\\\/04\\\/Santa-Maria-del-Cami-Finca-1-1536x1152.jpeg 1536w, https:\\\/\\\/www.mallorcaguru.es\\\/wp-content\\\/uploads\\\/2026\\\/04\\\/Santa-Maria-del-Cami-Finca-1.jpeg 2048w&quot;}\" \/>\t\t<\/a><!-- hover-effect -->\n\t<\/div>\n<\/div>\t\t\t\t<div class=\"preview_loader\"><\/div>\n\t\t\t<\/div>\n\t\t\t<div class=\"item-body w-100 d-flex flex-column flex-fill align-items-center\">\n\t\t\t\t<h2 class=\"item-title mb-2 \">\n\t<a target=\"_self\" href=\"https:\/\/www.mallorcaguru.es\/ca\/propietat\/solar-en-venda-a-santa-maria-del-cami\/\" role=\"link\">Solar en venda a Santa Maria del Cam\u00ed<\/a>\n<\/h2><!-- item-title -->\t\t\t\t<div class=\"item-v5-price mb-1\">\n\t\t\t\t\t 1,735,000\u20ac\t\t\t\t<\/div>\n\t\t\t\t\t\t\t\t<div class=\"item-v5-type d-flex flex-grow-1 text-center mb-3\">\n\t\t\t\t\tFinca, Terreny\t\t\t\t<\/div>\n\t\t\t\t\t\t\t\t<ul class=\"item-amenities item-amenities-with-icons d-flex flex-wrap align-items-center gap-2 justify-content-center\" role=\"list\">\n\t<li class=\"h-property-id me-1\"><i class=\"houzez-icon icon-tags me-2\"><\/i><span class=\"item-amenities-text\">ID:<\/span> <span class=\"hz-figure\">1008<\/span><\/li><li class=\"h-area d-flex align-items-center me-1\"><i class=\"houzez-icon icon-ruler-triangle me-2\"><\/i><span class=\"hz-figure me-1\">177<\/span> <span class=\"hz-figure area_postfix\">m\u00b2<\/span><\/li><\/ul>\t\t\t<\/div>\n\t\t<\/div>\n\t<\/div>\n<\/div>        <\/div><!-- listing-view -->\n\n                <div id=\"fave-pagination-loadmore\" class=\"load-more-wrap mb-4 fave-load-more\">\n            <a class=\"btn btn-load-more btn-primary-outlined\"\n               data-pagination_type=\"loadmore\"\n               data-paged=\"2\" \n               data-posts_limit=\"2\" \n               data-card=\"v5\" \n               data-property_type=\"\" data-property_status=\"\" data-property_country=\"\" data-property_state=\"\" data-property_city=\"\" data-property_area=\"\" data-property_label=\"\" data-property_ids=\"\" data-property_id=\"\" data-houzez_user_role=\"\" data-featured_prop=\"yes\" data-sort_by=\"\" data-offset=\"\" data-post_status=\"publish\" data-min_price=\"\" data-max_price=\"\" data-min_beds=\"\" data-max_beds=\"\" data-min_baths=\"\" data-max_baths=\"\" data-properties_by_agents=\"\" data-properties_by_agencies=\"\" data-hide_date=\"1\" data-nav_position=\"\"             >\n            <span class=\"houzez-loader-js houzez-hidden spinner-border spinner-border-sm\" aria-hidden=\"true\"><\/span>Carrega m\u00e9s  \n            <\/a>\n        <\/div>\n            <\/div><!-- property-grid-module -->\n    \t\t\t\t<\/div>\n\t\t\t\t<\/div>\n\t\t\t\t<div class=\"elementor-element elementor-element-0498b16 elementor-widget elementor-widget-houzez_elementor_space\" data-id=\"0498b16\" data-element_type=\"widget\" data-e-type=\"widget\" data-widget_type=\"houzez_elementor_space.default\">\n\t\t\t\t<div class=\"elementor-widget-container\">\n\t\t\t\t\t        <div class=\"houzez-spacer\">\n            <div class=\"houzez-spacer-inner\"><\/div>\n        <\/div>\n        \t\t\t\t<\/div>\n\t\t\t\t<\/div>\n\t\t\t\t\t<\/div>\n\t\t<\/div>\n\t\t\t\t\t<\/div>\n\t\t<\/section>\n\t\t\t\t<section class=\"elementor-section elementor-top-section elementor-element elementor-element-c01f788 elementor-section-height-min-height elementor-hidden-mobile elementor-section-boxed elementor-section-height-default elementor-section-items-middle\" data-id=\"c01f788\" data-element_type=\"section\" data-e-type=\"section\" data-settings=\"{&quot;background_background&quot;:&quot;classic&quot;}\">\n\t\t\t\t\t\t\t<div class=\"elementor-background-overlay\"><\/div>\n\t\t\t\t\t\t\t<div class=\"elementor-container elementor-column-gap-default\">\n\t\t\t\t\t<div class=\"elementor-column elementor-col-100 elementor-top-column elementor-element elementor-element-e5cf4e6\" data-id=\"e5cf4e6\" data-element_type=\"column\" data-e-type=\"column\">\n\t\t\t<div class=\"elementor-widget-wrap elementor-element-populated\">\n\t\t\t\t\t\t<section class=\"elementor-section elementor-inner-section elementor-element elementor-element-ecec099 elementor-section-boxed elementor-section-height-default elementor-section-height-default\" data-id=\"ecec099\" data-element_type=\"section\" data-e-type=\"section\">\n\t\t\t\t\t\t<div class=\"elementor-container elementor-column-gap-default\">\n\t\t\t\t\t<div class=\"elementor-column elementor-col-33 elementor-inner-column elementor-element elementor-element-00217b0\" data-id=\"00217b0\" data-element_type=\"column\" data-e-type=\"column\" data-settings=\"{&quot;background_background&quot;:&quot;classic&quot;,&quot;animation&quot;:&quot;none&quot;}\">\n\t\t\t<div class=\"elementor-widget-wrap elementor-element-populated\">\n\t\t\t\t\t\t<div class=\"elementor-element elementor-element-8273ae5 elementor-widget elementor-widget-houzez_elementor_section_title\" data-id=\"8273ae5\" data-element_type=\"widget\" data-e-type=\"widget\" data-widget_type=\"houzez_elementor_section_title.default\">\n\t\t\t\t<div class=\"elementor-widget-container\">\n\t\t\t\t\t            <div class=\"houzez_section_title_wrap section-title-module\">\n                                    <h2 class=\"houzez_section_title\">Consulteu la nostra propietat immobili\u00e0ria en venda<\/h2>\n                \n                                    <p class=\"houzez_section_subtitle\">Mallorca Espanya<\/p>\n                            <\/div>\n            \t\t\t\t<\/div>\n\t\t\t\t<\/div>\n\t\t\t\t<div class=\"elementor-element elementor-element-925faea elementor-widget elementor-widget-button\" data-id=\"925faea\" data-element_type=\"widget\" data-e-type=\"widget\" data-widget_type=\"button.default\">\n\t\t\t\t<div class=\"elementor-widget-container\">\n\t\t\t\t\t\t\t\t\t<div class=\"elementor-button-wrapper\">\n\t\t\t\t\t<a class=\"elementor-button elementor-button-link elementor-size-sm\" href=\"https:\/\/www.mallorcaguru.es\/real-estate-for-sale-mallorca-spain\/\" target=\"_blank\" id=\"Discover Real Estate\">\n\t\t\t\t\t\t<span class=\"elementor-button-content-wrapper\">\n\t\t\t\t\t\t\t\t\t<span class=\"elementor-button-text\">Descobreix<\/span>\n\t\t\t\t\t<\/span>\n\t\t\t\t\t<\/a>\n\t\t\t\t<\/div>\n\t\t\t\t\t\t\t\t<\/div>\n\t\t\t\t<\/div>\n\t\t\t\t\t<\/div>\n\t\t<\/div>\n\t\t\t\t<div class=\"elementor-column elementor-col-66 elementor-inner-column elementor-element elementor-element-6c2aa0c elementor-hidden-tablet elementor-hidden-mobile\" data-id=\"6c2aa0c\" data-element_type=\"column\" data-e-type=\"column\" data-settings=\"{&quot;background_background&quot;:&quot;classic&quot;}\">\n\t\t\t<div class=\"elementor-widget-wrap\">\n\t\t\t\t\t\t\t<\/div>\n\t\t<\/div>\n\t\t\t\t\t<\/div>\n\t\t<\/section>\n\t\t\t\t\t<\/div>\n\t\t<\/div>\n\t\t\t\t\t<\/div>\n\t\t<\/section>\n\t\t\t\t<section class=\"elementor-section elementor-top-section elementor-element elementor-element-e5428e1 elementor-section-boxed elementor-section-height-default elementor-section-height-default\" data-id=\"e5428e1\" data-element_type=\"section\" data-e-type=\"section\">\n\t\t\t\t\t\t<div class=\"elementor-container elementor-column-gap-default\">\n\t\t\t\t\t<div class=\"elementor-column elementor-col-100 elementor-top-column elementor-element elementor-element-2e9d9ab\" data-id=\"2e9d9ab\" data-element_type=\"column\" data-e-type=\"column\">\n\t\t\t<div class=\"elementor-widget-wrap elementor-element-populated\">\n\t\t\t\t\t\t<section class=\"elementor-section elementor-inner-section elementor-element elementor-element-e235619 elementor-section-boxed elementor-section-height-default elementor-section-height-default\" data-id=\"e235619\" data-element_type=\"section\" data-e-type=\"section\">\n\t\t\t\t\t\t<div class=\"elementor-container elementor-column-gap-default\">\n\t\t\t\t\t<div class=\"elementor-column elementor-col-50 elementor-inner-column elementor-element elementor-element-2926b39\" data-id=\"2926b39\" data-element_type=\"column\" data-e-type=\"column\">\n\t\t\t<div class=\"elementor-widget-wrap elementor-element-populated\">\n\t\t\t\t\t\t<div class=\"elementor-element elementor-element-4882e41 elementor-widget elementor-widget-heading\" data-id=\"4882e41\" data-element_type=\"widget\" data-e-type=\"widget\" data-widget_type=\"heading.default\">\n\t\t\t\t<div class=\"elementor-widget-container\">\n\t\t\t\t\t<h2 class=\"elementor-heading-title elementor-size-default\">Mallorca Property Guru Espanya<\/h2>\t\t\t\t<\/div>\n\t\t\t\t<\/div>\n\t\t\t\t<div class=\"elementor-element elementor-element-48ed2af elementor-widget elementor-widget-text-editor\" data-id=\"48ed2af\" data-element_type=\"widget\" data-e-type=\"widget\" data-widget_type=\"text-editor.default\">\n\t\t\t\t<div class=\"elementor-widget-container\">\n\t\t\t\t\t\t\t\t\t<p>Som especialistes en la Mallorca rural i els pobles i pobles m\u00e9s petits de l&#8217;interior, la Serra de Tramuntana i les comarques costaneres d&#8217;Orient i Ponent. Ens centrem en propietats \u00faniques i zones amb mercat en desenvolupament a Mallorca.<\/p><h3><strong><span style=\"font-size: 12pt;\">Els nostres serveis<\/span><\/strong><\/h3><h3><strong><span style=\"font-size: 12pt;\">Recerques de propietats<\/span><\/strong><\/h3><p>Oferim recerques de propietat privada, trobant el dret de propietat a Mallorca \u00e9s dif\u00edcil. Hi ha molts detalls sobre la legalitat considerada, les possibles opcions de reforma i construcci\u00f3. Tenim contactes professionals locals en totes les professions requerides. Us pot assessorar i recomanar una secci\u00f3 de propietats que tingueu en compte.<\/p><h3><strong><span style=\"font-size: 12pt;\">Assist\u00e8ncia als inversors.<\/span><\/strong><\/h3><p>Mallorca t\u00e9 un fort mercat immobiliari amb demanda en tots els sectors, la ubicaci\u00f3 ideal per als inversors. Podem oferir assessorament sobre les ubicacions m\u00e9s populars, els tipus d&#8217;immobles que tenen m\u00e9s demanda i els marges de benefici probables.<\/p>\t\t\t\t\t\t\t\t<\/div>\n\t\t\t\t<\/div>\n\t\t\t\t<div class=\"elementor-element elementor-element-18498ee elementor-widget elementor-widget-text-editor\" data-id=\"18498ee\" data-element_type=\"widget\" data-e-type=\"widget\" data-widget_type=\"text-editor.default\">\n\t\t\t\t<div class=\"elementor-widget-container\">\n\t\t\t\t\t\t\t\t\t<h3><strong><span style=\"font-size: 12pt;\">Veneu la vostra propietat?<\/span><\/strong><\/h3><h3><strong><span style=\"font-size: 12pt;\">Anuncieu la vostra propietat amb nosaltres.<\/span><\/strong><\/h3><p>Promocionem la vostra propietat a mercats internacionals en espanyol catal\u00e0 franc\u00e8s portugu\u00e8s itali\u00e0 alemany angl\u00e8s suec dan\u00e8s noruec fin\u00e8s holand\u00e8s rus<\/p><p>O necessita una valoraci\u00f3 sense cap comprom\u00eds?<\/p><h3><a href=\"https:\/\/www.mallorcaguru.es\/ca\/contacte\/\" target=\"_blank\" rel=\"noopener\"><span style=\"font-size: 12pt;\">Poseu-vos en contacte amb nosaltres ..<\/span><\/a><\/h3>\t\t\t\t\t\t\t\t<\/div>\n\t\t\t\t<\/div>\n\t\t\t\t\t<\/div>\n\t\t<\/div>\n\t\t\t\t<div class=\"elementor-column elementor-col-50 elementor-inner-column elementor-element elementor-element-54cfece\" data-id=\"54cfece\" data-element_type=\"column\" data-e-type=\"column\">\n\t\t\t<div class=\"elementor-widget-wrap elementor-element-populated\">\n\t\t\t\t\t\t<div class=\"elementor-element elementor-element-404635b elementor-widget elementor-widget-houzez_elementor_space\" data-id=\"404635b\" data-element_type=\"widget\" data-e-type=\"widget\" data-widget_type=\"houzez_elementor_space.default\">\n\t\t\t\t<div class=\"elementor-widget-container\">\n\t\t\t\t\t        <div class=\"houzez-spacer\">\n            <div class=\"houzez-spacer-inner\"><\/div>\n        <\/div>\n        \t\t\t\t<\/div>\n\t\t\t\t<\/div>\n\t\t\t\t<div class=\"elementor-element elementor-element-d86c892 elementor-button-align-stretch elementor-widget elementor-widget-form\" data-id=\"d86c892\" data-element_type=\"widget\" data-e-type=\"widget\" data-settings=\"{&quot;step_next_label&quot;:&quot;Seg\\u00fcent&quot;,&quot;step_previous_label&quot;:&quot;Anterior&quot;,&quot;button_width&quot;:&quot;100&quot;,&quot;step_type&quot;:&quot;number_text&quot;,&quot;step_icon_shape&quot;:&quot;circle&quot;}\" data-widget_type=\"form.default\">\n\t\t\t\t<div class=\"elementor-widget-container\">\n\t\t\t\t\t\t\t<form class=\"elementor-form\" method=\"post\" id=\"home_page_form\" name=\"Home Page Form CAT \" aria-label=\"Home Page Form CAT \">\n\t\t\t<input type=\"hidden\" name=\"post_id\" value=\"235665\"\/>\n\t\t\t<input type=\"hidden\" name=\"form_id\" value=\"d86c892\"\/>\n\t\t\t<input type=\"hidden\" name=\"referer_title\" value=\"Mallorca Property Guru -Immobili\u00e0ria -a Mallorca -Espanya\" \/>\n\n\t\t\t\t\t\t\t<input type=\"hidden\" name=\"queried_id\" value=\"235665\"\/>\n\t\t\t\n\t\t\t<div class=\"elementor-form-fields-wrapper elementor-labels-above\">\n\t\t\t\t\t\t\t\t<div class=\"elementor-field-type-text elementor-field-group elementor-column elementor-field-group-name elementor-col-100 elementor-field-required elementor-mark-required\">\n\t\t\t\t\t\t\t\t\t\t\t\t<label for=\"form-field-name\" class=\"elementor-field-label\">\n\t\t\t\t\t\t\t\tNom\t\t\t\t\t\t\t<\/label>\n\t\t\t\t\t\t\t\t\t\t\t\t\t\t<input size=\"1\" type=\"text\" name=\"form_fields[name]\" id=\"form-field-name\" class=\"elementor-field elementor-size-sm  elementor-field-textual\" placeholder=\"Nom\" required=\"required\">\n\t\t\t\t\t\t\t\t\t\t\t<\/div>\n\t\t\t\t\t\t\t\t<div class=\"elementor-field-type-email elementor-field-group elementor-column elementor-field-group-email elementor-col-100 elementor-field-required elementor-mark-required\">\n\t\t\t\t\t\t\t\t\t\t\t\t<label for=\"form-field-email\" class=\"elementor-field-label\">\n\t\t\t\t\t\t\t\tCorreu electr\u00f2nic\t\t\t\t\t\t\t<\/label>\n\t\t\t\t\t\t\t\t\t\t\t\t\t\t<input size=\"1\" type=\"email\" name=\"form_fields[email]\" id=\"form-field-email\" class=\"elementor-field elementor-size-sm  elementor-field-textual\" placeholder=\"Correu electr\u00f2nic\" required=\"required\">\n\t\t\t\t\t\t\t\t\t\t\t<\/div>\n\t\t\t\t\t\t\t\t<div class=\"elementor-field-type-textarea elementor-field-group elementor-column elementor-field-group-message elementor-col-100 elementor-field-required elementor-mark-required\">\n\t\t\t\t\t\t\t\t\t\t\t\t<label for=\"form-field-message\" class=\"elementor-field-label\">\n\t\t\t\t\t\t\t\tMissatge\t\t\t\t\t\t\t<\/label>\n\t\t\t\t\t\t<textarea class=\"elementor-field-textual elementor-field  elementor-size-sm\" name=\"form_fields[message]\" id=\"form-field-message\" rows=\"10\" placeholder=\"Missatge\" required=\"required\"><\/textarea>\t\t\t\t<\/div>\n\t\t\t\t\t\t\t\t<div class=\"elementor-field-type-recaptcha_v3 elementor-field-group elementor-column elementor-field-group-field_e05a027 elementor-col-100 recaptcha_v3-bottomleft\">\n\t\t\t\t\t<div class=\"elementor-field\" id=\"form-field-field_e05a027\"><div class=\"elementor-g-recaptcha\" data-sitekey=\"6LfB2wsrAAAAAKxW-7DAZzyFvPSFGz6YuwjeIhdo\" data-type=\"v3\" data-action=\"Form\" data-badge=\"bottomleft\" data-size=\"invisible\"><\/div><\/div>\t\t\t\t<\/div>\n\t\t\t\t\t\t\t\t<div class=\"elementor-field-group elementor-column elementor-field-type-submit elementor-col-100 e-form__buttons\">\n\t\t\t\t\t<button class=\"elementor-button elementor-size-sm\" type=\"submit\" id=\"Home Page Form Send Button \">\n\t\t\t\t\t\t<span class=\"elementor-button-content-wrapper\">\n\t\t\t\t\t\t\t\t\t\t\t\t\t\t\t\t\t\t\t\t\t\t<span class=\"elementor-button-text\">Envieu<\/span>\n\t\t\t\t\t\t\t\t\t\t\t\t\t<\/span>\n\t\t\t\t\t<\/button>\n\t\t\t\t<\/div>\n\t\t\t<\/div>\n\t\t<\/form>\n\t\t\t\t\t\t<\/div>\n\t\t\t\t<\/div>\n\t\t\t\t<div class=\"elementor-element elementor-element-8117b49 elementor-widget elementor-widget-houzez_elementor_space\" data-id=\"8117b49\" data-element_type=\"widget\" data-e-type=\"widget\" data-widget_type=\"houzez_elementor_space.default\">\n\t\t\t\t<div class=\"elementor-widget-container\">\n\t\t\t\t\t        <div class=\"houzez-spacer\">\n            <div class=\"houzez-spacer-inner\"><\/div>\n        <\/div>\n        \t\t\t\t<\/div>\n\t\t\t\t<\/div>\n\t\t\t\t<div class=\"elementor-element elementor-element-0cfb568 elementor-widget elementor-widget-houzez_elementor_space\" data-id=\"0cfb568\" data-element_type=\"widget\" data-e-type=\"widget\" data-widget_type=\"houzez_elementor_space.default\">\n\t\t\t\t<div class=\"elementor-widget-container\">\n\t\t\t\t\t        <div class=\"houzez-spacer\">\n            <div class=\"houzez-spacer-inner\"><\/div>\n        <\/div>\n        \t\t\t\t<\/div>\n\t\t\t\t<\/div>\n\t\t\t\t\t<\/div>\n\t\t<\/div>\n\t\t\t\t\t<\/div>\n\t\t<\/section>\n\t\t\t\t\t<\/div>\n\t\t<\/div>\n\t\t\t\t\t<\/div>\n\t\t<\/section>\n\t\t\t\t<\/div>\n\t\t","protected":false},"excerpt":{"rendered":"<p>Mallorca Property Guru Mallorca t\u00e9 el lloc perfecte per a tu Comenceu amb pocs clics Estat For RentFor Sale&#8211; TransferReservedResort SalesSold Pobles Alc\u00fadiaAlgaidaArianyArt\u00e1&#8211; Sant Pere ( Arta)BinissalemB\u00fagerCampanetCamposCapdepera&#8211; Cala Ratjada ( Capdepera)ConsellCostitxFelanitx&#8211; Portocolom (Felanitx)IncaLlosetaLlubiLlucmajorManacorMancor De La VallMaria de la SalutMarratx\u00ed&#8211; Marratxinet ( Marratx\u00ed )&#8211; P\u00f2rtol ( Marratx\u00ed)&#8211; Sa Cabaneta ( Marratx\u00ed )Palma de MallorcaPollensaPuigpunyentSanta Margalida&#8211; Can [&hellip;]<\/p>\n","protected":false},"author":1,"featured_media":193074,"parent":0,"menu_order":0,"comment_status":"closed","ping_status":"closed","template":"elementor_header_footer","meta":{"footnotes":""},"categories":[3918],"tags":[],"class_list":["post-235665","page","type-page","status-publish","has-post-thumbnail","hentry","category-pagines-principals"],"_links":{"self":[{"href":"https:\/\/www.mallorcaguru.es\/ca\/wp-json\/wp\/v2\/pages\/235665","targetHints":{"allow":["GET"]}}],"collection":[{"href":"https:\/\/www.mallorcaguru.es\/ca\/wp-json\/wp\/v2\/pages"}],"about":[{"href":"https:\/\/www.mallorcaguru.es\/ca\/wp-json\/wp\/v2\/types\/page"}],"author":[{"embeddable":true,"href":"https:\/\/www.mallorcaguru.es\/ca\/wp-json\/wp\/v2\/users\/1"}],"replies":[{"embeddable":true,"href":"https:\/\/www.mallorcaguru.es\/ca\/wp-json\/wp\/v2\/comments?post=235665"}],"version-history":[{"count":0,"href":"https:\/\/www.mallorcaguru.es\/ca\/wp-json\/wp\/v2\/pages\/235665\/revisions"}],"wp:featuredmedia":[{"embeddable":true,"href":"https:\/\/www.mallorcaguru.es\/ca\/wp-json\/wp\/v2\/media\/193074"}],"wp:attachment":[{"href":"https:\/\/www.mallorcaguru.es\/ca\/wp-json\/wp\/v2\/media?parent=235665"}],"wp:term":[{"taxonomy":"category","embeddable":true,"href":"https:\/\/www.mallorcaguru.es\/ca\/wp-json\/wp\/v2\/categories?post=235665"},{"taxonomy":"post_tag","embeddable":true,"href":"https:\/\/www.mallorcaguru.es\/ca\/wp-json\/wp\/v2\/tags?post=235665"}],"curies":[{"name":"wp","href":"https:\/\/api.w.org\/{rel}","templated":true}]}}