{"id":290892,"date":"2025-09-13T13:18:16","date_gmt":"2025-09-13T11:18:16","guid":{"rendered":"https:\/\/www.mallorcaguru.es\/propietats-amb-vistes-al-mar-en-venda-a-mallorca\/"},"modified":"2026-01-17T21:55:50","modified_gmt":"2026-01-17T20:55:50","slug":"propietats-amb-vistes-al-mar-en-venda-a-mallorca","status":"publish","type":"page","link":"https:\/\/www.mallorcaguru.es\/ca\/propietats-amb-vistes-al-mar-en-venda-a-mallorca\/","title":{"rendered":"Propietats amb vistes al mar en venda a Mallorca"},"content":{"rendered":"\t\t<div data-elementor-type=\"wp-page\" data-elementor-id=\"290892\" class=\"elementor elementor-290892 elementor-290721\" data-elementor-post-type=\"page\">\n\t\t\t\t\t\t<section class=\"elementor-section elementor-top-section elementor-element elementor-element-db15d23 elementor-section-boxed elementor-section-height-default elementor-section-height-default\" data-id=\"db15d23\" data-element_type=\"section\" data-e-type=\"section\">\n\t\t\t\t\t\t<div class=\"elementor-container elementor-column-gap-default\">\n\t\t\t\t\t<div class=\"elementor-column elementor-col-33 elementor-top-column elementor-element elementor-element-9f9bb09\" data-id=\"9f9bb09\" data-element_type=\"column\" data-e-type=\"column\">\n\t\t\t<div class=\"elementor-widget-wrap elementor-element-populated\">\n\t\t\t\t\t\t<div class=\"elementor-element elementor-element-fb68d7e elementor-widget elementor-widget-text-editor\" data-id=\"fb68d7e\" data-element_type=\"widget\" data-e-type=\"widget\" data-widget_type=\"text-editor.default\">\n\t\t\t\t<div class=\"elementor-widget-container\">\n\t\t\t\t\t\t\t\t\t<h2 data-start=\"1965\" data-end=\"2017\"><strong><span style=\"font-size: 12pt;\">Propietats amb vistes al mar en venda a Mallorca<\/span><\/strong><\/h2>\n<p><\/p>\n<p data-start=\"2019\" data-end=\"2434\">Tenir una propietat a Mallorca amb vistes al mar \u00e9s un somni per a molts compradors, i amb ra\u00f3. L\u2019illa ofereix una gran varietat d\u2019opcions immobiliaris: des de finques tradicionals amb vistes llunyanes al mar fins a apartaments urbans moderns amb vista sobre la badia de Palma. Tant si cerques un refugi tranquil com una llar a prop de ports esportius i platges, Mallorca t\u00e9 opcions per a tots els estils de vida.<\/p>\n<h2 data-start=\"2436\" data-end=\"2492\"><strong><span style=\"font-size: 12pt;\">Una \u00e0mplia selecci\u00f3 de propietats amb vistes al mar<\/span><\/strong><\/h2>\n<p><\/p>\n<ul data-start=\"2494\" data-end=\"3148\">\n<li data-start=\"2494\" data-end=\"2649\">\n<p data-start=\"2496\" data-end=\"2649\"><strong data-start=\"2496\" data-end=\"2522\">Primera i segona l\u00ednia<\/strong><br data-start=\"2522\" data-end=\"2525\" \/>\n<\/p>\n<\/li>\n<li data-start=\"2651\" data-end=\"2788\">\n<p data-start=\"2653\" data-end=\"2788\"><strong data-start=\"2653\" data-end=\"2687\">Cases rurals amb vistes al mar<\/strong><br data-start=\"2687\" data-end=\"2690\" \/>\n<\/p>\n<\/li>\n<li data-start=\"2790\" data-end=\"2971\">\n<p data-start=\"2792\" data-end=\"2971\"><strong data-start=\"2792\" data-end=\"2833\">Propietats urbanes a prop de la costa<\/strong><br data-start=\"2833\" data-end=\"2836\" \/>\n<\/p>\n<\/li>\n<li data-start=\"2973\" data-end=\"3148\">\n<p data-start=\"2975\" data-end=\"3148\"><strong data-start=\"2975\" data-end=\"3008\">Zones costaneres tranquil\u00b7les<\/strong><br data-start=\"3008\" data-end=\"3011\" \/>\n<\/p>\n<\/li>\n<\/ul>\n\t\t\t\t\t\t\t\t<\/div>\n\t\t\t\t<\/div>\n\t\t\t\t\t<\/div>\n\t\t<\/div>\n\t\t\t\t<div class=\"elementor-column elementor-col-33 elementor-top-column elementor-element elementor-element-179a1a3\" data-id=\"179a1a3\" data-element_type=\"column\" data-e-type=\"column\">\n\t\t\t<div class=\"elementor-widget-wrap elementor-element-populated\">\n\t\t\t\t\t\t<div class=\"elementor-element elementor-element-c928871 elementor-widget elementor-widget-text-editor\" data-id=\"c928871\" data-element_type=\"widget\" data-e-type=\"widget\" data-widget_type=\"text-editor.default\">\n\t\t\t\t<div class=\"elementor-widget-container\">\n\t\t\t\t\t\t\t\t\t<h2><strong><span style=\"font-size: 12pt;\">Per qu\u00e8 triar una propietat amb vistes al mar a Mallorca?<\/span><\/strong><\/h2>\n<p><\/p>\n<ul>\n<li>Postes de sol impressionants i vistes panor\u00e0miques del Mediterrani.<\/li>\n<li>Fort potencial d&#8217;inversi\u00f3 a llarg termini, ja que les cases amb vistes al mar continuen tenint una gran demanda.<\/li>\n<li>Una \u00e0mplia selecci\u00f3 d&#8217;entorns, des de zones rurals tranquil\u00b7les fins a zones urbanes animades.<\/li>\n<li>Avantatges per a l&#8217;estil de vida: f\u00e0cil acc\u00e9s a la navegaci\u00f3, platges i restaurants costaners.<\/li>\n<\/ul>\n<p><\/p>\n<h2><strong><span style=\"font-size: 12pt;\">Descobreix la teva casa ideal amb vistes al mar<\/span><\/strong><\/h2>\n<p>Tant si busques un apartament modern a prop del port esportiu de Palma, una vil\u00b7la amb vistes a una badia tranquil\u00b7la o una casa de camp amb vistes llunyanes al mar, la nostra cartera de propietats amb vistes al mar a Mallorca est\u00e0 dissenyada per adaptar-se a una varietat de gustos i pressupostos.<\/p>\n<p>Explora els nostres anuncis i troba la teva propietat costanera perfecta a Mallorca avui mateix.<\/p>\n\t\t\t\t\t\t\t\t<\/div>\n\t\t\t\t<\/div>\n\t\t\t\t\t<\/div>\n\t\t<\/div>\n\t\t\t\t<div class=\"elementor-column elementor-col-33 elementor-top-column elementor-element elementor-element-4e2d47d\" data-id=\"4e2d47d\" data-element_type=\"column\" data-e-type=\"column\">\n\t\t\t<div class=\"elementor-widget-wrap elementor-element-populated\">\n\t\t\t\t\t\t<div class=\"elementor-element elementor-element-a4f551d elementor-widget elementor-widget-text-editor\" data-id=\"a4f551d\" data-element_type=\"widget\" data-e-type=\"widget\" data-widget_type=\"text-editor.default\">\n\t\t\t\t<div class=\"elementor-widget-container\">\n\t\t\t\t\t\t\t\t\t<ul>\n<li data-start=\"710\" data-end=\"751\">\n<h5 data-start=\"712\" data-end=\"751\"><span style=\"font-size: 12pt;\">propietats amb vistes al mar Mallorca<\/span><\/h5>\n<\/li>\n<li data-start=\"752\" data-end=\"788\">\n<h5 data-start=\"754\" data-end=\"788\"><span style=\"font-size: 12pt;\">viles amb vistes al mar Mallorca<\/span><\/h5>\n<\/li>\n<li data-start=\"789\" data-end=\"822\">\n<h5 data-start=\"791\" data-end=\"822\"><span style=\"font-size: 12pt;\">primera l\u00ednia de mar Mallorca<\/span><\/h5>\n<\/li>\n<li data-start=\"823\" data-end=\"855\">\n<h5 data-start=\"825\" data-end=\"855\"><span style=\"font-size: 12pt;\">segona l\u00ednia de mar Mallorca<\/span><\/h5>\n<\/li>\n<li data-start=\"856\" data-end=\"897\">\n<h5 data-start=\"858\" data-end=\"897\"><span style=\"font-size: 12pt;\">apartaments amb vistes a la mar Palma<\/span><\/h5>\n<\/li>\n<li data-start=\"898\" data-end=\"929\">\n<h5 data-start=\"900\" data-end=\"929\"><span style=\"font-size: 12pt;\">cases costaneres a Mallorca<\/span><\/h5>\n<\/li>\n<li data-start=\"930\" data-end=\"977\">\n<h5 data-start=\"932\" data-end=\"977\"><span style=\"font-size: 12pt;\">finques rurals amb vistes a la mar Mallorca<\/span><\/h5>\n<\/li>\n<li data-start=\"978\" data-end=\"1027\">\n<h5 data-start=\"980\" data-end=\"1027\"><span style=\"font-size: 12pt;\">comprar habitatge a prop de la costa Mallorca<\/span><\/h5>\n<\/li>\n<li data-start=\"1028\" data-end=\"1062\">\n<h5 data-start=\"1030\" data-end=\"1062\"><span style=\"font-size: 12pt;\">cases a prop de ports Mallorca<\/span><\/h5>\n<\/li>\n<li data-start=\"1063\" data-end=\"1096\">\n<h5 data-start=\"1065\" data-end=\"1096\"><span style=\"font-size: 12pt;\">immobles costaners a Mallorca<\/span><\/h5>\n<\/li>\n<\/ul>\n\t\t\t\t\t\t\t\t<\/div>\n\t\t\t\t<\/div>\n\t\t\t\t\t<\/div>\n\t\t<\/div>\n\t\t\t\t\t<\/div>\n\t\t<\/section>\n\t\t\t\t<section class=\"elementor-section elementor-top-section elementor-element elementor-element-2348902 elementor-section-boxed elementor-section-height-default elementor-section-height-default\" data-id=\"2348902\" data-element_type=\"section\" data-e-type=\"section\">\n\t\t\t\t\t\t<div class=\"elementor-container elementor-column-gap-default\">\n\t\t\t\t\t<div class=\"elementor-column elementor-col-100 elementor-top-column elementor-element elementor-element-8e00416\" data-id=\"8e00416\" data-element_type=\"column\" data-e-type=\"column\">\n\t\t\t<div class=\"elementor-widget-wrap elementor-element-populated\">\n\t\t\t\t\t\t<div class=\"elementor-element elementor-element-a0ac5b0 elementor-widget elementor-widget-houzez_elementor_property-card-v7\" data-id=\"a0ac5b0\" data-element_type=\"widget\" data-e-type=\"widget\" data-widget_type=\"houzez_elementor_property-card-v7.default\">\n\t\t\t\t<div class=\"elementor-widget-container\">\n\t\t\t\t\t    <div id=\"properties_module_section\" class=\"property-cards-module property-cards-module-v7 property-cards-module-col-3\">\n        <div id=\"module_properties\" class=\"listing-view grid-view row row-cols-1 row-cols-md-2 row-cols-lg-3 gy-4 gx-4\">\n            <div class=\"item-listing-wrap item-wrap-v9 hz-item-gallery-js hz-map-trigger\" data-hz-id=\"325589\" data-images=\"[{&quot;image&quot;:&quot;https:\\\/\\\/www.mallorcaguru.es\\\/wp-content\\\/smush-avif\\\/2026\\\/02\\\/Cala-Millor1-584x438.jpg.avif&quot;,&quot;alt&quot;:&quot;&quot;,&quot;width&quot;:584,&quot;height&quot;:438,&quot;srcset&quot;:&quot;https:\\\/\\\/www.mallorcaguru.es\\\/wp-content\\\/smush-avif\\\/2026\\\/02\\\/Cala-Millor1-584x438.jpg.avif 584w, https:\\\/\\\/www.mallorcaguru.es\\\/wp-content\\\/smush-avif\\\/2026\\\/02\\\/Cala-Millor1-1536x1152.jpg.avif 1536w, https:\\\/\\\/www.mallorcaguru.es\\\/wp-content\\\/smush-avif\\\/2026\\\/02\\\/Cala-Millor1.jpg.avif 2022w&quot;,&quot;sizes&quot;:&quot;(max-width: 584px) 100vw, 584px&quot;},{&quot;image&quot;:&quot;https:\\\/\\\/www.mallorcaguru.es\\\/wp-content\\\/smush-avif\\\/2026\\\/02\\\/Cala-Millor3-584x438.jpg.avif&quot;,&quot;alt&quot;:&quot;&quot;,&quot;width&quot;:584,&quot;height&quot;:438,&quot;srcset&quot;:&quot;https:\\\/\\\/www.mallorcaguru.es\\\/wp-content\\\/smush-avif\\\/2026\\\/02\\\/Cala-Millor3-584x438.jpg.avif 584w, https:\\\/\\\/www.mallorcaguru.es\\\/wp-content\\\/smush-avif\\\/2026\\\/02\\\/Cala-Millor3-1536x1152.jpg.avif 1536w, https:\\\/\\\/www.mallorcaguru.es\\\/wp-content\\\/smush-avif\\\/2026\\\/02\\\/Cala-Millor3-2048x1536.jpg.avif 2048w&quot;,&quot;sizes&quot;:&quot;(max-width: 584px) 100vw, 584px&quot;},{&quot;image&quot;:&quot;https:\\\/\\\/www.mallorcaguru.es\\\/wp-content\\\/smush-avif\\\/2026\\\/02\\\/Cala-Millor1-584x438.jpg.avif&quot;,&quot;alt&quot;:&quot;&quot;,&quot;width&quot;:584,&quot;height&quot;:438,&quot;srcset&quot;:&quot;https:\\\/\\\/www.mallorcaguru.es\\\/wp-content\\\/smush-avif\\\/2026\\\/02\\\/Cala-Millor1-584x438.jpg.avif 584w, https:\\\/\\\/www.mallorcaguru.es\\\/wp-content\\\/smush-avif\\\/2026\\\/02\\\/Cala-Millor1-1536x1152.jpg.avif 1536w, https:\\\/\\\/www.mallorcaguru.es\\\/wp-content\\\/smush-avif\\\/2026\\\/02\\\/Cala-Millor1.jpg.avif 2022w&quot;,&quot;sizes&quot;:&quot;(max-width: 584px) 100vw, 584px&quot;}]\">\n\t<div class=\"item-wrap item-wrap-no-frame h-100\">\n\t\t<div class=\"d-flex flex-column align-items-center h-100\">\n\t\t\t<div class=\"item-header\">\n\t\t\t\t<span class=\"label-featured label me-1\" role=\"status\">Destacats<\/span>\t\t\t\t<div class=\"labels-wrap d-flex align-items-center gap-1\" role=\"group\"> \n\n\t<a href=\"https:\/\/www.mallorcaguru.es\/ca\/estat\/a-la-venda-mallorca-espanya\/\" class=\"label-status label status-color-3530\">\n\t\t\t\t\tA la Venda\n\t\t\t\t<\/a><a href=\"https:\/\/www.mallorcaguru.es\/ca\/etiqueta\/propietats-amb-vistes-al-mar-en-venda\/\" class=\"hz-label label label-color-3928\">\n\t\t\t\t\tPropietats amb vistes al mar en venda a Mallorca | Cases a la costa\n\t\t\t\t<\/a>       \n\n<\/div>\n\t\t\t\t<ul class=\"item-tools d-flex align-items-center justify-content-center gap-1\">\n        <li class=\"item-tool item-preview\">\n        <span class=\"hz-show-lightbox-js item-tool-preview text-center\" data-listid=\"325589\">\n            <span data-bs-toggle=\"tooltip\" data-bs-placement=\"top\" title=\"Previsualitza\">\n                <i class=\"houzez-icon icon-expand-3\"><\/i>   \n            <\/span>\n        <\/span><!-- item-tool-favorite -->\n    <\/li><!-- item-tool -->\n        \n        <li class=\"item-tool item-favorite\">\n        <span class=\"add-favorite-js item-tool-favorite text-center\" data-bs-toggle=\"tooltip\" data-bs-placement=\"top\" title=\"Preferit\" data-listid=\"325589\">\n            <i class=\"houzez-icon icon-love-it \"><\/i>\n        <\/span><!-- item-tool-favorite -->\n    <\/li><!-- item-tool -->\n    \n        <li class=\"item-tool item-compare\">\n        <span class=\"houzez_compare compare-325589 item-tool-compare text-center\" data-bs-toggle=\"tooltip\" data-bs-placement=\"top\" title=\"Afegeix per comparar\" data-listing_id=\"325589\" data-listing_image=\"https:\/\/www.mallorcaguru.es\/wp-content\/uploads\/2026\/02\/Cala-Millor1-584x438.jpg\">\n            <i class=\"houzez-icon icon-add-circle\"><\/i>\n            <!-- <i class=\"houzez-icon icon-subtract-circle\"><\/i> -->\n        <\/span><!-- item-tool-compare -->\n    <\/li><!-- item-tool -->\n    <\/ul><!-- item-tools -->\n\t\t\t\t<div class=\"listing-image-wrap\">\n\t<div class=\"listing-thumb\">\n\t\t<a target=\"_self\" href=\"https:\/\/www.mallorcaguru.es\/ca\/propietat\/es-ven-solar-urba-a-son-servera\/\" class=\"listing-featured-thumb hover-effect image-wrap\" role=\"link\">\n\t\t\t<img fetchpriority=\"high\" decoding=\"async\" width=\"584\" height=\"438\" src=\"https:\/\/www.mallorcaguru.es\/wp-content\/smush-avif\/2026\/02\/Cala-Millor1-584x438.jpg.avif\" class=\"img-fluid wp-post-image\" alt=\"\" srcset=\"https:\/\/www.mallorcaguru.es\/wp-content\/smush-avif\/2026\/02\/Cala-Millor1-584x438.jpg.avif 584w, https:\/\/www.mallorcaguru.es\/wp-content\/smush-avif\/2026\/02\/Cala-Millor1-1536x1152.jpg.avif 1536w, https:\/\/www.mallorcaguru.es\/wp-content\/smush-avif\/2026\/02\/Cala-Millor1.jpg.avif 2022w\" sizes=\"(max-width: 584px) 100vw, 584px\" data-smush-avif-fallback=\"{&quot;src&quot;:&quot;https:\\\/\\\/www.mallorcaguru.es\\\/wp-content\\\/uploads\\\/2026\\\/02\\\/Cala-Millor1-584x438.jpg&quot;,&quot;srcset&quot;:&quot;https:\\\/\\\/www.mallorcaguru.es\\\/wp-content\\\/uploads\\\/2026\\\/02\\\/Cala-Millor1-584x438.jpg 584w, https:\\\/\\\/www.mallorcaguru.es\\\/wp-content\\\/uploads\\\/2026\\\/02\\\/Cala-Millor1-1536x1152.jpg 1536w, https:\\\/\\\/www.mallorcaguru.es\\\/wp-content\\\/uploads\\\/2026\\\/02\\\/Cala-Millor1.jpg 2022w&quot;}\" \/>\t\t<\/a><!-- hover-effect -->\n\t<\/div>\n<\/div>\t\t\t\t<div class=\"preview_loader\"><\/div>\n\t\t\t<\/div>\n\t\t\t<div class=\"item-body w-100 flex-fill\">\n\t\t\t\t<ul class=\"item-amenities item-amenities-with-icons mb-2\">\n\t\t\t\t\t<li class=\"h-type d-flex w-100\" role=\"listitem\"><span>Terreny<\/span><\/li>\t\t\t\t<\/ul>\n\t\t\t\t<ul class=\"item-price-wrap d-flex align-items-end gap-3\" role=\"list\">\n\t\t\t\t\t<li class=\"item-price\"><span class=\"price\">350,000\u20ac<\/span><span class=\"price-postfix\"><\/span><\/li>\t\t\t\t<\/ul>\n\t\t\t\t<h2 class=\"item-title mb-2 \">\n\t<a target=\"_self\" href=\"https:\/\/www.mallorcaguru.es\/ca\/propietat\/es-ven-solar-urba-a-son-servera\/\" role=\"link\">Es ven solar urb\u00e0 a Son Servera<\/a>\n<\/h2><!-- item-title -->\t\t\t\t<address class=\"item-address mb-2\"><i class=\"houzez-icon icon-pin me-1\" aria-hidden=\"true\"><\/i><span>Av. Magnolia, 07559 Son Servera, Illes Balears, Spain<\/span><\/address>\t\t\t\t<ul class=\"item-amenities item-amenities-with-icons d-flex flex-wrap align-items-center gap-2\" role=\"list\">\n\t<li class=\"h-property-id me-1\"><i class=\"houzez-icon icon-tags me-2\"><\/i><span class=\"item-amenities-text\">ID:<\/span> <span class=\"hz-figure\">984<\/span><\/li><li class=\"h-beds d-flex align-items-center me-1\"><i class=\"houzez-icon icon-hotel-double-bed-1 me-2\"><\/i><span class=\"item-amenities-text\">Bed:<\/span> <span class=\"hz-figure\">0<\/span><\/li><li class=\"h-baths d-flex align-items-center me-1\"><i class=\"houzez-icon icon-bathroom-shower-1 me-2\"><\/i><span class=\"item-amenities-text\">Bath:<\/span> <span class=\"hz-figure\">0<\/span><\/li><li class=\"h-area d-flex align-items-center me-1\"><i class=\"houzez-icon icon-ruler-triangle me-2\"><\/i><span class=\"hz-figure me-1\">400<\/span> <span class=\"hz-figure area_postfix\">m\u00b2<\/span><\/li><\/ul>\t\t\t<\/div>\n\t\t\t<div class=\"item-footer items-btns-count-3\">\n\t\t\t\t<div class=\"item-buttons-wrap d-flex justify-content-between gap-2\">\n\t\t\t\t\t\t\t\t<button type=\"button\" class=\"hz-call-popup-js btn btn-primary-outlined btn-item px-2 d-flex align-items-center justify-content-center flex-fill gap-1\" data-bs-toggle=\"modal\" data-model-id=\"call-action-325589-YDsMm\">\n\t\t\t\t<i class=\"houzez-icon icon-phone-actions-ring\"><\/i> Trucada\t\t\t<\/button>\n\t\t \t\t\t\t<button type=\"button\" class=\"hz-email-popup-js btn btn-primary-outlined btn-item px-2 d-flex align-items-center justify-content-center flex-fill gap-1\" data-bs-toggle=\"modal\" data-model-id=\"email-popup-325589-YDsMm\">\n\t\t\t\t<i class=\"houzez-icon icon-envelope\"><\/i> Email\t\t\t<\/button>\n\t\t\t\t\t\t<a class=\"btn btn-primary-outlined btn-item px-2 d-flex align-items-center justify-content-center flex-fill gap-1\" target=\"_blank\" href=\"https:\/\/api.whatsapp.com\/send?phone=+34667515185&text=Hola, m'interessa [Es ven solar urb\u00e0 a Son Servera] https:\/\/www.mallorcaguru.es\/ca\/propietat\/es-ven-solar-urba-a-son-servera\/\">\n\t\t\t\t<i class=\"houzez-icon icon-messaging-whatsapp\"><\/i> <span class=\"d-none d-md-block\">WhatsApp <\/span>\n\t\t\t<\/a>\n\t\t\t\t\t\t\t<\/div>\n\t\t\t<\/div>\n\t\t<\/div>\n\t<\/div>\n\t<div class=\"modal fade modal-phone-number\" id=\"call-action-325589-YDsMm\" tabindex=\"-1\" aria-labelledby=\"phoneNumberModalLabel\" aria-hidden=\"true\">\n    <div class=\"modal-dialog\" role=\"document\">\n        <div class=\"modal-content\">\n            <div class=\"modal-header\">\n                <h5 class=\"modal-title\" id=\"phoneNumberModalLabel\">Contacta&#039;ns<\/h5>\n                <button type=\"button\" class=\"btn-close\" data-bs-dismiss=\"modal\" aria-label=\"Tancar\"><\/button>\n            <\/div><!-- modal-header -->\n            <div class=\"modal-body\">\n                <p class=\"modal-body-phone-number-text\">\n                    Please quote property reference<br>\n\n                    <strong>Mallorca Property Guru - 984<\/strong>\n                <\/p>\n                <p class=\"modal-body-phone-number-number\">\n                     <a class=\"btn btn-primary-outlined\" href=\"tel:+34667515185\"><i class=\"houzez-icon icon-phone-actions-ring\"><\/i> +34 667 515 185<\/a>\n                <\/p>\n            <\/div><!-- modal-body -->\n        <\/div><!-- modal-content -->\n    <\/div><!-- modal-dialog -->\n<\/div><!-- login-register-form -->\n\t<div class=\"modal fade mobile-property-form\" id=\"email-popup-325589-YDsMm\">\n    <div class=\"modal-dialog\" role=\"document\">\n        <div class=\"modal-content\">\n            <div class=\"modal-header\">\n                <h5 class=\"modal-title\" id=\"phoneNumberModalLabel\">Contact me<\/h5>\n                <button type=\"button\" class=\"btn-close\" data-bs-dismiss=\"modal\" aria-label=\"Close\"><\/button>\n            <\/div><!-- modal-header -->\n            <div class=\"modal-body\">\n                <div class=\"property-form-wrap border-none\">\n                                    <div class=\"property-form\">\n                        <form method=\"post\" action=\"#\">\n                            \n                            <div class=\"agent-details\" role=\"region\"><div class=\"d-flex align-items-center gap-3\"><div class=\"agent-image\" role=\"img\"><img decoding=\"async\" class=\"rounded\" src=\"https:\/\/www.mallorcaguru.es\/wp-content\/smush-avif\/2022\/03\/Mallorca-Property-Guru-Logo-2025-150x150.png.avif\" alt=\"Mallorca Property Guru Carmen Dols Bastard\" width=\"70\" height=\"70\" loading=\"lazy\" data-smush-avif-fallback=\"{&quot;src&quot;:&quot;https:\\\/\\\/www.mallorcaguru.es\\\/wp-content\\\/uploads\\\/2022\\\/03\\\/Mallorca-Property-Guru-Logo-2025-150x150.png&quot;}\"><span class=\"badge btn-secondary agent-verified-icon\"><i class=\"houzez-icon icon-check-circle-1\"><\/i><\/span><\/div><ul class=\"agent-information list-unstyled mb-0\" role=\"list\"><li class=\"agent-name\" role=\"listitem\"><i class=\"houzez-icon icon-single-neutral me-1\"><\/i> Mallorca Property Guru Carmen Dols Bastard<\/li><\/ul><\/div><\/div>\n                                                        <div class=\"form-group mb-2 mt-3\">\n                                <input class=\"form-control\" name=\"name\" value=\"\" type=\"text\" placeholder=\"Nom\">\n                            <\/div><!-- form-group -->\n                            \n                                \n                            <div class=\"form-group mb-2\">\n                                <input class=\"form-control\" name=\"mobile\" value=\"\" type=\"text\" placeholder=\"Tel\u00e8fon\">\n                            <\/div><!-- form-group -->\n                            \n                            <div class=\"form-group mb-2\">\n                                <input class=\"form-control\" name=\"email\" value=\"\" type=\"email\" placeholder=\"Correu electr\u00f2nic\">\n                            <\/div><!-- form-group -->\n\n                              \n                            <div class=\"form-group form-group-textarea mb-2\">\n                                <textarea class=\"form-control hz-form-message\" name=\"message\" rows=\"4\" placeholder=\"Missatge\">Hola, m'interessa [Es ven solar urb\u00e0 a Son Servera]<\/textarea>\n                            <\/div><!-- form-group -->   \n                            \n                            \n                                                        <div class=\"form-group my-3\">\n                                <label class=\"control control--checkbox m-0 p-0 hz-no-gdpr-checkbox\">\n                                                                        <div class=\"gdpr-text-wrap\">\n                                        En enviar aquest formulari accepto <a target=\"_blank\" href=\"https:\/\/www.mallorcaguru.es\/ca\/termes-i-condicions\/\">Condicions d'\u00fas<\/a>\n                                    <\/div>\n                                <\/label>\n                            <\/div><!-- form-group -->   \n                                  \n                        \n                                                            <input type=\"hidden\" name=\"target_email\" value=\"&#99;&#97;r&#109;en&#64;&#109;&#97;l&#108;or&#99;a&#103;&#117;&#114;u&#46;e&#115;\">\n                                                        <input type=\"hidden\" name=\"property_agent_contact_security\" value=\"a50bbda332\"\/>\n                            <input type=\"hidden\" name=\"property_permalink\" value=\"https:\/\/www.mallorcaguru.es\/ca\/propietat\/es-ven-solar-urba-a-son-servera\/\"\/>\n                            <input type=\"hidden\" name=\"property_title\" value=\"Es ven solar urb\u00e0 a Son Servera\"\/>\n                            <input type=\"hidden\" name=\"property_id\" value=\"984\"\/>\n                            <input type=\"hidden\" name=\"action\" value=\"houzez_property_agent_contact\">\n                            <input type=\"hidden\" name=\"listing_id\" value=\"325589\">\n                            <input type=\"hidden\" name=\"is_listing_form\" value=\"yes\">\n                            <input type=\"hidden\" name=\"agent_id\" value=\"6097\">\n                            <input type=\"hidden\" name=\"agent_type\" value=\"agent_info\">\n\n                                                        <div class=\"form_messages\"><\/div>\n                            <button type=\"button\" class=\"houzez_agent_property_form btn btn-secondary w-100\">\n                                <span class=\"houzez-loader-js houzez-hidden spinner-border spinner-border-sm\" aria-hidden=\"true\"><\/span>                                Envia un correu                                \n                            <\/button>\n                            \n                        <\/form>\n                    <\/div><!-- property-form -->\n                    \n                            <\/div><!-- property-form-wrap -->\n\n    \n            <\/div>\n        <\/div>\n    <\/div>\n<\/div>\n<\/div>\n<div class=\"item-listing-wrap item-wrap-v9 hz-item-gallery-js hz-map-trigger\" data-hz-id=\"301082\" data-images=\"[{&quot;image&quot;:&quot;https:\\\/\\\/www.mallorcaguru.es\\\/wp-content\\\/smush-avif\\\/2025\\\/10\\\/default_1.1.1-2-web-1-584x438.jpg.avif&quot;,&quot;alt&quot;:&quot;&quot;,&quot;width&quot;:584,&quot;height&quot;:438,&quot;srcset&quot;:false,&quot;sizes&quot;:&quot;(max-width: 584px) 100vw, 584px&quot;},{&quot;image&quot;:&quot;https:\\\/\\\/www.mallorcaguru.es\\\/wp-content\\\/smush-avif\\\/2025\\\/10\\\/default_1.1.3-2-web-1-584x438.jpg.avif&quot;,&quot;alt&quot;:&quot;&quot;,&quot;width&quot;:584,&quot;height&quot;:438,&quot;srcset&quot;:false,&quot;sizes&quot;:&quot;(max-width: 584px) 100vw, 584px&quot;},{&quot;image&quot;:&quot;https:\\\/\\\/www.mallorcaguru.es\\\/wp-content\\\/smush-avif\\\/2025\\\/10\\\/default_1.1.1-2-web-1-584x438.jpg.avif&quot;,&quot;alt&quot;:&quot;&quot;,&quot;width&quot;:584,&quot;height&quot;:438,&quot;srcset&quot;:false,&quot;sizes&quot;:&quot;(max-width: 584px) 100vw, 584px&quot;}]\">\n\t<div class=\"item-wrap item-wrap-no-frame h-100\">\n\t\t<div class=\"d-flex flex-column align-items-center h-100\">\n\t\t\t<div class=\"item-header\">\n\t\t\t\t\t\t\t\t<div class=\"labels-wrap d-flex align-items-center gap-1\" role=\"group\"> \n\n\t<a href=\"https:\/\/www.mallorcaguru.es\/ca\/estat\/a-la-venda-mallorca-espanya\/\" class=\"label-status label status-color-3530\">\n\t\t\t\t\tA la Venda\n\t\t\t\t<\/a><a href=\"https:\/\/www.mallorcaguru.es\/ca\/estat\/vendes-de-complexos-turistics\/\" class=\"label-status label status-color-3960\">\n\t\t\t\t\tVendes de complexos tur\u00edstics\n\t\t\t\t<\/a><a href=\"https:\/\/www.mallorcaguru.es\/ca\/etiqueta\/propietats-amb-llicencia-etv-en-venda-a-mallorca\/\" class=\"hz-label label label-color-3836\">\n\t\t\t\t\tPropietats amb llic\u00e8ncia ETV en venda a Mallorca\n\t\t\t\t<\/a><a href=\"https:\/\/www.mallorcaguru.es\/ca\/etiqueta\/propietats-amb-vistes-al-mar-en-venda\/\" class=\"hz-label label label-color-3928\">\n\t\t\t\t\tPropietats amb vistes al mar en venda a Mallorca | Cases a la costa\n\t\t\t\t<\/a>       \n\n<\/div>\n\t\t\t\t<ul class=\"item-tools d-flex align-items-center justify-content-center gap-1\">\n        <li class=\"item-tool item-preview\">\n        <span class=\"hz-show-lightbox-js item-tool-preview text-center\" data-listid=\"301082\">\n            <span data-bs-toggle=\"tooltip\" data-bs-placement=\"top\" title=\"Previsualitza\">\n                <i class=\"houzez-icon icon-expand-3\"><\/i>   \n            <\/span>\n        <\/span><!-- item-tool-favorite -->\n    <\/li><!-- item-tool -->\n        \n        <li class=\"item-tool item-favorite\">\n        <span class=\"add-favorite-js item-tool-favorite text-center\" data-bs-toggle=\"tooltip\" data-bs-placement=\"top\" title=\"Preferit\" data-listid=\"301082\">\n            <i class=\"houzez-icon icon-love-it \"><\/i>\n        <\/span><!-- item-tool-favorite -->\n    <\/li><!-- item-tool -->\n    \n        <li class=\"item-tool item-compare\">\n        <span class=\"houzez_compare compare-301082 item-tool-compare text-center\" data-bs-toggle=\"tooltip\" data-bs-placement=\"top\" title=\"Afegeix per comparar\" data-listing_id=\"301082\" data-listing_image=\"https:\/\/www.mallorcaguru.es\/wp-content\/uploads\/2025\/10\/default_1.1.1-2-web-1-584x438.jpg\">\n            <i class=\"houzez-icon icon-add-circle\"><\/i>\n            <!-- <i class=\"houzez-icon icon-subtract-circle\"><\/i> -->\n        <\/span><!-- item-tool-compare -->\n    <\/li><!-- item-tool -->\n    <\/ul><!-- item-tools -->\n\t\t\t\t<div class=\"listing-image-wrap\">\n\t<div class=\"listing-thumb\">\n\t\t<a target=\"_self\" href=\"https:\/\/www.mallorcaguru.es\/ca\/propietat\/estudis-dobles-en-venda-a-portocolom-ab201-202\/\" class=\"listing-featured-thumb hover-effect image-wrap\" role=\"link\">\n\t\t\t<img decoding=\"async\" width=\"584\" height=\"438\" src=\"https:\/\/www.mallorcaguru.es\/wp-content\/smush-avif\/2025\/10\/default_1.1.1-2-web-1-584x438.jpg.avif\" class=\"img-fluid wp-post-image\" alt=\"\" loading=\"lazy\" data-smush-avif-fallback=\"{&quot;src&quot;:&quot;https:\\\/\\\/www.mallorcaguru.es\\\/wp-content\\\/uploads\\\/2025\\\/10\\\/default_1.1.1-2-web-1-584x438.jpg&quot;}\" \/>\t\t<\/a><!-- hover-effect -->\n\t<\/div>\n<\/div>\t\t\t\t<div class=\"preview_loader\"><\/div>\n\t\t\t<\/div>\n\t\t\t<div class=\"item-body w-100 flex-fill\">\n\t\t\t\t<ul class=\"item-amenities item-amenities-with-icons mb-2\">\n\t\t\t\t\t<li class=\"h-type d-flex w-100\" role=\"listitem\"><span>Apartament, Apartaments del complex tur\u00edstic<\/span><\/li>\t\t\t\t<\/ul>\n\t\t\t\t<ul class=\"item-price-wrap d-flex align-items-end gap-3\" role=\"list\">\n\t\t\t\t\t<li class=\"item-price\"><span class=\"price\">348,000\u20ac<\/span><span class=\"price-postfix\"><\/span><\/li>\t\t\t\t<\/ul>\n\t\t\t\t<h2 class=\"item-title mb-2 \">\n\t<a target=\"_self\" href=\"https:\/\/www.mallorcaguru.es\/ca\/propietat\/estudis-dobles-en-venda-a-portocolom-ab201-202\/\" role=\"link\">Estudis dobles en venda a Portocolom AB201-202<\/a>\n<\/h2><!-- item-title -->\t\t\t\t<address class=\"item-address mb-2\"><i class=\"houzez-icon icon-pin me-1\" aria-hidden=\"true\"><\/i><span>Carrer de la Gavina, 07670 Felanitx, Illes Balears, Spain<\/span><\/address>\t\t\t\t<ul class=\"item-amenities item-amenities-with-icons d-flex flex-wrap align-items-center gap-2\" role=\"list\">\n\t<li class=\"h-property-id me-1\"><i class=\"houzez-icon icon-tags me-2\"><\/i><span class=\"item-amenities-text\">ID:<\/span> <span class=\"hz-figure\">AB201-202<\/span><\/li><li class=\"h-baths d-flex align-items-center me-1\"><i class=\"houzez-icon icon-bathroom-shower-1 me-2\"><\/i><span class=\"item-amenities-text\">Banys:<\/span> <span class=\"hz-figure\">2<\/span><\/li><li class=\"h-area d-flex align-items-center me-1\"><i class=\"houzez-icon icon-ruler-triangle me-2\"><\/i><span class=\"hz-figure me-1\">53<\/span> <span class=\"hz-figure area_postfix\">m\u00b2<\/span><\/li><\/ul>\t\t\t<\/div>\n\t\t\t<div class=\"item-footer items-btns-count-3\">\n\t\t\t\t<div class=\"item-buttons-wrap d-flex justify-content-between gap-2\">\n\t\t\t\t\t\t\t\t<button type=\"button\" class=\"hz-call-popup-js btn btn-primary-outlined btn-item px-2 d-flex align-items-center justify-content-center flex-fill gap-1\" data-bs-toggle=\"modal\" data-model-id=\"call-action-301082-kdQXn\">\n\t\t\t\t<i class=\"houzez-icon icon-phone-actions-ring\"><\/i> Trucada\t\t\t<\/button>\n\t\t \t\t\t\t<button type=\"button\" class=\"hz-email-popup-js btn btn-primary-outlined btn-item px-2 d-flex align-items-center justify-content-center flex-fill gap-1\" data-bs-toggle=\"modal\" data-model-id=\"email-popup-301082-kdQXn\">\n\t\t\t\t<i class=\"houzez-icon icon-envelope\"><\/i> Email\t\t\t<\/button>\n\t\t\t\t\t\t<a class=\"btn btn-primary-outlined btn-item px-2 d-flex align-items-center justify-content-center flex-fill gap-1\" target=\"_blank\" href=\"https:\/\/api.whatsapp.com\/send?phone=+34671798832&text=Hola, m'interessa [Estudis dobles en venda a Portocolom AB201-202] https:\/\/www.mallorcaguru.es\/ca\/propietat\/estudis-dobles-en-venda-a-portocolom-ab201-202\/\">\n\t\t\t\t<i class=\"houzez-icon icon-messaging-whatsapp\"><\/i> <span class=\"d-none d-md-block\">WhatsApp <\/span>\n\t\t\t<\/a>\n\t\t\t\t\t\t\t<\/div>\n\t\t\t<\/div>\n\t\t<\/div>\n\t<\/div>\n\t<div class=\"modal fade modal-phone-number\" id=\"call-action-301082-kdQXn\" tabindex=\"-1\" aria-labelledby=\"phoneNumberModalLabel\" aria-hidden=\"true\">\n    <div class=\"modal-dialog\" role=\"document\">\n        <div class=\"modal-content\">\n            <div class=\"modal-header\">\n                <h5 class=\"modal-title\" id=\"phoneNumberModalLabel\">Contacta&#039;ns<\/h5>\n                <button type=\"button\" class=\"btn-close\" data-bs-dismiss=\"modal\" aria-label=\"Tancar\"><\/button>\n            <\/div><!-- modal-header -->\n            <div class=\"modal-body\">\n                <p class=\"modal-body-phone-number-text\">\n                    Please quote property reference<br>\n\n                    <strong>Mallorca Property Guru - AB201-202<\/strong>\n                <\/p>\n                <p class=\"modal-body-phone-number-number\">\n                     <a class=\"btn btn-primary-outlined\" href=\"tel:+34671798832\"><i class=\"houzez-icon icon-phone-actions-ring\"><\/i> +34 671 798 832<\/a>\n                <\/p>\n            <\/div><!-- modal-body -->\n        <\/div><!-- modal-content -->\n    <\/div><!-- modal-dialog -->\n<\/div><!-- login-register-form -->\n\t<div class=\"modal fade mobile-property-form\" id=\"email-popup-301082-kdQXn\">\n    <div class=\"modal-dialog\" role=\"document\">\n        <div class=\"modal-content\">\n            <div class=\"modal-header\">\n                <h5 class=\"modal-title\" id=\"phoneNumberModalLabel\">Contact me<\/h5>\n                <button type=\"button\" class=\"btn-close\" data-bs-dismiss=\"modal\" aria-label=\"Close\"><\/button>\n            <\/div><!-- modal-header -->\n            <div class=\"modal-body\">\n                <div class=\"property-form-wrap border-none\">\n                                    <div class=\"property-form\">\n                        <form method=\"post\" action=\"#\">\n                            \n                            <div class=\"agent-details\" role=\"region\"><div class=\"d-flex align-items-center gap-3\"><div class=\"agent-image\" role=\"img\"><img loading=\"lazy\" decoding=\"async\" class=\"rounded\" src=\"https:\/\/www.mallorcaguru.es\/wp-content\/smush-avif\/2022\/03\/Mallorca-Property-Guru-Logo-2025-150x150.png.avif\" alt=\"Mallorca Property Guru Saionara Jackson\" width=\"70\" height=\"70\" data-smush-avif-fallback=\"{&quot;src&quot;:&quot;https:\\\/\\\/www.mallorcaguru.es\\\/wp-content\\\/uploads\\\/2022\\\/03\\\/Mallorca-Property-Guru-Logo-2025-150x150.png&quot;}\"><span class=\"badge btn-secondary agent-verified-icon\"><i class=\"houzez-icon icon-check-circle-1\"><\/i><\/span><\/div><ul class=\"agent-information list-unstyled mb-0\" role=\"list\"><li class=\"agent-name\" role=\"listitem\"><i class=\"houzez-icon icon-single-neutral me-1\"><\/i> Mallorca Property Guru Saionara Jackson<\/li><\/ul><\/div><\/div>\n                                                        <div class=\"form-group mb-2 mt-3\">\n                                <input class=\"form-control\" name=\"name\" value=\"\" type=\"text\" placeholder=\"Nom\">\n                            <\/div><!-- form-group -->\n                            \n                                \n                            <div class=\"form-group mb-2\">\n                                <input class=\"form-control\" name=\"mobile\" value=\"\" type=\"text\" placeholder=\"Tel\u00e8fon\">\n                            <\/div><!-- form-group -->\n                            \n                            <div class=\"form-group mb-2\">\n                                <input class=\"form-control\" name=\"email\" value=\"\" type=\"email\" placeholder=\"Correu electr\u00f2nic\">\n                            <\/div><!-- form-group -->\n\n                              \n                            <div class=\"form-group form-group-textarea mb-2\">\n                                <textarea class=\"form-control hz-form-message\" name=\"message\" rows=\"4\" placeholder=\"Missatge\">Hola, m'interessa [Estudis dobles en venda a Portocolom AB201-202]<\/textarea>\n                            <\/div><!-- form-group -->   \n                            \n                            \n                                                        <div class=\"form-group my-3\">\n                                <label class=\"control control--checkbox m-0 p-0 hz-no-gdpr-checkbox\">\n                                                                        <div class=\"gdpr-text-wrap\">\n                                        En enviar aquest formulari accepto <a target=\"_blank\" href=\"https:\/\/www.mallorcaguru.es\/ca\/termes-i-condicions\/\">Condicions d'\u00fas<\/a>\n                                    <\/div>\n                                <\/label>\n                            <\/div><!-- form-group -->   \n                                  \n                        \n                                                            <input type=\"hidden\" name=\"target_email\" value=\"&#115;ai&#111;&#110;&#97;&#114;a&#64;m&#97;&#108;lor&#99;&#97;gur&#117;&#46;&#101;&#115;\">\n                                                        <input type=\"hidden\" name=\"property_agent_contact_security\" value=\"a50bbda332\"\/>\n                            <input type=\"hidden\" name=\"property_permalink\" value=\"https:\/\/www.mallorcaguru.es\/ca\/propietat\/estudis-dobles-en-venda-a-portocolom-ab201-202\/\"\/>\n                            <input type=\"hidden\" name=\"property_title\" value=\"Estudis dobles en venda a Portocolom AB201-202\"\/>\n                            <input type=\"hidden\" name=\"property_id\" value=\"AB201-202\"\/>\n                            <input type=\"hidden\" name=\"action\" value=\"houzez_property_agent_contact\">\n                            <input type=\"hidden\" name=\"listing_id\" value=\"301082\">\n                            <input type=\"hidden\" name=\"is_listing_form\" value=\"yes\">\n                            <input type=\"hidden\" name=\"agent_id\" value=\"4996\">\n                            <input type=\"hidden\" name=\"agent_type\" value=\"agent_info\">\n\n                                                        <div class=\"form_messages\"><\/div>\n                            <button type=\"button\" class=\"houzez_agent_property_form btn btn-secondary w-100\">\n                                <span class=\"houzez-loader-js houzez-hidden spinner-border spinner-border-sm\" aria-hidden=\"true\"><\/span>                                Envia un correu                                \n                            <\/button>\n                            \n                        <\/form>\n                    <\/div><!-- property-form -->\n                    \n                            <\/div><!-- property-form-wrap -->\n\n    \n            <\/div>\n        <\/div>\n    <\/div>\n<\/div>\n<\/div>\n<div class=\"item-listing-wrap item-wrap-v9 hz-item-gallery-js hz-map-trigger\" data-hz-id=\"299301\" data-images=\"[{&quot;image&quot;:&quot;https:\\\/\\\/www.mallorcaguru.es\\\/wp-content\\\/smush-avif\\\/2025\\\/10\\\/Studio-web-2-584x438.jpg.avif&quot;,&quot;alt&quot;:&quot;&quot;,&quot;width&quot;:584,&quot;height&quot;:438,&quot;srcset&quot;:false,&quot;sizes&quot;:&quot;(max-width: 584px) 100vw, 584px&quot;},{&quot;image&quot;:&quot;https:\\\/\\\/www.mallorcaguru.es\\\/wp-content\\\/smush-avif\\\/2025\\\/10\\\/Studio-web-2-584x438.jpg.avif&quot;,&quot;alt&quot;:&quot;&quot;,&quot;width&quot;:584,&quot;height&quot;:438,&quot;srcset&quot;:false,&quot;sizes&quot;:&quot;(max-width: 584px) 100vw, 584px&quot;},{&quot;image&quot;:&quot;https:\\\/\\\/www.mallorcaguru.es\\\/wp-content\\\/smush-avif\\\/2025\\\/10\\\/T1-5-web-584x438.png.avif&quot;,&quot;alt&quot;:&quot;&quot;,&quot;width&quot;:584,&quot;height&quot;:438,&quot;srcset&quot;:false,&quot;sizes&quot;:&quot;(max-width: 584px) 100vw, 584px&quot;}]\">\n\t<div class=\"item-wrap item-wrap-no-frame h-100\">\n\t\t<div class=\"d-flex flex-column align-items-center h-100\">\n\t\t\t<div class=\"item-header\">\n\t\t\t\t\t\t\t\t<div class=\"labels-wrap d-flex align-items-center gap-1\" role=\"group\"> \n\n\t<a href=\"https:\/\/www.mallorcaguru.es\/ca\/estat\/a-la-venda-mallorca-espanya\/\" class=\"label-status label status-color-3530\">\n\t\t\t\t\tA la Venda\n\t\t\t\t<\/a><a href=\"https:\/\/www.mallorcaguru.es\/ca\/estat\/vendes-de-complexos-turistics\/\" class=\"label-status label status-color-3960\">\n\t\t\t\t\tVendes de complexos tur\u00edstics\n\t\t\t\t<\/a><a href=\"https:\/\/www.mallorcaguru.es\/ca\/etiqueta\/propietats-amb-llicencia-etv-en-venda-a-mallorca\/\" class=\"hz-label label label-color-3836\">\n\t\t\t\t\tPropietats amb llic\u00e8ncia ETV en venda a Mallorca\n\t\t\t\t<\/a><a href=\"https:\/\/www.mallorcaguru.es\/ca\/etiqueta\/propietats-amb-vistes-al-mar-en-venda\/\" class=\"hz-label label label-color-3928\">\n\t\t\t\t\tPropietats amb vistes al mar en venda a Mallorca | Cases a la costa\n\t\t\t\t<\/a>       \n\n<\/div>\n\t\t\t\t<ul class=\"item-tools d-flex align-items-center justify-content-center gap-1\">\n        <li class=\"item-tool item-preview\">\n        <span class=\"hz-show-lightbox-js item-tool-preview text-center\" data-listid=\"299301\">\n            <span data-bs-toggle=\"tooltip\" data-bs-placement=\"top\" title=\"Previsualitza\">\n                <i class=\"houzez-icon icon-expand-3\"><\/i>   \n            <\/span>\n        <\/span><!-- item-tool-favorite -->\n    <\/li><!-- item-tool -->\n        \n        <li class=\"item-tool item-favorite\">\n        <span class=\"add-favorite-js item-tool-favorite text-center\" data-bs-toggle=\"tooltip\" data-bs-placement=\"top\" title=\"Preferit\" data-listid=\"299301\">\n            <i class=\"houzez-icon icon-love-it \"><\/i>\n        <\/span><!-- item-tool-favorite -->\n    <\/li><!-- item-tool -->\n    \n        <li class=\"item-tool item-compare\">\n        <span class=\"houzez_compare compare-299301 item-tool-compare text-center\" data-bs-toggle=\"tooltip\" data-bs-placement=\"top\" title=\"Afegeix per comparar\" data-listing_id=\"299301\" data-listing_image=\"https:\/\/www.mallorcaguru.es\/wp-content\/uploads\/2025\/10\/Studio-web-2-584x438.jpg\">\n            <i class=\"houzez-icon icon-add-circle\"><\/i>\n            <!-- <i class=\"houzez-icon icon-subtract-circle\"><\/i> -->\n        <\/span><!-- item-tool-compare -->\n    <\/li><!-- item-tool -->\n    <\/ul><!-- item-tools -->\n\t\t\t\t<div class=\"listing-image-wrap\">\n\t<div class=\"listing-thumb\">\n\t\t<a target=\"_self\" href=\"https:\/\/www.mallorcaguru.es\/ca\/propietat\/estudis-dobles-en-venda-a-portocolom-ab221-222\/\" class=\"listing-featured-thumb hover-effect image-wrap\" role=\"link\">\n\t\t\t<img loading=\"lazy\" decoding=\"async\" width=\"584\" height=\"438\" src=\"https:\/\/www.mallorcaguru.es\/wp-content\/smush-avif\/2025\/10\/Studio-web-2-584x438.jpg.avif\" class=\"img-fluid wp-post-image\" alt=\"\" data-smush-avif-fallback=\"{&quot;src&quot;:&quot;https:\\\/\\\/www.mallorcaguru.es\\\/wp-content\\\/uploads\\\/2025\\\/10\\\/Studio-web-2-584x438.jpg&quot;}\" \/>\t\t<\/a><!-- hover-effect -->\n\t<\/div>\n<\/div>\t\t\t\t<div class=\"preview_loader\"><\/div>\n\t\t\t<\/div>\n\t\t\t<div class=\"item-body w-100 flex-fill\">\n\t\t\t\t<ul class=\"item-amenities item-amenities-with-icons mb-2\">\n\t\t\t\t\t<li class=\"h-type d-flex w-100\" role=\"listitem\"><span>Apartament, Apartaments del complex tur\u00edstic<\/span><\/li>\t\t\t\t<\/ul>\n\t\t\t\t<ul class=\"item-price-wrap d-flex align-items-end gap-3\" role=\"list\">\n\t\t\t\t\t<li class=\"item-price\"><span class=\"price\">345,000\u20ac<\/span><span class=\"price-postfix\"><\/span><\/li>\t\t\t\t<\/ul>\n\t\t\t\t<h2 class=\"item-title mb-2 \">\n\t<a target=\"_self\" href=\"https:\/\/www.mallorcaguru.es\/ca\/propietat\/estudis-dobles-en-venda-a-portocolom-ab221-222\/\" role=\"link\">Estudis dobles en venda a Portocolom AB203-204<\/a>\n<\/h2><!-- item-title -->\t\t\t\t<address class=\"item-address mb-2\"><i class=\"houzez-icon icon-pin me-1\" aria-hidden=\"true\"><\/i><span>Carrer de la Gavina, 07670 Felanitx, Illes Balears, Spain<\/span><\/address>\t\t\t\t<ul class=\"item-amenities item-amenities-with-icons d-flex flex-wrap align-items-center gap-2\" role=\"list\">\n\t<li class=\"h-property-id me-1\"><i class=\"houzez-icon icon-tags me-2\"><\/i><span class=\"item-amenities-text\">ID:<\/span> <span class=\"hz-figure\">AB203-204<\/span><\/li><li class=\"h-baths d-flex align-items-center me-1\"><i class=\"houzez-icon icon-bathroom-shower-1 me-2\"><\/i><span class=\"item-amenities-text\">Banys:<\/span> <span class=\"hz-figure\">2<\/span><\/li><li class=\"h-area d-flex align-items-center me-1\"><i class=\"houzez-icon icon-ruler-triangle me-2\"><\/i><span class=\"hz-figure me-1\">58<\/span> <span class=\"hz-figure area_postfix\">m\u00b2<\/span><\/li><\/ul>\t\t\t<\/div>\n\t\t\t<div class=\"item-footer items-btns-count-3\">\n\t\t\t\t<div class=\"item-buttons-wrap d-flex justify-content-between gap-2\">\n\t\t\t\t\t\t\t\t<button type=\"button\" class=\"hz-call-popup-js btn btn-primary-outlined btn-item px-2 d-flex align-items-center justify-content-center flex-fill gap-1\" data-bs-toggle=\"modal\" data-model-id=\"call-action-299301-QgGo0\">\n\t\t\t\t<i class=\"houzez-icon icon-phone-actions-ring\"><\/i> Trucada\t\t\t<\/button>\n\t\t \t\t\t\t<button type=\"button\" class=\"hz-email-popup-js btn btn-primary-outlined btn-item px-2 d-flex align-items-center justify-content-center flex-fill gap-1\" data-bs-toggle=\"modal\" data-model-id=\"email-popup-299301-QgGo0\">\n\t\t\t\t<i class=\"houzez-icon icon-envelope\"><\/i> Email\t\t\t<\/button>\n\t\t\t\t\t\t<a class=\"btn btn-primary-outlined btn-item px-2 d-flex align-items-center justify-content-center flex-fill gap-1\" target=\"_blank\" href=\"https:\/\/api.whatsapp.com\/send?phone=+34671798832&text=Hola, m'interessa [Estudis dobles en venda a Portocolom AB203-204] https:\/\/www.mallorcaguru.es\/ca\/propietat\/estudis-dobles-en-venda-a-portocolom-ab221-222\/\">\n\t\t\t\t<i class=\"houzez-icon icon-messaging-whatsapp\"><\/i> <span class=\"d-none d-md-block\">WhatsApp <\/span>\n\t\t\t<\/a>\n\t\t\t\t\t\t\t<\/div>\n\t\t\t<\/div>\n\t\t<\/div>\n\t<\/div>\n\t<div class=\"modal fade modal-phone-number\" id=\"call-action-299301-QgGo0\" tabindex=\"-1\" aria-labelledby=\"phoneNumberModalLabel\" aria-hidden=\"true\">\n    <div class=\"modal-dialog\" role=\"document\">\n        <div class=\"modal-content\">\n            <div class=\"modal-header\">\n                <h5 class=\"modal-title\" id=\"phoneNumberModalLabel\">Contacta&#039;ns<\/h5>\n                <button type=\"button\" class=\"btn-close\" data-bs-dismiss=\"modal\" aria-label=\"Tancar\"><\/button>\n            <\/div><!-- modal-header -->\n            <div class=\"modal-body\">\n                <p class=\"modal-body-phone-number-text\">\n                    Please quote property reference<br>\n\n                    <strong>Mallorca Property Guru - AB203-204<\/strong>\n                <\/p>\n                <p class=\"modal-body-phone-number-number\">\n                     <a class=\"btn btn-primary-outlined\" href=\"tel:+34671798832\"><i class=\"houzez-icon icon-phone-actions-ring\"><\/i> +34 671 798 832<\/a>\n                <\/p>\n            <\/div><!-- modal-body -->\n        <\/div><!-- modal-content -->\n    <\/div><!-- modal-dialog -->\n<\/div><!-- login-register-form -->\n\t<div class=\"modal fade mobile-property-form\" id=\"email-popup-299301-QgGo0\">\n    <div class=\"modal-dialog\" role=\"document\">\n        <div class=\"modal-content\">\n            <div class=\"modal-header\">\n                <h5 class=\"modal-title\" id=\"phoneNumberModalLabel\">Contact me<\/h5>\n                <button type=\"button\" class=\"btn-close\" data-bs-dismiss=\"modal\" aria-label=\"Close\"><\/button>\n            <\/div><!-- modal-header -->\n            <div class=\"modal-body\">\n                <div class=\"property-form-wrap border-none\">\n                                    <div class=\"property-form\">\n                        <form method=\"post\" action=\"#\">\n                            \n                            <div class=\"agent-details\" role=\"region\"><div class=\"d-flex align-items-center gap-3\"><div class=\"agent-image\" role=\"img\"><img loading=\"lazy\" decoding=\"async\" class=\"rounded\" src=\"https:\/\/www.mallorcaguru.es\/wp-content\/smush-avif\/2022\/03\/Mallorca-Property-Guru-Logo-2025-150x150.png.avif\" alt=\"Mallorca Property Guru Saionara Jackson\" width=\"70\" height=\"70\" data-smush-avif-fallback=\"{&quot;src&quot;:&quot;https:\\\/\\\/www.mallorcaguru.es\\\/wp-content\\\/uploads\\\/2022\\\/03\\\/Mallorca-Property-Guru-Logo-2025-150x150.png&quot;}\"><span class=\"badge btn-secondary agent-verified-icon\"><i class=\"houzez-icon icon-check-circle-1\"><\/i><\/span><\/div><ul class=\"agent-information list-unstyled mb-0\" role=\"list\"><li class=\"agent-name\" role=\"listitem\"><i class=\"houzez-icon icon-single-neutral me-1\"><\/i> Mallorca Property Guru Saionara Jackson<\/li><\/ul><\/div><\/div>\n                                                        <div class=\"form-group mb-2 mt-3\">\n                                <input class=\"form-control\" name=\"name\" value=\"\" type=\"text\" placeholder=\"Nom\">\n                            <\/div><!-- form-group -->\n                            \n                                \n                            <div class=\"form-group mb-2\">\n                                <input class=\"form-control\" name=\"mobile\" value=\"\" type=\"text\" placeholder=\"Tel\u00e8fon\">\n                            <\/div><!-- form-group -->\n                            \n                            <div class=\"form-group mb-2\">\n                                <input class=\"form-control\" name=\"email\" value=\"\" type=\"email\" placeholder=\"Correu electr\u00f2nic\">\n                            <\/div><!-- form-group -->\n\n                              \n                            <div class=\"form-group form-group-textarea mb-2\">\n                                <textarea class=\"form-control hz-form-message\" name=\"message\" rows=\"4\" placeholder=\"Missatge\">Hola, m'interessa [Estudis dobles en venda a Portocolom AB203-204]<\/textarea>\n                            <\/div><!-- form-group -->   \n                            \n                            \n                                                        <div class=\"form-group my-3\">\n                                <label class=\"control control--checkbox m-0 p-0 hz-no-gdpr-checkbox\">\n                                                                        <div class=\"gdpr-text-wrap\">\n                                        En enviar aquest formulari accepto <a target=\"_blank\" href=\"https:\/\/www.mallorcaguru.es\/ca\/termes-i-condicions\/\">Condicions d'\u00fas<\/a>\n                                    <\/div>\n                                <\/label>\n                            <\/div><!-- form-group -->   \n                                  \n                        \n                                                            <input type=\"hidden\" name=\"target_email\" value=\"&#115;&#97;ionar&#97;&#64;m&#97;&#108;&#108;or&#99;aguru.&#101;&#115;\">\n                                                        <input type=\"hidden\" name=\"property_agent_contact_security\" value=\"a50bbda332\"\/>\n                            <input type=\"hidden\" name=\"property_permalink\" value=\"https:\/\/www.mallorcaguru.es\/ca\/propietat\/estudis-dobles-en-venda-a-portocolom-ab221-222\/\"\/>\n                            <input type=\"hidden\" name=\"property_title\" value=\"Estudis dobles en venda a Portocolom AB203-204\"\/>\n                            <input type=\"hidden\" name=\"property_id\" value=\"AB203-204\"\/>\n                            <input type=\"hidden\" name=\"action\" value=\"houzez_property_agent_contact\">\n                            <input type=\"hidden\" name=\"listing_id\" value=\"299301\">\n                            <input type=\"hidden\" name=\"is_listing_form\" value=\"yes\">\n                            <input type=\"hidden\" name=\"agent_id\" value=\"4996\">\n                            <input type=\"hidden\" name=\"agent_type\" value=\"agent_info\">\n\n                                                        <div class=\"form_messages\"><\/div>\n                            <button type=\"button\" class=\"houzez_agent_property_form btn btn-secondary w-100\">\n                                <span class=\"houzez-loader-js houzez-hidden spinner-border spinner-border-sm\" aria-hidden=\"true\"><\/span>                                Envia un correu                                \n                            <\/button>\n                            \n                        <\/form>\n                    <\/div><!-- property-form -->\n                    \n                            <\/div><!-- property-form-wrap -->\n\n    \n            <\/div>\n        <\/div>\n    <\/div>\n<\/div>\n<\/div>\n<div class=\"item-listing-wrap item-wrap-v9 hz-item-gallery-js hz-map-trigger\" data-hz-id=\"297583\" data-images=\"[{&quot;image&quot;:&quot;https:\\\/\\\/www.mallorcaguru.es\\\/wp-content\\\/smush-avif\\\/2025\\\/09\\\/T1-2-web-584x438.png.avif&quot;,&quot;alt&quot;:&quot;&quot;,&quot;width&quot;:584,&quot;height&quot;:438,&quot;srcset&quot;:false,&quot;sizes&quot;:&quot;(max-width: 584px) 100vw, 584px&quot;},{&quot;image&quot;:&quot;https:\\\/\\\/www.mallorcaguru.es\\\/wp-content\\\/smush-avif\\\/2025\\\/09\\\/T1-9-web-584x438.png.avif&quot;,&quot;alt&quot;:&quot;&quot;,&quot;width&quot;:584,&quot;height&quot;:438,&quot;srcset&quot;:false,&quot;sizes&quot;:&quot;(max-width: 584px) 100vw, 584px&quot;},{&quot;image&quot;:&quot;https:\\\/\\\/www.mallorcaguru.es\\\/wp-content\\\/smush-avif\\\/2025\\\/09\\\/T1-8-web-584x438.png.avif&quot;,&quot;alt&quot;:&quot;&quot;,&quot;width&quot;:584,&quot;height&quot;:438,&quot;srcset&quot;:false,&quot;sizes&quot;:&quot;(max-width: 584px) 100vw, 584px&quot;}]\">\n\t<div class=\"item-wrap item-wrap-no-frame h-100\">\n\t\t<div class=\"d-flex flex-column align-items-center h-100\">\n\t\t\t<div class=\"item-header\">\n\t\t\t\t\t\t\t\t<div class=\"labels-wrap d-flex align-items-center gap-1\" role=\"group\"> \n\n\t<a href=\"https:\/\/www.mallorcaguru.es\/ca\/estat\/a-la-venda-mallorca-espanya\/\" class=\"label-status label status-color-3530\">\n\t\t\t\t\tA la Venda\n\t\t\t\t<\/a><a href=\"https:\/\/www.mallorcaguru.es\/ca\/estat\/vendes-de-complexos-turistics\/\" class=\"label-status label status-color-3960\">\n\t\t\t\t\tVendes de complexos tur\u00edstics\n\t\t\t\t<\/a><a href=\"https:\/\/www.mallorcaguru.es\/ca\/etiqueta\/propietats-amb-llicencia-etv-en-venda-a-mallorca\/\" class=\"hz-label label label-color-3836\">\n\t\t\t\t\tPropietats amb llic\u00e8ncia ETV en venda a Mallorca\n\t\t\t\t<\/a><a href=\"https:\/\/www.mallorcaguru.es\/ca\/etiqueta\/propietats-amb-vistes-al-mar-en-venda\/\" class=\"hz-label label label-color-3928\">\n\t\t\t\t\tPropietats amb vistes al mar en venda a Mallorca | Cases a la costa\n\t\t\t\t<\/a>       \n\n<\/div>\n\t\t\t\t<ul class=\"item-tools d-flex align-items-center justify-content-center gap-1\">\n        <li class=\"item-tool item-preview\">\n        <span class=\"hz-show-lightbox-js item-tool-preview text-center\" data-listid=\"297583\">\n            <span data-bs-toggle=\"tooltip\" data-bs-placement=\"top\" title=\"Previsualitza\">\n                <i class=\"houzez-icon icon-expand-3\"><\/i>   \n            <\/span>\n        <\/span><!-- item-tool-favorite -->\n    <\/li><!-- item-tool -->\n        \n        <li class=\"item-tool item-favorite\">\n        <span class=\"add-favorite-js item-tool-favorite text-center\" data-bs-toggle=\"tooltip\" data-bs-placement=\"top\" title=\"Preferit\" data-listid=\"297583\">\n            <i class=\"houzez-icon icon-love-it \"><\/i>\n        <\/span><!-- item-tool-favorite -->\n    <\/li><!-- item-tool -->\n    \n        <li class=\"item-tool item-compare\">\n        <span class=\"houzez_compare compare-297583 item-tool-compare text-center\" data-bs-toggle=\"tooltip\" data-bs-placement=\"top\" title=\"Afegeix per comparar\" data-listing_id=\"297583\" data-listing_image=\"https:\/\/www.mallorcaguru.es\/wp-content\/uploads\/2025\/09\/T1-2-web-584x438.png\">\n            <i class=\"houzez-icon icon-add-circle\"><\/i>\n            <!-- <i class=\"houzez-icon icon-subtract-circle\"><\/i> -->\n        <\/span><!-- item-tool-compare -->\n    <\/li><!-- item-tool -->\n    <\/ul><!-- item-tools -->\n\t\t\t\t<div class=\"listing-image-wrap\">\n\t<div class=\"listing-thumb\">\n\t\t<a target=\"_self\" href=\"https:\/\/www.mallorcaguru.es\/ca\/propietat\/apartament-en-venda-a-portocolom-aa112\/\" class=\"listing-featured-thumb hover-effect image-wrap\" role=\"link\">\n\t\t\t<img loading=\"lazy\" decoding=\"async\" width=\"584\" height=\"438\" src=\"https:\/\/www.mallorcaguru.es\/wp-content\/smush-avif\/2025\/09\/T1-2-web-584x438.png.avif\" class=\"img-fluid wp-post-image\" alt=\"\" data-smush-avif-fallback=\"{&quot;src&quot;:&quot;https:\\\/\\\/www.mallorcaguru.es\\\/wp-content\\\/uploads\\\/2025\\\/09\\\/T1-2-web-584x438.png&quot;}\" \/>\t\t<\/a><!-- hover-effect -->\n\t<\/div>\n<\/div>\t\t\t\t<div class=\"preview_loader\"><\/div>\n\t\t\t<\/div>\n\t\t\t<div class=\"item-body w-100 flex-fill\">\n\t\t\t\t<ul class=\"item-amenities item-amenities-with-icons mb-2\">\n\t\t\t\t\t<li class=\"h-type d-flex w-100\" role=\"listitem\"><span>Apartament, Apartaments del complex tur\u00edstic<\/span><\/li>\t\t\t\t<\/ul>\n\t\t\t\t<ul class=\"item-price-wrap d-flex align-items-end gap-3\" role=\"list\">\n\t\t\t\t\t<li class=\"item-price\"><span class=\"price\">315,000\u20ac<\/span><span class=\"price-postfix\"><\/span><\/li>\t\t\t\t<\/ul>\n\t\t\t\t<h2 class=\"item-title mb-2 \">\n\t<a target=\"_self\" href=\"https:\/\/www.mallorcaguru.es\/ca\/propietat\/apartament-en-venda-a-portocolom-aa112\/\" role=\"link\">Apartament en venda a Portocolom AA112<\/a>\n<\/h2><!-- item-title -->\t\t\t\t<address class=\"item-address mb-2\"><i class=\"houzez-icon icon-pin me-1\" aria-hidden=\"true\"><\/i><span>Carrer de la Gavina, 07670 Felanitx, Illes Balears, Spain<\/span><\/address>\t\t\t\t<ul class=\"item-amenities item-amenities-with-icons d-flex flex-wrap align-items-center gap-2\" role=\"list\">\n\t<li class=\"h-property-id me-1\"><i class=\"houzez-icon icon-tags me-2\"><\/i><span class=\"item-amenities-text\">ID:<\/span> <span class=\"hz-figure\">AA112<\/span><\/li><li class=\"h-beds d-flex align-items-center me-1\"><i class=\"houzez-icon icon-hotel-double-bed-1 me-2\"><\/i><span class=\"item-amenities-text\">Bed:<\/span> <span class=\"hz-figure\">1<\/span><\/li><li class=\"h-baths d-flex align-items-center me-1\"><i class=\"houzez-icon icon-bathroom-shower-1 me-2\"><\/i><span class=\"item-amenities-text\">Bath:<\/span> <span class=\"hz-figure\">1<\/span><\/li><li class=\"h-area d-flex align-items-center me-1\"><i class=\"houzez-icon icon-ruler-triangle me-2\"><\/i><span class=\"hz-figure me-1\">50<\/span> <span class=\"hz-figure area_postfix\">m\u00b2<\/span><\/li><\/ul>\t\t\t<\/div>\n\t\t\t<div class=\"item-footer items-btns-count-3\">\n\t\t\t\t<div class=\"item-buttons-wrap d-flex justify-content-between gap-2\">\n\t\t\t\t\t\t\t\t<button type=\"button\" class=\"hz-call-popup-js btn btn-primary-outlined btn-item px-2 d-flex align-items-center justify-content-center flex-fill gap-1\" data-bs-toggle=\"modal\" data-model-id=\"call-action-297583-lWN6Z\">\n\t\t\t\t<i class=\"houzez-icon icon-phone-actions-ring\"><\/i> Trucada\t\t\t<\/button>\n\t\t \t\t\t\t<button type=\"button\" class=\"hz-email-popup-js btn btn-primary-outlined btn-item px-2 d-flex align-items-center justify-content-center flex-fill gap-1\" data-bs-toggle=\"modal\" data-model-id=\"email-popup-297583-lWN6Z\">\n\t\t\t\t<i class=\"houzez-icon icon-envelope\"><\/i> Email\t\t\t<\/button>\n\t\t\t\t\t\t<a class=\"btn btn-primary-outlined btn-item px-2 d-flex align-items-center justify-content-center flex-fill gap-1\" target=\"_blank\" href=\"https:\/\/api.whatsapp.com\/send?phone=+34671798832&text=Hola, m'interessa [Apartament en venda a Portocolom AA112] https:\/\/www.mallorcaguru.es\/ca\/propietat\/apartament-en-venda-a-portocolom-aa112\/\">\n\t\t\t\t<i class=\"houzez-icon icon-messaging-whatsapp\"><\/i> <span class=\"d-none d-md-block\">WhatsApp <\/span>\n\t\t\t<\/a>\n\t\t\t\t\t\t\t<\/div>\n\t\t\t<\/div>\n\t\t<\/div>\n\t<\/div>\n\t<div class=\"modal fade modal-phone-number\" id=\"call-action-297583-lWN6Z\" tabindex=\"-1\" aria-labelledby=\"phoneNumberModalLabel\" aria-hidden=\"true\">\n    <div class=\"modal-dialog\" role=\"document\">\n        <div class=\"modal-content\">\n            <div class=\"modal-header\">\n                <h5 class=\"modal-title\" id=\"phoneNumberModalLabel\">Contacta&#039;ns<\/h5>\n                <button type=\"button\" class=\"btn-close\" data-bs-dismiss=\"modal\" aria-label=\"Tancar\"><\/button>\n            <\/div><!-- modal-header -->\n            <div class=\"modal-body\">\n                <p class=\"modal-body-phone-number-text\">\n                    Please quote property reference<br>\n\n                    <strong>Mallorca Property Guru - AA112<\/strong>\n                <\/p>\n                <p class=\"modal-body-phone-number-number\">\n                     <a class=\"btn btn-primary-outlined\" href=\"tel:+34671798832\"><i class=\"houzez-icon icon-phone-actions-ring\"><\/i> +34 671 798 832<\/a>\n                <\/p>\n            <\/div><!-- modal-body -->\n        <\/div><!-- modal-content -->\n    <\/div><!-- modal-dialog -->\n<\/div><!-- login-register-form -->\n\t<div class=\"modal fade mobile-property-form\" id=\"email-popup-297583-lWN6Z\">\n    <div class=\"modal-dialog\" role=\"document\">\n        <div class=\"modal-content\">\n            <div class=\"modal-header\">\n                <h5 class=\"modal-title\" id=\"phoneNumberModalLabel\">Contact me<\/h5>\n                <button type=\"button\" class=\"btn-close\" data-bs-dismiss=\"modal\" aria-label=\"Close\"><\/button>\n            <\/div><!-- modal-header -->\n            <div class=\"modal-body\">\n                <div class=\"property-form-wrap border-none\">\n                                    <div class=\"property-form\">\n                        <form method=\"post\" action=\"#\">\n                            \n                            <div class=\"agent-details\" role=\"region\"><div class=\"d-flex align-items-center gap-3\"><div class=\"agent-image\" role=\"img\"><img loading=\"lazy\" decoding=\"async\" class=\"rounded\" src=\"https:\/\/www.mallorcaguru.es\/wp-content\/smush-avif\/2022\/03\/Mallorca-Property-Guru-Logo-2025-150x150.png.avif\" alt=\"Mallorca Property Guru Saionara Jackson\" width=\"70\" height=\"70\" data-smush-avif-fallback=\"{&quot;src&quot;:&quot;https:\\\/\\\/www.mallorcaguru.es\\\/wp-content\\\/uploads\\\/2022\\\/03\\\/Mallorca-Property-Guru-Logo-2025-150x150.png&quot;}\"><span class=\"badge btn-secondary agent-verified-icon\"><i class=\"houzez-icon icon-check-circle-1\"><\/i><\/span><\/div><ul class=\"agent-information list-unstyled mb-0\" role=\"list\"><li class=\"agent-name\" role=\"listitem\"><i class=\"houzez-icon icon-single-neutral me-1\"><\/i> Mallorca Property Guru Saionara Jackson<\/li><\/ul><\/div><\/div>\n                                                        <div class=\"form-group mb-2 mt-3\">\n                                <input class=\"form-control\" name=\"name\" value=\"\" type=\"text\" placeholder=\"Nom\">\n                            <\/div><!-- form-group -->\n                            \n                                \n                            <div class=\"form-group mb-2\">\n                                <input class=\"form-control\" name=\"mobile\" value=\"\" type=\"text\" placeholder=\"Tel\u00e8fon\">\n                            <\/div><!-- form-group -->\n                            \n                            <div class=\"form-group mb-2\">\n                                <input class=\"form-control\" name=\"email\" value=\"\" type=\"email\" placeholder=\"Correu electr\u00f2nic\">\n                            <\/div><!-- form-group -->\n\n                              \n                            <div class=\"form-group form-group-textarea mb-2\">\n                                <textarea class=\"form-control hz-form-message\" name=\"message\" rows=\"4\" placeholder=\"Missatge\">Hola, m'interessa [Apartament en venda a Portocolom AA112]<\/textarea>\n                            <\/div><!-- form-group -->   \n                            \n                            \n                                                        <div class=\"form-group my-3\">\n                                <label class=\"control control--checkbox m-0 p-0 hz-no-gdpr-checkbox\">\n                                                                        <div class=\"gdpr-text-wrap\">\n                                        En enviar aquest formulari accepto <a target=\"_blank\" href=\"https:\/\/www.mallorcaguru.es\/ca\/termes-i-condicions\/\">Condicions d'\u00fas<\/a>\n                                    <\/div>\n                                <\/label>\n                            <\/div><!-- form-group -->   \n                                  \n                        \n                                                            <input type=\"hidden\" name=\"target_email\" value=\"&#115;&#97;i&#111;na&#114;&#97;&#64;&#109;all&#111;&#114;c&#97;&#103;u&#114;u.e&#115;\">\n                                                        <input type=\"hidden\" name=\"property_agent_contact_security\" value=\"a50bbda332\"\/>\n                            <input type=\"hidden\" name=\"property_permalink\" value=\"https:\/\/www.mallorcaguru.es\/ca\/propietat\/apartament-en-venda-a-portocolom-aa112\/\"\/>\n                            <input type=\"hidden\" name=\"property_title\" value=\"Apartament en venda a Portocolom AA112\"\/>\n                            <input type=\"hidden\" name=\"property_id\" value=\"AA112\"\/>\n                            <input type=\"hidden\" name=\"action\" value=\"houzez_property_agent_contact\">\n                            <input type=\"hidden\" name=\"listing_id\" value=\"297583\">\n                            <input type=\"hidden\" name=\"is_listing_form\" value=\"yes\">\n                            <input type=\"hidden\" name=\"agent_id\" value=\"4996\">\n                            <input type=\"hidden\" name=\"agent_type\" value=\"agent_info\">\n\n                                                        <div class=\"form_messages\"><\/div>\n                            <button type=\"button\" class=\"houzez_agent_property_form btn btn-secondary w-100\">\n                                <span class=\"houzez-loader-js houzez-hidden spinner-border spinner-border-sm\" aria-hidden=\"true\"><\/span>                                Envia un correu                                \n                            <\/button>\n                            \n                        <\/form>\n                    <\/div><!-- property-form -->\n                    \n                            <\/div><!-- property-form-wrap -->\n\n    \n            <\/div>\n        <\/div>\n    <\/div>\n<\/div>\n<\/div>\n<div class=\"item-listing-wrap item-wrap-v9 hz-item-gallery-js hz-map-trigger\" data-hz-id=\"297584\" data-images=\"[{&quot;image&quot;:&quot;https:\\\/\\\/www.mallorcaguru.es\\\/wp-content\\\/smush-avif\\\/2025\\\/09\\\/T1-8-web-584x438.png.avif&quot;,&quot;alt&quot;:&quot;&quot;,&quot;width&quot;:584,&quot;height&quot;:438,&quot;srcset&quot;:false,&quot;sizes&quot;:&quot;(max-width: 584px) 100vw, 584px&quot;},{&quot;image&quot;:&quot;https:\\\/\\\/www.mallorcaguru.es\\\/wp-content\\\/smush-avif\\\/2025\\\/09\\\/T1-5-web-584x438.png.avif&quot;,&quot;alt&quot;:&quot;&quot;,&quot;width&quot;:584,&quot;height&quot;:438,&quot;srcset&quot;:false,&quot;sizes&quot;:&quot;(max-width: 584px) 100vw, 584px&quot;},{&quot;image&quot;:&quot;https:\\\/\\\/www.mallorcaguru.es\\\/wp-content\\\/smush-avif\\\/2025\\\/09\\\/T1-2-web-584x438.png.avif&quot;,&quot;alt&quot;:&quot;&quot;,&quot;width&quot;:584,&quot;height&quot;:438,&quot;srcset&quot;:false,&quot;sizes&quot;:&quot;(max-width: 584px) 100vw, 584px&quot;}]\">\n\t<div class=\"item-wrap item-wrap-no-frame h-100\">\n\t\t<div class=\"d-flex flex-column align-items-center h-100\">\n\t\t\t<div class=\"item-header\">\n\t\t\t\t\t\t\t\t<div class=\"labels-wrap d-flex align-items-center gap-1\" role=\"group\"> \n\n\t<a href=\"https:\/\/www.mallorcaguru.es\/ca\/estat\/a-la-venda-mallorca-espanya\/\" class=\"label-status label status-color-3530\">\n\t\t\t\t\tA la Venda\n\t\t\t\t<\/a><a href=\"https:\/\/www.mallorcaguru.es\/ca\/estat\/vendes-de-complexos-turistics\/\" class=\"label-status label status-color-3960\">\n\t\t\t\t\tVendes de complexos tur\u00edstics\n\t\t\t\t<\/a><a href=\"https:\/\/www.mallorcaguru.es\/ca\/etiqueta\/propietats-amb-llicencia-etv-en-venda-a-mallorca\/\" class=\"hz-label label label-color-3836\">\n\t\t\t\t\tPropietats amb llic\u00e8ncia ETV en venda a Mallorca\n\t\t\t\t<\/a><a href=\"https:\/\/www.mallorcaguru.es\/ca\/etiqueta\/propietats-amb-vistes-al-mar-en-venda\/\" class=\"hz-label label label-color-3928\">\n\t\t\t\t\tPropietats amb vistes al mar en venda a Mallorca | Cases a la costa\n\t\t\t\t<\/a>       \n\n<\/div>\n\t\t\t\t<ul class=\"item-tools d-flex align-items-center justify-content-center gap-1\">\n        <li class=\"item-tool item-preview\">\n        <span class=\"hz-show-lightbox-js item-tool-preview text-center\" data-listid=\"297584\">\n            <span data-bs-toggle=\"tooltip\" data-bs-placement=\"top\" title=\"Previsualitza\">\n                <i class=\"houzez-icon icon-expand-3\"><\/i>   \n            <\/span>\n        <\/span><!-- item-tool-favorite -->\n    <\/li><!-- item-tool -->\n        \n        <li class=\"item-tool item-favorite\">\n        <span class=\"add-favorite-js item-tool-favorite text-center\" data-bs-toggle=\"tooltip\" data-bs-placement=\"top\" title=\"Preferit\" data-listid=\"297584\">\n            <i class=\"houzez-icon icon-love-it \"><\/i>\n        <\/span><!-- item-tool-favorite -->\n    <\/li><!-- item-tool -->\n    \n        <li class=\"item-tool item-compare\">\n        <span class=\"houzez_compare compare-297584 item-tool-compare text-center\" data-bs-toggle=\"tooltip\" data-bs-placement=\"top\" title=\"Afegeix per comparar\" data-listing_id=\"297584\" data-listing_image=\"https:\/\/www.mallorcaguru.es\/wp-content\/uploads\/2025\/09\/T1-8-web-584x438.png\">\n            <i class=\"houzez-icon icon-add-circle\"><\/i>\n            <!-- <i class=\"houzez-icon icon-subtract-circle\"><\/i> -->\n        <\/span><!-- item-tool-compare -->\n    <\/li><!-- item-tool -->\n    <\/ul><!-- item-tools -->\n\t\t\t\t<div class=\"listing-image-wrap\">\n\t<div class=\"listing-thumb\">\n\t\t<a target=\"_self\" href=\"https:\/\/www.mallorcaguru.es\/ca\/propietat\/apartament-en-venda-a-portocolom-aa107\/\" class=\"listing-featured-thumb hover-effect image-wrap\" role=\"link\">\n\t\t\t<img loading=\"lazy\" decoding=\"async\" width=\"584\" height=\"438\" src=\"https:\/\/www.mallorcaguru.es\/wp-content\/smush-avif\/2025\/09\/T1-8-web-584x438.png.avif\" class=\"img-fluid wp-post-image\" alt=\"\" data-smush-avif-fallback=\"{&quot;src&quot;:&quot;https:\\\/\\\/www.mallorcaguru.es\\\/wp-content\\\/uploads\\\/2025\\\/09\\\/T1-8-web-584x438.png&quot;}\" \/>\t\t<\/a><!-- hover-effect -->\n\t<\/div>\n<\/div>\t\t\t\t<div class=\"preview_loader\"><\/div>\n\t\t\t<\/div>\n\t\t\t<div class=\"item-body w-100 flex-fill\">\n\t\t\t\t<ul class=\"item-amenities item-amenities-with-icons mb-2\">\n\t\t\t\t\t<li class=\"h-type d-flex w-100\" role=\"listitem\"><span>Apartament, Apartaments del complex tur\u00edstic<\/span><\/li>\t\t\t\t<\/ul>\n\t\t\t\t<ul class=\"item-price-wrap d-flex align-items-end gap-3\" role=\"list\">\n\t\t\t\t\t<li class=\"item-price\"><span class=\"price\">315,000\u20ac<\/span><span class=\"price-postfix\"><\/span><\/li>\t\t\t\t<\/ul>\n\t\t\t\t<h2 class=\"item-title mb-2 \">\n\t<a target=\"_self\" href=\"https:\/\/www.mallorcaguru.es\/ca\/propietat\/apartament-en-venda-a-portocolom-aa107\/\" role=\"link\">Apartament en venda a Portocolom AA107<\/a>\n<\/h2><!-- item-title -->\t\t\t\t<address class=\"item-address mb-2\"><i class=\"houzez-icon icon-pin me-1\" aria-hidden=\"true\"><\/i><span>Carrer de la Gavina, 07670 Felanitx, Illes Balears, Spain<\/span><\/address>\t\t\t\t<ul class=\"item-amenities item-amenities-with-icons d-flex flex-wrap align-items-center gap-2\" role=\"list\">\n\t<li class=\"h-property-id me-1\"><i class=\"houzez-icon icon-tags me-2\"><\/i><span class=\"item-amenities-text\">ID:<\/span> <span class=\"hz-figure\">AA107<\/span><\/li><li class=\"h-beds d-flex align-items-center me-1\"><i class=\"houzez-icon icon-hotel-double-bed-1 me-2\"><\/i><span class=\"item-amenities-text\">Bed:<\/span> <span class=\"hz-figure\">1<\/span><\/li><li class=\"h-baths d-flex align-items-center me-1\"><i class=\"houzez-icon icon-bathroom-shower-1 me-2\"><\/i><span class=\"item-amenities-text\">Bath:<\/span> <span class=\"hz-figure\">1<\/span><\/li><li class=\"h-area d-flex align-items-center me-1\"><i class=\"houzez-icon icon-ruler-triangle me-2\"><\/i><span class=\"hz-figure me-1\">50<\/span> <span class=\"hz-figure area_postfix\">m\u00b2<\/span><\/li><\/ul>\t\t\t<\/div>\n\t\t\t<div class=\"item-footer items-btns-count-3\">\n\t\t\t\t<div class=\"item-buttons-wrap d-flex justify-content-between gap-2\">\n\t\t\t\t\t\t\t\t<button type=\"button\" class=\"hz-call-popup-js btn btn-primary-outlined btn-item px-2 d-flex align-items-center justify-content-center flex-fill gap-1\" data-bs-toggle=\"modal\" data-model-id=\"call-action-297584-qVgdl\">\n\t\t\t\t<i class=\"houzez-icon icon-phone-actions-ring\"><\/i> Trucada\t\t\t<\/button>\n\t\t \t\t\t\t<button type=\"button\" class=\"hz-email-popup-js btn btn-primary-outlined btn-item px-2 d-flex align-items-center justify-content-center flex-fill gap-1\" data-bs-toggle=\"modal\" data-model-id=\"email-popup-297584-qVgdl\">\n\t\t\t\t<i class=\"houzez-icon icon-envelope\"><\/i> Email\t\t\t<\/button>\n\t\t\t\t\t\t<a class=\"btn btn-primary-outlined btn-item px-2 d-flex align-items-center justify-content-center flex-fill gap-1\" target=\"_blank\" href=\"https:\/\/api.whatsapp.com\/send?phone=+34671798832&text=Hola, m'interessa [Apartament en venda a Portocolom AA107] https:\/\/www.mallorcaguru.es\/ca\/propietat\/apartament-en-venda-a-portocolom-aa107\/\">\n\t\t\t\t<i class=\"houzez-icon icon-messaging-whatsapp\"><\/i> <span class=\"d-none d-md-block\">WhatsApp <\/span>\n\t\t\t<\/a>\n\t\t\t\t\t\t\t<\/div>\n\t\t\t<\/div>\n\t\t<\/div>\n\t<\/div>\n\t<div class=\"modal fade modal-phone-number\" id=\"call-action-297584-qVgdl\" tabindex=\"-1\" aria-labelledby=\"phoneNumberModalLabel\" aria-hidden=\"true\">\n    <div class=\"modal-dialog\" role=\"document\">\n        <div class=\"modal-content\">\n            <div class=\"modal-header\">\n                <h5 class=\"modal-title\" id=\"phoneNumberModalLabel\">Contacta&#039;ns<\/h5>\n                <button type=\"button\" class=\"btn-close\" data-bs-dismiss=\"modal\" aria-label=\"Tancar\"><\/button>\n            <\/div><!-- modal-header -->\n            <div class=\"modal-body\">\n                <p class=\"modal-body-phone-number-text\">\n                    Please quote property reference<br>\n\n                    <strong>Mallorca Property Guru - AA107<\/strong>\n                <\/p>\n                <p class=\"modal-body-phone-number-number\">\n                     <a class=\"btn btn-primary-outlined\" href=\"tel:+34671798832\"><i class=\"houzez-icon icon-phone-actions-ring\"><\/i> +34 671 798 832<\/a>\n                <\/p>\n            <\/div><!-- modal-body -->\n        <\/div><!-- modal-content -->\n    <\/div><!-- modal-dialog -->\n<\/div><!-- login-register-form -->\n\t<div class=\"modal fade mobile-property-form\" id=\"email-popup-297584-qVgdl\">\n    <div class=\"modal-dialog\" role=\"document\">\n        <div class=\"modal-content\">\n            <div class=\"modal-header\">\n                <h5 class=\"modal-title\" id=\"phoneNumberModalLabel\">Contact me<\/h5>\n                <button type=\"button\" class=\"btn-close\" data-bs-dismiss=\"modal\" aria-label=\"Close\"><\/button>\n            <\/div><!-- modal-header -->\n            <div class=\"modal-body\">\n                <div class=\"property-form-wrap border-none\">\n                                    <div class=\"property-form\">\n                        <form method=\"post\" action=\"#\">\n                            \n                            <div class=\"agent-details\" role=\"region\"><div class=\"d-flex align-items-center gap-3\"><div class=\"agent-image\" role=\"img\"><img loading=\"lazy\" decoding=\"async\" class=\"rounded\" src=\"https:\/\/www.mallorcaguru.es\/wp-content\/smush-avif\/2022\/03\/Mallorca-Property-Guru-Logo-2025-150x150.png.avif\" alt=\"Mallorca Property Guru Saionara Jackson\" width=\"70\" height=\"70\" data-smush-avif-fallback=\"{&quot;src&quot;:&quot;https:\\\/\\\/www.mallorcaguru.es\\\/wp-content\\\/uploads\\\/2022\\\/03\\\/Mallorca-Property-Guru-Logo-2025-150x150.png&quot;}\"><span class=\"badge btn-secondary agent-verified-icon\"><i class=\"houzez-icon icon-check-circle-1\"><\/i><\/span><\/div><ul class=\"agent-information list-unstyled mb-0\" role=\"list\"><li class=\"agent-name\" role=\"listitem\"><i class=\"houzez-icon icon-single-neutral me-1\"><\/i> Mallorca Property Guru Saionara Jackson<\/li><\/ul><\/div><\/div>\n                                                        <div class=\"form-group mb-2 mt-3\">\n                                <input class=\"form-control\" name=\"name\" value=\"\" type=\"text\" placeholder=\"Nom\">\n                            <\/div><!-- form-group -->\n                            \n                                \n                            <div class=\"form-group mb-2\">\n                                <input class=\"form-control\" name=\"mobile\" value=\"\" type=\"text\" placeholder=\"Tel\u00e8fon\">\n                            <\/div><!-- form-group -->\n                            \n                            <div class=\"form-group mb-2\">\n                                <input class=\"form-control\" name=\"email\" value=\"\" type=\"email\" placeholder=\"Correu electr\u00f2nic\">\n                            <\/div><!-- form-group -->\n\n                              \n                            <div class=\"form-group form-group-textarea mb-2\">\n                                <textarea class=\"form-control hz-form-message\" name=\"message\" rows=\"4\" placeholder=\"Missatge\">Hola, m'interessa [Apartament en venda a Portocolom AA107]<\/textarea>\n                            <\/div><!-- form-group -->   \n                            \n                            \n                                                        <div class=\"form-group my-3\">\n                                <label class=\"control control--checkbox m-0 p-0 hz-no-gdpr-checkbox\">\n                                                                        <div class=\"gdpr-text-wrap\">\n                                        En enviar aquest formulari accepto <a target=\"_blank\" href=\"https:\/\/www.mallorcaguru.es\/ca\/termes-i-condicions\/\">Condicions d'\u00fas<\/a>\n                                    <\/div>\n                                <\/label>\n                            <\/div><!-- form-group -->   \n                                  \n                        \n                                                            <input type=\"hidden\" name=\"target_email\" value=\"&#115;&#97;&#105;onar&#97;&#64;&#109;a&#108;&#108;&#111;&#114;&#99;a&#103;ur&#117;&#46;&#101;s\">\n                                                        <input type=\"hidden\" name=\"property_agent_contact_security\" value=\"a50bbda332\"\/>\n                            <input type=\"hidden\" name=\"property_permalink\" value=\"https:\/\/www.mallorcaguru.es\/ca\/propietat\/apartament-en-venda-a-portocolom-aa107\/\"\/>\n                            <input type=\"hidden\" name=\"property_title\" value=\"Apartament en venda a Portocolom AA107\"\/>\n                            <input type=\"hidden\" name=\"property_id\" value=\"AA107\"\/>\n                            <input type=\"hidden\" name=\"action\" value=\"houzez_property_agent_contact\">\n                            <input type=\"hidden\" name=\"listing_id\" value=\"297584\">\n                            <input type=\"hidden\" name=\"is_listing_form\" value=\"yes\">\n                            <input type=\"hidden\" name=\"agent_id\" value=\"4996\">\n                            <input type=\"hidden\" name=\"agent_type\" value=\"agent_info\">\n\n                                                        <div class=\"form_messages\"><\/div>\n                            <button type=\"button\" class=\"houzez_agent_property_form btn btn-secondary w-100\">\n                                <span class=\"houzez-loader-js houzez-hidden spinner-border spinner-border-sm\" aria-hidden=\"true\"><\/span>                                Envia un correu                                \n                            <\/button>\n                            \n                        <\/form>\n                    <\/div><!-- property-form -->\n                    \n                            <\/div><!-- property-form-wrap -->\n\n    \n            <\/div>\n        <\/div>\n    <\/div>\n<\/div>\n<\/div>\n<div class=\"item-listing-wrap item-wrap-v9 hz-item-gallery-js hz-map-trigger\" data-hz-id=\"297293\" data-images=\"[{&quot;image&quot;:&quot;https:\\\/\\\/www.mallorcaguru.es\\\/wp-content\\\/smush-avif\\\/2025\\\/09\\\/T1-3-web-584x438.png.avif&quot;,&quot;alt&quot;:&quot;&quot;,&quot;width&quot;:584,&quot;height&quot;:438,&quot;srcset&quot;:false,&quot;sizes&quot;:&quot;(max-width: 584px) 100vw, 584px&quot;},{&quot;image&quot;:&quot;https:\\\/\\\/www.mallorcaguru.es\\\/wp-content\\\/smush-avif\\\/2025\\\/09\\\/T1-1-web-584x438.png.avif&quot;,&quot;alt&quot;:&quot;&quot;,&quot;width&quot;:584,&quot;height&quot;:438,&quot;srcset&quot;:false,&quot;sizes&quot;:&quot;(max-width: 584px) 100vw, 584px&quot;},{&quot;image&quot;:&quot;https:\\\/\\\/www.mallorcaguru.es\\\/wp-content\\\/smush-avif\\\/2025\\\/09\\\/T1-2-web-584x438.png.avif&quot;,&quot;alt&quot;:&quot;&quot;,&quot;width&quot;:584,&quot;height&quot;:438,&quot;srcset&quot;:false,&quot;sizes&quot;:&quot;(max-width: 584px) 100vw, 584px&quot;}]\">\n\t<div class=\"item-wrap item-wrap-no-frame h-100\">\n\t\t<div class=\"d-flex flex-column align-items-center h-100\">\n\t\t\t<div class=\"item-header\">\n\t\t\t\t\t\t\t\t<div class=\"labels-wrap d-flex align-items-center gap-1\" role=\"group\"> \n\n\t<a href=\"https:\/\/www.mallorcaguru.es\/ca\/estat\/a-la-venda-mallorca-espanya\/\" class=\"label-status label status-color-3530\">\n\t\t\t\t\tA la Venda\n\t\t\t\t<\/a><a href=\"https:\/\/www.mallorcaguru.es\/ca\/estat\/vendes-de-complexos-turistics\/\" class=\"label-status label status-color-3960\">\n\t\t\t\t\tVendes de complexos tur\u00edstics\n\t\t\t\t<\/a><a href=\"https:\/\/www.mallorcaguru.es\/ca\/etiqueta\/propietats-amb-llicencia-etv-en-venda-a-mallorca\/\" class=\"hz-label label label-color-3836\">\n\t\t\t\t\tPropietats amb llic\u00e8ncia ETV en venda a Mallorca\n\t\t\t\t<\/a><a href=\"https:\/\/www.mallorcaguru.es\/ca\/etiqueta\/propietats-amb-vistes-al-mar-en-venda\/\" class=\"hz-label label label-color-3928\">\n\t\t\t\t\tPropietats amb vistes al mar en venda a Mallorca | Cases a la costa\n\t\t\t\t<\/a>       \n\n<\/div>\n\t\t\t\t<ul class=\"item-tools d-flex align-items-center justify-content-center gap-1\">\n        <li class=\"item-tool item-preview\">\n        <span class=\"hz-show-lightbox-js item-tool-preview text-center\" data-listid=\"297293\">\n            <span data-bs-toggle=\"tooltip\" data-bs-placement=\"top\" title=\"Previsualitza\">\n                <i class=\"houzez-icon icon-expand-3\"><\/i>   \n            <\/span>\n        <\/span><!-- item-tool-favorite -->\n    <\/li><!-- item-tool -->\n        \n        <li class=\"item-tool item-favorite\">\n        <span class=\"add-favorite-js item-tool-favorite text-center\" data-bs-toggle=\"tooltip\" data-bs-placement=\"top\" title=\"Preferit\" data-listid=\"297293\">\n            <i class=\"houzez-icon icon-love-it \"><\/i>\n        <\/span><!-- item-tool-favorite -->\n    <\/li><!-- item-tool -->\n    \n        <li class=\"item-tool item-compare\">\n        <span class=\"houzez_compare compare-297293 item-tool-compare text-center\" data-bs-toggle=\"tooltip\" data-bs-placement=\"top\" title=\"Afegeix per comparar\" data-listing_id=\"297293\" data-listing_image=\"https:\/\/www.mallorcaguru.es\/wp-content\/uploads\/2025\/09\/T1-3-web-584x438.png\">\n            <i class=\"houzez-icon icon-add-circle\"><\/i>\n            <!-- <i class=\"houzez-icon icon-subtract-circle\"><\/i> -->\n        <\/span><!-- item-tool-compare -->\n    <\/li><!-- item-tool -->\n    <\/ul><!-- item-tools -->\n\t\t\t\t<div class=\"listing-image-wrap\">\n\t<div class=\"listing-thumb\">\n\t\t<a target=\"_self\" href=\"https:\/\/www.mallorcaguru.es\/ca\/propietat\/apartament-en-venda-a-portocolom101\/\" class=\"listing-featured-thumb hover-effect image-wrap\" role=\"link\">\n\t\t\t<img loading=\"lazy\" decoding=\"async\" width=\"584\" height=\"438\" src=\"https:\/\/www.mallorcaguru.es\/wp-content\/smush-avif\/2025\/09\/T1-3-web-584x438.png.avif\" class=\"img-fluid wp-post-image\" alt=\"\" data-smush-avif-fallback=\"{&quot;src&quot;:&quot;https:\\\/\\\/www.mallorcaguru.es\\\/wp-content\\\/uploads\\\/2025\\\/09\\\/T1-3-web-584x438.png&quot;}\" \/>\t\t<\/a><!-- hover-effect -->\n\t<\/div>\n<\/div>\t\t\t\t<div class=\"preview_loader\"><\/div>\n\t\t\t<\/div>\n\t\t\t<div class=\"item-body w-100 flex-fill\">\n\t\t\t\t<ul class=\"item-amenities item-amenities-with-icons mb-2\">\n\t\t\t\t\t<li class=\"h-type d-flex w-100\" role=\"listitem\"><span>Apartament, Apartaments del complex tur\u00edstic<\/span><\/li>\t\t\t\t<\/ul>\n\t\t\t\t<ul class=\"item-price-wrap d-flex align-items-end gap-3\" role=\"list\">\n\t\t\t\t\t<li class=\"item-price\"><span class=\"price\">311,850\u20ac<\/span><span class=\"price-postfix\"><\/span><\/li>\t\t\t\t<\/ul>\n\t\t\t\t<h2 class=\"item-title mb-2 \">\n\t<a target=\"_self\" href=\"https:\/\/www.mallorcaguru.es\/ca\/propietat\/apartament-en-venda-a-portocolom101\/\" role=\"link\">Apartament en venda a Portocolom AA101<\/a>\n<\/h2><!-- item-title -->\t\t\t\t<address class=\"item-address mb-2\"><i class=\"houzez-icon icon-pin me-1\" aria-hidden=\"true\"><\/i><span>Carrer de la Gavina, 07670 Felanitx, Illes Balears, Spain<\/span><\/address>\t\t\t\t<ul class=\"item-amenities item-amenities-with-icons d-flex flex-wrap align-items-center gap-2\" role=\"list\">\n\t<li class=\"h-property-id me-1\"><i class=\"houzez-icon icon-tags me-2\"><\/i><span class=\"item-amenities-text\">ID:<\/span> <span class=\"hz-figure\">AA101<\/span><\/li><li class=\"h-beds d-flex align-items-center me-1\"><i class=\"houzez-icon icon-hotel-double-bed-1 me-2\"><\/i><span class=\"item-amenities-text\">Bed:<\/span> <span class=\"hz-figure\">1<\/span><\/li><li class=\"h-baths d-flex align-items-center me-1\"><i class=\"houzez-icon icon-bathroom-shower-1 me-2\"><\/i><span class=\"item-amenities-text\">Bath:<\/span> <span class=\"hz-figure\">1<\/span><\/li><li class=\"h-area d-flex align-items-center me-1\"><i class=\"houzez-icon icon-ruler-triangle me-2\"><\/i><span class=\"hz-figure me-1\">50<\/span> <span class=\"hz-figure area_postfix\">m\u00b2<\/span><\/li><\/ul>\t\t\t<\/div>\n\t\t\t<div class=\"item-footer items-btns-count-3\">\n\t\t\t\t<div class=\"item-buttons-wrap d-flex justify-content-between gap-2\">\n\t\t\t\t\t\t\t\t<button type=\"button\" class=\"hz-call-popup-js btn btn-primary-outlined btn-item px-2 d-flex align-items-center justify-content-center flex-fill gap-1\" data-bs-toggle=\"modal\" data-model-id=\"call-action-297293-Bf3Xa\">\n\t\t\t\t<i class=\"houzez-icon icon-phone-actions-ring\"><\/i> Trucada\t\t\t<\/button>\n\t\t \t\t\t\t<button type=\"button\" class=\"hz-email-popup-js btn btn-primary-outlined btn-item px-2 d-flex align-items-center justify-content-center flex-fill gap-1\" data-bs-toggle=\"modal\" data-model-id=\"email-popup-297293-Bf3Xa\">\n\t\t\t\t<i class=\"houzez-icon icon-envelope\"><\/i> Email\t\t\t<\/button>\n\t\t\t\t\t\t<a class=\"btn btn-primary-outlined btn-item px-2 d-flex align-items-center justify-content-center flex-fill gap-1\" target=\"_blank\" href=\"https:\/\/api.whatsapp.com\/send?phone=+34671798832&text=Hola, m'interessa [Apartament en venda a Portocolom AA101] https:\/\/www.mallorcaguru.es\/ca\/propietat\/apartament-en-venda-a-portocolom101\/\">\n\t\t\t\t<i class=\"houzez-icon icon-messaging-whatsapp\"><\/i> <span class=\"d-none d-md-block\">WhatsApp <\/span>\n\t\t\t<\/a>\n\t\t\t\t\t\t\t<\/div>\n\t\t\t<\/div>\n\t\t<\/div>\n\t<\/div>\n\t<div class=\"modal fade modal-phone-number\" id=\"call-action-297293-Bf3Xa\" tabindex=\"-1\" aria-labelledby=\"phoneNumberModalLabel\" aria-hidden=\"true\">\n    <div class=\"modal-dialog\" role=\"document\">\n        <div class=\"modal-content\">\n            <div class=\"modal-header\">\n                <h5 class=\"modal-title\" id=\"phoneNumberModalLabel\">Contacta&#039;ns<\/h5>\n                <button type=\"button\" class=\"btn-close\" data-bs-dismiss=\"modal\" aria-label=\"Tancar\"><\/button>\n            <\/div><!-- modal-header -->\n            <div class=\"modal-body\">\n                <p class=\"modal-body-phone-number-text\">\n                    Please quote property reference<br>\n\n                    <strong>Mallorca Property Guru - AA101<\/strong>\n                <\/p>\n                <p class=\"modal-body-phone-number-number\">\n                     <a class=\"btn btn-primary-outlined\" href=\"tel:+34671798832\"><i class=\"houzez-icon icon-phone-actions-ring\"><\/i> +34 671 798 832<\/a>\n                <\/p>\n            <\/div><!-- modal-body -->\n        <\/div><!-- modal-content -->\n    <\/div><!-- modal-dialog -->\n<\/div><!-- login-register-form -->\n\t<div class=\"modal fade mobile-property-form\" id=\"email-popup-297293-Bf3Xa\">\n    <div class=\"modal-dialog\" role=\"document\">\n        <div class=\"modal-content\">\n            <div class=\"modal-header\">\n                <h5 class=\"modal-title\" id=\"phoneNumberModalLabel\">Contact me<\/h5>\n                <button type=\"button\" class=\"btn-close\" data-bs-dismiss=\"modal\" aria-label=\"Close\"><\/button>\n            <\/div><!-- modal-header -->\n            <div class=\"modal-body\">\n                <div class=\"property-form-wrap border-none\">\n                                    <div class=\"property-form\">\n                        <form method=\"post\" action=\"#\">\n                            \n                            <div class=\"agent-details\" role=\"region\"><div class=\"d-flex align-items-center gap-3\"><div class=\"agent-image\" role=\"img\"><img loading=\"lazy\" decoding=\"async\" class=\"rounded\" src=\"https:\/\/www.mallorcaguru.es\/wp-content\/smush-avif\/2022\/03\/Mallorca-Property-Guru-Logo-2025-150x150.png.avif\" alt=\"Mallorca Property Guru Saionara Jackson\" width=\"70\" height=\"70\" data-smush-avif-fallback=\"{&quot;src&quot;:&quot;https:\\\/\\\/www.mallorcaguru.es\\\/wp-content\\\/uploads\\\/2022\\\/03\\\/Mallorca-Property-Guru-Logo-2025-150x150.png&quot;}\"><span class=\"badge btn-secondary agent-verified-icon\"><i class=\"houzez-icon icon-check-circle-1\"><\/i><\/span><\/div><ul class=\"agent-information list-unstyled mb-0\" role=\"list\"><li class=\"agent-name\" role=\"listitem\"><i class=\"houzez-icon icon-single-neutral me-1\"><\/i> Mallorca Property Guru Saionara Jackson<\/li><\/ul><\/div><\/div>\n                                                        <div class=\"form-group mb-2 mt-3\">\n                                <input class=\"form-control\" name=\"name\" value=\"\" type=\"text\" placeholder=\"Nom\">\n                            <\/div><!-- form-group -->\n                            \n                                \n                            <div class=\"form-group mb-2\">\n                                <input class=\"form-control\" name=\"mobile\" value=\"\" type=\"text\" placeholder=\"Tel\u00e8fon\">\n                            <\/div><!-- form-group -->\n                            \n                            <div class=\"form-group mb-2\">\n                                <input class=\"form-control\" name=\"email\" value=\"\" type=\"email\" placeholder=\"Correu electr\u00f2nic\">\n                            <\/div><!-- form-group -->\n\n                              \n                            <div class=\"form-group form-group-textarea mb-2\">\n                                <textarea class=\"form-control hz-form-message\" name=\"message\" rows=\"4\" placeholder=\"Missatge\">Hola, m'interessa [Apartament en venda a Portocolom AA101]<\/textarea>\n                            <\/div><!-- form-group -->   \n                            \n                            \n                                                        <div class=\"form-group my-3\">\n                                <label class=\"control control--checkbox m-0 p-0 hz-no-gdpr-checkbox\">\n                                                                        <div class=\"gdpr-text-wrap\">\n                                        En enviar aquest formulari accepto <a target=\"_blank\" href=\"https:\/\/www.mallorcaguru.es\/ca\/termes-i-condicions\/\">Condicions d'\u00fas<\/a>\n                                    <\/div>\n                                <\/label>\n                            <\/div><!-- form-group -->   \n                                  \n                        \n                                                            <input type=\"hidden\" name=\"target_email\" value=\"sa&#105;&#111;na&#114;&#97;&#64;&#109;&#97;&#108;&#108;&#111;&#114;&#99;ag&#117;ru.es\">\n                                                        <input type=\"hidden\" name=\"property_agent_contact_security\" value=\"a50bbda332\"\/>\n                            <input type=\"hidden\" name=\"property_permalink\" value=\"https:\/\/www.mallorcaguru.es\/ca\/propietat\/apartament-en-venda-a-portocolom101\/\"\/>\n                            <input type=\"hidden\" name=\"property_title\" value=\"Apartament en venda a Portocolom AA101\"\/>\n                            <input type=\"hidden\" name=\"property_id\" value=\"AA101\"\/>\n                            <input type=\"hidden\" name=\"action\" value=\"houzez_property_agent_contact\">\n                            <input type=\"hidden\" name=\"listing_id\" value=\"297293\">\n                            <input type=\"hidden\" name=\"is_listing_form\" value=\"yes\">\n                            <input type=\"hidden\" name=\"agent_id\" value=\"4996\">\n                            <input type=\"hidden\" name=\"agent_type\" value=\"agent_info\">\n\n                                                        <div class=\"form_messages\"><\/div>\n                            <button type=\"button\" class=\"houzez_agent_property_form btn btn-secondary w-100\">\n                                <span class=\"houzez-loader-js houzez-hidden spinner-border spinner-border-sm\" aria-hidden=\"true\"><\/span>                                Envia un correu                                \n                            <\/button>\n                            \n                        <\/form>\n                    <\/div><!-- property-form -->\n                    \n                            <\/div><!-- property-form-wrap -->\n\n    \n            <\/div>\n        <\/div>\n    <\/div>\n<\/div>\n<\/div>\n<div class=\"item-listing-wrap item-wrap-v9 hz-item-gallery-js hz-map-trigger\" data-hz-id=\"280613\" data-images=\"[{&quot;image&quot;:&quot;https:\\\/\\\/www.mallorcaguru.es\\\/wp-content\\\/smush-avif\\\/2025\\\/08\\\/Genova-25-584x438.jpg.avif&quot;,&quot;alt&quot;:&quot;Xalet en venda a G\\u00e8nova Mallorca&quot;,&quot;width&quot;:584,&quot;height&quot;:438,&quot;srcset&quot;:false,&quot;sizes&quot;:&quot;(max-width: 584px) 100vw, 584px&quot;},{&quot;image&quot;:&quot;https:\\\/\\\/www.mallorcaguru.es\\\/wp-content\\\/smush-avif\\\/2025\\\/08\\\/Genova-25-584x438.jpg.avif&quot;,&quot;alt&quot;:&quot;Xalet en venda a G\\u00e8nova Mallorca&quot;,&quot;width&quot;:584,&quot;height&quot;:438,&quot;srcset&quot;:false,&quot;sizes&quot;:&quot;(max-width: 584px) 100vw, 584px&quot;},{&quot;image&quot;:&quot;https:\\\/\\\/www.mallorcaguru.es\\\/wp-content\\\/smush-avif\\\/2025\\\/08\\\/Genova-27-584x438.jpg.avif&quot;,&quot;alt&quot;:&quot;&quot;,&quot;width&quot;:584,&quot;height&quot;:438,&quot;srcset&quot;:false,&quot;sizes&quot;:&quot;(max-width: 584px) 100vw, 584px&quot;}]\">\n\t<div class=\"item-wrap item-wrap-no-frame h-100\">\n\t\t<div class=\"d-flex flex-column align-items-center h-100\">\n\t\t\t<div class=\"item-header\">\n\t\t\t\t<span class=\"label-featured label me-1\" role=\"status\">Destacats<\/span>\t\t\t\t<div class=\"labels-wrap d-flex align-items-center gap-1\" role=\"group\"> \n\n\t<a href=\"https:\/\/www.mallorcaguru.es\/ca\/estat\/a-la-venda-mallorca-espanya\/\" class=\"label-status label status-color-3530\">\n\t\t\t\t\tA la Venda\n\t\t\t\t<\/a><a href=\"https:\/\/www.mallorcaguru.es\/ca\/etiqueta\/propietats-amb-vistes-al-mar-en-venda\/\" class=\"hz-label label label-color-3928\">\n\t\t\t\t\tPropietats amb vistes al mar en venda a Mallorca | Cases a la costa\n\t\t\t\t<\/a>       \n\n<\/div>\n\t\t\t\t<ul class=\"item-tools d-flex align-items-center justify-content-center gap-1\">\n        <li class=\"item-tool item-preview\">\n        <span class=\"hz-show-lightbox-js item-tool-preview text-center\" data-listid=\"280613\">\n            <span data-bs-toggle=\"tooltip\" data-bs-placement=\"top\" title=\"Previsualitza\">\n                <i class=\"houzez-icon icon-expand-3\"><\/i>   \n            <\/span>\n        <\/span><!-- item-tool-favorite -->\n    <\/li><!-- item-tool -->\n        \n        <li class=\"item-tool item-favorite\">\n        <span class=\"add-favorite-js item-tool-favorite text-center\" data-bs-toggle=\"tooltip\" data-bs-placement=\"top\" title=\"Preferit\" data-listid=\"280613\">\n            <i class=\"houzez-icon icon-love-it \"><\/i>\n        <\/span><!-- item-tool-favorite -->\n    <\/li><!-- item-tool -->\n    \n        <li class=\"item-tool item-compare\">\n        <span class=\"houzez_compare compare-280613 item-tool-compare text-center\" data-bs-toggle=\"tooltip\" data-bs-placement=\"top\" title=\"Afegeix per comparar\" data-listing_id=\"280613\" data-listing_image=\"https:\/\/www.mallorcaguru.es\/wp-content\/uploads\/2025\/08\/Genova-25-584x438.jpg\">\n            <i class=\"houzez-icon icon-add-circle\"><\/i>\n            <!-- <i class=\"houzez-icon icon-subtract-circle\"><\/i> -->\n        <\/span><!-- item-tool-compare -->\n    <\/li><!-- item-tool -->\n    <\/ul><!-- item-tools -->\n\t\t\t\t<div class=\"listing-image-wrap\">\n\t<div class=\"listing-thumb\">\n\t\t<a target=\"_self\" href=\"https:\/\/www.mallorcaguru.es\/ca\/propietat\/xalet-en-venda-a-genova-mallorca\/\" class=\"listing-featured-thumb hover-effect image-wrap\" role=\"link\">\n\t\t\t<img loading=\"lazy\" decoding=\"async\" width=\"584\" height=\"438\" src=\"https:\/\/www.mallorcaguru.es\/wp-content\/smush-avif\/2025\/08\/Genova-25-584x438.jpg.avif\" class=\"img-fluid wp-post-image\" alt=\"Xalet en venda a G\u00e8nova Mallorca\" data-smush-avif-fallback=\"{&quot;src&quot;:&quot;https:\\\/\\\/www.mallorcaguru.es\\\/wp-content\\\/uploads\\\/2025\\\/08\\\/Genova-25-584x438.jpg&quot;}\" \/>\t\t<\/a><!-- hover-effect -->\n\t<\/div>\n<\/div>\t\t\t\t<div class=\"preview_loader\"><\/div>\n\t\t\t<\/div>\n\t\t\t<div class=\"item-body w-100 flex-fill\">\n\t\t\t\t<ul class=\"item-amenities item-amenities-with-icons mb-2\">\n\t\t\t\t\t<li class=\"h-type d-flex w-100\" role=\"listitem\"><span>Xalet<\/span><\/li>\t\t\t\t<\/ul>\n\t\t\t\t<ul class=\"item-price-wrap d-flex align-items-end gap-3\" role=\"list\">\n\t\t\t\t\t<li class=\"item-price\"><span class=\"price\">3,200,000\u20ac<\/span><span class=\"price-postfix\"><\/span><\/li>\t\t\t\t<\/ul>\n\t\t\t\t<h2 class=\"item-title mb-2 \">\n\t<a target=\"_self\" href=\"https:\/\/www.mallorcaguru.es\/ca\/propietat\/xalet-en-venda-a-genova-mallorca\/\" role=\"link\">Xalet en venda a G\u00e8nova Mallorca<\/a>\n<\/h2><!-- item-title -->\t\t\t\t<address class=\"item-address mb-2\"><i class=\"houzez-icon icon-pin me-1\" aria-hidden=\"true\"><\/i><span>Carrer del Rector Vives, Palma, Spain<\/span><\/address>\t\t\t\t<ul class=\"item-amenities item-amenities-with-icons d-flex flex-wrap align-items-center gap-2\" role=\"list\">\n\t<li class=\"h-property-id me-1\"><i class=\"houzez-icon icon-tags me-2\"><\/i><span class=\"item-amenities-text\">ID:<\/span> <span class=\"hz-figure\">925<\/span><\/li><li class=\"h-beds d-flex align-items-center me-1\"><i class=\"houzez-icon icon-hotel-double-bed-1 me-2\"><\/i><span class=\"item-amenities-text\">Dorm:<\/span> <span class=\"hz-figure\">6<\/span><\/li><li class=\"h-baths d-flex align-items-center me-1\"><i class=\"houzez-icon icon-bathroom-shower-1 me-2\"><\/i><span class=\"item-amenities-text\">Banys:<\/span> <span class=\"hz-figure\">5<\/span><\/li><li class=\"h-area d-flex align-items-center me-1\"><i class=\"houzez-icon icon-ruler-triangle me-2\"><\/i><span class=\"hz-figure me-1\">526<\/span> <span class=\"hz-figure area_postfix\">m\u00b2<\/span><\/li><\/ul>\t\t\t<\/div>\n\t\t\t<div class=\"item-footer items-btns-count-3\">\n\t\t\t\t<div class=\"item-buttons-wrap d-flex justify-content-between gap-2\">\n\t\t\t\t\t\t\t\t<button type=\"button\" class=\"hz-call-popup-js btn btn-primary-outlined btn-item px-2 d-flex align-items-center justify-content-center flex-fill gap-1\" data-bs-toggle=\"modal\" data-model-id=\"call-action-280613-G7hT2\">\n\t\t\t\t<i class=\"houzez-icon icon-phone-actions-ring\"><\/i> Trucada\t\t\t<\/button>\n\t\t \t\t\t\t<button type=\"button\" class=\"hz-email-popup-js btn btn-primary-outlined btn-item px-2 d-flex align-items-center justify-content-center flex-fill gap-1\" data-bs-toggle=\"modal\" data-model-id=\"email-popup-280613-G7hT2\">\n\t\t\t\t<i class=\"houzez-icon icon-envelope\"><\/i> Email\t\t\t<\/button>\n\t\t\t\t\t\t<a class=\"btn btn-primary-outlined btn-item px-2 d-flex align-items-center justify-content-center flex-fill gap-1\" target=\"_blank\" href=\"https:\/\/api.whatsapp.com\/send?phone=+34667515185&text=Hola, m'interessa [Xalet en venda a G\u00e8nova Mallorca] https:\/\/www.mallorcaguru.es\/ca\/propietat\/xalet-en-venda-a-genova-mallorca\/\">\n\t\t\t\t<i class=\"houzez-icon icon-messaging-whatsapp\"><\/i> <span class=\"d-none d-md-block\">WhatsApp <\/span>\n\t\t\t<\/a>\n\t\t\t\t\t\t\t<\/div>\n\t\t\t<\/div>\n\t\t<\/div>\n\t<\/div>\n\t<div class=\"modal fade modal-phone-number\" id=\"call-action-280613-G7hT2\" tabindex=\"-1\" aria-labelledby=\"phoneNumberModalLabel\" aria-hidden=\"true\">\n    <div class=\"modal-dialog\" role=\"document\">\n        <div class=\"modal-content\">\n            <div class=\"modal-header\">\n                <h5 class=\"modal-title\" id=\"phoneNumberModalLabel\">Contacta&#039;ns<\/h5>\n                <button type=\"button\" class=\"btn-close\" data-bs-dismiss=\"modal\" aria-label=\"Tancar\"><\/button>\n            <\/div><!-- modal-header -->\n            <div class=\"modal-body\">\n                <p class=\"modal-body-phone-number-text\">\n                    Please quote property reference<br>\n\n                    <strong>Mallorca Property Guru - 925<\/strong>\n                <\/p>\n                <p class=\"modal-body-phone-number-number\">\n                     <a class=\"btn btn-primary-outlined\" href=\"tel:+34667515185\"><i class=\"houzez-icon icon-phone-actions-ring\"><\/i> +34 667 515 185<\/a>\n                <\/p>\n            <\/div><!-- modal-body -->\n        <\/div><!-- modal-content -->\n    <\/div><!-- modal-dialog -->\n<\/div><!-- login-register-form -->\n\t<div class=\"modal fade mobile-property-form\" id=\"email-popup-280613-G7hT2\">\n    <div class=\"modal-dialog\" role=\"document\">\n        <div class=\"modal-content\">\n            <div class=\"modal-header\">\n                <h5 class=\"modal-title\" id=\"phoneNumberModalLabel\">Contact me<\/h5>\n                <button type=\"button\" class=\"btn-close\" data-bs-dismiss=\"modal\" aria-label=\"Close\"><\/button>\n            <\/div><!-- modal-header -->\n            <div class=\"modal-body\">\n                <div class=\"property-form-wrap border-none\">\n                                    <div class=\"property-form\">\n                        <form method=\"post\" action=\"#\">\n                            \n                            <div class=\"agent-details\" role=\"region\"><div class=\"d-flex align-items-center gap-3\"><div class=\"agent-image\" role=\"img\"><img decoding=\"async\" class=\"rounded\" src=\"https:\/\/www.mallorcaguru.es\/wp-content\/smush-avif\/2022\/03\/Mallorca-Property-Guru-Logo-2025-150x150.png.avif\" alt=\"Mallorca Property Guru Carmen Dols Bastard\" width=\"70\" height=\"70\" loading=\"lazy\" data-smush-avif-fallback=\"{&quot;src&quot;:&quot;https:\\\/\\\/www.mallorcaguru.es\\\/wp-content\\\/uploads\\\/2022\\\/03\\\/Mallorca-Property-Guru-Logo-2025-150x150.png&quot;}\"><span class=\"badge btn-secondary agent-verified-icon\"><i class=\"houzez-icon icon-check-circle-1\"><\/i><\/span><\/div><ul class=\"agent-information list-unstyled mb-0\" role=\"list\"><li class=\"agent-name\" role=\"listitem\"><i class=\"houzez-icon icon-single-neutral me-1\"><\/i> Mallorca Property Guru Carmen Dols Bastard<\/li><\/ul><\/div><\/div>\n                                                        <div class=\"form-group mb-2 mt-3\">\n                                <input class=\"form-control\" name=\"name\" value=\"\" type=\"text\" placeholder=\"Nom\">\n                            <\/div><!-- form-group -->\n                            \n                                \n                            <div class=\"form-group mb-2\">\n                                <input class=\"form-control\" name=\"mobile\" value=\"\" type=\"text\" placeholder=\"Tel\u00e8fon\">\n                            <\/div><!-- form-group -->\n                            \n                            <div class=\"form-group mb-2\">\n                                <input class=\"form-control\" name=\"email\" value=\"\" type=\"email\" placeholder=\"Correu electr\u00f2nic\">\n                            <\/div><!-- form-group -->\n\n                              \n                            <div class=\"form-group form-group-textarea mb-2\">\n                                <textarea class=\"form-control hz-form-message\" name=\"message\" rows=\"4\" placeholder=\"Missatge\">Hola, m'interessa [Xalet en venda a G\u00e8nova Mallorca]<\/textarea>\n                            <\/div><!-- form-group -->   \n                            \n                            \n                                                        <div class=\"form-group my-3\">\n                                <label class=\"control control--checkbox m-0 p-0 hz-no-gdpr-checkbox\">\n                                                                        <div class=\"gdpr-text-wrap\">\n                                        En enviar aquest formulari accepto <a target=\"_blank\" href=\"https:\/\/www.mallorcaguru.es\/ca\/termes-i-condicions\/\">Condicions d'\u00fas<\/a>\n                                    <\/div>\n                                <\/label>\n                            <\/div><!-- form-group -->   \n                                  \n                        \n                                                            <input type=\"hidden\" name=\"target_email\" value=\"c&#97;r&#109;en&#64;ma&#108;l&#111;rca&#103;&#117;ru.&#101;s\">\n                                                        <input type=\"hidden\" name=\"property_agent_contact_security\" value=\"a50bbda332\"\/>\n                            <input type=\"hidden\" name=\"property_permalink\" value=\"https:\/\/www.mallorcaguru.es\/ca\/propietat\/xalet-en-venda-a-genova-mallorca\/\"\/>\n                            <input type=\"hidden\" name=\"property_title\" value=\"Xalet en venda a G\u00e8nova Mallorca\"\/>\n                            <input type=\"hidden\" name=\"property_id\" value=\"925\"\/>\n                            <input type=\"hidden\" name=\"action\" value=\"houzez_property_agent_contact\">\n                            <input type=\"hidden\" name=\"listing_id\" value=\"280613\">\n                            <input type=\"hidden\" name=\"is_listing_form\" value=\"yes\">\n                            <input type=\"hidden\" name=\"agent_id\" value=\"6097\">\n                            <input type=\"hidden\" name=\"agent_type\" value=\"agent_info\">\n\n                                                        <div class=\"form_messages\"><\/div>\n                            <button type=\"button\" class=\"houzez_agent_property_form btn btn-secondary w-100\">\n                                <span class=\"houzez-loader-js houzez-hidden spinner-border spinner-border-sm\" aria-hidden=\"true\"><\/span>                                Envia un correu                                \n                            <\/button>\n                            \n                        <\/form>\n                    <\/div><!-- property-form -->\n                    \n                            <\/div><!-- property-form-wrap -->\n\n    \n            <\/div>\n        <\/div>\n    <\/div>\n<\/div>\n<\/div>\n<div class=\"item-listing-wrap item-wrap-v9 hz-item-gallery-js hz-map-trigger\" data-hz-id=\"263252\" data-images=\"[{&quot;image&quot;:&quot;https:\\\/\\\/www.mallorcaguru.es\\\/wp-content\\\/smush-avif\\\/2025\\\/08\\\/Villa-Son-Serra-de-Mallorca-1-584x438.jpeg.avif&quot;,&quot;alt&quot;:&quot;Xalet a primera l\\u00ednia de mar a Son Serra de Marina&quot;,&quot;width&quot;:584,&quot;height&quot;:438,&quot;srcset&quot;:false,&quot;sizes&quot;:&quot;(max-width: 584px) 100vw, 584px&quot;},{&quot;image&quot;:&quot;https:\\\/\\\/www.mallorcaguru.es\\\/wp-content\\\/smush-avif\\\/2025\\\/08\\\/Villa-Son-Serra-de-Mallorca-1-584x438.jpeg.avif&quot;,&quot;alt&quot;:&quot;Xalet a primera l\\u00ednia de mar a Son Serra de Marina&quot;,&quot;width&quot;:584,&quot;height&quot;:438,&quot;srcset&quot;:false,&quot;sizes&quot;:&quot;(max-width: 584px) 100vw, 584px&quot;},{&quot;image&quot;:&quot;https:\\\/\\\/www.mallorcaguru.es\\\/wp-content\\\/smush-avif\\\/2025\\\/08\\\/Villa-Son-Serra-de-Mallorca-3-584x438.jpeg.avif&quot;,&quot;alt&quot;:&quot;&quot;,&quot;width&quot;:584,&quot;height&quot;:438,&quot;srcset&quot;:false,&quot;sizes&quot;:&quot;(max-width: 584px) 100vw, 584px&quot;}]\">\n\t<div class=\"item-wrap item-wrap-no-frame h-100\">\n\t\t<div class=\"d-flex flex-column align-items-center h-100\">\n\t\t\t<div class=\"item-header\">\n\t\t\t\t<span class=\"label-featured label me-1\" role=\"status\">Destacats<\/span>\t\t\t\t<div class=\"labels-wrap d-flex align-items-center gap-1\" role=\"group\"> \n\n\t<a href=\"https:\/\/www.mallorcaguru.es\/ca\/estat\/a-la-venda-mallorca-espanya\/\" class=\"label-status label status-color-3530\">\n\t\t\t\t\tA la Venda\n\t\t\t\t<\/a><a href=\"https:\/\/www.mallorcaguru.es\/ca\/etiqueta\/projectes-de-reforma-amb-llicencia-en-venda-mallorca\/\" class=\"hz-label label label-color-3857\">\n\t\t\t\t\tProjectes de Reforma\n\t\t\t\t<\/a><a href=\"https:\/\/www.mallorcaguru.es\/ca\/etiqueta\/propietats-amb-vistes-al-mar-en-venda\/\" class=\"hz-label label label-color-3928\">\n\t\t\t\t\tPropietats amb vistes al mar en venda a Mallorca | Cases a la costa\n\t\t\t\t<\/a>       \n\n<\/div>\n\t\t\t\t<ul class=\"item-tools d-flex align-items-center justify-content-center gap-1\">\n        <li class=\"item-tool item-preview\">\n        <span class=\"hz-show-lightbox-js item-tool-preview text-center\" data-listid=\"263252\">\n            <span data-bs-toggle=\"tooltip\" data-bs-placement=\"top\" title=\"Previsualitza\">\n                <i class=\"houzez-icon icon-expand-3\"><\/i>   \n            <\/span>\n        <\/span><!-- item-tool-favorite -->\n    <\/li><!-- item-tool -->\n        \n        <li class=\"item-tool item-favorite\">\n        <span class=\"add-favorite-js item-tool-favorite text-center\" data-bs-toggle=\"tooltip\" data-bs-placement=\"top\" title=\"Preferit\" data-listid=\"263252\">\n            <i class=\"houzez-icon icon-love-it \"><\/i>\n        <\/span><!-- item-tool-favorite -->\n    <\/li><!-- item-tool -->\n    \n        <li class=\"item-tool item-compare\">\n        <span class=\"houzez_compare compare-263252 item-tool-compare text-center\" data-bs-toggle=\"tooltip\" data-bs-placement=\"top\" title=\"Afegeix per comparar\" data-listing_id=\"263252\" data-listing_image=\"https:\/\/www.mallorcaguru.es\/wp-content\/uploads\/2025\/08\/Villa-Son-Serra-de-Mallorca-1-584x438.jpeg\">\n            <i class=\"houzez-icon icon-add-circle\"><\/i>\n            <!-- <i class=\"houzez-icon icon-subtract-circle\"><\/i> -->\n        <\/span><!-- item-tool-compare -->\n    <\/li><!-- item-tool -->\n    <\/ul><!-- item-tools -->\n\t\t\t\t<div class=\"listing-image-wrap\">\n\t<div class=\"listing-thumb\">\n\t\t<a target=\"_self\" href=\"https:\/\/www.mallorcaguru.es\/ca\/propietat\/xalet-a-primera-linia-de-mar-a-son-serra-de-marina\/\" class=\"listing-featured-thumb hover-effect image-wrap\" role=\"link\">\n\t\t\t<img loading=\"lazy\" decoding=\"async\" width=\"584\" height=\"438\" src=\"https:\/\/www.mallorcaguru.es\/wp-content\/smush-avif\/2025\/08\/Villa-Son-Serra-de-Mallorca-1-584x438.jpeg.avif\" class=\"img-fluid wp-post-image\" alt=\"Xalet a primera l\u00ednia de mar a Son Serra de Marina\" data-smush-avif-fallback=\"{&quot;src&quot;:&quot;https:\\\/\\\/www.mallorcaguru.es\\\/wp-content\\\/uploads\\\/2025\\\/08\\\/Villa-Son-Serra-de-Mallorca-1-584x438.jpeg&quot;}\" \/>\t\t<\/a><!-- hover-effect -->\n\t<\/div>\n<\/div>\t\t\t\t<div class=\"preview_loader\"><\/div>\n\t\t\t<\/div>\n\t\t\t<div class=\"item-body w-100 flex-fill\">\n\t\t\t\t<ul class=\"item-amenities item-amenities-with-icons mb-2\">\n\t\t\t\t\t<li class=\"h-type d-flex w-100\" role=\"listitem\"><span>Xalet<\/span><\/li>\t\t\t\t<\/ul>\n\t\t\t\t<ul class=\"item-price-wrap d-flex align-items-end gap-3\" role=\"list\">\n\t\t\t\t\t<li class=\"item-price\"><span class=\"price\">1,400,000\u20ac<\/span><span class=\"price-postfix\"><\/span><\/li>\t\t\t\t<\/ul>\n\t\t\t\t<h2 class=\"item-title mb-2 \">\n\t<a target=\"_self\" href=\"https:\/\/www.mallorcaguru.es\/ca\/propietat\/xalet-a-primera-linia-de-mar-a-son-serra-de-marina\/\" role=\"link\">Xalet a primera l\u00ednia de mar a Son Serra de Marina<\/a>\n<\/h2><!-- item-title -->\t\t\t\t<address class=\"item-address mb-2\"><i class=\"houzez-icon icon-pin me-1\" aria-hidden=\"true\"><\/i><span>Son Serra de Marina, Passeig Mar\u00edtim, Son Serra de Marina, Spain<\/span><\/address>\t\t\t\t<ul class=\"item-amenities item-amenities-with-icons d-flex flex-wrap align-items-center gap-2\" role=\"list\">\n\t<li class=\"h-property-id me-1\"><i class=\"houzez-icon icon-tags me-2\"><\/i><span class=\"item-amenities-text\">ID:<\/span> <span class=\"hz-figure\">891<\/span><\/li><li class=\"h-beds d-flex align-items-center me-1\"><i class=\"houzez-icon icon-hotel-double-bed-1 me-2\"><\/i><span class=\"item-amenities-text\">Dorm:<\/span> <span class=\"hz-figure\">3<\/span><\/li><li class=\"h-baths d-flex align-items-center me-1\"><i class=\"houzez-icon icon-bathroom-shower-1 me-2\"><\/i><span class=\"item-amenities-text\">Bath:<\/span> <span class=\"hz-figure\">1<\/span><\/li><li class=\"h-area d-flex align-items-center me-1\"><i class=\"houzez-icon icon-ruler-triangle me-2\"><\/i><span class=\"hz-figure me-1\">161<\/span> <span class=\"hz-figure area_postfix\">m\u00b2<\/span><\/li><\/ul>\t\t\t<\/div>\n\t\t\t<div class=\"item-footer items-btns-count-3\">\n\t\t\t\t<div class=\"item-buttons-wrap d-flex justify-content-between gap-2\">\n\t\t\t\t\t\t\t\t<button type=\"button\" class=\"hz-call-popup-js btn btn-primary-outlined btn-item px-2 d-flex align-items-center justify-content-center flex-fill gap-1\" data-bs-toggle=\"modal\" data-model-id=\"call-action-263252-wlUvT\">\n\t\t\t\t<i class=\"houzez-icon icon-phone-actions-ring\"><\/i> Trucada\t\t\t<\/button>\n\t\t \t\t\t\t<button type=\"button\" class=\"hz-email-popup-js btn btn-primary-outlined btn-item px-2 d-flex align-items-center justify-content-center flex-fill gap-1\" data-bs-toggle=\"modal\" data-model-id=\"email-popup-263252-wlUvT\">\n\t\t\t\t<i class=\"houzez-icon icon-envelope\"><\/i> Email\t\t\t<\/button>\n\t\t\t\t\t\t<a class=\"btn btn-primary-outlined btn-item px-2 d-flex align-items-center justify-content-center flex-fill gap-1\" target=\"_blank\" href=\"https:\/\/api.whatsapp.com\/send?phone=+34671798832&text=Hola, m'interessa [Xalet a primera l\u00ednia de mar a Son Serra de Marina] https:\/\/www.mallorcaguru.es\/ca\/propietat\/xalet-a-primera-linia-de-mar-a-son-serra-de-marina\/\">\n\t\t\t\t<i class=\"houzez-icon icon-messaging-whatsapp\"><\/i> <span class=\"d-none d-md-block\">WhatsApp <\/span>\n\t\t\t<\/a>\n\t\t\t\t\t\t\t<\/div>\n\t\t\t<\/div>\n\t\t<\/div>\n\t<\/div>\n\t<div class=\"modal fade modal-phone-number\" id=\"call-action-263252-wlUvT\" tabindex=\"-1\" aria-labelledby=\"phoneNumberModalLabel\" aria-hidden=\"true\">\n    <div class=\"modal-dialog\" role=\"document\">\n        <div class=\"modal-content\">\n            <div class=\"modal-header\">\n                <h5 class=\"modal-title\" id=\"phoneNumberModalLabel\">Contacta&#039;ns<\/h5>\n                <button type=\"button\" class=\"btn-close\" data-bs-dismiss=\"modal\" aria-label=\"Tancar\"><\/button>\n            <\/div><!-- modal-header -->\n            <div class=\"modal-body\">\n                <p class=\"modal-body-phone-number-text\">\n                    Please quote property reference<br>\n\n                    <strong>Mallorca Property Guru - 891<\/strong>\n                <\/p>\n                <p class=\"modal-body-phone-number-number\">\n                     <a class=\"btn btn-primary-outlined\" href=\"tel:+34671798832\"><i class=\"houzez-icon icon-phone-actions-ring\"><\/i> +34 671 798 832<\/a>\n                <\/p>\n            <\/div><!-- modal-body -->\n        <\/div><!-- modal-content -->\n    <\/div><!-- modal-dialog -->\n<\/div><!-- login-register-form -->\n\t<div class=\"modal fade mobile-property-form\" id=\"email-popup-263252-wlUvT\">\n    <div class=\"modal-dialog\" role=\"document\">\n        <div class=\"modal-content\">\n            <div class=\"modal-header\">\n                <h5 class=\"modal-title\" id=\"phoneNumberModalLabel\">Contact me<\/h5>\n                <button type=\"button\" class=\"btn-close\" data-bs-dismiss=\"modal\" aria-label=\"Close\"><\/button>\n            <\/div><!-- modal-header -->\n            <div class=\"modal-body\">\n                <div class=\"property-form-wrap border-none\">\n                                    <div class=\"property-form\">\n                        <form method=\"post\" action=\"#\">\n                            \n                            <div class=\"agent-details\" role=\"region\"><div class=\"d-flex align-items-center gap-3\"><div class=\"agent-image\" role=\"img\"><img loading=\"lazy\" decoding=\"async\" class=\"rounded\" src=\"https:\/\/www.mallorcaguru.es\/wp-content\/smush-avif\/2022\/03\/Mallorca-Property-Guru-Logo-2025-150x150.png.avif\" alt=\"Mallorca Property Guru Saionara Jackson\" width=\"70\" height=\"70\" data-smush-avif-fallback=\"{&quot;src&quot;:&quot;https:\\\/\\\/www.mallorcaguru.es\\\/wp-content\\\/uploads\\\/2022\\\/03\\\/Mallorca-Property-Guru-Logo-2025-150x150.png&quot;}\"><span class=\"badge btn-secondary agent-verified-icon\"><i class=\"houzez-icon icon-check-circle-1\"><\/i><\/span><\/div><ul class=\"agent-information list-unstyled mb-0\" role=\"list\"><li class=\"agent-name\" role=\"listitem\"><i class=\"houzez-icon icon-single-neutral me-1\"><\/i> Mallorca Property Guru Saionara Jackson<\/li><\/ul><\/div><\/div>\n                                                        <div class=\"form-group mb-2 mt-3\">\n                                <input class=\"form-control\" name=\"name\" value=\"\" type=\"text\" placeholder=\"Nom\">\n                            <\/div><!-- form-group -->\n                            \n                                \n                            <div class=\"form-group mb-2\">\n                                <input class=\"form-control\" name=\"mobile\" value=\"\" type=\"text\" placeholder=\"Tel\u00e8fon\">\n                            <\/div><!-- form-group -->\n                            \n                            <div class=\"form-group mb-2\">\n                                <input class=\"form-control\" name=\"email\" value=\"\" type=\"email\" placeholder=\"Correu electr\u00f2nic\">\n                            <\/div><!-- form-group -->\n\n                              \n                            <div class=\"form-group form-group-textarea mb-2\">\n                                <textarea class=\"form-control hz-form-message\" name=\"message\" rows=\"4\" placeholder=\"Missatge\">Hola, m'interessa [Xalet a primera l\u00ednia de mar a Son Serra de Marina]<\/textarea>\n                            <\/div><!-- form-group -->   \n                            \n                            \n                                                        <div class=\"form-group my-3\">\n                                <label class=\"control control--checkbox m-0 p-0 hz-no-gdpr-checkbox\">\n                                                                        <div class=\"gdpr-text-wrap\">\n                                        En enviar aquest formulari accepto <a target=\"_blank\" href=\"https:\/\/www.mallorcaguru.es\/ca\/termes-i-condicions\/\">Condicions d'\u00fas<\/a>\n                                    <\/div>\n                                <\/label>\n                            <\/div><!-- form-group -->   \n                                  \n                        \n                                                            <input type=\"hidden\" name=\"target_email\" value=\"&#115;&#97;io&#110;ar&#97;&#64;mall&#111;&#114;c&#97;g&#117;r&#117;&#46;&#101;s\">\n                                                        <input type=\"hidden\" name=\"property_agent_contact_security\" value=\"a50bbda332\"\/>\n                            <input type=\"hidden\" name=\"property_permalink\" value=\"https:\/\/www.mallorcaguru.es\/ca\/propietat\/xalet-a-primera-linia-de-mar-a-son-serra-de-marina\/\"\/>\n                            <input type=\"hidden\" name=\"property_title\" value=\"Xalet a primera l\u00ednia de mar a Son Serra de Marina\"\/>\n                            <input type=\"hidden\" name=\"property_id\" value=\"891\"\/>\n                            <input type=\"hidden\" name=\"action\" value=\"houzez_property_agent_contact\">\n                            <input type=\"hidden\" name=\"listing_id\" value=\"263252\">\n                            <input type=\"hidden\" name=\"is_listing_form\" value=\"yes\">\n                            <input type=\"hidden\" name=\"agent_id\" value=\"4996\">\n                            <input type=\"hidden\" name=\"agent_type\" value=\"agent_info\">\n\n                                                        <div class=\"form_messages\"><\/div>\n                            <button type=\"button\" class=\"houzez_agent_property_form btn btn-secondary w-100\">\n                                <span class=\"houzez-loader-js houzez-hidden spinner-border spinner-border-sm\" aria-hidden=\"true\"><\/span>                                Envia un correu                                \n                            <\/button>\n                            \n                        <\/form>\n                    <\/div><!-- property-form -->\n                    \n                            <\/div><!-- property-form-wrap -->\n\n    \n            <\/div>\n        <\/div>\n    <\/div>\n<\/div>\n<\/div>\n<div class=\"item-listing-wrap item-wrap-v9 hz-item-gallery-js hz-map-trigger\" data-hz-id=\"263010\" data-images=\"[{&quot;image&quot;:&quot;https:\\\/\\\/www.mallorcaguru.es\\\/wp-content\\\/smush-avif\\\/2025\\\/08\\\/Playa-Son-Serra-de-Maria-01-584x438.jpg.avif&quot;,&quot;alt&quot;:&quot;Xalet amb llic\\u00e8ncia ETV i vistes al mar&quot;,&quot;width&quot;:584,&quot;height&quot;:438,&quot;srcset&quot;:false,&quot;sizes&quot;:&quot;(max-width: 584px) 100vw, 584px&quot;},{&quot;image&quot;:&quot;https:\\\/\\\/www.mallorcaguru.es\\\/wp-content\\\/smush-avif\\\/2025\\\/08\\\/Playa-Son-Serra-de-Maria-01-584x438.jpg.avif&quot;,&quot;alt&quot;:&quot;Xalet amb llic\\u00e8ncia ETV i vistes al mar&quot;,&quot;width&quot;:584,&quot;height&quot;:438,&quot;srcset&quot;:false,&quot;sizes&quot;:&quot;(max-width: 584px) 100vw, 584px&quot;},{&quot;image&quot;:&quot;https:\\\/\\\/www.mallorcaguru.es\\\/wp-content\\\/smush-avif\\\/2025\\\/08\\\/Playa-Son-Serra-de-Maria-13-584x438.jpg.avif&quot;,&quot;alt&quot;:&quot;&quot;,&quot;width&quot;:584,&quot;height&quot;:438,&quot;srcset&quot;:false,&quot;sizes&quot;:&quot;(max-width: 584px) 100vw, 584px&quot;}]\">\n\t<div class=\"item-wrap item-wrap-no-frame h-100\">\n\t\t<div class=\"d-flex flex-column align-items-center h-100\">\n\t\t\t<div class=\"item-header\">\n\t\t\t\t<span class=\"label-featured label me-1\" role=\"status\">Destacats<\/span>\t\t\t\t<div class=\"labels-wrap d-flex align-items-center gap-1\" role=\"group\"> \n\n\t<a href=\"https:\/\/www.mallorcaguru.es\/ca\/estat\/a-la-venda-mallorca-espanya\/\" class=\"label-status label status-color-3530\">\n\t\t\t\t\tA la Venda\n\t\t\t\t<\/a><a href=\"https:\/\/www.mallorcaguru.es\/ca\/etiqueta\/propietats-amb-llicencia-etv-en-venda-a-mallorca\/\" class=\"hz-label label label-color-3836\">\n\t\t\t\t\tPropietats amb llic\u00e8ncia ETV en venda a Mallorca\n\t\t\t\t<\/a><a href=\"https:\/\/www.mallorcaguru.es\/ca\/etiqueta\/propietats-amb-vistes-al-mar-en-venda\/\" class=\"hz-label label label-color-3928\">\n\t\t\t\t\tPropietats amb vistes al mar en venda a Mallorca | Cases a la costa\n\t\t\t\t<\/a>       \n\n<\/div>\n\t\t\t\t<ul class=\"item-tools d-flex align-items-center justify-content-center gap-1\">\n        <li class=\"item-tool item-preview\">\n        <span class=\"hz-show-lightbox-js item-tool-preview text-center\" data-listid=\"263010\">\n            <span data-bs-toggle=\"tooltip\" data-bs-placement=\"top\" title=\"Previsualitza\">\n                <i class=\"houzez-icon icon-expand-3\"><\/i>   \n            <\/span>\n        <\/span><!-- item-tool-favorite -->\n    <\/li><!-- item-tool -->\n        \n        <li class=\"item-tool item-favorite\">\n        <span class=\"add-favorite-js item-tool-favorite text-center\" data-bs-toggle=\"tooltip\" data-bs-placement=\"top\" title=\"Preferit\" data-listid=\"263010\">\n            <i class=\"houzez-icon icon-love-it \"><\/i>\n        <\/span><!-- item-tool-favorite -->\n    <\/li><!-- item-tool -->\n    \n        <li class=\"item-tool item-compare\">\n        <span class=\"houzez_compare compare-263010 item-tool-compare text-center\" data-bs-toggle=\"tooltip\" data-bs-placement=\"top\" title=\"Afegeix per comparar\" data-listing_id=\"263010\" data-listing_image=\"https:\/\/www.mallorcaguru.es\/wp-content\/uploads\/2025\/08\/Playa-Son-Serra-de-Maria-01-584x438.jpg\">\n            <i class=\"houzez-icon icon-add-circle\"><\/i>\n            <!-- <i class=\"houzez-icon icon-subtract-circle\"><\/i> -->\n        <\/span><!-- item-tool-compare -->\n    <\/li><!-- item-tool -->\n    <\/ul><!-- item-tools -->\n\t\t\t\t<div class=\"listing-image-wrap\">\n\t<div class=\"listing-thumb\">\n\t\t<a target=\"_self\" href=\"https:\/\/www.mallorcaguru.es\/ca\/propietat\/xalet-amb-llicencia-etv-i-vistes-al-mar\/\" class=\"listing-featured-thumb hover-effect image-wrap\" role=\"link\">\n\t\t\t<img loading=\"lazy\" decoding=\"async\" width=\"584\" height=\"438\" src=\"https:\/\/www.mallorcaguru.es\/wp-content\/smush-avif\/2025\/08\/Playa-Son-Serra-de-Maria-01-584x438.jpg.avif\" class=\"img-fluid wp-post-image\" alt=\"Xalet amb llic\u00e8ncia ETV i vistes al mar\" data-smush-avif-fallback=\"{&quot;src&quot;:&quot;https:\\\/\\\/www.mallorcaguru.es\\\/wp-content\\\/uploads\\\/2025\\\/08\\\/Playa-Son-Serra-de-Maria-01-584x438.jpg&quot;}\" \/>\t\t<\/a><!-- hover-effect -->\n\t<\/div>\n<\/div>\t\t\t\t<div class=\"preview_loader\"><\/div>\n\t\t\t<\/div>\n\t\t\t<div class=\"item-body w-100 flex-fill\">\n\t\t\t\t<ul class=\"item-amenities item-amenities-with-icons mb-2\">\n\t\t\t\t\t<li class=\"h-type d-flex w-100\" role=\"listitem\"><span>Xalet<\/span><\/li>\t\t\t\t<\/ul>\n\t\t\t\t<ul class=\"item-price-wrap d-flex align-items-end gap-3\" role=\"list\">\n\t\t\t\t\t<li class=\"item-price\"><span class=\"price\">1,300,000\u20ac<\/span><span class=\"price-postfix\"><\/span><\/li>\t\t\t\t<\/ul>\n\t\t\t\t<h2 class=\"item-title mb-2 \">\n\t<a target=\"_self\" href=\"https:\/\/www.mallorcaguru.es\/ca\/propietat\/xalet-amb-llicencia-etv-i-vistes-al-mar\/\" role=\"link\">Xalet amb llic\u00e8ncia ETV i vistes al mar<\/a>\n<\/h2><!-- item-title -->\t\t\t\t<address class=\"item-address mb-2\"><i class=\"houzez-icon icon-pin me-1\" aria-hidden=\"true\"><\/i><span>Platja de Son Serra de Marina, Spain<\/span><\/address>\t\t\t\t<ul class=\"item-amenities item-amenities-with-icons d-flex flex-wrap align-items-center gap-2\" role=\"list\">\n\t<li class=\"h-property-id me-1\"><i class=\"houzez-icon icon-tags me-2\"><\/i><span class=\"item-amenities-text\">ID:<\/span> <span class=\"hz-figure\">914<\/span><\/li><li class=\"h-beds d-flex align-items-center me-1\"><i class=\"houzez-icon icon-hotel-double-bed-1 me-2\"><\/i><span class=\"item-amenities-text\">Dorm:<\/span> <span class=\"hz-figure\">5<\/span><\/li><li class=\"h-baths d-flex align-items-center me-1\"><i class=\"houzez-icon icon-bathroom-shower-1 me-2\"><\/i><span class=\"item-amenities-text\">Banys:<\/span> <span class=\"hz-figure\">2<\/span><\/li><li class=\"h-area d-flex align-items-center me-1\"><i class=\"houzez-icon icon-ruler-triangle me-2\"><\/i><span class=\"hz-figure me-1\">388<\/span> <span class=\"hz-figure area_postfix\">m\u00b2<\/span><\/li><\/ul>\t\t\t<\/div>\n\t\t\t<div class=\"item-footer items-btns-count-3\">\n\t\t\t\t<div class=\"item-buttons-wrap d-flex justify-content-between gap-2\">\n\t\t\t\t\t\t\t\t<button type=\"button\" class=\"hz-call-popup-js btn btn-primary-outlined btn-item px-2 d-flex align-items-center justify-content-center flex-fill gap-1\" data-bs-toggle=\"modal\" data-model-id=\"call-action-263010-r79yi\">\n\t\t\t\t<i class=\"houzez-icon icon-phone-actions-ring\"><\/i> Trucada\t\t\t<\/button>\n\t\t \t\t\t\t<button type=\"button\" class=\"hz-email-popup-js btn btn-primary-outlined btn-item px-2 d-flex align-items-center justify-content-center flex-fill gap-1\" data-bs-toggle=\"modal\" data-model-id=\"email-popup-263010-r79yi\">\n\t\t\t\t<i class=\"houzez-icon icon-envelope\"><\/i> Email\t\t\t<\/button>\n\t\t\t\t\t\t<a class=\"btn btn-primary-outlined btn-item px-2 d-flex align-items-center justify-content-center flex-fill gap-1\" target=\"_blank\" href=\"https:\/\/api.whatsapp.com\/send?phone=+34671798832&text=Hola, m'interessa [Xalet amb llic\u00e8ncia ETV i vistes al mar] https:\/\/www.mallorcaguru.es\/ca\/propietat\/xalet-amb-llicencia-etv-i-vistes-al-mar\/\">\n\t\t\t\t<i class=\"houzez-icon icon-messaging-whatsapp\"><\/i> <span class=\"d-none d-md-block\">WhatsApp <\/span>\n\t\t\t<\/a>\n\t\t\t\t\t\t\t<\/div>\n\t\t\t<\/div>\n\t\t<\/div>\n\t<\/div>\n\t<div class=\"modal fade modal-phone-number\" id=\"call-action-263010-r79yi\" tabindex=\"-1\" aria-labelledby=\"phoneNumberModalLabel\" aria-hidden=\"true\">\n    <div class=\"modal-dialog\" role=\"document\">\n        <div class=\"modal-content\">\n            <div class=\"modal-header\">\n                <h5 class=\"modal-title\" id=\"phoneNumberModalLabel\">Contacta&#039;ns<\/h5>\n                <button type=\"button\" class=\"btn-close\" data-bs-dismiss=\"modal\" aria-label=\"Tancar\"><\/button>\n            <\/div><!-- modal-header -->\n            <div class=\"modal-body\">\n                <p class=\"modal-body-phone-number-text\">\n                    Please quote property reference<br>\n\n                    <strong>Mallorca Property Guru - 914<\/strong>\n                <\/p>\n                <p class=\"modal-body-phone-number-number\">\n                     <a class=\"btn btn-primary-outlined\" href=\"tel:+34671798832\"><i class=\"houzez-icon icon-phone-actions-ring\"><\/i> +34 671 798 832<\/a>\n                <\/p>\n            <\/div><!-- modal-body -->\n        <\/div><!-- modal-content -->\n    <\/div><!-- modal-dialog -->\n<\/div><!-- login-register-form -->\n\t<div class=\"modal fade mobile-property-form\" id=\"email-popup-263010-r79yi\">\n    <div class=\"modal-dialog\" role=\"document\">\n        <div class=\"modal-content\">\n            <div class=\"modal-header\">\n                <h5 class=\"modal-title\" id=\"phoneNumberModalLabel\">Contact me<\/h5>\n                <button type=\"button\" class=\"btn-close\" data-bs-dismiss=\"modal\" aria-label=\"Close\"><\/button>\n            <\/div><!-- modal-header -->\n            <div class=\"modal-body\">\n                <div class=\"property-form-wrap border-none\">\n                                    <div class=\"property-form\">\n                        <form method=\"post\" action=\"#\">\n                            \n                            <div class=\"agent-details\" role=\"region\"><div class=\"d-flex align-items-center gap-3\"><div class=\"agent-image\" role=\"img\"><img loading=\"lazy\" decoding=\"async\" class=\"rounded\" src=\"https:\/\/www.mallorcaguru.es\/wp-content\/smush-avif\/2022\/03\/Mallorca-Property-Guru-Logo-2025-150x150.png.avif\" alt=\"Mallorca Property Guru Saionara Jackson\" width=\"70\" height=\"70\" data-smush-avif-fallback=\"{&quot;src&quot;:&quot;https:\\\/\\\/www.mallorcaguru.es\\\/wp-content\\\/uploads\\\/2022\\\/03\\\/Mallorca-Property-Guru-Logo-2025-150x150.png&quot;}\"><span class=\"badge btn-secondary agent-verified-icon\"><i class=\"houzez-icon icon-check-circle-1\"><\/i><\/span><\/div><ul class=\"agent-information list-unstyled mb-0\" role=\"list\"><li class=\"agent-name\" role=\"listitem\"><i class=\"houzez-icon icon-single-neutral me-1\"><\/i> Mallorca Property Guru Saionara Jackson<\/li><\/ul><\/div><\/div>\n                                                        <div class=\"form-group mb-2 mt-3\">\n                                <input class=\"form-control\" name=\"name\" value=\"\" type=\"text\" placeholder=\"Nom\">\n                            <\/div><!-- form-group -->\n                            \n                                \n                            <div class=\"form-group mb-2\">\n                                <input class=\"form-control\" name=\"mobile\" value=\"\" type=\"text\" placeholder=\"Tel\u00e8fon\">\n                            <\/div><!-- form-group -->\n                            \n                            <div class=\"form-group mb-2\">\n                                <input class=\"form-control\" name=\"email\" value=\"\" type=\"email\" placeholder=\"Correu electr\u00f2nic\">\n                            <\/div><!-- form-group -->\n\n                              \n                            <div class=\"form-group form-group-textarea mb-2\">\n                                <textarea class=\"form-control hz-form-message\" name=\"message\" rows=\"4\" placeholder=\"Missatge\">Hola, m'interessa [Xalet amb llic\u00e8ncia ETV i vistes al mar]<\/textarea>\n                            <\/div><!-- form-group -->   \n                            \n                            \n                                                        <div class=\"form-group my-3\">\n                                <label class=\"control control--checkbox m-0 p-0 hz-no-gdpr-checkbox\">\n                                                                        <div class=\"gdpr-text-wrap\">\n                                        En enviar aquest formulari accepto <a target=\"_blank\" href=\"https:\/\/www.mallorcaguru.es\/ca\/termes-i-condicions\/\">Condicions d'\u00fas<\/a>\n                                    <\/div>\n                                <\/label>\n                            <\/div><!-- form-group -->   \n                                  \n                        \n                                                            <input type=\"hidden\" name=\"target_email\" value=\"sa&#105;o&#110;a&#114;a&#64;&#109;&#97;&#108;l&#111;&#114;c&#97;g&#117;&#114;&#117;.&#101;s\">\n                                                        <input type=\"hidden\" name=\"property_agent_contact_security\" value=\"a50bbda332\"\/>\n                            <input type=\"hidden\" name=\"property_permalink\" value=\"https:\/\/www.mallorcaguru.es\/ca\/propietat\/xalet-amb-llicencia-etv-i-vistes-al-mar\/\"\/>\n                            <input type=\"hidden\" name=\"property_title\" value=\"Xalet amb llic\u00e8ncia ETV i vistes al mar\"\/>\n                            <input type=\"hidden\" name=\"property_id\" value=\"914\"\/>\n                            <input type=\"hidden\" name=\"action\" value=\"houzez_property_agent_contact\">\n                            <input type=\"hidden\" name=\"listing_id\" value=\"263010\">\n                            <input type=\"hidden\" name=\"is_listing_form\" value=\"yes\">\n                            <input type=\"hidden\" name=\"agent_id\" value=\"4996\">\n                            <input type=\"hidden\" name=\"agent_type\" value=\"agent_info\">\n\n                                                        <div class=\"form_messages\"><\/div>\n                            <button type=\"button\" class=\"houzez_agent_property_form btn btn-secondary w-100\">\n                                <span class=\"houzez-loader-js houzez-hidden spinner-border spinner-border-sm\" aria-hidden=\"true\"><\/span>                                Envia un correu                                \n                            <\/button>\n                            \n                        <\/form>\n                    <\/div><!-- property-form -->\n                    \n                            <\/div><!-- property-form-wrap -->\n\n    \n            <\/div>\n        <\/div>\n    <\/div>\n<\/div>\n<\/div>\n<div class=\"item-listing-wrap item-wrap-v9 hz-item-gallery-js hz-map-trigger\" data-hz-id=\"262134\" data-images=\"[{&quot;image&quot;:&quot;https:\\\/\\\/www.mallorcaguru.es\\\/wp-content\\\/smush-avif\\\/2025\\\/08\\\/Son-Serra-de-Marina-ETV07-584x438.jpg.avif&quot;,&quot;alt&quot;:&quot;Casa a primera l\\u00ednia de mar a Son Serra de Marina&quot;,&quot;width&quot;:584,&quot;height&quot;:438,&quot;srcset&quot;:false,&quot;sizes&quot;:&quot;(max-width: 584px) 100vw, 584px&quot;},{&quot;image&quot;:&quot;https:\\\/\\\/www.mallorcaguru.es\\\/wp-content\\\/smush-avif\\\/2025\\\/08\\\/Son-Serra-de-Marina-ETV02-584x438.jpg.avif&quot;,&quot;alt&quot;:&quot;&quot;,&quot;width&quot;:584,&quot;height&quot;:438,&quot;srcset&quot;:false,&quot;sizes&quot;:&quot;(max-width: 584px) 100vw, 584px&quot;},{&quot;image&quot;:&quot;https:\\\/\\\/www.mallorcaguru.es\\\/wp-content\\\/smush-avif\\\/2025\\\/08\\\/Son-Serra-de-Marina-ETV04-584x438.jpg.avif&quot;,&quot;alt&quot;:&quot;&quot;,&quot;width&quot;:584,&quot;height&quot;:438,&quot;srcset&quot;:false,&quot;sizes&quot;:&quot;(max-width: 584px) 100vw, 584px&quot;}]\">\n\t<div class=\"item-wrap item-wrap-no-frame h-100\">\n\t\t<div class=\"d-flex flex-column align-items-center h-100\">\n\t\t\t<div class=\"item-header\">\n\t\t\t\t<span class=\"label-featured label me-1\" role=\"status\">Destacats<\/span>\t\t\t\t<div class=\"labels-wrap d-flex align-items-center gap-1\" role=\"group\"> \n\n\t<a href=\"https:\/\/www.mallorcaguru.es\/ca\/estat\/a-la-venda-mallorca-espanya\/\" class=\"label-status label status-color-3530\">\n\t\t\t\t\tA la Venda\n\t\t\t\t<\/a><a href=\"https:\/\/www.mallorcaguru.es\/ca\/etiqueta\/propietats-amb-llicencia-etv-en-venda-a-mallorca\/\" class=\"hz-label label label-color-3836\">\n\t\t\t\t\tPropietats amb llic\u00e8ncia ETV en venda a Mallorca\n\t\t\t\t<\/a><a href=\"https:\/\/www.mallorcaguru.es\/ca\/etiqueta\/propietats-amb-vistes-al-mar-en-venda\/\" class=\"hz-label label label-color-3928\">\n\t\t\t\t\tPropietats amb vistes al mar en venda a Mallorca | Cases a la costa\n\t\t\t\t<\/a>       \n\n<\/div>\n\t\t\t\t<ul class=\"item-tools d-flex align-items-center justify-content-center gap-1\">\n        <li class=\"item-tool item-preview\">\n        <span class=\"hz-show-lightbox-js item-tool-preview text-center\" data-listid=\"262134\">\n            <span data-bs-toggle=\"tooltip\" data-bs-placement=\"top\" title=\"Previsualitza\">\n                <i class=\"houzez-icon icon-expand-3\"><\/i>   \n            <\/span>\n        <\/span><!-- item-tool-favorite -->\n    <\/li><!-- item-tool -->\n        \n        <li class=\"item-tool item-favorite\">\n        <span class=\"add-favorite-js item-tool-favorite text-center\" data-bs-toggle=\"tooltip\" data-bs-placement=\"top\" title=\"Preferit\" data-listid=\"262134\">\n            <i class=\"houzez-icon icon-love-it \"><\/i>\n        <\/span><!-- item-tool-favorite -->\n    <\/li><!-- item-tool -->\n    \n        <li class=\"item-tool item-compare\">\n        <span class=\"houzez_compare compare-262134 item-tool-compare text-center\" data-bs-toggle=\"tooltip\" data-bs-placement=\"top\" title=\"Afegeix per comparar\" data-listing_id=\"262134\" data-listing_image=\"https:\/\/www.mallorcaguru.es\/wp-content\/uploads\/2025\/08\/Son-Serra-de-Marina-ETV07-584x438.jpg\">\n            <i class=\"houzez-icon icon-add-circle\"><\/i>\n            <!-- <i class=\"houzez-icon icon-subtract-circle\"><\/i> -->\n        <\/span><!-- item-tool-compare -->\n    <\/li><!-- item-tool -->\n    <\/ul><!-- item-tools -->\n\t\t\t\t<div class=\"listing-image-wrap\">\n\t<div class=\"listing-thumb\">\n\t\t<a target=\"_self\" href=\"https:\/\/www.mallorcaguru.es\/ca\/propietat\/casa-a-primera-linia-de-mar-a-son-serra-de-marina\/\" class=\"listing-featured-thumb hover-effect image-wrap\" role=\"link\">\n\t\t\t<img loading=\"lazy\" decoding=\"async\" width=\"584\" height=\"438\" src=\"https:\/\/www.mallorcaguru.es\/wp-content\/smush-avif\/2025\/08\/Son-Serra-de-Marina-ETV07-584x438.jpg.avif\" class=\"img-fluid wp-post-image\" alt=\"Casa a primera l\u00ednia de mar a Son Serra de Marina\" data-smush-avif-fallback=\"{&quot;src&quot;:&quot;https:\\\/\\\/www.mallorcaguru.es\\\/wp-content\\\/uploads\\\/2025\\\/08\\\/Son-Serra-de-Marina-ETV07-584x438.jpg&quot;}\" \/>\t\t<\/a><!-- hover-effect -->\n\t<\/div>\n<\/div>\t\t\t\t<div class=\"preview_loader\"><\/div>\n\t\t\t<\/div>\n\t\t\t<div class=\"item-body w-100 flex-fill\">\n\t\t\t\t<ul class=\"item-amenities item-amenities-with-icons mb-2\">\n\t\t\t\t\t<li class=\"h-type d-flex w-100\" role=\"listitem\"><span>Casa de Poble<\/span><\/li>\t\t\t\t<\/ul>\n\t\t\t\t<ul class=\"item-price-wrap d-flex align-items-end gap-3\" role=\"list\">\n\t\t\t\t\t<li class=\"item-price\"><span class=\"price\">975,000\u20ac<\/span><span class=\"price-postfix\"><\/span><\/li>\t\t\t\t<\/ul>\n\t\t\t\t<h2 class=\"item-title mb-2 \">\n\t<a target=\"_self\" href=\"https:\/\/www.mallorcaguru.es\/ca\/propietat\/casa-a-primera-linia-de-mar-a-son-serra-de-marina\/\" role=\"link\">Casa a primera l\u00ednia de mar a Son Serra de Marina<\/a>\n<\/h2><!-- item-title -->\t\t\t\t<address class=\"item-address mb-2\"><i class=\"houzez-icon icon-pin me-1\" aria-hidden=\"true\"><\/i><span>Carrer Joan Frontera Riera, Son Serra de Marina, Spain<\/span><\/address>\t\t\t\t<ul class=\"item-amenities item-amenities-with-icons d-flex flex-wrap align-items-center gap-2\" role=\"list\">\n\t<li class=\"h-property-id me-1\"><i class=\"houzez-icon icon-tags me-2\"><\/i><span class=\"item-amenities-text\">ID:<\/span> <span class=\"hz-figure\">892<\/span><\/li><li class=\"h-beds d-flex align-items-center me-1\"><i class=\"houzez-icon icon-hotel-double-bed-1 me-2\"><\/i><span class=\"item-amenities-text\">Dorm:<\/span> <span class=\"hz-figure\">3<\/span><\/li><li class=\"h-baths d-flex align-items-center me-1\"><i class=\"houzez-icon icon-bathroom-shower-1 me-2\"><\/i><span class=\"item-amenities-text\">Banys:<\/span> <span class=\"hz-figure\">2<\/span><\/li><li class=\"h-area d-flex align-items-center me-1\"><i class=\"houzez-icon icon-ruler-triangle me-2\"><\/i><span class=\"hz-figure me-1\">143<\/span> <span class=\"hz-figure area_postfix\">m\u00b2<\/span><\/li><\/ul>\t\t\t<\/div>\n\t\t\t<div class=\"item-footer items-btns-count-3\">\n\t\t\t\t<div class=\"item-buttons-wrap d-flex justify-content-between gap-2\">\n\t\t\t\t\t\t\t\t<button type=\"button\" class=\"hz-call-popup-js btn btn-primary-outlined btn-item px-2 d-flex align-items-center justify-content-center flex-fill gap-1\" data-bs-toggle=\"modal\" data-model-id=\"call-action-262134-7jgGc\">\n\t\t\t\t<i class=\"houzez-icon icon-phone-actions-ring\"><\/i> Trucada\t\t\t<\/button>\n\t\t \t\t\t\t<button type=\"button\" class=\"hz-email-popup-js btn btn-primary-outlined btn-item px-2 d-flex align-items-center justify-content-center flex-fill gap-1\" data-bs-toggle=\"modal\" data-model-id=\"email-popup-262134-7jgGc\">\n\t\t\t\t<i class=\"houzez-icon icon-envelope\"><\/i> Email\t\t\t<\/button>\n\t\t\t\t\t\t<a class=\"btn btn-primary-outlined btn-item px-2 d-flex align-items-center justify-content-center flex-fill gap-1\" target=\"_blank\" href=\"https:\/\/api.whatsapp.com\/send?phone=+34671798832&text=Hola, m'interessa [Casa a primera l\u00ednia de mar a Son Serra de Marina] https:\/\/www.mallorcaguru.es\/ca\/propietat\/casa-a-primera-linia-de-mar-a-son-serra-de-marina\/\">\n\t\t\t\t<i class=\"houzez-icon icon-messaging-whatsapp\"><\/i> <span class=\"d-none d-md-block\">WhatsApp <\/span>\n\t\t\t<\/a>\n\t\t\t\t\t\t\t<\/div>\n\t\t\t<\/div>\n\t\t<\/div>\n\t<\/div>\n\t<div class=\"modal fade modal-phone-number\" id=\"call-action-262134-7jgGc\" tabindex=\"-1\" aria-labelledby=\"phoneNumberModalLabel\" aria-hidden=\"true\">\n    <div class=\"modal-dialog\" role=\"document\">\n        <div class=\"modal-content\">\n            <div class=\"modal-header\">\n                <h5 class=\"modal-title\" id=\"phoneNumberModalLabel\">Contacta&#039;ns<\/h5>\n                <button type=\"button\" class=\"btn-close\" data-bs-dismiss=\"modal\" aria-label=\"Tancar\"><\/button>\n            <\/div><!-- modal-header -->\n            <div class=\"modal-body\">\n                <p class=\"modal-body-phone-number-text\">\n                    Please quote property reference<br>\n\n                    <strong>Mallorca Property Guru - 892<\/strong>\n                <\/p>\n                <p class=\"modal-body-phone-number-number\">\n                     <a class=\"btn btn-primary-outlined\" href=\"tel:+34671798832\"><i class=\"houzez-icon icon-phone-actions-ring\"><\/i> +34 671 798 832<\/a>\n                <\/p>\n            <\/div><!-- modal-body -->\n        <\/div><!-- modal-content -->\n    <\/div><!-- modal-dialog -->\n<\/div><!-- login-register-form -->\n\t<div class=\"modal fade mobile-property-form\" id=\"email-popup-262134-7jgGc\">\n    <div class=\"modal-dialog\" role=\"document\">\n        <div class=\"modal-content\">\n            <div class=\"modal-header\">\n                <h5 class=\"modal-title\" id=\"phoneNumberModalLabel\">Contact me<\/h5>\n                <button type=\"button\" class=\"btn-close\" data-bs-dismiss=\"modal\" aria-label=\"Close\"><\/button>\n            <\/div><!-- modal-header -->\n            <div class=\"modal-body\">\n                <div class=\"property-form-wrap border-none\">\n                                    <div class=\"property-form\">\n                        <form method=\"post\" action=\"#\">\n                            \n                            <div class=\"agent-details\" role=\"region\"><div class=\"d-flex align-items-center gap-3\"><div class=\"agent-image\" role=\"img\"><img loading=\"lazy\" decoding=\"async\" class=\"rounded\" src=\"https:\/\/www.mallorcaguru.es\/wp-content\/smush-avif\/2022\/03\/Mallorca-Property-Guru-Logo-2025-150x150.png.avif\" alt=\"Mallorca Property Guru Saionara Jackson\" width=\"70\" height=\"70\" data-smush-avif-fallback=\"{&quot;src&quot;:&quot;https:\\\/\\\/www.mallorcaguru.es\\\/wp-content\\\/uploads\\\/2022\\\/03\\\/Mallorca-Property-Guru-Logo-2025-150x150.png&quot;}\"><span class=\"badge btn-secondary agent-verified-icon\"><i class=\"houzez-icon icon-check-circle-1\"><\/i><\/span><\/div><ul class=\"agent-information list-unstyled mb-0\" role=\"list\"><li class=\"agent-name\" role=\"listitem\"><i class=\"houzez-icon icon-single-neutral me-1\"><\/i> Mallorca Property Guru Saionara Jackson<\/li><\/ul><\/div><\/div>\n                                                        <div class=\"form-group mb-2 mt-3\">\n                                <input class=\"form-control\" name=\"name\" value=\"\" type=\"text\" placeholder=\"Nom\">\n                            <\/div><!-- form-group -->\n                            \n                                \n                            <div class=\"form-group mb-2\">\n                                <input class=\"form-control\" name=\"mobile\" value=\"\" type=\"text\" placeholder=\"Tel\u00e8fon\">\n                            <\/div><!-- form-group -->\n                            \n                            <div class=\"form-group mb-2\">\n                                <input class=\"form-control\" name=\"email\" value=\"\" type=\"email\" placeholder=\"Correu electr\u00f2nic\">\n                            <\/div><!-- form-group -->\n\n                              \n                            <div class=\"form-group form-group-textarea mb-2\">\n                                <textarea class=\"form-control hz-form-message\" name=\"message\" rows=\"4\" placeholder=\"Missatge\">Hola, m'interessa [Casa a primera l\u00ednia de mar a Son Serra de Marina]<\/textarea>\n                            <\/div><!-- form-group -->   \n                            \n                            \n                                                        <div class=\"form-group my-3\">\n                                <label class=\"control control--checkbox m-0 p-0 hz-no-gdpr-checkbox\">\n                                                                        <div class=\"gdpr-text-wrap\">\n                                        En enviar aquest formulari accepto <a target=\"_blank\" href=\"https:\/\/www.mallorcaguru.es\/ca\/termes-i-condicions\/\">Condicions d'\u00fas<\/a>\n                                    <\/div>\n                                <\/label>\n                            <\/div><!-- form-group -->   \n                                  \n                        \n                                                            <input type=\"hidden\" name=\"target_email\" value=\"&#115;&#97;i&#111;&#110;ar&#97;&#64;m&#97;&#108;lo&#114;&#99;&#97;&#103;uru.es\">\n                                                        <input type=\"hidden\" name=\"property_agent_contact_security\" value=\"a50bbda332\"\/>\n                            <input type=\"hidden\" name=\"property_permalink\" value=\"https:\/\/www.mallorcaguru.es\/ca\/propietat\/casa-a-primera-linia-de-mar-a-son-serra-de-marina\/\"\/>\n                            <input type=\"hidden\" name=\"property_title\" value=\"Casa a primera l\u00ednia de mar a Son Serra de Marina\"\/>\n                            <input type=\"hidden\" name=\"property_id\" value=\"892\"\/>\n                            <input type=\"hidden\" name=\"action\" value=\"houzez_property_agent_contact\">\n                            <input type=\"hidden\" name=\"listing_id\" value=\"262134\">\n                            <input type=\"hidden\" name=\"is_listing_form\" value=\"yes\">\n                            <input type=\"hidden\" name=\"agent_id\" value=\"4996\">\n                            <input type=\"hidden\" name=\"agent_type\" value=\"agent_info\">\n\n                                                        <div class=\"form_messages\"><\/div>\n                            <button type=\"button\" class=\"houzez_agent_property_form btn btn-secondary w-100\">\n                                <span class=\"houzez-loader-js houzez-hidden spinner-border spinner-border-sm\" aria-hidden=\"true\"><\/span>                                Envia un correu                                \n                            <\/button>\n                            \n                        <\/form>\n                    <\/div><!-- property-form -->\n                    \n                            <\/div><!-- property-form-wrap -->\n\n    \n            <\/div>\n        <\/div>\n    <\/div>\n<\/div>\n<\/div>\n<div class=\"item-listing-wrap item-wrap-v9 hz-item-gallery-js hz-map-trigger\" data-hz-id=\"229936\" data-images=\"[{&quot;image&quot;:&quot;https:\\\/\\\/www.mallorcaguru.es\\\/wp-content\\\/smush-avif\\\/2025\\\/06\\\/Villa-For-Sale-in-Cala-Bona-Son-Servera-3-584x438.jpeg.avif&quot;,&quot;alt&quot;:&quot;Xalet en venda a Cala Bona Son Servera&quot;,&quot;width&quot;:584,&quot;height&quot;:438,&quot;srcset&quot;:false,&quot;sizes&quot;:&quot;(max-width: 584px) 100vw, 584px&quot;},{&quot;image&quot;:&quot;https:\\\/\\\/www.mallorcaguru.es\\\/wp-content\\\/smush-avif\\\/2025\\\/06\\\/Villa-For-Sale-in-Cala-Bona-Son-Servera-2-584x438.jpeg.avif&quot;,&quot;alt&quot;:&quot;Xalet en venda a Cala Bona Son Servera&quot;,&quot;width&quot;:584,&quot;height&quot;:438,&quot;srcset&quot;:false,&quot;sizes&quot;:&quot;(max-width: 584px) 100vw, 584px&quot;},{&quot;image&quot;:&quot;https:\\\/\\\/www.mallorcaguru.es\\\/wp-content\\\/smush-avif\\\/2025\\\/06\\\/Villa-For-Sale-in-Cala-Bona-Son-Servera-6-584x438.jpeg.avif&quot;,&quot;alt&quot;:&quot;Xalet en venda a Cala Bona Son Servera&quot;,&quot;width&quot;:584,&quot;height&quot;:438,&quot;srcset&quot;:&quot;https:\\\/\\\/www.mallorcaguru.es\\\/wp-content\\\/smush-avif\\\/2025\\\/06\\\/Villa-For-Sale-in-Cala-Bona-Son-Servera-6-584x438.jpeg.avif 584w, https:\\\/\\\/www.mallorcaguru.es\\\/wp-content\\\/smush-avif\\\/2025\\\/06\\\/Villa-For-Sale-in-Cala-Bona-Son-Servera-6-1536x1152.jpeg.avif 1536w, https:\\\/\\\/www.mallorcaguru.es\\\/wp-content\\\/smush-avif\\\/2025\\\/06\\\/Villa-For-Sale-in-Cala-Bona-Son-Servera-6.jpeg.avif 1638w&quot;,&quot;sizes&quot;:&quot;(max-width: 584px) 100vw, 584px&quot;}]\">\n\t<div class=\"item-wrap item-wrap-no-frame h-100\">\n\t\t<div class=\"d-flex flex-column align-items-center h-100\">\n\t\t\t<div class=\"item-header\">\n\t\t\t\t<span class=\"label-featured label me-1\" role=\"status\">Destacats<\/span>\t\t\t\t<div class=\"labels-wrap d-flex align-items-center gap-1\" role=\"group\"> \n\n\t<a href=\"https:\/\/www.mallorcaguru.es\/ca\/estat\/a-la-venda-mallorca-espanya\/\" class=\"label-status label status-color-3530\">\n\t\t\t\t\tA la Venda\n\t\t\t\t<\/a><a href=\"https:\/\/www.mallorcaguru.es\/ca\/etiqueta\/oportunitats-preu-reduit-immobles-mallorca\/\" class=\"hz-label label label-color-3867\">\n\t\t\t\t\tPreu redu\u00eft\n\t\t\t\t<\/a><a href=\"https:\/\/www.mallorcaguru.es\/ca\/etiqueta\/propietats-amb-vistes-al-mar-en-venda\/\" class=\"hz-label label label-color-3928\">\n\t\t\t\t\tPropietats amb vistes al mar en venda a Mallorca | Cases a la costa\n\t\t\t\t<\/a>       \n\n<\/div>\n\t\t\t\t<ul class=\"item-tools d-flex align-items-center justify-content-center gap-1\">\n        <li class=\"item-tool item-preview\">\n        <span class=\"hz-show-lightbox-js item-tool-preview text-center\" data-listid=\"229936\">\n            <span data-bs-toggle=\"tooltip\" data-bs-placement=\"top\" title=\"Previsualitza\">\n                <i class=\"houzez-icon icon-expand-3\"><\/i>   \n            <\/span>\n        <\/span><!-- item-tool-favorite -->\n    <\/li><!-- item-tool -->\n        \n        <li class=\"item-tool item-favorite\">\n        <span class=\"add-favorite-js item-tool-favorite text-center\" data-bs-toggle=\"tooltip\" data-bs-placement=\"top\" title=\"Preferit\" data-listid=\"229936\">\n            <i class=\"houzez-icon icon-love-it \"><\/i>\n        <\/span><!-- item-tool-favorite -->\n    <\/li><!-- item-tool -->\n    \n        <li class=\"item-tool item-compare\">\n        <span class=\"houzez_compare compare-229936 item-tool-compare text-center\" data-bs-toggle=\"tooltip\" data-bs-placement=\"top\" title=\"Afegeix per comparar\" data-listing_id=\"229936\" data-listing_image=\"https:\/\/www.mallorcaguru.es\/wp-content\/uploads\/2025\/06\/Villa-For-Sale-in-Cala-Bona-Son-Servera-3-584x438.jpeg\">\n            <i class=\"houzez-icon icon-add-circle\"><\/i>\n            <!-- <i class=\"houzez-icon icon-subtract-circle\"><\/i> -->\n        <\/span><!-- item-tool-compare -->\n    <\/li><!-- item-tool -->\n    <\/ul><!-- item-tools -->\n\t\t\t\t<div class=\"listing-image-wrap\">\n\t<div class=\"listing-thumb\">\n\t\t<a target=\"_self\" href=\"https:\/\/www.mallorcaguru.es\/ca\/propietat\/xalet-en-venda-a-cala-bona-son-servera\/\" class=\"listing-featured-thumb hover-effect image-wrap\" role=\"link\">\n\t\t\t<img loading=\"lazy\" decoding=\"async\" width=\"584\" height=\"438\" src=\"https:\/\/www.mallorcaguru.es\/wp-content\/smush-avif\/2025\/06\/Villa-For-Sale-in-Cala-Bona-Son-Servera-3-584x438.jpeg.avif\" class=\"img-fluid wp-post-image\" alt=\"Xalet en venda a Cala Bona Son Servera\" data-smush-avif-fallback=\"{&quot;src&quot;:&quot;https:\\\/\\\/www.mallorcaguru.es\\\/wp-content\\\/uploads\\\/2025\\\/06\\\/Villa-For-Sale-in-Cala-Bona-Son-Servera-3-584x438.jpeg&quot;}\" \/>\t\t<\/a><!-- hover-effect -->\n\t<\/div>\n<\/div>\t\t\t\t<div class=\"preview_loader\"><\/div>\n\t\t\t<\/div>\n\t\t\t<div class=\"item-body w-100 flex-fill\">\n\t\t\t\t<ul class=\"item-amenities item-amenities-with-icons mb-2\">\n\t\t\t\t\t<li class=\"h-type d-flex w-100\" role=\"listitem\"><span>Xalet<\/span><\/li>\t\t\t\t<\/ul>\n\t\t\t\t<ul class=\"item-price-wrap d-flex align-items-end gap-3\" role=\"list\">\n\t\t\t\t\t<li class=\"item-price\"><span class=\"price\">1,090,000\u20ac<\/span><span class=\"price-postfix\"><\/span><\/li>\t\t\t\t<\/ul>\n\t\t\t\t<h2 class=\"item-title mb-2 \">\n\t<a target=\"_self\" href=\"https:\/\/www.mallorcaguru.es\/ca\/propietat\/xalet-en-venda-a-cala-bona-son-servera\/\" role=\"link\">Xalet en venda a Cala Bona Son Servera<\/a>\n<\/h2><!-- item-title -->\t\t\t\t<address class=\"item-address mb-2\"><i class=\"houzez-icon icon-pin me-1\" aria-hidden=\"true\"><\/i><span>Carrer de ses Juanetas, Son Servera, Spain<\/span><\/address>\t\t\t\t<ul class=\"item-amenities item-amenities-with-icons d-flex flex-wrap align-items-center gap-2\" role=\"list\">\n\t<li class=\"h-property-id me-1\"><i class=\"houzez-icon icon-tags me-2\"><\/i><span class=\"item-amenities-text\">ID:<\/span> <span class=\"hz-figure\">890<\/span><\/li><li class=\"h-beds d-flex align-items-center me-1\"><i class=\"houzez-icon icon-hotel-double-bed-1 me-2\"><\/i><span class=\"item-amenities-text\">Dorm:<\/span> <span class=\"hz-figure\">5<\/span><\/li><li class=\"h-baths d-flex align-items-center me-1\"><i class=\"houzez-icon icon-bathroom-shower-1 me-2\"><\/i><span class=\"item-amenities-text\">Banys:<\/span> <span class=\"hz-figure\">3<\/span><\/li><li class=\"h-area d-flex align-items-center me-1\"><i class=\"houzez-icon icon-ruler-triangle me-2\"><\/i><span class=\"hz-figure me-1\">511<\/span> <span class=\"hz-figure area_postfix\">m\u00b2<\/span><\/li><\/ul>\t\t\t<\/div>\n\t\t\t<div class=\"item-footer items-btns-count-3\">\n\t\t\t\t<div class=\"item-buttons-wrap d-flex justify-content-between gap-2\">\n\t\t\t\t\t\t\t\t<button type=\"button\" class=\"hz-call-popup-js btn btn-primary-outlined btn-item px-2 d-flex align-items-center justify-content-center flex-fill gap-1\" data-bs-toggle=\"modal\" data-model-id=\"call-action-229936-tEI29\">\n\t\t\t\t<i class=\"houzez-icon icon-phone-actions-ring\"><\/i> Trucada\t\t\t<\/button>\n\t\t \t\t\t\t<button type=\"button\" class=\"hz-email-popup-js btn btn-primary-outlined btn-item px-2 d-flex align-items-center justify-content-center flex-fill gap-1\" data-bs-toggle=\"modal\" data-model-id=\"email-popup-229936-tEI29\">\n\t\t\t\t<i class=\"houzez-icon icon-envelope\"><\/i> Email\t\t\t<\/button>\n\t\t\t\t\t\t<a class=\"btn btn-primary-outlined btn-item px-2 d-flex align-items-center justify-content-center flex-fill gap-1\" target=\"_blank\" href=\"https:\/\/api.whatsapp.com\/send?phone=+34667515185&text=Hola, m'interessa [Xalet en venda a Cala Bona Son Servera] https:\/\/www.mallorcaguru.es\/ca\/propietat\/xalet-en-venda-a-cala-bona-son-servera\/\">\n\t\t\t\t<i class=\"houzez-icon icon-messaging-whatsapp\"><\/i> <span class=\"d-none d-md-block\">WhatsApp <\/span>\n\t\t\t<\/a>\n\t\t\t\t\t\t\t<\/div>\n\t\t\t<\/div>\n\t\t<\/div>\n\t<\/div>\n\t<div class=\"modal fade modal-phone-number\" id=\"call-action-229936-tEI29\" tabindex=\"-1\" aria-labelledby=\"phoneNumberModalLabel\" aria-hidden=\"true\">\n    <div class=\"modal-dialog\" role=\"document\">\n        <div class=\"modal-content\">\n            <div class=\"modal-header\">\n                <h5 class=\"modal-title\" id=\"phoneNumberModalLabel\">Contacta&#039;ns<\/h5>\n                <button type=\"button\" class=\"btn-close\" data-bs-dismiss=\"modal\" aria-label=\"Tancar\"><\/button>\n            <\/div><!-- modal-header -->\n            <div class=\"modal-body\">\n                <p class=\"modal-body-phone-number-text\">\n                    Please quote property reference<br>\n\n                    <strong>Mallorca Property Guru - 890<\/strong>\n                <\/p>\n                <p class=\"modal-body-phone-number-number\">\n                     <a class=\"btn btn-primary-outlined\" href=\"tel:+34667515185\"><i class=\"houzez-icon icon-phone-actions-ring\"><\/i> +34 667 515 185<\/a>\n                <\/p>\n            <\/div><!-- modal-body -->\n        <\/div><!-- modal-content -->\n    <\/div><!-- modal-dialog -->\n<\/div><!-- login-register-form -->\n\t<div class=\"modal fade mobile-property-form\" id=\"email-popup-229936-tEI29\">\n    <div class=\"modal-dialog\" role=\"document\">\n        <div class=\"modal-content\">\n            <div class=\"modal-header\">\n                <h5 class=\"modal-title\" id=\"phoneNumberModalLabel\">Contact me<\/h5>\n                <button type=\"button\" class=\"btn-close\" data-bs-dismiss=\"modal\" aria-label=\"Close\"><\/button>\n            <\/div><!-- modal-header -->\n            <div class=\"modal-body\">\n                <div class=\"property-form-wrap border-none\">\n                                    <div class=\"property-form\">\n                        <form method=\"post\" action=\"#\">\n                            \n                            <div class=\"agent-details\" role=\"region\"><div class=\"d-flex align-items-center gap-3\"><div class=\"agent-image\" role=\"img\"><img decoding=\"async\" class=\"rounded\" src=\"https:\/\/www.mallorcaguru.es\/wp-content\/smush-avif\/2022\/03\/Mallorca-Property-Guru-Logo-2025-150x150.png.avif\" alt=\"Mallorca Property Guru Carmen Dols Bastard\" width=\"70\" height=\"70\" loading=\"lazy\" data-smush-avif-fallback=\"{&quot;src&quot;:&quot;https:\\\/\\\/www.mallorcaguru.es\\\/wp-content\\\/uploads\\\/2022\\\/03\\\/Mallorca-Property-Guru-Logo-2025-150x150.png&quot;}\"><span class=\"badge btn-secondary agent-verified-icon\"><i class=\"houzez-icon icon-check-circle-1\"><\/i><\/span><\/div><ul class=\"agent-information list-unstyled mb-0\" role=\"list\"><li class=\"agent-name\" role=\"listitem\"><i class=\"houzez-icon icon-single-neutral me-1\"><\/i> Mallorca Property Guru Carmen Dols Bastard<\/li><\/ul><\/div><\/div>\n                                                        <div class=\"form-group mb-2 mt-3\">\n                                <input class=\"form-control\" name=\"name\" value=\"\" type=\"text\" placeholder=\"Nom\">\n                            <\/div><!-- form-group -->\n                            \n                                \n                            <div class=\"form-group mb-2\">\n                                <input class=\"form-control\" name=\"mobile\" value=\"\" type=\"text\" placeholder=\"Tel\u00e8fon\">\n                            <\/div><!-- form-group -->\n                            \n                            <div class=\"form-group mb-2\">\n                                <input class=\"form-control\" name=\"email\" value=\"\" type=\"email\" placeholder=\"Correu electr\u00f2nic\">\n                            <\/div><!-- form-group -->\n\n                              \n                            <div class=\"form-group form-group-textarea mb-2\">\n                                <textarea class=\"form-control hz-form-message\" name=\"message\" rows=\"4\" placeholder=\"Missatge\">Hola, m'interessa [Xalet en venda a Cala Bona Son Servera]<\/textarea>\n                            <\/div><!-- form-group -->   \n                            \n                            \n                                                        <div class=\"form-group my-3\">\n                                <label class=\"control control--checkbox m-0 p-0 hz-no-gdpr-checkbox\">\n                                                                        <div class=\"gdpr-text-wrap\">\n                                        En enviar aquest formulari accepto <a target=\"_blank\" href=\"https:\/\/www.mallorcaguru.es\/ca\/termes-i-condicions\/\">Condicions d'\u00fas<\/a>\n                                    <\/div>\n                                <\/label>\n                            <\/div><!-- form-group -->   \n                                  \n                        \n                                                            <input type=\"hidden\" name=\"target_email\" value=\"&#99;&#97;rm&#101;&#110;&#64;&#109;all&#111;&#114;ca&#103;ur&#117;&#46;e&#115;\">\n                                                        <input type=\"hidden\" name=\"property_agent_contact_security\" value=\"a50bbda332\"\/>\n                            <input type=\"hidden\" name=\"property_permalink\" value=\"https:\/\/www.mallorcaguru.es\/ca\/propietat\/xalet-en-venda-a-cala-bona-son-servera\/\"\/>\n                            <input type=\"hidden\" name=\"property_title\" value=\"Xalet en venda a Cala Bona Son Servera\"\/>\n                            <input type=\"hidden\" name=\"property_id\" value=\"890\"\/>\n                            <input type=\"hidden\" name=\"action\" value=\"houzez_property_agent_contact\">\n                            <input type=\"hidden\" name=\"listing_id\" value=\"229936\">\n                            <input type=\"hidden\" name=\"is_listing_form\" value=\"yes\">\n                            <input type=\"hidden\" name=\"agent_id\" value=\"6097\">\n                            <input type=\"hidden\" name=\"agent_type\" value=\"agent_info\">\n\n                                                        <div class=\"form_messages\"><\/div>\n                            <button type=\"button\" class=\"houzez_agent_property_form btn btn-secondary w-100\">\n                                <span class=\"houzez-loader-js houzez-hidden spinner-border spinner-border-sm\" aria-hidden=\"true\"><\/span>                                Envia un correu                                \n                            <\/button>\n                            \n                        <\/form>\n                    <\/div><!-- property-form -->\n                    \n                            <\/div><!-- property-form-wrap -->\n\n    \n            <\/div>\n        <\/div>\n    <\/div>\n<\/div>\n<\/div>\n<div class=\"item-listing-wrap item-wrap-v9 hz-item-gallery-js hz-map-trigger\" data-hz-id=\"167776\" data-images=\"[{&quot;image&quot;:&quot;https:\\\/\\\/www.mallorcaguru.es\\\/wp-content\\\/smush-avif\\\/2025\\\/03\\\/Can-Corem-Country-House-15-584x438.jpg.avif&quot;,&quot;alt&quot;:&quot;Masia en venda a Ses Salines&quot;,&quot;width&quot;:584,&quot;height&quot;:438,&quot;srcset&quot;:&quot;https:\\\/\\\/www.mallorcaguru.es\\\/wp-content\\\/smush-avif\\\/2025\\\/03\\\/Can-Corem-Country-House-15-584x438.jpg.avif 584w, https:\\\/\\\/www.mallorcaguru.es\\\/wp-content\\\/smush-avif\\\/2025\\\/03\\\/Can-Corem-Country-House-15-300x225.jpg.avif 300w, https:\\\/\\\/www.mallorcaguru.es\\\/wp-content\\\/smush-avif\\\/2025\\\/03\\\/Can-Corem-Country-House-15-1024x768.jpg.avif 1024w, https:\\\/\\\/www.mallorcaguru.es\\\/wp-content\\\/smush-avif\\\/2025\\\/03\\\/Can-Corem-Country-House-15-768x576.jpg.avif 768w, https:\\\/\\\/www.mallorcaguru.es\\\/wp-content\\\/smush-avif\\\/2025\\\/03\\\/Can-Corem-Country-House-15-592x444.jpg.avif 592w, https:\\\/\\\/www.mallorcaguru.es\\\/wp-content\\\/smush-avif\\\/2025\\\/03\\\/Can-Corem-Country-House-15-800x600.jpg.avif 800w, https:\\\/\\\/www.mallorcaguru.es\\\/wp-content\\\/smush-avif\\\/2025\\\/03\\\/Can-Corem-Country-House-15-120x90.jpg.avif 120w, https:\\\/\\\/www.mallorcaguru.es\\\/wp-content\\\/smush-avif\\\/2025\\\/03\\\/Can-Corem-Country-House-15-496x372.jpg.avif 496w, https:\\\/\\\/www.mallorcaguru.es\\\/wp-content\\\/smush-avif\\\/2025\\\/03\\\/Can-Corem-Country-House-15.jpg.avif 1195w&quot;,&quot;sizes&quot;:&quot;(max-width: 584px) 100vw, 584px&quot;},{&quot;image&quot;:&quot;https:\\\/\\\/www.mallorcaguru.es\\\/wp-content\\\/smush-avif\\\/2025\\\/03\\\/Can-Corem-Country-House-11-584x438.jpg.avif&quot;,&quot;alt&quot;:&quot;Masia de Mallorca en venda a Ses Salines&quot;,&quot;width&quot;:584,&quot;height&quot;:438,&quot;srcset&quot;:&quot;https:\\\/\\\/www.mallorcaguru.es\\\/wp-content\\\/smush-avif\\\/2025\\\/03\\\/Can-Corem-Country-House-11-584x438.jpg.avif 584w, https:\\\/\\\/www.mallorcaguru.es\\\/wp-content\\\/smush-avif\\\/2025\\\/03\\\/Can-Corem-Country-House-11-300x225.jpg.avif 300w, https:\\\/\\\/www.mallorcaguru.es\\\/wp-content\\\/smush-avif\\\/2025\\\/03\\\/Can-Corem-Country-House-11-1024x768.jpg.avif 1024w, https:\\\/\\\/www.mallorcaguru.es\\\/wp-content\\\/smush-avif\\\/2025\\\/03\\\/Can-Corem-Country-House-11-768x576.jpg.avif 768w, https:\\\/\\\/www.mallorcaguru.es\\\/wp-content\\\/smush-avif\\\/2025\\\/03\\\/Can-Corem-Country-House-11-592x444.jpg.avif 592w, https:\\\/\\\/www.mallorcaguru.es\\\/wp-content\\\/smush-avif\\\/2025\\\/03\\\/Can-Corem-Country-House-11-800x600.jpg.avif 800w, https:\\\/\\\/www.mallorcaguru.es\\\/wp-content\\\/smush-avif\\\/2025\\\/03\\\/Can-Corem-Country-House-11-120x90.jpg.avif 120w, https:\\\/\\\/www.mallorcaguru.es\\\/wp-content\\\/smush-avif\\\/2025\\\/03\\\/Can-Corem-Country-House-11-496x372.jpg.avif 496w, https:\\\/\\\/www.mallorcaguru.es\\\/wp-content\\\/smush-avif\\\/2025\\\/03\\\/Can-Corem-Country-House-11.jpg.avif 1195w&quot;,&quot;sizes&quot;:&quot;(max-width: 584px) 100vw, 584px&quot;},{&quot;image&quot;:&quot;https:\\\/\\\/www.mallorcaguru.es\\\/wp-content\\\/smush-avif\\\/2025\\\/03\\\/Can-Corem-Country-House-23-584x438.jpg.avif&quot;,&quot;alt&quot;:&quot;Masia de Mallorca en venda a Ses Salines&quot;,&quot;width&quot;:584,&quot;height&quot;:438,&quot;srcset&quot;:&quot;https:\\\/\\\/www.mallorcaguru.es\\\/wp-content\\\/smush-avif\\\/2025\\\/03\\\/Can-Corem-Country-House-23-584x438.jpg.avif 584w, https:\\\/\\\/www.mallorcaguru.es\\\/wp-content\\\/smush-avif\\\/2025\\\/03\\\/Can-Corem-Country-House-23-300x225.jpg.avif 300w, https:\\\/\\\/www.mallorcaguru.es\\\/wp-content\\\/smush-avif\\\/2025\\\/03\\\/Can-Corem-Country-House-23-1024x768.jpg.avif 1024w, https:\\\/\\\/www.mallorcaguru.es\\\/wp-content\\\/smush-avif\\\/2025\\\/03\\\/Can-Corem-Country-House-23-768x576.jpg.avif 768w, https:\\\/\\\/www.mallorcaguru.es\\\/wp-content\\\/smush-avif\\\/2025\\\/03\\\/Can-Corem-Country-House-23-592x444.jpg.avif 592w, https:\\\/\\\/www.mallorcaguru.es\\\/wp-content\\\/smush-avif\\\/2025\\\/03\\\/Can-Corem-Country-House-23-800x600.jpg.avif 800w, https:\\\/\\\/www.mallorcaguru.es\\\/wp-content\\\/smush-avif\\\/2025\\\/03\\\/Can-Corem-Country-House-23-120x90.jpg.avif 120w, https:\\\/\\\/www.mallorcaguru.es\\\/wp-content\\\/smush-avif\\\/2025\\\/03\\\/Can-Corem-Country-House-23-496x372.jpg.avif 496w, https:\\\/\\\/www.mallorcaguru.es\\\/wp-content\\\/smush-avif\\\/2025\\\/03\\\/Can-Corem-Country-House-23.jpg.avif 1195w&quot;,&quot;sizes&quot;:&quot;(max-width: 584px) 100vw, 584px&quot;}]\">\n\t<div class=\"item-wrap item-wrap-no-frame h-100\">\n\t\t<div class=\"d-flex flex-column align-items-center h-100\">\n\t\t\t<div class=\"item-header\">\n\t\t\t\t<span class=\"label-featured label me-1\" role=\"status\">Destacats<\/span>\t\t\t\t<div class=\"labels-wrap d-flex align-items-center gap-1\" role=\"group\"> \n\n\t<a href=\"https:\/\/www.mallorcaguru.es\/ca\/estat\/a-la-venda-mallorca-espanya\/\" class=\"label-status label status-color-3530\">\n\t\t\t\t\tA la Venda\n\t\t\t\t<\/a><a href=\"https:\/\/www.mallorcaguru.es\/ca\/etiqueta\/projectes-de-reforma-amb-llicencia-en-venda-mallorca\/\" class=\"hz-label label label-color-3857\">\n\t\t\t\t\tProjectes de Reforma\n\t\t\t\t<\/a><a href=\"https:\/\/www.mallorcaguru.es\/ca\/etiqueta\/propietats-amb-vistes-al-mar-en-venda\/\" class=\"hz-label label label-color-3928\">\n\t\t\t\t\tPropietats amb vistes al mar en venda a Mallorca | Cases a la costa\n\t\t\t\t<\/a>       \n\n<\/div>\n\t\t\t\t<ul class=\"item-tools d-flex align-items-center justify-content-center gap-1\">\n        <li class=\"item-tool item-preview\">\n        <span class=\"hz-show-lightbox-js item-tool-preview text-center\" data-listid=\"167776\">\n            <span data-bs-toggle=\"tooltip\" data-bs-placement=\"top\" title=\"Previsualitza\">\n                <i class=\"houzez-icon icon-expand-3\"><\/i>   \n            <\/span>\n        <\/span><!-- item-tool-favorite -->\n    <\/li><!-- item-tool -->\n        \n        <li class=\"item-tool item-favorite\">\n        <span class=\"add-favorite-js item-tool-favorite text-center\" data-bs-toggle=\"tooltip\" data-bs-placement=\"top\" title=\"Preferit\" data-listid=\"167776\">\n            <i class=\"houzez-icon icon-love-it \"><\/i>\n        <\/span><!-- item-tool-favorite -->\n    <\/li><!-- item-tool -->\n    \n        <li class=\"item-tool item-compare\">\n        <span class=\"houzez_compare compare-167776 item-tool-compare text-center\" data-bs-toggle=\"tooltip\" data-bs-placement=\"top\" title=\"Afegeix per comparar\" data-listing_id=\"167776\" data-listing_image=\"https:\/\/www.mallorcaguru.es\/wp-content\/uploads\/2025\/03\/Can-Corem-Country-House-15-584x438.jpg\">\n            <i class=\"houzez-icon icon-add-circle\"><\/i>\n            <!-- <i class=\"houzez-icon icon-subtract-circle\"><\/i> -->\n        <\/span><!-- item-tool-compare -->\n    <\/li><!-- item-tool -->\n    <\/ul><!-- item-tools -->\n\t\t\t\t<div class=\"listing-image-wrap\">\n\t<div class=\"listing-thumb\">\n\t\t<a target=\"_self\" href=\"https:\/\/www.mallorcaguru.es\/ca\/propietat\/masia-en-venda-a-ses-salines\/\" class=\"listing-featured-thumb hover-effect image-wrap\" role=\"link\">\n\t\t\t<img loading=\"lazy\" decoding=\"async\" width=\"584\" height=\"438\" src=\"https:\/\/www.mallorcaguru.es\/wp-content\/smush-avif\/2025\/03\/Can-Corem-Country-House-15-584x438.jpg.avif\" class=\"img-fluid wp-post-image\" alt=\"Masia en venda a Ses Salines\" srcset=\"https:\/\/www.mallorcaguru.es\/wp-content\/smush-avif\/2025\/03\/Can-Corem-Country-House-15-584x438.jpg.avif 584w, https:\/\/www.mallorcaguru.es\/wp-content\/smush-avif\/2025\/03\/Can-Corem-Country-House-15-300x225.jpg.avif 300w, https:\/\/www.mallorcaguru.es\/wp-content\/smush-avif\/2025\/03\/Can-Corem-Country-House-15-1024x768.jpg.avif 1024w, https:\/\/www.mallorcaguru.es\/wp-content\/smush-avif\/2025\/03\/Can-Corem-Country-House-15-768x576.jpg.avif 768w, https:\/\/www.mallorcaguru.es\/wp-content\/smush-avif\/2025\/03\/Can-Corem-Country-House-15-592x444.jpg.avif 592w, https:\/\/www.mallorcaguru.es\/wp-content\/smush-avif\/2025\/03\/Can-Corem-Country-House-15-800x600.jpg.avif 800w, https:\/\/www.mallorcaguru.es\/wp-content\/smush-avif\/2025\/03\/Can-Corem-Country-House-15-120x90.jpg.avif 120w, https:\/\/www.mallorcaguru.es\/wp-content\/smush-avif\/2025\/03\/Can-Corem-Country-House-15-496x372.jpg.avif 496w, https:\/\/www.mallorcaguru.es\/wp-content\/smush-avif\/2025\/03\/Can-Corem-Country-House-15.jpg.avif 1195w\" sizes=\"auto, (max-width: 584px) 100vw, 584px\" data-smush-avif-fallback=\"{&quot;src&quot;:&quot;https:\\\/\\\/www.mallorcaguru.es\\\/wp-content\\\/uploads\\\/2025\\\/03\\\/Can-Corem-Country-House-15-584x438.jpg&quot;,&quot;srcset&quot;:&quot;https:\\\/\\\/www.mallorcaguru.es\\\/wp-content\\\/uploads\\\/2025\\\/03\\\/Can-Corem-Country-House-15-584x438.jpg 584w, https:\\\/\\\/www.mallorcaguru.es\\\/wp-content\\\/uploads\\\/2025\\\/03\\\/Can-Corem-Country-House-15-300x225.jpg 300w, https:\\\/\\\/www.mallorcaguru.es\\\/wp-content\\\/uploads\\\/2025\\\/03\\\/Can-Corem-Country-House-15-1024x768.jpg 1024w, https:\\\/\\\/www.mallorcaguru.es\\\/wp-content\\\/uploads\\\/2025\\\/03\\\/Can-Corem-Country-House-15-768x576.jpg 768w, https:\\\/\\\/www.mallorcaguru.es\\\/wp-content\\\/uploads\\\/2025\\\/03\\\/Can-Corem-Country-House-15-592x444.jpg 592w, https:\\\/\\\/www.mallorcaguru.es\\\/wp-content\\\/uploads\\\/2025\\\/03\\\/Can-Corem-Country-House-15-800x600.jpg 800w, https:\\\/\\\/www.mallorcaguru.es\\\/wp-content\\\/uploads\\\/2025\\\/03\\\/Can-Corem-Country-House-15-120x90.jpg 120w, https:\\\/\\\/www.mallorcaguru.es\\\/wp-content\\\/uploads\\\/2025\\\/03\\\/Can-Corem-Country-House-15-496x372.jpg 496w, https:\\\/\\\/www.mallorcaguru.es\\\/wp-content\\\/uploads\\\/2025\\\/03\\\/Can-Corem-Country-House-15.jpg 1195w&quot;}\" \/>\t\t<\/a><!-- hover-effect -->\n\t<\/div>\n<\/div>\t\t\t\t<div class=\"preview_loader\"><\/div>\n\t\t\t<\/div>\n\t\t\t<div class=\"item-body w-100 flex-fill\">\n\t\t\t\t<ul class=\"item-amenities item-amenities-with-icons mb-2\">\n\t\t\t\t\t<li class=\"h-type d-flex w-100\" role=\"listitem\"><span>Finca<\/span><\/li>\t\t\t\t<\/ul>\n\t\t\t\t<ul class=\"item-price-wrap d-flex align-items-end gap-3\" role=\"list\">\n\t\t\t\t\t<li class=\"item-price\"><span class=\"price\">1,350,000\u20ac<\/span><span class=\"price-postfix\"><\/span><\/li>\t\t\t\t<\/ul>\n\t\t\t\t<h2 class=\"item-title mb-2 \">\n\t<a target=\"_self\" href=\"https:\/\/www.mallorcaguru.es\/ca\/propietat\/masia-en-venda-a-ses-salines\/\" role=\"link\">Masia En Venda a Ses Salines<\/a>\n<\/h2><!-- item-title -->\t\t\t\t<address class=\"item-address mb-2\"><i class=\"houzez-icon icon-pin me-1\" aria-hidden=\"true\"><\/i><span>Sa Carrotja, carrer de Sa Carrotja, ses Salines, Migjorn, Illes Balears, 07640, Espa\u00f1a<\/span><\/address>\t\t\t\t<ul class=\"item-amenities item-amenities-with-icons d-flex flex-wrap align-items-center gap-2\" role=\"list\">\n\t<li class=\"h-property-id me-1\"><i class=\"houzez-icon icon-tags me-2\"><\/i><span class=\"item-amenities-text\">ID:<\/span> <span class=\"hz-figure\">778<\/span><\/li><li class=\"h-beds d-flex align-items-center me-1\"><i class=\"houzez-icon icon-hotel-double-bed-1 me-2\"><\/i><span class=\"item-amenities-text\">Dorm:<\/span> <span class=\"hz-figure\">5<\/span><\/li><li class=\"h-baths d-flex align-items-center me-1\"><i class=\"houzez-icon icon-bathroom-shower-1 me-2\"><\/i><span class=\"item-amenities-text\">Banys:<\/span> <span class=\"hz-figure\">4<\/span><\/li><li class=\"h-area d-flex align-items-center me-1\"><i class=\"houzez-icon icon-ruler-triangle me-2\"><\/i><span class=\"hz-figure me-1\">362<\/span> <span class=\"hz-figure area_postfix\">m\u00b2<\/span><\/li><\/ul>\t\t\t<\/div>\n\t\t\t<div class=\"item-footer items-btns-count-3\">\n\t\t\t\t<div class=\"item-buttons-wrap d-flex justify-content-between gap-2\">\n\t\t\t\t\t\t\t\t<button type=\"button\" class=\"hz-call-popup-js btn btn-primary-outlined btn-item px-2 d-flex align-items-center justify-content-center flex-fill gap-1\" data-bs-toggle=\"modal\" data-model-id=\"call-action-167776-Bj6nd\">\n\t\t\t\t<i class=\"houzez-icon icon-phone-actions-ring\"><\/i> Trucada\t\t\t<\/button>\n\t\t \t\t\t\t<button type=\"button\" class=\"hz-email-popup-js btn btn-primary-outlined btn-item px-2 d-flex align-items-center justify-content-center flex-fill gap-1\" data-bs-toggle=\"modal\" data-model-id=\"email-popup-167776-Bj6nd\">\n\t\t\t\t<i class=\"houzez-icon icon-envelope\"><\/i> Email\t\t\t<\/button>\n\t\t\t\t\t\t<a class=\"btn btn-primary-outlined btn-item px-2 d-flex align-items-center justify-content-center flex-fill gap-1\" target=\"_blank\" href=\"https:\/\/api.whatsapp.com\/send?phone=+34671798832&text=Hola, m'interessa [Masia En Venda a Ses Salines] https:\/\/www.mallorcaguru.es\/ca\/propietat\/masia-en-venda-a-ses-salines\/\">\n\t\t\t\t<i class=\"houzez-icon icon-messaging-whatsapp\"><\/i> <span class=\"d-none d-md-block\">WhatsApp <\/span>\n\t\t\t<\/a>\n\t\t\t\t\t\t\t<\/div>\n\t\t\t<\/div>\n\t\t<\/div>\n\t<\/div>\n\t<div class=\"modal fade modal-phone-number\" id=\"call-action-167776-Bj6nd\" tabindex=\"-1\" aria-labelledby=\"phoneNumberModalLabel\" aria-hidden=\"true\">\n    <div class=\"modal-dialog\" role=\"document\">\n        <div class=\"modal-content\">\n            <div class=\"modal-header\">\n                <h5 class=\"modal-title\" id=\"phoneNumberModalLabel\">Contacta&#039;ns<\/h5>\n                <button type=\"button\" class=\"btn-close\" data-bs-dismiss=\"modal\" aria-label=\"Tancar\"><\/button>\n            <\/div><!-- modal-header -->\n            <div class=\"modal-body\">\n                <p class=\"modal-body-phone-number-text\">\n                    Please quote property reference<br>\n\n                    <strong>Mallorca Property Guru - 778<\/strong>\n                <\/p>\n                <p class=\"modal-body-phone-number-number\">\n                     <a class=\"btn btn-primary-outlined\" href=\"tel:+34671798832\"><i class=\"houzez-icon icon-phone-actions-ring\"><\/i> +34 671 798 832<\/a>\n                <\/p>\n            <\/div><!-- modal-body -->\n        <\/div><!-- modal-content -->\n    <\/div><!-- modal-dialog -->\n<\/div><!-- login-register-form -->\n\t<div class=\"modal fade mobile-property-form\" id=\"email-popup-167776-Bj6nd\">\n    <div class=\"modal-dialog\" role=\"document\">\n        <div class=\"modal-content\">\n            <div class=\"modal-header\">\n                <h5 class=\"modal-title\" id=\"phoneNumberModalLabel\">Contact me<\/h5>\n                <button type=\"button\" class=\"btn-close\" data-bs-dismiss=\"modal\" aria-label=\"Close\"><\/button>\n            <\/div><!-- modal-header -->\n            <div class=\"modal-body\">\n                <div class=\"property-form-wrap border-none\">\n                                    <div class=\"property-form\">\n                        <form method=\"post\" action=\"#\">\n                            \n                            <div class=\"agent-details\" role=\"region\"><div class=\"d-flex align-items-center gap-3\"><div class=\"agent-image\" role=\"img\"><img loading=\"lazy\" decoding=\"async\" class=\"rounded\" src=\"https:\/\/www.mallorcaguru.es\/wp-content\/smush-avif\/2022\/03\/Mallorca-Property-Guru-Logo-2025-150x150.png.avif\" alt=\"Mallorca Property Guru Saionara Jackson\" width=\"70\" height=\"70\" data-smush-avif-fallback=\"{&quot;src&quot;:&quot;https:\\\/\\\/www.mallorcaguru.es\\\/wp-content\\\/uploads\\\/2022\\\/03\\\/Mallorca-Property-Guru-Logo-2025-150x150.png&quot;}\"><span class=\"badge btn-secondary agent-verified-icon\"><i class=\"houzez-icon icon-check-circle-1\"><\/i><\/span><\/div><ul class=\"agent-information list-unstyled mb-0\" role=\"list\"><li class=\"agent-name\" role=\"listitem\"><i class=\"houzez-icon icon-single-neutral me-1\"><\/i> Mallorca Property Guru Saionara Jackson<\/li><\/ul><\/div><\/div>\n                                                        <div class=\"form-group mb-2 mt-3\">\n                                <input class=\"form-control\" name=\"name\" value=\"\" type=\"text\" placeholder=\"Nom\">\n                            <\/div><!-- form-group -->\n                            \n                                \n                            <div class=\"form-group mb-2\">\n                                <input class=\"form-control\" name=\"mobile\" value=\"\" type=\"text\" placeholder=\"Tel\u00e8fon\">\n                            <\/div><!-- form-group -->\n                            \n                            <div class=\"form-group mb-2\">\n                                <input class=\"form-control\" name=\"email\" value=\"\" type=\"email\" placeholder=\"Correu electr\u00f2nic\">\n                            <\/div><!-- form-group -->\n\n                              \n                            <div class=\"form-group form-group-textarea mb-2\">\n                                <textarea class=\"form-control hz-form-message\" name=\"message\" rows=\"4\" placeholder=\"Missatge\">Hola, m'interessa [Masia En Venda a Ses Salines]<\/textarea>\n                            <\/div><!-- form-group -->   \n                            \n                            \n                                                        <div class=\"form-group my-3\">\n                                <label class=\"control control--checkbox m-0 p-0 hz-no-gdpr-checkbox\">\n                                                                        <div class=\"gdpr-text-wrap\">\n                                        En enviar aquest formulari accepto <a target=\"_blank\" href=\"https:\/\/www.mallorcaguru.es\/ca\/termes-i-condicions\/\">Condicions d'\u00fas<\/a>\n                                    <\/div>\n                                <\/label>\n                            <\/div><!-- form-group -->   \n                                  \n                        \n                                                            <input type=\"hidden\" name=\"target_email\" value=\"s&#97;&#105;&#111;n&#97;r&#97;&#64;ma&#108;&#108;o&#114;&#99;ag&#117;r&#117;&#46;es\">\n                                                        <input type=\"hidden\" name=\"property_agent_contact_security\" value=\"a50bbda332\"\/>\n                            <input type=\"hidden\" name=\"property_permalink\" value=\"https:\/\/www.mallorcaguru.es\/ca\/propietat\/masia-en-venda-a-ses-salines\/\"\/>\n                            <input type=\"hidden\" name=\"property_title\" value=\"Masia En Venda a Ses Salines\"\/>\n                            <input type=\"hidden\" name=\"property_id\" value=\"778\"\/>\n                            <input type=\"hidden\" name=\"action\" value=\"houzez_property_agent_contact\">\n                            <input type=\"hidden\" name=\"listing_id\" value=\"167776\">\n                            <input type=\"hidden\" name=\"is_listing_form\" value=\"yes\">\n                            <input type=\"hidden\" name=\"agent_id\" value=\"4996\">\n                            <input type=\"hidden\" name=\"agent_type\" value=\"agent_info\">\n\n                                                        <div class=\"form_messages\"><\/div>\n                            <button type=\"button\" class=\"houzez_agent_property_form btn btn-secondary w-100\">\n                                <span class=\"houzez-loader-js houzez-hidden spinner-border spinner-border-sm\" aria-hidden=\"true\"><\/span>                                Envia un correu                                \n                            <\/button>\n                            \n                        <\/form>\n                    <\/div><!-- property-form -->\n                    \n                            <\/div><!-- property-form-wrap -->\n\n    \n            <\/div>\n        <\/div>\n    <\/div>\n<\/div>\n<\/div>\n        <\/div><!-- listing-view -->\n\n                <div id=\"fave-pagination-loadmore\" class=\"load-more-wrap mb-4 fave-load-more\">\n            <a class=\"btn btn-load-more btn-primary-outlined\"\n               data-pagination_type=\"loadmore\"\n               data-paged=\"2\" \n               data-posts_limit=\"12\" \n               data-card=\"v7\" \n               data-property_type=\"\" data-property_status=\"real-estate-for-sale-mallorca\" data-property_country=\"\" data-property_state=\"\" data-property_city=\"\" data-property_area=\"\" data-property_label=\"sea-view-properties-for-sale-in-mallorca\" data-property_ids=\"\" data-property_id=\"\" data-houzez_user_role=\"\" data-featured_prop=\"\" data-sort_by=\"\" data-offset=\"\" data-post_status=\"publish\" data-min_price=\"\" data-max_price=\"\" data-min_beds=\"\" data-max_beds=\"\" data-min_baths=\"\" data-max_baths=\"\" data-properties_by_agents=\"\" data-properties_by_agencies=\"\" data-hide_date=\"1\" data-nav_position=\"\"             >\n            <span class=\"houzez-loader-js houzez-hidden spinner-border spinner-border-sm\" aria-hidden=\"true\"><\/span>Carrega m\u00e9s  \n            <\/a>\n        <\/div>\n            <\/div><!-- property-grid-module -->\n    \t\t\t\t<\/div>\n\t\t\t\t<\/div>\n\t\t\t\t\t<\/div>\n\t\t<\/div>\n\t\t\t\t\t<\/div>\n\t\t<\/section>\n\t\t\t\t<\/div>\n\t\t","protected":false},"excerpt":{"rendered":"<p>Propietats amb vistes al mar en venda a Mallorca Tenir una propietat a Mallorca amb vistes al mar \u00e9s un somni per a molts compradors, i amb ra\u00f3. L\u2019illa ofereix una gran varietat d\u2019opcions immobiliaris: des de finques tradicionals amb vistes llunyanes al mar fins a apartaments urbans moderns amb vista sobre la badia de [&hellip;]<\/p>\n","protected":false},"author":1,"featured_media":290717,"parent":0,"menu_order":0,"comment_status":"closed","ping_status":"closed","template":"elementor_header_footer","meta":{"footnotes":""},"categories":[3923],"tags":[],"class_list":["post-290892","page","type-page","status-publish","has-post-thumbnail","hentry","category-pagines-immobiliaries"],"_links":{"self":[{"href":"https:\/\/www.mallorcaguru.es\/ca\/wp-json\/wp\/v2\/pages\/290892","targetHints":{"allow":["GET"]}}],"collection":[{"href":"https:\/\/www.mallorcaguru.es\/ca\/wp-json\/wp\/v2\/pages"}],"about":[{"href":"https:\/\/www.mallorcaguru.es\/ca\/wp-json\/wp\/v2\/types\/page"}],"author":[{"embeddable":true,"href":"https:\/\/www.mallorcaguru.es\/ca\/wp-json\/wp\/v2\/users\/1"}],"replies":[{"embeddable":true,"href":"https:\/\/www.mallorcaguru.es\/ca\/wp-json\/wp\/v2\/comments?post=290892"}],"version-history":[{"count":0,"href":"https:\/\/www.mallorcaguru.es\/ca\/wp-json\/wp\/v2\/pages\/290892\/revisions"}],"wp:featuredmedia":[{"embeddable":true,"href":"https:\/\/www.mallorcaguru.es\/ca\/wp-json\/wp\/v2\/media\/290717"}],"wp:attachment":[{"href":"https:\/\/www.mallorcaguru.es\/ca\/wp-json\/wp\/v2\/media?parent=290892"}],"wp:term":[{"taxonomy":"category","embeddable":true,"href":"https:\/\/www.mallorcaguru.es\/ca\/wp-json\/wp\/v2\/categories?post=290892"},{"taxonomy":"post_tag","embeddable":true,"href":"https:\/\/www.mallorcaguru.es\/ca\/wp-json\/wp\/v2\/tags?post=290892"}],"curies":[{"name":"wp","href":"https:\/\/api.w.org\/{rel}","templated":true}]}}