{"id":4827,"date":"2016-03-16T19:50:28","date_gmt":"2016-03-16T18:50:28","guid":{"rendered":"https:\/\/www.mallorcaguru.es\/contacte\/"},"modified":"2026-01-20T14:53:33","modified_gmt":"2026-01-20T13:53:33","slug":"contacte-mallorca-property-guru","status":"publish","type":"page","link":"https:\/\/www.mallorcaguru.es\/ca\/contacte-mallorca-property-guru\/","title":{"rendered":"Contacte Mallorca Property Guru"},"content":{"rendered":"\t\t<div data-elementor-type=\"wp-post\" data-elementor-id=\"4827\" class=\"elementor elementor-4827 elementor-1100\" data-elementor-post-type=\"page\">\n\t\t\t\t\t\t<section class=\"elementor-section elementor-top-section elementor-element elementor-element-6d834ca0 elementor-section-boxed elementor-section-height-default elementor-section-height-default\" data-id=\"6d834ca0\" data-element_type=\"section\" data-e-type=\"section\">\n\t\t\t\t\t\t<div class=\"elementor-container elementor-column-gap-default\">\n\t\t\t\t\t<div class=\"elementor-column elementor-col-50 elementor-top-column elementor-element elementor-element-3987d9c8\" data-id=\"3987d9c8\" data-element_type=\"column\" data-e-type=\"column\">\n\t\t\t<div class=\"elementor-widget-wrap elementor-element-populated\">\n\t\t\t\t\t\t<div class=\"elementor-element elementor-element-ce1f23d elementor-widget elementor-widget-spacer\" data-id=\"ce1f23d\" data-element_type=\"widget\" data-e-type=\"widget\" data-widget_type=\"spacer.default\">\n\t\t\t\t<div class=\"elementor-widget-container\">\n\t\t\t\t\t\t\t<div class=\"elementor-spacer\">\n\t\t\t<div class=\"elementor-spacer-inner\"><\/div>\n\t\t<\/div>\n\t\t\t\t\t\t<\/div>\n\t\t\t\t<\/div>\n\t\t\t\t<div class=\"elementor-element elementor-element-3b2d6e7 elementor-widget elementor-widget-spacer\" data-id=\"3b2d6e7\" data-element_type=\"widget\" data-e-type=\"widget\" data-widget_type=\"spacer.default\">\n\t\t\t\t<div class=\"elementor-widget-container\">\n\t\t\t\t\t\t\t<div class=\"elementor-spacer\">\n\t\t\t<div class=\"elementor-spacer-inner\"><\/div>\n\t\t<\/div>\n\t\t\t\t\t\t<\/div>\n\t\t\t\t<\/div>\n\t\t\t\t<div class=\"elementor-element elementor-element-f225d32 elementor-button-align-center elementor-widget elementor-widget-form\" data-id=\"f225d32\" data-element_type=\"widget\" data-e-type=\"widget\" data-settings=\"{&quot;step_next_label&quot;:&quot;Seg\\u00fcent&quot;,&quot;step_previous_label&quot;:&quot;Anterior&quot;,&quot;button_width&quot;:&quot;100&quot;,&quot;step_type&quot;:&quot;number_text&quot;,&quot;step_icon_shape&quot;:&quot;circle&quot;}\" data-widget_type=\"form.default\">\n\t\t\t\t<div class=\"elementor-widget-container\">\n\t\t\t\t\t\t\t<form class=\"elementor-form\" method=\"post\" id=\"contact_form_06042025\" name=\"Contact Page CAT\" aria-label=\"Contact Page CAT\">\n\t\t\t<input type=\"hidden\" name=\"post_id\" value=\"4827\"\/>\n\t\t\t<input type=\"hidden\" name=\"form_id\" value=\"f225d32\"\/>\n\t\t\t<input type=\"hidden\" name=\"referer_title\" value=\"Contacte Mallorca Property Guru - Mallorca Property Guru\" \/>\n\n\t\t\t\t\t\t\t<input type=\"hidden\" name=\"queried_id\" value=\"4827\"\/>\n\t\t\t\n\t\t\t<div class=\"elementor-form-fields-wrapper elementor-labels-above\">\n\t\t\t\t\t\t\t\t<div class=\"elementor-field-type-text elementor-field-group elementor-column elementor-field-group-name elementor-col-100 elementor-field-required elementor-mark-required\">\n\t\t\t\t\t\t\t\t\t\t\t\t<label for=\"form-field-name\" class=\"elementor-field-label\">\n\t\t\t\t\t\t\t\tNom\t\t\t\t\t\t\t<\/label>\n\t\t\t\t\t\t\t\t\t\t\t\t\t\t<input size=\"1\" type=\"text\" name=\"form_fields[name]\" id=\"form-field-name\" class=\"elementor-field elementor-size-sm  elementor-field-textual\" placeholder=\"Nom\" required=\"required\">\n\t\t\t\t\t\t\t\t\t\t\t<\/div>\n\t\t\t\t\t\t\t\t<div class=\"elementor-field-type-email elementor-field-group elementor-column elementor-field-group-email elementor-col-100 elementor-field-required elementor-mark-required\">\n\t\t\t\t\t\t\t\t\t\t\t\t<label for=\"form-field-email\" class=\"elementor-field-label\">\n\t\t\t\t\t\t\t\tCorreu electr\u00f2nic\t\t\t\t\t\t\t<\/label>\n\t\t\t\t\t\t\t\t\t\t\t\t\t\t<input size=\"1\" type=\"email\" name=\"form_fields[email]\" id=\"form-field-email\" class=\"elementor-field elementor-size-sm  elementor-field-textual\" placeholder=\"Correu electr\u00f2nic\" required=\"required\">\n\t\t\t\t\t\t\t\t\t\t\t<\/div>\n\t\t\t\t\t\t\t\t<div class=\"elementor-field-type-textarea elementor-field-group elementor-column elementor-field-group-message elementor-col-100 elementor-field-required elementor-mark-required\">\n\t\t\t\t\t\t\t\t\t\t\t\t<label for=\"form-field-message\" class=\"elementor-field-label\">\n\t\t\t\t\t\t\t\tMissatge\t\t\t\t\t\t\t<\/label>\n\t\t\t\t\t\t<textarea class=\"elementor-field-textual elementor-field  elementor-size-sm\" name=\"form_fields[message]\" id=\"form-field-message\" rows=\"8\" placeholder=\"Missatge\" required=\"required\"><\/textarea>\t\t\t\t<\/div>\n\t\t\t\t\t\t\t\t<div class=\"elementor-field-type-recaptcha_v3 elementor-field-group elementor-column elementor-field-group-field_ef59102 elementor-col-100 recaptcha_v3-inline\">\n\t\t\t\t\t<div class=\"elementor-field\" id=\"form-field-field_ef59102\"><div class=\"elementor-g-recaptcha\" data-sitekey=\"6LfB2wsrAAAAAKxW-7DAZzyFvPSFGz6YuwjeIhdo\" data-type=\"v3\" data-action=\"Form\" data-badge=\"inline\" data-size=\"invisible\"><\/div><\/div>\t\t\t\t<\/div>\n\t\t\t\t\t\t\t\t<div class=\"elementor-field-group elementor-column elementor-field-type-submit elementor-col-100 e-form__buttons\">\n\t\t\t\t\t<button class=\"elementor-button elementor-size-sm\" type=\"submit\" id=\"send-contact-page\">\n\t\t\t\t\t\t<span class=\"elementor-button-content-wrapper\">\n\t\t\t\t\t\t\t\t\t\t\t\t\t\t\t\t\t\t\t\t\t\t<span class=\"elementor-button-text\">Envieu<\/span>\n\t\t\t\t\t\t\t\t\t\t\t\t\t<\/span>\n\t\t\t\t\t<\/button>\n\t\t\t\t<\/div>\n\t\t\t<\/div>\n\t\t<\/form>\n\t\t\t\t\t\t<\/div>\n\t\t\t\t<\/div>\n\t\t\t\t\t<\/div>\n\t\t<\/div>\n\t\t\t\t<div class=\"elementor-column elementor-col-50 elementor-top-column elementor-element elementor-element-4f150150\" data-id=\"4f150150\" data-element_type=\"column\" data-e-type=\"column\">\n\t\t\t<div class=\"elementor-widget-wrap elementor-element-populated\">\n\t\t\t\t\t\t<div class=\"elementor-element elementor-element-7aaaab76 elementor-widget elementor-widget-text-editor\" data-id=\"7aaaab76\" data-element_type=\"widget\" data-e-type=\"widget\" data-widget_type=\"text-editor.default\">\n\t\t\t\t<div class=\"elementor-widget-container\">\n\t\t\t\t\t\t\t\t\t<h2><strong><span style=\"font-size: 14pt;\"> Contacte Mallorca Property Guru<\/span><\/strong><\/h2>\n<p><span style=\"font-size: 12pt;\">Agent immobiliari a Mallorca Espanya<\/span><\/p>\n<h2><span style=\"font-size: 14pt;\"><strong>Veneu la vostra propietat?<\/strong><\/span><\/h2>\n<p><span style=\"font-size: 12pt;\"><strong>Anuncieu la vostra propietat amb nosaltres.<\/strong><\/span><\/p>\n<p><span style=\"font-size: 12pt;\">Les nostres propietats s\u2019anuncien en 13 idiomes amb totes les caracter\u00edstiques essencials de la vostra propietat tradu\u00efdes a 13 idiomes.<\/span><\/p>\n<p><span style=\"font-size: 12pt;\">Promocionem la vostra propietat a mercats internacionals en espanyol catal\u00e0 franc\u00e8s portugu\u00e8s itali\u00e0 alemany angl\u00e8s suec dan\u00e8s noruec fin\u00e8s holand\u00e8s rus<\/span><\/p>\n\t\t\t\t\t\t\t\t<\/div>\n\t\t\t\t<\/div>\n\t\t\t\t<div class=\"elementor-element elementor-element-b2d8ce elementor-drop-cap-yes elementor-drop-cap-view-default elementor-widget elementor-widget-text-editor\" data-id=\"b2d8ce\" data-element_type=\"widget\" data-e-type=\"widget\" data-settings=\"{&quot;drop_cap&quot;:&quot;yes&quot;}\" data-widget_type=\"text-editor.default\">\n\t\t\t\t<div class=\"elementor-widget-container\">\n\t\t\t\t\t\t\t\t\t<h3><span style=\"font-size: 12pt;\"><strong>Necessiteu una valoraci\u00f3 sense cap obligaci\u00f3?<\/strong><\/span><\/h3>\n<p><span style=\"font-size: 12pt;\">Poseu-vos en contacte amb nosaltres .. <\/span><\/p>\n\t\t\t\t\t\t\t\t<\/div>\n\t\t\t\t<\/div>\n\t\t\t\t\t<\/div>\n\t\t<\/div>\n\t\t\t\t\t<\/div>\n\t\t<\/section>\n\t\t\t\t<section class=\"elementor-section elementor-top-section elementor-element elementor-element-cb47e7d elementor-section-boxed elementor-section-height-default elementor-section-height-default\" data-id=\"cb47e7d\" data-element_type=\"section\" data-e-type=\"section\">\n\t\t\t\t\t\t<div class=\"elementor-container elementor-column-gap-default\">\n\t\t\t\t\t<div class=\"elementor-column elementor-col-100 elementor-top-column elementor-element elementor-element-01615a0\" data-id=\"01615a0\" data-element_type=\"column\" data-e-type=\"column\">\n\t\t\t<div class=\"elementor-widget-wrap elementor-element-populated\">\n\t\t\t\t\t\t<div class=\"elementor-element elementor-element-344831e elementor-widget elementor-widget-spacer\" data-id=\"344831e\" data-element_type=\"widget\" data-e-type=\"widget\" data-widget_type=\"spacer.default\">\n\t\t\t\t<div class=\"elementor-widget-container\">\n\t\t\t\t\t\t\t<div class=\"elementor-spacer\">\n\t\t\t<div class=\"elementor-spacer-inner\"><\/div>\n\t\t<\/div>\n\t\t\t\t\t\t<\/div>\n\t\t\t\t<\/div>\n\t\t\t\t<div class=\"elementor-element elementor-element-9c9d19e elementor-widget elementor-widget-houzez_elementor_property-card-v7\" data-id=\"9c9d19e\" data-element_type=\"widget\" data-e-type=\"widget\" data-widget_type=\"houzez_elementor_property-card-v7.default\">\n\t\t\t\t<div class=\"elementor-widget-container\">\n\t\t\t\t\t    <div id=\"properties_module_section\" class=\"property-cards-module property-cards-module-v7 property-cards-module-col-2\">\n        <div id=\"module_properties\" class=\"listing-view grid-view row row-cols-1 row-cols-md-2 row-cols-lg-2 gy-4 gx-4\">\n            <div class=\"item-listing-wrap item-wrap-v9 hz-item-gallery-js hz-map-trigger\" data-hz-id=\"350932\" data-images=\"[{&quot;image&quot;:&quot;https:\\\/\\\/www.mallorcaguru.es\\\/wp-content\\\/smush-avif\\\/2026\\\/04\\\/Buger-Village-House-1-584x438.jpg.avif&quot;,&quot;alt&quot;:&quot;&quot;,&quot;width&quot;:584,&quot;height&quot;:438,&quot;srcset&quot;:&quot;https:\\\/\\\/www.mallorcaguru.es\\\/wp-content\\\/smush-avif\\\/2026\\\/04\\\/Buger-Village-House-1-584x438.jpg.avif 584w, https:\\\/\\\/www.mallorcaguru.es\\\/wp-content\\\/smush-avif\\\/2026\\\/04\\\/Buger-Village-House-1.jpg.avif 1448w&quot;,&quot;sizes&quot;:&quot;(max-width: 584px) 100vw, 584px&quot;},{&quot;image&quot;:&quot;https:\\\/\\\/www.mallorcaguru.es\\\/wp-content\\\/smush-avif\\\/2026\\\/04\\\/Buger-Village-House-1-584x438.jpg.avif&quot;,&quot;alt&quot;:&quot;&quot;,&quot;width&quot;:584,&quot;height&quot;:438,&quot;srcset&quot;:&quot;https:\\\/\\\/www.mallorcaguru.es\\\/wp-content\\\/smush-avif\\\/2026\\\/04\\\/Buger-Village-House-1-584x438.jpg.avif 584w, https:\\\/\\\/www.mallorcaguru.es\\\/wp-content\\\/smush-avif\\\/2026\\\/04\\\/Buger-Village-House-1.jpg.avif 1448w&quot;,&quot;sizes&quot;:&quot;(max-width: 584px) 100vw, 584px&quot;},{&quot;image&quot;:&quot;https:\\\/\\\/www.mallorcaguru.es\\\/wp-content\\\/smush-avif\\\/2026\\\/04\\\/Buger-Village-House-14-584x438.jpg.avif&quot;,&quot;alt&quot;:&quot;&quot;,&quot;width&quot;:584,&quot;height&quot;:438,&quot;srcset&quot;:&quot;https:\\\/\\\/www.mallorcaguru.es\\\/wp-content\\\/smush-avif\\\/2026\\\/04\\\/Buger-Village-House-14-584x438.jpg.avif 584w, https:\\\/\\\/www.mallorcaguru.es\\\/wp-content\\\/smush-avif\\\/2026\\\/04\\\/Buger-Village-House-14.jpg.avif 1448w&quot;,&quot;sizes&quot;:&quot;(max-width: 584px) 100vw, 584px&quot;}]\">\n\t<div class=\"item-wrap item-wrap-no-frame h-100\">\n\t\t<div class=\"d-flex flex-column align-items-center h-100\">\n\t\t\t<div class=\"item-header\">\n\t\t\t\t\t\t\t\t<div class=\"labels-wrap d-flex align-items-center gap-1\" role=\"group\"> \n\n\t<a href=\"https:\/\/www.mallorcaguru.es\/ca\/estat\/a-la-venda-mallorca-espanya\/\" class=\"label-status label status-color-3530\">\n\t\t\t\t\tA la Venda\n\t\t\t\t<\/a>       \n\n<\/div>\n\t\t\t\t<ul class=\"item-tools d-flex align-items-center justify-content-center gap-1\">\n        <li class=\"item-tool item-preview\">\n        <span class=\"hz-show-lightbox-js item-tool-preview text-center\" data-listid=\"350932\">\n            <span data-bs-toggle=\"tooltip\" data-bs-placement=\"top\" title=\"Previsualitza\">\n                <i class=\"houzez-icon icon-expand-3\"><\/i>   \n            <\/span>\n        <\/span><!-- item-tool-favorite -->\n    <\/li><!-- item-tool -->\n        \n        <li class=\"item-tool item-favorite\">\n        <span class=\"add-favorite-js item-tool-favorite text-center\" data-bs-toggle=\"tooltip\" data-bs-placement=\"top\" title=\"Preferit\" data-listid=\"350932\">\n            <i class=\"houzez-icon icon-love-it \"><\/i>\n        <\/span><!-- item-tool-favorite -->\n    <\/li><!-- item-tool -->\n    \n        <li class=\"item-tool item-compare\">\n        <span class=\"houzez_compare compare-350932 item-tool-compare text-center\" data-bs-toggle=\"tooltip\" data-bs-placement=\"top\" title=\"Afegeix per comparar\" data-listing_id=\"350932\" data-listing_image=\"https:\/\/www.mallorcaguru.es\/wp-content\/uploads\/2026\/04\/Buger-Village-House-1-584x438.jpg\">\n            <i class=\"houzez-icon icon-add-circle\"><\/i>\n            <!-- <i class=\"houzez-icon icon-subtract-circle\"><\/i> -->\n        <\/span><!-- item-tool-compare -->\n    <\/li><!-- item-tool -->\n    <\/ul><!-- item-tools -->\n\t\t\t\t<div class=\"listing-image-wrap\">\n\t<div class=\"listing-thumb\">\n\t\t<a target=\"_self\" href=\"https:\/\/www.mallorcaguru.es\/ca\/propietat\/casa-de-poble-en-venda-a-buger-mallorca\/\" class=\"listing-featured-thumb hover-effect image-wrap\" role=\"link\">\n\t\t\t<img fetchpriority=\"high\" decoding=\"async\" width=\"584\" height=\"438\" src=\"https:\/\/www.mallorcaguru.es\/wp-content\/smush-avif\/2026\/04\/Buger-Village-House-1-584x438.jpg.avif\" class=\"img-fluid wp-post-image\" alt=\"\" srcset=\"https:\/\/www.mallorcaguru.es\/wp-content\/smush-avif\/2026\/04\/Buger-Village-House-1-584x438.jpg.avif 584w, https:\/\/www.mallorcaguru.es\/wp-content\/smush-avif\/2026\/04\/Buger-Village-House-1.jpg.avif 1448w\" sizes=\"(max-width: 584px) 100vw, 584px\" data-smush-avif-fallback=\"{&quot;src&quot;:&quot;https:\\\/\\\/www.mallorcaguru.es\\\/wp-content\\\/uploads\\\/2026\\\/04\\\/Buger-Village-House-1-584x438.jpg&quot;,&quot;srcset&quot;:&quot;https:\\\/\\\/www.mallorcaguru.es\\\/wp-content\\\/uploads\\\/2026\\\/04\\\/Buger-Village-House-1-584x438.jpg 584w, https:\\\/\\\/www.mallorcaguru.es\\\/wp-content\\\/uploads\\\/2026\\\/04\\\/Buger-Village-House-1.jpg 1448w&quot;}\" \/>\t\t<\/a><!-- hover-effect -->\n\t<\/div>\n<\/div>\t\t\t\t<div class=\"preview_loader\"><\/div>\n\t\t\t<\/div>\n\t\t\t<div class=\"item-body w-100 flex-fill\">\n\t\t\t\t<ul class=\"item-amenities item-amenities-with-icons mb-2\">\n\t\t\t\t\t<li class=\"h-type d-flex w-100\" role=\"listitem\"><span>Casa de Poble<\/span><\/li>\t\t\t\t<\/ul>\n\t\t\t\t<ul class=\"item-price-wrap d-flex align-items-end gap-3\" role=\"list\">\n\t\t\t\t\t<li class=\"item-price\"><span class=\"price\">319,000\u20ac<\/span><span class=\"price-postfix\"><\/span><\/li>\t\t\t\t<\/ul>\n\t\t\t\t<h2 class=\"item-title mb-2 \">\n\t<a target=\"_self\" href=\"https:\/\/www.mallorcaguru.es\/ca\/propietat\/casa-de-poble-en-venda-a-buger-mallorca\/\" role=\"link\">Casa de poble en venda a B\u00fager, Mallorca<\/a>\n<\/h2><!-- item-title -->\t\t\t\t<address class=\"item-address mb-2\"><i class=\"houzez-icon icon-pin me-1\" aria-hidden=\"true\"><\/i><span>Carrer Cervantes, 07311 B\u00fager, Illes Balears, Espanya<\/span><\/address>\t\t\t\t<ul class=\"item-amenities item-amenities-with-icons d-flex flex-wrap align-items-center gap-2\" role=\"list\">\n\t<li class=\"h-property-id me-1\"><i class=\"houzez-icon icon-tags me-2\"><\/i><span class=\"item-amenities-text\">ID:<\/span> <span class=\"hz-figure\">A8103<\/span><\/li><li class=\"h-beds d-flex align-items-center me-1\"><i class=\"houzez-icon icon-hotel-double-bed-1 me-2\"><\/i><span class=\"item-amenities-text\">Dorm:<\/span> <span class=\"hz-figure\">3<\/span><\/li><li class=\"h-baths d-flex align-items-center me-1\"><i class=\"houzez-icon icon-bathroom-shower-1 me-2\"><\/i><span class=\"item-amenities-text\">Banys:<\/span> <span class=\"hz-figure\">2<\/span><\/li><li class=\"h-area d-flex align-items-center me-1\"><i class=\"houzez-icon icon-ruler-triangle me-2\"><\/i><span class=\"hz-figure me-1\">130<\/span> <span class=\"hz-figure area_postfix\">m\u00b2<\/span><\/li><\/ul>\t\t\t<\/div>\n\t\t\t<div class=\"item-footer items-btns-count-3\">\n\t\t\t\t<div class=\"item-buttons-wrap d-flex justify-content-between gap-2\">\n\t\t\t\t\t\t\t\t<button type=\"button\" class=\"hz-call-popup-js btn btn-primary-outlined btn-item px-2 d-flex align-items-center justify-content-center flex-fill gap-1\" data-bs-toggle=\"modal\" data-model-id=\"call-action-350932-63Rg1\">\n\t\t\t\t<i class=\"houzez-icon icon-phone-actions-ring\"><\/i> Trucada\t\t\t<\/button>\n\t\t \t\t\t\t<button type=\"button\" class=\"hz-email-popup-js btn btn-primary-outlined btn-item px-2 d-flex align-items-center justify-content-center flex-fill gap-1\" data-bs-toggle=\"modal\" data-model-id=\"email-popup-350932-63Rg1\">\n\t\t\t\t<i class=\"houzez-icon icon-envelope\"><\/i> Email\t\t\t<\/button>\n\t\t\t\t\t\t<a class=\"btn btn-primary-outlined btn-item px-2 d-flex align-items-center justify-content-center flex-fill gap-1\" target=\"_blank\" href=\"https:\/\/api.whatsapp.com\/send?phone=+34667515185&text=Hola, m'interessa [Casa de poble en venda a B\u00fager, Mallorca] https:\/\/www.mallorcaguru.es\/ca\/propietat\/casa-de-poble-en-venda-a-buger-mallorca\/\">\n\t\t\t\t<i class=\"houzez-icon icon-messaging-whatsapp\"><\/i> <span class=\"d-none d-md-block\">WhatsApp <\/span>\n\t\t\t<\/a>\n\t\t\t\t\t\t\t<\/div>\n\t\t\t<\/div>\n\t\t<\/div>\n\t<\/div>\n\t<div class=\"modal fade modal-phone-number\" id=\"call-action-350932-63Rg1\" tabindex=\"-1\" aria-labelledby=\"phoneNumberModalLabel\" aria-hidden=\"true\">\n    <div class=\"modal-dialog\" role=\"document\">\n        <div class=\"modal-content\">\n            <div class=\"modal-header\">\n                <h5 class=\"modal-title\" id=\"phoneNumberModalLabel\">Contacta&#039;ns<\/h5>\n                <button type=\"button\" class=\"btn-close\" data-bs-dismiss=\"modal\" aria-label=\"Tancar\"><\/button>\n            <\/div><!-- modal-header -->\n            <div class=\"modal-body\">\n                <p class=\"modal-body-phone-number-text\">\n                    Please quote property reference<br>\n\n                    <strong>Mallorca Property Guru - A8103<\/strong>\n                <\/p>\n                <p class=\"modal-body-phone-number-number\">\n                     <a class=\"btn btn-primary-outlined\" href=\"tel:+34667515185\"><i class=\"houzez-icon icon-phone-actions-ring\"><\/i> +34 667 515 185<\/a>\n                <\/p>\n            <\/div><!-- modal-body -->\n        <\/div><!-- modal-content -->\n    <\/div><!-- modal-dialog -->\n<\/div><!-- login-register-form -->\n\t<div class=\"modal fade mobile-property-form\" id=\"email-popup-350932-63Rg1\">\n    <div class=\"modal-dialog\" role=\"document\">\n        <div class=\"modal-content\">\n            <div class=\"modal-header\">\n                <h5 class=\"modal-title\" id=\"phoneNumberModalLabel\">Contact me<\/h5>\n                <button type=\"button\" class=\"btn-close\" data-bs-dismiss=\"modal\" aria-label=\"Close\"><\/button>\n            <\/div><!-- modal-header -->\n            <div class=\"modal-body\">\n                <div class=\"property-form-wrap border-none\">\n                                    <div class=\"property-form\">\n                        <form method=\"post\" action=\"#\">\n                            \n                            <div class=\"agent-details\" role=\"region\"><div class=\"d-flex align-items-center gap-3\"><div class=\"agent-image\" role=\"img\"><img decoding=\"async\" class=\"rounded\" src=\"https:\/\/www.mallorcaguru.es\/wp-content\/smush-avif\/2022\/03\/Mallorca-Property-Guru-Logo-2025-150x150.png.avif\" alt=\"Mallorca Property Guru Carmen Dols Bastard\" width=\"70\" height=\"70\" loading=\"lazy\" data-smush-avif-fallback=\"{&quot;src&quot;:&quot;https:\\\/\\\/www.mallorcaguru.es\\\/wp-content\\\/uploads\\\/2022\\\/03\\\/Mallorca-Property-Guru-Logo-2025-150x150.png&quot;}\"><span class=\"badge btn-secondary agent-verified-icon\"><i class=\"houzez-icon icon-check-circle-1\"><\/i><\/span><\/div><ul class=\"agent-information list-unstyled mb-0\" role=\"list\"><li class=\"agent-name\" role=\"listitem\"><i class=\"houzez-icon icon-single-neutral me-1\"><\/i> Mallorca Property Guru Carmen Dols Bastard<\/li><\/ul><\/div><\/div>\n                                                        <div class=\"form-group mb-2 mt-3\">\n                                <input class=\"form-control\" name=\"name\" value=\"\" type=\"text\" placeholder=\"Nom\">\n                            <\/div><!-- form-group -->\n                            \n                                \n                            <div class=\"form-group mb-2\">\n                                <input class=\"form-control\" name=\"mobile\" value=\"\" type=\"text\" placeholder=\"Tel\u00e8fon\">\n                            <\/div><!-- form-group -->\n                            \n                            <div class=\"form-group mb-2\">\n                                <input class=\"form-control\" name=\"email\" value=\"\" type=\"email\" placeholder=\"Correu electr\u00f2nic\">\n                            <\/div><!-- form-group -->\n\n                              \n                            <div class=\"form-group form-group-textarea mb-2\">\n                                <textarea class=\"form-control hz-form-message\" name=\"message\" rows=\"4\" placeholder=\"Missatge\">Hola, m'interessa [Casa de poble en venda a B\u00fager, Mallorca]<\/textarea>\n                            <\/div><!-- form-group -->   \n                            \n                            \n                                                        <div class=\"form-group my-3\">\n                                <label class=\"control control--checkbox m-0 p-0 hz-no-gdpr-checkbox\">\n                                                                        <div class=\"gdpr-text-wrap\">\n                                        En enviar aquest formulari accepto <a target=\"_blank\" href=\"https:\/\/www.mallorcaguru.es\/ca\/termes-i-condicions\/\">Condicions d'\u00fas<\/a>\n                                    <\/div>\n                                <\/label>\n                            <\/div><!-- form-group -->   \n                                  \n                        \n                                                            <input type=\"hidden\" name=\"target_email\" value=\"ca&#114;&#109;&#101;n&#64;&#109;a&#108;l&#111;rcag&#117;&#114;u.&#101;s\">\n                                                        <input type=\"hidden\" name=\"property_agent_contact_security\" value=\"675f44d78e\"\/>\n                            <input type=\"hidden\" name=\"property_permalink\" value=\"https:\/\/www.mallorcaguru.es\/ca\/propietat\/casa-de-poble-en-venda-a-buger-mallorca\/\"\/>\n                            <input type=\"hidden\" name=\"property_title\" value=\"Casa de poble en venda a B\u00fager, Mallorca\"\/>\n                            <input type=\"hidden\" name=\"property_id\" value=\"A8103\"\/>\n                            <input type=\"hidden\" name=\"action\" value=\"houzez_property_agent_contact\">\n                            <input type=\"hidden\" name=\"listing_id\" value=\"350932\">\n                            <input type=\"hidden\" name=\"is_listing_form\" value=\"yes\">\n                            <input type=\"hidden\" name=\"agent_id\" value=\"6097\">\n                            <input type=\"hidden\" name=\"agent_type\" value=\"agent_info\">\n\n                                                        <div class=\"form_messages\"><\/div>\n                            <button type=\"button\" class=\"houzez_agent_property_form btn btn-secondary w-100\">\n                                <span class=\"houzez-loader-js houzez-hidden spinner-border spinner-border-sm\" aria-hidden=\"true\"><\/span>                                Envia un correu                                \n                            <\/button>\n                            \n                        <\/form>\n                    <\/div><!-- property-form -->\n                    \n                            <\/div><!-- property-form-wrap -->\n\n    \n            <\/div>\n        <\/div>\n    <\/div>\n<\/div>\n<\/div>\n<div class=\"item-listing-wrap item-wrap-v9 hz-item-gallery-js hz-map-trigger\" data-hz-id=\"350858\" data-images=\"[{&quot;image&quot;:&quot;https:\\\/\\\/www.mallorcaguru.es\\\/wp-content\\\/uploads\\\/2026\\\/04\\\/Mancor-de-la-vall-102A8-584x438.jpg&quot;,&quot;alt&quot;:&quot;&quot;,&quot;width&quot;:584,&quot;height&quot;:438,&quot;srcset&quot;:false,&quot;sizes&quot;:&quot;(max-width: 584px) 100vw, 584px&quot;},{&quot;image&quot;:&quot;https:\\\/\\\/www.mallorcaguru.es\\\/wp-content\\\/uploads\\\/2026\\\/04\\\/Mancor-de-la-vall-102A8-584x438.jpg&quot;,&quot;alt&quot;:&quot;&quot;,&quot;width&quot;:584,&quot;height&quot;:438,&quot;srcset&quot;:false,&quot;sizes&quot;:&quot;(max-width: 584px) 100vw, 584px&quot;},{&quot;image&quot;:&quot;https:\\\/\\\/www.mallorcaguru.es\\\/wp-content\\\/uploads\\\/2026\\\/04\\\/Mancor-de-la-vall-102A8-2-584x438.jpg&quot;,&quot;alt&quot;:&quot;&quot;,&quot;width&quot;:584,&quot;height&quot;:438,&quot;srcset&quot;:false,&quot;sizes&quot;:&quot;(max-width: 584px) 100vw, 584px&quot;}]\">\n\t<div class=\"item-wrap item-wrap-no-frame h-100\">\n\t\t<div class=\"d-flex flex-column align-items-center h-100\">\n\t\t\t<div class=\"item-header\">\n\t\t\t\t\t\t\t\t<div class=\"labels-wrap d-flex align-items-center gap-1\" role=\"group\"> \n\n\t<a href=\"https:\/\/www.mallorcaguru.es\/ca\/estat\/a-la-venda-mallorca-espanya\/\" class=\"label-status label status-color-3530\">\n\t\t\t\t\tA la Venda\n\t\t\t\t<\/a>       \n\n<\/div>\n\t\t\t\t<ul class=\"item-tools d-flex align-items-center justify-content-center gap-1\">\n        <li class=\"item-tool item-preview\">\n        <span class=\"hz-show-lightbox-js item-tool-preview text-center\" data-listid=\"350858\">\n            <span data-bs-toggle=\"tooltip\" data-bs-placement=\"top\" title=\"Previsualitza\">\n                <i class=\"houzez-icon icon-expand-3\"><\/i>   \n            <\/span>\n        <\/span><!-- item-tool-favorite -->\n    <\/li><!-- item-tool -->\n        \n        <li class=\"item-tool item-favorite\">\n        <span class=\"add-favorite-js item-tool-favorite text-center\" data-bs-toggle=\"tooltip\" data-bs-placement=\"top\" title=\"Preferit\" data-listid=\"350858\">\n            <i class=\"houzez-icon icon-love-it \"><\/i>\n        <\/span><!-- item-tool-favorite -->\n    <\/li><!-- item-tool -->\n    \n        <li class=\"item-tool item-compare\">\n        <span class=\"houzez_compare compare-350858 item-tool-compare text-center\" data-bs-toggle=\"tooltip\" data-bs-placement=\"top\" title=\"Afegeix per comparar\" data-listing_id=\"350858\" data-listing_image=\"https:\/\/www.mallorcaguru.es\/wp-content\/uploads\/2026\/04\/Mancor-de-la-vall-102A8-584x438.jpg\">\n            <i class=\"houzez-icon icon-add-circle\"><\/i>\n            <!-- <i class=\"houzez-icon icon-subtract-circle\"><\/i> -->\n        <\/span><!-- item-tool-compare -->\n    <\/li><!-- item-tool -->\n    <\/ul><!-- item-tools -->\n\t\t\t\t<div class=\"listing-image-wrap\">\n\t<div class=\"listing-thumb\">\n\t\t<a target=\"_self\" href=\"https:\/\/www.mallorcaguru.es\/ca\/propietat\/edifici-en-venda-a-mancor-de-la-vall\/\" class=\"listing-featured-thumb hover-effect image-wrap\" role=\"link\">\n\t\t\t<img decoding=\"async\" width=\"584\" height=\"438\" src=\"https:\/\/www.mallorcaguru.es\/wp-content\/uploads\/2026\/04\/Mancor-de-la-vall-102A8-584x438.jpg\" class=\"img-fluid wp-post-image\" alt=\"\" loading=\"lazy\" \/>\t\t<\/a><!-- hover-effect -->\n\t<\/div>\n<\/div>\t\t\t\t<div class=\"preview_loader\"><\/div>\n\t\t\t<\/div>\n\t\t\t<div class=\"item-body w-100 flex-fill\">\n\t\t\t\t<ul class=\"item-amenities item-amenities-with-icons mb-2\">\n\t\t\t\t\t<li class=\"h-type d-flex w-100\" role=\"listitem\"><span>Casa de Poble<\/span><\/li>\t\t\t\t<\/ul>\n\t\t\t\t<ul class=\"item-price-wrap d-flex align-items-end gap-3\" role=\"list\">\n\t\t\t\t\t<li class=\"item-price\"><span class=\"price\">399,000\u20ac<\/span><span class=\"price-postfix\"><\/span><\/li>\t\t\t\t<\/ul>\n\t\t\t\t<h2 class=\"item-title mb-2 \">\n\t<a target=\"_self\" href=\"https:\/\/www.mallorcaguru.es\/ca\/propietat\/edifici-en-venda-a-mancor-de-la-vall\/\" role=\"link\">Edifici en venda a Mancor de la Vall<\/a>\n<\/h2><!-- item-title -->\t\t\t\t<address class=\"item-address mb-2\"><i class=\"houzez-icon icon-pin me-1\" aria-hidden=\"true\"><\/i><span>Carrer Principal, 07312 Mancor de la Vall, Illes Balears, Espanya<\/span><\/address>\t\t\t\t<ul class=\"item-amenities item-amenities-with-icons d-flex flex-wrap align-items-center gap-2\" role=\"list\">\n\t<li class=\"h-property-id me-1\"><i class=\"houzez-icon icon-tags me-2\"><\/i><span class=\"item-amenities-text\">ID:<\/span> <span class=\"hz-figure\">A8102<\/span><\/li><li class=\"h-beds d-flex align-items-center me-1\"><i class=\"houzez-icon icon-hotel-double-bed-1 me-2\"><\/i><span class=\"item-amenities-text\">Dorm:<\/span> <span class=\"hz-figure\">6<\/span><\/li><li class=\"h-baths d-flex align-items-center me-1\"><i class=\"houzez-icon icon-bathroom-shower-1 me-2\"><\/i><span class=\"item-amenities-text\">Banys:<\/span> <span class=\"hz-figure\">2<\/span><\/li><li class=\"h-area d-flex align-items-center me-1\"><i class=\"houzez-icon icon-ruler-triangle me-2\"><\/i><span class=\"hz-figure me-1\">278<\/span> <span class=\"hz-figure area_postfix\">m\u00b2<\/span><\/li><\/ul>\t\t\t<\/div>\n\t\t\t<div class=\"item-footer items-btns-count-3\">\n\t\t\t\t<div class=\"item-buttons-wrap d-flex justify-content-between gap-2\">\n\t\t\t\t\t\t\t\t<button type=\"button\" class=\"hz-call-popup-js btn btn-primary-outlined btn-item px-2 d-flex align-items-center justify-content-center flex-fill gap-1\" data-bs-toggle=\"modal\" data-model-id=\"call-action-350858-M1XGx\">\n\t\t\t\t<i class=\"houzez-icon icon-phone-actions-ring\"><\/i> Trucada\t\t\t<\/button>\n\t\t \t\t\t\t<button type=\"button\" class=\"hz-email-popup-js btn btn-primary-outlined btn-item px-2 d-flex align-items-center justify-content-center flex-fill gap-1\" data-bs-toggle=\"modal\" data-model-id=\"email-popup-350858-M1XGx\">\n\t\t\t\t<i class=\"houzez-icon icon-envelope\"><\/i> Email\t\t\t<\/button>\n\t\t\t\t\t\t<a class=\"btn btn-primary-outlined btn-item px-2 d-flex align-items-center justify-content-center flex-fill gap-1\" target=\"_blank\" href=\"https:\/\/api.whatsapp.com\/send?phone=+34667515185&text=Hola, m'interessa [Edifici en venda a Mancor de la Vall] https:\/\/www.mallorcaguru.es\/ca\/propietat\/edifici-en-venda-a-mancor-de-la-vall\/\">\n\t\t\t\t<i class=\"houzez-icon icon-messaging-whatsapp\"><\/i> <span class=\"d-none d-md-block\">WhatsApp <\/span>\n\t\t\t<\/a>\n\t\t\t\t\t\t\t<\/div>\n\t\t\t<\/div>\n\t\t<\/div>\n\t<\/div>\n\t<div class=\"modal fade modal-phone-number\" id=\"call-action-350858-M1XGx\" tabindex=\"-1\" aria-labelledby=\"phoneNumberModalLabel\" aria-hidden=\"true\">\n    <div class=\"modal-dialog\" role=\"document\">\n        <div class=\"modal-content\">\n            <div class=\"modal-header\">\n                <h5 class=\"modal-title\" id=\"phoneNumberModalLabel\">Contacta&#039;ns<\/h5>\n                <button type=\"button\" class=\"btn-close\" data-bs-dismiss=\"modal\" aria-label=\"Tancar\"><\/button>\n            <\/div><!-- modal-header -->\n            <div class=\"modal-body\">\n                <p class=\"modal-body-phone-number-text\">\n                    Please quote property reference<br>\n\n                    <strong>Mallorca Property Guru - A8102<\/strong>\n                <\/p>\n                <p class=\"modal-body-phone-number-number\">\n                     <a class=\"btn btn-primary-outlined\" href=\"tel:+34667515185\"><i class=\"houzez-icon icon-phone-actions-ring\"><\/i> +34 667 515 185<\/a>\n                <\/p>\n            <\/div><!-- modal-body -->\n        <\/div><!-- modal-content -->\n    <\/div><!-- modal-dialog -->\n<\/div><!-- login-register-form -->\n\t<div class=\"modal fade mobile-property-form\" id=\"email-popup-350858-M1XGx\">\n    <div class=\"modal-dialog\" role=\"document\">\n        <div class=\"modal-content\">\n            <div class=\"modal-header\">\n                <h5 class=\"modal-title\" id=\"phoneNumberModalLabel\">Contact me<\/h5>\n                <button type=\"button\" class=\"btn-close\" data-bs-dismiss=\"modal\" aria-label=\"Close\"><\/button>\n            <\/div><!-- modal-header -->\n            <div class=\"modal-body\">\n                <div class=\"property-form-wrap border-none\">\n                                    <div class=\"property-form\">\n                        <form method=\"post\" action=\"#\">\n                            \n                            <div class=\"agent-details\" role=\"region\"><div class=\"d-flex align-items-center gap-3\"><div class=\"agent-image\" role=\"img\"><img decoding=\"async\" class=\"rounded\" src=\"https:\/\/www.mallorcaguru.es\/wp-content\/smush-avif\/2022\/03\/Mallorca-Property-Guru-Logo-2025-150x150.png.avif\" alt=\"Mallorca Property Guru Carmen Dols Bastard\" width=\"70\" height=\"70\" loading=\"lazy\" data-smush-avif-fallback=\"{&quot;src&quot;:&quot;https:\\\/\\\/www.mallorcaguru.es\\\/wp-content\\\/uploads\\\/2022\\\/03\\\/Mallorca-Property-Guru-Logo-2025-150x150.png&quot;}\"><span class=\"badge btn-secondary agent-verified-icon\"><i class=\"houzez-icon icon-check-circle-1\"><\/i><\/span><\/div><ul class=\"agent-information list-unstyled mb-0\" role=\"list\"><li class=\"agent-name\" role=\"listitem\"><i class=\"houzez-icon icon-single-neutral me-1\"><\/i> Mallorca Property Guru Carmen Dols Bastard<\/li><\/ul><\/div><\/div>\n                                                        <div class=\"form-group mb-2 mt-3\">\n                                <input class=\"form-control\" name=\"name\" value=\"\" type=\"text\" placeholder=\"Nom\">\n                            <\/div><!-- form-group -->\n                            \n                                \n                            <div class=\"form-group mb-2\">\n                                <input class=\"form-control\" name=\"mobile\" value=\"\" type=\"text\" placeholder=\"Tel\u00e8fon\">\n                            <\/div><!-- form-group -->\n                            \n                            <div class=\"form-group mb-2\">\n                                <input class=\"form-control\" name=\"email\" value=\"\" type=\"email\" placeholder=\"Correu electr\u00f2nic\">\n                            <\/div><!-- form-group -->\n\n                              \n                            <div class=\"form-group form-group-textarea mb-2\">\n                                <textarea class=\"form-control hz-form-message\" name=\"message\" rows=\"4\" placeholder=\"Missatge\">Hola, m'interessa [Edifici en venda a Mancor de la Vall]<\/textarea>\n                            <\/div><!-- form-group -->   \n                            \n                            \n                                                        <div class=\"form-group my-3\">\n                                <label class=\"control control--checkbox m-0 p-0 hz-no-gdpr-checkbox\">\n                                                                        <div class=\"gdpr-text-wrap\">\n                                        En enviar aquest formulari accepto <a target=\"_blank\" href=\"https:\/\/www.mallorcaguru.es\/ca\/termes-i-condicions\/\">Condicions d'\u00fas<\/a>\n                                    <\/div>\n                                <\/label>\n                            <\/div><!-- form-group -->   \n                                  \n                        \n                                                            <input type=\"hidden\" name=\"target_email\" value=\"&#99;&#97;&#114;me&#110;&#64;&#109;a&#108;&#108;or&#99;ag&#117;r&#117;&#46;es\">\n                                                        <input type=\"hidden\" name=\"property_agent_contact_security\" value=\"675f44d78e\"\/>\n                            <input type=\"hidden\" name=\"property_permalink\" value=\"https:\/\/www.mallorcaguru.es\/ca\/propietat\/edifici-en-venda-a-mancor-de-la-vall\/\"\/>\n                            <input type=\"hidden\" name=\"property_title\" value=\"Edifici en venda a Mancor de la Vall\"\/>\n                            <input type=\"hidden\" name=\"property_id\" value=\"A8102\"\/>\n                            <input type=\"hidden\" name=\"action\" value=\"houzez_property_agent_contact\">\n                            <input type=\"hidden\" name=\"listing_id\" value=\"350858\">\n                            <input type=\"hidden\" name=\"is_listing_form\" value=\"yes\">\n                            <input type=\"hidden\" name=\"agent_id\" value=\"6097\">\n                            <input type=\"hidden\" name=\"agent_type\" value=\"agent_info\">\n\n                                                        <div class=\"form_messages\"><\/div>\n                            <button type=\"button\" class=\"houzez_agent_property_form btn btn-secondary w-100\">\n                                <span class=\"houzez-loader-js houzez-hidden spinner-border spinner-border-sm\" aria-hidden=\"true\"><\/span>                                Envia un correu                                \n                            <\/button>\n                            \n                        <\/form>\n                    <\/div><!-- property-form -->\n                    \n                            <\/div><!-- property-form-wrap -->\n\n    \n            <\/div>\n        <\/div>\n    <\/div>\n<\/div>\n<\/div>\n<div class=\"item-listing-wrap item-wrap-v9 hz-item-gallery-js hz-map-trigger\" data-hz-id=\"350643\" data-images=\"[{&quot;image&quot;:&quot;https:\\\/\\\/www.mallorcaguru.es\\\/wp-content\\\/uploads\\\/2026\\\/04\\\/ETV-Alcudia-A8100-29-584x438.jpg&quot;,&quot;alt&quot;:&quot;&quot;,&quot;width&quot;:584,&quot;height&quot;:438,&quot;srcset&quot;:false,&quot;sizes&quot;:&quot;(max-width: 584px) 100vw, 584px&quot;},{&quot;image&quot;:&quot;https:\\\/\\\/www.mallorcaguru.es\\\/wp-content\\\/uploads\\\/2026\\\/04\\\/ETV-Alcudia-A8100-29-584x438.jpg&quot;,&quot;alt&quot;:&quot;&quot;,&quot;width&quot;:584,&quot;height&quot;:438,&quot;srcset&quot;:false,&quot;sizes&quot;:&quot;(max-width: 584px) 100vw, 584px&quot;},{&quot;image&quot;:&quot;https:\\\/\\\/www.mallorcaguru.es\\\/wp-content\\\/uploads\\\/2026\\\/04\\\/ETV-Alcudia-A8100-28-584x438.jpg&quot;,&quot;alt&quot;:&quot;&quot;,&quot;width&quot;:584,&quot;height&quot;:438,&quot;srcset&quot;:false,&quot;sizes&quot;:&quot;(max-width: 584px) 100vw, 584px&quot;}]\">\n\t<div class=\"item-wrap item-wrap-no-frame h-100\">\n\t\t<div class=\"d-flex flex-column align-items-center h-100\">\n\t\t\t<div class=\"item-header\">\n\t\t\t\t<span class=\"label-featured label me-1\" role=\"status\">Destacats<\/span>\t\t\t\t<div class=\"labels-wrap d-flex align-items-center gap-1\" role=\"group\"> \n\n\t<a href=\"https:\/\/www.mallorcaguru.es\/ca\/estat\/a-la-venda-mallorca-espanya\/\" class=\"label-status label status-color-3530\">\n\t\t\t\t\tA la Venda\n\t\t\t\t<\/a><a href=\"https:\/\/www.mallorcaguru.es\/ca\/etiqueta\/propietats-amb-llicencia-etv-en-venda-a-mallorca\/\" class=\"hz-label label label-color-3836\">\n\t\t\t\t\tPropietats amb llic\u00e8ncia ETV en venda a Mallorca\n\t\t\t\t<\/a><a href=\"https:\/\/www.mallorcaguru.es\/ca\/etiqueta\/propietats-amb-vistes-al-mar-en-venda\/\" class=\"hz-label label label-color-3928\">\n\t\t\t\t\tPropietats amb vistes al mar en venda a Mallorca | Cases a la costa\n\t\t\t\t<\/a>       \n\n<\/div>\n\t\t\t\t<ul class=\"item-tools d-flex align-items-center justify-content-center gap-1\">\n        <li class=\"item-tool item-preview\">\n        <span class=\"hz-show-lightbox-js item-tool-preview text-center\" data-listid=\"350643\">\n            <span data-bs-toggle=\"tooltip\" data-bs-placement=\"top\" title=\"Previsualitza\">\n                <i class=\"houzez-icon icon-expand-3\"><\/i>   \n            <\/span>\n        <\/span><!-- item-tool-favorite -->\n    <\/li><!-- item-tool -->\n        \n        <li class=\"item-tool item-favorite\">\n        <span class=\"add-favorite-js item-tool-favorite text-center\" data-bs-toggle=\"tooltip\" data-bs-placement=\"top\" title=\"Preferit\" data-listid=\"350643\">\n            <i class=\"houzez-icon icon-love-it \"><\/i>\n        <\/span><!-- item-tool-favorite -->\n    <\/li><!-- item-tool -->\n    \n        <li class=\"item-tool item-compare\">\n        <span class=\"houzez_compare compare-350643 item-tool-compare text-center\" data-bs-toggle=\"tooltip\" data-bs-placement=\"top\" title=\"Afegeix per comparar\" data-listing_id=\"350643\" data-listing_image=\"https:\/\/www.mallorcaguru.es\/wp-content\/uploads\/2026\/04\/ETV-Alcudia-A8100-29-584x438.jpg\">\n            <i class=\"houzez-icon icon-add-circle\"><\/i>\n            <!-- <i class=\"houzez-icon icon-subtract-circle\"><\/i> -->\n        <\/span><!-- item-tool-compare -->\n    <\/li><!-- item-tool -->\n    <\/ul><!-- item-tools -->\n\t\t\t\t<div class=\"listing-image-wrap\">\n\t<div class=\"listing-thumb\">\n\t\t<a target=\"_self\" href=\"https:\/\/www.mallorcaguru.es\/ca\/propietat\/vil%c2%b7la-en-venda-a-alcudia-amb-llicencia-turistica-etv\/\" class=\"listing-featured-thumb hover-effect image-wrap\" role=\"link\">\n\t\t\t<img loading=\"lazy\" decoding=\"async\" width=\"584\" height=\"438\" src=\"https:\/\/www.mallorcaguru.es\/wp-content\/uploads\/2026\/04\/ETV-Alcudia-A8100-29-584x438.jpg\" class=\"img-fluid wp-post-image\" alt=\"\" \/>\t\t<\/a><!-- hover-effect -->\n\t<\/div>\n<\/div>\t\t\t\t<div class=\"preview_loader\"><\/div>\n\t\t\t<\/div>\n\t\t\t<div class=\"item-body w-100 flex-fill\">\n\t\t\t\t<ul class=\"item-amenities item-amenities-with-icons mb-2\">\n\t\t\t\t\t<li class=\"h-type d-flex w-100\" role=\"listitem\"><span>Xalet<\/span><\/li>\t\t\t\t<\/ul>\n\t\t\t\t<ul class=\"item-price-wrap d-flex align-items-end gap-3\" role=\"list\">\n\t\t\t\t\t<li class=\"item-price\"><span class=\"price\">1,650,000\u20ac<\/span><span class=\"price-postfix\"><\/span><\/li>\t\t\t\t<\/ul>\n\t\t\t\t<h2 class=\"item-title mb-2 \">\n\t<a target=\"_self\" href=\"https:\/\/www.mallorcaguru.es\/ca\/propietat\/vil%c2%b7la-en-venda-a-alcudia-amb-llicencia-turistica-etv\/\" role=\"link\">Vil\u00b7la en venda a Alc\u00fadia amb llic\u00e8ncia tur\u00edstica ETV<\/a>\n<\/h2><!-- item-title -->\t\t\t\t<address class=\"item-address mb-2\"><i class=\"houzez-icon icon-pin me-1\" aria-hidden=\"true\"><\/i><span>Cam\u00ed de Biniatria, 07400 Alc\u00fadia, Illes Balears, Spain<\/span><\/address>\t\t\t\t<ul class=\"item-amenities item-amenities-with-icons d-flex flex-wrap align-items-center gap-2\" role=\"list\">\n\t<li class=\"h-property-id me-1\"><i class=\"houzez-icon icon-tags me-2\"><\/i><span class=\"item-amenities-text\">ID:<\/span> <span class=\"hz-figure\">A8100<\/span><\/li><li class=\"h-beds d-flex align-items-center me-1\"><i class=\"houzez-icon icon-hotel-double-bed-1 me-2\"><\/i><span class=\"item-amenities-text\">Dorm:<\/span> <span class=\"hz-figure\">5<\/span><\/li><li class=\"h-baths d-flex align-items-center me-1\"><i class=\"houzez-icon icon-bathroom-shower-1 me-2\"><\/i><span class=\"item-amenities-text\">Banys:<\/span> <span class=\"hz-figure\">5<\/span><\/li><li class=\"h-area d-flex align-items-center me-1\"><i class=\"houzez-icon icon-ruler-triangle me-2\"><\/i><span class=\"hz-figure me-1\">477<\/span> <span class=\"hz-figure area_postfix\">m\u00b2<\/span><\/li><\/ul>\t\t\t<\/div>\n\t\t\t<div class=\"item-footer items-btns-count-3\">\n\t\t\t\t<div class=\"item-buttons-wrap d-flex justify-content-between gap-2\">\n\t\t\t\t\t\t\t\t<button type=\"button\" class=\"hz-call-popup-js btn btn-primary-outlined btn-item px-2 d-flex align-items-center justify-content-center flex-fill gap-1\" data-bs-toggle=\"modal\" data-model-id=\"call-action-350643-pYwiG\">\n\t\t\t\t<i class=\"houzez-icon icon-phone-actions-ring\"><\/i> Trucada\t\t\t<\/button>\n\t\t \t\t\t\t<button type=\"button\" class=\"hz-email-popup-js btn btn-primary-outlined btn-item px-2 d-flex align-items-center justify-content-center flex-fill gap-1\" data-bs-toggle=\"modal\" data-model-id=\"email-popup-350643-pYwiG\">\n\t\t\t\t<i class=\"houzez-icon icon-envelope\"><\/i> Email\t\t\t<\/button>\n\t\t\t\t\t\t<a class=\"btn btn-primary-outlined btn-item px-2 d-flex align-items-center justify-content-center flex-fill gap-1\" target=\"_blank\" href=\"https:\/\/api.whatsapp.com\/send?phone=+34667515185&text=Hola, m'interessa [Vil\u00b7la en venda a Alc\u00fadia amb llic\u00e8ncia tur\u00edstica ETV] https:\/\/www.mallorcaguru.es\/ca\/propietat\/vil%c2%b7la-en-venda-a-alcudia-amb-llicencia-turistica-etv\/\">\n\t\t\t\t<i class=\"houzez-icon icon-messaging-whatsapp\"><\/i> <span class=\"d-none d-md-block\">WhatsApp <\/span>\n\t\t\t<\/a>\n\t\t\t\t\t\t\t<\/div>\n\t\t\t<\/div>\n\t\t<\/div>\n\t<\/div>\n\t<div class=\"modal fade modal-phone-number\" id=\"call-action-350643-pYwiG\" tabindex=\"-1\" aria-labelledby=\"phoneNumberModalLabel\" aria-hidden=\"true\">\n    <div class=\"modal-dialog\" role=\"document\">\n        <div class=\"modal-content\">\n            <div class=\"modal-header\">\n                <h5 class=\"modal-title\" id=\"phoneNumberModalLabel\">Contacta&#039;ns<\/h5>\n                <button type=\"button\" class=\"btn-close\" data-bs-dismiss=\"modal\" aria-label=\"Tancar\"><\/button>\n            <\/div><!-- modal-header -->\n            <div class=\"modal-body\">\n                <p class=\"modal-body-phone-number-text\">\n                    Please quote property reference<br>\n\n                    <strong>Mallorca Property Guru - A8100<\/strong>\n                <\/p>\n                <p class=\"modal-body-phone-number-number\">\n                     <a class=\"btn btn-primary-outlined\" href=\"tel:+34667515185\"><i class=\"houzez-icon icon-phone-actions-ring\"><\/i> +34 667 515 185<\/a>\n                <\/p>\n            <\/div><!-- modal-body -->\n        <\/div><!-- modal-content -->\n    <\/div><!-- modal-dialog -->\n<\/div><!-- login-register-form -->\n\t<div class=\"modal fade mobile-property-form\" id=\"email-popup-350643-pYwiG\">\n    <div class=\"modal-dialog\" role=\"document\">\n        <div class=\"modal-content\">\n            <div class=\"modal-header\">\n                <h5 class=\"modal-title\" id=\"phoneNumberModalLabel\">Contact me<\/h5>\n                <button type=\"button\" class=\"btn-close\" data-bs-dismiss=\"modal\" aria-label=\"Close\"><\/button>\n            <\/div><!-- modal-header -->\n            <div class=\"modal-body\">\n                <div class=\"property-form-wrap border-none\">\n                                    <div class=\"property-form\">\n                        <form method=\"post\" action=\"#\">\n                            \n                            <div class=\"agent-details\" role=\"region\"><div class=\"d-flex align-items-center gap-3\"><div class=\"agent-image\" role=\"img\"><img decoding=\"async\" class=\"rounded\" src=\"https:\/\/www.mallorcaguru.es\/wp-content\/smush-avif\/2022\/03\/Mallorca-Property-Guru-Logo-2025-150x150.png.avif\" alt=\"Mallorca Property Guru Carmen Dols Bastard\" width=\"70\" height=\"70\" loading=\"lazy\" data-smush-avif-fallback=\"{&quot;src&quot;:&quot;https:\\\/\\\/www.mallorcaguru.es\\\/wp-content\\\/uploads\\\/2022\\\/03\\\/Mallorca-Property-Guru-Logo-2025-150x150.png&quot;}\"><span class=\"badge btn-secondary agent-verified-icon\"><i class=\"houzez-icon icon-check-circle-1\"><\/i><\/span><\/div><ul class=\"agent-information list-unstyled mb-0\" role=\"list\"><li class=\"agent-name\" role=\"listitem\"><i class=\"houzez-icon icon-single-neutral me-1\"><\/i> Mallorca Property Guru Carmen Dols Bastard<\/li><\/ul><\/div><\/div>\n                                                        <div class=\"form-group mb-2 mt-3\">\n                                <input class=\"form-control\" name=\"name\" value=\"\" type=\"text\" placeholder=\"Nom\">\n                            <\/div><!-- form-group -->\n                            \n                                \n                            <div class=\"form-group mb-2\">\n                                <input class=\"form-control\" name=\"mobile\" value=\"\" type=\"text\" placeholder=\"Tel\u00e8fon\">\n                            <\/div><!-- form-group -->\n                            \n                            <div class=\"form-group mb-2\">\n                                <input class=\"form-control\" name=\"email\" value=\"\" type=\"email\" placeholder=\"Correu electr\u00f2nic\">\n                            <\/div><!-- form-group -->\n\n                              \n                            <div class=\"form-group form-group-textarea mb-2\">\n                                <textarea class=\"form-control hz-form-message\" name=\"message\" rows=\"4\" placeholder=\"Missatge\">Hola, m'interessa [Vil\u00b7la en venda a Alc\u00fadia amb llic\u00e8ncia tur\u00edstica ETV]<\/textarea>\n                            <\/div><!-- form-group -->   \n                            \n                            \n                                                        <div class=\"form-group my-3\">\n                                <label class=\"control control--checkbox m-0 p-0 hz-no-gdpr-checkbox\">\n                                                                        <div class=\"gdpr-text-wrap\">\n                                        En enviar aquest formulari accepto <a target=\"_blank\" href=\"https:\/\/www.mallorcaguru.es\/ca\/termes-i-condicions\/\">Condicions d'\u00fas<\/a>\n                                    <\/div>\n                                <\/label>\n                            <\/div><!-- form-group -->   \n                                  \n                        \n                                                            <input type=\"hidden\" name=\"target_email\" value=\"&#99;&#97;r&#109;en&#64;m&#97;l&#108;&#111;rca&#103;&#117;r&#117;&#46;&#101;&#115;\">\n                                                        <input type=\"hidden\" name=\"property_agent_contact_security\" value=\"675f44d78e\"\/>\n                            <input type=\"hidden\" name=\"property_permalink\" value=\"https:\/\/www.mallorcaguru.es\/ca\/propietat\/vil%c2%b7la-en-venda-a-alcudia-amb-llicencia-turistica-etv\/\"\/>\n                            <input type=\"hidden\" name=\"property_title\" value=\"Vil\u00b7la en venda a Alc\u00fadia amb llic\u00e8ncia tur\u00edstica ETV\"\/>\n                            <input type=\"hidden\" name=\"property_id\" value=\"A8100\"\/>\n                            <input type=\"hidden\" name=\"action\" value=\"houzez_property_agent_contact\">\n                            <input type=\"hidden\" name=\"listing_id\" value=\"350643\">\n                            <input type=\"hidden\" name=\"is_listing_form\" value=\"yes\">\n                            <input type=\"hidden\" name=\"agent_id\" value=\"6097\">\n                            <input type=\"hidden\" name=\"agent_type\" value=\"agent_info\">\n\n                                                        <div class=\"form_messages\"><\/div>\n                            <button type=\"button\" class=\"houzez_agent_property_form btn btn-secondary w-100\">\n                                <span class=\"houzez-loader-js houzez-hidden spinner-border spinner-border-sm\" aria-hidden=\"true\"><\/span>                                Envia un correu                                \n                            <\/button>\n                            \n                        <\/form>\n                    <\/div><!-- property-form -->\n                    \n                            <\/div><!-- property-form-wrap -->\n\n    \n            <\/div>\n        <\/div>\n    <\/div>\n<\/div>\n<\/div>\n<div class=\"item-listing-wrap item-wrap-v9 hz-item-gallery-js hz-map-trigger\" data-hz-id=\"349206\" data-images=\"[{&quot;image&quot;:&quot;https:\\\/\\\/www.mallorcaguru.es\\\/wp-content\\\/smush-avif\\\/2026\\\/04\\\/Solar-Lloseta-621m2-3-584x438.jpg.avif&quot;,&quot;alt&quot;:&quot;&quot;,&quot;width&quot;:584,&quot;height&quot;:438,&quot;srcset&quot;:false,&quot;sizes&quot;:&quot;(max-width: 584px) 100vw, 584px&quot;},{&quot;image&quot;:&quot;https:\\\/\\\/www.mallorcaguru.es\\\/wp-content\\\/smush-avif\\\/2026\\\/04\\\/Solar-Lloseta-621m2-3-584x438.jpg.avif&quot;,&quot;alt&quot;:&quot;&quot;,&quot;width&quot;:584,&quot;height&quot;:438,&quot;srcset&quot;:false,&quot;sizes&quot;:&quot;(max-width: 584px) 100vw, 584px&quot;},{&quot;image&quot;:&quot;https:\\\/\\\/www.mallorcaguru.es\\\/wp-content\\\/smush-avif\\\/2026\\\/04\\\/Solar-Lloseta-621m2-2-584x438.jpg.avif&quot;,&quot;alt&quot;:&quot;&quot;,&quot;width&quot;:584,&quot;height&quot;:438,&quot;srcset&quot;:false,&quot;sizes&quot;:&quot;(max-width: 584px) 100vw, 584px&quot;}]\">\n\t<div class=\"item-wrap item-wrap-no-frame h-100\">\n\t\t<div class=\"d-flex flex-column align-items-center h-100\">\n\t\t\t<div class=\"item-header\">\n\t\t\t\t\t\t\t\t<div class=\"labels-wrap d-flex align-items-center gap-1\" role=\"group\"> \n\n\t<a href=\"https:\/\/www.mallorcaguru.es\/ca\/estat\/a-la-venda-mallorca-espanya\/\" class=\"label-status label status-color-3530\">\n\t\t\t\t\tA la Venda\n\t\t\t\t<\/a>       \n\n<\/div>\n\t\t\t\t<ul class=\"item-tools d-flex align-items-center justify-content-center gap-1\">\n        <li class=\"item-tool item-preview\">\n        <span class=\"hz-show-lightbox-js item-tool-preview text-center\" data-listid=\"349206\">\n            <span data-bs-toggle=\"tooltip\" data-bs-placement=\"top\" title=\"Previsualitza\">\n                <i class=\"houzez-icon icon-expand-3\"><\/i>   \n            <\/span>\n        <\/span><!-- item-tool-favorite -->\n    <\/li><!-- item-tool -->\n        \n        <li class=\"item-tool item-favorite\">\n        <span class=\"add-favorite-js item-tool-favorite text-center\" data-bs-toggle=\"tooltip\" data-bs-placement=\"top\" title=\"Preferit\" data-listid=\"349206\">\n            <i class=\"houzez-icon icon-love-it \"><\/i>\n        <\/span><!-- item-tool-favorite -->\n    <\/li><!-- item-tool -->\n    \n        <li class=\"item-tool item-compare\">\n        <span class=\"houzez_compare compare-349206 item-tool-compare text-center\" data-bs-toggle=\"tooltip\" data-bs-placement=\"top\" title=\"Afegeix per comparar\" data-listing_id=\"349206\" data-listing_image=\"https:\/\/www.mallorcaguru.es\/wp-content\/uploads\/2026\/04\/Solar-Lloseta-621m2-3-584x438.jpg\">\n            <i class=\"houzez-icon icon-add-circle\"><\/i>\n            <!-- <i class=\"houzez-icon icon-subtract-circle\"><\/i> -->\n        <\/span><!-- item-tool-compare -->\n    <\/li><!-- item-tool -->\n    <\/ul><!-- item-tools -->\n\t\t\t\t<div class=\"listing-image-wrap\">\n\t<div class=\"listing-thumb\">\n\t\t<a target=\"_self\" href=\"https:\/\/www.mallorcaguru.es\/ca\/propietat\/solar-edificable-en-venda-a-lloseta-amb-alt-potencial-edificable\/\" class=\"listing-featured-thumb hover-effect image-wrap\" role=\"link\">\n\t\t\t<img loading=\"lazy\" decoding=\"async\" width=\"584\" height=\"438\" src=\"https:\/\/www.mallorcaguru.es\/wp-content\/smush-avif\/2026\/04\/Solar-Lloseta-621m2-3-584x438.jpg.avif\" class=\"img-fluid wp-post-image\" alt=\"\" data-smush-avif-fallback=\"{&quot;src&quot;:&quot;https:\\\/\\\/www.mallorcaguru.es\\\/wp-content\\\/uploads\\\/2026\\\/04\\\/Solar-Lloseta-621m2-3-584x438.jpg&quot;}\" \/>\t\t<\/a><!-- hover-effect -->\n\t<\/div>\n<\/div>\t\t\t\t<div class=\"preview_loader\"><\/div>\n\t\t\t<\/div>\n\t\t\t<div class=\"item-body w-100 flex-fill\">\n\t\t\t\t<ul class=\"item-amenities item-amenities-with-icons mb-2\">\n\t\t\t\t\t<li class=\"h-type d-flex w-100\" role=\"listitem\"><span>Terreny<\/span><\/li>\t\t\t\t<\/ul>\n\t\t\t\t<ul class=\"item-price-wrap d-flex align-items-end gap-3\" role=\"list\">\n\t\t\t\t\t<li class=\"item-price\"><span class=\"price\">370,000\u20ac<\/span><span class=\"price-postfix\"><\/span><\/li>\t\t\t\t<\/ul>\n\t\t\t\t<h2 class=\"item-title mb-2 \">\n\t<a target=\"_self\" href=\"https:\/\/www.mallorcaguru.es\/ca\/propietat\/solar-edificable-en-venda-a-lloseta-amb-alt-potencial-edificable\/\" role=\"link\">Solar edificable en venda a Lloseta amb alt potencial edificable<\/a>\n<\/h2><!-- item-title -->\t\t\t\t<address class=\"item-address mb-2\"><i class=\"houzez-icon icon-pin me-1\" aria-hidden=\"true\"><\/i><span>Carrer Frederic Garc\u00eda Lorca, 07360 Lloseta, Illes Balears, Espanya<\/span><\/address>\t\t\t\t<ul class=\"item-amenities item-amenities-with-icons d-flex flex-wrap align-items-center gap-2\" role=\"list\">\n\t<li class=\"h-property-id me-1\"><i class=\"houzez-icon icon-tags me-2\"><\/i><span class=\"item-amenities-text\">ID:<\/span> <span class=\"hz-figure\">983<\/span><\/li><\/ul>\t\t\t<\/div>\n\t\t\t<div class=\"item-footer items-btns-count-3\">\n\t\t\t\t<div class=\"item-buttons-wrap d-flex justify-content-between gap-2\">\n\t\t\t\t\t\t\t\t<button type=\"button\" class=\"hz-call-popup-js btn btn-primary-outlined btn-item px-2 d-flex align-items-center justify-content-center flex-fill gap-1\" data-bs-toggle=\"modal\" data-model-id=\"call-action-349206-cYuK9\">\n\t\t\t\t<i class=\"houzez-icon icon-phone-actions-ring\"><\/i> Trucada\t\t\t<\/button>\n\t\t \t\t\t\t<button type=\"button\" class=\"hz-email-popup-js btn btn-primary-outlined btn-item px-2 d-flex align-items-center justify-content-center flex-fill gap-1\" data-bs-toggle=\"modal\" data-model-id=\"email-popup-349206-cYuK9\">\n\t\t\t\t<i class=\"houzez-icon icon-envelope\"><\/i> Email\t\t\t<\/button>\n\t\t\t\t\t\t<a class=\"btn btn-primary-outlined btn-item px-2 d-flex align-items-center justify-content-center flex-fill gap-1\" target=\"_blank\" href=\"https:\/\/api.whatsapp.com\/send?phone=+34667515185&text=Hola, m'interessa [Solar edificable en venda a Lloseta amb alt potencial edificable] https:\/\/www.mallorcaguru.es\/ca\/propietat\/solar-edificable-en-venda-a-lloseta-amb-alt-potencial-edificable\/\">\n\t\t\t\t<i class=\"houzez-icon icon-messaging-whatsapp\"><\/i> <span class=\"d-none d-md-block\">WhatsApp <\/span>\n\t\t\t<\/a>\n\t\t\t\t\t\t\t<\/div>\n\t\t\t<\/div>\n\t\t<\/div>\n\t<\/div>\n\t<div class=\"modal fade modal-phone-number\" id=\"call-action-349206-cYuK9\" tabindex=\"-1\" aria-labelledby=\"phoneNumberModalLabel\" aria-hidden=\"true\">\n    <div class=\"modal-dialog\" role=\"document\">\n        <div class=\"modal-content\">\n            <div class=\"modal-header\">\n                <h5 class=\"modal-title\" id=\"phoneNumberModalLabel\">Contacta&#039;ns<\/h5>\n                <button type=\"button\" class=\"btn-close\" data-bs-dismiss=\"modal\" aria-label=\"Tancar\"><\/button>\n            <\/div><!-- modal-header -->\n            <div class=\"modal-body\">\n                <p class=\"modal-body-phone-number-text\">\n                    Please quote property reference<br>\n\n                    <strong>Mallorca Property Guru - 983<\/strong>\n                <\/p>\n                <p class=\"modal-body-phone-number-number\">\n                     <a class=\"btn btn-primary-outlined\" href=\"tel:+34667515185\"><i class=\"houzez-icon icon-phone-actions-ring\"><\/i> +34 667 515 185<\/a>\n                <\/p>\n            <\/div><!-- modal-body -->\n        <\/div><!-- modal-content -->\n    <\/div><!-- modal-dialog -->\n<\/div><!-- login-register-form -->\n\t<div class=\"modal fade mobile-property-form\" id=\"email-popup-349206-cYuK9\">\n    <div class=\"modal-dialog\" role=\"document\">\n        <div class=\"modal-content\">\n            <div class=\"modal-header\">\n                <h5 class=\"modal-title\" id=\"phoneNumberModalLabel\">Contact me<\/h5>\n                <button type=\"button\" class=\"btn-close\" data-bs-dismiss=\"modal\" aria-label=\"Close\"><\/button>\n            <\/div><!-- modal-header -->\n            <div class=\"modal-body\">\n                <div class=\"property-form-wrap border-none\">\n                                    <div class=\"property-form\">\n                        <form method=\"post\" action=\"#\">\n                            \n                            <div class=\"agent-details\" role=\"region\"><div class=\"d-flex align-items-center gap-3\"><div class=\"agent-image\" role=\"img\"><img decoding=\"async\" class=\"rounded\" src=\"https:\/\/www.mallorcaguru.es\/wp-content\/smush-avif\/2022\/03\/Mallorca-Property-Guru-Logo-2025-150x150.png.avif\" alt=\"Mallorca Property Guru Carmen Dols Bastard\" width=\"70\" height=\"70\" loading=\"lazy\" data-smush-avif-fallback=\"{&quot;src&quot;:&quot;https:\\\/\\\/www.mallorcaguru.es\\\/wp-content\\\/uploads\\\/2022\\\/03\\\/Mallorca-Property-Guru-Logo-2025-150x150.png&quot;}\"><span class=\"badge btn-secondary agent-verified-icon\"><i class=\"houzez-icon icon-check-circle-1\"><\/i><\/span><\/div><ul class=\"agent-information list-unstyled mb-0\" role=\"list\"><li class=\"agent-name\" role=\"listitem\"><i class=\"houzez-icon icon-single-neutral me-1\"><\/i> Mallorca Property Guru Carmen Dols Bastard<\/li><\/ul><\/div><\/div>\n                                                        <div class=\"form-group mb-2 mt-3\">\n                                <input class=\"form-control\" name=\"name\" value=\"\" type=\"text\" placeholder=\"Nom\">\n                            <\/div><!-- form-group -->\n                            \n                                \n                            <div class=\"form-group mb-2\">\n                                <input class=\"form-control\" name=\"mobile\" value=\"\" type=\"text\" placeholder=\"Tel\u00e8fon\">\n                            <\/div><!-- form-group -->\n                            \n                            <div class=\"form-group mb-2\">\n                                <input class=\"form-control\" name=\"email\" value=\"\" type=\"email\" placeholder=\"Correu electr\u00f2nic\">\n                            <\/div><!-- form-group -->\n\n                              \n                            <div class=\"form-group form-group-textarea mb-2\">\n                                <textarea class=\"form-control hz-form-message\" name=\"message\" rows=\"4\" placeholder=\"Missatge\">Hola, m'interessa [Solar edificable en venda a Lloseta amb alt potencial edificable]<\/textarea>\n                            <\/div><!-- form-group -->   \n                            \n                            \n                                                        <div class=\"form-group my-3\">\n                                <label class=\"control control--checkbox m-0 p-0 hz-no-gdpr-checkbox\">\n                                                                        <div class=\"gdpr-text-wrap\">\n                                        En enviar aquest formulari accepto <a target=\"_blank\" href=\"https:\/\/www.mallorcaguru.es\/ca\/termes-i-condicions\/\">Condicions d'\u00fas<\/a>\n                                    <\/div>\n                                <\/label>\n                            <\/div><!-- form-group -->   \n                                  \n                        \n                                                            <input type=\"hidden\" name=\"target_email\" value=\"c&#97;&#114;&#109;e&#110;&#64;&#109;a&#108;&#108;&#111;&#114;cagu&#114;u.e&#115;\">\n                                                        <input type=\"hidden\" name=\"property_agent_contact_security\" value=\"675f44d78e\"\/>\n                            <input type=\"hidden\" name=\"property_permalink\" value=\"https:\/\/www.mallorcaguru.es\/ca\/propietat\/solar-edificable-en-venda-a-lloseta-amb-alt-potencial-edificable\/\"\/>\n                            <input type=\"hidden\" name=\"property_title\" value=\"Solar edificable en venda a Lloseta amb alt potencial edificable\"\/>\n                            <input type=\"hidden\" name=\"property_id\" value=\"983\"\/>\n                            <input type=\"hidden\" name=\"action\" value=\"houzez_property_agent_contact\">\n                            <input type=\"hidden\" name=\"listing_id\" value=\"349206\">\n                            <input type=\"hidden\" name=\"is_listing_form\" value=\"yes\">\n                            <input type=\"hidden\" name=\"agent_id\" value=\"6097\">\n                            <input type=\"hidden\" name=\"agent_type\" value=\"agent_info\">\n\n                                                        <div class=\"form_messages\"><\/div>\n                            <button type=\"button\" class=\"houzez_agent_property_form btn btn-secondary w-100\">\n                                <span class=\"houzez-loader-js houzez-hidden spinner-border spinner-border-sm\" aria-hidden=\"true\"><\/span>                                Envia un correu                                \n                            <\/button>\n                            \n                        <\/form>\n                    <\/div><!-- property-form -->\n                    \n                            <\/div><!-- property-form-wrap -->\n\n    \n            <\/div>\n        <\/div>\n    <\/div>\n<\/div>\n<\/div>\n<div class=\"item-listing-wrap item-wrap-v9 hz-item-gallery-js hz-map-trigger\" data-hz-id=\"347719\" data-images=\"[{&quot;image&quot;:&quot;https:\\\/\\\/www.mallorcaguru.es\\\/wp-content\\\/smush-avif\\\/2026\\\/04\\\/Santa-Maria-del-Cami-Finca-1-584x438.jpeg.avif&quot;,&quot;alt&quot;:&quot;&quot;,&quot;width&quot;:584,&quot;height&quot;:438,&quot;srcset&quot;:&quot;https:\\\/\\\/www.mallorcaguru.es\\\/wp-content\\\/smush-avif\\\/2026\\\/04\\\/Santa-Maria-del-Cami-Finca-1-584x438.jpeg.avif 584w, https:\\\/\\\/www.mallorcaguru.es\\\/wp-content\\\/smush-avif\\\/2026\\\/04\\\/Santa-Maria-del-Cami-Finca-1-1536x1152.jpeg.avif 1536w, https:\\\/\\\/www.mallorcaguru.es\\\/wp-content\\\/smush-avif\\\/2026\\\/04\\\/Santa-Maria-del-Cami-Finca-1.jpeg.avif 2048w&quot;,&quot;sizes&quot;:&quot;(max-width: 584px) 100vw, 584px&quot;},{&quot;image&quot;:&quot;https:\\\/\\\/www.mallorcaguru.es\\\/wp-content\\\/smush-avif\\\/2026\\\/04\\\/Santa-Maria-del-Cami-Finca-1-584x438.jpeg.avif&quot;,&quot;alt&quot;:&quot;&quot;,&quot;width&quot;:584,&quot;height&quot;:438,&quot;srcset&quot;:&quot;https:\\\/\\\/www.mallorcaguru.es\\\/wp-content\\\/smush-avif\\\/2026\\\/04\\\/Santa-Maria-del-Cami-Finca-1-584x438.jpeg.avif 584w, https:\\\/\\\/www.mallorcaguru.es\\\/wp-content\\\/smush-avif\\\/2026\\\/04\\\/Santa-Maria-del-Cami-Finca-1-1536x1152.jpeg.avif 1536w, https:\\\/\\\/www.mallorcaguru.es\\\/wp-content\\\/smush-avif\\\/2026\\\/04\\\/Santa-Maria-del-Cami-Finca-1.jpeg.avif 2048w&quot;,&quot;sizes&quot;:&quot;(max-width: 584px) 100vw, 584px&quot;},{&quot;image&quot;:&quot;https:\\\/\\\/www.mallorcaguru.es\\\/wp-content\\\/smush-avif\\\/2026\\\/04\\\/Santa-Maria-del-Cami-Finca-3-584x438.jpeg.avif&quot;,&quot;alt&quot;:&quot;&quot;,&quot;width&quot;:584,&quot;height&quot;:438,&quot;srcset&quot;:&quot;https:\\\/\\\/www.mallorcaguru.es\\\/wp-content\\\/smush-avif\\\/2026\\\/04\\\/Santa-Maria-del-Cami-Finca-3-584x438.jpeg.avif 584w, https:\\\/\\\/www.mallorcaguru.es\\\/wp-content\\\/smush-avif\\\/2026\\\/04\\\/Santa-Maria-del-Cami-Finca-3-1536x1152.jpeg.avif 1536w, https:\\\/\\\/www.mallorcaguru.es\\\/wp-content\\\/smush-avif\\\/2026\\\/04\\\/Santa-Maria-del-Cami-Finca-3.jpeg.avif 2048w&quot;,&quot;sizes&quot;:&quot;(max-width: 584px) 100vw, 584px&quot;}]\">\n\t<div class=\"item-wrap item-wrap-no-frame h-100\">\n\t\t<div class=\"d-flex flex-column align-items-center h-100\">\n\t\t\t<div class=\"item-header\">\n\t\t\t\t<span class=\"label-featured label me-1\" role=\"status\">Destacats<\/span>\t\t\t\t<div class=\"labels-wrap d-flex align-items-center gap-1\" role=\"group\"> \n\n\t<a href=\"https:\/\/www.mallorcaguru.es\/ca\/estat\/a-la-venda-mallorca-espanya\/\" class=\"label-status label status-color-3530\">\n\t\t\t\t\tA la Venda\n\t\t\t\t<\/a>       \n\n<\/div>\n\t\t\t\t<ul class=\"item-tools d-flex align-items-center justify-content-center gap-1\">\n        <li class=\"item-tool item-preview\">\n        <span class=\"hz-show-lightbox-js item-tool-preview text-center\" data-listid=\"347719\">\n            <span data-bs-toggle=\"tooltip\" data-bs-placement=\"top\" title=\"Previsualitza\">\n                <i class=\"houzez-icon icon-expand-3\"><\/i>   \n            <\/span>\n        <\/span><!-- item-tool-favorite -->\n    <\/li><!-- item-tool -->\n        \n        <li class=\"item-tool item-favorite\">\n        <span class=\"add-favorite-js item-tool-favorite text-center\" data-bs-toggle=\"tooltip\" data-bs-placement=\"top\" title=\"Preferit\" data-listid=\"347719\">\n            <i class=\"houzez-icon icon-love-it \"><\/i>\n        <\/span><!-- item-tool-favorite -->\n    <\/li><!-- item-tool -->\n    \n        <li class=\"item-tool item-compare\">\n        <span class=\"houzez_compare compare-347719 item-tool-compare text-center\" data-bs-toggle=\"tooltip\" data-bs-placement=\"top\" title=\"Afegeix per comparar\" data-listing_id=\"347719\" data-listing_image=\"https:\/\/www.mallorcaguru.es\/wp-content\/uploads\/2026\/04\/Santa-Maria-del-Cami-Finca-1-584x438.jpeg\">\n            <i class=\"houzez-icon icon-add-circle\"><\/i>\n            <!-- <i class=\"houzez-icon icon-subtract-circle\"><\/i> -->\n        <\/span><!-- item-tool-compare -->\n    <\/li><!-- item-tool -->\n    <\/ul><!-- item-tools -->\n\t\t\t\t<div class=\"listing-image-wrap\">\n\t<div class=\"listing-thumb\">\n\t\t<a target=\"_self\" href=\"https:\/\/www.mallorcaguru.es\/ca\/propietat\/solar-en-venda-a-santa-maria-del-cami\/\" class=\"listing-featured-thumb hover-effect image-wrap\" role=\"link\">\n\t\t\t<img loading=\"lazy\" decoding=\"async\" width=\"584\" height=\"438\" src=\"https:\/\/www.mallorcaguru.es\/wp-content\/smush-avif\/2026\/04\/Santa-Maria-del-Cami-Finca-1-584x438.jpeg.avif\" class=\"img-fluid wp-post-image\" alt=\"\" srcset=\"https:\/\/www.mallorcaguru.es\/wp-content\/smush-avif\/2026\/04\/Santa-Maria-del-Cami-Finca-1-584x438.jpeg.avif 584w, https:\/\/www.mallorcaguru.es\/wp-content\/smush-avif\/2026\/04\/Santa-Maria-del-Cami-Finca-1-1536x1152.jpeg.avif 1536w, https:\/\/www.mallorcaguru.es\/wp-content\/smush-avif\/2026\/04\/Santa-Maria-del-Cami-Finca-1.jpeg.avif 2048w\" sizes=\"auto, (max-width: 584px) 100vw, 584px\" data-smush-avif-fallback=\"{&quot;src&quot;:&quot;https:\\\/\\\/www.mallorcaguru.es\\\/wp-content\\\/uploads\\\/2026\\\/04\\\/Santa-Maria-del-Cami-Finca-1-584x438.jpeg&quot;,&quot;srcset&quot;:&quot;https:\\\/\\\/www.mallorcaguru.es\\\/wp-content\\\/uploads\\\/2026\\\/04\\\/Santa-Maria-del-Cami-Finca-1-584x438.jpeg 584w, https:\\\/\\\/www.mallorcaguru.es\\\/wp-content\\\/uploads\\\/2026\\\/04\\\/Santa-Maria-del-Cami-Finca-1-1536x1152.jpeg 1536w, https:\\\/\\\/www.mallorcaguru.es\\\/wp-content\\\/uploads\\\/2026\\\/04\\\/Santa-Maria-del-Cami-Finca-1.jpeg 2048w&quot;}\" \/>\t\t<\/a><!-- hover-effect -->\n\t<\/div>\n<\/div>\t\t\t\t<div class=\"preview_loader\"><\/div>\n\t\t\t<\/div>\n\t\t\t<div class=\"item-body w-100 flex-fill\">\n\t\t\t\t<ul class=\"item-amenities item-amenities-with-icons mb-2\">\n\t\t\t\t\t<li class=\"h-type d-flex w-100\" role=\"listitem\"><span>Finca, Terreny<\/span><\/li>\t\t\t\t<\/ul>\n\t\t\t\t<ul class=\"item-price-wrap d-flex align-items-end gap-3\" role=\"list\">\n\t\t\t\t\t<li class=\"item-price\"><span class=\"price\">1,735,000\u20ac<\/span><span class=\"price-postfix\"><\/span><\/li>\t\t\t\t<\/ul>\n\t\t\t\t<h2 class=\"item-title mb-2 \">\n\t<a target=\"_self\" href=\"https:\/\/www.mallorcaguru.es\/ca\/propietat\/solar-en-venda-a-santa-maria-del-cami\/\" role=\"link\">Solar en venda a Santa Maria del Cam\u00ed<\/a>\n<\/h2><!-- item-title -->\t\t\t\t<address class=\"item-address mb-2\"><i class=\"houzez-icon icon-pin me-1\" aria-hidden=\"true\"><\/i><span>Cam\u00ed des Raiguer, Santa Maria del Cam\u00ed, Espanya<\/span><\/address>\t\t\t\t<ul class=\"item-amenities item-amenities-with-icons d-flex flex-wrap align-items-center gap-2\" role=\"list\">\n\t<li class=\"h-property-id me-1\"><i class=\"houzez-icon icon-tags me-2\"><\/i><span class=\"item-amenities-text\">ID:<\/span> <span class=\"hz-figure\">1008<\/span><\/li><li class=\"h-area d-flex align-items-center me-1\"><i class=\"houzez-icon icon-ruler-triangle me-2\"><\/i><span class=\"hz-figure me-1\">177<\/span> <span class=\"hz-figure area_postfix\">m\u00b2<\/span><\/li><\/ul>\t\t\t<\/div>\n\t\t\t<div class=\"item-footer items-btns-count-3\">\n\t\t\t\t<div class=\"item-buttons-wrap d-flex justify-content-between gap-2\">\n\t\t\t\t\t\t\t\t<button type=\"button\" class=\"hz-call-popup-js btn btn-primary-outlined btn-item px-2 d-flex align-items-center justify-content-center flex-fill gap-1\" data-bs-toggle=\"modal\" data-model-id=\"call-action-347719-oprFv\">\n\t\t\t\t<i class=\"houzez-icon icon-phone-actions-ring\"><\/i> Trucada\t\t\t<\/button>\n\t\t \t\t\t\t<button type=\"button\" class=\"hz-email-popup-js btn btn-primary-outlined btn-item px-2 d-flex align-items-center justify-content-center flex-fill gap-1\" data-bs-toggle=\"modal\" data-model-id=\"email-popup-347719-oprFv\">\n\t\t\t\t<i class=\"houzez-icon icon-envelope\"><\/i> Email\t\t\t<\/button>\n\t\t\t\t\t\t<a class=\"btn btn-primary-outlined btn-item px-2 d-flex align-items-center justify-content-center flex-fill gap-1\" target=\"_blank\" href=\"https:\/\/api.whatsapp.com\/send?phone=+34667515185&text=Hola, m'interessa [Solar en venda a Santa Maria del Cam\u00ed] https:\/\/www.mallorcaguru.es\/ca\/propietat\/solar-en-venda-a-santa-maria-del-cami\/\">\n\t\t\t\t<i class=\"houzez-icon icon-messaging-whatsapp\"><\/i> <span class=\"d-none d-md-block\">WhatsApp <\/span>\n\t\t\t<\/a>\n\t\t\t\t\t\t\t<\/div>\n\t\t\t<\/div>\n\t\t<\/div>\n\t<\/div>\n\t<div class=\"modal fade modal-phone-number\" id=\"call-action-347719-oprFv\" tabindex=\"-1\" aria-labelledby=\"phoneNumberModalLabel\" aria-hidden=\"true\">\n    <div class=\"modal-dialog\" role=\"document\">\n        <div class=\"modal-content\">\n            <div class=\"modal-header\">\n                <h5 class=\"modal-title\" id=\"phoneNumberModalLabel\">Contacta&#039;ns<\/h5>\n                <button type=\"button\" class=\"btn-close\" data-bs-dismiss=\"modal\" aria-label=\"Tancar\"><\/button>\n            <\/div><!-- modal-header -->\n            <div class=\"modal-body\">\n                <p class=\"modal-body-phone-number-text\">\n                    Please quote property reference<br>\n\n                    <strong>Mallorca Property Guru - 1008<\/strong>\n                <\/p>\n                <p class=\"modal-body-phone-number-number\">\n                     <a class=\"btn btn-primary-outlined\" href=\"tel:+34667515185\"><i class=\"houzez-icon icon-phone-actions-ring\"><\/i> +34 667 515 185<\/a>\n                <\/p>\n            <\/div><!-- modal-body -->\n        <\/div><!-- modal-content -->\n    <\/div><!-- modal-dialog -->\n<\/div><!-- login-register-form -->\n\t<div class=\"modal fade mobile-property-form\" id=\"email-popup-347719-oprFv\">\n    <div class=\"modal-dialog\" role=\"document\">\n        <div class=\"modal-content\">\n            <div class=\"modal-header\">\n                <h5 class=\"modal-title\" id=\"phoneNumberModalLabel\">Contact me<\/h5>\n                <button type=\"button\" class=\"btn-close\" data-bs-dismiss=\"modal\" aria-label=\"Close\"><\/button>\n            <\/div><!-- modal-header -->\n            <div class=\"modal-body\">\n                <div class=\"property-form-wrap border-none\">\n                                    <div class=\"property-form\">\n                        <form method=\"post\" action=\"#\">\n                            \n                            <div class=\"agent-details\" role=\"region\"><div class=\"d-flex align-items-center gap-3\"><div class=\"agent-image\" role=\"img\"><img decoding=\"async\" class=\"rounded\" src=\"https:\/\/www.mallorcaguru.es\/wp-content\/smush-avif\/2022\/03\/Mallorca-Property-Guru-Logo-2025-150x150.png.avif\" alt=\"Mallorca Property Guru Carmen Dols Bastard\" width=\"70\" height=\"70\" loading=\"lazy\" data-smush-avif-fallback=\"{&quot;src&quot;:&quot;https:\\\/\\\/www.mallorcaguru.es\\\/wp-content\\\/uploads\\\/2022\\\/03\\\/Mallorca-Property-Guru-Logo-2025-150x150.png&quot;}\"><span class=\"badge btn-secondary agent-verified-icon\"><i class=\"houzez-icon icon-check-circle-1\"><\/i><\/span><\/div><ul class=\"agent-information list-unstyled mb-0\" role=\"list\"><li class=\"agent-name\" role=\"listitem\"><i class=\"houzez-icon icon-single-neutral me-1\"><\/i> Mallorca Property Guru Carmen Dols Bastard<\/li><\/ul><\/div><\/div>\n                                                        <div class=\"form-group mb-2 mt-3\">\n                                <input class=\"form-control\" name=\"name\" value=\"\" type=\"text\" placeholder=\"Nom\">\n                            <\/div><!-- form-group -->\n                            \n                                \n                            <div class=\"form-group mb-2\">\n                                <input class=\"form-control\" name=\"mobile\" value=\"\" type=\"text\" placeholder=\"Tel\u00e8fon\">\n                            <\/div><!-- form-group -->\n                            \n                            <div class=\"form-group mb-2\">\n                                <input class=\"form-control\" name=\"email\" value=\"\" type=\"email\" placeholder=\"Correu electr\u00f2nic\">\n                            <\/div><!-- form-group -->\n\n                              \n                            <div class=\"form-group form-group-textarea mb-2\">\n                                <textarea class=\"form-control hz-form-message\" name=\"message\" rows=\"4\" placeholder=\"Missatge\">Hola, m'interessa [Solar en venda a Santa Maria del Cam\u00ed]<\/textarea>\n                            <\/div><!-- form-group -->   \n                            \n                            \n                                                        <div class=\"form-group my-3\">\n                                <label class=\"control control--checkbox m-0 p-0 hz-no-gdpr-checkbox\">\n                                                                        <div class=\"gdpr-text-wrap\">\n                                        En enviar aquest formulari accepto <a target=\"_blank\" href=\"https:\/\/www.mallorcaguru.es\/ca\/termes-i-condicions\/\">Condicions d'\u00fas<\/a>\n                                    <\/div>\n                                <\/label>\n                            <\/div><!-- form-group -->   \n                                  \n                        \n                                                            <input type=\"hidden\" name=\"target_email\" value=\"&#99;&#97;&#114;m&#101;&#110;&#64;&#109;all&#111;&#114;&#99;agu&#114;u&#46;&#101;s\">\n                                                        <input type=\"hidden\" name=\"property_agent_contact_security\" value=\"675f44d78e\"\/>\n                            <input type=\"hidden\" name=\"property_permalink\" value=\"https:\/\/www.mallorcaguru.es\/ca\/propietat\/solar-en-venda-a-santa-maria-del-cami\/\"\/>\n                            <input type=\"hidden\" name=\"property_title\" value=\"Solar en venda a Santa Maria del Cam\u00ed\"\/>\n                            <input type=\"hidden\" name=\"property_id\" value=\"1008\"\/>\n                            <input type=\"hidden\" name=\"action\" value=\"houzez_property_agent_contact\">\n                            <input type=\"hidden\" name=\"listing_id\" value=\"347719\">\n                            <input type=\"hidden\" name=\"is_listing_form\" value=\"yes\">\n                            <input type=\"hidden\" name=\"agent_id\" value=\"6097\">\n                            <input type=\"hidden\" name=\"agent_type\" value=\"agent_info\">\n\n                                                        <div class=\"form_messages\"><\/div>\n                            <button type=\"button\" class=\"houzez_agent_property_form btn btn-secondary w-100\">\n                                <span class=\"houzez-loader-js houzez-hidden spinner-border spinner-border-sm\" aria-hidden=\"true\"><\/span>                                Envia un correu                                \n                            <\/button>\n                            \n                        <\/form>\n                    <\/div><!-- property-form -->\n                    \n                            <\/div><!-- property-form-wrap -->\n\n    \n            <\/div>\n        <\/div>\n    <\/div>\n<\/div>\n<\/div>\n<div class=\"item-listing-wrap item-wrap-v9 hz-item-gallery-js hz-map-trigger\" data-hz-id=\"346348\" data-images=\"[{&quot;image&quot;:&quot;https:\\\/\\\/www.mallorcaguru.es\\\/wp-content\\\/smush-avif\\\/2026\\\/04\\\/Cafe-Binissalem-for-Transfer-3-584x438.jpeg.avif&quot;,&quot;alt&quot;:&quot;&quot;,&quot;width&quot;:584,&quot;height&quot;:438,&quot;srcset&quot;:false,&quot;sizes&quot;:&quot;(max-width: 584px) 100vw, 584px&quot;},{&quot;image&quot;:&quot;https:\\\/\\\/www.mallorcaguru.es\\\/wp-content\\\/smush-avif\\\/2026\\\/04\\\/Cafe-Binissalem-for-Transfer-3-584x438.jpeg.avif&quot;,&quot;alt&quot;:&quot;&quot;,&quot;width&quot;:584,&quot;height&quot;:438,&quot;srcset&quot;:false,&quot;sizes&quot;:&quot;(max-width: 584px) 100vw, 584px&quot;},{&quot;image&quot;:&quot;https:\\\/\\\/www.mallorcaguru.es\\\/wp-content\\\/smush-avif\\\/2026\\\/04\\\/Cafe-Binissalem-for-Transfer-1-584x438.jpeg.avif&quot;,&quot;alt&quot;:&quot;&quot;,&quot;width&quot;:584,&quot;height&quot;:438,&quot;srcset&quot;:false,&quot;sizes&quot;:&quot;(max-width: 584px) 100vw, 584px&quot;}]\">\n\t<div class=\"item-wrap item-wrap-no-frame h-100\">\n\t\t<div class=\"d-flex flex-column align-items-center h-100\">\n\t\t\t<div class=\"item-header\">\n\t\t\t\t\t\t\t\t<div class=\"labels-wrap d-flex align-items-center gap-1\" role=\"group\"> \n\n\t<a href=\"https:\/\/www.mallorcaguru.es\/ca\/estat\/a-la-venda-mallorca-espanya\/\" class=\"label-status label status-color-3530\">\n\t\t\t\t\tA la Venda\n\t\t\t\t<\/a><a href=\"https:\/\/www.mallorcaguru.es\/ca\/estat\/bens-immobles-traspas-mallorca\/\" class=\"label-status label status-color-4375\">\n\t\t\t\t\tTrasp\u00e0s\n\t\t\t\t<\/a>       \n\n<\/div>\n\t\t\t\t<ul class=\"item-tools d-flex align-items-center justify-content-center gap-1\">\n        <li class=\"item-tool item-preview\">\n        <span class=\"hz-show-lightbox-js item-tool-preview text-center\" data-listid=\"346348\">\n            <span data-bs-toggle=\"tooltip\" data-bs-placement=\"top\" title=\"Previsualitza\">\n                <i class=\"houzez-icon icon-expand-3\"><\/i>   \n            <\/span>\n        <\/span><!-- item-tool-favorite -->\n    <\/li><!-- item-tool -->\n        \n        <li class=\"item-tool item-favorite\">\n        <span class=\"add-favorite-js item-tool-favorite text-center\" data-bs-toggle=\"tooltip\" data-bs-placement=\"top\" title=\"Preferit\" data-listid=\"346348\">\n            <i class=\"houzez-icon icon-love-it \"><\/i>\n        <\/span><!-- item-tool-favorite -->\n    <\/li><!-- item-tool -->\n    \n        <li class=\"item-tool item-compare\">\n        <span class=\"houzez_compare compare-346348 item-tool-compare text-center\" data-bs-toggle=\"tooltip\" data-bs-placement=\"top\" title=\"Afegeix per comparar\" data-listing_id=\"346348\" data-listing_image=\"https:\/\/www.mallorcaguru.es\/wp-content\/uploads\/2026\/04\/Cafe-Binissalem-for-Transfer-3-584x438.jpeg\">\n            <i class=\"houzez-icon icon-add-circle\"><\/i>\n            <!-- <i class=\"houzez-icon icon-subtract-circle\"><\/i> -->\n        <\/span><!-- item-tool-compare -->\n    <\/li><!-- item-tool -->\n    <\/ul><!-- item-tools -->\n\t\t\t\t<div class=\"listing-image-wrap\">\n\t<div class=\"listing-thumb\">\n\t\t<a target=\"_self\" href=\"https:\/\/www.mallorcaguru.es\/ca\/propietat\/cafe-a-binissalem-per-a-traspas-amb-ubicacio-privilegiada\/\" class=\"listing-featured-thumb hover-effect image-wrap\" role=\"link\">\n\t\t\t<img loading=\"lazy\" decoding=\"async\" width=\"584\" height=\"438\" src=\"https:\/\/www.mallorcaguru.es\/wp-content\/smush-avif\/2026\/04\/Cafe-Binissalem-for-Transfer-3-584x438.jpeg.avif\" class=\"img-fluid wp-post-image\" alt=\"\" data-smush-avif-fallback=\"{&quot;src&quot;:&quot;https:\\\/\\\/www.mallorcaguru.es\\\/wp-content\\\/uploads\\\/2026\\\/04\\\/Cafe-Binissalem-for-Transfer-3-584x438.jpeg&quot;}\" \/>\t\t<\/a><!-- hover-effect -->\n\t<\/div>\n<\/div>\t\t\t\t<div class=\"preview_loader\"><\/div>\n\t\t\t<\/div>\n\t\t\t<div class=\"item-body w-100 flex-fill\">\n\t\t\t\t<ul class=\"item-amenities item-amenities-with-icons mb-2\">\n\t\t\t\t\t<li class=\"h-type d-flex w-100\" role=\"listitem\"><span>Propietat Comercial<\/span><\/li>\t\t\t\t<\/ul>\n\t\t\t\t<ul class=\"item-price-wrap d-flex align-items-end gap-3\" role=\"list\">\n\t\t\t\t\t<li class=\"item-price\"><span class=\"price\">38,000\u20ac<\/span><span class=\"price-postfix\">\/Al mes 1.058,75 \u20ac<\/span><\/li>\t\t\t\t<\/ul>\n\t\t\t\t<h2 class=\"item-title mb-2 \">\n\t<a target=\"_self\" href=\"https:\/\/www.mallorcaguru.es\/ca\/propietat\/cafe-a-binissalem-per-a-traspas-amb-ubicacio-privilegiada\/\" role=\"link\">Caf\u00e8 a Binissalem per a trasp\u00e0s amb ubicaci\u00f3 privilegiada<\/a>\n<\/h2><!-- item-title -->\t\t\t\t<address class=\"item-address mb-2\"><i class=\"houzez-icon icon-pin me-1\" aria-hidden=\"true\"><\/i><span>Binissalem, Espanya<\/span><\/address>\t\t\t\t<ul class=\"item-amenities item-amenities-with-icons d-flex flex-wrap align-items-center gap-2\" role=\"list\">\n\t<li class=\"h-property-id me-1\"><i class=\"houzez-icon icon-tags me-2\"><\/i><span class=\"item-amenities-text\">ID:<\/span> <span class=\"hz-figure\">1003<\/span><\/li><li class=\"h-beds d-flex align-items-center me-1\"><i class=\"houzez-icon icon-hotel-double-bed-1 me-2\"><\/i><span class=\"item-amenities-text\">Bed:<\/span> <span class=\"hz-figure\">0<\/span><\/li><li class=\"h-baths d-flex align-items-center me-1\"><i class=\"houzez-icon icon-bathroom-shower-1 me-2\"><\/i><span class=\"item-amenities-text\">Banys:<\/span> <span class=\"hz-figure\">2<\/span><\/li><li class=\"h-area d-flex align-items-center me-1\"><i class=\"houzez-icon icon-ruler-triangle me-2\"><\/i><span class=\"hz-figure me-1\">88<\/span> <span class=\"hz-figure area_postfix\">m\u00b2<\/span><\/li><\/ul>\t\t\t<\/div>\n\t\t\t<div class=\"item-footer items-btns-count-3\">\n\t\t\t\t<div class=\"item-buttons-wrap d-flex justify-content-between gap-2\">\n\t\t\t\t\t\t\t\t<button type=\"button\" class=\"hz-call-popup-js btn btn-primary-outlined btn-item px-2 d-flex align-items-center justify-content-center flex-fill gap-1\" data-bs-toggle=\"modal\" data-model-id=\"call-action-346348-Ee45A\">\n\t\t\t\t<i class=\"houzez-icon icon-phone-actions-ring\"><\/i> Trucada\t\t\t<\/button>\n\t\t \t\t\t\t<button type=\"button\" class=\"hz-email-popup-js btn btn-primary-outlined btn-item px-2 d-flex align-items-center justify-content-center flex-fill gap-1\" data-bs-toggle=\"modal\" data-model-id=\"email-popup-346348-Ee45A\">\n\t\t\t\t<i class=\"houzez-icon icon-envelope\"><\/i> Email\t\t\t<\/button>\n\t\t\t\t\t\t<a class=\"btn btn-primary-outlined btn-item px-2 d-flex align-items-center justify-content-center flex-fill gap-1\" target=\"_blank\" href=\"https:\/\/api.whatsapp.com\/send?phone=+34667515185&text=Hola, m'interessa [Caf\u00e8 a Binissalem per a trasp\u00e0s amb ubicaci\u00f3 privilegiada] https:\/\/www.mallorcaguru.es\/ca\/propietat\/cafe-a-binissalem-per-a-traspas-amb-ubicacio-privilegiada\/\">\n\t\t\t\t<i class=\"houzez-icon icon-messaging-whatsapp\"><\/i> <span class=\"d-none d-md-block\">WhatsApp <\/span>\n\t\t\t<\/a>\n\t\t\t\t\t\t\t<\/div>\n\t\t\t<\/div>\n\t\t<\/div>\n\t<\/div>\n\t<div class=\"modal fade modal-phone-number\" id=\"call-action-346348-Ee45A\" tabindex=\"-1\" aria-labelledby=\"phoneNumberModalLabel\" aria-hidden=\"true\">\n    <div class=\"modal-dialog\" role=\"document\">\n        <div class=\"modal-content\">\n            <div class=\"modal-header\">\n                <h5 class=\"modal-title\" id=\"phoneNumberModalLabel\">Contacta&#039;ns<\/h5>\n                <button type=\"button\" class=\"btn-close\" data-bs-dismiss=\"modal\" aria-label=\"Tancar\"><\/button>\n            <\/div><!-- modal-header -->\n            <div class=\"modal-body\">\n                <p class=\"modal-body-phone-number-text\">\n                    Please quote property reference<br>\n\n                    <strong>Mallorca Property Guru - 1003<\/strong>\n                <\/p>\n                <p class=\"modal-body-phone-number-number\">\n                     <a class=\"btn btn-primary-outlined\" href=\"tel:+34667515185\"><i class=\"houzez-icon icon-phone-actions-ring\"><\/i> +34 667 515 185<\/a>\n                <\/p>\n            <\/div><!-- modal-body -->\n        <\/div><!-- modal-content -->\n    <\/div><!-- modal-dialog -->\n<\/div><!-- login-register-form -->\n\t<div class=\"modal fade mobile-property-form\" id=\"email-popup-346348-Ee45A\">\n    <div class=\"modal-dialog\" role=\"document\">\n        <div class=\"modal-content\">\n            <div class=\"modal-header\">\n                <h5 class=\"modal-title\" id=\"phoneNumberModalLabel\">Contact me<\/h5>\n                <button type=\"button\" class=\"btn-close\" data-bs-dismiss=\"modal\" aria-label=\"Close\"><\/button>\n            <\/div><!-- modal-header -->\n            <div class=\"modal-body\">\n                <div class=\"property-form-wrap border-none\">\n                                    <div class=\"property-form\">\n                        <form method=\"post\" action=\"#\">\n                            \n                            <div class=\"agent-details\" role=\"region\"><div class=\"d-flex align-items-center gap-3\"><div class=\"agent-image\" role=\"img\"><img decoding=\"async\" class=\"rounded\" src=\"https:\/\/www.mallorcaguru.es\/wp-content\/smush-avif\/2022\/03\/Mallorca-Property-Guru-Logo-2025-150x150.png.avif\" alt=\"Mallorca Property Guru Carmen Dols Bastard\" width=\"70\" height=\"70\" loading=\"lazy\" data-smush-avif-fallback=\"{&quot;src&quot;:&quot;https:\\\/\\\/www.mallorcaguru.es\\\/wp-content\\\/uploads\\\/2022\\\/03\\\/Mallorca-Property-Guru-Logo-2025-150x150.png&quot;}\"><span class=\"badge btn-secondary agent-verified-icon\"><i class=\"houzez-icon icon-check-circle-1\"><\/i><\/span><\/div><ul class=\"agent-information list-unstyled mb-0\" role=\"list\"><li class=\"agent-name\" role=\"listitem\"><i class=\"houzez-icon icon-single-neutral me-1\"><\/i> Mallorca Property Guru Carmen Dols Bastard<\/li><\/ul><\/div><\/div>\n                                                        <div class=\"form-group mb-2 mt-3\">\n                                <input class=\"form-control\" name=\"name\" value=\"\" type=\"text\" placeholder=\"Nom\">\n                            <\/div><!-- form-group -->\n                            \n                                \n                            <div class=\"form-group mb-2\">\n                                <input class=\"form-control\" name=\"mobile\" value=\"\" type=\"text\" placeholder=\"Tel\u00e8fon\">\n                            <\/div><!-- form-group -->\n                            \n                            <div class=\"form-group mb-2\">\n                                <input class=\"form-control\" name=\"email\" value=\"\" type=\"email\" placeholder=\"Correu electr\u00f2nic\">\n                            <\/div><!-- form-group -->\n\n                              \n                            <div class=\"form-group form-group-textarea mb-2\">\n                                <textarea class=\"form-control hz-form-message\" name=\"message\" rows=\"4\" placeholder=\"Missatge\">Hola, m'interessa [Caf\u00e8 a Binissalem per a trasp\u00e0s amb ubicaci\u00f3 privilegiada]<\/textarea>\n                            <\/div><!-- form-group -->   \n                            \n                            \n                                                        <div class=\"form-group my-3\">\n                                <label class=\"control control--checkbox m-0 p-0 hz-no-gdpr-checkbox\">\n                                                                        <div class=\"gdpr-text-wrap\">\n                                        En enviar aquest formulari accepto <a target=\"_blank\" href=\"https:\/\/www.mallorcaguru.es\/ca\/termes-i-condicions\/\">Condicions d'\u00fas<\/a>\n                                    <\/div>\n                                <\/label>\n                            <\/div><!-- form-group -->   \n                                  \n                        \n                                                            <input type=\"hidden\" name=\"target_email\" value=\"ca&#114;&#109;en&#64;&#109;&#97;l&#108;or&#99;agur&#117;&#46;&#101;s\">\n                                                        <input type=\"hidden\" name=\"property_agent_contact_security\" value=\"675f44d78e\"\/>\n                            <input type=\"hidden\" name=\"property_permalink\" value=\"https:\/\/www.mallorcaguru.es\/ca\/propietat\/cafe-a-binissalem-per-a-traspas-amb-ubicacio-privilegiada\/\"\/>\n                            <input type=\"hidden\" name=\"property_title\" value=\"Caf\u00e8 a Binissalem per a trasp\u00e0s amb ubicaci\u00f3 privilegiada\"\/>\n                            <input type=\"hidden\" name=\"property_id\" value=\"1003\"\/>\n                            <input type=\"hidden\" name=\"action\" value=\"houzez_property_agent_contact\">\n                            <input type=\"hidden\" name=\"listing_id\" value=\"346348\">\n                            <input type=\"hidden\" name=\"is_listing_form\" value=\"yes\">\n                            <input type=\"hidden\" name=\"agent_id\" value=\"6097\">\n                            <input type=\"hidden\" name=\"agent_type\" value=\"agent_info\">\n\n                                                        <div class=\"form_messages\"><\/div>\n                            <button type=\"button\" class=\"houzez_agent_property_form btn btn-secondary w-100\">\n                                <span class=\"houzez-loader-js houzez-hidden spinner-border spinner-border-sm\" aria-hidden=\"true\"><\/span>                                Envia un correu                                \n                            <\/button>\n                            \n                        <\/form>\n                    <\/div><!-- property-form -->\n                    \n                            <\/div><!-- property-form-wrap -->\n\n    \n            <\/div>\n        <\/div>\n    <\/div>\n<\/div>\n<\/div>\n<div class=\"item-listing-wrap item-wrap-v9 hz-item-gallery-js hz-map-trigger\" data-hz-id=\"346156\" data-images=\"[{&quot;image&quot;:&quot;https:\\\/\\\/www.mallorcaguru.es\\\/wp-content\\\/smush-avif\\\/2026\\\/04\\\/Vineyard-For-Sale-in-Mallorca-06-584x438.jpg.avif&quot;,&quot;alt&quot;:&quot;&quot;,&quot;width&quot;:584,&quot;height&quot;:438,&quot;srcset&quot;:false,&quot;sizes&quot;:&quot;(max-width: 584px) 100vw, 584px&quot;},{&quot;image&quot;:&quot;https:\\\/\\\/www.mallorcaguru.es\\\/wp-content\\\/smush-avif\\\/2026\\\/04\\\/Vineyard-For-Sale-in-Mallorca-06-584x438.jpg.avif&quot;,&quot;alt&quot;:&quot;&quot;,&quot;width&quot;:584,&quot;height&quot;:438,&quot;srcset&quot;:false,&quot;sizes&quot;:&quot;(max-width: 584px) 100vw, 584px&quot;},{&quot;image&quot;:&quot;https:\\\/\\\/www.mallorcaguru.es\\\/wp-content\\\/smush-avif\\\/2026\\\/04\\\/Vineyard-For-Sale-in-Mallorca-10-584x438.jpg.avif&quot;,&quot;alt&quot;:&quot;&quot;,&quot;width&quot;:584,&quot;height&quot;:438,&quot;srcset&quot;:&quot;https:\\\/\\\/www.mallorcaguru.es\\\/wp-content\\\/smush-avif\\\/2026\\\/04\\\/Vineyard-For-Sale-in-Mallorca-10-584x438.jpg.avif 584w, https:\\\/\\\/www.mallorcaguru.es\\\/wp-content\\\/smush-avif\\\/2026\\\/04\\\/Vineyard-For-Sale-in-Mallorca-10-1536x1152.jpg.avif 1536w, https:\\\/\\\/www.mallorcaguru.es\\\/wp-content\\\/smush-avif\\\/2026\\\/04\\\/Vineyard-For-Sale-in-Mallorca-10.jpg.avif 1600w&quot;,&quot;sizes&quot;:&quot;(max-width: 584px) 100vw, 584px&quot;}]\">\n\t<div class=\"item-wrap item-wrap-no-frame h-100\">\n\t\t<div class=\"d-flex flex-column align-items-center h-100\">\n\t\t\t<div class=\"item-header\">\n\t\t\t\t<span class=\"label-featured label me-1\" role=\"status\">Destacats<\/span>\t\t\t\t<div class=\"labels-wrap d-flex align-items-center gap-1\" role=\"group\"> \n\n\t<a href=\"https:\/\/www.mallorcaguru.es\/ca\/estat\/a-la-venda-mallorca-espanya\/\" class=\"label-status label status-color-3530\">\n\t\t\t\t\tA la Venda\n\t\t\t\t<\/a><a href=\"https:\/\/www.mallorcaguru.es\/ca\/estat\/bens-immobles-traspas-mallorca\/\" class=\"label-status label status-color-4375\">\n\t\t\t\t\tTrasp\u00e0s\n\t\t\t\t<\/a><a href=\"https:\/\/www.mallorcaguru.es\/ca\/etiqueta\/vinyes-i-cellers-en-venda-mallorca\/\" class=\"hz-label label label-color-4370\">\n\t\t\t\t\tVinyes i cellers\n\t\t\t\t<\/a>       \n\n<\/div>\n\t\t\t\t<ul class=\"item-tools d-flex align-items-center justify-content-center gap-1\">\n        <li class=\"item-tool item-preview\">\n        <span class=\"hz-show-lightbox-js item-tool-preview text-center\" data-listid=\"346156\">\n            <span data-bs-toggle=\"tooltip\" data-bs-placement=\"top\" title=\"Previsualitza\">\n                <i class=\"houzez-icon icon-expand-3\"><\/i>   \n            <\/span>\n        <\/span><!-- item-tool-favorite -->\n    <\/li><!-- item-tool -->\n        \n        <li class=\"item-tool item-favorite\">\n        <span class=\"add-favorite-js item-tool-favorite text-center\" data-bs-toggle=\"tooltip\" data-bs-placement=\"top\" title=\"Preferit\" data-listid=\"346156\">\n            <i class=\"houzez-icon icon-love-it \"><\/i>\n        <\/span><!-- item-tool-favorite -->\n    <\/li><!-- item-tool -->\n    \n        <li class=\"item-tool item-compare\">\n        <span class=\"houzez_compare compare-346156 item-tool-compare text-center\" data-bs-toggle=\"tooltip\" data-bs-placement=\"top\" title=\"Afegeix per comparar\" data-listing_id=\"346156\" data-listing_image=\"https:\/\/www.mallorcaguru.es\/wp-content\/uploads\/2026\/04\/Vineyard-For-Sale-in-Mallorca-06-584x438.jpg\">\n            <i class=\"houzez-icon icon-add-circle\"><\/i>\n            <!-- <i class=\"houzez-icon icon-subtract-circle\"><\/i> -->\n        <\/span><!-- item-tool-compare -->\n    <\/li><!-- item-tool -->\n    <\/ul><!-- item-tools -->\n\t\t\t\t<div class=\"listing-image-wrap\">\n\t<div class=\"listing-thumb\">\n\t\t<a target=\"_self\" href=\"https:\/\/www.mallorcaguru.es\/ca\/propietat\/celler-en-venda-a-mallorca-una-oportunitat-unica\/\" class=\"listing-featured-thumb hover-effect image-wrap\" role=\"link\">\n\t\t\t<img loading=\"lazy\" decoding=\"async\" width=\"584\" height=\"438\" src=\"https:\/\/www.mallorcaguru.es\/wp-content\/smush-avif\/2026\/04\/Vineyard-For-Sale-in-Mallorca-06-584x438.jpg.avif\" class=\"img-fluid wp-post-image\" alt=\"\" data-smush-avif-fallback=\"{&quot;src&quot;:&quot;https:\\\/\\\/www.mallorcaguru.es\\\/wp-content\\\/uploads\\\/2026\\\/04\\\/Vineyard-For-Sale-in-Mallorca-06-584x438.jpg&quot;}\" \/>\t\t<\/a><!-- hover-effect -->\n\t<\/div>\n<\/div>\t\t\t\t<div class=\"preview_loader\"><\/div>\n\t\t\t<\/div>\n\t\t\t<div class=\"item-body w-100 flex-fill\">\n\t\t\t\t<ul class=\"item-amenities item-amenities-with-icons mb-2\">\n\t\t\t\t\t<li class=\"h-type d-flex w-100\" role=\"listitem\"><span>Propietat Comercial<\/span><\/li>\t\t\t\t<\/ul>\n\t\t\t\t<ul class=\"item-price-wrap d-flex align-items-end gap-3\" role=\"list\">\n\t\t\t\t\t<li class=\"item-price\"><span class=\"price\">2,350,000\u20ac<\/span><span class=\"price-postfix\"><\/span><\/li>\t\t\t\t<\/ul>\n\t\t\t\t<h2 class=\"item-title mb-2 \">\n\t<a target=\"_self\" href=\"https:\/\/www.mallorcaguru.es\/ca\/propietat\/celler-en-venda-a-mallorca-una-oportunitat-unica\/\" role=\"link\">Celler en venda a Mallorca, una oportunitat \u00fanica<\/a>\n<\/h2><!-- item-title -->\t\t\t\t<address class=\"item-address mb-2\"><i class=\"houzez-icon icon-pin me-1\" aria-hidden=\"true\"><\/i><span>Raiguer, Espanya<\/span><\/address>\t\t\t\t<ul class=\"item-amenities item-amenities-with-icons d-flex flex-wrap align-items-center gap-2\" role=\"list\">\n\t<li class=\"h-property-id me-1\"><i class=\"houzez-icon icon-tags me-2\"><\/i><span class=\"item-amenities-text\">ID:<\/span> <span class=\"hz-figure\">993<\/span><\/li><li class=\"h-baths d-flex align-items-center me-1\"><i class=\"houzez-icon icon-bathroom-shower-1 me-2\"><\/i><span class=\"item-amenities-text\">Banys:<\/span> <span class=\"hz-figure\">2<\/span><\/li><li class=\"h-area d-flex align-items-center me-1\"><i class=\"houzez-icon icon-ruler-triangle me-2\"><\/i><span class=\"hz-figure me-1\">352<\/span> <span class=\"hz-figure area_postfix\">m\u00b2<\/span><\/li><\/ul>\t\t\t<\/div>\n\t\t\t<div class=\"item-footer items-btns-count-3\">\n\t\t\t\t<div class=\"item-buttons-wrap d-flex justify-content-between gap-2\">\n\t\t\t\t\t\t\t\t<button type=\"button\" class=\"hz-call-popup-js btn btn-primary-outlined btn-item px-2 d-flex align-items-center justify-content-center flex-fill gap-1\" data-bs-toggle=\"modal\" data-model-id=\"call-action-346156-w1IA6\">\n\t\t\t\t<i class=\"houzez-icon icon-phone-actions-ring\"><\/i> Trucada\t\t\t<\/button>\n\t\t \t\t\t\t<button type=\"button\" class=\"hz-email-popup-js btn btn-primary-outlined btn-item px-2 d-flex align-items-center justify-content-center flex-fill gap-1\" data-bs-toggle=\"modal\" data-model-id=\"email-popup-346156-w1IA6\">\n\t\t\t\t<i class=\"houzez-icon icon-envelope\"><\/i> Email\t\t\t<\/button>\n\t\t\t\t\t\t<a class=\"btn btn-primary-outlined btn-item px-2 d-flex align-items-center justify-content-center flex-fill gap-1\" target=\"_blank\" href=\"https:\/\/api.whatsapp.com\/send?phone=+34667515185&text=Hola, m'interessa [Celler en venda a Mallorca, una oportunitat \u00fanica] https:\/\/www.mallorcaguru.es\/ca\/propietat\/celler-en-venda-a-mallorca-una-oportunitat-unica\/\">\n\t\t\t\t<i class=\"houzez-icon icon-messaging-whatsapp\"><\/i> <span class=\"d-none d-md-block\">WhatsApp <\/span>\n\t\t\t<\/a>\n\t\t\t\t\t\t\t<\/div>\n\t\t\t<\/div>\n\t\t<\/div>\n\t<\/div>\n\t<div class=\"modal fade modal-phone-number\" id=\"call-action-346156-w1IA6\" tabindex=\"-1\" aria-labelledby=\"phoneNumberModalLabel\" aria-hidden=\"true\">\n    <div class=\"modal-dialog\" role=\"document\">\n        <div class=\"modal-content\">\n            <div class=\"modal-header\">\n                <h5 class=\"modal-title\" id=\"phoneNumberModalLabel\">Contacta&#039;ns<\/h5>\n                <button type=\"button\" class=\"btn-close\" data-bs-dismiss=\"modal\" aria-label=\"Tancar\"><\/button>\n            <\/div><!-- modal-header -->\n            <div class=\"modal-body\">\n                <p class=\"modal-body-phone-number-text\">\n                    Please quote property reference<br>\n\n                    <strong>Mallorca Property Guru - 993<\/strong>\n                <\/p>\n                <p class=\"modal-body-phone-number-number\">\n                     <a class=\"btn btn-primary-outlined\" href=\"tel:+34667515185\"><i class=\"houzez-icon icon-phone-actions-ring\"><\/i> +34 667 515 185<\/a>\n                <\/p>\n            <\/div><!-- modal-body -->\n        <\/div><!-- modal-content -->\n    <\/div><!-- modal-dialog -->\n<\/div><!-- login-register-form -->\n\t<div class=\"modal fade mobile-property-form\" id=\"email-popup-346156-w1IA6\">\n    <div class=\"modal-dialog\" role=\"document\">\n        <div class=\"modal-content\">\n            <div class=\"modal-header\">\n                <h5 class=\"modal-title\" id=\"phoneNumberModalLabel\">Contact me<\/h5>\n                <button type=\"button\" class=\"btn-close\" data-bs-dismiss=\"modal\" aria-label=\"Close\"><\/button>\n            <\/div><!-- modal-header -->\n            <div class=\"modal-body\">\n                <div class=\"property-form-wrap border-none\">\n                                    <div class=\"property-form\">\n                        <form method=\"post\" action=\"#\">\n                            \n                            <div class=\"agent-details\" role=\"region\"><div class=\"d-flex align-items-center gap-3\"><div class=\"agent-image\" role=\"img\"><img decoding=\"async\" class=\"rounded\" src=\"https:\/\/www.mallorcaguru.es\/wp-content\/smush-avif\/2022\/03\/Mallorca-Property-Guru-Logo-2025-150x150.png.avif\" alt=\"Mallorca Property Guru Carmen Dols Bastard\" width=\"70\" height=\"70\" loading=\"lazy\" data-smush-avif-fallback=\"{&quot;src&quot;:&quot;https:\\\/\\\/www.mallorcaguru.es\\\/wp-content\\\/uploads\\\/2022\\\/03\\\/Mallorca-Property-Guru-Logo-2025-150x150.png&quot;}\"><span class=\"badge btn-secondary agent-verified-icon\"><i class=\"houzez-icon icon-check-circle-1\"><\/i><\/span><\/div><ul class=\"agent-information list-unstyled mb-0\" role=\"list\"><li class=\"agent-name\" role=\"listitem\"><i class=\"houzez-icon icon-single-neutral me-1\"><\/i> Mallorca Property Guru Carmen Dols Bastard<\/li><\/ul><\/div><\/div>\n                                                        <div class=\"form-group mb-2 mt-3\">\n                                <input class=\"form-control\" name=\"name\" value=\"\" type=\"text\" placeholder=\"Nom\">\n                            <\/div><!-- form-group -->\n                            \n                                \n                            <div class=\"form-group mb-2\">\n                                <input class=\"form-control\" name=\"mobile\" value=\"\" type=\"text\" placeholder=\"Tel\u00e8fon\">\n                            <\/div><!-- form-group -->\n                            \n                            <div class=\"form-group mb-2\">\n                                <input class=\"form-control\" name=\"email\" value=\"\" type=\"email\" placeholder=\"Correu electr\u00f2nic\">\n                            <\/div><!-- form-group -->\n\n                              \n                            <div class=\"form-group form-group-textarea mb-2\">\n                                <textarea class=\"form-control hz-form-message\" name=\"message\" rows=\"4\" placeholder=\"Missatge\">Hola, m'interessa [Celler en venda a Mallorca, una oportunitat \u00fanica]<\/textarea>\n                            <\/div><!-- form-group -->   \n                            \n                            \n                                                        <div class=\"form-group my-3\">\n                                <label class=\"control control--checkbox m-0 p-0 hz-no-gdpr-checkbox\">\n                                                                        <div class=\"gdpr-text-wrap\">\n                                        En enviar aquest formulari accepto <a target=\"_blank\" href=\"https:\/\/www.mallorcaguru.es\/ca\/termes-i-condicions\/\">Condicions d'\u00fas<\/a>\n                                    <\/div>\n                                <\/label>\n                            <\/div><!-- form-group -->   \n                                  \n                        \n                                                            <input type=\"hidden\" name=\"target_email\" value=\"ca&#114;&#109;&#101;n&#64;&#109;allor&#99;&#97;&#103;u&#114;u&#46;&#101;s\">\n                                                        <input type=\"hidden\" name=\"property_agent_contact_security\" value=\"675f44d78e\"\/>\n                            <input type=\"hidden\" name=\"property_permalink\" value=\"https:\/\/www.mallorcaguru.es\/ca\/propietat\/celler-en-venda-a-mallorca-una-oportunitat-unica\/\"\/>\n                            <input type=\"hidden\" name=\"property_title\" value=\"Celler en venda a Mallorca, una oportunitat \u00fanica\"\/>\n                            <input type=\"hidden\" name=\"property_id\" value=\"993\"\/>\n                            <input type=\"hidden\" name=\"action\" value=\"houzez_property_agent_contact\">\n                            <input type=\"hidden\" name=\"listing_id\" value=\"346156\">\n                            <input type=\"hidden\" name=\"is_listing_form\" value=\"yes\">\n                            <input type=\"hidden\" name=\"agent_id\" value=\"6097\">\n                            <input type=\"hidden\" name=\"agent_type\" value=\"agent_info\">\n\n                                                        <div class=\"form_messages\"><\/div>\n                            <button type=\"button\" class=\"houzez_agent_property_form btn btn-secondary w-100\">\n                                <span class=\"houzez-loader-js houzez-hidden spinner-border spinner-border-sm\" aria-hidden=\"true\"><\/span>                                Envia un correu                                \n                            <\/button>\n                            \n                        <\/form>\n                    <\/div><!-- property-form -->\n                    \n                            <\/div><!-- property-form-wrap -->\n\n    \n            <\/div>\n        <\/div>\n    <\/div>\n<\/div>\n<\/div>\n<div class=\"item-listing-wrap item-wrap-v9 hz-item-gallery-js hz-map-trigger\" data-hz-id=\"345964\" data-images=\"[{&quot;image&quot;:&quot;https:\\\/\\\/www.mallorcaguru.es\\\/wp-content\\\/smush-avif\\\/2026\\\/04\\\/Can-Norat-Portol-14-584x438.jpg.avif&quot;,&quot;alt&quot;:&quot;&quot;,&quot;width&quot;:584,&quot;height&quot;:438,&quot;srcset&quot;:false,&quot;sizes&quot;:&quot;(max-width: 584px) 100vw, 584px&quot;},{&quot;image&quot;:&quot;https:\\\/\\\/www.mallorcaguru.es\\\/wp-content\\\/smush-avif\\\/2026\\\/04\\\/Can-Norat-Portol-14-584x438.jpg.avif&quot;,&quot;alt&quot;:&quot;&quot;,&quot;width&quot;:584,&quot;height&quot;:438,&quot;srcset&quot;:false,&quot;sizes&quot;:&quot;(max-width: 584px) 100vw, 584px&quot;},{&quot;image&quot;:&quot;https:\\\/\\\/www.mallorcaguru.es\\\/wp-content\\\/smush-avif\\\/2026\\\/04\\\/Can-Norat-Portol-for-sale-2-2-584x438.jpg.avif&quot;,&quot;alt&quot;:&quot;&quot;,&quot;width&quot;:584,&quot;height&quot;:438,&quot;srcset&quot;:false,&quot;sizes&quot;:&quot;(max-width: 584px) 100vw, 584px&quot;}]\">\n\t<div class=\"item-wrap item-wrap-no-frame h-100\">\n\t\t<div class=\"d-flex flex-column align-items-center h-100\">\n\t\t\t<div class=\"item-header\">\n\t\t\t\t<span class=\"label-featured label me-1\" role=\"status\">Destacats<\/span>\t\t\t\t<div class=\"labels-wrap d-flex align-items-center gap-1\" role=\"group\"> \n\n\t<a href=\"https:\/\/www.mallorcaguru.es\/ca\/estat\/a-la-venda-mallorca-espanya\/\" class=\"label-status label status-color-3530\">\n\t\t\t\t\tA la Venda\n\t\t\t\t<\/a><a href=\"https:\/\/www.mallorcaguru.es\/ca\/etiqueta\/propietats-dobra-nova-a-mallorca\/\" class=\"hz-label label label-color-3841\">\n\t\t\t\t\tPropietats d&#039;obra Nova\n\t\t\t\t<\/a>       \n\n<\/div>\n\t\t\t\t<ul class=\"item-tools d-flex align-items-center justify-content-center gap-1\">\n        <li class=\"item-tool item-preview\">\n        <span class=\"hz-show-lightbox-js item-tool-preview text-center\" data-listid=\"345964\">\n            <span data-bs-toggle=\"tooltip\" data-bs-placement=\"top\" title=\"Previsualitza\">\n                <i class=\"houzez-icon icon-expand-3\"><\/i>   \n            <\/span>\n        <\/span><!-- item-tool-favorite -->\n    <\/li><!-- item-tool -->\n        \n        <li class=\"item-tool item-favorite\">\n        <span class=\"add-favorite-js item-tool-favorite text-center\" data-bs-toggle=\"tooltip\" data-bs-placement=\"top\" title=\"Preferit\" data-listid=\"345964\">\n            <i class=\"houzez-icon icon-love-it \"><\/i>\n        <\/span><!-- item-tool-favorite -->\n    <\/li><!-- item-tool -->\n    \n        <li class=\"item-tool item-compare\">\n        <span class=\"houzez_compare compare-345964 item-tool-compare text-center\" data-bs-toggle=\"tooltip\" data-bs-placement=\"top\" title=\"Afegeix per comparar\" data-listing_id=\"345964\" data-listing_image=\"https:\/\/www.mallorcaguru.es\/wp-content\/uploads\/2026\/04\/Can-Norat-Portol-14-584x438.jpg\">\n            <i class=\"houzez-icon icon-add-circle\"><\/i>\n            <!-- <i class=\"houzez-icon icon-subtract-circle\"><\/i> -->\n        <\/span><!-- item-tool-compare -->\n    <\/li><!-- item-tool -->\n    <\/ul><!-- item-tools -->\n\t\t\t\t<div class=\"listing-image-wrap\">\n\t<div class=\"listing-thumb\">\n\t\t<a target=\"_self\" href=\"https:\/\/www.mallorcaguru.es\/ca\/propietat\/casa-adossada-en-venda-a-portol\/\" class=\"listing-featured-thumb hover-effect image-wrap\" role=\"link\">\n\t\t\t<img loading=\"lazy\" decoding=\"async\" width=\"584\" height=\"438\" src=\"https:\/\/www.mallorcaguru.es\/wp-content\/smush-avif\/2026\/04\/Can-Norat-Portol-14-584x438.jpg.avif\" class=\"img-fluid wp-post-image\" alt=\"\" data-smush-avif-fallback=\"{&quot;src&quot;:&quot;https:\\\/\\\/www.mallorcaguru.es\\\/wp-content\\\/uploads\\\/2026\\\/04\\\/Can-Norat-Portol-14-584x438.jpg&quot;}\" \/>\t\t<\/a><!-- hover-effect -->\n\t<\/div>\n<\/div>\t\t\t\t<div class=\"preview_loader\"><\/div>\n\t\t\t<\/div>\n\t\t\t<div class=\"item-body w-100 flex-fill\">\n\t\t\t\t<ul class=\"item-amenities item-amenities-with-icons mb-2\">\n\t\t\t\t\t<li class=\"h-type d-flex w-100\" role=\"listitem\"><span>Casa de Poble<\/span><\/li>\t\t\t\t<\/ul>\n\t\t\t\t<ul class=\"item-price-wrap d-flex align-items-end gap-3\" role=\"list\">\n\t\t\t\t\t<li class=\"item-price\"><span class=\"price\">830,000\u20ac<\/span><span class=\"price-postfix\"><\/span><\/li>\t\t\t\t<\/ul>\n\t\t\t\t<h2 class=\"item-title mb-2 \">\n\t<a target=\"_self\" href=\"https:\/\/www.mallorcaguru.es\/ca\/propietat\/casa-adossada-en-venda-a-portol\/\" role=\"link\">Casa adossada en venda a P\u00f2rtol<\/a>\n<\/h2><!-- item-title -->\t\t\t\t<address class=\"item-address mb-2\"><i class=\"houzez-icon icon-pin me-1\" aria-hidden=\"true\"><\/i><span>Carrer de Can Norat, 07141 P\u00f2rtol, Illes Balears, Espanya<\/span><\/address>\t\t\t\t<ul class=\"item-amenities item-amenities-with-icons d-flex flex-wrap align-items-center gap-2\" role=\"list\">\n\t<li class=\"h-property-id me-1\"><i class=\"houzez-icon icon-tags me-2\"><\/i><span class=\"item-amenities-text\">ID:<\/span> <span class=\"hz-figure\">1002<\/span><\/li><li class=\"h-beds d-flex align-items-center me-1\"><i class=\"houzez-icon icon-hotel-double-bed-1 me-2\"><\/i><span class=\"item-amenities-text\">Dorm:<\/span> <span class=\"hz-figure\">4<\/span><\/li><li class=\"h-baths d-flex align-items-center me-1\"><i class=\"houzez-icon icon-bathroom-shower-1 me-2\"><\/i><span class=\"item-amenities-text\">Banys:<\/span> <span class=\"hz-figure\">3<\/span><\/li><li class=\"h-area d-flex align-items-center me-1\"><i class=\"houzez-icon icon-ruler-triangle me-2\"><\/i><span class=\"hz-figure me-1\">174<\/span> <span class=\"hz-figure area_postfix\">m\u00b2<\/span><\/li><\/ul>\t\t\t<\/div>\n\t\t\t<div class=\"item-footer items-btns-count-3\">\n\t\t\t\t<div class=\"item-buttons-wrap d-flex justify-content-between gap-2\">\n\t\t\t\t\t\t\t\t<button type=\"button\" class=\"hz-call-popup-js btn btn-primary-outlined btn-item px-2 d-flex align-items-center justify-content-center flex-fill gap-1\" data-bs-toggle=\"modal\" data-model-id=\"call-action-345964-PI0nJ\">\n\t\t\t\t<i class=\"houzez-icon icon-phone-actions-ring\"><\/i> Trucada\t\t\t<\/button>\n\t\t \t\t\t\t<button type=\"button\" class=\"hz-email-popup-js btn btn-primary-outlined btn-item px-2 d-flex align-items-center justify-content-center flex-fill gap-1\" data-bs-toggle=\"modal\" data-model-id=\"email-popup-345964-PI0nJ\">\n\t\t\t\t<i class=\"houzez-icon icon-envelope\"><\/i> Email\t\t\t<\/button>\n\t\t\t\t\t\t<a class=\"btn btn-primary-outlined btn-item px-2 d-flex align-items-center justify-content-center flex-fill gap-1\" target=\"_blank\" href=\"https:\/\/api.whatsapp.com\/send?phone=+34667515185&text=Hola, m'interessa [Casa adossada en venda a P\u00f2rtol] https:\/\/www.mallorcaguru.es\/ca\/propietat\/casa-adossada-en-venda-a-portol\/\">\n\t\t\t\t<i class=\"houzez-icon icon-messaging-whatsapp\"><\/i> <span class=\"d-none d-md-block\">WhatsApp <\/span>\n\t\t\t<\/a>\n\t\t\t\t\t\t\t<\/div>\n\t\t\t<\/div>\n\t\t<\/div>\n\t<\/div>\n\t<div class=\"modal fade modal-phone-number\" id=\"call-action-345964-PI0nJ\" tabindex=\"-1\" aria-labelledby=\"phoneNumberModalLabel\" aria-hidden=\"true\">\n    <div class=\"modal-dialog\" role=\"document\">\n        <div class=\"modal-content\">\n            <div class=\"modal-header\">\n                <h5 class=\"modal-title\" id=\"phoneNumberModalLabel\">Contacta&#039;ns<\/h5>\n                <button type=\"button\" class=\"btn-close\" data-bs-dismiss=\"modal\" aria-label=\"Tancar\"><\/button>\n            <\/div><!-- modal-header -->\n            <div class=\"modal-body\">\n                <p class=\"modal-body-phone-number-text\">\n                    Please quote property reference<br>\n\n                    <strong>Mallorca Property Guru - 1002<\/strong>\n                <\/p>\n                <p class=\"modal-body-phone-number-number\">\n                     <a class=\"btn btn-primary-outlined\" href=\"tel:+34667515185\"><i class=\"houzez-icon icon-phone-actions-ring\"><\/i> +34 667 515 185<\/a>\n                <\/p>\n            <\/div><!-- modal-body -->\n        <\/div><!-- modal-content -->\n    <\/div><!-- modal-dialog -->\n<\/div><!-- login-register-form -->\n\t<div class=\"modal fade mobile-property-form\" id=\"email-popup-345964-PI0nJ\">\n    <div class=\"modal-dialog\" role=\"document\">\n        <div class=\"modal-content\">\n            <div class=\"modal-header\">\n                <h5 class=\"modal-title\" id=\"phoneNumberModalLabel\">Contact me<\/h5>\n                <button type=\"button\" class=\"btn-close\" data-bs-dismiss=\"modal\" aria-label=\"Close\"><\/button>\n            <\/div><!-- modal-header -->\n            <div class=\"modal-body\">\n                <div class=\"property-form-wrap border-none\">\n                                    <div class=\"property-form\">\n                        <form method=\"post\" action=\"#\">\n                            \n                            <div class=\"agent-details\" role=\"region\"><div class=\"d-flex align-items-center gap-3\"><div class=\"agent-image\" role=\"img\"><img decoding=\"async\" class=\"rounded\" src=\"https:\/\/www.mallorcaguru.es\/wp-content\/smush-avif\/2022\/03\/Mallorca-Property-Guru-Logo-2025-150x150.png.avif\" alt=\"Mallorca Property Guru Carmen Dols Bastard\" width=\"70\" height=\"70\" loading=\"lazy\" data-smush-avif-fallback=\"{&quot;src&quot;:&quot;https:\\\/\\\/www.mallorcaguru.es\\\/wp-content\\\/uploads\\\/2022\\\/03\\\/Mallorca-Property-Guru-Logo-2025-150x150.png&quot;}\"><span class=\"badge btn-secondary agent-verified-icon\"><i class=\"houzez-icon icon-check-circle-1\"><\/i><\/span><\/div><ul class=\"agent-information list-unstyled mb-0\" role=\"list\"><li class=\"agent-name\" role=\"listitem\"><i class=\"houzez-icon icon-single-neutral me-1\"><\/i> Mallorca Property Guru Carmen Dols Bastard<\/li><\/ul><\/div><\/div>\n                                                        <div class=\"form-group mb-2 mt-3\">\n                                <input class=\"form-control\" name=\"name\" value=\"\" type=\"text\" placeholder=\"Nom\">\n                            <\/div><!-- form-group -->\n                            \n                                \n                            <div class=\"form-group mb-2\">\n                                <input class=\"form-control\" name=\"mobile\" value=\"\" type=\"text\" placeholder=\"Tel\u00e8fon\">\n                            <\/div><!-- form-group -->\n                            \n                            <div class=\"form-group mb-2\">\n                                <input class=\"form-control\" name=\"email\" value=\"\" type=\"email\" placeholder=\"Correu electr\u00f2nic\">\n                            <\/div><!-- form-group -->\n\n                              \n                            <div class=\"form-group form-group-textarea mb-2\">\n                                <textarea class=\"form-control hz-form-message\" name=\"message\" rows=\"4\" placeholder=\"Missatge\">Hola, m'interessa [Casa adossada en venda a P\u00f2rtol]<\/textarea>\n                            <\/div><!-- form-group -->   \n                            \n                            \n                                                        <div class=\"form-group my-3\">\n                                <label class=\"control control--checkbox m-0 p-0 hz-no-gdpr-checkbox\">\n                                                                        <div class=\"gdpr-text-wrap\">\n                                        En enviar aquest formulari accepto <a target=\"_blank\" href=\"https:\/\/www.mallorcaguru.es\/ca\/termes-i-condicions\/\">Condicions d'\u00fas<\/a>\n                                    <\/div>\n                                <\/label>\n                            <\/div><!-- form-group -->   \n                                  \n                        \n                                                            <input type=\"hidden\" name=\"target_email\" value=\"c&#97;rme&#110;&#64;&#109;a&#108;lor&#99;&#97;&#103;u&#114;u.&#101;s\">\n                                                        <input type=\"hidden\" name=\"property_agent_contact_security\" value=\"675f44d78e\"\/>\n                            <input type=\"hidden\" name=\"property_permalink\" value=\"https:\/\/www.mallorcaguru.es\/ca\/propietat\/casa-adossada-en-venda-a-portol\/\"\/>\n                            <input type=\"hidden\" name=\"property_title\" value=\"Casa adossada en venda a P\u00f2rtol\"\/>\n                            <input type=\"hidden\" name=\"property_id\" value=\"1002\"\/>\n                            <input type=\"hidden\" name=\"action\" value=\"houzez_property_agent_contact\">\n                            <input type=\"hidden\" name=\"listing_id\" value=\"345964\">\n                            <input type=\"hidden\" name=\"is_listing_form\" value=\"yes\">\n                            <input type=\"hidden\" name=\"agent_id\" value=\"6097\">\n                            <input type=\"hidden\" name=\"agent_type\" value=\"agent_info\">\n\n                                                        <div class=\"form_messages\"><\/div>\n                            <button type=\"button\" class=\"houzez_agent_property_form btn btn-secondary w-100\">\n                                <span class=\"houzez-loader-js houzez-hidden spinner-border spinner-border-sm\" aria-hidden=\"true\"><\/span>                                Envia un correu                                \n                            <\/button>\n                            \n                        <\/form>\n                    <\/div><!-- property-form -->\n                    \n                            <\/div><!-- property-form-wrap -->\n\n    \n            <\/div>\n        <\/div>\n    <\/div>\n<\/div>\n<\/div>\n        <\/div><!-- listing-view -->\n\n                <div id=\"fave-pagination-loadmore\" class=\"load-more-wrap mb-4 fave-load-more\">\n            <a class=\"btn btn-load-more btn-primary-outlined\"\n               data-pagination_type=\"loadmore\"\n               data-paged=\"2\" \n               data-posts_limit=\"8\" \n               data-card=\"v7\" \n               data-property_type=\"\" data-property_status=\"real-estate-for-sale-mallorca\" data-property_country=\"\" data-property_state=\"\" data-property_city=\"\" data-property_area=\"\" data-property_label=\"\" data-property_ids=\"\" data-property_id=\"\" data-houzez_user_role=\"\" data-featured_prop=\"\" data-sort_by=\"\" data-offset=\"\" data-post_status=\"publish\" data-min_price=\"\" data-max_price=\"\" data-min_beds=\"\" data-max_beds=\"\" data-min_baths=\"\" data-max_baths=\"\" data-properties_by_agents=\"\" data-properties_by_agencies=\"\" data-hide_date=\"1\" data-nav_position=\"\"             >\n            <span class=\"houzez-loader-js houzez-hidden spinner-border spinner-border-sm\" aria-hidden=\"true\"><\/span>Carrega m\u00e9s  \n            <\/a>\n        <\/div>\n            <\/div><!-- property-grid-module -->\n    \t\t\t\t<\/div>\n\t\t\t\t<\/div>\n\t\t\t\t\t<\/div>\n\t\t<\/div>\n\t\t\t\t\t<\/div>\n\t\t<\/section>\n\t\t\t\t<section class=\"elementor-section elementor-top-section elementor-element elementor-element-aaa73cb elementor-section-boxed elementor-section-height-default elementor-section-height-default\" data-id=\"aaa73cb\" data-element_type=\"section\" data-e-type=\"section\">\n\t\t\t\t\t\t<div class=\"elementor-container elementor-column-gap-default\">\n\t\t\t\t\t<div class=\"elementor-column elementor-col-100 elementor-top-column elementor-element elementor-element-885a2ed\" data-id=\"885a2ed\" data-element_type=\"column\" data-e-type=\"column\">\n\t\t\t<div class=\"elementor-widget-wrap elementor-element-populated\">\n\t\t\t\t\t\t<div class=\"elementor-element elementor-element-5914990 elementor-widget elementor-widget-image\" data-id=\"5914990\" data-element_type=\"widget\" data-e-type=\"widget\" data-widget_type=\"image.default\">\n\t\t\t\t<div class=\"elementor-widget-container\">\n\t\t\t\t\t\t\t\t\t\t\t\t\t\t\t<img loading=\"lazy\" decoding=\"async\" width=\"768\" height=\"206\" src=\"https:\/\/www.mallorcaguru.es\/wp-content\/smush-avif\/2025\/04\/Green-Logo-Mallorca-Property-Guru-Copy-768x206.png.avif\" class=\"attachment-medium_large size-medium_large wp-image-184543\" alt=\"Sobre nosaltres\" srcset=\"https:\/\/www.mallorcaguru.es\/wp-content\/smush-avif\/2025\/04\/Green-Logo-Mallorca-Property-Guru-Copy-768x206.png.avif 768w, https:\/\/www.mallorcaguru.es\/wp-content\/smush-avif\/2025\/04\/Green-Logo-Mallorca-Property-Guru-Copy-300x80.png.avif 300w, https:\/\/www.mallorcaguru.es\/wp-content\/smush-avif\/2025\/04\/Green-Logo-Mallorca-Property-Guru-Copy-1024x274.png.avif 1024w, https:\/\/www.mallorcaguru.es\/wp-content\/smush-avif\/2025\/04\/Green-Logo-Mallorca-Property-Guru-Copy-1536x412.png.avif 1536w, https:\/\/www.mallorcaguru.es\/wp-content\/smush-avif\/2025\/04\/Green-Logo-Mallorca-Property-Guru-Copy-2048x549.png.avif 2048w, https:\/\/www.mallorcaguru.es\/wp-content\/smush-avif\/2025\/04\/Green-Logo-Mallorca-Property-Guru-Copy-496x133.png.avif 496w\" sizes=\"auto, (max-width: 768px) 100vw, 768px\" data-smush-avif-fallback=\"{&quot;src&quot;:&quot;https:\\\/\\\/www.mallorcaguru.es\\\/wp-content\\\/uploads\\\/2025\\\/04\\\/Green-Logo-Mallorca-Property-Guru-Copy-768x206.png&quot;,&quot;srcset&quot;:&quot;https:\\\/\\\/www.mallorcaguru.es\\\/wp-content\\\/uploads\\\/2025\\\/04\\\/Green-Logo-Mallorca-Property-Guru-Copy-768x206.png 768w, https:\\\/\\\/www.mallorcaguru.es\\\/wp-content\\\/uploads\\\/2025\\\/04\\\/Green-Logo-Mallorca-Property-Guru-Copy-300x80.png 300w, https:\\\/\\\/www.mallorcaguru.es\\\/wp-content\\\/uploads\\\/2025\\\/04\\\/Green-Logo-Mallorca-Property-Guru-Copy-1024x274.png 1024w, https:\\\/\\\/www.mallorcaguru.es\\\/wp-content\\\/uploads\\\/2025\\\/04\\\/Green-Logo-Mallorca-Property-Guru-Copy-1536x412.png 1536w, https:\\\/\\\/www.mallorcaguru.es\\\/wp-content\\\/uploads\\\/2025\\\/04\\\/Green-Logo-Mallorca-Property-Guru-Copy-2048x549.png 2048w, https:\\\/\\\/www.mallorcaguru.es\\\/wp-content\\\/uploads\\\/2025\\\/04\\\/Green-Logo-Mallorca-Property-Guru-Copy-496x133.png 496w&quot;}\" \/>\t\t\t\t\t\t\t\t\t\t\t\t\t\t\t<\/div>\n\t\t\t\t<\/div>\n\t\t\t\t\t<\/div>\n\t\t<\/div>\n\t\t\t\t\t<\/div>\n\t\t<\/section>\n\t\t\t\t<\/div>\n\t\t","protected":false},"excerpt":{"rendered":"<p>Contacte Mallorca Property Guru Agent immobiliari a Mallorca Espanya Veneu la vostra propietat? Anuncieu la vostra propietat amb nosaltres. Les nostres propietats s\u2019anuncien en 13 idiomes amb totes les caracter\u00edstiques essencials de la vostra propietat tradu\u00efdes a 13 idiomes. Promocionem la vostra propietat a mercats internacionals en espanyol catal\u00e0 franc\u00e8s portugu\u00e8s itali\u00e0 alemany angl\u00e8s suec [&hellip;]<\/p>\n","protected":false},"author":1,"featured_media":16990,"parent":0,"menu_order":21,"comment_status":"closed","ping_status":"closed","template":"elementor_header_footer","meta":{"footnotes":""},"categories":[3918],"tags":[],"class_list":["post-4827","page","type-page","status-publish","has-post-thumbnail","hentry","category-pagines-principals"],"_links":{"self":[{"href":"https:\/\/www.mallorcaguru.es\/ca\/wp-json\/wp\/v2\/pages\/4827","targetHints":{"allow":["GET"]}}],"collection":[{"href":"https:\/\/www.mallorcaguru.es\/ca\/wp-json\/wp\/v2\/pages"}],"about":[{"href":"https:\/\/www.mallorcaguru.es\/ca\/wp-json\/wp\/v2\/types\/page"}],"author":[{"embeddable":true,"href":"https:\/\/www.mallorcaguru.es\/ca\/wp-json\/wp\/v2\/users\/1"}],"replies":[{"embeddable":true,"href":"https:\/\/www.mallorcaguru.es\/ca\/wp-json\/wp\/v2\/comments?post=4827"}],"version-history":[{"count":0,"href":"https:\/\/www.mallorcaguru.es\/ca\/wp-json\/wp\/v2\/pages\/4827\/revisions"}],"wp:featuredmedia":[{"embeddable":true,"href":"https:\/\/www.mallorcaguru.es\/ca\/wp-json\/wp\/v2\/media\/16990"}],"wp:attachment":[{"href":"https:\/\/www.mallorcaguru.es\/ca\/wp-json\/wp\/v2\/media?parent=4827"}],"wp:term":[{"taxonomy":"category","embeddable":true,"href":"https:\/\/www.mallorcaguru.es\/ca\/wp-json\/wp\/v2\/categories?post=4827"},{"taxonomy":"post_tag","embeddable":true,"href":"https:\/\/www.mallorcaguru.es\/ca\/wp-json\/wp\/v2\/tags?post=4827"}],"curies":[{"name":"wp","href":"https:\/\/api.w.org\/{rel}","templated":true}]}}