{"id":14073,"date":"2021-08-24T11:07:56","date_gmt":"2021-08-24T09:07:56","guid":{"rendered":"http:\/\/houzez.www.mallorcaguru.es\/property\/casa-senorial-binissalem-mallorca\/"},"modified":"2025-12-10T12:54:48","modified_gmt":"2025-12-10T11:54:48","slug":"en-venda-a-mallorca-binissalem-casa","status":"publish","type":"property","link":"https:\/\/www.mallorcaguru.es\/ca\/propietat\/en-venda-a-mallorca-binissalem-casa\/","title":{"rendered":"En venda a Mallorca Binissalem Casa de 610m2"},"content":{"rendered":"\r\n<h2><strong><span style=\"font-size: 12pt;\">En venda a Mallorca Binissalem<\/span><\/strong><\/h2>\r\n<p>Situat a la pla\u00e7a principal del poble de Binissalem, aquest prestigi\u00f3s edifici t\u00e9 una superf\u00edcie total de 610m2 a dos nivells i \u00e0rees de pati i jard\u00ed de 331m2.<\/p>\r\n<p>La propietat, que data del segle XIX, es troba darrere d&#8217;un pati de 145 m2 des d&#8217;on s&#8217;accedeix a la planta baixa de 305 m2 que consta d&#8217;un gran vest\u00edbul d&#8217;entrada amb un ampli arc de pedra, una caracter\u00edstica tradicional de les prestigioses cases del poble. Tamb\u00e9 a cada costat de l&#8217;entrada hi ha dos salons, i davant la cuina i el menjador, tots dos amb sostres voltats, pels quals es pot accedir al jard\u00ed del pati emmurallat de 186 m2 a la part posterior de l&#8217;edifici. Tamb\u00e9 en aquest nivell hi ha dos dormitoris, un bany i safareig i diversos trasters. L&#8217;escala de pedra al centre la propietat condueix al primer pis, amb dos salons amb vistes a la pla\u00e7a i tres dormitoris m\u00e9s a la part davantera de la propietat.<\/p>\r\n<p>Queda un ampli espai a la primera planta per crear tres dormitoris m\u00e9s. Ideal per a una inversi\u00f3 comercial com un restaurant o hotel situat directament a la pla\u00e7a principal del poble amb vista a l&#8217;esgl\u00e9sia. O com una gran resid\u00e8ncia privada, amb jard\u00ed i piscina orientats al sud-est.<\/p>\r\n<p><strong><span style=\"font-size: 12pt;\"><a href=\"https:\/\/www.mallorcaguru.es\/ca\/poble\/en-venda-binissalem-mallorca\/\" target=\"_blank\" rel=\"noopener\">Binissalem<\/a>\u00a0<\/span><\/strong>Mallorca, dins del comtat del Raiguer de Mallorca. Situada al centre de l&#8217;illa amb bones connexions de transport amb Palma de Mallorca i les platges del nord de l&#8217;illa, Binissalem \u00e9s una petita ciutat vibrant. Famosa per la producci\u00f3 de vi i \u00e9s la Denominaci\u00f3 d&#8217;Origen m\u00e9s antiga i gran de Mallorca. Des dels seus or\u00edgens, una comunitat rica, Binissalem t\u00e9 molts grans edificis hist\u00f2rics constru\u00efts amb la pedra local per la qual el poble \u00e9s fam\u00f3s. L&#8217;assentament original era d&#8217;origen morisc, el nom del poble significa fills de la pau (Binis) o de la salvaci\u00f3 (Salem). Biniagual \u00e9s un petit llogaret incl\u00f2s al municipi.<\/p>\r\n<p>La <a href=\"https:\/\/www.mallorcaguru.es\/ca\/regions-vinicoles-mallorca\/\" target=\"_blank\" rel=\"noopener\">Denominaci\u00f3 d&#8217;Origen Binissalem<\/a>, establerta el 1990 i situada al centre de Mallorca.<\/p>\r\n","protected":false},"excerpt":{"rendered":"<p>En venda a Mallorca Binissalem, una casa adossada de 610 m2. Aquest prestigi\u00f3s edifici t\u00e9 una superf\u00edcie total de 610 m2 distribu\u00efts en dues plantes i zones de pati i jard\u00ed de 331 m2.<\/p>\n","protected":false},"author":1,"featured_media":38103,"parent":0,"menu_order":372,"template":"","property_type":[457],"property_status":[3530],"property_feature":[1593,790,789,1075,1375,1765,1073,1371,1413,1277],"property_label":[],"property_country":[750],"property_state":[752,552],"property_city":[564],"property_area":[680],"class_list":["post-14073","property","type-property","status-publish","has-post-thumbnail","hentry","property_type-casa-de-poble-en-venda-a-mallorca-espanya","property_status-a-la-venda-mallorca-espanya","property_feature-caracteristiques-de-immobles-en-venda-mallorca-calefaccio-i-refrigeracio","property_feature-immobiliari-en-venda-mallorca-utilitats-serveis-publics-connexio-daigua","property_feature-inmobiliaria-en-venta-mallorca-servicios-publicos-conexion-electrica","property_feature-immobiliari-en-venda-a-mallorca-amb-espai-per-piscina","property_feature-immobiliari-en-venda-a-mallorca-amb-piscina","property_feature-propietat-caracteristiques-venda-propietat-mallorca-ubicacio-immoble","property_feature-caracteristiques-immobles-venda-immobles-mallorca-immobles-ubicacio-poble-tradicional","property_feature-immobiliari-en-venda-mallorca-utilitats-serveis-publics","property_feature-immobiliari-en-venda-mallorca-immoble-calefaccio-i-refrigeracio-xemeneia-o-llar-de-foc","property_feature-caracteristiques-immobles-venda-immobles-mallorca-immobles-ubicacio-zona-historica","property_country-en-venda-mallorca-espanya-mallorca-property-guru","property_state-immobiliari-en-venda-a-mallorca","property_state-immobiliari-en-venda-a-mallorca-raiguer-central-mallorca","property_city-en-venda-binissalem-mallorca","property_area-denominacio-dorigen-vi-binissalem-mallorca"],"property_meta":{"_wpml_word_count":["353"],"_wpml_media_duplicate":["1"],"_wpml_media_featured":["1"],"_top_nav_excluded":[""],"_cms_nav_minihome":[""],"houzez_geolocation_lat":["39.688195995569"],"houzez_geolocation_long":["2.8428334212875"],"_last_translation_edit_mode":["native-editor"],"fave_loggedintoview":["0"],"houzez_total_property_views":["1497"],"houzez_views_by_date":["a:61:{s:10:\"01-16-2026\";i:2;s:10:\"01-18-2026\";i:1;s:10:\"01-19-2026\";i:1;s:10:\"01-23-2026\";i:1;s:10:\"01-26-2026\";i:1;s:10:\"01-28-2026\";i:2;s:10:\"01-30-2026\";i:2;s:10:\"02-01-2026\";i:2;s:10:\"02-02-2026\";i:1;s:10:\"02-03-2026\";i:1;s:10:\"02-06-2026\";i:2;s:10:\"02-07-2026\";i:2;s:10:\"02-10-2026\";i:2;s:10:\"02-11-2026\";i:2;s:10:\"02-14-2026\";i:1;s:10:\"02-15-2026\";i:1;s:10:\"02-16-2026\";i:1;s:10:\"02-17-2026\";i:2;s:10:\"02-19-2026\";i:2;s:10:\"02-20-2026\";i:2;s:10:\"02-21-2026\";i:2;s:10:\"02-22-2026\";i:1;s:10:\"02-24-2026\";i:1;s:10:\"02-25-2026\";i:1;s:10:\"02-28-2026\";i:1;s:10:\"03-03-2026\";i:1;s:10:\"03-04-2026\";i:1;s:10:\"03-06-2026\";i:1;s:10:\"03-08-2026\";i:1;s:10:\"03-10-2026\";i:1;s:10:\"03-11-2026\";i:1;s:10:\"03-12-2026\";i:2;s:10:\"03-14-2026\";i:1;s:10:\"03-15-2026\";i:3;s:10:\"03-18-2026\";i:1;s:10:\"03-19-2026\";i:3;s:10:\"03-25-2026\";i:2;s:10:\"03-26-2026\";i:1;s:10:\"03-27-2026\";i:1;s:10:\"03-29-2026\";i:4;s:10:\"04-03-2026\";i:1;s:10:\"04-04-2026\";i:1;s:10:\"04-05-2026\";i:1;s:10:\"04-06-2026\";i:1;s:10:\"04-07-2026\";i:1;s:10:\"04-08-2026\";i:1;s:10:\"04-11-2026\";i:1;s:10:\"04-13-2026\";i:3;s:10:\"04-14-2026\";i:1;s:10:\"04-15-2026\";i:1;s:10:\"04-16-2026\";i:1;s:10:\"04-18-2026\";i:2;s:10:\"04-19-2026\";i:1;s:10:\"04-20-2026\";i:2;s:10:\"04-21-2026\";i:1;s:10:\"04-22-2026\";i:1;s:10:\"04-23-2026\";i:2;s:10:\"04-26-2026\";i:1;s:10:\"04-27-2026\";i:2;s:10:\"04-28-2026\";i:4;s:10:\"04-29-2026\";i:1;}"],"houzez_recently_viewed":["2026-04-29 10:20:14"],"_wp_page_template":["default"],"_edit_lock":["1765367683:1"],"_edit_last":["1"],"_b2s_post_meta":["a:7:{s:8:\"og_title\";s:57:\"En Venda a Mallorca, Casa Senyorial de 610m2 a Binissalem\";s:7:\"og_desc\";s:182:\"En venda a Mallorca, casa de poble de 610m2 a Binissalem aquest prestigi\u00f3s edifici t\u00e9 una superf\u00edcie total de 610m2 distribu\u00efts en dues plantes i zones de pati i jard\u00ed de 331m2.\";s:8:\"og_image\";s:100:\"https:\/\/www.mallorcaguru.es\/wp-content\/uploads\/2021\/08\/No-297-Plaza-Esglesia-Binissalem-6-scaled.jpg\";s:12:\"og_image_alt\";s:0:\"\";s:10:\"card_title\";s:57:\"En Venda a Mallorca, Casa Senyorial de 610m2 a Binissalem\";s:9:\"card_desc\";s:182:\"En venda a Mallorca, casa de poble de 610m2 a Binissalem aquest prestigi\u00f3s edifici t\u00e9 una superf\u00edcie total de 610m2 distribu\u00efts en dues plantes i zones de pati i jard\u00ed de 331m2.\";s:10:\"card_image\";s:100:\"https:\/\/www.mallorcaguru.es\/wp-content\/uploads\/2021\/08\/No-297-Plaza-Esglesia-Binissalem-6-scaled.jpg\";}"],"houzez_manual_expire":["0"],"_houzez_expiration_date_status":["saved"],"fave_property_disclaimer":["EXENCI\u00d3 DE RESPONSABILITAT Tota la informaci\u00f3 continguda en aquest lloc web es considera fiable per\u00f2 no est\u00e0 garantida. Totes les propietats estan subjectes a un av\u00eds previ de venda, canvi o retirada. Mallorca Property Guru creu que tota la informaci\u00f3 \u00e9s correcta per\u00f2 no assumeix cap responsabilitat legal per a la seva exactitud. Heu de consultar els vostres assessors per a una verificaci\u00f3 independent de qualsevol propietat."],"_thumbnail_id":["38103"],"houzez_featured_listing_date":["2025-12-10 12:54:49"],"algolia_searchable_posts_records_count":["1"],"algolia_posts_property_records_count":["1"],"fave_show_price_placeholder":["0"],"wds_primary_property_type":["1618"],"wds_primary_property_state":["341"],"wds_primary_property_city":["67"],"classic-editor-remember":["classic-editor"],"_wpscppro_advance_schedule":[""],"_facebook_share_type":["default"],"_twitter_share_type":["default"],"_linkedin_share_type":["default"],"_pinterest_share_type":["default"],"_instagram_share_type":["default"],"_medium_share_type":["default"],"_selected_social_profile":["a:0:{}"],"rank_math_primary_property_status":["29"],"rank_math_primary_property_label":["1098"],"rank_math_primary_property_country":["65"],"rank_math_primary_property_state":["341"],"rank_math_primary_property_city":["67"],"rank_math_primary_property_type":["1618"],"rank_math_primary_property_area":["679"],"rank_math_primary_property_feature":["194"],"rank_math_breadcrumb_title":["Immobles en venda Mallorca"],"rank_math_pillar_content":["off"],"rank_math_news_sitemap_robots":["index"],"rank_math_robots":["a:1:{i:0;s:5:\"index\";}"],"rank_math_seo_score":["62"],"ilj_blacklistdefinition":["a:0:{}"],"ilj_linkdefinition":["a:2:{i:0;s:10:\"Binissalem\";i:1;s:4:\"Casa\";}"],"_wpsp_custom_templates":["a:7:{s:8:\"facebook\";a:3:{s:8:\"template\";s:0:\"\";s:8:\"profiles\";a:0:{}s:9:\"is_global\";b:0;}s:7:\"twitter\";a:3:{s:8:\"template\";s:0:\"\";s:8:\"profiles\";a:0:{}s:9:\"is_global\";b:0;}s:8:\"linkedin\";a:3:{s:8:\"template\";s:0:\"\";s:8:\"profiles\";a:0:{}s:9:\"is_global\";b:0;}s:9:\"pinterest\";a:3:{s:8:\"template\";s:0:\"\";s:8:\"profiles\";a:0:{}s:9:\"is_global\";b:0;}s:9:\"instagram\";a:3:{s:8:\"template\";s:0:\"\";s:8:\"profiles\";a:0:{}s:9:\"is_global\";b:0;}s:6:\"medium\";a:3:{s:8:\"template\";s:0:\"\";s:8:\"profiles\";a:0:{}s:9:\"is_global\";b:0;}s:7:\"threads\";a:3:{s:8:\"template\";s:0:\"\";s:8:\"profiles\";a:0:{}s:9:\"is_global\";b:0;}}"],"fave_portal_1754226254":["1"],"fave_portal_1754395991":["1"],"has_images":["1"],"fave_portal_1754598704":["1"],"_threads_share_type":["default"],"_google_business_share_type":["default"],"rank_math_analytic_object_id":["771"],"fave_property_price":["1850000"],"fave_property_size":["610"],"fave_property_size_prefix":["m2"],"fave_property_land":["647"],"fave_property_land_postfix":["m2"],"fave_property_bedrooms":["8"],"fave_property_bathrooms":["1"],"fave_property_year":["1840"],"fave_property_id":["297"],"fave_property_map":["1"],"fave_property_map_address":["07350 Binissalem, Illes Balears, Espanya"],"fave_property_location":["39.688195995569,2.8428334212875,18"],"fave_property_map_street_view":["hide"],"fave_property_address":["07350 Binissalem, Illes Balears, Espanya"],"fave_property_zip":["07350"],"fave_prop_homeslider":["no"],"floor_plans":["a:2:{i:0;a:2:{s:15:\"fave_plan_title\";s:26:\"Planta Baixa Planta Baixa \";s:15:\"fave_plan_image\";s:78:\"https:\/\/www.mallorcaguru.es\/wp-content\/uploads\/2021\/08\/No-297-Ground-Floor.jpg\";}i:1;a:2:{s:15:\"fave_plan_title\";s:27:\"Primera Planta Planta 1\u00ba  \";s:15:\"fave_plan_image\";s:74:\"https:\/\/www.mallorcaguru.es\/wp-content\/uploads\/2021\/08\/No-297-1o-Floor.jpg\";}}"],"rank_math_title":["En venda a Mallorca Binissalem %sep% %sitename%"],"rank_math_description":["En venda a Mallorca Binissalem A la pla\u00e7a principal edifici de prestigi de 610m2 pati amb zones enjardinades de 331m2."],"rank_math_focus_keyword":["En Venda a Mallorca"],"fave_featured":["1"],"fave_property_images":["38102","38097","38077","38082","38092","38087","38107","46262","46267","46272","46277","46282","46287","46292","46297","46302","46307","46312","46317","46322","46327","46332","46337","46342","46347"],"fave_agent_display_option":["agent_info"],"fave_agents":["5167"],"fave_single_top_area":["global"],"fave_single_content_area":["global"]},"_links":{"self":[{"href":"https:\/\/www.mallorcaguru.es\/ca\/wp-json\/wp\/v2\/properties\/14073","targetHints":{"allow":["GET"]}}],"collection":[{"href":"https:\/\/www.mallorcaguru.es\/ca\/wp-json\/wp\/v2\/properties"}],"about":[{"href":"https:\/\/www.mallorcaguru.es\/ca\/wp-json\/wp\/v2\/types\/property"}],"author":[{"embeddable":true,"href":"https:\/\/www.mallorcaguru.es\/ca\/wp-json\/wp\/v2\/users\/1"}],"version-history":[{"count":0,"href":"https:\/\/www.mallorcaguru.es\/ca\/wp-json\/wp\/v2\/properties\/14073\/revisions"}],"wp:featuredmedia":[{"embeddable":true,"href":"https:\/\/www.mallorcaguru.es\/ca\/wp-json\/wp\/v2\/media\/38103"}],"wp:attachment":[{"href":"https:\/\/www.mallorcaguru.es\/ca\/wp-json\/wp\/v2\/media?parent=14073"}],"wp:term":[{"taxonomy":"property_type","embeddable":true,"href":"https:\/\/www.mallorcaguru.es\/ca\/wp-json\/wp\/v2\/property_type?post=14073"},{"taxonomy":"property_status","embeddable":true,"href":"https:\/\/www.mallorcaguru.es\/ca\/wp-json\/wp\/v2\/property_status?post=14073"},{"taxonomy":"property_feature","embeddable":true,"href":"https:\/\/www.mallorcaguru.es\/ca\/wp-json\/wp\/v2\/property_feature?post=14073"},{"taxonomy":"property_label","embeddable":true,"href":"https:\/\/www.mallorcaguru.es\/ca\/wp-json\/wp\/v2\/property_label?post=14073"},{"taxonomy":"property_country","embeddable":true,"href":"https:\/\/www.mallorcaguru.es\/ca\/wp-json\/wp\/v2\/property_country?post=14073"},{"taxonomy":"property_state","embeddable":true,"href":"https:\/\/www.mallorcaguru.es\/ca\/wp-json\/wp\/v2\/property_state?post=14073"},{"taxonomy":"property_city","embeddable":true,"href":"https:\/\/www.mallorcaguru.es\/ca\/wp-json\/wp\/v2\/property_city?post=14073"},{"taxonomy":"property_area","embeddable":true,"href":"https:\/\/www.mallorcaguru.es\/ca\/wp-json\/wp\/v2\/property_area?post=14073"}],"curies":[{"name":"wp","href":"https:\/\/api.w.org\/{rel}","templated":true}]}}