{"id":186529,"date":"2025-04-08T13:39:28","date_gmt":"2025-04-08T11:39:28","guid":{"rendered":"https:\/\/www.mallorcaguru.es\/property\/en-venda-a-campos-mallorca-finca-son-fadri\/"},"modified":"2026-03-10T13:36:27","modified_gmt":"2026-03-10T12:36:27","slug":"en-venda-a-campos-mallorca-finca-son-fadri","status":"publish","type":"property","link":"https:\/\/www.mallorcaguru.es\/ca\/propietat\/en-venda-a-campos-mallorca-finca-son-fadri\/","title":{"rendered":"En venda a Campos Mallorca Finca Son Fadr\u00ec"},"content":{"rendered":"<p>En venda a Campos Mallorca Finca Son Fadr\u00ec. Aquesta extensa propietat t\u00e9 una superf\u00edcie de 198.732 m\u00b2, dividida en dues parcel\u00b7les separades: una de 165.543 m\u00b2 i l&#8217;altra de 33.189 m\u00b2. El terreny est\u00e0 format per conreus de sec\u00e0 i matollar i est\u00e0 situat a la cota m\u00e9s alta de Campos, oferint unes vistes impressionants i sense obstacles de la plana de Campos i Santany\u00ed.<\/p>\n<p>Tota la zona est\u00e0 envoltada per un tradicional mur de pedra seca i s&#8217;hi pot accedir per una carretera asfaltada que connecta amb la carretera Campos-Felanitx, situada a uns 1,4 km.<\/p>\n<p>La propietat compta amb arbres centenaris, com ara garrofers, oliveres silvestres, figueres, lledoners i pis, juntament amb diverses tanques tradicionals de paret de pedra. T\u00e9 el seu propi subministrament d&#8217;aigua procedent d&#8217;un pou, una cisterna i un dip\u00f2sit d&#8217;aigua. Hi ha dos comptadors d&#8217;electricitat: un proporciona pot\u00e8ncia trif\u00e0sica a 13,5 kW, mentre que l&#8217;altre ofereix pot\u00e8ncia monof\u00e0sica a 2,1 kW.<\/p>\n<p>La casa principal, que data del segle XV, t\u00e9 una superf\u00edcie aproximada de 597 m\u00b2. La planta baixa disposa de dues \u00e0mplies cuines antigues, dos dormitoris, un celler amb entrada tallada a la roca, un bany, un safareig, un forn de llenya, una zona per als animals, magatzems de cereals i un paller. Cal destacar que el 75% d&#8217;aquest nivell est\u00e0 constru\u00eft amb voltes de creueria fetes amb pedra de mar\u00e9s mallorqu\u00ed. El primer pis inclou un dormitori i dues habitacions di\u00e0fanes preparades per personalitzar, juntament amb dues terrasses.<\/p>\n<p>A m\u00e9s, hi ha un petit edifici, origin\u00e0riament destinat als animals, constru\u00eft amb pedra tradicional i mar\u00e9s, d&#8217;uns 38 m\u00b2. Una altra estructura, tamb\u00e9 feta de parets de pedra i bigues de fusta, t\u00e9 una superf\u00edcie de 37 m\u00b2. La propietat disposa d&#8217;un mol\u00ed d&#8217;aigua tradicional fet de pedra sorrenca i pedra, amb un estany de 10 m per 4 m i una profunditat de 190 cm.<\/p>\n<p>A m\u00e9s, hi ha un magatzem de 86 m\u00b2 i un magatzem agr\u00edcola de 728 m\u00b2 constru\u00efts l&#8217;any 1979, abans utilitzats per a la producci\u00f3 ramadera i l&#8217;emmagatzematge de farratge i maquin\u00e0ria.<\/p>\n<p>Aquesta propietat important es troba a prop d&#8217;algunes de les regions costaneres m\u00e9s desitjables de l&#8217;illa de Mallorca, i t\u00e9 una posici\u00f3 ideal per a la creaci\u00f3 d&#8217;una casa privada molt gran o per a l&#8217;explotaci\u00f3 per a activitats comercials, com ara el cultiu de vi, ja que es troba a la regi\u00f3 vin\u00edcola del Pla i Llevant.<\/p>\n<p>Per a m\u00e9s informaci\u00f3, poseu-vos en contacte amb nosaltres.<\/p>\n<p>Campos Mallorca. Situat al <a href=\"https:\/\/www.mallorcaguru.es\/ca\/estat\/migjorn-de-mallorca-sud-est\/\" target=\"_blank\" rel=\"noopener\">Migjorn<\/a> de Mallorca. Campos \u00e9s una ciutat important al sud-est de Mallorca. Campos \u00e9s una ciutat agr\u00edcola i una destinaci\u00f3 tur\u00edstica popular per la seva proximitat a les zones costaneres i les platges del sud-est de Mallorca. Es Trenc \u00e9s la m\u00e9s famosa, Es Trenc \u00e9s una platja verge situada al sud de Mallorca, coneguda per la seva sorra blanca i les seves aig\u00fces cristal\u00b7lines. S&#8217;est\u00e9n per gaireb\u00e9 dos quil\u00f2metres i forma part del Parc Natural Mar\u00edtim-Terrestre d&#8217;Es Trenc-Salobrar de Campos. El nom &#8220;Es Trenc&#8221; significa &#8220;trenc&#8221; en mallorqu\u00ed, referint-se al trencament a les dunes que separa l&#8217;aigua salada del mar.<\/p>\n","protected":false},"excerpt":{"rendered":"<p>En venda a Campos Mallorca Finca Son Fadr\u00ec. Aquesta extensa propietat t\u00e9 una superf\u00edcie de 198.732 m\u00b2, dividida en dues parcel\u00b7les separades: una de 165.543 m\u00b2 i l&#8217;altra de 33.189 m\u00b2.<\/p>\n","protected":false},"author":1,"featured_media":332908,"parent":0,"menu_order":0,"template":"","property_type":[417],"property_status":[3530],"property_feature":[791,805,784,1770,1135,789,1264,1137,1005,1141,2327,2332,2456,1263,1765,2239,1371,751,1376],"property_label":[4370],"property_country":[750],"property_state":[752,609],"property_city":[767,608],"property_area":[1210],"class_list":["post-186529","property","type-property","status-publish","has-post-thumbnail","hentry","property_type-finca-en-venda-a-mallorca","property_status-a-la-venda-mallorca-espanya","property_feature-immobiliari-en-venda-mallorca-utilitats-caracteristiques-de-la-immoble-aigua-de-pou","property_feature-caracteristiques-de-la-immoble-venda-de-immobles-mallorca-ubicacio-de-la-immoble-bon-acces-carretera","property_feature-caracteristiques-de-immobles-venda-de-immobles-mallorca-ubicacio-de-immobles-camp","property_feature-immobiliari-en-venda-mallorca-caracteristiques-de-la-immoble-caracteristiques-interiors","property_feature-immobiliari-en-venda-a-mallorca-propietat-caracteristiques-extra-especials","property_feature-inmobiliaria-en-venta-mallorca-servicios-publicos-conexion-electrica","property_feature-immobiliari-en-venda-a-mallorca-amb-anexos-dependencies","property_feature-caracteristiques-venda-immoble-mallorca-estat-de-la-immoble","property_feature-caracteristiques-de-la-immoble-venda-de-immobles-mallorca-ubicacio-de-la-immoble-interior-de-mallorca","property_feature-immobiliari-en-venda-mallorca-caracteristiques-de-la-immoble-caracteristiques-interiors-interior-tradicional","property_feature-immobiliari-en-venda-mallorca-caracteristiques-immobles-caracteristiques-interiors-paviment","property_feature-immobiliari-en-venda-mallorca-caracteristiques-immobles-caracteristiques-interiors-terra-pedra","property_feature-immobiliari-en-venda-mallorca-caracteristiques-immobles-caracteristiques-interiors-rajola-hidraulica","property_feature-venda-immoble-mallorca-caracteristiques-de-la-immoble-estat-necessari-reforma","property_feature-propietat-caracteristiques-venda-propietat-mallorca-ubicacio-immoble","property_feature-immoble-en-venda-a-mallorca-amb-un-prat-de-pastura","property_feature-immobiliari-en-venda-mallorca-utilitats-serveis-publics","property_feature-immobiliari-a-mallorca-immobles-vistes-camp","property_feature-immobles-en-venda-a-mallorca-amb-excellents-vistes","property_label-vinyes-i-cellers-en-venda-mallorca","property_country-en-venda-mallorca-espanya-mallorca-property-guru","property_state-immobiliari-en-venda-a-mallorca","property_state-migjorn-de-mallorca-sud-est","property_city-immobiliari-en-venda-campos-mallorca","property_city-immobiliari-en-venda-felanitx-mallorca","property_area-denominacio-dorigen-pla-i-llevant"],"property_meta":{"houzez_featured_listing_date":["2026-03-10 13:36:28"],"_wpml_media_duplicate":["1"],"_wpml_media_featured":["1"],"_top_nav_excluded":[""],"_cms_nav_minihome":[""],"_wp_page_template":["default"],"houzez_geolocation_lat":["39.429695951199"],"houzez_geolocation_long":["3.0406869952464"],"_wpml_word_count":["547"],"houzez_total_property_views":["419"],"houzez_views_by_date":["a:61:{s:10:\"01-20-2026\";i:1;s:10:\"01-23-2026\";i:1;s:10:\"01-24-2026\";i:2;s:10:\"01-25-2026\";i:1;s:10:\"01-26-2026\";i:2;s:10:\"01-27-2026\";i:1;s:10:\"01-29-2026\";i:1;s:10:\"01-30-2026\";i:1;s:10:\"01-31-2026\";i:2;s:10:\"02-02-2026\";i:1;s:10:\"02-03-2026\";i:2;s:10:\"02-04-2026\";i:1;s:10:\"02-05-2026\";i:1;s:10:\"02-06-2026\";i:1;s:10:\"02-07-2026\";i:2;s:10:\"02-08-2026\";i:2;s:10:\"02-09-2026\";i:1;s:10:\"02-10-2026\";i:1;s:10:\"02-11-2026\";i:2;s:10:\"02-13-2026\";i:2;s:10:\"02-14-2026\";i:2;s:10:\"02-18-2026\";i:1;s:10:\"02-19-2026\";i:3;s:10:\"02-23-2026\";i:2;s:10:\"02-24-2026\";i:3;s:10:\"02-25-2026\";i:2;s:10:\"02-27-2026\";i:1;s:10:\"02-28-2026\";i:1;s:10:\"03-02-2026\";i:1;s:10:\"03-05-2026\";i:1;s:10:\"03-06-2026\";i:2;s:10:\"03-08-2026\";i:2;s:10:\"03-10-2026\";i:1;s:10:\"03-12-2026\";i:3;s:10:\"03-13-2026\";i:1;s:10:\"03-14-2026\";i:2;s:10:\"03-15-2026\";i:1;s:10:\"03-16-2026\";i:1;s:10:\"03-17-2026\";i:1;s:10:\"03-21-2026\";i:1;s:10:\"03-22-2026\";i:1;s:10:\"03-24-2026\";i:1;s:10:\"03-25-2026\";i:2;s:10:\"03-27-2026\";i:1;s:10:\"03-29-2026\";i:4;s:10:\"04-03-2026\";i:1;s:10:\"04-04-2026\";i:2;s:10:\"04-05-2026\";i:2;s:10:\"04-08-2026\";i:3;s:10:\"04-11-2026\";i:2;s:10:\"04-13-2026\";i:5;s:10:\"04-14-2026\";i:1;s:10:\"04-15-2026\";i:2;s:10:\"04-18-2026\";i:1;s:10:\"04-19-2026\";i:1;s:10:\"04-21-2026\";i:1;s:10:\"04-22-2026\";i:1;s:10:\"04-23-2026\";i:1;s:10:\"04-25-2026\";i:1;s:10:\"04-26-2026\";i:1;s:10:\"04-29-2026\";i:1;}"],"houzez_recently_viewed":["2026-04-29 10:02:00"],"_edit_lock":["1773146057:1"],"_edit_last":["1"],"_wpscppro_advance_schedule":[""],"fave_show_price_placeholder":["0"],"wds_primary_property_status":["3530"],"houzez_manual_expire":["0"],"_houzez_expiration_date_status":["saved"],"_facebook_share_type":["default"],"_twitter_share_type":["default"],"_linkedin_share_type":["default"],"_pinterest_share_type":["default"],"_instagram_share_type":["default"],"_medium_share_type":["default"],"_selected_social_profile":["a:0:{}"],"_last_translation_edit_mode":["native-editor"],"rank_math_news_sitemap_robots":["index"],"rank_math_robots":["a:1:{i:0;s:5:\"index\";}"],"rank_math_seo_score":["62"],"rank_math_primary_property_type":["1619"],"rank_math_primary_property_status":["3530"],"rank_math_primary_property_feature":["0"],"rank_math_primary_property_label":["0"],"rank_math_primary_property_country":["750"],"rank_math_primary_property_state":["752"],"rank_math_primary_property_city":["767"],"rank_math_primary_property_area":["1210"],"rank_math_schema_SingleFamilyResidence":["a:5:{s:8:\"metadata\";a:5:{s:4:\"type\";s:6:\"custom\";s:9:\"shortcode\";s:38:\"s-e1a3c228-dd20-4af2-97cf-fe195863c9d7\";s:5:\"title\";s:21:\"SingleFamilyResidence\";s:17:\"displayConditions\";a:1:{i:0;a:6:{s:9:\"condition\";s:7:\"include\";s:8:\"category\";s:8:\"singular\";s:4:\"type\";s:8:\"property\";s:5:\"value\";s:2:\"29\";s:2:\"id\";s:36:\"b660c888-aee1-4ede-996e-e763204c2810\";s:12:\"postTaxonomy\";s:15:\"property_status\";}}s:9:\"isPrimary\";s:1:\"1\";}s:5:\"@type\";s:21:\"SingleFamilyResidence\";s:9:\"floorSize\";a:2:{s:5:\"@type\";s:17:\"QuantitativeValue\";s:8:\"unitCode\";s:3:\"MTR\";}s:5:\"image\";a:1:{s:5:\"@type\";s:11:\"ImageObject\";}s:7:\"address\";a:2:{s:5:\"@type\";s:13:\"PostalAddress\";s:14:\"addressCountry\";s:2:\"ES\";}}"],"rank_math_shortcode_schema_s-e1a3c228-dd20-4af2-97cf-fe195863c9d7":["3456500"],"_wpsp_custom_templates":["a:7:{s:8:\"facebook\";a:3:{s:8:\"template\";s:0:\"\";s:8:\"profiles\";a:0:{}s:9:\"is_global\";b:0;}s:7:\"twitter\";a:3:{s:8:\"template\";s:0:\"\";s:8:\"profiles\";a:0:{}s:9:\"is_global\";b:0;}s:8:\"linkedin\";a:3:{s:8:\"template\";s:0:\"\";s:8:\"profiles\";a:0:{}s:9:\"is_global\";b:0;}s:9:\"pinterest\";a:3:{s:8:\"template\";s:0:\"\";s:8:\"profiles\";a:0:{}s:9:\"is_global\";b:0;}s:9:\"instagram\";a:3:{s:8:\"template\";s:0:\"\";s:8:\"profiles\";a:0:{}s:9:\"is_global\";b:0;}s:6:\"medium\";a:3:{s:8:\"template\";s:0:\"\";s:8:\"profiles\";a:0:{}s:9:\"is_global\";b:0;}s:7:\"threads\";a:3:{s:8:\"template\";s:0:\"\";s:8:\"profiles\";a:0:{}s:9:\"is_global\";b:0;}}"],"rank_math_analytic_object_id":["369"],"_thumbnail_id":["332908"],"fave_property_price":["2100000"],"fave_property_size":["597"],"fave_property_size_prefix":["m2"],"fave_property_land":["198732"],"fave_property_land_postfix":["m2"],"fave_property_bedrooms":["3"],"fave_property_bathrooms":["2"],"fave_property_year":["1490"],"fave_property_id":["814"],"fave_property_map":["1"],"fave_property_map_address":["Cam\u00ed de Son Xorc, Campos, Migjorn, Illes Balears, 07630, Espa\u00f1a"],"fave_property_location":["39.429695951199,3.0406869952464,15"],"fave_property_map_street_view":["hide"],"fave_property_address":["Cam\u00ed de Son Xorc, Campos, Migjorn, Illes Balears, 07630, Espa\u00f1a"],"fave_property_zip":["07630"],"fave_prop_homeslider":["no"],"rank_math_focus_keyword":["En venda a Campos"],"fave_wine-region":["Denominaci\u00f3n de Origen Pla i Llevant"],"fave_portal_1754226254":["0"],"fave_portal_1754598704":["0"],"has_images":["1"],"_wpml_media_has_media":["1"],"fave_featured":["1"],"fave_property_images":["174341","174336","174331","174351","174346","174381","174296","174371","174366","174361","174281","174286","174276","174291","174301","174321","174326","174316","174311","174306"],"fave_agent_display_option":["agent_info"],"fave_agents":["5167"],"fave_single_top_area":["global"],"fave_single_content_area":["global"]},"_links":{"self":[{"href":"https:\/\/www.mallorcaguru.es\/ca\/wp-json\/wp\/v2\/properties\/186529","targetHints":{"allow":["GET"]}}],"collection":[{"href":"https:\/\/www.mallorcaguru.es\/ca\/wp-json\/wp\/v2\/properties"}],"about":[{"href":"https:\/\/www.mallorcaguru.es\/ca\/wp-json\/wp\/v2\/types\/property"}],"author":[{"embeddable":true,"href":"https:\/\/www.mallorcaguru.es\/ca\/wp-json\/wp\/v2\/users\/1"}],"version-history":[{"count":0,"href":"https:\/\/www.mallorcaguru.es\/ca\/wp-json\/wp\/v2\/properties\/186529\/revisions"}],"wp:featuredmedia":[{"embeddable":true,"href":"https:\/\/www.mallorcaguru.es\/ca\/wp-json\/wp\/v2\/media\/332908"}],"wp:attachment":[{"href":"https:\/\/www.mallorcaguru.es\/ca\/wp-json\/wp\/v2\/media?parent=186529"}],"wp:term":[{"taxonomy":"property_type","embeddable":true,"href":"https:\/\/www.mallorcaguru.es\/ca\/wp-json\/wp\/v2\/property_type?post=186529"},{"taxonomy":"property_status","embeddable":true,"href":"https:\/\/www.mallorcaguru.es\/ca\/wp-json\/wp\/v2\/property_status?post=186529"},{"taxonomy":"property_feature","embeddable":true,"href":"https:\/\/www.mallorcaguru.es\/ca\/wp-json\/wp\/v2\/property_feature?post=186529"},{"taxonomy":"property_label","embeddable":true,"href":"https:\/\/www.mallorcaguru.es\/ca\/wp-json\/wp\/v2\/property_label?post=186529"},{"taxonomy":"property_country","embeddable":true,"href":"https:\/\/www.mallorcaguru.es\/ca\/wp-json\/wp\/v2\/property_country?post=186529"},{"taxonomy":"property_state","embeddable":true,"href":"https:\/\/www.mallorcaguru.es\/ca\/wp-json\/wp\/v2\/property_state?post=186529"},{"taxonomy":"property_city","embeddable":true,"href":"https:\/\/www.mallorcaguru.es\/ca\/wp-json\/wp\/v2\/property_city?post=186529"},{"taxonomy":"property_area","embeddable":true,"href":"https:\/\/www.mallorcaguru.es\/ca\/wp-json\/wp\/v2\/property_area?post=186529"}],"curies":[{"name":"wp","href":"https:\/\/api.w.org\/{rel}","templated":true}]}}