{"id":200950,"date":"2025-04-29T14:45:17","date_gmt":"2025-04-29T12:45:17","guid":{"rendered":"https:\/\/www.mallorcaguru.es\/?post_type=property&#038;p=200950"},"modified":"2026-03-10T10:55:05","modified_gmt":"2026-03-10T09:55:05","slug":"es-ven-un-projecte-a-binissalem-casa-de-camp","status":"publish","type":"property","link":"https:\/\/www.mallorcaguru.es\/ca\/propietat\/es-ven-un-projecte-a-binissalem-casa-de-camp\/","title":{"rendered":"Es ven un projecte a Binissalem per a una casa de camp"},"content":{"rendered":"<h2><strong><span style=\"font-size: 12pt;\">Es ven un projecte a Binissalem per a una casa de camp. <\/span><\/strong><\/h2>\n<h2><strong><span style=\"font-size: 12pt;\">La transformaci\u00f3 d&#8217;un edifici hist\u00f2ric a Binissalem en una casa confortable al camp.<\/span><\/strong><\/h2>\n<p>Aquesta parcel\u00b7la de 10.146 m2 es troba a la part alta del poble de Binissalem, en una zona coneguda com a Can Arab\u00ed, que \u00e9s una zona a la vora dels contraforts boscosos de la Serra de Tramuntana a Mallorca i ofereix unes vistes pintoresques sobre la part central de l&#8217;illa de Mallorca. Les construccions actuals de 94 m2 al terreny probablement daten d&#8217;al voltant de 1785 i s\u00f3n un tipus de construcci\u00f3 poc freq\u00fcent a l&#8217;illa de Mallorca, sovint aquest tipus de construcci\u00f3 \u00e9s una capella independent que forma part d&#8217;una finca molt m\u00e9s gran. Els sostres amb volta que es poden veure a les imatges dels edificis actuals i que s&#8217;han incorporat al projecte s\u00f3n molt t\u00edpics de les capelles que s&#8217;utilitzaven per beneir animals i cultius a les grans finques agr\u00edcoles de Mallorca. La propietat t\u00e9 una cisterna per recollir l&#8217;aigua de pluja de la teulada que es va construir el 1968, un pou d&#8217;aigua excavat a m\u00e0 que data de principis del segle XIX. Hi ha un comptador d&#8217;electricitat a la vora del terreny i es poden instal\u00b7lar plaques solars com a part del projecte que ja s&#8217;ha concedit.<\/p>\n<p>El perm\u00eds d&#8217;obra, que es va concedir a finals del 2024, t\u00e9 un termini de construcci\u00f3 de dos anys, que es pot ampliar sol\u00b7licitant-ho al departament d&#8217;urbanisme de l&#8217;ajuntament. La proposta del projecte \u00e9s per a una propietat de 214 m2. Amb un espai habitable de planta oberta a la planta baixa i una habitaci\u00f3 doble amb bany privat. A la primera planta hi ha dues habitacions m\u00e9s, totes dues dobles amb bany privat, i l&#8217;habitaci\u00f3 principal t\u00e9 una terrassa privada. El sal\u00f3 menjador de la planta inferior t\u00e9 acc\u00e9s a una zona de menjador coberta proposada que tindria vistes al terreny i a l&#8217;interior de l&#8217;illa. El projecte actual no inclou la sol\u00b7licitud d&#8217;una piscina, per\u00f2 seria possible afegir una piscina elevada amb una zona coberta a la terrassa sota la propietat com a part de l&#8217;enjardinament del terreny inclinat cap a la carretera.<\/p>\n<p>Can Arab\u00ed \u00e9s una zona particularment tranquil\u00b7la del camp que envolta Binissalem i t\u00e9 moltes propietats grans i prestigioses, totes amb vistes panor\u00e0miques cap al poble amb el seu camp i cap al camp. Aquest projecte seria especialment adequat per a un escriptor, un artista o un amant de la natura que busqui la comoditat d&#8217;un poble amb bones connexions de transport i totes les comoditats que es puguin desitjar, per\u00f2 que vulgui un refugi rural tranquil a poca dist\u00e0ncia a peu del poble.<\/p>\n<p>Binissalem, Mallorca, dins la comarca del Raiguer de Mallorca. Situat al centre de l&#8217;illa, amb bones connexions de transport amb Palma de Mallorca i les platges del nord de l&#8217;illa, Binissalem \u00e9s una petita ciutat vibrant. Famosa per la producci\u00f3 de vi i \u00e9s la Denominaci\u00f3 d&#8217;Origen m\u00e9s antiga i gran de Mallorca. Des dels seus or\u00edgens, una comunitat rica, Binissalem t\u00e9 molts grans edificis hist\u00f2rics constru\u00efts amb la pedra local per la qual el poble \u00e9s fam\u00f3s. L&#8217;assentament original era d&#8217;origen morisc, el nom del poble significa fills de (Binis) pau o salvaci\u00f3 (Salem).<\/p>\n<p>Poseu-vos en contacte amb nosaltres per obtenir m\u00e9s informaci\u00f3 sobre aquest projecte a Binissalem. Tamb\u00e9 tenim altres <a href=\"https:\/\/www.mallorcaguru.es\/ca\/etiqueta\/projectes-de-reforma-amb-llicencia-en-venda-mallorca\/\" target=\"_blank\" rel=\"noopener\">projectes<\/a> de cases a la zona de Binissalem de Mallorca i a tota l&#8217;illa en zones rurals que us podem oferir.<\/p>\n<p>Llegeix el nostre blog: <a href=\"https:\/\/www.mallorcaguru.es\/ca\/construint-una-casa-a-mallorca\/\" target=\"_blank\" rel=\"noopener\">Construint una casa a Mallorca<\/a><\/p>\n","protected":false},"excerpt":{"rendered":"<p>Es ven un projecte a Binissalem per a una casa de camp, la transformaci\u00f3 d&#8217;un edifici hist\u00f2ric de Binissalem en una casa confortable al camp. <\/p>\n","protected":false},"author":1,"featured_media":200876,"parent":0,"menu_order":0,"template":"","property_type":[417],"property_status":[3530],"property_feature":[791,1109,477,481,784,1770,2461,789,2075,786,1537,2896,2854,1137,2891,919,1372,2901,1483,2327,2332,2272,1765,783,1371,751,1376,1277],"property_label":[3857],"property_country":[750],"property_state":[752,552],"property_city":[564],"property_area":[680],"class_list":["post-200950","property","type-property","status-publish","has-post-thumbnail","hentry","property_type-finca-en-venda-a-mallorca","property_status-a-la-venda-mallorca-espanya","property_feature-immobiliari-en-venda-mallorca-utilitats-caracteristiques-de-la-immoble-aigua-de-pou","property_feature-immobiliari-en-venda-mallorca-utilitats-immobles-caracteristiques-aljibe-aigua-pluja","property_feature-immobiliari-en-venda-mallorca-caracteristiques-immobles-bany","property_feature-propietat-caracteristiques-immobles-en-venda-mallorca-bany-en-suite","property_feature-caracteristiques-de-immobles-venda-de-immobles-mallorca-ubicacio-de-immobles-camp","property_feature-immobiliari-en-venda-mallorca-caracteristiques-de-la-immoble-caracteristiques-interiors","property_feature-immobiliari-en-venda-mallorca-caracteristiques-immobles-caracteristiques-interiors-paviments-de-ciment","property_feature-inmobiliaria-en-venta-mallorca-servicios-publicos-conexion-electrica","property_feature-immobiliari-en-venda-a-mallorca-amb-cuina","property_feature-immobiliari-en-venda-a-mallorca-amb-cuina-totalment-moblada","property_feature-immobiliari-en-venda-mallorca-documents-immobles","property_feature-escola-montessori-de-mallorca","property_feature-propietat-caracteristiques-internacional-escoles-mallorca","property_feature-caracteristiques-venda-immoble-mallorca-estat-de-la-immoble","property_feature-escola-internacional-fundacio-sa-llavor-mallorca","property_feature-immobiliari-en-venda-mallorca-caracteristiques-de-la-immoble-caracteristiques-interiors-interior-modern","property_feature-caracteristiques-immobles-venda-immobles-mallorca-immobles-jardi","property_feature-lacademia-escola-internacional-mallorca-espanya","property_feature-llicencia-dobres-basica","property_feature-immobiliari-en-venda-mallorca-caracteristiques-immobles-caracteristiques-interiors-paviment","property_feature-immobiliari-en-venda-mallorca-caracteristiques-immobles-caracteristiques-interiors-terra-pedra","property_feature-venda-immobles-mallorca-caracteristiques-de-immoble-estat-nova-urbanitzacio","property_feature-propietat-caracteristiques-venda-propietat-mallorca-ubicacio-immoble","property_feature-caracteristiques-de-la-immoble-venda-de-immobles-mallorca-ubicacio-de-la-immoble-ubicacio-tranquila","property_feature-immobiliari-en-venda-mallorca-utilitats-serveis-publics","property_feature-immobiliari-a-mallorca-immobles-vistes-camp","property_feature-immobles-en-venda-a-mallorca-amb-excellents-vistes","property_feature-caracteristiques-immobles-venda-immobles-mallorca-immobles-ubicacio-zona-historica","property_label-projectes-de-reforma-amb-llicencia-en-venda-mallorca","property_country-en-venda-mallorca-espanya-mallorca-property-guru","property_state-immobiliari-en-venda-a-mallorca","property_state-immobiliari-en-venda-a-mallorca-raiguer-central-mallorca","property_city-en-venda-binissalem-mallorca","property_area-denominacio-dorigen-vi-binissalem-mallorca"],"property_meta":{"houzez_featured_listing_date":["2026-03-10 10:55:06"],"_wpml_media_duplicate":["1"],"_wpml_media_featured":["1"],"_top_nav_excluded":[""],"_cms_nav_minihome":[""],"_wp_page_template":["default"],"houzez_geolocation_lat":["39.6946021"],"houzez_geolocation_long":["2.8275102"],"_thumbnail_id":["200876"],"_wpml_word_count":["601"],"_edit_lock":["1773136375:1"],"rank_math_seo_score":["60"],"_edit_last":["1"],"fave_show_price_placeholder":["0"],"fave_price-per-m2":["2943.93\u20ac"],"rank_math_primary_property_type":["417"],"rank_math_primary_property_status":["3530"],"rank_math_primary_property_feature":["0"],"rank_math_primary_property_label":["0"],"rank_math_primary_property_country":["750"],"rank_math_primary_property_state":["752"],"rank_math_primary_property_city":["564"],"rank_math_primary_property_area":["0"],"houzez_manual_expire":["0"],"_houzez_expiration_date_status":["saved"],"_facebook_share_type":["default"],"_twitter_share_type":["default"],"_linkedin_share_type":["default"],"_pinterest_share_type":["default"],"_instagram_share_type":["default"],"_medium_share_type":["default"],"_selected_social_profile":["a:0:{}"],"_wpscppro_advance_schedule":[""],"_last_translation_edit_mode":["native-editor"],"houzez_total_property_views":["356"],"houzez_views_by_date":["a:61:{s:10:\"01-29-2026\";i:1;s:10:\"01-30-2026\";i:1;s:10:\"01-31-2026\";i:1;s:10:\"02-01-2026\";i:1;s:10:\"02-02-2026\";i:1;s:10:\"02-03-2026\";i:1;s:10:\"02-04-2026\";i:2;s:10:\"02-06-2026\";i:2;s:10:\"02-07-2026\";i:3;s:10:\"02-08-2026\";i:1;s:10:\"02-09-2026\";i:1;s:10:\"02-10-2026\";i:1;s:10:\"02-11-2026\";i:1;s:10:\"02-13-2026\";i:2;s:10:\"02-15-2026\";i:2;s:10:\"02-16-2026\";i:2;s:10:\"02-17-2026\";i:1;s:10:\"02-18-2026\";i:1;s:10:\"02-19-2026\";i:1;s:10:\"02-20-2026\";i:4;s:10:\"02-22-2026\";i:1;s:10:\"02-23-2026\";i:1;s:10:\"02-24-2026\";i:2;s:10:\"02-25-2026\";i:1;s:10:\"03-01-2026\";i:2;s:10:\"03-03-2026\";i:1;s:10:\"03-05-2026\";i:2;s:10:\"03-10-2026\";i:2;s:10:\"03-11-2026\";i:3;s:10:\"03-12-2026\";i:1;s:10:\"03-13-2026\";i:1;s:10:\"03-14-2026\";i:1;s:10:\"03-15-2026\";i:2;s:10:\"03-17-2026\";i:3;s:10:\"03-19-2026\";i:2;s:10:\"03-20-2026\";i:2;s:10:\"03-22-2026\";i:2;s:10:\"03-23-2026\";i:1;s:10:\"03-24-2026\";i:1;s:10:\"03-25-2026\";i:1;s:10:\"03-26-2026\";i:1;s:10:\"03-29-2026\";i:2;s:10:\"03-30-2026\";i:1;s:10:\"03-31-2026\";i:2;s:10:\"04-02-2026\";i:1;s:10:\"04-04-2026\";i:1;s:10:\"04-05-2026\";i:1;s:10:\"04-09-2026\";i:1;s:10:\"04-13-2026\";i:4;s:10:\"04-15-2026\";i:1;s:10:\"04-16-2026\";i:1;s:10:\"04-17-2026\";i:1;s:10:\"04-19-2026\";i:3;s:10:\"04-21-2026\";i:1;s:10:\"04-22-2026\";i:1;s:10:\"04-24-2026\";i:1;s:10:\"04-25-2026\";i:1;s:10:\"04-26-2026\";i:2;s:10:\"04-27-2026\";i:2;s:10:\"04-28-2026\";i:1;s:10:\"04-29-2026\";i:2;}"],"houzez_recently_viewed":["2026-04-29 07:39:25"],"_wpsp_custom_templates":["a:7:{s:8:\"facebook\";a:3:{s:8:\"template\";s:0:\"\";s:8:\"profiles\";a:0:{}s:9:\"is_global\";b:0;}s:7:\"twitter\";a:3:{s:8:\"template\";s:0:\"\";s:8:\"profiles\";a:0:{}s:9:\"is_global\";b:0;}s:8:\"linkedin\";a:3:{s:8:\"template\";s:0:\"\";s:8:\"profiles\";a:0:{}s:9:\"is_global\";b:0;}s:9:\"pinterest\";a:3:{s:8:\"template\";s:0:\"\";s:8:\"profiles\";a:0:{}s:9:\"is_global\";b:0;}s:9:\"instagram\";a:3:{s:8:\"template\";s:0:\"\";s:8:\"profiles\";a:0:{}s:9:\"is_global\";b:0;}s:6:\"medium\";a:3:{s:8:\"template\";s:0:\"\";s:8:\"profiles\";a:0:{}s:9:\"is_global\";b:0;}s:7:\"threads\";a:3:{s:8:\"template\";s:0:\"\";s:8:\"profiles\";a:0:{}s:9:\"is_global\";b:0;}}"],"fave_portal_1753787295":["0"],"fave_portal_1753788757":["0"],"has_images":["1"],"fave_portal_1754226254":["1"],"fave_portal_1754395991":["0"],"fave_portal_1754598704":["1"],"rank_math_breadcrumb_title":["Es ven un projecte a Binissalem"],"_threads_share_type":["default"],"_google_business_share_type":["default"],"rank_math_analytic_object_id":["329"],"fave_property_price":["685000"],"fave_property_size":["214"],"fave_property_size_prefix":["m2"],"fave_property_land":["10146"],"fave_property_land_postfix":["m2"],"fave_property_bedrooms":["3"],"fave_property_bathrooms":["3"],"fave_property_year":["1785"],"fave_property_id":["824"],"fave_property_map":["1"],"fave_property_map_address":["cam\u00ed des Raiguer, Binissalem, Raiguer, Illes Balears, 07350, Espanya"],"fave_property_location":["39.6946021,2.8275102,15"],"fave_property_map_street_view":["hide"],"fave_property_address":["cam\u00ed des Raiguer, Binissalem, Raiguer, Illes Balears, 07350, Espanya"],"fave_property_zip":["07350"],"fave_prop_homeslider":["no"],"rank_math_title":["Es ven un projecte a Binissalem"],"rank_math_description":["Es ven un projecte a Binissalem, amb un edifici hist\u00f2ric de 10.900 m2 a Can Arab\u00ed per a la casa de camp dels teus somnis."],"rank_math_focus_keyword":["Es ven un projecte a Binissalem"],"fave_featured":["1"],"fave_property_images":["200860","200875","200925","200920","200885","200890","200895","200910","200915","200900","200905","200870","200865","200830","200935","200835","200840","200845","200810","200930","200820","200850","200805","200940","200855","200825","200815","200800"],"fave_agent_display_option":["agent_info"],"fave_agents":["5167"],"fave_single_top_area":["global"],"fave_single_content_area":["global"]},"_links":{"self":[{"href":"https:\/\/www.mallorcaguru.es\/ca\/wp-json\/wp\/v2\/properties\/200950","targetHints":{"allow":["GET"]}}],"collection":[{"href":"https:\/\/www.mallorcaguru.es\/ca\/wp-json\/wp\/v2\/properties"}],"about":[{"href":"https:\/\/www.mallorcaguru.es\/ca\/wp-json\/wp\/v2\/types\/property"}],"author":[{"embeddable":true,"href":"https:\/\/www.mallorcaguru.es\/ca\/wp-json\/wp\/v2\/users\/1"}],"version-history":[{"count":0,"href":"https:\/\/www.mallorcaguru.es\/ca\/wp-json\/wp\/v2\/properties\/200950\/revisions"}],"wp:featuredmedia":[{"embeddable":true,"href":"https:\/\/www.mallorcaguru.es\/ca\/wp-json\/wp\/v2\/media\/200876"}],"wp:attachment":[{"href":"https:\/\/www.mallorcaguru.es\/ca\/wp-json\/wp\/v2\/media?parent=200950"}],"wp:term":[{"taxonomy":"property_type","embeddable":true,"href":"https:\/\/www.mallorcaguru.es\/ca\/wp-json\/wp\/v2\/property_type?post=200950"},{"taxonomy":"property_status","embeddable":true,"href":"https:\/\/www.mallorcaguru.es\/ca\/wp-json\/wp\/v2\/property_status?post=200950"},{"taxonomy":"property_feature","embeddable":true,"href":"https:\/\/www.mallorcaguru.es\/ca\/wp-json\/wp\/v2\/property_feature?post=200950"},{"taxonomy":"property_label","embeddable":true,"href":"https:\/\/www.mallorcaguru.es\/ca\/wp-json\/wp\/v2\/property_label?post=200950"},{"taxonomy":"property_country","embeddable":true,"href":"https:\/\/www.mallorcaguru.es\/ca\/wp-json\/wp\/v2\/property_country?post=200950"},{"taxonomy":"property_state","embeddable":true,"href":"https:\/\/www.mallorcaguru.es\/ca\/wp-json\/wp\/v2\/property_state?post=200950"},{"taxonomy":"property_city","embeddable":true,"href":"https:\/\/www.mallorcaguru.es\/ca\/wp-json\/wp\/v2\/property_city?post=200950"},{"taxonomy":"property_area","embeddable":true,"href":"https:\/\/www.mallorcaguru.es\/ca\/wp-json\/wp\/v2\/property_area?post=200950"}],"curies":[{"name":"wp","href":"https:\/\/api.w.org\/{rel}","templated":true}]}}