{"id":229936,"date":"2025-06-06T16:48:54","date_gmt":"2025-06-06T14:48:54","guid":{"rendered":"https:\/\/www.mallorcaguru.es\/?post_type=property&#038;p=229936"},"modified":"2025-10-02T13:36:24","modified_gmt":"2025-10-02T11:36:24","slug":"xalet-en-venda-a-cala-bona-son-servera","status":"publish","type":"property","link":"https:\/\/www.mallorcaguru.es\/ca\/propietat\/xalet-en-venda-a-cala-bona-son-servera\/","title":{"rendered":"Xalet en venda a Cala Bona Son Servera"},"content":{"rendered":"<h2><span style=\"font-size: 12pt;\"><strong>Xalet en venda a Cala Bona Son Servera<\/strong><\/span><\/h2>\n<p><a href=\"https:\/\/www.mallorcaguru.es\/ca\/tipus-de-propietat\/xalet-en-venda-a-mallorca-espanya\/\" target=\"_blank\" rel=\"noopener\">Xalet<\/a> en venda a Cala Bona Son Servera, situat en un carrer amb arbres a pocs minuts a peu del passeig mar\u00edtim i les platges d&#8217;aquest popular complex tur\u00edstic. Ideal per a aquells que valoren una vetllada tranquil\u00b7la amb l&#8217;opci\u00f3 d&#8217;un passeig pel passeig mar\u00edtim de la font de la platja i prendre tapes amb vistes al port.<\/p>\n<p>El xalet est\u00e0 situat en una \u00e0mplia parcel\u00b7la emmurallada de 663 metres quadrats i t\u00e9 dues entrades, una a la part posterior de la casa a trav\u00e9s d&#8217;un cam\u00ed d&#8217;entrada privat al gran garatge soterrani amb aparcament per a quatre cotxes i una entrada de vianants amb porta des del carrer a trav\u00e9s del jard\u00ed. El cam\u00ed d&#8217;entrada permet un f\u00e0cil acc\u00e9s a les carreteres rurals secund\u00e0ries que hi ha darrere de Cala Bona, ideals per a ciclistes aficionats o per a partides de golf al mat\u00ed al Club de Golf Son Servera o al Canyamel Golf, tots dos camps de golf es troben a menys de 14 minuts.<\/p>\n<p>El xalet va ser constru\u00eft el 1988, un gran vest\u00edbul de doble al\u00e7ada amb un gran fanal al sostre omple de llum la zona central del xalet.<\/p>\n<h2><span style=\"font-size: 12pt;\">A la planta baixa.<\/span><\/h2>\n<p>Hi ha dues cuines, una dom\u00e8stica amb electrodom\u00e8stics integrats i l&#8217;altra amb unitats comercials, emmagatzematge de qualitat comercial i una barbacoa oberta. El sal\u00f3 menjador i el menjador separat d&#8217;aquest nivell tenen acc\u00e9s a una gran terrassa coberta orientada al sud-est amb vistes al jard\u00ed i la piscina, que s&#8217;utilitza per sopar al vespre durant l&#8217;estiu.<\/p>\n<h2><span style=\"font-size: 12pt;\">A la primera planta.<\/span><\/h2>\n<p>Hi ha cinc dormitoris. Els dos dormitoris de la part davantera de la casa tenen acc\u00e9s a trav\u00e9s de portes dobles a una gran terrassa amb vistes obertes al camp i al port, aquesta terrassa tamb\u00e9 \u00e9s accessible des de l&#8217;escala principal. Els altres dormitoris tenen portes d&#8217;al\u00e7ada completa i balcons Julieta, de manera que cadascun d&#8217;ells \u00e9s llumin\u00f3s i airejat. Hi ha tres banys complets, un dels quals s&#8217;ha convertit en un bany amb dutxa i el m\u00e9s gran t\u00e9 una banyera d&#8217;hidromassatge.<\/p>\n<p>La propietat est\u00e0 en bon estat durant tota la construcci\u00f3 del 1988, que va ser d&#8217;alta qualitat i tots els terres, la fusteria interior i la fusteria estan en molt bon estat i s&#8217;han mantingut molt b\u00e9.<\/p>\n<p>Tot el que necessita la propietat \u00e9s una mica de modernitzaci\u00f3, despr\u00e9s de la qual cosa ofereix al nou comprador una casa de vacances substancial o una resid\u00e8ncia permanent en una ubicaci\u00f3 desitjable amb un jard\u00ed privat f\u00e0cil de mantenir i una piscina privada. Ideal per a amants dels esports aqu\u00e0tics i del golf que tamb\u00e9 vulguin gaudir dels beneficis d&#8217;un complex tur\u00edstic costaner amb moltes comoditats per a tota la fam\u00edlia a la regi\u00f3 de <a href=\"https:\/\/www.mallorcaguru.es\/ca\/estat\/en-venda-llevant-de-mallorca-nord-est\/\" target=\"_blank\" rel=\"noopener\">Llevant<\/a> de Mallorca.<\/p>\n<p>Poseu-vos en contacte amb nosaltres per a m\u00e9s informaci\u00f3 o, si teniu alguna pregunta, podem organitzar visites a la vila amb un av\u00eds de 48 hores.<\/p>\n<h3><span style=\"font-size: 12pt;\">Cala Bona \u00e9s un popular complex tur\u00edstic a la costa est de Mallorca.<\/span><\/h3>\n<p>Conegut pel seu ambient relaxat i les seves boniques platges. \u00c9s un petit poble pesquer amb un port i una zona costanera circumdant, situat dins del municipi de <a href=\"https:\/\/www.mallorcaguru.es\/ca\/poble\/immobiliari-en-venda-mallorca-son-servera\/\" target=\"_blank\" rel=\"noopener\">Son Servera<\/a>. El complex t\u00e9 una platja de sorra, que \u00e9s un mosaic de petites taques de sorra dividides per cales rocoses artificials i espigons.<\/p>\n<h3><span style=\"font-size: 12pt;\">Caracter\u00edstiques principals de Cala Bona:<\/span><\/h3>\n<p><strong>Relaxat i tranquil:<\/strong><\/p>\n<p>Cala Bona \u00e9s conegut pel seu ambient tranquil, cosa que el converteix en una gran opci\u00f3 per a aquells que busquen unes vacances tranquil\u00b7les.<br \/>\nPlatges precioses:<\/p>\n<p>Les platges s\u00f3n una barreja de zones sorrenques i rocoses, que ofereixen una varietat d&#8217;opcions per prendre el sol i nedar.<\/p>\n<p><strong>Port pesquer:<\/strong><\/p>\n<p>Cala Bona t\u00e9 un port pesquer tradicional on encara es poden veure vaixells locals que surten al mar.<\/p>\n<p><strong>Passeig mar\u00edtim agradable:<\/strong><\/p>\n<p>Un agradable passeig mar\u00edtim connecta Cala Bona amb Cala Millor<\/p>\n","protected":false},"excerpt":{"rendered":"<p>Xalet en venda a Cala Bona Son Servera 5 dormitoris 3 banys Jard\u00ed Piscina i garatge Una zona de Mallorca coneguda pel seu ambient relaxat i les seves boniques platges.<\/p>\n","protected":false},"author":1,"featured_media":229664,"parent":0,"menu_order":0,"template":"","property_type":[3807],"property_status":[3530],"property_feature":[921,1715,1338,1175,920,787,1146,930,803,929,477,481,1510,805,918,1679,1528,1593,2045,1297,1770,790,789,2075,1144,2206,1137,1224,1374,919,501,1372,794,801,2327,2927,2235,1375,2115,802,3207,2138,2096,2101,2337,1765,1371,807,751,806,1376,924],"property_label":[3867,3928],"property_country":[750],"property_state":[752,613],"property_city":[2294],"property_area":[],"class_list":["post-229936","property","type-property","status-publish","has-post-thumbnail","hentry","property_type-xalet-en-venda-a-mallorca-espanya","property_status-a-la-venda-mallorca-espanya","property_feature-caracteristiques-de-la-immoble-venda-de-immobles-mallorca-ubicacio-propietat-a-prop-de-tots-els-serveis","property_feature-caracteristiques-de-la-immoble-venda-de-la-propietat-mallorca-la-ubicacio-de-la-propietat-es-apropa-del-golf","property_feature-caracteristiques-de-la-immoble-venda-de-immobles-mallorca-ubicacio-de-la-immoble-es-propia-del-mar","property_feature-caracteristiques-de-la-propietat-venda-de-immobles-la-ubicacio-de-la-propietat-de-mallorca-es-apropa-del-port-esportiu-o-port","property_feature-caracteristiques-de-la-immoble-venda-de-immobles-mallorca-ubicacio-de-la-immoble-te-acces-a-la-platja","property_feature-immobiliari-en-venda-mallorca-immoble-calefaccio-i-refrigeracio-aire-condicionat","property_feature-propietat-venda-mallorca-caracteristiques-immobles-aparcament-tot-terra","property_feature-propietat-venda-mallorca-caracteristiques-de-immoble-aparcament-soterrani","property_feature-immobiliari-en-venda-mallorca-caracteristiques-immobles-armaris-encastats","property_feature-caracteristiques-de-immoble-venda-immoble-mallorca-immoble-jardi-balco","property_feature-immobiliari-en-venda-mallorca-caracteristiques-immobles-bany","property_feature-propietat-caracteristiques-immobles-en-venda-mallorca-bany-en-suite","property_feature-caracteristiques-immobles-venda-immobles-mallorca-immoble-jardi-barbacoa","property_feature-caracteristiques-de-la-immoble-venda-de-immobles-mallorca-ubicacio-de-la-immoble-bon-acces-carretera","property_feature-venda-immobles-mallorca-caracteristiques-de-immoble-estat-bon-estat","property_feature-immobiliari-en-venda-a-mallorca-amb-bugaderia","property_feature-immobiliari-en-venda-mallorca-propietatcaracteristicas-calefaccio-i-refrigeracio-calefaccio-central-gasoli","property_feature-caracteristiques-de-immobles-en-venda-mallorca-calefaccio-i-refrigeracio","property_feature-immobiliari-en-venda-mallorca-immoble-calefaccio-i-refrigeracio-calefaccio-per-sol-radiant","property_feature-immobiliari-en-venda-mallorca-immobles-caracteristiques-calefaccio-i-refrigeracio-escalfament-d-aigua-solar","property_feature-immobiliari-en-venda-mallorca-caracteristiques-de-la-immoble-caracteristiques-interiors","property_feature-immobiliari-en-venda-mallorca-utilitats-serveis-publics-connexio-daigua","property_feature-inmobiliaria-en-venta-mallorca-servicios-publicos-conexion-electrica","property_feature-immobiliari-en-venda-a-mallorca-amb-cuina","property_feature-immobiliari-en-venda-a-mallorca-amb-cuina-independent","property_feature-immobiliari-en-venda-mallorca-caracteristiques-immobles-dormitori","property_feature-caracteristiques-venda-immoble-mallorca-estat-de-la-immoble","property_feature-propietat-venda-mallorca-caracteristiques-immobles-garatge-doble","property_feature-immobiliari-en-venda-a-mallorca-amb-garatge-o-aparcament","property_feature-immobiliari-en-venda-mallorca-caracteristiques-de-la-immoble-caracteristiques-interiors-interior-modern","property_feature-immobiliari-en-venda-mallorca-caracteristiques-immobles-jacuzzi","property_feature-caracteristiques-immobles-venda-immobles-mallorca-immobles-jardi","property_feature-caracteristiques-de-la-immoble-venda-de-immobles-mallorca-jardi-de-la-immoble-jardi-de-poc-manteniment","property_feature-propietat-venda-mallorca-caracteristiques-de-la-immoble-pas-de-vehicles","property_feature-immobiliari-en-venda-mallorca-caracteristiques-immobles-caracteristiques-interiors-paviment","property_feature-immobiliari-en-venda-mallorca-caracteristiques-immobles-pavimento-gres-porcelanic","property_feature-immobiliari-en-venda-mallorca-caracteristiques-de-la-immoble-seguretat-persianes-de-finestres","property_feature-immobiliari-en-venda-a-mallorca-amb-piscina","property_feature-immobiliari-en-venda-a-mallorca-amb-piscina-de-cholrina","property_feature-immobiliari-en-venda-mallorca-amb-piscina-privada","property_feature-porta-de-garatge-automatica","property_feature-immobiliari-en-venda-a-mallorca-amb-rebost","property_feature-immobiliari-en-venda-a-mallorca-amb-sistema-de-seguretat","property_feature-immobiliari-en-venda-mallorca-caracteristiques-de-la-immoble-tancada-de-seguretat","property_feature-immobiliari-en-venda-mallorca-caracteristiques-immobles-caracteristiques-interiors-terra-terracota","property_feature-propietat-caracteristiques-venda-propietat-mallorca-ubicacio-immoble","property_feature-immobiliari-en-venda-mallorca-utilitats-serveis-publics","property_feature-immobiliari-a-mallorca-immobles-vistes-muntanya","property_feature-immobiliari-a-mallorca-immobles-vistes-camp","property_feature-immobiliari-a-mallorca-immobles-vistes-jardin-piscina","property_feature-immobles-en-venda-a-mallorca-amb-excellents-vistes","property_feature-caracteristiques-de-la-immoble-venda-de-immobles-mallorca-ubicacio-de-la-immoble-es-zona-costa","property_label-oportunitats-preu-reduit-immobles-mallorca","property_label-propietats-amb-vistes-al-mar-en-venda","property_country-en-venda-mallorca-espanya-mallorca-property-guru","property_state-immobiliari-en-venda-a-mallorca","property_state-en-venda-llevant-de-mallorca-nord-est","property_city-immobiliari-en-venda-mallorca-son-servera"],"property_meta":{"houzez_featured_listing_date":["2025-10-02 13:36:25"],"_wpml_media_duplicate":["1"],"_wpml_media_featured":["1"],"_top_nav_excluded":[""],"_cms_nav_minihome":[""],"_wp_page_template":["default"],"houzez_geolocation_lat":["39.6112523"],"houzez_geolocation_long":["3.3850582"],"_thumbnail_id":["229664"],"_wpml_word_count":["654"],"_last_translation_edit_mode":["native-editor"],"_edit_lock":["1759404850:1"],"rank_math_seo_score":["68"],"rank_math_pillar_content":["on"],"_edit_last":["1"],"fave_show_price_placeholder":["0"],"rank_math_primary_property_type":["1619"],"rank_math_primary_property_status":["3530"],"rank_math_primary_property_feature":["0"],"rank_math_primary_property_label":["0"],"rank_math_primary_property_country":["750"],"rank_math_primary_property_state":["752"],"rank_math_primary_property_city":["2294"],"rank_math_primary_property_area":["0"],"houzez_manual_expire":["0"],"_houzez_expiration_date_status":["saved"],"_facebook_share_type":["default"],"_twitter_share_type":["default"],"_linkedin_share_type":["default"],"_pinterest_share_type":["default"],"_instagram_share_type":["default"],"_medium_share_type":["default"],"_selected_social_profile":["a:0:{}"],"_wpscppro_advance_schedule":[""],"houzez_total_property_views":["299"],"houzez_views_by_date":["a:61:{s:10:\"12-30-2025\";i:1;s:10:\"01-03-2026\";i:2;s:10:\"01-04-2026\";i:1;s:10:\"01-08-2026\";i:1;s:10:\"01-09-2026\";i:2;s:10:\"01-10-2026\";i:2;s:10:\"01-11-2026\";i:1;s:10:\"01-12-2026\";i:3;s:10:\"01-13-2026\";i:3;s:10:\"01-15-2026\";i:4;s:10:\"01-16-2026\";i:1;s:10:\"01-17-2026\";i:1;s:10:\"01-18-2026\";i:1;s:10:\"01-20-2026\";i:1;s:10:\"01-25-2026\";i:1;s:10:\"01-26-2026\";i:2;s:10:\"01-28-2026\";i:1;s:10:\"01-29-2026\";i:2;s:10:\"01-30-2026\";i:2;s:10:\"02-02-2026\";i:2;s:10:\"02-03-2026\";i:1;s:10:\"02-07-2026\";i:1;s:10:\"02-10-2026\";i:1;s:10:\"02-11-2026\";i:4;s:10:\"02-12-2026\";i:1;s:10:\"02-14-2026\";i:3;s:10:\"02-15-2026\";i:1;s:10:\"02-16-2026\";i:1;s:10:\"02-18-2026\";i:2;s:10:\"02-22-2026\";i:1;s:10:\"02-23-2026\";i:1;s:10:\"02-24-2026\";i:2;s:10:\"02-25-2026\";i:1;s:10:\"03-01-2026\";i:2;s:10:\"03-03-2026\";i:1;s:10:\"03-05-2026\";i:1;s:10:\"03-08-2026\";i:2;s:10:\"03-10-2026\";i:1;s:10:\"03-12-2026\";i:1;s:10:\"03-14-2026\";i:1;s:10:\"03-15-2026\";i:2;s:10:\"03-16-2026\";i:3;s:10:\"03-22-2026\";i:1;s:10:\"03-25-2026\";i:3;s:10:\"03-26-2026\";i:2;s:10:\"03-29-2026\";i:3;s:10:\"03-30-2026\";i:1;s:10:\"04-03-2026\";i:1;s:10:\"04-04-2026\";i:1;s:10:\"04-05-2026\";i:1;s:10:\"04-08-2026\";i:1;s:10:\"04-13-2026\";i:3;s:10:\"04-15-2026\";i:1;s:10:\"04-16-2026\";i:1;s:10:\"04-17-2026\";i:1;s:10:\"04-18-2026\";i:1;s:10:\"04-19-2026\";i:2;s:10:\"04-24-2026\";i:1;s:10:\"04-26-2026\";i:3;s:10:\"04-27-2026\";i:2;s:10:\"04-29-2026\";i:5;}"],"houzez_recently_viewed":["2026-04-29 18:08:08"],"fave_property_price":["1090000"],"fave_property_size":["511"],"fave_property_size_prefix":["m2"],"fave_property_land":["663"],"fave_property_land_postfix":["m2"],"fave_property_bedrooms":["5"],"fave_property_bathrooms":["3"],"fave_property_garage":["1"],"fave_property_garage_size":["146m2"],"fave_property_year":["1988"],"fave_property_id":["890"],"fave_property_map":["1"],"fave_property_map_address":["Carrer de ses Juanetas, Son Servera, Spain"],"fave_property_location":["39.6112523,3.3850582,15"],"fave_property_map_street_view":["hide"],"fave_property_address":["Carrer de ses Juanetas, Son Servera, Spain"],"fave_prop_homeslider":["no"],"rank_math_title":["Xalet en venda a Cala Bona Son Servera %sep% Mallorca"],"rank_math_focus_keyword":["Xalet en venda a Cala Bona Son Servera"],"_wpsp_custom_templates":["a:7:{s:8:\"facebook\";a:3:{s:8:\"template\";s:0:\"\";s:8:\"profiles\";a:0:{}s:9:\"is_global\";b:0;}s:7:\"twitter\";a:3:{s:8:\"template\";s:0:\"\";s:8:\"profiles\";a:0:{}s:9:\"is_global\";b:0;}s:8:\"linkedin\";a:3:{s:8:\"template\";s:0:\"\";s:8:\"profiles\";a:0:{}s:9:\"is_global\";b:0;}s:9:\"pinterest\";a:3:{s:8:\"template\";s:0:\"\";s:8:\"profiles\";a:0:{}s:9:\"is_global\";b:0;}s:9:\"instagram\";a:3:{s:8:\"template\";s:0:\"\";s:8:\"profiles\";a:0:{}s:9:\"is_global\";b:0;}s:6:\"medium\";a:3:{s:8:\"template\";s:0:\"\";s:8:\"profiles\";a:0:{}s:9:\"is_global\";b:0;}s:7:\"threads\";a:3:{s:8:\"template\";s:0:\"\";s:8:\"profiles\";a:0:{}s:9:\"is_global\";b:0;}}"],"fave_portal_1754226254":["1"],"fave_portal_1754395991":["0"],"fave_portal_1754598704":["1"],"has_images":["1"],"rank_math_analytic_object_id":["234"],"_threads_share_type":["default"],"_google_business_share_type":["default"],"fave_price-reduced":["1.190.000\u20ac"],"fave_reduced-by":["8%"],"fave_featured":["1"],"fave_property_images":["229658","229694","229689","229699","229709","229704","229725","229748","229763","229735"],"fave_agent_display_option":["agent_info"],"fave_agents":["5167"],"fave_single_top_area":["global"],"fave_single_content_area":["global"],"rank_math_related_posts":["a:10:{i:0;i:229948;i:1;i:229942;i:2;i:229940;i:3;i:229210;i:4;i:280547;i:5;i:73408;i:6;i:56436;i:7;i:59243;i:8;i:223927;i:9;i:280619;}"],"_elementor_page_assets":["a:0:{}"]},"_links":{"self":[{"href":"https:\/\/www.mallorcaguru.es\/ca\/wp-json\/wp\/v2\/properties\/229936","targetHints":{"allow":["GET"]}}],"collection":[{"href":"https:\/\/www.mallorcaguru.es\/ca\/wp-json\/wp\/v2\/properties"}],"about":[{"href":"https:\/\/www.mallorcaguru.es\/ca\/wp-json\/wp\/v2\/types\/property"}],"author":[{"embeddable":true,"href":"https:\/\/www.mallorcaguru.es\/ca\/wp-json\/wp\/v2\/users\/1"}],"version-history":[{"count":0,"href":"https:\/\/www.mallorcaguru.es\/ca\/wp-json\/wp\/v2\/properties\/229936\/revisions"}],"wp:featuredmedia":[{"embeddable":true,"href":"https:\/\/www.mallorcaguru.es\/ca\/wp-json\/wp\/v2\/media\/229664"}],"wp:attachment":[{"href":"https:\/\/www.mallorcaguru.es\/ca\/wp-json\/wp\/v2\/media?parent=229936"}],"wp:term":[{"taxonomy":"property_type","embeddable":true,"href":"https:\/\/www.mallorcaguru.es\/ca\/wp-json\/wp\/v2\/property_type?post=229936"},{"taxonomy":"property_status","embeddable":true,"href":"https:\/\/www.mallorcaguru.es\/ca\/wp-json\/wp\/v2\/property_status?post=229936"},{"taxonomy":"property_feature","embeddable":true,"href":"https:\/\/www.mallorcaguru.es\/ca\/wp-json\/wp\/v2\/property_feature?post=229936"},{"taxonomy":"property_label","embeddable":true,"href":"https:\/\/www.mallorcaguru.es\/ca\/wp-json\/wp\/v2\/property_label?post=229936"},{"taxonomy":"property_country","embeddable":true,"href":"https:\/\/www.mallorcaguru.es\/ca\/wp-json\/wp\/v2\/property_country?post=229936"},{"taxonomy":"property_state","embeddable":true,"href":"https:\/\/www.mallorcaguru.es\/ca\/wp-json\/wp\/v2\/property_state?post=229936"},{"taxonomy":"property_city","embeddable":true,"href":"https:\/\/www.mallorcaguru.es\/ca\/wp-json\/wp\/v2\/property_city?post=229936"},{"taxonomy":"property_area","embeddable":true,"href":"https:\/\/www.mallorcaguru.es\/ca\/wp-json\/wp\/v2\/property_area?post=229936"}],"curies":[{"name":"wp","href":"https:\/\/api.w.org\/{rel}","templated":true}]}}