{"id":257178,"date":"2025-07-30T17:23:42","date_gmt":"2025-07-30T15:23:42","guid":{"rendered":"https:\/\/www.mallorcaguru.es\/property\/excepcional-finca-en-venda-a-binissalem\/"},"modified":"2026-02-21T11:10:30","modified_gmt":"2026-02-21T10:10:30","slug":"excepcional-finca-en-venda-a-binissalem","status":"publish","type":"property","link":"https:\/\/www.mallorcaguru.es\/ca\/propietat\/excepcional-finca-en-venda-a-binissalem\/","title":{"rendered":"Excepcional Finca en Venda a Binissalem"},"content":{"rendered":"<h2><span style=\"font-size: 12pt;\">Excepcional Finca Rural en Venda a Prop de Binissalem, Mallorca<\/span><\/h2>\n<p>La finca ofereix una superf\u00edcie habitable total de 336 m\u00b2, distribu\u00efda en una casa principal de 240 m\u00b2, una casa d&#8217;hostes de 42 m\u00b2 i una segona casa d&#8217;hostes de 54 m\u00b2. La superf\u00edcie total constru\u00efda \u00e9s de 472 m\u00b2, que inclou terrasses, una cuina exterior i altres serveis exteriors. Hi ha vuit dormitoris i sis banys repartits en tres edificis independents, cosa que la fa ideal per a una vida flexible. La propietat gaudeix d&#8217;una orientaci\u00f3 sud, cosa que garanteix llum natural durant tot el dia. A l&#8217;exterior, la piscina d&#8217;aigua salada de 12 x 6 metres compta amb un modern sistema de filtraci\u00f3, mentre que la cuina exterior inclou una barbacoa, un forn de pizza i un subministrament complet d&#8217;aigua. El jard\u00ed compta amb dotze varietats d&#8217;arbres fruiters, tots mantinguts mitjan\u00e7ant un sistema de reg automatitzat.<\/p>\n<p>La casa principal s&#8217;est\u00e9n per dues plantes i combina elements tradicionals com bigues de fusta i parets de pedra natural amb una renovaci\u00f3 d&#8217;alta gamma del 2024. La planta baixa compta amb una \u00e0mplia cuina americana i menjador, una sala d&#8217;estar lluminosa amb llar de foc i acc\u00e9s a la terrassa, dos dormitoris per a convidats i una suite principal. La distribuci\u00f3 ofereix un flux continu d&#8217;interior a exterior cap a la piscina i el jard\u00ed. A la primera planta, trobareu dues habitacions addicionals per a convidats, un bany compartit amb dutxa i bugaderia, i acc\u00e9s directe a una terrassa superior amb \u00e0mplies vistes dels terrenys i el paisatge circumdant.<\/p>\n<p>La propietat inclou dues cases d&#8217;hostes independents i totalment equipades, que ofereixen privacitat, confort i versatilitat. Cada unitat compta amb interiors renovats, aire condicionat i internet Starlink d&#8217;alta velocitat. S\u00f3n perfectes per allotjar amics i familiars, o per utilitzar-les com a estudis creatius o allotjament multigeneracional.<\/p>\n<h2><span style=\"font-size: 12pt;\">Ubicaci\u00f3 de les finques:<\/span><\/h2>\n<p>Situada en una parcel\u00b7la plana i assolellada de 8.300 m\u00b2, aquesta finca totalment renovada combina l&#8217;aut\u00e8ntic encant mallorqu\u00ed amb el confort modern, amb dues cases d&#8217;hostes bellament equipades, una piscina d&#8217;aigua salada, energia solar i impressionants vistes de la serra de Tramuntana. Situada just a les afores del poble hist\u00f2ric de Binissalem, al cor de la c\u00e8lebre regi\u00f3 vin\u00edcola de Mallorca, aquesta \u00e9s una oportunitat \u00fanica per comprar una casa rural tranquil\u00b7la, a punt per entrar-hi a viure i constru\u00efda amb un alt nivell.<\/p>\n<p>Aquesta ubicaci\u00f3 tranquil\u00b7la ofereix una tranquil\u00b7litat total sense soroll de la carretera ni dels vols, per\u00f2 alhora est\u00e0 perfectament connectada. Es troba a nom\u00e9s quatre minuts d&#8217;Inca, on trobareu supermercats, farm\u00e0cies, cl\u00edniques i botigues. Palma \u00e9s a 25 minuts i l&#8217;aeroport a nom\u00e9s 20 minuts amb acc\u00e9s directe a l&#8217;autopista. La direcci\u00f3 est\u00e0 totalment comunicada per a les entregues d&#8217;Amazon i missatgeria, i hi ha connexions de tren i autob\u00fas a prop. La propietat tamb\u00e9 \u00e9s a prop de les millors escoles internacionals, com ara My School Mallorca i The Academy, i es troba a menys de 10 minuts a peu del centre de Binissalem.<\/p>\n<h2><span style=\"font-size: 12pt;\">Estil i disseny:<\/span><\/h2>\n<p>L&#8217;estil de la casa aconsegueix un equilibri entre la tradici\u00f3 mallorquina i la vida contempor\u00e0nia. Destaquen les fa\u00e7anes de pedra natural, les bigues originals, els terres de pedra antilliscant d&#8217;estil mallorqu\u00ed i la llum del terra al sostre a les zones principals d&#8217;estar. Tant els espais interiors com els exteriors estan dissenyats per abra\u00e7ar el paisatge circumdant, amb vistes panor\u00e0miques de la serra de Tramuntana i zones d&#8217;estar exteriors assolellades que milloren el gaudi diari.<\/p>\n<h2><span style=\"font-size: 12pt;\">Tecnologia i sostenibilitat:<\/span><\/h2>\n<p>Pel que fa a la tecnologia i la sostenibilitat, la finca est\u00e0 excepcionalment ben equipada. Compta amb un sistema de panells solars amb emmagatzematge de bateries i connexi\u00f3 a la xarxa, internet Starlink a tots els edificis i un pou privat de 100 metres de profunditat que proporciona aigua potable analitzada en laboratori. Totes les cuines estan equipades amb descalcificadors d&#8217;aigua i sistemes de filtraci\u00f3 per osmosi. La propietat va ser completament renovada el 2024, incloent-hi nous sistemes el\u00e8ctrics, de terres, d&#8217;a\u00efllament i d&#8217;acabats. Les caracter\u00edstiques addicionals inclouen aire condicionat Daikin, dues xemeneies, finestres de PVC amb doble vidre amb mosquiteres i protecci\u00f3 antirobatori, i un sistema d&#8217;alarma complet, intercomunicador i a\u00efllament de primera qualitat a tot arreu.<\/p>\n<p>Aquesta propietat rural de luxe a Mallorca \u00e9s perfecta per a compradors que busquen un refugi tranquil amb infraestructura moderna, envoltada de natura, per\u00f2 a prop de la vida del poble, les escoles internacionals i Palma.<\/p>\n<h2><span style=\"font-size: 12pt;\">Poseu-vos en contacte amb nosaltres per organitzar una visita privada d&#8217;aquesta excepcional finca en venda a Binissalem.<\/span><\/h2>\n<h3 data-start=\"178\" data-end=\"222\"><span style=\"font-size: 12pt;\"><strong data-start=\"187\" data-end=\"220\">Binissalem\u00a0<\/strong><\/span><\/h3>\n<p data-start=\"223\" data-end=\"252\"><em data-start=\"223\" data-end=\"252\">El cor vin\u00edcola de Mallorca<\/em><\/p>\n<hr data-start=\"254\" data-end=\"257\" \/>\n<h3 data-start=\"259\" data-end=\"276\"><span style=\"font-size: 12pt;\">Visi\u00f3 general<\/span><\/h3>\n<p data-start=\"278\" data-end=\"726\"><strong data-start=\"278\" data-end=\"292\">Binissalem<\/strong>\u00a0\u00e9s un poble mallorqu\u00ed encantador situat a la regi\u00f3 del\u00a0<a href=\"https:\/\/www.mallorcaguru.es\/ca\/estat\/immobiliari-en-venda-a-mallorca-raiguer-central-mallorca\/\" target=\"_blank\" rel=\"noopener\"><strong data-start=\"348\" data-end=\"359\">Raiguer<\/strong><\/a>, a mig cam\u00ed entre\u00a0<strong data-start=\"378\" data-end=\"387\">Palma<\/strong>\u00a0i la\u00a0<strong data-start=\"393\" data-end=\"416\">Serra de Tramuntana<\/strong>. \u00c9s conegut com la\u00a0<strong data-start=\"436\" data-end=\"466\">capital del vi de Mallorca<\/strong>, i acull la prestigiosa\u00a0<strong data-start=\"491\" data-end=\"531\">Denominaci\u00f3 d\u2019Origen Binissalem (DO)<\/strong>. Amb la seva\u00a0<strong data-start=\"545\" data-end=\"578\">arquitectura de pedra daurada<\/strong>, carrers tranquils,\u00a0<strong data-start=\"599\" data-end=\"624\">bodegues tradicionals<\/strong>\u00a0i un fort sentit de comunitat, Binissalem ofereix un estil de vida relaxat ple de cultura i tradici\u00f3.<\/p>\n<p data-start=\"728\" data-end=\"919\">\u00c9s especialment popular entre\u00a0<strong data-start=\"758\" data-end=\"787\">compradors internacionals<\/strong>, n\u00f2mades digitals i fam\u00edlies que busquen una\u00a0<strong data-start=\"833\" data-end=\"874\">resid\u00e8ncia habitual o una finca rural<\/strong>\u00a0amb bones connexions amb Palma i l\u2019aeroport.<\/p>\n<hr data-start=\"921\" data-end=\"924\" \/>\n<h3 data-start=\"926\" data-end=\"938\"><span style=\"font-size: 12pt;\">Ubicaci\u00f3<\/span><\/h3>\n<p data-start=\"940\" data-end=\"1254\">Binissalem es troba a uns\u00a0<strong data-start=\"966\" data-end=\"996\">25 minuts amb cotxe o tren<\/strong>\u00a0de\u00a0<strong data-start=\"1000\" data-end=\"1009\">Palma<\/strong>, amb excel\u00b7lent acc\u00e9s per l\u2019autopista\u00a0<strong data-start=\"1048\" data-end=\"1057\">Ma-13<\/strong>\u00a0i la\u00a0<strong data-start=\"1063\" data-end=\"1080\">l\u00ednia de tren<\/strong>\u00a0que connecta Palma amb Inca i Sa Pobla. La seva\u00a0<strong data-start=\"1129\" data-end=\"1149\">ubicaci\u00f3 central<\/strong>\u00a0el converteix en un lloc ideal per explorar tota l\u2019illa, especialment les zones interiors i de muntanya.<\/p>\n<hr data-start=\"1256\" data-end=\"1259\" \/>\n<h3 data-start=\"1261\" data-end=\"1295\"><span style=\"font-size: 12pt;\">Per qu\u00e8 \u00e9s conegut Binissalem?<\/span><\/h3>\n<ul data-start=\"1297\" data-end=\"1850\">\n<li data-start=\"1297\" data-end=\"1394\">\n<p data-start=\"1299\" data-end=\"1394\"><strong data-start=\"1299\" data-end=\"1318\">Producci\u00f3 de vi<\/strong>\u00a0\u2013 Primera regi\u00f3 amb DO a Mallorca, coneguda pels ra\u00efms Manto Negro i Moll<\/p>\n<\/li>\n<li data-start=\"1395\" data-end=\"1528\">\n<p data-start=\"1397\" data-end=\"1528\"><strong data-start=\"1397\" data-end=\"1417\">Festa des Vermar<\/strong>\u00a0\u2013 Festa de la verema al setembre amb cercaviles, batalles de ra\u00efm, vestits tradicionals i degustaci\u00f3 de vins<\/p>\n<\/li>\n<li data-start=\"1529\" data-end=\"1623\">\n<p data-start=\"1531\" data-end=\"1623\"><strong data-start=\"1531\" data-end=\"1561\">Cases de poble hist\u00f2riques<\/strong>\u00a0\u2013 Amb patis interiors, bigues de fusta i elements originals<\/p>\n<\/li>\n<li data-start=\"1624\" data-end=\"1710\">\n<p data-start=\"1626\" data-end=\"1710\"><strong data-start=\"1626\" data-end=\"1650\">Pla\u00e7a del poble viva<\/strong>\u00a0\u2013 Mercat setmanal, caf\u00e8s i esdeveniments durant tot l\u2019any<\/p>\n<\/li>\n<li data-start=\"1711\" data-end=\"1778\">\n<p data-start=\"1713\" data-end=\"1778\"><strong data-start=\"1713\" data-end=\"1745\">Connexi\u00f3 ferrovi\u00e0ria directa<\/strong>\u00a0\u2013 Fins a Palma i altres pobles<\/p>\n<\/li>\n<li data-start=\"1779\" data-end=\"1850\">\n<p data-start=\"1781\" data-end=\"1850\"><strong data-start=\"1781\" data-end=\"1801\">Ambient familiar<\/strong>\u00a0\u2013 Escolars, serveis i vida tranquil\u00b7la tot l\u2019any<\/p>\n<\/li>\n<\/ul>\n","protected":false},"excerpt":{"rendered":"<p>Excepcional finca en venda a Binissalem amb vuit dormitoris i sis banys amb un encantador jard\u00ed amb piscina d&#8217;aigua salada i allotjament independent per a convidats<\/p>\n","protected":false},"author":1,"featured_media":257174,"parent":0,"menu_order":0,"template":"","property_type":[417],"property_status":[3530],"property_feature":[1174,1295,917,925,921,791,787,799,800,803,2211,477,481,1510,1593,784,1770,1135,1553,789,781,2075,786,804,2206,2216,1147,1701,2896,2854,1137,998,2891,1374,1009,1141,1372,795,2901,2932,2859,1012,801,2327,2332,2235,1375,2110,1436,1138,2096,2917,2922,792,3202,2101,798,796,1473,1765,1371,807,751,806,1376,1413],"property_label":[3867],"property_country":[750],"property_state":[752,552],"property_city":[564],"property_area":[680],"class_list":["post-257178","property","type-property","status-publish","has-post-thumbnail","hentry","property_type-finca-en-venda-a-mallorca","property_status-a-la-venda-mallorca-espanya","property_feature-caracteristiques-de-la-immoble-venda-de-la-immoble-mallorca-la-ubicacio-es-apropa-de-botigues","property_feature-caracteristiques-de-la-immoble-venda-de-immobles-mallorca-ubicacio-propietat-de-centres-medicals","property_feature-caracteristiques-de-la-immoble-venda-de-la-immoble-mallorca-ubicacio-de-la-propietat-es-proper-de-la-platja","property_feature-caracteristiques-de-la-immoble-venda-de-la-immoble-mallorca-ubicacio-a-prop-de-restaurants","property_feature-caracteristiques-de-la-immoble-venda-de-immobles-mallorca-ubicacio-propietat-a-prop-de-tots-els-serveis","property_feature-immobiliari-en-venda-mallorca-utilitats-caracteristiques-de-la-immoble-aigua-de-pou","property_feature-immobiliari-en-venda-mallorca-immoble-calefaccio-i-refrigeracio-aire-condicionat","property_feature-caracteristiques-de-immobles-venda-immobles-mallorca-immoble-jardi-arbres-fruitaris","property_feature-caracteristiques-de-la-immoble-venda-de-immobles-mallorca-immoble-jardi-arbres-madurs","property_feature-immobiliari-en-venda-mallorca-caracteristiques-immobles-armaris-encastats","property_feature-immobiliari-en-venda-mallorca-immobles-caracteristiques-calefaccio-i-refrigeracio-arquitectura-sostenible","property_feature-immobiliari-en-venda-mallorca-caracteristiques-immobles-bany","property_feature-propietat-caracteristiques-immobles-en-venda-mallorca-bany-en-suite","property_feature-caracteristiques-immobles-venda-immobles-mallorca-immoble-jardi-barbacoa","property_feature-caracteristiques-de-immobles-en-venda-mallorca-calefaccio-i-refrigeracio","property_feature-caracteristiques-de-immobles-venda-de-immobles-mallorca-ubicacio-de-immobles-camp","property_feature-immobiliari-en-venda-mallorca-caracteristiques-de-la-immoble-caracteristiques-interiors","property_feature-immobiliari-en-venda-a-mallorca-propietat-caracteristiques-extra-especials","property_feature-immobiliari-en-venda-a-mallorca-amb-casa-de-convidats","property_feature-inmobiliaria-en-venta-mallorca-servicios-publicos-conexion-electrica","property_feature-venda-de-immobles-mallorca-caracteristiques-de-la-propietat-estat-construit-a-alt-estandard","property_feature-immobiliari-en-venda-a-mallorca-amb-cuina","property_feature-immobiliari-en-venda-a-mallorca-amb-cuina-totalment-moblada","property_feature-immobiliari-en-venda-mallorca-immobles-caracteristiques-calefaccio-i-refrigeracio-doble-vidres-aillants","property_feature-immobiliari-en-venda-mallorca-caracteristiques-immobles-dormitori","property_feature-immobiliari-en-venda-mallorca-immobles-caracteristiques-calefaccio-i-refrigeracio-edifici-energeticament-eficient","property_feature-immobiliari-en-venda-mallorca-caracteristiques-immobles-seguretat-entrada-automatica","property_feature-immobiliari-en-venda-mallorca-immobles-caracteristiques-calefaccio-i-refrigeracio-escalfador-electric-d-aigua","property_feature-escola-montessori-de-mallorca","property_feature-propietat-caracteristiques-internacional-escoles-mallorca","property_feature-caracteristiques-venda-immoble-mallorca-estat-de-la-immoble","property_feature-venda-immobles-mallorca-caracteristiques-de-immoble-estat-impecable","property_feature-escola-internacional-fundacio-sa-llavor-mallorca","property_feature-immobiliari-en-venda-a-mallorca-amb-garatge-o-aparcament","property_feature-caracteristiques-de-immoble-venda-immoble-mallorca-jardi-immoble-jardi-gran","property_feature-immobiliari-en-venda-mallorca-caracteristiques-de-la-immoble-caracteristiques-interiors-interior-tradicional","property_feature-caracteristiques-immobles-venda-immobles-mallorca-immobles-jardi","property_feature-caracteristiques-immobles-venda-immobles-mallorca-immobles-jardi-jardin-enjardinat","property_feature-lacademia-escola-internacional-mallorca-espanya","property_feature-immobiliari-en-venda-mallorca-caracteristiques-immobles-mosquiteres","property_feature-myschool-escola-internacional-de-mallorca","property_feature-caracteristiques-de-la-immoble-venda-de-immobles-mallorca-immoble-jardi-parcela-nivell","property_feature-propietat-venda-mallorca-caracteristiques-de-la-immoble-pas-de-vehicles","property_feature-immobiliari-en-venda-mallorca-caracteristiques-immobles-caracteristiques-interiors-paviment","property_feature-immobiliari-en-venda-mallorca-caracteristiques-immobles-caracteristiques-interiors-terra-pedra","property_feature-immobiliari-en-venda-mallorca-caracteristiques-de-la-immoble-seguretat-persianes-de-finestres","property_feature-immobiliari-en-venda-a-mallorca-amb-piscina","property_feature-immobiliari-en-venda-a-mallorca-amb-piscina-d-aigua-salada","property_feature-immobiliari-en-venda-mallorca-utilitats-caracteristiques-de-la-immoble-plaques-solars","property_feature-propietat-venda-mallorca-caracteristiques-de-immoble-estat-recent-reformat","property_feature-immobiliari-en-venda-a-mallorca-amb-sistema-de-seguretat","property_feature-immobiliari-en-venda-mallorca-utilitats-caracteristiques-de-la-immoble-descalcificador","property_feature-immobiliari-en-venda-mallorca-utilitats-caracteristiques-de-la-immoble-sistema-de-filtracio-d-aigua-potable","property_feature-caracteristiques-de-la-immoble-venda-de-immobles-mallorca-immoble-jardi-reg-automatic","property_feature-sistemes-dalarma","property_feature-immobiliari-en-venda-mallorca-caracteristiques-de-la-immoble-tancada-de-seguretat","property_feature-caracteristiques-de-immoble-venda-immobles-mallorca-immoble-jardi-terrassa-al-terrat","property_feature-caracteristiques-de-immoble-venda-immoble-mallorca-immoble-jardi-terrassa-coberta","property_feature-caracteristiques-de-la-immoble-venda-de-immobles-mallorca-ubicacio-propietat-de-escoles","property_feature-propietat-caracteristiques-venda-propietat-mallorca-ubicacio-immoble","property_feature-immobiliari-en-venda-mallorca-utilitats-serveis-publics","property_feature-immobiliari-a-mallorca-immobles-vistes-muntanya","property_feature-immobiliari-a-mallorca-immobles-vistes-camp","property_feature-immobiliari-a-mallorca-immobles-vistes-jardin-piscina","property_feature-immobles-en-venda-a-mallorca-amb-excellents-vistes","property_feature-immobiliari-en-venda-mallorca-immoble-calefaccio-i-refrigeracio-xemeneia-o-llar-de-foc","property_label-oportunitats-preu-reduit-immobles-mallorca","property_country-en-venda-mallorca-espanya-mallorca-property-guru","property_state-immobiliari-en-venda-a-mallorca","property_state-immobiliari-en-venda-a-mallorca-raiguer-central-mallorca","property_city-en-venda-binissalem-mallorca","property_area-denominacio-dorigen-vi-binissalem-mallorca"],"property_meta":{"_wpsp_custom_templates":["a:7:{s:8:\"facebook\";a:3:{s:8:\"template\";s:0:\"\";s:8:\"profiles\";a:0:{}s:9:\"is_global\";b:0;}s:7:\"twitter\";a:3:{s:8:\"template\";s:0:\"\";s:8:\"profiles\";a:0:{}s:9:\"is_global\";b:0;}s:8:\"linkedin\";a:3:{s:8:\"template\";s:0:\"\";s:8:\"profiles\";a:0:{}s:9:\"is_global\";b:0;}s:9:\"pinterest\";a:3:{s:8:\"template\";s:0:\"\";s:8:\"profiles\";a:0:{}s:9:\"is_global\";b:0;}s:9:\"instagram\";a:3:{s:8:\"template\";s:0:\"\";s:8:\"profiles\";a:0:{}s:9:\"is_global\";b:0;}s:6:\"medium\";a:3:{s:8:\"template\";s:0:\"\";s:8:\"profiles\";a:0:{}s:9:\"is_global\";b:0;}s:7:\"threads\";a:3:{s:8:\"template\";s:0:\"\";s:8:\"profiles\";a:0:{}s:9:\"is_global\";b:0;}}"],"houzez_featured_listing_date":["2026-02-21 11:10:32"],"_wpml_media_duplicate":["1"],"_wpml_media_featured":["1"],"_top_nav_excluded":[""],"_cms_nav_minihome":[""],"_wp_page_template":["default"],"houzez_geolocation_lat":["39.692764655112"],"houzez_geolocation_long":["2.8507411065981"],"_thumbnail_id":["257174"],"_wpml_word_count":["1112"],"_edit_lock":["1771668499:1"],"rank_math_seo_score":["61"],"_edit_last":["1"],"_wpscppro_advance_schedule":[""],"fave_show_price_placeholder":["0"],"fave_portal_1753787295":["0"],"fave_portal_1753788757":["0"],"has_images":["1"],"rank_math_primary_property_type":["0"],"rank_math_primary_property_status":["0"],"rank_math_primary_property_feature":["0"],"rank_math_primary_property_label":["0"],"rank_math_primary_property_country":["0"],"rank_math_primary_property_state":["0"],"rank_math_primary_property_city":["0"],"rank_math_primary_property_area":["0"],"houzez_manual_expire":["0"],"_houzez_expiration_date_status":["saved"],"_facebook_share_type":["default"],"_twitter_share_type":["default"],"_linkedin_share_type":["default"],"_pinterest_share_type":["default"],"_instagram_share_type":["default"],"_medium_share_type":["default"],"_selected_social_profile":["a:0:{}"],"_last_translation_edit_mode":["native-editor"],"houzez_total_property_views":["263"],"houzez_views_by_date":["a:61:{s:10:\"01-23-2026\";i:2;s:10:\"01-24-2026\";i:1;s:10:\"01-26-2026\";i:2;s:10:\"01-27-2026\";i:1;s:10:\"01-28-2026\";i:1;s:10:\"01-30-2026\";i:2;s:10:\"02-03-2026\";i:2;s:10:\"02-04-2026\";i:1;s:10:\"02-06-2026\";i:1;s:10:\"02-07-2026\";i:2;s:10:\"02-08-2026\";i:1;s:10:\"02-09-2026\";i:1;s:10:\"02-10-2026\";i:1;s:10:\"02-12-2026\";i:2;s:10:\"02-13-2026\";i:2;s:10:\"02-14-2026\";i:3;s:10:\"02-15-2026\";i:2;s:10:\"02-16-2026\";i:1;s:10:\"02-19-2026\";i:1;s:10:\"02-21-2026\";i:1;s:10:\"02-22-2026\";i:1;s:10:\"02-23-2026\";i:1;s:10:\"02-24-2026\";i:1;s:10:\"02-25-2026\";i:2;s:10:\"03-01-2026\";i:2;s:10:\"03-03-2026\";i:1;s:10:\"03-04-2026\";i:1;s:10:\"03-05-2026\";i:2;s:10:\"03-06-2026\";i:1;s:10:\"03-08-2026\";i:1;s:10:\"03-11-2026\";i:1;s:10:\"03-12-2026\";i:1;s:10:\"03-14-2026\";i:2;s:10:\"03-15-2026\";i:1;s:10:\"03-16-2026\";i:2;s:10:\"03-17-2026\";i:1;s:10:\"03-20-2026\";i:1;s:10:\"03-22-2026\";i:2;s:10:\"03-23-2026\";i:1;s:10:\"03-24-2026\";i:1;s:10:\"03-25-2026\";i:2;s:10:\"03-27-2026\";i:1;s:10:\"03-28-2026\";i:1;s:10:\"03-29-2026\";i:2;s:10:\"03-30-2026\";i:1;s:10:\"03-31-2026\";i:1;s:10:\"04-04-2026\";i:3;s:10:\"04-05-2026\";i:1;s:10:\"04-06-2026\";i:1;s:10:\"04-09-2026\";i:1;s:10:\"04-10-2026\";i:1;s:10:\"04-13-2026\";i:2;s:10:\"04-16-2026\";i:2;s:10:\"04-19-2026\";i:1;s:10:\"04-20-2026\";i:1;s:10:\"04-23-2026\";i:1;s:10:\"04-24-2026\";i:1;s:10:\"04-25-2026\";i:1;s:10:\"04-26-2026\";i:5;s:10:\"04-27-2026\";i:4;s:10:\"04-29-2026\";i:2;}"],"houzez_recently_viewed":["2026-04-29 07:27:02"],"fave_virtual_tour":["<iframe title=\"vimeo-player\" src=\"https:\/\/player.vimeo.com\/video\/1106699274?h=ca9de20ab0\" width=\"640\" height=\"360\" frameborder=\"0\" referrerpolicy=\"strict-origin-when-cross-origin\" allow=\"autoplay; fullscreen; picture-in-picture; clipboard-write; encrypted-media; web-share\"   allowfullscreen><\/iframe>"],"fave_portal_1754226254":["1"],"fave_portal_1754395991":["1"],"fave_portal_1754598704":["1"],"fave_property_price":["3400000"],"fave_property_size":["472"],"fave_property_size_prefix":["m2"],"fave_property_land":["8260"],"fave_property_land_postfix":["m2"],"fave_property_bedrooms":["8"],"fave_property_bathrooms":["6"],"fave_property_year":["2002"],"fave_property_id":["913"],"fave_property_map":["1"],"fave_property_map_address":["Binissalem, Spain"],"fave_property_location":["39.692764655112,2.8507411065981,15"],"fave_property_map_street_view":["hide"],"fave_property_address":["Binissalem, Spain"],"fave_property_zip":["07350"],"fave_video_url":["https:\/\/vimeo.com\/1106699274"],"fave_prop_homeslider":["no"],"fave_energy_class":["C"],"rank_math_description":["Excepcional finca en venda a Binissalem amb vuit dormitoris i sis banys amb un encantador jard\u00ed amb piscina d'aigua salada i allotjament independent per a convidats"],"rank_math_focus_keyword":["Excepcional Finca en Venda a Binissalem"],"_threads_share_type":["default"],"_google_business_share_type":["default"],"rank_math_analytic_object_id":["167"],"fave_price-reduced":["3.900.000\u20ac"],"fave_reduced-by":["13%"],"fave_featured":["1"],"fave_property_images":["257173","257158","257148","257143","257153","257138","257067","257057","257052","257062","257042","257047","257032","257037","257027","257093","257007","257022","257072","257017","257088","257083","257077","257113","257118","257108","257103","257168","257098","257163","257133","257128","257123","257012","257002"],"fave_agent_display_option":["agent_info"],"fave_agents":["6378"],"fave_single_top_area":["global"],"fave_single_content_area":["global"]},"_links":{"self":[{"href":"https:\/\/www.mallorcaguru.es\/ca\/wp-json\/wp\/v2\/properties\/257178","targetHints":{"allow":["GET"]}}],"collection":[{"href":"https:\/\/www.mallorcaguru.es\/ca\/wp-json\/wp\/v2\/properties"}],"about":[{"href":"https:\/\/www.mallorcaguru.es\/ca\/wp-json\/wp\/v2\/types\/property"}],"author":[{"embeddable":true,"href":"https:\/\/www.mallorcaguru.es\/ca\/wp-json\/wp\/v2\/users\/1"}],"version-history":[{"count":0,"href":"https:\/\/www.mallorcaguru.es\/ca\/wp-json\/wp\/v2\/properties\/257178\/revisions"}],"wp:featuredmedia":[{"embeddable":true,"href":"https:\/\/www.mallorcaguru.es\/ca\/wp-json\/wp\/v2\/media\/257174"}],"wp:attachment":[{"href":"https:\/\/www.mallorcaguru.es\/ca\/wp-json\/wp\/v2\/media?parent=257178"}],"wp:term":[{"taxonomy":"property_type","embeddable":true,"href":"https:\/\/www.mallorcaguru.es\/ca\/wp-json\/wp\/v2\/property_type?post=257178"},{"taxonomy":"property_status","embeddable":true,"href":"https:\/\/www.mallorcaguru.es\/ca\/wp-json\/wp\/v2\/property_status?post=257178"},{"taxonomy":"property_feature","embeddable":true,"href":"https:\/\/www.mallorcaguru.es\/ca\/wp-json\/wp\/v2\/property_feature?post=257178"},{"taxonomy":"property_label","embeddable":true,"href":"https:\/\/www.mallorcaguru.es\/ca\/wp-json\/wp\/v2\/property_label?post=257178"},{"taxonomy":"property_country","embeddable":true,"href":"https:\/\/www.mallorcaguru.es\/ca\/wp-json\/wp\/v2\/property_country?post=257178"},{"taxonomy":"property_state","embeddable":true,"href":"https:\/\/www.mallorcaguru.es\/ca\/wp-json\/wp\/v2\/property_state?post=257178"},{"taxonomy":"property_city","embeddable":true,"href":"https:\/\/www.mallorcaguru.es\/ca\/wp-json\/wp\/v2\/property_city?post=257178"},{"taxonomy":"property_area","embeddable":true,"href":"https:\/\/www.mallorcaguru.es\/ca\/wp-json\/wp\/v2\/property_area?post=257178"}],"curies":[{"name":"wp","href":"https:\/\/api.w.org\/{rel}","templated":true}]}}