{"id":297293,"date":"2025-09-27T16:25:47","date_gmt":"2025-09-27T14:25:47","guid":{"rendered":"https:\/\/www.mallorcaguru.es\/property\/apartament-en-venda-a-portocolom\/"},"modified":"2026-05-01T17:51:11","modified_gmt":"2026-05-01T15:51:11","slug":"apartament-en-venda-a-portocolom101","status":"publish","type":"property","link":"https:\/\/www.mallorcaguru.es\/ca\/propietat\/apartament-en-venda-a-portocolom101\/","title":{"rendered":"Apartament en venda a Portocolom AA101"},"content":{"rendered":"<h2><span style=\"font-size: 12pt;\">Apartament en venda a Portocolom per a lloguer vacacional en un complex recentment renovat.<\/span><\/h2>\n<h2><span style=\"font-size: 12pt;\">Apartament d&#8217;un dormitori disponible en un complex a la planta baixa amb terrassa privada.<\/span><\/h2>\n<p>Lluminosos i espaiosos, aquests apartaments d&#8217;un dormitori ofereixen una distribuci\u00f3 de doble aspecte, millorant la privacitat, l&#8217;espai i la connexi\u00f3 amb l&#8217;exterior.<\/p>\n<p>Cada apartament inclou un dormitori doble separat amb armaris encastats i acc\u00e9s a un balc\u00f3 o terrassa privats. La cuina americana t\u00e9 capacitat per a quatre persones, juntament amb una acollidora sala d&#8217;estar equipada amb televisor i portes dobles que donen al balc\u00f3 o terrassa privats, ideal per gaudir d&#8217;un caf\u00e8 al mat\u00ed o d&#8217;una copa de vi al vespre mentre es veuen els jardins i la piscina.<\/p>\n<p>Tots els apartaments estan recentment renovats i totalment moblats, amb doble vidre, aire condicionat i Wi-Fi.<\/p>\n<p>Tant els visitants com els propietaris poden aprofitar una varietat de serveis de l&#8217;hotel, com ara aparcament privat, serveis de recepci\u00f3 i servei de neteja.<\/p>\n<p>Tamb\u00e9 hi ha un restaurant, un bar i un mini supermercat, juntament amb instal\u00b7lacions esportives i d&#8217;oci com ara una gran piscina, un gimn\u00e0s, una sauna, una pista d&#8217;esquaix, una pista de voleibol i una pista de petanca. Tamb\u00e9 hi ha una zona d&#8217;entreteniment amb cinema, taules de billar i una sala de coworking.<\/p>\n<p>Aquesta propietat serveix com a base ideal i flexible per a vacances personals a Mallorca, amb l&#8217;avantatge afegit d&#8217;un fort potencial de lloguer de vacances.<\/p>\n<p>Portocolom, en ser m\u00e9s petit que molts complexos tur\u00edstics de l&#8217;illa, atrau una comunitat fidel de visitants que tornen cada any, des de parelles joves fins a fam\u00edlies durant els mesos d&#8217;estiu. Els visitants m\u00e9s grans v\u00e9nen a la primavera i la tardor, gaudint tant de la platja com de l&#8217;encant del port, a m\u00e9s d&#8217;explorar la regi\u00f3 local coneguda pel seu vi. Les platges s\u00f3n protegides i pintoresques, amb aig\u00fces cristal\u00b7lines. Els restaurants, cafeteries i altres serveis del complex tur\u00edstic es troben a poca dist\u00e0ncia a peu i poques vegades estan plens de gent, cosa que atrau aquells que busquen unes vacances m\u00e9s relaxades centrades en gaudir del mar i passar temps de qualitat amb la fam\u00edlia i els amics.<\/p>\n<h3><span style=\"font-size: 12pt;\">Per a m\u00e9s informaci\u00f3 sobre aquest apartament en venda a Portocolom, Mallorca.<\/span><\/h3>\n<p><strong>Poseu-vos en contacte amb nosaltres<\/strong>, podem organitzar una <strong>visita virtual<\/strong> del <strong>complex<\/strong> i de les propietats individuals i proporcionar-vos tota la documentaci\u00f3 que descriu els termes i condicions tant de la compra en r\u00e8gim de propietat com de l&#8217;estructura dels lloguers de vacances i la seva gesti\u00f3 que necessiteu.<\/p>\n<hr \/>\n<h4>Tots els apartaments es venen en r\u00e8gim de propietat absoluta, com a actius tur\u00edstics dins del complex amb llic\u00e8ncia.<\/h4>\n<p>Aquesta llic\u00e8ncia significa que la propietat compleix amb els est\u00e0ndards de qualitat, seguretat i infraestructura del govern balear per a lloguers de vacances a curt termini dins d&#8217;un complex hoteler.<\/p>\n<p><strong>No es poden utilitzar com a resid\u00e8ncies permanents<\/strong>, nom\u00e9s per a la finalitat per a la qual han estat llicenciats.<\/p>\n<p><strong>S\u00ed que ofereixen avantatges que altres llic\u00e8ncies de lloguer de vacances a les Illes Balears no ofereixen.<\/strong><\/p>\n<h5><span style=\"font-size: 12pt;\">Actius tur\u00edstics amb llic\u00e8ncia en complexos vacacionals:<\/span><\/h5>\n<p>Poden oferir serveis i instal\u00b7lacions que les llic\u00e8ncies ETV no permeten, des d&#8217;entreteniment al vespre fins a spas i instal\u00b7lacions de fitness. Aix\u00f2 els fa molt atractius per als turistes que valoren la comoditat de tenir-ho tot a punt.<\/p>\n<h5><span style=\"font-size: 12pt;\">Inversi\u00f3 legal i segura:<\/span><\/h5>\n<p>Aquesta llic\u00e8ncia permet al propietari llogar legalment la propietat per a turisme, evitant incerteses legals i obtenint beneficis dels ingressos per lloguer. La promoci\u00f3 i la gesti\u00f3 de tots els lloguers dins del complex s\u00f3n administrades per l&#8217;empresa gestora amb la qual el propietari t\u00e9 un acord legalment vinculant.<\/p>\n<h5><span style=\"font-size: 12pt;\">Rendibilitat:<\/span><\/h5>\n<p>Les propietats amb aquestes llic\u00e8ncies ofereixen un alt potencial de rendibilitat dels lloguers tur\u00edstics i una apreciaci\u00f3 a llarg termini.<\/p>\n<h5><span style=\"font-size: 12pt;\">Exclusivitat del mercat:<\/span><\/h5>\n<p>La dificultat d&#8217;obtenir noves llic\u00e8ncies fa que les propietats amb llic\u00e8ncies existents siguin un recurs rar i desitjable al mercat.<\/p>\n<p>&nbsp;<\/p>\n<p>&nbsp;<\/p>\n","protected":false},"excerpt":{"rendered":"<p>Apartament en venda a Portocolom<br \/>\nApartament d&#8217;un dormitori en un complex tur\u00edstic venut en plena propietat amb gesti\u00f3 de lloguer vacacional<\/p>\n","protected":false},"author":1,"featured_media":318638,"parent":0,"menu_order":0,"template":"","property_type":[381,3961],"property_status":[3530,3960],"property_feature":[1338,920,787,1146,803,929,477,1593,1770,2075,786,2206,518,1137,1374,919,1372,1585,931,1177,2327,1692,2272,1765,806,924],"property_label":[3836,3928],"property_country":[750],"property_state":[752,609],"property_city":[608,3972],"property_area":[3954],"class_list":["post-297293","property","type-property","status-publish","has-post-thumbnail","hentry","property_type-apartaments-en-venda-a-mallorca-espanya","property_type-apartaments-del-complex-turistic","property_status-a-la-venda-mallorca-espanya","property_status-vendes-de-complexos-turistics","property_feature-caracteristiques-de-la-immoble-venda-de-immobles-mallorca-ubicacio-de-la-immoble-es-propia-del-mar","property_feature-caracteristiques-de-la-immoble-venda-de-immobles-mallorca-ubicacio-de-la-immoble-te-acces-a-la-platja","property_feature-immobiliari-en-venda-mallorca-immoble-calefaccio-i-refrigeracio-aire-condicionat","property_feature-propietat-venda-mallorca-caracteristiques-immobles-aparcament-tot-terra","property_feature-immobiliari-en-venda-mallorca-caracteristiques-immobles-armaris-encastats","property_feature-caracteristiques-de-immoble-venda-immoble-mallorca-immoble-jardi-balco","property_feature-immobiliari-en-venda-mallorca-caracteristiques-immobles-bany","property_feature-caracteristiques-de-immobles-en-venda-mallorca-calefaccio-i-refrigeracio","property_feature-immobiliari-en-venda-mallorca-caracteristiques-de-la-immoble-caracteristiques-interiors","property_feature-immobiliari-en-venda-a-mallorca-amb-cuina","property_feature-immobiliari-en-venda-a-mallorca-amb-cuina-totalment-moblada","property_feature-immobiliari-en-venda-mallorca-caracteristiques-immobles-dormitori","property_feature-immobiliari-en-venda-mallorca-caracteristiques-immobles-dutxa","property_feature-caracteristiques-venda-immoble-mallorca-estat-de-la-immoble","property_feature-immobiliari-en-venda-a-mallorca-amb-garatge-o-aparcament","property_feature-immobiliari-en-venda-mallorca-caracteristiques-de-la-immoble-caracteristiques-interiors-interior-modern","property_feature-caracteristiques-immobles-venda-immobles-mallorca-immobles-jardi","property_feature-caracteristiques-de-immoble-venda-immobles-mallorca-immoble-jardi-jardi-comunitari","property_feature-immobiliari-en-venda-mallorca-caracteristiques-immobles-caracteristiques-interiors-moblat","property_feature-immobiliari-en-venda-mallorca-caracteristiques-immobles-caracteristiques-interiors-parquet","property_feature-immobiliari-en-venda-mallorca-caracteristiques-immobles-caracteristiques-interiors-paviment","property_feature-immobiliari-en-venda-mallorca-amb-piscina-comunitaria","property_feature-venda-immobles-mallorca-caracteristiques-de-immoble-estat-nova-urbanitzacio","property_feature-propietat-caracteristiques-venda-propietat-mallorca-ubicacio-immoble","property_feature-immobiliari-a-mallorca-immobles-vistes-jardin-piscina","property_feature-caracteristiques-de-la-immoble-venda-de-immobles-mallorca-ubicacio-de-la-immoble-es-zona-costa","property_label-propietats-amb-llicencia-etv-en-venda-a-mallorca","property_label-propietats-amb-vistes-al-mar-en-venda","property_country-en-venda-mallorca-espanya-mallorca-property-guru","property_state-immobiliari-en-venda-a-mallorca","property_state-migjorn-de-mallorca-sud-est","property_city-immobiliari-en-venda-felanitx-mallorca","property_city-immobiliari-porto-colom-felanitx","property_area-immobles-en-venda-a-porto-colom"],"property_meta":{"_wpsp_custom_templates":["a:7:{s:8:\"facebook\";a:3:{s:8:\"template\";s:0:\"\";s:8:\"profiles\";a:0:{}s:9:\"is_global\";b:0;}s:7:\"twitter\";a:3:{s:8:\"template\";s:0:\"\";s:8:\"profiles\";a:0:{}s:9:\"is_global\";b:0;}s:8:\"linkedin\";a:3:{s:8:\"template\";s:0:\"\";s:8:\"profiles\";a:0:{}s:9:\"is_global\";b:0;}s:9:\"pinterest\";a:3:{s:8:\"template\";s:0:\"\";s:8:\"profiles\";a:0:{}s:9:\"is_global\";b:0;}s:9:\"instagram\";a:3:{s:8:\"template\";s:0:\"\";s:8:\"profiles\";a:0:{}s:9:\"is_global\";b:0;}s:6:\"medium\";a:3:{s:8:\"template\";s:0:\"\";s:8:\"profiles\";a:0:{}s:9:\"is_global\";b:0;}s:7:\"threads\";a:3:{s:8:\"template\";s:0:\"\";s:8:\"profiles\";a:0:{}s:9:\"is_global\";b:0;}}"],"houzez_featured_listing_date":[""],"_wpml_media_duplicate":["1"],"_wpml_media_featured":["1"],"_top_nav_excluded":[""],"_cms_nav_minihome":[""],"_wp_page_template":["default"],"houzez_geolocation_lat":["39.4081768"],"houzez_geolocation_long":["3.2595838"],"_wpml_word_count":["728"],"_last_translation_edit_mode":["native-editor"],"houzez_total_property_views":["219"],"houzez_views_by_date":["a:61:{s:10:\"02-03-2026\";i:1;s:10:\"02-04-2026\";i:2;s:10:\"02-06-2026\";i:3;s:10:\"02-07-2026\";i:2;s:10:\"02-08-2026\";i:1;s:10:\"02-10-2026\";i:2;s:10:\"02-11-2026\";i:1;s:10:\"02-12-2026\";i:1;s:10:\"02-14-2026\";i:3;s:10:\"02-15-2026\";i:3;s:10:\"02-16-2026\";i:1;s:10:\"02-17-2026\";i:1;s:10:\"02-20-2026\";i:3;s:10:\"02-21-2026\";i:2;s:10:\"02-23-2026\";i:1;s:10:\"02-24-2026\";i:1;s:10:\"03-01-2026\";i:2;s:10:\"03-03-2026\";i:1;s:10:\"03-04-2026\";i:1;s:10:\"03-08-2026\";i:2;s:10:\"03-12-2026\";i:1;s:10:\"03-14-2026\";i:1;s:10:\"03-15-2026\";i:1;s:10:\"03-16-2026\";i:1;s:10:\"03-17-2026\";i:3;s:10:\"03-18-2026\";i:3;s:10:\"03-19-2026\";i:1;s:10:\"03-21-2026\";i:1;s:10:\"03-22-2026\";i:3;s:10:\"03-23-2026\";i:1;s:10:\"03-24-2026\";i:2;s:10:\"03-25-2026\";i:3;s:10:\"03-29-2026\";i:4;s:10:\"03-30-2026\";i:4;s:10:\"03-31-2026\";i:1;s:10:\"04-01-2026\";i:2;s:10:\"04-02-2026\";i:1;s:10:\"04-04-2026\";i:1;s:10:\"04-05-2026\";i:2;s:10:\"04-07-2026\";i:3;s:10:\"04-08-2026\";i:2;s:10:\"04-09-2026\";i:2;s:10:\"04-11-2026\";i:1;s:10:\"04-13-2026\";i:2;s:10:\"04-14-2026\";i:1;s:10:\"04-15-2026\";i:1;s:10:\"04-17-2026\";i:1;s:10:\"04-18-2026\";i:1;s:10:\"04-19-2026\";i:1;s:10:\"04-20-2026\";i:3;s:10:\"04-21-2026\";i:1;s:10:\"04-22-2026\";i:1;s:10:\"04-23-2026\";i:1;s:10:\"04-25-2026\";i:2;s:10:\"04-26-2026\";i:1;s:10:\"04-27-2026\";i:1;s:10:\"04-28-2026\";i:1;s:10:\"04-29-2026\";i:1;s:10:\"04-30-2026\";i:3;s:10:\"05-01-2026\";i:3;s:10:\"05-02-2026\";i:2;}"],"houzez_recently_viewed":["2026-05-02 07:19:44"],"_edit_lock":["1777650541:1"],"rank_math_seo_score":["59"],"_edit_last":["1"],"fave_building":["A"],"fave_portal_1754226254":["1"],"fave_portal_1754598704":["1"],"has_images":["1"],"rank_math_primary_property_type":["0"],"rank_math_primary_property_status":["3530"],"rank_math_primary_property_feature":["0"],"rank_math_primary_property_label":["0"],"rank_math_primary_property_country":["0"],"rank_math_primary_property_state":["0"],"rank_math_primary_property_city":["0"],"rank_math_primary_property_area":["0"],"houzez_manual_expire":["0"],"_houzez_expiration_date_status":["saved"],"_facebook_share_type":["default"],"_twitter_share_type":["default"],"_linkedin_share_type":["default"],"_pinterest_share_type":["default"],"_instagram_share_type":["default"],"_medium_share_type":["default"],"_threads_share_type":["default"],"_google_business_share_type":["default"],"_selected_social_profile":["a:0:{}"],"fave_property_price":["316850"],"fave_property_size":["50"],"fave_property_size_prefix":["m2"],"fave_property_land":["7438"],"fave_property_land_postfix":["m2"],"fave_property_bedrooms":["1"],"fave_property_bathrooms":["1"],"fave_property_year":["1986"],"fave_property_id":["AA101"],"fave_property_map":["1"],"fave_property_map_address":["Carrer de la Gavina, 07670 Felanitx, Illes Balears, Spain"],"fave_property_location":["39.4081768,3.2595838,15"],"fave_property_map_street_view":["hide"],"fave_property_address":["Carrer de la Gavina, 07670 Felanitx, Illes Balears"],"fave_property_zip":["07670"],"fave_video_url":["https:\/\/vimeo.com\/1122483944"],"fave_prop_homeslider":["no"],"floor_plans":["a:1:{i:0;a:4:{s:15:\"fave_plan_title\";s:24:\"Arosa Un Dormitori AA102\";s:15:\"fave_plan_rooms\";s:1:\"1\";s:19:\"fave_plan_bathrooms\";s:1:\"1\";s:15:\"fave_plan_image\";s:83:\"https:\/\/www.mallorcaguru.es\/wp-content\/uploads\/2025\/09\/AROSA-102_Page_1-scaled.jpeg\";}}"],"fave_show_price_placeholder":["1"],"rank_math_description":["Apartament en venda a Portocolom\r\nApartament d'un dormitori en un complex tur\u00edstic venut en plena propietat amb gesti\u00f3 de lloguer vacacional"],"rank_math_focus_keyword":["Apartament en venda a Portocolom"],"_wpscppro_advance_schedule":[""],"_thumbnail_id":["318638"],"rank_math_internal_links_processed":["1"],"rank_math_analytic_object_id":["239"],"rank_math_schema_SingleFamilyResidence":["a:12:{s:8:\"metadata\";a:4:{s:4:\"type\";s:6:\"custom\";s:5:\"title\";s:29:\"SingleFamilyResidence Chatgpt\";s:9:\"isPrimary\";s:1:\"1\";s:17:\"displayConditions\";a:1:{i:0;a:6:{s:9:\"condition\";s:7:\"include\";s:8:\"category\";s:8:\"singular\";s:4:\"type\";s:8:\"property\";s:5:\"value\";s:2:\"29\";s:2:\"id\";s:36:\"eca343ad-2b57-4cec-a8b9-1587f5965055\";s:12:\"postTaxonomy\";s:15:\"property_status\";}}}s:5:\"@type\";s:21:\"SingleFamilyResidence\";s:3:\"@id\";s:15:\"%url%#residence\";s:4:\"name\";s:7:\"%title%\";s:10:\"identifier\";s:26:\"%customfield(property_id)%\";s:7:\"address\";a:6:{s:5:\"@type\";s:13:\"PostalAddress\";s:13:\"streetAddress\";s:36:\"%customfield(fave_property_address)%\";s:15:\"addressLocality\";s:33:\"%customfield(fave_property_city)%\";s:13:\"addressRegion\";s:34:\"%customfield(fave_property_state)%\";s:10:\"postalCode\";s:32:\"%customfield(fave_property_zip)%\";s:14:\"addressCountry\";s:2:\"ES\";}s:16:\"numberOfBedrooms\";s:37:\"%customfield(fave_property_bedrooms)%\";s:22:\"numberOfBathroomsTotal\";s:38:\"%customfield(fave_property_bathrooms)%\";s:9:\"yearBuilt\";s:35:\"%%customfield(fave_property_year)%%\";s:5:\"photo\";s:16:\"%post_thumbnail%\";s:9:\"floorSize\";a:3:{s:5:\"@type\";s:17:\"QuantitativeValue\";s:5:\"value\";s:33:\"%customfield(fave_property_size)%\";s:8:\"unitCode\";s:3:\"MTR\";}s:14:\"amenityFeature\";a:3:{i:0;a:3:{s:5:\"@type\";s:28:\"LocationFeatureSpecification\";s:4:\"name\";s:4:\"Pool\";s:5:\"value\";s:38:\"%has_term(fave_property_feature,pool)%\";}i:1;a:3:{s:5:\"@type\";s:28:\"LocationFeatureSpecification\";s:4:\"name\";s:6:\"Garden\";s:5:\"value\";s:40:\"%has_term(fave_property_feature,garden)%\";}i:2;a:3:{s:5:\"@type\";s:28:\"LocationFeatureSpecification\";s:4:\"name\";s:6:\"Garage\";s:5:\"value\";s:40:\"%has_term(fave_property_feature,garage)%\";}}}"],"fave_etv-type":["Touristic Asset"],"fave_floor-level":["Ground Floor Corner"],"fave_virtual_tour":["https:\/\/app.cloudpano.com\/tours\/a8mrwnA_T"],"fave_featured":["0"],"fave_property_images":["296748","296753","296758","296763","296768","296773","296778","296783","296788","296813","298267"],"fave_agent_display_option":["agent_info"],"fave_agents":["4235"],"fave_single_top_area":["global"],"fave_single_content_area":["global"]},"_links":{"self":[{"href":"https:\/\/www.mallorcaguru.es\/ca\/wp-json\/wp\/v2\/properties\/297293","targetHints":{"allow":["GET"]}}],"collection":[{"href":"https:\/\/www.mallorcaguru.es\/ca\/wp-json\/wp\/v2\/properties"}],"about":[{"href":"https:\/\/www.mallorcaguru.es\/ca\/wp-json\/wp\/v2\/types\/property"}],"author":[{"embeddable":true,"href":"https:\/\/www.mallorcaguru.es\/ca\/wp-json\/wp\/v2\/users\/1"}],"version-history":[{"count":0,"href":"https:\/\/www.mallorcaguru.es\/ca\/wp-json\/wp\/v2\/properties\/297293\/revisions"}],"wp:featuredmedia":[{"embeddable":true,"href":"https:\/\/www.mallorcaguru.es\/ca\/wp-json\/wp\/v2\/media\/318638"}],"wp:attachment":[{"href":"https:\/\/www.mallorcaguru.es\/ca\/wp-json\/wp\/v2\/media?parent=297293"}],"wp:term":[{"taxonomy":"property_type","embeddable":true,"href":"https:\/\/www.mallorcaguru.es\/ca\/wp-json\/wp\/v2\/property_type?post=297293"},{"taxonomy":"property_status","embeddable":true,"href":"https:\/\/www.mallorcaguru.es\/ca\/wp-json\/wp\/v2\/property_status?post=297293"},{"taxonomy":"property_feature","embeddable":true,"href":"https:\/\/www.mallorcaguru.es\/ca\/wp-json\/wp\/v2\/property_feature?post=297293"},{"taxonomy":"property_label","embeddable":true,"href":"https:\/\/www.mallorcaguru.es\/ca\/wp-json\/wp\/v2\/property_label?post=297293"},{"taxonomy":"property_country","embeddable":true,"href":"https:\/\/www.mallorcaguru.es\/ca\/wp-json\/wp\/v2\/property_country?post=297293"},{"taxonomy":"property_state","embeddable":true,"href":"https:\/\/www.mallorcaguru.es\/ca\/wp-json\/wp\/v2\/property_state?post=297293"},{"taxonomy":"property_city","embeddable":true,"href":"https:\/\/www.mallorcaguru.es\/ca\/wp-json\/wp\/v2\/property_city?post=297293"},{"taxonomy":"property_area","embeddable":true,"href":"https:\/\/www.mallorcaguru.es\/ca\/wp-json\/wp\/v2\/property_area?post=297293"}],"curies":[{"name":"wp","href":"https:\/\/api.w.org\/{rel}","templated":true}]}}