{"id":352863,"date":"2026-05-01T16:46:49","date_gmt":"2026-05-01T14:46:49","guid":{"rendered":"https:\/\/www.mallorcaguru.es\/property\/apartaments-destudi-dobles-en-venda-a-portocolom-ac308-309\/"},"modified":"2026-05-01T16:53:37","modified_gmt":"2026-05-01T14:53:37","slug":"apartaments-destudi-dobles-en-venda-a-portocolom-ac308-309","status":"publish","type":"property","link":"https:\/\/www.mallorcaguru.es\/ca\/propietat\/apartaments-destudi-dobles-en-venda-a-portocolom-ac308-309\/","title":{"rendered":"Apartaments d&#8217;estudi dobles en venda a Portocolom AC308-309"},"content":{"rendered":"<h2><span style=\"font-size: 12pt;\">Estudis dobles en venda a Portocolom, lloguers de vacances en un complex recentment renovat.<\/span><\/h2>\n<h2><span style=\"font-size: 12pt;\">Dos estudis lluminosos i espaiosos situats a la segona planta, cadascun amb una terrassa privada.<\/span><\/h2>\n<p>Cadascun amb una cuina de concepte obert que permet menjar per a dues persones, juntament amb una acollidora zona d&#8217;estar equipada amb televisi\u00f3 i portes dobles que donen al balc\u00f3 o terrassa privada, ideal per gaudir del caf\u00e8 del mat\u00ed o d&#8217;una copa de vi al vespre mentre es contemplen els jardins i la piscina.<\/p>\n<hr \/>\n<p>Tots els apartaments estan recentment renovats i totalment moblats, amb doble vidre, aire condicionat i Wi-Fi.<\/p>\n<p>Tant els visitants com els propietaris poden gaudir d&#8217;una varietat de serveis hotelers, incloent-hi aparcament privat, servei de recepci\u00f3 i servei de neteja.<\/p>\n<p>Tamb\u00e9 hi ha un restaurant, un bar i un minimercat al mateix complex, juntament amb instal\u00b7lacions esportives i d&#8217;oci com una gran piscina, un gimn\u00e0s, una sauna, una pista d&#8217;esquaix, una pista de voleibol i una pista de petanca. Tamb\u00e9 hi ha una zona d&#8217;entreteniment amb cinema, taules de billar i una sala de coworking.<\/p>\n<p>Aquesta propietat serveix com una base ideal i flexible per a vacances personals a Mallorca, amb l&#8217;avantatge afegit d&#8217;un gran potencial de lloguer tur\u00edstic.<\/p>\n<p>Portocolom, sent m\u00e9s petit que molts complexos tur\u00edstics de l&#8217;illa, atrau una comunitat fidel de visitants que hi tornen cada any, des de parelles joves fins a fam\u00edlies durant els mesos d&#8217;estiu. Els visitants m\u00e9s grans v\u00e9nen a la primavera i a la tardor, gaudint tant de la platja com de l&#8217;encant del port, aix\u00ed com explorant la regi\u00f3 local coneguda pel seu vi. Les platges s\u00f3n protegides i pintoresques, amb aig\u00fces cristal\u00b7lines. Els restaurants, cafeteries i altres serveis del complex estan tots a poca dist\u00e0ncia a peu i poques vegades estan massificats, la qual cosa atrau aquells que busquen unes vacances m\u00e9s relaxades centrades en gaudir del mar i passar temps de qualitat amb la fam\u00edlia i els amics.<\/p>\n<h3><strong><span style=\"font-size: 12pt;\">Per a m\u00e9s informaci\u00f3 sobre aquest apartament en venda a Portocolom, Mallorca.<\/span><\/strong><\/h3>\n<p><strong>Contacteu amb nosaltres<\/strong>, podem organitzar una <strong>visita virtual del complex<\/strong> i de les <strong>propietats individuals<\/strong> i proporcionar-vos tota la documentaci\u00f3 que necessiteu sobre els termes i condicions tant de la compra en plena propietat de la propietat com de l&#8217;estructura dels lloguers tur\u00edstics i la seva gesti\u00f3.<\/p>\n<hr \/>\n<h4><span style=\"font-size: 12pt;\"><strong>Tots els apartaments es venen en plena propietat, com a actius tur\u00edstics dins del complex amb llic\u00e8ncia. <\/strong><\/span><\/h4>\n<p>Aquesta llic\u00e8ncia significa que la propietat compleix els est\u00e0ndards de qualitat, seguretat i infraestructura del govern balear per als lloguers de vacances de curta durada dins d&#8217;un complex hoteler.<\/p>\n<p><strong>No es poden utilitzar com a resid\u00e8ncies permanents<\/strong>, nom\u00e9s per a la finalitat per a la qual han estat llicenciats.<\/p>\n<p><strong>Ofereixen beneficis que altres llic\u00e8ncies de lloguer tur\u00edstic a les Illes Balears no tenen.<\/strong><\/p>\n<h5><span style=\"font-size: 12pt;\">Actius tur\u00edstics amb llic\u00e8ncia en complexos de vacances: <\/span><\/h5>\n<p>Poden oferir serveis i instal\u00b7lacions que les llic\u00e8ncies ETV no permeten, des d&#8217;entreteniment al vespre fins a balnearis i instal\u00b7lacions de fitness. Aix\u00f2 els fa molt atractius per als turistes que valoren la comoditat de tenir-ho tot a la seva disposici\u00f3.<\/p>\n<h5><span style=\"font-size: 12pt;\">Inversi\u00f3 legal i segura: <\/span><\/h5>\n<p>Aquesta llic\u00e8ncia permet al propietari llogar legalment la propietat per a turisme, evitant incerteses legals i obtenint beneficis dels ingressos per lloguer. La promoci\u00f3 i gesti\u00f3 de tots els lloguers dins del complex \u00e9s administrada per l&#8217;empresa gestora amb la qual el propietari t\u00e9 un acord legalment vinculant.<\/p>\n<h5><span style=\"font-size: 12pt;\">Rendiments lucratius: <\/span><\/h5>\n<p>Les propietats amb aquestes llic\u00e8ncies ofereixen alts rendiments potencials dels lloguers tur\u00edstics i una apreciaci\u00f3 a llarg termini.<\/p>\n<h5><span style=\"font-size: 12pt;\">Exclusivitat de mercat: <\/span><\/h5>\n<p>La dificultat per obtenir noves llic\u00e8ncies fa que les propietats amb llic\u00e8ncies existents siguin un recurs rar i desitjable al mercat.<\/p>\n<p>&nbsp;<\/p>\n","protected":false},"excerpt":{"rendered":"<p>Estudis dobles en venda a Portocolom, lloguers de vacances en un complex recentment renovat. Apartaments en complex tur\u00edstic venuts en propietat plena amb gesti\u00f3 de lloguer  <\/p>\n","protected":false},"author":1,"featured_media":335340,"parent":0,"menu_order":0,"template":"","property_type":[381,3961],"property_status":[3530,3960],"property_feature":[1338,920,787,1146,929,477,1593,1770,2075,786,518,1137,1374,919,1372,1585,931,1177,2327,1692,2272,1765,806,924],"property_label":[3836,3928],"property_country":[750],"property_state":[752,609],"property_city":[608,3972],"property_area":[3954],"class_list":["post-352863","property","type-property","status-publish","has-post-thumbnail","hentry","property_type-apartaments-en-venda-a-mallorca-espanya","property_type-apartaments-del-complex-turistic","property_status-a-la-venda-mallorca-espanya","property_status-vendes-de-complexos-turistics","property_feature-caracteristiques-de-la-immoble-venda-de-immobles-mallorca-ubicacio-de-la-immoble-es-propia-del-mar","property_feature-caracteristiques-de-la-immoble-venda-de-immobles-mallorca-ubicacio-de-la-immoble-te-acces-a-la-platja","property_feature-immobiliari-en-venda-mallorca-immoble-calefaccio-i-refrigeracio-aire-condicionat","property_feature-propietat-venda-mallorca-caracteristiques-immobles-aparcament-tot-terra","property_feature-caracteristiques-de-immoble-venda-immoble-mallorca-immoble-jardi-balco","property_feature-immobiliari-en-venda-mallorca-caracteristiques-immobles-bany","property_feature-caracteristiques-de-immobles-en-venda-mallorca-calefaccio-i-refrigeracio","property_feature-immobiliari-en-venda-mallorca-caracteristiques-de-la-immoble-caracteristiques-interiors","property_feature-immobiliari-en-venda-a-mallorca-amb-cuina","property_feature-immobiliari-en-venda-a-mallorca-amb-cuina-totalment-moblada","property_feature-immobiliari-en-venda-mallorca-caracteristiques-immobles-dutxa","property_feature-caracteristiques-venda-immoble-mallorca-estat-de-la-immoble","property_feature-immobiliari-en-venda-a-mallorca-amb-garatge-o-aparcament","property_feature-immobiliari-en-venda-mallorca-caracteristiques-de-la-immoble-caracteristiques-interiors-interior-modern","property_feature-caracteristiques-immobles-venda-immobles-mallorca-immobles-jardi","property_feature-caracteristiques-de-immoble-venda-immobles-mallorca-immoble-jardi-jardi-comunitari","property_feature-immobiliari-en-venda-mallorca-caracteristiques-immobles-caracteristiques-interiors-moblat","property_feature-immobiliari-en-venda-mallorca-caracteristiques-immobles-caracteristiques-interiors-parquet","property_feature-immobiliari-en-venda-mallorca-caracteristiques-immobles-caracteristiques-interiors-paviment","property_feature-immobiliari-en-venda-mallorca-amb-piscina-comunitaria","property_feature-venda-immobles-mallorca-caracteristiques-de-immoble-estat-nova-urbanitzacio","property_feature-propietat-caracteristiques-venda-propietat-mallorca-ubicacio-immoble","property_feature-immobiliari-a-mallorca-immobles-vistes-jardin-piscina","property_feature-caracteristiques-de-la-immoble-venda-de-immobles-mallorca-ubicacio-de-la-immoble-es-zona-costa","property_label-propietats-amb-llicencia-etv-en-venda-a-mallorca","property_label-propietats-amb-vistes-al-mar-en-venda","property_country-en-venda-mallorca-espanya-mallorca-property-guru","property_state-immobiliari-en-venda-a-mallorca","property_state-migjorn-de-mallorca-sud-est","property_city-immobiliari-en-venda-felanitx-mallorca","property_city-immobiliari-porto-colom-felanitx","property_area-immobles-en-venda-a-porto-colom"],"property_meta":{"has_images":["1"],"rank_math_internal_links_processed":["1"],"_last_translation_edit_mode":["native-editor"],"houzez_featured_listing_date":[""],"_wpml_media_duplicate":["1"],"_wpml_media_featured":["1"],"rank_math_schema_SingleFamilyResidence":["a:12:{s:8:\"metadata\";a:4:{s:4:\"type\";s:6:\"custom\";s:5:\"title\";s:29:\"SingleFamilyResidence Chatgpt\";s:9:\"isPrimary\";s:1:\"1\";s:17:\"displayConditions\";a:1:{i:0;a:6:{s:9:\"condition\";s:7:\"include\";s:8:\"category\";s:8:\"singular\";s:4:\"type\";s:8:\"property\";s:5:\"value\";s:2:\"29\";s:2:\"id\";s:36:\"eca343ad-2b57-4cec-a8b9-1587f5965055\";s:12:\"postTaxonomy\";s:15:\"property_status\";}}}s:5:\"@type\";s:21:\"SingleFamilyResidence\";s:3:\"@id\";s:15:\"%url%#residence\";s:4:\"name\";s:7:\"%title%\";s:10:\"identifier\";s:26:\"%customfield(property_id)%\";s:7:\"address\";a:6:{s:5:\"@type\";s:13:\"PostalAddress\";s:13:\"streetAddress\";s:36:\"%customfield(fave_property_address)%\";s:15:\"addressLocality\";s:33:\"%customfield(fave_property_city)%\";s:13:\"addressRegion\";s:34:\"%customfield(fave_property_state)%\";s:10:\"postalCode\";s:32:\"%customfield(fave_property_zip)%\";s:14:\"addressCountry\";s:2:\"ES\";}s:16:\"numberOfBedrooms\";s:37:\"%customfield(fave_property_bedrooms)%\";s:22:\"numberOfBathroomsTotal\";s:38:\"%customfield(fave_property_bathrooms)%\";s:9:\"yearBuilt\";s:35:\"%%customfield(fave_property_year)%%\";s:5:\"photo\";s:16:\"%post_thumbnail%\";s:9:\"floorSize\";a:3:{s:5:\"@type\";s:17:\"QuantitativeValue\";s:5:\"value\";s:33:\"%customfield(fave_property_size)%\";s:8:\"unitCode\";s:3:\"MTR\";}s:14:\"amenityFeature\";a:3:{i:0;a:3:{s:5:\"@type\";s:28:\"LocationFeatureSpecification\";s:4:\"name\";s:4:\"Pool\";s:5:\"value\";s:38:\"%has_term(fave_property_feature,pool)%\";}i:1;a:3:{s:5:\"@type\";s:28:\"LocationFeatureSpecification\";s:4:\"name\";s:6:\"Garden\";s:5:\"value\";s:40:\"%has_term(fave_property_feature,garden)%\";}i:2;a:3:{s:5:\"@type\";s:28:\"LocationFeatureSpecification\";s:4:\"name\";s:6:\"Garage\";s:5:\"value\";s:40:\"%has_term(fave_property_feature,garage)%\";}}}"],"_top_nav_excluded":[""],"_cms_nav_minihome":[""],"_wp_page_template":["default"],"fave_property_price":["352000"],"fave_property_size":["53"],"fave_property_size_prefix":["m2"],"fave_property_land":["7438"],"fave_property_land_postfix":["m2"],"fave_property_bathrooms":["2"],"fave_property_year":["1986"],"fave_property_id":["AC308-309"],"fave_property_map":["1"],"fave_property_map_address":["Carrer de la Gavina, 07670 Felanitx, Illes Balears, Spain"],"fave_property_location":["39.4081768,3.2595838,15"],"houzez_geolocation_lat":["39.4081768"],"houzez_geolocation_long":["3.2595838"],"fave_property_map_street_view":["hide"],"fave_property_address":["Carrer de la Gavina, 07670 Felanitx, Illes Balears"],"fave_property_zip":["07670"],"fave_video_url":["https:\/\/vimeo.com\/1122483944"],"fave_virtual_tour":["https:\/\/app.cloudpano.com\/tours\/a8mrwnA_T"],"fave_prop_homeslider":["no"],"floor_plans":["a:1:{i:0;a:4:{s:15:\"fave_plan_title\";s:21:\"Estudis dobles Arosa \";s:15:\"fave_plan_rooms\";s:1:\"0\";s:19:\"fave_plan_bathrooms\";s:1:\"2\";s:15:\"fave_plan_image\";s:82:\"https:\/\/www.mallorcaguru.es\/wp-content\/uploads\/2025\/10\/AROSA-220-221_Page_1-1.jpeg\";}}"],"rank_math_description":["Estudi en venda a Portocolom, Mallorca\nApartament estudi en complex tur\u00edstic venut en propietat plena amb gesti\u00f3 de lloguer "],"rank_math_focus_keyword":["Estudis en venda a Portocolom"],"_thumbnail_id":["335340"],"_wpml_word_count":["693"],"_edit_lock":["1777647090:1"],"rank_math_seo_score":["8"],"_edit_last":["1"],"fave_show_price_placeholder":["0"],"fave_portal_1754226254":["0"],"fave_portal_1754598704":["0"],"houzez_manual_expire":["0"],"_houzez_expiration_date_status":["saved"],"rank_math_analytic_object_id":["838"],"houzez_total_property_views":["6"],"houzez_views_by_date":["a:2:{s:10:\"05-01-2026\";i:5;s:10:\"05-02-2026\";i:1;}"],"houzez_recently_viewed":["2026-05-02 02:08:55"],"fave_featured":["0"],"fave_property_images":["335312","335311","335313","335319","335321","335310","335309","335320","335336","335329","335326","335330","335327","335322","335331","335325","335332","335333","335334","335335"],"fave_agent_display_option":["agent_info"],"fave_agents":["4235"],"fave_single_top_area":["global"],"fave_single_content_area":["global"],"_elementor_page_assets":["a:0:{}"]},"_links":{"self":[{"href":"https:\/\/www.mallorcaguru.es\/ca\/wp-json\/wp\/v2\/properties\/352863","targetHints":{"allow":["GET"]}}],"collection":[{"href":"https:\/\/www.mallorcaguru.es\/ca\/wp-json\/wp\/v2\/properties"}],"about":[{"href":"https:\/\/www.mallorcaguru.es\/ca\/wp-json\/wp\/v2\/types\/property"}],"author":[{"embeddable":true,"href":"https:\/\/www.mallorcaguru.es\/ca\/wp-json\/wp\/v2\/users\/1"}],"version-history":[{"count":0,"href":"https:\/\/www.mallorcaguru.es\/ca\/wp-json\/wp\/v2\/properties\/352863\/revisions"}],"wp:featuredmedia":[{"embeddable":true,"href":"https:\/\/www.mallorcaguru.es\/ca\/wp-json\/wp\/v2\/media\/335340"}],"wp:attachment":[{"href":"https:\/\/www.mallorcaguru.es\/ca\/wp-json\/wp\/v2\/media?parent=352863"}],"wp:term":[{"taxonomy":"property_type","embeddable":true,"href":"https:\/\/www.mallorcaguru.es\/ca\/wp-json\/wp\/v2\/property_type?post=352863"},{"taxonomy":"property_status","embeddable":true,"href":"https:\/\/www.mallorcaguru.es\/ca\/wp-json\/wp\/v2\/property_status?post=352863"},{"taxonomy":"property_feature","embeddable":true,"href":"https:\/\/www.mallorcaguru.es\/ca\/wp-json\/wp\/v2\/property_feature?post=352863"},{"taxonomy":"property_label","embeddable":true,"href":"https:\/\/www.mallorcaguru.es\/ca\/wp-json\/wp\/v2\/property_label?post=352863"},{"taxonomy":"property_country","embeddable":true,"href":"https:\/\/www.mallorcaguru.es\/ca\/wp-json\/wp\/v2\/property_country?post=352863"},{"taxonomy":"property_state","embeddable":true,"href":"https:\/\/www.mallorcaguru.es\/ca\/wp-json\/wp\/v2\/property_state?post=352863"},{"taxonomy":"property_city","embeddable":true,"href":"https:\/\/www.mallorcaguru.es\/ca\/wp-json\/wp\/v2\/property_city?post=352863"},{"taxonomy":"property_area","embeddable":true,"href":"https:\/\/www.mallorcaguru.es\/ca\/wp-json\/wp\/v2\/property_area?post=352863"}],"curies":[{"name":"wp","href":"https:\/\/api.w.org\/{rel}","templated":true}]}}