{"id":56518,"date":"2023-06-18T13:11:43","date_gmt":"2023-06-18T11:11:43","guid":{"rendered":"https:\/\/www.mallorcaguru.es\/property\/magnific-projecte-de-xalet-rural-a-santanyi-mallorca\/"},"modified":"2025-09-13T14:13:56","modified_gmt":"2025-09-13T12:13:56","slug":"xalet-en-venda-a-santanyi-mallorca","status":"publish","type":"property","link":"https:\/\/www.mallorcaguru.es\/ca\/propietat\/xalet-en-venda-a-santanyi-mallorca\/","title":{"rendered":"Xalet en venda a Santanyi Mallorca"},"content":{"rendered":"<h2><span style=\"font-size: 12pt;\">Xalet en venda a Santanyi Mallorca<\/span><\/h2>\n<h2><span style=\"font-size: 12pt;\">Aquest magn\u00edfic projecte de xalet rural situat a Santanyi Mallorca ja est\u00e0 disponible per a la venda. <\/span><\/h2>\n<p>Amb quatre dormitoris, sis banys i una superf\u00edcie habitable de 540 metres quadrats, aquesta propietat rural \u00e9s perfecta per a aquells que busquen escapar de l&#8217;enrenou de la ciutat amb tot el que necessita una fam\u00edlia moderna. Aquesta impressionant propietat est\u00e0 situada en una parcel\u00b7la de 18.000 metres quadrats, amb vistes obertes al camp i vistes a la costa al sud-est des del primer pis.<br \/>\nLa gran cuina oberta al menjador t\u00e9 vistes a la terrassa i la piscina i t\u00e9 una taula integrada per a vuit persones i una c\u00f2moda barra d&#8217;esmorzars per a quatre persones. Des d&#8217;aqu\u00ed s&#8217;accedeix al nivell inferior del sal\u00f3 amb sostre de doble al\u00e7ada i un entres\u00f2l comunicat per l&#8217;escala principal, tot envidrat de terra a sostre per aprofitar les vistes. Cadascuna de les quatre habitacions dobles t\u00e9 un bany en suite, i les dues habitacions de la casa principal tenen les seves pr\u00f2pies terrasses privades per aprofitar les vistes al sud.<br \/>\nLa propietat t\u00e9 una \u00e0mplia zona enjardinada que envolta la casa, a la qual s&#8217;accedeix per un pati tancat, que separa la zona d&#8217;aparcament de la casa. El menjador de la cuina d\u00f3na a una gran terrassa i la zona de la piscina que t\u00e9 un banc de seients davant de la casa amb una llar de foc de llarga durada entre els seients i la piscina. La cuina exterior i la zona de barbacoa est\u00e0 parcialment tancada per oferir ombra durant els mesos d&#8217;estiu i ofereix l&#8217;opci\u00f3 de barbacoa i sopar just al costat de la piscina.<br \/>\nEls tres components principals de la propietat, la zona central amb la seva cuina menjador, el sal\u00f3 i l&#8217;annex estan comunicats per una passarel\u00b7la al primer pis que ofereix la m\u00e0xima flexibilitat. L&#8217;annex ofereix un allotjament per a convidats independent de la casa principal a la planta baixa a la planta superior, la zona es podria utilitzar com a dormitori de convidats amb la seva pr\u00f2pia terrassa privada en lloc de l&#8217;oficina o estudi privat tal com es mostra als pl\u00e0nols. Caracter\u00edstiques: Sala de cinema a casa, Gimn\u00e0s a casa, Celler, Oficina a casa.<br \/>\nAquesta propietat es troba a menys de deu minuts de Porta Petra i Cala d&#8217;Or, i de les platges de la costa sud-est de Mallorca, i \u00e9s f\u00e0cilment accessible des de Palma de Mallorca ia 10 minuts de Santany\u00ed que disposa de totes les comoditats necess\u00e0ries. Aquesta \u00e9s una oportunitat \u00fanica a la vida per tenir una propietat amb un entorn \u00fanic i un projecte aprovat en construcci\u00f3.<\/p>\n<p>No t&#8217;ho perdis i posa&#8217;t en contacte amb nosaltres per a m\u00e9s informaci\u00f3.<\/p>\n<h2><span style=\"font-size: 12pt;\">Planta Soterrani, Distribuci\u00f3 191,35m2<\/span><\/h2>\n<p>Celler: 35,74m2 amb l&#8217;escala de cargol que comunica amb la cuina de dalt.<br \/>\nSala de jocs: 64,60m2 amb una escala de connexi\u00f3 amb la sala d&#8217;estar o superior.<br \/>\nCinema a casa: 27m2<br \/>\nBany de convidats: 4,60m2 amb dutxa<br \/>\nHome Gimn\u00e0s: 29,91m2 amb doble porta corredissa a la sala de jocs<br \/>\nSafareig: 16,61m2 i Sala de M\u00e0quines 7,71m2<\/p>\n<h2><span style=\"font-size: 12pt;\">Planta Baixa, Distribuci\u00f3 140,59m2<\/span><\/h2>\n<p>Cuina Sopar: 28,92m2 amb acc\u00e9s al porxo exterior d&#8217;11,74m<br \/>\nSal\u00f3: 28,92m2 de doble al\u00e7ada amb finestrals de terra a sostre.<br \/>\nBany de convidats: 3,76m2<br \/>\nEdifici Principal Planta Baixa Dormitori: 13,85m2 en suite 4,50m2<br \/>\nAnnex Planta Baixa Dormitori: 14,19m2 en suite 4,95m2<\/p>\n<h2><span style=\"font-size: 12pt;\">Primera Planta, Distribuci\u00f3<\/span><\/h2>\n<p>Dormitori principal: 14,33m2 bany en suite 11,54m2 i terrassa 4,31m2<br \/>\nHabitaci\u00f3 Doble: 12,61m2 bany privat 5,71m2<br \/>\nEntres\u00f2l Sal\u00f3: 16,22m2<br \/>\nDespatx annex: 10,90m2 amb terrassa privada 5,40m2<\/p>\n<h2><span style=\"font-size: 12pt;\">Exterior, Distribuci\u00f3<\/span><\/h2>\n<p>Pati d&#8217;entrada: 27,30m2<br \/>\nPorxo del Menjador: 11,74m2<br \/>\nTerrassa Menjador: 94,11m2<br \/>\nPiscina: 35m2 amb seients i llar de foc de llarga durada amb vistes a la piscina.<br \/>\nCuina Jard\u00ed Sopar: 14,86m2<\/p>\n<h3><span style=\"font-size: 12pt;\"><a href=\"https:\/\/www.mallorcaguru.es\/ca\/poble\/propietat-en-venda-a-santanyi-mallorca\/\" target=\"_blank\" rel=\"noopener\">Santanyi<\/a> al\u00a0<a href=\"https:\/\/www.mallorcaguru.es\/ca\/estat\/migjorn-de-mallorca-sud-est\/\" target=\"_blank\" rel=\"noopener\">Migjorn<\/a>\u00a0de Mallorca.<\/span><\/h3>\n<p>Santany\u00ed \u00e9s el municipi m\u00e9s al sud-est de Mallorca. Una gran extensi\u00f3 de la costa del municipi forma part del Parc Natural de Mondrago que abasta 700 hect\u00e0rees.<br \/>\nEl municipi est\u00e0 centrat en l\u2019agricultura tradicional de Mallorca, el turisme de la zona se centra al voltant de les petites platges de les cales de la costa, i les dues marines de Cala d\u2019Or i Portpetro. El municipi compr\u00e8n la capital del municipi Santany\u00ed es troba a 6 km de la costa a Cala Santany\u00ed.<br \/>\nEls pobles rurals de s\u2019Alqueria Blanca, Es Llombards i Calonge, i els pobles costaners de Cala d\u2019Or, Cala Figuera, La Costa, Portopetro i Cap d\u2019es Moro.<\/p>\n","protected":false},"excerpt":{"rendered":"<p>Xalet en venda a Santanyi Mallorca Aquest magn\u00edfic projecte de xalet rural situat a Santanyi, Mallorca, ja est\u00e0 disponible per a la venda. quatre dormitoris, sis banys superf\u00edcie de 540m2<\/p>\n","protected":false},"author":1,"featured_media":56463,"parent":0,"menu_order":0,"template":"","property_type":[3807],"property_status":[3530],"property_feature":[917,921,1338,1175,791,1146,803,2211,929,477,481,1510,805,1679,1593,784,1770,1135,2133,789,781,2075,1145,1006,1007,786,1000,1645,1537,2206,2216,1147,1137,1374,2105,1009,1005,919,1372,514,904,1012,801,1375,2110,802,1011,2272,2096,2101,1347,798,796,1765,1371,751,806,1451,1376,924],"property_label":[3928,3841],"property_country":[750],"property_state":[752,609],"property_city":[2741],"property_area":[1210],"class_list":["post-56518","property","type-property","status-publish","has-post-thumbnail","hentry","property_type-xalet-en-venda-a-mallorca-espanya","property_status-a-la-venda-mallorca-espanya","property_feature-caracteristiques-de-la-immoble-venda-de-la-immoble-mallorca-ubicacio-de-la-propietat-es-proper-de-la-platja","property_feature-caracteristiques-de-la-immoble-venda-de-immobles-mallorca-ubicacio-propietat-a-prop-de-tots-els-serveis","property_feature-caracteristiques-de-la-immoble-venda-de-immobles-mallorca-ubicacio-de-la-immoble-es-propia-del-mar","property_feature-caracteristiques-de-la-propietat-venda-de-immobles-la-ubicacio-de-la-propietat-de-mallorca-es-apropa-del-port-esportiu-o-port","property_feature-immobiliari-en-venda-mallorca-utilitats-caracteristiques-de-la-immoble-aigua-de-pou","property_feature-propietat-venda-mallorca-caracteristiques-immobles-aparcament-tot-terra","property_feature-immobiliari-en-venda-mallorca-caracteristiques-immobles-armaris-encastats","property_feature-immobiliari-en-venda-mallorca-immobles-caracteristiques-calefaccio-i-refrigeracio-arquitectura-sostenible","property_feature-caracteristiques-de-immoble-venda-immoble-mallorca-immoble-jardi-balco","property_feature-immobiliari-en-venda-mallorca-caracteristiques-immobles-bany","property_feature-propietat-caracteristiques-immobles-en-venda-mallorca-bany-en-suite","property_feature-caracteristiques-immobles-venda-immobles-mallorca-immoble-jardi-barbacoa","property_feature-caracteristiques-de-la-immoble-venda-de-immobles-mallorca-ubicacio-de-la-immoble-bon-acces-carretera","property_feature-immobiliari-en-venda-a-mallorca-amb-bugaderia","property_feature-caracteristiques-de-immobles-en-venda-mallorca-calefaccio-i-refrigeracio","property_feature-caracteristiques-de-immobles-venda-de-immobles-mallorca-ubicacio-de-immobles-camp","property_feature-immobiliari-en-venda-mallorca-caracteristiques-de-la-immoble-caracteristiques-interiors","property_feature-immobiliari-en-venda-a-mallorca-propietat-caracteristiques-extra-especials","property_feature-immobiliari-en-venda-a-mallorca-amb-celler-de-vins","property_feature-inmobiliaria-en-venta-mallorca-servicios-publicos-conexion-electrica","property_feature-venda-de-immobles-mallorca-caracteristiques-de-la-propietat-estat-construit-a-alt-estandard","property_feature-immobiliari-en-venda-a-mallorca-amb-cuina","property_feature-immobiliari-en-venda-a-mallorca-amb-cuina-exterior-jardi","property_feature-immobiliari-en-venda-a-mallorca-amb-cuina-menjador","property_feature-immobiliari-en-venda-a-mallorca-amb-cuina-oberta","property_feature-immobiliari-en-venda-a-mallorca-amb-cuina-totalment-moblada","property_feature-propietat-venda-mallorca-caracteristiques-de-immoble-estat-de-nova-construccio","property_feature-immobiliari-en-venda-a-mallorca-amb-despatx-a-casa","property_feature-immobiliari-en-venda-mallorca-documents-immobles","property_feature-immobiliari-en-venda-mallorca-caracteristiques-immobles-dormitori","property_feature-immobiliari-en-venda-mallorca-immobles-caracteristiques-calefaccio-i-refrigeracio-edifici-energeticament-eficient","property_feature-immobiliari-en-venda-mallorca-caracteristiques-immobles-seguretat-entrada-automatica","property_feature-caracteristiques-venda-immoble-mallorca-estat-de-la-immoble","property_feature-immobiliari-en-venda-a-mallorca-amb-garatge-o-aparcament","property_feature-immobiliari-en-venda-a-mallorca-amb-gimnas-a-casa","property_feature-caracteristiques-de-immoble-venda-immoble-mallorca-jardi-immoble-jardi-gran","property_feature-caracteristiques-de-la-immoble-venda-de-immobles-mallorca-ubicacio-de-la-immoble-interior-de-mallorca","property_feature-immobiliari-en-venda-mallorca-caracteristiques-de-la-immoble-caracteristiques-interiors-interior-modern","property_feature-caracteristiques-immobles-venda-immobles-mallorca-immobles-jardi","property_feature-immobiliari-en-venda-mallorca-caracteristiques-immobles-lavabo-de-convidats","property_feature-projecte-complet-de-llicencia-de-construccio","property_feature-caracteristiques-de-la-immoble-venda-de-immobles-mallorca-immoble-jardi-parcela-nivell","property_feature-propietat-venda-mallorca-caracteristiques-de-la-immoble-pas-de-vehicles","property_feature-immobiliari-en-venda-a-mallorca-amb-piscina","property_feature-immobiliari-en-venda-a-mallorca-amb-piscina-d-aigua-salada","property_feature-immobiliari-en-venda-mallorca-amb-piscina-privada","property_feature-caracteristiques-immobles-venda-immobles-mallorca-immobles-jardi-porxo","property_feature-venda-immobles-mallorca-caracteristiques-de-immoble-estat-nova-urbanitzacio","property_feature-immobiliari-en-venda-a-mallorca-amb-sistema-de-seguretat","property_feature-immobiliari-en-venda-mallorca-caracteristiques-de-la-immoble-tancada-de-seguretat","property_feature-caracteristiques-de-immoble-venda-immoble-mallorca-immoble-jardi-terrassa","property_feature-caracteristiques-de-immoble-venda-immobles-mallorca-immoble-jardi-terrassa-al-terrat","property_feature-caracteristiques-de-immoble-venda-immoble-mallorca-immoble-jardi-terrassa-coberta","property_feature-propietat-caracteristiques-venda-propietat-mallorca-ubicacio-immoble","property_feature-immobiliari-en-venda-mallorca-utilitats-serveis-publics","property_feature-immobiliari-a-mallorca-immobles-vistes-camp","property_feature-immobiliari-a-mallorca-immobles-vistes-jardin-piscina","property_feature-immobiliari-a-mallorca-immobles-vistes-mar-o-costa","property_feature-immobles-en-venda-a-mallorca-amb-excellents-vistes","property_feature-caracteristiques-de-la-immoble-venda-de-immobles-mallorca-ubicacio-de-la-immoble-es-zona-costa","property_label-propietats-amb-vistes-al-mar-en-venda","property_label-propietats-dobra-nova-a-mallorca","property_country-en-venda-mallorca-espanya-mallorca-property-guru","property_state-immobiliari-en-venda-a-mallorca","property_state-migjorn-de-mallorca-sud-est","property_city-propietat-en-venda-a-santanyi-mallorca","property_area-denominacio-dorigen-pla-i-llevant"],"property_meta":{"algolia_searchable_posts_records_count":["2"],"algolia_posts_property_records_count":["2"],"houzez_featured_listing_date":["2025-09-13 14:13:58"],"_wpml_media_duplicate":["1"],"_wpml_media_featured":["1"],"_top_nav_excluded":[""],"_cms_nav_minihome":[""],"_wp_page_template":["default"],"houzez_geolocation_lat":["39.380752663241"],"houzez_geolocation_long":["3.1578826904297"],"_edit_lock":["1757765642:1"],"_edit_last":["1"],"_b2s_post_meta":["a:7:{s:8:\"og_title\";s:53:\"Magn\u00edfic projecte de xalet rural a Santanyi Mallorca\";s:7:\"og_desc\";s:160:\"Aquest magn\u00edfic projecte de xalet rural situat a Santanyi Mallorca ja est\u00e0 disponible per a la venda. Amb quatre dormitoris, sis banys i una superf\u00edcie habit\";s:8:\"og_image\";s:85:\"https:\/\/www.mallorcaguru.es\/wp-content\/uploads\/2023\/06\/Santanyi-Villa-Mallorca-7.jpeg\";s:12:\"og_image_alt\";s:0:\"\";s:10:\"card_title\";s:53:\"Magn\u00edfic projecte de xalet rural a Santanyi Mallorca\";s:9:\"card_desc\";s:160:\"Aquest magn\u00edfic projecte de xalet rural situat a Santanyi Mallorca ja est\u00e0 disponible per a la venda. Amb quatre dormitoris, sis banys i una superf\u00edcie habit\";s:10:\"card_image\";s:85:\"https:\/\/www.mallorcaguru.es\/wp-content\/uploads\/2023\/06\/Santanyi-Villa-Mallorca-7.jpeg\";}"],"houzez_manual_expire":["0"],"_houzez_expiration_date_status":["saved"],"_last_translation_edit_mode":["native-editor"],"houzez_total_property_views":["1037"],"houzez_views_by_date":["a:61:{s:10:\"01-06-2026\";i:2;s:10:\"01-07-2026\";i:1;s:10:\"01-09-2026\";i:1;s:10:\"01-10-2026\";i:1;s:10:\"01-11-2026\";i:2;s:10:\"01-12-2026\";i:1;s:10:\"01-15-2026\";i:3;s:10:\"01-16-2026\";i:3;s:10:\"01-19-2026\";i:1;s:10:\"01-20-2026\";i:2;s:10:\"01-22-2026\";i:2;s:10:\"01-23-2026\";i:2;s:10:\"01-24-2026\";i:1;s:10:\"01-26-2026\";i:1;s:10:\"01-27-2026\";i:2;s:10:\"01-30-2026\";i:2;s:10:\"01-31-2026\";i:3;s:10:\"02-03-2026\";i:1;s:10:\"02-04-2026\";i:2;s:10:\"02-05-2026\";i:1;s:10:\"02-06-2026\";i:1;s:10:\"02-07-2026\";i:1;s:10:\"02-08-2026\";i:3;s:10:\"02-10-2026\";i:3;s:10:\"02-11-2026\";i:1;s:10:\"02-13-2026\";i:1;s:10:\"02-14-2026\";i:1;s:10:\"02-17-2026\";i:1;s:10:\"02-20-2026\";i:6;s:10:\"02-22-2026\";i:1;s:10:\"02-25-2026\";i:1;s:10:\"03-01-2026\";i:2;s:10:\"03-02-2026\";i:1;s:10:\"03-03-2026\";i:1;s:10:\"03-08-2026\";i:1;s:10:\"03-09-2026\";i:1;s:10:\"03-10-2026\";i:2;s:10:\"03-12-2026\";i:3;s:10:\"03-13-2026\";i:1;s:10:\"03-14-2026\";i:2;s:10:\"03-16-2026\";i:1;s:10:\"03-22-2026\";i:1;s:10:\"03-23-2026\";i:1;s:10:\"03-24-2026\";i:1;s:10:\"03-25-2026\";i:1;s:10:\"03-27-2026\";i:1;s:10:\"03-29-2026\";i:2;s:10:\"03-30-2026\";i:1;s:10:\"04-02-2026\";i:1;s:10:\"04-03-2026\";i:1;s:10:\"04-04-2026\";i:1;s:10:\"04-05-2026\";i:2;s:10:\"04-06-2026\";i:1;s:10:\"04-10-2026\";i:1;s:10:\"04-11-2026\";i:3;s:10:\"04-12-2026\";i:1;s:10:\"04-13-2026\";i:3;s:10:\"04-17-2026\";i:1;s:10:\"04-19-2026\";i:1;s:10:\"04-21-2026\";i:1;s:10:\"04-25-2026\";i:1;}"],"houzez_recently_viewed":["2026-04-25 10:12:22"],"fave_property_disclaimer":["EXENCI\u00d3 DE RESPONSABILITAT Tota la informaci\u00f3 continguda en aquest lloc web es considera fiable per\u00f2 no est\u00e0 garantida. Totes les propietats estan subjectes a un av\u00eds previ de venda, canvi o retirada. Mallorca Property Guru creu que tota la informaci\u00f3 \u00e9s correcta per\u00f2 no assumeix cap responsabilitat legal per a la seva exactitud. Heu de consultar els vostres assessors per a una verificaci\u00f3 independent de qualsevol propietat."],"_thumbnail_id":["56463"],"fave_show_price_placeholder":["0"],"_wpscppro_advance_schedule":[""],"_facebook_share_type":["default"],"_twitter_share_type":["default"],"_linkedin_share_type":["default"],"_pinterest_share_type":["default"],"_instagram_share_type":["default"],"_medium_share_type":["default"],"_selected_social_profile":["a:0:{}"],"_wpml_word_count":["738"],"rank_math_primary_property_type":["1619"],"rank_math_primary_property_status":["3530"],"rank_math_primary_property_feature":["0"],"rank_math_primary_property_label":["0"],"rank_math_primary_property_country":["750"],"rank_math_primary_property_state":["752"],"rank_math_primary_property_city":["2741"],"rank_math_primary_property_area":["1210"],"rank_math_breadcrumb_title":["Xalet en venda a Santanyi Mallorca"],"rank_math_pillar_content":["on"],"rank_math_news_sitemap_robots":["index"],"rank_math_robots":["a:1:{i:0;s:5:\"index\";}"],"rank_math_seo_score":["64"],"ilj_blacklistdefinition":["a:0:{}"],"ilj_linkdefinition":["a:1:{i:0;s:8:\"Santanyi\";}"],"_wpsp_custom_templates":["a:7:{s:8:\"facebook\";a:3:{s:8:\"template\";s:0:\"\";s:8:\"profiles\";a:0:{}s:9:\"is_global\";b:0;}s:7:\"twitter\";a:3:{s:8:\"template\";s:0:\"\";s:8:\"profiles\";a:0:{}s:9:\"is_global\";b:0;}s:8:\"linkedin\";a:3:{s:8:\"template\";s:0:\"\";s:8:\"profiles\";a:0:{}s:9:\"is_global\";b:0;}s:9:\"pinterest\";a:3:{s:8:\"template\";s:0:\"\";s:8:\"profiles\";a:0:{}s:9:\"is_global\";b:0;}s:9:\"instagram\";a:3:{s:8:\"template\";s:0:\"\";s:8:\"profiles\";a:0:{}s:9:\"is_global\";b:0;}s:6:\"medium\";a:3:{s:8:\"template\";s:0:\"\";s:8:\"profiles\";a:0:{}s:9:\"is_global\";b:0;}s:7:\"threads\";a:3:{s:8:\"template\";s:0:\"\";s:8:\"profiles\";a:0:{}s:9:\"is_global\";b:0;}}"],"fave_portal_1753787295":["0"],"fave_portal_1753788757":["0"],"has_images":["1"],"fave_virtual_tour":["<iframe title=\"vimeo-player\" src=\"https:\/\/player.vimeo.com\/video\/837283196?h=5842b727ee\" width=\"640\" height=\"360\" frameborder=\"0\" referrerpolicy=\"strict-origin-when-cross-origin\" allow=\"autoplay; fullscreen; picture-in-picture; clipboard-write; encrypted-media; web-share\"   allowfullscreen><\/iframe>"],"fave_portal_1754226254":["1"],"fave_portal_1754395991":["1"],"fave_portal_1754598704":["1"],"fave_property_price":["4000000"],"fave_property_size":["504"],"fave_property_size_prefix":["m2"],"fave_property_land":["18000"],"fave_property_land_postfix":["m2"],"fave_property_bedrooms":["4"],"fave_property_bathrooms":["6"],"fave_property_year":["2024"],"fave_property_id":["615"],"fave_property_map":["1"],"fave_property_map_address":["Santany\u00ed, Migjorn, Illes Balears, Espanya"],"fave_property_location":["39.380752663241,3.1578826904297,13"],"fave_property_map_street_view":["hide"],"fave_property_address":["Santany\u00ed, Migjorn, Illes Balears, Espanya"],"fave_property_zip":["07691"],"fave_video_url":["https:\/\/vimeo.com\/837283196"],"fave_prop_homeslider":["no"],"rank_math_title":["Xalet en venda a Santanyi Mallorca%sep% %sitename%"],"rank_math_description":["Xalet en venda a Santanyi Mallorca ja est\u00e0 disponible per a la venda. Amb quatre habitacions, sis banys, i una superf\u00edcie habitable de 540m2"],"rank_math_focus_keyword":["Xalet en venda a Santanyi Mallorca"],"_threads_share_type":["default"],"_google_business_share_type":["default"],"rank_math_analytic_object_id":["654"],"fave_featured":["1"],"fave_property_images":["56464","56514","56454","56449","56444","56474","56484","56459","56439","56469","56479","56489","56494","56499","56504","56509"],"fave_agent_display_option":["agent_info"],"fave_agents":["6378"],"fave_single_top_area":["global"],"fave_single_content_area":["global"],"_elementor_page_assets":["a:0:{}"]},"_links":{"self":[{"href":"https:\/\/www.mallorcaguru.es\/ca\/wp-json\/wp\/v2\/properties\/56518","targetHints":{"allow":["GET"]}}],"collection":[{"href":"https:\/\/www.mallorcaguru.es\/ca\/wp-json\/wp\/v2\/properties"}],"about":[{"href":"https:\/\/www.mallorcaguru.es\/ca\/wp-json\/wp\/v2\/types\/property"}],"author":[{"embeddable":true,"href":"https:\/\/www.mallorcaguru.es\/ca\/wp-json\/wp\/v2\/users\/1"}],"version-history":[{"count":0,"href":"https:\/\/www.mallorcaguru.es\/ca\/wp-json\/wp\/v2\/properties\/56518\/revisions"}],"wp:featuredmedia":[{"embeddable":true,"href":"https:\/\/www.mallorcaguru.es\/ca\/wp-json\/wp\/v2\/media\/56463"}],"wp:attachment":[{"href":"https:\/\/www.mallorcaguru.es\/ca\/wp-json\/wp\/v2\/media?parent=56518"}],"wp:term":[{"taxonomy":"property_type","embeddable":true,"href":"https:\/\/www.mallorcaguru.es\/ca\/wp-json\/wp\/v2\/property_type?post=56518"},{"taxonomy":"property_status","embeddable":true,"href":"https:\/\/www.mallorcaguru.es\/ca\/wp-json\/wp\/v2\/property_status?post=56518"},{"taxonomy":"property_feature","embeddable":true,"href":"https:\/\/www.mallorcaguru.es\/ca\/wp-json\/wp\/v2\/property_feature?post=56518"},{"taxonomy":"property_label","embeddable":true,"href":"https:\/\/www.mallorcaguru.es\/ca\/wp-json\/wp\/v2\/property_label?post=56518"},{"taxonomy":"property_country","embeddable":true,"href":"https:\/\/www.mallorcaguru.es\/ca\/wp-json\/wp\/v2\/property_country?post=56518"},{"taxonomy":"property_state","embeddable":true,"href":"https:\/\/www.mallorcaguru.es\/ca\/wp-json\/wp\/v2\/property_state?post=56518"},{"taxonomy":"property_city","embeddable":true,"href":"https:\/\/www.mallorcaguru.es\/ca\/wp-json\/wp\/v2\/property_city?post=56518"},{"taxonomy":"property_area","embeddable":true,"href":"https:\/\/www.mallorcaguru.es\/ca\/wp-json\/wp\/v2\/property_area?post=56518"}],"curies":[{"name":"wp","href":"https:\/\/api.w.org\/{rel}","templated":true}]}}