{"id":59275,"date":"2023-09-20T11:31:35","date_gmt":"2023-09-20T09:31:35","guid":{"rendered":"https:\/\/www.mallorcaguru.es\/property\/parcel%c2%b7les-a-primera-linia-en-venda-a-cala-egos-cala-dor\/"},"modified":"2025-09-13T14:12:21","modified_gmt":"2025-09-13T12:12:21","slug":"parcel%c2%b7les-a-primera-linia-en-venda-a-cala-egos-cala-dor","status":"publish","type":"property","link":"https:\/\/www.mallorcaguru.es\/ca\/propietat\/parcel%c2%b7les-a-primera-linia-en-venda-a-cala-egos-cala-dor\/","title":{"rendered":"Parcel\u00b7les a primera l\u00ednia en venda a Cala Egos Cala d&#8217;Or"},"content":{"rendered":"<p>En venda a Cala Egos Cala d&#8217;Or Mallorca Dos solars urbans edificables a la costa incre\u00efblement bella, amb vistes verges al Mediterrani. Situades en un petit cul-de-sac compartit entre quatre propietats, les parcel\u00b7les tenen vistes descobertes a l&#8217;est de la Punta de sa Galera i el Mediterrani obert. Amb una superf\u00edcie total de 1716m2 dividida entre les parcel\u00b7les com a Parcel\u00b7la 1 900m2 Parcel\u00b7la 2 816m2, hi ha a disposici\u00f3 del comprador diverses opcions. Habitatge unifamiliar amb una superf\u00edcie m\u00e0xima edificable de 720m2, o b\u00e9 dues cases unifamiliars de 360m2 cadascuna. O quatre apartaments individuals de 180m2 cadascun amb piscina comunit\u00e0ria i p\u00e0rquing. Cala Egos molt a prop d&#8217;Es Forti, i la platja de Cala d\u00e9s Pou i es troba a uns 1,6 km del port esportiu de Cala d&#8217;Or. Cala d&#8217;Or est\u00e0 connectada directament amb Palma de Mallorca i l&#8217;aeroport de Son Sant Joan per la Ma-19, el temps de conducci\u00f3 fins a l&#8217;aeroport \u00e9s d&#8217;aproximadament 50 minuts. Les parcel\u00b7les tamb\u00e9 es poden comprar per separat, si us plau, poseu-vos en contacte amb nosaltres per obtenir m\u00e9s informaci\u00f3.<\/p>\n<p>Cala d\u2019Or Mallorca Cala d\u2019Or \u00e9s un poble a la costa est de l&#8217;illa de Mallorca, al municipi de Santany\u00ed, Illes Balears, Espanya. La zona de Cala d\u2019Or pertany al municipi de Santany\u00ed, que es troba m\u00e9s a l&#8217;interior. La capital, Palma, i l&#8217;aeroport de Palma es troben a uns 60 km de dist\u00e0ncia. El poble de Cala d\u2019Or es desplega en tres promontoris al llarg de la costa sud-est. Consta de tres zones principals: Cala d\u2019Or (centre), Cala Egos (oest) i Cala Ferrera (est). La part a l&#8217;est de l&#8217;avinguda Felanitx pertany al municipi de Felanitx. La costa accidentada est\u00e0 interrompuda per diverses badies amb platges de sorra. D&#8217;est a oest s\u00f3n: Cala Esmeralda (verd maragda), Cala Gran (gran), l&#8217;hom\u00f2nima Cala d&#8217;Or (badia i platja), (daurada, tamb\u00e9 anomenada Cal\u00f3 de ses Dones) i Cala Llonga (llarga, tamb\u00e9 anomenada Cala d&#8217;es Forti) amb el seu petit Cal\u00f3 d&#8217;es Pou. Al terme de Cala Egos, situat a l&#8217;oest, hi ha: Cala Egos (badia i platja), Cala Galera i Cal\u00f3 des Llamp. A la part oriental de Cala Ferrera (pertanyent a Felanitx) hi ha Cala Ferrera (badia i platja) i Cala Serena (&#8216;serenitat&#8217;). Es pot arribar al poble proper de Portopetro amb autob\u00fas o cotxe en cinc o deu minuts.<\/p>\n<p>Santany\u00ed \u00e9s el municipi m\u00e9s sud-oriental de Mallorca. Una gran part de la costa del municipi forma part del Parc Natural de Mondrag\u00f3, que cobreix 700 hect\u00e0rees.<\/p>\n<p>El municipi se centra en l&#8217;agricultura tradicional de Mallorca, i el turisme de la zona se centra en les petites platges, les cales de la costa, i les dues petites marines de Cala d&#8217;Or i Portpetro. El municipi inclou la capital, Santany\u00ed, que es troba a 6 km de la costa, a Cala Santany\u00ed. Els pobles rurals de S\u2019Alqueria Blanca, Es Llombards i Calonge, i els pobles costaners de Cala d\u2019Or, Cala Figuera, La Costa, Portopetro i Cap d\u2019es Moro.<\/p>\n<p>&nbsp;<\/p>\n","protected":false},"excerpt":{"rendered":"<p>En venda a Cala Egos, Cala d\u2019Or, Mallorca. Dues parcel\u00b7les urbanes edificables a la costa incre\u00efblement bonica, amb vistes verges del Mediterrani.<\/p>\n","protected":false},"author":1,"featured_media":59261,"parent":0,"menu_order":0,"template":"","property_type":[425],"property_status":[3530],"property_feature":[917,925,921,1715,1338,1175,920,1445,1473,1765,903,2849,902,1371,1451,1376,924,922],"property_label":[3928],"property_country":[750],"property_state":[752,609],"property_city":[2741,2950],"property_area":[1210],"class_list":["post-59275","property","type-property","status-publish","has-post-thumbnail","hentry","property_type-terreny-en-venda-a-mallorca","property_status-a-la-venda-mallorca-espanya","property_feature-caracteristiques-de-la-immoble-venda-de-la-immoble-mallorca-ubicacio-de-la-propietat-es-proper-de-la-platja","property_feature-caracteristiques-de-la-immoble-venda-de-la-immoble-mallorca-ubicacio-a-prop-de-restaurants","property_feature-caracteristiques-de-la-immoble-venda-de-immobles-mallorca-ubicacio-propietat-a-prop-de-tots-els-serveis","property_feature-caracteristiques-de-la-immoble-venda-de-la-propietat-mallorca-la-ubicacio-de-la-propietat-es-apropa-del-golf","property_feature-caracteristiques-de-la-immoble-venda-de-immobles-mallorca-ubicacio-de-la-immoble-es-propia-del-mar","property_feature-caracteristiques-de-la-propietat-venda-de-immobles-la-ubicacio-de-la-propietat-de-mallorca-es-apropa-del-port-esportiu-o-port","property_feature-caracteristiques-de-la-immoble-venda-de-immobles-mallorca-ubicacio-de-la-immoble-te-acces-a-la-platja","property_feature-caracteristiques-de-la-immoble-venda-de-immobles-mallorca-ubicacio-de-la-immoble-es-primera-linea-platja","property_feature-caracteristiques-de-la-immoble-venda-de-immobles-mallorca-ubicacio-propietat-de-escoles","property_feature-propietat-caracteristiques-venda-propietat-mallorca-ubicacio-immoble","property_feature-immobiliari-en-venda-mallorca-utilitats-caracteristiques-de-la-immoble-aigua-disponible","property_feature-immobiliari-en-venda-mallorca-utilitats-caracteristiques-de-la-immoble-connexio-depuradora","property_feature-immobiliari-en-venda-mallorca-utilitats-caracteristiques-immobles-electricitat-disponible","property_feature-immobiliari-en-venda-mallorca-utilitats-serveis-publics","property_feature-immobiliari-a-mallorca-immobles-vistes-mar-o-costa","property_feature-immobles-en-venda-a-mallorca-amb-excellents-vistes","property_feature-caracteristiques-de-la-immoble-venda-de-immobles-mallorca-ubicacio-de-la-immoble-es-zona-costa","property_feature-caracteristiques-de-immoble-venda-immoble-mallorca-ubicacio-immoble-urbana-barri-residencial","property_label-propietats-amb-vistes-al-mar-en-venda","property_country-en-venda-mallorca-espanya-mallorca-property-guru","property_state-immobiliari-en-venda-a-mallorca","property_state-migjorn-de-mallorca-sud-est","property_city-propietat-en-venda-a-santanyi-mallorca","property_city-propietat-en-venda-cala-d-or-mallorca","property_area-denominacio-dorigen-pla-i-llevant"],"property_meta":{"houzez_featured_listing_date":["2025-09-13 14:12:23"],"_wpml_media_duplicate":["1"],"_wpml_media_featured":["1"],"_top_nav_excluded":[""],"_cms_nav_minihome":[""],"_wp_page_template":["default"],"houzez_geolocation_lat":["39.3635907"],"houzez_geolocation_long":["3.2297659"],"_thumbnail_id":["59261"],"_last_translation_edit_mode":["native-editor"],"houzez_total_property_views":["766"],"houzez_views_by_date":["a:61:{s:10:\"01-23-2026\";i:2;s:10:\"01-26-2026\";i:1;s:10:\"01-27-2026\";i:2;s:10:\"01-28-2026\";i:2;s:10:\"01-30-2026\";i:3;s:10:\"02-01-2026\";i:2;s:10:\"02-02-2026\";i:2;s:10:\"02-03-2026\";i:1;s:10:\"02-04-2026\";i:3;s:10:\"02-06-2026\";i:1;s:10:\"02-07-2026\";i:1;s:10:\"02-09-2026\";i:1;s:10:\"02-10-2026\";i:2;s:10:\"02-12-2026\";i:2;s:10:\"02-13-2026\";i:4;s:10:\"02-15-2026\";i:2;s:10:\"02-16-2026\";i:1;s:10:\"02-18-2026\";i:1;s:10:\"02-19-2026\";i:2;s:10:\"02-20-2026\";i:4;s:10:\"02-22-2026\";i:4;s:10:\"02-24-2026\";i:1;s:10:\"02-25-2026\";i:2;s:10:\"03-01-2026\";i:3;s:10:\"03-03-2026\";i:1;s:10:\"03-04-2026\";i:2;s:10:\"03-08-2026\";i:1;s:10:\"03-09-2026\";i:2;s:10:\"03-10-2026\";i:1;s:10:\"03-11-2026\";i:3;s:10:\"03-12-2026\";i:2;s:10:\"03-14-2026\";i:1;s:10:\"03-15-2026\";i:3;s:10:\"03-16-2026\";i:1;s:10:\"03-17-2026\";i:2;s:10:\"03-18-2026\";i:1;s:10:\"03-19-2026\";i:2;s:10:\"03-22-2026\";i:1;s:10:\"03-23-2026\";i:1;s:10:\"03-24-2026\";i:1;s:10:\"03-25-2026\";i:2;s:10:\"03-26-2026\";i:2;s:10:\"03-27-2026\";i:1;s:10:\"03-29-2026\";i:2;s:10:\"03-30-2026\";i:2;s:10:\"03-31-2026\";i:3;s:10:\"04-01-2026\";i:2;s:10:\"04-02-2026\";i:1;s:10:\"04-04-2026\";i:1;s:10:\"04-05-2026\";i:1;s:10:\"04-06-2026\";i:1;s:10:\"04-09-2026\";i:2;s:10:\"04-13-2026\";i:3;s:10:\"04-14-2026\";i:2;s:10:\"04-16-2026\";i:1;s:10:\"04-17-2026\";i:1;s:10:\"04-20-2026\";i:1;s:10:\"04-24-2026\";i:3;s:10:\"04-26-2026\";i:3;s:10:\"04-27-2026\";i:4;s:10:\"04-29-2026\";i:2;}"],"houzez_recently_viewed":["2026-04-29 10:16:04"],"_edit_lock":["1757765407:1"],"_edit_last":["1"],"fave_property_disclaimer":["EXENCI\u00d3 DE RESPONSABILITAT Tota la informaci\u00f3 continguda en aquest lloc web es considera fiable per\u00f2 no est\u00e0 garantida. Totes les propietats estan subjectes a un av\u00eds previ de venda, canvi o retirada. Mallorca Property Guru creu que tota la informaci\u00f3 \u00e9s correcta per\u00f2 no assumeix cap responsabilitat legal per a la seva exactitud. Heu de consultar els vostres assessors per a una verificaci\u00f3 independent de qualsevol propietat."],"houzez_manual_expire":["0"],"_houzez_expiration_date_status":["saved"],"fave_show_price_placeholder":["0"],"_b2s_post_meta":["a:7:{s:8:\"og_title\";s:59:\"Parcel\u00b7les a primera l\u00ednia en venda a Cala Egos Cala d'Or\";s:7:\"og_desc\";s:159:\"En venda a Cala Egos Cala d'Or Mallorca Dos solars urbans edificables a la costa incre\u00efblement bella, amb vistes verges al Mediterrani. Situades en un petit c\";s:8:\"og_image\";s:89:\"https:\/\/www.mallorcaguru.es\/wp-content\/uploads\/2023\/09\/Solares-Cala-Galera-Cala-dOr-4.jpg\";s:12:\"og_image_alt\";s:0:\"\";s:10:\"card_title\";s:59:\"Parcel\u00b7les a primera l\u00ednia en venda a Cala Egos Cala d'Or\";s:9:\"card_desc\";s:159:\"En venda a Cala Egos Cala d'Or Mallorca Dos solars urbans edificables a la costa incre\u00efblement bella, amb vistes verges al Mediterrani. Situades en un petit c\";s:10:\"card_image\";s:89:\"https:\/\/www.mallorcaguru.es\/wp-content\/uploads\/2023\/09\/Solares-Cala-Galera-Cala-dOr-4.jpg\";}"],"wds_primary_property_type":["425"],"_wpscppro_advance_schedule":[""],"_facebook_share_type":["default"],"_twitter_share_type":["default"],"_linkedin_share_type":["default"],"_pinterest_share_type":["default"],"_instagram_share_type":["default"],"_medium_share_type":["default"],"_selected_social_profile":["a:0:{}"],"_wpml_word_count":["514"],"rank_math_primary_property_status":["3530"],"rank_math_primary_property_feature":["0"],"rank_math_primary_property_label":["0"],"rank_math_primary_property_country":["750"],"rank_math_primary_property_state":["752"],"rank_math_primary_property_city":["2741"],"rank_math_primary_property_area":["0"],"rank_math_primary_property_type":["425"],"rank_math_breadcrumb_title":["En venda a Cala Egos"],"rank_math_pillar_content":["off"],"rank_math_news_sitemap_robots":["index"],"rank_math_robots":["a:1:{i:0;s:5:\"index\";}"],"rank_math_seo_score":["54"],"fave_property_price":["3000000"],"fave_property_size":["720"],"fave_property_size_prefix":["m2"],"fave_property_land":["1716"],"fave_property_land_postfix":["m2"],"fave_property_id":["642"],"fave_property_map":["1"],"fave_property_map_address":["Avinguda d'es Fort\u00ed, Cala Egos, Santany\u00ed, Migjorn, Illes Balears, 07660, Espa\u00f1a"],"fave_property_location":["39.3635907,3.2297659,15"],"fave_property_map_street_view":["hide"],"fave_property_address":["Avinguda d'es Fort\u00ed, Cala Egos, Santany\u00ed, Migjorn, Illes Balears, 07660, Espa\u00f1a"],"fave_property_zip":["07660"],"fave_virtual_tour":["<iframe width=\"560\" height=\"315\" src=\"https:\/\/www.youtube.com\/embed\/DSczDVsYRqE?si=Q_a4fJ-5Byw6nrni\" title=\"YouTube video player\" frameborder=\"0\" allow=\"accelerometer; autoplay; clipboard-write; encrypted-media; gyroscope; picture-in-picture; web-share\" allowfullscreen=\"\"><\/iframe>"],"fave_prop_homeslider":["no"],"rank_math_description":["En venda a Cala Egos Cala d'Or Mallorca 2 solars urbans edificables a una preciosa costa, amb vistes verges al Mediterrani."],"rank_math_focus_keyword":["En venda a Cala Egos"],"ilj_blacklistdefinition":["a:0:{}"],"ilj_linkdefinition":["a:0:{}"],"_wpsp_custom_templates":["a:7:{s:8:\"facebook\";a:3:{s:8:\"template\";s:0:\"\";s:8:\"profiles\";a:0:{}s:9:\"is_global\";b:0;}s:7:\"twitter\";a:3:{s:8:\"template\";s:0:\"\";s:8:\"profiles\";a:0:{}s:9:\"is_global\";b:0;}s:8:\"linkedin\";a:3:{s:8:\"template\";s:0:\"\";s:8:\"profiles\";a:0:{}s:9:\"is_global\";b:0;}s:9:\"pinterest\";a:3:{s:8:\"template\";s:0:\"\";s:8:\"profiles\";a:0:{}s:9:\"is_global\";b:0;}s:9:\"instagram\";a:3:{s:8:\"template\";s:0:\"\";s:8:\"profiles\";a:0:{}s:9:\"is_global\";b:0;}s:6:\"medium\";a:3:{s:8:\"template\";s:0:\"\";s:8:\"profiles\";a:0:{}s:9:\"is_global\";b:0;}s:7:\"threads\";a:3:{s:8:\"template\";s:0:\"\";s:8:\"profiles\";a:0:{}s:9:\"is_global\";b:0;}}"],"rank_math_analytic_object_id":["619"],"fave_portal_1754226254":["0"],"fave_portal_1754598704":["0"],"has_images":["1"],"fave_featured":["1"],"fave_property_images":["59260","59245","59250","59255","59265","59270"],"fave_agent_display_option":["agent_info"],"fave_agents":["5167"],"fave_single_top_area":["global"],"fave_single_content_area":["global"],"_threads_share_type":["default"],"_google_business_share_type":["default"]},"_links":{"self":[{"href":"https:\/\/www.mallorcaguru.es\/ca\/wp-json\/wp\/v2\/properties\/59275","targetHints":{"allow":["GET"]}}],"collection":[{"href":"https:\/\/www.mallorcaguru.es\/ca\/wp-json\/wp\/v2\/properties"}],"about":[{"href":"https:\/\/www.mallorcaguru.es\/ca\/wp-json\/wp\/v2\/types\/property"}],"author":[{"embeddable":true,"href":"https:\/\/www.mallorcaguru.es\/ca\/wp-json\/wp\/v2\/users\/1"}],"version-history":[{"count":0,"href":"https:\/\/www.mallorcaguru.es\/ca\/wp-json\/wp\/v2\/properties\/59275\/revisions"}],"wp:featuredmedia":[{"embeddable":true,"href":"https:\/\/www.mallorcaguru.es\/ca\/wp-json\/wp\/v2\/media\/59261"}],"wp:attachment":[{"href":"https:\/\/www.mallorcaguru.es\/ca\/wp-json\/wp\/v2\/media?parent=59275"}],"wp:term":[{"taxonomy":"property_type","embeddable":true,"href":"https:\/\/www.mallorcaguru.es\/ca\/wp-json\/wp\/v2\/property_type?post=59275"},{"taxonomy":"property_status","embeddable":true,"href":"https:\/\/www.mallorcaguru.es\/ca\/wp-json\/wp\/v2\/property_status?post=59275"},{"taxonomy":"property_feature","embeddable":true,"href":"https:\/\/www.mallorcaguru.es\/ca\/wp-json\/wp\/v2\/property_feature?post=59275"},{"taxonomy":"property_label","embeddable":true,"href":"https:\/\/www.mallorcaguru.es\/ca\/wp-json\/wp\/v2\/property_label?post=59275"},{"taxonomy":"property_country","embeddable":true,"href":"https:\/\/www.mallorcaguru.es\/ca\/wp-json\/wp\/v2\/property_country?post=59275"},{"taxonomy":"property_state","embeddable":true,"href":"https:\/\/www.mallorcaguru.es\/ca\/wp-json\/wp\/v2\/property_state?post=59275"},{"taxonomy":"property_city","embeddable":true,"href":"https:\/\/www.mallorcaguru.es\/ca\/wp-json\/wp\/v2\/property_city?post=59275"},{"taxonomy":"property_area","embeddable":true,"href":"https:\/\/www.mallorcaguru.es\/ca\/wp-json\/wp\/v2\/property_area?post=59275"}],"curies":[{"name":"wp","href":"https:\/\/api.w.org\/{rel}","templated":true}]}}