{"id":68845,"date":"2024-02-19T21:20:59","date_gmt":"2024-02-19T20:20:59","guid":{"rendered":"https:\/\/www.mallorcaguru.es\/property\/casa-senyorial-can-biscai-binissalem\/"},"modified":"2026-03-10T13:59:08","modified_gmt":"2026-03-10T12:59:08","slug":"es-ven-binissalem-casa-senyorial-can-biscai","status":"publish","type":"property","link":"https:\/\/www.mallorcaguru.es\/ca\/propietat\/es-ven-binissalem-casa-senyorial-can-biscai\/","title":{"rendered":"Es ven a Binissalem Can Bisca\u00ed"},"content":{"rendered":"<h2><span style=\"font-size: 12pt;\">Es ven a Binissalem la hist\u00f2rica casa senyorial Can Bisca\u00ed. <\/span><\/h2>\n<p>Situada al carrer de la Goleta al nucli urb\u00e0 o assentament original del poble de Binissalem que data des de l&#8217;assentament d&#8217;Ar\u00e0bia de l&#8217;illa.<\/p>\n<p>Les finques del voltant Can Juli\u00e0, Can Carreter i Can Garrover comparteixen el mateix estatus com a mostres significatives del patrimoni cultural i hist\u00f2ric del <a href=\"https:\/\/www.mallorcaguru.es\/ca\/poble\/en-venda-binissalem-mallorca\/\" target=\"_blank\" rel=\"noopener\">poble de Binissalem<\/a>.<\/p>\n<p>Can Bisca\u00ed probablement data de l&#8217;\u00e8poca medieval, per\u00f2 la primera not\u00edcia data de l&#8217;any 1678, el que queda de la construcci\u00f3 original conserva moltes de les caracter\u00edstiques arquitect\u00f2niques de les cases senyorial del poble, entre les quals destaquen els impressionants arcs i els elements tradicionals de la construcci\u00f3 de pedra tallada.<\/p>\n<p>Situada en una parcel\u00b7la rectangular de <strong>1828m2<\/strong> envoltada per un mur de pedra, la propietat t\u00e9 una superf\u00edcie total de <strong>784m2<\/strong> dividida entre diversos elements.<\/p>\n<p>La casa principal de dos nivells t\u00e9 una superf\u00edcie de <strong>280m2<\/strong>, a la dreta de l&#8217;entrada de la casa principal hi ha una bodega de m\u00e9s de <strong>100m2<\/strong> ambdues tenen impressionants arcs de pedra. Dos edificis m\u00e9s petits d&#8217;un sol nivell adossats a la casa principal a la part posterior i al lateral s\u00f3n de<strong> 60m2<\/strong> i <strong>40m2<\/strong>.<\/p>\n<p>Separat per a la propietat principal a la parcel\u00b7la enjardinada de <strong>1321 m2<\/strong> hi ha un edifici de<strong> 30 m2<\/strong> associat a una s\u00e8rie de dip\u00f2sits d&#8217;aigua que formaven part del sistema de distribuci\u00f3 adossat a un pou que proporciona aigua per a un hort i el jard\u00ed m\u00e9s formal a l&#8217;entrada de la propietat. La propietat requereix una \u00e0mplia reforma, que s&#8217;estructuraria per les propietats catalogades com a d&#8217;import\u00e0ncia hist\u00f2rica.<\/p>\n<p>Tot i que \u00e9s un proc\u00e9s llarg, l&#8217;Ajuntament de Binissalem d\u00f3na suport a aquells que emprenen aquest projecte, <a href=\"https:\/\/www.ajbinissalem.net\/noticies\/visita-al-casal-de-can-julia\/\" target=\"_blank\" rel=\"noopener\">Can Juli\u00e0<\/a> ha acabat recentment una reforma integral que va ser celebrada per la comunitat local durant la festa dels picapedrers locals. L&#8217;immoble est\u00e0 exempt d&#8217;impostos locals, i l&#8217;ajuntament consideraria projectes d&#8217;\u00fas comercial com allotjament tur\u00edstic, hostaleria o de rehabilitaci\u00f3 com a habitatge particular. Si voleu rebre m\u00e9s informaci\u00f3 o programar una visita a la propietat \u00fanica, poseu-vos en <a href=\"https:\/\/www.mallorcaguru.es\/ca\/contacte-mallorca-property-guru\/\" target=\"_blank\" rel=\"noopener\">contacte amb nosaltres<\/a>.<\/p>\n<h3><span style=\"font-size: 12pt;\"><a href=\"https:\/\/www.mallorcaguru.es\/ca\/poble\/en-venda-binissalem-mallorca\/\" target=\"_blank\" rel=\"noopener\">\u00a0Binissalem<\/a> Mallorca dins la comarca del Raiguer Mallorca. <\/span><\/h3>\n<p>Situat al centre de l\u2019illa amb bones connexions de transport amb Palma de Mallorca i les platges del nord de l\u2019illa Binissalem \u00e9s un poble petit i vibrant. Famosa per la producci\u00f3 de vi i \u00e9s la Denominaci\u00f3 d\u2019Origen m\u00e9s antiga i m\u00e9s gran de Mallorca. Des dels seus or\u00edgens, una comunitat rica de Binissalem t\u00e9 molts edificis hist\u00f2rics grans constru\u00efts amb la pedra local per la qual el poble \u00e9s fam\u00f3s. L\u2019assentament original era d\u2019origen morisc el nom del poble vol dir els fills de (Binis) pau o salvaci\u00f3 (Salem), Biniagual \u00e9s un petit llogaret incl\u00f2s al municipi.<\/p>\n","protected":false},"excerpt":{"rendered":"<p>Es ven a Binissalem la hist\u00f2rica casa pairal Can Bisca\u00ed.<\/p>\n","protected":false},"author":1,"featured_media":68793,"parent":0,"menu_order":0,"template":"","property_type":[457],"property_status":[3530],"property_feature":[2896,1075,1137,2891,1009,1005,1372,2901,1012,1375,1263,1765,1073,783,903,902,1371,807,751,1376],"property_label":[4370],"property_country":[750],"property_state":[752,552],"property_city":[564],"property_area":[680],"class_list":["post-68845","property","type-property","status-publish","has-post-thumbnail","hentry","property_type-casa-de-poble-en-venda-a-mallorca-espanya","property_status-a-la-venda-mallorca-espanya","property_feature-escola-montessori-de-mallorca","property_feature-immobiliari-en-venda-a-mallorca-amb-espai-per-piscina","property_feature-caracteristiques-venda-immoble-mallorca-estat-de-la-immoble","property_feature-escola-internacional-fundacio-sa-llavor-mallorca","property_feature-caracteristiques-de-immoble-venda-immoble-mallorca-jardi-immoble-jardi-gran","property_feature-caracteristiques-de-la-immoble-venda-de-immobles-mallorca-ubicacio-de-la-immoble-interior-de-mallorca","property_feature-caracteristiques-immobles-venda-immobles-mallorca-immobles-jardi","property_feature-lacademia-escola-internacional-mallorca-espanya","property_feature-caracteristiques-de-la-immoble-venda-de-immobles-mallorca-immoble-jardi-parcela-nivell","property_feature-immobiliari-en-venda-a-mallorca-amb-piscina","property_feature-venda-immoble-mallorca-caracteristiques-de-la-immoble-estat-necessari-reforma","property_feature-propietat-caracteristiques-venda-propietat-mallorca-ubicacio-immoble","property_feature-caracteristiques-immobles-venda-immobles-mallorca-immobles-ubicacio-poble-tradicional","property_feature-caracteristiques-de-la-immoble-venda-de-immobles-mallorca-ubicacio-de-la-immoble-ubicacio-tranquila","property_feature-immobiliari-en-venda-mallorca-utilitats-caracteristiques-de-la-immoble-aigua-disponible","property_feature-immobiliari-en-venda-mallorca-utilitats-caracteristiques-immobles-electricitat-disponible","property_feature-immobiliari-en-venda-mallorca-utilitats-serveis-publics","property_feature-immobiliari-a-mallorca-immobles-vistes-muntanya","property_feature-immobiliari-a-mallorca-immobles-vistes-camp","property_feature-immobles-en-venda-a-mallorca-amb-excellents-vistes","property_label-vinyes-i-cellers-en-venda-mallorca","property_country-en-venda-mallorca-espanya-mallorca-property-guru","property_state-immobiliari-en-venda-a-mallorca","property_state-immobiliari-en-venda-a-mallorca-raiguer-central-mallorca","property_city-en-venda-binissalem-mallorca","property_area-denominacio-dorigen-vi-binissalem-mallorca"],"property_meta":{"houzez_featured_listing_date":["2026-03-10 13:59:09"],"_wpml_media_duplicate":["1"],"_wpml_media_featured":["1"],"_top_nav_excluded":[""],"_cms_nav_minihome":[""],"_wp_page_template":["default"],"houzez_geolocation_lat":["39.6951029"],"houzez_geolocation_long":["2.846331"],"_thumbnail_id":["68793"],"_last_translation_edit_mode":["native-editor"],"houzez_total_property_views":["631"],"houzez_views_by_date":["a:61:{s:10:\"01-18-2026\";i:1;s:10:\"01-19-2026\";i:1;s:10:\"01-20-2026\";i:1;s:10:\"01-23-2026\";i:2;s:10:\"01-26-2026\";i:2;s:10:\"01-27-2026\";i:1;s:10:\"01-28-2026\";i:1;s:10:\"01-30-2026\";i:2;s:10:\"01-31-2026\";i:1;s:10:\"02-01-2026\";i:1;s:10:\"02-03-2026\";i:1;s:10:\"02-04-2026\";i:1;s:10:\"02-05-2026\";i:1;s:10:\"02-06-2026\";i:1;s:10:\"02-08-2026\";i:1;s:10:\"02-09-2026\";i:2;s:10:\"02-11-2026\";i:1;s:10:\"02-12-2026\";i:1;s:10:\"02-13-2026\";i:1;s:10:\"02-14-2026\";i:3;s:10:\"02-15-2026\";i:1;s:10:\"02-19-2026\";i:2;s:10:\"02-21-2026\";i:1;s:10:\"02-22-2026\";i:1;s:10:\"02-24-2026\";i:1;s:10:\"03-01-2026\";i:2;s:10:\"03-02-2026\";i:1;s:10:\"03-05-2026\";i:1;s:10:\"03-06-2026\";i:1;s:10:\"03-08-2026\";i:1;s:10:\"03-09-2026\";i:1;s:10:\"03-10-2026\";i:1;s:10:\"03-11-2026\";i:3;s:10:\"03-12-2026\";i:2;s:10:\"03-14-2026\";i:1;s:10:\"03-15-2026\";i:2;s:10:\"03-17-2026\";i:1;s:10:\"03-18-2026\";i:1;s:10:\"03-21-2026\";i:1;s:10:\"03-22-2026\";i:3;s:10:\"03-25-2026\";i:1;s:10:\"03-28-2026\";i:1;s:10:\"03-29-2026\";i:2;s:10:\"04-02-2026\";i:2;s:10:\"04-04-2026\";i:1;s:10:\"04-05-2026\";i:1;s:10:\"04-07-2026\";i:1;s:10:\"04-08-2026\";i:1;s:10:\"04-10-2026\";i:1;s:10:\"04-12-2026\";i:1;s:10:\"04-13-2026\";i:3;s:10:\"04-18-2026\";i:1;s:10:\"04-19-2026\";i:2;s:10:\"04-21-2026\";i:1;s:10:\"04-22-2026\";i:1;s:10:\"04-24-2026\";i:2;s:10:\"04-25-2026\";i:4;s:10:\"04-26-2026\";i:2;s:10:\"04-27-2026\";i:4;s:10:\"04-28-2026\";i:2;s:10:\"04-29-2026\";i:1;}"],"houzez_recently_viewed":["2026-04-29 10:08:53"],"_edit_lock":["1773147419:1"],"_edit_last":["1"],"fave_show_price_placeholder":["0"],"fave_property_disclaimer":["EXENCI\u00d3 DE RESPONSABILITAT Tota la informaci\u00f3 continguda en aquest lloc web es considera fiable per\u00f2 no est\u00e0 garantida. Totes les propietats estan subjectes a un av\u00eds previ de venda, canvi o retirada. Mallorca Property Guru creu que tota la informaci\u00f3 \u00e9s correcta per\u00f2 no assumeix cap responsabilitat legal per a la seva exactitud. Heu de consultar els vostres assessors per a una verificaci\u00f3 independent de qualsevol propietat."],"houzez_manual_expire":["0"],"_houzez_expiration_date_status":["saved"],"_b2s_post_meta":["a:7:{s:8:\"og_title\";s:37:\"Casa Senyorial Can Bisca\u00ed Binissalem\";s:7:\"og_desc\";s:688:\"Es ven a Binissalem la hist\u00f2rica casa senyorial Can Bisca\u00ed. Situada al carrer de la Goleta al nucli urb\u00e0 o assentament original del poble de Binissalem que data des de l&#8217;assentament d&#8217;Ar\u00e0bia de l&#8217;illa. Les finques del voltant Can Juli\u00e0, Can Carreter i Can Garrover comparteixen el mateix estatus com a mostres significatives del patrimoni cultural i hist\u00f2ric del poble de Binissalem. Can Bisca\u00ed probablement data de l&#8217;\u00e8poca medieval, per\u00f2 la primera not\u00edcia data de l&#8217;any 1678, el que queda de la construcci\u00f3 original conserva moltes de les caracter\u00edstiques arquitect\u00f2niques de les cases senyorial del poble, entre les quals destaquen [&hellip;]\";s:8:\"og_image\";s:83:\"https:\/\/www.mallorcaguru.es\/wp-content\/uploads\/2024\/02\/Can-Biscai-Binissalem-30.jpg\";s:12:\"og_image_alt\";s:0:\"\";s:10:\"card_title\";s:37:\"Casa Senyorial Can Bisca\u00ed Binissalem\";s:9:\"card_desc\";s:688:\"Es ven a Binissalem la hist\u00f2rica casa senyorial Can Bisca\u00ed. Situada al carrer de la Goleta al nucli urb\u00e0 o assentament original del poble de Binissalem que data des de l&#8217;assentament d&#8217;Ar\u00e0bia de l&#8217;illa. Les finques del voltant Can Juli\u00e0, Can Carreter i Can Garrover comparteixen el mateix estatus com a mostres significatives del patrimoni cultural i hist\u00f2ric del poble de Binissalem. Can Bisca\u00ed probablement data de l&#8217;\u00e8poca medieval, per\u00f2 la primera not\u00edcia data de l&#8217;any 1678, el que queda de la construcci\u00f3 original conserva moltes de les caracter\u00edstiques arquitect\u00f2niques de les cases senyorial del poble, entre les quals destaquen [&hellip;]\";s:10:\"card_image\";s:83:\"https:\/\/www.mallorcaguru.es\/wp-content\/uploads\/2024\/02\/Can-Biscai-Binissalem-30.jpg\";}"],"_wpscppro_advance_schedule":[""],"_facebook_share_type":["default"],"_twitter_share_type":["default"],"_linkedin_share_type":["default"],"_pinterest_share_type":["default"],"_instagram_share_type":["default"],"_medium_share_type":["default"],"_selected_social_profile":["a:0:{}"],"_wpml_word_count":["483"],"rank_math_primary_property_status":["3530"],"rank_math_primary_property_feature":["0"],"rank_math_primary_property_label":["0"],"rank_math_primary_property_country":["750"],"rank_math_primary_property_state":["752"],"rank_math_primary_property_city":["564"],"rank_math_primary_property_area":["680"],"rank_math_breadcrumb_title":["Binissalem Can Bisca\u00ed"],"rank_math_pillar_content":["off"],"rank_math_news_sitemap_robots":["index"],"rank_math_robots":["a:1:{i:0;s:5:\"index\";}"],"rank_math_seo_score":["18"],"rank_math_primary_property_type":["1619"],"fave_virtual_tour":["<iframe title=\"vimeo-player\" src=\"https:\/\/player.vimeo.com\/video\/914512538?h=c47068a348\" width=\"640\" height=\"360\" frameborder=\"0\" allowfullscreen=\"\"><\/iframe>"],"_wpsp_custom_templates":["a:7:{s:8:\"facebook\";a:3:{s:8:\"template\";s:0:\"\";s:8:\"profiles\";a:0:{}s:9:\"is_global\";b:0;}s:7:\"twitter\";a:3:{s:8:\"template\";s:0:\"\";s:8:\"profiles\";a:0:{}s:9:\"is_global\";b:0;}s:8:\"linkedin\";a:3:{s:8:\"template\";s:0:\"\";s:8:\"profiles\";a:0:{}s:9:\"is_global\";b:0;}s:9:\"pinterest\";a:3:{s:8:\"template\";s:0:\"\";s:8:\"profiles\";a:0:{}s:9:\"is_global\";b:0;}s:9:\"instagram\";a:3:{s:8:\"template\";s:0:\"\";s:8:\"profiles\";a:0:{}s:9:\"is_global\";b:0;}s:6:\"medium\";a:3:{s:8:\"template\";s:0:\"\";s:8:\"profiles\";a:0:{}s:9:\"is_global\";b:0;}s:7:\"threads\";a:3:{s:8:\"template\";s:0:\"\";s:8:\"profiles\";a:0:{}s:9:\"is_global\";b:0;}}"],"fave_portal_1754226254":["1"],"fave_portal_1754395991":["0"],"fave_portal_1754598704":["1"],"has_images":["1"],"rank_math_analytic_object_id":["574"],"fave_property_price":["1500000"],"fave_property_size":["784"],"fave_property_size_prefix":["m2"],"fave_property_land":["1828"],"fave_property_land_postfix":["m2"],"fave_property_year":["1678"],"fave_property_id":["710"],"fave_property_map":["1"],"fave_property_map_address":["carrer de sa Goleta, Binissalem, Raiguer, Illes Balears, 07350, Espa\u00f1a"],"fave_property_location":["39.6951029,2.846331,18"],"fave_property_map_street_view":["hide"],"fave_property_address":["carrer de sa Goleta, Binissalem, Raiguer, Illes Balears, 07350, Espa\u00f1a"],"fave_property_zip":["07350"],"fave_video_url":["https:\/\/vimeo.com\/914512538"],"fave_prop_homeslider":["no"],"rank_math_title":["Es ven a Binissalem Can Bisca\u00ed  %sep% %sitename%"],"rank_math_description":["Es ven a Binissalem Can Bisca\u00ed una casa senyorial mallorquina que data del segle XVII Terreny 1828m2 casa 784m2. Venda d'immobles Mallorca"],"rank_math_focus_keyword":["En ven a Binissalem"],"fave_wine-region":["Denominaci\u00f3 d'Origen Binissalem"],"fave_featured":["1"],"fave_property_images":["68787","68792","68732","68742","68737","68762","68767","68772","68777","68757","68752","68747","68722","68727","68797","68822","68812","68817","68702","68802","68807","68707","68712","68717","68827","68832"],"fave_agent_display_option":["agent_info"],"fave_agents":["5167"],"fave_single_top_area":["global"],"fave_single_content_area":["global"]},"_links":{"self":[{"href":"https:\/\/www.mallorcaguru.es\/ca\/wp-json\/wp\/v2\/properties\/68845","targetHints":{"allow":["GET"]}}],"collection":[{"href":"https:\/\/www.mallorcaguru.es\/ca\/wp-json\/wp\/v2\/properties"}],"about":[{"href":"https:\/\/www.mallorcaguru.es\/ca\/wp-json\/wp\/v2\/types\/property"}],"author":[{"embeddable":true,"href":"https:\/\/www.mallorcaguru.es\/ca\/wp-json\/wp\/v2\/users\/1"}],"version-history":[{"count":0,"href":"https:\/\/www.mallorcaguru.es\/ca\/wp-json\/wp\/v2\/properties\/68845\/revisions"}],"wp:featuredmedia":[{"embeddable":true,"href":"https:\/\/www.mallorcaguru.es\/ca\/wp-json\/wp\/v2\/media\/68793"}],"wp:attachment":[{"href":"https:\/\/www.mallorcaguru.es\/ca\/wp-json\/wp\/v2\/media?parent=68845"}],"wp:term":[{"taxonomy":"property_type","embeddable":true,"href":"https:\/\/www.mallorcaguru.es\/ca\/wp-json\/wp\/v2\/property_type?post=68845"},{"taxonomy":"property_status","embeddable":true,"href":"https:\/\/www.mallorcaguru.es\/ca\/wp-json\/wp\/v2\/property_status?post=68845"},{"taxonomy":"property_feature","embeddable":true,"href":"https:\/\/www.mallorcaguru.es\/ca\/wp-json\/wp\/v2\/property_feature?post=68845"},{"taxonomy":"property_label","embeddable":true,"href":"https:\/\/www.mallorcaguru.es\/ca\/wp-json\/wp\/v2\/property_label?post=68845"},{"taxonomy":"property_country","embeddable":true,"href":"https:\/\/www.mallorcaguru.es\/ca\/wp-json\/wp\/v2\/property_country?post=68845"},{"taxonomy":"property_state","embeddable":true,"href":"https:\/\/www.mallorcaguru.es\/ca\/wp-json\/wp\/v2\/property_state?post=68845"},{"taxonomy":"property_city","embeddable":true,"href":"https:\/\/www.mallorcaguru.es\/ca\/wp-json\/wp\/v2\/property_city?post=68845"},{"taxonomy":"property_area","embeddable":true,"href":"https:\/\/www.mallorcaguru.es\/ca\/wp-json\/wp\/v2\/property_area?post=68845"}],"curies":[{"name":"wp","href":"https:\/\/api.w.org\/{rel}","templated":true}]}}