{"id":167501,"date":"2025-03-05T16:33:19","date_gmt":"2025-03-05T15:33:19","guid":{"rendered":"https:\/\/www.mallorcaguru.es\/property\/bebaubares-grundstueck-zum-verkauf-in-santa-margalida-mallorca\/"},"modified":"2026-03-10T13:28:51","modified_gmt":"2026-03-10T12:28:51","slug":"bebaubares-grundstueck-zum-verkauf-in-santa-margalida-mallorca","status":"publish","type":"property","link":"https:\/\/www.mallorcaguru.es\/de\/immobilien\/bebaubares-grundstueck-zum-verkauf-in-santa-margalida-mallorca\/","title":{"rendered":"Bebaubares Grundst\u00fcck zum Verkauf in Santa Margalida, Mallorca"},"content":{"rendered":"<p>Bebaubares Grundst\u00fcck zum Verkauf in Santa Margalida, Mallorca. Eine Gruppe von zehn rustikalen Grundst\u00fccken mit einer Gesamtfl\u00e4che von 56.396 m\u00b2, die f\u00fcr die Beantragung von Lizenzen zum Bau von zwei oder drei Immobilien in zwei oder drei Bereiche unterteilt werden k\u00f6nnen oder je nach Wunsch des K\u00e4ufers als eine gro\u00dfe Immobilie bestehen bleiben k\u00f6nnen. Die zul\u00e4ssige Baufl\u00e4che in dieser Gegend von Mallorca variiert zwischen 2 % und 3 % der Gesamtquadratmeterzahl des Landes. Auf diesen Grundst\u00fccken besteht die M\u00f6glichkeit zum Bau einer Immobilie an der auf Mallorca zul\u00e4ssigen Obergrenze. Der zentrale Bereich der Grundst\u00fccke hat eine erh\u00f6hte Lage mit Fernblick auf die Bucht von Alcudia. Die Lage an einer kleinen, wenig befahrenen Landstra\u00dfe ist ideal f\u00fcr den Bau eines sehr gro\u00dfen Privathauses oder die Investition in zwei bis drei l\u00e4ndliche Projekte zum Weiterverkauf. Bitte kontaktieren Sie uns f\u00fcr weitere Informationen.<\/p>\n<p><span class=\"JLqJ4b ChMk0b\" data-language-for-alternatives=\"de\" data-language-to-translate-into=\"en\" data-phrase-index=\"2\" data-number-of-phrases=\"10\"><span class=\"Q4iAWc\">Santa Margalida Mallorca.<\/span><\/span>\u00a0<span class=\"JLqJ4b ChMk0b\" data-language-for-alternatives=\"de\" data-language-to-translate-into=\"en\" data-phrase-index=\"3\" data-number-of-phrases=\"10\"><span class=\"Q4iAWc\">Santa Margalida ist eine kleine Stadt im Herzen eines flachen Tals, das zur Bucht von Alcudia f\u00fchrt.<\/span><\/span>\u00a0<span class=\"JLqJ4b ChMk0b\" data-language-for-alternatives=\"de\" data-language-to-translate-into=\"en\" data-phrase-index=\"4\" data-number-of-phrases=\"10\"><span class=\"Q4iAWc\">Die Feuchtgebiete hinter der K\u00fcste sind einer der wichtigsten Nahrungsgr\u00fcnde f\u00fcr Zugv\u00f6gel im westlichen Mittelmeer.<\/span><\/span><\/p>\n","protected":false},"excerpt":{"rendered":"<p>Baugrundst\u00fcck zu verkaufen Santa Margalida Mallorca Ein idealer Standort f\u00fcr den Bau eines sehr gro\u00dfen Privathauses oder die Investition in zwei bis drei l\u00e4ndliche Projekte zum Weiterverkauf<\/p>\n","protected":false},"author":2749,"featured_media":167480,"parent":0,"menu_order":0,"template":"","property_type":[426],"property_status":[757],"property_feature":[1024,835,1384,940,1766,814,755,1458,936,1179,813],"property_label":[3929,4371],"property_country":[754],"property_state":[756,580],"property_city":[701],"property_area":[1211],"class_list":["post-167501","property","type-property","status-publish","has-post-thumbnail","hentry","property_type-grundstueck-zu-verkaufen-mallorca","property_status-immobilien-zum-verkauf-mallorca","property_feature-immobilien-eigenschaften-immobilien-verkauf-mallorca-immobilien-standort-das-innere-mallorca","property_feature-immobilien-eigenschaften-immobilien-verkauf-mallorca-immobilien-lage-gute-strassenanbindung","property_feature-immobilien-zum-verkauf-auf-mallorca-mit-toller-aussicht","property_feature-immobilien-eigenschaften-immobilien-verkauf-mallorca-immobilien-lage-in-der-nahe-von-restaurants","property_feature-immobilien-eigenschaften-immobilien-verkauf-mallorca-immobilien-lage","property_feature-immobilien-eigenschaften-immobilien-verkauf-mallorca-immobilien-lage-landschaft","property_feature-immobilien-auf-mallorca-immobilie-ansichten-landschaft","property_feature-immobilien-auf-mallorca-immobilie-blick-meer-oder-kuste","property_feature-immobilieneigenschaften-immobilienverkauf-mallorca-immobilienlage-in-der-nahe-aller-annehmlichkeiten","property_feature-immobilien-eigenschaften-immobilien-verkauf-mallorca-immobilie-lage-liegt-in-der-nahe-von-geschaften","property_feature-immobilien-eigenschaften-immobilien-verkauf-mallorca-immobilien-lage-ruhige-lage","property_label-immobilien-mit-meerblick-auf-mallorca-kaufen","property_label-weinberge-und-weingueter-zum-verkauf-auf-mallorca","property_country-zu-verkaufen-mallorca-spanien-mallorca-immobilien-guru","property_state-immobilien-zum-verkauf-auf-mallorca","property_state-immobilien-zum-verkauf-auf-pla-de-mallorca-zentrum","property_city-immobilien-kaufen-santa-margalida-mallorca","property_area-herkunftsbezeichnung-pla-und-llevant-wein-mallorca"],"property_meta":{"houzez_featured_listing_date":["2026-03-10 13:28:51"],"_wpml_media_duplicate":["1"],"_wpml_media_featured":["1"],"_top_nav_excluded":[""],"_cms_nav_minihome":[""],"_wp_page_template":["default"],"houzez_geolocation_lat":["39.70384854068"],"houzez_geolocation_long":["3.1424249255272"],"_thumbnail_id":["167480"],"houzez_total_property_views":["365"],"houzez_views_by_date":["a:61:{s:10:\"01-20-2026\";i:5;s:10:\"01-21-2026\";i:1;s:10:\"01-22-2026\";i:1;s:10:\"01-23-2026\";i:1;s:10:\"01-24-2026\";i:3;s:10:\"01-25-2026\";i:1;s:10:\"01-26-2026\";i:1;s:10:\"01-28-2026\";i:2;s:10:\"01-29-2026\";i:1;s:10:\"01-30-2026\";i:1;s:10:\"01-31-2026\";i:1;s:10:\"02-01-2026\";i:4;s:10:\"02-02-2026\";i:2;s:10:\"02-03-2026\";i:3;s:10:\"02-04-2026\";i:2;s:10:\"02-05-2026\";i:1;s:10:\"02-07-2026\";i:1;s:10:\"02-08-2026\";i:1;s:10:\"02-11-2026\";i:1;s:10:\"02-12-2026\";i:1;s:10:\"02-13-2026\";i:1;s:10:\"02-14-2026\";i:2;s:10:\"02-15-2026\";i:1;s:10:\"02-16-2026\";i:1;s:10:\"02-17-2026\";i:1;s:10:\"02-19-2026\";i:1;s:10:\"02-22-2026\";i:1;s:10:\"02-24-2026\";i:1;s:10:\"02-25-2026\";i:2;s:10:\"02-28-2026\";i:1;s:10:\"03-03-2026\";i:1;s:10:\"03-04-2026\";i:1;s:10:\"03-05-2026\";i:2;s:10:\"03-06-2026\";i:2;s:10:\"03-08-2026\";i:1;s:10:\"03-09-2026\";i:3;s:10:\"03-11-2026\";i:1;s:10:\"03-12-2026\";i:2;s:10:\"03-14-2026\";i:1;s:10:\"03-15-2026\";i:1;s:10:\"03-16-2026\";i:2;s:10:\"03-18-2026\";i:1;s:10:\"03-22-2026\";i:1;s:10:\"03-26-2026\";i:3;s:10:\"03-29-2026\";i:2;s:10:\"03-30-2026\";i:1;s:10:\"03-31-2026\";i:2;s:10:\"04-04-2026\";i:1;s:10:\"04-05-2026\";i:2;s:10:\"04-06-2026\";i:1;s:10:\"04-08-2026\";i:1;s:10:\"04-09-2026\";i:1;s:10:\"04-13-2026\";i:4;s:10:\"04-16-2026\";i:3;s:10:\"04-17-2026\";i:1;s:10:\"04-19-2026\";i:1;s:10:\"04-22-2026\";i:1;s:10:\"04-25-2026\";i:1;s:10:\"04-26-2026\";i:2;s:10:\"04-27-2026\";i:2;s:10:\"04-28-2026\";i:1;}"],"houzez_recently_viewed":["2026-04-28 10:55:03"],"_edit_lock":["1773145734:1"],"_edit_last":["1"],"_wpscppro_advance_schedule":[""],"fave_show_price_placeholder":["0"],"houzez_manual_expire":["0"],"_houzez_expiration_date_status":["saved"],"_facebook_share_type":["default"],"_twitter_share_type":["default"],"_linkedin_share_type":["default"],"_pinterest_share_type":["default"],"_instagram_share_type":["default"],"_medium_share_type":["default"],"_selected_social_profile":["a:0:{}"],"_last_translation_edit_mode":["native-editor"],"rank_math_news_sitemap_robots":["index"],"rank_math_robots":["a:1:{i:0;s:5:\"index\";}"],"rank_math_seo_score":["50"],"fave_price-per-m2":["11.9\u20ac\/m2"],"rank_math_primary_property_type":["426"],"rank_math_primary_property_status":["757"],"rank_math_primary_property_feature":["0"],"rank_math_primary_property_label":["0"],"rank_math_primary_property_country":["754"],"rank_math_primary_property_state":["756"],"rank_math_primary_property_city":["701"],"rank_math_primary_property_area":["1211"],"_wpml_word_count":["249"],"fave_property_price":["675000"],"fave_property_land":["56396"],"fave_property_land_postfix":["m2"],"fave_property_id":["794"],"fave_property_map":["1"],"fave_property_map_address":["carrerassa de sa Teulada, Santa Margalida, Pla de Mallorca, Balearen, Spanien"],"fave_property_location":["39.70384854068,3.1424249255272,14"],"fave_property_map_street_view":["show"],"fave_property_address":["carrerassa de sa Teulada, Santa Margalida, Pla de Mallorca, Balearen, Spanien"],"fave_property_zip":["07450"],"fave_prop_homeslider":["no"],"rank_math_focus_keyword":["Bebaubares Grundst\u00fcck zum Verkauf"],"rank_math_rich_snippet":["off"],"fave_portal_1754226254":["1"],"fave_portal_1754395991":["0"],"fave_portal_1754598704":["1"],"has_images":["1"],"_wpsp_custom_templates":["a:7:{s:8:\"facebook\";a:3:{s:8:\"template\";s:0:\"\";s:8:\"profiles\";a:0:{}s:9:\"is_global\";b:0;}s:7:\"twitter\";a:3:{s:8:\"template\";s:0:\"\";s:8:\"profiles\";a:0:{}s:9:\"is_global\";b:0;}s:8:\"linkedin\";a:3:{s:8:\"template\";s:0:\"\";s:8:\"profiles\";a:0:{}s:9:\"is_global\";b:0;}s:9:\"pinterest\";a:3:{s:8:\"template\";s:0:\"\";s:8:\"profiles\";a:0:{}s:9:\"is_global\";b:0;}s:9:\"instagram\";a:3:{s:8:\"template\";s:0:\"\";s:8:\"profiles\";a:0:{}s:9:\"is_global\";b:0;}s:6:\"medium\";a:3:{s:8:\"template\";s:0:\"\";s:8:\"profiles\";a:0:{}s:9:\"is_global\";b:0;}s:7:\"threads\";a:3:{s:8:\"template\";s:0:\"\";s:8:\"profiles\";a:0:{}s:9:\"is_global\";b:0;}}"],"rank_math_analytic_object_id":["463"],"_threads_share_type":["default"],"_google_business_share_type":["default"],"fave_featured":["1"],"fave_property_images":["167468","167478","167448","167473","167463","167483","167488","167493","167458","167453"],"fave_agent_display_option":["agent_info"],"fave_agents":["4235"],"fave_single_top_area":["global"],"fave_single_content_area":["global"],"_elementor_page_assets":["a:0:{}"]},"_links":{"self":[{"href":"https:\/\/www.mallorcaguru.es\/de\/wp-json\/wp\/v2\/properties\/167501","targetHints":{"allow":["GET"]}}],"collection":[{"href":"https:\/\/www.mallorcaguru.es\/de\/wp-json\/wp\/v2\/properties"}],"about":[{"href":"https:\/\/www.mallorcaguru.es\/de\/wp-json\/wp\/v2\/types\/property"}],"author":[{"embeddable":true,"href":"https:\/\/www.mallorcaguru.es\/de\/wp-json\/wp\/v2\/users\/2749"}],"version-history":[{"count":0,"href":"https:\/\/www.mallorcaguru.es\/de\/wp-json\/wp\/v2\/properties\/167501\/revisions"}],"wp:featuredmedia":[{"embeddable":true,"href":"https:\/\/www.mallorcaguru.es\/de\/wp-json\/wp\/v2\/media\/167480"}],"wp:attachment":[{"href":"https:\/\/www.mallorcaguru.es\/de\/wp-json\/wp\/v2\/media?parent=167501"}],"wp:term":[{"taxonomy":"property_type","embeddable":true,"href":"https:\/\/www.mallorcaguru.es\/de\/wp-json\/wp\/v2\/property_type?post=167501"},{"taxonomy":"property_status","embeddable":true,"href":"https:\/\/www.mallorcaguru.es\/de\/wp-json\/wp\/v2\/property_status?post=167501"},{"taxonomy":"property_feature","embeddable":true,"href":"https:\/\/www.mallorcaguru.es\/de\/wp-json\/wp\/v2\/property_feature?post=167501"},{"taxonomy":"property_label","embeddable":true,"href":"https:\/\/www.mallorcaguru.es\/de\/wp-json\/wp\/v2\/property_label?post=167501"},{"taxonomy":"property_country","embeddable":true,"href":"https:\/\/www.mallorcaguru.es\/de\/wp-json\/wp\/v2\/property_country?post=167501"},{"taxonomy":"property_state","embeddable":true,"href":"https:\/\/www.mallorcaguru.es\/de\/wp-json\/wp\/v2\/property_state?post=167501"},{"taxonomy":"property_city","embeddable":true,"href":"https:\/\/www.mallorcaguru.es\/de\/wp-json\/wp\/v2\/property_city?post=167501"},{"taxonomy":"property_area","embeddable":true,"href":"https:\/\/www.mallorcaguru.es\/de\/wp-json\/wp\/v2\/property_area?post=167501"}],"curies":[{"name":"wp","href":"https:\/\/api.w.org\/{rel}","templated":true}]}}