{"id":245208,"date":"2025-06-25T15:44:31","date_gmt":"2025-06-25T13:44:31","guid":{"rendered":"https:\/\/www.mallorcaguru.es\/property\/neues-villenprojekt-auf-mallorca-zu-verkaufen\/"},"modified":"2025-08-13T16:05:11","modified_gmt":"2025-08-13T14:05:11","slug":"neues-villenprojekt-auf-mallorca-zu-verkaufen","status":"publish","type":"property","link":"https:\/\/www.mallorcaguru.es\/de\/immobilien\/neues-villenprojekt-auf-mallorca-zu-verkaufen\/","title":{"rendered":"Neues Villenprojekt auf Mallorca zu verkaufen"},"content":{"rendered":"<h2><span style=\"font-size: 12pt;\">Projekt f\u00fcr eine neue Villa in Consell auf Mallorca zu verkaufen<\/span><\/h2>\n<p>Eine Baugenehmigung f\u00fcr eine l\u00e4ndliche Villa s\u00fcdlich des Dorfes Consell liegt vor. Sie verf\u00fcgt \u00fcber vier Schlafzimmer, drei Badezimmer, eine S\u00fcdterrasse und einen Pool. Mit Blick auf die Berge und Weinberge, f\u00fcr die die Inselmitte ber\u00fchmt ist, bietet sie die M\u00f6glichkeit, sofort mit den Bauarbeiten zu beginnen, da ein Gro\u00dfteil der Erdarbeiten bereits abgeschlossen ist und das Projekt genehmigt ist. Der K\u00e4ufer kann sich mit dem Architekten abstimmen, um w\u00e4hrend der Bauphase die gew\u00fcnschten Oberfl\u00e4chen und Dekorationen hinzuzuf\u00fcgen.<\/p>\n<h3><span style=\"font-size: 12pt;\">Neues Villenprojekt auf Mallorca zu verkaufen: Details<\/span><\/h3>\n<h3><span style=\"font-size: 12pt;\">Erdgeschoss: 208,11 m\u00b2, Aufteilung<\/span><\/h3>\n<h3><span style=\"font-size: 12pt;\">Wohnk\u00fcche<\/span><\/h3>\n<p>Der Hauptwohnbereich des Hauses ist ein gro\u00dfes, offenes Wohn-\/Esszimmer mit doppelter Deckenh\u00f6he. Die voll ausgestattete K\u00fcche ist durch eine zentral platzierte K\u00fccheninsel mit Fr\u00fchst\u00fccksbar vom Essbereich getrennt und eignet sich ideal f\u00fcr gem\u00fctliche Mahlzeiten mit der Familie. Vom Wohnzimmer aus hat man Blick auf die Terrasse und den Pool. Doppelt\u00fcren auf beiden Seiten des Wohnzimmers bieten Zugang zum Garten, zur Terrasse und zum Pool.<\/p>\n<h3><span style=\"font-size: 12pt;\">Schlafzimmer<\/span><\/h3>\n<p>Angrenzend an die Wohnk\u00fcche befinden sich drei Doppelschlafzimmer. Zwei davon teilen sich ein komplettes Badezimmer mit Dusche, das dritte verf\u00fcgt \u00fcber ein eigenes Bad mit Badewanne und Ankleideraum. Alle Schlafzimmer haben T\u00fcren mit Zugang zum Garten und zum Pool. Unter dem G\u00e4stebad befindet sich eine Waschk\u00fcche, die vom Pool und der Terrasse aus bequem zug\u00e4nglich ist.<\/p>\n<p>Das Hauptschlafzimmer mit eigenem Bad ist vom Hauptgeb\u00e4ude abgetrennt und bietet so mehr Privatsph\u00e4re.<\/p>\n<h3><span style=\"font-size: 12pt;\">Fitnessraum\/Kino 174,40 m\u00b2<\/span><\/h3>\n<p>Im Untergeschoss befinden sich ein 56 m\u00b2 gro\u00dfer Kinoraum und ein Fitnessraum mit G\u00e4ste-WC am Fu\u00df der Treppe zum Obergeschoss. Ein gro\u00dfer Abstellraum und ein Regenwasserreservoir zum Sammeln von Regenwasser vom Dach erg\u00e4nzen den Bedarf f\u00fcr den Pool in den hei\u00dfesten Monaten und f\u00fcr den Garten. Die gesamte Technik f\u00fcr den Pool und die Haustechnik befindet sich ebenfalls im Untergeschoss.<\/p>\n<h3><span style=\"font-size: 12pt;\">Neues Villenprojekt auf Mallorca zu verkaufen: Grundst\u00fcck und Lage<\/span><\/h3>\n<p>Das Grundst\u00fcck befindet sich s\u00fcdlich des Dorfes Conseil und ist \u00fcber die Autobahn und die Ortsstra\u00dfen gut an die D\u00f6rfer im Inselinneren, Palma de Mallorca und den Flughafen angebunden. Die Gegend ist bei Mallorca-Bewohnern beliebt, deren Kinder sowohl internationale als auch lokale Schulen besuchen, da die Bildungseinrichtungen und die Inselhauptstadt gut erreichbar sind.<\/p>\n<p>Da die Baugenehmigung erteilt wurde und die meisten Arbeiten f\u00fcr den Bau bereits abgeschlossen sind, bietet das Projekt eine ideale Gelegenheit f\u00fcr alle, die eine g\u00fcnstig gelegene Villa im Inselinneren suchen und sich die langen Baugenehmigungsfristen sparen m\u00f6chten, um ihr Traumhaus zu verwirklichen.<\/p>\n<p>Bitte kontaktieren Sie uns, um eine Besichtigung des Grundst\u00fccks zu vereinbaren. Die Pl\u00e4ne f\u00fcr das Villenprojekt auf Mallorca stehen als Download zur Verf\u00fcgung. Bei Fragen beantworten wir diese gerne.<\/p>\n<h4>Consell Mallorca, Landkreis <a href=\"https:\/\/www.mallorcaguru.es\/de\/bezirk\/immobilien-zum-verkauf-auf-raiguer-mallorca\/\" target=\"_blank\" rel=\"noopener\">Raiguer<\/a>, Inselmitte.<\/h4>\n<p>Consell liegt zwischen den D\u00f6rfern <a href=\"https:\/\/www.mallorcaguru.es\/de\/dorf\/zu-verkaufen-santa-maria-del-cami-mallorca\/\" target=\"_blank\" rel=\"noopener\">Santa Maria del Cami<\/a> und <a href=\"https:\/\/www.mallorcaguru.es\/de\/dorf\/zu-verkaufen-binissalem-mallorca\/\" target=\"_blank\" rel=\"noopener\">Binissalem<\/a>. Consell ist von Weinbergen umgeben und genie\u00dft einen ausgezeichneten Ruf f\u00fcr seine Bodegas. Jeden Sonntag findet ein beliebter Antiquit\u00e4tenmarkt statt, der das ganze Jahr \u00fcber von Menschen aus ganz Mallorca und in den Sommermonaten von vielen Touristen besucht wird.<\/p>\n<p>Lesen Sie unseren Blog<\/p>\n<h4><a href=\"https:\/\/www.mallorcaguru.es\/de\/hausbau-auf-mallorca\/\" target=\"_blank\" rel=\"noopener\">Hausbau auf Mallorca<\/a><\/h4>\n","protected":false},"excerpt":{"rendered":"<p>Neues Villenprojekt auf Mallorca zu verkaufen mit vier Schlafzimmern, drei B\u00e4dern, S\u00fcdterrasse und Pool. Mit Blick auf die Berge und Weinberge<\/p>\n","protected":false},"author":1,"featured_media":245003,"parent":0,"menu_order":0,"template":"","property_type":[426],"property_status":[757],"property_feature":[1653,478,1487,837,2328,2333,1024,2902,2897,833,2102,482,2892,1382,1380,836,516,2106,1384,1538,2097,1771,2855,2254,2076,1766,1475,814,755,934,2273,1159,1026,489,832,813,2207,1383,1348,2923,3198,1379,816,1681,1025,1112,831,1148,1150],"property_label":[3863],"property_country":[754],"property_state":[756,554],"property_city":[2060],"property_area":[681],"class_list":["post-245208","property","type-property","status-publish","has-post-thumbnail","hentry","property_type-grundstueck-zu-verkaufen-mallorca","property_status-immobilien-zum-verkauf-mallorca","property_feature-immobilien-zum-verkauf-mallorca-immobilien-eigenschaften-ankleideraum","property_feature-immobilien-zum-verkauf-mallorca-immobilien-eigenschaften-badezimmer","property_feature-baugenehmigung-basic","property_feature-immobilien-auf-mallorca-immobilie-blick-berg","property_feature-immobilien-zu-verkaufen-mallorca-immobilien-eigenschaften-innenausstattung-bodenbelag","property_feature-immobilien-zu-verkaufen-mallorca-immobilien-eigenschaften-innenausstattung-fussboden-stein","property_feature-immobilien-eigenschaften-immobilien-verkauf-mallorca-immobilien-standort-das-innere-mallorca","property_feature-die-akademie-internationale-schule-mallorca-spanien","property_feature-die-montessori-schule-von-mallorca","property_feature-immobilien-zu-verkaufen-mallorca-immobilienmerkmale-einbauschraenke","property_feature-immobilien-zum-verkauf-mallorca-immobilien-eigenschaften-sicherheitszaun","property_feature-immobilien-eigenschaften-immobilien-zum-verkauf-mallorca-en-suite-badezimmer","property_feature-fundacio-sa-llavor-internationale-schule-mallorca","property_feature-immobilien-zum-verkauf-auf-mallorca-mit-garage-oder-parkplatz","property_feature-immobilien-merkmale-immobilien-verkauf-mallorca-immobilien-garten","property_feature-immobilien-auf-mallorca-immobilie-blick-garten-pool","property_feature-immobilien-zu-verkaufen-mallorca-immobilien-eigenschaften-gaeste-toilette","property_feature-immobilien-zum-verkauf-auf-mallorca-mit-einem-fitnessstudio","property_feature-immobilien-zum-verkauf-auf-mallorca-mit-toller-aussicht","property_feature-immobilien-zum-verkauf-mallorca-immobiliendokumente","property_feature-immobilien-zum-verkauf-auf-mallorca-mit-einem-sicherheitssystem","property_feature-immobilien-zu-verkaufen-mallorca-immobilie-merkmale-innenausstattung","property_feature-immobilien-eigenschaften-internationale-schulen-mallorca","property_feature-immobilien-zum-verkauf-mallorca-versorger-oeffentliche-dienste-klargrube","property_feature-immobilien-zum-verkauf-auf-mallorca-mit-kuche","property_feature-immobilien-eigenschaften-immobilien-verkauf-mallorca-immobilien-lage","property_feature-immobilien-eigenschaften-immobilien-verkauf-mallorca-immobilien-lage-in-der-nahe-von-schulen","property_feature-immobilien-eigenschaften-immobilien-verkauf-mallorca-immobilien-lage-landschaft","property_feature-immobilien-auf-mallorca-immobilie-ansichten-landschaft","property_feature-immobilien-zu-verkaufen-mallorca-immobilie-eigenschaften-innenausstattung-modernes-interieur","property_feature-immobilien-verkauf-mallorca-immobilie-eigenschaften-zustand-neue-entwicklungsliegenschaft","property_feature-immobilien-verkauf-mallorca-immobilien-eigenschaften-off-road-parken","property_feature-immobilien-zum-verkauf-auf-mallorca-mit-offene-kuche","property_feature-immobilien-zu-verkaufen-mallorca-immobilienmerkmale-on-suite-duschraum","property_feature-immobilien-zum-verkauf-mallorca-mit-privatem-schwimmbad","property_feature-immobilien-eigenschaften-immobilien-verkauf-mallorca-immobilien-lage-ruhige-lage","property_feature-immobilien-zum-verkauf-mallorca-immobilien-eigenschaften-schlafzimmer","property_feature-immobilien-zum-verkauf-auf-mallorca-mit-schwimmbad","property_feature-immobilien-eigenschaften-immobilien-verkauf-mallorca-immobilie-garten-terrasse","property_feature-immobilien-mallorca-immobilienmerkmale-trinkwasserfiltersystem","property_feature-ueberdachter-parkplatz","property_feature-immobilien-zum-verkauf-mallorca-versorger-oeffentliche-dienste","property_feature-immobilien-zum-verkauf-auf-mallorca-mit-vollausgestatteter-kuche","property_feature-immobilien-zum-verkauf-auf-mallorca-mit-waschekammer","property_feature-immobilien-zum-verkauf-auf-mallorca-mit-einer-wohnkuche","property_feature-immobilien-zu-verkaufen-mallorca-versorger-immobilien-eigenschaften-regenwasserzisterne","property_feature-immobilien-verkauf-mallorca-immobilien-eigenschaften-zufahrt","property_feature-immobilien-zum-verkauf-auf-mallorca-immobilie-besondere-besonderheiten","property_feature-immobilienverkauf-mallorca-immobilieneigenschaften-zustand-der-immobilie","property_label-bauprojekte-zum-verkauf-mallorca","property_country-zu-verkaufen-mallorca-spanien-mallorca-immobilien-guru","property_state-immobilien-zum-verkauf-auf-mallorca","property_state-immobilien-zum-verkauf-auf-raiguer-mallorca","property_city-immobilien-zu-verkaufen-consell-mallorca","property_area-herkunftsbezeichnung-binissalem-wein-mallorca"],"property_meta":{"houzez_featured_listing_date":["2025-08-13 16:05:11"],"_wpml_media_duplicate":["1"],"_wpml_media_featured":["1"],"_top_nav_excluded":[""],"_cms_nav_minihome":[""],"_wp_page_template":["default"],"houzez_geolocation_lat":["39.6581285"],"houzez_geolocation_long":["2.8338409"],"_thumbnail_id":["245003"],"_wpml_word_count":["630"],"houzez_total_property_views":["331"],"houzez_views_by_date":["a:61:{s:10:\"01-16-2026\";i:2;s:10:\"01-18-2026\";i:1;s:10:\"01-20-2026\";i:2;s:10:\"01-24-2026\";i:2;s:10:\"01-26-2026\";i:1;s:10:\"01-28-2026\";i:1;s:10:\"01-29-2026\";i:3;s:10:\"01-30-2026\";i:2;s:10:\"01-31-2026\";i:1;s:10:\"02-02-2026\";i:1;s:10:\"02-03-2026\";i:1;s:10:\"02-04-2026\";i:1;s:10:\"02-06-2026\";i:2;s:10:\"02-07-2026\";i:1;s:10:\"02-10-2026\";i:3;s:10:\"02-11-2026\";i:3;s:10:\"02-12-2026\";i:2;s:10:\"02-14-2026\";i:4;s:10:\"02-15-2026\";i:1;s:10:\"02-16-2026\";i:1;s:10:\"02-17-2026\";i:1;s:10:\"02-20-2026\";i:5;s:10:\"02-22-2026\";i:1;s:10:\"02-24-2026\";i:3;s:10:\"02-25-2026\";i:1;s:10:\"03-01-2026\";i:2;s:10:\"03-02-2026\";i:1;s:10:\"03-03-2026\";i:1;s:10:\"03-04-2026\";i:1;s:10:\"03-05-2026\";i:2;s:10:\"03-11-2026\";i:1;s:10:\"03-12-2026\";i:2;s:10:\"03-13-2026\";i:1;s:10:\"03-14-2026\";i:1;s:10:\"03-15-2026\";i:2;s:10:\"03-16-2026\";i:1;s:10:\"03-21-2026\";i:2;s:10:\"03-22-2026\";i:1;s:10:\"03-23-2026\";i:4;s:10:\"03-24-2026\";i:1;s:10:\"03-25-2026\";i:1;s:10:\"03-27-2026\";i:1;s:10:\"03-29-2026\";i:2;s:10:\"03-30-2026\";i:2;s:10:\"04-02-2026\";i:2;s:10:\"04-03-2026\";i:1;s:10:\"04-04-2026\";i:1;s:10:\"04-05-2026\";i:1;s:10:\"04-10-2026\";i:2;s:10:\"04-13-2026\";i:3;s:10:\"04-14-2026\";i:1;s:10:\"04-16-2026\";i:1;s:10:\"04-17-2026\";i:1;s:10:\"04-18-2026\";i:1;s:10:\"04-19-2026\";i:2;s:10:\"04-22-2026\";i:2;s:10:\"04-25-2026\";i:2;s:10:\"04-26-2026\";i:3;s:10:\"04-27-2026\";i:1;s:10:\"04-28-2026\";i:2;s:10:\"04-29-2026\";i:2;}"],"houzez_recently_viewed":["2026-04-29 15:00:30"],"_edit_lock":["1755093917:1"],"rank_math_seo_score":["62"],"_edit_last":["1"],"_wpscppro_advance_schedule":[""],"fave_show_price_placeholder":["0"],"rank_math_primary_property_type":["0"],"rank_math_primary_property_status":["0"],"rank_math_primary_property_feature":["0"],"rank_math_primary_property_label":["0"],"rank_math_primary_property_country":["0"],"rank_math_primary_property_state":["0"],"rank_math_primary_property_city":["0"],"rank_math_primary_property_area":["0"],"houzez_manual_expire":["0"],"_houzez_expiration_date_status":["saved"],"_facebook_share_type":["default"],"_twitter_share_type":["default"],"_linkedin_share_type":["default"],"_pinterest_share_type":["default"],"_instagram_share_type":["default"],"_medium_share_type":["default"],"_selected_social_profile":["a:0:{}"],"_last_translation_edit_mode":["native-editor"],"_wpsp_custom_templates":["a:7:{s:8:\"facebook\";a:3:{s:8:\"template\";s:0:\"\";s:8:\"profiles\";a:0:{}s:9:\"is_global\";b:0;}s:7:\"twitter\";a:3:{s:8:\"template\";s:0:\"\";s:8:\"profiles\";a:0:{}s:9:\"is_global\";b:0;}s:8:\"linkedin\";a:3:{s:8:\"template\";s:0:\"\";s:8:\"profiles\";a:0:{}s:9:\"is_global\";b:0;}s:9:\"pinterest\";a:3:{s:8:\"template\";s:0:\"\";s:8:\"profiles\";a:0:{}s:9:\"is_global\";b:0;}s:9:\"instagram\";a:3:{s:8:\"template\";s:0:\"\";s:8:\"profiles\";a:0:{}s:9:\"is_global\";b:0;}s:6:\"medium\";a:3:{s:8:\"template\";s:0:\"\";s:8:\"profiles\";a:0:{}s:9:\"is_global\";b:0;}s:7:\"threads\";a:3:{s:8:\"template\";s:0:\"\";s:8:\"profiles\";a:0:{}s:9:\"is_global\";b:0;}}"],"fave_property_price":["700000"],"fave_property_size":["382"],"fave_property_size_prefix":["m2"],"fave_property_land":["14206"],"fave_property_land_postfix":["m2"],"fave_property_bedrooms":["4"],"fave_property_bathrooms":["3"],"fave_property_id":["897"],"fave_property_map":["1"],"fave_property_map_address":["Cam\u00ed Vell de Muro, 07330 Consell, Illes Balears, Spain"],"fave_property_location":["39.6581285,2.8338409,15"],"fave_property_map_street_view":["show"],"fave_property_address":["Cam\u00ed Vell de Muro, 07330 Consell, Illes Balears"],"fave_property_zip":["07330"],"fave_prop_homeslider":["no"],"floor_plans":["a:2:{i:0;a:6:{s:15:\"fave_plan_title\";s:11:\"Erdgeschoss\";s:15:\"fave_plan_rooms\";s:1:\"4\";s:19:\"fave_plan_bathrooms\";s:1:\"3\";s:14:\"fave_plan_size\";s:8:\"208.11m2\";s:15:\"fave_plan_image\";s:105:\"https:\/\/www.mallorcaguru.es\/wp-content\/uploads\/2025\/06\/1220D-PLGENERALES-240913-104528-Page-2-scaled.jpeg\";s:21:\"fave_plan_description\";s:38:\"Schlafzimmer, Wohnzimmer, K\u00fcche, Pool\";}i:1;a:3:{s:15:\"fave_plan_title\";s:6:\"Keller\";s:14:\"fave_plan_size\";s:8:\"174.40m2\";s:21:\"fave_plan_description\";s:17:\"Fitnessraum, Kino\";}}"],"rank_math_focus_keyword":["Neues Villenprojekt auf Mallorca zu verkaufen"],"rank_math_pillar_content":["on"],"fave_portal_1753787295":["0"],"fave_portal_1753788757":["0"],"has_images":["1"],"fave_portal_1754226254":["1"],"fave_portal_1754395991":["0"],"fave_portal_1754598704":["1"],"fave_attachments":["245164"],"_wpml_media_has_media":["1"],"fave_featured":["1"],"fave_property_images":["244996","245041","244991","244976","245046","245006","245001","245051","245036","245026","245021","244966","245016","245011","244986","245056","245031","244981","244971"],"fave_agent_display_option":["agent_info"],"fave_agents":["5167"],"fave_single_top_area":["global"],"fave_single_content_area":["global"],"rank_math_analytic_object_id":["223"],"_elementor_page_assets":["a:0:{}"]},"_links":{"self":[{"href":"https:\/\/www.mallorcaguru.es\/de\/wp-json\/wp\/v2\/properties\/245208","targetHints":{"allow":["GET"]}}],"collection":[{"href":"https:\/\/www.mallorcaguru.es\/de\/wp-json\/wp\/v2\/properties"}],"about":[{"href":"https:\/\/www.mallorcaguru.es\/de\/wp-json\/wp\/v2\/types\/property"}],"author":[{"embeddable":true,"href":"https:\/\/www.mallorcaguru.es\/de\/wp-json\/wp\/v2\/users\/1"}],"version-history":[{"count":0,"href":"https:\/\/www.mallorcaguru.es\/de\/wp-json\/wp\/v2\/properties\/245208\/revisions"}],"wp:featuredmedia":[{"embeddable":true,"href":"https:\/\/www.mallorcaguru.es\/de\/wp-json\/wp\/v2\/media\/245003"}],"wp:attachment":[{"href":"https:\/\/www.mallorcaguru.es\/de\/wp-json\/wp\/v2\/media?parent=245208"}],"wp:term":[{"taxonomy":"property_type","embeddable":true,"href":"https:\/\/www.mallorcaguru.es\/de\/wp-json\/wp\/v2\/property_type?post=245208"},{"taxonomy":"property_status","embeddable":true,"href":"https:\/\/www.mallorcaguru.es\/de\/wp-json\/wp\/v2\/property_status?post=245208"},{"taxonomy":"property_feature","embeddable":true,"href":"https:\/\/www.mallorcaguru.es\/de\/wp-json\/wp\/v2\/property_feature?post=245208"},{"taxonomy":"property_label","embeddable":true,"href":"https:\/\/www.mallorcaguru.es\/de\/wp-json\/wp\/v2\/property_label?post=245208"},{"taxonomy":"property_country","embeddable":true,"href":"https:\/\/www.mallorcaguru.es\/de\/wp-json\/wp\/v2\/property_country?post=245208"},{"taxonomy":"property_state","embeddable":true,"href":"https:\/\/www.mallorcaguru.es\/de\/wp-json\/wp\/v2\/property_state?post=245208"},{"taxonomy":"property_city","embeddable":true,"href":"https:\/\/www.mallorcaguru.es\/de\/wp-json\/wp\/v2\/property_city?post=245208"},{"taxonomy":"property_area","embeddable":true,"href":"https:\/\/www.mallorcaguru.es\/de\/wp-json\/wp\/v2\/property_area?post=245208"}],"curies":[{"name":"wp","href":"https:\/\/api.w.org\/{rel}","templated":true}]}}