{"id":280171,"date":"2025-08-29T16:46:18","date_gmt":"2025-08-29T14:46:18","guid":{"rendered":"https:\/\/www.mallorcaguru.es\/property\/finca-projekt-zum-verkauf-in-algaida\/"},"modified":"2026-02-16T12:30:23","modified_gmt":"2026-02-16T11:30:23","slug":"finca-projekt-zum-verkauf-in-algaida","status":"publish","type":"property","link":"https:\/\/www.mallorcaguru.es\/de\/immobilien\/finca-projekt-zum-verkauf-in-algaida\/","title":{"rendered":"Finca-Projekt zum Verkauf in Algaida"},"content":{"rendered":"<h2><strong><span style=\"font-size: 12pt;\">Finca-Projekt zum verkauf in Algaida zwischen Algaida und Montuiri.<\/span><\/strong><\/h2>\n<p>Auf einem 17.076 m\u00b2 gro\u00dfen Grundst\u00fcck in einer begehrten Wohngegend zwischen Algaida und Montuiri mit freiem Blick und guter Stra\u00dfenanbindung.<\/p>\n<p>Verkauft mit einem Basisprojekt f\u00fcr ein Landhaus mit einer Gesamtfl\u00e4che von 439 m\u00b2, bestehend aus zwei Etagen (Erdgeschoss und Obergeschoss), einer gro\u00dfen Terrasse, einem Swimmingpool sowie einem Keller mit Doppelgarage und Bodega.<\/p>\n<p>Das Projekt sieht ein Anwesen mit drei Schlafzimmern und drei B\u00e4dern vor und ist wie folgt aufgeteilt:<\/p>\n<h3><strong><span style=\"font-size: 12pt;\">Aufteilung des Hauses<\/span><\/strong><\/h3>\n<h3><strong><span style=\"font-size: 12pt;\">Gesamtfl\u00e4che Keller: 183 m\u00b2<\/span><\/strong><\/h3>\n<p>Parkplatz: 17 m\u00b2 \u2013 Garage: 71 m\u00b2 \u2013 Weinkeller: 5 m\u00b2 \u2013 Hauswirtschaftsraum: 13 m\u00b2 \u2013 Abstellraum: 17 m\u00b2 \u2013 G\u00e4ste-WC: 2 m\u00b2<\/p>\n<h3><strong><span style=\"font-size: 12pt;\">Erdgeschoss: 150 m\u00b2<\/span><\/strong><\/h3>\n<p>K\u00fcche: 14 m\u00b2 \u2013 Esszimmer: 17 m\u00b2 \u2013 Terrasse: 12 m\u00b2 \u2013 G\u00e4ste-WC: 2 m\u00b2 \u2013 Wohnzimmer: 33 m\u00b2 \u2013 Gartenzimmer: 16 m\u00b2<\/p>\n<h3><strong><span style=\"font-size: 12pt;\">Obergeschoss: 150 m\u00b2<\/span><\/strong><\/h3>\n<p>Schlafzimmer: 1: 16 m\u00b2 \u2013 Badezimmer: 1: 11 m\u00b2 \u2013 Ankleidezimmer: 4 m\u00b2 \u2013 Private Terrasse: 18 m\u00b2<\/p>\n<p>Schlafzimmer: 2: 15 m\u00b2 \u2013 Badezimmer: 2: 4 m\u00b2<\/p>\n<p>Schlafzimmer: 3: 15 m\u00b2 \u2013 Badezimmer: 3: 4 m\u00b2<\/p>\n<h3><strong><span style=\"font-size: 12pt;\">Au\u00dfenbereich:<\/span><\/strong><\/h3>\n<p>Pool: 35 m\u00b2 \u2013 Poolterrasse: 84 m\u00b2<\/p>\n<h3><strong><span style=\"font-size: 12pt;\">Gesamtfl\u00e4che 439 m\u00b2<\/span><\/strong><\/h3>\n<h3><span style=\"font-size: 12pt;\">Grundst\u00fcck 17.076 m\u00b2<\/span><\/h3>\n<p>Das Grundst\u00fcck und das Projekt werden zu diesem Preis zum Verkauf angeboten, damit der K\u00e4ufer die letzten Details des Projekts und des Baus festlegen kann. Detaillierte Pl\u00e4ne sind verf\u00fcgbar, und es gibt eine vorl\u00e4ufige \u00dcbersicht \u00fcber alle Installationen, einschlie\u00dflich Baumaterialien, Sanit\u00e4r- und Elektroinstallation.<\/p>\n<p>Das Anwesen verf\u00fcgt \u00fcber Fu\u00dfbodenheizung, Doppelverglasung, Klimaanlage, Regen- und Trinkwasserspeicher, Solaranlagen und ein komplett eingez\u00e4untes Grundst\u00fcck mit Zufahrt und einer Gartenmauer aus Santany\u00ed-Stein.<\/p>\n<p>Nur 20 Minuten vom Flughafen und weniger als 25 Minuten von der Hauptstadt entfernt, bietet sich eine einmalige Gelegenheit, dieses Projekt zu erwerben. Es wurde als traditionelles Landhaus mit modernem Interieur konzipiert und ist zu einem sehr g\u00fcnstigen Preis erh\u00e4ltlich.<\/p>\n<h4><strong>Kontaktieren Sie uns,Weitere Informationen zu diesem Finca-Projekt zum verkauf in Algaida, Mallorca.<\/strong><\/h4>\n<p><a href=\"https:\/\/www.mallorcaguru.es\/de\/dorf\/zu-verkaufen-algaida-mallorca\/\" target=\"_blank\" rel=\"noopener\">Algaida<\/a> ist ein kleines Dorf in der Landschaft der Pla de Mallorca in der Zentralregion Mallorcas im S\u00fcdosten der Insel und umfasst die kleineren Gemeinden Pina und Randa. Es ist gut an Palma de Mallorca und den Flughafen angebunden und ist \u00fcber die Autobahn in 20 Minuten erreichbar. Die Stadt ist klein und l\u00e4ndlich und hat etwa 6.000 Einwohner.<\/p>\n","protected":false},"excerpt":{"rendered":"<p>Finca-Projekt zum Verkauf in Algaida auf Mallorca. Grundst\u00fcck mit 17.000 m\u00b2, Projekt f\u00fcr ein Haus mit drei Schlafzimmern und drei B\u00e4dern.<\/p>\n","protected":false},"author":1,"featured_media":0,"parent":0,"menu_order":0,"template":"","property_type":[418],"property_status":[757],"property_feature":[1653,478,1487,1225,482,1594,1382,1380,836,516,1384,1538,1771,817,2076,1766,814,755,934,2273,1078,2207,1383,1348,945,1030,816,1681,1150],"property_label":[3863],"property_country":[754],"property_state":[756,580],"property_city":[585],"property_area":[1211],"class_list":["post-280171","property","type-property","status-publish","hentry","property_type-finca-auf-mallorca-zu-verkaufen","property_status-immobilien-zum-verkauf-mallorca","property_feature-immobilien-zum-verkauf-mallorca-immobilien-eigenschaften-ankleideraum","property_feature-immobilien-zum-verkauf-mallorca-immobilien-eigenschaften-badezimmer","property_feature-baugenehmigung-basic","property_feature-immobilien-verkauf-mallorca-immobilien-eigenschaften-doppelgarage","property_feature-immobilien-eigenschaften-immobilien-zum-verkauf-mallorca-en-suite-badezimmer","property_feature-immobilien-zum-verkauf-mallorca-immobilie-heizung-und-kuhlung-eigenschaften","property_feature-immobilien-zum-verkauf-auf-mallorca-mit-garage-oder-parkplatz","property_feature-immobilien-merkmale-immobilien-verkauf-mallorca-immobilien-garten","property_feature-immobilien-auf-mallorca-immobilie-blick-garten-pool","property_feature-immobilien-zu-verkaufen-mallorca-immobilien-eigenschaften-gaeste-toilette","property_feature-immobilien-zum-verkauf-auf-mallorca-mit-toller-aussicht","property_feature-immobilien-zum-verkauf-mallorca-immobiliendokumente","property_feature-immobilien-zu-verkaufen-mallorca-immobilie-merkmale-innenausstattung","property_feature-immobilien-zum-verkauf-mallorca-immobilie-heizung-und-kuhlung-klimatisierung","property_feature-immobilien-zum-verkauf-auf-mallorca-mit-kuche","property_feature-immobilien-eigenschaften-immobilien-verkauf-mallorca-immobilien-lage","property_feature-immobilien-eigenschaften-immobilien-verkauf-mallorca-immobilien-lage-landschaft","property_feature-immobilien-auf-mallorca-immobilie-ansichten-landschaft","property_feature-immobilien-zu-verkaufen-mallorca-immobilie-eigenschaften-innenausstattung-modernes-interieur","property_feature-immobilien-verkauf-mallorca-immobilie-eigenschaften-zustand-neue-entwicklungsliegenschaft","property_feature-immobilien-zum-verkauf-auf-mallorca-mit-platz-fur-einen-schwimmbad","property_feature-immobilien-zum-verkauf-mallorca-immobilien-eigenschaften-schlafzimmer","property_feature-immobilien-zum-verkauf-auf-mallorca-mit-schwimmbad","property_feature-immobilien-eigenschaften-immobilien-verkauf-mallorca-immobilie-garten-terrasse","property_feature-immobilien-verkauf-mallorca-immobilien-eigenschaften-tiefgaragenplatz","property_feature-immobilien-merkmale-immobilien-verkauf-mallorca-immobilien-garten-veranda","property_feature-immobilien-zum-verkauf-auf-mallorca-mit-vollausgestatteter-kuche","property_feature-immobilien-zum-verkauf-auf-mallorca-mit-waschekammer","property_feature-immobilienverkauf-mallorca-immobilieneigenschaften-zustand-der-immobilie","property_label-bauprojekte-zum-verkauf-mallorca","property_country-zu-verkaufen-mallorca-spanien-mallorca-immobilien-guru","property_state-immobilien-zum-verkauf-auf-mallorca","property_state-immobilien-zum-verkauf-auf-pla-de-mallorca-zentrum","property_city-zu-verkaufen-algaida-mallorca","property_area-herkunftsbezeichnung-pla-und-llevant-wein-mallorca"],"property_meta":{"_wpsp_custom_templates":["a:7:{s:8:\"facebook\";a:3:{s:8:\"template\";s:0:\"\";s:8:\"profiles\";a:0:{}s:9:\"is_global\";b:0;}s:7:\"twitter\";a:3:{s:8:\"template\";s:0:\"\";s:8:\"profiles\";a:0:{}s:9:\"is_global\";b:0;}s:8:\"linkedin\";a:3:{s:8:\"template\";s:0:\"\";s:8:\"profiles\";a:0:{}s:9:\"is_global\";b:0;}s:9:\"pinterest\";a:3:{s:8:\"template\";s:0:\"\";s:8:\"profiles\";a:0:{}s:9:\"is_global\";b:0;}s:9:\"instagram\";a:3:{s:8:\"template\";s:0:\"\";s:8:\"profiles\";a:0:{}s:9:\"is_global\";b:0;}s:6:\"medium\";a:3:{s:8:\"template\";s:0:\"\";s:8:\"profiles\";a:0:{}s:9:\"is_global\";b:0;}s:7:\"threads\";a:3:{s:8:\"template\";s:0:\"\";s:8:\"profiles\";a:0:{}s:9:\"is_global\";b:0;}}"],"houzez_featured_listing_date":["2026-02-16 12:30:24"],"_wpml_media_duplicate":["1"],"_wpml_media_featured":["1"],"_top_nav_excluded":[""],"_cms_nav_minihome":[""],"_wp_page_template":["default"],"houzez_geolocation_lat":["39.570112"],"houzez_geolocation_long":["2.938291"],"rank_math_pillar_content":["on"],"_wpml_word_count":["439"],"_last_translation_edit_mode":["native-editor"],"houzez_total_property_views":["295"],"houzez_views_by_date":["a:61:{s:10:\"01-25-2026\";i:5;s:10:\"01-26-2026\";i:2;s:10:\"01-27-2026\";i:3;s:10:\"01-28-2026\";i:2;s:10:\"01-29-2026\";i:5;s:10:\"01-30-2026\";i:2;s:10:\"01-31-2026\";i:3;s:10:\"02-01-2026\";i:5;s:10:\"02-02-2026\";i:5;s:10:\"02-03-2026\";i:1;s:10:\"02-04-2026\";i:2;s:10:\"02-05-2026\";i:4;s:10:\"02-06-2026\";i:3;s:10:\"02-07-2026\";i:3;s:10:\"02-08-2026\";i:3;s:10:\"02-09-2026\";i:1;s:10:\"02-11-2026\";i:2;s:10:\"02-13-2026\";i:1;s:10:\"02-14-2026\";i:1;s:10:\"02-15-2026\";i:1;s:10:\"02-18-2026\";i:1;s:10:\"02-20-2026\";i:1;s:10:\"02-22-2026\";i:1;s:10:\"02-24-2026\";i:3;s:10:\"02-25-2026\";i:2;s:10:\"02-28-2026\";i:1;s:10:\"03-01-2026\";i:2;s:10:\"03-03-2026\";i:1;s:10:\"03-05-2026\";i:2;s:10:\"03-06-2026\";i:1;s:10:\"03-08-2026\";i:1;s:10:\"03-09-2026\";i:1;s:10:\"03-10-2026\";i:3;s:10:\"03-11-2026\";i:3;s:10:\"03-13-2026\";i:1;s:10:\"03-15-2026\";i:2;s:10:\"03-17-2026\";i:1;s:10:\"03-18-2026\";i:2;s:10:\"03-21-2026\";i:4;s:10:\"03-22-2026\";i:2;s:10:\"03-23-2026\";i:1;s:10:\"03-24-2026\";i:1;s:10:\"03-25-2026\";i:2;s:10:\"03-29-2026\";i:2;s:10:\"03-30-2026\";i:1;s:10:\"03-31-2026\";i:1;s:10:\"04-02-2026\";i:1;s:10:\"04-04-2026\";i:1;s:10:\"04-05-2026\";i:2;s:10:\"04-07-2026\";i:1;s:10:\"04-09-2026\";i:1;s:10:\"04-12-2026\";i:3;s:10:\"04-13-2026\";i:3;s:10:\"04-15-2026\";i:1;s:10:\"04-18-2026\";i:1;s:10:\"04-19-2026\";i:1;s:10:\"04-20-2026\";i:1;s:10:\"04-21-2026\";i:1;s:10:\"04-23-2026\";i:1;s:10:\"04-24-2026\";i:1;s:10:\"04-25-2026\";i:1;}"],"houzez_recently_viewed":["2026-04-25 05:10:35"],"_edit_lock":["1771241428:1"],"rank_math_seo_score":["64"],"_edit_last":["1"],"_wpscppro_advance_schedule":[""],"fave_show_price_placeholder":["0"],"fave_portal_1754226254":["1"],"fave_portal_1754598704":["1"],"has_images":["1"],"rank_math_primary_property_type":["0"],"rank_math_primary_property_status":["0"],"rank_math_primary_property_feature":["0"],"rank_math_primary_property_label":["0"],"rank_math_primary_property_country":["0"],"rank_math_primary_property_state":["0"],"rank_math_primary_property_city":["0"],"rank_math_primary_property_area":["0"],"houzez_manual_expire":["0"],"_houzez_expiration_date_status":["saved"],"_facebook_share_type":["default"],"_twitter_share_type":["default"],"_linkedin_share_type":["default"],"_pinterest_share_type":["default"],"_instagram_share_type":["default"],"_medium_share_type":["default"],"_threads_share_type":["default"],"_google_business_share_type":["default"],"_selected_social_profile":["a:0:{}"],"rank_math_analytic_object_id":["38"],"fave_property_price":["380000"],"fave_property_size":["439"],"fave_property_size_prefix":["m2"],"fave_property_land":["17076"],"fave_property_land_postfix":["m2"],"fave_property_bedrooms":["3"],"fave_property_bathrooms":["3"],"fave_property_garage_size":["71m2"],"fave_property_id":["924"],"fave_property_map":["1"],"fave_property_map_address":["Cam\u00ed de Son Barranquer, 07210 Algaida, Illes Balears, Spain"],"fave_property_location":["39.570112,2.938291,15"],"fave_property_map_street_view":["show"],"fave_property_address":["Cam\u00ed de Son Barranquer, 07210 Algaida, Illes Balears"],"fave_property_zip":["07210"],"fave_prop_homeslider":["no"],"rank_math_focus_keyword":["Finca-Projekt zum Verkauf in Algaida"],"fave_attachments":["279936"],"_wpml_media_has_media":["1"],"fave_featured":["1"],"fave_property_images":["327090","327088","327091","327087","327089","327086","279833","279828","279838","279888","279873","279848","279858","279853","279868","279843","279863","279883","279878","279928","279923","279918","279913","279908","279903","279898","279893","279819","279814","279809"],"fave_agent_display_option":["agent_info"],"fave_agents":["5167"],"fave_single_top_area":["global"],"fave_single_content_area":["global"],"_elementor_page_assets":["a:0:{}"]},"_links":{"self":[{"href":"https:\/\/www.mallorcaguru.es\/de\/wp-json\/wp\/v2\/properties\/280171","targetHints":{"allow":["GET"]}}],"collection":[{"href":"https:\/\/www.mallorcaguru.es\/de\/wp-json\/wp\/v2\/properties"}],"about":[{"href":"https:\/\/www.mallorcaguru.es\/de\/wp-json\/wp\/v2\/types\/property"}],"author":[{"embeddable":true,"href":"https:\/\/www.mallorcaguru.es\/de\/wp-json\/wp\/v2\/users\/1"}],"version-history":[{"count":0,"href":"https:\/\/www.mallorcaguru.es\/de\/wp-json\/wp\/v2\/properties\/280171\/revisions"}],"wp:attachment":[{"href":"https:\/\/www.mallorcaguru.es\/de\/wp-json\/wp\/v2\/media?parent=280171"}],"wp:term":[{"taxonomy":"property_type","embeddable":true,"href":"https:\/\/www.mallorcaguru.es\/de\/wp-json\/wp\/v2\/property_type?post=280171"},{"taxonomy":"property_status","embeddable":true,"href":"https:\/\/www.mallorcaguru.es\/de\/wp-json\/wp\/v2\/property_status?post=280171"},{"taxonomy":"property_feature","embeddable":true,"href":"https:\/\/www.mallorcaguru.es\/de\/wp-json\/wp\/v2\/property_feature?post=280171"},{"taxonomy":"property_label","embeddable":true,"href":"https:\/\/www.mallorcaguru.es\/de\/wp-json\/wp\/v2\/property_label?post=280171"},{"taxonomy":"property_country","embeddable":true,"href":"https:\/\/www.mallorcaguru.es\/de\/wp-json\/wp\/v2\/property_country?post=280171"},{"taxonomy":"property_state","embeddable":true,"href":"https:\/\/www.mallorcaguru.es\/de\/wp-json\/wp\/v2\/property_state?post=280171"},{"taxonomy":"property_city","embeddable":true,"href":"https:\/\/www.mallorcaguru.es\/de\/wp-json\/wp\/v2\/property_city?post=280171"},{"taxonomy":"property_area","embeddable":true,"href":"https:\/\/www.mallorcaguru.es\/de\/wp-json\/wp\/v2\/property_area?post=280171"}],"curies":[{"name":"wp","href":"https:\/\/api.w.org\/{rel}","templated":true}]}}