{"id":352886,"date":"2026-05-01T17:13:13","date_gmt":"2026-05-01T15:13:13","guid":{"rendered":"https:\/\/www.mallorcaguru.es\/property\/doppel-studio-apartments-zum-verkauf-in-portocolom-mar420421\/"},"modified":"2026-05-01T17:25:16","modified_gmt":"2026-05-01T15:25:16","slug":"doppel-studio-apartments-zum-verkauf-in-portocolom-mar420421","status":"publish","type":"property","link":"https:\/\/www.mallorcaguru.es\/de\/immobilien\/doppel-studio-apartments-zum-verkauf-in-portocolom-mar420421\/","title":{"rendered":"Doppel-Studio-Apartments zum Verkauf in Portocolom MAR420421"},"content":{"rendered":"<h2><span style=\"font-size: 12pt;\">Doppel-Studio-Apartments zum Verkauf in Portocolom, Ferienvermietung in einem neu renovierten Resort.<\/span><\/h2>\n<h2><span style=\"font-size: 12pt;\">Zwei helle und ger\u00e4umige Studio-Apartments, jeweils mit einer privaten Terrasse.<\/span><\/h2>\n<p>Jedes mit offener K\u00fcche mit Essplatz f\u00fcr zwei, dazu ein gem\u00fctlicher Loungebereich mit Fernseher sowie Doppelt\u00fcren zum privaten Balkon bzw. zur Terrasse \u2013 ideal, um den Morgenkaffee oder ein Glas Wein am Abend zu genie\u00dfen, mit Blick auf die G\u00e4rten und den Pool.<\/p>\n<hr \/>\n<p>Alle Apartments sind neu renoviert und vollst\u00e4ndig m\u00f6bliert und verf\u00fcgen \u00fcber Doppelverglasung, Klimaanlage und WLAN.<\/p>\n<p>Sowohl G\u00e4ste als auch Eigent\u00fcmer k\u00f6nnen eine Vielzahl von Hotelannehmlichkeiten nutzen, darunter Privatparkpl\u00e4tze, Rezeptionsservice und Housekeeping.<\/p>\n<p>Vor Ort befinden sich au\u00dferdem ein Restaurant, eine Bar und ein Minimarkt sowie Sport- und Freizeiteinrichtungen wie ein gro\u00dfer Swimmingpool, ein Fitnessbereich, eine Sauna, ein Squashplatz, ein Volleyballplatz und ein P\u00e9tanque-Platz. Eine Unterhaltungszone mit Kino, Billardtischen und einer Coworking-Lounge steht ebenfalls zur Verf\u00fcgung.<\/p>\n<p>Diese Immobilie dient als idealer flexibler pers\u00f6nlicher Urlaubsst\u00fctzpunkt auf Mallorca mit dem zus\u00e4tzlichen Vorteil eines starken Ferienvermietungspotenzials.<\/p>\n<p>Portocolom ist kleiner als viele Resorts auf der Insel und zieht jedes Jahr eine treue Gemeinschaft wiederkehrender Besucher an \u2013 von jungen Paaren bis hin zu Familien in den Sommermonaten. \u00c4ltere G\u00e4ste kommen im Fr\u00fchling und Herbst und genie\u00dfen sowohl den Strand als auch den Charme des Hafens sowie Ausfl\u00fcge in die Region, die f\u00fcr ihren Wein bekannt ist. Die Str\u00e4nde sind gesch\u00fctzt und malerisch, mit kristallklarem Wasser. Die Restaurants, Caf\u00e9s und weiteren Einrichtungen des Resorts sind alle fu\u00dfl\u00e4ufig erreichbar und selten \u00fcberlaufen \u2013 ideal f\u00fcr alle, die einen entspannteren Urlaub suchen, bei dem das Meer und wertvolle Zeit mit Familie und Freunden im Mittelpunkt stehen.<\/p>\n<h3><strong><span style=\"font-size: 12pt;\">F\u00fcr weitere Informationen zu diesem Apartment zum Verkauf in Portocolom auf Mallorca.<\/span><\/strong><\/h3>\n<p><strong>Bitte kontaktieren Sie uns<\/strong>, wir k\u00f6nnen eine <strong>virtuelle Besichtigung der Anlage<\/strong> und <strong>einzelner Immobilien<\/strong> organisieren und Ihnen alle Unterlagen zur Verf\u00fcgung stellen, die die Bedingungen sowohl f\u00fcr den Eigentumserwerb der Immobilie als auch f\u00fcr die Struktur der Ferienvermietung und deren Verwaltung beschreiben.<\/p>\n<hr \/>\n<h4><span style=\"font-size: 12pt;\"><strong>Alle Apartments werden als Eigentum verkauft, als touristische Verm\u00f6genswerte innerhalb der lizenzierten Anlage. <\/strong><\/span><\/h4>\n<p>Diese Lizenz best\u00e4tigt, dass die Immobilie die Qualit\u00e4ts-, Sicherheits- und Infrastrukturstandards der balearischen Regierung f\u00fcr kurzfristige Ferienvermietungen innerhalb einer Hotelanlage erf\u00fcllt.<\/p>\n<p><strong>Sie k\u00f6nnen nicht als dauerhafte Wohnsitze genutzt werden<\/strong>, sondern nur f\u00fcr den Zweck, f\u00fcr den sie lizenziert wurden.<\/p>\n<p><strong>Sie bieten Vorteile, die andere Ferienvermietungslizenzen auf den Balearen nicht bieten.<\/strong><\/p>\n<h5><strong><span style=\"font-size: 12pt;\">Lizenzierte touristische Verm\u00f6genswerte in Ferienanlagen: <\/span><\/strong><\/h5>\n<p>K\u00f6nnen Dienstleistungen und Einrichtungen anbieten, die ETV-Lizenzen nicht gestattet sind \u2013 von abendlicher Unterhaltung bis hin zu Wellness-Spas und Fitnesseinrichtungen. Dies macht sie sehr attraktiv f\u00fcr Urlauber, die den Komfort sch\u00e4tzen, alles bereitgestellt zu bekommen.<\/p>\n<h5><strong><span style=\"font-size: 12pt;\">Rechtlich sichere Investition: <\/span><\/strong><\/h5>\n<p>Diese Lizenz erm\u00f6glicht es dem Eigent\u00fcmer, die Immobilie legal f\u00fcr touristische Zwecke zu vermieten, rechtliche Unsicherheiten zu vermeiden und von den Mieteinnahmen zu profitieren. Die Vermarktung und Verwaltung aller Vermietungen innerhalb der Anlage wird von der Verwaltungsgesellschaft durchgef\u00fchrt, mit der der Eigent\u00fcmer eine rechtsverbindliche Vereinbarung hat.<\/p>\n<h5><strong><span style=\"font-size: 12pt;\">Rentable Renditen: <\/span><\/strong><\/h5>\n<p>Immobilien mit diesen Lizenzen bieten ein hohes Renditepotenzial durch touristische Vermietungen und langfristige Wertsteigerung.<\/p>\n<h5><strong><span style=\"font-size: 12pt;\">Marktexklusivit\u00e4t: <\/span><\/strong><\/h5>\n<p>Die Schwierigkeit, neue Lizenzen zu erhalten, macht Immobilien mit bestehenden Lizenzen zu einer seltenen und begehrten Ressource auf dem Markt.<\/p>\n<p>&nbsp;<\/p>\n","protected":false},"excerpt":{"rendered":"<p>Doppel-Studio-Apartments zum Verkauf in Portocolom, Ferienvermietung in einem neu renovierten Resort. Resort-Apartments werden als Freehold verkauft, mit Vermietungsmanagement  <\/p>\n","protected":false},"author":1,"featured_media":335363,"parent":0,"menu_order":0,"template":"","property_type":[3964,382],"property_status":[3963,757],"property_feature":[478,944,2328,517,1594,1382,1380,836,1586,1693,1771,817,2076,939,1766,946,934,1339,2273,1159,1182,816,935,1150],"property_label":[3837,3929],"property_country":[754],"property_state":[756,610],"property_city":[625,3973],"property_area":[3955],"class_list":["post-352886","property","type-property","status-publish","has-post-thumbnail","hentry","property_type-ferienwohnungen","property_type-wohnungen-zum-verkauf-auf-mallorca-spanien","property_status-ferienwohnung-zu-verkaufen","property_status-immobilien-zum-verkauf-mallorca","property_feature-immobilien-zum-verkauf-mallorca-immobilien-eigenschaften-badezimmer","property_feature-balkon","property_feature-immobilien-zu-verkaufen-mallorca-immobilien-eigenschaften-innenausstattung-bodenbelag","property_feature-immobilien-zum-verkauf-mallorca-immobilien-eigenschaften-duschraum","property_feature-immobilien-zum-verkauf-mallorca-immobilie-heizung-und-kuhlung-eigenschaften","property_feature-immobilien-zum-verkauf-auf-mallorca-mit-garage-oder-parkplatz","property_feature-immobilien-merkmale-immobilien-verkauf-mallorca-immobilien-garten","property_feature-immobilien-auf-mallorca-immobilie-blick-garten-pool","property_feature-immobilien-eigenschaften-immobilien-verkauf-mallorca-immobilie-garten-gemeinschaftsgarten","property_feature-immobilien-zum-verkauf-mallorca-mit-gemeinschaftsschwimmbad","property_feature-immobilien-zu-verkaufen-mallorca-immobilie-merkmale-innenausstattung","property_feature-immobilien-zum-verkauf-mallorca-immobilie-heizung-und-kuhlung-klimatisierung","property_feature-immobilien-zum-verkauf-auf-mallorca-mit-kuche","property_feature-immobilien-eigenschaften-immobilien-verkauf-mallorca-immobilie-lage-ist-kustengebiet","property_feature-immobilien-eigenschaften-immobilien-verkauf-mallorca-immobilien-lage","property_feature-immobilien-zum-verkauf-mallorca-immobilien-eigenschaften-innenausstattung-moebliert","property_feature-immobilien-zu-verkaufen-mallorca-immobilie-eigenschaften-innenausstattung-modernes-interieur","property_feature-immobilien-eigenschaften-immobilien-verkauf-mallorca-immobilien-lage-liegt-am-meer","property_feature-immobilien-verkauf-mallorca-immobilie-eigenschaften-zustand-neue-entwicklungsliegenschaft","property_feature-immobilien-verkauf-mallorca-immobilien-eigenschaften-off-road-parken","property_feature-immobilien-zu-verkaufen-mallorca-immobilien-eigenschaften-innenausstattung-parkettboden","property_feature-immobilien-zum-verkauf-auf-mallorca-mit-vollausgestatteter-kuche","property_feature-immobilieneigenschaften-immobilienverkauf-mallorca-immobilienlage-hat-zugang-zum-strand","property_feature-immobilienverkauf-mallorca-immobilieneigenschaften-zustand-der-immobilie","property_label-etv-lizenzierte-immobilien-zum-verkauf-auf-mallorca","property_label-immobilien-mit-meerblick-auf-mallorca-kaufen","property_country-zu-verkaufen-mallorca-spanien-mallorca-immobilien-guru","property_state-immobilien-zum-verkauf-auf-mallorca","property_state-migjorn-de-mallorca-suedosten","property_city-immobilien-zu-verkaufen-felanitx-mallorca","property_city-immobilien-portocolom-felanitx","property_area-immobilien-in-portocolom-kaufen"],"property_meta":{"has_images":["1"],"rank_math_internal_links_processed":["1"],"_last_translation_edit_mode":["native-editor"],"houzez_featured_listing_date":[""],"_wpml_media_duplicate":["1"],"_wpml_media_featured":["1"],"rank_math_schema_SingleFamilyResidence":["a:12:{s:8:\"metadata\";a:4:{s:4:\"type\";s:6:\"custom\";s:5:\"title\";s:29:\"SingleFamilyResidence Chatgpt\";s:9:\"isPrimary\";s:1:\"1\";s:17:\"displayConditions\";a:1:{i:0;a:6:{s:9:\"condition\";s:7:\"include\";s:8:\"category\";s:8:\"singular\";s:4:\"type\";s:8:\"property\";s:5:\"value\";s:2:\"29\";s:2:\"id\";s:36:\"eca343ad-2b57-4cec-a8b9-1587f5965055\";s:12:\"postTaxonomy\";s:15:\"property_status\";}}}s:5:\"@type\";s:21:\"SingleFamilyResidence\";s:3:\"@id\";s:15:\"%url%#residence\";s:4:\"name\";s:7:\"%title%\";s:10:\"identifier\";s:26:\"%customfield(property_id)%\";s:7:\"address\";a:6:{s:5:\"@type\";s:13:\"PostalAddress\";s:13:\"streetAddress\";s:36:\"%customfield(fave_property_address)%\";s:15:\"addressLocality\";s:33:\"%customfield(fave_property_city)%\";s:13:\"addressRegion\";s:34:\"%customfield(fave_property_state)%\";s:10:\"postalCode\";s:32:\"%customfield(fave_property_zip)%\";s:14:\"addressCountry\";s:2:\"ES\";}s:16:\"numberOfBedrooms\";s:37:\"%customfield(fave_property_bedrooms)%\";s:22:\"numberOfBathroomsTotal\";s:38:\"%customfield(fave_property_bathrooms)%\";s:9:\"yearBuilt\";s:35:\"%%customfield(fave_property_year)%%\";s:5:\"photo\";s:16:\"%post_thumbnail%\";s:9:\"floorSize\";a:3:{s:5:\"@type\";s:17:\"QuantitativeValue\";s:5:\"value\";s:33:\"%customfield(fave_property_size)%\";s:8:\"unitCode\";s:3:\"MTR\";}s:14:\"amenityFeature\";a:3:{i:0;a:3:{s:5:\"@type\";s:28:\"LocationFeatureSpecification\";s:4:\"name\";s:4:\"Pool\";s:5:\"value\";s:38:\"%has_term(fave_property_feature,pool)%\";}i:1;a:3:{s:5:\"@type\";s:28:\"LocationFeatureSpecification\";s:4:\"name\";s:6:\"Garden\";s:5:\"value\";s:40:\"%has_term(fave_property_feature,garden)%\";}i:2;a:3:{s:5:\"@type\";s:28:\"LocationFeatureSpecification\";s:4:\"name\";s:6:\"Garage\";s:5:\"value\";s:40:\"%has_term(fave_property_feature,garage)%\";}}}"],"_top_nav_excluded":[""],"_cms_nav_minihome":[""],"_wp_page_template":["default"],"fave_property_price":["352000"],"fave_property_size":["46"],"fave_property_size_prefix":["m2"],"fave_property_land":["7438"],"fave_property_land_postfix":["m2"],"fave_property_bathrooms":["2"],"fave_property_year":["1986"],"fave_property_id":["MARSALSOL420421"],"fave_property_map":["1"],"fave_property_map_address":["Carrer de la Gavina, 07670 Felanitx, Illes Balears, Spain"],"fave_property_location":["39.4081768,3.2595838,15"],"houzez_geolocation_lat":["39.4081768"],"houzez_geolocation_long":["3.2595838"],"fave_property_map_street_view":["hide"],"fave_property_address":["Carrer de la Gavina, 07670 Felanitx, Illes Balears"],"fave_property_zip":["07670"],"fave_video_url":["https:\/\/vimeo.com\/1188405099"],"fave_virtual_tour":["https:\/\/app.cloudpano.com\/tours\/a8mrwnA_T"],"fave_prop_homeslider":["no"],"floor_plans":["a:1:{i:0;a:5:{s:15:\"fave_plan_title\";s:35:\"Doppel-Studio-Apartments Marsalsol \";s:15:\"fave_plan_rooms\";s:1:\"0\";s:19:\"fave_plan_bathrooms\";s:1:\"2\";s:15:\"fave_plan_image\";s:82:\"https:\/\/www.mallorcaguru.es\/wp-content\/uploads\/2025\/10\/AROSA-220-221_Page_1-1.jpeg\";s:21:\"fave_plan_description\";s:585:\"Zwei helle und ger\u00e4umige Studio-Apartments, jeweils mit einer privaten Terrasse. Alle Apartments sind nach demselben Standard renoviert und mit der gleichen Auswahl an M\u00f6beln und Einrichtungsgegenst\u00e4nden ausgestattet. So k\u00f6nnen eventuelle Sch\u00e4den rund um die Uhr zwischen den G\u00e4sten behoben werden.\r\nDie Apartments werden \u00fcber das System in der Reihenfolge ihrer Verf\u00fcgbarkeit gebucht; den Kunden wird keine Pr\u00e4ferenz f\u00fcr die Buchung von Meerblick, Poolseite usw. angeboten. So erh\u00e4lt jeder Eigent\u00fcmer einen gleichen Anteil an den Buchungen w\u00e4hrend der gesamten Saison.   \";}}"],"rank_math_focus_keyword":["Studio-Apartments zum Verkauf in Portocolom"],"_thumbnail_id":["335363"],"_wpml_word_count":["726"],"houzez_total_property_views":["8"],"houzez_views_by_date":["a:2:{s:10:\"05-01-2026\";i:7;s:10:\"05-02-2026\";i:1;}"],"houzez_recently_viewed":["2026-05-02 02:05:24"],"_edit_lock":["1777649123:1"],"rank_math_seo_score":["60"],"_edit_last":["1"],"fave_show_price_placeholder":["0"],"fave_portal_1754226254":["1"],"fave_portal_1754598704":["1"],"houzez_manual_expire":["0"],"_houzez_expiration_date_status":["saved"],"fave_featured":["0"],"fave_property_images":["335312","335311","335313","335319","335321","335310","335309","335320","335336","335329","335326","335330","335327","335322","335331","335325","335332","335333","335334","335335"],"fave_agent_display_option":["agent_info"],"fave_agents":["4235"],"fave_single_top_area":["global"],"fave_single_content_area":["global"],"rank_math_analytic_object_id":["848"],"_elementor_page_assets":["a:0:{}"]},"_links":{"self":[{"href":"https:\/\/www.mallorcaguru.es\/de\/wp-json\/wp\/v2\/properties\/352886","targetHints":{"allow":["GET"]}}],"collection":[{"href":"https:\/\/www.mallorcaguru.es\/de\/wp-json\/wp\/v2\/properties"}],"about":[{"href":"https:\/\/www.mallorcaguru.es\/de\/wp-json\/wp\/v2\/types\/property"}],"author":[{"embeddable":true,"href":"https:\/\/www.mallorcaguru.es\/de\/wp-json\/wp\/v2\/users\/1"}],"version-history":[{"count":0,"href":"https:\/\/www.mallorcaguru.es\/de\/wp-json\/wp\/v2\/properties\/352886\/revisions"}],"wp:featuredmedia":[{"embeddable":true,"href":"https:\/\/www.mallorcaguru.es\/de\/wp-json\/wp\/v2\/media\/335363"}],"wp:attachment":[{"href":"https:\/\/www.mallorcaguru.es\/de\/wp-json\/wp\/v2\/media?parent=352886"}],"wp:term":[{"taxonomy":"property_type","embeddable":true,"href":"https:\/\/www.mallorcaguru.es\/de\/wp-json\/wp\/v2\/property_type?post=352886"},{"taxonomy":"property_status","embeddable":true,"href":"https:\/\/www.mallorcaguru.es\/de\/wp-json\/wp\/v2\/property_status?post=352886"},{"taxonomy":"property_feature","embeddable":true,"href":"https:\/\/www.mallorcaguru.es\/de\/wp-json\/wp\/v2\/property_feature?post=352886"},{"taxonomy":"property_label","embeddable":true,"href":"https:\/\/www.mallorcaguru.es\/de\/wp-json\/wp\/v2\/property_label?post=352886"},{"taxonomy":"property_country","embeddable":true,"href":"https:\/\/www.mallorcaguru.es\/de\/wp-json\/wp\/v2\/property_country?post=352886"},{"taxonomy":"property_state","embeddable":true,"href":"https:\/\/www.mallorcaguru.es\/de\/wp-json\/wp\/v2\/property_state?post=352886"},{"taxonomy":"property_city","embeddable":true,"href":"https:\/\/www.mallorcaguru.es\/de\/wp-json\/wp\/v2\/property_city?post=352886"},{"taxonomy":"property_area","embeddable":true,"href":"https:\/\/www.mallorcaguru.es\/de\/wp-json\/wp\/v2\/property_area?post=352886"}],"curies":[{"name":"wp","href":"https:\/\/api.w.org\/{rel}","templated":true}]}}