{"id":79427,"date":"2024-04-04T18:16:14","date_gmt":"2024-04-04T16:16:14","guid":{"rendered":"https:\/\/www.mallorcaguru.es\/property\/zu-verkaufen-ist-ein-grundstueck-auf-cami-son-roig-binissalem\/"},"modified":"2026-03-10T13:49:44","modified_gmt":"2026-03-10T12:49:44","slug":"zu-verkaufen-ist-ein-grundstueck-auf-cami-son-roig-binissalem","status":"publish","type":"property","link":"https:\/\/www.mallorcaguru.es\/de\/immobilien\/zu-verkaufen-ist-ein-grundstueck-auf-cami-son-roig-binissalem\/","title":{"rendered":"Zu verkaufen ist ein Grundst\u00fcck auf Cami Son Roig Binissalem"},"content":{"rendered":"<p>Zu verkaufen ist ein Grundst\u00fcck auf Cami Son Roig <a href=\"https:\/\/www.mallorcaguru.es\/de\/dorf\/zu-verkaufen-binissalem-mallorca\/\" target=\"_blank\" rel=\"noopener\">Binissalem<\/a> Mallorca Ein l\u00e4ndliches Grundst\u00fcck von 20714 m2 zwischen Binissalem und Inca, das mit Johannisbrotb\u00e4umen bepflanzt ist. In der Gemeinde Binissalem stehen zwischen 1 % und 1,5 % der Grundst\u00fccksfl\u00e4che f\u00fcr Bauarbeiten zur Verf\u00fcgung. Das Grundst\u00fcck bietet die M\u00f6glichkeit f\u00fcr den Bau eines Hauses von 310m2. Bitte <a href=\"https:\/\/www.mallorcaguru.es\/de\/kontakt-mallorca-property-guru\/\" target=\"_blank\" rel=\"noopener\">kontaktieren Sie uns<\/a> f\u00fcr weitere Informationen.<\/p>\n","protected":false},"excerpt":{"rendered":"<p>Zu verkaufen: Grundst\u00fcck am Cami Son Roig in Binissalem, Mallorca. Ein l\u00e4ndliches Grundst\u00fcck von 20.714 m\u00b2 zwischen Binissalem und Inca, das mit Johannisbrotb\u00e4umen bepflanzt ist.<\/p>\n","protected":false},"author":1,"featured_media":79190,"parent":0,"menu_order":0,"template":"","property_type":[426],"property_status":[757],"property_feature":[],"property_label":[4371],"property_country":[754],"property_state":[756,554],"property_city":[565],"property_area":[681],"class_list":["post-79427","property","type-property","status-publish","has-post-thumbnail","hentry","property_type-grundstueck-zu-verkaufen-mallorca","property_status-immobilien-zum-verkauf-mallorca","property_label-weinberge-und-weingueter-zum-verkauf-auf-mallorca","property_country-zu-verkaufen-mallorca-spanien-mallorca-immobilien-guru","property_state-immobilien-zum-verkauf-auf-mallorca","property_state-immobilien-zum-verkauf-auf-raiguer-mallorca","property_city-zu-verkaufen-binissalem-mallorca","property_area-herkunftsbezeichnung-binissalem-wein-mallorca"],"property_meta":{"houzez_featured_listing_date":[""],"_wpml_media_duplicate":["1"],"_wpml_media_featured":["1"],"_top_nav_excluded":[""],"_cms_nav_minihome":[""],"_wp_page_template":["default"],"_thumbnail_id":["79190"],"_edit_lock":["1773146850:1"],"houzez_total_property_views":["420"],"houzez_views_by_date":["a:61:{s:10:\"01-12-2026\";i:2;s:10:\"01-13-2026\";i:2;s:10:\"01-15-2026\";i:1;s:10:\"01-16-2026\";i:1;s:10:\"01-17-2026\";i:1;s:10:\"01-21-2026\";i:2;s:10:\"01-22-2026\";i:1;s:10:\"01-26-2026\";i:3;s:10:\"01-28-2026\";i:1;s:10:\"01-30-2026\";i:2;s:10:\"01-31-2026\";i:1;s:10:\"02-01-2026\";i:1;s:10:\"02-03-2026\";i:3;s:10:\"02-04-2026\";i:1;s:10:\"02-05-2026\";i:1;s:10:\"02-08-2026\";i:2;s:10:\"02-09-2026\";i:2;s:10:\"02-11-2026\";i:2;s:10:\"02-12-2026\";i:1;s:10:\"02-13-2026\";i:1;s:10:\"02-14-2026\";i:1;s:10:\"02-15-2026\";i:1;s:10:\"02-17-2026\";i:1;s:10:\"02-18-2026\";i:3;s:10:\"02-19-2026\";i:1;s:10:\"02-20-2026\";i:1;s:10:\"02-22-2026\";i:2;s:10:\"02-24-2026\";i:1;s:10:\"03-01-2026\";i:2;s:10:\"03-02-2026\";i:1;s:10:\"03-03-2026\";i:1;s:10:\"03-05-2026\";i:2;s:10:\"03-09-2026\";i:1;s:10:\"03-12-2026\";i:1;s:10:\"03-15-2026\";i:3;s:10:\"03-16-2026\";i:1;s:10:\"03-17-2026\";i:1;s:10:\"03-19-2026\";i:2;s:10:\"03-21-2026\";i:2;s:10:\"03-22-2026\";i:1;s:10:\"03-26-2026\";i:1;s:10:\"03-27-2026\";i:1;s:10:\"03-29-2026\";i:2;s:10:\"03-30-2026\";i:2;s:10:\"04-01-2026\";i:1;s:10:\"04-04-2026\";i:1;s:10:\"04-05-2026\";i:1;s:10:\"04-06-2026\";i:2;s:10:\"04-09-2026\";i:1;s:10:\"04-10-2026\";i:1;s:10:\"04-11-2026\";i:1;s:10:\"04-13-2026\";i:1;s:10:\"04-14-2026\";i:1;s:10:\"04-17-2026\";i:1;s:10:\"04-19-2026\";i:2;s:10:\"04-22-2026\";i:1;s:10:\"04-24-2026\";i:1;s:10:\"04-25-2026\";i:1;s:10:\"04-26-2026\";i:2;s:10:\"04-29-2026\";i:1;s:10:\"04-30-2026\";i:1;}"],"houzez_recently_viewed":["2026-04-30 05:47:48"],"_edit_last":["1"],"fave_show_price_placeholder":["0"],"houzez_manual_expire":["0"],"_houzez_expiration_date_status":["saved"],"houzez_geolocation_lat":["39.6836656"],"houzez_geolocation_long":["2.8571795"],"_last_translation_edit_mode":["native-editor"],"_wpscppro_advance_schedule":[""],"_facebook_share_type":["default"],"_twitter_share_type":["default"],"_linkedin_share_type":["default"],"_pinterest_share_type":["default"],"_instagram_share_type":["default"],"_medium_share_type":["default"],"_selected_social_profile":["a:0:{}"],"_wpml_word_count":["112"],"rank_math_primary_property_type":["426"],"rank_math_primary_property_status":["757"],"rank_math_primary_property_feature":["0"],"rank_math_primary_property_label":["0"],"rank_math_primary_property_country":["754"],"rank_math_primary_property_state":["756"],"rank_math_primary_property_city":["565"],"rank_math_primary_property_area":["681"],"rank_math_breadcrumb_title":["Zu verkaufen ein Grundst\u00fcck"],"rank_math_pillar_content":["off"],"rank_math_news_sitemap_robots":["index"],"rank_math_robots":["a:1:{i:0;s:5:\"index\";}"],"rank_math_seo_score":["61"],"fave_property_price":["220000"],"fave_property_land":["20714"],"fave_property_id":["237A"],"fave_property_map":["1"],"fave_property_map_address":["Cam\u00ed de Son Roig, Binissalem, Raiguer, Illes Balears, 07350, Espa\u00f1a"],"fave_property_location":["39.6836656,2.8571795,15"],"fave_property_map_street_view":["hide"],"fave_property_address":["Cam\u00ed de Son Roig, Binissalem, Raiguer, Illes Balears, 07350, Espa\u00f1a"],"fave_property_zip":["07350"],"fave_prop_homeslider":["no"],"rank_math_description":["Zu verkaufen ein Grundst\u00fcck auf Binissalem Mallorca. Ein Grundst\u00fcck von 20714 m2 zwischen Binissalem und Inca, Option f\u00fcr ein Haus von 310 m2"],"rank_math_focus_keyword":["Zu verkaufen ist ein Grundst\u00fcck"],"rank_math_analytic_object_id":["553"],"fave_property_land_postfix":["m2"],"fave_portal_1754226254":["0"],"fave_portal_1754598704":["0"],"has_images":["1"],"fave_wine-region":["Denominaci\u00f3 d'Origen Binissalem"],"fave_featured":["0"],"fave_property_images":["79188","79178","79153","79163","79173","79183","79158","79168"],"fave_agent_display_option":["agent_info"],"fave_agents":["5167"],"fave_single_top_area":["global"],"fave_single_content_area":["global"],"_elementor_page_assets":["a:0:{}"]},"_links":{"self":[{"href":"https:\/\/www.mallorcaguru.es\/de\/wp-json\/wp\/v2\/properties\/79427","targetHints":{"allow":["GET"]}}],"collection":[{"href":"https:\/\/www.mallorcaguru.es\/de\/wp-json\/wp\/v2\/properties"}],"about":[{"href":"https:\/\/www.mallorcaguru.es\/de\/wp-json\/wp\/v2\/types\/property"}],"author":[{"embeddable":true,"href":"https:\/\/www.mallorcaguru.es\/de\/wp-json\/wp\/v2\/users\/1"}],"version-history":[{"count":0,"href":"https:\/\/www.mallorcaguru.es\/de\/wp-json\/wp\/v2\/properties\/79427\/revisions"}],"wp:featuredmedia":[{"embeddable":true,"href":"https:\/\/www.mallorcaguru.es\/de\/wp-json\/wp\/v2\/media\/79190"}],"wp:attachment":[{"href":"https:\/\/www.mallorcaguru.es\/de\/wp-json\/wp\/v2\/media?parent=79427"}],"wp:term":[{"taxonomy":"property_type","embeddable":true,"href":"https:\/\/www.mallorcaguru.es\/de\/wp-json\/wp\/v2\/property_type?post=79427"},{"taxonomy":"property_status","embeddable":true,"href":"https:\/\/www.mallorcaguru.es\/de\/wp-json\/wp\/v2\/property_status?post=79427"},{"taxonomy":"property_feature","embeddable":true,"href":"https:\/\/www.mallorcaguru.es\/de\/wp-json\/wp\/v2\/property_feature?post=79427"},{"taxonomy":"property_label","embeddable":true,"href":"https:\/\/www.mallorcaguru.es\/de\/wp-json\/wp\/v2\/property_label?post=79427"},{"taxonomy":"property_country","embeddable":true,"href":"https:\/\/www.mallorcaguru.es\/de\/wp-json\/wp\/v2\/property_country?post=79427"},{"taxonomy":"property_state","embeddable":true,"href":"https:\/\/www.mallorcaguru.es\/de\/wp-json\/wp\/v2\/property_state?post=79427"},{"taxonomy":"property_city","embeddable":true,"href":"https:\/\/www.mallorcaguru.es\/de\/wp-json\/wp\/v2\/property_city?post=79427"},{"taxonomy":"property_area","embeddable":true,"href":"https:\/\/www.mallorcaguru.es\/de\/wp-json\/wp\/v2\/property_area?post=79427"}],"curies":[{"name":"wp","href":"https:\/\/api.w.org\/{rel}","templated":true}]}}