{"id":333103,"date":"2026-03-10T13:06:15","date_gmt":"2026-03-10T12:06:15","guid":{"rendered":"https:\/\/www.mallorcaguru.es\/vinedos-y-bodegas-en-venta-en-mallorca\/"},"modified":"2026-03-10T16:55:59","modified_gmt":"2026-03-10T15:55:59","slug":"vinedos-y-bodegas-en-venta-en-mallorca","status":"publish","type":"page","link":"https:\/\/www.mallorcaguru.es\/es\/vinedos-y-bodegas-en-venta-en-mallorca\/","title":{"rendered":"Vi\u00f1edos y bodegas en venta en Mallorca"},"content":{"rendered":"\t\t<div data-elementor-type=\"wp-page\" data-elementor-id=\"333103\" class=\"elementor elementor-333103 elementor-332800\" data-elementor-post-type=\"page\">\n\t\t\t\t\t\t<section class=\"elementor-section elementor-top-section elementor-element elementor-element-3555c64 elementor-section-boxed elementor-section-height-default elementor-section-height-default\" data-id=\"3555c64\" data-element_type=\"section\" data-e-type=\"section\">\n\t\t\t\t\t\t<div class=\"elementor-container elementor-column-gap-default\">\n\t\t\t\t\t<div class=\"elementor-column elementor-col-100 elementor-top-column elementor-element elementor-element-671a3fdc\" data-id=\"671a3fdc\" data-element_type=\"column\" data-e-type=\"column\">\n\t\t\t<div class=\"elementor-widget-wrap elementor-element-populated\">\n\t\t\t\t\t\t<div class=\"elementor-element elementor-element-15cb01f elementor-widget elementor-widget-houzez_elementor_section_title\" data-id=\"15cb01f\" data-element_type=\"widget\" data-e-type=\"widget\" data-widget_type=\"houzez_elementor_section_title.default\">\n\t\t\t\t<div class=\"elementor-widget-container\">\n\t\t\t\t\t            <div class=\"houzez_section_title_wrap section-title-module\">\n                                    <h2 class=\"houzez_section_title\">Vi\u00f1edos y Bodegas en venta en Mallorca <\/h2>\n                \n                                    <p class=\"houzez_section_subtitle\">Vi\u00f1edos y Bodegas en venta en Mallorca Terreno apto para la producci\u00f3n de vino en la isla de Mallorca<\/p>\n                            <\/div>\n            \t\t\t\t<\/div>\n\t\t\t\t<\/div>\n\t\t\t\t<div class=\"elementor-element elementor-element-73fed58 elementor-widget elementor-widget-text-editor\" data-id=\"73fed58\" data-element_type=\"widget\" data-e-type=\"widget\" data-widget_type=\"text-editor.default\">\n\t\t\t\t<div class=\"elementor-widget-container\">\n\t\t\t\t\t\t\t\t\t<h3 style=\"text-align: left;\"><span style=\"font-size: 12pt;\"><strong>Vi de la Terra Mallorca \u2013 Regulaci\u00f3n del Vino en la Isla<\/strong><\/span><\/h3>\n<p>Vi de la Terra Mallorca es el organismo regulador que supervisa los vinos de Mallorca bajo la clasificaci\u00f3n <strong>IGP (Indicaci\u00f3n Geogr\u00e1fica Protegida)<\/strong>. El consejo representa a bodegas y viticultores de toda la isla y es responsable de mantener los est\u00e1ndares de calidad, certificar los vinos y promover el patrimonio vitivin\u00edcola de Mallorca.<\/p>\n<p>Se puede producir vino en toda la isla si se registra correctamente en Vi de la Terra Mallorca y el terreno est\u00e1 certificado para el cultivo de vides para la producci\u00f3n de vino.<\/p>\n<p>Disponemos de una selecci\u00f3n de propiedades en oferta aptas para la producci\u00f3n de vino. Sin embargo, siempre es recomendable obtener asesoramiento legal antes de comprometerse con una compra. El terreno debe estar correctamente registrado y ser apto para la producci\u00f3n de vino. Los terrenos fuera de las dos denominaciones de Mallorca que est\u00e9n correctamente registrados pueden venderse con la etiqueta Vi de la Terra Mallorca.<\/p>\n\t\t\t\t\t\t\t\t<\/div>\n\t\t\t\t<\/div>\n\t\t\t\t<section class=\"elementor-section elementor-inner-section elementor-element elementor-element-e99b869 elementor-section-boxed elementor-section-height-default elementor-section-height-default\" data-id=\"e99b869\" data-element_type=\"section\" data-e-type=\"section\">\n\t\t\t\t\t\t<div class=\"elementor-container elementor-column-gap-default\">\n\t\t\t\t\t<div class=\"elementor-column elementor-col-50 elementor-inner-column elementor-element elementor-element-328344f\" data-id=\"328344f\" data-element_type=\"column\" data-e-type=\"column\">\n\t\t\t<div class=\"elementor-widget-wrap elementor-element-populated\">\n\t\t\t\t\t\t<div class=\"elementor-element elementor-element-c000a28 elementor-widget elementor-widget-text-editor\" data-id=\"c000a28\" data-element_type=\"widget\" data-e-type=\"widget\" data-widget_type=\"text-editor.default\">\n\t\t\t\t<div class=\"elementor-widget-container\">\n\t\t\t\t\t\t\t\t\t<p style=\"text-align: center;\"><strong>La Denominaci\u00f3n de Origen Binissalem<\/strong><\/p>\n<p>La regi\u00f3n vin\u00edcola m\u00e1s conocida y prestigiosa de Mallorca se encuentra en el coraz\u00f3n de la isla, en la comarca del Raiguer.<\/p>\n<p>Fundada en 1988, fue la primera regi\u00f3n vin\u00edcola balear en recibir este sello oficial de calidad.<\/p>\n<p>La denominaci\u00f3n es reconocida en toda Europa y exporta a Alemania, Escandinavia y el Reino Unido.<\/p>\n<p>Abarca cinco municipios del centro de Mallorca: Binissalem, Consell, Santa Maria del Cam\u00ed, Santa Eug\u00e8nia y Sencelles. Cuenta con 605 hect\u00e1reas de vi\u00f1edos.<\/p>\n<p><strong>Variedades de uva:<\/strong> La regi\u00f3n es famosa por sus variedades aut\u00f3ctonas, principalmente la <strong>Manto Negro<\/strong> para los tintos y la <strong>Moll<\/strong> (tambi\u00e9n conocida como Prensal Blanc) para los blancos. Recientemente, se ha incorporado a la normativa oficial una nueva variedad, la Escursac.<\/p>\n<p>La regi\u00f3n produce una gama de vinos tintos, blancos, rosados \u200b\u200by espumosos.<\/p>\n<p><strong>Vinos tintos<\/strong> que suelen presentar una alta graduaci\u00f3n alcoh\u00f3lica, una acidez equilibrada y aromas a fruta madura.<\/p>\n<p><strong>Vinos Blancos<\/strong> Conocidos por ser frescos y vivos con notas afrutadas y florales.<\/p>\n\t\t\t\t\t\t\t\t<\/div>\n\t\t\t\t<\/div>\n\t\t\t\t\t<\/div>\n\t\t<\/div>\n\t\t\t\t<div class=\"elementor-column elementor-col-50 elementor-inner-column elementor-element elementor-element-f75010b\" data-id=\"f75010b\" data-element_type=\"column\" data-e-type=\"column\">\n\t\t\t<div class=\"elementor-widget-wrap elementor-element-populated\">\n\t\t\t\t\t\t<div class=\"elementor-element elementor-element-42445b9 elementor-widget elementor-widget-text-editor\" data-id=\"42445b9\" data-element_type=\"widget\" data-e-type=\"widget\" data-widget_type=\"text-editor.default\">\n\t\t\t\t<div class=\"elementor-widget-container\">\n\t\t\t\t\t\t\t\t\t<p style=\"text-align: center;\"><strong>La Denominaci\u00f3n de Origen Pla i Llevant<\/strong><\/p>\n<p>Constituida en 1999, abarca la llanura central de la isla <strong>Pla de Mallorca<\/strong> y la comarca costera oriental del <strong>Llevant<\/strong>.<\/p>\n<p>Abarca diecinueve municipios Algaida Ariany Art\u00e0 Campos Capdepera Felanitx Llucmajor Manacor Maria de la Salut Montu\u00efri Muro Petra Porreres Sant Joan Sant Lloren\u00e7 des Cardassar Santa Margalida Santany\u00ed Sineu Vilafranca de Bonany. Con 444 hect\u00e1reas de vi\u00f1edos.<\/p>\n<p>Menos conocida que la DO de Binissalem, la denominaci\u00f3n tiene una reputaci\u00f3n cada vez mayor, especialmente por la producci\u00f3n de vinos espumosos y blancos.<\/p>\n<p><strong>Variedades de Uva:<\/strong> La regi\u00f3n es famosa por sus variedades de uva aut\u00f3ctonas, Callet, Mantonegro, Fogoneu, Gorgollassa, Premsal Blanc (Moll) y Gir\u00f3 Ros.<\/p>\n<p>La regi\u00f3n produce una amplia gama de vinos que incluyen blancos frescos y afrutados; tintos redondeados y estructurados; Rosados \u200b\u200barom\u00e1ticos y vinos espumosos.<\/p>\n<p>El vino espumoso <strong>Raor Brut Nature<\/strong> de la regi\u00f3n, elaborado con el m\u00e9todo tradicional, similar al cava o al champ\u00e1n, recibe rese\u00f1as que lo sit\u00faan entre los mejores de los grandes productores.<\/p>\n<p>Los vinos blancos de la regi\u00f3n reciben regularmente elogios y premios por su calidad, comparable a la de cualquier vino del resto de Europa.<\/p>\n\t\t\t\t\t\t\t\t<\/div>\n\t\t\t\t<\/div>\n\t\t\t\t\t<\/div>\n\t\t<\/div>\n\t\t\t\t\t<\/div>\n\t\t<\/section>\n\t\t\t\t\t<\/div>\n\t\t<\/div>\n\t\t\t\t\t<\/div>\n\t\t<\/section>\n\t\t\t\t<section class=\"elementor-section elementor-top-section elementor-element elementor-element-3310a2d elementor-section-boxed elementor-section-height-default elementor-section-height-default\" data-id=\"3310a2d\" data-element_type=\"section\" data-e-type=\"section\">\n\t\t\t\t\t\t<div class=\"elementor-container elementor-column-gap-default\">\n\t\t\t\t\t<div class=\"elementor-column elementor-col-100 elementor-top-column elementor-element elementor-element-24fab7e\" data-id=\"24fab7e\" data-element_type=\"column\" data-e-type=\"column\">\n\t\t\t<div class=\"elementor-widget-wrap elementor-element-populated\">\n\t\t\t\t\t\t<div class=\"elementor-element elementor-element-2ada7af elementor-widget elementor-widget-text-editor\" data-id=\"2ada7af\" data-element_type=\"widget\" data-e-type=\"widget\" data-widget_type=\"text-editor.default\">\n\t\t\t\t<div class=\"elementor-widget-container\">\n\t\t\t\t\t\t\t\t\t<p style=\"text-align: center;\">Bodegas y terrenos aptos para la producci\u00f3n de vino en las dos principales regiones vin\u00edcolas.<\/p>\n<p><\/p>\n<p style=\"text-align: center;\">Si busca una propiedad fuera de las denominaciones, cont\u00e1ctenos.<\/p>\n\t\t\t\t\t\t\t\t<\/div>\n\t\t\t\t<\/div>\n\t\t\t\t<div class=\"elementor-element elementor-element-c21ab2e elementor-widget elementor-widget-houzez_elementor_property-card-v7\" data-id=\"c21ab2e\" data-element_type=\"widget\" data-e-type=\"widget\" data-widget_type=\"houzez_elementor_property-card-v7.default\">\n\t\t\t\t<div class=\"elementor-widget-container\">\n\t\t\t\t\t    <div id=\"properties_module_section\" class=\"property-cards-module property-cards-module-v7 property-cards-module-col-2\">\n        <div id=\"module_properties\" class=\"listing-view grid-view row row-cols-1 row-cols-md-2 row-cols-lg-2 gy-4 gx-4\">\n            <div class=\"item-listing-wrap item-wrap-v9 hz-item-gallery-js hz-map-trigger\" data-hz-id=\"346198\" data-images=\"[{&quot;image&quot;:&quot;https:\\\/\\\/www.mallorcaguru.es\\\/wp-content\\\/smush-avif\\\/2026\\\/04\\\/Vineyard-For-Sale-in-Mallorca-06-584x438.jpg.avif&quot;,&quot;alt&quot;:&quot;&quot;,&quot;width&quot;:584,&quot;height&quot;:438,&quot;srcset&quot;:false,&quot;sizes&quot;:&quot;(max-width: 584px) 100vw, 584px&quot;},{&quot;image&quot;:&quot;https:\\\/\\\/www.mallorcaguru.es\\\/wp-content\\\/smush-avif\\\/2026\\\/04\\\/Vineyard-For-Sale-in-Mallorca-06-584x438.jpg.avif&quot;,&quot;alt&quot;:&quot;&quot;,&quot;width&quot;:584,&quot;height&quot;:438,&quot;srcset&quot;:false,&quot;sizes&quot;:&quot;(max-width: 584px) 100vw, 584px&quot;},{&quot;image&quot;:&quot;https:\\\/\\\/www.mallorcaguru.es\\\/wp-content\\\/smush-avif\\\/2026\\\/04\\\/Vineyard-For-Sale-in-Mallorca-10-584x438.jpg.avif&quot;,&quot;alt&quot;:&quot;&quot;,&quot;width&quot;:584,&quot;height&quot;:438,&quot;srcset&quot;:&quot;https:\\\/\\\/www.mallorcaguru.es\\\/wp-content\\\/smush-avif\\\/2026\\\/04\\\/Vineyard-For-Sale-in-Mallorca-10-584x438.jpg.avif 584w, https:\\\/\\\/www.mallorcaguru.es\\\/wp-content\\\/smush-avif\\\/2026\\\/04\\\/Vineyard-For-Sale-in-Mallorca-10-1536x1152.jpg.avif 1536w, https:\\\/\\\/www.mallorcaguru.es\\\/wp-content\\\/smush-avif\\\/2026\\\/04\\\/Vineyard-For-Sale-in-Mallorca-10.jpg.avif 1600w&quot;,&quot;sizes&quot;:&quot;(max-width: 584px) 100vw, 584px&quot;}]\">\n\t<div class=\"item-wrap item-wrap-no-frame h-100\">\n\t\t<div class=\"d-flex flex-column align-items-center h-100\">\n\t\t\t<div class=\"item-header\">\n\t\t\t\t<span class=\"label-featured label me-1\" role=\"status\">Destacado<\/span>\t\t\t\t<div class=\"labels-wrap d-flex align-items-center gap-1\" role=\"group\"> \n\n\t<a href=\"https:\/\/www.mallorcaguru.es\/es\/estado\/propiedades-en-venta-mallorca\/\" class=\"label-status label status-color-761\">\n\t\t\t\t\tEn venta\n\t\t\t\t<\/a><a href=\"https:\/\/www.mallorcaguru.es\/es\/estado\/inmobiliario-traspaso-mallorca\/\" class=\"label-status label status-color-4377\">\n\t\t\t\t\tTraspaso\n\t\t\t\t<\/a><a href=\"https:\/\/www.mallorcaguru.es\/es\/etiqueta\/vinedos-y-bodegas-en-venta-en-mallorca\/\" class=\"hz-label label label-color-4372\">\n\t\t\t\t\tVi\u00f1edos y Bodegas\n\t\t\t\t<\/a>       \n\n<\/div>\n\t\t\t\t<ul class=\"item-tools d-flex align-items-center justify-content-center gap-1\">\n        <li class=\"item-tool item-preview\">\n        <span class=\"hz-show-lightbox-js item-tool-preview text-center\" data-listid=\"346198\">\n            <span data-bs-toggle=\"tooltip\" data-bs-placement=\"top\" title=\"Vista preliminar\">\n                <i class=\"houzez-icon icon-expand-3\"><\/i>   \n            <\/span>\n        <\/span><!-- item-tool-favorite -->\n    <\/li><!-- item-tool -->\n        \n        <li class=\"item-tool item-favorite\">\n        <span class=\"add-favorite-js item-tool-favorite text-center\" data-bs-toggle=\"tooltip\" data-bs-placement=\"top\" title=\"Favorito\" data-listid=\"346198\">\n            <i class=\"houzez-icon icon-love-it \"><\/i>\n        <\/span><!-- item-tool-favorite -->\n    <\/li><!-- item-tool -->\n    \n        <li class=\"item-tool item-compare\">\n        <span class=\"houzez_compare compare-346198 item-tool-compare text-center\" data-bs-toggle=\"tooltip\" data-bs-placement=\"top\" title=\"A\u00f1adir a comparar\" data-listing_id=\"346198\" data-listing_image=\"https:\/\/www.mallorcaguru.es\/wp-content\/uploads\/2026\/04\/Vineyard-For-Sale-in-Mallorca-06-584x438.jpg\">\n            <i class=\"houzez-icon icon-add-circle\"><\/i>\n            <!-- <i class=\"houzez-icon icon-subtract-circle\"><\/i> -->\n        <\/span><!-- item-tool-compare -->\n    <\/li><!-- item-tool -->\n    <\/ul><!-- item-tools -->\n\t\t\t\t<div class=\"listing-image-wrap\">\n\t<div class=\"listing-thumb\">\n\t\t<a target=\"_self\" href=\"https:\/\/www.mallorcaguru.es\/es\/propiedad\/bodega-en-venta-en-mallorca-una-oportunidad-unica\/\" class=\"listing-featured-thumb hover-effect image-wrap\" role=\"link\">\n\t\t\t<img fetchpriority=\"high\" decoding=\"async\" width=\"584\" height=\"438\" src=\"https:\/\/www.mallorcaguru.es\/wp-content\/smush-avif\/2026\/04\/Vineyard-For-Sale-in-Mallorca-06-584x438.jpg.avif\" class=\"img-fluid wp-post-image\" alt=\"\" data-smush-avif-fallback=\"{&quot;src&quot;:&quot;https:\\\/\\\/www.mallorcaguru.es\\\/wp-content\\\/uploads\\\/2026\\\/04\\\/Vineyard-For-Sale-in-Mallorca-06-584x438.jpg&quot;}\" \/>\t\t<\/a><!-- hover-effect -->\n\t<\/div>\n<\/div>\t\t\t\t<div class=\"preview_loader\"><\/div>\n\t\t\t<\/div>\n\t\t\t<div class=\"item-body w-100 flex-fill\">\n\t\t\t\t<ul class=\"item-amenities item-amenities-with-icons mb-2\">\n\t\t\t\t\t<li class=\"h-type d-flex w-100\" role=\"listitem\"><span>Local Comercial<\/span><\/li>\t\t\t\t<\/ul>\n\t\t\t\t<ul class=\"item-price-wrap d-flex align-items-end gap-3\" role=\"list\">\n\t\t\t\t\t<li class=\"item-price\"><span class=\"price\">2,350,000\u20ac<\/span><span class=\"price-postfix\"><\/span><\/li>\t\t\t\t<\/ul>\n\t\t\t\t<h2 class=\"item-title mb-2 \">\n\t<a target=\"_self\" href=\"https:\/\/www.mallorcaguru.es\/es\/propiedad\/bodega-en-venta-en-mallorca-una-oportunidad-unica\/\" role=\"link\">Bodega en venta en Mallorca: una oportunidad \u00fanica<\/a>\n<\/h2><!-- item-title -->\t\t\t\t<address class=\"item-address mb-2\"><i class=\"houzez-icon icon-pin me-1\" aria-hidden=\"true\"><\/i><span>Raiguer, Espa\u00f1a<\/span><\/address>\t\t\t\t<ul class=\"item-amenities item-amenities-with-icons d-flex flex-wrap align-items-center gap-2\" role=\"list\">\n\t<li class=\"h-property-id me-1\"><i class=\"houzez-icon icon-tags me-2\"><\/i><span class=\"item-amenities-text\">ID:<\/span> <span class=\"hz-figure\">993<\/span><\/li><li class=\"h-baths d-flex align-items-center me-1\"><i class=\"houzez-icon icon-bathroom-shower-1 me-2\"><\/i><span class=\"item-amenities-text\">Ba\u00f1os:<\/span> <span class=\"hz-figure\">2<\/span><\/li><li class=\"h-area d-flex align-items-center me-1\"><i class=\"houzez-icon icon-ruler-triangle me-2\"><\/i><span class=\"hz-figure me-1\">352<\/span> <span class=\"hz-figure area_postfix\">m\u00b2<\/span><\/li><\/ul>\t\t\t<\/div>\n\t\t\t<div class=\"item-footer items-btns-count-3\">\n\t\t\t\t<div class=\"item-buttons-wrap d-flex justify-content-between gap-2\">\n\t\t\t\t\t\t\t\t<button type=\"button\" class=\"hz-call-popup-js btn btn-primary-outlined btn-item px-2 d-flex align-items-center justify-content-center flex-fill gap-1\" data-bs-toggle=\"modal\" data-model-id=\"call-action-346198-muTTs\">\n\t\t\t\t<i class=\"houzez-icon icon-phone-actions-ring\"><\/i> Llamar\t\t\t<\/button>\n\t\t \t\t\t\t<button type=\"button\" class=\"hz-email-popup-js btn btn-primary-outlined btn-item px-2 d-flex align-items-center justify-content-center flex-fill gap-1\" data-bs-toggle=\"modal\" data-model-id=\"email-popup-346198-muTTs\">\n\t\t\t\t<i class=\"houzez-icon icon-envelope\"><\/i> Correo\t\t\t<\/button>\n\t\t\t\t\t\t<a class=\"btn btn-primary-outlined btn-item px-2 d-flex align-items-center justify-content-center flex-fill gap-1\" target=\"_blank\" href=\"https:\/\/api.whatsapp.com\/send?phone=+34667515185&text=Hola, estoy interesado en [Bodega en venta en Mallorca: una oportunidad \u00fanica] https:\/\/www.mallorcaguru.es\/es\/propiedad\/bodega-en-venta-en-mallorca-una-oportunidad-unica\/\">\n\t\t\t\t<i class=\"houzez-icon icon-messaging-whatsapp\"><\/i> <span class=\"d-none d-md-block\">WhatsApp<\/span>\n\t\t\t<\/a>\n\t\t\t\t\t\t\t<\/div>\n\t\t\t<\/div>\n\t\t<\/div>\n\t<\/div>\n\t<div class=\"modal fade modal-phone-number\" id=\"call-action-346198-muTTs\" tabindex=\"-1\" aria-labelledby=\"phoneNumberModalLabel\" aria-hidden=\"true\">\n    <div class=\"modal-dialog\" role=\"document\">\n        <div class=\"modal-content\">\n            <div class=\"modal-header\">\n                <h5 class=\"modal-title\" id=\"phoneNumberModalLabel\">Cont\u00e1ctenos<\/h5>\n                <button type=\"button\" class=\"btn-close\" data-bs-dismiss=\"modal\" aria-label=\"Cerrar\"><\/button>\n            <\/div><!-- modal-header -->\n            <div class=\"modal-body\">\n                <p class=\"modal-body-phone-number-text\">\n                    Por favor, indique la referencia de la propiedad<br>\n\n                    <strong>Mallorca Property Guru - 993<\/strong>\n                <\/p>\n                <p class=\"modal-body-phone-number-number\">\n                     <a class=\"btn btn-primary-outlined\" href=\"tel:+34667515185\"><i class=\"houzez-icon icon-phone-actions-ring\"><\/i> +34 667 515 185<\/a>\n                <\/p>\n            <\/div><!-- modal-body -->\n        <\/div><!-- modal-content -->\n    <\/div><!-- modal-dialog -->\n<\/div><!-- login-register-form -->\n\t<div class=\"modal fade mobile-property-form\" id=\"email-popup-346198-muTTs\">\n    <div class=\"modal-dialog\" role=\"document\">\n        <div class=\"modal-content\">\n            <div class=\"modal-header\">\n                <h5 class=\"modal-title\" id=\"phoneNumberModalLabel\">Contact me<\/h5>\n                <button type=\"button\" class=\"btn-close\" data-bs-dismiss=\"modal\" aria-label=\"Close\"><\/button>\n            <\/div><!-- modal-header -->\n            <div class=\"modal-body\">\n                <div class=\"property-form-wrap border-none\">\n                                    <div class=\"property-form\">\n                        <form method=\"post\" action=\"#\">\n                            \n                            <div class=\"agent-details\" role=\"region\"><div class=\"d-flex align-items-center gap-3\"><div class=\"agent-image\" role=\"img\"><img decoding=\"async\" class=\"rounded\" src=\"https:\/\/www.mallorcaguru.es\/wp-content\/smush-avif\/2022\/03\/Mallorca-Property-Guru-Logo-2025-150x150.png.avif\" alt=\"Mallorca Property Guru Carmen Dols Bastard\" width=\"70\" height=\"70\" loading=\"lazy\" data-smush-avif-fallback=\"{&quot;src&quot;:&quot;https:\\\/\\\/www.mallorcaguru.es\\\/wp-content\\\/uploads\\\/2022\\\/03\\\/Mallorca-Property-Guru-Logo-2025-150x150.png&quot;}\"><span class=\"badge btn-secondary agent-verified-icon\"><i class=\"houzez-icon icon-check-circle-1\"><\/i><\/span><\/div><ul class=\"agent-information list-unstyled mb-0\" role=\"list\"><li class=\"agent-name\" role=\"listitem\"><i class=\"houzez-icon icon-single-neutral me-1\"><\/i> Mallorca Property Guru Carmen Dols Bastard<\/li><\/ul><\/div><\/div>\n                                                        <div class=\"form-group mb-2 mt-3\">\n                                <input class=\"form-control\" name=\"name\" value=\"\" type=\"text\" placeholder=\"Nombre\">\n                            <\/div><!-- form-group -->\n                            \n                                \n                            <div class=\"form-group mb-2\">\n                                <input class=\"form-control\" name=\"mobile\" value=\"\" type=\"text\" placeholder=\"Tel\u00e9fono\">\n                            <\/div><!-- form-group -->\n                            \n                            <div class=\"form-group mb-2\">\n                                <input class=\"form-control\" name=\"email\" value=\"\" type=\"email\" placeholder=\"Correo electr\u00f3nico\">\n                            <\/div><!-- form-group -->\n\n                              \n                            <div class=\"form-group form-group-textarea mb-2\">\n                                <textarea class=\"form-control hz-form-message\" name=\"message\" rows=\"4\" placeholder=\"Mensaje\">Hola, estoy interesado en [Bodega en venta en Mallorca: una oportunidad \u00fanica]<\/textarea>\n                            <\/div><!-- form-group -->   \n                            \n                            \n                                                        <div class=\"form-group my-3\">\n                                <label class=\"control control--checkbox m-0 p-0 hz-no-gdpr-checkbox\">\n                                                                        <div class=\"gdpr-text-wrap\">\n                                        Al subir este formulario estoy de acuerdo a <a target=\"_blank\" href=\"https:\/\/www.mallorcaguru.es\/es\/terminos-y-condiciones\/\">Condiciones de uso<\/a>\n                                    <\/div>\n                                <\/label>\n                            <\/div><!-- form-group -->   \n                                  \n                        \n                                                            <input type=\"hidden\" name=\"target_email\" value=\"ca&#114;men&#64;m&#97;l&#108;o&#114;c&#97;&#103;uru&#46;es\">\n                                                        <input type=\"hidden\" name=\"property_agent_contact_security\" value=\"a64e3040b5\"\/>\n                            <input type=\"hidden\" name=\"property_permalink\" value=\"https:\/\/www.mallorcaguru.es\/es\/propiedad\/bodega-en-venta-en-mallorca-una-oportunidad-unica\/\"\/>\n                            <input type=\"hidden\" name=\"property_title\" value=\"Bodega en venta en Mallorca: una oportunidad \u00fanica\"\/>\n                            <input type=\"hidden\" name=\"property_id\" value=\"993\"\/>\n                            <input type=\"hidden\" name=\"action\" value=\"houzez_property_agent_contact\">\n                            <input type=\"hidden\" name=\"listing_id\" value=\"346198\">\n                            <input type=\"hidden\" name=\"is_listing_form\" value=\"yes\">\n                            <input type=\"hidden\" name=\"agent_id\" value=\"6101\">\n                            <input type=\"hidden\" name=\"agent_type\" value=\"agent_info\">\n\n                                                        <div class=\"form_messages\"><\/div>\n                            <button type=\"button\" class=\"houzez_agent_property_form btn btn-secondary w-100\">\n                                <span class=\"houzez-loader-js houzez-hidden spinner-border spinner-border-sm\" aria-hidden=\"true\"><\/span>                                Enviar Email                                \n                            <\/button>\n                            \n                        <\/form>\n                    <\/div><!-- property-form -->\n                    \n                            <\/div><!-- property-form-wrap -->\n\n    \n            <\/div>\n        <\/div>\n    <\/div>\n<\/div>\n<\/div>\n<div class=\"item-listing-wrap item-wrap-v9 hz-item-gallery-js hz-map-trigger\" data-hz-id=\"331267\" data-images=\"[{&quot;image&quot;:&quot;https:\\\/\\\/www.mallorcaguru.es\\\/wp-content\\\/smush-avif\\\/2026\\\/03\\\/Land-Ariany-Mallorca-Spain-11-584x438.jpeg.avif&quot;,&quot;alt&quot;:&quot;&quot;,&quot;width&quot;:584,&quot;height&quot;:438,&quot;srcset&quot;:false,&quot;sizes&quot;:&quot;(max-width: 584px) 100vw, 584px&quot;},{&quot;image&quot;:&quot;https:\\\/\\\/www.mallorcaguru.es\\\/wp-content\\\/smush-avif\\\/2026\\\/03\\\/Land-Ariany-Mallorca-Spain-7-584x438.jpg.avif&quot;,&quot;alt&quot;:&quot;&quot;,&quot;width&quot;:584,&quot;height&quot;:438,&quot;srcset&quot;:false,&quot;sizes&quot;:&quot;(max-width: 584px) 100vw, 584px&quot;},{&quot;image&quot;:&quot;https:\\\/\\\/www.mallorcaguru.es\\\/wp-content\\\/smush-avif\\\/2026\\\/03\\\/Land-Ariany-Mallorca-Spain-8-584x438.jpg.avif&quot;,&quot;alt&quot;:&quot;&quot;,&quot;width&quot;:584,&quot;height&quot;:438,&quot;srcset&quot;:false,&quot;sizes&quot;:&quot;(max-width: 584px) 100vw, 584px&quot;}]\">\n\t<div class=\"item-wrap item-wrap-no-frame h-100\">\n\t\t<div class=\"d-flex flex-column align-items-center h-100\">\n\t\t\t<div class=\"item-header\">\n\t\t\t\t<span class=\"label-featured label me-1\" role=\"status\">Destacado<\/span>\t\t\t\t<div class=\"labels-wrap d-flex align-items-center gap-1\" role=\"group\"> \n\n\t<a href=\"https:\/\/www.mallorcaguru.es\/es\/estado\/propiedades-en-venta-mallorca\/\" class=\"label-status label status-color-761\">\n\t\t\t\t\tEn venta\n\t\t\t\t<\/a><a href=\"https:\/\/www.mallorcaguru.es\/es\/etiqueta\/vinedos-y-bodegas-en-venta-en-mallorca\/\" class=\"hz-label label label-color-4372\">\n\t\t\t\t\tVi\u00f1edos y Bodegas\n\t\t\t\t<\/a>       \n\n<\/div>\n\t\t\t\t<ul class=\"item-tools d-flex align-items-center justify-content-center gap-1\">\n        <li class=\"item-tool item-preview\">\n        <span class=\"hz-show-lightbox-js item-tool-preview text-center\" data-listid=\"331267\">\n            <span data-bs-toggle=\"tooltip\" data-bs-placement=\"top\" title=\"Vista preliminar\">\n                <i class=\"houzez-icon icon-expand-3\"><\/i>   \n            <\/span>\n        <\/span><!-- item-tool-favorite -->\n    <\/li><!-- item-tool -->\n        \n        <li class=\"item-tool item-favorite\">\n        <span class=\"add-favorite-js item-tool-favorite text-center\" data-bs-toggle=\"tooltip\" data-bs-placement=\"top\" title=\"Favorito\" data-listid=\"331267\">\n            <i class=\"houzez-icon icon-love-it \"><\/i>\n        <\/span><!-- item-tool-favorite -->\n    <\/li><!-- item-tool -->\n    \n        <li class=\"item-tool item-compare\">\n        <span class=\"houzez_compare compare-331267 item-tool-compare text-center\" data-bs-toggle=\"tooltip\" data-bs-placement=\"top\" title=\"A\u00f1adir a comparar\" data-listing_id=\"331267\" data-listing_image=\"https:\/\/www.mallorcaguru.es\/wp-content\/uploads\/2026\/03\/Land-Ariany-Mallorca-Spain-11-584x438.jpeg\">\n            <i class=\"houzez-icon icon-add-circle\"><\/i>\n            <!-- <i class=\"houzez-icon icon-subtract-circle\"><\/i> -->\n        <\/span><!-- item-tool-compare -->\n    <\/li><!-- item-tool -->\n    <\/ul><!-- item-tools -->\n\t\t\t\t<div class=\"listing-image-wrap\">\n\t<div class=\"listing-thumb\">\n\t\t<a target=\"_self\" href=\"https:\/\/www.mallorcaguru.es\/es\/propiedad\/terreno-en-venta-en-ariany-mallorca\/\" class=\"listing-featured-thumb hover-effect image-wrap\" role=\"link\">\n\t\t\t<img decoding=\"async\" width=\"584\" height=\"438\" src=\"https:\/\/www.mallorcaguru.es\/wp-content\/smush-avif\/2026\/03\/Land-Ariany-Mallorca-Spain-11-584x438.jpeg.avif\" class=\"img-fluid wp-post-image\" alt=\"\" loading=\"lazy\" data-smush-avif-fallback=\"{&quot;src&quot;:&quot;https:\\\/\\\/www.mallorcaguru.es\\\/wp-content\\\/uploads\\\/2026\\\/03\\\/Land-Ariany-Mallorca-Spain-11-584x438.jpeg&quot;}\" \/>\t\t<\/a><!-- hover-effect -->\n\t<\/div>\n<\/div>\t\t\t\t<div class=\"preview_loader\"><\/div>\n\t\t\t<\/div>\n\t\t\t<div class=\"item-body w-100 flex-fill\">\n\t\t\t\t<ul class=\"item-amenities item-amenities-with-icons mb-2\">\n\t\t\t\t\t<li class=\"h-type d-flex w-100\" role=\"listitem\"><span>Parcela<\/span><\/li>\t\t\t\t<\/ul>\n\t\t\t\t<ul class=\"item-price-wrap d-flex align-items-end gap-3\" role=\"list\">\n\t\t\t\t\t<li class=\"item-price\"><span class=\"price\">975,000\u20ac<\/span><span class=\"price-postfix\"><\/span><\/li>\t\t\t\t<\/ul>\n\t\t\t\t<h2 class=\"item-title mb-2 \">\n\t<a target=\"_self\" href=\"https:\/\/www.mallorcaguru.es\/es\/propiedad\/terreno-en-venta-en-ariany-mallorca\/\" role=\"link\">Terreno en venta en Ariany Mallorca<\/a>\n<\/h2><!-- item-title -->\t\t\t\t<address class=\"item-address mb-2\"><i class=\"houzez-icon icon-pin me-1\" aria-hidden=\"true\"><\/i><span>Carrer Major, 07529 Ariany, Spain<\/span><\/address>\t\t\t\t<ul class=\"item-amenities item-amenities-with-icons d-flex flex-wrap align-items-center gap-2\" role=\"list\">\n\t<li class=\"h-property-id me-1\"><i class=\"houzez-icon icon-tags me-2\"><\/i><span class=\"item-amenities-text\">ID:<\/span> <span class=\"hz-figure\">991<\/span><\/li><li class=\"h-area d-flex align-items-center me-1\"><i class=\"houzez-icon icon-ruler-triangle me-2\"><\/i><span class=\"hz-figure me-1\">126<\/span> <span class=\"hz-figure area_postfix\">m\u00b2<\/span><\/li><\/ul>\t\t\t<\/div>\n\t\t\t<div class=\"item-footer items-btns-count-3\">\n\t\t\t\t<div class=\"item-buttons-wrap d-flex justify-content-between gap-2\">\n\t\t\t\t\t\t\t\t<button type=\"button\" class=\"hz-call-popup-js btn btn-primary-outlined btn-item px-2 d-flex align-items-center justify-content-center flex-fill gap-1\" data-bs-toggle=\"modal\" data-model-id=\"call-action-331267-HSZUM\">\n\t\t\t\t<i class=\"houzez-icon icon-phone-actions-ring\"><\/i> Llamar\t\t\t<\/button>\n\t\t \t\t\t\t<button type=\"button\" class=\"hz-email-popup-js btn btn-primary-outlined btn-item px-2 d-flex align-items-center justify-content-center flex-fill gap-1\" data-bs-toggle=\"modal\" data-model-id=\"email-popup-331267-HSZUM\">\n\t\t\t\t<i class=\"houzez-icon icon-envelope\"><\/i> Correo\t\t\t<\/button>\n\t\t\t\t\t\t<a class=\"btn btn-primary-outlined btn-item px-2 d-flex align-items-center justify-content-center flex-fill gap-1\" target=\"_blank\" href=\"https:\/\/api.whatsapp.com\/send?phone=+34671798832&text=Hola, estoy interesado en [Terreno en venta en Ariany Mallorca] https:\/\/www.mallorcaguru.es\/es\/propiedad\/terreno-en-venta-en-ariany-mallorca\/\">\n\t\t\t\t<i class=\"houzez-icon icon-messaging-whatsapp\"><\/i> <span class=\"d-none d-md-block\">WhatsApp<\/span>\n\t\t\t<\/a>\n\t\t\t\t\t\t\t<\/div>\n\t\t\t<\/div>\n\t\t<\/div>\n\t<\/div>\n\t<div class=\"modal fade modal-phone-number\" id=\"call-action-331267-HSZUM\" tabindex=\"-1\" aria-labelledby=\"phoneNumberModalLabel\" aria-hidden=\"true\">\n    <div class=\"modal-dialog\" role=\"document\">\n        <div class=\"modal-content\">\n            <div class=\"modal-header\">\n                <h5 class=\"modal-title\" id=\"phoneNumberModalLabel\">Cont\u00e1ctenos<\/h5>\n                <button type=\"button\" class=\"btn-close\" data-bs-dismiss=\"modal\" aria-label=\"Cerrar\"><\/button>\n            <\/div><!-- modal-header -->\n            <div class=\"modal-body\">\n                <p class=\"modal-body-phone-number-text\">\n                    Por favor, indique la referencia de la propiedad<br>\n\n                    <strong>Mallorca Property Guru - 991<\/strong>\n                <\/p>\n                <p class=\"modal-body-phone-number-number\">\n                     <a class=\"btn btn-primary-outlined\" href=\"tel:+34671798832\"><i class=\"houzez-icon icon-phone-actions-ring\"><\/i> +34 671 798 832<\/a>\n                <\/p>\n            <\/div><!-- modal-body -->\n        <\/div><!-- modal-content -->\n    <\/div><!-- modal-dialog -->\n<\/div><!-- login-register-form -->\n\t<div class=\"modal fade mobile-property-form\" id=\"email-popup-331267-HSZUM\">\n    <div class=\"modal-dialog\" role=\"document\">\n        <div class=\"modal-content\">\n            <div class=\"modal-header\">\n                <h5 class=\"modal-title\" id=\"phoneNumberModalLabel\">Contact me<\/h5>\n                <button type=\"button\" class=\"btn-close\" data-bs-dismiss=\"modal\" aria-label=\"Close\"><\/button>\n            <\/div><!-- modal-header -->\n            <div class=\"modal-body\">\n                <div class=\"property-form-wrap border-none\">\n                                    <div class=\"property-form\">\n                        <form method=\"post\" action=\"#\">\n                            \n                            <div class=\"agent-details\" role=\"region\"><div class=\"d-flex align-items-center gap-3\"><div class=\"agent-image\" role=\"img\"><img loading=\"lazy\" decoding=\"async\" class=\"rounded\" src=\"https:\/\/www.mallorcaguru.es\/wp-content\/smush-avif\/2022\/03\/Mallorca-Property-Guru-Logo-2025-150x150.png.avif\" alt=\"Mallorca Property Guru Saionara Jackson\" width=\"70\" height=\"70\" data-smush-avif-fallback=\"{&quot;src&quot;:&quot;https:\\\/\\\/www.mallorcaguru.es\\\/wp-content\\\/uploads\\\/2022\\\/03\\\/Mallorca-Property-Guru-Logo-2025-150x150.png&quot;}\"><span class=\"badge btn-secondary agent-verified-icon\"><i class=\"houzez-icon icon-check-circle-1\"><\/i><\/span><\/div><ul class=\"agent-information list-unstyled mb-0\" role=\"list\"><li class=\"agent-name\" role=\"listitem\"><i class=\"houzez-icon icon-single-neutral me-1\"><\/i> Mallorca Property Guru Saionara Jackson<\/li><\/ul><\/div><\/div>\n                                                        <div class=\"form-group mb-2 mt-3\">\n                                <input class=\"form-control\" name=\"name\" value=\"\" type=\"text\" placeholder=\"Nombre\">\n                            <\/div><!-- form-group -->\n                            \n                                \n                            <div class=\"form-group mb-2\">\n                                <input class=\"form-control\" name=\"mobile\" value=\"\" type=\"text\" placeholder=\"Tel\u00e9fono\">\n                            <\/div><!-- form-group -->\n                            \n                            <div class=\"form-group mb-2\">\n                                <input class=\"form-control\" name=\"email\" value=\"\" type=\"email\" placeholder=\"Correo electr\u00f3nico\">\n                            <\/div><!-- form-group -->\n\n                              \n                            <div class=\"form-group form-group-textarea mb-2\">\n                                <textarea class=\"form-control hz-form-message\" name=\"message\" rows=\"4\" placeholder=\"Mensaje\">Hola, estoy interesado en [Terreno en venta en Ariany Mallorca]<\/textarea>\n                            <\/div><!-- form-group -->   \n                            \n                            \n                                                        <div class=\"form-group my-3\">\n                                <label class=\"control control--checkbox m-0 p-0 hz-no-gdpr-checkbox\">\n                                                                        <div class=\"gdpr-text-wrap\">\n                                        Al subir este formulario estoy de acuerdo a <a target=\"_blank\" href=\"https:\/\/www.mallorcaguru.es\/es\/terminos-y-condiciones\/\">Condiciones de uso<\/a>\n                                    <\/div>\n                                <\/label>\n                            <\/div><!-- form-group -->   \n                                  \n                        \n                                                            <input type=\"hidden\" name=\"target_email\" value=\"s&#97;io&#110;&#97;&#114;a&#64;m&#97;llor&#99;&#97;gu&#114;&#117;&#46;es\">\n                                                        <input type=\"hidden\" name=\"property_agent_contact_security\" value=\"a64e3040b5\"\/>\n                            <input type=\"hidden\" name=\"property_permalink\" value=\"https:\/\/www.mallorcaguru.es\/es\/propiedad\/terreno-en-venta-en-ariany-mallorca\/\"\/>\n                            <input type=\"hidden\" name=\"property_title\" value=\"Terreno en venta en Ariany Mallorca\"\/>\n                            <input type=\"hidden\" name=\"property_id\" value=\"991\"\/>\n                            <input type=\"hidden\" name=\"action\" value=\"houzez_property_agent_contact\">\n                            <input type=\"hidden\" name=\"listing_id\" value=\"331267\">\n                            <input type=\"hidden\" name=\"is_listing_form\" value=\"yes\">\n                            <input type=\"hidden\" name=\"agent_id\" value=\"4998\">\n                            <input type=\"hidden\" name=\"agent_type\" value=\"agent_info\">\n\n                                                        <div class=\"form_messages\"><\/div>\n                            <button type=\"button\" class=\"houzez_agent_property_form btn btn-secondary w-100\">\n                                <span class=\"houzez-loader-js houzez-hidden spinner-border spinner-border-sm\" aria-hidden=\"true\"><\/span>                                Enviar Email                                \n                            <\/button>\n                            \n                        <\/form>\n                    <\/div><!-- property-form -->\n                    \n                            <\/div><!-- property-form-wrap -->\n\n    \n            <\/div>\n        <\/div>\n    <\/div>\n<\/div>\n<\/div>\n<div class=\"item-listing-wrap item-wrap-v9 hz-item-gallery-js hz-map-trigger\" data-hz-id=\"186537\" data-images=\"[{&quot;image&quot;:&quot;https:\\\/\\\/www.mallorcaguru.es\\\/wp-content\\\/smush-avif\\\/2025\\\/03\\\/Finca-Son-Fadri-Campos-29-584x438.jpg.avif&quot;,&quot;alt&quot;:&quot;En venta en Campos&quot;,&quot;width&quot;:584,&quot;height&quot;:438,&quot;srcset&quot;:&quot;https:\\\/\\\/www.mallorcaguru.es\\\/wp-content\\\/smush-avif\\\/2025\\\/03\\\/Finca-Son-Fadri-Campos-29-584x438.jpg.avif 584w, https:\\\/\\\/www.mallorcaguru.es\\\/wp-content\\\/smush-avif\\\/2025\\\/03\\\/Finca-Son-Fadri-Campos-29-592x444.jpg.avif 592w, https:\\\/\\\/www.mallorcaguru.es\\\/wp-content\\\/smush-avif\\\/2025\\\/03\\\/Finca-Son-Fadri-Campos-29-120x90.jpg.avif 120w&quot;,&quot;sizes&quot;:&quot;(max-width: 584px) 100vw, 584px&quot;},{&quot;image&quot;:&quot;https:\\\/\\\/www.mallorcaguru.es\\\/wp-content\\\/smush-avif\\\/2025\\\/03\\\/Finca-Son-Fadri-Campos-29-584x438.jpg.avif&quot;,&quot;alt&quot;:&quot;En venta en Campos&quot;,&quot;width&quot;:584,&quot;height&quot;:438,&quot;srcset&quot;:&quot;https:\\\/\\\/www.mallorcaguru.es\\\/wp-content\\\/smush-avif\\\/2025\\\/03\\\/Finca-Son-Fadri-Campos-29-584x438.jpg.avif 584w, https:\\\/\\\/www.mallorcaguru.es\\\/wp-content\\\/smush-avif\\\/2025\\\/03\\\/Finca-Son-Fadri-Campos-29-592x444.jpg.avif 592w, https:\\\/\\\/www.mallorcaguru.es\\\/wp-content\\\/smush-avif\\\/2025\\\/03\\\/Finca-Son-Fadri-Campos-29-120x90.jpg.avif 120w&quot;,&quot;sizes&quot;:&quot;(max-width: 584px) 100vw, 584px&quot;},{&quot;image&quot;:&quot;https:\\\/\\\/www.mallorcaguru.es\\\/wp-content\\\/smush-avif\\\/2025\\\/03\\\/Finca-Son-Fadri-Campos-28-584x438.jpg.avif&quot;,&quot;alt&quot;:&quot;En venta en Campos,  Finca en venta en Campos,  Mallorca,  Finca en Campos&quot;,&quot;width&quot;:584,&quot;height&quot;:438,&quot;srcset&quot;:&quot;https:\\\/\\\/www.mallorcaguru.es\\\/wp-content\\\/smush-avif\\\/2025\\\/03\\\/Finca-Son-Fadri-Campos-28-584x438.jpg.avif 584w, https:\\\/\\\/www.mallorcaguru.es\\\/wp-content\\\/smush-avif\\\/2025\\\/03\\\/Finca-Son-Fadri-Campos-28-592x444.jpg.avif 592w, https:\\\/\\\/www.mallorcaguru.es\\\/wp-content\\\/smush-avif\\\/2025\\\/03\\\/Finca-Son-Fadri-Campos-28-120x90.jpg.avif 120w&quot;,&quot;sizes&quot;:&quot;(max-width: 584px) 100vw, 584px&quot;}]\">\n\t<div class=\"item-wrap item-wrap-no-frame h-100\">\n\t\t<div class=\"d-flex flex-column align-items-center h-100\">\n\t\t\t<div class=\"item-header\">\n\t\t\t\t<span class=\"label-featured label me-1\" role=\"status\">Destacado<\/span>\t\t\t\t<div class=\"labels-wrap d-flex align-items-center gap-1\" role=\"group\"> \n\n\t<a href=\"https:\/\/www.mallorcaguru.es\/es\/estado\/propiedades-en-venta-mallorca\/\" class=\"label-status label status-color-761\">\n\t\t\t\t\tEn venta\n\t\t\t\t<\/a><a href=\"https:\/\/www.mallorcaguru.es\/es\/etiqueta\/vinedos-y-bodegas-en-venta-en-mallorca\/\" class=\"hz-label label label-color-4372\">\n\t\t\t\t\tVi\u00f1edos y Bodegas\n\t\t\t\t<\/a>       \n\n<\/div>\n\t\t\t\t<ul class=\"item-tools d-flex align-items-center justify-content-center gap-1\">\n        <li class=\"item-tool item-preview\">\n        <span class=\"hz-show-lightbox-js item-tool-preview text-center\" data-listid=\"186537\">\n            <span data-bs-toggle=\"tooltip\" data-bs-placement=\"top\" title=\"Vista preliminar\">\n                <i class=\"houzez-icon icon-expand-3\"><\/i>   \n            <\/span>\n        <\/span><!-- item-tool-favorite -->\n    <\/li><!-- item-tool -->\n        \n        <li class=\"item-tool item-favorite\">\n        <span class=\"add-favorite-js item-tool-favorite text-center\" data-bs-toggle=\"tooltip\" data-bs-placement=\"top\" title=\"Favorito\" data-listid=\"186537\">\n            <i class=\"houzez-icon icon-love-it \"><\/i>\n        <\/span><!-- item-tool-favorite -->\n    <\/li><!-- item-tool -->\n    \n        <li class=\"item-tool item-compare\">\n        <span class=\"houzez_compare compare-186537 item-tool-compare text-center\" data-bs-toggle=\"tooltip\" data-bs-placement=\"top\" title=\"A\u00f1adir a comparar\" data-listing_id=\"186537\" data-listing_image=\"https:\/\/www.mallorcaguru.es\/wp-content\/uploads\/2025\/03\/Finca-Son-Fadri-Campos-29-584x438.jpg\">\n            <i class=\"houzez-icon icon-add-circle\"><\/i>\n            <!-- <i class=\"houzez-icon icon-subtract-circle\"><\/i> -->\n        <\/span><!-- item-tool-compare -->\n    <\/li><!-- item-tool -->\n    <\/ul><!-- item-tools -->\n\t\t\t\t<div class=\"listing-image-wrap\">\n\t<div class=\"listing-thumb\">\n\t\t<a target=\"_self\" href=\"https:\/\/www.mallorcaguru.es\/es\/propiedad\/en-venta-en-campos-mallorca-finca-son-fadri\/\" class=\"listing-featured-thumb hover-effect image-wrap\" role=\"link\">\n\t\t\t<img loading=\"lazy\" decoding=\"async\" width=\"584\" height=\"438\" src=\"https:\/\/www.mallorcaguru.es\/wp-content\/smush-avif\/2025\/03\/Finca-Son-Fadri-Campos-29-584x438.jpg.avif\" class=\"img-fluid wp-post-image\" alt=\"En venta en Campos\" srcset=\"https:\/\/www.mallorcaguru.es\/wp-content\/smush-avif\/2025\/03\/Finca-Son-Fadri-Campos-29-584x438.jpg.avif 584w, https:\/\/www.mallorcaguru.es\/wp-content\/smush-avif\/2025\/03\/Finca-Son-Fadri-Campos-29-592x444.jpg.avif 592w, https:\/\/www.mallorcaguru.es\/wp-content\/smush-avif\/2025\/03\/Finca-Son-Fadri-Campos-29-120x90.jpg.avif 120w\" sizes=\"auto, (max-width: 584px) 100vw, 584px\" data-smush-avif-fallback=\"{&quot;src&quot;:&quot;https:\\\/\\\/www.mallorcaguru.es\\\/wp-content\\\/uploads\\\/2025\\\/03\\\/Finca-Son-Fadri-Campos-29-584x438.jpg&quot;,&quot;srcset&quot;:&quot;https:\\\/\\\/www.mallorcaguru.es\\\/wp-content\\\/uploads\\\/2025\\\/03\\\/Finca-Son-Fadri-Campos-29-584x438.jpg 584w, https:\\\/\\\/www.mallorcaguru.es\\\/wp-content\\\/uploads\\\/2025\\\/03\\\/Finca-Son-Fadri-Campos-29-592x444.jpg 592w, https:\\\/\\\/www.mallorcaguru.es\\\/wp-content\\\/uploads\\\/2025\\\/03\\\/Finca-Son-Fadri-Campos-29-120x90.jpg 120w&quot;}\" \/>\t\t<\/a><!-- hover-effect -->\n\t<\/div>\n<\/div>\t\t\t\t<div class=\"preview_loader\"><\/div>\n\t\t\t<\/div>\n\t\t\t<div class=\"item-body w-100 flex-fill\">\n\t\t\t\t<ul class=\"item-amenities item-amenities-with-icons mb-2\">\n\t\t\t\t\t<li class=\"h-type d-flex w-100\" role=\"listitem\"><span>Finca<\/span><\/li>\t\t\t\t<\/ul>\n\t\t\t\t<ul class=\"item-price-wrap d-flex align-items-end gap-3\" role=\"list\">\n\t\t\t\t\t<li class=\"item-price\"><span class=\"price\">2,100,000\u20ac<\/span><span class=\"price-postfix\"><\/span><\/li>\t\t\t\t<\/ul>\n\t\t\t\t<h2 class=\"item-title mb-2 \">\n\t<a target=\"_self\" href=\"https:\/\/www.mallorcaguru.es\/es\/propiedad\/en-venta-en-campos-mallorca-finca-son-fadri\/\" role=\"link\">En Venta en Campos Mallorca Finca Son Fadr\u00ec<\/a>\n<\/h2><!-- item-title -->\t\t\t\t<address class=\"item-address mb-2\"><i class=\"houzez-icon icon-pin me-1\" aria-hidden=\"true\"><\/i><span>Cam\u00ed de Son Xorc, Campos, Migjorn, Illes Balears, 07630, Espa\u00f1a<\/span><\/address>\t\t\t\t<ul class=\"item-amenities item-amenities-with-icons d-flex flex-wrap align-items-center gap-2\" role=\"list\">\n\t<li class=\"h-property-id me-1\"><i class=\"houzez-icon icon-tags me-2\"><\/i><span class=\"item-amenities-text\">ID:<\/span> <span class=\"hz-figure\">814<\/span><\/li><li class=\"h-beds d-flex align-items-center me-1\"><i class=\"houzez-icon icon-hotel-double-bed-1 me-2\"><\/i><span class=\"item-amenities-text\">Dorm:<\/span> <span class=\"hz-figure\">3<\/span><\/li><li class=\"h-baths d-flex align-items-center me-1\"><i class=\"houzez-icon icon-bathroom-shower-1 me-2\"><\/i><span class=\"item-amenities-text\">Ba\u00f1os:<\/span> <span class=\"hz-figure\">2<\/span><\/li><li class=\"h-area d-flex align-items-center me-1\"><i class=\"houzez-icon icon-ruler-triangle me-2\"><\/i><span class=\"hz-figure me-1\">597<\/span> <span class=\"hz-figure area_postfix\">m\u00b2<\/span><\/li><\/ul>\t\t\t<\/div>\n\t\t\t<div class=\"item-footer items-btns-count-3\">\n\t\t\t\t<div class=\"item-buttons-wrap d-flex justify-content-between gap-2\">\n\t\t\t\t\t\t\t\t<button type=\"button\" class=\"hz-call-popup-js btn btn-primary-outlined btn-item px-2 d-flex align-items-center justify-content-center flex-fill gap-1\" data-bs-toggle=\"modal\" data-model-id=\"call-action-186537-EQvGV\">\n\t\t\t\t<i class=\"houzez-icon icon-phone-actions-ring\"><\/i> Llamar\t\t\t<\/button>\n\t\t \t\t\t\t<button type=\"button\" class=\"hz-email-popup-js btn btn-primary-outlined btn-item px-2 d-flex align-items-center justify-content-center flex-fill gap-1\" data-bs-toggle=\"modal\" data-model-id=\"email-popup-186537-EQvGV\">\n\t\t\t\t<i class=\"houzez-icon icon-envelope\"><\/i> Correo\t\t\t<\/button>\n\t\t\t\t\t\t<a class=\"btn btn-primary-outlined btn-item px-2 d-flex align-items-center justify-content-center flex-fill gap-1\" target=\"_blank\" href=\"https:\/\/api.whatsapp.com\/send?phone=+34667515185&text=Hola, estoy interesado en [En Venta en Campos Mallorca Finca Son Fadr\u00ec] https:\/\/www.mallorcaguru.es\/es\/propiedad\/en-venta-en-campos-mallorca-finca-son-fadri\/\">\n\t\t\t\t<i class=\"houzez-icon icon-messaging-whatsapp\"><\/i> <span class=\"d-none d-md-block\">WhatsApp<\/span>\n\t\t\t<\/a>\n\t\t\t\t\t\t\t<\/div>\n\t\t\t<\/div>\n\t\t<\/div>\n\t<\/div>\n\t<div class=\"modal fade modal-phone-number\" id=\"call-action-186537-EQvGV\" tabindex=\"-1\" aria-labelledby=\"phoneNumberModalLabel\" aria-hidden=\"true\">\n    <div class=\"modal-dialog\" role=\"document\">\n        <div class=\"modal-content\">\n            <div class=\"modal-header\">\n                <h5 class=\"modal-title\" id=\"phoneNumberModalLabel\">Cont\u00e1ctenos<\/h5>\n                <button type=\"button\" class=\"btn-close\" data-bs-dismiss=\"modal\" aria-label=\"Cerrar\"><\/button>\n            <\/div><!-- modal-header -->\n            <div class=\"modal-body\">\n                <p class=\"modal-body-phone-number-text\">\n                    Por favor, indique la referencia de la propiedad<br>\n\n                    <strong>Mallorca Property Guru - 814<\/strong>\n                <\/p>\n                <p class=\"modal-body-phone-number-number\">\n                     <a class=\"btn btn-primary-outlined\" href=\"tel:+34667515185\"><i class=\"houzez-icon icon-phone-actions-ring\"><\/i> +34 667 515 185<\/a>\n                <\/p>\n            <\/div><!-- modal-body -->\n        <\/div><!-- modal-content -->\n    <\/div><!-- modal-dialog -->\n<\/div><!-- login-register-form -->\n\t<div class=\"modal fade mobile-property-form\" id=\"email-popup-186537-EQvGV\">\n    <div class=\"modal-dialog\" role=\"document\">\n        <div class=\"modal-content\">\n            <div class=\"modal-header\">\n                <h5 class=\"modal-title\" id=\"phoneNumberModalLabel\">Contact me<\/h5>\n                <button type=\"button\" class=\"btn-close\" data-bs-dismiss=\"modal\" aria-label=\"Close\"><\/button>\n            <\/div><!-- modal-header -->\n            <div class=\"modal-body\">\n                <div class=\"property-form-wrap border-none\">\n                                    <div class=\"property-form\">\n                        <form method=\"post\" action=\"#\">\n                            \n                            <div class=\"agent-details\" role=\"region\"><div class=\"d-flex align-items-center gap-3\"><div class=\"agent-image\" role=\"img\"><img decoding=\"async\" class=\"rounded\" src=\"https:\/\/www.mallorcaguru.es\/wp-content\/smush-avif\/2022\/03\/Mallorca-Property-Guru-Logo-2025-150x150.png.avif\" alt=\"Mallorca Property Guru Carmen Dols Bastard\" width=\"70\" height=\"70\" loading=\"lazy\" data-smush-avif-fallback=\"{&quot;src&quot;:&quot;https:\\\/\\\/www.mallorcaguru.es\\\/wp-content\\\/uploads\\\/2022\\\/03\\\/Mallorca-Property-Guru-Logo-2025-150x150.png&quot;}\"><span class=\"badge btn-secondary agent-verified-icon\"><i class=\"houzez-icon icon-check-circle-1\"><\/i><\/span><\/div><ul class=\"agent-information list-unstyled mb-0\" role=\"list\"><li class=\"agent-name\" role=\"listitem\"><i class=\"houzez-icon icon-single-neutral me-1\"><\/i> Mallorca Property Guru Carmen Dols Bastard<\/li><\/ul><\/div><\/div>\n                                                        <div class=\"form-group mb-2 mt-3\">\n                                <input class=\"form-control\" name=\"name\" value=\"\" type=\"text\" placeholder=\"Nombre\">\n                            <\/div><!-- form-group -->\n                            \n                                \n                            <div class=\"form-group mb-2\">\n                                <input class=\"form-control\" name=\"mobile\" value=\"\" type=\"text\" placeholder=\"Tel\u00e9fono\">\n                            <\/div><!-- form-group -->\n                            \n                            <div class=\"form-group mb-2\">\n                                <input class=\"form-control\" name=\"email\" value=\"\" type=\"email\" placeholder=\"Correo electr\u00f3nico\">\n                            <\/div><!-- form-group -->\n\n                              \n                            <div class=\"form-group form-group-textarea mb-2\">\n                                <textarea class=\"form-control hz-form-message\" name=\"message\" rows=\"4\" placeholder=\"Mensaje\">Hola, estoy interesado en [En Venta en Campos Mallorca Finca Son Fadr\u00ec]<\/textarea>\n                            <\/div><!-- form-group -->   \n                            \n                            \n                                                        <div class=\"form-group my-3\">\n                                <label class=\"control control--checkbox m-0 p-0 hz-no-gdpr-checkbox\">\n                                                                        <div class=\"gdpr-text-wrap\">\n                                        Al subir este formulario estoy de acuerdo a <a target=\"_blank\" href=\"https:\/\/www.mallorcaguru.es\/es\/terminos-y-condiciones\/\">Condiciones de uso<\/a>\n                                    <\/div>\n                                <\/label>\n                            <\/div><!-- form-group -->   \n                                  \n                        \n                                                            <input type=\"hidden\" name=\"target_email\" value=\"c&#97;&#114;&#109;en&#64;ma&#108;lo&#114;&#99;a&#103;u&#114;&#117;&#46;&#101;s\">\n                                                        <input type=\"hidden\" name=\"property_agent_contact_security\" value=\"a64e3040b5\"\/>\n                            <input type=\"hidden\" name=\"property_permalink\" value=\"https:\/\/www.mallorcaguru.es\/es\/propiedad\/en-venta-en-campos-mallorca-finca-son-fadri\/\"\/>\n                            <input type=\"hidden\" name=\"property_title\" value=\"En Venta en Campos Mallorca Finca Son Fadr\u00ec\"\/>\n                            <input type=\"hidden\" name=\"property_id\" value=\"814\"\/>\n                            <input type=\"hidden\" name=\"action\" value=\"houzez_property_agent_contact\">\n                            <input type=\"hidden\" name=\"listing_id\" value=\"186537\">\n                            <input type=\"hidden\" name=\"is_listing_form\" value=\"yes\">\n                            <input type=\"hidden\" name=\"agent_id\" value=\"6101\">\n                            <input type=\"hidden\" name=\"agent_type\" value=\"agent_info\">\n\n                                                        <div class=\"form_messages\"><\/div>\n                            <button type=\"button\" class=\"houzez_agent_property_form btn btn-secondary w-100\">\n                                <span class=\"houzez-loader-js houzez-hidden spinner-border spinner-border-sm\" aria-hidden=\"true\"><\/span>                                Enviar Email                                \n                            <\/button>\n                            \n                        <\/form>\n                    <\/div><!-- property-form -->\n                    \n                            <\/div><!-- property-form-wrap -->\n\n    \n            <\/div>\n        <\/div>\n    <\/div>\n<\/div>\n<\/div>\n<div class=\"item-listing-wrap item-wrap-v9 hz-item-gallery-js hz-map-trigger\" data-hz-id=\"173609\" data-images=\"[{&quot;image&quot;:&quot;https:\\\/\\\/www.mallorcaguru.es\\\/wp-content\\\/smush-avif\\\/2025\\\/03\\\/Country-Estate-Mallorca-Spain-27-584x438.jpg.avif&quot;,&quot;alt&quot;:&quot;Finca privada en venta en Mallorca&quot;,&quot;width&quot;:584,&quot;height&quot;:438,&quot;srcset&quot;:&quot;https:\\\/\\\/www.mallorcaguru.es\\\/wp-content\\\/smush-avif\\\/2025\\\/03\\\/Country-Estate-Mallorca-Spain-27-584x438.jpg.avif 584w, https:\\\/\\\/www.mallorcaguru.es\\\/wp-content\\\/smush-avif\\\/2025\\\/03\\\/Country-Estate-Mallorca-Spain-27-300x225.jpg.avif 300w, https:\\\/\\\/www.mallorcaguru.es\\\/wp-content\\\/smush-avif\\\/2025\\\/03\\\/Country-Estate-Mallorca-Spain-27-1024x768.jpg.avif 1024w, https:\\\/\\\/www.mallorcaguru.es\\\/wp-content\\\/smush-avif\\\/2025\\\/03\\\/Country-Estate-Mallorca-Spain-27-768x576.jpg.avif 768w, https:\\\/\\\/www.mallorcaguru.es\\\/wp-content\\\/smush-avif\\\/2025\\\/03\\\/Country-Estate-Mallorca-Spain-27-1536x1152.jpg.avif 1536w, https:\\\/\\\/www.mallorcaguru.es\\\/wp-content\\\/smush-avif\\\/2025\\\/03\\\/Country-Estate-Mallorca-Spain-27-2048x1536.jpg.avif 2048w, https:\\\/\\\/www.mallorcaguru.es\\\/wp-content\\\/smush-avif\\\/2025\\\/03\\\/Country-Estate-Mallorca-Spain-27-592x444.jpg.avif 592w, https:\\\/\\\/www.mallorcaguru.es\\\/wp-content\\\/smush-avif\\\/2025\\\/03\\\/Country-Estate-Mallorca-Spain-27-800x600.jpg.avif 800w, https:\\\/\\\/www.mallorcaguru.es\\\/wp-content\\\/smush-avif\\\/2025\\\/03\\\/Country-Estate-Mallorca-Spain-27-120x90.jpg.avif 120w, https:\\\/\\\/www.mallorcaguru.es\\\/wp-content\\\/smush-avif\\\/2025\\\/03\\\/Country-Estate-Mallorca-Spain-27-496x372.jpg.avif 496w&quot;,&quot;sizes&quot;:&quot;(max-width: 584px) 100vw, 584px&quot;},{&quot;image&quot;:&quot;https:\\\/\\\/www.mallorcaguru.es\\\/wp-content\\\/smush-avif\\\/2025\\\/03\\\/Country-Estate-Mallorca-Spain-27-584x438.jpg.avif&quot;,&quot;alt&quot;:&quot;Finca privada en venta en Mallorca&quot;,&quot;width&quot;:584,&quot;height&quot;:438,&quot;srcset&quot;:&quot;https:\\\/\\\/www.mallorcaguru.es\\\/wp-content\\\/smush-avif\\\/2025\\\/03\\\/Country-Estate-Mallorca-Spain-27-584x438.jpg.avif 584w, https:\\\/\\\/www.mallorcaguru.es\\\/wp-content\\\/smush-avif\\\/2025\\\/03\\\/Country-Estate-Mallorca-Spain-27-300x225.jpg.avif 300w, https:\\\/\\\/www.mallorcaguru.es\\\/wp-content\\\/smush-avif\\\/2025\\\/03\\\/Country-Estate-Mallorca-Spain-27-1024x768.jpg.avif 1024w, https:\\\/\\\/www.mallorcaguru.es\\\/wp-content\\\/smush-avif\\\/2025\\\/03\\\/Country-Estate-Mallorca-Spain-27-768x576.jpg.avif 768w, https:\\\/\\\/www.mallorcaguru.es\\\/wp-content\\\/smush-avif\\\/2025\\\/03\\\/Country-Estate-Mallorca-Spain-27-1536x1152.jpg.avif 1536w, https:\\\/\\\/www.mallorcaguru.es\\\/wp-content\\\/smush-avif\\\/2025\\\/03\\\/Country-Estate-Mallorca-Spain-27-2048x1536.jpg.avif 2048w, https:\\\/\\\/www.mallorcaguru.es\\\/wp-content\\\/smush-avif\\\/2025\\\/03\\\/Country-Estate-Mallorca-Spain-27-592x444.jpg.avif 592w, https:\\\/\\\/www.mallorcaguru.es\\\/wp-content\\\/smush-avif\\\/2025\\\/03\\\/Country-Estate-Mallorca-Spain-27-800x600.jpg.avif 800w, https:\\\/\\\/www.mallorcaguru.es\\\/wp-content\\\/smush-avif\\\/2025\\\/03\\\/Country-Estate-Mallorca-Spain-27-120x90.jpg.avif 120w, https:\\\/\\\/www.mallorcaguru.es\\\/wp-content\\\/smush-avif\\\/2025\\\/03\\\/Country-Estate-Mallorca-Spain-27-496x372.jpg.avif 496w&quot;,&quot;sizes&quot;:&quot;(max-width: 584px) 100vw, 584px&quot;},{&quot;image&quot;:&quot;https:\\\/\\\/www.mallorcaguru.es\\\/wp-content\\\/smush-avif\\\/2025\\\/03\\\/Country-Estate-Mallorca-Spain-4-584x438.jpg.avif&quot;,&quot;alt&quot;:&quot;Fincas en venta en Mallorca,  Terrenos en venta en Mallorca,  Terrenos en venta en Maria de la Salut,&quot;,&quot;width&quot;:584,&quot;height&quot;:438,&quot;srcset&quot;:&quot;https:\\\/\\\/www.mallorcaguru.es\\\/wp-content\\\/smush-avif\\\/2025\\\/03\\\/Country-Estate-Mallorca-Spain-4-584x438.jpg.avif 584w, https:\\\/\\\/www.mallorcaguru.es\\\/wp-content\\\/smush-avif\\\/2025\\\/03\\\/Country-Estate-Mallorca-Spain-4-300x225.jpg.avif 300w, https:\\\/\\\/www.mallorcaguru.es\\\/wp-content\\\/smush-avif\\\/2025\\\/03\\\/Country-Estate-Mallorca-Spain-4-1024x768.jpg.avif 1024w, https:\\\/\\\/www.mallorcaguru.es\\\/wp-content\\\/smush-avif\\\/2025\\\/03\\\/Country-Estate-Mallorca-Spain-4-768x576.jpg.avif 768w, https:\\\/\\\/www.mallorcaguru.es\\\/wp-content\\\/smush-avif\\\/2025\\\/03\\\/Country-Estate-Mallorca-Spain-4-1536x1152.jpg.avif 1536w, https:\\\/\\\/www.mallorcaguru.es\\\/wp-content\\\/smush-avif\\\/2025\\\/03\\\/Country-Estate-Mallorca-Spain-4-2048x1536.jpg.avif 2048w, https:\\\/\\\/www.mallorcaguru.es\\\/wp-content\\\/smush-avif\\\/2025\\\/03\\\/Country-Estate-Mallorca-Spain-4-592x444.jpg.avif 592w, https:\\\/\\\/www.mallorcaguru.es\\\/wp-content\\\/smush-avif\\\/2025\\\/03\\\/Country-Estate-Mallorca-Spain-4-800x600.jpg.avif 800w, https:\\\/\\\/www.mallorcaguru.es\\\/wp-content\\\/smush-avif\\\/2025\\\/03\\\/Country-Estate-Mallorca-Spain-4-120x90.jpg.avif 120w, https:\\\/\\\/www.mallorcaguru.es\\\/wp-content\\\/smush-avif\\\/2025\\\/03\\\/Country-Estate-Mallorca-Spain-4-496x372.jpg.avif 496w&quot;,&quot;sizes&quot;:&quot;(max-width: 584px) 100vw, 584px&quot;}]\">\n\t<div class=\"item-wrap item-wrap-no-frame h-100\">\n\t\t<div class=\"d-flex flex-column align-items-center h-100\">\n\t\t\t<div class=\"item-header\">\n\t\t\t\t<span class=\"label-featured label me-1\" role=\"status\">Destacado<\/span>\t\t\t\t<div class=\"labels-wrap d-flex align-items-center gap-1\" role=\"group\"> \n\n\t<a href=\"https:\/\/www.mallorcaguru.es\/es\/estado\/propiedades-en-venta-mallorca\/\" class=\"label-status label status-color-761\">\n\t\t\t\t\tEn venta\n\t\t\t\t<\/a><a href=\"https:\/\/www.mallorcaguru.es\/es\/etiqueta\/vinedos-y-bodegas-en-venta-en-mallorca\/\" class=\"hz-label label label-color-4372\">\n\t\t\t\t\tVi\u00f1edos y Bodegas\n\t\t\t\t<\/a>       \n\n<\/div>\n\t\t\t\t<ul class=\"item-tools d-flex align-items-center justify-content-center gap-1\">\n        <li class=\"item-tool item-preview\">\n        <span class=\"hz-show-lightbox-js item-tool-preview text-center\" data-listid=\"173609\">\n            <span data-bs-toggle=\"tooltip\" data-bs-placement=\"top\" title=\"Vista preliminar\">\n                <i class=\"houzez-icon icon-expand-3\"><\/i>   \n            <\/span>\n        <\/span><!-- item-tool-favorite -->\n    <\/li><!-- item-tool -->\n        \n        <li class=\"item-tool item-favorite\">\n        <span class=\"add-favorite-js item-tool-favorite text-center\" data-bs-toggle=\"tooltip\" data-bs-placement=\"top\" title=\"Favorito\" data-listid=\"173609\">\n            <i class=\"houzez-icon icon-love-it \"><\/i>\n        <\/span><!-- item-tool-favorite -->\n    <\/li><!-- item-tool -->\n    \n        <li class=\"item-tool item-compare\">\n        <span class=\"houzez_compare compare-173609 item-tool-compare text-center\" data-bs-toggle=\"tooltip\" data-bs-placement=\"top\" title=\"A\u00f1adir a comparar\" data-listing_id=\"173609\" data-listing_image=\"https:\/\/www.mallorcaguru.es\/wp-content\/uploads\/2025\/03\/Country-Estate-Mallorca-Spain-27-584x438.jpg\">\n            <i class=\"houzez-icon icon-add-circle\"><\/i>\n            <!-- <i class=\"houzez-icon icon-subtract-circle\"><\/i> -->\n        <\/span><!-- item-tool-compare -->\n    <\/li><!-- item-tool -->\n    <\/ul><!-- item-tools -->\n\t\t\t\t<div class=\"listing-image-wrap\">\n\t<div class=\"listing-thumb\">\n\t\t<a target=\"_self\" href=\"https:\/\/www.mallorcaguru.es\/es\/propiedad\/finca-privada-en-venta-en-mallorca\/\" class=\"listing-featured-thumb hover-effect image-wrap\" role=\"link\">\n\t\t\t<img loading=\"lazy\" decoding=\"async\" width=\"584\" height=\"438\" src=\"https:\/\/www.mallorcaguru.es\/wp-content\/smush-avif\/2025\/03\/Country-Estate-Mallorca-Spain-27-584x438.jpg.avif\" class=\"img-fluid wp-post-image\" alt=\"Finca privada en venta en Mallorca\" srcset=\"https:\/\/www.mallorcaguru.es\/wp-content\/smush-avif\/2025\/03\/Country-Estate-Mallorca-Spain-27-584x438.jpg.avif 584w, https:\/\/www.mallorcaguru.es\/wp-content\/smush-avif\/2025\/03\/Country-Estate-Mallorca-Spain-27-300x225.jpg.avif 300w, https:\/\/www.mallorcaguru.es\/wp-content\/smush-avif\/2025\/03\/Country-Estate-Mallorca-Spain-27-1024x768.jpg.avif 1024w, https:\/\/www.mallorcaguru.es\/wp-content\/smush-avif\/2025\/03\/Country-Estate-Mallorca-Spain-27-768x576.jpg.avif 768w, https:\/\/www.mallorcaguru.es\/wp-content\/smush-avif\/2025\/03\/Country-Estate-Mallorca-Spain-27-1536x1152.jpg.avif 1536w, https:\/\/www.mallorcaguru.es\/wp-content\/smush-avif\/2025\/03\/Country-Estate-Mallorca-Spain-27-2048x1536.jpg.avif 2048w, https:\/\/www.mallorcaguru.es\/wp-content\/smush-avif\/2025\/03\/Country-Estate-Mallorca-Spain-27-592x444.jpg.avif 592w, https:\/\/www.mallorcaguru.es\/wp-content\/smush-avif\/2025\/03\/Country-Estate-Mallorca-Spain-27-800x600.jpg.avif 800w, https:\/\/www.mallorcaguru.es\/wp-content\/smush-avif\/2025\/03\/Country-Estate-Mallorca-Spain-27-120x90.jpg.avif 120w, https:\/\/www.mallorcaguru.es\/wp-content\/smush-avif\/2025\/03\/Country-Estate-Mallorca-Spain-27-496x372.jpg.avif 496w\" sizes=\"auto, (max-width: 584px) 100vw, 584px\" data-smush-avif-fallback=\"{&quot;src&quot;:&quot;https:\\\/\\\/www.mallorcaguru.es\\\/wp-content\\\/uploads\\\/2025\\\/03\\\/Country-Estate-Mallorca-Spain-27-584x438.jpg&quot;,&quot;srcset&quot;:&quot;https:\\\/\\\/www.mallorcaguru.es\\\/wp-content\\\/uploads\\\/2025\\\/03\\\/Country-Estate-Mallorca-Spain-27-584x438.jpg 584w, https:\\\/\\\/www.mallorcaguru.es\\\/wp-content\\\/uploads\\\/2025\\\/03\\\/Country-Estate-Mallorca-Spain-27-300x225.jpg 300w, https:\\\/\\\/www.mallorcaguru.es\\\/wp-content\\\/uploads\\\/2025\\\/03\\\/Country-Estate-Mallorca-Spain-27-1024x768.jpg 1024w, https:\\\/\\\/www.mallorcaguru.es\\\/wp-content\\\/uploads\\\/2025\\\/03\\\/Country-Estate-Mallorca-Spain-27-768x576.jpg 768w, https:\\\/\\\/www.mallorcaguru.es\\\/wp-content\\\/uploads\\\/2025\\\/03\\\/Country-Estate-Mallorca-Spain-27-1536x1152.jpg 1536w, https:\\\/\\\/www.mallorcaguru.es\\\/wp-content\\\/uploads\\\/2025\\\/03\\\/Country-Estate-Mallorca-Spain-27-2048x1536.jpg 2048w, https:\\\/\\\/www.mallorcaguru.es\\\/wp-content\\\/uploads\\\/2025\\\/03\\\/Country-Estate-Mallorca-Spain-27-592x444.jpg 592w, https:\\\/\\\/www.mallorcaguru.es\\\/wp-content\\\/uploads\\\/2025\\\/03\\\/Country-Estate-Mallorca-Spain-27-800x600.jpg 800w, https:\\\/\\\/www.mallorcaguru.es\\\/wp-content\\\/uploads\\\/2025\\\/03\\\/Country-Estate-Mallorca-Spain-27-120x90.jpg 120w, https:\\\/\\\/www.mallorcaguru.es\\\/wp-content\\\/uploads\\\/2025\\\/03\\\/Country-Estate-Mallorca-Spain-27-496x372.jpg 496w&quot;}\" \/>\t\t<\/a><!-- hover-effect -->\n\t<\/div>\n<\/div>\t\t\t\t<div class=\"preview_loader\"><\/div>\n\t\t\t<\/div>\n\t\t\t<div class=\"item-body w-100 flex-fill\">\n\t\t\t\t<ul class=\"item-amenities item-amenities-with-icons mb-2\">\n\t\t\t\t\t<li class=\"h-type d-flex w-100\" role=\"listitem\"><span>Parcela<\/span><\/li>\t\t\t\t<\/ul>\n\t\t\t\t<ul class=\"item-price-wrap d-flex align-items-end gap-3\" role=\"list\">\n\t\t\t\t\t<li class=\"item-price\"><span class=\"price\">1,700,000\u20ac<\/span><span class=\"price-postfix\"><\/span><\/li>\t\t\t\t<\/ul>\n\t\t\t\t<h2 class=\"item-title mb-2 \">\n\t<a target=\"_self\" href=\"https:\/\/www.mallorcaguru.es\/es\/propiedad\/finca-privada-en-venta-en-mallorca\/\" role=\"link\">Finca privada en venta en Mallorca<\/a>\n<\/h2><!-- item-title -->\t\t\t\t<address class=\"item-address mb-2\"><i class=\"houzez-icon icon-pin me-1\" aria-hidden=\"true\"><\/i><span>Rotes Noves, Mar\u00eda de la Salut, Pla de Mallorca, Illes Balears, Espa\u00f1a<\/span><\/address>\t\t\t\t<ul class=\"item-amenities item-amenities-with-icons d-flex flex-wrap align-items-center gap-2\" role=\"list\">\n\t<li class=\"h-property-id me-1\"><i class=\"houzez-icon icon-tags me-2\"><\/i><span class=\"item-amenities-text\">ID:<\/span> <span class=\"hz-figure\">813<\/span><\/li><li class=\"h-beds d-flex align-items-center me-1\"><i class=\"houzez-icon icon-hotel-double-bed-1 me-2\"><\/i><span class=\"item-amenities-text\">Bed:<\/span> <span class=\"hz-figure\">1<\/span><\/li><li class=\"h-baths d-flex align-items-center me-1\"><i class=\"houzez-icon icon-bathroom-shower-1 me-2\"><\/i><span class=\"item-amenities-text\">Bath:<\/span> <span class=\"hz-figure\">1<\/span><\/li><li class=\"h-area d-flex align-items-center me-1\"><i class=\"houzez-icon icon-ruler-triangle me-2\"><\/i><span class=\"hz-figure me-1\">244<\/span> <span class=\"hz-figure area_postfix\">m\u00b2<\/span><\/li><\/ul>\t\t\t<\/div>\n\t\t\t<div class=\"item-footer items-btns-count-3\">\n\t\t\t\t<div class=\"item-buttons-wrap d-flex justify-content-between gap-2\">\n\t\t\t\t\t\t\t\t<button type=\"button\" class=\"hz-call-popup-js btn btn-primary-outlined btn-item px-2 d-flex align-items-center justify-content-center flex-fill gap-1\" data-bs-toggle=\"modal\" data-model-id=\"call-action-173609-CZaS4\">\n\t\t\t\t<i class=\"houzez-icon icon-phone-actions-ring\"><\/i> Llamar\t\t\t<\/button>\n\t\t \t\t\t\t<button type=\"button\" class=\"hz-email-popup-js btn btn-primary-outlined btn-item px-2 d-flex align-items-center justify-content-center flex-fill gap-1\" data-bs-toggle=\"modal\" data-model-id=\"email-popup-173609-CZaS4\">\n\t\t\t\t<i class=\"houzez-icon icon-envelope\"><\/i> Correo\t\t\t<\/button>\n\t\t\t\t\t\t<a class=\"btn btn-primary-outlined btn-item px-2 d-flex align-items-center justify-content-center flex-fill gap-1\" target=\"_blank\" href=\"https:\/\/api.whatsapp.com\/send?phone=+34671798832&text=Hola, estoy interesado en [Finca privada en venta en Mallorca] https:\/\/www.mallorcaguru.es\/es\/propiedad\/finca-privada-en-venta-en-mallorca\/\">\n\t\t\t\t<i class=\"houzez-icon icon-messaging-whatsapp\"><\/i> <span class=\"d-none d-md-block\">WhatsApp<\/span>\n\t\t\t<\/a>\n\t\t\t\t\t\t\t<\/div>\n\t\t\t<\/div>\n\t\t<\/div>\n\t<\/div>\n\t<div class=\"modal fade modal-phone-number\" id=\"call-action-173609-CZaS4\" tabindex=\"-1\" aria-labelledby=\"phoneNumberModalLabel\" aria-hidden=\"true\">\n    <div class=\"modal-dialog\" role=\"document\">\n        <div class=\"modal-content\">\n            <div class=\"modal-header\">\n                <h5 class=\"modal-title\" id=\"phoneNumberModalLabel\">Cont\u00e1ctenos<\/h5>\n                <button type=\"button\" class=\"btn-close\" data-bs-dismiss=\"modal\" aria-label=\"Cerrar\"><\/button>\n            <\/div><!-- modal-header -->\n            <div class=\"modal-body\">\n                <p class=\"modal-body-phone-number-text\">\n                    Por favor, indique la referencia de la propiedad<br>\n\n                    <strong>Mallorca Property Guru - 813<\/strong>\n                <\/p>\n                <p class=\"modal-body-phone-number-number\">\n                     <a class=\"btn btn-primary-outlined\" href=\"tel:+34671798832\"><i class=\"houzez-icon icon-phone-actions-ring\"><\/i> +34 671 798 832<\/a>\n                <\/p>\n            <\/div><!-- modal-body -->\n        <\/div><!-- modal-content -->\n    <\/div><!-- modal-dialog -->\n<\/div><!-- login-register-form -->\n\t<div class=\"modal fade mobile-property-form\" id=\"email-popup-173609-CZaS4\">\n    <div class=\"modal-dialog\" role=\"document\">\n        <div class=\"modal-content\">\n            <div class=\"modal-header\">\n                <h5 class=\"modal-title\" id=\"phoneNumberModalLabel\">Contact me<\/h5>\n                <button type=\"button\" class=\"btn-close\" data-bs-dismiss=\"modal\" aria-label=\"Close\"><\/button>\n            <\/div><!-- modal-header -->\n            <div class=\"modal-body\">\n                <div class=\"property-form-wrap border-none\">\n                                    <div class=\"property-form\">\n                        <form method=\"post\" action=\"#\">\n                            \n                            <div class=\"agent-details\" role=\"region\"><div class=\"d-flex align-items-center gap-3\"><div class=\"agent-image\" role=\"img\"><img loading=\"lazy\" decoding=\"async\" class=\"rounded\" src=\"https:\/\/www.mallorcaguru.es\/wp-content\/smush-avif\/2022\/03\/Mallorca-Property-Guru-Logo-2025-150x150.png.avif\" alt=\"Mallorca Property Guru Saionara Jackson\" width=\"70\" height=\"70\" data-smush-avif-fallback=\"{&quot;src&quot;:&quot;https:\\\/\\\/www.mallorcaguru.es\\\/wp-content\\\/uploads\\\/2022\\\/03\\\/Mallorca-Property-Guru-Logo-2025-150x150.png&quot;}\"><span class=\"badge btn-secondary agent-verified-icon\"><i class=\"houzez-icon icon-check-circle-1\"><\/i><\/span><\/div><ul class=\"agent-information list-unstyled mb-0\" role=\"list\"><li class=\"agent-name\" role=\"listitem\"><i class=\"houzez-icon icon-single-neutral me-1\"><\/i> Mallorca Property Guru Saionara Jackson<\/li><\/ul><\/div><\/div>\n                                                        <div class=\"form-group mb-2 mt-3\">\n                                <input class=\"form-control\" name=\"name\" value=\"\" type=\"text\" placeholder=\"Nombre\">\n                            <\/div><!-- form-group -->\n                            \n                                \n                            <div class=\"form-group mb-2\">\n                                <input class=\"form-control\" name=\"mobile\" value=\"\" type=\"text\" placeholder=\"Tel\u00e9fono\">\n                            <\/div><!-- form-group -->\n                            \n                            <div class=\"form-group mb-2\">\n                                <input class=\"form-control\" name=\"email\" value=\"\" type=\"email\" placeholder=\"Correo electr\u00f3nico\">\n                            <\/div><!-- form-group -->\n\n                              \n                            <div class=\"form-group form-group-textarea mb-2\">\n                                <textarea class=\"form-control hz-form-message\" name=\"message\" rows=\"4\" placeholder=\"Mensaje\">Hola, estoy interesado en [Finca privada en venta en Mallorca]<\/textarea>\n                            <\/div><!-- form-group -->   \n                            \n                            \n                                                        <div class=\"form-group my-3\">\n                                <label class=\"control control--checkbox m-0 p-0 hz-no-gdpr-checkbox\">\n                                                                        <div class=\"gdpr-text-wrap\">\n                                        Al subir este formulario estoy de acuerdo a <a target=\"_blank\" href=\"https:\/\/www.mallorcaguru.es\/es\/terminos-y-condiciones\/\">Condiciones de uso<\/a>\n                                    <\/div>\n                                <\/label>\n                            <\/div><!-- form-group -->   \n                                  \n                        \n                                                            <input type=\"hidden\" name=\"target_email\" value=\"&#115;a&#105;o&#110;&#97;&#114;a&#64;m&#97;ll&#111;rc&#97;guru&#46;e&#115;\">\n                                                        <input type=\"hidden\" name=\"property_agent_contact_security\" value=\"a64e3040b5\"\/>\n                            <input type=\"hidden\" name=\"property_permalink\" value=\"https:\/\/www.mallorcaguru.es\/es\/propiedad\/finca-privada-en-venta-en-mallorca\/\"\/>\n                            <input type=\"hidden\" name=\"property_title\" value=\"Finca privada en venta en Mallorca\"\/>\n                            <input type=\"hidden\" name=\"property_id\" value=\"813\"\/>\n                            <input type=\"hidden\" name=\"action\" value=\"houzez_property_agent_contact\">\n                            <input type=\"hidden\" name=\"listing_id\" value=\"173609\">\n                            <input type=\"hidden\" name=\"is_listing_form\" value=\"yes\">\n                            <input type=\"hidden\" name=\"agent_id\" value=\"4998\">\n                            <input type=\"hidden\" name=\"agent_type\" value=\"agent_info\">\n\n                                                        <div class=\"form_messages\"><\/div>\n                            <button type=\"button\" class=\"houzez_agent_property_form btn btn-secondary w-100\">\n                                <span class=\"houzez-loader-js houzez-hidden spinner-border spinner-border-sm\" aria-hidden=\"true\"><\/span>                                Enviar Email                                \n                            <\/button>\n                            \n                        <\/form>\n                    <\/div><!-- property-form -->\n                    \n                            <\/div><!-- property-form-wrap -->\n\n    \n            <\/div>\n        <\/div>\n    <\/div>\n<\/div>\n<\/div>\n<div class=\"item-listing-wrap item-wrap-v9 hz-item-gallery-js hz-map-trigger\" data-hz-id=\"167502\" data-images=\"[{&quot;image&quot;:&quot;https:\\\/\\\/www.mallorcaguru.es\\\/wp-content\\\/smush-avif\\\/2025\\\/03\\\/Ref-794-Parcelas-Santa-Margalida-7-584x438.jpg.avif&quot;,&quot;alt&quot;:&quot;Terreno edificable en venta Santa Margalida&quot;,&quot;width&quot;:584,&quot;height&quot;:438,&quot;srcset&quot;:&quot;https:\\\/\\\/www.mallorcaguru.es\\\/wp-content\\\/smush-avif\\\/2025\\\/03\\\/Ref-794-Parcelas-Santa-Margalida-7-584x438.jpg.avif 584w, https:\\\/\\\/www.mallorcaguru.es\\\/wp-content\\\/smush-avif\\\/2025\\\/03\\\/Ref-794-Parcelas-Santa-Margalida-7-592x444.jpg.avif 592w, https:\\\/\\\/www.mallorcaguru.es\\\/wp-content\\\/smush-avif\\\/2025\\\/03\\\/Ref-794-Parcelas-Santa-Margalida-7-120x90.jpg.avif 120w&quot;,&quot;sizes&quot;:&quot;(max-width: 584px) 100vw, 584px&quot;},{&quot;image&quot;:&quot;https:\\\/\\\/www.mallorcaguru.es\\\/wp-content\\\/smush-avif\\\/2025\\\/03\\\/Ref-794-Parcelas-Santa-Margalida-5-584x438.jpg.avif&quot;,&quot;alt&quot;:&quot;Terreno En Venta Santa Margalida Mallorca,&quot;,&quot;width&quot;:584,&quot;height&quot;:438,&quot;srcset&quot;:&quot;https:\\\/\\\/www.mallorcaguru.es\\\/wp-content\\\/smush-avif\\\/2025\\\/03\\\/Ref-794-Parcelas-Santa-Margalida-5-584x438.jpg.avif 584w, https:\\\/\\\/www.mallorcaguru.es\\\/wp-content\\\/smush-avif\\\/2025\\\/03\\\/Ref-794-Parcelas-Santa-Margalida-5-592x444.jpg.avif 592w, https:\\\/\\\/www.mallorcaguru.es\\\/wp-content\\\/smush-avif\\\/2025\\\/03\\\/Ref-794-Parcelas-Santa-Margalida-5-120x90.jpg.avif 120w&quot;,&quot;sizes&quot;:&quot;(max-width: 584px) 100vw, 584px&quot;},{&quot;image&quot;:&quot;https:\\\/\\\/www.mallorcaguru.es\\\/wp-content\\\/smush-avif\\\/2025\\\/03\\\/Ref-794-Parcelas-Santa-Margalida-7-584x438.jpg.avif&quot;,&quot;alt&quot;:&quot;Terreno edificable en venta Santa Margalida&quot;,&quot;width&quot;:584,&quot;height&quot;:438,&quot;srcset&quot;:&quot;https:\\\/\\\/www.mallorcaguru.es\\\/wp-content\\\/smush-avif\\\/2025\\\/03\\\/Ref-794-Parcelas-Santa-Margalida-7-584x438.jpg.avif 584w, https:\\\/\\\/www.mallorcaguru.es\\\/wp-content\\\/smush-avif\\\/2025\\\/03\\\/Ref-794-Parcelas-Santa-Margalida-7-592x444.jpg.avif 592w, https:\\\/\\\/www.mallorcaguru.es\\\/wp-content\\\/smush-avif\\\/2025\\\/03\\\/Ref-794-Parcelas-Santa-Margalida-7-120x90.jpg.avif 120w&quot;,&quot;sizes&quot;:&quot;(max-width: 584px) 100vw, 584px&quot;}]\">\n\t<div class=\"item-wrap item-wrap-no-frame h-100\">\n\t\t<div class=\"d-flex flex-column align-items-center h-100\">\n\t\t\t<div class=\"item-header\">\n\t\t\t\t<span class=\"label-featured label me-1\" role=\"status\">Destacado<\/span>\t\t\t\t<div class=\"labels-wrap d-flex align-items-center gap-1\" role=\"group\"> \n\n\t<a href=\"https:\/\/www.mallorcaguru.es\/es\/estado\/propiedades-en-venta-mallorca\/\" class=\"label-status label status-color-761\">\n\t\t\t\t\tEn venta\n\t\t\t\t<\/a><a href=\"https:\/\/www.mallorcaguru.es\/es\/etiqueta\/propiedades-con-vistas-al-mar-en-venta\/\" class=\"hz-label label label-color-3930\">\n\t\t\t\t\tPropiedades con vistas al mar en venta en Mallorca | Casas en la costa\n\t\t\t\t<\/a><a href=\"https:\/\/www.mallorcaguru.es\/es\/etiqueta\/vinedos-y-bodegas-en-venta-en-mallorca\/\" class=\"hz-label label label-color-4372\">\n\t\t\t\t\tVi\u00f1edos y Bodegas\n\t\t\t\t<\/a>       \n\n<\/div>\n\t\t\t\t<ul class=\"item-tools d-flex align-items-center justify-content-center gap-1\">\n        <li class=\"item-tool item-preview\">\n        <span class=\"hz-show-lightbox-js item-tool-preview text-center\" data-listid=\"167502\">\n            <span data-bs-toggle=\"tooltip\" data-bs-placement=\"top\" title=\"Vista preliminar\">\n                <i class=\"houzez-icon icon-expand-3\"><\/i>   \n            <\/span>\n        <\/span><!-- item-tool-favorite -->\n    <\/li><!-- item-tool -->\n        \n        <li class=\"item-tool item-favorite\">\n        <span class=\"add-favorite-js item-tool-favorite text-center\" data-bs-toggle=\"tooltip\" data-bs-placement=\"top\" title=\"Favorito\" data-listid=\"167502\">\n            <i class=\"houzez-icon icon-love-it \"><\/i>\n        <\/span><!-- item-tool-favorite -->\n    <\/li><!-- item-tool -->\n    \n        <li class=\"item-tool item-compare\">\n        <span class=\"houzez_compare compare-167502 item-tool-compare text-center\" data-bs-toggle=\"tooltip\" data-bs-placement=\"top\" title=\"A\u00f1adir a comparar\" data-listing_id=\"167502\" data-listing_image=\"https:\/\/www.mallorcaguru.es\/wp-content\/uploads\/2025\/03\/Ref-794-Parcelas-Santa-Margalida-7-584x438.jpg\">\n            <i class=\"houzez-icon icon-add-circle\"><\/i>\n            <!-- <i class=\"houzez-icon icon-subtract-circle\"><\/i> -->\n        <\/span><!-- item-tool-compare -->\n    <\/li><!-- item-tool -->\n    <\/ul><!-- item-tools -->\n\t\t\t\t<div class=\"listing-image-wrap\">\n\t<div class=\"listing-thumb\">\n\t\t<a target=\"_self\" href=\"https:\/\/www.mallorcaguru.es\/es\/propiedad\/terreno-edificable-en-venta-santa-margalida-mallorca\/\" class=\"listing-featured-thumb hover-effect image-wrap\" role=\"link\">\n\t\t\t<img loading=\"lazy\" decoding=\"async\" width=\"584\" height=\"438\" src=\"https:\/\/www.mallorcaguru.es\/wp-content\/smush-avif\/2025\/03\/Ref-794-Parcelas-Santa-Margalida-7-584x438.jpg.avif\" class=\"img-fluid wp-post-image\" alt=\"Terreno edificable en venta Santa Margalida\" srcset=\"https:\/\/www.mallorcaguru.es\/wp-content\/smush-avif\/2025\/03\/Ref-794-Parcelas-Santa-Margalida-7-584x438.jpg.avif 584w, https:\/\/www.mallorcaguru.es\/wp-content\/smush-avif\/2025\/03\/Ref-794-Parcelas-Santa-Margalida-7-592x444.jpg.avif 592w, https:\/\/www.mallorcaguru.es\/wp-content\/smush-avif\/2025\/03\/Ref-794-Parcelas-Santa-Margalida-7-120x90.jpg.avif 120w\" sizes=\"auto, (max-width: 584px) 100vw, 584px\" data-smush-avif-fallback=\"{&quot;src&quot;:&quot;https:\\\/\\\/www.mallorcaguru.es\\\/wp-content\\\/uploads\\\/2025\\\/03\\\/Ref-794-Parcelas-Santa-Margalida-7-584x438.jpg&quot;,&quot;srcset&quot;:&quot;https:\\\/\\\/www.mallorcaguru.es\\\/wp-content\\\/uploads\\\/2025\\\/03\\\/Ref-794-Parcelas-Santa-Margalida-7-584x438.jpg 584w, https:\\\/\\\/www.mallorcaguru.es\\\/wp-content\\\/uploads\\\/2025\\\/03\\\/Ref-794-Parcelas-Santa-Margalida-7-592x444.jpg 592w, https:\\\/\\\/www.mallorcaguru.es\\\/wp-content\\\/uploads\\\/2025\\\/03\\\/Ref-794-Parcelas-Santa-Margalida-7-120x90.jpg 120w&quot;}\" \/>\t\t<\/a><!-- hover-effect -->\n\t<\/div>\n<\/div>\t\t\t\t<div class=\"preview_loader\"><\/div>\n\t\t\t<\/div>\n\t\t\t<div class=\"item-body w-100 flex-fill\">\n\t\t\t\t<ul class=\"item-amenities item-amenities-with-icons mb-2\">\n\t\t\t\t\t<li class=\"h-type d-flex w-100\" role=\"listitem\"><span>Parcela<\/span><\/li>\t\t\t\t<\/ul>\n\t\t\t\t<ul class=\"item-price-wrap d-flex align-items-end gap-3\" role=\"list\">\n\t\t\t\t\t<li class=\"item-price\"><span class=\"price\">675,000\u20ac<\/span><span class=\"price-postfix\"><\/span><\/li>\t\t\t\t<\/ul>\n\t\t\t\t<h2 class=\"item-title mb-2 \">\n\t<a target=\"_self\" href=\"https:\/\/www.mallorcaguru.es\/es\/propiedad\/terreno-edificable-en-venta-santa-margalida-mallorca\/\" role=\"link\">Terreno edificable en venta Santa Margalida Mallorca<\/a>\n<\/h2><!-- item-title -->\t\t\t\t<address class=\"item-address mb-2\"><i class=\"houzez-icon icon-pin me-1\" aria-hidden=\"true\"><\/i><span>carrerassa de sa Teulada, Santa Margalida, Pla de Mallorca, Illes Balears, Espa\u00f1a<\/span><\/address>\t\t\t\t<ul class=\"item-amenities item-amenities-with-icons d-flex flex-wrap align-items-center gap-2\" role=\"list\">\n\t<li class=\"h-property-id me-1\"><i class=\"houzez-icon icon-tags me-2\"><\/i><span class=\"item-amenities-text\">ID:<\/span> <span class=\"hz-figure\">794<\/span><\/li><\/ul>\t\t\t<\/div>\n\t\t\t<div class=\"item-footer items-btns-count-3\">\n\t\t\t\t<div class=\"item-buttons-wrap d-flex justify-content-between gap-2\">\n\t\t\t\t\t\t\t\t<button type=\"button\" class=\"hz-call-popup-js btn btn-primary-outlined btn-item px-2 d-flex align-items-center justify-content-center flex-fill gap-1\" data-bs-toggle=\"modal\" data-model-id=\"call-action-167502-WhhM7\">\n\t\t\t\t<i class=\"houzez-icon icon-phone-actions-ring\"><\/i> Llamar\t\t\t<\/button>\n\t\t \t\t\t\t<button type=\"button\" class=\"hz-email-popup-js btn btn-primary-outlined btn-item px-2 d-flex align-items-center justify-content-center flex-fill gap-1\" data-bs-toggle=\"modal\" data-model-id=\"email-popup-167502-WhhM7\">\n\t\t\t\t<i class=\"houzez-icon icon-envelope\"><\/i> Correo\t\t\t<\/button>\n\t\t\t\t\t\t<a class=\"btn btn-primary-outlined btn-item px-2 d-flex align-items-center justify-content-center flex-fill gap-1\" target=\"_blank\" href=\"https:\/\/api.whatsapp.com\/send?phone=+34671798832&text=Hola, estoy interesado en [Terreno edificable en venta Santa Margalida Mallorca] https:\/\/www.mallorcaguru.es\/es\/propiedad\/terreno-edificable-en-venta-santa-margalida-mallorca\/\">\n\t\t\t\t<i class=\"houzez-icon icon-messaging-whatsapp\"><\/i> <span class=\"d-none d-md-block\">WhatsApp<\/span>\n\t\t\t<\/a>\n\t\t\t\t\t\t\t<\/div>\n\t\t\t<\/div>\n\t\t<\/div>\n\t<\/div>\n\t<div class=\"modal fade modal-phone-number\" id=\"call-action-167502-WhhM7\" tabindex=\"-1\" aria-labelledby=\"phoneNumberModalLabel\" aria-hidden=\"true\">\n    <div class=\"modal-dialog\" role=\"document\">\n        <div class=\"modal-content\">\n            <div class=\"modal-header\">\n                <h5 class=\"modal-title\" id=\"phoneNumberModalLabel\">Cont\u00e1ctenos<\/h5>\n                <button type=\"button\" class=\"btn-close\" data-bs-dismiss=\"modal\" aria-label=\"Cerrar\"><\/button>\n            <\/div><!-- modal-header -->\n            <div class=\"modal-body\">\n                <p class=\"modal-body-phone-number-text\">\n                    Por favor, indique la referencia de la propiedad<br>\n\n                    <strong>Mallorca Property Guru - 794<\/strong>\n                <\/p>\n                <p class=\"modal-body-phone-number-number\">\n                     <a class=\"btn btn-primary-outlined\" href=\"tel:+34671798832\"><i class=\"houzez-icon icon-phone-actions-ring\"><\/i> +34 671 798 832<\/a>\n                <\/p>\n            <\/div><!-- modal-body -->\n        <\/div><!-- modal-content -->\n    <\/div><!-- modal-dialog -->\n<\/div><!-- login-register-form -->\n\t<div class=\"modal fade mobile-property-form\" id=\"email-popup-167502-WhhM7\">\n    <div class=\"modal-dialog\" role=\"document\">\n        <div class=\"modal-content\">\n            <div class=\"modal-header\">\n                <h5 class=\"modal-title\" id=\"phoneNumberModalLabel\">Contact me<\/h5>\n                <button type=\"button\" class=\"btn-close\" data-bs-dismiss=\"modal\" aria-label=\"Close\"><\/button>\n            <\/div><!-- modal-header -->\n            <div class=\"modal-body\">\n                <div class=\"property-form-wrap border-none\">\n                                    <div class=\"property-form\">\n                        <form method=\"post\" action=\"#\">\n                            \n                            <div class=\"agent-details\" role=\"region\"><div class=\"d-flex align-items-center gap-3\"><div class=\"agent-image\" role=\"img\"><img loading=\"lazy\" decoding=\"async\" class=\"rounded\" src=\"https:\/\/www.mallorcaguru.es\/wp-content\/smush-avif\/2022\/03\/Mallorca-Property-Guru-Logo-2025-150x150.png.avif\" alt=\"Mallorca Property Guru Saionara Jackson\" width=\"70\" height=\"70\" data-smush-avif-fallback=\"{&quot;src&quot;:&quot;https:\\\/\\\/www.mallorcaguru.es\\\/wp-content\\\/uploads\\\/2022\\\/03\\\/Mallorca-Property-Guru-Logo-2025-150x150.png&quot;}\"><span class=\"badge btn-secondary agent-verified-icon\"><i class=\"houzez-icon icon-check-circle-1\"><\/i><\/span><\/div><ul class=\"agent-information list-unstyled mb-0\" role=\"list\"><li class=\"agent-name\" role=\"listitem\"><i class=\"houzez-icon icon-single-neutral me-1\"><\/i> Mallorca Property Guru Saionara Jackson<\/li><\/ul><\/div><\/div>\n                                                        <div class=\"form-group mb-2 mt-3\">\n                                <input class=\"form-control\" name=\"name\" value=\"\" type=\"text\" placeholder=\"Nombre\">\n                            <\/div><!-- form-group -->\n                            \n                                \n                            <div class=\"form-group mb-2\">\n                                <input class=\"form-control\" name=\"mobile\" value=\"\" type=\"text\" placeholder=\"Tel\u00e9fono\">\n                            <\/div><!-- form-group -->\n                            \n                            <div class=\"form-group mb-2\">\n                                <input class=\"form-control\" name=\"email\" value=\"\" type=\"email\" placeholder=\"Correo electr\u00f3nico\">\n                            <\/div><!-- form-group -->\n\n                              \n                            <div class=\"form-group form-group-textarea mb-2\">\n                                <textarea class=\"form-control hz-form-message\" name=\"message\" rows=\"4\" placeholder=\"Mensaje\">Hola, estoy interesado en [Terreno edificable en venta Santa Margalida Mallorca]<\/textarea>\n                            <\/div><!-- form-group -->   \n                            \n                            \n                                                        <div class=\"form-group my-3\">\n                                <label class=\"control control--checkbox m-0 p-0 hz-no-gdpr-checkbox\">\n                                                                        <div class=\"gdpr-text-wrap\">\n                                        Al subir este formulario estoy de acuerdo a <a target=\"_blank\" href=\"https:\/\/www.mallorcaguru.es\/es\/terminos-y-condiciones\/\">Condiciones de uso<\/a>\n                                    <\/div>\n                                <\/label>\n                            <\/div><!-- form-group -->   \n                                  \n                        \n                                                            <input type=\"hidden\" name=\"target_email\" value=\"s&#97;io&#110;&#97;&#114;a&#64;&#109;al&#108;or&#99;ag&#117;r&#117;&#46;&#101;&#115;\">\n                                                        <input type=\"hidden\" name=\"property_agent_contact_security\" value=\"a64e3040b5\"\/>\n                            <input type=\"hidden\" name=\"property_permalink\" value=\"https:\/\/www.mallorcaguru.es\/es\/propiedad\/terreno-edificable-en-venta-santa-margalida-mallorca\/\"\/>\n                            <input type=\"hidden\" name=\"property_title\" value=\"Terreno edificable en venta Santa Margalida Mallorca\"\/>\n                            <input type=\"hidden\" name=\"property_id\" value=\"794\"\/>\n                            <input type=\"hidden\" name=\"action\" value=\"houzez_property_agent_contact\">\n                            <input type=\"hidden\" name=\"listing_id\" value=\"167502\">\n                            <input type=\"hidden\" name=\"is_listing_form\" value=\"yes\">\n                            <input type=\"hidden\" name=\"agent_id\" value=\"4998\">\n                            <input type=\"hidden\" name=\"agent_type\" value=\"agent_info\">\n\n                                                        <div class=\"form_messages\"><\/div>\n                            <button type=\"button\" class=\"houzez_agent_property_form btn btn-secondary w-100\">\n                                <span class=\"houzez-loader-js houzez-hidden spinner-border spinner-border-sm\" aria-hidden=\"true\"><\/span>                                Enviar Email                                \n                            <\/button>\n                            \n                        <\/form>\n                    <\/div><!-- property-form -->\n                    \n                            <\/div><!-- property-form-wrap -->\n\n    \n            <\/div>\n        <\/div>\n    <\/div>\n<\/div>\n<\/div>\n<div class=\"item-listing-wrap item-wrap-v9 hz-item-gallery-js hz-map-trigger\" data-hz-id=\"79443\" data-images=\"[{&quot;image&quot;:&quot;https:\\\/\\\/www.mallorcaguru.es\\\/wp-content\\\/smush-avif\\\/2024\\\/04\\\/Parcela-Cami-de-Son-Roig-6-584x438.jpg.avif&quot;,&quot;alt&quot;:&quot;Se vende parcela&quot;,&quot;width&quot;:584,&quot;height&quot;:438,&quot;srcset&quot;:&quot;https:\\\/\\\/www.mallorcaguru.es\\\/wp-content\\\/smush-avif\\\/2024\\\/04\\\/Parcela-Cami-de-Son-Roig-6-584x438.jpg.avif 584w, https:\\\/\\\/www.mallorcaguru.es\\\/wp-content\\\/smush-avif\\\/2024\\\/04\\\/Parcela-Cami-de-Son-Roig-6-592x444.jpg.avif 592w, https:\\\/\\\/www.mallorcaguru.es\\\/wp-content\\\/smush-avif\\\/2024\\\/04\\\/Parcela-Cami-de-Son-Roig-6-120x90.jpg.avif 120w&quot;,&quot;sizes&quot;:&quot;(max-width: 584px) 100vw, 584px&quot;},{&quot;image&quot;:&quot;https:\\\/\\\/www.mallorcaguru.es\\\/wp-content\\\/smush-avif\\\/2024\\\/04\\\/Parcela-Cami-de-Son-Roig-6-584x438.jpg.avif&quot;,&quot;alt&quot;:&quot;Se vende parcela&quot;,&quot;width&quot;:584,&quot;height&quot;:438,&quot;srcset&quot;:&quot;https:\\\/\\\/www.mallorcaguru.es\\\/wp-content\\\/smush-avif\\\/2024\\\/04\\\/Parcela-Cami-de-Son-Roig-6-584x438.jpg.avif 584w, https:\\\/\\\/www.mallorcaguru.es\\\/wp-content\\\/smush-avif\\\/2024\\\/04\\\/Parcela-Cami-de-Son-Roig-6-592x444.jpg.avif 592w, https:\\\/\\\/www.mallorcaguru.es\\\/wp-content\\\/smush-avif\\\/2024\\\/04\\\/Parcela-Cami-de-Son-Roig-6-120x90.jpg.avif 120w&quot;,&quot;sizes&quot;:&quot;(max-width: 584px) 100vw, 584px&quot;},{&quot;image&quot;:&quot;https:\\\/\\\/www.mallorcaguru.es\\\/wp-content\\\/smush-avif\\\/2024\\\/04\\\/Parcela-Cami-de-Son-Roig-4-1-584x438.jpg.avif&quot;,&quot;alt&quot;:&quot;Se vende parcela&quot;,&quot;width&quot;:584,&quot;height&quot;:438,&quot;srcset&quot;:&quot;https:\\\/\\\/www.mallorcaguru.es\\\/wp-content\\\/smush-avif\\\/2024\\\/04\\\/Parcela-Cami-de-Son-Roig-4-1-584x438.jpg.avif 584w, https:\\\/\\\/www.mallorcaguru.es\\\/wp-content\\\/smush-avif\\\/2024\\\/04\\\/Parcela-Cami-de-Son-Roig-4-1-592x444.jpg.avif 592w, https:\\\/\\\/www.mallorcaguru.es\\\/wp-content\\\/smush-avif\\\/2024\\\/04\\\/Parcela-Cami-de-Son-Roig-4-1-120x90.jpg.avif 120w&quot;,&quot;sizes&quot;:&quot;(max-width: 584px) 100vw, 584px&quot;}]\">\n\t<div class=\"item-wrap item-wrap-no-frame h-100\">\n\t\t<div class=\"d-flex flex-column align-items-center h-100\">\n\t\t\t<div class=\"item-header\">\n\t\t\t\t\t\t\t\t<div class=\"labels-wrap d-flex align-items-center gap-1\" role=\"group\"> \n\n\t<a href=\"https:\/\/www.mallorcaguru.es\/es\/estado\/propiedades-en-venta-mallorca\/\" class=\"label-status label status-color-761\">\n\t\t\t\t\tEn venta\n\t\t\t\t<\/a><a href=\"https:\/\/www.mallorcaguru.es\/es\/etiqueta\/vinedos-y-bodegas-en-venta-en-mallorca\/\" class=\"hz-label label label-color-4372\">\n\t\t\t\t\tVi\u00f1edos y Bodegas\n\t\t\t\t<\/a>       \n\n<\/div>\n\t\t\t\t<ul class=\"item-tools d-flex align-items-center justify-content-center gap-1\">\n        <li class=\"item-tool item-preview\">\n        <span class=\"hz-show-lightbox-js item-tool-preview text-center\" data-listid=\"79443\">\n            <span data-bs-toggle=\"tooltip\" data-bs-placement=\"top\" title=\"Vista preliminar\">\n                <i class=\"houzez-icon icon-expand-3\"><\/i>   \n            <\/span>\n        <\/span><!-- item-tool-favorite -->\n    <\/li><!-- item-tool -->\n        \n        <li class=\"item-tool item-favorite\">\n        <span class=\"add-favorite-js item-tool-favorite text-center\" data-bs-toggle=\"tooltip\" data-bs-placement=\"top\" title=\"Favorito\" data-listid=\"79443\">\n            <i class=\"houzez-icon icon-love-it \"><\/i>\n        <\/span><!-- item-tool-favorite -->\n    <\/li><!-- item-tool -->\n    \n        <li class=\"item-tool item-compare\">\n        <span class=\"houzez_compare compare-79443 item-tool-compare text-center\" data-bs-toggle=\"tooltip\" data-bs-placement=\"top\" title=\"A\u00f1adir a comparar\" data-listing_id=\"79443\" data-listing_image=\"https:\/\/www.mallorcaguru.es\/wp-content\/uploads\/2024\/04\/Parcela-Cami-de-Son-Roig-6-584x438.jpg\">\n            <i class=\"houzez-icon icon-add-circle\"><\/i>\n            <!-- <i class=\"houzez-icon icon-subtract-circle\"><\/i> -->\n        <\/span><!-- item-tool-compare -->\n    <\/li><!-- item-tool -->\n    <\/ul><!-- item-tools -->\n\t\t\t\t<div class=\"listing-image-wrap\">\n\t<div class=\"listing-thumb\">\n\t\t<a target=\"_self\" href=\"https:\/\/www.mallorcaguru.es\/es\/propiedad\/se-vende-parcela-en-cami-son-roig-binissalem\/\" class=\"listing-featured-thumb hover-effect image-wrap\" role=\"link\">\n\t\t\t<img loading=\"lazy\" decoding=\"async\" width=\"584\" height=\"438\" src=\"https:\/\/www.mallorcaguru.es\/wp-content\/smush-avif\/2024\/04\/Parcela-Cami-de-Son-Roig-6-584x438.jpg.avif\" class=\"img-fluid wp-post-image\" alt=\"Se vende parcela\" srcset=\"https:\/\/www.mallorcaguru.es\/wp-content\/smush-avif\/2024\/04\/Parcela-Cami-de-Son-Roig-6-584x438.jpg.avif 584w, https:\/\/www.mallorcaguru.es\/wp-content\/smush-avif\/2024\/04\/Parcela-Cami-de-Son-Roig-6-592x444.jpg.avif 592w, https:\/\/www.mallorcaguru.es\/wp-content\/smush-avif\/2024\/04\/Parcela-Cami-de-Son-Roig-6-120x90.jpg.avif 120w\" sizes=\"auto, (max-width: 584px) 100vw, 584px\" data-smush-avif-fallback=\"{&quot;src&quot;:&quot;https:\\\/\\\/www.mallorcaguru.es\\\/wp-content\\\/uploads\\\/2024\\\/04\\\/Parcela-Cami-de-Son-Roig-6-584x438.jpg&quot;,&quot;srcset&quot;:&quot;https:\\\/\\\/www.mallorcaguru.es\\\/wp-content\\\/uploads\\\/2024\\\/04\\\/Parcela-Cami-de-Son-Roig-6-584x438.jpg 584w, https:\\\/\\\/www.mallorcaguru.es\\\/wp-content\\\/uploads\\\/2024\\\/04\\\/Parcela-Cami-de-Son-Roig-6-592x444.jpg 592w, https:\\\/\\\/www.mallorcaguru.es\\\/wp-content\\\/uploads\\\/2024\\\/04\\\/Parcela-Cami-de-Son-Roig-6-120x90.jpg 120w&quot;}\" \/>\t\t<\/a><!-- hover-effect -->\n\t<\/div>\n<\/div>\t\t\t\t<div class=\"preview_loader\"><\/div>\n\t\t\t<\/div>\n\t\t\t<div class=\"item-body w-100 flex-fill\">\n\t\t\t\t<ul class=\"item-amenities item-amenities-with-icons mb-2\">\n\t\t\t\t\t<li class=\"h-type d-flex w-100\" role=\"listitem\"><span>Parcela<\/span><\/li>\t\t\t\t<\/ul>\n\t\t\t\t<ul class=\"item-price-wrap d-flex align-items-end gap-3\" role=\"list\">\n\t\t\t\t\t<li class=\"item-price\"><span class=\"price\">220,000\u20ac<\/span><span class=\"price-postfix\"><\/span><\/li>\t\t\t\t<\/ul>\n\t\t\t\t<h2 class=\"item-title mb-2 \">\n\t<a target=\"_self\" href=\"https:\/\/www.mallorcaguru.es\/es\/propiedad\/se-vende-parcela-en-cami-son-roig-binissalem\/\" role=\"link\">Se vende parcela en Cami Son Roig Binissalem<\/a>\n<\/h2><!-- item-title -->\t\t\t\t<address class=\"item-address mb-2\"><i class=\"houzez-icon icon-pin me-1\" aria-hidden=\"true\"><\/i><span>Cam\u00ed de Son Roig, Binissalem, Raiguer, Illes Balears, 07350, Espa\u00f1a<\/span><\/address>\t\t\t\t<ul class=\"item-amenities item-amenities-with-icons d-flex flex-wrap align-items-center gap-2\" role=\"list\">\n\t<li class=\"h-property-id me-1\"><i class=\"houzez-icon icon-tags me-2\"><\/i><span class=\"item-amenities-text\">ID:<\/span> <span class=\"hz-figure\">237A<\/span><\/li><\/ul>\t\t\t<\/div>\n\t\t\t<div class=\"item-footer items-btns-count-3\">\n\t\t\t\t<div class=\"item-buttons-wrap d-flex justify-content-between gap-2\">\n\t\t\t\t\t\t\t\t<button type=\"button\" class=\"hz-call-popup-js btn btn-primary-outlined btn-item px-2 d-flex align-items-center justify-content-center flex-fill gap-1\" data-bs-toggle=\"modal\" data-model-id=\"call-action-79443-Nddd0\">\n\t\t\t\t<i class=\"houzez-icon icon-phone-actions-ring\"><\/i> Llamar\t\t\t<\/button>\n\t\t \t\t\t\t<button type=\"button\" class=\"hz-email-popup-js btn btn-primary-outlined btn-item px-2 d-flex align-items-center justify-content-center flex-fill gap-1\" data-bs-toggle=\"modal\" data-model-id=\"email-popup-79443-Nddd0\">\n\t\t\t\t<i class=\"houzez-icon icon-envelope\"><\/i> Correo\t\t\t<\/button>\n\t\t\t\t\t\t<a class=\"btn btn-primary-outlined btn-item px-2 d-flex align-items-center justify-content-center flex-fill gap-1\" target=\"_blank\" href=\"https:\/\/api.whatsapp.com\/send?phone=+34667515185&text=Hola, estoy interesado en [Se vende parcela en Cami Son Roig Binissalem] https:\/\/www.mallorcaguru.es\/es\/propiedad\/se-vende-parcela-en-cami-son-roig-binissalem\/\">\n\t\t\t\t<i class=\"houzez-icon icon-messaging-whatsapp\"><\/i> <span class=\"d-none d-md-block\">WhatsApp<\/span>\n\t\t\t<\/a>\n\t\t\t\t\t\t\t<\/div>\n\t\t\t<\/div>\n\t\t<\/div>\n\t<\/div>\n\t<div class=\"modal fade modal-phone-number\" id=\"call-action-79443-Nddd0\" tabindex=\"-1\" aria-labelledby=\"phoneNumberModalLabel\" aria-hidden=\"true\">\n    <div class=\"modal-dialog\" role=\"document\">\n        <div class=\"modal-content\">\n            <div class=\"modal-header\">\n                <h5 class=\"modal-title\" id=\"phoneNumberModalLabel\">Cont\u00e1ctenos<\/h5>\n                <button type=\"button\" class=\"btn-close\" data-bs-dismiss=\"modal\" aria-label=\"Cerrar\"><\/button>\n            <\/div><!-- modal-header -->\n            <div class=\"modal-body\">\n                <p class=\"modal-body-phone-number-text\">\n                    Por favor, indique la referencia de la propiedad<br>\n\n                    <strong>Mallorca Property Guru - 237A<\/strong>\n                <\/p>\n                <p class=\"modal-body-phone-number-number\">\n                     <a class=\"btn btn-primary-outlined\" href=\"tel:+34667515185\"><i class=\"houzez-icon icon-phone-actions-ring\"><\/i> +34 667 515 185<\/a>\n                <\/p>\n            <\/div><!-- modal-body -->\n        <\/div><!-- modal-content -->\n    <\/div><!-- modal-dialog -->\n<\/div><!-- login-register-form -->\n\t<div class=\"modal fade mobile-property-form\" id=\"email-popup-79443-Nddd0\">\n    <div class=\"modal-dialog\" role=\"document\">\n        <div class=\"modal-content\">\n            <div class=\"modal-header\">\n                <h5 class=\"modal-title\" id=\"phoneNumberModalLabel\">Contact me<\/h5>\n                <button type=\"button\" class=\"btn-close\" data-bs-dismiss=\"modal\" aria-label=\"Close\"><\/button>\n            <\/div><!-- modal-header -->\n            <div class=\"modal-body\">\n                <div class=\"property-form-wrap border-none\">\n                                    <div class=\"property-form\">\n                        <form method=\"post\" action=\"#\">\n                            \n                            <div class=\"agent-details\" role=\"region\"><div class=\"d-flex align-items-center gap-3\"><div class=\"agent-image\" role=\"img\"><img decoding=\"async\" class=\"rounded\" src=\"https:\/\/www.mallorcaguru.es\/wp-content\/smush-avif\/2022\/03\/Mallorca-Property-Guru-Logo-2025-150x150.png.avif\" alt=\"Mallorca Property Guru Carmen Dols Bastard\" width=\"70\" height=\"70\" loading=\"lazy\" data-smush-avif-fallback=\"{&quot;src&quot;:&quot;https:\\\/\\\/www.mallorcaguru.es\\\/wp-content\\\/uploads\\\/2022\\\/03\\\/Mallorca-Property-Guru-Logo-2025-150x150.png&quot;}\"><span class=\"badge btn-secondary agent-verified-icon\"><i class=\"houzez-icon icon-check-circle-1\"><\/i><\/span><\/div><ul class=\"agent-information list-unstyled mb-0\" role=\"list\"><li class=\"agent-name\" role=\"listitem\"><i class=\"houzez-icon icon-single-neutral me-1\"><\/i> Mallorca Property Guru Carmen Dols Bastard<\/li><\/ul><\/div><\/div>\n                                                        <div class=\"form-group mb-2 mt-3\">\n                                <input class=\"form-control\" name=\"name\" value=\"\" type=\"text\" placeholder=\"Nombre\">\n                            <\/div><!-- form-group -->\n                            \n                                \n                            <div class=\"form-group mb-2\">\n                                <input class=\"form-control\" name=\"mobile\" value=\"\" type=\"text\" placeholder=\"Tel\u00e9fono\">\n                            <\/div><!-- form-group -->\n                            \n                            <div class=\"form-group mb-2\">\n                                <input class=\"form-control\" name=\"email\" value=\"\" type=\"email\" placeholder=\"Correo electr\u00f3nico\">\n                            <\/div><!-- form-group -->\n\n                              \n                            <div class=\"form-group form-group-textarea mb-2\">\n                                <textarea class=\"form-control hz-form-message\" name=\"message\" rows=\"4\" placeholder=\"Mensaje\">Hola, estoy interesado en [Se vende parcela en Cami Son Roig Binissalem]<\/textarea>\n                            <\/div><!-- form-group -->   \n                            \n                            \n                                                        <div class=\"form-group my-3\">\n                                <label class=\"control control--checkbox m-0 p-0 hz-no-gdpr-checkbox\">\n                                                                        <div class=\"gdpr-text-wrap\">\n                                        Al subir este formulario estoy de acuerdo a <a target=\"_blank\" href=\"https:\/\/www.mallorcaguru.es\/es\/terminos-y-condiciones\/\">Condiciones de uso<\/a>\n                                    <\/div>\n                                <\/label>\n                            <\/div><!-- form-group -->   \n                                  \n                        \n                                                            <input type=\"hidden\" name=\"target_email\" value=\"&#99;arm&#101;&#110;&#64;m&#97;ll&#111;&#114;&#99;&#97;&#103;u&#114;u&#46;es\">\n                                                        <input type=\"hidden\" name=\"property_agent_contact_security\" value=\"a64e3040b5\"\/>\n                            <input type=\"hidden\" name=\"property_permalink\" value=\"https:\/\/www.mallorcaguru.es\/es\/propiedad\/se-vende-parcela-en-cami-son-roig-binissalem\/\"\/>\n                            <input type=\"hidden\" name=\"property_title\" value=\"Se vende parcela en Cami Son Roig Binissalem\"\/>\n                            <input type=\"hidden\" name=\"property_id\" value=\"237A\"\/>\n                            <input type=\"hidden\" name=\"action\" value=\"houzez_property_agent_contact\">\n                            <input type=\"hidden\" name=\"listing_id\" value=\"79443\">\n                            <input type=\"hidden\" name=\"is_listing_form\" value=\"yes\">\n                            <input type=\"hidden\" name=\"agent_id\" value=\"6101\">\n                            <input type=\"hidden\" name=\"agent_type\" value=\"agent_info\">\n\n                                                        <div class=\"form_messages\"><\/div>\n                            <button type=\"button\" class=\"houzez_agent_property_form btn btn-secondary w-100\">\n                                <span class=\"houzez-loader-js houzez-hidden spinner-border spinner-border-sm\" aria-hidden=\"true\"><\/span>                                Enviar Email                                \n                            <\/button>\n                            \n                        <\/form>\n                    <\/div><!-- property-form -->\n                    \n                            <\/div><!-- property-form-wrap -->\n\n    \n            <\/div>\n        <\/div>\n    <\/div>\n<\/div>\n<\/div>\n<div class=\"item-listing-wrap item-wrap-v9 hz-item-gallery-js hz-map-trigger\" data-hz-id=\"68852\" data-images=\"[{&quot;image&quot;:&quot;https:\\\/\\\/www.mallorcaguru.es\\\/wp-content\\\/smush-avif\\\/2024\\\/02\\\/Can-Biscai-Binissalem-30-584x438.jpg.avif&quot;,&quot;alt&quot;:&quot;Se vende Binissalem&quot;,&quot;width&quot;:584,&quot;height&quot;:438,&quot;srcset&quot;:&quot;https:\\\/\\\/www.mallorcaguru.es\\\/wp-content\\\/smush-avif\\\/2024\\\/02\\\/Can-Biscai-Binissalem-30-584x438.jpg.avif 584w, https:\\\/\\\/www.mallorcaguru.es\\\/wp-content\\\/smush-avif\\\/2024\\\/02\\\/Can-Biscai-Binissalem-30-592x444.jpg.avif 592w, https:\\\/\\\/www.mallorcaguru.es\\\/wp-content\\\/smush-avif\\\/2024\\\/02\\\/Can-Biscai-Binissalem-30-120x90.jpg.avif 120w&quot;,&quot;sizes&quot;:&quot;(max-width: 584px) 100vw, 584px&quot;},{&quot;image&quot;:&quot;https:\\\/\\\/www.mallorcaguru.es\\\/wp-content\\\/smush-avif\\\/2024\\\/02\\\/Can-Biscai-Binissalem-28-1-584x438.jpg.avif&quot;,&quot;alt&quot;:&quot;Se vende Binissalem&quot;,&quot;width&quot;:584,&quot;height&quot;:438,&quot;srcset&quot;:&quot;https:\\\/\\\/www.mallorcaguru.es\\\/wp-content\\\/smush-avif\\\/2024\\\/02\\\/Can-Biscai-Binissalem-28-1-584x438.jpg.avif 584w, https:\\\/\\\/www.mallorcaguru.es\\\/wp-content\\\/smush-avif\\\/2024\\\/02\\\/Can-Biscai-Binissalem-28-1-592x444.jpg.avif 592w, https:\\\/\\\/www.mallorcaguru.es\\\/wp-content\\\/smush-avif\\\/2024\\\/02\\\/Can-Biscai-Binissalem-28-1-120x90.jpg.avif 120w&quot;,&quot;sizes&quot;:&quot;(max-width: 584px) 100vw, 584px&quot;},{&quot;image&quot;:&quot;https:\\\/\\\/www.mallorcaguru.es\\\/wp-content\\\/smush-avif\\\/2024\\\/02\\\/Can-Biscai-Binissalem-30-584x438.jpg.avif&quot;,&quot;alt&quot;:&quot;Se vende Binissalem&quot;,&quot;width&quot;:584,&quot;height&quot;:438,&quot;srcset&quot;:&quot;https:\\\/\\\/www.mallorcaguru.es\\\/wp-content\\\/smush-avif\\\/2024\\\/02\\\/Can-Biscai-Binissalem-30-584x438.jpg.avif 584w, https:\\\/\\\/www.mallorcaguru.es\\\/wp-content\\\/smush-avif\\\/2024\\\/02\\\/Can-Biscai-Binissalem-30-592x444.jpg.avif 592w, https:\\\/\\\/www.mallorcaguru.es\\\/wp-content\\\/smush-avif\\\/2024\\\/02\\\/Can-Biscai-Binissalem-30-120x90.jpg.avif 120w&quot;,&quot;sizes&quot;:&quot;(max-width: 584px) 100vw, 584px&quot;}]\">\n\t<div class=\"item-wrap item-wrap-no-frame h-100\">\n\t\t<div class=\"d-flex flex-column align-items-center h-100\">\n\t\t\t<div class=\"item-header\">\n\t\t\t\t<span class=\"label-featured label me-1\" role=\"status\">Destacado<\/span>\t\t\t\t<div class=\"labels-wrap d-flex align-items-center gap-1\" role=\"group\"> \n\n\t<a href=\"https:\/\/www.mallorcaguru.es\/es\/estado\/propiedades-en-venta-mallorca\/\" class=\"label-status label status-color-761\">\n\t\t\t\t\tEn venta\n\t\t\t\t<\/a><a href=\"https:\/\/www.mallorcaguru.es\/es\/etiqueta\/vinedos-y-bodegas-en-venta-en-mallorca\/\" class=\"hz-label label label-color-4372\">\n\t\t\t\t\tVi\u00f1edos y Bodegas\n\t\t\t\t<\/a>       \n\n<\/div>\n\t\t\t\t<ul class=\"item-tools d-flex align-items-center justify-content-center gap-1\">\n        <li class=\"item-tool item-preview\">\n        <span class=\"hz-show-lightbox-js item-tool-preview text-center\" data-listid=\"68852\">\n            <span data-bs-toggle=\"tooltip\" data-bs-placement=\"top\" title=\"Vista preliminar\">\n                <i class=\"houzez-icon icon-expand-3\"><\/i>   \n            <\/span>\n        <\/span><!-- item-tool-favorite -->\n    <\/li><!-- item-tool -->\n        \n        <li class=\"item-tool item-favorite\">\n        <span class=\"add-favorite-js item-tool-favorite text-center\" data-bs-toggle=\"tooltip\" data-bs-placement=\"top\" title=\"Favorito\" data-listid=\"68852\">\n            <i class=\"houzez-icon icon-love-it \"><\/i>\n        <\/span><!-- item-tool-favorite -->\n    <\/li><!-- item-tool -->\n    \n        <li class=\"item-tool item-compare\">\n        <span class=\"houzez_compare compare-68852 item-tool-compare text-center\" data-bs-toggle=\"tooltip\" data-bs-placement=\"top\" title=\"A\u00f1adir a comparar\" data-listing_id=\"68852\" data-listing_image=\"https:\/\/www.mallorcaguru.es\/wp-content\/uploads\/2024\/02\/Can-Biscai-Binissalem-30-584x438.jpg\">\n            <i class=\"houzez-icon icon-add-circle\"><\/i>\n            <!-- <i class=\"houzez-icon icon-subtract-circle\"><\/i> -->\n        <\/span><!-- item-tool-compare -->\n    <\/li><!-- item-tool -->\n    <\/ul><!-- item-tools -->\n\t\t\t\t<div class=\"listing-image-wrap\">\n\t<div class=\"listing-thumb\">\n\t\t<a target=\"_self\" href=\"https:\/\/www.mallorcaguru.es\/es\/propiedad\/casa-senorial-can-biscai-binissalem\/\" class=\"listing-featured-thumb hover-effect image-wrap\" role=\"link\">\n\t\t\t<img loading=\"lazy\" decoding=\"async\" width=\"584\" height=\"438\" src=\"https:\/\/www.mallorcaguru.es\/wp-content\/smush-avif\/2024\/02\/Can-Biscai-Binissalem-30-584x438.jpg.avif\" class=\"img-fluid wp-post-image\" alt=\"Se vende Binissalem\" srcset=\"https:\/\/www.mallorcaguru.es\/wp-content\/smush-avif\/2024\/02\/Can-Biscai-Binissalem-30-584x438.jpg.avif 584w, https:\/\/www.mallorcaguru.es\/wp-content\/smush-avif\/2024\/02\/Can-Biscai-Binissalem-30-592x444.jpg.avif 592w, https:\/\/www.mallorcaguru.es\/wp-content\/smush-avif\/2024\/02\/Can-Biscai-Binissalem-30-120x90.jpg.avif 120w\" sizes=\"auto, (max-width: 584px) 100vw, 584px\" data-smush-avif-fallback=\"{&quot;src&quot;:&quot;https:\\\/\\\/www.mallorcaguru.es\\\/wp-content\\\/uploads\\\/2024\\\/02\\\/Can-Biscai-Binissalem-30-584x438.jpg&quot;,&quot;srcset&quot;:&quot;https:\\\/\\\/www.mallorcaguru.es\\\/wp-content\\\/uploads\\\/2024\\\/02\\\/Can-Biscai-Binissalem-30-584x438.jpg 584w, https:\\\/\\\/www.mallorcaguru.es\\\/wp-content\\\/uploads\\\/2024\\\/02\\\/Can-Biscai-Binissalem-30-592x444.jpg 592w, https:\\\/\\\/www.mallorcaguru.es\\\/wp-content\\\/uploads\\\/2024\\\/02\\\/Can-Biscai-Binissalem-30-120x90.jpg 120w&quot;}\" \/>\t\t<\/a><!-- hover-effect -->\n\t<\/div>\n<\/div>\t\t\t\t<div class=\"preview_loader\"><\/div>\n\t\t\t<\/div>\n\t\t\t<div class=\"item-body w-100 flex-fill\">\n\t\t\t\t<ul class=\"item-amenities item-amenities-with-icons mb-2\">\n\t\t\t\t\t<li class=\"h-type d-flex w-100\" role=\"listitem\"><span>Casa de Pueblo<\/span><\/li>\t\t\t\t<\/ul>\n\t\t\t\t<ul class=\"item-price-wrap d-flex align-items-end gap-3\" role=\"list\">\n\t\t\t\t\t<li class=\"item-price\"><span class=\"price\">1,500,000\u20ac<\/span><span class=\"price-postfix\"><\/span><\/li>\t\t\t\t<\/ul>\n\t\t\t\t<h2 class=\"item-title mb-2 \">\n\t<a target=\"_self\" href=\"https:\/\/www.mallorcaguru.es\/es\/propiedad\/casa-senorial-can-biscai-binissalem\/\" role=\"link\">Se vende Binissalem Can Bisca\u00ed<\/a>\n<\/h2><!-- item-title -->\t\t\t\t<address class=\"item-address mb-2\"><i class=\"houzez-icon icon-pin me-1\" aria-hidden=\"true\"><\/i><span>carrer de sa Goleta, Binissalem, Raiguer, Illes Balears, 07350, Espa\u00f1a<\/span><\/address>\t\t\t\t<ul class=\"item-amenities item-amenities-with-icons d-flex flex-wrap align-items-center gap-2\" role=\"list\">\n\t<li class=\"h-property-id me-1\"><i class=\"houzez-icon icon-tags me-2\"><\/i><span class=\"item-amenities-text\">ID:<\/span> <span class=\"hz-figure\">710<\/span><\/li><li class=\"h-area d-flex align-items-center me-1\"><i class=\"houzez-icon icon-ruler-triangle me-2\"><\/i><span class=\"hz-figure me-1\">784<\/span> <span class=\"hz-figure area_postfix\">m\u00b2<\/span><\/li><\/ul>\t\t\t<\/div>\n\t\t\t<div class=\"item-footer items-btns-count-3\">\n\t\t\t\t<div class=\"item-buttons-wrap d-flex justify-content-between gap-2\">\n\t\t\t\t\t\t\t\t<button type=\"button\" class=\"hz-call-popup-js btn btn-primary-outlined btn-item px-2 d-flex align-items-center justify-content-center flex-fill gap-1\" data-bs-toggle=\"modal\" data-model-id=\"call-action-68852-wYYbS\">\n\t\t\t\t<i class=\"houzez-icon icon-phone-actions-ring\"><\/i> Llamar\t\t\t<\/button>\n\t\t \t\t\t\t<button type=\"button\" class=\"hz-email-popup-js btn btn-primary-outlined btn-item px-2 d-flex align-items-center justify-content-center flex-fill gap-1\" data-bs-toggle=\"modal\" data-model-id=\"email-popup-68852-wYYbS\">\n\t\t\t\t<i class=\"houzez-icon icon-envelope\"><\/i> Correo\t\t\t<\/button>\n\t\t\t\t\t\t<a class=\"btn btn-primary-outlined btn-item px-2 d-flex align-items-center justify-content-center flex-fill gap-1\" target=\"_blank\" href=\"https:\/\/api.whatsapp.com\/send?phone=+34667515185&text=Hola, estoy interesado en [Se vende Binissalem Can Bisca\u00ed] https:\/\/www.mallorcaguru.es\/es\/propiedad\/casa-senorial-can-biscai-binissalem\/\">\n\t\t\t\t<i class=\"houzez-icon icon-messaging-whatsapp\"><\/i> <span class=\"d-none d-md-block\">WhatsApp<\/span>\n\t\t\t<\/a>\n\t\t\t\t\t\t\t<\/div>\n\t\t\t<\/div>\n\t\t<\/div>\n\t<\/div>\n\t<div class=\"modal fade modal-phone-number\" id=\"call-action-68852-wYYbS\" tabindex=\"-1\" aria-labelledby=\"phoneNumberModalLabel\" aria-hidden=\"true\">\n    <div class=\"modal-dialog\" role=\"document\">\n        <div class=\"modal-content\">\n            <div class=\"modal-header\">\n                <h5 class=\"modal-title\" id=\"phoneNumberModalLabel\">Cont\u00e1ctenos<\/h5>\n                <button type=\"button\" class=\"btn-close\" data-bs-dismiss=\"modal\" aria-label=\"Cerrar\"><\/button>\n            <\/div><!-- modal-header -->\n            <div class=\"modal-body\">\n                <p class=\"modal-body-phone-number-text\">\n                    Por favor, indique la referencia de la propiedad<br>\n\n                    <strong>Mallorca Property Guru - 710<\/strong>\n                <\/p>\n                <p class=\"modal-body-phone-number-number\">\n                     <a class=\"btn btn-primary-outlined\" href=\"tel:+34667515185\"><i class=\"houzez-icon icon-phone-actions-ring\"><\/i> +34 667 515 185<\/a>\n                <\/p>\n            <\/div><!-- modal-body -->\n        <\/div><!-- modal-content -->\n    <\/div><!-- modal-dialog -->\n<\/div><!-- login-register-form -->\n\t<div class=\"modal fade mobile-property-form\" id=\"email-popup-68852-wYYbS\">\n    <div class=\"modal-dialog\" role=\"document\">\n        <div class=\"modal-content\">\n            <div class=\"modal-header\">\n                <h5 class=\"modal-title\" id=\"phoneNumberModalLabel\">Contact me<\/h5>\n                <button type=\"button\" class=\"btn-close\" data-bs-dismiss=\"modal\" aria-label=\"Close\"><\/button>\n            <\/div><!-- modal-header -->\n            <div class=\"modal-body\">\n                <div class=\"property-form-wrap border-none\">\n                                    <div class=\"property-form\">\n                        <form method=\"post\" action=\"#\">\n                            \n                            <div class=\"agent-details\" role=\"region\"><div class=\"d-flex align-items-center gap-3\"><div class=\"agent-image\" role=\"img\"><img decoding=\"async\" class=\"rounded\" src=\"https:\/\/www.mallorcaguru.es\/wp-content\/smush-avif\/2022\/03\/Mallorca-Property-Guru-Logo-2025-150x150.png.avif\" alt=\"Mallorca Property Guru Carmen Dols Bastard\" width=\"70\" height=\"70\" loading=\"lazy\" data-smush-avif-fallback=\"{&quot;src&quot;:&quot;https:\\\/\\\/www.mallorcaguru.es\\\/wp-content\\\/uploads\\\/2022\\\/03\\\/Mallorca-Property-Guru-Logo-2025-150x150.png&quot;}\"><span class=\"badge btn-secondary agent-verified-icon\"><i class=\"houzez-icon icon-check-circle-1\"><\/i><\/span><\/div><ul class=\"agent-information list-unstyled mb-0\" role=\"list\"><li class=\"agent-name\" role=\"listitem\"><i class=\"houzez-icon icon-single-neutral me-1\"><\/i> Mallorca Property Guru Carmen Dols Bastard<\/li><\/ul><\/div><\/div>\n                                                        <div class=\"form-group mb-2 mt-3\">\n                                <input class=\"form-control\" name=\"name\" value=\"\" type=\"text\" placeholder=\"Nombre\">\n                            <\/div><!-- form-group -->\n                            \n                                \n                            <div class=\"form-group mb-2\">\n                                <input class=\"form-control\" name=\"mobile\" value=\"\" type=\"text\" placeholder=\"Tel\u00e9fono\">\n                            <\/div><!-- form-group -->\n                            \n                            <div class=\"form-group mb-2\">\n                                <input class=\"form-control\" name=\"email\" value=\"\" type=\"email\" placeholder=\"Correo electr\u00f3nico\">\n                            <\/div><!-- form-group -->\n\n                              \n                            <div class=\"form-group form-group-textarea mb-2\">\n                                <textarea class=\"form-control hz-form-message\" name=\"message\" rows=\"4\" placeholder=\"Mensaje\">Hola, estoy interesado en [Se vende Binissalem Can Bisca\u00ed]<\/textarea>\n                            <\/div><!-- form-group -->   \n                            \n                            \n                                                        <div class=\"form-group my-3\">\n                                <label class=\"control control--checkbox m-0 p-0 hz-no-gdpr-checkbox\">\n                                                                        <div class=\"gdpr-text-wrap\">\n                                        Al subir este formulario estoy de acuerdo a <a target=\"_blank\" href=\"https:\/\/www.mallorcaguru.es\/es\/terminos-y-condiciones\/\">Condiciones de uso<\/a>\n                                    <\/div>\n                                <\/label>\n                            <\/div><!-- form-group -->   \n                                  \n                        \n                                                            <input type=\"hidden\" name=\"target_email\" value=\"&#99;arm&#101;&#110;&#64;&#109;&#97;&#108;l&#111;&#114;caguru&#46;e&#115;\">\n                                                        <input type=\"hidden\" name=\"property_agent_contact_security\" value=\"a64e3040b5\"\/>\n                            <input type=\"hidden\" name=\"property_permalink\" value=\"https:\/\/www.mallorcaguru.es\/es\/propiedad\/casa-senorial-can-biscai-binissalem\/\"\/>\n                            <input type=\"hidden\" name=\"property_title\" value=\"Se vende Binissalem Can Bisca\u00ed\"\/>\n                            <input type=\"hidden\" name=\"property_id\" value=\"710\"\/>\n                            <input type=\"hidden\" name=\"action\" value=\"houzez_property_agent_contact\">\n                            <input type=\"hidden\" name=\"listing_id\" value=\"68852\">\n                            <input type=\"hidden\" name=\"is_listing_form\" value=\"yes\">\n                            <input type=\"hidden\" name=\"agent_id\" value=\"6101\">\n                            <input type=\"hidden\" name=\"agent_type\" value=\"agent_info\">\n\n                                                        <div class=\"form_messages\"><\/div>\n                            <button type=\"button\" class=\"houzez_agent_property_form btn btn-secondary w-100\">\n                                <span class=\"houzez-loader-js houzez-hidden spinner-border spinner-border-sm\" aria-hidden=\"true\"><\/span>                                Enviar Email                                \n                            <\/button>\n                            \n                        <\/form>\n                    <\/div><!-- property-form -->\n                    \n                            <\/div><!-- property-form-wrap -->\n\n    \n            <\/div>\n        <\/div>\n    <\/div>\n<\/div>\n<\/div>\n<div class=\"item-listing-wrap item-wrap-v9 hz-item-gallery-js hz-map-trigger\" data-hz-id=\"56930\" data-images=\"[{&quot;image&quot;:&quot;https:\\\/\\\/www.mallorcaguru.es\\\/wp-content\\\/smush-avif\\\/2023\\\/07\\\/Ref-614-Can-Macia-Binissalem-06-584x438.jpg.avif&quot;,&quot;alt&quot;:&quot;En venta Mallorca Posesi\\u00f3n Mallorquina&quot;,&quot;width&quot;:584,&quot;height&quot;:438,&quot;srcset&quot;:&quot;https:\\\/\\\/www.mallorcaguru.es\\\/wp-content\\\/smush-avif\\\/2023\\\/07\\\/Ref-614-Can-Macia-Binissalem-06-584x438.jpg.avif 584w, https:\\\/\\\/www.mallorcaguru.es\\\/wp-content\\\/smush-avif\\\/2023\\\/07\\\/Ref-614-Can-Macia-Binissalem-06-300x225.jpg.avif 300w, https:\\\/\\\/www.mallorcaguru.es\\\/wp-content\\\/smush-avif\\\/2023\\\/07\\\/Ref-614-Can-Macia-Binissalem-06-1024x768.jpg.avif 1024w, https:\\\/\\\/www.mallorcaguru.es\\\/wp-content\\\/smush-avif\\\/2023\\\/07\\\/Ref-614-Can-Macia-Binissalem-06-768x576.jpg.avif 768w, https:\\\/\\\/www.mallorcaguru.es\\\/wp-content\\\/smush-avif\\\/2023\\\/07\\\/Ref-614-Can-Macia-Binissalem-06-1536x1152.jpg.avif 1536w, https:\\\/\\\/www.mallorcaguru.es\\\/wp-content\\\/smush-avif\\\/2023\\\/07\\\/Ref-614-Can-Macia-Binissalem-06-592x444.jpg.avif 592w, https:\\\/\\\/www.mallorcaguru.es\\\/wp-content\\\/smush-avif\\\/2023\\\/07\\\/Ref-614-Can-Macia-Binissalem-06-800x600.jpg.avif 800w, https:\\\/\\\/www.mallorcaguru.es\\\/wp-content\\\/smush-avif\\\/2023\\\/07\\\/Ref-614-Can-Macia-Binissalem-06-120x90.jpg.avif 120w, https:\\\/\\\/www.mallorcaguru.es\\\/wp-content\\\/smush-avif\\\/2023\\\/07\\\/Ref-614-Can-Macia-Binissalem-06-496x372.jpg.avif 496w, https:\\\/\\\/www.mallorcaguru.es\\\/wp-content\\\/smush-avif\\\/2023\\\/07\\\/Ref-614-Can-Macia-Binissalem-06.jpg.avif 2024w&quot;,&quot;sizes&quot;:&quot;(max-width: 584px) 100vw, 584px&quot;},{&quot;image&quot;:&quot;https:\\\/\\\/www.mallorcaguru.es\\\/wp-content\\\/smush-avif\\\/2023\\\/07\\\/Ref-614-Can-Macia-Binissalem-07-584x438.jpg.avif&quot;,&quot;alt&quot;:&quot;En venta Mallorca Posesi\\u00f3n Mallorquina&quot;,&quot;width&quot;:584,&quot;height&quot;:438,&quot;srcset&quot;:&quot;https:\\\/\\\/www.mallorcaguru.es\\\/wp-content\\\/smush-avif\\\/2023\\\/07\\\/Ref-614-Can-Macia-Binissalem-07-584x438.jpg.avif 584w, https:\\\/\\\/www.mallorcaguru.es\\\/wp-content\\\/smush-avif\\\/2023\\\/07\\\/Ref-614-Can-Macia-Binissalem-07-300x225.jpg.avif 300w, https:\\\/\\\/www.mallorcaguru.es\\\/wp-content\\\/smush-avif\\\/2023\\\/07\\\/Ref-614-Can-Macia-Binissalem-07-1024x768.jpg.avif 1024w, https:\\\/\\\/www.mallorcaguru.es\\\/wp-content\\\/smush-avif\\\/2023\\\/07\\\/Ref-614-Can-Macia-Binissalem-07-768x576.jpg.avif 768w, https:\\\/\\\/www.mallorcaguru.es\\\/wp-content\\\/smush-avif\\\/2023\\\/07\\\/Ref-614-Can-Macia-Binissalem-07-1536x1152.jpg.avif 1536w, https:\\\/\\\/www.mallorcaguru.es\\\/wp-content\\\/smush-avif\\\/2023\\\/07\\\/Ref-614-Can-Macia-Binissalem-07-592x444.jpg.avif 592w, https:\\\/\\\/www.mallorcaguru.es\\\/wp-content\\\/smush-avif\\\/2023\\\/07\\\/Ref-614-Can-Macia-Binissalem-07-800x600.jpg.avif 800w, https:\\\/\\\/www.mallorcaguru.es\\\/wp-content\\\/smush-avif\\\/2023\\\/07\\\/Ref-614-Can-Macia-Binissalem-07-120x90.jpg.avif 120w, https:\\\/\\\/www.mallorcaguru.es\\\/wp-content\\\/smush-avif\\\/2023\\\/07\\\/Ref-614-Can-Macia-Binissalem-07-496x372.jpg.avif 496w, https:\\\/\\\/www.mallorcaguru.es\\\/wp-content\\\/smush-avif\\\/2023\\\/07\\\/Ref-614-Can-Macia-Binissalem-07.jpg.avif 2024w&quot;,&quot;sizes&quot;:&quot;(max-width: 584px) 100vw, 584px&quot;}]\">\n\t<div class=\"item-wrap item-wrap-no-frame h-100\">\n\t\t<div class=\"d-flex flex-column align-items-center h-100\">\n\t\t\t<div class=\"item-header\">\n\t\t\t\t<span class=\"label-featured label me-1\" role=\"status\">Destacado<\/span>\t\t\t\t<div class=\"labels-wrap d-flex align-items-center gap-1\" role=\"group\"> \n\n\t<a href=\"https:\/\/www.mallorcaguru.es\/es\/estado\/propiedades-en-venta-mallorca\/\" class=\"label-status label status-color-761\">\n\t\t\t\t\tEn venta\n\t\t\t\t<\/a><a href=\"https:\/\/www.mallorcaguru.es\/es\/etiqueta\/vinedos-y-bodegas-en-venta-en-mallorca\/\" class=\"hz-label label label-color-4372\">\n\t\t\t\t\tVi\u00f1edos y Bodegas\n\t\t\t\t<\/a>       \n\n<\/div>\n\t\t\t\t<ul class=\"item-tools d-flex align-items-center justify-content-center gap-1\">\n        <li class=\"item-tool item-preview\">\n        <span class=\"hz-show-lightbox-js item-tool-preview text-center\" data-listid=\"56930\">\n            <span data-bs-toggle=\"tooltip\" data-bs-placement=\"top\" title=\"Vista preliminar\">\n                <i class=\"houzez-icon icon-expand-3\"><\/i>   \n            <\/span>\n        <\/span><!-- item-tool-favorite -->\n    <\/li><!-- item-tool -->\n        \n        <li class=\"item-tool item-favorite\">\n        <span class=\"add-favorite-js item-tool-favorite text-center\" data-bs-toggle=\"tooltip\" data-bs-placement=\"top\" title=\"Favorito\" data-listid=\"56930\">\n            <i class=\"houzez-icon icon-love-it \"><\/i>\n        <\/span><!-- item-tool-favorite -->\n    <\/li><!-- item-tool -->\n    \n        <li class=\"item-tool item-compare\">\n        <span class=\"houzez_compare compare-56930 item-tool-compare text-center\" data-bs-toggle=\"tooltip\" data-bs-placement=\"top\" title=\"A\u00f1adir a comparar\" data-listing_id=\"56930\" data-listing_image=\"https:\/\/www.mallorcaguru.es\/wp-content\/themes\/houzez\/img\/placeholder.png\">\n            <i class=\"houzez-icon icon-add-circle\"><\/i>\n            <!-- <i class=\"houzez-icon icon-subtract-circle\"><\/i> -->\n        <\/span><!-- item-tool-compare -->\n    <\/li><!-- item-tool -->\n    <\/ul><!-- item-tools -->\n\t\t\t\t<div class=\"listing-image-wrap\">\n\t<div class=\"listing-thumb\">\n\t\t<a target=\"_self\" href=\"https:\/\/www.mallorcaguru.es\/es\/propiedad\/posesion-mallorquina-can-macia\/\" class=\"listing-featured-thumb hover-effect image-wrap\" role=\"link\">\n\t\t\t<img decoding=\"async\" class=\"img-fluid smush-dimensions\" src=\"https:\/\/www.mallorcaguru.es\/wp-content\/themes\/houzez\/img\/placeholder.png\" alt=\"Posesi\u00f3n Mallorquina Can Macia\" width=\"1170\" style=\"--smush-image-width: 1170px; --smush-image-aspect-ratio: 1170\/850;\" loading=\"lazy\">\t\t<\/a><!-- hover-effect -->\n\t<\/div>\n<\/div>\t\t\t\t<div class=\"preview_loader\"><\/div>\n\t\t\t<\/div>\n\t\t\t<div class=\"item-body w-100 flex-fill\">\n\t\t\t\t<ul class=\"item-amenities item-amenities-with-icons mb-2\">\n\t\t\t\t\t<li class=\"h-type d-flex w-100\" role=\"listitem\"><span>Finca<\/span><\/li>\t\t\t\t<\/ul>\n\t\t\t\t<ul class=\"item-price-wrap d-flex align-items-end gap-3\" role=\"list\">\n\t\t\t\t\t<li class=\"item-price\"><span class=\"price\">4,500,000\u20ac<\/span><span class=\"price-postfix\"><\/span><\/li>\t\t\t\t<\/ul>\n\t\t\t\t<h2 class=\"item-title mb-2 \">\n\t<a target=\"_self\" href=\"https:\/\/www.mallorcaguru.es\/es\/propiedad\/posesion-mallorquina-can-macia\/\" role=\"link\">Posesi\u00f3n Mallorquina Can Macia<\/a>\n<\/h2><!-- item-title -->\t\t\t\t<address class=\"item-address mb-2\"><i class=\"houzez-icon icon-pin me-1\" aria-hidden=\"true\"><\/i><span>cam\u00ed de Can Pere Antoni, Binissalem, Raiguer, Islas Baleares, 07350, Espa\u00f1a<\/span><\/address>\t\t\t\t<ul class=\"item-amenities item-amenities-with-icons d-flex flex-wrap align-items-center gap-2\" role=\"list\">\n\t<li class=\"h-property-id me-1\"><i class=\"houzez-icon icon-tags me-2\"><\/i><span class=\"item-amenities-text\">ID:<\/span> <span class=\"hz-figure\">614<\/span><\/li><li class=\"h-beds d-flex align-items-center me-1\"><i class=\"houzez-icon icon-hotel-double-bed-1 me-2\"><\/i><span class=\"item-amenities-text\">Dorm:<\/span> <span class=\"hz-figure\">11<\/span><\/li><li class=\"h-baths d-flex align-items-center me-1\"><i class=\"houzez-icon icon-bathroom-shower-1 me-2\"><\/i><span class=\"item-amenities-text\">Ba\u00f1os:<\/span> <span class=\"hz-figure\">3<\/span><\/li><li class=\"h-area d-flex align-items-center me-1\"><i class=\"houzez-icon icon-ruler-triangle me-2\"><\/i><span class=\"hz-figure me-1\">2297<\/span> <span class=\"hz-figure area_postfix\">m\u00b2<\/span><\/li><\/ul>\t\t\t<\/div>\n\t\t\t<div class=\"item-footer items-btns-count-3\">\n\t\t\t\t<div class=\"item-buttons-wrap d-flex justify-content-between gap-2\">\n\t\t\t\t\t\t\t\t<button type=\"button\" class=\"hz-call-popup-js btn btn-primary-outlined btn-item px-2 d-flex align-items-center justify-content-center flex-fill gap-1\" data-bs-toggle=\"modal\" data-model-id=\"call-action-56930-2JjmD\">\n\t\t\t\t<i class=\"houzez-icon icon-phone-actions-ring\"><\/i> Llamar\t\t\t<\/button>\n\t\t \t\t\t\t<button type=\"button\" class=\"hz-email-popup-js btn btn-primary-outlined btn-item px-2 d-flex align-items-center justify-content-center flex-fill gap-1\" data-bs-toggle=\"modal\" data-model-id=\"email-popup-56930-2JjmD\">\n\t\t\t\t<i class=\"houzez-icon icon-envelope\"><\/i> Correo\t\t\t<\/button>\n\t\t\t\t\t\t<a class=\"btn btn-primary-outlined btn-item px-2 d-flex align-items-center justify-content-center flex-fill gap-1\" target=\"_blank\" href=\"https:\/\/api.whatsapp.com\/send?phone=+34667515185&text=Hola, estoy interesado en [Posesi\u00f3n Mallorquina Can Macia] https:\/\/www.mallorcaguru.es\/es\/propiedad\/posesion-mallorquina-can-macia\/\">\n\t\t\t\t<i class=\"houzez-icon icon-messaging-whatsapp\"><\/i> <span class=\"d-none d-md-block\">WhatsApp<\/span>\n\t\t\t<\/a>\n\t\t\t\t\t\t\t<\/div>\n\t\t\t<\/div>\n\t\t<\/div>\n\t<\/div>\n\t<div class=\"modal fade modal-phone-number\" id=\"call-action-56930-2JjmD\" tabindex=\"-1\" aria-labelledby=\"phoneNumberModalLabel\" aria-hidden=\"true\">\n    <div class=\"modal-dialog\" role=\"document\">\n        <div class=\"modal-content\">\n            <div class=\"modal-header\">\n                <h5 class=\"modal-title\" id=\"phoneNumberModalLabel\">Cont\u00e1ctenos<\/h5>\n                <button type=\"button\" class=\"btn-close\" data-bs-dismiss=\"modal\" aria-label=\"Cerrar\"><\/button>\n            <\/div><!-- modal-header -->\n            <div class=\"modal-body\">\n                <p class=\"modal-body-phone-number-text\">\n                    Por favor, indique la referencia de la propiedad<br>\n\n                    <strong>Mallorca Property Guru - 614<\/strong>\n                <\/p>\n                <p class=\"modal-body-phone-number-number\">\n                     <a class=\"btn btn-primary-outlined\" href=\"tel:+34667515185\"><i class=\"houzez-icon icon-phone-actions-ring\"><\/i> +34 667 515 185<\/a>\n                <\/p>\n            <\/div><!-- modal-body -->\n        <\/div><!-- modal-content -->\n    <\/div><!-- modal-dialog -->\n<\/div><!-- login-register-form -->\n\t<div class=\"modal fade mobile-property-form\" id=\"email-popup-56930-2JjmD\">\n    <div class=\"modal-dialog\" role=\"document\">\n        <div class=\"modal-content\">\n            <div class=\"modal-header\">\n                <h5 class=\"modal-title\" id=\"phoneNumberModalLabel\">Contact me<\/h5>\n                <button type=\"button\" class=\"btn-close\" data-bs-dismiss=\"modal\" aria-label=\"Close\"><\/button>\n            <\/div><!-- modal-header -->\n            <div class=\"modal-body\">\n                <div class=\"property-form-wrap border-none\">\n                                    <div class=\"property-form\">\n                        <form method=\"post\" action=\"#\">\n                            \n                            <div class=\"agent-details\" role=\"region\"><div class=\"d-flex align-items-center gap-3\"><div class=\"agent-image\" role=\"img\"><img decoding=\"async\" class=\"rounded\" src=\"https:\/\/www.mallorcaguru.es\/wp-content\/smush-avif\/2022\/03\/Mallorca-Property-Guru-Logo-2025-150x150.png.avif\" alt=\"Mallorca Property Guru Carmen Dols Bastard\" width=\"70\" height=\"70\" loading=\"lazy\" data-smush-avif-fallback=\"{&quot;src&quot;:&quot;https:\\\/\\\/www.mallorcaguru.es\\\/wp-content\\\/uploads\\\/2022\\\/03\\\/Mallorca-Property-Guru-Logo-2025-150x150.png&quot;}\"><span class=\"badge btn-secondary agent-verified-icon\"><i class=\"houzez-icon icon-check-circle-1\"><\/i><\/span><\/div><ul class=\"agent-information list-unstyled mb-0\" role=\"list\"><li class=\"agent-name\" role=\"listitem\"><i class=\"houzez-icon icon-single-neutral me-1\"><\/i> Mallorca Property Guru Carmen Dols Bastard<\/li><\/ul><\/div><\/div>\n                                                        <div class=\"form-group mb-2 mt-3\">\n                                <input class=\"form-control\" name=\"name\" value=\"\" type=\"text\" placeholder=\"Nombre\">\n                            <\/div><!-- form-group -->\n                            \n                                \n                            <div class=\"form-group mb-2\">\n                                <input class=\"form-control\" name=\"mobile\" value=\"\" type=\"text\" placeholder=\"Tel\u00e9fono\">\n                            <\/div><!-- form-group -->\n                            \n                            <div class=\"form-group mb-2\">\n                                <input class=\"form-control\" name=\"email\" value=\"\" type=\"email\" placeholder=\"Correo electr\u00f3nico\">\n                            <\/div><!-- form-group -->\n\n                              \n                            <div class=\"form-group form-group-textarea mb-2\">\n                                <textarea class=\"form-control hz-form-message\" name=\"message\" rows=\"4\" placeholder=\"Mensaje\">Hola, estoy interesado en [Posesi\u00f3n Mallorquina Can Macia]<\/textarea>\n                            <\/div><!-- form-group -->   \n                            \n                            \n                                                        <div class=\"form-group my-3\">\n                                <label class=\"control control--checkbox m-0 p-0 hz-no-gdpr-checkbox\">\n                                                                        <div class=\"gdpr-text-wrap\">\n                                        Al subir este formulario estoy de acuerdo a <a target=\"_blank\" href=\"https:\/\/www.mallorcaguru.es\/es\/terminos-y-condiciones\/\">Condiciones de uso<\/a>\n                                    <\/div>\n                                <\/label>\n                            <\/div><!-- form-group -->   \n                                  \n                        \n                                                            <input type=\"hidden\" name=\"target_email\" value=\"c&#97;&#114;me&#110;&#64;m&#97;llo&#114;c&#97;gur&#117;.e&#115;\">\n                                                        <input type=\"hidden\" name=\"property_agent_contact_security\" value=\"a64e3040b5\"\/>\n                            <input type=\"hidden\" name=\"property_permalink\" value=\"https:\/\/www.mallorcaguru.es\/es\/propiedad\/posesion-mallorquina-can-macia\/\"\/>\n                            <input type=\"hidden\" name=\"property_title\" value=\"Posesi\u00f3n Mallorquina Can Macia\"\/>\n                            <input type=\"hidden\" name=\"property_id\" value=\"614\"\/>\n                            <input type=\"hidden\" name=\"action\" value=\"houzez_property_agent_contact\">\n                            <input type=\"hidden\" name=\"listing_id\" value=\"56930\">\n                            <input type=\"hidden\" name=\"is_listing_form\" value=\"yes\">\n                            <input type=\"hidden\" name=\"agent_id\" value=\"6101\">\n                            <input type=\"hidden\" name=\"agent_type\" value=\"agent_info\">\n\n                                                        <div class=\"form_messages\"><\/div>\n                            <button type=\"button\" class=\"houzez_agent_property_form btn btn-secondary w-100\">\n                                <span class=\"houzez-loader-js houzez-hidden spinner-border spinner-border-sm\" aria-hidden=\"true\"><\/span>                                Enviar Email                                \n                            <\/button>\n                            \n                        <\/form>\n                    <\/div><!-- property-form -->\n                    \n                            <\/div><!-- property-form-wrap -->\n\n    \n            <\/div>\n        <\/div>\n    <\/div>\n<\/div>\n<\/div>\n<div class=\"item-listing-wrap item-wrap-v9 hz-item-gallery-js hz-map-trigger\" data-hz-id=\"44454\" data-images=\"[{&quot;image&quot;:&quot;https:\\\/\\\/www.mallorcaguru.es\\\/wp-content\\\/smush-avif\\\/2022\\\/12\\\/Bodega-for-sale-Binissalem-1-584x438.jpg.avif&quot;,&quot;alt&quot;:&quot;Bodega en venta en Mallorca&quot;,&quot;width&quot;:584,&quot;height&quot;:438,&quot;srcset&quot;:&quot;https:\\\/\\\/www.mallorcaguru.es\\\/wp-content\\\/smush-avif\\\/2022\\\/12\\\/Bodega-for-sale-Binissalem-1-584x438.jpg.avif 584w, https:\\\/\\\/www.mallorcaguru.es\\\/wp-content\\\/smush-avif\\\/2022\\\/12\\\/Bodega-for-sale-Binissalem-1-592x444.jpg.avif 592w, https:\\\/\\\/www.mallorcaguru.es\\\/wp-content\\\/smush-avif\\\/2022\\\/12\\\/Bodega-for-sale-Binissalem-1-120x90.jpg.avif 120w&quot;,&quot;sizes&quot;:&quot;(max-width: 584px) 100vw, 584px&quot;},{&quot;image&quot;:&quot;https:\\\/\\\/www.mallorcaguru.es\\\/wp-content\\\/smush-avif\\\/2022\\\/12\\\/Bodega-for-sale-Binissalem-1-584x438.jpg.avif&quot;,&quot;alt&quot;:&quot;Bodega en venta en Mallorca&quot;,&quot;width&quot;:584,&quot;height&quot;:438,&quot;srcset&quot;:&quot;https:\\\/\\\/www.mallorcaguru.es\\\/wp-content\\\/smush-avif\\\/2022\\\/12\\\/Bodega-for-sale-Binissalem-1-584x438.jpg.avif 584w, https:\\\/\\\/www.mallorcaguru.es\\\/wp-content\\\/smush-avif\\\/2022\\\/12\\\/Bodega-for-sale-Binissalem-1-592x444.jpg.avif 592w, https:\\\/\\\/www.mallorcaguru.es\\\/wp-content\\\/smush-avif\\\/2022\\\/12\\\/Bodega-for-sale-Binissalem-1-120x90.jpg.avif 120w&quot;,&quot;sizes&quot;:&quot;(max-width: 584px) 100vw, 584px&quot;},{&quot;image&quot;:&quot;https:\\\/\\\/www.mallorcaguru.es\\\/wp-content\\\/smush-avif\\\/2022\\\/12\\\/Bodega-for-sale-Binissalem-2-584x438.jpg.avif&quot;,&quot;alt&quot;:&quot;Bodega en venta en Mallorca&quot;,&quot;width&quot;:584,&quot;height&quot;:438,&quot;srcset&quot;:&quot;https:\\\/\\\/www.mallorcaguru.es\\\/wp-content\\\/smush-avif\\\/2022\\\/12\\\/Bodega-for-sale-Binissalem-2-584x438.jpg.avif 584w, https:\\\/\\\/www.mallorcaguru.es\\\/wp-content\\\/smush-avif\\\/2022\\\/12\\\/Bodega-for-sale-Binissalem-2-592x444.jpg.avif 592w, https:\\\/\\\/www.mallorcaguru.es\\\/wp-content\\\/smush-avif\\\/2022\\\/12\\\/Bodega-for-sale-Binissalem-2-120x90.jpg.avif 120w&quot;,&quot;sizes&quot;:&quot;(max-width: 584px) 100vw, 584px&quot;}]\">\n\t<div class=\"item-wrap item-wrap-no-frame h-100\">\n\t\t<div class=\"d-flex flex-column align-items-center h-100\">\n\t\t\t<div class=\"item-header\">\n\t\t\t\t<span class=\"label-featured label me-1\" role=\"status\">Destacado<\/span>\t\t\t\t<div class=\"labels-wrap d-flex align-items-center gap-1\" role=\"group\"> \n\n\t<a href=\"https:\/\/www.mallorcaguru.es\/es\/estado\/propiedades-en-venta-mallorca\/\" class=\"label-status label status-color-761\">\n\t\t\t\t\tEn venta\n\t\t\t\t<\/a><a href=\"https:\/\/www.mallorcaguru.es\/es\/etiqueta\/vinedos-y-bodegas-en-venta-en-mallorca\/\" class=\"hz-label label label-color-4372\">\n\t\t\t\t\tVi\u00f1edos y Bodegas\n\t\t\t\t<\/a>       \n\n<\/div>\n\t\t\t\t<ul class=\"item-tools d-flex align-items-center justify-content-center gap-1\">\n        <li class=\"item-tool item-preview\">\n        <span class=\"hz-show-lightbox-js item-tool-preview text-center\" data-listid=\"44454\">\n            <span data-bs-toggle=\"tooltip\" data-bs-placement=\"top\" title=\"Vista preliminar\">\n                <i class=\"houzez-icon icon-expand-3\"><\/i>   \n            <\/span>\n        <\/span><!-- item-tool-favorite -->\n    <\/li><!-- item-tool -->\n        \n        <li class=\"item-tool item-favorite\">\n        <span class=\"add-favorite-js item-tool-favorite text-center\" data-bs-toggle=\"tooltip\" data-bs-placement=\"top\" title=\"Favorito\" data-listid=\"44454\">\n            <i class=\"houzez-icon icon-love-it \"><\/i>\n        <\/span><!-- item-tool-favorite -->\n    <\/li><!-- item-tool -->\n    \n        <li class=\"item-tool item-compare\">\n        <span class=\"houzez_compare compare-44454 item-tool-compare text-center\" data-bs-toggle=\"tooltip\" data-bs-placement=\"top\" title=\"A\u00f1adir a comparar\" data-listing_id=\"44454\" data-listing_image=\"https:\/\/www.mallorcaguru.es\/wp-content\/uploads\/2022\/12\/Bodega-for-sale-Binissalem-1-584x438.jpg\">\n            <i class=\"houzez-icon icon-add-circle\"><\/i>\n            <!-- <i class=\"houzez-icon icon-subtract-circle\"><\/i> -->\n        <\/span><!-- item-tool-compare -->\n    <\/li><!-- item-tool -->\n    <\/ul><!-- item-tools -->\n\t\t\t\t<div class=\"listing-image-wrap\">\n\t<div class=\"listing-thumb\">\n\t\t<a target=\"_self\" href=\"https:\/\/www.mallorcaguru.es\/es\/propiedad\/bodega-en-venta-en-mallorca\/\" class=\"listing-featured-thumb hover-effect image-wrap\" role=\"link\">\n\t\t\t<img loading=\"lazy\" decoding=\"async\" width=\"584\" height=\"438\" src=\"https:\/\/www.mallorcaguru.es\/wp-content\/smush-avif\/2022\/12\/Bodega-for-sale-Binissalem-1-584x438.jpg.avif\" class=\"img-fluid wp-post-image\" alt=\"Bodega en venta en Mallorca\" srcset=\"https:\/\/www.mallorcaguru.es\/wp-content\/smush-avif\/2022\/12\/Bodega-for-sale-Binissalem-1-584x438.jpg.avif 584w, https:\/\/www.mallorcaguru.es\/wp-content\/smush-avif\/2022\/12\/Bodega-for-sale-Binissalem-1-592x444.jpg.avif 592w, https:\/\/www.mallorcaguru.es\/wp-content\/smush-avif\/2022\/12\/Bodega-for-sale-Binissalem-1-120x90.jpg.avif 120w\" sizes=\"auto, (max-width: 584px) 100vw, 584px\" data-smush-avif-fallback=\"{&quot;src&quot;:&quot;https:\\\/\\\/www.mallorcaguru.es\\\/wp-content\\\/uploads\\\/2022\\\/12\\\/Bodega-for-sale-Binissalem-1-584x438.jpg&quot;,&quot;srcset&quot;:&quot;https:\\\/\\\/www.mallorcaguru.es\\\/wp-content\\\/uploads\\\/2022\\\/12\\\/Bodega-for-sale-Binissalem-1-584x438.jpg 584w, https:\\\/\\\/www.mallorcaguru.es\\\/wp-content\\\/uploads\\\/2022\\\/12\\\/Bodega-for-sale-Binissalem-1-592x444.jpg 592w, https:\\\/\\\/www.mallorcaguru.es\\\/wp-content\\\/uploads\\\/2022\\\/12\\\/Bodega-for-sale-Binissalem-1-120x90.jpg 120w&quot;}\" \/>\t\t<\/a><!-- hover-effect -->\n\t<\/div>\n<\/div>\t\t\t\t<div class=\"preview_loader\"><\/div>\n\t\t\t<\/div>\n\t\t\t<div class=\"item-body w-100 flex-fill\">\n\t\t\t\t<ul class=\"item-amenities item-amenities-with-icons mb-2\">\n\t\t\t\t\t<li class=\"h-type d-flex w-100\" role=\"listitem\"><span>Local Comercial<\/span><\/li>\t\t\t\t<\/ul>\n\t\t\t\t<ul class=\"item-price-wrap d-flex align-items-end gap-3\" role=\"list\">\n\t\t\t\t\t<li class=\"item-price\"><span class=\"price\">2,500,000\u20ac<\/span><span class=\"price-postfix\"><\/span><\/li>\t\t\t\t<\/ul>\n\t\t\t\t<h2 class=\"item-title mb-2 \">\n\t<a target=\"_self\" href=\"https:\/\/www.mallorcaguru.es\/es\/propiedad\/bodega-en-venta-en-mallorca\/\" role=\"link\">Bodega en venta en Mallorca<\/a>\n<\/h2><!-- item-title -->\t\t\t\t<address class=\"item-address mb-2\"><i class=\"houzez-icon icon-pin me-1\" aria-hidden=\"true\"><\/i><span>Raiguer, Islas Baleares, Espa\u00f1a<\/span><\/address>\t\t\t\t<ul class=\"item-amenities item-amenities-with-icons d-flex flex-wrap align-items-center gap-2\" role=\"list\">\n\t<li class=\"h-property-id me-1\"><i class=\"houzez-icon icon-tags me-2\"><\/i><span class=\"item-amenities-text\">ID:<\/span> <span class=\"hz-figure\">540<\/span><\/li><li class=\"h-baths d-flex align-items-center me-1\"><i class=\"houzez-icon icon-bathroom-shower-1 me-2\"><\/i><span class=\"item-amenities-text\">Bath:<\/span> <span class=\"hz-figure\">1<\/span><\/li><li class=\"h-area d-flex align-items-center me-1\"><i class=\"houzez-icon icon-ruler-triangle me-2\"><\/i><span class=\"hz-figure me-1\">1228<\/span> <span class=\"hz-figure area_postfix\">m\u00b2<\/span><\/li><\/ul>\t\t\t<\/div>\n\t\t\t<div class=\"item-footer items-btns-count-3\">\n\t\t\t\t<div class=\"item-buttons-wrap d-flex justify-content-between gap-2\">\n\t\t\t\t\t\t\t\t<button type=\"button\" class=\"hz-call-popup-js btn btn-primary-outlined btn-item px-2 d-flex align-items-center justify-content-center flex-fill gap-1\" data-bs-toggle=\"modal\" data-model-id=\"call-action-44454-A4VCg\">\n\t\t\t\t<i class=\"houzez-icon icon-phone-actions-ring\"><\/i> Llamar\t\t\t<\/button>\n\t\t \t\t\t\t<button type=\"button\" class=\"hz-email-popup-js btn btn-primary-outlined btn-item px-2 d-flex align-items-center justify-content-center flex-fill gap-1\" data-bs-toggle=\"modal\" data-model-id=\"email-popup-44454-A4VCg\">\n\t\t\t\t<i class=\"houzez-icon icon-envelope\"><\/i> Correo\t\t\t<\/button>\n\t\t\t\t\t\t<a class=\"btn btn-primary-outlined btn-item px-2 d-flex align-items-center justify-content-center flex-fill gap-1\" target=\"_blank\" href=\"https:\/\/api.whatsapp.com\/send?phone=+34667515185&text=Hola, estoy interesado en [Bodega en venta en Mallorca] https:\/\/www.mallorcaguru.es\/es\/propiedad\/bodega-en-venta-en-mallorca\/\">\n\t\t\t\t<i class=\"houzez-icon icon-messaging-whatsapp\"><\/i> <span class=\"d-none d-md-block\">WhatsApp<\/span>\n\t\t\t<\/a>\n\t\t\t\t\t\t\t<\/div>\n\t\t\t<\/div>\n\t\t<\/div>\n\t<\/div>\n\t<div class=\"modal fade modal-phone-number\" id=\"call-action-44454-A4VCg\" tabindex=\"-1\" aria-labelledby=\"phoneNumberModalLabel\" aria-hidden=\"true\">\n    <div class=\"modal-dialog\" role=\"document\">\n        <div class=\"modal-content\">\n            <div class=\"modal-header\">\n                <h5 class=\"modal-title\" id=\"phoneNumberModalLabel\">Cont\u00e1ctenos<\/h5>\n                <button type=\"button\" class=\"btn-close\" data-bs-dismiss=\"modal\" aria-label=\"Cerrar\"><\/button>\n            <\/div><!-- modal-header -->\n            <div class=\"modal-body\">\n                <p class=\"modal-body-phone-number-text\">\n                    Por favor, indique la referencia de la propiedad<br>\n\n                    <strong>Mallorca Property Guru - 540<\/strong>\n                <\/p>\n                <p class=\"modal-body-phone-number-number\">\n                     <a class=\"btn btn-primary-outlined\" href=\"tel:+34667515185\"><i class=\"houzez-icon icon-phone-actions-ring\"><\/i> +34 667 515 185<\/a>\n                <\/p>\n            <\/div><!-- modal-body -->\n        <\/div><!-- modal-content -->\n    <\/div><!-- modal-dialog -->\n<\/div><!-- login-register-form -->\n\t<div class=\"modal fade mobile-property-form\" id=\"email-popup-44454-A4VCg\">\n    <div class=\"modal-dialog\" role=\"document\">\n        <div class=\"modal-content\">\n            <div class=\"modal-header\">\n                <h5 class=\"modal-title\" id=\"phoneNumberModalLabel\">Contact me<\/h5>\n                <button type=\"button\" class=\"btn-close\" data-bs-dismiss=\"modal\" aria-label=\"Close\"><\/button>\n            <\/div><!-- modal-header -->\n            <div class=\"modal-body\">\n                <div class=\"property-form-wrap border-none\">\n                                    <div class=\"property-form\">\n                        <form method=\"post\" action=\"#\">\n                            \n                            <div class=\"agent-details\" role=\"region\"><div class=\"d-flex align-items-center gap-3\"><div class=\"agent-image\" role=\"img\"><img decoding=\"async\" class=\"rounded\" src=\"https:\/\/www.mallorcaguru.es\/wp-content\/smush-avif\/2022\/03\/Mallorca-Property-Guru-Logo-2025-150x150.png.avif\" alt=\"Mallorca Property Guru Carmen Dols Bastard\" width=\"70\" height=\"70\" loading=\"lazy\" data-smush-avif-fallback=\"{&quot;src&quot;:&quot;https:\\\/\\\/www.mallorcaguru.es\\\/wp-content\\\/uploads\\\/2022\\\/03\\\/Mallorca-Property-Guru-Logo-2025-150x150.png&quot;}\"><span class=\"badge btn-secondary agent-verified-icon\"><i class=\"houzez-icon icon-check-circle-1\"><\/i><\/span><\/div><ul class=\"agent-information list-unstyled mb-0\" role=\"list\"><li class=\"agent-name\" role=\"listitem\"><i class=\"houzez-icon icon-single-neutral me-1\"><\/i> Mallorca Property Guru Carmen Dols Bastard<\/li><\/ul><\/div><\/div>\n                                                        <div class=\"form-group mb-2 mt-3\">\n                                <input class=\"form-control\" name=\"name\" value=\"\" type=\"text\" placeholder=\"Nombre\">\n                            <\/div><!-- form-group -->\n                            \n                                \n                            <div class=\"form-group mb-2\">\n                                <input class=\"form-control\" name=\"mobile\" value=\"\" type=\"text\" placeholder=\"Tel\u00e9fono\">\n                            <\/div><!-- form-group -->\n                            \n                            <div class=\"form-group mb-2\">\n                                <input class=\"form-control\" name=\"email\" value=\"\" type=\"email\" placeholder=\"Correo electr\u00f3nico\">\n                            <\/div><!-- form-group -->\n\n                              \n                            <div class=\"form-group form-group-textarea mb-2\">\n                                <textarea class=\"form-control hz-form-message\" name=\"message\" rows=\"4\" placeholder=\"Mensaje\">Hola, estoy interesado en [Bodega en venta en Mallorca]<\/textarea>\n                            <\/div><!-- form-group -->   \n                            \n                            \n                                                        <div class=\"form-group my-3\">\n                                <label class=\"control control--checkbox m-0 p-0 hz-no-gdpr-checkbox\">\n                                                                        <div class=\"gdpr-text-wrap\">\n                                        Al subir este formulario estoy de acuerdo a <a target=\"_blank\" href=\"https:\/\/www.mallorcaguru.es\/es\/terminos-y-condiciones\/\">Condiciones de uso<\/a>\n                                    <\/div>\n                                <\/label>\n                            <\/div><!-- form-group -->   \n                                  \n                        \n                                                            <input type=\"hidden\" name=\"target_email\" value=\"&#99;arm&#101;&#110;&#64;mal&#108;or&#99;a&#103;&#117;r&#117;&#46;&#101;s\">\n                                                        <input type=\"hidden\" name=\"property_agent_contact_security\" value=\"a64e3040b5\"\/>\n                            <input type=\"hidden\" name=\"property_permalink\" value=\"https:\/\/www.mallorcaguru.es\/es\/propiedad\/bodega-en-venta-en-mallorca\/\"\/>\n                            <input type=\"hidden\" name=\"property_title\" value=\"Bodega en venta en Mallorca\"\/>\n                            <input type=\"hidden\" name=\"property_id\" value=\"540\"\/>\n                            <input type=\"hidden\" name=\"action\" value=\"houzez_property_agent_contact\">\n                            <input type=\"hidden\" name=\"listing_id\" value=\"44454\">\n                            <input type=\"hidden\" name=\"is_listing_form\" value=\"yes\">\n                            <input type=\"hidden\" name=\"agent_id\" value=\"6101\">\n                            <input type=\"hidden\" name=\"agent_type\" value=\"agent_info\">\n\n                                                        <div class=\"form_messages\"><\/div>\n                            <button type=\"button\" class=\"houzez_agent_property_form btn btn-secondary w-100\">\n                                <span class=\"houzez-loader-js houzez-hidden spinner-border spinner-border-sm\" aria-hidden=\"true\"><\/span>                                Enviar Email                                \n                            <\/button>\n                            \n                        <\/form>\n                    <\/div><!-- property-form -->\n                    \n                            <\/div><!-- property-form-wrap -->\n\n    \n            <\/div>\n        <\/div>\n    <\/div>\n<\/div>\n<\/div>\n        <\/div><!-- listing-view -->\n\n            <\/div><!-- property-grid-module -->\n    \t\t\t\t<\/div>\n\t\t\t\t<\/div>\n\t\t\t\t\t<\/div>\n\t\t<\/div>\n\t\t\t\t\t<\/div>\n\t\t<\/section>\n\t\t\t\t<section class=\"elementor-section elementor-top-section elementor-element elementor-element-6dd5680 elementor-section-boxed elementor-section-height-default elementor-section-height-default\" data-id=\"6dd5680\" data-element_type=\"section\" data-e-type=\"section\">\n\t\t\t\t\t\t<div class=\"elementor-container elementor-column-gap-default\">\n\t\t\t\t\t<div class=\"elementor-column elementor-col-100 elementor-top-column elementor-element elementor-element-bdcca59\" data-id=\"bdcca59\" data-element_type=\"column\" data-e-type=\"column\">\n\t\t\t<div class=\"elementor-widget-wrap elementor-element-populated\">\n\t\t\t\t\t\t<div class=\"elementor-element elementor-element-75f4dc3 elementor-widget elementor-widget-houzez_site_menu\" data-id=\"75f4dc3\" data-element_type=\"widget\" data-e-type=\"widget\" data-widget_type=\"houzez_site_menu.default\">\n\t\t\t\t<div class=\"elementor-widget-container\">\n\t\t\t\t\t\n     \t        <div class=\"houzez-ele-menu-75f4dc3 houzez-nav-menu-main-desktop-wrap houzez-hide-menu-tablet hz-show-menu-desktop \">\n\t    \t<nav class=\"main-ele-nav houzez-nav-menu-main on-hover-menu with-angle-icon houzez-nav-menu-layout-horizontal animation-fade pointer-underline\" role=\"navigation\" aria-hidden=\"false\">\n\t\t\t\t<ul id=\"main-nav-75f4dc3\" class=\"navbar-nav houzez-elementor-menu\"><li id=\"menu-item-265700\" class=\"menu-item menu-item-type-post_type menu-item-object-page nav-item menu-item-265700 menu-item-design-default\"><a  class=\"nav-link \" href=\"https:\/\/www.mallorcaguru.es\/es\/se-venden-propiedades-con-licencia-vacacional\/\">Propiedades con Licencia ETV<\/a> <\/li>\n<li id=\"menu-item-298329\" class=\"menu-item menu-item-type-post_type menu-item-object-page nav-item menu-item-298329 menu-item-design-default\"><a  class=\"nav-link \" href=\"https:\/\/www.mallorcaguru.es\/es\/wyndham-portocolom-mallorca\/\">Wyndham Portocolom<\/a> <\/li>\n<li id=\"menu-item-298616\" class=\"menu-item menu-item-type-post_type menu-item-object-page nav-item menu-item-298616 menu-item-design-default\"><a  class=\"nav-link \" href=\"https:\/\/www.mallorcaguru.es\/es\/ventas-apartamentos-wyndham-portocolom\/\">Ventas Apartamentos  Wyndham Portocolom<\/a> <\/li>\n<li id=\"menu-item-290995\" class=\"menu-item menu-item-type-post_type menu-item-object-page nav-item menu-item-290995 menu-item-design-default\"><a  class=\"nav-link \" href=\"https:\/\/www.mallorcaguru.es\/es\/propiedades-con-vistas-al-mar-en-venta-en-mallorca\/\">Propiedades con vistas al mar<\/a> <\/li>\n<li id=\"menu-item-266404\" class=\"menu-item menu-item-type-post_type menu-item-object-page nav-item menu-item-266404 menu-item-design-default\"><a  class=\"nav-link \" href=\"https:\/\/www.mallorcaguru.es\/es\/obra-nueva\/\">Obra Nueva<\/a> <\/li>\n<li id=\"menu-item-266843\" class=\"menu-item menu-item-type-post_type menu-item-object-page nav-item menu-item-266843 menu-item-design-default\"><a  class=\"nav-link \" href=\"https:\/\/www.mallorcaguru.es\/es\/proyectos-de-construccion\/\">Proyectos de Construcci\u00f3n<\/a> <\/li>\n<li id=\"menu-item-258949\" class=\"menu-item menu-item-type-custom menu-item-object-custom nav-item menu-item-258949 menu-item-design-default\"><a  class=\"nav-link \" href=\"https:\/\/www.mallorcaguru.es\/es\/etiqueta\/proyectos-de-reforma-con-licencia-en-venta-en-mallorca\/\">Proyectos de Reforma<\/a> <\/li>\n<li id=\"menu-item-259881\" class=\"menu-item menu-item-type-custom menu-item-object-custom nav-item menu-item-259881 menu-item-design-default\"><a  class=\"nav-link \" href=\"https:\/\/www.mallorcaguru.es\/es\/etiqueta\/oportunidades-inmobiliarias-con-precio-rebajado-en-mallorca\/\">Precio Rebajado<\/a> <\/li>\n<li id=\"menu-item-260104\" class=\"menu-item menu-item-type-custom menu-item-object-custom nav-item menu-item-260104 menu-item-design-default\"><a  class=\"nav-link \" href=\"https:\/\/www.mallorcaguru.es\/es\/etiqueta\/inmuebles-propiedades-bancarias-mallorca-espana\/\">Propiedades Bancarias<\/a> <\/li>\n<\/ul>\t\t\t<\/nav>\n\t\t<\/div><!-- houzez-nav-menu-main-desktop-wrap -->\n\t\t\n\t\t\t\t<div class=\"houzez-ele-mobile-menu-75f4dc3 nav-mobile houzez-show-menu-tablet \">\n\t\t\t\n\t\t\n\t\t\t<div class=\"houzez-menu-toggle-button\" role=\"button\" tabindex=\"0\" aria-label=\"Open menu\" data-bs-toggle=\"offcanvas\" data-bs-target=\"#hz-offcanvas-ele-menu-RpcOf\" aria-controls=\"hz-offcanvas-ele-menu-RpcOf\" aria-expanded=\"false\">\n\t\t\t\t\t\t\t\t\t<i class=\"houzez-icon icon-navigation-menu hz-navigation-open\"><\/i>\n\t\t\t\t\t\t\t\t<\/div> <!-- .houzez-menu-toggle-button -->\n\t\t\t\n\t\t\t<div class=\"main-nav navbar houzez-elementor-mobile-menu\">\n\t\t\t\t<div class=\"offcanvas offcanvas-start offcanvas-mobile-menu\" tabindex=\"-1\" id=\"hz-offcanvas-ele-menu-RpcOf\" aria-labelledby=\"hz-offcanvas-ele-menu-label\">\n\t\t\t\t\t<div class=\"offcanvas-header\">\n\t\t\t\t\t\t<div class=\"offcanvas-title fs-6\" id=\"hz-offcanvas-ele-menu-label\">Menu<\/div>\n\t\t\t\t\t\t<button type=\"button\" class=\"btn-close\" data-bs-dismiss=\"offcanvas\">\n\t\t\t\t\t\t\t<i class=\"houzez-icon icon-close\"><\/i>\n\t\t\t\t\t\t<\/button>\n\t\t\t\t\t<\/div>\n\t\t\t\t\t<div class=\"offcanvas-mobile-menu-body\">\n\t\t\t\t\t\t<ul id=\"main-mobile-nav-75f4dc3\" class=\"navbar-nav mobile-navbar-nav\"><li class=\"menu-item menu-item-type-post_type menu-item-object-page nav-item menu-item-265700 menu-item-design-default\"><a  class=\"nav-link \" href=\"https:\/\/www.mallorcaguru.es\/es\/se-venden-propiedades-con-licencia-vacacional\/\">Propiedades con Licencia ETV<\/a> <\/li>\n<li class=\"menu-item menu-item-type-post_type menu-item-object-page nav-item menu-item-298329 menu-item-design-default\"><a  class=\"nav-link \" href=\"https:\/\/www.mallorcaguru.es\/es\/wyndham-portocolom-mallorca\/\">Wyndham Portocolom<\/a> <\/li>\n<li class=\"menu-item menu-item-type-post_type menu-item-object-page nav-item menu-item-298616 menu-item-design-default\"><a  class=\"nav-link \" href=\"https:\/\/www.mallorcaguru.es\/es\/ventas-apartamentos-wyndham-portocolom\/\">Ventas Apartamentos  Wyndham Portocolom<\/a> <\/li>\n<li class=\"menu-item menu-item-type-post_type menu-item-object-page nav-item menu-item-290995 menu-item-design-default\"><a  class=\"nav-link \" href=\"https:\/\/www.mallorcaguru.es\/es\/propiedades-con-vistas-al-mar-en-venta-en-mallorca\/\">Propiedades con vistas al mar<\/a> <\/li>\n<li class=\"menu-item menu-item-type-post_type menu-item-object-page nav-item menu-item-266404 menu-item-design-default\"><a  class=\"nav-link \" href=\"https:\/\/www.mallorcaguru.es\/es\/obra-nueva\/\">Obra Nueva<\/a> <\/li>\n<li class=\"menu-item menu-item-type-post_type menu-item-object-page nav-item menu-item-266843 menu-item-design-default\"><a  class=\"nav-link \" href=\"https:\/\/www.mallorcaguru.es\/es\/proyectos-de-construccion\/\">Proyectos de Construcci\u00f3n<\/a> <\/li>\n<li class=\"menu-item menu-item-type-custom menu-item-object-custom nav-item menu-item-258949 menu-item-design-default\"><a  class=\"nav-link \" href=\"https:\/\/www.mallorcaguru.es\/es\/etiqueta\/proyectos-de-reforma-con-licencia-en-venta-en-mallorca\/\">Proyectos de Reforma<\/a> <\/li>\n<li class=\"menu-item menu-item-type-custom menu-item-object-custom nav-item menu-item-259881 menu-item-design-default\"><a  class=\"nav-link \" href=\"https:\/\/www.mallorcaguru.es\/es\/etiqueta\/oportunidades-inmobiliarias-con-precio-rebajado-en-mallorca\/\">Precio Rebajado<\/a> <\/li>\n<li class=\"menu-item menu-item-type-custom menu-item-object-custom nav-item menu-item-260104 menu-item-design-default\"><a  class=\"nav-link \" href=\"https:\/\/www.mallorcaguru.es\/es\/etiqueta\/inmuebles-propiedades-bancarias-mallorca-espana\/\">Propiedades Bancarias<\/a> <\/li>\n<\/ul>\t\t\t\t\t<\/div>\n\t\t\t\t<\/div>\n\t\t\t<\/div><!-- main-nav -->\n\n\t\t<\/div>\n\t\t\t\t\t\t<\/div>\n\t\t\t\t<\/div>\n\t\t\t\t<div class=\"elementor-element elementor-element-2643e96 elementor-widget elementor-widget-houzez_site_menu\" data-id=\"2643e96\" data-element_type=\"widget\" data-e-type=\"widget\" data-widget_type=\"houzez_site_menu.default\">\n\t\t\t\t<div class=\"elementor-widget-container\">\n\t\t\t\t\t\n     \t        <div class=\"houzez-ele-menu-2643e96 houzez-nav-menu-main-desktop-wrap houzez-hide-menu-tablet hz-show-menu-desktop \">\n\t    \t<nav class=\"main-ele-nav houzez-nav-menu-main on-hover-menu with-angle-icon houzez-nav-menu-layout-horizontal animation-fade pointer-underline\" role=\"navigation\" aria-hidden=\"false\">\n\t\t\t\t<ul id=\"main-nav-2643e96\" class=\"navbar-nav houzez-elementor-menu\"><li id=\"menu-item-270064\" class=\"menu-item menu-item-type-post_type menu-item-object-page nav-item menu-item-270064 menu-item-design-default\"><a  class=\"nav-link \" href=\"https:\/\/www.mallorcaguru.es\/es\/inmuebles-en-el-centro-de-mallorca\/\">Inmuebles en el centro de Mallorca<\/a> <\/li>\n<li id=\"menu-item-270065\" class=\"menu-item menu-item-type-post_type menu-item-object-page nav-item menu-item-270065 menu-item-design-default\"><a  class=\"nav-link \" href=\"https:\/\/www.mallorcaguru.es\/es\/inmuebles-en-palma-de-mallorca\/\">Inmuebles en Palma de Mallorca<\/a> <\/li>\n<li id=\"menu-item-270066\" class=\"menu-item menu-item-type-post_type menu-item-object-page nav-item menu-item-270066 menu-item-design-default\"><a  class=\"nav-link \" href=\"https:\/\/www.mallorcaguru.es\/es\/inmobiliaria-en-el-sureste-de-mallorca\/\">Inmobiliaria en el sureste de Mallorca<\/a> <\/li>\n<li id=\"menu-item-270067\" class=\"menu-item menu-item-type-post_type menu-item-object-page nav-item menu-item-270067 menu-item-design-default\"><a  class=\"nav-link \" href=\"https:\/\/www.mallorcaguru.es\/es\/inmobiliaria-en-el-noreste-de-mallorca\/\">Inmobiliaria en el noreste de Mallorca<\/a> <\/li>\n<li id=\"menu-item-270068\" class=\"menu-item menu-item-type-post_type menu-item-object-page nav-item menu-item-270068 menu-item-design-default\"><a  class=\"nav-link \" href=\"https:\/\/www.mallorcaguru.es\/es\/inmobiliaria-en-mallorca-oeste\/\">Inmobiliaria en Mallorca Oeste<\/a> <\/li>\n<\/ul>\t\t\t<\/nav>\n\t\t<\/div><!-- houzez-nav-menu-main-desktop-wrap -->\n\t\t\n\t\t\t\t<div class=\"houzez-ele-mobile-menu-2643e96 nav-mobile houzez-show-menu-tablet \">\n\t\t\t\n\t\t\n\t\t\t<div class=\"houzez-menu-toggle-button\" role=\"button\" tabindex=\"0\" aria-label=\"Open menu\" data-bs-toggle=\"offcanvas\" data-bs-target=\"#hz-offcanvas-ele-menu-HK1Rm\" aria-controls=\"hz-offcanvas-ele-menu-HK1Rm\" aria-expanded=\"false\">\n\t\t\t\t\t\t\t\t\t<i class=\"houzez-icon icon-navigation-menu hz-navigation-open\"><\/i>\n\t\t\t\t\t\t\t\t<\/div> <!-- .houzez-menu-toggle-button -->\n\t\t\t\n\t\t\t<div class=\"main-nav navbar houzez-elementor-mobile-menu\">\n\t\t\t\t<div class=\"offcanvas offcanvas-start offcanvas-mobile-menu\" tabindex=\"-1\" id=\"hz-offcanvas-ele-menu-HK1Rm\" aria-labelledby=\"hz-offcanvas-ele-menu-label\">\n\t\t\t\t\t<div class=\"offcanvas-header\">\n\t\t\t\t\t\t<div class=\"offcanvas-title fs-6\" id=\"hz-offcanvas-ele-menu-label\">Menu<\/div>\n\t\t\t\t\t\t<button type=\"button\" class=\"btn-close\" data-bs-dismiss=\"offcanvas\">\n\t\t\t\t\t\t\t<i class=\"houzez-icon icon-close\"><\/i>\n\t\t\t\t\t\t<\/button>\n\t\t\t\t\t<\/div>\n\t\t\t\t\t<div class=\"offcanvas-mobile-menu-body\">\n\t\t\t\t\t\t<ul id=\"main-mobile-nav-2643e96\" class=\"navbar-nav mobile-navbar-nav\"><li class=\"menu-item menu-item-type-post_type menu-item-object-page nav-item menu-item-270064 menu-item-design-default\"><a  class=\"nav-link \" href=\"https:\/\/www.mallorcaguru.es\/es\/inmuebles-en-el-centro-de-mallorca\/\">Inmuebles en el centro de Mallorca<\/a> <\/li>\n<li class=\"menu-item menu-item-type-post_type menu-item-object-page nav-item menu-item-270065 menu-item-design-default\"><a  class=\"nav-link \" href=\"https:\/\/www.mallorcaguru.es\/es\/inmuebles-en-palma-de-mallorca\/\">Inmuebles en Palma de Mallorca<\/a> <\/li>\n<li class=\"menu-item menu-item-type-post_type menu-item-object-page nav-item menu-item-270066 menu-item-design-default\"><a  class=\"nav-link \" href=\"https:\/\/www.mallorcaguru.es\/es\/inmobiliaria-en-el-sureste-de-mallorca\/\">Inmobiliaria en el sureste de Mallorca<\/a> <\/li>\n<li class=\"menu-item menu-item-type-post_type menu-item-object-page nav-item menu-item-270067 menu-item-design-default\"><a  class=\"nav-link \" href=\"https:\/\/www.mallorcaguru.es\/es\/inmobiliaria-en-el-noreste-de-mallorca\/\">Inmobiliaria en el noreste de Mallorca<\/a> <\/li>\n<li class=\"menu-item menu-item-type-post_type menu-item-object-page nav-item menu-item-270068 menu-item-design-default\"><a  class=\"nav-link \" href=\"https:\/\/www.mallorcaguru.es\/es\/inmobiliaria-en-mallorca-oeste\/\">Inmobiliaria en Mallorca Oeste<\/a> <\/li>\n<\/ul>\t\t\t\t\t<\/div>\n\t\t\t\t<\/div>\n\t\t\t<\/div><!-- main-nav -->\n\n\t\t<\/div>\n\t\t\t\t\t\t<\/div>\n\t\t\t\t<\/div>\n\t\t\t\t\t<\/div>\n\t\t<\/div>\n\t\t\t\t\t<\/div>\n\t\t<\/section>\n\t\t\t\t<\/div>\n\t\t","protected":false},"excerpt":{"rendered":"<p>Vi\u00f1edos y Bodegas en venta en Mallorca Vi\u00f1edos y Bodegas en venta en Mallorca Terreno apto para la producci\u00f3n de vino en la isla de Mallorca Vi de la Terra Mallorca \u2013 Regulaci\u00f3n del Vino en la Isla Vi de la Terra Mallorca es el organismo regulador que supervisa los vinos de Mallorca bajo la [&hellip;]<\/p>\n","protected":false},"author":1,"featured_media":333099,"parent":0,"menu_order":0,"comment_status":"closed","ping_status":"closed","template":"template\/template-homepage.php","meta":{"footnotes":""},"categories":[3925],"tags":[],"class_list":["post-333103","page","type-page","status-publish","has-post-thumbnail","hentry","category-paginas-de-bienes-raices"],"_links":{"self":[{"href":"https:\/\/www.mallorcaguru.es\/es\/wp-json\/wp\/v2\/pages\/333103","targetHints":{"allow":["GET"]}}],"collection":[{"href":"https:\/\/www.mallorcaguru.es\/es\/wp-json\/wp\/v2\/pages"}],"about":[{"href":"https:\/\/www.mallorcaguru.es\/es\/wp-json\/wp\/v2\/types\/page"}],"author":[{"embeddable":true,"href":"https:\/\/www.mallorcaguru.es\/es\/wp-json\/wp\/v2\/users\/1"}],"replies":[{"embeddable":true,"href":"https:\/\/www.mallorcaguru.es\/es\/wp-json\/wp\/v2\/comments?post=333103"}],"version-history":[{"count":0,"href":"https:\/\/www.mallorcaguru.es\/es\/wp-json\/wp\/v2\/pages\/333103\/revisions"}],"wp:featuredmedia":[{"embeddable":true,"href":"https:\/\/www.mallorcaguru.es\/es\/wp-json\/wp\/v2\/media\/333099"}],"wp:attachment":[{"href":"https:\/\/www.mallorcaguru.es\/es\/wp-json\/wp\/v2\/media?parent=333103"}],"wp:term":[{"taxonomy":"category","embeddable":true,"href":"https:\/\/www.mallorcaguru.es\/es\/wp-json\/wp\/v2\/categories?post=333103"},{"taxonomy":"post_tag","embeddable":true,"href":"https:\/\/www.mallorcaguru.es\/es\/wp-json\/wp\/v2\/tags?post=333103"}],"curies":[{"name":"wp","href":"https:\/\/api.w.org\/{rel}","templated":true}]}}