{"id":14080,"date":"2021-08-24T11:07:56","date_gmt":"2021-08-24T09:07:56","guid":{"rendered":"http:\/\/houzez.www.mallorcaguru.es\/property\/casa-senorial-binissalem-mallorca\/"},"modified":"2025-12-10T12:55:33","modified_gmt":"2025-12-10T11:55:33","slug":"en-venta-en-mallorca-binissalem-casa","status":"publish","type":"property","link":"https:\/\/www.mallorcaguru.es\/es\/propiedad\/en-venta-en-mallorca-binissalem-casa\/","title":{"rendered":"En Venta en Mallorca Binissalem Casa de 610m2"},"content":{"rendered":"\r\n<h2><span style=\"font-size: 12pt;\">En Venta en Mallorca Binissalem<\/span><\/h2>\r\n<p>Situado en la plaza principal del pueblo de Binissalem, este prestigioso edificio tiene una superficie total de 610m2 a dos niveles y \u00e1reas de patio y jard\u00edn de 331m2.<\/p>\r\n<p>La propiedad, que data del siglo XIX, se encuentra detr\u00e1s de un patio de 145 m2 desde el que se accede a la planta baja de 305 m2 que consta de un gran vest\u00edbulo de entrada con un amplio arco de piedra, una caracter\u00edstica tradicional de las prestigiosas casas del pueblo. La propiedad, que data del siglo XIX, se encuentra detr\u00e1s de un patio de 145 m2 desde el que se accede a la planta baja de 305 m2 que consta de un gran vest\u00edbulo de entrada con un amplio arco de piedra, una caracter\u00edstica tradicional de las prestigiosas casas del pueblo. Tambi\u00e9n en este nivel hay dos dormitorios, un ba\u00f1o y lavadero y varios trasteros. La escalera de piedra en el centro la propiedad conduce al primer piso, con dos salones con vistas a la plaza y tres dormitorios m\u00e1s en la parte delantera de la propiedad.<\/p>\r\n<p>Queda un amplio espacio en la primera planta para crear tres dormitorios m\u00e1s. Ideal para una inversi\u00f3n comercial como un restaurante o hotel situado directamente en la plaza principal del pueblo con vistas a la iglesia. O como una gran residencia privada, con jard\u00edn y piscina orientados al sudeste. \u00a0<\/p>\r\n<p><strong><span style=\"font-size: 12pt;\"><a href=\"https:\/\/www.mallorcaguru.es\/es\/pueblo\/en-venta-binissalem-mallorca\/\" target=\"_blank\" rel=\"noopener\">Binissalem<\/a>\u00a0<\/span><\/strong>Mallorca, pertenece a la comarca del Raiguer. Situado en el centro de la isla, con buenas conexiones de transporte a Palma de Mallorca y a las playas del norte, Binissalem es un peque\u00f1o y vibrante pueblo. Famoso por su producci\u00f3n vin\u00edcola, es la Denominaci\u00f3n de Origen m\u00e1s antigua y grande de Mallorca. Desde sus or\u00edgenes, Binissalem, una comunidad adinerada, cuenta con numerosos edificios hist\u00f3ricos de gran tama\u00f1o construidos con la piedra local que le da fama. El asentamiento original era de origen \u00e1rabe; el nombre del pueblo significa &#8220;hijos de la paz&#8221; (Binis) o &#8220;salvaci\u00f3n&#8221; (Salem). Biniagual es una peque\u00f1a aldea que forma parte del municipio.<\/p>\r\n<p>La <a href=\"https:\/\/www.mallorcaguru.es\/es\/regiones-vinicolas-de-mallorca\/\" target=\"_blank\" rel=\"noopener\">Denominaci\u00f3n de Origen Binissalem<\/a>, fundada en 1990 situada en el centro de Mallorca.<\/p>\r\n","protected":false},"excerpt":{"rendered":"<p>En venta en Mallorca Binissalem casa de 610m2 este prestigioso edificio tiene una superficie total de 610m2 en dos niveles y zonas de patio y jard\u00edn de 331m2.<\/p>\n","protected":false},"author":1,"featured_media":38105,"parent":0,"menu_order":372,"template":"","property_type":[458],"property_status":[761],"property_feature":[1595,1425,850,849,1081,1391,1079,1387,1767,1290],"property_label":[],"property_country":[758],"property_state":[760,556],"property_city":[566],"property_area":[682],"class_list":["post-14080","property","type-property","status-publish","has-post-thumbnail","hentry","property_type-casa-de-pueblo-en-venta-en-mallorca","property_status-propiedades-en-venta-mallorca","property_feature-inmobiliaria-en-venta-mallorca-inmueble-calefaccion-refrigeracion-caracteristicas","property_feature-inmobiliaria-en-venta-mallorca-inmueble-calefaccion-y-refrigeracion-chimenea-o-hogar","property_feature-inmobiliaria-en-venta-mallorca-servicios-publicos-conexion-de-agua","property_feature-inmobiliaria-en-venta-mallorca-servicios-publicos-contrato-de-luz","property_feature-inmobiliaria-en-venta-en-mallorca-con-espacio-para-piscina","property_feature-inmobiliaria-en-venta-en-mallorca-con-piscina","property_feature-inmueble-caracteristicas-inmueble-venta-mallorca-inmueble-ubicacion-tradicional-pueblo","property_feature-inmobiliaria-en-venta-mallorca-utilidades-servicios-publicos","property_feature-propiedad-caracteristicas-propiedad-ventas-mallorca-propiedad-ubicacion","property_feature-caracteristiques-immobles-venda-immobles-mallorca-immobles-ubicacio-zona-historica","property_country-en-venta-mallorca-espana-mallorca-property-guru","property_state-inmobiliaria-en-venta-en-mallorca","property_state-inmobiliaria-en-venta-en-mallorca-raiguer-central-mallorca","property_city-en-venta-binissalem-mallorca","property_area-denominacion-de-origen-binissalem-vino-de-mallorca"],"property_meta":{"_wpml_word_count":["371"],"_wpml_media_duplicate":["1"],"_wpml_media_featured":["1"],"_top_nav_excluded":[""],"_cms_nav_minihome":[""],"houzez_geolocation_lat":["39.688195995569"],"houzez_geolocation_long":["2.8428334212875"],"_last_translation_edit_mode":["native-editor"],"fave_loggedintoview":["0"],"houzez_total_property_views":["1842"],"houzez_views_by_date":["a:61:{s:10:\"01-18-2026\";i:1;s:10:\"01-19-2026\";i:1;s:10:\"01-23-2026\";i:1;s:10:\"01-24-2026\";i:1;s:10:\"01-26-2026\";i:1;s:10:\"01-27-2026\";i:1;s:10:\"01-28-2026\";i:2;s:10:\"01-29-2026\";i:2;s:10:\"01-30-2026\";i:2;s:10:\"02-01-2026\";i:1;s:10:\"02-02-2026\";i:1;s:10:\"02-04-2026\";i:2;s:10:\"02-06-2026\";i:1;s:10:\"02-09-2026\";i:1;s:10:\"02-10-2026\";i:1;s:10:\"02-12-2026\";i:1;s:10:\"02-13-2026\";i:1;s:10:\"02-14-2026\";i:2;s:10:\"02-15-2026\";i:1;s:10:\"02-16-2026\";i:1;s:10:\"02-19-2026\";i:2;s:10:\"02-20-2026\";i:1;s:10:\"02-22-2026\";i:2;s:10:\"02-24-2026\";i:1;s:10:\"02-26-2026\";i:1;s:10:\"03-01-2026\";i:1;s:10:\"03-02-2026\";i:1;s:10:\"03-04-2026\";i:1;s:10:\"03-05-2026\";i:1;s:10:\"03-08-2026\";i:2;s:10:\"03-11-2026\";i:2;s:10:\"03-12-2026\";i:1;s:10:\"03-14-2026\";i:1;s:10:\"03-15-2026\";i:5;s:10:\"03-16-2026\";i:1;s:10:\"03-17-2026\";i:1;s:10:\"03-19-2026\";i:3;s:10:\"03-21-2026\";i:1;s:10:\"03-22-2026\";i:1;s:10:\"03-23-2026\";i:1;s:10:\"03-25-2026\";i:2;s:10:\"03-26-2026\";i:1;s:10:\"03-27-2026\";i:1;s:10:\"03-29-2026\";i:1;s:10:\"04-01-2026\";i:2;s:10:\"04-02-2026\";i:2;s:10:\"04-04-2026\";i:2;s:10:\"04-05-2026\";i:1;s:10:\"04-07-2026\";i:2;s:10:\"04-10-2026\";i:2;s:10:\"04-13-2026\";i:3;s:10:\"04-18-2026\";i:1;s:10:\"04-19-2026\";i:1;s:10:\"04-20-2026\";i:1;s:10:\"04-21-2026\";i:2;s:10:\"04-22-2026\";i:1;s:10:\"04-25-2026\";i:1;s:10:\"04-26-2026\";i:4;s:10:\"04-27-2026\";i:2;s:10:\"04-28-2026\";i:2;s:10:\"04-29-2026\";i:2;}"],"houzez_recently_viewed":["2026-04-29 08:57:03"],"_wp_page_template":["default"],"_edit_lock":["1765367832:1"],"_edit_last":["1"],"_b2s_post_meta":["a:7:{s:8:\"og_title\";s:59:\"En Venta en Mallorca, Casa Se\u00f1orial de 610m2 en Binissalem\";s:7:\"og_desc\";s:178:\"En venta en Mallorca, una casa de pueblo de 610m2 en Binissalem, este prestigioso edificio tiene una superficie total de 610m2 en dos niveles y zonas de patio y jard\u00edn de 331m2.\";s:8:\"og_image\";s:100:\"https:\/\/www.mallorcaguru.es\/wp-content\/uploads\/2021\/08\/No-297-Plaza-Esglesia-Binissalem-6-scaled.jpg\";s:12:\"og_image_alt\";s:0:\"\";s:10:\"card_title\";s:59:\"En Venta en Mallorca, Casa Se\u00f1orial de 610m2 en Binissalem\";s:9:\"card_desc\";s:178:\"En venta en Mallorca, una casa de pueblo de 610m2 en Binissalem, este prestigioso edificio tiene una superficie total de 610m2 en dos niveles y zonas de patio y jard\u00edn de 331m2.\";s:10:\"card_image\";s:100:\"https:\/\/www.mallorcaguru.es\/wp-content\/uploads\/2021\/08\/No-297-Plaza-Esglesia-Binissalem-6-scaled.jpg\";}"],"houzez_manual_expire":["0"],"_houzez_expiration_date_status":["saved"],"fave_property_disclaimer":["EXENCI\u00d3N DE RESPONSABILIDAD Toda la informaci\u00f3n contenida en este sitio web se considera confiable pero no est\u00e1 garantizada. Todas las propiedades est\u00e1n sujetas a previo aviso de venta, cambio o retiro. Mallorca Property Guru cree que toda la informaci\u00f3n es correcta, pero no asume ninguna responsabilidad legal por su exactitud. Debe consultar a sus asesores para una verificaci\u00f3n independiente de cualquier propiedad."],"_thumbnail_id":["38105"],"houzez_featured_listing_date":["2025-12-10 12:55:55"],"algolia_searchable_posts_records_count":["1"],"algolia_posts_property_records_count":["1"],"fave_show_price_placeholder":["0"],"wds_primary_property_type":["1618"],"wds_primary_property_state":["341"],"wds_primary_property_city":["67"],"classic-editor-remember":["classic-editor"],"_wpscppro_advance_schedule":[""],"_facebook_share_type":["default"],"_twitter_share_type":["default"],"_linkedin_share_type":["default"],"_pinterest_share_type":["default"],"_instagram_share_type":["default"],"_medium_share_type":["default"],"_selected_social_profile":["a:0:{}"],"rank_math_primary_property_status":["761"],"rank_math_primary_property_label":["1098"],"rank_math_primary_property_country":["758"],"rank_math_primary_property_state":["760"],"rank_math_primary_property_city":["566"],"rank_math_primary_property_type":["1621"],"rank_math_primary_property_area":["679"],"rank_math_primary_property_feature":["194"],"rank_math_breadcrumb_title":["Inmuebles en venta Mallorca"],"rank_math_pillar_content":["off"],"rank_math_news_sitemap_robots":["index"],"rank_math_robots":["a:1:{i:0;s:5:\"index\";}"],"rank_math_seo_score":["62"],"ilj_blacklistdefinition":["a:0:{}"],"ilj_linkdefinition":["a:2:{i:0;s:10:\"Binissalem\";i:1;s:4:\"Casa\";}"],"_wpsp_custom_templates":["a:7:{s:8:\"facebook\";a:3:{s:8:\"template\";s:0:\"\";s:8:\"profiles\";a:0:{}s:9:\"is_global\";b:0;}s:7:\"twitter\";a:3:{s:8:\"template\";s:0:\"\";s:8:\"profiles\";a:0:{}s:9:\"is_global\";b:0;}s:8:\"linkedin\";a:3:{s:8:\"template\";s:0:\"\";s:8:\"profiles\";a:0:{}s:9:\"is_global\";b:0;}s:9:\"pinterest\";a:3:{s:8:\"template\";s:0:\"\";s:8:\"profiles\";a:0:{}s:9:\"is_global\";b:0;}s:9:\"instagram\";a:3:{s:8:\"template\";s:0:\"\";s:8:\"profiles\";a:0:{}s:9:\"is_global\";b:0;}s:6:\"medium\";a:3:{s:8:\"template\";s:0:\"\";s:8:\"profiles\";a:0:{}s:9:\"is_global\";b:0;}s:7:\"threads\";a:3:{s:8:\"template\";s:0:\"\";s:8:\"profiles\";a:0:{}s:9:\"is_global\";b:0;}}"],"fave_portal_1754226254":["1"],"fave_portal_1754395991":["1"],"has_images":["1"],"fave_portal_1754598704":["1"],"_threads_share_type":["default"],"_google_business_share_type":["default"],"rank_math_analytic_object_id":["773"],"fave_property_price":["1850000"],"fave_property_size":["610"],"fave_property_size_prefix":["m2"],"fave_property_land":["647"],"fave_property_land_postfix":["m2"],"fave_property_bedrooms":["8"],"fave_property_bathrooms":["1"],"fave_property_year":["1840"],"fave_property_id":["297"],"fave_property_map":["1"],"fave_property_map_address":["07350 Binissalem, Islas Baleares, Espa\u00f1a"],"fave_property_location":["39.688195995569,2.8428334212875,18"],"fave_property_map_street_view":["hide"],"fave_property_address":["07350 Binissalem, Islas Baleares, Espa\u00f1a"],"fave_property_zip":["07350"],"fave_prop_homeslider":["no"],"floor_plans":["a:2:{i:0;a:2:{s:15:\"fave_plan_title\";s:12:\"Planta Baja \";s:15:\"fave_plan_image\";s:78:\"https:\/\/www.mallorcaguru.es\/wp-content\/uploads\/2021\/08\/No-297-Ground-Floor.jpg\";}i:1;a:2:{s:15:\"fave_plan_title\";s:23:\"Primer Piso Planta 1\u00ba \";s:15:\"fave_plan_image\";s:74:\"https:\/\/www.mallorcaguru.es\/wp-content\/uploads\/2021\/08\/No-297-1o-Floor.jpg\";}}"],"rank_math_title":["En Venta en Mallorca Binissalem %sep% %sitename%"],"rank_math_description":["En venta en Mallorca Binissalem En la plaza principal prestigioso edificio de 610m2 patio zonas ajardinadas de 331m2."],"rank_math_focus_keyword":["En venta en Mallorca"],"fave_featured":["1"],"fave_property_images":["38102","38097","38077","38082","38092","38087","38107","46262","46267","46272","46277","46282","46287","46292","46297","46302","46307","46312","46317","46322","46327","46332","46337","46342","46347"],"fave_agent_display_option":["agent_info"],"fave_agents":["5167"],"fave_single_top_area":["global"],"fave_single_content_area":["global"],"wp-smush-lcp-data-853d3393371120d4dc30ac8b6f399a55":["a:6:{s:8:\"selector\";s:24:\".property-featured-image\";s:14:\"selector_xpath\";s:41:\"\/html\/body\/main\/section\/div[2]\/div[1]\/img\";s:11:\"selector_id\";s:0:\"\";s:14:\"selector_class\";s:65:\"property-featured-image w-100 h-100 left-0 top-0 smush-dimensions\";s:9:\"image_url\";s:110:\"https:\/\/www.mallorcaguru.es\/wp-content\/smush-avif\/2021\/08\/No-297-Plaza-Esglesia-Binissalem-6-1170x785.jpg.avif\";s:7:\"version\";i:8;}"],"wp-smush-lcp-data-e44c07aa3d108f32bb2ac6582b281966":["a:6:{s:8:\"selector\";s:42:\"#gallery-featured-placeholder > .img-fluid\";s:14:\"selector_xpath\";s:84:\"\/html\/body\/main\/section\/div[2]\/div[1]\/div[1]\/div[1]\/div\/div[2]\/div[1]\/div\/div[1]\/img\";s:11:\"selector_id\";s:0:\"\";s:14:\"selector_class\";s:21:\"img-fluid w-100 h-100\";s:9:\"image_url\";s:110:\"https:\/\/www.mallorcaguru.es\/wp-content\/smush-avif\/2021\/08\/No-297-Plaza-Esglesia-Binissalem-6-1170x785.jpg.avif\";s:7:\"version\";i:8;}"],"_elementor_page_assets":["a:0:{}"]},"_links":{"self":[{"href":"https:\/\/www.mallorcaguru.es\/es\/wp-json\/wp\/v2\/properties\/14080","targetHints":{"allow":["GET"]}}],"collection":[{"href":"https:\/\/www.mallorcaguru.es\/es\/wp-json\/wp\/v2\/properties"}],"about":[{"href":"https:\/\/www.mallorcaguru.es\/es\/wp-json\/wp\/v2\/types\/property"}],"author":[{"embeddable":true,"href":"https:\/\/www.mallorcaguru.es\/es\/wp-json\/wp\/v2\/users\/1"}],"version-history":[{"count":0,"href":"https:\/\/www.mallorcaguru.es\/es\/wp-json\/wp\/v2\/properties\/14080\/revisions"}],"wp:featuredmedia":[{"embeddable":true,"href":"https:\/\/www.mallorcaguru.es\/es\/wp-json\/wp\/v2\/media\/38105"}],"wp:attachment":[{"href":"https:\/\/www.mallorcaguru.es\/es\/wp-json\/wp\/v2\/media?parent=14080"}],"wp:term":[{"taxonomy":"property_type","embeddable":true,"href":"https:\/\/www.mallorcaguru.es\/es\/wp-json\/wp\/v2\/property_type?post=14080"},{"taxonomy":"property_status","embeddable":true,"href":"https:\/\/www.mallorcaguru.es\/es\/wp-json\/wp\/v2\/property_status?post=14080"},{"taxonomy":"property_feature","embeddable":true,"href":"https:\/\/www.mallorcaguru.es\/es\/wp-json\/wp\/v2\/property_feature?post=14080"},{"taxonomy":"property_label","embeddable":true,"href":"https:\/\/www.mallorcaguru.es\/es\/wp-json\/wp\/v2\/property_label?post=14080"},{"taxonomy":"property_country","embeddable":true,"href":"https:\/\/www.mallorcaguru.es\/es\/wp-json\/wp\/v2\/property_country?post=14080"},{"taxonomy":"property_state","embeddable":true,"href":"https:\/\/www.mallorcaguru.es\/es\/wp-json\/wp\/v2\/property_state?post=14080"},{"taxonomy":"property_city","embeddable":true,"href":"https:\/\/www.mallorcaguru.es\/es\/wp-json\/wp\/v2\/property_city?post=14080"},{"taxonomy":"property_area","embeddable":true,"href":"https:\/\/www.mallorcaguru.es\/es\/wp-json\/wp\/v2\/property_area?post=14080"}],"curies":[{"name":"wp","href":"https:\/\/api.w.org\/{rel}","templated":true}]}}