{"id":167502,"date":"2025-03-05T16:33:19","date_gmt":"2025-03-05T15:33:19","guid":{"rendered":"https:\/\/www.mallorcaguru.es\/property\/terreno-edificable-en-venta-santa-margalida-mallorca\/"},"modified":"2026-03-10T13:29:22","modified_gmt":"2026-03-10T12:29:22","slug":"terreno-edificable-en-venta-santa-margalida-mallorca","status":"publish","type":"property","link":"https:\/\/www.mallorcaguru.es\/es\/propiedad\/terreno-edificable-en-venta-santa-margalida-mallorca\/","title":{"rendered":"Terreno edificable en venta Santa Margalida Mallorca"},"content":{"rendered":"<p>Terreno Edificable en Venta Santa Margalida Mallorca. Un grupo de diez parcelas r\u00fasticas con una superficie total de 56.396m2 que se pueden subdividir en dos o tres \u00e1reas para la solicitud de licencias para construir dos o tres propiedades o pueden permanecer como una gran propiedad seg\u00fan el deseo de los compradores. La construcci\u00f3n permitida en esta zona de Mallorca var\u00eda entre el 2% y el 3% del total de metros cuadrados del terreno, estas parcelas tienen la opci\u00f3n de la construcci\u00f3n de una propiedad en el l\u00edmite m\u00e1ximo permitido en Mallorca. La zona central de las parcelas tiene una posici\u00f3n elevada con vistas lejanas a la bah\u00eda de Alcudia. Situado en una peque\u00f1a carretera rural que tiene poco tr\u00e1fico, esta es una ubicaci\u00f3n ideal para el desarrollo de una casa privada muy grande o la inversi\u00f3n en dos o tres proyectos rurales para reventa. Por favor cont\u00e1ctenos para m\u00e1s informaci\u00f3n.<\/p>\n<p>Santa Margalida, Mallorca. Santa Margalida es un peque\u00f1o pueblo situado en el coraz\u00f3n de un valle bajo y llano que se extiende hasta la bah\u00eda de Alcudia. Los humedales tras la costa constituyen una de las zonas de alimentaci\u00f3n m\u00e1s importantes para las aves migratorias del Mediterr\u00e1neo Occidental.<\/p>\n","protected":false},"excerpt":{"rendered":"<p>Terreno edificable en venta Santa Margalida Mallorca Una ubicaci\u00f3n ideal para el desarrollo de una casa privada muy grande o la inversi\u00f3n en dos o tres proyectos rurales para reventa.<\/p>\n","protected":false},"author":2749,"featured_media":167481,"parent":0,"menu_order":0,"template":"","property_type":[427],"property_status":[761],"property_feature":[865,844,955,1184,951,1043,1767,843,759,1465,1392],"property_label":[3930,4372],"property_country":[758],"property_state":[760,581],"property_city":[702],"property_area":[1212],"class_list":["post-167502","property","type-property","status-publish","has-post-thumbnail","hentry","property_type-parcela-en-venta-en-mallorca","property_status-propiedades-en-venta-mallorca","property_feature-inmueble-caracteristicas-inmueble-venta-mallorca-inmueble-ubicacion-buen-acceso-carretera","property_feature-inmueble-caracteristicas-inmueble-venta-mallorca-inmueble-ubicacion-campo","property_feature-inmueble-caracteristicas-inmueble-venta-mallorca-inmueble-ubicacion-cerca-de-restaurantes","property_feature-propiedad-caracteristicas-propiedad-venta-mallorca-propiedad-ubicacion-esta-cerca-de-tiendas","property_feature-propiedad-caracteristicas-propiedad-venta-mallorca-propiedad-ubicacion-cerca-de-todos-los-servicios","property_feature-inmueble-caracteristicas-inmueble-venta-mallorca-inmueble-ubicacion-interior-de-mallorca","property_feature-propiedad-caracteristicas-propiedad-ventas-mallorca-propiedad-ubicacion","property_feature-propiedad-caracteristicas-propiedad-ventas-mallorca-propiedad-ubicacion-tranquilidad-ubicacion","property_feature-inmobiliaria-en-mallorca-propiedad-vistas-campo","property_feature-inmobiliaria-en-mallorca-propiedad-vistas-mar-o-costa","property_feature-inmobiliaria-en-venta-en-mallorca-con-excelentes-vistas","property_label-propiedades-con-vistas-al-mar-en-venta","property_label-vinedos-y-bodegas-en-venta-en-mallorca","property_country-en-venta-mallorca-espana-mallorca-property-guru","property_state-inmobiliaria-en-venta-en-mallorca","property_state-inmobiliaria-en-venta-en-pla-de-mallorca-centro","property_city-inmobiliaria-en-venta-santa-margalida-mallorca","property_area-denominacion-de-origen-pla-y-llevant-vino-de-mallorca"],"property_meta":{"houzez_featured_listing_date":["2026-03-10 13:29:22"],"_wpml_media_duplicate":["1"],"_wpml_media_featured":["1"],"_top_nav_excluded":[""],"_cms_nav_minihome":[""],"_wp_page_template":["default"],"houzez_geolocation_lat":["39.70384854068"],"houzez_geolocation_long":["3.1424249255272"],"_thumbnail_id":["167481"],"houzez_total_property_views":["398"],"houzez_views_by_date":["a:61:{s:10:\"01-17-2026\";i:1;s:10:\"01-19-2026\";i:1;s:10:\"01-20-2026\";i:2;s:10:\"01-22-2026\";i:1;s:10:\"01-24-2026\";i:2;s:10:\"01-25-2026\";i:2;s:10:\"01-26-2026\";i:1;s:10:\"01-28-2026\";i:2;s:10:\"01-30-2026\";i:2;s:10:\"02-02-2026\";i:2;s:10:\"02-03-2026\";i:1;s:10:\"02-04-2026\";i:1;s:10:\"02-05-2026\";i:2;s:10:\"02-06-2026\";i:2;s:10:\"02-07-2026\";i:1;s:10:\"02-10-2026\";i:1;s:10:\"02-11-2026\";i:2;s:10:\"02-12-2026\";i:3;s:10:\"02-14-2026\";i:2;s:10:\"02-15-2026\";i:1;s:10:\"02-17-2026\";i:2;s:10:\"02-19-2026\";i:1;s:10:\"02-20-2026\";i:5;s:10:\"02-22-2026\";i:2;s:10:\"02-23-2026\";i:1;s:10:\"02-25-2026\";i:2;s:10:\"02-26-2026\";i:1;s:10:\"03-01-2026\";i:2;s:10:\"03-02-2026\";i:2;s:10:\"03-03-2026\";i:1;s:10:\"03-05-2026\";i:1;s:10:\"03-06-2026\";i:1;s:10:\"03-09-2026\";i:1;s:10:\"03-12-2026\";i:2;s:10:\"03-13-2026\";i:1;s:10:\"03-15-2026\";i:3;s:10:\"03-16-2026\";i:3;s:10:\"03-17-2026\";i:1;s:10:\"03-20-2026\";i:1;s:10:\"03-22-2026\";i:4;s:10:\"03-23-2026\";i:1;s:10:\"03-25-2026\";i:2;s:10:\"03-29-2026\";i:2;s:10:\"03-30-2026\";i:2;s:10:\"03-31-2026\";i:1;s:10:\"04-01-2026\";i:1;s:10:\"04-02-2026\";i:1;s:10:\"04-04-2026\";i:2;s:10:\"04-05-2026\";i:2;s:10:\"04-08-2026\";i:1;s:10:\"04-09-2026\";i:1;s:10:\"04-10-2026\";i:2;s:10:\"04-11-2026\";i:1;s:10:\"04-12-2026\";i:1;s:10:\"04-13-2026\";i:5;s:10:\"04-15-2026\";i:2;s:10:\"04-18-2026\";i:1;s:10:\"04-19-2026\";i:2;s:10:\"04-21-2026\";i:1;s:10:\"04-24-2026\";i:1;s:10:\"04-25-2026\";i:1;}"],"houzez_recently_viewed":["2026-04-25 06:56:07"],"_edit_lock":["1773145627:1"],"_edit_last":["1"],"_wpscppro_advance_schedule":[""],"fave_show_price_placeholder":["0"],"houzez_manual_expire":["0"],"_houzez_expiration_date_status":["saved"],"_facebook_share_type":["default"],"_twitter_share_type":["default"],"_linkedin_share_type":["default"],"_pinterest_share_type":["default"],"_instagram_share_type":["default"],"_medium_share_type":["default"],"_selected_social_profile":["a:0:{}"],"_last_translation_edit_mode":["native-editor"],"rank_math_news_sitemap_robots":["index"],"rank_math_robots":["a:1:{i:0;s:5:\"index\";}"],"rank_math_seo_score":["56"],"fave_price-per-m2":["11.9\u20ac\/m2"],"rank_math_primary_property_type":["427"],"rank_math_primary_property_status":["761"],"rank_math_primary_property_feature":["0"],"rank_math_primary_property_label":["0"],"rank_math_primary_property_country":["758"],"rank_math_primary_property_state":["760"],"rank_math_primary_property_city":["702"],"rank_math_primary_property_area":["1212"],"_wpml_word_count":["243"],"fave_property_price":["675000"],"fave_property_land":["56396"],"fave_property_land_postfix":["m2"],"fave_property_id":["794"],"fave_property_map":["1"],"fave_property_map_address":["carrerassa de sa Teulada, Santa Margalida, Pla de Mallorca, Illes Balears, Espa\u00f1a"],"fave_property_location":["39.70384854068,3.1424249255272,14"],"fave_property_map_street_view":["show"],"fave_property_address":["carrerassa de sa Teulada, Santa Margalida, Pla de Mallorca, Illes Balears, Espa\u00f1a"],"fave_property_zip":["07450"],"fave_prop_homeslider":["no"],"rank_math_focus_keyword":["Terreno edificable en venta Santa Margalida"],"rank_math_rich_snippet":["off"],"fave_portal_1754226254":["1"],"fave_portal_1754395991":["0"],"fave_portal_1754598704":["1"],"has_images":["1"],"_wpsp_custom_templates":["a:7:{s:8:\"facebook\";a:3:{s:8:\"template\";s:0:\"\";s:8:\"profiles\";a:0:{}s:9:\"is_global\";b:0;}s:7:\"twitter\";a:3:{s:8:\"template\";s:0:\"\";s:8:\"profiles\";a:0:{}s:9:\"is_global\";b:0;}s:8:\"linkedin\";a:3:{s:8:\"template\";s:0:\"\";s:8:\"profiles\";a:0:{}s:9:\"is_global\";b:0;}s:9:\"pinterest\";a:3:{s:8:\"template\";s:0:\"\";s:8:\"profiles\";a:0:{}s:9:\"is_global\";b:0;}s:9:\"instagram\";a:3:{s:8:\"template\";s:0:\"\";s:8:\"profiles\";a:0:{}s:9:\"is_global\";b:0;}s:6:\"medium\";a:3:{s:8:\"template\";s:0:\"\";s:8:\"profiles\";a:0:{}s:9:\"is_global\";b:0;}s:7:\"threads\";a:3:{s:8:\"template\";s:0:\"\";s:8:\"profiles\";a:0:{}s:9:\"is_global\";b:0;}}"],"rank_math_analytic_object_id":["462"],"_threads_share_type":["default"],"_google_business_share_type":["default"],"fave_featured":["1"],"fave_property_images":["167468","167478","167448","167473","167463","167483","167488","167493","167458","167453"],"fave_agent_display_option":["agent_info"],"fave_agents":["4235"],"fave_single_top_area":["global"],"fave_single_content_area":["global"]},"_links":{"self":[{"href":"https:\/\/www.mallorcaguru.es\/es\/wp-json\/wp\/v2\/properties\/167502","targetHints":{"allow":["GET"]}}],"collection":[{"href":"https:\/\/www.mallorcaguru.es\/es\/wp-json\/wp\/v2\/properties"}],"about":[{"href":"https:\/\/www.mallorcaguru.es\/es\/wp-json\/wp\/v2\/types\/property"}],"author":[{"embeddable":true,"href":"https:\/\/www.mallorcaguru.es\/es\/wp-json\/wp\/v2\/users\/2749"}],"version-history":[{"count":0,"href":"https:\/\/www.mallorcaguru.es\/es\/wp-json\/wp\/v2\/properties\/167502\/revisions"}],"wp:featuredmedia":[{"embeddable":true,"href":"https:\/\/www.mallorcaguru.es\/es\/wp-json\/wp\/v2\/media\/167481"}],"wp:attachment":[{"href":"https:\/\/www.mallorcaguru.es\/es\/wp-json\/wp\/v2\/media?parent=167502"}],"wp:term":[{"taxonomy":"property_type","embeddable":true,"href":"https:\/\/www.mallorcaguru.es\/es\/wp-json\/wp\/v2\/property_type?post=167502"},{"taxonomy":"property_status","embeddable":true,"href":"https:\/\/www.mallorcaguru.es\/es\/wp-json\/wp\/v2\/property_status?post=167502"},{"taxonomy":"property_feature","embeddable":true,"href":"https:\/\/www.mallorcaguru.es\/es\/wp-json\/wp\/v2\/property_feature?post=167502"},{"taxonomy":"property_label","embeddable":true,"href":"https:\/\/www.mallorcaguru.es\/es\/wp-json\/wp\/v2\/property_label?post=167502"},{"taxonomy":"property_country","embeddable":true,"href":"https:\/\/www.mallorcaguru.es\/es\/wp-json\/wp\/v2\/property_country?post=167502"},{"taxonomy":"property_state","embeddable":true,"href":"https:\/\/www.mallorcaguru.es\/es\/wp-json\/wp\/v2\/property_state?post=167502"},{"taxonomy":"property_city","embeddable":true,"href":"https:\/\/www.mallorcaguru.es\/es\/wp-json\/wp\/v2\/property_city?post=167502"},{"taxonomy":"property_area","embeddable":true,"href":"https:\/\/www.mallorcaguru.es\/es\/wp-json\/wp\/v2\/property_area?post=167502"}],"curies":[{"name":"wp","href":"https:\/\/api.w.org\/{rel}","templated":true}]}}