{"id":167778,"date":"2025-03-06T13:45:09","date_gmt":"2025-03-06T12:45:09","guid":{"rendered":"https:\/\/www.mallorcaguru.es\/property\/casa-de-campo-en-venta-en-mallorca-ses-salines\/"},"modified":"2025-09-13T13:53:14","modified_gmt":"2025-09-13T11:53:14","slug":"casa-de-campo-en-venta-en-ses-salines","status":"publish","type":"property","link":"https:\/\/www.mallorcaguru.es\/es\/propiedad\/casa-de-campo-en-venta-en-ses-salines\/","title":{"rendered":"Casa de campo en venta en Ses Salines"},"content":{"rendered":"<h2><span style=\"font-size: 12pt;\">Casa de campo en venta en Ses Salines.<\/span><\/h2>\n<h2><span style=\"font-size: 12pt;\">Una propiedad r\u00fastica con vistas a la isla de Cabrera y a toda la zona de Ses Salines hacia el mar. <\/span><\/h2>\n<p>La casa que est\u00e1 a punto de terminarse se vende tal y como est\u00e1, necesita acabados aunque el proyecto ya est\u00e1 bastante avanzado con la estructura de la casa, piscina, barbacoa y una preinstalaci\u00f3n para suelo radiante pensada en la casa. La casa actualmente consta de cinco habitaciones dobles, cuatro ba\u00f1os, sal\u00f3n, cocina, amplio hall de entrada y en la planta superior hay un segundo sal\u00f3n para aprovechar las vistas al mar, y en el exterior hay una gran piscina de aproximadamente 55 m2 con barbacoa y ba\u00f1o con aseo y ducha. Hay un gran garaje doble en el nivel del s\u00f3tano con dos accesos. La propiedad tiene una superficie construida de 362m2 en una parcela de 14.314m2 en una zona muy tranquila y exclusiva entre Ses Salines, Colonia Sant Jordi y Campos, una de las mejores playas de toda la isla Es Trenc est\u00e1 a 10 minutos en coche, y la nueva autopista que conecta Campos con Palma est\u00e1 a menos de 15 minutos. La propiedad cuenta con electricidad de red, pozo de agua y licencia para terminar la casa por completo, con un plazo de tiempo proyectado para completarla y los costos.<\/p>\n<h3><span style=\"font-size: 12pt;\">Por favor cont\u00e1ctenos para m\u00e1s informaci\u00f3n sobre esta casa de campo en venta en Ses Salines.\u00a0<\/span><\/h3>\n<h3><span style=\"font-size: 12pt;\">Una puerta de entrada al sureste de Mallorca<\/span><\/h3>\n<p><a href=\"https:\/\/www.mallorcaguru.es\/es\/pueblo\/inmobiliaria-en-venta-ses-salines-mallorca\/\" target=\"_blank\" rel=\"noopener\">Ses Salines<\/a> goza de una ubicaci\u00f3n ideal para explorar la regi\u00f3n de <a href=\"https:\/\/www.mallorcaguru.es\/es\/provincia\/migjorn-de-mallorca-sureste\/\" target=\"_blank\" rel=\"noopener\">Migjorn<\/a>, conocida por su belleza natural, paisajes protegidos y joyas costeras. A un corto trayecto en coche, podr\u00e1 llegar a:<\/p>\n<p><strong>Col\u00f2nia de Sant Jordi<\/strong>: un pueblo costero con playas, paseos mar\u00edtimos y la puerta de entrada a la playa de Es Trenc.<\/p>\n<p><strong>Es Trenc<\/strong>: una de las playas m\u00e1s emblem\u00e1ticas de Mallorca, conocida por su arena blanca y aguas turquesas.<\/p>\n<p><strong>Campos<\/strong>: un pueblo de interior m\u00e1s grande con una creciente comunidad de expatriados y una buena infraestructura.<\/p>\n<p><strong>Santany\u00ed<\/strong>: un pueblo con estilo famoso por sus galer\u00edas de arte, mercados y casas de lujo.<\/p>\n<p>Tanto si busca belleza r\u00fastica, vida costera o la proximidad a Palma (a unos 40 minutos en coche), Ses Salines lo tiene todo a su alcance.<\/p>\n","protected":false},"excerpt":{"rendered":"<p>Casa de campo en venta en Ses Salines una propiedad r\u00fastica con vistas a la isla de Cabrera y a toda la zona de Ses Salines hacia el mar.<\/p>\n","protected":false},"author":2749,"featured_media":167716,"parent":0,"menu_order":0,"template":"","property_type":[419],"property_status":[761],"property_feature":[851,479,483,2049,1595,844,947,951,1340,2856,1163,849,1539,1047,1388,1050,1391,2117,862,1267,2098,1387,1349,1767,2103,759,866,1465,1392,954],"property_label":[3930,3859],"property_country":[758],"property_state":[760,611],"property_city":[748],"property_area":[],"class_list":["post-167778","property","type-property","status-publish","has-post-thumbnail","hentry","property_type-finca-en-venta-en-mallorca","property_status-propiedades-en-venta-mallorca","property_feature-inmobiliaria-en-venta-mallorca-utilidades-inmobiliaria-caracteristicas-pozo-agua","property_feature-inmobiliaria-en-venta-mallorca-inmobiliaria-caracteristicas-bano","property_feature-caracteristicas-de-la-propiedad-inmobiliaria-en-venta-mallorca-en-suite-bano","property_feature-inmobiliaria-en-venta-mallorca-inmueble-calefaccion-y-refrigeracion-suelo-radiante","property_feature-inmobiliaria-en-venta-mallorca-inmueble-calefaccion-refrigeracion-caracteristicas","property_feature-inmueble-caracteristicas-inmueble-venta-mallorca-inmueble-ubicacion-campo","property_feature-propiedad-caracteristicas-propiedad-venta-mallorca-propiedad-ubicacion-es-cerca-de-la-playa","property_feature-propiedad-caracteristicas-propiedad-venta-mallorca-propiedad-ubicacion-cerca-de-todos-los-servicios","property_feature-propiedad-caracteristicas-propiedad-venta-mallorca-propiedad-ubicacion-esta-cerca-del-mar","property_feature-propiedades-caracteristicas-colegios-internacionales-mallorca","property_feature-propiedad-venta-mallorca-inmueble-caracteristicas-estado-del-inmueble","property_feature-inmobiliaria-en-venta-mallorca-servicios-publicos-contrato-de-luz","property_feature-inmobiliaria-en-venta-mallorca-inmobiliaria-documentos","property_feature-inmueble-caracteristicas-inmueble-venta-mallorca-inmueble-jardin-gran-jardin","property_feature-propiedad-caracteristicas-propiedad-ventas-mallorca-propiedad-jardin","property_feature-propiedad-caracteristicas-inmobiliaria-venta-mallorca-propiedad-jardin-nivel-parcela","property_feature-inmobiliaria-en-venta-en-mallorca-con-piscina","property_feature-inmobiliaria-en-venta-en-mallorca-con-piscina-cholrine","property_feature-inmobiliaria-en-venta-mallorca-con-piscina-privada","property_feature-propiedad-venta-mallorca-inmueble-caracteristicas-estado-reforma-necesaria","property_feature-inmobiliaria-en-venta-en-mallorca-con-sistema-de-seguridad","property_feature-inmobiliaria-en-venta-mallorca-utilidades-servicios-publicos","property_feature-propiedad-caracteristicas-inmobiliaria-venta-mallorca-propiedad-jardin-terraza","property_feature-propiedad-caracteristicas-propiedad-ventas-mallorca-propiedad-ubicacion","property_feature-inmobiliaria-en-venta-mallorca-inmueble-caracteristicas-seguridad-vallado","property_feature-inmobiliaria-en-mallorca-propiedad-vistas-campo","property_feature-inmobiliaria-en-mallorca-propiedad-vistas-jardin-piscina","property_feature-inmobiliaria-en-mallorca-propiedad-vistas-mar-o-costa","property_feature-inmobiliaria-en-venta-en-mallorca-con-excelentes-vistas","property_feature-inmueble-caracteristicas-inmueble-venta-mallorca-inmueble-ubicacion-es-zona-costera","property_label-propiedades-con-vistas-al-mar-en-venta","property_label-proyectos-de-reforma-con-licencia-en-venta-en-mallorca","property_country-en-venta-mallorca-espana-mallorca-property-guru","property_state-inmobiliaria-en-venta-en-mallorca","property_state-migjorn-de-mallorca-sureste","property_city-inmobiliaria-en-venta-ses-salines-mallorca"],"property_meta":{"houzez_featured_listing_date":["2025-09-13 13:53:16"],"_wpml_media_duplicate":["1"],"_wpml_media_featured":["1"],"_top_nav_excluded":[""],"_cms_nav_minihome":[""],"_wp_page_template":["default"],"houzez_geolocation_lat":["39.3439261"],"houzez_geolocation_long":["3.044997355946"],"_thumbnail_id":["167716"],"houzez_total_property_views":["393"],"houzez_views_by_date":["a:61:{s:10:\"01-12-2026\";i:3;s:10:\"01-13-2026\";i:1;s:10:\"01-15-2026\";i:1;s:10:\"01-18-2026\";i:2;s:10:\"01-19-2026\";i:3;s:10:\"01-21-2026\";i:1;s:10:\"01-23-2026\";i:1;s:10:\"01-24-2026\";i:1;s:10:\"01-25-2026\";i:2;s:10:\"01-26-2026\";i:2;s:10:\"01-28-2026\";i:1;s:10:\"01-29-2026\";i:1;s:10:\"01-30-2026\";i:2;s:10:\"02-03-2026\";i:2;s:10:\"02-05-2026\";i:1;s:10:\"02-07-2026\";i:3;s:10:\"02-09-2026\";i:1;s:10:\"02-10-2026\";i:1;s:10:\"02-12-2026\";i:1;s:10:\"02-14-2026\";i:1;s:10:\"02-16-2026\";i:3;s:10:\"02-17-2026\";i:1;s:10:\"02-22-2026\";i:3;s:10:\"02-24-2026\";i:1;s:10:\"02-27-2026\";i:1;s:10:\"02-28-2026\";i:1;s:10:\"03-01-2026\";i:1;s:10:\"03-03-2026\";i:2;s:10:\"03-08-2026\";i:1;s:10:\"03-10-2026\";i:1;s:10:\"03-12-2026\";i:1;s:10:\"03-15-2026\";i:2;s:10:\"03-16-2026\";i:1;s:10:\"03-17-2026\";i:2;s:10:\"03-20-2026\";i:1;s:10:\"03-21-2026\";i:2;s:10:\"03-22-2026\";i:2;s:10:\"03-25-2026\";i:1;s:10:\"03-26-2026\";i:1;s:10:\"03-27-2026\";i:1;s:10:\"03-29-2026\";i:2;s:10:\"03-30-2026\";i:1;s:10:\"03-31-2026\";i:1;s:10:\"04-03-2026\";i:1;s:10:\"04-04-2026\";i:2;s:10:\"04-05-2026\";i:1;s:10:\"04-06-2026\";i:1;s:10:\"04-08-2026\";i:2;s:10:\"04-09-2026\";i:1;s:10:\"04-10-2026\";i:1;s:10:\"04-13-2026\";i:2;s:10:\"04-14-2026\";i:1;s:10:\"04-16-2026\";i:1;s:10:\"04-19-2026\";i:1;s:10:\"04-22-2026\";i:1;s:10:\"04-24-2026\";i:1;s:10:\"04-25-2026\";i:1;s:10:\"04-26-2026\";i:2;s:10:\"04-27-2026\";i:1;s:10:\"04-28-2026\";i:3;s:10:\"04-29-2026\";i:1;}"],"houzez_recently_viewed":["2026-04-29 10:41:13"],"_edit_lock":["1757764262:1"],"_edit_last":["1"],"_wpscppro_advance_schedule":[""],"fave_show_price_placeholder":["0"],"houzez_manual_expire":["0"],"_houzez_expiration_date_status":["saved"],"_facebook_share_type":["default"],"_twitter_share_type":["default"],"_linkedin_share_type":["default"],"_pinterest_share_type":["default"],"_instagram_share_type":["default"],"_medium_share_type":["default"],"_selected_social_profile":["a:0:{}"],"_last_translation_edit_mode":["native-editor"],"rank_math_news_sitemap_robots":["index"],"rank_math_robots":["a:1:{i:0;s:5:\"index\";}"],"_wpml_word_count":["378"],"rank_math_seo_score":["64"],"rank_math_primary_property_type":["0"],"rank_math_primary_property_status":["0"],"rank_math_primary_property_feature":["0"],"rank_math_primary_property_label":["0"],"rank_math_primary_property_country":["0"],"rank_math_primary_property_state":["0"],"rank_math_primary_property_city":["0"],"rank_math_primary_property_area":["0"],"_wpsp_custom_templates":["a:7:{s:8:\"facebook\";a:3:{s:8:\"template\";s:0:\"\";s:8:\"profiles\";a:0:{}s:9:\"is_global\";b:0;}s:7:\"twitter\";a:3:{s:8:\"template\";s:0:\"\";s:8:\"profiles\";a:0:{}s:9:\"is_global\";b:0;}s:8:\"linkedin\";a:3:{s:8:\"template\";s:0:\"\";s:8:\"profiles\";a:0:{}s:9:\"is_global\";b:0;}s:9:\"pinterest\";a:3:{s:8:\"template\";s:0:\"\";s:8:\"profiles\";a:0:{}s:9:\"is_global\";b:0;}s:9:\"instagram\";a:3:{s:8:\"template\";s:0:\"\";s:8:\"profiles\";a:0:{}s:9:\"is_global\";b:0;}s:6:\"medium\";a:3:{s:8:\"template\";s:0:\"\";s:8:\"profiles\";a:0:{}s:9:\"is_global\";b:0;}s:7:\"threads\";a:3:{s:8:\"template\";s:0:\"\";s:8:\"profiles\";a:0:{}s:9:\"is_global\";b:0;}}"],"fave_property_price":["1350000"],"fave_property_size":["362"],"fave_property_size_prefix":["m2"],"fave_property_land":["14314"],"fave_property_land_postfix":["m2"],"fave_property_bedrooms":["5"],"fave_property_bathrooms":["4"],"fave_property_garage":["1"],"fave_property_garage_size":["65m2"],"fave_property_year":["2010"],"fave_property_id":["778"],"fave_property_map":["1"],"fave_property_map_address":["Sa Carrotja, carrer de Sa Carrotja, ses Salines, Migjorn, Illes Balears, 07640, Espa\u00f1a"],"fave_property_location":["39.3439261,3.044997355946,15"],"fave_property_map_street_view":["hide"],"fave_property_address":["Sa Carrotja, carrer de Sa Carrotja, ses Salines, Migjorn, Illes Balears, 07640, Espa\u00f1a"],"fave_property_zip":["07640"],"fave_prop_homeslider":["no"],"rank_math_title":["Casa de campo en venta en Ses Salines %sep% %sitename%"],"rank_math_focus_keyword":["Casa de campo en venta en Ses Salines"],"has_images":["1"],"rank_math_breadcrumb_title":["Casa de campo en venta en Ses Salines"],"fave_portal_1754226254":["0"],"fave_portal_1754395991":["0"],"fave_portal_1754598704":["0"],"_threads_share_type":["default"],"_google_business_share_type":["default"],"rank_math_analytic_object_id":["457"],"fave_featured":["1"],"fave_property_images":["167693","167753","167728","167738","167678","167673","167648","167643","167748","167743","167708","167698","167703","274131","274126","167638"],"fave_agent_display_option":["agent_info"],"fave_agents":["4235"],"fave_single_top_area":["global"],"fave_single_content_area":["global"],"wp-smush-lcp-data-49545daa60f28c2fe34446ff6f3a029c":["a:6:{s:8:\"selector\";s:54:\".hs-gallery-v4-grid-item-01 > .img-wrap-1 > .img-fluid\";s:14:\"selector_xpath\";s:57:\"\/html\/body\/main\/section\/div[2]\/div[2]\/div[1]\/div[1]\/a\/img\";s:11:\"selector_id\";s:0:\"\";s:14:\"selector_class\";s:26:\"img-fluid smush-dimensions\";s:9:\"image_url\";s:102:\"https:\/\/www.mallorcaguru.es\/wp-content\/smush-avif\/2025\/03\/Can-Corem-Country-House-11-1170x785.jpg.avif\";s:7:\"version\";i:8;}"]},"_links":{"self":[{"href":"https:\/\/www.mallorcaguru.es\/es\/wp-json\/wp\/v2\/properties\/167778","targetHints":{"allow":["GET"]}}],"collection":[{"href":"https:\/\/www.mallorcaguru.es\/es\/wp-json\/wp\/v2\/properties"}],"about":[{"href":"https:\/\/www.mallorcaguru.es\/es\/wp-json\/wp\/v2\/types\/property"}],"author":[{"embeddable":true,"href":"https:\/\/www.mallorcaguru.es\/es\/wp-json\/wp\/v2\/users\/2749"}],"version-history":[{"count":0,"href":"https:\/\/www.mallorcaguru.es\/es\/wp-json\/wp\/v2\/properties\/167778\/revisions"}],"wp:featuredmedia":[{"embeddable":true,"href":"https:\/\/www.mallorcaguru.es\/es\/wp-json\/wp\/v2\/media\/167716"}],"wp:attachment":[{"href":"https:\/\/www.mallorcaguru.es\/es\/wp-json\/wp\/v2\/media?parent=167778"}],"wp:term":[{"taxonomy":"property_type","embeddable":true,"href":"https:\/\/www.mallorcaguru.es\/es\/wp-json\/wp\/v2\/property_type?post=167778"},{"taxonomy":"property_status","embeddable":true,"href":"https:\/\/www.mallorcaguru.es\/es\/wp-json\/wp\/v2\/property_status?post=167778"},{"taxonomy":"property_feature","embeddable":true,"href":"https:\/\/www.mallorcaguru.es\/es\/wp-json\/wp\/v2\/property_feature?post=167778"},{"taxonomy":"property_label","embeddable":true,"href":"https:\/\/www.mallorcaguru.es\/es\/wp-json\/wp\/v2\/property_label?post=167778"},{"taxonomy":"property_country","embeddable":true,"href":"https:\/\/www.mallorcaguru.es\/es\/wp-json\/wp\/v2\/property_country?post=167778"},{"taxonomy":"property_state","embeddable":true,"href":"https:\/\/www.mallorcaguru.es\/es\/wp-json\/wp\/v2\/property_state?post=167778"},{"taxonomy":"property_city","embeddable":true,"href":"https:\/\/www.mallorcaguru.es\/es\/wp-json\/wp\/v2\/property_city?post=167778"},{"taxonomy":"property_area","embeddable":true,"href":"https:\/\/www.mallorcaguru.es\/es\/wp-json\/wp\/v2\/property_area?post=167778"}],"curies":[{"name":"wp","href":"https:\/\/api.w.org\/{rel}","templated":true}]}}