{"id":173921,"date":"2025-03-24T13:12:15","date_gmt":"2025-03-24T12:12:15","guid":{"rendered":"https:\/\/www.mallorcaguru.es\/property\/casa-adosada-contemporanea-en-venta-en-sa-cabaneta\/"},"modified":"2025-08-13T13:11:12","modified_gmt":"2025-08-13T11:11:12","slug":"casa-adosada-contemporanea-en-venta-en-sa-cabaneta","status":"publish","type":"property","link":"https:\/\/www.mallorcaguru.es\/es\/propiedad\/casa-adosada-contemporanea-en-venta-en-sa-cabaneta\/","title":{"rendered":"Casa adosada contempor\u00e1nea en venta en Sa Cabaneta"},"content":{"rendered":"<p><strong>Casa de pueblo contempor\u00e1nea en venta en Sa Cabaneta Mallorca. <\/strong><\/p>\n<p>La propiedad est\u00e1 en construcci\u00f3n y cuando est\u00e9 terminada ser\u00e1 una casa de dos pisos con un sal\u00f3n comedor con cocina abierta que se abre a una terraza con piscina y vistas abiertas al campo. Con tres habitaciones dobles, dos de ellas con ba\u00f1o en suite y vestidor. La casa ha sido dise\u00f1ada con atenci\u00f3n a los detalles del acabado y la distribuci\u00f3n del piso para garantizar que haya la m\u00e1xima cantidad de luz natural en toda la casa. Todas las instalaciones son de m\u00e1xima calidad, si desea m\u00e1s informaci\u00f3n p\u00f3ngase en contacto con nosotros podemos facilitarle los planos y detalles de la construcci\u00f3n y organizar una visita a la propiedad.<\/p>\n<p><strong>Sa Cabaneta es una peque\u00f1a localidad perteneciente al municipio de <a href=\"https:\/\/www.mallorcaguru.es\/es\/pueblo\/mallorca-inmobiliaria-en-venta-marratxi\/\" target=\"_blank\" rel=\"noopener\">Marratx\u00ed<\/a>, en la comarca del Raiguer, en el centro de Mallorca.<\/strong> Hist\u00f3ricamente, fue un centro neur\u00e1lgico de la industria alfarera y cer\u00e1mica de Mallorca, junto con las otras localidades que forman parte del municipio de Marratx\u00ed, P\u00f2rtol, Pla de na Tesa y Pont d&#8217;Inca. Actualmente, Sa Cabaneta es un popular pueblo y ciudad dormitorio que combina las comodidades modernas con el ambiente tradicional de una comunidad rural. La mayor\u00eda de sus habitantes trabajan en la capital, Palma de Mallorca, o son residentes internacionales que trabajan en toda Europa y valoran su proximidad a la capital y al aeropuerto.<\/p>\n","protected":false},"excerpt":{"rendered":"<p>Casa de pueblo contempor\u00e1nea en venta Sa Cabaneta Mallorca. Tres dormitorios, tres ba\u00f1os, piscina, garaje.  <\/p>\n","protected":false},"author":1,"featured_media":173858,"parent":0,"menu_order":0,"template":"","property_type":[458],"property_status":[761],"property_feature":[956,863,515,2929,2888,479,483,1595,1772,955,1184,951,1363,2077,1045,846,2909,2856,850,849,2208,3639,1390,949,1388,2903,2898,2329,1391,862,1478,1187,1387,1349,1477,1767,1245,1659,759,1392],"property_label":[],"property_country":[758],"property_state":[760,556],"property_city":[1106,3397],"property_area":[],"class_list":["post-173921","property","type-property","status-publish","has-post-thumbnail","hentry","property_type-casa-de-pueblo-en-venta-en-mallorca","property_status-propiedades-en-venta-mallorca","property_feature-inmobiliaria-en-venta-mallorca-utilidades-inmueble-caracteristicas-adsl-fibra-optica","property_feature-inmobiliaria-en-venta-mallorca-inmobiliaria-caracteristicas-armarios-empotrados","property_feature-inmobiliaria-en-venta-mallorca-inmobiliaria-caracteristicas-aseo-invitados","property_feature-inmobiliaria-en-venta-mallorca-inmobiliaria-caracteristicas-suelos-baldosas-de-porcelana","property_feature-baleares-international-college-palma-de-mallorca-espana","property_feature-inmobiliaria-en-venta-mallorca-inmobiliaria-caracteristicas-bano","property_feature-caracteristicas-de-la-propiedad-inmobiliaria-en-venta-mallorca-en-suite-bano","property_feature-inmobiliaria-en-venta-mallorca-inmueble-calefaccion-refrigeracion-caracteristicas","property_feature-inmobiliaria-en-venta-mallorca-propiedad-caracteristicas-interior-caracteristicas","property_feature-inmueble-caracteristicas-inmueble-venta-mallorca-inmueble-ubicacion-cerca-de-restaurantes","property_feature-propiedad-caracteristicas-propiedad-venta-mallorca-propiedad-ubicacion-esta-cerca-de-tiendas","property_feature-propiedad-caracteristicas-propiedad-venta-mallorca-propiedad-ubicacion-cerca-de-todos-los-servicios","property_feature-propiedad-venta-mallorca-inmobiliaria-caracteristicas-privado-garaje","property_feature-inmobiliaria-en-venta-en-mallorca-con-cocina","property_feature-inmobiliaria-en-venta-en-mallorca-con-cocina-americana","property_feature-inmobiliaria-en-venta-en-mallorca-con-cocina-equipada","property_feature-colegio-interncional-de-bellver-mallorca-espana","property_feature-propiedades-caracteristicas-colegios-internacionales-mallorca","property_feature-inmobiliaria-en-venta-mallorca-servicios-publicos-conexion-de-agua","property_feature-inmobiliaria-en-venta-mallorca-servicios-publicos-contrato-de-luz","property_feature-inmobiliaria-en-venta-mallorca-inmobiliaria-caracteristicas-dormitorio","property_feature-ecolea-internationale-colegio-mallorca","property_feature-inmobiliaria-en-venta-en-mallorca-con-garaje-o-parking","property_feature-inmobiliaria-en-venta-mallorca-propiedad-caracteristicas-interior-caracteristicas-interior-moderno","property_feature-propiedad-caracteristicas-propiedad-ventas-mallorca-propiedad-jardin","property_feature-la-academia-colegio-internacional-mallorca-espana","property_feature-la-escuela-montessori-de-mallorca","property_feature-inmobiliaria-en-venta-mallorca-inmobiliaria-caracteristicas-interior-caracteristicas-suelos","property_feature-inmobiliaria-en-venta-en-mallorca-con-piscina","property_feature-inmobiliaria-en-venta-mallorca-con-piscina-privada","property_feature-inmobiliaria-en-venta-mallorca-inmueble-calefaccion-y-refrigeracion-preinstalacion-de-aire-acondicionado","property_feature-inmobiliaria-en-venta-mallorca-inmobiliaria-caracteristicas-interior-caracteristicas-parquet-suelo","property_feature-inmobiliaria-en-venta-mallorca-utilidades-servicios-publicos","property_feature-propiedad-caracteristicas-inmobiliaria-venta-mallorca-propiedad-jardin-terraza","property_feature-inmueble-caracteristicas-inmueble-venta-mallorca-inmueble-ubicacion-cerca-de-escuelas","property_feature-propiedad-caracteristicas-propiedad-ventas-mallorca-propiedad-ubicacion","property_feature-inmueble-caracteristicas-inmueble-venta-mallorca-inmueble-ubicacion-es-popular-urbanizacion","property_feature-inmobiliaria-en-venta-mallorca-inmobiliaria-caracteristicas-vestidor","property_feature-inmobiliaria-en-mallorca-propiedad-vistas-campo","property_feature-inmobiliaria-en-venta-en-mallorca-con-excelentes-vistas","property_country-en-venta-mallorca-espana-mallorca-property-guru","property_state-inmobiliaria-en-venta-en-mallorca","property_state-inmobiliaria-en-venta-en-mallorca-raiguer-central-mallorca","property_city-mallorca-inmobiliaria-en-venta-marratxi","property_city-propiedad-en-venta-sa-cabaneta-mallorca-espana"],"property_meta":{"houzez_featured_listing_date":["2025-08-13 13:11:12"],"_wpml_media_duplicate":["1"],"_wpml_media_featured":["1"],"_top_nav_excluded":[""],"_cms_nav_minihome":[""],"_wp_page_template":["default"],"houzez_geolocation_lat":["39.622668335995"],"houzez_geolocation_long":["2.7486893939112"],"_thumbnail_id":["173858"],"houzez_total_property_views":["455"],"houzez_views_by_date":["a:61:{s:10:\"01-27-2026\";i:1;s:10:\"01-28-2026\";i:3;s:10:\"01-29-2026\";i:4;s:10:\"01-30-2026\";i:2;s:10:\"02-01-2026\";i:1;s:10:\"02-02-2026\";i:1;s:10:\"02-03-2026\";i:3;s:10:\"02-04-2026\";i:2;s:10:\"02-08-2026\";i:3;s:10:\"02-11-2026\";i:2;s:10:\"02-13-2026\";i:2;s:10:\"02-14-2026\";i:1;s:10:\"02-15-2026\";i:1;s:10:\"02-17-2026\";i:2;s:10:\"02-18-2026\";i:2;s:10:\"02-19-2026\";i:2;s:10:\"02-20-2026\";i:5;s:10:\"02-22-2026\";i:1;s:10:\"02-25-2026\";i:1;s:10:\"02-26-2026\";i:1;s:10:\"02-28-2026\";i:2;s:10:\"03-01-2026\";i:2;s:10:\"03-02-2026\";i:2;s:10:\"03-03-2026\";i:2;s:10:\"03-05-2026\";i:1;s:10:\"03-06-2026\";i:1;s:10:\"03-08-2026\";i:2;s:10:\"03-09-2026\";i:1;s:10:\"03-11-2026\";i:1;s:10:\"03-12-2026\";i:1;s:10:\"03-13-2026\";i:1;s:10:\"03-15-2026\";i:4;s:10:\"03-17-2026\";i:1;s:10:\"03-18-2026\";i:2;s:10:\"03-21-2026\";i:3;s:10:\"03-22-2026\";i:2;s:10:\"03-23-2026\";i:1;s:10:\"03-24-2026\";i:1;s:10:\"03-25-2026\";i:2;s:10:\"03-26-2026\";i:1;s:10:\"03-28-2026\";i:1;s:10:\"03-29-2026\";i:3;s:10:\"03-31-2026\";i:1;s:10:\"04-02-2026\";i:1;s:10:\"04-03-2026\";i:1;s:10:\"04-04-2026\";i:1;s:10:\"04-05-2026\";i:2;s:10:\"04-06-2026\";i:1;s:10:\"04-07-2026\";i:1;s:10:\"04-08-2026\";i:2;s:10:\"04-10-2026\";i:1;s:10:\"04-13-2026\";i:2;s:10:\"04-19-2026\";i:3;s:10:\"04-20-2026\";i:2;s:10:\"04-21-2026\";i:2;s:10:\"04-22-2026\";i:1;s:10:\"04-23-2026\";i:1;s:10:\"04-25-2026\";i:1;s:10:\"04-26-2026\";i:1;s:10:\"04-27-2026\";i:1;s:10:\"04-29-2026\";i:1;}"],"houzez_recently_viewed":["2026-04-29 05:56:39"],"_edit_lock":["1755083338:1"],"_edit_last":["1"],"_wpscppro_advance_schedule":[""],"fave_show_price_placeholder":["0"],"houzez_manual_expire":["0"],"_houzez_expiration_date_status":["saved"],"_facebook_share_type":["default"],"_twitter_share_type":["default"],"_linkedin_share_type":["default"],"_pinterest_share_type":["default"],"_instagram_share_type":["default"],"_medium_share_type":["default"],"_selected_social_profile":["a:0:{}"],"_last_translation_edit_mode":["native-editor"],"rank_math_news_sitemap_robots":["index"],"rank_math_robots":["a:1:{i:0;s:5:\"index\";}"],"_wpml_word_count":["262"],"rank_math_seo_score":["54"],"rank_math_schema_SingleFamilyResidence":["a:5:{s:8:\"metadata\";a:5:{s:4:\"type\";s:6:\"custom\";s:9:\"shortcode\";s:38:\"s-e1a3c228-dd20-4af2-97cf-fe195863c9d7\";s:5:\"title\";s:21:\"SingleFamilyResidence\";s:17:\"displayConditions\";a:1:{i:0;a:6:{s:9:\"condition\";s:7:\"include\";s:8:\"category\";s:8:\"singular\";s:4:\"type\";s:8:\"property\";s:5:\"value\";s:2:\"29\";s:2:\"id\";s:36:\"b660c888-aee1-4ede-996e-e763204c2810\";s:12:\"postTaxonomy\";s:15:\"property_status\";}}s:9:\"isPrimary\";s:1:\"1\";}s:5:\"@type\";s:21:\"SingleFamilyResidence\";s:9:\"floorSize\";a:2:{s:5:\"@type\";s:17:\"QuantitativeValue\";s:8:\"unitCode\";s:3:\"MTR\";}s:5:\"image\";a:1:{s:5:\"@type\";s:11:\"ImageObject\";}s:7:\"address\";a:2:{s:5:\"@type\";s:13:\"PostalAddress\";s:14:\"addressCountry\";s:2:\"ES\";}}"],"rank_math_shortcode_schema_s-e1a3c228-dd20-4af2-97cf-fe195863c9d7":["3457076"],"rank_math_primary_property_type":["1621"],"rank_math_primary_property_status":["761"],"rank_math_primary_property_feature":["0"],"rank_math_primary_property_label":["0"],"rank_math_primary_property_country":["758"],"rank_math_primary_property_state":["760"],"rank_math_primary_property_city":["1106"],"rank_math_primary_property_area":["0"],"fave_property_price":["1300000"],"fave_property_size":["151"],"fave_property_size_prefix":["m2"],"fave_property_bedrooms":["3"],"fave_property_bathrooms":["3"],"fave_property_garage":["1"],"fave_property_garage_size":["15m2"],"fave_property_year":["2025"],"fave_property_id":["805"],"fave_property_map":["1"],"fave_property_map_address":["Cam\u00ed de n'Olesa, sa Cabaneta, Marratx\u00ed, Raiguer, Illes Balears, 07141, Espa\u00f1a"],"fave_property_location":["39.622668335995,2.7486893939112,17"],"fave_property_map_street_view":["hide"],"fave_property_address":["Cam\u00ed de n'Olesa, sa Cabaneta, Marratx\u00ed, Raiguer, Illes Balears, 07141, Espa\u00f1a"],"fave_property_zip":["07141"],"fave_prop_homeslider":["no"],"rank_math_focus_keyword":["Casa adosada contempor\u00e1nea en venta"],"_wpsp_custom_templates":["a:7:{s:8:\"facebook\";a:3:{s:8:\"template\";s:0:\"\";s:8:\"profiles\";a:0:{}s:9:\"is_global\";b:0;}s:7:\"twitter\";a:3:{s:8:\"template\";s:0:\"\";s:8:\"profiles\";a:0:{}s:9:\"is_global\";b:0;}s:8:\"linkedin\";a:3:{s:8:\"template\";s:0:\"\";s:8:\"profiles\";a:0:{}s:9:\"is_global\";b:0;}s:9:\"pinterest\";a:3:{s:8:\"template\";s:0:\"\";s:8:\"profiles\";a:0:{}s:9:\"is_global\";b:0;}s:9:\"instagram\";a:3:{s:8:\"template\";s:0:\"\";s:8:\"profiles\";a:0:{}s:9:\"is_global\";b:0;}s:6:\"medium\";a:3:{s:8:\"template\";s:0:\"\";s:8:\"profiles\";a:0:{}s:9:\"is_global\";b:0;}s:7:\"threads\";a:3:{s:8:\"template\";s:0:\"\";s:8:\"profiles\";a:0:{}s:9:\"is_global\";b:0;}}"],"fave_portal_1754226254":["1"],"fave_portal_1754395991":["0"],"fave_portal_1754598704":["1"],"has_images":["1"],"fave_featured":["1"],"fave_property_images":["173855","173880","173860","173865","173850","173875","173870","173885","173890"],"fave_agent_display_option":["agent_info"],"fave_agents":["5167"],"fave_single_top_area":["global"],"fave_single_content_area":["global"],"rank_math_analytic_object_id":["397"],"_elementor_page_assets":["a:0:{}"]},"_links":{"self":[{"href":"https:\/\/www.mallorcaguru.es\/es\/wp-json\/wp\/v2\/properties\/173921","targetHints":{"allow":["GET"]}}],"collection":[{"href":"https:\/\/www.mallorcaguru.es\/es\/wp-json\/wp\/v2\/properties"}],"about":[{"href":"https:\/\/www.mallorcaguru.es\/es\/wp-json\/wp\/v2\/types\/property"}],"author":[{"embeddable":true,"href":"https:\/\/www.mallorcaguru.es\/es\/wp-json\/wp\/v2\/users\/1"}],"version-history":[{"count":0,"href":"https:\/\/www.mallorcaguru.es\/es\/wp-json\/wp\/v2\/properties\/173921\/revisions"}],"wp:featuredmedia":[{"embeddable":true,"href":"https:\/\/www.mallorcaguru.es\/es\/wp-json\/wp\/v2\/media\/173858"}],"wp:attachment":[{"href":"https:\/\/www.mallorcaguru.es\/es\/wp-json\/wp\/v2\/media?parent=173921"}],"wp:term":[{"taxonomy":"property_type","embeddable":true,"href":"https:\/\/www.mallorcaguru.es\/es\/wp-json\/wp\/v2\/property_type?post=173921"},{"taxonomy":"property_status","embeddable":true,"href":"https:\/\/www.mallorcaguru.es\/es\/wp-json\/wp\/v2\/property_status?post=173921"},{"taxonomy":"property_feature","embeddable":true,"href":"https:\/\/www.mallorcaguru.es\/es\/wp-json\/wp\/v2\/property_feature?post=173921"},{"taxonomy":"property_label","embeddable":true,"href":"https:\/\/www.mallorcaguru.es\/es\/wp-json\/wp\/v2\/property_label?post=173921"},{"taxonomy":"property_country","embeddable":true,"href":"https:\/\/www.mallorcaguru.es\/es\/wp-json\/wp\/v2\/property_country?post=173921"},{"taxonomy":"property_state","embeddable":true,"href":"https:\/\/www.mallorcaguru.es\/es\/wp-json\/wp\/v2\/property_state?post=173921"},{"taxonomy":"property_city","embeddable":true,"href":"https:\/\/www.mallorcaguru.es\/es\/wp-json\/wp\/v2\/property_city?post=173921"},{"taxonomy":"property_area","embeddable":true,"href":"https:\/\/www.mallorcaguru.es\/es\/wp-json\/wp\/v2\/property_area?post=173921"}],"curies":[{"name":"wp","href":"https:\/\/api.w.org\/{rel}","templated":true}]}}