{"id":186537,"date":"2025-04-08T13:39:28","date_gmt":"2025-04-08T11:39:28","guid":{"rendered":"https:\/\/www.mallorcaguru.es\/property\/en-venta-en-campos-mallorca-finca-son-fadri\/"},"modified":"2026-03-10T13:37:29","modified_gmt":"2026-03-10T12:37:29","slug":"en-venta-en-campos-mallorca-finca-son-fadri","status":"publish","type":"property","link":"https:\/\/www.mallorcaguru.es\/es\/propiedad\/en-venta-en-campos-mallorca-finca-son-fadri\/","title":{"rendered":"En Venta en Campos Mallorca Finca Son Fadr\u00ec"},"content":{"rendered":"<p>En Venta en Campos Mallorca Finca Son Fadr\u00ec. Esta amplia propiedad cuenta con 198.732 m\u00b2, divididos en dos parcelas independientes: una de 165.543 m\u00b2 y la otra de 33.189 m\u00b2. El terreno est\u00e1 formado por cultivos de secano y matorral y est\u00e1 situado en la cota m\u00e1s alta de Campos, ofreciendo unas vistas impresionantes e ininterrumpidas de las llanuras de Campos y Santany\u00ed.<\/p>\n<p>Toda la zona est\u00e1 rodeada por un muro tradicional de piedra seca y es accesible a trav\u00e9s de un camino asfaltado que conecta con la carretera Campos-Felanitx, situada a unos 1,4 km.<\/p>\n<p>La propiedad cuenta con \u00e1rboles centenarios, entre los que se incluyen algarrobos, olivos silvestres, higueras, almeces y pinos, adem\u00e1s de varias vallas de piedra tradicionales. Dispone de suministro de agua propio procedente de un pozo, una cisterna y un tanque de agua. Hay dos medidores de electricidad: uno proporciona energ\u00eda trif\u00e1sica de 13,5 kW, mientras que el otro ofrece energ\u00eda monof\u00e1sica de 2,1 kW.<\/p>\n<p>La casa principal, que data del siglo XV, tiene una superficie aproximada de 597 m\u00b2. La planta baja cuenta con dos amplias cocinas antiguas, dos dormitorios, una bodega con entrada tallada en la roca, un ba\u00f1o, un lavadero, un horno de le\u00f1a, una zona para animales, almacenes de grano y un pajar. Cabe destacar que el 75% de este nivel est\u00e1 construido con b\u00f3vedas de crucer\u00eda realizadas con piedra mar\u00e9s mallorquina. El primer piso incluye un dormitorio y dos salas di\u00e1fanas listas para personalizar, junto con dos terrazas.<\/p>\n<p>Adem\u00e1s, hay un peque\u00f1o edificio, originalmente destinado a los animales, construido con piedra tradicional y mar\u00e9s, de unos 38 m\u00b2. Otra estructura, tambi\u00e9n realizada con muros de piedra y vigas de madera, tiene una superficie de 37 m\u00b2. La propiedad cuenta con un molino de agua tradicional hecho de arenisca y piedra, completo con un estanque de 10 m por 4 m y una profundidad de 190 cm.<\/p>\n<p>Adem\u00e1s, dispone de una nave industrial de 86 m\u00b2 y una nave agr\u00edcola de 728 m\u00b2 construida en 1979, anteriormente destinada a la producci\u00f3n ganadera y al almacenamiento de forrajes y maquinaria.<\/p>\n<p>Esta importante propiedad est\u00e1 situada cerca de algunas de las regiones costeras m\u00e1s deseables de la isla de Mallorca, y tiene una posici\u00f3n ideal para la creaci\u00f3n de una casa privada muy grande o para la explotaci\u00f3n de actividades comerciales, incluido el cultivo de vino, ya que se encuentra dentro de la regi\u00f3n vin\u00edcola de Pla i Llevant.<\/p>\n<p>Para obtener m\u00e1s informaci\u00f3n, p\u00f3ngase en contacto con nosotros.<\/p>\n<p>Campos, Mallorca. Situado en el Migjorn de Mallorca, Campos es un gran pueblo del sureste de Mallorca. Campos es un pueblo agr\u00edcola y un popular destino tur\u00edstico por su proximidad a las zonas costeras y playas del sureste de Mallorca. Es Trenc es la m\u00e1s famosa; es una playa pr\u00edstina situada en el sur de Mallorca, conocida por su arena blanca y aguas cristalinas. Se extiende a lo largo de casi dos kil\u00f3metros y forma parte del Parque Natural Mar\u00edtimo-Terrestre de Es Trenc-Salobrar de Campos. El nombre &#8220;Es Trenc&#8221; significa &#8220;rotura&#8221; en mallorqu\u00edn, en referencia a la ruptura en las dunas que separa el agua salada del mar.<\/p>\n","protected":false},"excerpt":{"rendered":"<p>En Venta en Campos Mallorca Finca Son Fadr\u00ec. Esta amplia propiedad cuenta con 198.732 m\u00b2, divididos en dos parcelas independientes: una de 165.543 m\u00b2 y la otra de 33.189 m\u00b2.<\/p>\n","protected":false},"author":1,"featured_media":174344,"parent":0,"menu_order":0,"template":"","property_type":[419],"property_status":[761],"property_feature":[851,2458,865,844,1772,1161,1163,849,1268,1043,1167,2329,1267,2334,1387,1767,2241,759,1392],"property_label":[4372],"property_country":[758],"property_state":[760,611],"property_city":[769,626],"property_area":[1212],"class_list":["post-186537","property","type-property","status-publish","has-post-thumbnail","hentry","property_type-finca-en-venta-en-mallorca","property_status-propiedades-en-venta-mallorca","property_feature-inmobiliaria-en-venta-mallorca-utilidades-inmobiliaria-caracteristicas-pozo-agua","property_feature-inmobiliaria-en-venta-mallorca-inmobiliaria-caracteristicas-interior-caracteristicas-baldosas-hidraulicas","property_feature-inmueble-caracteristicas-inmueble-venta-mallorca-inmueble-ubicacion-buen-acceso-carretera","property_feature-inmueble-caracteristicas-inmueble-venta-mallorca-inmueble-ubicacion-campo","property_feature-inmobiliaria-en-venta-mallorca-propiedad-caracteristicas-interior-caracteristicas","property_feature-inmuebles-en-venta-en-mallorca-propiedad-caracteristicas-extra-especiales","property_feature-propiedad-venta-mallorca-inmueble-caracteristicas-estado-del-inmueble","property_feature-inmobiliaria-en-venta-mallorca-servicios-publicos-contrato-de-luz","property_feature-inmobiliaria-en-venta-en-mallorca-con-dependencias","property_feature-inmueble-caracteristicas-inmueble-venta-mallorca-inmueble-ubicacion-interior-de-mallorca","property_feature-inmobiliaria-en-venta-mallorca-propiedad-caracteristicas-interior-caracteristicas-interior-tradicional","property_feature-inmobiliaria-en-venta-mallorca-inmobiliaria-caracteristicas-interior-caracteristicas-suelos","property_feature-propiedad-venta-mallorca-inmueble-caracteristicas-estado-reforma-necesaria","property_feature-inmobiliaria-en-venta-mallorca-inmobiliaria-caracteristicas-interior-caracteristicas-suelo-piedra","property_feature-inmobiliaria-en-venta-mallorca-utilidades-servicios-publicos","property_feature-propiedad-caracteristicas-propiedad-ventas-mallorca-propiedad-ubicacion","property_feature-inmobiliaria-en-venta-en-mallorca-con-potrero-de-pasto","property_feature-inmobiliaria-en-mallorca-propiedad-vistas-campo","property_feature-inmobiliaria-en-venta-en-mallorca-con-excelentes-vistas","property_label-vinedos-y-bodegas-en-venta-en-mallorca","property_country-en-venta-mallorca-espana-mallorca-property-guru","property_state-inmobiliaria-en-venta-en-mallorca","property_state-migjorn-de-mallorca-sureste","property_city-inmobiliaria-en-venta-campos-mallorca","property_city-inmuebles-en-venta-en-felanitx-mallorca","property_area-denominacion-de-origen-pla-y-llevant-vino-de-mallorca"],"property_meta":{"houzez_featured_listing_date":["2026-03-10 13:37:30"],"_wpml_media_duplicate":["1"],"_wpml_media_featured":["1"],"_top_nav_excluded":[""],"_cms_nav_minihome":[""],"_wp_page_template":["default"],"houzez_geolocation_lat":["39.429695951199"],"houzez_geolocation_long":["3.0406869952464"],"_thumbnail_id":["174344"],"_wpml_word_count":["550"],"houzez_total_property_views":["385"],"houzez_views_by_date":["a:61:{s:10:\"01-21-2026\";i:1;s:10:\"01-22-2026\";i:2;s:10:\"01-23-2026\";i:1;s:10:\"01-24-2026\";i:1;s:10:\"01-26-2026\";i:1;s:10:\"01-27-2026\";i:1;s:10:\"01-30-2026\";i:1;s:10:\"01-31-2026\";i:1;s:10:\"02-01-2026\";i:1;s:10:\"02-03-2026\";i:1;s:10:\"02-04-2026\";i:1;s:10:\"02-05-2026\";i:1;s:10:\"02-06-2026\";i:2;s:10:\"02-07-2026\";i:2;s:10:\"02-09-2026\";i:2;s:10:\"02-11-2026\";i:2;s:10:\"02-12-2026\";i:1;s:10:\"02-13-2026\";i:1;s:10:\"02-14-2026\";i:2;s:10:\"02-15-2026\";i:1;s:10:\"02-16-2026\";i:1;s:10:\"02-17-2026\";i:2;s:10:\"02-19-2026\";i:2;s:10:\"02-22-2026\";i:2;s:10:\"02-24-2026\";i:1;s:10:\"02-25-2026\";i:1;s:10:\"02-27-2026\";i:1;s:10:\"03-01-2026\";i:1;s:10:\"03-02-2026\";i:1;s:10:\"03-03-2026\";i:2;s:10:\"03-04-2026\";i:1;s:10:\"03-06-2026\";i:2;s:10:\"03-08-2026\";i:1;s:10:\"03-11-2026\";i:1;s:10:\"03-12-2026\";i:1;s:10:\"03-14-2026\";i:1;s:10:\"03-16-2026\";i:3;s:10:\"03-17-2026\";i:1;s:10:\"03-20-2026\";i:1;s:10:\"03-21-2026\";i:1;s:10:\"03-22-2026\";i:3;s:10:\"03-25-2026\";i:2;s:10:\"03-26-2026\";i:1;s:10:\"03-29-2026\";i:3;s:10:\"04-04-2026\";i:2;s:10:\"04-05-2026\";i:2;s:10:\"04-08-2026\";i:1;s:10:\"04-10-2026\";i:1;s:10:\"04-13-2026\";i:3;s:10:\"04-14-2026\";i:1;s:10:\"04-15-2026\";i:1;s:10:\"04-18-2026\";i:2;s:10:\"04-19-2026\";i:2;s:10:\"04-20-2026\";i:1;s:10:\"04-21-2026\";i:2;s:10:\"04-22-2026\";i:1;s:10:\"04-23-2026\";i:1;s:10:\"04-26-2026\";i:3;s:10:\"04-28-2026\";i:1;s:10:\"04-29-2026\";i:1;s:10:\"05-02-2026\";i:1;}"],"houzez_recently_viewed":["2026-05-02 04:06:12"],"_edit_lock":["1773146119:1"],"_edit_last":["1"],"_wpscppro_advance_schedule":[""],"fave_show_price_placeholder":["0"],"houzez_manual_expire":["0"],"_houzez_expiration_date_status":["saved"],"_facebook_share_type":["default"],"_twitter_share_type":["default"],"_linkedin_share_type":["default"],"_pinterest_share_type":["default"],"_instagram_share_type":["default"],"_medium_share_type":["default"],"_selected_social_profile":["a:0:{}"],"_last_translation_edit_mode":["native-editor"],"rank_math_news_sitemap_robots":["index"],"rank_math_robots":["a:1:{i:0;s:5:\"index\";}"],"rank_math_seo_score":["57"],"rank_math_schema_SingleFamilyResidence":["a:5:{s:8:\"metadata\";a:5:{s:4:\"type\";s:6:\"custom\";s:9:\"shortcode\";s:38:\"s-e1a3c228-dd20-4af2-97cf-fe195863c9d7\";s:5:\"title\";s:21:\"SingleFamilyResidence\";s:17:\"displayConditions\";a:1:{i:0;a:6:{s:9:\"condition\";s:7:\"include\";s:8:\"category\";s:8:\"singular\";s:4:\"type\";s:8:\"property\";s:5:\"value\";s:2:\"29\";s:2:\"id\";s:36:\"b660c888-aee1-4ede-996e-e763204c2810\";s:12:\"postTaxonomy\";s:15:\"property_status\";}}s:9:\"isPrimary\";s:1:\"1\";}s:5:\"@type\";s:21:\"SingleFamilyResidence\";s:9:\"floorSize\";a:2:{s:5:\"@type\";s:17:\"QuantitativeValue\";s:8:\"unitCode\";s:3:\"MTR\";}s:5:\"image\";a:1:{s:5:\"@type\";s:11:\"ImageObject\";}s:7:\"address\";a:2:{s:5:\"@type\";s:13:\"PostalAddress\";s:14:\"addressCountry\";s:2:\"ES\";}}"],"rank_math_shortcode_schema_s-e1a3c228-dd20-4af2-97cf-fe195863c9d7":["3456536"],"rank_math_primary_property_type":["1621"],"rank_math_primary_property_status":["761"],"rank_math_primary_property_feature":["0"],"rank_math_primary_property_label":["0"],"rank_math_primary_property_country":["758"],"rank_math_primary_property_state":["760"],"rank_math_primary_property_city":["769"],"rank_math_primary_property_area":["0"],"_wpsp_custom_templates":["a:7:{s:8:\"facebook\";a:3:{s:8:\"template\";s:0:\"\";s:8:\"profiles\";a:0:{}s:9:\"is_global\";b:0;}s:7:\"twitter\";a:3:{s:8:\"template\";s:0:\"\";s:8:\"profiles\";a:0:{}s:9:\"is_global\";b:0;}s:8:\"linkedin\";a:3:{s:8:\"template\";s:0:\"\";s:8:\"profiles\";a:0:{}s:9:\"is_global\";b:0;}s:9:\"pinterest\";a:3:{s:8:\"template\";s:0:\"\";s:8:\"profiles\";a:0:{}s:9:\"is_global\";b:0;}s:9:\"instagram\";a:3:{s:8:\"template\";s:0:\"\";s:8:\"profiles\";a:0:{}s:9:\"is_global\";b:0;}s:6:\"medium\";a:3:{s:8:\"template\";s:0:\"\";s:8:\"profiles\";a:0:{}s:9:\"is_global\";b:0;}s:7:\"threads\";a:3:{s:8:\"template\";s:0:\"\";s:8:\"profiles\";a:0:{}s:9:\"is_global\";b:0;}}"],"fave_property_price":["2100000"],"fave_property_size":["597"],"fave_property_size_prefix":["m2"],"fave_property_land":["198732"],"fave_property_land_postfix":["m2"],"fave_property_bedrooms":["3"],"fave_property_bathrooms":["2"],"fave_property_year":["1490"],"fave_property_id":["814"],"fave_property_map":["1"],"fave_property_map_address":["Cam\u00ed de Son Xorc, Campos, Migjorn, Illes Balears, 07630, Espa\u00f1a"],"fave_property_location":["39.429695951199,3.0406869952464,15"],"fave_property_map_street_view":["hide"],"fave_property_address":["Cam\u00ed de Son Xorc, Campos, Migjorn, Illes Balears, 07630, Espa\u00f1a"],"fave_property_zip":["07630"],"fave_prop_homeslider":["no"],"rank_math_focus_keyword":["En venta en Campos"],"fave_wine-region":["Denominaci\u00f3n de Origen Pla i Llevant"],"fave_portal_1754226254":["0"],"fave_portal_1754598704":["0"],"has_images":["1"],"_wpml_media_has_media":["1"],"fave_featured":["1"],"fave_property_images":["174341","174336","174331","174351","174346","174381","174296","174371","174366","174361","174281","174286","174276","174291","174301","174321","174326","174316","174311","174306"],"fave_agent_display_option":["agent_info"],"fave_agents":["5167"],"fave_single_top_area":["global"],"fave_single_content_area":["global"],"rank_math_analytic_object_id":["539"],"_elementor_page_assets":["a:0:{}"]},"_links":{"self":[{"href":"https:\/\/www.mallorcaguru.es\/es\/wp-json\/wp\/v2\/properties\/186537","targetHints":{"allow":["GET"]}}],"collection":[{"href":"https:\/\/www.mallorcaguru.es\/es\/wp-json\/wp\/v2\/properties"}],"about":[{"href":"https:\/\/www.mallorcaguru.es\/es\/wp-json\/wp\/v2\/types\/property"}],"author":[{"embeddable":true,"href":"https:\/\/www.mallorcaguru.es\/es\/wp-json\/wp\/v2\/users\/1"}],"version-history":[{"count":0,"href":"https:\/\/www.mallorcaguru.es\/es\/wp-json\/wp\/v2\/properties\/186537\/revisions"}],"wp:featuredmedia":[{"embeddable":true,"href":"https:\/\/www.mallorcaguru.es\/es\/wp-json\/wp\/v2\/media\/174344"}],"wp:attachment":[{"href":"https:\/\/www.mallorcaguru.es\/es\/wp-json\/wp\/v2\/media?parent=186537"}],"wp:term":[{"taxonomy":"property_type","embeddable":true,"href":"https:\/\/www.mallorcaguru.es\/es\/wp-json\/wp\/v2\/property_type?post=186537"},{"taxonomy":"property_status","embeddable":true,"href":"https:\/\/www.mallorcaguru.es\/es\/wp-json\/wp\/v2\/property_status?post=186537"},{"taxonomy":"property_feature","embeddable":true,"href":"https:\/\/www.mallorcaguru.es\/es\/wp-json\/wp\/v2\/property_feature?post=186537"},{"taxonomy":"property_label","embeddable":true,"href":"https:\/\/www.mallorcaguru.es\/es\/wp-json\/wp\/v2\/property_label?post=186537"},{"taxonomy":"property_country","embeddable":true,"href":"https:\/\/www.mallorcaguru.es\/es\/wp-json\/wp\/v2\/property_country?post=186537"},{"taxonomy":"property_state","embeddable":true,"href":"https:\/\/www.mallorcaguru.es\/es\/wp-json\/wp\/v2\/property_state?post=186537"},{"taxonomy":"property_city","embeddable":true,"href":"https:\/\/www.mallorcaguru.es\/es\/wp-json\/wp\/v2\/property_city?post=186537"},{"taxonomy":"property_area","embeddable":true,"href":"https:\/\/www.mallorcaguru.es\/es\/wp-json\/wp\/v2\/property_area?post=186537"}],"curies":[{"name":"wp","href":"https:\/\/api.w.org\/{rel}","templated":true}]}}