{"id":257182,"date":"2025-07-30T17:23:42","date_gmt":"2025-07-30T15:23:42","guid":{"rendered":"https:\/\/www.mallorcaguru.es\/property\/excepcional-finca-en-venta-en-binissalem\/"},"modified":"2026-02-21T11:11:52","modified_gmt":"2026-02-21T10:11:52","slug":"excepcional-finca-en-venta-en-binissalem","status":"publish","type":"property","link":"https:\/\/www.mallorcaguru.es\/es\/propiedad\/excepcional-finca-en-venta-en-binissalem\/","title":{"rendered":"Excepcional Finca en Venta en Binissalem"},"content":{"rendered":"<h2><span style=\"font-size: 12pt;\">Excepcional finca rural en venta cerca de Binissalem, Mallorca<\/span><\/h2>\n<p>La finca ofrece una superficie habitable total de 336 m\u00b2, distribuidos en una casa principal de 240 m\u00b2, una casa de invitados de 42 m\u00b2 y una segunda casa de invitados de 54 m\u00b2. La superficie construida total es de 472 m\u00b2, que incluye terrazas, una cocina exterior y otras comodidades. Dispone de ocho dormitorios y seis ba\u00f1os distribuidos en tres edificios independientes, lo que la convierte en una vivienda ideal para una vida flexible. La propiedad goza de orientaci\u00f3n sur, lo que garantiza luz natural durante todo el d\u00eda. En el exterior, la piscina de agua salada de 12 x 6 metros cuenta con un moderno sistema de filtraci\u00f3n, mientras que la cocina exterior incluye barbacoa, horno de pizza y suministro completo de agua. El jard\u00edn cuenta con doce variedades de \u00e1rboles frutales, todos con riego autom\u00e1tico.<\/p>\n<p>La casa principal se distribuye en dos plantas y combina elementos tradicionales como vigas de madera y paredes de piedra natural con una renovaci\u00f3n de alta gama de 2024. La planta baja cuenta con una amplia cocina y comedor de concepto abierto, un luminoso sal\u00f3n con chimenea y acceso a la terraza, dos dormitorios de invitados y una suite principal. La distribuci\u00f3n ofrece una fluida integraci\u00f3n interior-exterior con la piscina y el jard\u00edn. En la primera planta, encontrar\u00e1 dos dormitorios de invitados adicionales, un ba\u00f1o compartido con ducha y lavadero, y acceso directo a una terraza superior con amplias vistas al jard\u00edn y al paisaje circundante.<\/p>\n<p>La propiedad incluye dos casas de invitados independientes y totalmente equipadas que ofrecen privacidad, comodidad y versatilidad. Cada unidad cuenta con interiores renovados, aire acondicionado e internet Starlink de alta velocidad. Son perfectas para alojar a amigos y familiares, o para usarlas como estudios creativos o alojamiento multigeneracional.<\/p>\n<h2><span style=\"font-size: 12pt;\">Ubicaci\u00f3n de las Fincas:<\/span><\/h2>\n<p>Ubicada en una parcela llana y soleada de 8.300 m\u00b2, esta finca completamente renovada combina el aut\u00e9ntico encanto mallorqu\u00edn con el confort moderno. Incluye dos casas de invitados bellamente decoradas, una piscina de agua salada, energ\u00eda solar y unas impresionantes vistas a la sierra de Tramuntana. Ubicada a las afueras del hist\u00f3rico pueblo de Binissalem, en el coraz\u00f3n de la c\u00e9lebre regi\u00f3n vin\u00edcola de Mallorca, esta es una oportunidad \u00fanica para adquirir una tranquila casa rural lista para entrar a vivir y construida con materiales de alta calidad.<\/p>\n<p>Esta tranquila ubicaci\u00f3n ofrece total tranquilidad, sin ruidos de carretera ni de avi\u00f3n, y a la vez perfectamente comunicada. Se encuentra a solo cuatro minutos de Inca, donde encontrar\u00e1 supermercados, farmacias, cl\u00ednicas y tiendas. Palma est\u00e1 a 25 minutos y el aeropuerto a solo 20 minutos con acceso directo por autopista. La propiedad cuenta con todos los servicios necesarios para realizar entregas de Amazon y mensajer\u00eda, y hay conexiones de tren y autob\u00fas en las inmediaciones. La propiedad tambi\u00e9n est\u00e1 cerca de prestigiosos colegios internacionales, como My School Mallorca y The Academy, y a menos de 10 minutos a pie del centro de Binissalem.<\/p>\n<h2><span style=\"font-size: 12pt;\">Estilo y Dise\u00f1o:<\/span><\/h2>\n<p>El estilo de la casa logra un equilibrio entre la tradici\u00f3n mallorquina y la vida contempor\u00e1nea. Destacan las fachadas de piedra natural, las vigas originales, los suelos de piedra antideslizantes de estilo mallorqu\u00edn y la luz natural que llega hasta el techo en las zonas de estar principales. Tanto los espacios interiores como los exteriores est\u00e1n dise\u00f1ados para integrarse con el paisaje circundante, con vistas panor\u00e1micas a la sierra de Tramuntana y soleadas zonas de estar al aire libre que mejoran el disfrute diario.<\/p>\n<h2><span style=\"font-size: 12pt;\">Tecnolog\u00eda y Sostenibilidad:<\/span><\/h2>\n<p>En cuanto a tecnolog\u00eda y sostenibilidad, la finca est\u00e1 excepcionalmente bien equipada. Cuenta con un sistema de paneles solares con almacenamiento en bater\u00edas y conexi\u00f3n a la red el\u00e9ctrica, internet Starlink en todos los edificios y un pozo privado de 100 metros de profundidad que proporciona agua potable certificada. Todas las cocinas est\u00e1n equipadas con descalcificadores de agua y sistemas de filtraci\u00f3n por \u00f3smosis. La propiedad se renov\u00f3 por completo en 2024, incluyendo nueva instalaci\u00f3n el\u00e9ctrica, suelos, aislamiento y acabados. Otras caracter\u00edsticas incluyen aire acondicionado Daikin, dos chimeneas, ventanas de PVC con doble acristalamiento, mosquiteras y protecci\u00f3n antirrobo, un completo sistema de alarma, intercomunicador y un aislamiento de primera calidad en toda la finca.<\/p>\n<p>Esta lujosa propiedad rural en Mallorca es perfecta para quienes buscan un remanso de paz con infraestructura moderna, rodeados de naturaleza, pero cerca de la vida rural, colegios internacionales y Palma.<\/p>\n<h2><span style=\"font-size: 12pt;\">Cont\u00e1ctenos para concertar una visita privada a esta excepcional finca en venta en Binissalem.<\/span><\/h2>\n<h3 data-start=\"194\" data-end=\"238\"><span style=\"font-size: 12pt;\"><strong data-start=\"203\" data-end=\"236\">Binissalem\u00a0<\/strong><\/span><\/h3>\n<p data-start=\"239\" data-end=\"272\"><em data-start=\"239\" data-end=\"272\">El coraz\u00f3n vin\u00edcola de Mallorca<\/em><\/p>\n<hr data-start=\"274\" data-end=\"277\" \/>\n<h3 data-start=\"279\" data-end=\"297\"><span style=\"font-size: 12pt;\">Visi\u00f3n general<\/span><\/h3>\n<p data-start=\"299\" data-end=\"769\"><strong data-start=\"299\" data-end=\"313\">Binissalem<\/strong>\u00a0es un encantador pueblo mallorqu\u00edn situado en la regi\u00f3n del\u00a0<a href=\"https:\/\/www.mallorcaguru.es\/es\/provincia\/inmobiliaria-en-venta-en-mallorca-raiguer-central-mallorca\/\" target=\"_blank\" rel=\"noopener\"><strong data-start=\"374\" data-end=\"385\">Raiguer<\/strong><\/a>, a medio camino entre\u00a0<strong data-start=\"408\" data-end=\"417\">Palma<\/strong>\u00a0y la\u00a0<strong data-start=\"423\" data-end=\"446\">Serra de Tramuntana<\/strong>. Es conocido por ser la\u00a0<strong data-start=\"471\" data-end=\"503\">capital del vino de Mallorca<\/strong>, y alberga la prestigiosa\u00a0<strong data-start=\"530\" data-end=\"572\">Denominaci\u00f3n de Origen Binissalem (DO)<\/strong>. Con su\u00a0<strong data-start=\"581\" data-end=\"614\">arquitectura de piedra dorada<\/strong>, calles tranquilas,\u00a0<strong data-start=\"635\" data-end=\"660\">bodegas tradicionales<\/strong>\u00a0y un fuerte sentido de comunidad, Binissalem ofrece un estilo de vida relajado lleno de cultura y tradici\u00f3n.<\/p>\n<p data-start=\"771\" data-end=\"962\">Es especialmente popular entre\u00a0<strong data-start=\"802\" data-end=\"833\">compradores internacionales<\/strong>, n\u00f3madas digitales y quienes buscan una\u00a0<strong data-start=\"874\" data-end=\"920\">residencia principal o una finca campestre<\/strong>\u00a0bien conectada con Palma y el aeropuerto.<\/p>\n<hr data-start=\"964\" data-end=\"967\" \/>\n<h3 data-start=\"969\" data-end=\"982\"><span style=\"font-size: 12pt;\">Ubicaci\u00f3n<\/span><\/h3>\n<p data-start=\"984\" data-end=\"1237\">Binissalem est\u00e1 a unos\u00a0<strong data-start=\"1007\" data-end=\"1037\">25 minutos en coche o tren<\/strong>\u00a0de\u00a0<strong data-start=\"1041\" data-end=\"1050\">Palma<\/strong>, con excelente acceso por la autopista\u00a0<strong data-start=\"1090\" data-end=\"1099\">Ma-13<\/strong>\u00a0y l\u00ednea ferroviaria directa. Su\u00a0<strong data-start=\"1132\" data-end=\"1153\">ubicaci\u00f3n central<\/strong>\u00a0es ideal para explorar la isla, especialmente las regiones interiores y de monta\u00f1a.<\/p>\n<hr data-start=\"1239\" data-end=\"1242\" \/>\n<h3 data-start=\"1244\" data-end=\"1280\"><span style=\"font-size: 12pt;\">\u00bfPor qu\u00e9 es conocido Binissalem?<\/span><\/h3>\n<ul data-start=\"1282\" data-end=\"1799\">\n<li data-start=\"1282\" data-end=\"1378\">\n<p data-start=\"1284\" data-end=\"1378\"><strong data-start=\"1284\" data-end=\"1306\">Producci\u00f3n de vino<\/strong>\u00a0\u2013 Primera zona con DO en Mallorca, famosa por uvas Manto Negro y Moll<\/p>\n<\/li>\n<li data-start=\"1379\" data-end=\"1489\">\n<p data-start=\"1381\" data-end=\"1489\"><strong data-start=\"1381\" data-end=\"1401\">Festa des Vermar<\/strong>\u00a0\u2013 Fiesta de la vendimia en septiembre con desfiles, uvas, trajes t\u00edpicos y vino local<\/p>\n<\/li>\n<li data-start=\"1490\" data-end=\"1582\">\n<p data-start=\"1492\" data-end=\"1582\"><strong data-start=\"1492\" data-end=\"1512\">Casas se\u00f1oriales<\/strong>\u00a0\u2013 Viviendas tradicionales con patio interior y elementos originales<\/p>\n<\/li>\n<li data-start=\"1583\" data-end=\"1662\">\n<p data-start=\"1585\" data-end=\"1662\"><strong data-start=\"1585\" data-end=\"1605\">Plaza del pueblo<\/strong>\u00a0\u2013 Mercado semanal, caf\u00e9s y eventos durante todo el a\u00f1o<\/p>\n<\/li>\n<li data-start=\"1663\" data-end=\"1715\">\n<p data-start=\"1665\" data-end=\"1715\"><strong data-start=\"1665\" data-end=\"1687\">Acceso ferroviario<\/strong>\u00a0\u2013 L\u00ednea directa con Palma<\/p>\n<\/li>\n<li data-start=\"1716\" data-end=\"1799\">\n<p data-start=\"1718\" data-end=\"1799\"><strong data-start=\"1718\" data-end=\"1739\">Ambiente familiar<\/strong>\u00a0\u2013 Escuelas, servicios y tranquilidad para vivir todo el a\u00f1o<\/p>\n<\/li>\n<\/ul>\n","protected":false},"excerpt":{"rendered":"<p>Excepcional Finca en Venta en Binissalem Con ocho dormitorios y seis ba\u00f1os Con un encantador jard\u00edn con piscina de agua salada y alojamiento independiente para invitados<\/p>\n","protected":false},"author":1,"featured_media":257176,"parent":0,"menu_order":0,"template":"","property_type":[419],"property_status":[761],"property_feature":[851,847,859,860,863,2213,479,483,1520,1595,1703,844,1772,1161,1555,1301,947,955,1184,951,1425,2077,846,2856,1163,841,849,2208,2218,1173,861,1036,2893,1390,1047,1167,1388,855,2903,2898,2935,2861,1438,1050,2329,2237,1391,2112,1164,2098,2919,2924,852,3204,2334,1387,856,858,1477,1767,2103,864,867,759,866,1392],"property_label":[3869],"property_country":[758],"property_state":[760,556],"property_city":[566],"property_area":[682],"class_list":["post-257182","property","type-property","status-publish","has-post-thumbnail","hentry","property_type-finca-en-venta-en-mallorca","property_status-propiedades-en-venta-mallorca","property_feature-inmobiliaria-en-venta-mallorca-utilidades-inmobiliaria-caracteristicas-pozo-agua","property_feature-inmobiliaria-en-venta-mallorca-inmueble-calefaccion-y-refrigeracion-aire-acondicionado","property_feature-inmueble-caracteristicas-inmobiliaria-venta-mallorca-inmueble-jardin-arboles-frutales","property_feature-propiedad-caracteristicas-inmobiliaria-venta-mallorca-propiedad-jardin-arboles-maduros","property_feature-inmobiliaria-en-venta-mallorca-inmobiliaria-caracteristicas-armarios-empotrados","property_feature-inmobiliaria-en-venta-mallorca-inmobiliaria-caracteristicas-calefaccion-y-refrigeracion-arquitectura-sostenible","property_feature-inmobiliaria-en-venta-mallorca-inmobiliaria-caracteristicas-bano","property_feature-caracteristicas-de-la-propiedad-inmobiliaria-en-venta-mallorca-en-suite-bano","property_feature-inmueble-caracteristicas-inmobiliaria-venta-mallorca-inmueble-jardin-barbacoa","property_feature-inmobiliaria-en-venta-mallorca-inmueble-calefaccion-refrigeracion-caracteristicas","property_feature-inmobiliaria-en-venta-mallorca-inmobiliaria-caracteristicas-calefaccion-y-refrigeracion-calentador-de-agua-electrico","property_feature-inmueble-caracteristicas-inmueble-venta-mallorca-inmueble-ubicacion-campo","property_feature-inmobiliaria-en-venta-mallorca-propiedad-caracteristicas-interior-caracteristicas","property_feature-inmuebles-en-venta-en-mallorca-propiedad-caracteristicas-extra-especiales","property_feature-inmobiliaria-en-venta-en-mallorca-con-casa-de-invitados","property_feature-inmueble-caracteristicas-inmueble-venta-mallorca-inmueble-ubicacion-cerca-de-centros-medicos","property_feature-propiedad-caracteristicas-propiedad-venta-mallorca-propiedad-ubicacion-es-cerca-de-la-playa","property_feature-inmueble-caracteristicas-inmueble-venta-mallorca-inmueble-ubicacion-cerca-de-restaurantes","property_feature-propiedad-caracteristicas-propiedad-venta-mallorca-propiedad-ubicacion-esta-cerca-de-tiendas","property_feature-propiedad-caracteristicas-propiedad-venta-mallorca-propiedad-ubicacion-cerca-de-todos-los-servicios","property_feature-inmobiliaria-en-venta-mallorca-inmueble-calefaccion-y-refrigeracion-chimenea-o-hogar","property_feature-inmobiliaria-en-venta-en-mallorca-con-cocina","property_feature-inmobiliaria-en-venta-en-mallorca-con-cocina-equipada","property_feature-propiedades-caracteristicas-colegios-internacionales-mallorca","property_feature-propiedad-venta-mallorca-inmueble-caracteristicas-estado-del-inmueble","property_feature-propiedad-venta-mallorca-propiedad-caracteristicas-estado-construida-con-alto-estandar","property_feature-inmobiliaria-en-venta-mallorca-servicios-publicos-contrato-de-luz","property_feature-inmobiliaria-en-venta-mallorca-inmobiliaria-caracteristicas-dormitorio","property_feature-inmobiliaria-en-venta-mallorca-inmobiliaria-caracteristicas-calefaccion-refrigeracion-edificio-eficiente-energetico","property_feature-inmobiliaria-en-venta-mallorca-inmobiliaria-caracteristicas-seguridad-entrada-automatica","property_feature-propiedad-venta-mallorca-propiedad-caracteristicas-entrada-de-coches","property_feature-propiedad-venta-mallorca-inmueble-caracteristicas-estado-impecable-estado","property_feature-fundacio-sa-llavor-escuela-internacional-mallorca","property_feature-inmobiliaria-en-venta-en-mallorca-con-garaje-o-parking","property_feature-inmueble-caracteristicas-inmueble-venta-mallorca-inmueble-jardin-gran-jardin","property_feature-inmobiliaria-en-venta-mallorca-propiedad-caracteristicas-interior-caracteristicas-interior-tradicional","property_feature-propiedad-caracteristicas-propiedad-ventas-mallorca-propiedad-jardin","property_feature-propiedad-caracteristicas-propiedad-ventas-mallorca-propiedad-jardin-jardin-paisajistico","property_feature-la-academia-colegio-internacional-mallorca-espana","property_feature-la-escuela-montessori-de-mallorca","property_feature-inmobiliaria-en-venta-mallorca-inmobiliaria-caracteristicas-mosquiteras-de-ventanas","property_feature-my-school-mallorca-colegio-internacional-mallorca","property_feature-inmobiliaria-en-venta-mallorca-utilidades-inmueble-caracteristicas-paneles-solares","property_feature-propiedad-caracteristicas-inmobiliaria-venta-mallorca-propiedad-jardin-nivel-parcela","property_feature-inmobiliaria-en-venta-mallorca-inmobiliaria-caracteristicas-interior-caracteristicas-suelos","property_feature-inmobiliaria-en-venta-mallorca-inmueble-caracteristicas-seguridad-ventanas-persianas","property_feature-inmobiliaria-en-venta-en-mallorca-con-piscina","property_feature-inmobiliaria-en-venta-en-mallorca-con-piscina-de-agua-salada","property_feature-propiedad-venta-mallorca-inmueble-caracteristicas-estado-recien-reformado","property_feature-inmobiliaria-en-venta-en-mallorca-con-sistema-de-seguridad","property_feature-inmobiliaria-en-venta-mallorca-utilidades-inmueble-caracteristicas-sistems-de-descalcificacion-del-agua","property_feature-inmobiliaria-en-venta-mallorca-servicios-inmueble-caracteristicas-agua-potable-filtracion-sistema","property_feature-propiedad-caracteristicas-inmobiliaria-venta-mallorca-propiedad-jardin-riego-automatico","property_feature-sistemas-de-alarma","property_feature-inmobiliaria-en-venta-mallorca-inmobiliaria-caracteristicas-interior-caracteristicas-suelo-piedra","property_feature-inmobiliaria-en-venta-mallorca-utilidades-servicios-publicos","property_feature-propiedad-caracteristicas-propiedad-venta-mallorca-propiedad-jardin-terraza-cubierta","property_feature-propiedad-caracteristicas-inmobiliaria-venta-mallorca-propiedad-jardin-azotea-terraza","property_feature-inmueble-caracteristicas-inmueble-venta-mallorca-inmueble-ubicacion-cerca-de-escuelas","property_feature-propiedad-caracteristicas-propiedad-ventas-mallorca-propiedad-ubicacion","property_feature-inmobiliaria-en-venta-mallorca-inmueble-caracteristicas-seguridad-vallado","property_feature-inmobiliaria-en-venta-mallorca-inmobiliaria-caracteristicas-calefaccion-refrigeracion-vidrio-aislante","property_feature-inmobiliaria-en-mallorca-propiedad-vistas-montana","property_feature-inmobiliaria-en-mallorca-propiedad-vistas-campo","property_feature-inmobiliaria-en-mallorca-propiedad-vistas-jardin-piscina","property_feature-inmobiliaria-en-venta-en-mallorca-con-excelentes-vistas","property_label-oportunidades-inmobiliarias-con-precio-rebajado-en-mallorca","property_country-en-venta-mallorca-espana-mallorca-property-guru","property_state-inmobiliaria-en-venta-en-mallorca","property_state-inmobiliaria-en-venta-en-mallorca-raiguer-central-mallorca","property_city-en-venta-binissalem-mallorca","property_area-denominacion-de-origen-binissalem-vino-de-mallorca"],"property_meta":{"_wpsp_custom_templates":["a:7:{s:8:\"facebook\";a:3:{s:8:\"template\";s:0:\"\";s:8:\"profiles\";a:0:{}s:9:\"is_global\";b:0;}s:7:\"twitter\";a:3:{s:8:\"template\";s:0:\"\";s:8:\"profiles\";a:0:{}s:9:\"is_global\";b:0;}s:8:\"linkedin\";a:3:{s:8:\"template\";s:0:\"\";s:8:\"profiles\";a:0:{}s:9:\"is_global\";b:0;}s:9:\"pinterest\";a:3:{s:8:\"template\";s:0:\"\";s:8:\"profiles\";a:0:{}s:9:\"is_global\";b:0;}s:9:\"instagram\";a:3:{s:8:\"template\";s:0:\"\";s:8:\"profiles\";a:0:{}s:9:\"is_global\";b:0;}s:6:\"medium\";a:3:{s:8:\"template\";s:0:\"\";s:8:\"profiles\";a:0:{}s:9:\"is_global\";b:0;}s:7:\"threads\";a:3:{s:8:\"template\";s:0:\"\";s:8:\"profiles\";a:0:{}s:9:\"is_global\";b:0;}}"],"houzez_featured_listing_date":["2026-02-21 11:11:53"],"_wpml_media_duplicate":["1"],"_wpml_media_featured":["1"],"_top_nav_excluded":[""],"_cms_nav_minihome":[""],"_wp_page_template":["default"],"houzez_geolocation_lat":["39.692764655112"],"houzez_geolocation_long":["2.8507411065981"],"_thumbnail_id":["257176"],"_wpml_word_count":["1108"],"_edit_lock":["1771668716:1"],"rank_math_seo_score":["61"],"_edit_last":["1"],"_wpscppro_advance_schedule":[""],"fave_show_price_placeholder":["0"],"fave_portal_1753787295":["0"],"fave_portal_1753788757":["0"],"has_images":["1"],"rank_math_primary_property_type":["0"],"rank_math_primary_property_status":["0"],"rank_math_primary_property_feature":["0"],"rank_math_primary_property_label":["0"],"rank_math_primary_property_country":["0"],"rank_math_primary_property_state":["0"],"rank_math_primary_property_city":["0"],"rank_math_primary_property_area":["0"],"houzez_manual_expire":["0"],"_houzez_expiration_date_status":["saved"],"_facebook_share_type":["default"],"_twitter_share_type":["default"],"_linkedin_share_type":["default"],"_pinterest_share_type":["default"],"_instagram_share_type":["default"],"_medium_share_type":["default"],"_selected_social_profile":["a:0:{}"],"_last_translation_edit_mode":["native-editor"],"houzez_total_property_views":["321"],"houzez_views_by_date":["a:61:{s:10:\"02-06-2026\";i:1;s:10:\"02-07-2026\";i:1;s:10:\"02-09-2026\";i:3;s:10:\"02-10-2026\";i:2;s:10:\"02-12-2026\";i:2;s:10:\"02-13-2026\";i:2;s:10:\"02-14-2026\";i:1;s:10:\"02-16-2026\";i:3;s:10:\"02-17-2026\";i:2;s:10:\"02-18-2026\";i:2;s:10:\"02-19-2026\";i:2;s:10:\"02-20-2026\";i:4;s:10:\"02-22-2026\";i:2;s:10:\"02-23-2026\";i:1;s:10:\"02-24-2026\";i:1;s:10:\"02-25-2026\";i:1;s:10:\"02-28-2026\";i:1;s:10:\"03-02-2026\";i:3;s:10:\"03-03-2026\";i:1;s:10:\"03-04-2026\";i:1;s:10:\"03-05-2026\";i:4;s:10:\"03-06-2026\";i:6;s:10:\"03-08-2026\";i:3;s:10:\"03-09-2026\";i:1;s:10:\"03-10-2026\";i:1;s:10:\"03-12-2026\";i:2;s:10:\"03-13-2026\";i:4;s:10:\"03-14-2026\";i:3;s:10:\"03-15-2026\";i:1;s:10:\"03-16-2026\";i:1;s:10:\"03-18-2026\";i:1;s:10:\"03-19-2026\";i:1;s:10:\"03-21-2026\";i:1;s:10:\"03-22-2026\";i:2;s:10:\"03-24-2026\";i:1;s:10:\"03-25-2026\";i:2;s:10:\"03-26-2026\";i:1;s:10:\"03-28-2026\";i:2;s:10:\"03-29-2026\";i:3;s:10:\"03-30-2026\";i:1;s:10:\"03-31-2026\";i:1;s:10:\"04-04-2026\";i:3;s:10:\"04-05-2026\";i:3;s:10:\"04-08-2026\";i:1;s:10:\"04-10-2026\";i:1;s:10:\"04-11-2026\";i:2;s:10:\"04-13-2026\";i:1;s:10:\"04-14-2026\";i:1;s:10:\"04-15-2026\";i:1;s:10:\"04-16-2026\";i:1;s:10:\"04-17-2026\";i:2;s:10:\"04-18-2026\";i:1;s:10:\"04-19-2026\";i:2;s:10:\"04-20-2026\";i:1;s:10:\"04-22-2026\";i:1;s:10:\"04-24-2026\";i:2;s:10:\"04-25-2026\";i:2;s:10:\"04-26-2026\";i:2;s:10:\"04-27-2026\";i:4;s:10:\"04-28-2026\";i:2;s:10:\"04-29-2026\";i:2;}"],"houzez_recently_viewed":["2026-04-29 05:56:39"],"fave_virtual_tour":["<iframe title=\"vimeo-player\" src=\"https:\/\/player.vimeo.com\/video\/1106699274?h=ca9de20ab0\" width=\"640\" height=\"360\" frameborder=\"0\" referrerpolicy=\"strict-origin-when-cross-origin\" allow=\"autoplay; fullscreen; picture-in-picture; clipboard-write; encrypted-media; web-share\"   allowfullscreen><\/iframe>"],"fave_portal_1754226254":["1"],"fave_portal_1754395991":["1"],"fave_portal_1754598704":["1"],"fave_property_price":["3400000"],"fave_property_size":["472"],"fave_property_size_prefix":["m2"],"fave_property_land":["8260"],"fave_property_land_postfix":["m2"],"fave_property_bedrooms":["8"],"fave_property_bathrooms":["6"],"fave_property_year":["2002"],"fave_property_id":["913"],"fave_property_map":["1"],"fave_property_map_address":["Binissalem, Spain"],"fave_property_location":["39.692764655112,2.8507411065981,15"],"fave_property_map_street_view":["hide"],"fave_property_address":["Binissalem, Spain"],"fave_property_zip":["07350"],"fave_video_url":["https:\/\/vimeo.com\/1106699274"],"fave_prop_homeslider":["no"],"fave_energy_class":["C"],"rank_math_description":["Excepcional Finca en Venta en Binissalem Con ocho dormitorios y seis ba\u00f1os Con un encantador jard\u00edn con piscina de agua salada y alojamiento independiente para invitados"],"rank_math_focus_keyword":["Excepcional Finca en Venta en Binissalem"],"_threads_share_type":["default"],"_google_business_share_type":["default"],"rank_math_analytic_object_id":["169"],"fave_price-reduced":["3.900.000\u20ac"],"fave_reduced-by":["13%"],"fave_featured":["1"],"fave_property_images":["257173","257158","257148","257143","257153","257138","257067","257057","257052","257062","257042","257047","257032","257037","257027","257093","257007","257022","257072","257017","257088","257083","257077","257113","257118","257108","257103","257168","257098","257163","257133","257128","257123","257012","257002"],"fave_agent_display_option":["agent_info"],"fave_agents":["6378"],"fave_single_top_area":["global"],"fave_single_content_area":["global"],"wp-smush-lcp-data-802b683dc13f2c26aacf6856a9149a45":["a:6:{s:8:\"selector\";s:42:\"#gallery-featured-placeholder > .img-fluid\";s:14:\"selector_xpath\";s:81:\"\/html\/body\/main\/section\/div[2]\/div\/div[1]\/div[1]\/div\/div[2]\/div[1]\/div\/div[1]\/img\";s:11:\"selector_id\";s:0:\"\";s:14:\"selector_class\";s:21:\"img-fluid w-100 h-100\";s:9:\"image_url\";s:95:\"https:\/\/www.mallorcaguru.es\/wp-content\/smush-avif\/2025\/07\/03-Finca-Binissalem-1170x785.jpg.avif\";s:7:\"version\";i:8;}"],"_elementor_page_assets":["a:0:{}"]},"_links":{"self":[{"href":"https:\/\/www.mallorcaguru.es\/es\/wp-json\/wp\/v2\/properties\/257182","targetHints":{"allow":["GET"]}}],"collection":[{"href":"https:\/\/www.mallorcaguru.es\/es\/wp-json\/wp\/v2\/properties"}],"about":[{"href":"https:\/\/www.mallorcaguru.es\/es\/wp-json\/wp\/v2\/types\/property"}],"author":[{"embeddable":true,"href":"https:\/\/www.mallorcaguru.es\/es\/wp-json\/wp\/v2\/users\/1"}],"version-history":[{"count":0,"href":"https:\/\/www.mallorcaguru.es\/es\/wp-json\/wp\/v2\/properties\/257182\/revisions"}],"wp:featuredmedia":[{"embeddable":true,"href":"https:\/\/www.mallorcaguru.es\/es\/wp-json\/wp\/v2\/media\/257176"}],"wp:attachment":[{"href":"https:\/\/www.mallorcaguru.es\/es\/wp-json\/wp\/v2\/media?parent=257182"}],"wp:term":[{"taxonomy":"property_type","embeddable":true,"href":"https:\/\/www.mallorcaguru.es\/es\/wp-json\/wp\/v2\/property_type?post=257182"},{"taxonomy":"property_status","embeddable":true,"href":"https:\/\/www.mallorcaguru.es\/es\/wp-json\/wp\/v2\/property_status?post=257182"},{"taxonomy":"property_feature","embeddable":true,"href":"https:\/\/www.mallorcaguru.es\/es\/wp-json\/wp\/v2\/property_feature?post=257182"},{"taxonomy":"property_label","embeddable":true,"href":"https:\/\/www.mallorcaguru.es\/es\/wp-json\/wp\/v2\/property_label?post=257182"},{"taxonomy":"property_country","embeddable":true,"href":"https:\/\/www.mallorcaguru.es\/es\/wp-json\/wp\/v2\/property_country?post=257182"},{"taxonomy":"property_state","embeddable":true,"href":"https:\/\/www.mallorcaguru.es\/es\/wp-json\/wp\/v2\/property_state?post=257182"},{"taxonomy":"property_city","embeddable":true,"href":"https:\/\/www.mallorcaguru.es\/es\/wp-json\/wp\/v2\/property_city?post=257182"},{"taxonomy":"property_area","embeddable":true,"href":"https:\/\/www.mallorcaguru.es\/es\/wp-json\/wp\/v2\/property_area?post=257182"}],"curies":[{"name":"wp","href":"https:\/\/api.w.org\/{rel}","templated":true}]}}