{"id":280179,"date":"2025-08-29T16:46:18","date_gmt":"2025-08-29T14:46:18","guid":{"rendered":"https:\/\/www.mallorcaguru.es\/property\/se-vende-proyecto-de-finca-en-algaida\/"},"modified":"2026-02-16T12:30:44","modified_gmt":"2026-02-16T11:30:44","slug":"se-vende-proyecto-de-finca-en-algaida","status":"publish","type":"property","link":"https:\/\/www.mallorcaguru.es\/es\/propiedad\/se-vende-proyecto-de-finca-en-algaida\/","title":{"rendered":"Se vende proyecto de finca en Algaida"},"content":{"rendered":"<h2><strong><span style=\"font-size: 12pt;\">Se vende proyecto de finca en Algaida entre Algaida y Montuiri.<\/span><\/strong><\/h2>\n<p>Situada en una parcela de 17.076 m\u00b2 en una zona muy cotizada entre Algaida y Montuiri, con vistas despejadas y buen acceso por carretera.<\/p>\n<p>Se vende con proyecto b\u00e1sico para una casa rural con una superficie total construida de 439 m\u00b2, distribuida en dos plantas (planta baja y piso), una amplia terraza, piscina y s\u00f3tano con garaje doble y bodega.<\/p>\n<p>El proyecto consiste en una propiedad de tres dormitorios y tres ba\u00f1os, distribuida de la siguiente manera:<\/p>\n<h3><strong><span style=\"font-size: 12pt;\">Distribuci\u00f3n de la casa<\/span><\/strong><\/h3>\n<h3><strong><span style=\"font-size: 12pt;\">Superficie total del s\u00f3tano: 183 m\u00b2<\/span><\/strong><\/h3>\n<p>Rampa de aparcamiento: 17 m\u00b2 &#8211; Garaje: 71 m\u00b2 &#8211; Bodega: 5 m\u00b2 &#8211; Lavadero: 13 m\u00b2 &#8211; Trastero: 17 m\u00b2 &#8211; Aseo de invitados: 2 m\u00b2<\/p>\n<h3><span style=\"font-size: 12pt;\">Planta baja: 150 m\u00b2<\/span><\/h3>\n<p>Cocina: 14 m\u00b2 &#8211; Comedor: 17 m\u00b2 &#8211; Terraza: 12 m\u00b2 &#8211; Aseo de invitados: 2 m\u00b2 &#8211; Sal\u00f3n: 33 m\u00b2 &#8211; Jard\u00edn: 16 m\u00b2<\/p>\n<h3><span style=\"font-size: 12pt;\">Primera planta: 150 m\u00b2<\/span><\/h3>\n<p>Dormitorio: 16 m\u00b2 &#8211; Ba\u00f1o: 11 m\u00b2 &#8211; Vestidor: 4 m\u00b2 &#8211; Terraza privada: 18 m\u00b2<\/p>\n<p>Dormitorio: 15 m\u00b2 &#8211; Ba\u00f1o: 2: 4 m\u00b2<\/p>\n<p>Dormitorio: 3: 15 m\u00b2 &#8211; Ba\u00f1o: 3: 4 m\u00b2<\/p>\n<h3><span style=\"font-size: 12pt;\">Exterior:<\/span><\/h3>\n<p>Piscina: 35 m\u00b2 &#8211; Terraza con piscina: 84 m\u00b2<\/p>\n<h3><span style=\"font-size: 12pt;\">Superficie total 439 m\u00b2<\/span><\/h3>\n<h3><strong><span style=\"font-size: 12pt;\">Terreno: 17.076 m\u00b2<\/span><\/strong><\/h3>\n<p>El terreno y el proyecto se ofrecen a la venta a este precio para que el comprador pueda finalizar los detalles del proyecto y la construcci\u00f3n. Disponemos de planos detallados y un esquema provisional con todos los detalles de las instalaciones, incluyendo materiales de construcci\u00f3n, fontaner\u00eda y electricidad.<\/p>\n<p>La propiedad ha sido dise\u00f1ada para incluir calefacci\u00f3n por suelo radiante, doble acristalamiento, aire acondicionado, dep\u00f3sitos de agua de lluvia y potable, paneles solares y una parcela completamente cerrada con acceso al camino de entrada y un muro de jard\u00edn de piedra de Santany\u00ed.<\/p>\n<p>A tan solo 20 minutos del aeropuerto y a menos de 25 minutos de la capital, es una oportunidad \u00fanica para adquirir este proyecto, dise\u00f1ado como una residencia de campo tradicional con un interior moderno a un precio muy razonable.<\/p>\n<h4><strong>Contacta con nosotros, Para m\u00e1s informaci\u00f3n sobre este proyecto de finca en venta en Algaida, Mallorca.<\/strong><\/h4>\n<p><a href=\"https:\/\/www.mallorcaguru.es\/es\/pueblo\/en-venta-algaida-mallorca\/\" target=\"_blank\" rel=\"noopener\">Algaida<\/a> es un peque\u00f1o pueblo en la campi\u00f1a del Pla de Mallorca, en la regi\u00f3n central de Mallorca, al sureste de la isla, que incluye las localidades de Pina y Randa. Est\u00e1 bien conectado con Palma de Mallorca y el aeropuerto, a 20 minutos en coche por autopista. El pueblo es peque\u00f1o y rural, con una poblaci\u00f3n de unos 6.000 habitantes.<\/p>\n","protected":false},"excerpt":{"rendered":"<p>Se vende proyecto de finca en Algaida Mallorca Parcela de 17.000m2 para proyecto de casa de tres dormitorios y tres ba\u00f1os.<\/p>\n","protected":false},"author":1,"featured_media":0,"parent":0,"menu_order":0,"template":"","property_type":[419],"property_status":[761],"property_feature":[847,515,479,483,1595,844,1772,2077,846,1163,1683,1226,1539,2208,1081,960,1390,949,1388,1490,1391,1049,2271,1349,1767,1659,759,866,1392],"property_label":[3864],"property_country":[758],"property_state":[760,581],"property_city":[586],"property_area":[1212],"class_list":["post-280179","property","type-property","status-publish","hentry","property_type-finca-en-venta-en-mallorca","property_status-propiedades-en-venta-mallorca","property_feature-inmobiliaria-en-venta-mallorca-inmueble-calefaccion-y-refrigeracion-aire-acondicionado","property_feature-inmobiliaria-en-venta-mallorca-inmobiliaria-caracteristicas-aseo-invitados","property_feature-inmobiliaria-en-venta-mallorca-inmobiliaria-caracteristicas-bano","property_feature-caracteristicas-de-la-propiedad-inmobiliaria-en-venta-mallorca-en-suite-bano","property_feature-inmobiliaria-en-venta-mallorca-inmueble-calefaccion-refrigeracion-caracteristicas","property_feature-inmueble-caracteristicas-inmueble-venta-mallorca-inmueble-ubicacion-campo","property_feature-inmobiliaria-en-venta-mallorca-propiedad-caracteristicas-interior-caracteristicas","property_feature-inmobiliaria-en-venta-en-mallorca-con-cocina","property_feature-inmobiliaria-en-venta-en-mallorca-con-cocina-equipada","property_feature-propiedad-venta-mallorca-inmueble-caracteristicas-estado-del-inmueble","property_feature-inmobiliaria-en-venta-en-mallorca-con-cuarto-de-lavado","property_feature-propiedad-venta-mallorca-inmobiliaria-caracteristicas-doble-garaje","property_feature-inmobiliaria-en-venta-mallorca-inmobiliaria-documentos","property_feature-inmobiliaria-en-venta-mallorca-inmobiliaria-caracteristicas-dormitorio","property_feature-inmobiliaria-en-venta-en-mallorca-con-espacio-para-piscina","property_feature-propiedad-venta-mallorca-propiedad-caracteristicas-aparcamiento-subterraneo","property_feature-inmobiliaria-en-venta-en-mallorca-con-garaje-o-parking","property_feature-inmobiliaria-en-venta-mallorca-propiedad-caracteristicas-interior-caracteristicas-interior-moderno","property_feature-propiedad-caracteristicas-propiedad-ventas-mallorca-propiedad-jardin","property_feature-licencia-de-construccion-basica","property_feature-inmobiliaria-en-venta-en-mallorca-con-piscina","property_feature-propiedad-caracteristicas-propiedad-ventas-mallorca-propiedad-jardin-porche","property_feature-propiedad-venta-mallorca-inmueble-caracteristicas-estado-nueva-promocion-inmueble","property_feature-propiedad-caracteristicas-inmobiliaria-venta-mallorca-propiedad-jardin-terraza","property_feature-propiedad-caracteristicas-propiedad-ventas-mallorca-propiedad-ubicacion","property_feature-inmobiliaria-en-venta-mallorca-inmobiliaria-caracteristicas-vestidor","property_feature-inmobiliaria-en-mallorca-propiedad-vistas-campo","property_feature-inmobiliaria-en-mallorca-propiedad-vistas-jardin-piscina","property_feature-inmobiliaria-en-venta-en-mallorca-con-excelentes-vistas","property_label-proyectos-de-construccion-en-venta-en-mallorca","property_country-en-venta-mallorca-espana-mallorca-property-guru","property_state-inmobiliaria-en-venta-en-mallorca","property_state-inmobiliaria-en-venta-en-pla-de-mallorca-centro","property_city-en-venta-algaida-mallorca","property_area-denominacion-de-origen-pla-y-llevant-vino-de-mallorca"],"property_meta":{"_wpsp_custom_templates":["a:7:{s:8:\"facebook\";a:3:{s:8:\"template\";s:0:\"\";s:8:\"profiles\";a:0:{}s:9:\"is_global\";b:0;}s:7:\"twitter\";a:3:{s:8:\"template\";s:0:\"\";s:8:\"profiles\";a:0:{}s:9:\"is_global\";b:0;}s:8:\"linkedin\";a:3:{s:8:\"template\";s:0:\"\";s:8:\"profiles\";a:0:{}s:9:\"is_global\";b:0;}s:9:\"pinterest\";a:3:{s:8:\"template\";s:0:\"\";s:8:\"profiles\";a:0:{}s:9:\"is_global\";b:0;}s:9:\"instagram\";a:3:{s:8:\"template\";s:0:\"\";s:8:\"profiles\";a:0:{}s:9:\"is_global\";b:0;}s:6:\"medium\";a:3:{s:8:\"template\";s:0:\"\";s:8:\"profiles\";a:0:{}s:9:\"is_global\";b:0;}s:7:\"threads\";a:3:{s:8:\"template\";s:0:\"\";s:8:\"profiles\";a:0:{}s:9:\"is_global\";b:0;}}"],"houzez_featured_listing_date":["2026-02-16 12:30:45"],"_wpml_media_duplicate":["1"],"_wpml_media_featured":["1"],"_top_nav_excluded":[""],"_cms_nav_minihome":[""],"_wp_page_template":["default"],"houzez_geolocation_lat":["39.570112"],"houzez_geolocation_long":["2.938291"],"rank_math_pillar_content":["on"],"_wpml_word_count":["410"],"_last_translation_edit_mode":["native-editor"],"houzez_total_property_views":["293"],"houzez_views_by_date":["a:61:{s:10:\"01-31-2026\";i:6;s:10:\"02-01-2026\";i:7;s:10:\"02-02-2026\";i:3;s:10:\"02-03-2026\";i:2;s:10:\"02-04-2026\";i:5;s:10:\"02-05-2026\";i:3;s:10:\"02-06-2026\";i:3;s:10:\"02-07-2026\";i:4;s:10:\"02-08-2026\";i:1;s:10:\"02-09-2026\";i:3;s:10:\"02-10-2026\";i:2;s:10:\"02-11-2026\";i:4;s:10:\"02-12-2026\";i:2;s:10:\"02-13-2026\";i:1;s:10:\"02-14-2026\";i:5;s:10:\"02-15-2026\";i:1;s:10:\"02-16-2026\";i:3;s:10:\"02-17-2026\";i:2;s:10:\"02-18-2026\";i:1;s:10:\"02-19-2026\";i:2;s:10:\"02-22-2026\";i:1;s:10:\"02-24-2026\";i:1;s:10:\"02-25-2026\";i:1;s:10:\"02-28-2026\";i:1;s:10:\"03-01-2026\";i:2;s:10:\"03-02-2026\";i:4;s:10:\"03-04-2026\";i:1;s:10:\"03-05-2026\";i:2;s:10:\"03-09-2026\";i:2;s:10:\"03-10-2026\";i:1;s:10:\"03-12-2026\";i:2;s:10:\"03-15-2026\";i:1;s:10:\"03-16-2026\";i:2;s:10:\"03-17-2026\";i:3;s:10:\"03-20-2026\";i:3;s:10:\"03-22-2026\";i:3;s:10:\"03-23-2026\";i:1;s:10:\"03-24-2026\";i:1;s:10:\"03-25-2026\";i:3;s:10:\"03-26-2026\";i:1;s:10:\"03-27-2026\";i:3;s:10:\"03-29-2026\";i:2;s:10:\"03-30-2026\";i:1;s:10:\"04-01-2026\";i:1;s:10:\"04-02-2026\";i:1;s:10:\"04-04-2026\";i:1;s:10:\"04-05-2026\";i:3;s:10:\"04-06-2026\";i:1;s:10:\"04-07-2026\";i:1;s:10:\"04-08-2026\";i:1;s:10:\"04-10-2026\";i:1;s:10:\"04-12-2026\";i:1;s:10:\"04-13-2026\";i:2;s:10:\"04-14-2026\";i:12;s:10:\"04-17-2026\";i:1;s:10:\"04-18-2026\";i:2;s:10:\"04-19-2026\";i:1;s:10:\"04-21-2026\";i:1;s:10:\"04-22-2026\";i:1;s:10:\"04-24-2026\";i:2;s:10:\"04-25-2026\";i:2;}"],"houzez_recently_viewed":["2026-04-25 08:33:34"],"_edit_lock":["1771241448:1"],"rank_math_seo_score":["62"],"_edit_last":["1"],"_wpscppro_advance_schedule":[""],"fave_show_price_placeholder":["0"],"fave_portal_1754226254":["1"],"fave_portal_1754598704":["1"],"has_images":["1"],"rank_math_primary_property_type":["0"],"rank_math_primary_property_status":["0"],"rank_math_primary_property_feature":["0"],"rank_math_primary_property_label":["0"],"rank_math_primary_property_country":["0"],"rank_math_primary_property_state":["0"],"rank_math_primary_property_city":["0"],"rank_math_primary_property_area":["0"],"houzez_manual_expire":["0"],"_houzez_expiration_date_status":["saved"],"_facebook_share_type":["default"],"_twitter_share_type":["default"],"_linkedin_share_type":["default"],"_pinterest_share_type":["default"],"_instagram_share_type":["default"],"_medium_share_type":["default"],"_threads_share_type":["default"],"_google_business_share_type":["default"],"_selected_social_profile":["a:0:{}"],"rank_math_analytic_object_id":["37"],"fave_property_price":["380000"],"fave_property_size":["439"],"fave_property_size_prefix":["m2"],"fave_property_land":["17076"],"fave_property_land_postfix":["m2"],"fave_property_bedrooms":["3"],"fave_property_bathrooms":["3"],"fave_property_garage_size":["71m2"],"fave_property_id":["924"],"fave_property_map":["1"],"fave_property_map_address":["Cam\u00ed de Son Barranquer, 07210 Algaida, Illes Balears, Spain"],"fave_property_location":["39.570112,2.938291,15"],"fave_property_map_street_view":["show"],"fave_property_address":["Cam\u00ed de Son Barranquer, 07210 Algaida, Illes Balears"],"fave_property_zip":["07210"],"fave_prop_homeslider":["no"],"rank_math_focus_keyword":["Se vende proyecto de finca en Algaida"],"fave_attachments":["279936"],"_wpml_media_has_media":["1"],"fave_featured":["1"],"fave_property_images":["327090","327088","327091","327087","327089","327086","279833","279828","279838","279888","279873","279848","279858","279853","279868","279843","279863","279883","279878","279928","279923","279918","279913","279908","279903","279898","279893","279819","279814","279809"],"fave_agent_display_option":["agent_info"],"fave_agents":["5167"],"fave_single_top_area":["global"],"fave_single_content_area":["global"],"wp-smush-lcp-data-7876c2873fdc7077c06521f48a9072da":["a:6:{s:8:\"selector\";s:42:\"#gallery-featured-placeholder > .img-fluid\";s:14:\"selector_xpath\";s:81:\"\/html\/body\/main\/section\/div[2]\/div\/div[1]\/div[1]\/div\/div[2]\/div[1]\/div\/div[1]\/img\";s:11:\"selector_id\";s:0:\"\";s:14:\"selector_class\";s:21:\"img-fluid w-100 h-100\";s:9:\"image_url\";s:90:\"https:\/\/www.mallorcaguru.es\/wp-content\/smush-avif\/2026\/02\/Land-Algaida-6-1170x785.jpg.avif\";s:7:\"version\";i:8;}"],"_elementor_page_assets":["a:0:{}"]},"_links":{"self":[{"href":"https:\/\/www.mallorcaguru.es\/es\/wp-json\/wp\/v2\/properties\/280179","targetHints":{"allow":["GET"]}}],"collection":[{"href":"https:\/\/www.mallorcaguru.es\/es\/wp-json\/wp\/v2\/properties"}],"about":[{"href":"https:\/\/www.mallorcaguru.es\/es\/wp-json\/wp\/v2\/types\/property"}],"author":[{"embeddable":true,"href":"https:\/\/www.mallorcaguru.es\/es\/wp-json\/wp\/v2\/users\/1"}],"version-history":[{"count":0,"href":"https:\/\/www.mallorcaguru.es\/es\/wp-json\/wp\/v2\/properties\/280179\/revisions"}],"wp:attachment":[{"href":"https:\/\/www.mallorcaguru.es\/es\/wp-json\/wp\/v2\/media?parent=280179"}],"wp:term":[{"taxonomy":"property_type","embeddable":true,"href":"https:\/\/www.mallorcaguru.es\/es\/wp-json\/wp\/v2\/property_type?post=280179"},{"taxonomy":"property_status","embeddable":true,"href":"https:\/\/www.mallorcaguru.es\/es\/wp-json\/wp\/v2\/property_status?post=280179"},{"taxonomy":"property_feature","embeddable":true,"href":"https:\/\/www.mallorcaguru.es\/es\/wp-json\/wp\/v2\/property_feature?post=280179"},{"taxonomy":"property_label","embeddable":true,"href":"https:\/\/www.mallorcaguru.es\/es\/wp-json\/wp\/v2\/property_label?post=280179"},{"taxonomy":"property_country","embeddable":true,"href":"https:\/\/www.mallorcaguru.es\/es\/wp-json\/wp\/v2\/property_country?post=280179"},{"taxonomy":"property_state","embeddable":true,"href":"https:\/\/www.mallorcaguru.es\/es\/wp-json\/wp\/v2\/property_state?post=280179"},{"taxonomy":"property_city","embeddable":true,"href":"https:\/\/www.mallorcaguru.es\/es\/wp-json\/wp\/v2\/property_city?post=280179"},{"taxonomy":"property_area","embeddable":true,"href":"https:\/\/www.mallorcaguru.es\/es\/wp-json\/wp\/v2\/property_area?post=280179"}],"curies":[{"name":"wp","href":"https:\/\/api.w.org\/{rel}","templated":true}]}}