{"id":301086,"date":"2025-10-28T13:51:32","date_gmt":"2025-10-28T12:51:32","guid":{"rendered":"https:\/\/www.mallorcaguru.es\/property\/estudio-dobles-en-venta-en-portocolom-ab201-202\/"},"modified":"2026-03-17T15:00:44","modified_gmt":"2026-03-17T14:00:44","slug":"estudio-dobles-en-venta-en-portocolom-ab201-202","status":"publish","type":"property","link":"https:\/\/www.mallorcaguru.es\/es\/propiedad\/estudio-dobles-en-venta-en-portocolom-ab201-202\/","title":{"rendered":"Estudio Dobles en venta en Portocolom AB201-202"},"content":{"rendered":"<h2><span style=\"font-size: 12pt;\">Apartamentos tipo estudio dobles en venta en Portocolom, alquiler vacacional en un resort recientemente renovado.<\/span><\/h2>\n<h2><span style=\"font-size: 12pt;\">Dos amplios y luminosos apartamentos tipo estudio ubicados en la segunda planta, cada uno con terraza privada.<\/span><\/h2>\n<p>Cada uno cuenta con una cocina americana con capacidad para dos personas, adem\u00e1s de una acogedora sala de estar con televisi\u00f3n y puertas dobles que dan acceso al balc\u00f3n o terraza privados, ideal para disfrutar de un caf\u00e9 por la ma\u00f1ana o una copa de vino por la noche con vistas a los jardines y la piscina.<\/p>\n<hr \/>\n<p>Todos los apartamentos est\u00e1n reci\u00e9n renovados y completamente amueblados, con doble acristalamiento, aire acondicionado y wifi.<\/p>\n<p>Tanto los visitantes como los propietarios pueden disfrutar de una variedad de servicios del hotel, como aparcamiento privado, servicio de recepci\u00f3n y servicio de limpieza.<\/p>\n<p>Tambi\u00e9n dispone de restaurante, bar y minimercado, adem\u00e1s de instalaciones deportivas y de ocio como una gran piscina, gimnasio, sauna, pista de squash, pista de voleibol y pista de petanca. Tambi\u00e9n dispone de una zona de ocio con cine, mesas de billar y un sal\u00f3n de coworking.<\/p>\n<p>Esta propiedad es ideal como base vacacional flexible en Mallorca, con la ventaja a\u00f1adida de un gran potencial de alquiler vacacional.<\/p>\n<p>Portocolom, al ser m\u00e1s peque\u00f1o que muchos complejos tur\u00edsticos de la isla, atrae a una fiel comunidad de visitantes que regresan cada a\u00f1o, desde parejas j\u00f3venes hasta familias durante los meses de verano. Los visitantes mayores vienen en primavera y oto\u00f1o, disfrutando tanto de la playa como del encanto del puerto, adem\u00e1s de explorar la regi\u00f3n local, conocida por su vino. Las playas son tranquilas y pintorescas, con aguas cristalinas. Los restaurantes, cafeter\u00edas y dem\u00e1s servicios del complejo se encuentran a poca distancia a pie y rara vez est\u00e1n abarrotados, lo que resulta ideal para quienes buscan unas vacaciones m\u00e1s relajadas, disfrutando del mar y pasando tiempo de calidad con familiares y amigos.<\/p>\n<h3><span style=\"font-size: 12pt;\"><strong>Para m\u00e1s informaci\u00f3n sobre este apartamento en venta en Portocolom, Mallorca.<\/strong><\/span><\/h3>\n<p><strong>Cont\u00e1ctenos<\/strong>. Podemos organizar una\u00a0<strong>visita virtual<\/strong>\u00a0al\u00a0<strong>complejo tur\u00edstico<\/strong>\u00a0y a\u00a0<strong>cada propiedad<\/strong>, y proporcionarle toda la documentaci\u00f3n que describe los t\u00e9rminos y condiciones de la compraventa de la propiedad, la estructura de los alquileres vacacionales y su gesti\u00f3n.<\/p>\n<hr \/>\n<h3><span style=\"font-size: 12pt;\"><strong>Todos los apartamentos se venden en r\u00e9gimen de propiedad absoluta, como activos tur\u00edsticos dentro del complejo con licencia.<\/strong><\/span><\/h3>\n<p>Esta licencia implica que la propiedad cumple con los est\u00e1ndares de calidad, seguridad e infraestructura del Gobierno Balear para alquileres vacacionales de corta estancia dentro de un complejo hotelero.<\/p>\n<p><strong>No pueden utilizarse como residencia permanente<\/strong>, solo para el prop\u00f3sito para el que han sido licenciados.<\/p>\n<p><strong>Ofrecen ventajas que otras licencias de alquiler vacacional en las Islas Baleares no ofrecen.<\/strong><\/p>\n<h5>Activos tur\u00edsticos con licencia en complejos vacacionales:<\/h5>\n<p>Ofrecen servicios e instalaciones que las licencias ETV no permiten, desde entretenimiento nocturno hasta spas y gimnasios. Esto los hace muy atractivos para los turistas que valoran la comodidad de tener todo a su disposici\u00f3n.<\/p>\n<h5>Inversi\u00f3n legal y segura:<\/h5>\n<p>Esta licencia permite al propietario alquilar legalmente la propiedad para fines tur\u00edsticos, evitando incertidumbres legales y obteniendo beneficios de las rentas. La promoci\u00f3n y gesti\u00f3n de todos los alquileres dentro del complejo est\u00e1 a cargo de la empresa gestora, con la que el propietario tiene un acuerdo legalmente vinculante.<\/p>\n<h5>Rentabilidad:<\/h5>\n<p>Las propiedades con estas licencias ofrecen una alta rentabilidad potencial en alquileres tur\u00edsticos y una revalorizaci\u00f3n a largo plazo.<\/p>\n<h5>Exclusividad en el mercado:<\/h5>\n<p>La dificultad para obtener nuevas licencias hace que las propiedades con licencias existentes sean un recurso escaso y codiciado en el mercado.<\/p>\n","protected":false},"excerpt":{"rendered":"<p>Estudio Dobles en venta en Portocolom Alquileres vacacionales en un resort recientemente renovado. Apartamentos en el resort con gesti\u00f3n de alquiler.<\/p>\n","protected":false},"author":1,"featured_media":335386,"parent":0,"menu_order":0,"template":"","property_type":[383,3967],"property_status":[761,3966],"property_feature":[950,847,961,959,479,1595,1772,1340,2077,846,1163,519,1172,1390,949,1388,1587,2329,1694,2271,1187,1767,866,954],"property_label":[3838,3930],"property_country":[758],"property_state":[760,611],"property_city":[626,3974],"property_area":[3956],"class_list":["post-301086","property","type-property","status-publish","has-post-thumbnail","hentry","property_type-apartamentos-en-venta-en-mallorca-espana","property_type-inmuebles-vacacionales","property_status-propiedades-en-venta-mallorca","property_status-inmuebles-vacacionales-en-venta","property_feature-propiedad-caracteristicas-propiedad-venta-mallorca-propiedad-ubicacion-tiene-acceso-a-la-playa","property_feature-inmobiliaria-en-venta-mallorca-inmueble-calefaccion-y-refrigeracion-aire-acondicionado","property_feature-inmobiliaria-en-venta-mallorca-inmobiliaria-caracteristicas-interior-caracteristicas-amueblado","property_feature-propiedad-caracteristicas-propiedad-ventas-mallorca-propiedad-jardin-balcon","property_feature-inmobiliaria-en-venta-mallorca-inmobiliaria-caracteristicas-bano","property_feature-inmobiliaria-en-venta-mallorca-inmueble-calefaccion-refrigeracion-caracteristicas","property_feature-inmobiliaria-en-venta-mallorca-propiedad-caracteristicas-interior-caracteristicas","property_feature-propiedad-caracteristicas-propiedad-venta-mallorca-propiedad-ubicacion-esta-cerca-del-mar","property_feature-inmobiliaria-en-venta-en-mallorca-con-cocina","property_feature-inmobiliaria-en-venta-en-mallorca-con-cocina-equipada","property_feature-propiedad-venta-mallorca-inmueble-caracteristicas-estado-del-inmueble","property_feature-inmobiliaria-en-venta-mallorca-inmobiliaria-caracteristicas-ducha","property_feature-propiedad-venta-mallorca-inmobiliaria-caracteristicas-estacionamiento-fuera-del-camino","property_feature-inmobiliaria-en-venta-en-mallorca-con-garaje-o-parking","property_feature-inmobiliaria-en-venta-mallorca-propiedad-caracteristicas-interior-caracteristicas-interior-moderno","property_feature-propiedad-caracteristicas-propiedad-ventas-mallorca-propiedad-jardin","property_feature-propiedad-caracteristicas-inmobiliaria-venta-mallorca-propiedad-jardin-comunidad-jardin","property_feature-inmobiliaria-en-venta-mallorca-inmobiliaria-caracteristicas-interior-caracteristicas-suelos","property_feature-inmobiliaria-en-venta-mallorca-con-piscina-comunitaria","property_feature-propiedad-venta-mallorca-inmueble-caracteristicas-estado-nueva-promocion-inmueble","property_feature-inmobiliaria-en-venta-mallorca-inmobiliaria-caracteristicas-interior-caracteristicas-parquet-suelo","property_feature-propiedad-caracteristicas-propiedad-ventas-mallorca-propiedad-ubicacion","property_feature-inmobiliaria-en-mallorca-propiedad-vistas-jardin-piscina","property_feature-inmueble-caracteristicas-inmueble-venta-mallorca-inmueble-ubicacion-es-zona-costera","property_label-propiedades-con-licencia-etv-en-venta-en-mallorca","property_label-propiedades-con-vistas-al-mar-en-venta","property_country-en-venta-mallorca-espana-mallorca-property-guru","property_state-inmobiliaria-en-venta-en-mallorca","property_state-migjorn-de-mallorca-sureste","property_city-inmuebles-en-venta-en-felanitx-mallorca","property_city-inmobiliaria-portocolom-felanitx","property_area-inmuebles-en-venta-en-porto-colom"],"property_meta":{"rank_math_analytic_object_id":["1040"],"_wpsp_custom_templates":["a:7:{s:8:\"facebook\";a:3:{s:8:\"template\";s:0:\"\";s:8:\"profiles\";a:0:{}s:9:\"is_global\";b:0;}s:7:\"twitter\";a:3:{s:8:\"template\";s:0:\"\";s:8:\"profiles\";a:0:{}s:9:\"is_global\";b:0;}s:8:\"linkedin\";a:3:{s:8:\"template\";s:0:\"\";s:8:\"profiles\";a:0:{}s:9:\"is_global\";b:0;}s:9:\"pinterest\";a:3:{s:8:\"template\";s:0:\"\";s:8:\"profiles\";a:0:{}s:9:\"is_global\";b:0;}s:9:\"instagram\";a:3:{s:8:\"template\";s:0:\"\";s:8:\"profiles\";a:0:{}s:9:\"is_global\";b:0;}s:6:\"medium\";a:3:{s:8:\"template\";s:0:\"\";s:8:\"profiles\";a:0:{}s:9:\"is_global\";b:0;}s:7:\"threads\";a:3:{s:8:\"template\";s:0:\"\";s:8:\"profiles\";a:0:{}s:9:\"is_global\";b:0;}}"],"houzez_featured_listing_date":[""],"_wpml_media_duplicate":["1"],"_wpml_media_featured":["1"],"_top_nav_excluded":[""],"_cms_nav_minihome":[""],"_wp_page_template":["default"],"fave_property_price":["348000"],"fave_property_size":["53"],"fave_property_size_prefix":["m2"],"fave_property_land":["7438"],"fave_property_land_postfix":["m2"],"fave_property_bathrooms":["2"],"fave_property_year":["1986"],"fave_property_id":["AB201-202"],"fave_property_map":["1"],"fave_property_map_address":["Carrer de la Gavina, 07670 Felanitx, Illes Balears, Spain"],"fave_property_location":["39.4081768,3.2595838,15"],"houzez_geolocation_lat":["39.4081768"],"houzez_geolocation_long":["3.2595838"],"fave_property_map_street_view":["hide"],"fave_property_address":["Carrer de la Gavina, 07670 Felanitx, Illes Balears"],"fave_property_zip":["07670"],"fave_video_url":["https:\/\/vimeo.com\/1122483944"],"fave_prop_homeslider":["no"],"floor_plans":["a:1:{i:0;a:4:{s:15:\"fave_plan_title\";s:20:\"Estudio Dobles Arosa\";s:15:\"fave_plan_rooms\";s:1:\"0\";s:19:\"fave_plan_bathrooms\";s:1:\"2\";s:15:\"fave_plan_image\";s:82:\"https:\/\/www.mallorcaguru.es\/wp-content\/uploads\/2025\/10\/AROSA-220-221_Page_1-1.jpeg\";}}"],"rank_math_description":["Estudio Dobles en venta en Portocolom Alquileres vacacionales en un resort recientemente renovado. Apartamentos en el resort con gesti\u00f3n de alquiler."],"rank_math_focus_keyword":["Estudio Dobles en venta en Portocolom"],"_last_translation_edit_mode":["native-editor"],"_wpml_word_count":["688"],"_edit_lock":["1773756048:1"],"rank_math_seo_score":["59"],"_edit_last":["1"],"_wpscppro_advance_schedule":[""],"fave_show_price_placeholder":["0"],"fave_portal_1754226254":["1"],"fave_portal_1754598704":["1"],"has_images":["1"],"rank_math_primary_property_type":["0"],"rank_math_primary_property_status":["0"],"rank_math_primary_property_feature":["0"],"rank_math_primary_property_label":["0"],"rank_math_primary_property_country":["0"],"rank_math_primary_property_state":["0"],"rank_math_primary_property_city":["0"],"rank_math_primary_property_area":["0"],"houzez_manual_expire":["0"],"_houzez_expiration_date_status":["saved"],"_facebook_share_type":["default"],"_twitter_share_type":["default"],"_linkedin_share_type":["default"],"_pinterest_share_type":["default"],"_instagram_share_type":["default"],"_medium_share_type":["default"],"_threads_share_type":["default"],"_google_business_share_type":["default"],"_selected_social_profile":["a:0:{}"],"houzez_total_property_views":["272"],"houzez_views_by_date":["a:61:{s:10:\"02-03-2026\";i:2;s:10:\"02-04-2026\";i:1;s:10:\"02-05-2026\";i:1;s:10:\"02-06-2026\";i:1;s:10:\"02-07-2026\";i:2;s:10:\"02-09-2026\";i:1;s:10:\"02-10-2026\";i:1;s:10:\"02-11-2026\";i:2;s:10:\"02-13-2026\";i:4;s:10:\"02-14-2026\";i:2;s:10:\"02-15-2026\";i:1;s:10:\"02-16-2026\";i:1;s:10:\"02-17-2026\";i:1;s:10:\"02-18-2026\";i:1;s:10:\"02-19-2026\";i:1;s:10:\"02-20-2026\";i:3;s:10:\"02-22-2026\";i:3;s:10:\"02-23-2026\";i:3;s:10:\"02-25-2026\";i:1;s:10:\"02-28-2026\";i:2;s:10:\"03-01-2026\";i:3;s:10:\"03-02-2026\";i:1;s:10:\"03-05-2026\";i:2;s:10:\"03-06-2026\";i:1;s:10:\"03-08-2026\";i:1;s:10:\"03-09-2026\";i:2;s:10:\"03-12-2026\";i:2;s:10:\"03-13-2026\";i:1;s:10:\"03-14-2026\";i:1;s:10:\"03-15-2026\";i:5;s:10:\"03-16-2026\";i:2;s:10:\"03-17-2026\";i:1;s:10:\"03-18-2026\";i:2;s:10:\"03-22-2026\";i:4;s:10:\"03-25-2026\";i:2;s:10:\"03-26-2026\";i:1;s:10:\"03-27-2026\";i:2;s:10:\"03-28-2026\";i:2;s:10:\"03-29-2026\";i:2;s:10:\"04-02-2026\";i:1;s:10:\"04-03-2026\";i:1;s:10:\"04-04-2026\";i:2;s:10:\"04-05-2026\";i:3;s:10:\"04-06-2026\";i:1;s:10:\"04-07-2026\";i:1;s:10:\"04-08-2026\";i:2;s:10:\"04-09-2026\";i:1;s:10:\"04-10-2026\";i:2;s:10:\"04-12-2026\";i:6;s:10:\"04-13-2026\";i:4;s:10:\"04-16-2026\";i:4;s:10:\"04-18-2026\";i:1;s:10:\"04-19-2026\";i:1;s:10:\"04-21-2026\";i:1;s:10:\"04-22-2026\";i:4;s:10:\"04-23-2026\";i:1;s:10:\"04-24-2026\";i:1;s:10:\"04-25-2026\";i:2;s:10:\"04-26-2026\";i:3;s:10:\"04-27-2026\";i:1;s:10:\"04-29-2026\";i:3;}"],"houzez_recently_viewed":["2026-04-29 09:56:46"],"_thumbnail_id":["335386"],"_wpml_media_has_media":["1"],"fave_featured":["0"],"fave_property_images":["335312","335311","335313","335319","335321","335310","335309","335320","335336","335329","335326","335330","335327","335322","335331","335325","335332","335333","335334","335335"],"fave_agent_display_option":["agent_info"],"fave_agents":["4235"],"fave_single_top_area":["global"],"fave_single_content_area":["global"],"rank_math_internal_links_processed":["1"],"wp-smush-lcp-data-6c7a9c9a2f5fb7581ce51d98b17d0dfc":["a:6:{s:8:\"selector\";s:42:\"#gallery-featured-placeholder > .img-fluid\";s:14:\"selector_xpath\";s:81:\"\/html\/body\/main\/section\/div[2]\/div\/div[1]\/div[1]\/div\/div[2]\/div[1]\/div\/div[1]\/img\";s:11:\"selector_id\";s:0:\"\";s:14:\"selector_class\";s:21:\"img-fluid w-100 h-100\";s:9:\"image_url\";s:97:\"https:\/\/www.mallorcaguru.es\/wp-content\/smush-avif\/2025\/10\/default_1.1.1-2-web-1-1170x785.jpg.avif\";s:7:\"version\";i:8;}"],"wp-smush-lcp-data-d3f7ebfaa3e4495594abbca032c4305f":["a:6:{s:8:\"selector\";s:42:\"#gallery-featured-placeholder > .img-fluid\";s:14:\"selector_xpath\";s:81:\"\/html\/body\/main\/section\/div[2]\/div\/div[1]\/div[1]\/div\/div[2]\/div[1]\/div\/div[1]\/img\";s:11:\"selector_id\";s:0:\"\";s:14:\"selector_class\";s:21:\"img-fluid w-100 h-100\";s:9:\"image_url\";s:97:\"https:\/\/www.mallorcaguru.es\/wp-content\/smush-avif\/2025\/10\/default_1.1.1-2-web-1-1170x785.jpg.avif\";s:7:\"version\";i:8;}"],"_elementor_page_assets":["a:0:{}"]},"_links":{"self":[{"href":"https:\/\/www.mallorcaguru.es\/es\/wp-json\/wp\/v2\/properties\/301086","targetHints":{"allow":["GET"]}}],"collection":[{"href":"https:\/\/www.mallorcaguru.es\/es\/wp-json\/wp\/v2\/properties"}],"about":[{"href":"https:\/\/www.mallorcaguru.es\/es\/wp-json\/wp\/v2\/types\/property"}],"author":[{"embeddable":true,"href":"https:\/\/www.mallorcaguru.es\/es\/wp-json\/wp\/v2\/users\/1"}],"version-history":[{"count":0,"href":"https:\/\/www.mallorcaguru.es\/es\/wp-json\/wp\/v2\/properties\/301086\/revisions"}],"wp:featuredmedia":[{"embeddable":true,"href":"https:\/\/www.mallorcaguru.es\/es\/wp-json\/wp\/v2\/media\/335386"}],"wp:attachment":[{"href":"https:\/\/www.mallorcaguru.es\/es\/wp-json\/wp\/v2\/media?parent=301086"}],"wp:term":[{"taxonomy":"property_type","embeddable":true,"href":"https:\/\/www.mallorcaguru.es\/es\/wp-json\/wp\/v2\/property_type?post=301086"},{"taxonomy":"property_status","embeddable":true,"href":"https:\/\/www.mallorcaguru.es\/es\/wp-json\/wp\/v2\/property_status?post=301086"},{"taxonomy":"property_feature","embeddable":true,"href":"https:\/\/www.mallorcaguru.es\/es\/wp-json\/wp\/v2\/property_feature?post=301086"},{"taxonomy":"property_label","embeddable":true,"href":"https:\/\/www.mallorcaguru.es\/es\/wp-json\/wp\/v2\/property_label?post=301086"},{"taxonomy":"property_country","embeddable":true,"href":"https:\/\/www.mallorcaguru.es\/es\/wp-json\/wp\/v2\/property_country?post=301086"},{"taxonomy":"property_state","embeddable":true,"href":"https:\/\/www.mallorcaguru.es\/es\/wp-json\/wp\/v2\/property_state?post=301086"},{"taxonomy":"property_city","embeddable":true,"href":"https:\/\/www.mallorcaguru.es\/es\/wp-json\/wp\/v2\/property_city?post=301086"},{"taxonomy":"property_area","embeddable":true,"href":"https:\/\/www.mallorcaguru.es\/es\/wp-json\/wp\/v2\/property_area?post=301086"}],"curies":[{"name":"wp","href":"https:\/\/api.w.org\/{rel}","templated":true}]}}