{"id":352890,"date":"2026-05-01T17:13:13","date_gmt":"2026-05-01T15:13:13","guid":{"rendered":"https:\/\/www.mallorcaguru.es\/property\/apartamentos-tipo-estudio-doble-en-venta-en-portocolom-mar420421\/"},"modified":"2026-05-01T17:26:05","modified_gmt":"2026-05-01T15:26:05","slug":"apartamentos-tipo-estudio-doble-en-venta-en-portocolom-mar420421","status":"publish","type":"property","link":"https:\/\/www.mallorcaguru.es\/es\/propiedad\/apartamentos-tipo-estudio-doble-en-venta-en-portocolom-mar420421\/","title":{"rendered":"Apartamentos tipo estudio doble en venta en Portocolom MAR420421"},"content":{"rendered":"<h2><span style=\"font-size: 12pt;\">Apartamentos estudio dobles en venta en Portocolom, alquileres vacacionales en un complejo reci\u00e9n renovado.<\/span><\/h2>\n<h2><span style=\"font-size: 12pt;\">Dos estudios luminosos y amplios, cada uno con su propia terraza privada.<\/span><\/h2>\n<p>Cada uno cuenta con una cocina de planta abierta con espacio de comedor para dos personas, junto a una acogedora zona de estar equipada con televisi\u00f3n y puertas dobles que dan al balc\u00f3n o terraza privada, ideal para disfrutar del caf\u00e9 de la ma\u00f1ana o de una copa de vino al atardecer con vistas a los jardines y a la piscina.<\/p>\n<hr \/>\n<p>Todos los apartamentos est\u00e1n reci\u00e9n renovados y completamente amueblados, con doble acristalamiento, aire acondicionado y Wi-Fi.<\/p>\n<p>Tanto los visitantes como los propietarios pueden disfrutar de una variedad de servicios hoteleros, incluyendo aparcamiento privado, servicios de recepci\u00f3n y limpieza.<\/p>\n<p>Tambi\u00e9n hay un restaurante, bar y minimercado en el lugar, junto con instalaciones deportivas y de ocio como una gran piscina, gimnasio, sauna, pista de squash, pista de voleibol y pista de petanca. Tambi\u00e9n est\u00e1 disponible una zona de entretenimiento con cine, mesas de billar y una sala de coworking.<\/p>\n<p>Esta propiedad sirve como una base vacacional personal flexible ideal en Mallorca, con el beneficio adicional de un gran potencial de alquiler vacacional.<\/p>\n<p>Portocolom, al ser m\u00e1s peque\u00f1o que muchos otros centros tur\u00edsticos de la isla, atrae cada a\u00f1o a una comunidad fiel de visitantes recurrentes, que van desde parejas j\u00f3venes hasta familias durante los meses de verano. Los visitantes de m\u00e1s edad acuden en primavera y oto\u00f1o, disfrutando tanto de la playa como del encanto del puerto, as\u00ed como explorando la regi\u00f3n local, conocida por sus vinos. Las playas son resguardadas y pintorescas, con aguas cristalinas. Los restaurantes, cafeter\u00edas y otros servicios del complejo se encuentran a poca distancia a pie y rara vez est\u00e1n masificados, lo que atrae a quienes buscan unas vacaciones m\u00e1s relajadas centradas en disfrutar del mar y pasar tiempo de calidad con la familia y los amigos.<\/p>\n<h3><strong><span style=\"font-size: 12pt;\">Para m\u00e1s informaci\u00f3n sobre este apartamento en venta en Portocolom, Mallorca.<\/span><\/strong><\/h3>\n<p><strong>P\u00f3ngase en contacto con nosotros<\/strong>, podemos organizar una <strong>visita virtual del complejo<\/strong> y de las <strong>propiedades individuales<\/strong>, y proporcionarle toda la documentaci\u00f3n que necesite sobre los t\u00e9rminos y condiciones tanto de la compra en plena propiedad de la vivienda como de la estructura de los alquileres vacacionales y su gesti\u00f3n.<\/p>\n<hr \/>\n<h4><span style=\"font-size: 12pt;\"><strong>Todos los apartamentos se venden en plena propiedad, como activos tur\u00edsticos dentro del complejo con licencia. <\/strong><\/span><\/h4>\n<p>Esta licencia certifica que la propiedad cumple con los est\u00e1ndares de calidad, seguridad e infraestructura del Gobierno de las Islas Baleares para el alquiler vacacional de corta duraci\u00f3n dentro de un complejo hotelero.<\/p>\n<p><strong>No pueden utilizarse como residencias permanentes<\/strong>, solo para el prop\u00f3sito para el que han sido licenciados.<\/p>\n<p><strong>Ofrecen beneficios que otras licencias de alquiler vacacional en las Islas Baleares no ofrecen.<\/strong><\/p>\n<h5><strong><span style=\"font-size: 12pt;\">Activos tur\u00edsticos con licencia en complejos vacacionales: <\/span><\/strong><\/h5>\n<p>Pueden ofrecer servicios e instalaciones que las licencias ETV no permiten, desde entretenimiento por las noches hasta spas de salud y gimnasios. Esto los hace muy atractivos para los veraneantes que valoran la comodidad de tener todo a su disposici\u00f3n.<\/p>\n<h5><strong><span style=\"font-size: 12pt;\">Inversi\u00f3n Legal y Segura: <\/span><\/strong><\/h5>\n<p>Esta licencia permite al propietario alquilar legalmente la propiedad para turismo, evitando incertidumbres legales y benefici\u00e1ndose de los ingresos por alquiler. La promoci\u00f3n y gesti\u00f3n de todos los alquileres dentro del complejo es administrada por la empresa gestora con la que el propietario tiene un acuerdo legalmente vinculante.<\/p>\n<h5><strong><span style=\"font-size: 12pt;\">Rentabilidad: <\/span><\/strong><\/h5>\n<p>Las propiedades con estas licencias ofrecen un alto potencial de rentabilidad por alquileres tur\u00edsticos y una apreciaci\u00f3n a largo plazo.<\/p>\n<h5><strong><span style=\"font-size: 12pt;\">Exclusividad de Mercado: <\/span><\/strong><\/h5>\n<p>La dificultad para obtener nuevas licencias hace que las propiedades con licencias existentes sean un recurso raro y deseable en el mercado.<\/p>\n<p>&nbsp;<\/p>\n","protected":false},"excerpt":{"rendered":"<p>Apartamentos estudio dobles en venta en Portocolom, alquileres vacacionales en un complejo reci\u00e9n renovado. Apartamentos en complejo vendidos en propiedad con gesti\u00f3n de alquiler.  <\/p>\n","protected":false},"author":1,"featured_media":335386,"parent":0,"menu_order":0,"template":"","property_type":[383,3967],"property_status":[761,3966],"property_feature":[950,847,961,959,479,1595,1772,1340,2077,846,1163,519,1172,1390,949,1388,1587,2329,1694,2271,1187,1767,866,954],"property_label":[3838,3930],"property_country":[758],"property_state":[760,611],"property_city":[626,3974],"property_area":[3956],"class_list":["post-352890","property","type-property","status-publish","has-post-thumbnail","hentry","property_type-apartamentos-en-venta-en-mallorca-espana","property_type-inmuebles-vacacionales","property_status-propiedades-en-venta-mallorca","property_status-inmuebles-vacacionales-en-venta","property_feature-propiedad-caracteristicas-propiedad-venta-mallorca-propiedad-ubicacion-tiene-acceso-a-la-playa","property_feature-inmobiliaria-en-venta-mallorca-inmueble-calefaccion-y-refrigeracion-aire-acondicionado","property_feature-inmobiliaria-en-venta-mallorca-inmobiliaria-caracteristicas-interior-caracteristicas-amueblado","property_feature-propiedad-caracteristicas-propiedad-ventas-mallorca-propiedad-jardin-balcon","property_feature-inmobiliaria-en-venta-mallorca-inmobiliaria-caracteristicas-bano","property_feature-inmobiliaria-en-venta-mallorca-inmueble-calefaccion-refrigeracion-caracteristicas","property_feature-inmobiliaria-en-venta-mallorca-propiedad-caracteristicas-interior-caracteristicas","property_feature-propiedad-caracteristicas-propiedad-venta-mallorca-propiedad-ubicacion-esta-cerca-del-mar","property_feature-inmobiliaria-en-venta-en-mallorca-con-cocina","property_feature-inmobiliaria-en-venta-en-mallorca-con-cocina-equipada","property_feature-propiedad-venta-mallorca-inmueble-caracteristicas-estado-del-inmueble","property_feature-inmobiliaria-en-venta-mallorca-inmobiliaria-caracteristicas-ducha","property_feature-propiedad-venta-mallorca-inmobiliaria-caracteristicas-estacionamiento-fuera-del-camino","property_feature-inmobiliaria-en-venta-en-mallorca-con-garaje-o-parking","property_feature-inmobiliaria-en-venta-mallorca-propiedad-caracteristicas-interior-caracteristicas-interior-moderno","property_feature-propiedad-caracteristicas-propiedad-ventas-mallorca-propiedad-jardin","property_feature-propiedad-caracteristicas-inmobiliaria-venta-mallorca-propiedad-jardin-comunidad-jardin","property_feature-inmobiliaria-en-venta-mallorca-inmobiliaria-caracteristicas-interior-caracteristicas-suelos","property_feature-inmobiliaria-en-venta-mallorca-con-piscina-comunitaria","property_feature-propiedad-venta-mallorca-inmueble-caracteristicas-estado-nueva-promocion-inmueble","property_feature-inmobiliaria-en-venta-mallorca-inmobiliaria-caracteristicas-interior-caracteristicas-parquet-suelo","property_feature-propiedad-caracteristicas-propiedad-ventas-mallorca-propiedad-ubicacion","property_feature-inmobiliaria-en-mallorca-propiedad-vistas-jardin-piscina","property_feature-inmueble-caracteristicas-inmueble-venta-mallorca-inmueble-ubicacion-es-zona-costera","property_label-propiedades-con-licencia-etv-en-venta-en-mallorca","property_label-propiedades-con-vistas-al-mar-en-venta","property_country-en-venta-mallorca-espana-mallorca-property-guru","property_state-inmobiliaria-en-venta-en-mallorca","property_state-migjorn-de-mallorca-sureste","property_city-inmuebles-en-venta-en-felanitx-mallorca","property_city-inmobiliaria-portocolom-felanitx","property_area-inmuebles-en-venta-en-porto-colom"],"property_meta":{"has_images":["1"],"rank_math_internal_links_processed":["1"],"_last_translation_edit_mode":["native-editor"],"houzez_featured_listing_date":[""],"_wpml_media_duplicate":["1"],"_wpml_media_featured":["1"],"rank_math_schema_SingleFamilyResidence":["a:12:{s:8:\"metadata\";a:4:{s:4:\"type\";s:6:\"custom\";s:5:\"title\";s:29:\"SingleFamilyResidence Chatgpt\";s:9:\"isPrimary\";s:1:\"1\";s:17:\"displayConditions\";a:1:{i:0;a:6:{s:9:\"condition\";s:7:\"include\";s:8:\"category\";s:8:\"singular\";s:4:\"type\";s:8:\"property\";s:5:\"value\";s:2:\"29\";s:2:\"id\";s:36:\"eca343ad-2b57-4cec-a8b9-1587f5965055\";s:12:\"postTaxonomy\";s:15:\"property_status\";}}}s:5:\"@type\";s:21:\"SingleFamilyResidence\";s:3:\"@id\";s:15:\"%url%#residence\";s:4:\"name\";s:7:\"%title%\";s:10:\"identifier\";s:26:\"%customfield(property_id)%\";s:7:\"address\";a:6:{s:5:\"@type\";s:13:\"PostalAddress\";s:13:\"streetAddress\";s:36:\"%customfield(fave_property_address)%\";s:15:\"addressLocality\";s:33:\"%customfield(fave_property_city)%\";s:13:\"addressRegion\";s:34:\"%customfield(fave_property_state)%\";s:10:\"postalCode\";s:32:\"%customfield(fave_property_zip)%\";s:14:\"addressCountry\";s:2:\"ES\";}s:16:\"numberOfBedrooms\";s:37:\"%customfield(fave_property_bedrooms)%\";s:22:\"numberOfBathroomsTotal\";s:38:\"%customfield(fave_property_bathrooms)%\";s:9:\"yearBuilt\";s:35:\"%%customfield(fave_property_year)%%\";s:5:\"photo\";s:16:\"%post_thumbnail%\";s:9:\"floorSize\";a:3:{s:5:\"@type\";s:17:\"QuantitativeValue\";s:5:\"value\";s:33:\"%customfield(fave_property_size)%\";s:8:\"unitCode\";s:3:\"MTR\";}s:14:\"amenityFeature\";a:3:{i:0;a:3:{s:5:\"@type\";s:28:\"LocationFeatureSpecification\";s:4:\"name\";s:4:\"Pool\";s:5:\"value\";s:38:\"%has_term(fave_property_feature,pool)%\";}i:1;a:3:{s:5:\"@type\";s:28:\"LocationFeatureSpecification\";s:4:\"name\";s:6:\"Garden\";s:5:\"value\";s:40:\"%has_term(fave_property_feature,garden)%\";}i:2;a:3:{s:5:\"@type\";s:28:\"LocationFeatureSpecification\";s:4:\"name\";s:6:\"Garage\";s:5:\"value\";s:40:\"%has_term(fave_property_feature,garage)%\";}}}"],"_top_nav_excluded":[""],"_cms_nav_minihome":[""],"_wp_page_template":["default"],"fave_property_price":["352000"],"fave_property_size":["46"],"fave_property_size_prefix":["m2"],"fave_property_land":["7438"],"fave_property_land_postfix":["m2"],"fave_property_bathrooms":["2"],"fave_property_year":["1986"],"fave_property_id":["MARSALSOL420421"],"fave_property_map":["1"],"fave_property_map_address":["Carrer de la Gavina, 07670 Felanitx, Illes Balears, Spain"],"fave_property_location":["39.4081768,3.2595838,15"],"houzez_geolocation_lat":["39.4081768"],"houzez_geolocation_long":["3.2595838"],"fave_property_map_street_view":["hide"],"fave_property_address":["Carrer de la Gavina, 07670 Felanitx, Islas Baleares"],"fave_property_zip":["07670"],"fave_video_url":["https:\/\/vimeo.com\/1188405099"],"fave_virtual_tour":["https:\/\/app.cloudpano.com\/tours\/a8mrwnA_T"],"fave_prop_homeslider":["no"],"floor_plans":["a:1:{i:0;a:5:{s:15:\"fave_plan_title\";s:38:\"Apartamentos estudio dobles Marsalsol \";s:15:\"fave_plan_rooms\";s:1:\"0\";s:19:\"fave_plan_bathrooms\";s:1:\"2\";s:15:\"fave_plan_image\";s:82:\"https:\/\/www.mallorcaguru.es\/wp-content\/uploads\/2025\/10\/AROSA-220-221_Page_1-1.jpeg\";s:21:\"fave_plan_description\";s:558:\"Dos estudios luminosos y amplios, cada uno con su propia terraza privada. Todos los apartamentos est\u00e1n reformados con el mismo est\u00e1ndar y amueblados con la misma gama de mobiliario y equipamiento. As\u00ed, cualquier desperfecto puede solucionarse 24\/7 entre clientes.\r\nLos apartamentos se reservan a trav\u00e9s del sistema por orden de disponibilidad; no se ofrece a los clientes la posibilidad de elegir para reservar con vistas al mar, junto a la piscina, etc. Por lo tanto, cada propietario recibe una parte igual de las reservas a lo largo de la temporada.  \";}}"],"rank_math_focus_keyword":["Apartamentos estudio en venta en Portocolom"],"_thumbnail_id":["335386"],"_wpml_word_count":["714"],"_edit_lock":["1777649039:1"],"rank_math_seo_score":["8"],"_edit_last":["1"],"fave_show_price_placeholder":["0"],"fave_portal_1754226254":["1"],"fave_portal_1754598704":["1"],"houzez_manual_expire":["0"],"_houzez_expiration_date_status":["saved"],"fave_featured":["0"],"fave_property_images":["335312","335311","335313","335319","335321","335310","335309","335320","335336","335329","335326","335330","335327","335322","335331","335325","335332","335333","335334","335335"],"fave_agent_display_option":["agent_info"],"fave_agents":["4235"],"fave_single_top_area":["global"],"fave_single_content_area":["global"],"rank_math_analytic_object_id":["849"],"houzez_total_property_views":["5"],"houzez_views_by_date":["a:1:{s:10:\"05-01-2026\";i:5;}"],"houzez_recently_viewed":["2026-05-01 23:54:38"],"_elementor_page_assets":["a:0:{}"]},"_links":{"self":[{"href":"https:\/\/www.mallorcaguru.es\/es\/wp-json\/wp\/v2\/properties\/352890","targetHints":{"allow":["GET"]}}],"collection":[{"href":"https:\/\/www.mallorcaguru.es\/es\/wp-json\/wp\/v2\/properties"}],"about":[{"href":"https:\/\/www.mallorcaguru.es\/es\/wp-json\/wp\/v2\/types\/property"}],"author":[{"embeddable":true,"href":"https:\/\/www.mallorcaguru.es\/es\/wp-json\/wp\/v2\/users\/1"}],"version-history":[{"count":0,"href":"https:\/\/www.mallorcaguru.es\/es\/wp-json\/wp\/v2\/properties\/352890\/revisions"}],"wp:featuredmedia":[{"embeddable":true,"href":"https:\/\/www.mallorcaguru.es\/es\/wp-json\/wp\/v2\/media\/335386"}],"wp:attachment":[{"href":"https:\/\/www.mallorcaguru.es\/es\/wp-json\/wp\/v2\/media?parent=352890"}],"wp:term":[{"taxonomy":"property_type","embeddable":true,"href":"https:\/\/www.mallorcaguru.es\/es\/wp-json\/wp\/v2\/property_type?post=352890"},{"taxonomy":"property_status","embeddable":true,"href":"https:\/\/www.mallorcaguru.es\/es\/wp-json\/wp\/v2\/property_status?post=352890"},{"taxonomy":"property_feature","embeddable":true,"href":"https:\/\/www.mallorcaguru.es\/es\/wp-json\/wp\/v2\/property_feature?post=352890"},{"taxonomy":"property_label","embeddable":true,"href":"https:\/\/www.mallorcaguru.es\/es\/wp-json\/wp\/v2\/property_label?post=352890"},{"taxonomy":"property_country","embeddable":true,"href":"https:\/\/www.mallorcaguru.es\/es\/wp-json\/wp\/v2\/property_country?post=352890"},{"taxonomy":"property_state","embeddable":true,"href":"https:\/\/www.mallorcaguru.es\/es\/wp-json\/wp\/v2\/property_state?post=352890"},{"taxonomy":"property_city","embeddable":true,"href":"https:\/\/www.mallorcaguru.es\/es\/wp-json\/wp\/v2\/property_city?post=352890"},{"taxonomy":"property_area","embeddable":true,"href":"https:\/\/www.mallorcaguru.es\/es\/wp-json\/wp\/v2\/property_area?post=352890"}],"curies":[{"name":"wp","href":"https:\/\/api.w.org\/{rel}","templated":true}]}}