{"id":73670,"date":"2024-02-27T13:55:35","date_gmt":"2024-02-27T12:55:35","guid":{"rendered":"https:\/\/www.mallorcaguru.es\/property\/arta-villa-en-venta-con-licencia-etv-mallorca\/"},"modified":"2025-09-13T14:08:19","modified_gmt":"2025-09-13T12:08:19","slug":"arta-villa-en-venta-mallorca-con-licencia-etv","status":"publish","type":"property","link":"https:\/\/www.mallorcaguru.es\/es\/propiedad\/arta-villa-en-venta-mallorca-con-licencia-etv\/","title":{"rendered":"Arta Villa en venta con licencia ETV Mallorca"},"content":{"rendered":"<p><strong>Arta Villa en venta con licencia ETV Mallorca.<\/strong><\/p>\n<p>Urbanitzaci\u00f3 s&#8217;Estanyol Arta Chalet Independiente de 247 metros cuadrados en parcela de 728 metros cuadrados de tres plantas y s\u00f3tano. En planta baja sal\u00f3n contiguo al comedor. La cocina totalmente equipada, un peque\u00f1o lavadero y un ba\u00f1o. En el primer piso de la casa hay un dormitorio doble con vestidor y ba\u00f1o en suite. Desde este nivel hay acceso directo a la zona de la piscina. En la segunda planta, dormitorios dobles con ba\u00f1o en suite ambos con acceso a una gran terraza con vistas al mar. En tercera planta, dormitorio doble con ba\u00f1o y acceso a balc\u00f3n. Construido en 2008, s\u00f3tano zona de servicio con cuarto de m\u00e1quinas para la piscina de 32m2, aire acondicionado, entrada para veh\u00edculos. <a href=\"https:\/\/www.mallorcaguru.es\/es\/solicitud-de-licencia-turistica-evt-en-mallorca\/\" target=\"_blank\" rel=\"noopener\">Licencia ETV<\/a> para ocho personas. La parcela adyacente de 667m2 se vende con la casa y se puede convertir en una casa unifamiliar con las mismas dimensiones de 247m2 con piscina. Por favor <a href=\"https:\/\/www.mallorcaguru.es\/es\/contacto\/\" target=\"_blank\" rel=\"noopener\">cont\u00e1ctenos<\/a> para m\u00e1s informaci\u00f3n sobre esta villa.<\/p>\n<p><a href=\"https:\/\/www.mallorcaguru.es\/es\/pueblo\/propiedad-en-venta-arta-mallorca\/\" target=\"_blank\" rel=\"noopener\">Art\u00e0<\/a>, Mallorca, situada al noreste de la isla de Mallorca, en la comarca de Llevant. Art\u00e0 es un peque\u00f1o pueblo a unos 60 km del aeropuerto de la isla. El paisaje de la zona es monta\u00f1oso; la cordillera oriental de las Serres de Llevant ocupa m\u00e1s de la mitad de la superficie del municipio, con 25 km de costa virgen. Las comunidades administradas por Art\u00e0 son Col\u00f2nia de Sant Pere, Urbanitzaci\u00f3 Betlem, Urbanitzaci\u00f3 Montferrutx, Urbanitzaci\u00f3 Sant Pere y Urbanitzaci\u00f3 s\u2019Estanyol, todas ellas situadas al oeste del municipio, en la costa de la bah\u00eda de Alcudia.<\/p>\n<h3><a href=\"https:\/\/www.mallorcaguru.es\/es\/etiqueta\/propiedades-con-licencia-etv-en-venta-en-mallorca\/\" target=\"_blank\" rel=\"noopener\"><span style=\"font-size: 12pt;\">Propiedades con Licencia ETV en Venta en Mallorca<\/span><\/a><\/h3>\n<p>&nbsp;<\/p>\n","protected":false},"excerpt":{"rendered":"<p>Villa en venta en Arta con licencia ETV Mallorca. Urbanitzaci\u00f3 s&#8217;Estanyol Arta\u00a0 Villa independiente de 247 metros cuadrados en parcela de 728 metros cuadrados con tres plantas y s\u00f3tano.<\/p>\n","protected":false},"author":1,"featured_media":73512,"parent":0,"menu_order":0,"template":"","property_type":[3809],"property_status":[761],"property_feature":[950,847,2250,863,515,2929,479,483,865,1595,1772,1340,868,869,2077,846,1163,850,849,1539,2208,861,1053,1036,1390,949,1388,854,870,1050,2329,2237,1391,2117,862,1049,2098,1387,858,1767,1245,2257,2103,864,867,866,1465,1392,954],"property_label":[3838,3930],"property_country":[758],"property_state":[760,615],"property_city":[1753,1758],"property_area":[1212],"class_list":["post-73670","property","type-property","status-publish","has-post-thumbnail","hentry","property_type-villa-en-venta-en-mallorca-espana","property_status-propiedades-en-venta-mallorca","property_feature-propiedad-caracteristicas-propiedad-venta-mallorca-propiedad-ubicacion-tiene-acceso-a-la-playa","property_feature-inmobiliaria-en-venta-mallorca-inmueble-calefaccion-y-refrigeracion-aire-acondicionado","property_feature-inmobiliario-en-venta-mallorca-servicios-inmueble-caracteristicas-alcantarillado-conectado","property_feature-inmobiliaria-en-venta-mallorca-inmobiliaria-caracteristicas-armarios-empotrados","property_feature-inmobiliaria-en-venta-mallorca-inmobiliaria-caracteristicas-aseo-invitados","property_feature-inmobiliaria-en-venta-mallorca-inmobiliaria-caracteristicas-suelos-baldosas-de-porcelana","property_feature-inmobiliaria-en-venta-mallorca-inmobiliaria-caracteristicas-bano","property_feature-caracteristicas-de-la-propiedad-inmobiliaria-en-venta-mallorca-en-suite-bano","property_feature-inmueble-caracteristicas-inmueble-venta-mallorca-inmueble-ubicacion-buen-acceso-carretera","property_feature-inmobiliaria-en-venta-mallorca-inmueble-calefaccion-refrigeracion-caracteristicas","property_feature-inmobiliaria-en-venta-mallorca-propiedad-caracteristicas-interior-caracteristicas","property_feature-propiedad-caracteristicas-propiedad-venta-mallorca-propiedad-ubicacion-esta-cerca-del-mar","property_feature-inmobiliaria-en-venta-en-mallorca-certificado-de-habitabilidad-cedula","property_feature-inmobiliaria-en-venta-mallorca-certificado-energetico","property_feature-inmobiliaria-en-venta-en-mallorca-con-cocina","property_feature-inmobiliaria-en-venta-en-mallorca-con-cocina-equipada","property_feature-propiedad-venta-mallorca-inmueble-caracteristicas-estado-del-inmueble","property_feature-inmobiliaria-en-venta-mallorca-servicios-publicos-conexion-de-agua","property_feature-inmobiliaria-en-venta-mallorca-servicios-publicos-contrato-de-luz","property_feature-inmobiliaria-en-venta-mallorca-inmobiliaria-documentos","property_feature-inmobiliaria-en-venta-mallorca-inmobiliaria-caracteristicas-dormitorio","property_feature-propiedad-venta-mallorca-propiedad-caracteristicas-entrada-de-coches","property_feature-inmobiliaria-en-venta-mallorca-propiedad-documentos-escrituras-de-propiedad","property_feature-propiedad-venta-mallorca-inmueble-caracteristicas-estado-impecable-estado","property_feature-inmobiliaria-en-venta-en-mallorca-con-garaje-o-parking","property_feature-inmobiliaria-en-venta-mallorca-propiedad-caracteristicas-interior-caracteristicas-interior-moderno","property_feature-propiedad-caracteristicas-propiedad-ventas-mallorca-propiedad-jardin","property_feature-propiedad-caracteristicas-inmobiliaria-venta-mallorca-propiedad-jardin-bajo-mantenimiento-jardin","property_feature-inmobiliaria-en-venta-mallorca-propiedad-documentos-etv-licencia","property_feature-propiedad-caracteristicas-inmobiliaria-venta-mallorca-propiedad-jardin-nivel-parcela","property_feature-inmobiliaria-en-venta-mallorca-inmobiliaria-caracteristicas-interior-caracteristicas-suelos","property_feature-inmobiliaria-en-venta-mallorca-inmueble-caracteristicas-seguridad-ventanas-persianas","property_feature-inmobiliaria-en-venta-en-mallorca-con-piscina","property_feature-inmobiliaria-en-venta-en-mallorca-con-piscina-cholrine","property_feature-inmobiliaria-en-venta-mallorca-con-piscina-privada","property_feature-propiedad-caracteristicas-propiedad-ventas-mallorca-propiedad-jardin-porche","property_feature-inmobiliaria-en-venta-en-mallorca-con-sistema-de-seguridad","property_feature-inmobiliaria-en-venta-mallorca-utilidades-servicios-publicos","property_feature-propiedad-caracteristicas-inmobiliaria-venta-mallorca-propiedad-jardin-azotea-terraza","property_feature-propiedad-caracteristicas-propiedad-ventas-mallorca-propiedad-ubicacion","property_feature-inmueble-caracteristicas-inmueble-venta-mallorca-inmueble-ubicacion-es-popular-urbanizacion","property_feature-inmobiliaria-en-venta-mallorca-servicios-inmueble-caracteristicas-agua-disponible","property_feature-inmobiliaria-en-venta-mallorca-inmueble-caracteristicas-seguridad-vallado","property_feature-inmobiliaria-en-venta-mallorca-inmobiliaria-caracteristicas-calefaccion-refrigeracion-vidrio-aislante","property_feature-inmobiliaria-en-mallorca-propiedad-vistas-montana","property_feature-inmobiliaria-en-mallorca-propiedad-vistas-jardin-piscina","property_feature-inmobiliaria-en-mallorca-propiedad-vistas-mar-o-costa","property_feature-inmobiliaria-en-venta-en-mallorca-con-excelentes-vistas","property_feature-inmueble-caracteristicas-inmueble-venta-mallorca-inmueble-ubicacion-es-zona-costera","property_label-propiedades-con-licencia-etv-en-venta-en-mallorca","property_label-propiedades-con-vistas-al-mar-en-venta","property_country-en-venta-mallorca-espana-mallorca-property-guru","property_state-inmobiliaria-en-venta-en-mallorca","property_state-en-venta-llevant-de-mallorca-nordeste","property_city-propiedad-en-venta-arta-mallorca","property_city-propiedad-en-venta-colonia-de-sant-pere-mallorca","property_area-denominacion-de-origen-pla-y-llevant-vino-de-mallorca"],"property_meta":{"houzez_featured_listing_date":["2025-09-13 14:08:22"],"_wpml_media_duplicate":["1"],"_wpml_media_featured":["1"],"_top_nav_excluded":[""],"_cms_nav_minihome":[""],"_wp_page_template":["default"],"houzez_geolocation_lat":["39.7324053"],"houzez_geolocation_long":["3.2588838"],"_thumbnail_id":["73512"],"_last_translation_edit_mode":["native-editor"],"_edit_lock":["1757765167:1"],"houzez_total_property_views":["701"],"houzez_views_by_date":["a:61:{s:10:\"01-29-2026\";i:1;s:10:\"01-30-2026\";i:2;s:10:\"02-01-2026\";i:1;s:10:\"02-03-2026\";i:1;s:10:\"02-04-2026\";i:4;s:10:\"02-06-2026\";i:2;s:10:\"02-07-2026\";i:1;s:10:\"02-09-2026\";i:1;s:10:\"02-10-2026\";i:1;s:10:\"02-13-2026\";i:1;s:10:\"02-14-2026\";i:2;s:10:\"02-15-2026\";i:2;s:10:\"02-16-2026\";i:1;s:10:\"02-18-2026\";i:2;s:10:\"02-20-2026\";i:1;s:10:\"02-22-2026\";i:2;s:10:\"02-24-2026\";i:1;s:10:\"02-25-2026\";i:1;s:10:\"02-28-2026\";i:2;s:10:\"03-01-2026\";i:2;s:10:\"03-02-2026\";i:1;s:10:\"03-03-2026\";i:2;s:10:\"03-04-2026\";i:3;s:10:\"03-05-2026\";i:2;s:10:\"03-08-2026\";i:2;s:10:\"03-09-2026\";i:1;s:10:\"03-12-2026\";i:2;s:10:\"03-14-2026\";i:3;s:10:\"03-15-2026\";i:1;s:10:\"03-16-2026\";i:2;s:10:\"03-17-2026\";i:1;s:10:\"03-19-2026\";i:1;s:10:\"03-22-2026\";i:4;s:10:\"03-23-2026\";i:2;s:10:\"03-24-2026\";i:1;s:10:\"03-25-2026\";i:2;s:10:\"03-26-2026\";i:4;s:10:\"03-28-2026\";i:1;s:10:\"03-29-2026\";i:2;s:10:\"03-30-2026\";i:1;s:10:\"04-01-2026\";i:1;s:10:\"04-02-2026\";i:1;s:10:\"04-03-2026\";i:2;s:10:\"04-05-2026\";i:2;s:10:\"04-08-2026\";i:1;s:10:\"04-10-2026\";i:1;s:10:\"04-11-2026\";i:2;s:10:\"04-12-2026\";i:2;s:10:\"04-13-2026\";i:1;s:10:\"04-14-2026\";i:1;s:10:\"04-16-2026\";i:2;s:10:\"04-17-2026\";i:1;s:10:\"04-18-2026\";i:2;s:10:\"04-19-2026\";i:2;s:10:\"04-20-2026\";i:1;s:10:\"04-21-2026\";i:1;s:10:\"04-22-2026\";i:1;s:10:\"04-26-2026\";i:2;s:10:\"04-27-2026\";i:3;s:10:\"04-28-2026\";i:1;s:10:\"04-29-2026\";i:1;}"],"houzez_recently_viewed":["2026-04-29 05:40:10"],"_edit_last":["1"],"fave_show_price_placeholder":["0"],"fave_property_disclaimer":["EXENCI\u00d3N DE RESPONSABILIDAD Toda la informaci\u00f3n contenida en este sitio web se considera confiable pero no est\u00e1 garantizada. Todas las propiedades est\u00e1n sujetas a previo aviso de venta, cambio o retiro. Mallorca Property Guru cree que toda la informaci\u00f3n es correcta, pero no asume ninguna responsabilidad legal por su exactitud. Debe consultar a sus asesores para una verificaci\u00f3n independiente de cualquier propiedad."],"fave_portal_1708877860":["1"],"houzez_manual_expire":["0"],"_houzez_expiration_date_status":["saved"],"_b2s_post_meta":["a:7:{s:8:\"og_title\";s:45:\"Arta Villa en venta con licencia ETV Mallorca\";s:7:\"og_desc\";s:159:\"Arta Villa en venta con licencia ETV Mallorca Urbanitzaci\u00f3 s'Estanyol Arta Chalet Independiente de 247 metros cuadrados en parcela de 728 metros cuadrados de \";s:8:\"og_image\";s:84:\"https:\/\/www.mallorcaguru.es\/wp-content\/uploads\/2024\/02\/Casa-ETV-Arta-Mallorca-25.jpg\";s:12:\"og_image_alt\";s:0:\"\";s:10:\"card_title\";s:45:\"Arta Villa en venta con licencia ETV Mallorca\";s:9:\"card_desc\";s:159:\"Arta Villa en venta con licencia ETV Mallorca Urbanitzaci\u00f3 s'Estanyol Arta Chalet Independiente de 247 metros cuadrados en parcela de 728 metros cuadrados de \";s:10:\"card_image\";s:84:\"https:\/\/www.mallorcaguru.es\/wp-content\/uploads\/2024\/02\/Casa-ETV-Arta-Mallorca-25.jpg\";}"],"_wpscppro_advance_schedule":[""],"_facebook_share_type":["default"],"_twitter_share_type":["default"],"_linkedin_share_type":["default"],"_pinterest_share_type":["default"],"_instagram_share_type":["default"],"_medium_share_type":["default"],"_selected_social_profile":["a:0:{}"],"_wpml_word_count":["305"],"rank_math_primary_property_type":["1621"],"rank_math_primary_property_status":["761"],"rank_math_primary_property_feature":["0"],"rank_math_primary_property_label":["0"],"rank_math_primary_property_state":["760"],"rank_math_primary_property_city":["1753"],"rank_math_primary_property_area":["1212"],"rank_math_primary_property_country":["758"],"rank_math_canonical_url":["https:\/\/www.mallorcaguru.es\/es\/propiedad\/arta-villa-en-venta-con-licencia-etv-mallorca\/"],"rank_math_breadcrumb_title":["Art\u00e0 Villa en venta Mallorca"],"rank_math_pillar_content":["off"],"rank_math_news_sitemap_robots":["index"],"rank_math_robots":["a:1:{i:0;s:5:\"index\";}"],"rank_math_seo_score":["50"],"fave_etv-nc2ba-places":["8"],"_wpsp_custom_templates":["a:7:{s:8:\"facebook\";a:3:{s:8:\"template\";s:0:\"\";s:8:\"profiles\";a:0:{}s:9:\"is_global\";b:0;}s:7:\"twitter\";a:3:{s:8:\"template\";s:0:\"\";s:8:\"profiles\";a:0:{}s:9:\"is_global\";b:0;}s:8:\"linkedin\";a:3:{s:8:\"template\";s:0:\"\";s:8:\"profiles\";a:0:{}s:9:\"is_global\";b:0;}s:9:\"pinterest\";a:3:{s:8:\"template\";s:0:\"\";s:8:\"profiles\";a:0:{}s:9:\"is_global\";b:0;}s:9:\"instagram\";a:3:{s:8:\"template\";s:0:\"\";s:8:\"profiles\";a:0:{}s:9:\"is_global\";b:0;}s:6:\"medium\";a:3:{s:8:\"template\";s:0:\"\";s:8:\"profiles\";a:0:{}s:9:\"is_global\";b:0;}s:7:\"threads\";a:3:{s:8:\"template\";s:0:\"\";s:8:\"profiles\";a:0:{}s:9:\"is_global\";b:0;}}"],"fave_portal_1753788757":["1"],"has_images":["1"],"fave_portal_1754226254":["1"],"fave_portal_1754395991":["0"],"fave_portal_1754598704":["1"],"fave_property_price":["1500000"],"fave_property_size":["247"],"fave_property_size_prefix":["m2"],"fave_property_land":["728"],"fave_property_land_postfix":["m2"],"fave_property_bedrooms":["4"],"fave_property_bathrooms":["4"],"fave_property_year":["2008"],"fave_property_id":["711"],"fave_property_map":["1"],"fave_property_map_address":["Carrer Pla de Mar, S'Estanyol, s'Estanyol, Art\u00e0, Llevant, Illes Balears, 07579, Espa\u00f1a"],"fave_property_location":["39.7324053,3.2588838,17"],"fave_property_map_street_view":["show"],"fave_property_address":["Carrer Pla de Mar, S'Estanyol, s'Estanyol, Art\u00e0, Llevant, Illes Balears, 07579, Espa\u00f1a"],"fave_property_zip":["07579"],"fave_prop_homeslider":["no"],"fave_energy_class":["D"],"rank_math_title":["Arta Villa en venta Mallorca %sep% %sitename%"],"rank_math_description":["Arta Villa en venta en Mallorca con licencia ETV Urbanitzaci\u00f3 s'Estanyol Arta Villa con cuatro dormitorios cuatro ba\u00f1os jard\u00edn piscina"],"rank_math_focus_keyword":["Art\u00e0 Villa en venta Mallorca"],"_threads_share_type":["default"],"_google_business_share_type":["default"],"rank_math_analytic_object_id":["566"],"fave_etv-type":["ETV360"],"fave_featured":["1"],"fave_property_images":["73509","73629","73474","73434","73549","73554","73449","73419","73534","73649"],"fave_agent_display_option":["agent_info"],"fave_agents":["4235"],"fave_single_top_area":["global"],"fave_single_content_area":["global"],"wp-smush-lcp-data-325905a6b8142e73e8103e6960a46021":["a:6:{s:8:\"selector\";s:42:\"#gallery-featured-placeholder > .img-fluid\";s:14:\"selector_xpath\";s:84:\"\/html\/body\/main\/section\/div[2]\/div[1]\/div[1]\/div[1]\/div\/div[2]\/div[1]\/div\/div[1]\/img\";s:11:\"selector_id\";s:0:\"\";s:14:\"selector_class\";s:21:\"img-fluid w-100 h-100\";s:9:\"image_url\";s:101:\"https:\/\/www.mallorcaguru.es\/wp-content\/smush-avif\/2024\/02\/Casa-ETV-Arta-Mallorca-25-1170x785.jpg.avif\";s:7:\"version\";i:8;}"],"wp-smush-lcp-data-6407b508111cb34c148b8fa727203a59":["a:6:{s:8:\"selector\";s:24:\".property-featured-image\";s:14:\"selector_xpath\";s:41:\"\/html\/body\/main\/section\/div[2]\/div[1]\/img\";s:11:\"selector_id\";s:0:\"\";s:14:\"selector_class\";s:65:\"property-featured-image w-100 h-100 left-0 top-0 smush-dimensions\";s:9:\"image_url\";s:101:\"https:\/\/www.mallorcaguru.es\/wp-content\/smush-avif\/2024\/02\/Casa-ETV-Arta-Mallorca-25-1170x785.jpg.avif\";s:7:\"version\";i:8;}"],"_elementor_page_assets":["a:0:{}"]},"_links":{"self":[{"href":"https:\/\/www.mallorcaguru.es\/es\/wp-json\/wp\/v2\/properties\/73670","targetHints":{"allow":["GET"]}}],"collection":[{"href":"https:\/\/www.mallorcaguru.es\/es\/wp-json\/wp\/v2\/properties"}],"about":[{"href":"https:\/\/www.mallorcaguru.es\/es\/wp-json\/wp\/v2\/types\/property"}],"author":[{"embeddable":true,"href":"https:\/\/www.mallorcaguru.es\/es\/wp-json\/wp\/v2\/users\/1"}],"version-history":[{"count":0,"href":"https:\/\/www.mallorcaguru.es\/es\/wp-json\/wp\/v2\/properties\/73670\/revisions"}],"wp:featuredmedia":[{"embeddable":true,"href":"https:\/\/www.mallorcaguru.es\/es\/wp-json\/wp\/v2\/media\/73512"}],"wp:attachment":[{"href":"https:\/\/www.mallorcaguru.es\/es\/wp-json\/wp\/v2\/media?parent=73670"}],"wp:term":[{"taxonomy":"property_type","embeddable":true,"href":"https:\/\/www.mallorcaguru.es\/es\/wp-json\/wp\/v2\/property_type?post=73670"},{"taxonomy":"property_status","embeddable":true,"href":"https:\/\/www.mallorcaguru.es\/es\/wp-json\/wp\/v2\/property_status?post=73670"},{"taxonomy":"property_feature","embeddable":true,"href":"https:\/\/www.mallorcaguru.es\/es\/wp-json\/wp\/v2\/property_feature?post=73670"},{"taxonomy":"property_label","embeddable":true,"href":"https:\/\/www.mallorcaguru.es\/es\/wp-json\/wp\/v2\/property_label?post=73670"},{"taxonomy":"property_country","embeddable":true,"href":"https:\/\/www.mallorcaguru.es\/es\/wp-json\/wp\/v2\/property_country?post=73670"},{"taxonomy":"property_state","embeddable":true,"href":"https:\/\/www.mallorcaguru.es\/es\/wp-json\/wp\/v2\/property_state?post=73670"},{"taxonomy":"property_city","embeddable":true,"href":"https:\/\/www.mallorcaguru.es\/es\/wp-json\/wp\/v2\/property_city?post=73670"},{"taxonomy":"property_area","embeddable":true,"href":"https:\/\/www.mallorcaguru.es\/es\/wp-json\/wp\/v2\/property_area?post=73670"}],"curies":[{"name":"wp","href":"https:\/\/api.w.org\/{rel}","templated":true}]}}