{"id":186539,"date":"2025-04-08T13:39:28","date_gmt":"2025-04-08T11:39:28","guid":{"rendered":"https:\/\/www.mallorcaguru.es\/property\/till-salu-i-campos-mallorca-finca-son-fadri\/"},"modified":"2026-03-10T13:37:57","modified_gmt":"2026-03-10T12:37:57","slug":"till-salu-i-campos-mallorca-finca-son-fadri","status":"publish","type":"property","link":"https:\/\/www.mallorcaguru.es\/sv\/fastighet\/till-salu-i-campos-mallorca-finca-son-fadri\/","title":{"rendered":"Till salu i Campos Mallorca Finca Son Fadr\u00ec"},"content":{"rendered":"<p>Till salu i Campos Mallorca Finca Son Fadr\u00ec. Denna expansiva fastighet sp\u00e4nner \u00f6ver 198 732 m\u00b2, uppdelad i tv\u00e5 separata tomter: en p\u00e5 165 543 m\u00b2 och den andra 33 189 m\u00b2. Marken best\u00e5r av torra och buskmarksgr\u00f6dor och ligger p\u00e5 den h\u00f6gsta h\u00f6jden i Campos, och erbjuder fantastisk, fri utsikt \u00f6ver Campos och Santany\u00ed sl\u00e4tterna.<\/p>\n<p>Hela omr\u00e5det \u00e4r omgivet av en traditionell torrstensmur och \u00e4r tillg\u00e4nglig via en asfalterad v\u00e4g som ansluter till Campos-Felanitx-v\u00e4gen, som ligger cirka 1,4 km bort.<\/p>\n<p>Fastigheten stoltserar med gamla tr\u00e4d, inklusive johannesbr\u00f6d, vild oliv, fikon, hackb\u00e4r och tall, tillsammans med olika traditionella stenv\u00e4ggar. Den har sin egen vattenf\u00f6rs\u00f6rjning fr\u00e5n en brunn, en cistern och en vattentank. Det finns tv\u00e5 elm\u00e4tare: en ger trefaseffekt p\u00e5 13,5 kW, medan den andra ger enfaseffekt p\u00e5 2,1 kW.<\/p>\n<p>Huvudbyggnaden, med anor fr\u00e5n 1400-talet, omfattar cirka 597 m\u00b2. Bottenv\u00e5ningen har tv\u00e5 rymliga antika k\u00f6k, tv\u00e5 sovrum, en k\u00e4llare med en h\u00e4llristad entr\u00e9, ett badrum, en tv\u00e4ttstuga, en vedeldad ugn, ett omr\u00e5de f\u00f6r djur, spannm\u00e5lsf\u00f6rr\u00e5d och en h\u00f6loft. Noterbart \u00e4r att 75% av denna niv\u00e5 \u00e4r konstruerad med r\u00e4fflade valv gjorda av mallorkinsk &#8220;mar\u00e9s&#8221;-sten. Den f\u00f6rsta v\u00e5ningen inneh\u00e5ller ett sovrum och tv\u00e5 rum med \u00f6ppen planl\u00f6sning redo f\u00f6r anpassning, tillsammans med tv\u00e5 terrasser.<\/p>\n<p>Dessutom finns det en liten byggnad, ursprungligen avsedd f\u00f6r djur, byggd av traditionell sten och &#8220;mar\u00e9s&#8221;, som m\u00e4ter cirka 38 m\u00b2. En annan struktur, ocks\u00e5 gjord av stenv\u00e4ggar och tr\u00e4bj\u00e4lkar, sp\u00e4nner \u00f6ver 37 m\u00b2. Fastigheten har en traditionell vattenkvarn gjord av sandsten och sten, komplett med en damm som m\u00e4ter 10 m g\u00e5nger 4 m och ett djup p\u00e5 190 cm.<\/p>\n<p>Vidare finns ett 86 m\u00b2 lager och ett 728 m\u00b2 lantbrukslager byggt 1979, som tidigare anv\u00e4nts f\u00f6r animalieproduktion och lagring av foder och maskiner.<\/p>\n<p>Denna betydande fastighet ligger n\u00e4ra n\u00e5gra av de mest \u00f6nskv\u00e4rda kustregionerna p\u00e5 \u00f6n Mallorca, och \u00e4r idealiskt placerad f\u00f6r att skapa ett mycket stort privat hem eller f\u00f6r exploatering f\u00f6r kommersiella aktiviteter inklusive odling av vin som ligger inom Pla i Llevant vinregion.<\/p>\n<p>Kontakta oss f\u00f6r mer information.<\/p>\n<p>Campos Mallorca. Bel\u00e4get i Migjorn de Mallorca. Campos \u00e4r en stor stad p\u00e5 syd\u00f6stra Mallorca. Campos \u00e4r en jordbruksstad och ett popul\u00e4rt turistm\u00e5l p\u00e5 grund av dess n\u00e4rhet till kustomr\u00e5dena och str\u00e4nderna p\u00e5 syd\u00f6stra Mallorca. Es Trenc \u00e4r den mest k\u00e4nda, Es Trenc \u00e4r en or\u00f6rd strand bel\u00e4gen p\u00e5 s\u00f6dra Mallorca, k\u00e4nd f\u00f6r sin vita sand och kristallklara vatten. Den str\u00e4cker sig n\u00e4stan tv\u00e5 kilometer och \u00e4r en del av Es Trenc-Salobrar de Campos maritime-terrestrial naturpark. Namnet &#8220;Es Trenc&#8221; betyder &#8220;brytning&#8221; p\u00e5 mallorska, vilket h\u00e4nvisar till brytningen i sanddynerna som skiljer saltvattnet fr\u00e5n havet.<\/p>\n","protected":false},"excerpt":{"rendered":"<p>Till salu i Campos Mallorca Finca Son Fadr\u00ec. Denna expansiva fastighet sp\u00e4nner \u00f6ver 198 732 m\u00b2, uppdelad i tv\u00e5 separata tomter: en p\u00e5 165 543 m\u00b2 och den andra 33 189 m\u00b2.<\/p>\n","protected":false},"author":1,"featured_media":174345,"parent":0,"menu_order":0,"template":"","property_type":[420],"property_status":[765],"property_feature":[895,881,2242,1318,1768,1319,1400,2330,2459,1773,879,874,1062,1269,2335,1270,1271,763,1395],"property_label":[4373],"property_country":[762],"property_state":[764,612],"property_city":[770,627],"property_area":[1213],"class_list":["post-186539","property","type-property","status-publish","has-post-thumbnail","hentry","property_type-finca-till-salu-mallorca","property_status-fastigheter-till-salu-mallorca","property_feature-fastighetsegenskaper-fastighetsforsaljning-mallorca-fastighetslage-bra-vagtilltrade","property_feature-fastigheter-till-forsaljning-mallorca-verktyg-fastigheter-egenskaper-brunn-vatten","property_feature-fastigheter-till-forsaljning-i-mallorca-med-en-bete-hage","property_feature-fastigheter-till-forsaljning-i-mallorca-fastighet-extra-specialegenskaper","property_feature-fastighet-egenskaper-fastighet-forsaljning-mallorca-fastighet-lage","property_feature-fastighetsforsaljning-mallorca-fastighetsegenskaper-fastighetens-skick","property_feature-fastigheter-till-forsaljning-i-majorca-med-fina-vyer","property_feature-fastigheter-till-forsaljning-mallorca-fastigheter-egenskaper-inredningsegenskaper-golv","property_feature-fastigheter-till-forsaljning-mallorca-fastigheter-egenskaper-interior-funktioner-hydrauliska-kakel","property_feature-fastigheter-till-forsaljning-mallorca-fastighetsegenskaper-inredningsegenskaper","property_feature-fastigheter-till-forsaljning-mallorca-utilities-offentliga-tjanster-kontrakt-for-el","property_feature-fastighet-egenskaper-fastighet-forsaljning-mallorca-fastighet-lage-landsbygden","property_feature-fastighetsegenskaper-fastighetsforsaljning-mallorca-fastighetslage-inre-i-mallorca","property_feature-fastighetsforsaljning-mallorca-fastighetsegenskaper-skick-renovering-behovs","property_feature-fastigheter-till-forsaljning-mallorca-fastigheter-egenskaper-inredningsegenskaper-golv-stengolv","property_feature-fastigheter-till-forsaljning-mallorca-egendom-egenskaper-interior-funktioner-traditionell-interior","property_feature-fastigheter-till-forsaljning-i-mallorca-med-uthus","property_feature-fastigheter-pa-mallorca-fastighetsutsikt-landsbygden","property_feature-fastigheter-till-forsaljning-mallorca-utilities-offentliga-tjanster","property_label-vingardar-och-bodegas-till-salu-pa-mallorca","property_country-till-salu-mallorca-spanien-mallorca-fastighetsguru","property_state-fastigheter-til-salu-mallorca","property_state-migjorn-de-mallorca-sydostra","property_city-fastigheter-till-forsaljning-campos-majorca","property_city-fastigheter-till-forsaljning-felanitx-majorca","property_area-ursprungsbeteckningen-pla-och-llevant-wine-mallorca"],"property_meta":{"houzez_featured_listing_date":["2026-03-10 13:37:59"],"_wpml_media_duplicate":["1"],"_wpml_media_featured":["1"],"_top_nav_excluded":[""],"_cms_nav_minihome":[""],"_wp_page_template":["default"],"houzez_geolocation_lat":["39.429695951199"],"houzez_geolocation_long":["3.0406869952464"],"_thumbnail_id":["174345"],"_wpml_word_count":["507"],"houzez_total_property_views":["421"],"houzez_views_by_date":["a:61:{s:10:\"01-15-2026\";i:1;s:10:\"01-16-2026\";i:2;s:10:\"01-17-2026\";i:1;s:10:\"01-18-2026\";i:2;s:10:\"01-20-2026\";i:1;s:10:\"01-22-2026\";i:1;s:10:\"01-23-2026\";i:2;s:10:\"01-26-2026\";i:1;s:10:\"01-27-2026\";i:1;s:10:\"01-30-2026\";i:2;s:10:\"01-31-2026\";i:1;s:10:\"02-01-2026\";i:1;s:10:\"02-02-2026\";i:1;s:10:\"02-03-2026\";i:2;s:10:\"02-05-2026\";i:1;s:10:\"02-06-2026\";i:1;s:10:\"02-07-2026\";i:1;s:10:\"02-08-2026\";i:1;s:10:\"02-09-2026\";i:2;s:10:\"02-11-2026\";i:1;s:10:\"02-12-2026\";i:1;s:10:\"02-13-2026\";i:1;s:10:\"02-14-2026\";i:2;s:10:\"02-20-2026\";i:1;s:10:\"02-21-2026\";i:1;s:10:\"02-22-2026\";i:2;s:10:\"02-23-2026\";i:2;s:10:\"02-24-2026\";i:1;s:10:\"02-25-2026\";i:1;s:10:\"02-28-2026\";i:1;s:10:\"03-01-2026\";i:2;s:10:\"03-02-2026\";i:2;s:10:\"03-05-2026\";i:1;s:10:\"03-08-2026\";i:1;s:10:\"03-10-2026\";i:1;s:10:\"03-12-2026\";i:1;s:10:\"03-14-2026\";i:1;s:10:\"03-15-2026\";i:4;s:10:\"03-16-2026\";i:2;s:10:\"03-17-2026\";i:1;s:10:\"03-21-2026\";i:1;s:10:\"03-22-2026\";i:2;s:10:\"03-23-2026\";i:1;s:10:\"03-26-2026\";i:2;s:10:\"03-29-2026\";i:3;s:10:\"03-30-2026\";i:2;s:10:\"04-04-2026\";i:2;s:10:\"04-05-2026\";i:2;s:10:\"04-06-2026\";i:1;s:10:\"04-07-2026\";i:1;s:10:\"04-08-2026\";i:1;s:10:\"04-10-2026\";i:1;s:10:\"04-13-2026\";i:2;s:10:\"04-14-2026\";i:1;s:10:\"04-16-2026\";i:1;s:10:\"04-18-2026\";i:1;s:10:\"04-20-2026\";i:1;s:10:\"04-21-2026\";i:1;s:10:\"04-27-2026\";i:1;s:10:\"04-28-2026\";i:1;s:10:\"04-29-2026\";i:1;}"],"houzez_recently_viewed":["2026-04-29 11:38:41"],"_edit_lock":["1773146145:1"],"_edit_last":["1"],"_wpscppro_advance_schedule":[""],"fave_show_price_placeholder":["0"],"houzez_manual_expire":["0"],"_houzez_expiration_date_status":["saved"],"_facebook_share_type":["default"],"_twitter_share_type":["default"],"_linkedin_share_type":["default"],"_pinterest_share_type":["default"],"_instagram_share_type":["default"],"_medium_share_type":["default"],"_selected_social_profile":["a:0:{}"],"_last_translation_edit_mode":["native-editor"],"rank_math_news_sitemap_robots":["index"],"rank_math_robots":["a:1:{i:0;s:5:\"index\";}"],"rank_math_seo_score":["57"],"rank_math_primary_property_type":["1622"],"rank_math_primary_property_status":["765"],"rank_math_primary_property_feature":["0"],"rank_math_primary_property_label":["0"],"rank_math_primary_property_country":["762"],"rank_math_primary_property_state":["764"],"rank_math_primary_property_city":["770"],"rank_math_primary_property_area":["0"],"rank_math_analytic_object_id":["366"],"fave_property_price":["2100000"],"fave_property_size":["597"],"fave_property_size_prefix":["m2"],"fave_property_land":["198732"],"fave_property_land_postfix":["m2"],"fave_property_bedrooms":["3"],"fave_property_bathrooms":["2"],"fave_property_year":["1490"],"fave_property_id":["814"],"fave_property_map":["1"],"fave_property_map_address":["Cam\u00ed de Son Xorc, Campos, Migjorn, Illes Balears, 07630, Espa\u00f1a"],"fave_property_location":["39.429695951199,3.0406869952464,15"],"fave_property_map_street_view":["hide"],"fave_property_address":["Cam\u00ed de Son Xorc, Campos, Migjorn, Illes Balears, 07630, Espa\u00f1a"],"fave_property_zip":["07630"],"fave_prop_homeslider":["no"],"rank_math_focus_keyword":["Till salu i Campos"],"fave_wine-region":["Denominaci\u00f3n de Origen Pla i Llevant"],"fave_portal_1754226254":["0"],"fave_portal_1754598704":["0"],"has_images":["1"],"_wpml_media_has_media":["1"],"fave_featured":["1"],"fave_property_images":["174341","174336","174331","174351","174346","174381","174296","174371","174366","174361","174281","174286","174276","174291","174301","174321","174326","174316","174311","174306"],"fave_agent_display_option":["agent_info"],"fave_agents":["5167"],"fave_single_top_area":["global"],"fave_single_content_area":["global"]},"_links":{"self":[{"href":"https:\/\/www.mallorcaguru.es\/sv\/wp-json\/wp\/v2\/Fastighet\/186539","targetHints":{"allow":["GET"]}}],"collection":[{"href":"https:\/\/www.mallorcaguru.es\/sv\/wp-json\/wp\/v2\/Fastighet"}],"about":[{"href":"https:\/\/www.mallorcaguru.es\/sv\/wp-json\/wp\/v2\/types\/property"}],"author":[{"embeddable":true,"href":"https:\/\/www.mallorcaguru.es\/sv\/wp-json\/wp\/v2\/users\/1"}],"version-history":[{"count":0,"href":"https:\/\/www.mallorcaguru.es\/sv\/wp-json\/wp\/v2\/Fastighet\/186539\/revisions"}],"wp:featuredmedia":[{"embeddable":true,"href":"https:\/\/www.mallorcaguru.es\/sv\/wp-json\/wp\/v2\/media\/174345"}],"wp:attachment":[{"href":"https:\/\/www.mallorcaguru.es\/sv\/wp-json\/wp\/v2\/media?parent=186539"}],"wp:term":[{"taxonomy":"property_type","embeddable":true,"href":"https:\/\/www.mallorcaguru.es\/sv\/wp-json\/wp\/v2\/property_type?post=186539"},{"taxonomy":"property_status","embeddable":true,"href":"https:\/\/www.mallorcaguru.es\/sv\/wp-json\/wp\/v2\/property_status?post=186539"},{"taxonomy":"property_feature","embeddable":true,"href":"https:\/\/www.mallorcaguru.es\/sv\/wp-json\/wp\/v2\/property_feature?post=186539"},{"taxonomy":"property_label","embeddable":true,"href":"https:\/\/www.mallorcaguru.es\/sv\/wp-json\/wp\/v2\/property_label?post=186539"},{"taxonomy":"property_country","embeddable":true,"href":"https:\/\/www.mallorcaguru.es\/sv\/wp-json\/wp\/v2\/property_country?post=186539"},{"taxonomy":"property_state","embeddable":true,"href":"https:\/\/www.mallorcaguru.es\/sv\/wp-json\/wp\/v2\/property_state?post=186539"},{"taxonomy":"property_city","embeddable":true,"href":"https:\/\/www.mallorcaguru.es\/sv\/wp-json\/wp\/v2\/property_city?post=186539"},{"taxonomy":"property_area","embeddable":true,"href":"https:\/\/www.mallorcaguru.es\/sv\/wp-json\/wp\/v2\/property_area?post=186539"}],"curies":[{"name":"wp","href":"https:\/\/api.w.org\/{rel}","templated":true}]}}