{"id":208668,"date":"2025-05-15T18:27:16","date_gmt":"2025-05-15T16:27:16","guid":{"rendered":"https:\/\/www.mallorcaguru.es\/?post_type=property&#038;p=208668"},"modified":"2026-03-09T14:07:24","modified_gmt":"2026-03-09T13:07:24","slug":"hus-till-salu-i-campanet-som-behover-renoveras","status":"publish","type":"property","link":"https:\/\/www.mallorcaguru.es\/sv\/fastighet\/hus-till-salu-i-campanet-som-behover-renoveras\/","title":{"rendered":"Hus till salu i Campanet som beh\u00f6ver renoveras"},"content":{"rendered":"<p>Hus till salu i Campanet, i behov av renovering.<\/p>\n<p>Ett charmigt hus tillg\u00e4ngligt f\u00f6r renovering i Campanet, med tre v\u00e5ningar, garage, tr\u00e4dg\u00e5rd och uteplats p\u00e5 en rymlig tomt p\u00e5 356m2.<\/p>\n<p>Huset str\u00e4cker sig \u00f6ver 198 m2, med vardagsrum, k\u00f6k och sovrum p\u00e5 bottenv\u00e5ningen, ytterligare tre sovrum p\u00e5 f\u00f6rsta v\u00e5ningen och en vind ovanf\u00f6r.<\/p>\n<p>Byggd \u00e5r 1900, uppvisar det originalelement som synliga tr\u00e4bj\u00e4lkar och stenmurar, vilket bidrar till dess unika karakt\u00e4r.<\/p>\n<p>Njut av fantastisk fri utsikt \u00f6ver byn och de omgivande bergen. Utomhusutrymmet inkluderar en vacker tr\u00e4dg\u00e5rd med olika frukttr\u00e4d som apelsin, plommon, granat\u00e4pple, mandel och mispla, tillsammans med h\u00f6nshus.<\/p>\n<p>Denna stora tomt erbjuder m\u00e5nga renoveringsm\u00f6jligheter som passar din stil medan du njuter av den friska luften och lugnet i Campanet.<\/p>\n<p><a href=\"https:\/\/www.mallorcaguru.es\/sv\/by\/till-salu-i-campanet-mallorca\/\" target=\"_blank\" rel=\"noopener\">Campanet<\/a><\/p>\n<p>Bel\u00e4gen norr om Inca, huvudstad i <a href=\"https:\/\/www.mallorcaguru.es\/sv\/provins\/fastigheter-till-forsaljning-i-mallorca-raiguer-centrala-mallorca\/\" target=\"_blank\" rel=\"noopener\">Raiguer<\/a>-l\u00e4net p\u00e5 Mallorca, erbjuder denna charmiga by utm\u00e4rkta transportf\u00f6rbindelser till Palma och Alcudia, vilket g\u00f6r den till en idealisk plats f\u00f6r dem som s\u00f6ker en autentisk mallorkinsk upplevelse med alla \u00f6ns bekv\u00e4mligheter. Inb\u00e4ddad vid foten av Serra de Tramuntana, erbjuder byn utsikt mot B\u00fager i \u00f6ster och glimtar av Alc\u00fadiabuktens kustlinje. Staden \u00e4r k\u00e4nd f\u00f6r sin naturliga sk\u00f6nhet, vandringsleder, ber\u00f6mda grottor och hisnande panoramautsikt, och har bekv\u00e4ma f\u00f6rbindelser till motorv\u00e4gen och ligger bara 15 minuter fr\u00e5n stranden.<\/p>\n","protected":false},"excerpt":{"rendered":"<p>Hus till salu i Campanet som beh\u00f6ver renoveras. Ett charmigt hus tillg\u00e4ngligt f\u00f6r renovering i Campanet, med tre v\u00e5ningar, garage, tr\u00e4dg\u00e5rd och uteplats p\u00e5 en rymlig tomt p\u00e5 356m2.<\/p>\n","protected":false},"author":1,"featured_media":208646,"parent":0,"menu_order":0,"template":"","property_type":[471],"property_status":[765],"property_feature":[897,1768,1319,1400,889,1398,1291,1773,2857,1062,2862,966,970,1304,1084,1364,1269,1399,1066,1396,896,1082,1270,2852,914,915,763,1395],"property_label":[3870],"property_country":[762],"property_state":[764,527],"property_city":[1643],"property_area":[],"class_list":["post-208668","property","type-property","status-publish","has-post-thumbnail","hentry","property_type-byhus-till-salu-mallorca","property_status-fastigheter-till-salu-mallorca","property_feature-fastigheter-i-mallorca-fastighetsutsikt-berget","property_feature-fastighet-egenskaper-fastighet-forsaljning-mallorca-fastighet-lage","property_feature-fastighetsforsaljning-mallorca-fastighetsegenskaper-fastighetens-skick","property_feature-fastigheter-till-forsaljning-i-majorca-med-fina-vyer","property_feature-fastighetsegenskaper-fastighetsforsaljning-mallorca-fastighetstradgard-frukttrad","property_feature-fastigheter-till-forsaljning-i-majorca-med-ett-garage-eller-parkering","property_feature-fastighetsegenskaper-fastighetsforsaljning-mallorca-fastighetslage-historiskt-omrade","property_feature-fastigheter-till-forsaljning-mallorca-fastighetsegenskaper-inredningsegenskaper","property_feature-fastighet-egenskaper-internationella-skolor-mallorca","property_feature-fastighetsegenskaper-fastighetsforsaljning-mallorca-fastighetslage-inre-i-mallorca","property_feature-my-school-mallorca-internationella-skola-mallorca","property_feature-fastighetsegenskaper-fastighetsforsaljning-mallorca-fastighetslage-nara-alla-bekvamligheter","property_feature-fastighetsegenskaper-fastighetsforsaljning-mallorca-fastighetslage-nara-restauranger","property_feature-fastighetsegenskaper-fastighetsforsaljning-mallorca-fastighetslage-nara-medicinska-centra","property_feature-fastigheter-till-forsaljning-i-maljorca-med-plats-for-en-pool","property_feature-fastighetsforsaljning-mallorca-fastigheter-egenskaper-privat-garage","property_feature-fastighetsforsaljning-mallorca-fastighetsegenskaper-skick-renovering-behovs","property_feature-fastigheter-till-forsaljning-i-majorca-med-en-pool","property_feature-fastighet-egenskaper-fastighet-forsaljning-mallorca-fastighet-tradgard-stor-tradgard","property_feature-fastighet-egenskaper-fastighet-forsaljning-mallorca-fastighet-tradgard","property_feature-fastigheter-i-mallorca-fastighetsutsikt-tradgards-pool","property_feature-fastighetsegenskaper-fastighetsforsaljning-mallorca-fastighetslage-traditionell-by","property_feature-fastigheter-till-forsaljning-mallorca-egendom-egenskaper-interior-funktioner-traditionell-interior","property_feature-fastigheter-till-forsaljning-mallorca-kraftverk-fastighetsegenskaper-avloppsanslutning","property_feature-fastigheter-till-forsaljning-mallorca-verktyg-fastighetsegenskaper-elektricitet-tillganglig","property_feature-fastigheter-till-forsaljning-mallorca-kraftverk-fastighetsegenskaper-vatten-tillganglig","property_feature-fastigheter-pa-mallorca-fastighetsutsikt-landsbygden","property_feature-fastigheter-till-forsaljning-mallorca-utilities-offentliga-tjanster","property_label-mojligheter-prisreducerade-fastigheter-mallorca","property_country-till-salu-mallorca-spanien-mallorca-fastighetsguru","property_state-fastigheter-til-salu-mallorca","property_state-fastigheter-till-forsaljning-i-mallorca-raiguer-centrala-mallorca","property_city-till-salu-i-campanet-mallorca"],"property_meta":{"houzez_featured_listing_date":["2026-01-26 11:32:32"],"_wpml_media_duplicate":["1"],"_wpml_media_featured":["1"],"_top_nav_excluded":[""],"_cms_nav_minihome":[""],"_wp_page_template":["default"],"houzez_geolocation_lat":["39.7763891"],"houzez_geolocation_long":["2.9600896"],"_thumbnail_id":["208646"],"_wpml_word_count":["281"],"_edit_lock":["1769425856:1"],"rank_math_seo_score":["60"],"_edit_last":["1"],"fave_show_price_placeholder":["0"],"fave_price-per-m2":["2.121 \u20ac"],"rank_math_primary_property_type":["1622"],"rank_math_primary_property_status":["765"],"rank_math_primary_property_feature":["0"],"rank_math_primary_property_label":["0"],"rank_math_primary_property_country":["762"],"rank_math_primary_property_state":["764"],"rank_math_primary_property_city":["0"],"rank_math_primary_property_area":["0"],"houzez_manual_expire":["0"],"_houzez_expiration_date_status":["saved"],"_facebook_share_type":["default"],"_twitter_share_type":["default"],"_linkedin_share_type":["default"],"_pinterest_share_type":["default"],"_instagram_share_type":["default"],"_medium_share_type":["default"],"_selected_social_profile":["a:0:{}"],"_wpscppro_advance_schedule":[""],"_last_translation_edit_mode":["translation-editor"],"houzez_total_property_views":["358"],"houzez_views_by_date":["a:61:{s:10:\"01-23-2026\";i:2;s:10:\"01-24-2026\";i:2;s:10:\"01-26-2026\";i:4;s:10:\"01-29-2026\";i:2;s:10:\"01-30-2026\";i:1;s:10:\"01-31-2026\";i:2;s:10:\"02-02-2026\";i:1;s:10:\"02-03-2026\";i:1;s:10:\"02-04-2026\";i:1;s:10:\"02-05-2026\";i:1;s:10:\"02-06-2026\";i:1;s:10:\"02-08-2026\";i:2;s:10:\"02-10-2026\";i:2;s:10:\"02-11-2026\";i:2;s:10:\"02-13-2026\";i:2;s:10:\"02-14-2026\";i:2;s:10:\"02-19-2026\";i:1;s:10:\"02-20-2026\";i:2;s:10:\"02-22-2026\";i:2;s:10:\"02-23-2026\";i:1;s:10:\"02-25-2026\";i:1;s:10:\"02-28-2026\";i:1;s:10:\"03-01-2026\";i:1;s:10:\"03-02-2026\";i:1;s:10:\"03-03-2026\";i:1;s:10:\"03-05-2026\";i:3;s:10:\"03-08-2026\";i:1;s:10:\"03-09-2026\";i:2;s:10:\"03-12-2026\";i:2;s:10:\"03-14-2026\";i:1;s:10:\"03-15-2026\";i:3;s:10:\"03-16-2026\";i:2;s:10:\"03-17-2026\";i:1;s:10:\"03-19-2026\";i:1;s:10:\"03-20-2026\";i:2;s:10:\"03-22-2026\";i:1;s:10:\"03-24-2026\";i:1;s:10:\"03-27-2026\";i:1;s:10:\"03-29-2026\";i:2;s:10:\"03-30-2026\";i:2;s:10:\"03-31-2026\";i:1;s:10:\"04-01-2026\";i:1;s:10:\"04-03-2026\";i:1;s:10:\"04-04-2026\";i:2;s:10:\"04-05-2026\";i:1;s:10:\"04-06-2026\";i:1;s:10:\"04-08-2026\";i:1;s:10:\"04-11-2026\";i:1;s:10:\"04-13-2026\";i:3;s:10:\"04-14-2026\";i:1;s:10:\"04-16-2026\";i:1;s:10:\"04-18-2026\";i:1;s:10:\"04-20-2026\";i:1;s:10:\"04-22-2026\";i:2;s:10:\"04-24-2026\";i:1;s:10:\"04-25-2026\";i:2;s:10:\"04-26-2026\";i:2;s:10:\"04-27-2026\";i:1;s:10:\"04-28-2026\";i:5;s:10:\"04-29-2026\";i:1;s:10:\"04-30-2026\";i:1;}"],"houzez_recently_viewed":["2026-04-30 05:42:27"],"fave_price-reduced":["420.000\u20ac"],"fave_reduced-by":["4%"],"fave_portal_1753787295":["0"],"fave_portal_1753788757":["0"],"has_images":["1"],"_wpsp_custom_templates":["a:7:{s:8:\"facebook\";a:3:{s:8:\"template\";s:0:\"\";s:8:\"profiles\";a:0:{}s:9:\"is_global\";b:0;}s:7:\"twitter\";a:3:{s:8:\"template\";s:0:\"\";s:8:\"profiles\";a:0:{}s:9:\"is_global\";b:0;}s:8:\"linkedin\";a:3:{s:8:\"template\";s:0:\"\";s:8:\"profiles\";a:0:{}s:9:\"is_global\";b:0;}s:9:\"pinterest\";a:3:{s:8:\"template\";s:0:\"\";s:8:\"profiles\";a:0:{}s:9:\"is_global\";b:0;}s:9:\"instagram\";a:3:{s:8:\"template\";s:0:\"\";s:8:\"profiles\";a:0:{}s:9:\"is_global\";b:0;}s:6:\"medium\";a:3:{s:8:\"template\";s:0:\"\";s:8:\"profiles\";a:0:{}s:9:\"is_global\";b:0;}s:7:\"threads\";a:3:{s:8:\"template\";s:0:\"\";s:8:\"profiles\";a:0:{}s:9:\"is_global\";b:0;}}"],"fave_portal_1754226254":["1"],"fave_portal_1754395991":["0"],"fave_portal_1754598704":["1"],"rank_math_analytic_object_id":["291"],"_threads_share_type":["default"],"_google_business_share_type":["default"],"fave_featured":["1"],"fave_property_images":["208642","208652","208657","208607","208602","208627","208647","208637","208622","208617"],"fave_agent_display_option":["agent_info"],"fave_agents":["5167"],"fave_single_top_area":["global"],"fave_single_content_area":["global"],"fave_property_price":["399000"],"fave_property_size":["198"],"fave_property_size_prefix":["m2"],"fave_property_land":["356"],"fave_property_land_postfix":["m2"],"fave_property_bedrooms":["4"],"fave_property_bathrooms":["1"],"fave_property_garage":["1"],"fave_property_year":["1900"],"fave_property_id":["831"],"fave_property_map":["1"],"fave_property_map_address":["Carrer del Cardenal Despuig, Campanet, Raiguer, Illes Balears, 07310, Spanien"],"fave_property_location":["39.7763891,2.9600896,16"],"fave_property_map_street_view":["hide"],"fave_property_address":["Carrer del Cardenal Despuig, Campanet, Raiguer, Illes Balears, 07310, Spanien"],"fave_property_zip":["07310"],"fave_prop_homeslider":["no"],"rank_math_focus_keyword":["Hus till salu i Campanet"],"_elementor_page_assets":["a:0:{}"]},"_links":{"self":[{"href":"https:\/\/www.mallorcaguru.es\/sv\/wp-json\/wp\/v2\/Fastighet\/208668","targetHints":{"allow":["GET"]}}],"collection":[{"href":"https:\/\/www.mallorcaguru.es\/sv\/wp-json\/wp\/v2\/Fastighet"}],"about":[{"href":"https:\/\/www.mallorcaguru.es\/sv\/wp-json\/wp\/v2\/types\/property"}],"author":[{"embeddable":true,"href":"https:\/\/www.mallorcaguru.es\/sv\/wp-json\/wp\/v2\/users\/1"}],"version-history":[{"count":0,"href":"https:\/\/www.mallorcaguru.es\/sv\/wp-json\/wp\/v2\/Fastighet\/208668\/revisions"}],"wp:featuredmedia":[{"embeddable":true,"href":"https:\/\/www.mallorcaguru.es\/sv\/wp-json\/wp\/v2\/media\/208646"}],"wp:attachment":[{"href":"https:\/\/www.mallorcaguru.es\/sv\/wp-json\/wp\/v2\/media?parent=208668"}],"wp:term":[{"taxonomy":"property_type","embeddable":true,"href":"https:\/\/www.mallorcaguru.es\/sv\/wp-json\/wp\/v2\/property_type?post=208668"},{"taxonomy":"property_status","embeddable":true,"href":"https:\/\/www.mallorcaguru.es\/sv\/wp-json\/wp\/v2\/property_status?post=208668"},{"taxonomy":"property_feature","embeddable":true,"href":"https:\/\/www.mallorcaguru.es\/sv\/wp-json\/wp\/v2\/property_feature?post=208668"},{"taxonomy":"property_label","embeddable":true,"href":"https:\/\/www.mallorcaguru.es\/sv\/wp-json\/wp\/v2\/property_label?post=208668"},{"taxonomy":"property_country","embeddable":true,"href":"https:\/\/www.mallorcaguru.es\/sv\/wp-json\/wp\/v2\/property_country?post=208668"},{"taxonomy":"property_state","embeddable":true,"href":"https:\/\/www.mallorcaguru.es\/sv\/wp-json\/wp\/v2\/property_state?post=208668"},{"taxonomy":"property_city","embeddable":true,"href":"https:\/\/www.mallorcaguru.es\/sv\/wp-json\/wp\/v2\/property_city?post=208668"},{"taxonomy":"property_area","embeddable":true,"href":"https:\/\/www.mallorcaguru.es\/sv\/wp-json\/wp\/v2\/property_area?post=208668"}],"curies":[{"name":"wp","href":"https:\/\/api.w.org\/{rel}","templated":true}]}}