{"id":280181,"date":"2025-08-29T16:46:18","date_gmt":"2025-08-29T14:46:18","guid":{"rendered":"https:\/\/www.mallorcaguru.es\/property\/fincaprojekt-till-salu-i-algaida\/"},"modified":"2026-02-16T12:31:04","modified_gmt":"2026-02-16T11:31:04","slug":"fincaprojekt-till-salu-i-algaida","status":"publish","type":"property","link":"https:\/\/www.mallorcaguru.es\/sv\/fastighet\/fincaprojekt-till-salu-i-algaida\/","title":{"rendered":"Fincaprojekt till salu i Algaida"},"content":{"rendered":"<h2><strong><span style=\"font-size: 12pt;\">Fincaprojekt till salu i Algaida mellan Algaida och Montuiri.<\/span><\/strong><\/h2>\n<p>P\u00e5 en tomt p\u00e5 17 076 m2 i ett mycket eftertraktat omr\u00e5de mellan Algaida och Montuiri med fri utsikt och god v\u00e4gtillg\u00e5ng.<\/p>\n<p>S\u00e4ljs med ett grundl\u00e4ggande projekt f\u00f6r ett lantligt hus med en total byggd yta p\u00e5 439 m2 med tv\u00e5 v\u00e5ningar, bottenv\u00e5ning och f\u00f6rsta v\u00e5ningen, en stor terrass och en swimmingpool samt k\u00e4llare med dubbelgarage och bodega.<\/p>\n<p>Projektet avser en fastighet med tre sovrum och tre badrum f\u00f6rdelad enligt f\u00f6ljande.<\/p>\n<h2><strong><span style=\"font-size: 12pt;\">Husets f\u00f6rdelning<\/span><\/strong><\/h2>\n<h3><strong><span style=\"font-size: 12pt;\">K\u00e4llarens totala yta 183m2:<\/span><\/strong><\/h3>\n<p>Parkeringsramp 17m2 \u2013 Garage 71m2 \u2013 Bodega 5m2 \u2013 Vardagsrum 13m2 \u2013 F\u00f6rr\u00e5d 17m2 \u2013 G\u00e4sttoalett 2m2<\/p>\n<h3><strong><span style=\"font-size: 12pt;\">Bottenv\u00e5ning 150m2:<\/span><\/strong><\/h3>\n<p>K\u00f6k 14m2 \u2013 Matsal 17m2 \u2013 Terrass 12m2 \u2013 G\u00e4stbadrum 2m2 \u2013 Vardagsrum 33m2 \u2013 Tr\u00e4dg\u00e5rdsrum 16m2<\/p>\n<h3><strong><span style=\"font-size: 12pt;\">F\u00f6rsta v\u00e5ningen 150m2:<\/span><\/strong><\/h3>\n<p>Sovrum ett 16m2 \u2013 Badrum ett 11m2 \u2013 Omkl\u00e4dningsrum 4m2 \u2013 Privat terrass 18m2<\/p>\n<p>Sovrum tv\u00e5 15m2 \u2013 Badrum tv\u00e5 4m2<\/p>\n<p>Sovrum tre 15m2 \u2013 Badrum tre 4m2<\/p>\n<h3><strong><span style=\"font-size: 12pt;\">Utv\u00e4ndig yta<\/span><\/strong><\/h3>\n<p>Simbass\u00e4ng 35m2 \u2013 Poolterrass 84m2<\/p>\n<h3><strong><span style=\"font-size: 12pt;\">Total yta 439m2<\/span><\/strong><\/h3>\n<h3><strong><span style=\"font-size: 12pt;\">Tomt 17076m2<\/span><\/strong><\/h3>\n<p>Marken och projektet erbjuds till f\u00f6rs\u00e4ljning till detta pris f\u00f6r att k\u00f6paren ska kunna slutf\u00f6ra de sista detaljerna i projektet och byggnationen. Detaljerade planer finns tillg\u00e4ngliga, och det finns en prelimin\u00e4r skiss \u00f6ver alla installationer inklusive byggmaterial, VVS och el.<\/p>\n<p>Fastigheten har utformats med golvv\u00e4rme, dubbelglas, luftkonditionering, vattendeponering f\u00f6r b\u00e5de regnvatten och dricksvatten, solpaneler och en helt sluten tomt med ing\u00e5ng till uppfarten och en tr\u00e4dg\u00e5rdsmur byggd av Santany\u00ed-sten.<\/p>\n<p>Bara 20 minuter fr\u00e5n flygplatsen och mindre \u00e4n 25 minuter fr\u00e5n huvudstaden \u00e4r det en unik m\u00f6jlighet att k\u00f6pa projektet som har utformats som en traditionell lantresidens med modern inredning till ett mycket rimligt pris.<\/p>\n<h4><strong>Kontakta oss,\u00a0F\u00f6r mer information om detta fincaprojekt till salu i Algaida Mallorca.<\/strong><\/h4>\n<p><a href=\"https:\/\/www.mallorcaguru.es\/sv\/by\/fastigheter-till-salu-algaida\/\" target=\"_blank\" rel=\"noopener\">Algaida<\/a> \u00e4r en liten by p\u00e5 landsbygden i Pla de Mallorca i centrala Mallorca p\u00e5 syd\u00f6stra delen av \u00f6n, och inkluderar de mindre samh\u00e4llena Pina och Randa. Den har goda f\u00f6rbindelser till Palma de Mallorca och flygplatsen, med en 20 minuters bilresa p\u00e5 motorv\u00e4gen. Staden \u00e4r liten och lantlig med en befolkning p\u00e5 cirka 6 000.<\/p>\n","protected":false},"excerpt":{"rendered":"<p>Fincaprojekt till salu i Algaida Mallorca Tomt p\u00e5 17.000m2 projekt f\u00f6r ett hus med tre sovrum och tre badrum.<\/p>\n","protected":false},"author":1,"featured_media":0,"parent":0,"menu_order":0,"template":"","property_type":[420],"property_status":[765],"property_feature":[480,1493,1227,484,1540,1768,1319,1400,876,1398,513,1773,2078,874,877,964,2274,1665,1084,1399,2209,1350,1396,896,1685,975,1596,763,1068],"property_label":[3865],"property_country":[762],"property_state":[764,582],"property_city":[587],"property_area":[1213],"class_list":["post-280181","property","type-property","status-publish","hentry","property_type-finca-till-salu-mallorca","property_status-fastigheter-till-salu-mallorca","property_feature-fastigheter-till-forsaljning-mallorca-fastigheter-egenskaper-badrum","property_feature-bygglicens-grundlaggande","property_feature-fastighetsforsaljning-mallorca-fastigheter-egenskaper-dubbelgarage","property_feature-fastighet-funktioner-fastigheter-till-forsaljning-majorca-en-suite-badrum","property_feature-fastigheter-till-forsaljning-mallorca-fastighetsdokument","property_feature-fastighet-egenskaper-fastighet-forsaljning-mallorca-fastighet-lage","property_feature-fastighetsforsaljning-mallorca-fastighetsegenskaper-fastighetens-skick","property_feature-fastigheter-till-forsaljning-i-majorca-med-fina-vyer","property_feature-fastigheter-till-forsaljning-i-mallorca-med-ett-fullt-utrustat-kok","property_feature-fastigheter-till-forsaljning-i-majorca-med-ett-garage-eller-parkering","property_feature-fastigheter-till-forsaljning-mallorca-fastigheter-egenskaper-gasttoalett","property_feature-fastigheter-till-forsaljning-mallorca-fastighetsegenskaper-inredningsegenskaper","property_feature-fastigheter-till-forsaljning-i-majorca-med-kok","property_feature-fastighet-egenskaper-fastighet-forsaljning-mallorca-fastighet-lage-landsbygden","property_feature-fastigheter-till-forsaljning-mallorca-fastigheter-varme-och-kyla-luftkonditionering","property_feature-fastigheter-till-forsaljning-mallorca-egendom-egenskaper-interior-funktioner-modern-inredning","property_feature-fastighetsforsaljning-mallorca-fastighetsegenskaper-skick-ny-utvecklingsfastighet","property_feature-fastigheter-till-forsaljning-mallorca-fastighetsegenskaper-omkladningsrum","property_feature-fastigheter-till-forsaljning-i-maljorca-med-plats-for-en-pool","property_feature-fastigheter-till-forsaljning-i-majorca-med-en-pool","property_feature-fastigheter-till-forsaljning-mallorca-fastigheter-egenskaper-sovrum","property_feature-fastighetsegenskaper-fastighetsforsaljning-mallorca-fastighet-tradgardsterrass","property_feature-fastighet-egenskaper-fastighet-forsaljning-mallorca-fastighet-tradgard","property_feature-fastigheter-i-mallorca-fastighetsutsikt-tradgards-pool","property_feature-fastigheter-till-forsaljning-i-majorca-med-en-tvattstuga","property_feature-fastighetsforsaljning-mallorca-fastighetsegenskaper-underjordisk-parkering","property_feature-fastigheter-till-forsaljning-mallorca-fastigheter-varme-och-kyla-egenskaper","property_feature-fastigheter-pa-mallorca-fastighetsutsikt-landsbygden","property_feature-fastighetsegenskaper-fastighetsforsaljning-mallorca-fastighetstradgard-veranda","property_label-byggprojekt","property_country-till-salu-mallorca-spanien-mallorca-fastighetsguru","property_state-fastigheter-til-salu-mallorca","property_state-fastigheter-till-forsaljning-i-pla-de-mallorca-centrum","property_city-fastigheter-till-salu-algaida","property_area-ursprungsbeteckningen-pla-och-llevant-wine-mallorca"],"property_meta":{"_wpsp_custom_templates":["a:7:{s:8:\"facebook\";a:3:{s:8:\"template\";s:0:\"\";s:8:\"profiles\";a:0:{}s:9:\"is_global\";b:0;}s:7:\"twitter\";a:3:{s:8:\"template\";s:0:\"\";s:8:\"profiles\";a:0:{}s:9:\"is_global\";b:0;}s:8:\"linkedin\";a:3:{s:8:\"template\";s:0:\"\";s:8:\"profiles\";a:0:{}s:9:\"is_global\";b:0;}s:9:\"pinterest\";a:3:{s:8:\"template\";s:0:\"\";s:8:\"profiles\";a:0:{}s:9:\"is_global\";b:0;}s:9:\"instagram\";a:3:{s:8:\"template\";s:0:\"\";s:8:\"profiles\";a:0:{}s:9:\"is_global\";b:0;}s:6:\"medium\";a:3:{s:8:\"template\";s:0:\"\";s:8:\"profiles\";a:0:{}s:9:\"is_global\";b:0;}s:7:\"threads\";a:3:{s:8:\"template\";s:0:\"\";s:8:\"profiles\";a:0:{}s:9:\"is_global\";b:0;}}"],"houzez_featured_listing_date":["2026-02-16 12:31:05"],"_wpml_media_duplicate":["1"],"_wpml_media_featured":["1"],"_top_nav_excluded":[""],"_cms_nav_minihome":[""],"_wp_page_template":["default"],"houzez_geolocation_lat":["39.570112"],"houzez_geolocation_long":["2.938291"],"rank_math_pillar_content":["on"],"_wpml_word_count":["381"],"_last_translation_edit_mode":["native-editor"],"houzez_total_property_views":["239"],"houzez_views_by_date":["a:61:{s:10:\"01-12-2026\";i:2;s:10:\"01-15-2026\";i:1;s:10:\"01-16-2026\";i:2;s:10:\"01-18-2026\";i:2;s:10:\"01-20-2026\";i:2;s:10:\"01-22-2026\";i:3;s:10:\"01-25-2026\";i:1;s:10:\"01-26-2026\";i:6;s:10:\"01-27-2026\";i:3;s:10:\"01-29-2026\";i:2;s:10:\"01-30-2026\";i:2;s:10:\"02-01-2026\";i:1;s:10:\"02-02-2026\";i:2;s:10:\"02-03-2026\";i:2;s:10:\"02-04-2026\";i:3;s:10:\"02-05-2026\";i:1;s:10:\"02-06-2026\";i:2;s:10:\"02-07-2026\";i:1;s:10:\"02-09-2026\";i:1;s:10:\"02-11-2026\";i:1;s:10:\"02-13-2026\";i:3;s:10:\"02-14-2026\";i:1;s:10:\"02-15-2026\";i:1;s:10:\"02-16-2026\";i:3;s:10:\"02-19-2026\";i:1;s:10:\"02-20-2026\";i:1;s:10:\"02-21-2026\";i:1;s:10:\"02-22-2026\";i:2;s:10:\"02-24-2026\";i:2;s:10:\"02-25-2026\";i:1;s:10:\"03-01-2026\";i:3;s:10:\"03-02-2026\";i:5;s:10:\"03-05-2026\";i:2;s:10:\"03-06-2026\";i:1;s:10:\"03-08-2026\";i:1;s:10:\"03-09-2026\";i:5;s:10:\"03-10-2026\";i:1;s:10:\"03-11-2026\";i:1;s:10:\"03-12-2026\";i:1;s:10:\"03-16-2026\";i:1;s:10:\"03-17-2026\";i:1;s:10:\"03-19-2026\";i:1;s:10:\"03-22-2026\";i:3;s:10:\"03-25-2026\";i:2;s:10:\"03-28-2026\";i:1;s:10:\"03-29-2026\";i:3;s:10:\"03-30-2026\";i:1;s:10:\"03-31-2026\";i:1;s:10:\"04-05-2026\";i:1;s:10:\"04-06-2026\";i:1;s:10:\"04-08-2026\";i:1;s:10:\"04-09-2026\";i:2;s:10:\"04-13-2026\";i:1;s:10:\"04-15-2026\";i:1;s:10:\"04-16-2026\";i:1;s:10:\"04-18-2026\";i:3;s:10:\"04-20-2026\";i:1;s:10:\"04-21-2026\";i:4;s:10:\"04-23-2026\";i:2;s:10:\"04-24-2026\";i:1;s:10:\"04-25-2026\";i:1;}"],"houzez_recently_viewed":["2026-04-25 06:57:37"],"_edit_lock":["1771241468:1"],"rank_math_seo_score":["68"],"_edit_last":["1"],"_wpscppro_advance_schedule":[""],"fave_show_price_placeholder":["0"],"fave_portal_1754226254":["1"],"fave_portal_1754598704":["1"],"has_images":["1"],"rank_math_primary_property_type":["0"],"rank_math_primary_property_status":["0"],"rank_math_primary_property_feature":["0"],"rank_math_primary_property_label":["0"],"rank_math_primary_property_country":["0"],"rank_math_primary_property_state":["0"],"rank_math_primary_property_city":["0"],"rank_math_primary_property_area":["0"],"houzez_manual_expire":["0"],"_houzez_expiration_date_status":["saved"],"_facebook_share_type":["default"],"_twitter_share_type":["default"],"_linkedin_share_type":["default"],"_pinterest_share_type":["default"],"_instagram_share_type":["default"],"_medium_share_type":["default"],"_threads_share_type":["default"],"_google_business_share_type":["default"],"_selected_social_profile":["a:0:{}"],"rank_math_analytic_object_id":["36"],"fave_property_price":["380000"],"fave_property_size":["439"],"fave_property_size_prefix":["m2"],"fave_property_land":["17076"],"fave_property_land_postfix":["m2"],"fave_property_bedrooms":["3"],"fave_property_bathrooms":["3"],"fave_property_garage_size":["71m2"],"fave_property_id":["924"],"fave_property_map":["1"],"fave_property_map_address":["Cam\u00ed de Son Barranquer, 07210 Algaida, Illes Balears, Spain"],"fave_property_location":["39.570112,2.938291,15"],"fave_property_map_street_view":["show"],"fave_property_address":["Cam\u00ed de Son Barranquer, 07210 Algaida, Illes Balears"],"fave_property_zip":["07210"],"fave_prop_homeslider":["no"],"rank_math_focus_keyword":["Fincaprojekt till salu i Algaida"],"fave_attachments":["279936"],"_wpml_media_has_media":["1"],"fave_featured":["1"],"fave_property_images":["327090","327088","327091","327087","327089","327086","279833","279828","279838","279888","279873","279848","279858","279853","279868","279843","279863","279883","279878","279928","279923","279918","279913","279908","279903","279898","279893","279819","279814","279809"],"fave_agent_display_option":["agent_info"],"fave_agents":["5167"],"fave_single_top_area":["global"],"fave_single_content_area":["global"]},"_links":{"self":[{"href":"https:\/\/www.mallorcaguru.es\/sv\/wp-json\/wp\/v2\/Fastighet\/280181","targetHints":{"allow":["GET"]}}],"collection":[{"href":"https:\/\/www.mallorcaguru.es\/sv\/wp-json\/wp\/v2\/Fastighet"}],"about":[{"href":"https:\/\/www.mallorcaguru.es\/sv\/wp-json\/wp\/v2\/types\/property"}],"author":[{"embeddable":true,"href":"https:\/\/www.mallorcaguru.es\/sv\/wp-json\/wp\/v2\/users\/1"}],"version-history":[{"count":0,"href":"https:\/\/www.mallorcaguru.es\/sv\/wp-json\/wp\/v2\/Fastighet\/280181\/revisions"}],"wp:attachment":[{"href":"https:\/\/www.mallorcaguru.es\/sv\/wp-json\/wp\/v2\/media?parent=280181"}],"wp:term":[{"taxonomy":"property_type","embeddable":true,"href":"https:\/\/www.mallorcaguru.es\/sv\/wp-json\/wp\/v2\/property_type?post=280181"},{"taxonomy":"property_status","embeddable":true,"href":"https:\/\/www.mallorcaguru.es\/sv\/wp-json\/wp\/v2\/property_status?post=280181"},{"taxonomy":"property_feature","embeddable":true,"href":"https:\/\/www.mallorcaguru.es\/sv\/wp-json\/wp\/v2\/property_feature?post=280181"},{"taxonomy":"property_label","embeddable":true,"href":"https:\/\/www.mallorcaguru.es\/sv\/wp-json\/wp\/v2\/property_label?post=280181"},{"taxonomy":"property_country","embeddable":true,"href":"https:\/\/www.mallorcaguru.es\/sv\/wp-json\/wp\/v2\/property_country?post=280181"},{"taxonomy":"property_state","embeddable":true,"href":"https:\/\/www.mallorcaguru.es\/sv\/wp-json\/wp\/v2\/property_state?post=280181"},{"taxonomy":"property_city","embeddable":true,"href":"https:\/\/www.mallorcaguru.es\/sv\/wp-json\/wp\/v2\/property_city?post=280181"},{"taxonomy":"property_area","embeddable":true,"href":"https:\/\/www.mallorcaguru.es\/sv\/wp-json\/wp\/v2\/property_area?post=280181"}],"curies":[{"name":"wp","href":"https:\/\/api.w.org\/{rel}","templated":true}]}}