{"id":331915,"date":"2026-03-06T14:08:08","date_gmt":"2026-03-06T13:08:08","guid":{"rendered":"https:\/\/www.mallorcaguru.es\/property\/bostadsutveckling-till-salu-i-binissalem\/"},"modified":"2026-03-06T14:33:04","modified_gmt":"2026-03-06T13:33:04","slug":"bostadsutveckling-till-salu-i-binissalem","status":"publish","type":"property","link":"https:\/\/www.mallorcaguru.es\/sv\/fastighet\/bostadsutveckling-till-salu-i-binissalem\/","title":{"rendered":"Bostadsutveckling till salu i Binissalem"},"content":{"rendered":"<h2><span style=\"font-size: 12pt;\">Bostadsbyggnadstillst\u00e5nd med ett godk\u00e4nt projekt, till salu i Binissalem med \u00e5tta l\u00e4genheter, garage och kommersiell butik.<\/span><\/h2>\n<p>Bel\u00e4get i utkanten av byns historiska centrum, och bara n\u00e5gra minuters promenad fr\u00e5n alla bekv\u00e4mligheter i byn. Denna grupp av tomter med beviljat avstyckningstillst\u00e5nd har ett godk\u00e4nt f\u00f6rprojekt f\u00f6r ett k\u00e4llargarage p\u00e5 807,98 m\u00b2 med 21 parkeringsplatser och 8 f\u00f6rr\u00e5d.<\/p>\n<p>En bottenv\u00e5ning p\u00e5 678,82 m\u00b2 f\u00f6r kommersiellt bruk.<\/p>\n<p>En f\u00f6rsta v\u00e5ning p\u00e5 675,82 m\u00b2, avsedd f\u00f6r 4 l\u00e4genheter och en andra v\u00e5ning p\u00e5 674,82 m\u00b2 ocks\u00e5 avsedd f\u00f6r 4 l\u00e4genheter.<\/p>\n<p>Binissalem ligger cirka 25 minuter med bil eller t\u00e5g fr\u00e5n Palma, med utm\u00e4rkt tillg\u00e5ng via motorv\u00e4gen Ma-13 och t\u00e5glinjen som f\u00f6rbinder Palma med Inca och Sa Pobla.<\/p>\n<p>En autentisk mallorkinsk by bel\u00e4gen i Raiguer-regionen, halvv\u00e4gs mellan Palma och Serra de Tramuntana. Den \u00e4r mest k\u00e4nd som Mallorcas vinhuvudstad, hem till \u00f6ns prestigefyllda vinappellation Denominaci\u00f3 d\u2019Origen (DO) Binissalem. Med sin gyllene stenarkitektur, lugna gator, ving\u00e5rdar och starka gemenskapsk\u00e4nsla erbjuder Binissalem en avslappnad livsstil rik p\u00e5 kultur och tradition.<\/p>\n<p>Ett sammansvetsat samh\u00e4lle med lokala inv\u00e5nare och internationella nykomlingar. Butiker, skolor, restauranger, barer och allt som beh\u00f6vs f\u00f6r det dagliga livet. En lantlig k\u00e4nsla utan att vara isolerad tack vare de utm\u00e4rkta transportf\u00f6rbindelserna med t\u00e5g och v\u00e4g. Gott om kulturella evenemang och traditioner \u00e5ret runt. Omfattande vandrings- och cykelv\u00e4gar i den n\u00e4rliggande landsbygden och vid foten av bergen. En balans mellan autentiskt byliv och investeringspotential eftersom efterfr\u00e5gan p\u00e5 alla typer av bost\u00e4der \u00e4r h\u00f6g och v\u00e4xer varje \u00e5r.<\/p>\n<p>Detta \u00e4r ett projekt som \u00e4r klart f\u00f6r omedelbar byggnation, med ett redan beviljat bygglov, vilket minskar tidslinjerna och ger r\u00e4ttslig trygghet f\u00f6r investeringen. En idealisk investeringsm\u00f6jlighet f\u00f6r utvecklare som s\u00f6ker en kort tidslinje fr\u00e5n k\u00f6p till \u00e5terf\u00f6rs\u00e4ljning. F\u00f6r mer teknisk information eller dokumentation, v\u00e4nligen kontakta oss.<\/p>\n","protected":false},"excerpt":{"rendered":"<p>Till salu i Binissalem Bostadsutveckling med ett godk\u00e4nt projekt med \u00e5tta l\u00e4genheter, garage och kommersiella lokaler.<\/p>\n","protected":false},"author":1,"featured_media":331913,"parent":0,"menu_order":0,"template":"","property_type":[384,428],"property_status":[765],"property_feature":[1493,1540,1768,1400,1479,1062,966,1189,1190,970,1304,1082,967,2204,2852,914,915,1395],"property_label":[3865],"property_country":[762],"property_state":[764,527],"property_city":[567],"property_area":[683],"class_list":["post-331915","property","type-property","status-publish","has-post-thumbnail","hentry","property_type-lagenhet-till-forsaljning-i-mallorca-spanien","property_type-tomt-till-salu-mallorca","property_status-fastigheter-till-salu-mallorca","property_feature-bygglicens-grundlaggande","property_feature-fastigheter-till-forsaljning-mallorca-fastighetsdokument","property_feature-fastighet-egenskaper-fastighet-forsaljning-mallorca-fastighet-lage","property_feature-fastigheter-till-forsaljning-i-majorca-med-fina-vyer","property_feature-fastighetsegenskaper-fastighetsforsaljning-mallorca-fastighetslage-nara-skolor","property_feature-fastighetsegenskaper-fastighetsforsaljning-mallorca-fastighetslage-inre-i-mallorca","property_feature-fastighetsegenskaper-fastighetsforsaljning-mallorca-fastighetslage-nara-alla-bekvamligheter","property_feature-fastighetsegenskaper-fastighetsforsaljning-mallorca-fastighetslage-ar-nara-till-butiker","property_feature-fastighetsegenskaper-fastighetsforsaljning-mallorca-fastighetslage-nara-allman-trafik","property_feature-fastighetsegenskaper-fastighetsforsaljning-mallorca-fastighetslage-nara-restauranger","property_feature-fastighetsegenskaper-fastighetsforsaljning-mallorca-fastighetslage-nara-medicinska-centra","property_feature-fastighetsegenskaper-fastighetsforsaljning-mallorca-fastighetslage-traditionell-by","property_feature-fastighetsegenskaper-fastighetsforsaljning-mallorca-fastighetslage-urban-bostadsomrade","property_feature-fastigheter-i-mallorca-fastighetsvyer-urban","property_feature-fastigheter-till-forsaljning-mallorca-kraftverk-fastighetsegenskaper-avloppsanslutning","property_feature-fastigheter-till-forsaljning-mallorca-verktyg-fastighetsegenskaper-elektricitet-tillganglig","property_feature-fastigheter-till-forsaljning-mallorca-kraftverk-fastighetsegenskaper-vatten-tillganglig","property_feature-fastigheter-till-forsaljning-mallorca-utilities-offentliga-tjanster","property_label-byggprojekt","property_country-till-salu-mallorca-spanien-mallorca-fastighetsguru","property_state-fastigheter-til-salu-mallorca","property_state-fastigheter-till-forsaljning-i-mallorca-raiguer-centrala-mallorca","property_city-till-salu-binissalem-mallorca","property_area-ursprungsbeteckning-binissalem-vin-mallorca"],"property_meta":{"rank_math_analytic_object_id":["1177"],"_wpsp_custom_templates":["a:7:{s:8:\"facebook\";a:3:{s:8:\"template\";s:0:\"\";s:8:\"profiles\";a:0:{}s:9:\"is_global\";b:0;}s:7:\"twitter\";a:3:{s:8:\"template\";s:0:\"\";s:8:\"profiles\";a:0:{}s:9:\"is_global\";b:0;}s:8:\"linkedin\";a:3:{s:8:\"template\";s:0:\"\";s:8:\"profiles\";a:0:{}s:9:\"is_global\";b:0;}s:9:\"pinterest\";a:3:{s:8:\"template\";s:0:\"\";s:8:\"profiles\";a:0:{}s:9:\"is_global\";b:0;}s:9:\"instagram\";a:3:{s:8:\"template\";s:0:\"\";s:8:\"profiles\";a:0:{}s:9:\"is_global\";b:0;}s:6:\"medium\";a:3:{s:8:\"template\";s:0:\"\";s:8:\"profiles\";a:0:{}s:9:\"is_global\";b:0;}s:7:\"threads\";a:3:{s:8:\"template\";s:0:\"\";s:8:\"profiles\";a:0:{}s:9:\"is_global\";b:0;}}"],"houzez_featured_listing_date":[""],"_top_nav_excluded":[""],"_cms_nav_minihome":[""],"_wp_page_template":["default"],"fave_property_price":["652000"],"fave_property_land":["678"],"fave_property_land_postfix":["m2"],"fave_property_id":["992"],"fave_property_map":["1"],"fave_property_map_address":["Carrer Joan Josep Amengual i Reus, Binissalem, Spain"],"fave_property_location":["39.6897546,2.8465893,15"],"houzez_geolocation_lat":["39.6897546"],"houzez_geolocation_long":["2.8465893"],"fave_property_map_street_view":["show"],"fave_property_address":["Carrer Joan Josep Amengual i Reus, Binissalem, Spain"],"fave_property_zip":["07350"],"fave_prop_homeslider":["no"],"rank_math_focus_keyword":["Till salu i Binissalem"],"_thumbnail_id":["331913"],"_last_translation_edit_mode":["native-editor"],"_wpml_word_count":["383"],"houzez_total_property_views":["80"],"houzez_views_by_date":["a:39:{s:10:\"03-06-2026\";i:3;s:10:\"03-08-2026\";i:3;s:10:\"03-09-2026\";i:1;s:10:\"03-10-2026\";i:1;s:10:\"03-11-2026\";i:3;s:10:\"03-12-2026\";i:6;s:10:\"03-13-2026\";i:2;s:10:\"03-14-2026\";i:1;s:10:\"03-15-2026\";i:2;s:10:\"03-16-2026\";i:1;s:10:\"03-17-2026\";i:3;s:10:\"03-18-2026\";i:1;s:10:\"03-20-2026\";i:2;s:10:\"03-21-2026\";i:1;s:10:\"03-22-2026\";i:3;s:10:\"03-24-2026\";i:2;s:10:\"03-25-2026\";i:4;s:10:\"03-26-2026\";i:2;s:10:\"03-28-2026\";i:4;s:10:\"03-29-2026\";i:4;s:10:\"03-30-2026\";i:2;s:10:\"03-31-2026\";i:1;s:10:\"04-02-2026\";i:2;s:10:\"04-04-2026\";i:2;s:10:\"04-05-2026\";i:1;s:10:\"04-08-2026\";i:2;s:10:\"04-09-2026\";i:1;s:10:\"04-10-2026\";i:2;s:10:\"04-12-2026\";i:1;s:10:\"04-13-2026\";i:2;s:10:\"04-15-2026\";i:2;s:10:\"04-16-2026\";i:2;s:10:\"04-17-2026\";i:1;s:10:\"04-18-2026\";i:1;s:10:\"04-19-2026\";i:1;s:10:\"04-20-2026\";i:2;s:10:\"04-22-2026\";i:3;s:10:\"04-24-2026\";i:1;s:10:\"04-25-2026\";i:2;}"],"houzez_recently_viewed":["2026-04-25 08:37:30"],"_edit_lock":["1772803856:1"],"rank_math_seo_score":["58"],"_edit_last":["1"],"_wpscppro_advance_schedule":[""],"fave_show_price_placeholder":["0"],"fave_portal_1754226254":["1"],"fave_portal_1754598704":["1"],"has_images":["1"],"houzez_manual_expire":["0"],"_houzez_expiration_date_status":["saved"],"fave_featured":["0"],"fave_property_images":["331832","331831","331829","331830","331828","331833"],"fave_agent_display_option":["agent_info"],"fave_agents":["5167"],"fave_single_top_area":["global"],"fave_single_content_area":["global"],"_facebook_share_type":["default"],"_twitter_share_type":["default"],"_linkedin_share_type":["default"],"_pinterest_share_type":["default"],"_instagram_share_type":["default"],"_medium_share_type":["default"],"_threads_share_type":["default"],"_google_business_share_type":["default"],"_selected_social_profile":["a:0:{}"],"rank_math_internal_links_processed":["1"],"_elementor_page_assets":["a:0:{}"]},"_links":{"self":[{"href":"https:\/\/www.mallorcaguru.es\/sv\/wp-json\/wp\/v2\/Fastighet\/331915","targetHints":{"allow":["GET"]}}],"collection":[{"href":"https:\/\/www.mallorcaguru.es\/sv\/wp-json\/wp\/v2\/Fastighet"}],"about":[{"href":"https:\/\/www.mallorcaguru.es\/sv\/wp-json\/wp\/v2\/types\/property"}],"author":[{"embeddable":true,"href":"https:\/\/www.mallorcaguru.es\/sv\/wp-json\/wp\/v2\/users\/1"}],"version-history":[{"count":0,"href":"https:\/\/www.mallorcaguru.es\/sv\/wp-json\/wp\/v2\/Fastighet\/331915\/revisions"}],"wp:featuredmedia":[{"embeddable":true,"href":"https:\/\/www.mallorcaguru.es\/sv\/wp-json\/wp\/v2\/media\/331913"}],"wp:attachment":[{"href":"https:\/\/www.mallorcaguru.es\/sv\/wp-json\/wp\/v2\/media?parent=331915"}],"wp:term":[{"taxonomy":"property_type","embeddable":true,"href":"https:\/\/www.mallorcaguru.es\/sv\/wp-json\/wp\/v2\/property_type?post=331915"},{"taxonomy":"property_status","embeddable":true,"href":"https:\/\/www.mallorcaguru.es\/sv\/wp-json\/wp\/v2\/property_status?post=331915"},{"taxonomy":"property_feature","embeddable":true,"href":"https:\/\/www.mallorcaguru.es\/sv\/wp-json\/wp\/v2\/property_feature?post=331915"},{"taxonomy":"property_label","embeddable":true,"href":"https:\/\/www.mallorcaguru.es\/sv\/wp-json\/wp\/v2\/property_label?post=331915"},{"taxonomy":"property_country","embeddable":true,"href":"https:\/\/www.mallorcaguru.es\/sv\/wp-json\/wp\/v2\/property_country?post=331915"},{"taxonomy":"property_state","embeddable":true,"href":"https:\/\/www.mallorcaguru.es\/sv\/wp-json\/wp\/v2\/property_state?post=331915"},{"taxonomy":"property_city","embeddable":true,"href":"https:\/\/www.mallorcaguru.es\/sv\/wp-json\/wp\/v2\/property_city?post=331915"},{"taxonomy":"property_area","embeddable":true,"href":"https:\/\/www.mallorcaguru.es\/sv\/wp-json\/wp\/v2\/property_area?post=331915"}],"curies":[{"name":"wp","href":"https:\/\/api.w.org\/{rel}","templated":true}]}}