{"id":350977,"date":"2026-04-29T18:34:08","date_gmt":"2026-04-29T16:34:08","guid":{"rendered":"https:\/\/www.mallorcaguru.es\/property\/byhus-till-salu-i-buger-mallorca\/"},"modified":"2026-04-29T18:43:37","modified_gmt":"2026-04-29T16:43:37","slug":"byhus-till-salu-i-buger-mallorca","status":"publish","type":"property","link":"https:\/\/www.mallorcaguru.es\/sv\/fastighet\/byhus-till-salu-i-buger-mallorca\/","title":{"rendered":"Byhus till salu i B\u00fager, Mallorca"},"content":{"rendered":"<h2><span style=\"font-size: 12pt;\">Byhus till salu i B\u00fager, Mallorca med tre sovrum och tv\u00e5 badrum. <\/span><\/h2>\n<p>Uppt\u00e4ck detta underbara radhus i ett f\u00f6rstklassigt h\u00f6rnl\u00e4ge, f\u00f6rdelat p\u00e5 tv\u00e5 v\u00e5ningar samt en fantastisk takterrass.<\/p>\n<p>P\u00e5 bottenv\u00e5ningen finns en ljus och luftig yta som inkluderar ett dubbelrum, perfekt f\u00f6r avkoppling, samt ett komplett badrum. H\u00e4r finns \u00e4ven tillg\u00e5ng via tv\u00e5 entr\u00e9er och en flexibel k\u00e4llare, idealisk f\u00f6r f\u00f6rvaring eller ombyggnad efter era behov.<\/p>\n<p>P\u00e5 f\u00f6rsta v\u00e5ningen finns ytterligare ett mysigt sovrum intill ett v\u00e4lutrustat och funktionellt k\u00f6k. H\u00e4r finns ocks\u00e5 ytterligare ett badrum samt en charmig inglasad terrass d\u00e4r ni kan njuta av frisk luft \u00e5ret runt.<\/p>\n<p>Missa slutligen inte den spektakul\u00e4ra takterrassen: denna utomhusyta \u00e4r perfekt f\u00f6r att koppla av i solen eller anordna familjesammankomster samtidigt som ni njuter av omgivningarna.<\/p>\n<h3><span style=\"font-size: 12pt;\">Kontakta oss f\u00f6r mer information eller f\u00f6r att bes\u00f6ka detta hus till salu i B\u00fager, Mallorca.<\/span><\/h3>\n<p>B\u00fager p\u00e5 Mallorca \u00e4r en del av regionen Raiguer. Byn ligger p\u00e5 en sluttning och vetter mot bergen i norr, med utsikt \u00f6ver landskapet och mot Randa i sydv\u00e4st.<br \/>\nB\u00fager, Mallorcas minsta kommun, \u00e4r k\u00e4nd f\u00f6r sina v\u00e4derkvarnar och sina lundar av mandel- och johannesbr\u00f6dtr\u00e4d. Det \u00e4r en by som inte har haft n\u00e5gon annan industri \u00e4n jordbruk, men som har en tradition av att tillverka \u201cpicarols\u201d (kosk\u00e4llor) och tr\u00e4bestick.<\/p>\n","protected":false},"excerpt":{"rendered":"<p>Till salu i B\u00fager, Mallorca \u2013 byhus med tre sovrum och tv\u00e5 badrum <\/p>\n","protected":false},"author":1,"featured_media":350976,"parent":0,"menu_order":0,"template":"","property_type":[471],"property_status":[765],"property_feature":[2251,1768,1319,876,2330,963,1773,2078,879,966,1193,2930,888,2341,1396,1082,1270,880,1395],"property_label":[],"property_country":[],"property_state":[764,527],"property_city":[573],"property_area":[],"class_list":["post-350977","property","type-property","status-publish","has-post-thumbnail","hentry","property_type-byhus-till-salu-mallorca","property_status-fastigheter-till-salu-mallorca","property_feature-fastigheter-till-forsaljning-mallorca-nyttigheter-fastighetsegenskaper-avloppsansluten","property_feature-fastighet-egenskaper-fastighet-forsaljning-mallorca-fastighet-lage","property_feature-fastighetsforsaljning-mallorca-fastighetsegenskaper-fastighetens-skick","property_feature-fastigheter-till-forsaljning-i-mallorca-med-ett-fullt-utrustat-kok","property_feature-fastigheter-till-forsaljning-mallorca-fastigheter-egenskaper-inredningsegenskaper-golv","property_feature-fastighetsforsaljning-mallorca-fastighetsegenskaper-skick-bra-skick","property_feature-fastigheter-till-forsaljning-mallorca-fastighetsegenskaper-inredningsegenskaper","property_feature-fastigheter-till-forsaljning-i-majorca-med-kok","property_feature-fastigheter-till-forsaljning-mallorca-utilities-offentliga-tjanster-kontrakt-for-el","property_feature-fastighetsegenskaper-fastighetsforsaljning-mallorca-fastighetslage-nara-alla-bekvamligheter","property_feature-fastigheter-till-forsaljning-mallorca-fastigheter-egenskaper-interior-egenskaper-parkettgolv","property_feature-fastigheter-till-forsaljning-mallorca-fastighetsegenskaper-porslinsgolv","property_feature-fastighetsegenskaper-fastighetsforsaljning-mallorca-fastighet-tradgard-takterrass","property_feature-fastigheter-till-forsaljning-mallorca-fastigheter-egenskaper-interior-egenskaper-golv-terrakotta","property_feature-fastighet-egenskaper-fastighet-forsaljning-mallorca-fastighet-tradgard","property_feature-fastighetsegenskaper-fastighetsforsaljning-mallorca-fastighetslage-traditionell-by","property_feature-fastigheter-till-forsaljning-mallorca-egendom-egenskaper-interior-funktioner-traditionell-interior","property_feature-fastigheter-till-forsaljning-mallorca-nyttigheter-offentliga-tjanster-vatten-anslutning","property_feature-fastigheter-till-forsaljning-mallorca-utilities-offentliga-tjanster","property_state-fastigheter-til-salu-mallorca","property_state-fastigheter-till-forsaljning-i-mallorca-raiguer-centrala-mallorca","property_city-till-salu-buger-mallorca"],"property_meta":{"has_images":["1"],"rank_math_internal_links_processed":["1"],"_last_translation_edit_mode":["native-editor"],"houzez_featured_listing_date":[""],"_top_nav_excluded":[""],"_cms_nav_minihome":[""],"_wp_page_template":["default"],"fave_property_price":["319000"],"fave_property_size":["130"],"fave_property_size_prefix":["m2"],"fave_property_land":["55"],"fave_property_land_postfix":["m2"],"fave_property_bedrooms":["3"],"fave_property_bathrooms":["2"],"fave_property_year":["1900"],"fave_property_id":["A8103"],"fave_property_map":["1"],"fave_property_map_address":["Carrer Cervantes, 07311 B\u00fager, Illes Balears, Spanien"],"fave_property_location":["39.758551,2.9827507,15"],"houzez_geolocation_lat":["39.758551"],"houzez_geolocation_long":["2.9827507"],"fave_property_map_street_view":["hide"],"fave_property_address":["Carrer Cervantes, 07311 B\u00fager, Illes Balears"],"fave_property_zip":["07311"],"fave_prop_homeslider":["no"],"rank_math_focus_keyword":["Till salu i B\u00fager"],"_thumbnail_id":["350976"],"_wpml_word_count":["254"],"_edit_lock":["1777480884:1"],"rank_math_seo_score":["66"],"_edit_last":["1"],"fave_show_price_placeholder":["0"],"fave_portal_1754226254":["1"],"fave_portal_1754598704":["1"],"houzez_manual_expire":["0"],"_houzez_expiration_date_status":["saved"],"rank_math_analytic_object_id":["1290"],"_wpml_media_has_media":["1"],"fave_featured":["0"],"fave_property_images":["350916","350929","350924","350923","350928","350927","350926","350922","350921","350925","350920","350919","350918","350917"],"fave_agent_display_option":["agent_info"],"fave_agents":["5167"],"fave_single_top_area":["global"],"fave_single_content_area":["global"],"houzez_total_property_views":["6"],"houzez_views_by_date":["a:2:{s:10:\"04-29-2026\";i:3;s:10:\"04-30-2026\";i:3;}"],"houzez_recently_viewed":["2026-04-30 04:22:36"],"_elementor_page_assets":["a:0:{}"]},"_links":{"self":[{"href":"https:\/\/www.mallorcaguru.es\/sv\/wp-json\/wp\/v2\/Fastighet\/350977","targetHints":{"allow":["GET"]}}],"collection":[{"href":"https:\/\/www.mallorcaguru.es\/sv\/wp-json\/wp\/v2\/Fastighet"}],"about":[{"href":"https:\/\/www.mallorcaguru.es\/sv\/wp-json\/wp\/v2\/types\/property"}],"author":[{"embeddable":true,"href":"https:\/\/www.mallorcaguru.es\/sv\/wp-json\/wp\/v2\/users\/1"}],"version-history":[{"count":0,"href":"https:\/\/www.mallorcaguru.es\/sv\/wp-json\/wp\/v2\/Fastighet\/350977\/revisions"}],"wp:featuredmedia":[{"embeddable":true,"href":"https:\/\/www.mallorcaguru.es\/sv\/wp-json\/wp\/v2\/media\/350976"}],"wp:attachment":[{"href":"https:\/\/www.mallorcaguru.es\/sv\/wp-json\/wp\/v2\/media?parent=350977"}],"wp:term":[{"taxonomy":"property_type","embeddable":true,"href":"https:\/\/www.mallorcaguru.es\/sv\/wp-json\/wp\/v2\/property_type?post=350977"},{"taxonomy":"property_status","embeddable":true,"href":"https:\/\/www.mallorcaguru.es\/sv\/wp-json\/wp\/v2\/property_status?post=350977"},{"taxonomy":"property_feature","embeddable":true,"href":"https:\/\/www.mallorcaguru.es\/sv\/wp-json\/wp\/v2\/property_feature?post=350977"},{"taxonomy":"property_label","embeddable":true,"href":"https:\/\/www.mallorcaguru.es\/sv\/wp-json\/wp\/v2\/property_label?post=350977"},{"taxonomy":"property_country","embeddable":true,"href":"https:\/\/www.mallorcaguru.es\/sv\/wp-json\/wp\/v2\/property_country?post=350977"},{"taxonomy":"property_state","embeddable":true,"href":"https:\/\/www.mallorcaguru.es\/sv\/wp-json\/wp\/v2\/property_state?post=350977"},{"taxonomy":"property_city","embeddable":true,"href":"https:\/\/www.mallorcaguru.es\/sv\/wp-json\/wp\/v2\/property_city?post=350977"},{"taxonomy":"property_area","embeddable":true,"href":"https:\/\/www.mallorcaguru.es\/sv\/wp-json\/wp\/v2\/property_area?post=350977"}],"curies":[{"name":"wp","href":"https:\/\/api.w.org\/{rel}","templated":true}]}}