{"id":352891,"date":"2026-05-01T17:13:13","date_gmt":"2026-05-01T15:13:13","guid":{"rendered":"https:\/\/www.mallorcaguru.es\/property\/dubbelstudiolagenheter-till-salu-i-portocolom-mar420421\/"},"modified":"2026-05-01T17:26:54","modified_gmt":"2026-05-01T15:26:54","slug":"dubbelstudiolagenheter-till-salu-i-portocolom-mar420421","status":"publish","type":"property","link":"https:\/\/www.mallorcaguru.es\/sv\/fastighet\/dubbelstudiolagenheter-till-salu-i-portocolom-mar420421\/","title":{"rendered":"Dubbelstudiol\u00e4genheter till salu i Portocolom MAR420421"},"content":{"rendered":"<h2><span style=\"font-size: 12pt;\">Dubbla studiol\u00e4genheter till salu i Portocolom, semesteruthyrning i en nyrenoverad resort.<\/span><\/h2>\n<h2><span style=\"font-size: 12pt;\">Tv\u00e5 ljusa och rymliga studiol\u00e4genheter, vardera med en privat terrass.<\/span><\/h2>\n<p>Var och en med ett \u00f6ppet k\u00f6k som rymmer matplats f\u00f6r tv\u00e5, samt en trivsam loungeyta med TV och dubbeld\u00f6rrar som leder ut till den privata balkongen eller terrassen \u2013 perfekt f\u00f6r att njuta av morgonkaffet eller ett glas vin p\u00e5 kv\u00e4llen med utsikt \u00f6ver tr\u00e4dg\u00e5rdarna och poolen.<\/p>\n<hr \/>\n<p>Alla l\u00e4genheter \u00e4r nyrenoverade och fullt m\u00f6blerade, med kompletta tv\u00e5glasf\u00f6nster, luftkonditionering och wi-fi.<\/p>\n<p>B\u00e5de bes\u00f6kare och \u00e4gare kan dra nytta av en m\u00e4ngd hotellfaciliteter, inklusive privat parkering, receptionsservice och st\u00e4dning.<\/p>\n<p>Det finns \u00e4ven en restaurang, bar och n\u00e4rbutik p\u00e5 omr\u00e5det, tillsammans med sport- och fritidsfaciliteter s\u00e5som en stor pool, gym, bastu, squashbana, volleybollplan och bouleplan. En underh\u00e5llningszon med bio, biljardbord och en coworking-lounge finns ocks\u00e5 tillg\u00e4nglig.<\/p>\n<p>Denna fastighet fungerar som en idealisk och flexibel personlig semesterbas p\u00e5 Mallorca, med den extra f\u00f6rdelen av en stark potential f\u00f6r semesteruthyrning.<\/p>\n<p>Portocolom, som \u00e4r mindre \u00e4n m\u00e5nga av \u00f6ns resortorter, lockar varje \u00e5r en trogen skara \u00e5terkommande bes\u00f6kare \u2013 fr\u00e5n unga par till familjer under sommarm\u00e5naderna. \u00c4ldre bes\u00f6kare kommer p\u00e5 v\u00e5ren och h\u00f6sten och uppskattar b\u00e5de stranden och hamnens charm, liksom att utforska n\u00e4romr\u00e5det som \u00e4r k\u00e4nt f\u00f6r sitt vin. Str\u00e4nderna \u00e4r skyddade och pittoreska, med kristallklart vatten. Resortens restauranger, kaf\u00e9er och \u00f6vriga bekv\u00e4mligheter ligger alla inom g\u00e5ngavst\u00e5nd och \u00e4r s\u00e4llan tr\u00e5ngt, vilket tilltalar dem som s\u00f6ker en mer avkopplande semester med fokus p\u00e5 att njuta av havet och tillbringa kvalitetstid med familj och v\u00e4nner.<\/p>\n<h3><strong><span style=\"font-size: 12pt;\">F\u00f6r mer information om denna l\u00e4genhet till salu i Portocolom p\u00e5 Mallorca.<\/span><\/strong><\/h3>\n<p><strong>V\u00e4nligen kontakta oss<\/strong>, vi kan ordna en <strong>virtuell visning av anl\u00e4ggningen<\/strong> och <strong>enskilda fastigheter<\/strong> samt f\u00f6rse er med all dokumentation som beskriver villkoren f\u00f6r b\u00e5de k\u00f6pet av \u00e4gander\u00e4tten och strukturen f\u00f6r semesteruthyrningen och den f\u00f6rvaltning ni beh\u00f6ver.<\/p>\n<hr \/>\n<h4><span style=\"font-size: 12pt;\"><strong>Alla l\u00e4genheter s\u00e4ljs med \u00e4gander\u00e4tt (freehold) som turisttillg\u00e5ngar inom den licensierade anl\u00e4ggningen. <\/strong><\/span><\/h4>\n<p>Denna licens inneb\u00e4r att bostaden uppfyller den baleariska regeringens standarder f\u00f6r kvalitet, s\u00e4kerhet och infrastruktur f\u00f6r korttidsuthyrning av semesterboende inom ett hotellkomplex.<\/p>\n<p><strong>De kan inte anv\u00e4ndas som permanentbost\u00e4der<\/strong>, utan endast f\u00f6r det \u00e4ndam\u00e5l de har licensierats f\u00f6r.<\/p>\n<p><strong>De erbjuder f\u00f6rdelar som andra licenser f\u00f6r semesteruthyrning p\u00e5 Balearerna inte g\u00f6r.<\/strong><\/p>\n<h5><strong><span style=\"font-size: 12pt;\">Licensierade turisttillg\u00e5ngar i semesteranl\u00e4ggningar: <\/span><\/strong><\/h5>\n<p>Kan erbjuda tj\u00e4nster och faciliteter som ETV-licenser inte till\u00e5ts g\u00f6ra, fr\u00e5n kv\u00e4llsunderh\u00e5llning till spa och tr\u00e4ningsanl\u00e4ggningar. Detta g\u00f6r dem mycket attraktiva f\u00f6r semesterfirare som v\u00e4rdes\u00e4tter bekv\u00e4mligheten i att ha allt tillg\u00e4ngligt p\u00e5 plats.<\/p>\n<h5><strong><span style=\"font-size: 12pt;\">Laglig och s\u00e4ker investering: <\/span><\/strong><\/h5>\n<p>Denna licens till\u00e5ter \u00e4garen att lagligt hyra ut fastigheten f\u00f6r turism, vilket undviker juridisk os\u00e4kerhet och m\u00f6jligg\u00f6r vinst fr\u00e5n hyresint\u00e4kter. Marknadsf\u00f6ring och hantering av alla uthyrningar inom anl\u00e4ggningen administreras av det f\u00f6rvaltningsbolag som \u00e4garen har ett juridiskt bindande avtal med.<\/p>\n<h5><strong><span style=\"font-size: 12pt;\">L\u00f6nsam avkastning: <\/span><\/strong><\/h5>\n<p>Fastigheter med dessa licenser erbjuder h\u00f6g potential f\u00f6r avkastning fr\u00e5n turistuthyrning och l\u00e5ngsiktig v\u00e4rde\u00f6kning.<\/p>\n<h5><strong><span style=\"font-size: 12pt;\">Marknadsexklusivitet: <\/span><\/strong><\/h5>\n<p>Sv\u00e5righeten att erh\u00e5lla nya licenser g\u00f6r fastigheter med befintliga s\u00e5dana till en s\u00e4llsynt och eftertraktad resurs p\u00e5 marknaden.<\/p>\n<p>&nbsp;<\/p>\n","protected":false},"excerpt":{"rendered":"<p>Dubbla studiol\u00e4genheter till salu i Portocolom, semesteruthyrning i en nyrenoverad resort. Resortl\u00e4genheter s\u00e4ljs som frik\u00f6pta (freehold) med uthyrningsf\u00f6rvaltning.  <\/p>\n","protected":false},"author":1,"featured_media":335409,"parent":0,"menu_order":0,"template":"","property_type":[3970,384],"property_status":[765,3969],"property_feature":[480,974,520,1768,1319,876,1398,1588,1695,2330,1773,2078,969,877,976,964,1341,2274,1326,1193,965,1396,896,1596],"property_label":[3839,3931],"property_country":[762],"property_state":[764,612],"property_city":[627,3975],"property_area":[3957],"class_list":["post-352891","property","type-property","status-publish","has-post-thumbnail","hentry","property_type-fastigheter-i-semesteranlaggningen","property_type-lagenhet-till-forsaljning-i-mallorca-spanien","property_status-fastigheter-till-salu-mallorca","property_status-till-salu-i-semesteranlaggningen","property_feature-fastigheter-till-forsaljning-mallorca-fastigheter-egenskaper-badrum","property_feature-fastighet-egenskaper-fastighet-forsaljning-mallorca-fastighet-tradgard-balkong","property_feature-fastigheter-till-forsaljning-mallorca-fastigheter-egenskaper-duschrum","property_feature-fastighet-egenskaper-fastighet-forsaljning-mallorca-fastighet-lage","property_feature-fastighetsforsaljning-mallorca-fastighetsegenskaper-fastighetens-skick","property_feature-fastigheter-till-forsaljning-i-mallorca-med-ett-fullt-utrustat-kok","property_feature-fastigheter-till-forsaljning-i-majorca-med-ett-garage-eller-parkering","property_feature-fastighetsegenskaper-fastighetsforsaljning-mallorca-fastighet-tradgard-gemenskapens-tradgard","property_feature-fastigheter-till-forsaljning-majorca-med-en-gemenskap-pool","property_feature-fastigheter-till-forsaljning-mallorca-fastigheter-egenskaper-inredningsegenskaper-golv","property_feature-fastigheter-till-forsaljning-mallorca-fastighetsegenskaper-inredningsegenskaper","property_feature-fastigheter-till-forsaljning-i-majorca-med-kok","property_feature-fastighetsegenskaper-fastighetsforsaljning-mallorca-fastighetslage-ar-kustomrade","property_feature-fastigheter-till-forsaljning-mallorca-fastigheter-varme-och-kyla-luftkonditionering","property_feature-fastigheter-till-forsaljning-mallorca-fastigheter-egenskaper-interior-funktioner-moblerad","property_feature-fastigheter-till-forsaljning-mallorca-egendom-egenskaper-interior-funktioner-modern-inredning","property_feature-fastighetsegenskaper-fastighetsforsaljning-mallorca-fastighetslage-ar-nara-havet","property_feature-fastighetsforsaljning-mallorca-fastighetsegenskaper-skick-ny-utvecklingsfastighet","property_feature-fastighetsforsaljning-mallorca-fastighetsegenskaper-parkering-utanfor-vagen","property_feature-fastigheter-till-forsaljning-mallorca-fastigheter-egenskaper-interior-egenskaper-parkettgolv","property_feature-fastighetsegenskaper-fastighetsforsaljning-mallorca-fastighetslage-har-tillgang-till-strand","property_feature-fastighet-egenskaper-fastighet-forsaljning-mallorca-fastighet-tradgard","property_feature-fastigheter-i-mallorca-fastighetsutsikt-tradgards-pool","property_feature-fastigheter-till-forsaljning-mallorca-fastigheter-varme-och-kyla-egenskaper","property_label-etv-licensierade-bostader-till-salu-pa-mallorca","property_label-fastigheter-med-havsutsikt-till-salu-pa","property_country-till-salu-mallorca-spanien-mallorca-fastighetsguru","property_state-fastigheter-til-salu-mallorca","property_state-migjorn-de-mallorca-sydostra","property_city-fastigheter-till-forsaljning-felanitx-majorca","property_city-fastigheter-portocolom-felanitx","property_area-fastigheter-till-salj-i-porto-colom"],"property_meta":{"has_images":["1"],"rank_math_internal_links_processed":["1"],"_last_translation_edit_mode":["native-editor"],"houzez_featured_listing_date":[""],"_wpml_media_duplicate":["1"],"_wpml_media_featured":["1"],"rank_math_schema_SingleFamilyResidence":["a:12:{s:8:\"metadata\";a:4:{s:4:\"type\";s:6:\"custom\";s:5:\"title\";s:29:\"SingleFamilyResidence Chatgpt\";s:9:\"isPrimary\";s:1:\"1\";s:17:\"displayConditions\";a:1:{i:0;a:6:{s:9:\"condition\";s:7:\"include\";s:8:\"category\";s:8:\"singular\";s:4:\"type\";s:8:\"property\";s:5:\"value\";s:2:\"29\";s:2:\"id\";s:36:\"eca343ad-2b57-4cec-a8b9-1587f5965055\";s:12:\"postTaxonomy\";s:15:\"property_status\";}}}s:5:\"@type\";s:21:\"SingleFamilyResidence\";s:3:\"@id\";s:15:\"%url%#residence\";s:4:\"name\";s:7:\"%title%\";s:10:\"identifier\";s:26:\"%customfield(property_id)%\";s:7:\"address\";a:6:{s:5:\"@type\";s:13:\"PostalAddress\";s:13:\"streetAddress\";s:36:\"%customfield(fave_property_address)%\";s:15:\"addressLocality\";s:33:\"%customfield(fave_property_city)%\";s:13:\"addressRegion\";s:34:\"%customfield(fave_property_state)%\";s:10:\"postalCode\";s:32:\"%customfield(fave_property_zip)%\";s:14:\"addressCountry\";s:2:\"ES\";}s:16:\"numberOfBedrooms\";s:37:\"%customfield(fave_property_bedrooms)%\";s:22:\"numberOfBathroomsTotal\";s:38:\"%customfield(fave_property_bathrooms)%\";s:9:\"yearBuilt\";s:35:\"%%customfield(fave_property_year)%%\";s:5:\"photo\";s:16:\"%post_thumbnail%\";s:9:\"floorSize\";a:3:{s:5:\"@type\";s:17:\"QuantitativeValue\";s:5:\"value\";s:33:\"%customfield(fave_property_size)%\";s:8:\"unitCode\";s:3:\"MTR\";}s:14:\"amenityFeature\";a:3:{i:0;a:3:{s:5:\"@type\";s:28:\"LocationFeatureSpecification\";s:4:\"name\";s:4:\"Pool\";s:5:\"value\";s:38:\"%has_term(fave_property_feature,pool)%\";}i:1;a:3:{s:5:\"@type\";s:28:\"LocationFeatureSpecification\";s:4:\"name\";s:6:\"Garden\";s:5:\"value\";s:40:\"%has_term(fave_property_feature,garden)%\";}i:2;a:3:{s:5:\"@type\";s:28:\"LocationFeatureSpecification\";s:4:\"name\";s:6:\"Garage\";s:5:\"value\";s:40:\"%has_term(fave_property_feature,garage)%\";}}}"],"_top_nav_excluded":[""],"_cms_nav_minihome":[""],"_wp_page_template":["default"],"fave_property_price":["352000"],"fave_property_size":["46"],"fave_property_size_prefix":["m2"],"fave_property_land":["7438"],"fave_property_land_postfix":["m2"],"fave_property_bathrooms":["2"],"fave_property_year":["1986"],"fave_property_id":["MARSALSOL420421"],"fave_property_map":["1"],"fave_property_map_address":["Carrer de la Gavina, 07670 Felanitx, Illes Balears, Spain"],"fave_property_location":["39.4081768,3.2595838,15"],"houzez_geolocation_lat":["39.4081768"],"houzez_geolocation_long":["3.2595838"],"fave_property_map_street_view":["hide"],"fave_property_address":["Carrer de la Gavina, 07670 Felanitx, Illes Balears"],"fave_property_zip":["07670"],"fave_video_url":["https:\/\/vimeo.com\/1188405099"],"fave_virtual_tour":["https:\/\/app.cloudpano.com\/tours\/a8mrwnA_T"],"fave_prop_homeslider":["no"],"floor_plans":["a:1:{i:0;a:5:{s:15:\"fave_plan_title\";s:35:\"Dubbla studiol\u00e4genheter Marsalsol \";s:15:\"fave_plan_rooms\";s:1:\"0\";s:19:\"fave_plan_bathrooms\";s:1:\"2\";s:15:\"fave_plan_image\";s:82:\"https:\/\/www.mallorcaguru.es\/wp-content\/uploads\/2025\/10\/AROSA-220-221_Page_1-1.jpeg\";s:21:\"fave_plan_description\";s:466:\"Tv\u00e5 ljusa och rymliga studiol\u00e4genheter, vardera med en privat terrass. Alla l\u00e4genheter \u00e4r renoverade till samma standard och m\u00f6blerade med samma utbud av m\u00f6bler och inredning. D\u00e4rf\u00f6r kan eventuella skador hanteras dygnet runt mellan klienter.\r\nL\u00e4genheterna bokas via systemet i den ordning de blir tillg\u00e4ngliga; klienter erbjuds inte att v\u00e4lja havsutsikt, pooll\u00e4ge etc. P\u00e5 s\u00e5 s\u00e4tt f\u00e5r varje \u00e4gare en lika stor andel av bokningarna under s\u00e4songen.  \";}}"],"rank_math_focus_keyword":["Studiol\u00e4genheter till salu i Portocolom"],"_thumbnail_id":["335409"],"_wpml_word_count":["668"],"_edit_lock":["1777649086:1"],"rank_math_seo_score":["60"],"_edit_last":["1"],"fave_show_price_placeholder":["0"],"fave_portal_1754226254":["1"],"fave_portal_1754598704":["1"],"houzez_manual_expire":["0"],"_houzez_expiration_date_status":["saved"],"fave_featured":["0"],"fave_property_images":["335312","335311","335313","335319","335321","335310","335309","335320","335336","335329","335326","335330","335327","335322","335331","335325","335332","335333","335334","335335"],"fave_agent_display_option":["agent_info"],"fave_agents":["4235"],"fave_single_top_area":["global"],"fave_single_content_area":["global"],"rank_math_analytic_object_id":["850"],"houzez_total_property_views":["6"],"houzez_views_by_date":["a:1:{s:10:\"05-01-2026\";i:6;}"],"houzez_recently_viewed":["2026-05-02 01:58:10"],"_elementor_page_assets":["a:0:{}"]},"_links":{"self":[{"href":"https:\/\/www.mallorcaguru.es\/sv\/wp-json\/wp\/v2\/Fastighet\/352891","targetHints":{"allow":["GET"]}}],"collection":[{"href":"https:\/\/www.mallorcaguru.es\/sv\/wp-json\/wp\/v2\/Fastighet"}],"about":[{"href":"https:\/\/www.mallorcaguru.es\/sv\/wp-json\/wp\/v2\/types\/property"}],"author":[{"embeddable":true,"href":"https:\/\/www.mallorcaguru.es\/sv\/wp-json\/wp\/v2\/users\/1"}],"version-history":[{"count":0,"href":"https:\/\/www.mallorcaguru.es\/sv\/wp-json\/wp\/v2\/Fastighet\/352891\/revisions"}],"wp:featuredmedia":[{"embeddable":true,"href":"https:\/\/www.mallorcaguru.es\/sv\/wp-json\/wp\/v2\/media\/335409"}],"wp:attachment":[{"href":"https:\/\/www.mallorcaguru.es\/sv\/wp-json\/wp\/v2\/media?parent=352891"}],"wp:term":[{"taxonomy":"property_type","embeddable":true,"href":"https:\/\/www.mallorcaguru.es\/sv\/wp-json\/wp\/v2\/property_type?post=352891"},{"taxonomy":"property_status","embeddable":true,"href":"https:\/\/www.mallorcaguru.es\/sv\/wp-json\/wp\/v2\/property_status?post=352891"},{"taxonomy":"property_feature","embeddable":true,"href":"https:\/\/www.mallorcaguru.es\/sv\/wp-json\/wp\/v2\/property_feature?post=352891"},{"taxonomy":"property_label","embeddable":true,"href":"https:\/\/www.mallorcaguru.es\/sv\/wp-json\/wp\/v2\/property_label?post=352891"},{"taxonomy":"property_country","embeddable":true,"href":"https:\/\/www.mallorcaguru.es\/sv\/wp-json\/wp\/v2\/property_country?post=352891"},{"taxonomy":"property_state","embeddable":true,"href":"https:\/\/www.mallorcaguru.es\/sv\/wp-json\/wp\/v2\/property_state?post=352891"},{"taxonomy":"property_city","embeddable":true,"href":"https:\/\/www.mallorcaguru.es\/sv\/wp-json\/wp\/v2\/property_city?post=352891"},{"taxonomy":"property_area","embeddable":true,"href":"https:\/\/www.mallorcaguru.es\/sv\/wp-json\/wp\/v2\/property_area?post=352891"}],"curies":[{"name":"wp","href":"https:\/\/api.w.org\/{rel}","templated":true}]}}