{"id":52532,"date":"2023-04-17T13:23:45","date_gmt":"2023-04-17T11:23:45","guid":{"rendered":"https:\/\/www.mallorcaguru.es\/property\/till-salu-i-manacor-projektera-ett-landsbygdshus\/"},"modified":"2025-08-02T16:40:29","modified_gmt":"2025-08-02T14:40:29","slug":"till-salu-i-manacor-projektera-ett-landsbygdshus","status":"publish","type":"property","link":"https:\/\/www.mallorcaguru.es\/sv\/fastighet\/till-salu-i-manacor-projektera-ett-landsbygdshus\/","title":{"rendered":"Till salu i Manacor Projektera ett landsbygdshus"},"content":{"rendered":"<h2><span style=\"font-size: 12pt;\">Till salu i Manacor Ett projekt att bygga ett hus p\u00e5 landet p\u00e5 300m2 p\u00e5 en tomt p\u00e5 41670m2 med tre sovrum och fyra badrum och en g\u00e4sttoalett. <\/span><\/h2>\n<p>En stor \u00f6ppen planl\u00f6sning k\u00f6k och matsal t\u00e4ckt terrass och t\u00e4ckt parkering f\u00f6r tv\u00e5 bilar. Projektet placerat i mitten av tomten skyddat fr\u00e5n norr av Aleppotallar och omgivet av torra stenv\u00e4ggar vetter mot sydost med utsikt \u00f6ver en pool p\u00e5 35m2. Bel\u00e4get p\u00e5 en landsv\u00e4g mellan Manacor och str\u00e4nderna i Cala Anguila och Cala Mendia, mindre \u00e4n tio minuters bilresa fr\u00e5n Manacor och Rafa Nadal International School. Men bara 30 minuter till flygplatsen med Ma-15.<\/p>\n<h3><span style=\"font-size: 12pt;\"><a href=\"https:\/\/www.mallorcaguru.es\/sv\/by\/fastigheter-till-forsaljning-manacor-majorca\/\" target=\"_blank\" rel=\"noopener\">Manacor<\/a> \u00e4r en stor stad p\u00e5 <a href=\"https:\/\/www.mallorcaguru.es\/sv\/provins\/fastigheter-till-salu-llevant-de-mallorca-nordostra\/\" target=\"_blank\" rel=\"noopener\">nord\u00f6stra<\/a> Mallorca. <\/span><\/h3>\n<p>Den har en av de st\u00f6rsta gatumarknaderna p\u00e5 Mallorca varje m\u00e5ndag. Det \u00e4r ett k\u00e4nt centrum f\u00f6r m\u00f6beltillverkning och porten till den popul\u00e4ra kustorten Porto Cristo och Calas de Mallorca p\u00e5 Mallorcas \u00f6stkust.<\/p>\n","protected":false},"excerpt":{"rendered":"<p>Till salu i Manacor Ett projekt att bygga ett hus p\u00e5 landet p\u00e5 300m2 p\u00e5 en tomt p\u00e5 41670m2 med tre sovrum och fyra badrum och en g\u00e4sttoalett.<\/p>\n","protected":false},"author":2749,"featured_media":52452,"parent":0,"menu_order":0,"template":"","property_type":[428],"property_status":[765],"property_feature":[480,897,895,1493,2262,1540,1768,1319,1400,873,1398,1773,2857,969,874,1062,964,890,2274,1084,2867,2256,1399,2052,1396,891,763,1068,1395],"property_label":[3865],"property_country":[762],"property_state":[764,616],"property_city":[644],"property_area":[1213],"class_list":["post-52532","property","type-property","status-publish","has-post-thumbnail","hentry","property_type-tomt-till-salu-mallorca","property_status-fastigheter-till-salu-mallorca","property_feature-fastigheter-till-forsaljning-mallorca-fastigheter-egenskaper-badrum","property_feature-fastigheter-i-mallorca-fastighetsutsikt-berget","property_feature-fastighetsegenskaper-fastighetsforsaljning-mallorca-fastighetslage-bra-vagtilltrade","property_feature-bygglicens-grundlaggande","property_feature-fastigheter-till-forsaljning-mallorca-kraftverk-fastighetsegenskaper-dricksvattencistern","property_feature-fastigheter-till-forsaljning-mallorca-fastighetsdokument","property_feature-fastighet-egenskaper-fastighet-forsaljning-mallorca-fastighet-lage","property_feature-fastighetsforsaljning-mallorca-fastighetsegenskaper-fastighetens-skick","property_feature-fastigheter-till-forsaljning-i-majorca-med-fina-vyer","property_feature-fastighet-egenskaper-fastighet-forsaljning-mallorca-fastighet-lage-ganska-plats","property_feature-fastigheter-till-forsaljning-i-majorca-med-ett-garage-eller-parkering","property_feature-fastigheter-till-forsaljning-mallorca-fastighetsegenskaper-inredningsegenskaper","property_feature-fastighet-egenskaper-internationella-skolor-mallorca","property_feature-fastighetsegenskaper-fastighetsforsaljning-mallorca-fastighetslage-ar-kustomrade","property_feature-fastighet-egenskaper-fastighet-forsaljning-mallorca-fastighet-lage-landsbygden","property_feature-fastighetsegenskaper-fastighetsforsaljning-mallorca-fastighetslage-inre-i-mallorca","property_feature-fastigheter-till-forsaljning-mallorca-egendom-egenskaper-interior-funktioner-modern-inredning","property_feature-fastighetsegenskaper-fastighetsforsaljning-mallorca-fastighet-tradgard-mogna-trad","property_feature-fastighetsforsaljning-mallorca-fastighetsegenskaper-skick-ny-utvecklingsfastighet","property_feature-fastigheter-till-forsaljning-i-maljorca-med-plats-for-en-pool","property_feature-rafa-nadal-internationella-skolan-mallorca","property_feature-fastigheter-till-forsaljning-mallorca-nyttigheter-offentliga-tjanster-septiktank","property_feature-fastigheter-till-forsaljning-i-majorca-med-en-pool","property_feature-fastighetsforsaljning-mallorca-fastighetsegenskaper-skyddsrum-for-en-bil","property_feature-fastighet-egenskaper-fastighet-forsaljning-mallorca-fastighet-tradgard","property_feature-fastighetsforsaljning-mallorca-fastighetsegenskaper-uppfart","property_feature-fastigheter-pa-mallorca-fastighetsutsikt-landsbygden","property_feature-fastighetsegenskaper-fastighetsforsaljning-mallorca-fastighetstradgard-veranda","property_feature-fastigheter-till-forsaljning-mallorca-utilities-offentliga-tjanster","property_label-byggprojekt","property_country-till-salu-mallorca-spanien-mallorca-fastighetsguru","property_state-fastigheter-til-salu-mallorca","property_state-fastigheter-till-salu-llevant-de-mallorca-nordostra","property_city-fastigheter-till-forsaljning-manacor-majorca","property_area-ursprungsbeteckningen-pla-och-llevant-wine-mallorca"],"property_meta":{"_wpml_media_duplicate":["1"],"_wpml_media_featured":["1"],"_top_nav_excluded":[""],"_cms_nav_minihome":[""],"_wp_page_template":["default"],"houzez_geolocation_lat":["39.531651134519"],"houzez_geolocation_long":["3.2568454742432"],"_last_translation_edit_mode":["native-editor"],"houzez_total_property_views":["1164"],"houzez_views_by_date":["a:61:{s:10:\"01-10-2026\";i:1;s:10:\"01-11-2026\";i:1;s:10:\"01-12-2026\";i:2;s:10:\"01-13-2026\";i:1;s:10:\"01-14-2026\";i:1;s:10:\"01-15-2026\";i:3;s:10:\"01-18-2026\";i:2;s:10:\"01-19-2026\";i:2;s:10:\"01-20-2026\";i:1;s:10:\"01-22-2026\";i:1;s:10:\"01-23-2026\";i:1;s:10:\"01-24-2026\";i:1;s:10:\"01-25-2026\";i:5;s:10:\"01-26-2026\";i:1;s:10:\"01-27-2026\";i:3;s:10:\"01-28-2026\";i:1;s:10:\"01-30-2026\";i:4;s:10:\"01-31-2026\";i:2;s:10:\"02-02-2026\";i:1;s:10:\"02-03-2026\";i:1;s:10:\"02-04-2026\";i:2;s:10:\"02-05-2026\";i:2;s:10:\"02-08-2026\";i:1;s:10:\"02-09-2026\";i:1;s:10:\"02-13-2026\";i:2;s:10:\"02-14-2026\";i:3;s:10:\"02-15-2026\";i:3;s:10:\"02-20-2026\";i:3;s:10:\"02-21-2026\";i:1;s:10:\"02-23-2026\";i:1;s:10:\"02-25-2026\";i:2;s:10:\"03-01-2026\";i:2;s:10:\"03-02-2026\";i:1;s:10:\"03-05-2026\";i:1;s:10:\"03-06-2026\";i:1;s:10:\"03-08-2026\";i:2;s:10:\"03-10-2026\";i:1;s:10:\"03-11-2026\";i:2;s:10:\"03-13-2026\";i:2;s:10:\"03-16-2026\";i:3;s:10:\"03-19-2026\";i:1;s:10:\"03-22-2026\";i:1;s:10:\"03-26-2026\";i:2;s:10:\"03-28-2026\";i:1;s:10:\"03-29-2026\";i:2;s:10:\"03-31-2026\";i:1;s:10:\"04-01-2026\";i:1;s:10:\"04-04-2026\";i:1;s:10:\"04-05-2026\";i:2;s:10:\"04-06-2026\";i:1;s:10:\"04-09-2026\";i:1;s:10:\"04-13-2026\";i:2;s:10:\"04-14-2026\";i:1;s:10:\"04-16-2026\";i:2;s:10:\"04-20-2026\";i:1;s:10:\"04-21-2026\";i:1;s:10:\"04-22-2026\";i:1;s:10:\"04-24-2026\";i:2;s:10:\"04-26-2026\";i:1;s:10:\"04-30-2026\";i:3;s:10:\"05-01-2026\";i:1;}"],"houzez_recently_viewed":["2026-05-01 09:14:25"],"_edit_lock":["1754145497:1"],"_edit_last":["1"],"fave_property_disclaimer":["ANSVARSFRISKRIVNING All information som finns p\u00e5 denna webbplats anses tillf\u00f6rlitlig men inte garanterad. Alla fastigheter \u00e4r f\u00f6rem\u00e5l f\u00f6r f\u00f6rhandsf\u00f6rs\u00e4ljning, \u00e4ndring eller \u00e5terkallelse. Mallorca Property Guru anser att all information \u00e4r korrekt men tar inget juridiskt ansvar f\u00f6r riktigheten. Du b\u00f6r r\u00e5dfr\u00e5ga dina r\u00e5dgivare f\u00f6r en oberoende verifiering av alla fastigheter."],"_b2s_post_meta":["a:7:{s:8:\"og_title\";s:48:\"Till salu i Manacor Projektera ett landsbygdshus\";s:7:\"og_desc\";s:160:\"Till salu Manacor Ett projekt att bygga ett hus p\u00e5 landet p\u00e5 300m2 p\u00e5 en tomt p\u00e5 41670m2 med tre sovrum och fyra badrum och en g\u00e4sttoalett. En stor \u00f6ppen \";s:8:\"og_image\";s:85:\"https:\/\/www.mallorcaguru.es\/wp-content\/uploads\/2023\/04\/Finca-Son-Amoixa-Manacor-1.jpg\";s:12:\"og_image_alt\";s:0:\"\";s:10:\"card_title\";s:48:\"Till salu i Manacor Projektera ett landsbygdshus\";s:9:\"card_desc\";s:160:\"Till salu Manacor Ett projekt att bygga ett hus p\u00e5 landet p\u00e5 300m2 p\u00e5 en tomt p\u00e5 41670m2 med tre sovrum och fyra badrum och en g\u00e4sttoalett. En stor \u00f6ppen \";s:10:\"card_image\";s:85:\"https:\/\/www.mallorcaguru.es\/wp-content\/uploads\/2023\/04\/Finca-Son-Amoixa-Manacor-1.jpg\";}"],"houzez_manual_expire":["0"],"_houzez_expiration_date_status":["saved"],"_wpml_word_count":["176"],"_thumbnail_id":["52452"],"algolia_searchable_posts_records_count":["1"],"algolia_posts_property_records_count":["1"],"fave_show_price_placeholder":["0"],"houzez_featured_listing_date":[""],"_wpscppro_advance_schedule":[""],"_facebook_share_type":["default"],"_twitter_share_type":["default"],"_linkedin_share_type":["default"],"_pinterest_share_type":["default"],"_instagram_share_type":["default"],"_medium_share_type":["default"],"_selected_social_profile":["a:0:{}"],"rank_math_primary_property_type":["428"],"rank_math_primary_property_status":["765"],"rank_math_primary_property_feature":["0"],"rank_math_primary_property_label":["0"],"rank_math_primary_property_country":["762"],"rank_math_primary_property_state":["764"],"rank_math_primary_property_city":["644"],"rank_math_primary_property_area":["1213"],"rank_math_breadcrumb_title":["Till salu i Manacor"],"rank_math_pillar_content":["off"],"rank_math_news_sitemap_robots":["index"],"rank_math_robots":["a:1:{i:0;s:5:\"index\";}"],"rank_math_seo_score":["67"],"ilj_blacklistdefinition":["a:0:{}"],"ilj_linkdefinition":["a:0:{}"],"_wpsp_custom_templates":["a:7:{s:8:\"facebook\";a:3:{s:8:\"template\";s:0:\"\";s:8:\"profiles\";a:0:{}s:9:\"is_global\";b:0;}s:7:\"twitter\";a:3:{s:8:\"template\";s:0:\"\";s:8:\"profiles\";a:0:{}s:9:\"is_global\";b:0;}s:8:\"linkedin\";a:3:{s:8:\"template\";s:0:\"\";s:8:\"profiles\";a:0:{}s:9:\"is_global\";b:0;}s:9:\"pinterest\";a:3:{s:8:\"template\";s:0:\"\";s:8:\"profiles\";a:0:{}s:9:\"is_global\";b:0;}s:9:\"instagram\";a:3:{s:8:\"template\";s:0:\"\";s:8:\"profiles\";a:0:{}s:9:\"is_global\";b:0;}s:6:\"medium\";a:3:{s:8:\"template\";s:0:\"\";s:8:\"profiles\";a:0:{}s:9:\"is_global\";b:0;}s:7:\"threads\";a:3:{s:8:\"template\";s:0:\"\";s:8:\"profiles\";a:0:{}s:9:\"is_global\";b:0;}}"],"fave_property_price":["465000"],"fave_property_size":["300"],"fave_property_size_prefix":["m2"],"fave_property_land":["41670"],"fave_property_land_postfix":["m2"],"fave_property_bedrooms":["3"],"fave_property_bathrooms":["4"],"fave_property_id":["586"],"fave_property_map":["1"],"fave_property_map_address":["Carretera de Son Fortesa, Fart\u00e0ritx, Manacor, Llevant, Balearerna, 07500, Spanien"],"fave_property_location":["39.531651134519,3.2568454742432,14"],"fave_property_map_street_view":["hide"],"fave_property_address":["Carretera de Son Fortesa, Fart\u00e0ritx, Manacor, Llevant, Balearerna, 07500, Spanien"],"fave_property_zip":["07500"],"fave_prop_homeslider":["no"],"fave_private_note":["Socies i Fills Inmobiliaria 650.000 \u20ac SiF00556"],"rank_math_title":["Till salu i Manacor %sep% %sitename%"],"rank_math_description":["Till salu i Manacor Fastighet till salu i Manacor Mallorca Projektera ett landsbygdshus 300m2 Tre sovrum fyra badrum pool"],"rank_math_focus_keyword":["Till salu i Manacor"],"fave_portal_1753787295":["0"],"fave_portal_1753788757":["0"],"has_images":["1"],"_wpml_media_has_media":["1"],"fave_featured":["0"],"fave_property_images":["52448","52453","52458","52463","52468","52473","52518","52508","52523","52478","52488","52493","52503","52483"],"fave_agent_display_option":["agent_info"],"fave_agents":["4235"],"fave_single_top_area":["global"],"fave_single_content_area":["global"],"rank_math_analytic_object_id":["696"]},"_links":{"self":[{"href":"https:\/\/www.mallorcaguru.es\/sv\/wp-json\/wp\/v2\/Fastighet\/52532","targetHints":{"allow":["GET"]}}],"collection":[{"href":"https:\/\/www.mallorcaguru.es\/sv\/wp-json\/wp\/v2\/Fastighet"}],"about":[{"href":"https:\/\/www.mallorcaguru.es\/sv\/wp-json\/wp\/v2\/types\/property"}],"author":[{"embeddable":true,"href":"https:\/\/www.mallorcaguru.es\/sv\/wp-json\/wp\/v2\/users\/2749"}],"version-history":[{"count":0,"href":"https:\/\/www.mallorcaguru.es\/sv\/wp-json\/wp\/v2\/Fastighet\/52532\/revisions"}],"wp:featuredmedia":[{"embeddable":true,"href":"https:\/\/www.mallorcaguru.es\/sv\/wp-json\/wp\/v2\/media\/52452"}],"wp:attachment":[{"href":"https:\/\/www.mallorcaguru.es\/sv\/wp-json\/wp\/v2\/media?parent=52532"}],"wp:term":[{"taxonomy":"property_type","embeddable":true,"href":"https:\/\/www.mallorcaguru.es\/sv\/wp-json\/wp\/v2\/property_type?post=52532"},{"taxonomy":"property_status","embeddable":true,"href":"https:\/\/www.mallorcaguru.es\/sv\/wp-json\/wp\/v2\/property_status?post=52532"},{"taxonomy":"property_feature","embeddable":true,"href":"https:\/\/www.mallorcaguru.es\/sv\/wp-json\/wp\/v2\/property_feature?post=52532"},{"taxonomy":"property_label","embeddable":true,"href":"https:\/\/www.mallorcaguru.es\/sv\/wp-json\/wp\/v2\/property_label?post=52532"},{"taxonomy":"property_country","embeddable":true,"href":"https:\/\/www.mallorcaguru.es\/sv\/wp-json\/wp\/v2\/property_country?post=52532"},{"taxonomy":"property_state","embeddable":true,"href":"https:\/\/www.mallorcaguru.es\/sv\/wp-json\/wp\/v2\/property_state?post=52532"},{"taxonomy":"property_city","embeddable":true,"href":"https:\/\/www.mallorcaguru.es\/sv\/wp-json\/wp\/v2\/property_city?post=52532"},{"taxonomy":"property_area","embeddable":true,"href":"https:\/\/www.mallorcaguru.es\/sv\/wp-json\/wp\/v2\/property_area?post=52532"}],"curies":[{"name":"wp","href":"https:\/\/api.w.org\/{rel}","templated":true}]}}