{"id":57835,"date":"2023-08-10T10:41:47","date_gmt":"2023-08-10T08:41:47","guid":{"rendered":"https:\/\/www.mallorcaguru.es\/property\/duplex-lagenhet-till-salu-palma-de-mallorca\/"},"modified":"2025-05-24T12:22:01","modified_gmt":"2025-05-24T10:22:01","slug":"duplex-lagenhet-till-salu-palma-de-mallorca","status":"publish","type":"property","link":"https:\/\/www.mallorcaguru.es\/sv\/fastighet\/duplex-lagenhet-till-salu-palma-de-mallorca\/","title":{"rendered":"Duplex l\u00e4genhet till salu Palma de Mallorca"},"content":{"rendered":"<p>Duplex l\u00e4genhet till salu Palma de Mallorca Bel\u00e4get i ombyggnaden av palatset i den gotiska staden Palma som har anor fr\u00e5n 1600-talet. Fastigheten har den typiska \u00f6verd\u00e5diga innerg\u00e5rden, vid ing\u00e5ngen till palatsen i den gamla staden Palma de Mallorca. Denna duplex l\u00e4genhet har ett privat garage p\u00e5 bottenv\u00e5ningen och ett omr\u00e5de som kan anv\u00e4ndas som det tredje sovrummet med intilliggande badrum, eller hemmakontor och tv\u00e4ttstuga. P\u00e5 f\u00f6rsta v\u00e5ningen finns tv\u00e5 dubbelrum b\u00e5da med eget badrum och inbyggda garderober. P\u00e5 andra v\u00e5ningen finns en g\u00e4sttoalett och en lounge och separat matk\u00f6k. L\u00e4genheten n\u00e5s via innerg\u00e5rdens trappa eller med hiss och har renoverats till en h\u00f6g standard som inkluderar tr\u00e4golv, luftkonditionering och tv\u00e5glasf\u00f6nster. Boendet ligger i centrum av den gotiska staden, n\u00e5gra minuters promenad fr\u00e5n katedralen Paseo Maritimo och hamnen i Palma de Mallorca. Denna l\u00e4genhet erbjuder lyxigt boende i ett exklusivt omr\u00e5de i Palma, bara n\u00e5gra minuter fr\u00e5n alla restauranger, butiker och hamnen och havet som staden \u00e4r k\u00e4nd f\u00f6r. Samh\u00e4llsavgifterna \u00e4r ca. 500 \u20ac per kvartal.<\/p>\n<p>V\u00e4nligen kontakta oss f\u00f6r ytterligare information eller mer information om de andra fastigheterna som finns tillg\u00e4ngliga i denna ombyggnad i den gotiska staden Palma de Mallorca.<\/p>\n<p>El Casco Antiguo eller gotisk stad. Den senmedeltida staden Palma de Mallorca, en g\u00e5ng omgiven av meterh\u00f6ga f\u00f6rsvarsmurar, g\u00e5r dess historia tillbaka till f\u00f6rromersk tid, men majoriteten av det som kan ses i modern tid \u00e4r medeltida eller senare 1700-talsbyggnader. \u00c4ven k\u00e4nt som det centrala distriktet finns det 13 distinkta stadsdelar, som alla har sin egen unika historia. Romarna etablerade en hamn vid kusten som sedan byggdes ut av morerna som omgav omr\u00e5det kring det som nu \u00e4r katedralen och Parc de la Mar, d\u00e4r du nu kan hitta b\u00e5de de arabiska baden och gatorna som utgjorde det gamla judiska kvarteret i den tidiga medeltida staden. Efter Jaime I:s er\u00f6vring \u00e5r 1229 skapade uppdelningen av de arabiska godsen till hans anh\u00e4ngare b\u00e5de rikedom och sj\u00f6fart f\u00f6r att ut\u00f6ka stadsmurarna till ett mycket st\u00f6rre muromg\u00e4rdat omr\u00e5de som nu \u00e4r k\u00e4nt som Casco Antiguo.<\/p>\n","protected":false},"excerpt":{"rendered":"<p>Duplex l\u00e4genhet till salu Palma de Mallorca Bel\u00e4get i ombyggnaden av palatset i den gotiska staden Palma som har anor fr\u00e5n 1600-talet. Fastigheten har den typiska \u00f6verd\u00e5diga innerg\u00e5rden, vid ing\u00e5ngen till palatsen i den gamla staden Palma de Mallorca.<\/p>\n","protected":false},"author":1,"featured_media":57827,"parent":0,"menu_order":0,"template":"","property_type":[384],"property_status":[765],"property_feature":[480,1604,484,1318,1768,1319,1400,1398,513,2330,1748,1291,893,1773,894,2078,1063,879,877,964,966,1189,1190,970,1320,1193,1364,1431,2209,1596,2204,880,1395],"property_label":[],"property_country":[762],"property_state":[764,624],"property_city":[990],"property_area":[3675],"class_list":["post-57835","property","type-property","status-publish","has-post-thumbnail","hentry","property_type-lagenhet-till-forsaljning-i-mallorca-spanien","property_status-fastigheter-till-salu-mallorca","property_feature-fastigheter-till-forsaljning-mallorca-fastigheter-egenskaper-badrum","property_feature-fastigheter-till-forsaljning-mallorca-fastighetkarateristika-varme-och-kyla-centralvarme-gas","property_feature-fastighet-funktioner-fastigheter-till-forsaljning-majorca-en-suite-badrum","property_feature-fastigheter-till-forsaljning-i-mallorca-fastighet-extra-specialegenskaper","property_feature-fastighet-egenskaper-fastighet-forsaljning-mallorca-fastighet-lage","property_feature-fastighetsforsaljning-mallorca-fastighetsegenskaper-fastighetens-skick","property_feature-fastigheter-till-forsaljning-i-majorca-med-fina-vyer","property_feature-fastigheter-till-forsaljning-i-majorca-med-ett-garage-eller-parkering","property_feature-fastigheter-till-forsaljning-mallorca-fastigheter-egenskaper-gasttoalett","property_feature-fastigheter-till-forsaljning-mallorca-fastigheter-egenskaper-inredningsegenskaper-golv","property_feature-fastigheter-till-forsaljning-mallorca-fastighet-interior-egenskaper-hiss","property_feature-fastighetsegenskaper-fastighetsforsaljning-mallorca-fastighetslage-historiskt-omrade","property_feature-fastigheter-till-forsaljning-mallorca-fastigheter-egenskaper-inbyggda-garderober","property_feature-fastigheter-till-forsaljning-mallorca-fastighetsegenskaper-inredningsegenskaper","property_feature-fastigheter-till-forsaljning-mallorca-fastigheter-karakteristika-varme-och-kyla-isolerade-glas","property_feature-fastigheter-till-forsaljning-i-majorca-med-kok","property_feature-fastigheter-till-forsaljning-i-majorca-med-kok-matsal","property_feature-fastigheter-till-forsaljning-mallorca-utilities-offentliga-tjanster-kontrakt-for-el","property_feature-fastigheter-till-forsaljning-mallorca-fastigheter-varme-och-kyla-luftkonditionering","property_feature-fastigheter-till-forsaljning-mallorca-egendom-egenskaper-interior-funktioner-modern-inredning","property_feature-fastighetsegenskaper-fastighetsforsaljning-mallorca-fastighetslage-nara-alla-bekvamligheter","property_feature-fastighetsegenskaper-fastighetsforsaljning-mallorca-fastighetslage-ar-nara-till-butiker","property_feature-fastighetsegenskaper-fastighetsforsaljning-mallorca-fastighetslage-nara-allman-trafik","property_feature-fastighetsegenskaper-fastighetsforsaljning-mallorca-fastighetslage-nara-restauranger","property_feature-fastighetsforsaljning-mallorca-fastighetsegenskaper-skick-nyrenoverat","property_feature-fastigheter-till-forsaljning-mallorca-fastigheter-egenskaper-interior-egenskaper-parkettgolv","property_feature-fastighetsforsaljning-mallorca-fastigheter-egenskaper-privat-garage","property_feature-fastigheter-till-forsaljning-mallorca-fastigheter-varme-och-kyla-skorsten-eller-spis","property_feature-fastigheter-till-forsaljning-mallorca-fastigheter-egenskaper-sovrum","property_feature-fastigheter-till-forsaljning-mallorca-fastigheter-varme-och-kyla-egenskaper","property_feature-fastigheter-i-mallorca-fastighetsvyer-urban","property_feature-fastigheter-till-forsaljning-mallorca-nyttigheter-offentliga-tjanster-vatten-anslutning","property_feature-fastigheter-till-forsaljning-mallorca-utilities-offentliga-tjanster","property_country-till-salu-mallorca-spanien-mallorca-fastighetsguru","property_state-fastigheter-til-salu-mallorca","property_state-fastigheter-till-forsaljning-i-palma-de-mallorca","property_city-palma-de-mallorca-fastighet-till-forsaljning-mallorca","property_area-gamla-stan-casco-antiguo-palma-de-mallorca-spanien"],"property_meta":{"houzez_featured_listing_date":[""],"_wpml_media_duplicate":["1"],"_wpml_media_featured":["1"],"_top_nav_excluded":[""],"_cms_nav_minihome":[""],"_wp_page_template":["default"],"houzez_geolocation_lat":["39.5690191"],"houzez_geolocation_long":["2.6510854"],"_thumbnail_id":["57827"],"_edit_lock":["1748081991:1"],"houzez_total_property_views":["755"],"houzez_views_by_date":["a:61:{s:10:\"01-16-2026\";i:2;s:10:\"01-17-2026\";i:1;s:10:\"01-18-2026\";i:3;s:10:\"01-19-2026\";i:1;s:10:\"01-21-2026\";i:3;s:10:\"01-22-2026\";i:1;s:10:\"01-25-2026\";i:1;s:10:\"01-26-2026\";i:2;s:10:\"01-30-2026\";i:2;s:10:\"01-31-2026\";i:1;s:10:\"02-03-2026\";i:2;s:10:\"02-04-2026\";i:1;s:10:\"02-05-2026\";i:1;s:10:\"02-06-2026\";i:2;s:10:\"02-07-2026\";i:1;s:10:\"02-08-2026\";i:2;s:10:\"02-09-2026\";i:1;s:10:\"02-10-2026\";i:2;s:10:\"02-11-2026\";i:1;s:10:\"02-12-2026\";i:1;s:10:\"02-13-2026\";i:2;s:10:\"02-14-2026\";i:2;s:10:\"02-16-2026\";i:1;s:10:\"02-18-2026\";i:1;s:10:\"02-19-2026\";i:1;s:10:\"02-20-2026\";i:1;s:10:\"02-21-2026\";i:2;s:10:\"02-22-2026\";i:3;s:10:\"02-23-2026\";i:1;s:10:\"02-25-2026\";i:1;s:10:\"02-26-2026\";i:1;s:10:\"03-01-2026\";i:3;s:10:\"03-02-2026\";i:1;s:10:\"03-06-2026\";i:1;s:10:\"03-07-2026\";i:1;s:10:\"03-09-2026\";i:1;s:10:\"03-10-2026\";i:1;s:10:\"03-11-2026\";i:1;s:10:\"03-12-2026\";i:1;s:10:\"03-13-2026\";i:2;s:10:\"03-14-2026\";i:2;s:10:\"03-16-2026\";i:1;s:10:\"03-22-2026\";i:2;s:10:\"03-23-2026\";i:1;s:10:\"03-25-2026\";i:2;s:10:\"03-29-2026\";i:2;s:10:\"04-01-2026\";i:1;s:10:\"04-04-2026\";i:1;s:10:\"04-05-2026\";i:2;s:10:\"04-06-2026\";i:1;s:10:\"04-11-2026\";i:2;s:10:\"04-12-2026\";i:1;s:10:\"04-13-2026\";i:3;s:10:\"04-16-2026\";i:1;s:10:\"04-17-2026\";i:1;s:10:\"04-18-2026\";i:2;s:10:\"04-19-2026\";i:2;s:10:\"04-22-2026\";i:1;s:10:\"04-25-2026\";i:1;s:10:\"04-26-2026\";i:2;s:10:\"04-28-2026\";i:1;}"],"houzez_recently_viewed":["2026-04-28 12:24:24"],"_edit_last":["1"],"fave_property_disclaimer":["ANSVARSFRISKRIVNING All information som finns p\u00e5 denna webbplats anses tillf\u00f6rlitlig men inte garanterad. Alla fastigheter \u00e4r f\u00f6rem\u00e5l f\u00f6r f\u00f6rhandsf\u00f6rs\u00e4ljning, \u00e4ndring eller \u00e5terkallelse. Mallorca Property Guru anser att all information \u00e4r korrekt men tar inget juridiskt ansvar f\u00f6r riktigheten. Du b\u00f6r r\u00e5dfr\u00e5ga dina r\u00e5dgivare f\u00f6r en oberoende verifiering av alla fastigheter."],"houzez_manual_expire":["0"],"_houzez_expiration_date_status":["saved"],"_last_translation_edit_mode":["native-editor"],"_wpscppro_advance_schedule":[""],"fave_show_price_placeholder":["0"],"_facebook_share_type":["default"],"_twitter_share_type":["default"],"_linkedin_share_type":["default"],"_pinterest_share_type":["default"],"_instagram_share_type":["default"],"_medium_share_type":["default"],"_selected_social_profile":["a:0:{}"],"_wpml_word_count":["422"],"rank_math_primary_property_type":["384"],"rank_math_primary_property_status":["765"],"rank_math_primary_property_feature":["0"],"rank_math_primary_property_label":["0"],"rank_math_primary_property_country":["762"],"rank_math_primary_property_state":["764"],"rank_math_primary_property_city":["990"],"rank_math_primary_property_area":["3675"],"rank_math_breadcrumb_title":["L\u00e4genhet till salu Palma de Mallorca"],"rank_math_pillar_content":["off"],"rank_math_news_sitemap_robots":["index"],"rank_math_robots":["a:1:{i:0;s:5:\"index\";}"],"rank_math_seo_score":["54"],"fave_property_price":["1775000"],"fave_property_size":["212"],"fave_property_size_prefix":["m2"],"fave_property_bedrooms":["3"],"fave_property_bathrooms":["3"],"fave_property_garage":["1"],"fave_property_garage_size":["15.70m2"],"fave_property_year":["1700"],"fave_property_id":["628"],"fave_property_map":["1"],"fave_property_map_address":["Pla\u00e7a de Santa Eul\u00e0lia, el Call, Canamunt, Palma, Illes Balears, 07001, Spanien"],"fave_property_location":["39.5690191,2.6510854,15"],"fave_property_map_street_view":["show"],"fave_property_address":["Pla\u00e7a de Santa Eul\u00e0lia, el Call, Canamunt, Palma, Illes Balears, 07001, Spanien"],"fave_property_zip":["07001"],"fave_agent_display_option":["agent_info"],"fave_agents":["6103"],"fave_prop_homeslider":["no"],"fave_energy_class":["C"],"rank_math_description":["Duplex l\u00e4genhet till salu Palma de Mallorca Bel\u00e4get i ombyggnaden av palatset i staden som har anor fr\u00e5n 1600-talet."],"rank_math_focus_keyword":["L\u00e4genhet till salu Palma de Mallorca"],"rank_math_rich_snippet":["off"],"fave_property_images":["57823","57743","57738","57748","57753","57758","57763","57768","57773","57778","57783","57788","57803","57798","57793","57808","57813","57818"],"_wpml_media_has_media":["1"],"ilj_blacklistdefinition":["a:0:{}"],"ilj_linkdefinition":["a:0:{}"],"fave_featured":["0"],"fave_single_top_area":["global"],"fave_single_content_area":["global"],"rank_math_analytic_object_id":["641"],"_elementor_page_assets":["a:0:{}"]},"_links":{"self":[{"href":"https:\/\/www.mallorcaguru.es\/sv\/wp-json\/wp\/v2\/Fastighet\/57835","targetHints":{"allow":["GET"]}}],"collection":[{"href":"https:\/\/www.mallorcaguru.es\/sv\/wp-json\/wp\/v2\/Fastighet"}],"about":[{"href":"https:\/\/www.mallorcaguru.es\/sv\/wp-json\/wp\/v2\/types\/property"}],"author":[{"embeddable":true,"href":"https:\/\/www.mallorcaguru.es\/sv\/wp-json\/wp\/v2\/users\/1"}],"version-history":[{"count":0,"href":"https:\/\/www.mallorcaguru.es\/sv\/wp-json\/wp\/v2\/Fastighet\/57835\/revisions"}],"wp:featuredmedia":[{"embeddable":true,"href":"https:\/\/www.mallorcaguru.es\/sv\/wp-json\/wp\/v2\/media\/57827"}],"wp:attachment":[{"href":"https:\/\/www.mallorcaguru.es\/sv\/wp-json\/wp\/v2\/media?parent=57835"}],"wp:term":[{"taxonomy":"property_type","embeddable":true,"href":"https:\/\/www.mallorcaguru.es\/sv\/wp-json\/wp\/v2\/property_type?post=57835"},{"taxonomy":"property_status","embeddable":true,"href":"https:\/\/www.mallorcaguru.es\/sv\/wp-json\/wp\/v2\/property_status?post=57835"},{"taxonomy":"property_feature","embeddable":true,"href":"https:\/\/www.mallorcaguru.es\/sv\/wp-json\/wp\/v2\/property_feature?post=57835"},{"taxonomy":"property_label","embeddable":true,"href":"https:\/\/www.mallorcaguru.es\/sv\/wp-json\/wp\/v2\/property_label?post=57835"},{"taxonomy":"property_country","embeddable":true,"href":"https:\/\/www.mallorcaguru.es\/sv\/wp-json\/wp\/v2\/property_country?post=57835"},{"taxonomy":"property_state","embeddable":true,"href":"https:\/\/www.mallorcaguru.es\/sv\/wp-json\/wp\/v2\/property_state?post=57835"},{"taxonomy":"property_city","embeddable":true,"href":"https:\/\/www.mallorcaguru.es\/sv\/wp-json\/wp\/v2\/property_city?post=57835"},{"taxonomy":"property_area","embeddable":true,"href":"https:\/\/www.mallorcaguru.es\/sv\/wp-json\/wp\/v2\/property_area?post=57835"}],"curies":[{"name":"wp","href":"https:\/\/api.w.org\/{rel}","templated":true}]}}