{"id":216415,"date":"2025-05-25T11:45:42","date_gmt":"2025-05-25T09:45:42","guid":{"rendered":"https:\/\/www.mallorcaguru.es\/?p=216415"},"modified":"2026-01-21T11:09:21","modified_gmt":"2026-01-21T10:09:21","slug":"cedula-de-habitabilidad","status":"publish","type":"page","link":"https:\/\/www.mallorcaguru.es\/sv\/cedula-de-habitabilidad\/","title":{"rendered":"C\u00e9dula de Habitabilidad"},"content":{"rendered":"\t\t<div data-elementor-type=\"wp-post\" data-elementor-id=\"216415\" class=\"elementor elementor-216415 elementor-216401\" data-elementor-post-type=\"page\">\n\t\t\t\t\t\t<section class=\"elementor-section elementor-top-section elementor-element elementor-element-20de39d2 elementor-section-boxed elementor-section-height-default elementor-section-height-default\" data-id=\"20de39d2\" data-element_type=\"section\" data-e-type=\"section\">\n\t\t\t\t\t\t<div class=\"elementor-container elementor-column-gap-default\">\n\t\t\t\t\t<div class=\"elementor-column elementor-col-100 elementor-top-column elementor-element elementor-element-35b64b8b\" data-id=\"35b64b8b\" data-element_type=\"column\" data-e-type=\"column\">\n\t\t\t<div class=\"elementor-widget-wrap elementor-element-populated\">\n\t\t\t\t\t\t<div class=\"elementor-element elementor-element-5d7e724 elementor-widget elementor-widget-text-editor\" data-id=\"5d7e724\" data-element_type=\"widget\" data-e-type=\"widget\" data-widget_type=\"text-editor.default\">\n\t\t\t\t<div class=\"elementor-widget-container\">\n\t\t\t\t\t\t\t\t\t<h2 style=\"padding-left: 40px;\"><strong><span style=\"font-size: 12pt;\">C\u00e9dula de Habitabilidad Mallorca<\/span><\/strong><\/h2>\n<p><\/p>\n<p style=\"padding-left: 40px;\">\n<p><\/p>\n<p style=\"padding-left: 40px;\">&#8220;C\u00e9dula de Habitabilidad&#8221; (Bostadsintyg) i Spanien \u00e4r ett intyg som intygar att en bostad uppfyller de minimikrav p\u00e5 boendebarhet som fastst\u00e4llts i lag. Det \u00e4r ett viktigt dokument f\u00f6r f\u00f6rs\u00e4ljning, k\u00f6p eller uthyrning av bost\u00e4der, samt f\u00f6r att avtala om grundl\u00e4ggande tj\u00e4nster som vatten, el eller gas.<\/p>\n<p><\/p>\n<p style=\"padding-left: 40px;\">\n<h2 style=\"padding-left: 40px;\"><strong><span style=\"font-size: 12pt;\">Vad \u00e4r det?<\/span><\/strong><\/h2>\n<p><\/p>\n<p style=\"padding-left: 40px;\">\n<p><\/p>\n<p style=\"padding-left: 40px;\">C\u00e9dula de Habitabilidad (Bostadsintyg) \u00e4r ett officiellt dokument som bevisar att en byggnad uppfyller de minimikrav som kr\u00e4vs f\u00f6r boende. Intyget utf\u00e4rdas till byggnaden, inte till \u00e4garen, och \u00e4r giltigt i 10 \u00e5r. Det visar byggnadens adress och den maximala boendeniv\u00e5n.<\/p>\n<p><\/p>\n<p style=\"padding-left: 40px;\">\n<p><\/p>\n<p style=\"padding-left: 40px;\">Tj\u00e4nster som vatten, el eller gas kan inte avtalas utan att C\u00e9dula de Habitabilidad (Bostadsintyg) uppvisas.<\/p>\n<p><\/p>\n<p style=\"padding-left: 40px;\">\n<h2 style=\"padding-left: 40px;\"><strong><span style=\"font-size: 12pt;\">Hemcertifiering:<\/span><\/strong><\/h2>\n<p><\/p>\n<p style=\"padding-left: 40px;\">\n<p><\/p>\n<p style=\"padding-left: 40px;\">Det visar att bostaden uppfyller minimikraven f\u00f6r beboelighet, vilket s\u00e4kerst\u00e4ller att framtida hyresg\u00e4ster eller k\u00f6pare kan njuta av ett tryggt och bekv\u00e4mt hem.<\/p>\n<p><\/p>\n<p style=\"padding-left: 40px;\">\n<p><\/p>\n<p style=\"padding-left: 40px;\">Det inkluderar \u00e4ven aspekter som bostadens storlek, f\u00f6rekomsten av grundl\u00e4ggande utrymmen (vardagsrum, matsal, badrum, k\u00f6k), energieffektivitet och strukturell s\u00e4kerhet.<\/p>\n<p><\/p>\n<p style=\"padding-left: 40px;\">\n<h2 style=\"padding-left: 40px;\"><strong><span style=\"font-size: 12pt;\">Vad \u00e4r det till f\u00f6r?<\/span><\/strong><\/h2>\n<p><\/p>\n<p style=\"padding-left: 40px;\">\n<h2 style=\"padding-left: 40px;\"><strong><span style=\"font-size: 12pt;\">Hyrestransaktion:<\/span><\/strong><\/h2>\n<p><\/p>\n<p style=\"padding-left: 40px;\">\n<p><\/p>\n<p style=\"padding-left: 40px;\">Det bevisar f\u00f6r hyresg\u00e4sten att huset har certifierade och uppdaterade vatten- och elinstallationer och uppfyller g\u00e4llande standarder f\u00f6r en beboelig bostad enligt spansk lag. Det visar ocks\u00e5 den maximala bel\u00e4ggningen f\u00f6r en fastighet ber\u00e4knad enligt g\u00e4llande best\u00e4mmelser. En fastighetsm\u00e4klare eller en privat \u00e4gare b\u00f6r alltid kunna f\u00f6rse dig med en C\u00e9dula och ett energicertifikat innan du skriver under ett hyresavtal. Det \u00e4r obligatoriskt f\u00f6r alla ans\u00f6kningar om semesteruthyrningslicens (ETV) och m\u00e5ste f\u00f6rnyas f\u00f6r att beh\u00e5lla semesteruthyrningslicensen \u00e4ven om sj\u00e4lva semesteruthyrningslicensen inte kr\u00e4ver f\u00f6rnyelse.<\/p>\n<p><\/p>\n<p style=\"padding-left: 40px;\">\n<h2 style=\"padding-left: 40px;\"><strong><span style=\"font-size: 12pt;\">\u00c4gar\u00f6verl\u00e5telse:<\/span><\/strong><\/h2>\n<p><\/p>\n<p style=\"padding-left: 40px;\">\n<p><\/p>\n<p style=\"padding-left: 40px;\">Det \u00e4r obligatoriskt f\u00f6r alla bostadsk\u00f6p som kr\u00e4ver ekonomiskt st\u00f6d fr\u00e5n en bank eller institution. Fastigheter som \u00e4r i ruiner eller kr\u00e4ver en fullst\u00e4ndig renovering eller ombyggnad kr\u00e4ver inte ett C\u00e9dula, men de s\u00e4rskilda omst\u00e4ndigheterna beskrivs i k\u00f6pekontraktet.<\/p>\n<p><\/p>\n<p style=\"padding-left: 40px;\">\n<p><\/p>\n<p style=\"padding-left: 40px;\">Det visar att bostaden uppfyller minimikraven f\u00f6r beboelighet, vilket s\u00e4kerst\u00e4ller att framtida hyresg\u00e4ster eller k\u00f6pare kan njuta av ett tryggt och bekv\u00e4mt hem.<\/p>\n<p><\/p>\n<p style=\"padding-left: 40px;\">\n<h2 style=\"padding-left: 40px;\"><strong><span style=\"font-size: 12pt;\">Ans\u00f6kan om C\u00e9dula<\/span><\/strong><\/h2>\n<p><\/p>\n<p style=\"padding-left: 40px;\">\n<h3 style=\"padding-left: 40px;\"><strong><span style=\"font-size: 12pt;\">Typer av boendeintyg:<\/span><\/strong><\/h3>\n<p><\/p>\n<p style=\"padding-left: 40px;\"><strong>Ans\u00f6kningar online av fastighets\u00e4garen.<\/strong><\/p>\n<p><\/p>\n<p style=\"padding-left: 40px;\">\n<h3 style=\"padding-left: 40px;\"><strong><span style=\"font-size: 12pt;\">\u2013 Duplikat:<\/span><\/strong><\/h3>\n<p><\/p>\n<p style=\"padding-left: 40px;\">\n<p><\/p>\n<p style=\"padding-left: 40px;\">Detta kan beg\u00e4ras s\u00e5 l\u00e4nge intyget inte har l\u00f6pt ut och inget arbete eller n\u00e5gon \u00e5tg\u00e4rd har utf\u00f6rts enligt beskrivningen i det f\u00f6rsta boendeintyget.<\/p>\n<p><\/p>\n<p style=\"padding-left: 40px;\">\n<h3 style=\"padding-left: 40px;\"><strong><span style=\"font-size: 12pt;\">\u2013 F\u00f6rnyelse:<\/span><\/strong><\/h3>\n<p><\/p>\n<p style=\"padding-left: 40px;\">\n<p><\/p>\n<p style=\"padding-left: 40px;\">Utf\u00e4rdas n\u00e4r ett utg\u00e5nget intyg innehas (intygen upph\u00f6r att g\u00e4lla efter tio \u00e5r) och ingen av de omst\u00e4ndigheter som kr\u00e4ver ett f\u00f6rsta boendeintyg g\u00e4ller.<\/p>\n<p><\/p>\n<p style=\"padding-left: 40px;\">\n<p><\/p>\n<p style=\"padding-left: 40px;\">B\u00e5de duplikatintyg och en f\u00f6rnyelse kan g\u00f6ras som onlineans\u00f6kningar h\u00e4r p\u00e5 <a href=\"https:\/\/seu.conselldemallorca.net\/es\/web\/seu\" target=\"_blank\" rel=\"noopener\">Seda Consell de Mallorca<\/a>.<\/p>\n<p><\/p>\n<p style=\"padding-left: 40px;\">\n<p><\/p>\n<p style=\"padding-left: 40px;\">S\u00f6k efter C\u00e9dula i s\u00f6kf\u00e4ltet f\u00f6r att hitta l\u00e4nken till ans\u00f6kningarna online.<\/p>\n<p><\/p>\n<p style=\"padding-left: 40px;\">\n<p><\/p>\n<p style=\"padding-left: 40px;\">Du beh\u00f6ver en kopia av originalet C\u00e9dula eller \u00e5tminstone intygets nummer.<\/p>\n<p><\/p>\n<p style=\"padding-left: 40px;\">\n<h4 style=\"padding-left: 40px;\"><strong>\u2013 F\u00f6rsta inflyttning:<\/strong><\/h4>\n<p><\/p>\n<p style=\"padding-left: 40px;\">\n<p><\/p>\n<p style=\"padding-left: 40px;\">Utf\u00e4rdas n\u00e4r nybyggnation, utbyggnad, renovering och hel- eller delrenoveringsarbeten har utf\u00f6rts som p\u00e5verkar mer \u00e4n 60 % av planl\u00f6sningen, konsolideringen, restaureringen eller \u00e4ndrad anv\u00e4ndning. Ans\u00f6kan g\u00f6rs normalt av den arkitekt eller tekniska arkitekt som har presenterat planerna och ans\u00f6kt om licens fr\u00e5n relevant kommun. Intyget fr\u00e5n kommunen om att arbetet har slutf\u00f6rts enligt beskrivningen i den ursprungliga byggans\u00f6kan f\u00f6r byggnation av en ny fastighet eller renovering av en befintlig.<\/p>\n<p><\/p>\n<p style=\"padding-left: 40px;\">\n<h4 style=\"padding-left: 40px;\"><strong>\u2013 Brist p\u00e5 bel\u00e4ggning:<\/strong><\/h4>\n<p><\/p>\n<p style=\"padding-left: 40px;\">\n<p><\/p>\n<p style=\"padding-left: 40px;\">Utf\u00e4rdas n\u00e4r bostaden, kommersiella lokalerna eller bostadshuset inte har n\u00e5got av de tidigare intygen och det \u00e4r bevisat att byggnaden stod f\u00e4rdig f\u00f6re den 1 mars 1987, att det inte f\u00f6religger n\u00e5gra plan\u00f6vertr\u00e4delser och att det sedan detta datum inte har utf\u00f6rts n\u00e5got arbete eller \u00e5tg\u00e4rd som anges i det f\u00f6rsta inflyttningsbeviset.<\/p>\n<p><\/p>\n<p style=\"padding-left: 40px;\">\n<p><\/p>\n<p style=\"padding-left: 40px;\">F\u00f6r de flesta \u00e4ldre byggnader i byarna p\u00e5 Mallorca kr\u00e4vs en ans\u00f6kan om bristande boende i C\u00e9dula. Detta g\u00f6rs normalt av en arkitekt eller teknisk arkitekt, eftersom kommunen kr\u00e4ver en planritning av fastigheten som visar installationerna f\u00f6r vatten och el, och att s\u00f6kanden tillhandah\u00e5ller annan dokumentation som bevisar att fastigheten inte har n\u00e5gra b\u00f6ter eller planf\u00f6rseelser.<\/p>\n<p><\/p>\n<p style=\"padding-left: 40px;\">\n<p><\/p>\n<p style=\"padding-left: 40px;\">Om du beh\u00f6ver hj\u00e4lp med att ans\u00f6ka om C\u00e9dula eller <a href=\"https:\/\/www.mallorcaguru.es\/sv\/energideklaration\/\" target=\"_blank\" rel=\"noopener\">energicertifikat<\/a> kan du kontakta oss.<\/p>\n\t\t\t\t\t\t\t\t<\/div>\n\t\t\t\t<\/div>\n\t\t\t\t<div class=\"elementor-element elementor-element-2b81b7e elementor-widget elementor-widget-houzez_elementor_space\" data-id=\"2b81b7e\" data-element_type=\"widget\" data-e-type=\"widget\" data-widget_type=\"houzez_elementor_space.default\">\n\t\t\t\t<div class=\"elementor-widget-container\">\n\t\t\t\t\t        <div class=\"houzez-spacer\">\n            <div class=\"houzez-spacer-inner\"><\/div>\n        <\/div>\n        \t\t\t\t<\/div>\n\t\t\t\t<\/div>\n\t\t\t\t<div class=\"elementor-element elementor-element-f3f1e92 elementor-share-buttons--shape-rounded elementor-share-buttons--view-icon-text elementor-share-buttons--skin-gradient elementor-grid-0 elementor-share-buttons--color-official elementor-widget elementor-widget-share-buttons\" data-id=\"f3f1e92\" data-element_type=\"widget\" data-e-type=\"widget\" data-widget_type=\"share-buttons.default\">\n\t\t\t\t<div class=\"elementor-widget-container\">\n\t\t\t\t\t\t\t<div class=\"elementor-grid\" role=\"list\">\n\t\t\t\t\t\t\t\t<div class=\"elementor-grid-item\" role=\"listitem\">\n\t\t\t\t\t\t<div class=\"elementor-share-btn elementor-share-btn_print\" role=\"button\" tabindex=\"0\" aria-label=\"Dela p\u00e5 print\">\n\t\t\t\t\t\t\t\t\t\t\t\t\t\t\t<span class=\"elementor-share-btn__icon\">\n\t\t\t\t\t\t\t\t<i class=\"fas fa-print\" aria-hidden=\"true\"><\/i>\t\t\t\t\t\t\t<\/span>\n\t\t\t\t\t\t\t\t\t\t\t\t\t\t\t\t\t\t\t\t\t\t<div class=\"elementor-share-btn__text\">\n\t\t\t\t\t\t\t\t\t\t\t\t\t\t\t\t\t\t\t<span class=\"elementor-share-btn__title\">\n\t\t\t\t\t\t\t\t\t\tPrint\t\t\t\t\t\t\t\t\t<\/span>\n\t\t\t\t\t\t\t\t\t\t\t\t\t\t\t\t\t<\/div>\n\t\t\t\t\t\t\t\t\t\t\t\t\t<\/div>\n\t\t\t\t\t<\/div>\n\t\t\t\t\t\t\t\t\t<div class=\"elementor-grid-item\" role=\"listitem\">\n\t\t\t\t\t\t<div class=\"elementor-share-btn elementor-share-btn_whatsapp\" role=\"button\" tabindex=\"0\" aria-label=\"Dela p\u00e5 whatsapp\">\n\t\t\t\t\t\t\t\t\t\t\t\t\t\t\t<span class=\"elementor-share-btn__icon\">\n\t\t\t\t\t\t\t\t<i class=\"fab fa-whatsapp\" aria-hidden=\"true\"><\/i>\t\t\t\t\t\t\t<\/span>\n\t\t\t\t\t\t\t\t\t\t\t\t\t\t\t\t\t\t\t\t\t\t<div class=\"elementor-share-btn__text\">\n\t\t\t\t\t\t\t\t\t\t\t\t\t\t\t\t\t\t\t<span class=\"elementor-share-btn__title\">\n\t\t\t\t\t\t\t\t\t\tWhatsApp\t\t\t\t\t\t\t\t\t<\/span>\n\t\t\t\t\t\t\t\t\t\t\t\t\t\t\t\t\t<\/div>\n\t\t\t\t\t\t\t\t\t\t\t\t\t<\/div>\n\t\t\t\t\t<\/div>\n\t\t\t\t\t\t\t\t\t<div class=\"elementor-grid-item\" role=\"listitem\">\n\t\t\t\t\t\t<div class=\"elementor-share-btn elementor-share-btn_email\" role=\"button\" tabindex=\"0\" aria-label=\"Dela p\u00e5 email\">\n\t\t\t\t\t\t\t\t\t\t\t\t\t\t\t<span class=\"elementor-share-btn__icon\">\n\t\t\t\t\t\t\t\t<i class=\"fas fa-envelope\" aria-hidden=\"true\"><\/i>\t\t\t\t\t\t\t<\/span>\n\t\t\t\t\t\t\t\t\t\t\t\t\t\t\t\t\t\t\t\t\t\t<div class=\"elementor-share-btn__text\">\n\t\t\t\t\t\t\t\t\t\t\t\t\t\t\t\t\t\t\t<span class=\"elementor-share-btn__title\">\n\t\t\t\t\t\t\t\t\t\tEmail\t\t\t\t\t\t\t\t\t<\/span>\n\t\t\t\t\t\t\t\t\t\t\t\t\t\t\t\t\t<\/div>\n\t\t\t\t\t\t\t\t\t\t\t\t\t<\/div>\n\t\t\t\t\t<\/div>\n\t\t\t\t\t\t<\/div>\n\t\t\t\t\t\t<\/div>\n\t\t\t\t<\/div>\n\t\t\t\t<div class=\"elementor-element elementor-element-dff9c33 elementor-button-align-center elementor-widget elementor-widget-houzez_elementor_contact_form\" data-id=\"dff9c33\" data-element_type=\"widget\" data-e-type=\"widget\" data-widget_type=\"houzez_elementor_contact_form.default\">\n\t\t\t\t<div class=\"elementor-widget-container\">\n\t\t\t\t\t\n        <script type=\"application\/javascript\">\n            jQuery(document).bind(\"ready\", function () {\n                houzezValidateElementor(\"#houzez-form-dff9c33\" );\n            });\n        <\/script>\n\n        <form class=\"elementor-form houzez-ele-form-js\" id=\"houzez-form-dff9c33\" method=\"post\" name=\"Cedula Form SV\" action=\"https:\/\/www.mallorcaguru.es\/wp-admin\/admin-ajax.php\">\n            <input type=\"hidden\" name=\"form_id\" value=\"dff9c33\"\/>\n            <input type=\"hidden\" name=\"houzez_contact_form\" value=\"yes\"\/>\n            <input type=\"hidden\" name=\"action\" value=\"houzez_ele_contact_form\" \/>\n            <input type=\"hidden\" name=\"source_link\" value=\"https:\/\/www.mallorcaguru.es\/sv\/cedula-de-habitabilidad\/\" \/>\n            <input type=\"hidden\" name=\"lead_page_id\" value=\"216415\" \/>\n            <input type=\"hidden\" name=\"webhook\" value=\"false\" \/>\n            <input type=\"hidden\" name=\"webhook_url\" value=\"\" \/>\n            <input type=\"hidden\" name=\"redirect_to\" value=\"https:\/\/www.mallorcaguru.es\/sv\/tack-for-att-du-kontaktar-oss\/\" \/>\n            <input type=\"hidden\" name=\"google_recaptcha\" value=\"yes\" \/>\n            \n\n            <div class=\"elementor-form-fields-wrapper elementor-labels-above\">\n\n                                    <div class=\"elementor-field-group elementor-column form-group elementor-field-group-name elementor-col-100 elementor-field-required elementor-mark-required\">\n                    <label for=\"form-field-name\" class=\"form-label elementor-field-label\">Namn<\/label><input type=\"text\" name=\"name\" id=\"form-field-name\" class=\"elementor-field form-control elementor-size-sm elementor-field-textual\" placeholder=\"Namn\" title=\"* Namn\" required=\"required\">                    <\/div>\n\n                                        <div class=\"elementor-field-group elementor-column form-group elementor-field-group-email elementor-col-100 elementor-field-required elementor-mark-required\">\n                    <label for=\"form-field-email\" class=\"form-label elementor-field-label\">E-postadress<\/label><input type=\"email\" name=\"email\" id=\"form-field-email\" class=\"elementor-field form-control elementor-size-sm elementor-field-textual\" placeholder=\"E-postadress\" title=\"* E-postadress\" required=\"required\">                    <\/div>\n\n                                        <div class=\"elementor-field-group elementor-column form-group elementor-field-group-message elementor-col-100 elementor-field-required elementor-mark-required\">\n                    <label for=\"form-field-message\" class=\"form-label elementor-field-label\">Meddelande<\/label><textarea class=\"elementor-field-textual elementor-field elementor-size-sm\" name=\"message\" id=\"form-field-message\" rows=\"4\" placeholder=\"Meddelande\" required=\"required\" title=\"* Meddelande\"><\/textarea>                    <\/div>\n\n                                        <div class=\"elementor-field-group elementor-column form-group elementor-field-group-4ec26b5 elementor-col-100 elementor-field-required elementor-mark-required\">\n                    <label for=\"form-field-4ec26b5\" class=\"form-label elementor-field-label\">Mobil<\/label><input type=\"text\" name=\"mobile\" id=\"form-field-4ec26b5\" class=\"elementor-field form-control elementor-size-sm elementor-field-textual\" placeholder=\"Mobil\" title=\"* Mobil\" required=\"required\">                    <\/div>\n\n                    \n                    \n                    \n                                        <div class=\"elementor-field-group\">\n                                            <\/div>\n                    \n                    <div class=\"elementor-field-group elementor-column elementor-field-type-submit elementor-col-100\">\n                    <button type=\"submit\" class=\"houzez-submit-button houzez-contact-form-js elementor-button elementor-size-sm\" id=\"cedula_button\">\n                        <i class=\"houzez-loader-js houzez-hidden spinner-border spinner-border-sm\"><\/i>\n                                                    Skicka                                            <\/button>\n                <\/div>\n            <\/div><!-- End wrapper-->\n            <br\/>\n            <div class=\"ele-form-messages\"><\/div>\n            <div class=\"error-container\"><\/div>\n\n        <\/form>\n\n    \t\t\t\t<\/div>\n\t\t\t\t<\/div>\n\t\t\t\t\t<\/div>\n\t\t<\/div>\n\t\t\t\t\t<\/div>\n\t\t<\/section>\n\t\t\t\t<section class=\"elementor-section elementor-top-section elementor-element elementor-element-d025d29 elementor-section-boxed elementor-section-height-default elementor-section-height-default\" data-id=\"d025d29\" data-element_type=\"section\" data-e-type=\"section\">\n\t\t\t\t\t\t<div class=\"elementor-container elementor-column-gap-default\">\n\t\t\t\t\t<div class=\"elementor-column elementor-col-100 elementor-top-column elementor-element elementor-element-ecc3d80\" data-id=\"ecc3d80\" data-element_type=\"column\" data-e-type=\"column\">\n\t\t\t<div class=\"elementor-widget-wrap elementor-element-populated\">\n\t\t\t\t\t\t<div class=\"elementor-element elementor-element-6c2098a elementor-widget elementor-widget-houzez_elementor_space\" data-id=\"6c2098a\" data-element_type=\"widget\" data-e-type=\"widget\" data-widget_type=\"houzez_elementor_space.default\">\n\t\t\t\t<div class=\"elementor-widget-container\">\n\t\t\t\t\t        <div class=\"houzez-spacer\">\n            <div class=\"houzez-spacer-inner\"><\/div>\n        <\/div>\n        \t\t\t\t<\/div>\n\t\t\t\t<\/div>\n\t\t\t\t<div class=\"elementor-element elementor-element-8e73536 elementor-widget elementor-widget-houzez_elementor_property-card-v7\" data-id=\"8e73536\" data-element_type=\"widget\" data-e-type=\"widget\" data-widget_type=\"houzez_elementor_property-card-v7.default\">\n\t\t\t\t<div class=\"elementor-widget-container\">\n\t\t\t\t\t    <div id=\"properties_module_section\" class=\"property-cards-module property-cards-module-v7 property-cards-module-col-2\">\n        <div id=\"module_properties\" class=\"listing-view grid-view row row-cols-1 row-cols-md-2 row-cols-lg-2 gy-4 gx-4\">\n            <div class=\"item-listing-wrap item-wrap-v9 hz-item-gallery-js hz-map-trigger\" data-hz-id=\"350790\" data-images=\"[{&quot;image&quot;:&quot;https:\\\/\\\/www.mallorcaguru.es\\\/wp-content\\\/uploads\\\/2026\\\/04\\\/ETV-Alcudia-A8100-29-584x438.jpg&quot;,&quot;alt&quot;:&quot;&quot;,&quot;width&quot;:584,&quot;height&quot;:438,&quot;srcset&quot;:false,&quot;sizes&quot;:&quot;(max-width: 584px) 100vw, 584px&quot;},{&quot;image&quot;:&quot;https:\\\/\\\/www.mallorcaguru.es\\\/wp-content\\\/uploads\\\/2026\\\/04\\\/ETV-Alcudia-A8100-29-584x438.jpg&quot;,&quot;alt&quot;:&quot;&quot;,&quot;width&quot;:584,&quot;height&quot;:438,&quot;srcset&quot;:false,&quot;sizes&quot;:&quot;(max-width: 584px) 100vw, 584px&quot;},{&quot;image&quot;:&quot;https:\\\/\\\/www.mallorcaguru.es\\\/wp-content\\\/uploads\\\/2026\\\/04\\\/ETV-Alcudia-A8100-28-584x438.jpg&quot;,&quot;alt&quot;:&quot;&quot;,&quot;width&quot;:584,&quot;height&quot;:438,&quot;srcset&quot;:false,&quot;sizes&quot;:&quot;(max-width: 584px) 100vw, 584px&quot;}]\">\n\t<div class=\"item-wrap item-wrap-no-frame h-100\">\n\t\t<div class=\"d-flex flex-column align-items-center h-100\">\n\t\t\t<div class=\"item-header\">\n\t\t\t\t<span class=\"label-featured label me-1\" role=\"status\">Utvalda<\/span>\t\t\t\t<div class=\"labels-wrap d-flex align-items-center gap-1\" role=\"group\"> \n\n\t<a href=\"https:\/\/www.mallorcaguru.es\/sv\/status\/fastigheter-till-salu-mallorca\/\" class=\"label-status label status-color-765\">\n\t\t\t\t\tTill salu\n\t\t\t\t<\/a><a href=\"https:\/\/www.mallorcaguru.es\/sv\/etikettera\/etv-licensierade-bostader-till-salu-pa-mallorca\/\" class=\"hz-label label label-color-3839\">\n\t\t\t\t\tETV-licensierade bost\u00e4der till salu p\u00e5 Mallorca\n\t\t\t\t<\/a><a href=\"https:\/\/www.mallorcaguru.es\/sv\/etikettera\/fastigheter-med-havsutsikt-till-salu-pa\/\" class=\"hz-label label label-color-3931\">\n\t\t\t\t\tFastigheter med havsutsikt till salu p\u00e5 Mallorca | Kustbost\u00e4der\n\t\t\t\t<\/a>       \n\n<\/div>\n\t\t\t\t<ul class=\"item-tools d-flex align-items-center justify-content-center gap-1\">\n        <li class=\"item-tool item-preview\">\n        <span class=\"hz-show-lightbox-js item-tool-preview text-center\" data-listid=\"350790\">\n            <span data-bs-toggle=\"tooltip\" data-bs-placement=\"top\" title=\"F\u00f6rhandsgranska\">\n                <i class=\"houzez-icon icon-expand-3\"><\/i>   \n            <\/span>\n        <\/span><!-- item-tool-favorite -->\n    <\/li><!-- item-tool -->\n        \n        <li class=\"item-tool item-favorite\">\n        <span class=\"add-favorite-js item-tool-favorite text-center\" data-bs-toggle=\"tooltip\" data-bs-placement=\"top\" title=\"Favorit\" data-listid=\"350790\">\n            <i class=\"houzez-icon icon-love-it \"><\/i>\n        <\/span><!-- item-tool-favorite -->\n    <\/li><!-- item-tool -->\n    \n        <li class=\"item-tool item-compare\">\n        <span class=\"houzez_compare compare-350790 item-tool-compare text-center\" data-bs-toggle=\"tooltip\" data-bs-placement=\"top\" title=\"L\u00e4gg till j\u00e4mf\u00f6relse\" data-listing_id=\"350790\" data-listing_image=\"https:\/\/www.mallorcaguru.es\/wp-content\/uploads\/2026\/04\/ETV-Alcudia-A8100-29-584x438.jpg\">\n            <i class=\"houzez-icon icon-add-circle\"><\/i>\n            <!-- <i class=\"houzez-icon icon-subtract-circle\"><\/i> -->\n        <\/span><!-- item-tool-compare -->\n    <\/li><!-- item-tool -->\n    <\/ul><!-- item-tools -->\n\t\t\t\t<div class=\"listing-image-wrap\">\n\t<div class=\"listing-thumb\">\n\t\t<a target=\"_self\" href=\"https:\/\/www.mallorcaguru.es\/sv\/fastighet\/villa-till-salu-i-alcudia-med-etv-turistlicens\/\" class=\"listing-featured-thumb hover-effect image-wrap\" role=\"link\">\n\t\t\t<img fetchpriority=\"high\" decoding=\"async\" width=\"584\" height=\"438\" src=\"https:\/\/www.mallorcaguru.es\/wp-content\/uploads\/2026\/04\/ETV-Alcudia-A8100-29-584x438.jpg\" class=\"img-fluid wp-post-image\" alt=\"\" \/>\t\t<\/a><!-- hover-effect -->\n\t<\/div>\n<\/div>\t\t\t\t<div class=\"preview_loader\"><\/div>\n\t\t\t<\/div>\n\t\t\t<div class=\"item-body w-100 flex-fill\">\n\t\t\t\t<ul class=\"item-amenities item-amenities-with-icons mb-2\">\n\t\t\t\t\t<li class=\"h-type d-flex w-100\" role=\"listitem\"><span>Villa<\/span><\/li>\t\t\t\t<\/ul>\n\t\t\t\t<ul class=\"item-price-wrap d-flex align-items-end gap-3\" role=\"list\">\n\t\t\t\t\t<li class=\"item-price\"><span class=\"price\">1,650,000\u20ac<\/span><span class=\"price-postfix\"><\/span><\/li>\t\t\t\t<\/ul>\n\t\t\t\t<h2 class=\"item-title mb-2 \">\n\t<a target=\"_self\" href=\"https:\/\/www.mallorcaguru.es\/sv\/fastighet\/villa-till-salu-i-alcudia-med-etv-turistlicens\/\" role=\"link\">Villa till salu i Alcudia med ETV-turistlicens<\/a>\n<\/h2><!-- item-title -->\t\t\t\t<address class=\"item-address mb-2\"><i class=\"houzez-icon icon-pin me-1\" aria-hidden=\"true\"><\/i><span>Cam\u00ed de Biniatria, 07400 Alc\u00fadia, Illes Balears, Spanien<\/span><\/address>\t\t\t\t<ul class=\"item-amenities item-amenities-with-icons d-flex flex-wrap align-items-center gap-2\" role=\"list\">\n\t<li class=\"h-property-id me-1\"><i class=\"houzez-icon icon-tags me-2\"><\/i><span class=\"item-amenities-text\">ID:<\/span> <span class=\"hz-figure\">A8100<\/span><\/li><li class=\"h-beds d-flex align-items-center me-1\"><i class=\"houzez-icon icon-hotel-double-bed-1 me-2\"><\/i><span class=\"item-amenities-text\">Sovrum:<\/span> <span class=\"hz-figure\">5<\/span><\/li><li class=\"h-baths d-flex align-items-center me-1\"><i class=\"houzez-icon icon-bathroom-shower-1 me-2\"><\/i><span class=\"item-amenities-text\">Bad:<\/span> <span class=\"hz-figure\">5<\/span><\/li><li class=\"h-area d-flex align-items-center me-1\"><i class=\"houzez-icon icon-ruler-triangle me-2\"><\/i><span class=\"hz-figure me-1\">477<\/span> <span class=\"hz-figure area_postfix\">m\u00b2<\/span><\/li><\/ul>\t\t\t<\/div>\n\t\t\t<div class=\"item-footer items-btns-count-3\">\n\t\t\t\t<div class=\"item-buttons-wrap d-flex justify-content-between gap-2\">\n\t\t\t\t\t\t\t\t<button type=\"button\" class=\"hz-call-popup-js btn btn-primary-outlined btn-item px-2 d-flex align-items-center justify-content-center flex-fill gap-1\" data-bs-toggle=\"modal\" data-model-id=\"call-action-350790-Zj4o7\">\n\t\t\t\t<i class=\"houzez-icon icon-phone-actions-ring\"><\/i> Ring\t\t\t<\/button>\n\t\t \t\t\t\t<button type=\"button\" class=\"hz-email-popup-js btn btn-primary-outlined btn-item px-2 d-flex align-items-center justify-content-center flex-fill gap-1\" data-bs-toggle=\"modal\" data-model-id=\"email-popup-350790-Zj4o7\">\n\t\t\t\t<i class=\"houzez-icon icon-envelope\"><\/i> Email\t\t\t<\/button>\n\t\t\t\t\t\t<a class=\"btn btn-primary-outlined btn-item px-2 d-flex align-items-center justify-content-center flex-fill gap-1\" target=\"_blank\" href=\"https:\/\/api.whatsapp.com\/send?phone=+34667515185&amp;text=Hej, jag \u00e4r intresserad av [Villa till salu i Alcudia med ETV-turistlicens] https:\/\/www.mallorcaguru.es\/sv\/fastighet\/villa-till-salu-i-alcudia-med-etv-turistlicens\/\">\n\t\t\t\t<i class=\"houzez-icon icon-messaging-whatsapp\"><\/i> <span class=\"d-none d-md-block\">WhatsApp<\/span>\n\t\t\t<\/a>\n\t\t\t\t\t\t\t<\/div>\n\t\t\t<\/div>\n\t\t<\/div>\n\t<\/div>\n\t<div class=\"modal fade modal-phone-number\" id=\"call-action-350790-Zj4o7\" tabindex=\"-1\" aria-labelledby=\"phoneNumberModalLabel\" aria-hidden=\"true\">\n    <div class=\"modal-dialog\" role=\"document\">\n        <div class=\"modal-content\">\n            <div class=\"modal-header\">\n                <h5 class=\"modal-title\" id=\"phoneNumberModalLabel\">Kontakta oss<\/h5>\n                <button type=\"button\" class=\"btn-close\" data-bs-dismiss=\"modal\" aria-label=\"St\u00e4nga\"><\/button>\n            <\/div><!-- modal-header -->\n            <div class=\"modal-body\">\n                <p class=\"modal-body-phone-number-text\">\n                    Please quote property reference<br>\n\n                    <strong>Mallorca Property Guru - A8100<\/strong>\n                <\/p>\n                <p class=\"modal-body-phone-number-number\">\n                     <a class=\"btn btn-primary-outlined\" href=\"tel:+34667515185\"><i class=\"houzez-icon icon-phone-actions-ring\"><\/i> +34 667 515 185<\/a>\n                <\/p>\n            <\/div><!-- modal-body -->\n        <\/div><!-- modal-content -->\n    <\/div><!-- modal-dialog -->\n<\/div><!-- login-register-form -->\n\t<div class=\"modal fade mobile-property-form\" id=\"email-popup-350790-Zj4o7\">\n    <div class=\"modal-dialog\" role=\"document\">\n        <div class=\"modal-content\">\n            <div class=\"modal-header\">\n                <h5 class=\"modal-title\" id=\"phoneNumberModalLabel\">Contact me<\/h5>\n                <button type=\"button\" class=\"btn-close\" data-bs-dismiss=\"modal\" aria-label=\"Close\"><\/button>\n            <\/div><!-- modal-header -->\n            <div class=\"modal-body\">\n                <div class=\"property-form-wrap border-none\">\n                                    <div class=\"property-form\">\n                        <form method=\"post\" action=\"#\">\n                            \n                            <div class=\"agent-details\" role=\"region\"><div class=\"d-flex align-items-center gap-3\"><div class=\"agent-image\" role=\"img\"><img decoding=\"async\" class=\"rounded\" src=\"https:\/\/www.mallorcaguru.es\/wp-content\/smush-avif\/2022\/03\/Mallorca-Property-Guru-Logo-2025-150x150.png.avif\" alt=\"Mallorca Property Guru Carmen Dols Bastard\" width=\"70\" height=\"70\" loading=\"lazy\" data-smush-avif-fallback=\"{&quot;src&quot;:&quot;https:\\\/\\\/www.mallorcaguru.es\\\/wp-content\\\/uploads\\\/2022\\\/03\\\/Mallorca-Property-Guru-Logo-2025-150x150.png&quot;}\"><span class=\"badge btn-secondary agent-verified-icon\"><i class=\"houzez-icon icon-check-circle-1\"><\/i><\/span><\/div><ul class=\"agent-information list-unstyled mb-0\" role=\"list\"><li class=\"agent-name\" role=\"listitem\"><i class=\"houzez-icon icon-single-neutral me-1\"><\/i> Mallorca Property Guru Carmen Dols Bastard<\/li><\/ul><\/div><\/div>\n                                                        <div class=\"form-group mb-2 mt-3\">\n                                <input class=\"form-control\" name=\"name\" value=\"\" type=\"text\" placeholder=\"Namn\">\n                            <\/div><!-- form-group -->\n                            \n                                \n                            <div class=\"form-group mb-2\">\n                                <input class=\"form-control\" name=\"mobile\" value=\"\" type=\"text\" placeholder=\"Telefon\">\n                            <\/div><!-- form-group -->\n                            \n                            <div class=\"form-group mb-2\">\n                                <input class=\"form-control\" name=\"email\" value=\"\" type=\"email\" placeholder=\"E-post\">\n                            <\/div><!-- form-group -->\n\n                              \n                            <div class=\"form-group form-group-textarea mb-2\">\n                                <textarea class=\"form-control hz-form-message\" name=\"message\" rows=\"4\" placeholder=\"Meddelande\">Hej, jag \u00e4r intresserad av [Villa till salu i Alcudia med ETV-turistlicens]<\/textarea>\n                            <\/div><!-- form-group -->   \n                            \n                            \n                                                        <div class=\"form-group my-3\">\n                                <label class=\"control control--checkbox m-0 p-0 hz-no-gdpr-checkbox\">\n                                                                        <div class=\"gdpr-text-wrap\">\n                                        Genom att skicka in denna blankett godk\u00e4nner jag <a target=\"_blank\" href=\"https:\/\/www.mallorcaguru.es\/sv\/villkor\/\">Anv\u00e4ndarvillkor<\/a>\n                                    <\/div>\n                                <\/label>\n                            <\/div><!-- form-group -->   \n                                  \n                        \n                                                            <input type=\"hidden\" name=\"target_email\" value=\"&#99;a&#114;m&#101;n&#64;m&#97;&#108;&#108;orca&#103;ur&#117;.e&#115;\">\n                                                        <input type=\"hidden\" name=\"property_agent_contact_security\" value=\"3de3393833\"\/>\n                            <input type=\"hidden\" name=\"property_permalink\" value=\"https:\/\/www.mallorcaguru.es\/sv\/fastighet\/villa-till-salu-i-alcudia-med-etv-turistlicens\/\"\/>\n                            <input type=\"hidden\" name=\"property_title\" value=\"Villa till salu i Alcudia med ETV-turistlicens\"\/>\n                            <input type=\"hidden\" name=\"property_id\" value=\"A8100\"\/>\n                            <input type=\"hidden\" name=\"action\" value=\"houzez_property_agent_contact\">\n                            <input type=\"hidden\" name=\"listing_id\" value=\"350790\">\n                            <input type=\"hidden\" name=\"is_listing_form\" value=\"yes\">\n                            <input type=\"hidden\" name=\"agent_id\" value=\"6103\">\n                            <input type=\"hidden\" name=\"agent_type\" value=\"agent_info\">\n\n                                                        <div class=\"form_messages\"><\/div>\n                            <button type=\"button\" class=\"houzez_agent_property_form btn btn-secondary w-100\">\n                                <span class=\"houzez-loader-js houzez-hidden spinner-border spinner-border-sm\" aria-hidden=\"true\"><\/span>                                Skicka Epost                                \n                            <\/button>\n                            \n                        <\/form>\n                    <\/div><!-- property-form -->\n                    \n                            <\/div><!-- property-form-wrap -->\n\n    \n            <\/div>\n        <\/div>\n    <\/div>\n<\/div>\n<\/div>\n<div class=\"item-listing-wrap item-wrap-v9 hz-item-gallery-js hz-map-trigger\" data-hz-id=\"341530\" data-images=\"[{&quot;image&quot;:&quot;https:\\\/\\\/www.mallorcaguru.es\\\/wp-content\\\/smush-avif\\\/2026\\\/04\\\/Rafal-Negre-17-584x438.jpg.avif&quot;,&quot;alt&quot;:&quot;&quot;,&quot;width&quot;:584,&quot;height&quot;:438,&quot;srcset&quot;:false,&quot;sizes&quot;:&quot;(max-width: 584px) 100vw, 584px&quot;},{&quot;image&quot;:&quot;https:\\\/\\\/www.mallorcaguru.es\\\/wp-content\\\/smush-avif\\\/2026\\\/04\\\/Rafal-Negre-17-584x438.jpg.avif&quot;,&quot;alt&quot;:&quot;&quot;,&quot;width&quot;:584,&quot;height&quot;:438,&quot;srcset&quot;:false,&quot;sizes&quot;:&quot;(max-width: 584px) 100vw, 584px&quot;},{&quot;image&quot;:&quot;https:\\\/\\\/www.mallorcaguru.es\\\/wp-content\\\/smush-avif\\\/2026\\\/04\\\/Rafal-Negre-15-584x438.jpg.avif&quot;,&quot;alt&quot;:&quot;&quot;,&quot;width&quot;:584,&quot;height&quot;:438,&quot;srcset&quot;:false,&quot;sizes&quot;:&quot;(max-width: 584px) 100vw, 584px&quot;}]\">\n\t<div class=\"item-wrap item-wrap-no-frame h-100\">\n\t\t<div class=\"d-flex flex-column align-items-center h-100\">\n\t\t\t<div class=\"item-header\">\n\t\t\t\t<span class=\"label-featured label me-1\" role=\"status\">Utvalda<\/span>\t\t\t\t<div class=\"labels-wrap d-flex align-items-center gap-1\" role=\"group\"> \n\n\t<a href=\"https:\/\/www.mallorcaguru.es\/sv\/status\/fastigheter-till-salu-mallorca\/\" class=\"label-status label status-color-765\">\n\t\t\t\t\tTill salu\n\t\t\t\t<\/a><a href=\"https:\/\/www.mallorcaguru.es\/sv\/etikettera\/byggprojekt\/\" class=\"hz-label label label-color-3865\">\n\t\t\t\t\tByggprojekt\n\t\t\t\t<\/a><a href=\"https:\/\/www.mallorcaguru.es\/sv\/etikettera\/nybyggda-fastigheter-pa-mallorca\/\" class=\"hz-label label label-color-3844\">\n\t\t\t\t\tNybyggda Fastigheter\n\t\t\t\t<\/a>       \n\n<\/div>\n\t\t\t\t<ul class=\"item-tools d-flex align-items-center justify-content-center gap-1\">\n        <li class=\"item-tool item-preview\">\n        <span class=\"hz-show-lightbox-js item-tool-preview text-center\" data-listid=\"341530\">\n            <span data-bs-toggle=\"tooltip\" data-bs-placement=\"top\" title=\"F\u00f6rhandsgranska\">\n                <i class=\"houzez-icon icon-expand-3\"><\/i>   \n            <\/span>\n        <\/span><!-- item-tool-favorite -->\n    <\/li><!-- item-tool -->\n        \n        <li class=\"item-tool item-favorite\">\n        <span class=\"add-favorite-js item-tool-favorite text-center\" data-bs-toggle=\"tooltip\" data-bs-placement=\"top\" title=\"Favorit\" data-listid=\"341530\">\n            <i class=\"houzez-icon icon-love-it \"><\/i>\n        <\/span><!-- item-tool-favorite -->\n    <\/li><!-- item-tool -->\n    \n        <li class=\"item-tool item-compare\">\n        <span class=\"houzez_compare compare-341530 item-tool-compare text-center\" data-bs-toggle=\"tooltip\" data-bs-placement=\"top\" title=\"L\u00e4gg till j\u00e4mf\u00f6relse\" data-listing_id=\"341530\" data-listing_image=\"https:\/\/www.mallorcaguru.es\/wp-content\/uploads\/2026\/04\/Rafal-Negre-17-584x438.jpg\">\n            <i class=\"houzez-icon icon-add-circle\"><\/i>\n            <!-- <i class=\"houzez-icon icon-subtract-circle\"><\/i> -->\n        <\/span><!-- item-tool-compare -->\n    <\/li><!-- item-tool -->\n    <\/ul><!-- item-tools -->\n\t\t\t\t<div class=\"listing-image-wrap\">\n\t<div class=\"listing-thumb\">\n\t\t<a target=\"_self\" href=\"https:\/\/www.mallorcaguru.es\/sv\/fastighet\/nyproduktion-till-salu-i-marratxi\/\" class=\"listing-featured-thumb hover-effect image-wrap\" role=\"link\">\n\t\t\t<img decoding=\"async\" width=\"584\" height=\"438\" src=\"https:\/\/www.mallorcaguru.es\/wp-content\/smush-avif\/2026\/04\/Rafal-Negre-17-584x438.jpg.avif\" class=\"img-fluid wp-post-image\" alt=\"\" loading=\"lazy\" data-smush-avif-fallback=\"{&quot;src&quot;:&quot;https:\\\/\\\/www.mallorcaguru.es\\\/wp-content\\\/uploads\\\/2026\\\/04\\\/Rafal-Negre-17-584x438.jpg&quot;}\" \/>\t\t<\/a><!-- hover-effect -->\n\t<\/div>\n<\/div>\t\t\t\t<div class=\"preview_loader\"><\/div>\n\t\t\t<\/div>\n\t\t\t<div class=\"item-body w-100 flex-fill\">\n\t\t\t\t<ul class=\"item-amenities item-amenities-with-icons mb-2\">\n\t\t\t\t\t<li class=\"h-type d-flex w-100\" role=\"listitem\"><span>Villa<\/span><\/li>\t\t\t\t<\/ul>\n\t\t\t\t<ul class=\"item-price-wrap d-flex align-items-end gap-3\" role=\"list\">\n\t\t\t\t\t<li class=\"item-price\"><span class=\"price\">3,995,000\u20ac<\/span><span class=\"price-postfix\"><\/span><\/li>\t\t\t\t<\/ul>\n\t\t\t\t<h2 class=\"item-title mb-2 \">\n\t<a target=\"_self\" href=\"https:\/\/www.mallorcaguru.es\/sv\/fastighet\/nyproduktion-till-salu-i-marratxi\/\" role=\"link\">Nyproduktion till salu i Marratx\u00ed<\/a>\n<\/h2><!-- item-title -->\t\t\t\t<address class=\"item-address mb-2\"><i class=\"houzez-icon icon-pin me-1\" aria-hidden=\"true\"><\/i><span>Cami del Rafal Negre, Marratxinet, Spain<\/span><\/address>\t\t\t\t<ul class=\"item-amenities item-amenities-with-icons d-flex flex-wrap align-items-center gap-2\" role=\"list\">\n\t<li class=\"h-property-id me-1\"><i class=\"houzez-icon icon-tags me-2\"><\/i><span class=\"item-amenities-text\">ID:<\/span> <span class=\"hz-figure\">997<\/span><\/li><li class=\"h-beds d-flex align-items-center me-1\"><i class=\"houzez-icon icon-hotel-double-bed-1 me-2\"><\/i><span class=\"item-amenities-text\">Sovrum:<\/span> <span class=\"hz-figure\">7<\/span><\/li><li class=\"h-baths d-flex align-items-center me-1\"><i class=\"houzez-icon icon-bathroom-shower-1 me-2\"><\/i><span class=\"item-amenities-text\">Bad:<\/span> <span class=\"hz-figure\">8<\/span><\/li><li class=\"h-area d-flex align-items-center me-1\"><i class=\"houzez-icon icon-ruler-triangle me-2\"><\/i><span class=\"hz-figure me-1\">422<\/span> <span class=\"hz-figure area_postfix\">m\u00b2<\/span><\/li><\/ul>\t\t\t<\/div>\n\t\t\t<div class=\"item-footer items-btns-count-3\">\n\t\t\t\t<div class=\"item-buttons-wrap d-flex justify-content-between gap-2\">\n\t\t\t\t\t\t\t\t<button type=\"button\" class=\"hz-call-popup-js btn btn-primary-outlined btn-item px-2 d-flex align-items-center justify-content-center flex-fill gap-1\" data-bs-toggle=\"modal\" data-model-id=\"call-action-341530-AOUjD\">\n\t\t\t\t<i class=\"houzez-icon icon-phone-actions-ring\"><\/i> Ring\t\t\t<\/button>\n\t\t \t\t\t\t<button type=\"button\" class=\"hz-email-popup-js btn btn-primary-outlined btn-item px-2 d-flex align-items-center justify-content-center flex-fill gap-1\" data-bs-toggle=\"modal\" data-model-id=\"email-popup-341530-AOUjD\">\n\t\t\t\t<i class=\"houzez-icon icon-envelope\"><\/i> Email\t\t\t<\/button>\n\t\t\t\t\t\t<a class=\"btn btn-primary-outlined btn-item px-2 d-flex align-items-center justify-content-center flex-fill gap-1\" target=\"_blank\" href=\"https:\/\/api.whatsapp.com\/send?phone=+34667515185&amp;text=Hej, jag \u00e4r intresserad av [Nyproduktion till salu i Marratx\u00ed] https:\/\/www.mallorcaguru.es\/sv\/fastighet\/nyproduktion-till-salu-i-marratxi\/\">\n\t\t\t\t<i class=\"houzez-icon icon-messaging-whatsapp\"><\/i> <span class=\"d-none d-md-block\">WhatsApp<\/span>\n\t\t\t<\/a>\n\t\t\t\t\t\t\t<\/div>\n\t\t\t<\/div>\n\t\t<\/div>\n\t<\/div>\n\t<div class=\"modal fade modal-phone-number\" id=\"call-action-341530-AOUjD\" tabindex=\"-1\" aria-labelledby=\"phoneNumberModalLabel\" aria-hidden=\"true\">\n    <div class=\"modal-dialog\" role=\"document\">\n        <div class=\"modal-content\">\n            <div class=\"modal-header\">\n                <h5 class=\"modal-title\" id=\"phoneNumberModalLabel\">Kontakta oss<\/h5>\n                <button type=\"button\" class=\"btn-close\" data-bs-dismiss=\"modal\" aria-label=\"St\u00e4nga\"><\/button>\n            <\/div><!-- modal-header -->\n            <div class=\"modal-body\">\n                <p class=\"modal-body-phone-number-text\">\n                    Please quote property reference<br>\n\n                    <strong>Mallorca Property Guru - 997<\/strong>\n                <\/p>\n                <p class=\"modal-body-phone-number-number\">\n                     <a class=\"btn btn-primary-outlined\" href=\"tel:+34667515185\"><i class=\"houzez-icon icon-phone-actions-ring\"><\/i> +34 667 515 185<\/a>\n                <\/p>\n            <\/div><!-- modal-body -->\n        <\/div><!-- modal-content -->\n    <\/div><!-- modal-dialog -->\n<\/div><!-- login-register-form -->\n\t<div class=\"modal fade mobile-property-form\" id=\"email-popup-341530-AOUjD\">\n    <div class=\"modal-dialog\" role=\"document\">\n        <div class=\"modal-content\">\n            <div class=\"modal-header\">\n                <h5 class=\"modal-title\" id=\"phoneNumberModalLabel\">Contact me<\/h5>\n                <button type=\"button\" class=\"btn-close\" data-bs-dismiss=\"modal\" aria-label=\"Close\"><\/button>\n            <\/div><!-- modal-header -->\n            <div class=\"modal-body\">\n                <div class=\"property-form-wrap border-none\">\n                                    <div class=\"property-form\">\n                        <form method=\"post\" action=\"#\">\n                            \n                            <div class=\"agent-details\" role=\"region\"><div class=\"d-flex align-items-center gap-3\"><div class=\"agent-image\" role=\"img\"><img decoding=\"async\" class=\"rounded\" src=\"https:\/\/www.mallorcaguru.es\/wp-content\/smush-avif\/2022\/03\/Mallorca-Property-Guru-Logo-2025-150x150.png.avif\" alt=\"Mallorca Property Guru Carmen Dols Bastard\" width=\"70\" height=\"70\" loading=\"lazy\" data-smush-avif-fallback=\"{&quot;src&quot;:&quot;https:\\\/\\\/www.mallorcaguru.es\\\/wp-content\\\/uploads\\\/2022\\\/03\\\/Mallorca-Property-Guru-Logo-2025-150x150.png&quot;}\"><span class=\"badge btn-secondary agent-verified-icon\"><i class=\"houzez-icon icon-check-circle-1\"><\/i><\/span><\/div><ul class=\"agent-information list-unstyled mb-0\" role=\"list\"><li class=\"agent-name\" role=\"listitem\"><i class=\"houzez-icon icon-single-neutral me-1\"><\/i> Mallorca Property Guru Carmen Dols Bastard<\/li><\/ul><\/div><\/div>\n                                                        <div class=\"form-group mb-2 mt-3\">\n                                <input class=\"form-control\" name=\"name\" value=\"\" type=\"text\" placeholder=\"Namn\">\n                            <\/div><!-- form-group -->\n                            \n                                \n                            <div class=\"form-group mb-2\">\n                                <input class=\"form-control\" name=\"mobile\" value=\"\" type=\"text\" placeholder=\"Telefon\">\n                            <\/div><!-- form-group -->\n                            \n                            <div class=\"form-group mb-2\">\n                                <input class=\"form-control\" name=\"email\" value=\"\" type=\"email\" placeholder=\"E-post\">\n                            <\/div><!-- form-group -->\n\n                              \n                            <div class=\"form-group form-group-textarea mb-2\">\n                                <textarea class=\"form-control hz-form-message\" name=\"message\" rows=\"4\" placeholder=\"Meddelande\">Hej, jag \u00e4r intresserad av [Nyproduktion till salu i Marratx\u00ed]<\/textarea>\n                            <\/div><!-- form-group -->   \n                            \n                            \n                                                        <div class=\"form-group my-3\">\n                                <label class=\"control control--checkbox m-0 p-0 hz-no-gdpr-checkbox\">\n                                                                        <div class=\"gdpr-text-wrap\">\n                                        Genom att skicka in denna blankett godk\u00e4nner jag <a target=\"_blank\" href=\"https:\/\/www.mallorcaguru.es\/sv\/villkor\/\">Anv\u00e4ndarvillkor<\/a>\n                                    <\/div>\n                                <\/label>\n                            <\/div><!-- form-group -->   \n                                  \n                        \n                                                            <input type=\"hidden\" name=\"target_email\" value=\"car&#109;en&#64;m&#97;ll&#111;r&#99;a&#103;u&#114;&#117;.&#101;&#115;\">\n                                                        <input type=\"hidden\" name=\"property_agent_contact_security\" value=\"3de3393833\"\/>\n                            <input type=\"hidden\" name=\"property_permalink\" value=\"https:\/\/www.mallorcaguru.es\/sv\/fastighet\/nyproduktion-till-salu-i-marratxi\/\"\/>\n                            <input type=\"hidden\" name=\"property_title\" value=\"Nyproduktion till salu i Marratx\u00ed\"\/>\n                            <input type=\"hidden\" name=\"property_id\" value=\"997\"\/>\n                            <input type=\"hidden\" name=\"action\" value=\"houzez_property_agent_contact\">\n                            <input type=\"hidden\" name=\"listing_id\" value=\"341530\">\n                            <input type=\"hidden\" name=\"is_listing_form\" value=\"yes\">\n                            <input type=\"hidden\" name=\"agent_id\" value=\"6103\">\n                            <input type=\"hidden\" name=\"agent_type\" value=\"agent_info\">\n\n                                                        <div class=\"form_messages\"><\/div>\n                            <button type=\"button\" class=\"houzez_agent_property_form btn btn-secondary w-100\">\n                                <span class=\"houzez-loader-js houzez-hidden spinner-border spinner-border-sm\" aria-hidden=\"true\"><\/span>                                Skicka Epost                                \n                            <\/button>\n                            \n                        <\/form>\n                    <\/div><!-- property-form -->\n                    \n                            <\/div><!-- property-form-wrap -->\n\n    \n            <\/div>\n        <\/div>\n    <\/div>\n<\/div>\n<\/div>\n        <\/div><!-- listing-view -->\n\n                <div id=\"fave-pagination-loadmore\" class=\"load-more-wrap mb-4 fave-load-more\">\n            <a class=\"btn btn-load-more btn-primary-outlined\"\n               data-pagination_type=\"loadmore\"\n               data-paged=\"2\" \n               data-posts_limit=\"2\" \n               data-card=\"v7\" \n               data-property_type=\"villa-for-sale-in-mallorca-spain\" data-property_status=\"real-estate-for-sale-mallorca\" data-property_country=\"\" data-property_state=\"\" data-property_city=\"\" data-property_area=\"\" data-property_label=\"\" data-property_ids=\"\" data-property_id=\"\" data-houzez_user_role=\"\" data-featured_prop=\"\" data-sort_by=\"\" data-offset=\"\" data-post_status=\"publish\" data-min_price=\"\" data-max_price=\"\" data-min_beds=\"\" data-max_beds=\"\" data-min_baths=\"\" data-max_baths=\"\" data-properties_by_agents=\"\" data-properties_by_agencies=\"\" data-hide_date=\"1\" data-nav_position=\"\"             >\n            <span class=\"houzez-loader-js houzez-hidden spinner-border spinner-border-sm\" aria-hidden=\"true\"><\/span>Ladda mer \n            <\/a>\n        <\/div>\n            <\/div><!-- property-grid-module -->\n    \t\t\t\t<\/div>\n\t\t\t\t<\/div>\n\t\t\t\t\t<\/div>\n\t\t<\/div>\n\t\t\t\t\t<\/div>\n\t\t<\/section>\n\t\t\t\t<\/div>\n\t\t","protected":false},"excerpt":{"rendered":"<p>C\u00e9dula de Habitabilidad Mallorca &#8220;C\u00e9dula de Habitabilidad&#8221; (Bostadsintyg) i Spanien \u00e4r ett intyg som intygar att en bostad uppfyller de minimikrav p\u00e5 boendebarhet som fastst\u00e4llts i lag. Det \u00e4r ett viktigt dokument f\u00f6r f\u00f6rs\u00e4ljning, k\u00f6p eller uthyrning av bost\u00e4der, samt f\u00f6r att avtala om grundl\u00e4ggande tj\u00e4nster som vatten, el eller gas. Vad \u00e4r det? C\u00e9dula [&hellip;]<\/p>\n","protected":false},"author":1,"featured_media":0,"parent":0,"menu_order":0,"comment_status":"closed","ping_status":"closed","template":"","meta":{"footnotes":""},"categories":[3342],"tags":[],"class_list":["post-216415","page","type-page","status-publish","hentry","category-allmanna-inlagg-artiklar"],"_links":{"self":[{"href":"https:\/\/www.mallorcaguru.es\/sv\/wp-json\/wp\/v2\/pages\/216415","targetHints":{"allow":["GET"]}}],"collection":[{"href":"https:\/\/www.mallorcaguru.es\/sv\/wp-json\/wp\/v2\/pages"}],"about":[{"href":"https:\/\/www.mallorcaguru.es\/sv\/wp-json\/wp\/v2\/types\/page"}],"author":[{"embeddable":true,"href":"https:\/\/www.mallorcaguru.es\/sv\/wp-json\/wp\/v2\/users\/1"}],"replies":[{"embeddable":true,"href":"https:\/\/www.mallorcaguru.es\/sv\/wp-json\/wp\/v2\/comments?post=216415"}],"version-history":[{"count":0,"href":"https:\/\/www.mallorcaguru.es\/sv\/wp-json\/wp\/v2\/pages\/216415\/revisions"}],"wp:attachment":[{"href":"https:\/\/www.mallorcaguru.es\/sv\/wp-json\/wp\/v2\/media?parent=216415"}],"wp:term":[{"taxonomy":"category","embeddable":true,"href":"https:\/\/www.mallorcaguru.es\/sv\/wp-json\/wp\/v2\/categories?post=216415"},{"taxonomy":"post_tag","embeddable":true,"href":"https:\/\/www.mallorcaguru.es\/sv\/wp-json\/wp\/v2\/tags?post=216415"}],"curies":[{"name":"wp","href":"https:\/\/api.w.org\/{rel}","templated":true}]}}