{"id":290905,"date":"2025-09-13T13:18:16","date_gmt":"2025-09-13T11:18:16","guid":{"rendered":"https:\/\/www.mallorcaguru.es\/fastigheter-med-havsutsikt-till-salu-pa-mallorca\/"},"modified":"2026-01-17T22:00:34","modified_gmt":"2026-01-17T21:00:34","slug":"fastigheter-med-havsutsikt-till-salu-pa-mallorca","status":"publish","type":"page","link":"https:\/\/www.mallorcaguru.es\/sv\/fastigheter-med-havsutsikt-till-salu-pa-mallorca\/","title":{"rendered":"Fastigheter med havsutsikt till salu p\u00e5 Mallorca"},"content":{"rendered":"\t\t<div data-elementor-type=\"wp-page\" data-elementor-id=\"290905\" class=\"elementor elementor-290905 elementor-290721\" data-elementor-post-type=\"page\">\n\t\t\t\t\t\t<section class=\"elementor-section elementor-top-section elementor-element elementor-element-db15d23 elementor-section-boxed elementor-section-height-default elementor-section-height-default\" data-id=\"db15d23\" data-element_type=\"section\" data-e-type=\"section\">\n\t\t\t\t\t\t<div class=\"elementor-container elementor-column-gap-default\">\n\t\t\t\t\t<div class=\"elementor-column elementor-col-33 elementor-top-column elementor-element elementor-element-9f9bb09\" data-id=\"9f9bb09\" data-element_type=\"column\" data-e-type=\"column\">\n\t\t\t<div class=\"elementor-widget-wrap elementor-element-populated\">\n\t\t\t\t\t\t<div class=\"elementor-element elementor-element-fb68d7e elementor-widget elementor-widget-text-editor\" data-id=\"fb68d7e\" data-element_type=\"widget\" data-e-type=\"widget\" data-widget_type=\"text-editor.default\">\n\t\t\t\t<div class=\"elementor-widget-container\">\n\t\t\t\t\t\t\t\t\t<h2 data-start=\"6412\" data-end=\"6460\"><strong><span style=\"font-size: 12pt;\">Havsutsiktsfastigheter till salu p\u00e5 Mallorca<\/span><\/strong><\/h2>\n<p><\/p>\n<p data-start=\"6462\" data-end=\"6836\">Att \u00e4ga en bostad p\u00e5 Mallorca med havsutsikt \u00e4r en dr\u00f6m f\u00f6r m\u00e5nga k\u00f6pare \u2013 och med all r\u00e4tt. \u00d6n erbjuder ett brett utbud av bost\u00e4der, fr\u00e5n traditionella lantfincor med avl\u00e4gsen havsutsikt till moderna stadsl\u00e4genheter med utsikt \u00f6ver Palmabukten. Oavsett om du s\u00f6ker en fridfull tillflyktsort eller ett hem n\u00e4ra marinor och str\u00e4nder, har Mallorca n\u00e5got f\u00f6r alla livsstilar.<\/p>\n<p><strong><span style=\"font-size: 12pt;\">Ett brett urval av fastigheter med havsutsikt<\/span><\/strong><\/p>\n<ul data-start=\"6890\" data-end=\"7468\">\n<li data-start=\"6890\" data-end=\"7017\">\n<p data-start=\"6892\" data-end=\"7017\"><strong data-start=\"6892\" data-end=\"6919\">F\u00f6rsta och andra linjen<\/strong><br data-start=\"6919\" data-end=\"6922\" \/>\n<\/p>\n<\/li>\n<li data-start=\"7019\" data-end=\"7149\">\n<p data-start=\"7021\" data-end=\"7149\"><strong data-start=\"7021\" data-end=\"7052\">Lantliga hem med havsutsikt<\/strong><br data-start=\"7052\" data-end=\"7055\" \/>\n<\/p>\n<\/li>\n<li data-start=\"7151\" data-end=\"7309\">\n<p data-start=\"7153\" data-end=\"7309\"><strong data-start=\"7153\" data-end=\"7182\">Stadsbost\u00e4der n\u00e4ra kusten<\/strong><br data-start=\"7182\" data-end=\"7185\" \/>\n<\/p>\n<\/li>\n<li data-start=\"7311\" data-end=\"7468\">\n<p data-start=\"7313\" data-end=\"7468\"><strong data-start=\"7313\" data-end=\"7348\">Kustfastigheter bortom turismen<\/strong><br data-start=\"7348\" data-end=\"7351\" \/>\n<\/p>\n<\/li>\n<\/ul>\n\t\t\t\t\t\t\t\t<\/div>\n\t\t\t\t<\/div>\n\t\t\t\t\t<\/div>\n\t\t<\/div>\n\t\t\t\t<div class=\"elementor-column elementor-col-33 elementor-top-column elementor-element elementor-element-179a1a3\" data-id=\"179a1a3\" data-element_type=\"column\" data-e-type=\"column\">\n\t\t\t<div class=\"elementor-widget-wrap elementor-element-populated\">\n\t\t\t\t\t\t<div class=\"elementor-element elementor-element-c928871 elementor-widget elementor-widget-text-editor\" data-id=\"c928871\" data-element_type=\"widget\" data-e-type=\"widget\" data-widget_type=\"text-editor.default\">\n\t\t\t\t<div class=\"elementor-widget-container\">\n\t\t\t\t\t\t\t\t\t<h2><strong><span style=\"font-size: 12pt;\">Varf\u00f6r v\u00e4lja en fastighet med havsutsikt p\u00e5 Mallorca?<\/span><\/strong><\/h2>\n<p><\/p>\n<ul>\n<li>Hisnande solnedg\u00e5ngar och panoramautsikt \u00f6ver Medelhavet.<\/li>\n<li>Stark l\u00e5ngsiktig investeringspotential, d\u00e5 hus med havsutsikt fortfarande \u00e4r mycket efterfr\u00e5gade.<\/li>\n<li>Ett brett utbud av milj\u00f6er \u2013 fr\u00e5n lugna landsbygdsomr\u00e5den till livliga stadsomr\u00e5den.<\/li>\n<li>Livsstilsf\u00f6rdelar: enkel tillg\u00e5ng till segling, str\u00e4nder och restauranger vid kusten.<\/li>\n<\/ul>\n<p><\/p>\n<h2><strong><span style=\"font-size: 12pt;\">Uppt\u00e4ck ditt ideala hem med havsutsikt<\/span><\/strong><\/h2>\n<p>Oavsett om du letar efter en modern l\u00e4genhet n\u00e4ra Palmas marina, en villa med utsikt \u00f6ver en lugn vik eller ett lantst\u00e4lle med avl\u00e4gsen havsutsikt, \u00e4r v\u00e5r portf\u00f6lj av fastigheter med havsutsikt p\u00e5 Mallorca utformad f\u00f6r att passa en m\u00e4ngd olika smaker och budgetar.<\/p>\n<p>Utforska v\u00e5ra listor och hitta din perfekta kustfastighet p\u00e5 Mallorca idag.<\/p>\n\t\t\t\t\t\t\t\t<\/div>\n\t\t\t\t<\/div>\n\t\t\t\t\t<\/div>\n\t\t<\/div>\n\t\t\t\t<div class=\"elementor-column elementor-col-33 elementor-top-column elementor-element elementor-element-4e2d47d\" data-id=\"4e2d47d\" data-element_type=\"column\" data-e-type=\"column\">\n\t\t\t<div class=\"elementor-widget-wrap elementor-element-populated\">\n\t\t\t\t\t\t<div class=\"elementor-element elementor-element-a4f551d elementor-widget elementor-widget-text-editor\" data-id=\"a4f551d\" data-element_type=\"widget\" data-e-type=\"widget\" data-widget_type=\"text-editor.default\">\n\t\t\t\t<div class=\"elementor-widget-container\">\n\t\t\t\t\t\t\t\t\t<ul>\n<li data-start=\"1943\" data-end=\"1978\">\n<h5 data-start=\"1945\" data-end=\"1978\"><strong><span style=\"font-size: 12pt;\">havsutsiktsfastigheter Mallorca<\/span><\/strong><\/h5>\n<\/li>\n<li data-start=\"1979\" data-end=\"2012\">\n<h5 data-start=\"1981\" data-end=\"2012\"><strong><span style=\"font-size: 12pt;\">villa med havsutsikt Mallorca<\/span><\/strong><\/h5>\n<\/li>\n<li data-start=\"2013\" data-end=\"2048\">\n<h5 data-start=\"2015\" data-end=\"2048\"><strong><span style=\"font-size: 12pt;\">f\u00f6rsta linjen bost\u00e4der Mallorca<\/span><\/strong><\/h5>\n<\/li>\n<li data-start=\"2049\" data-end=\"2083\">\n<h5 data-start=\"2051\" data-end=\"2083\"><strong><span style=\"font-size: 12pt;\">andra linjen bost\u00e4der Mallorca<\/span><\/strong><\/h5>\n<\/li>\n<li data-start=\"2084\" data-end=\"2119\">\n<h5 data-start=\"2086\" data-end=\"2119\"><strong><span style=\"font-size: 12pt;\">l\u00e4genheter med havsutsikt Palma<\/span><\/strong><\/h5>\n<\/li>\n<li data-start=\"2120\" data-end=\"2158\">\n<h5 data-start=\"2122\" data-end=\"2158\"><strong><span style=\"font-size: 12pt;\">kustfastigheter Mallorca till salu<\/span><\/strong><\/h5>\n<\/li>\n<li data-start=\"2159\" data-end=\"2207\">\n<h5 data-start=\"2161\" data-end=\"2207\"><strong><span style=\"font-size: 12pt;\">lantliga fastigheter med havsutsikt Mallorca<\/span><\/strong><\/h5>\n<\/li>\n<li data-start=\"2208\" data-end=\"2242\">\n<h5 data-start=\"2210\" data-end=\"2242\"><strong><span style=\"font-size: 12pt;\">k\u00f6pa bostad vid havet Mallorca<\/span><\/strong><\/h5>\n<\/li>\n<li data-start=\"2243\" data-end=\"2272\">\n<h5 data-start=\"2245\" data-end=\"2272\"><strong><span style=\"font-size: 12pt;\">hus n\u00e4ra marinor Mallorca<\/span><\/strong><\/h5>\n<\/li>\n<li data-start=\"2273\" data-end=\"2299\">\n<h5 data-start=\"2275\" data-end=\"2299\"><strong><span style=\"font-size: 12pt;\">Mallorcas kustbost\u00e4der<\/span><\/strong><\/h5>\n<\/li>\n<\/ul>\n\t\t\t\t\t\t\t\t<\/div>\n\t\t\t\t<\/div>\n\t\t\t\t\t<\/div>\n\t\t<\/div>\n\t\t\t\t\t<\/div>\n\t\t<\/section>\n\t\t\t\t<section class=\"elementor-section elementor-top-section elementor-element elementor-element-2348902 elementor-section-boxed elementor-section-height-default elementor-section-height-default\" data-id=\"2348902\" data-element_type=\"section\" data-e-type=\"section\">\n\t\t\t\t\t\t<div class=\"elementor-container elementor-column-gap-default\">\n\t\t\t\t\t<div class=\"elementor-column elementor-col-100 elementor-top-column elementor-element elementor-element-8e00416\" data-id=\"8e00416\" data-element_type=\"column\" data-e-type=\"column\">\n\t\t\t<div class=\"elementor-widget-wrap elementor-element-populated\">\n\t\t\t\t\t\t<div class=\"elementor-element elementor-element-a0ac5b0 elementor-widget elementor-widget-houzez_elementor_property-card-v7\" data-id=\"a0ac5b0\" data-element_type=\"widget\" data-e-type=\"widget\" data-widget_type=\"houzez_elementor_property-card-v7.default\">\n\t\t\t\t<div class=\"elementor-widget-container\">\n\t\t\t\t\t    <div id=\"properties_module_section\" class=\"property-cards-module property-cards-module-v7 property-cards-module-col-3\">\n        <div id=\"module_properties\" class=\"listing-view grid-view row row-cols-1 row-cols-md-2 row-cols-lg-3 gy-4 gx-4\">\n            <div class=\"item-listing-wrap item-wrap-v9 hz-item-gallery-js hz-map-trigger\" data-hz-id=\"325610\" data-images=\"[{&quot;image&quot;:&quot;https:\\\/\\\/www.mallorcaguru.es\\\/wp-content\\\/smush-avif\\\/2026\\\/02\\\/Cala-Millor1-584x438.jpg.avif&quot;,&quot;alt&quot;:&quot;&quot;,&quot;width&quot;:584,&quot;height&quot;:438,&quot;srcset&quot;:&quot;https:\\\/\\\/www.mallorcaguru.es\\\/wp-content\\\/smush-avif\\\/2026\\\/02\\\/Cala-Millor1-584x438.jpg.avif 584w, https:\\\/\\\/www.mallorcaguru.es\\\/wp-content\\\/smush-avif\\\/2026\\\/02\\\/Cala-Millor1-1536x1152.jpg.avif 1536w, https:\\\/\\\/www.mallorcaguru.es\\\/wp-content\\\/smush-avif\\\/2026\\\/02\\\/Cala-Millor1.jpg.avif 2022w&quot;,&quot;sizes&quot;:&quot;(max-width: 584px) 100vw, 584px&quot;},{&quot;image&quot;:&quot;https:\\\/\\\/www.mallorcaguru.es\\\/wp-content\\\/smush-avif\\\/2026\\\/02\\\/Cala-Millor3-584x438.jpg.avif&quot;,&quot;alt&quot;:&quot;&quot;,&quot;width&quot;:584,&quot;height&quot;:438,&quot;srcset&quot;:&quot;https:\\\/\\\/www.mallorcaguru.es\\\/wp-content\\\/smush-avif\\\/2026\\\/02\\\/Cala-Millor3-584x438.jpg.avif 584w, https:\\\/\\\/www.mallorcaguru.es\\\/wp-content\\\/smush-avif\\\/2026\\\/02\\\/Cala-Millor3-1536x1152.jpg.avif 1536w, https:\\\/\\\/www.mallorcaguru.es\\\/wp-content\\\/smush-avif\\\/2026\\\/02\\\/Cala-Millor3-2048x1536.jpg.avif 2048w&quot;,&quot;sizes&quot;:&quot;(max-width: 584px) 100vw, 584px&quot;},{&quot;image&quot;:&quot;https:\\\/\\\/www.mallorcaguru.es\\\/wp-content\\\/smush-avif\\\/2026\\\/02\\\/Cala-Millor1-584x438.jpg.avif&quot;,&quot;alt&quot;:&quot;&quot;,&quot;width&quot;:584,&quot;height&quot;:438,&quot;srcset&quot;:&quot;https:\\\/\\\/www.mallorcaguru.es\\\/wp-content\\\/smush-avif\\\/2026\\\/02\\\/Cala-Millor1-584x438.jpg.avif 584w, https:\\\/\\\/www.mallorcaguru.es\\\/wp-content\\\/smush-avif\\\/2026\\\/02\\\/Cala-Millor1-1536x1152.jpg.avif 1536w, https:\\\/\\\/www.mallorcaguru.es\\\/wp-content\\\/smush-avif\\\/2026\\\/02\\\/Cala-Millor1.jpg.avif 2022w&quot;,&quot;sizes&quot;:&quot;(max-width: 584px) 100vw, 584px&quot;}]\">\n\t<div class=\"item-wrap item-wrap-no-frame h-100\">\n\t\t<div class=\"d-flex flex-column align-items-center h-100\">\n\t\t\t<div class=\"item-header\">\n\t\t\t\t<span class=\"label-featured label me-1\" role=\"status\">Utvalda<\/span>\t\t\t\t<div class=\"labels-wrap d-flex align-items-center gap-1\" role=\"group\"> \n\n\t<a href=\"https:\/\/www.mallorcaguru.es\/sv\/status\/fastigheter-till-salu-mallorca\/\" class=\"label-status label status-color-765\">\n\t\t\t\t\tTill salu\n\t\t\t\t<\/a><a href=\"https:\/\/www.mallorcaguru.es\/sv\/etikettera\/fastigheter-med-havsutsikt-till-salu-pa\/\" class=\"hz-label label label-color-3931\">\n\t\t\t\t\tFastigheter med havsutsikt till salu p\u00e5 Mallorca | Kustbost\u00e4der\n\t\t\t\t<\/a>       \n\n<\/div>\n\t\t\t\t<ul class=\"item-tools d-flex align-items-center justify-content-center gap-1\">\n        <li class=\"item-tool item-preview\">\n        <span class=\"hz-show-lightbox-js item-tool-preview text-center\" data-listid=\"325610\">\n            <span data-bs-toggle=\"tooltip\" data-bs-placement=\"top\" title=\"F\u00f6rhandsgranska\">\n                <i class=\"houzez-icon icon-expand-3\"><\/i>   \n            <\/span>\n        <\/span><!-- item-tool-favorite -->\n    <\/li><!-- item-tool -->\n        \n        <li class=\"item-tool item-favorite\">\n        <span class=\"add-favorite-js item-tool-favorite text-center\" data-bs-toggle=\"tooltip\" data-bs-placement=\"top\" title=\"Favorit\" data-listid=\"325610\">\n            <i class=\"houzez-icon icon-love-it \"><\/i>\n        <\/span><!-- item-tool-favorite -->\n    <\/li><!-- item-tool -->\n    \n        <li class=\"item-tool item-compare\">\n        <span class=\"houzez_compare compare-325610 item-tool-compare text-center\" data-bs-toggle=\"tooltip\" data-bs-placement=\"top\" title=\"L\u00e4gg till j\u00e4mf\u00f6relse\" data-listing_id=\"325610\" data-listing_image=\"https:\/\/www.mallorcaguru.es\/wp-content\/uploads\/2026\/02\/Cala-Millor1-584x438.jpg\">\n            <i class=\"houzez-icon icon-add-circle\"><\/i>\n            <!-- <i class=\"houzez-icon icon-subtract-circle\"><\/i> -->\n        <\/span><!-- item-tool-compare -->\n    <\/li><!-- item-tool -->\n    <\/ul><!-- item-tools -->\n\t\t\t\t<div class=\"listing-image-wrap\">\n\t<div class=\"listing-thumb\">\n\t\t<a target=\"_self\" href=\"https:\/\/www.mallorcaguru.es\/sv\/fastighet\/tomt-i-stadsmiljo-till-salu-i-son-servera\/\" class=\"listing-featured-thumb hover-effect image-wrap\" role=\"link\">\n\t\t\t<img fetchpriority=\"high\" decoding=\"async\" width=\"584\" height=\"438\" src=\"https:\/\/www.mallorcaguru.es\/wp-content\/smush-avif\/2026\/02\/Cala-Millor1-584x438.jpg.avif\" class=\"img-fluid wp-post-image\" alt=\"\" srcset=\"https:\/\/www.mallorcaguru.es\/wp-content\/smush-avif\/2026\/02\/Cala-Millor1-584x438.jpg.avif 584w, https:\/\/www.mallorcaguru.es\/wp-content\/smush-avif\/2026\/02\/Cala-Millor1-1536x1152.jpg.avif 1536w, https:\/\/www.mallorcaguru.es\/wp-content\/smush-avif\/2026\/02\/Cala-Millor1.jpg.avif 2022w\" sizes=\"(max-width: 584px) 100vw, 584px\" data-smush-avif-fallback=\"{&quot;src&quot;:&quot;https:\\\/\\\/www.mallorcaguru.es\\\/wp-content\\\/uploads\\\/2026\\\/02\\\/Cala-Millor1-584x438.jpg&quot;,&quot;srcset&quot;:&quot;https:\\\/\\\/www.mallorcaguru.es\\\/wp-content\\\/uploads\\\/2026\\\/02\\\/Cala-Millor1-584x438.jpg 584w, https:\\\/\\\/www.mallorcaguru.es\\\/wp-content\\\/uploads\\\/2026\\\/02\\\/Cala-Millor1-1536x1152.jpg 1536w, https:\\\/\\\/www.mallorcaguru.es\\\/wp-content\\\/uploads\\\/2026\\\/02\\\/Cala-Millor1.jpg 2022w&quot;}\" \/>\t\t<\/a><!-- hover-effect -->\n\t<\/div>\n<\/div>\t\t\t\t<div class=\"preview_loader\"><\/div>\n\t\t\t<\/div>\n\t\t\t<div class=\"item-body w-100 flex-fill\">\n\t\t\t\t<ul class=\"item-amenities item-amenities-with-icons mb-2\">\n\t\t\t\t\t<li class=\"h-type d-flex w-100\" role=\"listitem\"><span>Tomt<\/span><\/li>\t\t\t\t<\/ul>\n\t\t\t\t<ul class=\"item-price-wrap d-flex align-items-end gap-3\" role=\"list\">\n\t\t\t\t\t<li class=\"item-price\"><span class=\"price\">350,000\u20ac<\/span><span class=\"price-postfix\"><\/span><\/li>\t\t\t\t<\/ul>\n\t\t\t\t<h2 class=\"item-title mb-2 \">\n\t<a target=\"_self\" href=\"https:\/\/www.mallorcaguru.es\/sv\/fastighet\/tomt-i-stadsmiljo-till-salu-i-son-servera\/\" role=\"link\">Tomt i stadsmilj\u00f6 till salu i Son Servera<\/a>\n<\/h2><!-- item-title -->\t\t\t\t<address class=\"item-address mb-2\"><i class=\"houzez-icon icon-pin me-1\" aria-hidden=\"true\"><\/i><span>Av. Magnolia, 07559 Son Servera, Illes Balears, Spain<\/span><\/address>\t\t\t\t<ul class=\"item-amenities item-amenities-with-icons d-flex flex-wrap align-items-center gap-2\" role=\"list\">\n\t<li class=\"h-property-id me-1\"><i class=\"houzez-icon icon-tags me-2\"><\/i><span class=\"item-amenities-text\">ID:<\/span> <span class=\"hz-figure\">984<\/span><\/li><li class=\"h-area d-flex align-items-center me-1\"><i class=\"houzez-icon icon-ruler-triangle me-2\"><\/i><span class=\"hz-figure me-1\">400<\/span> <span class=\"hz-figure area_postfix\">m\u00b2<\/span><\/li><\/ul>\t\t\t<\/div>\n\t\t\t<div class=\"item-footer items-btns-count-3\">\n\t\t\t\t<div class=\"item-buttons-wrap d-flex justify-content-between gap-2\">\n\t\t\t\t\t\t\t\t<button type=\"button\" class=\"hz-call-popup-js btn btn-primary-outlined btn-item px-2 d-flex align-items-center justify-content-center flex-fill gap-1\" data-bs-toggle=\"modal\" data-model-id=\"call-action-325610-yqsUH\">\n\t\t\t\t<i class=\"houzez-icon icon-phone-actions-ring\"><\/i> Ring\t\t\t<\/button>\n\t\t \t\t\t\t<button type=\"button\" class=\"hz-email-popup-js btn btn-primary-outlined btn-item px-2 d-flex align-items-center justify-content-center flex-fill gap-1\" data-bs-toggle=\"modal\" data-model-id=\"email-popup-325610-yqsUH\">\n\t\t\t\t<i class=\"houzez-icon icon-envelope\"><\/i> Email\t\t\t<\/button>\n\t\t\t\t\t\t<a class=\"btn btn-primary-outlined btn-item px-2 d-flex align-items-center justify-content-center flex-fill gap-1\" target=\"_blank\" href=\"https:\/\/api.whatsapp.com\/send?phone=+34667515185&text=Hej, jag \u00e4r intresserad av [Tomt i stadsmilj\u00f6 till salu i Son Servera] https:\/\/www.mallorcaguru.es\/sv\/fastighet\/tomt-i-stadsmiljo-till-salu-i-son-servera\/\">\n\t\t\t\t<i class=\"houzez-icon icon-messaging-whatsapp\"><\/i> <span class=\"d-none d-md-block\">WhatsApp<\/span>\n\t\t\t<\/a>\n\t\t\t\t\t\t\t<\/div>\n\t\t\t<\/div>\n\t\t<\/div>\n\t<\/div>\n\t<div class=\"modal fade modal-phone-number\" id=\"call-action-325610-yqsUH\" tabindex=\"-1\" aria-labelledby=\"phoneNumberModalLabel\" aria-hidden=\"true\">\n    <div class=\"modal-dialog\" role=\"document\">\n        <div class=\"modal-content\">\n            <div class=\"modal-header\">\n                <h5 class=\"modal-title\" id=\"phoneNumberModalLabel\">Kontakta oss<\/h5>\n                <button type=\"button\" class=\"btn-close\" data-bs-dismiss=\"modal\" aria-label=\"St\u00e4nga\"><\/button>\n            <\/div><!-- modal-header -->\n            <div class=\"modal-body\">\n                <p class=\"modal-body-phone-number-text\">\n                    Please quote property reference<br>\n\n                    <strong>Mallorca Property Guru - 984<\/strong>\n                <\/p>\n                <p class=\"modal-body-phone-number-number\">\n                     <a class=\"btn btn-primary-outlined\" href=\"tel:+34667515185\"><i class=\"houzez-icon icon-phone-actions-ring\"><\/i> +34 667 515 185<\/a>\n                <\/p>\n            <\/div><!-- modal-body -->\n        <\/div><!-- modal-content -->\n    <\/div><!-- modal-dialog -->\n<\/div><!-- login-register-form -->\n\t<div class=\"modal fade mobile-property-form\" id=\"email-popup-325610-yqsUH\">\n    <div class=\"modal-dialog\" role=\"document\">\n        <div class=\"modal-content\">\n            <div class=\"modal-header\">\n                <h5 class=\"modal-title\" id=\"phoneNumberModalLabel\">Contact me<\/h5>\n                <button type=\"button\" class=\"btn-close\" data-bs-dismiss=\"modal\" aria-label=\"Close\"><\/button>\n            <\/div><!-- modal-header -->\n            <div class=\"modal-body\">\n                <div class=\"property-form-wrap border-none\">\n                                    <div class=\"property-form\">\n                        <form method=\"post\" action=\"#\">\n                            \n                            <div class=\"agent-details\" role=\"region\"><div class=\"d-flex align-items-center gap-3\"><div class=\"agent-image\" role=\"img\"><img decoding=\"async\" class=\"rounded\" src=\"https:\/\/www.mallorcaguru.es\/wp-content\/smush-avif\/2022\/03\/Mallorca-Property-Guru-Logo-2025-150x150.png.avif\" alt=\"Mallorca Property Guru Carmen Dols Bastard\" width=\"70\" height=\"70\" loading=\"lazy\" data-smush-avif-fallback=\"{&quot;src&quot;:&quot;https:\\\/\\\/www.mallorcaguru.es\\\/wp-content\\\/uploads\\\/2022\\\/03\\\/Mallorca-Property-Guru-Logo-2025-150x150.png&quot;}\"><span class=\"badge btn-secondary agent-verified-icon\"><i class=\"houzez-icon icon-check-circle-1\"><\/i><\/span><\/div><ul class=\"agent-information list-unstyled mb-0\" role=\"list\"><li class=\"agent-name\" role=\"listitem\"><i class=\"houzez-icon icon-single-neutral me-1\"><\/i> Mallorca Property Guru Carmen Dols Bastard<\/li><\/ul><\/div><\/div>\n                                                        <div class=\"form-group mb-2 mt-3\">\n                                <input class=\"form-control\" name=\"name\" value=\"\" type=\"text\" placeholder=\"Namn\">\n                            <\/div><!-- form-group -->\n                            \n                                \n                            <div class=\"form-group mb-2\">\n                                <input class=\"form-control\" name=\"mobile\" value=\"\" type=\"text\" placeholder=\"Telefon\">\n                            <\/div><!-- form-group -->\n                            \n                            <div class=\"form-group mb-2\">\n                                <input class=\"form-control\" name=\"email\" value=\"\" type=\"email\" placeholder=\"E-post\">\n                            <\/div><!-- form-group -->\n\n                              \n                            <div class=\"form-group form-group-textarea mb-2\">\n                                <textarea class=\"form-control hz-form-message\" name=\"message\" rows=\"4\" placeholder=\"Meddelande\">Hej, jag \u00e4r intresserad av [Tomt i stadsmilj\u00f6 till salu i Son Servera]<\/textarea>\n                            <\/div><!-- form-group -->   \n                            \n                            \n                                                        <div class=\"form-group my-3\">\n                                <label class=\"control control--checkbox m-0 p-0 hz-no-gdpr-checkbox\">\n                                                                        <div class=\"gdpr-text-wrap\">\n                                        Genom att skicka in denna blankett godk\u00e4nner jag <a target=\"_blank\" href=\"https:\/\/www.mallorcaguru.es\/sv\/villkor\/\">Anv\u00e4ndarvillkor<\/a>\n                                    <\/div>\n                                <\/label>\n                            <\/div><!-- form-group -->   \n                                  \n                        \n                                                            <input type=\"hidden\" name=\"target_email\" value=\"&#99;ar&#109;e&#110;&#64;&#109;&#97;&#108;&#108;&#111;rcag&#117;r&#117;&#46;&#101;s\">\n                                                        <input type=\"hidden\" name=\"property_agent_contact_security\" value=\"a50bbda332\"\/>\n                            <input type=\"hidden\" name=\"property_permalink\" value=\"https:\/\/www.mallorcaguru.es\/sv\/fastighet\/tomt-i-stadsmiljo-till-salu-i-son-servera\/\"\/>\n                            <input type=\"hidden\" name=\"property_title\" value=\"Tomt i stadsmilj\u00f6 till salu i Son Servera\"\/>\n                            <input type=\"hidden\" name=\"property_id\" value=\"984\"\/>\n                            <input type=\"hidden\" name=\"action\" value=\"houzez_property_agent_contact\">\n                            <input type=\"hidden\" name=\"listing_id\" value=\"325610\">\n                            <input type=\"hidden\" name=\"is_listing_form\" value=\"yes\">\n                            <input type=\"hidden\" name=\"agent_id\" value=\"6103\">\n                            <input type=\"hidden\" name=\"agent_type\" value=\"agent_info\">\n\n                                                        <div class=\"form_messages\"><\/div>\n                            <button type=\"button\" class=\"houzez_agent_property_form btn btn-secondary w-100\">\n                                <span class=\"houzez-loader-js houzez-hidden spinner-border spinner-border-sm\" aria-hidden=\"true\"><\/span>                                Skicka Epost                                \n                            <\/button>\n                            \n                        <\/form>\n                    <\/div><!-- property-form -->\n                    \n                            <\/div><!-- property-form-wrap -->\n\n    \n            <\/div>\n        <\/div>\n    <\/div>\n<\/div>\n<\/div>\n<div class=\"item-listing-wrap item-wrap-v9 hz-item-gallery-js hz-map-trigger\" data-hz-id=\"301088\" data-images=\"[{&quot;image&quot;:&quot;https:\\\/\\\/www.mallorcaguru.es\\\/wp-content\\\/smush-avif\\\/2025\\\/10\\\/default_1.1.1-2-web-1-584x438.jpg.avif&quot;,&quot;alt&quot;:&quot;&quot;,&quot;width&quot;:584,&quot;height&quot;:438,&quot;srcset&quot;:false,&quot;sizes&quot;:&quot;(max-width: 584px) 100vw, 584px&quot;},{&quot;image&quot;:&quot;https:\\\/\\\/www.mallorcaguru.es\\\/wp-content\\\/smush-avif\\\/2025\\\/10\\\/default_1.1.3-2-web-1-584x438.jpg.avif&quot;,&quot;alt&quot;:&quot;&quot;,&quot;width&quot;:584,&quot;height&quot;:438,&quot;srcset&quot;:false,&quot;sizes&quot;:&quot;(max-width: 584px) 100vw, 584px&quot;},{&quot;image&quot;:&quot;https:\\\/\\\/www.mallorcaguru.es\\\/wp-content\\\/smush-avif\\\/2025\\\/10\\\/default_1.1.1-2-web-1-584x438.jpg.avif&quot;,&quot;alt&quot;:&quot;&quot;,&quot;width&quot;:584,&quot;height&quot;:438,&quot;srcset&quot;:false,&quot;sizes&quot;:&quot;(max-width: 584px) 100vw, 584px&quot;}]\">\n\t<div class=\"item-wrap item-wrap-no-frame h-100\">\n\t\t<div class=\"d-flex flex-column align-items-center h-100\">\n\t\t\t<div class=\"item-header\">\n\t\t\t\t\t\t\t\t<div class=\"labels-wrap d-flex align-items-center gap-1\" role=\"group\"> \n\n\t<a href=\"https:\/\/www.mallorcaguru.es\/sv\/status\/fastigheter-till-salu-mallorca\/\" class=\"label-status label status-color-765\">\n\t\t\t\t\tTill salu\n\t\t\t\t<\/a><a href=\"https:\/\/www.mallorcaguru.es\/sv\/status\/till-salu-i-semesteranlaggningen\/\" class=\"label-status label status-color-3969\">\n\t\t\t\t\tTill salu i semesteranl\u00e4ggningen\n\t\t\t\t<\/a><a href=\"https:\/\/www.mallorcaguru.es\/sv\/etikettera\/etv-licensierade-bostader-till-salu-pa-mallorca\/\" class=\"hz-label label label-color-3839\">\n\t\t\t\t\tETV-licensierade bost\u00e4der till salu p\u00e5 Mallorca\n\t\t\t\t<\/a><a href=\"https:\/\/www.mallorcaguru.es\/sv\/etikettera\/fastigheter-med-havsutsikt-till-salu-pa\/\" class=\"hz-label label label-color-3931\">\n\t\t\t\t\tFastigheter med havsutsikt till salu p\u00e5 Mallorca | Kustbost\u00e4der\n\t\t\t\t<\/a>       \n\n<\/div>\n\t\t\t\t<ul class=\"item-tools d-flex align-items-center justify-content-center gap-1\">\n        <li class=\"item-tool item-preview\">\n        <span class=\"hz-show-lightbox-js item-tool-preview text-center\" data-listid=\"301088\">\n            <span data-bs-toggle=\"tooltip\" data-bs-placement=\"top\" title=\"F\u00f6rhandsgranska\">\n                <i class=\"houzez-icon icon-expand-3\"><\/i>   \n            <\/span>\n        <\/span><!-- item-tool-favorite -->\n    <\/li><!-- item-tool -->\n        \n        <li class=\"item-tool item-favorite\">\n        <span class=\"add-favorite-js item-tool-favorite text-center\" data-bs-toggle=\"tooltip\" data-bs-placement=\"top\" title=\"Favorit\" data-listid=\"301088\">\n            <i class=\"houzez-icon icon-love-it \"><\/i>\n        <\/span><!-- item-tool-favorite -->\n    <\/li><!-- item-tool -->\n    \n        <li class=\"item-tool item-compare\">\n        <span class=\"houzez_compare compare-301088 item-tool-compare text-center\" data-bs-toggle=\"tooltip\" data-bs-placement=\"top\" title=\"L\u00e4gg till j\u00e4mf\u00f6relse\" data-listing_id=\"301088\" data-listing_image=\"https:\/\/www.mallorcaguru.es\/wp-content\/uploads\/2025\/10\/default_1.1.1-2-web-1-584x438.jpg\">\n            <i class=\"houzez-icon icon-add-circle\"><\/i>\n            <!-- <i class=\"houzez-icon icon-subtract-circle\"><\/i> -->\n        <\/span><!-- item-tool-compare -->\n    <\/li><!-- item-tool -->\n    <\/ul><!-- item-tools -->\n\t\t\t\t<div class=\"listing-image-wrap\">\n\t<div class=\"listing-thumb\">\n\t\t<a target=\"_self\" href=\"https:\/\/www.mallorcaguru.es\/sv\/fastighet\/dubbla-studiolagenheter-till-salu-i-portocolom-ab201-202\/\" class=\"listing-featured-thumb hover-effect image-wrap\" role=\"link\">\n\t\t\t<img decoding=\"async\" width=\"584\" height=\"438\" src=\"https:\/\/www.mallorcaguru.es\/wp-content\/smush-avif\/2025\/10\/default_1.1.1-2-web-1-584x438.jpg.avif\" class=\"img-fluid wp-post-image\" alt=\"\" loading=\"lazy\" data-smush-avif-fallback=\"{&quot;src&quot;:&quot;https:\\\/\\\/www.mallorcaguru.es\\\/wp-content\\\/uploads\\\/2025\\\/10\\\/default_1.1.1-2-web-1-584x438.jpg&quot;}\" \/>\t\t<\/a><!-- hover-effect -->\n\t<\/div>\n<\/div>\t\t\t\t<div class=\"preview_loader\"><\/div>\n\t\t\t<\/div>\n\t\t\t<div class=\"item-body w-100 flex-fill\">\n\t\t\t\t<ul class=\"item-amenities item-amenities-with-icons mb-2\">\n\t\t\t\t\t<li class=\"h-type d-flex w-100\" role=\"listitem\"><span>Fastigheter i semesteranl\u00e4ggningen, L\u00e4genhet<\/span><\/li>\t\t\t\t<\/ul>\n\t\t\t\t<ul class=\"item-price-wrap d-flex align-items-end gap-3\" role=\"list\">\n\t\t\t\t\t<li class=\"item-price\"><span class=\"price\">348,000\u20ac<\/span><span class=\"price-postfix\"><\/span><\/li>\t\t\t\t<\/ul>\n\t\t\t\t<h2 class=\"item-title mb-2 \">\n\t<a target=\"_self\" href=\"https:\/\/www.mallorcaguru.es\/sv\/fastighet\/dubbla-studiolagenheter-till-salu-i-portocolom-ab201-202\/\" role=\"link\">Dubbla studiol\u00e4genheter till salu i Portocolom AB201-202<\/a>\n<\/h2><!-- item-title -->\t\t\t\t<address class=\"item-address mb-2\"><i class=\"houzez-icon icon-pin me-1\" aria-hidden=\"true\"><\/i><span>Carrer de la Gavina, 07670 Felanitx, Illes Balears, Spain<\/span><\/address>\t\t\t\t<ul class=\"item-amenities item-amenities-with-icons d-flex flex-wrap align-items-center gap-2\" role=\"list\">\n\t<li class=\"h-property-id me-1\"><i class=\"houzez-icon icon-tags me-2\"><\/i><span class=\"item-amenities-text\">ID:<\/span> <span class=\"hz-figure\">AB201-202<\/span><\/li><li class=\"h-baths d-flex align-items-center me-1\"><i class=\"houzez-icon icon-bathroom-shower-1 me-2\"><\/i><span class=\"item-amenities-text\">Bad:<\/span> <span class=\"hz-figure\">2<\/span><\/li><li class=\"h-area d-flex align-items-center me-1\"><i class=\"houzez-icon icon-ruler-triangle me-2\"><\/i><span class=\"hz-figure me-1\">53<\/span> <span class=\"hz-figure area_postfix\">m\u00b2<\/span><\/li><\/ul>\t\t\t<\/div>\n\t\t\t<div class=\"item-footer items-btns-count-3\">\n\t\t\t\t<div class=\"item-buttons-wrap d-flex justify-content-between gap-2\">\n\t\t\t\t\t\t\t\t<button type=\"button\" class=\"hz-call-popup-js btn btn-primary-outlined btn-item px-2 d-flex align-items-center justify-content-center flex-fill gap-1\" data-bs-toggle=\"modal\" data-model-id=\"call-action-301088-Cz6ay\">\n\t\t\t\t<i class=\"houzez-icon icon-phone-actions-ring\"><\/i> Ring\t\t\t<\/button>\n\t\t \t\t\t\t<button type=\"button\" class=\"hz-email-popup-js btn btn-primary-outlined btn-item px-2 d-flex align-items-center justify-content-center flex-fill gap-1\" data-bs-toggle=\"modal\" data-model-id=\"email-popup-301088-Cz6ay\">\n\t\t\t\t<i class=\"houzez-icon icon-envelope\"><\/i> Email\t\t\t<\/button>\n\t\t\t\t\t\t<a class=\"btn btn-primary-outlined btn-item px-2 d-flex align-items-center justify-content-center flex-fill gap-1\" target=\"_blank\" href=\"https:\/\/api.whatsapp.com\/send?phone=+34671798832&text=Hej, jag \u00e4r intresserad av [Dubbla studiol\u00e4genheter till salu i Portocolom AB201-202] https:\/\/www.mallorcaguru.es\/sv\/fastighet\/dubbla-studiolagenheter-till-salu-i-portocolom-ab201-202\/\">\n\t\t\t\t<i class=\"houzez-icon icon-messaging-whatsapp\"><\/i> <span class=\"d-none d-md-block\">WhatsApp<\/span>\n\t\t\t<\/a>\n\t\t\t\t\t\t\t<\/div>\n\t\t\t<\/div>\n\t\t<\/div>\n\t<\/div>\n\t<div class=\"modal fade modal-phone-number\" id=\"call-action-301088-Cz6ay\" tabindex=\"-1\" aria-labelledby=\"phoneNumberModalLabel\" aria-hidden=\"true\">\n    <div class=\"modal-dialog\" role=\"document\">\n        <div class=\"modal-content\">\n            <div class=\"modal-header\">\n                <h5 class=\"modal-title\" id=\"phoneNumberModalLabel\">Kontakta oss<\/h5>\n                <button type=\"button\" class=\"btn-close\" data-bs-dismiss=\"modal\" aria-label=\"St\u00e4nga\"><\/button>\n            <\/div><!-- modal-header -->\n            <div class=\"modal-body\">\n                <p class=\"modal-body-phone-number-text\">\n                    Please quote property reference<br>\n\n                    <strong>Mallorca Property Guru - AB201-202<\/strong>\n                <\/p>\n                <p class=\"modal-body-phone-number-number\">\n                     <a class=\"btn btn-primary-outlined\" href=\"tel:+34671798832\"><i class=\"houzez-icon icon-phone-actions-ring\"><\/i> +34 671 798 832<\/a>\n                <\/p>\n            <\/div><!-- modal-body -->\n        <\/div><!-- modal-content -->\n    <\/div><!-- modal-dialog -->\n<\/div><!-- login-register-form -->\n\t<div class=\"modal fade mobile-property-form\" id=\"email-popup-301088-Cz6ay\">\n    <div class=\"modal-dialog\" role=\"document\">\n        <div class=\"modal-content\">\n            <div class=\"modal-header\">\n                <h5 class=\"modal-title\" id=\"phoneNumberModalLabel\">Contact me<\/h5>\n                <button type=\"button\" class=\"btn-close\" data-bs-dismiss=\"modal\" aria-label=\"Close\"><\/button>\n            <\/div><!-- modal-header -->\n            <div class=\"modal-body\">\n                <div class=\"property-form-wrap border-none\">\n                                    <div class=\"property-form\">\n                        <form method=\"post\" action=\"#\">\n                            \n                            <div class=\"agent-details\" role=\"region\"><div class=\"d-flex align-items-center gap-3\"><div class=\"agent-image\" role=\"img\"><img loading=\"lazy\" decoding=\"async\" class=\"rounded\" src=\"https:\/\/www.mallorcaguru.es\/wp-content\/smush-avif\/2022\/03\/Mallorca-Property-Guru-Logo-2025-150x150.png.avif\" alt=\"Mallorca Property Guru Saionara Jackson\" width=\"70\" height=\"70\" data-smush-avif-fallback=\"{&quot;src&quot;:&quot;https:\\\/\\\/www.mallorcaguru.es\\\/wp-content\\\/uploads\\\/2022\\\/03\\\/Mallorca-Property-Guru-Logo-2025-150x150.png&quot;}\"><span class=\"badge btn-secondary agent-verified-icon\"><i class=\"houzez-icon icon-check-circle-1\"><\/i><\/span><\/div><ul class=\"agent-information list-unstyled mb-0\" role=\"list\"><li class=\"agent-name\" role=\"listitem\"><i class=\"houzez-icon icon-single-neutral me-1\"><\/i> Mallorca Property Guru Saionara Jackson<\/li><\/ul><\/div><\/div>\n                                                        <div class=\"form-group mb-2 mt-3\">\n                                <input class=\"form-control\" name=\"name\" value=\"\" type=\"text\" placeholder=\"Namn\">\n                            <\/div><!-- form-group -->\n                            \n                                \n                            <div class=\"form-group mb-2\">\n                                <input class=\"form-control\" name=\"mobile\" value=\"\" type=\"text\" placeholder=\"Telefon\">\n                            <\/div><!-- form-group -->\n                            \n                            <div class=\"form-group mb-2\">\n                                <input class=\"form-control\" name=\"email\" value=\"\" type=\"email\" placeholder=\"E-post\">\n                            <\/div><!-- form-group -->\n\n                              \n                            <div class=\"form-group form-group-textarea mb-2\">\n                                <textarea class=\"form-control hz-form-message\" name=\"message\" rows=\"4\" placeholder=\"Meddelande\">Hej, jag \u00e4r intresserad av [Dubbla studiol\u00e4genheter till salu i Portocolom AB201-202]<\/textarea>\n                            <\/div><!-- form-group -->   \n                            \n                            \n                                                        <div class=\"form-group my-3\">\n                                <label class=\"control control--checkbox m-0 p-0 hz-no-gdpr-checkbox\">\n                                                                        <div class=\"gdpr-text-wrap\">\n                                        Genom att skicka in denna blankett godk\u00e4nner jag <a target=\"_blank\" href=\"https:\/\/www.mallorcaguru.es\/sv\/villkor\/\">Anv\u00e4ndarvillkor<\/a>\n                                    <\/div>\n                                <\/label>\n                            <\/div><!-- form-group -->   \n                                  \n                        \n                                                            <input type=\"hidden\" name=\"target_email\" value=\"&#115;ai&#111;&#110;ar&#97;&#64;ma&#108;&#108;orca&#103;uru.&#101;s\">\n                                                        <input type=\"hidden\" name=\"property_agent_contact_security\" value=\"a50bbda332\"\/>\n                            <input type=\"hidden\" name=\"property_permalink\" value=\"https:\/\/www.mallorcaguru.es\/sv\/fastighet\/dubbla-studiolagenheter-till-salu-i-portocolom-ab201-202\/\"\/>\n                            <input type=\"hidden\" name=\"property_title\" value=\"Dubbla studiol\u00e4genheter till salu i Portocolom AB201-202\"\/>\n                            <input type=\"hidden\" name=\"property_id\" value=\"AB201-202\"\/>\n                            <input type=\"hidden\" name=\"action\" value=\"houzez_property_agent_contact\">\n                            <input type=\"hidden\" name=\"listing_id\" value=\"301088\">\n                            <input type=\"hidden\" name=\"is_listing_form\" value=\"yes\">\n                            <input type=\"hidden\" name=\"agent_id\" value=\"4999\">\n                            <input type=\"hidden\" name=\"agent_type\" value=\"agent_info\">\n\n                                                        <div class=\"form_messages\"><\/div>\n                            <button type=\"button\" class=\"houzez_agent_property_form btn btn-secondary w-100\">\n                                <span class=\"houzez-loader-js houzez-hidden spinner-border spinner-border-sm\" aria-hidden=\"true\"><\/span>                                Skicka Epost                                \n                            <\/button>\n                            \n                        <\/form>\n                    <\/div><!-- property-form -->\n                    \n                            <\/div><!-- property-form-wrap -->\n\n    \n            <\/div>\n        <\/div>\n    <\/div>\n<\/div>\n<\/div>\n<div class=\"item-listing-wrap item-wrap-v9 hz-item-gallery-js hz-map-trigger\" data-hz-id=\"299352\" data-images=\"[{&quot;image&quot;:&quot;https:\\\/\\\/www.mallorcaguru.es\\\/wp-content\\\/smush-avif\\\/2025\\\/10\\\/Studio-web-2-584x438.jpg.avif&quot;,&quot;alt&quot;:&quot;&quot;,&quot;width&quot;:584,&quot;height&quot;:438,&quot;srcset&quot;:false,&quot;sizes&quot;:&quot;(max-width: 584px) 100vw, 584px&quot;},{&quot;image&quot;:&quot;https:\\\/\\\/www.mallorcaguru.es\\\/wp-content\\\/smush-avif\\\/2025\\\/10\\\/Studio-web-2-584x438.jpg.avif&quot;,&quot;alt&quot;:&quot;&quot;,&quot;width&quot;:584,&quot;height&quot;:438,&quot;srcset&quot;:false,&quot;sizes&quot;:&quot;(max-width: 584px) 100vw, 584px&quot;},{&quot;image&quot;:&quot;https:\\\/\\\/www.mallorcaguru.es\\\/wp-content\\\/smush-avif\\\/2025\\\/10\\\/T1-5-web-584x438.png.avif&quot;,&quot;alt&quot;:&quot;&quot;,&quot;width&quot;:584,&quot;height&quot;:438,&quot;srcset&quot;:false,&quot;sizes&quot;:&quot;(max-width: 584px) 100vw, 584px&quot;}]\">\n\t<div class=\"item-wrap item-wrap-no-frame h-100\">\n\t\t<div class=\"d-flex flex-column align-items-center h-100\">\n\t\t\t<div class=\"item-header\">\n\t\t\t\t\t\t\t\t<div class=\"labels-wrap d-flex align-items-center gap-1\" role=\"group\"> \n\n\t<a href=\"https:\/\/www.mallorcaguru.es\/sv\/status\/fastigheter-till-salu-mallorca\/\" class=\"label-status label status-color-765\">\n\t\t\t\t\tTill salu\n\t\t\t\t<\/a><a href=\"https:\/\/www.mallorcaguru.es\/sv\/status\/till-salu-i-semesteranlaggningen\/\" class=\"label-status label status-color-3969\">\n\t\t\t\t\tTill salu i semesteranl\u00e4ggningen\n\t\t\t\t<\/a><a href=\"https:\/\/www.mallorcaguru.es\/sv\/etikettera\/etv-licensierade-bostader-till-salu-pa-mallorca\/\" class=\"hz-label label label-color-3839\">\n\t\t\t\t\tETV-licensierade bost\u00e4der till salu p\u00e5 Mallorca\n\t\t\t\t<\/a><a href=\"https:\/\/www.mallorcaguru.es\/sv\/etikettera\/fastigheter-med-havsutsikt-till-salu-pa\/\" class=\"hz-label label label-color-3931\">\n\t\t\t\t\tFastigheter med havsutsikt till salu p\u00e5 Mallorca | Kustbost\u00e4der\n\t\t\t\t<\/a>       \n\n<\/div>\n\t\t\t\t<ul class=\"item-tools d-flex align-items-center justify-content-center gap-1\">\n        <li class=\"item-tool item-preview\">\n        <span class=\"hz-show-lightbox-js item-tool-preview text-center\" data-listid=\"299352\">\n            <span data-bs-toggle=\"tooltip\" data-bs-placement=\"top\" title=\"F\u00f6rhandsgranska\">\n                <i class=\"houzez-icon icon-expand-3\"><\/i>   \n            <\/span>\n        <\/span><!-- item-tool-favorite -->\n    <\/li><!-- item-tool -->\n        \n        <li class=\"item-tool item-favorite\">\n        <span class=\"add-favorite-js item-tool-favorite text-center\" data-bs-toggle=\"tooltip\" data-bs-placement=\"top\" title=\"Favorit\" data-listid=\"299352\">\n            <i class=\"houzez-icon icon-love-it \"><\/i>\n        <\/span><!-- item-tool-favorite -->\n    <\/li><!-- item-tool -->\n    \n        <li class=\"item-tool item-compare\">\n        <span class=\"houzez_compare compare-299352 item-tool-compare text-center\" data-bs-toggle=\"tooltip\" data-bs-placement=\"top\" title=\"L\u00e4gg till j\u00e4mf\u00f6relse\" data-listing_id=\"299352\" data-listing_image=\"https:\/\/www.mallorcaguru.es\/wp-content\/uploads\/2025\/10\/Studio-web-2-584x438.jpg\">\n            <i class=\"houzez-icon icon-add-circle\"><\/i>\n            <!-- <i class=\"houzez-icon icon-subtract-circle\"><\/i> -->\n        <\/span><!-- item-tool-compare -->\n    <\/li><!-- item-tool -->\n    <\/ul><!-- item-tools -->\n\t\t\t\t<div class=\"listing-image-wrap\">\n\t<div class=\"listing-thumb\">\n\t\t<a target=\"_self\" href=\"https:\/\/www.mallorcaguru.es\/sv\/fastighet\/dubbla-studiolagenheter-till-salu-i-portocolom-ab221-222\/\" class=\"listing-featured-thumb hover-effect image-wrap\" role=\"link\">\n\t\t\t<img loading=\"lazy\" decoding=\"async\" width=\"584\" height=\"438\" src=\"https:\/\/www.mallorcaguru.es\/wp-content\/smush-avif\/2025\/10\/Studio-web-2-584x438.jpg.avif\" class=\"img-fluid wp-post-image\" alt=\"\" data-smush-avif-fallback=\"{&quot;src&quot;:&quot;https:\\\/\\\/www.mallorcaguru.es\\\/wp-content\\\/uploads\\\/2025\\\/10\\\/Studio-web-2-584x438.jpg&quot;}\" \/>\t\t<\/a><!-- hover-effect -->\n\t<\/div>\n<\/div>\t\t\t\t<div class=\"preview_loader\"><\/div>\n\t\t\t<\/div>\n\t\t\t<div class=\"item-body w-100 flex-fill\">\n\t\t\t\t<ul class=\"item-amenities item-amenities-with-icons mb-2\">\n\t\t\t\t\t<li class=\"h-type d-flex w-100\" role=\"listitem\"><span>Fastigheter i semesteranl\u00e4ggningen, L\u00e4genhet<\/span><\/li>\t\t\t\t<\/ul>\n\t\t\t\t<ul class=\"item-price-wrap d-flex align-items-end gap-3\" role=\"list\">\n\t\t\t\t\t<li class=\"item-price\"><span class=\"price\">345,000\u20ac<\/span><span class=\"price-postfix\"><\/span><\/li>\t\t\t\t<\/ul>\n\t\t\t\t<h2 class=\"item-title mb-2 \">\n\t<a target=\"_self\" href=\"https:\/\/www.mallorcaguru.es\/sv\/fastighet\/dubbla-studiolagenheter-till-salu-i-portocolom-ab221-222\/\" role=\"link\">Dubbla studiol\u00e4genheter till salu i Portocolom AB203-204<\/a>\n<\/h2><!-- item-title -->\t\t\t\t<address class=\"item-address mb-2\"><i class=\"houzez-icon icon-pin me-1\" aria-hidden=\"true\"><\/i><span>Carrer de la Gavina, 07670 Felanitx, Illes Balears, Spain<\/span><\/address>\t\t\t\t<ul class=\"item-amenities item-amenities-with-icons d-flex flex-wrap align-items-center gap-2\" role=\"list\">\n\t<li class=\"h-property-id me-1\"><i class=\"houzez-icon icon-tags me-2\"><\/i><span class=\"item-amenities-text\">ID:<\/span> <span class=\"hz-figure\">AB203-204<\/span><\/li><li class=\"h-baths d-flex align-items-center me-1\"><i class=\"houzez-icon icon-bathroom-shower-1 me-2\"><\/i><span class=\"item-amenities-text\">Bad:<\/span> <span class=\"hz-figure\">2<\/span><\/li><li class=\"h-area d-flex align-items-center me-1\"><i class=\"houzez-icon icon-ruler-triangle me-2\"><\/i><span class=\"hz-figure me-1\">58<\/span> <span class=\"hz-figure area_postfix\">m\u00b2<\/span><\/li><\/ul>\t\t\t<\/div>\n\t\t\t<div class=\"item-footer items-btns-count-3\">\n\t\t\t\t<div class=\"item-buttons-wrap d-flex justify-content-between gap-2\">\n\t\t\t\t\t\t\t\t<button type=\"button\" class=\"hz-call-popup-js btn btn-primary-outlined btn-item px-2 d-flex align-items-center justify-content-center flex-fill gap-1\" data-bs-toggle=\"modal\" data-model-id=\"call-action-299352-iP0Tq\">\n\t\t\t\t<i class=\"houzez-icon icon-phone-actions-ring\"><\/i> Ring\t\t\t<\/button>\n\t\t \t\t\t\t<button type=\"button\" class=\"hz-email-popup-js btn btn-primary-outlined btn-item px-2 d-flex align-items-center justify-content-center flex-fill gap-1\" data-bs-toggle=\"modal\" data-model-id=\"email-popup-299352-iP0Tq\">\n\t\t\t\t<i class=\"houzez-icon icon-envelope\"><\/i> Email\t\t\t<\/button>\n\t\t\t\t\t\t<a class=\"btn btn-primary-outlined btn-item px-2 d-flex align-items-center justify-content-center flex-fill gap-1\" target=\"_blank\" href=\"https:\/\/api.whatsapp.com\/send?phone=+34671798832&text=Hej, jag \u00e4r intresserad av [Dubbla studiol\u00e4genheter till salu i Portocolom AB203-204] https:\/\/www.mallorcaguru.es\/sv\/fastighet\/dubbla-studiolagenheter-till-salu-i-portocolom-ab221-222\/\">\n\t\t\t\t<i class=\"houzez-icon icon-messaging-whatsapp\"><\/i> <span class=\"d-none d-md-block\">WhatsApp<\/span>\n\t\t\t<\/a>\n\t\t\t\t\t\t\t<\/div>\n\t\t\t<\/div>\n\t\t<\/div>\n\t<\/div>\n\t<div class=\"modal fade modal-phone-number\" id=\"call-action-299352-iP0Tq\" tabindex=\"-1\" aria-labelledby=\"phoneNumberModalLabel\" aria-hidden=\"true\">\n    <div class=\"modal-dialog\" role=\"document\">\n        <div class=\"modal-content\">\n            <div class=\"modal-header\">\n                <h5 class=\"modal-title\" id=\"phoneNumberModalLabel\">Kontakta oss<\/h5>\n                <button type=\"button\" class=\"btn-close\" data-bs-dismiss=\"modal\" aria-label=\"St\u00e4nga\"><\/button>\n            <\/div><!-- modal-header -->\n            <div class=\"modal-body\">\n                <p class=\"modal-body-phone-number-text\">\n                    Please quote property reference<br>\n\n                    <strong>Mallorca Property Guru - AB203-204<\/strong>\n                <\/p>\n                <p class=\"modal-body-phone-number-number\">\n                     <a class=\"btn btn-primary-outlined\" href=\"tel:+34671798832\"><i class=\"houzez-icon icon-phone-actions-ring\"><\/i> +34 671 798 832<\/a>\n                <\/p>\n            <\/div><!-- modal-body -->\n        <\/div><!-- modal-content -->\n    <\/div><!-- modal-dialog -->\n<\/div><!-- login-register-form -->\n\t<div class=\"modal fade mobile-property-form\" id=\"email-popup-299352-iP0Tq\">\n    <div class=\"modal-dialog\" role=\"document\">\n        <div class=\"modal-content\">\n            <div class=\"modal-header\">\n                <h5 class=\"modal-title\" id=\"phoneNumberModalLabel\">Contact me<\/h5>\n                <button type=\"button\" class=\"btn-close\" data-bs-dismiss=\"modal\" aria-label=\"Close\"><\/button>\n            <\/div><!-- modal-header -->\n            <div class=\"modal-body\">\n                <div class=\"property-form-wrap border-none\">\n                                    <div class=\"property-form\">\n                        <form method=\"post\" action=\"#\">\n                            \n                            <div class=\"agent-details\" role=\"region\"><div class=\"d-flex align-items-center gap-3\"><div class=\"agent-image\" role=\"img\"><img loading=\"lazy\" decoding=\"async\" class=\"rounded\" src=\"https:\/\/www.mallorcaguru.es\/wp-content\/smush-avif\/2022\/03\/Mallorca-Property-Guru-Logo-2025-150x150.png.avif\" alt=\"Mallorca Property Guru Saionara Jackson\" width=\"70\" height=\"70\" data-smush-avif-fallback=\"{&quot;src&quot;:&quot;https:\\\/\\\/www.mallorcaguru.es\\\/wp-content\\\/uploads\\\/2022\\\/03\\\/Mallorca-Property-Guru-Logo-2025-150x150.png&quot;}\"><span class=\"badge btn-secondary agent-verified-icon\"><i class=\"houzez-icon icon-check-circle-1\"><\/i><\/span><\/div><ul class=\"agent-information list-unstyled mb-0\" role=\"list\"><li class=\"agent-name\" role=\"listitem\"><i class=\"houzez-icon icon-single-neutral me-1\"><\/i> Mallorca Property Guru Saionara Jackson<\/li><\/ul><\/div><\/div>\n                                                        <div class=\"form-group mb-2 mt-3\">\n                                <input class=\"form-control\" name=\"name\" value=\"\" type=\"text\" placeholder=\"Namn\">\n                            <\/div><!-- form-group -->\n                            \n                                \n                            <div class=\"form-group mb-2\">\n                                <input class=\"form-control\" name=\"mobile\" value=\"\" type=\"text\" placeholder=\"Telefon\">\n                            <\/div><!-- form-group -->\n                            \n                            <div class=\"form-group mb-2\">\n                                <input class=\"form-control\" name=\"email\" value=\"\" type=\"email\" placeholder=\"E-post\">\n                            <\/div><!-- form-group -->\n\n                              \n                            <div class=\"form-group form-group-textarea mb-2\">\n                                <textarea class=\"form-control hz-form-message\" name=\"message\" rows=\"4\" placeholder=\"Meddelande\">Hej, jag \u00e4r intresserad av [Dubbla studiol\u00e4genheter till salu i Portocolom AB203-204]<\/textarea>\n                            <\/div><!-- form-group -->   \n                            \n                            \n                                                        <div class=\"form-group my-3\">\n                                <label class=\"control control--checkbox m-0 p-0 hz-no-gdpr-checkbox\">\n                                                                        <div class=\"gdpr-text-wrap\">\n                                        Genom att skicka in denna blankett godk\u00e4nner jag <a target=\"_blank\" href=\"https:\/\/www.mallorcaguru.es\/sv\/villkor\/\">Anv\u00e4ndarvillkor<\/a>\n                                    <\/div>\n                                <\/label>\n                            <\/div><!-- form-group -->   \n                                  \n                        \n                                                            <input type=\"hidden\" name=\"target_email\" value=\"sa&#105;&#111;na&#114;a&#64;&#109;al&#108;&#111;&#114;&#99;&#97;gu&#114;u&#46;e&#115;\">\n                                                        <input type=\"hidden\" name=\"property_agent_contact_security\" value=\"a50bbda332\"\/>\n                            <input type=\"hidden\" name=\"property_permalink\" value=\"https:\/\/www.mallorcaguru.es\/sv\/fastighet\/dubbla-studiolagenheter-till-salu-i-portocolom-ab221-222\/\"\/>\n                            <input type=\"hidden\" name=\"property_title\" value=\"Dubbla studiol\u00e4genheter till salu i Portocolom AB203-204\"\/>\n                            <input type=\"hidden\" name=\"property_id\" value=\"AB203-204\"\/>\n                            <input type=\"hidden\" name=\"action\" value=\"houzez_property_agent_contact\">\n                            <input type=\"hidden\" name=\"listing_id\" value=\"299352\">\n                            <input type=\"hidden\" name=\"is_listing_form\" value=\"yes\">\n                            <input type=\"hidden\" name=\"agent_id\" value=\"4999\">\n                            <input type=\"hidden\" name=\"agent_type\" value=\"agent_info\">\n\n                                                        <div class=\"form_messages\"><\/div>\n                            <button type=\"button\" class=\"houzez_agent_property_form btn btn-secondary w-100\">\n                                <span class=\"houzez-loader-js houzez-hidden spinner-border spinner-border-sm\" aria-hidden=\"true\"><\/span>                                Skicka Epost                                \n                            <\/button>\n                            \n                        <\/form>\n                    <\/div><!-- property-form -->\n                    \n                            <\/div><!-- property-form-wrap -->\n\n    \n            <\/div>\n        <\/div>\n    <\/div>\n<\/div>\n<\/div>\n<div class=\"item-listing-wrap item-wrap-v9 hz-item-gallery-js hz-map-trigger\" data-hz-id=\"297600\" data-images=\"[{&quot;image&quot;:&quot;https:\\\/\\\/www.mallorcaguru.es\\\/wp-content\\\/smush-avif\\\/2025\\\/09\\\/T1-2-web-584x438.png.avif&quot;,&quot;alt&quot;:&quot;&quot;,&quot;width&quot;:584,&quot;height&quot;:438,&quot;srcset&quot;:false,&quot;sizes&quot;:&quot;(max-width: 584px) 100vw, 584px&quot;},{&quot;image&quot;:&quot;https:\\\/\\\/www.mallorcaguru.es\\\/wp-content\\\/smush-avif\\\/2025\\\/09\\\/T1-9-web-584x438.png.avif&quot;,&quot;alt&quot;:&quot;&quot;,&quot;width&quot;:584,&quot;height&quot;:438,&quot;srcset&quot;:false,&quot;sizes&quot;:&quot;(max-width: 584px) 100vw, 584px&quot;},{&quot;image&quot;:&quot;https:\\\/\\\/www.mallorcaguru.es\\\/wp-content\\\/smush-avif\\\/2025\\\/09\\\/T1-8-web-584x438.png.avif&quot;,&quot;alt&quot;:&quot;&quot;,&quot;width&quot;:584,&quot;height&quot;:438,&quot;srcset&quot;:false,&quot;sizes&quot;:&quot;(max-width: 584px) 100vw, 584px&quot;}]\">\n\t<div class=\"item-wrap item-wrap-no-frame h-100\">\n\t\t<div class=\"d-flex flex-column align-items-center h-100\">\n\t\t\t<div class=\"item-header\">\n\t\t\t\t\t\t\t\t<div class=\"labels-wrap d-flex align-items-center gap-1\" role=\"group\"> \n\n\t<a href=\"https:\/\/www.mallorcaguru.es\/sv\/status\/fastigheter-till-salu-mallorca\/\" class=\"label-status label status-color-765\">\n\t\t\t\t\tTill salu\n\t\t\t\t<\/a><a href=\"https:\/\/www.mallorcaguru.es\/sv\/status\/till-salu-i-semesteranlaggningen\/\" class=\"label-status label status-color-3969\">\n\t\t\t\t\tTill salu i semesteranl\u00e4ggningen\n\t\t\t\t<\/a><a href=\"https:\/\/www.mallorcaguru.es\/sv\/etikettera\/etv-licensierade-bostader-till-salu-pa-mallorca\/\" class=\"hz-label label label-color-3839\">\n\t\t\t\t\tETV-licensierade bost\u00e4der till salu p\u00e5 Mallorca\n\t\t\t\t<\/a><a href=\"https:\/\/www.mallorcaguru.es\/sv\/etikettera\/fastigheter-med-havsutsikt-till-salu-pa\/\" class=\"hz-label label label-color-3931\">\n\t\t\t\t\tFastigheter med havsutsikt till salu p\u00e5 Mallorca | Kustbost\u00e4der\n\t\t\t\t<\/a>       \n\n<\/div>\n\t\t\t\t<ul class=\"item-tools d-flex align-items-center justify-content-center gap-1\">\n        <li class=\"item-tool item-preview\">\n        <span class=\"hz-show-lightbox-js item-tool-preview text-center\" data-listid=\"297600\">\n            <span data-bs-toggle=\"tooltip\" data-bs-placement=\"top\" title=\"F\u00f6rhandsgranska\">\n                <i class=\"houzez-icon icon-expand-3\"><\/i>   \n            <\/span>\n        <\/span><!-- item-tool-favorite -->\n    <\/li><!-- item-tool -->\n        \n        <li class=\"item-tool item-favorite\">\n        <span class=\"add-favorite-js item-tool-favorite text-center\" data-bs-toggle=\"tooltip\" data-bs-placement=\"top\" title=\"Favorit\" data-listid=\"297600\">\n            <i class=\"houzez-icon icon-love-it \"><\/i>\n        <\/span><!-- item-tool-favorite -->\n    <\/li><!-- item-tool -->\n    \n        <li class=\"item-tool item-compare\">\n        <span class=\"houzez_compare compare-297600 item-tool-compare text-center\" data-bs-toggle=\"tooltip\" data-bs-placement=\"top\" title=\"L\u00e4gg till j\u00e4mf\u00f6relse\" data-listing_id=\"297600\" data-listing_image=\"https:\/\/www.mallorcaguru.es\/wp-content\/uploads\/2025\/09\/T1-2-web-584x438.png\">\n            <i class=\"houzez-icon icon-add-circle\"><\/i>\n            <!-- <i class=\"houzez-icon icon-subtract-circle\"><\/i> -->\n        <\/span><!-- item-tool-compare -->\n    <\/li><!-- item-tool -->\n    <\/ul><!-- item-tools -->\n\t\t\t\t<div class=\"listing-image-wrap\">\n\t<div class=\"listing-thumb\">\n\t\t<a target=\"_self\" href=\"https:\/\/www.mallorcaguru.es\/sv\/fastighet\/lagenhet-till-salu-i-portocolom-aa112\/\" class=\"listing-featured-thumb hover-effect image-wrap\" role=\"link\">\n\t\t\t<img loading=\"lazy\" decoding=\"async\" width=\"584\" height=\"438\" src=\"https:\/\/www.mallorcaguru.es\/wp-content\/smush-avif\/2025\/09\/T1-2-web-584x438.png.avif\" class=\"img-fluid wp-post-image\" alt=\"\" data-smush-avif-fallback=\"{&quot;src&quot;:&quot;https:\\\/\\\/www.mallorcaguru.es\\\/wp-content\\\/uploads\\\/2025\\\/09\\\/T1-2-web-584x438.png&quot;}\" \/>\t\t<\/a><!-- hover-effect -->\n\t<\/div>\n<\/div>\t\t\t\t<div class=\"preview_loader\"><\/div>\n\t\t\t<\/div>\n\t\t\t<div class=\"item-body w-100 flex-fill\">\n\t\t\t\t<ul class=\"item-amenities item-amenities-with-icons mb-2\">\n\t\t\t\t\t<li class=\"h-type d-flex w-100\" role=\"listitem\"><span>Fastigheter i semesteranl\u00e4ggningen, L\u00e4genhet<\/span><\/li>\t\t\t\t<\/ul>\n\t\t\t\t<ul class=\"item-price-wrap d-flex align-items-end gap-3\" role=\"list\">\n\t\t\t\t\t<li class=\"item-price\"><span class=\"price\">315,000\u20ac<\/span><span class=\"price-postfix\"><\/span><\/li>\t\t\t\t<\/ul>\n\t\t\t\t<h2 class=\"item-title mb-2 \">\n\t<a target=\"_self\" href=\"https:\/\/www.mallorcaguru.es\/sv\/fastighet\/lagenhet-till-salu-i-portocolom-aa112\/\" role=\"link\">L\u00e4genhet till salu i Portocolom AA112<\/a>\n<\/h2><!-- item-title -->\t\t\t\t<address class=\"item-address mb-2\"><i class=\"houzez-icon icon-pin me-1\" aria-hidden=\"true\"><\/i><span>Carrer de la Gavina, 07670 Felanitx, Illes Balears, Spain<\/span><\/address>\t\t\t\t<ul class=\"item-amenities item-amenities-with-icons d-flex flex-wrap align-items-center gap-2\" role=\"list\">\n\t<li class=\"h-property-id me-1\"><i class=\"houzez-icon icon-tags me-2\"><\/i><span class=\"item-amenities-text\">ID:<\/span> <span class=\"hz-figure\">AA112<\/span><\/li><li class=\"h-beds d-flex align-items-center me-1\"><i class=\"houzez-icon icon-hotel-double-bed-1 me-2\"><\/i><span class=\"item-amenities-text\">Bed:<\/span> <span class=\"hz-figure\">1<\/span><\/li><li class=\"h-baths d-flex align-items-center me-1\"><i class=\"houzez-icon icon-bathroom-shower-1 me-2\"><\/i><span class=\"item-amenities-text\">Bath:<\/span> <span class=\"hz-figure\">1<\/span><\/li><li class=\"h-area d-flex align-items-center me-1\"><i class=\"houzez-icon icon-ruler-triangle me-2\"><\/i><span class=\"hz-figure me-1\">50<\/span> <span class=\"hz-figure area_postfix\">m\u00b2<\/span><\/li><\/ul>\t\t\t<\/div>\n\t\t\t<div class=\"item-footer items-btns-count-3\">\n\t\t\t\t<div class=\"item-buttons-wrap d-flex justify-content-between gap-2\">\n\t\t\t\t\t\t\t\t<button type=\"button\" class=\"hz-call-popup-js btn btn-primary-outlined btn-item px-2 d-flex align-items-center justify-content-center flex-fill gap-1\" data-bs-toggle=\"modal\" data-model-id=\"call-action-297600-wkIlP\">\n\t\t\t\t<i class=\"houzez-icon icon-phone-actions-ring\"><\/i> Ring\t\t\t<\/button>\n\t\t \t\t\t\t<button type=\"button\" class=\"hz-email-popup-js btn btn-primary-outlined btn-item px-2 d-flex align-items-center justify-content-center flex-fill gap-1\" data-bs-toggle=\"modal\" data-model-id=\"email-popup-297600-wkIlP\">\n\t\t\t\t<i class=\"houzez-icon icon-envelope\"><\/i> Email\t\t\t<\/button>\n\t\t\t\t\t\t<a class=\"btn btn-primary-outlined btn-item px-2 d-flex align-items-center justify-content-center flex-fill gap-1\" target=\"_blank\" href=\"https:\/\/api.whatsapp.com\/send?phone=+34671798832&text=Hej, jag \u00e4r intresserad av [L\u00e4genhet till salu i Portocolom AA112] https:\/\/www.mallorcaguru.es\/sv\/fastighet\/lagenhet-till-salu-i-portocolom-aa112\/\">\n\t\t\t\t<i class=\"houzez-icon icon-messaging-whatsapp\"><\/i> <span class=\"d-none d-md-block\">WhatsApp<\/span>\n\t\t\t<\/a>\n\t\t\t\t\t\t\t<\/div>\n\t\t\t<\/div>\n\t\t<\/div>\n\t<\/div>\n\t<div class=\"modal fade modal-phone-number\" id=\"call-action-297600-wkIlP\" tabindex=\"-1\" aria-labelledby=\"phoneNumberModalLabel\" aria-hidden=\"true\">\n    <div class=\"modal-dialog\" role=\"document\">\n        <div class=\"modal-content\">\n            <div class=\"modal-header\">\n                <h5 class=\"modal-title\" id=\"phoneNumberModalLabel\">Kontakta oss<\/h5>\n                <button type=\"button\" class=\"btn-close\" data-bs-dismiss=\"modal\" aria-label=\"St\u00e4nga\"><\/button>\n            <\/div><!-- modal-header -->\n            <div class=\"modal-body\">\n                <p class=\"modal-body-phone-number-text\">\n                    Please quote property reference<br>\n\n                    <strong>Mallorca Property Guru - AA112<\/strong>\n                <\/p>\n                <p class=\"modal-body-phone-number-number\">\n                     <a class=\"btn btn-primary-outlined\" href=\"tel:+34671798832\"><i class=\"houzez-icon icon-phone-actions-ring\"><\/i> +34 671 798 832<\/a>\n                <\/p>\n            <\/div><!-- modal-body -->\n        <\/div><!-- modal-content -->\n    <\/div><!-- modal-dialog -->\n<\/div><!-- login-register-form -->\n\t<div class=\"modal fade mobile-property-form\" id=\"email-popup-297600-wkIlP\">\n    <div class=\"modal-dialog\" role=\"document\">\n        <div class=\"modal-content\">\n            <div class=\"modal-header\">\n                <h5 class=\"modal-title\" id=\"phoneNumberModalLabel\">Contact me<\/h5>\n                <button type=\"button\" class=\"btn-close\" data-bs-dismiss=\"modal\" aria-label=\"Close\"><\/button>\n            <\/div><!-- modal-header -->\n            <div class=\"modal-body\">\n                <div class=\"property-form-wrap border-none\">\n                                    <div class=\"property-form\">\n                        <form method=\"post\" action=\"#\">\n                            \n                            <div class=\"agent-details\" role=\"region\"><div class=\"d-flex align-items-center gap-3\"><div class=\"agent-image\" role=\"img\"><img loading=\"lazy\" decoding=\"async\" class=\"rounded\" src=\"https:\/\/www.mallorcaguru.es\/wp-content\/smush-avif\/2022\/03\/Mallorca-Property-Guru-Logo-2025-150x150.png.avif\" alt=\"Mallorca Property Guru Saionara Jackson\" width=\"70\" height=\"70\" data-smush-avif-fallback=\"{&quot;src&quot;:&quot;https:\\\/\\\/www.mallorcaguru.es\\\/wp-content\\\/uploads\\\/2022\\\/03\\\/Mallorca-Property-Guru-Logo-2025-150x150.png&quot;}\"><span class=\"badge btn-secondary agent-verified-icon\"><i class=\"houzez-icon icon-check-circle-1\"><\/i><\/span><\/div><ul class=\"agent-information list-unstyled mb-0\" role=\"list\"><li class=\"agent-name\" role=\"listitem\"><i class=\"houzez-icon icon-single-neutral me-1\"><\/i> Mallorca Property Guru Saionara Jackson<\/li><\/ul><\/div><\/div>\n                                                        <div class=\"form-group mb-2 mt-3\">\n                                <input class=\"form-control\" name=\"name\" value=\"\" type=\"text\" placeholder=\"Namn\">\n                            <\/div><!-- form-group -->\n                            \n                                \n                            <div class=\"form-group mb-2\">\n                                <input class=\"form-control\" name=\"mobile\" value=\"\" type=\"text\" placeholder=\"Telefon\">\n                            <\/div><!-- form-group -->\n                            \n                            <div class=\"form-group mb-2\">\n                                <input class=\"form-control\" name=\"email\" value=\"\" type=\"email\" placeholder=\"E-post\">\n                            <\/div><!-- form-group -->\n\n                              \n                            <div class=\"form-group form-group-textarea mb-2\">\n                                <textarea class=\"form-control hz-form-message\" name=\"message\" rows=\"4\" placeholder=\"Meddelande\">Hej, jag \u00e4r intresserad av [L\u00e4genhet till salu i Portocolom AA112]<\/textarea>\n                            <\/div><!-- form-group -->   \n                            \n                            \n                                                        <div class=\"form-group my-3\">\n                                <label class=\"control control--checkbox m-0 p-0 hz-no-gdpr-checkbox\">\n                                                                        <div class=\"gdpr-text-wrap\">\n                                        Genom att skicka in denna blankett godk\u00e4nner jag <a target=\"_blank\" href=\"https:\/\/www.mallorcaguru.es\/sv\/villkor\/\">Anv\u00e4ndarvillkor<\/a>\n                                    <\/div>\n                                <\/label>\n                            <\/div><!-- form-group -->   \n                                  \n                        \n                                                            <input type=\"hidden\" name=\"target_email\" value=\"sai&#111;n&#97;&#114;a&#64;mal&#108;&#111;rcagur&#117;&#46;&#101;&#115;\">\n                                                        <input type=\"hidden\" name=\"property_agent_contact_security\" value=\"a50bbda332\"\/>\n                            <input type=\"hidden\" name=\"property_permalink\" value=\"https:\/\/www.mallorcaguru.es\/sv\/fastighet\/lagenhet-till-salu-i-portocolom-aa112\/\"\/>\n                            <input type=\"hidden\" name=\"property_title\" value=\"L\u00e4genhet till salu i Portocolom AA112\"\/>\n                            <input type=\"hidden\" name=\"property_id\" value=\"AA112\"\/>\n                            <input type=\"hidden\" name=\"action\" value=\"houzez_property_agent_contact\">\n                            <input type=\"hidden\" name=\"listing_id\" value=\"297600\">\n                            <input type=\"hidden\" name=\"is_listing_form\" value=\"yes\">\n                            <input type=\"hidden\" name=\"agent_id\" value=\"4999\">\n                            <input type=\"hidden\" name=\"agent_type\" value=\"agent_info\">\n\n                                                        <div class=\"form_messages\"><\/div>\n                            <button type=\"button\" class=\"houzez_agent_property_form btn btn-secondary w-100\">\n                                <span class=\"houzez-loader-js houzez-hidden spinner-border spinner-border-sm\" aria-hidden=\"true\"><\/span>                                Skicka Epost                                \n                            <\/button>\n                            \n                        <\/form>\n                    <\/div><!-- property-form -->\n                    \n                            <\/div><!-- property-form-wrap -->\n\n    \n            <\/div>\n        <\/div>\n    <\/div>\n<\/div>\n<\/div>\n<div class=\"item-listing-wrap item-wrap-v9 hz-item-gallery-js hz-map-trigger\" data-hz-id=\"297601\" data-images=\"[{&quot;image&quot;:&quot;https:\\\/\\\/www.mallorcaguru.es\\\/wp-content\\\/smush-avif\\\/2025\\\/09\\\/T1-8-web-584x438.png.avif&quot;,&quot;alt&quot;:&quot;&quot;,&quot;width&quot;:584,&quot;height&quot;:438,&quot;srcset&quot;:false,&quot;sizes&quot;:&quot;(max-width: 584px) 100vw, 584px&quot;},{&quot;image&quot;:&quot;https:\\\/\\\/www.mallorcaguru.es\\\/wp-content\\\/smush-avif\\\/2025\\\/09\\\/T1-5-web-584x438.png.avif&quot;,&quot;alt&quot;:&quot;&quot;,&quot;width&quot;:584,&quot;height&quot;:438,&quot;srcset&quot;:false,&quot;sizes&quot;:&quot;(max-width: 584px) 100vw, 584px&quot;},{&quot;image&quot;:&quot;https:\\\/\\\/www.mallorcaguru.es\\\/wp-content\\\/smush-avif\\\/2025\\\/09\\\/T1-2-web-584x438.png.avif&quot;,&quot;alt&quot;:&quot;&quot;,&quot;width&quot;:584,&quot;height&quot;:438,&quot;srcset&quot;:false,&quot;sizes&quot;:&quot;(max-width: 584px) 100vw, 584px&quot;}]\">\n\t<div class=\"item-wrap item-wrap-no-frame h-100\">\n\t\t<div class=\"d-flex flex-column align-items-center h-100\">\n\t\t\t<div class=\"item-header\">\n\t\t\t\t\t\t\t\t<div class=\"labels-wrap d-flex align-items-center gap-1\" role=\"group\"> \n\n\t<a href=\"https:\/\/www.mallorcaguru.es\/sv\/status\/fastigheter-till-salu-mallorca\/\" class=\"label-status label status-color-765\">\n\t\t\t\t\tTill salu\n\t\t\t\t<\/a><a href=\"https:\/\/www.mallorcaguru.es\/sv\/status\/till-salu-i-semesteranlaggningen\/\" class=\"label-status label status-color-3969\">\n\t\t\t\t\tTill salu i semesteranl\u00e4ggningen\n\t\t\t\t<\/a><a href=\"https:\/\/www.mallorcaguru.es\/sv\/etikettera\/etv-licensierade-bostader-till-salu-pa-mallorca\/\" class=\"hz-label label label-color-3839\">\n\t\t\t\t\tETV-licensierade bost\u00e4der till salu p\u00e5 Mallorca\n\t\t\t\t<\/a><a href=\"https:\/\/www.mallorcaguru.es\/sv\/etikettera\/fastigheter-med-havsutsikt-till-salu-pa\/\" class=\"hz-label label label-color-3931\">\n\t\t\t\t\tFastigheter med havsutsikt till salu p\u00e5 Mallorca | Kustbost\u00e4der\n\t\t\t\t<\/a>       \n\n<\/div>\n\t\t\t\t<ul class=\"item-tools d-flex align-items-center justify-content-center gap-1\">\n        <li class=\"item-tool item-preview\">\n        <span class=\"hz-show-lightbox-js item-tool-preview text-center\" data-listid=\"297601\">\n            <span data-bs-toggle=\"tooltip\" data-bs-placement=\"top\" title=\"F\u00f6rhandsgranska\">\n                <i class=\"houzez-icon icon-expand-3\"><\/i>   \n            <\/span>\n        <\/span><!-- item-tool-favorite -->\n    <\/li><!-- item-tool -->\n        \n        <li class=\"item-tool item-favorite\">\n        <span class=\"add-favorite-js item-tool-favorite text-center\" data-bs-toggle=\"tooltip\" data-bs-placement=\"top\" title=\"Favorit\" data-listid=\"297601\">\n            <i class=\"houzez-icon icon-love-it \"><\/i>\n        <\/span><!-- item-tool-favorite -->\n    <\/li><!-- item-tool -->\n    \n        <li class=\"item-tool item-compare\">\n        <span class=\"houzez_compare compare-297601 item-tool-compare text-center\" data-bs-toggle=\"tooltip\" data-bs-placement=\"top\" title=\"L\u00e4gg till j\u00e4mf\u00f6relse\" data-listing_id=\"297601\" data-listing_image=\"https:\/\/www.mallorcaguru.es\/wp-content\/uploads\/2025\/09\/T1-8-web-584x438.png\">\n            <i class=\"houzez-icon icon-add-circle\"><\/i>\n            <!-- <i class=\"houzez-icon icon-subtract-circle\"><\/i> -->\n        <\/span><!-- item-tool-compare -->\n    <\/li><!-- item-tool -->\n    <\/ul><!-- item-tools -->\n\t\t\t\t<div class=\"listing-image-wrap\">\n\t<div class=\"listing-thumb\">\n\t\t<a target=\"_self\" href=\"https:\/\/www.mallorcaguru.es\/sv\/fastighet\/lagenhet-till-salu-i-portocolom-aa107\/\" class=\"listing-featured-thumb hover-effect image-wrap\" role=\"link\">\n\t\t\t<img loading=\"lazy\" decoding=\"async\" width=\"584\" height=\"438\" src=\"https:\/\/www.mallorcaguru.es\/wp-content\/smush-avif\/2025\/09\/T1-8-web-584x438.png.avif\" class=\"img-fluid wp-post-image\" alt=\"\" data-smush-avif-fallback=\"{&quot;src&quot;:&quot;https:\\\/\\\/www.mallorcaguru.es\\\/wp-content\\\/uploads\\\/2025\\\/09\\\/T1-8-web-584x438.png&quot;}\" \/>\t\t<\/a><!-- hover-effect -->\n\t<\/div>\n<\/div>\t\t\t\t<div class=\"preview_loader\"><\/div>\n\t\t\t<\/div>\n\t\t\t<div class=\"item-body w-100 flex-fill\">\n\t\t\t\t<ul class=\"item-amenities item-amenities-with-icons mb-2\">\n\t\t\t\t\t<li class=\"h-type d-flex w-100\" role=\"listitem\"><span>Fastigheter i semesteranl\u00e4ggningen, L\u00e4genhet<\/span><\/li>\t\t\t\t<\/ul>\n\t\t\t\t<ul class=\"item-price-wrap d-flex align-items-end gap-3\" role=\"list\">\n\t\t\t\t\t<li class=\"item-price\"><span class=\"price\">315,000\u20ac<\/span><span class=\"price-postfix\"><\/span><\/li>\t\t\t\t<\/ul>\n\t\t\t\t<h2 class=\"item-title mb-2 \">\n\t<a target=\"_self\" href=\"https:\/\/www.mallorcaguru.es\/sv\/fastighet\/lagenhet-till-salu-i-portocolom-aa107\/\" role=\"link\">L\u00e4genhet till salu i Portocolom AA107<\/a>\n<\/h2><!-- item-title -->\t\t\t\t<address class=\"item-address mb-2\"><i class=\"houzez-icon icon-pin me-1\" aria-hidden=\"true\"><\/i><span>Carrer de la Gavina, 07670 Felanitx, Illes Balears, Spain<\/span><\/address>\t\t\t\t<ul class=\"item-amenities item-amenities-with-icons d-flex flex-wrap align-items-center gap-2\" role=\"list\">\n\t<li class=\"h-property-id me-1\"><i class=\"houzez-icon icon-tags me-2\"><\/i><span class=\"item-amenities-text\">ID:<\/span> <span class=\"hz-figure\">AA107<\/span><\/li><li class=\"h-beds d-flex align-items-center me-1\"><i class=\"houzez-icon icon-hotel-double-bed-1 me-2\"><\/i><span class=\"item-amenities-text\">Bed:<\/span> <span class=\"hz-figure\">1<\/span><\/li><li class=\"h-baths d-flex align-items-center me-1\"><i class=\"houzez-icon icon-bathroom-shower-1 me-2\"><\/i><span class=\"item-amenities-text\">Bath:<\/span> <span class=\"hz-figure\">1<\/span><\/li><li class=\"h-area d-flex align-items-center me-1\"><i class=\"houzez-icon icon-ruler-triangle me-2\"><\/i><span class=\"hz-figure me-1\">50<\/span> <span class=\"hz-figure area_postfix\">m\u00b2<\/span><\/li><\/ul>\t\t\t<\/div>\n\t\t\t<div class=\"item-footer items-btns-count-3\">\n\t\t\t\t<div class=\"item-buttons-wrap d-flex justify-content-between gap-2\">\n\t\t\t\t\t\t\t\t<button type=\"button\" class=\"hz-call-popup-js btn btn-primary-outlined btn-item px-2 d-flex align-items-center justify-content-center flex-fill gap-1\" data-bs-toggle=\"modal\" data-model-id=\"call-action-297601-SfPA3\">\n\t\t\t\t<i class=\"houzez-icon icon-phone-actions-ring\"><\/i> Ring\t\t\t<\/button>\n\t\t \t\t\t\t<button type=\"button\" class=\"hz-email-popup-js btn btn-primary-outlined btn-item px-2 d-flex align-items-center justify-content-center flex-fill gap-1\" data-bs-toggle=\"modal\" data-model-id=\"email-popup-297601-SfPA3\">\n\t\t\t\t<i class=\"houzez-icon icon-envelope\"><\/i> Email\t\t\t<\/button>\n\t\t\t\t\t\t<a class=\"btn btn-primary-outlined btn-item px-2 d-flex align-items-center justify-content-center flex-fill gap-1\" target=\"_blank\" href=\"https:\/\/api.whatsapp.com\/send?phone=+34671798832&text=Hej, jag \u00e4r intresserad av [L\u00e4genhet till salu i Portocolom AA107] https:\/\/www.mallorcaguru.es\/sv\/fastighet\/lagenhet-till-salu-i-portocolom-aa107\/\">\n\t\t\t\t<i class=\"houzez-icon icon-messaging-whatsapp\"><\/i> <span class=\"d-none d-md-block\">WhatsApp<\/span>\n\t\t\t<\/a>\n\t\t\t\t\t\t\t<\/div>\n\t\t\t<\/div>\n\t\t<\/div>\n\t<\/div>\n\t<div class=\"modal fade modal-phone-number\" id=\"call-action-297601-SfPA3\" tabindex=\"-1\" aria-labelledby=\"phoneNumberModalLabel\" aria-hidden=\"true\">\n    <div class=\"modal-dialog\" role=\"document\">\n        <div class=\"modal-content\">\n            <div class=\"modal-header\">\n                <h5 class=\"modal-title\" id=\"phoneNumberModalLabel\">Kontakta oss<\/h5>\n                <button type=\"button\" class=\"btn-close\" data-bs-dismiss=\"modal\" aria-label=\"St\u00e4nga\"><\/button>\n            <\/div><!-- modal-header -->\n            <div class=\"modal-body\">\n                <p class=\"modal-body-phone-number-text\">\n                    Please quote property reference<br>\n\n                    <strong>Mallorca Property Guru - AA107<\/strong>\n                <\/p>\n                <p class=\"modal-body-phone-number-number\">\n                     <a class=\"btn btn-primary-outlined\" href=\"tel:+34671798832\"><i class=\"houzez-icon icon-phone-actions-ring\"><\/i> +34 671 798 832<\/a>\n                <\/p>\n            <\/div><!-- modal-body -->\n        <\/div><!-- modal-content -->\n    <\/div><!-- modal-dialog -->\n<\/div><!-- login-register-form -->\n\t<div class=\"modal fade mobile-property-form\" id=\"email-popup-297601-SfPA3\">\n    <div class=\"modal-dialog\" role=\"document\">\n        <div class=\"modal-content\">\n            <div class=\"modal-header\">\n                <h5 class=\"modal-title\" id=\"phoneNumberModalLabel\">Contact me<\/h5>\n                <button type=\"button\" class=\"btn-close\" data-bs-dismiss=\"modal\" aria-label=\"Close\"><\/button>\n            <\/div><!-- modal-header -->\n            <div class=\"modal-body\">\n                <div class=\"property-form-wrap border-none\">\n                                    <div class=\"property-form\">\n                        <form method=\"post\" action=\"#\">\n                            \n                            <div class=\"agent-details\" role=\"region\"><div class=\"d-flex align-items-center gap-3\"><div class=\"agent-image\" role=\"img\"><img loading=\"lazy\" decoding=\"async\" class=\"rounded\" src=\"https:\/\/www.mallorcaguru.es\/wp-content\/smush-avif\/2022\/03\/Mallorca-Property-Guru-Logo-2025-150x150.png.avif\" alt=\"Mallorca Property Guru Saionara Jackson\" width=\"70\" height=\"70\" data-smush-avif-fallback=\"{&quot;src&quot;:&quot;https:\\\/\\\/www.mallorcaguru.es\\\/wp-content\\\/uploads\\\/2022\\\/03\\\/Mallorca-Property-Guru-Logo-2025-150x150.png&quot;}\"><span class=\"badge btn-secondary agent-verified-icon\"><i class=\"houzez-icon icon-check-circle-1\"><\/i><\/span><\/div><ul class=\"agent-information list-unstyled mb-0\" role=\"list\"><li class=\"agent-name\" role=\"listitem\"><i class=\"houzez-icon icon-single-neutral me-1\"><\/i> Mallorca Property Guru Saionara Jackson<\/li><\/ul><\/div><\/div>\n                                                        <div class=\"form-group mb-2 mt-3\">\n                                <input class=\"form-control\" name=\"name\" value=\"\" type=\"text\" placeholder=\"Namn\">\n                            <\/div><!-- form-group -->\n                            \n                                \n                            <div class=\"form-group mb-2\">\n                                <input class=\"form-control\" name=\"mobile\" value=\"\" type=\"text\" placeholder=\"Telefon\">\n                            <\/div><!-- form-group -->\n                            \n                            <div class=\"form-group mb-2\">\n                                <input class=\"form-control\" name=\"email\" value=\"\" type=\"email\" placeholder=\"E-post\">\n                            <\/div><!-- form-group -->\n\n                              \n                            <div class=\"form-group form-group-textarea mb-2\">\n                                <textarea class=\"form-control hz-form-message\" name=\"message\" rows=\"4\" placeholder=\"Meddelande\">Hej, jag \u00e4r intresserad av [L\u00e4genhet till salu i Portocolom AA107]<\/textarea>\n                            <\/div><!-- form-group -->   \n                            \n                            \n                                                        <div class=\"form-group my-3\">\n                                <label class=\"control control--checkbox m-0 p-0 hz-no-gdpr-checkbox\">\n                                                                        <div class=\"gdpr-text-wrap\">\n                                        Genom att skicka in denna blankett godk\u00e4nner jag <a target=\"_blank\" href=\"https:\/\/www.mallorcaguru.es\/sv\/villkor\/\">Anv\u00e4ndarvillkor<\/a>\n                                    <\/div>\n                                <\/label>\n                            <\/div><!-- form-group -->   \n                                  \n                        \n                                                            <input type=\"hidden\" name=\"target_email\" value=\"sa&#105;&#111;na&#114;a&#64;&#109;al&#108;&#111;&#114;c&#97;&#103;&#117;&#114;&#117;.es\">\n                                                        <input type=\"hidden\" name=\"property_agent_contact_security\" value=\"a50bbda332\"\/>\n                            <input type=\"hidden\" name=\"property_permalink\" value=\"https:\/\/www.mallorcaguru.es\/sv\/fastighet\/lagenhet-till-salu-i-portocolom-aa107\/\"\/>\n                            <input type=\"hidden\" name=\"property_title\" value=\"L\u00e4genhet till salu i Portocolom AA107\"\/>\n                            <input type=\"hidden\" name=\"property_id\" value=\"AA107\"\/>\n                            <input type=\"hidden\" name=\"action\" value=\"houzez_property_agent_contact\">\n                            <input type=\"hidden\" name=\"listing_id\" value=\"297601\">\n                            <input type=\"hidden\" name=\"is_listing_form\" value=\"yes\">\n                            <input type=\"hidden\" name=\"agent_id\" value=\"4999\">\n                            <input type=\"hidden\" name=\"agent_type\" value=\"agent_info\">\n\n                                                        <div class=\"form_messages\"><\/div>\n                            <button type=\"button\" class=\"houzez_agent_property_form btn btn-secondary w-100\">\n                                <span class=\"houzez-loader-js houzez-hidden spinner-border spinner-border-sm\" aria-hidden=\"true\"><\/span>                                Skicka Epost                                \n                            <\/button>\n                            \n                        <\/form>\n                    <\/div><!-- property-form -->\n                    \n                            <\/div><!-- property-form-wrap -->\n\n    \n            <\/div>\n        <\/div>\n    <\/div>\n<\/div>\n<\/div>\n<div class=\"item-listing-wrap item-wrap-v9 hz-item-gallery-js hz-map-trigger\" data-hz-id=\"297302\" data-images=\"[{&quot;image&quot;:&quot;https:\\\/\\\/www.mallorcaguru.es\\\/wp-content\\\/smush-avif\\\/2025\\\/09\\\/T1-3-web-584x438.png.avif&quot;,&quot;alt&quot;:&quot;&quot;,&quot;width&quot;:584,&quot;height&quot;:438,&quot;srcset&quot;:false,&quot;sizes&quot;:&quot;(max-width: 584px) 100vw, 584px&quot;},{&quot;image&quot;:&quot;https:\\\/\\\/www.mallorcaguru.es\\\/wp-content\\\/smush-avif\\\/2025\\\/09\\\/T1-1-web-584x438.png.avif&quot;,&quot;alt&quot;:&quot;&quot;,&quot;width&quot;:584,&quot;height&quot;:438,&quot;srcset&quot;:false,&quot;sizes&quot;:&quot;(max-width: 584px) 100vw, 584px&quot;},{&quot;image&quot;:&quot;https:\\\/\\\/www.mallorcaguru.es\\\/wp-content\\\/smush-avif\\\/2025\\\/09\\\/T1-2-web-584x438.png.avif&quot;,&quot;alt&quot;:&quot;&quot;,&quot;width&quot;:584,&quot;height&quot;:438,&quot;srcset&quot;:false,&quot;sizes&quot;:&quot;(max-width: 584px) 100vw, 584px&quot;}]\">\n\t<div class=\"item-wrap item-wrap-no-frame h-100\">\n\t\t<div class=\"d-flex flex-column align-items-center h-100\">\n\t\t\t<div class=\"item-header\">\n\t\t\t\t\t\t\t\t<div class=\"labels-wrap d-flex align-items-center gap-1\" role=\"group\"> \n\n\t<a href=\"https:\/\/www.mallorcaguru.es\/sv\/status\/fastigheter-till-salu-mallorca\/\" class=\"label-status label status-color-765\">\n\t\t\t\t\tTill salu\n\t\t\t\t<\/a><a href=\"https:\/\/www.mallorcaguru.es\/sv\/status\/till-salu-i-semesteranlaggningen\/\" class=\"label-status label status-color-3969\">\n\t\t\t\t\tTill salu i semesteranl\u00e4ggningen\n\t\t\t\t<\/a><a href=\"https:\/\/www.mallorcaguru.es\/sv\/etikettera\/etv-licensierade-bostader-till-salu-pa-mallorca\/\" class=\"hz-label label label-color-3839\">\n\t\t\t\t\tETV-licensierade bost\u00e4der till salu p\u00e5 Mallorca\n\t\t\t\t<\/a><a href=\"https:\/\/www.mallorcaguru.es\/sv\/etikettera\/fastigheter-med-havsutsikt-till-salu-pa\/\" class=\"hz-label label label-color-3931\">\n\t\t\t\t\tFastigheter med havsutsikt till salu p\u00e5 Mallorca | Kustbost\u00e4der\n\t\t\t\t<\/a>       \n\n<\/div>\n\t\t\t\t<ul class=\"item-tools d-flex align-items-center justify-content-center gap-1\">\n        <li class=\"item-tool item-preview\">\n        <span class=\"hz-show-lightbox-js item-tool-preview text-center\" data-listid=\"297302\">\n            <span data-bs-toggle=\"tooltip\" data-bs-placement=\"top\" title=\"F\u00f6rhandsgranska\">\n                <i class=\"houzez-icon icon-expand-3\"><\/i>   \n            <\/span>\n        <\/span><!-- item-tool-favorite -->\n    <\/li><!-- item-tool -->\n        \n        <li class=\"item-tool item-favorite\">\n        <span class=\"add-favorite-js item-tool-favorite text-center\" data-bs-toggle=\"tooltip\" data-bs-placement=\"top\" title=\"Favorit\" data-listid=\"297302\">\n            <i class=\"houzez-icon icon-love-it \"><\/i>\n        <\/span><!-- item-tool-favorite -->\n    <\/li><!-- item-tool -->\n    \n        <li class=\"item-tool item-compare\">\n        <span class=\"houzez_compare compare-297302 item-tool-compare text-center\" data-bs-toggle=\"tooltip\" data-bs-placement=\"top\" title=\"L\u00e4gg till j\u00e4mf\u00f6relse\" data-listing_id=\"297302\" data-listing_image=\"https:\/\/www.mallorcaguru.es\/wp-content\/uploads\/2025\/09\/T1-3-web-584x438.png\">\n            <i class=\"houzez-icon icon-add-circle\"><\/i>\n            <!-- <i class=\"houzez-icon icon-subtract-circle\"><\/i> -->\n        <\/span><!-- item-tool-compare -->\n    <\/li><!-- item-tool -->\n    <\/ul><!-- item-tools -->\n\t\t\t\t<div class=\"listing-image-wrap\">\n\t<div class=\"listing-thumb\">\n\t\t<a target=\"_self\" href=\"https:\/\/www.mallorcaguru.es\/sv\/fastighet\/lagenhet-till-salu-i-portocolom101\/\" class=\"listing-featured-thumb hover-effect image-wrap\" role=\"link\">\n\t\t\t<img loading=\"lazy\" decoding=\"async\" width=\"584\" height=\"438\" src=\"https:\/\/www.mallorcaguru.es\/wp-content\/smush-avif\/2025\/09\/T1-3-web-584x438.png.avif\" class=\"img-fluid wp-post-image\" alt=\"\" data-smush-avif-fallback=\"{&quot;src&quot;:&quot;https:\\\/\\\/www.mallorcaguru.es\\\/wp-content\\\/uploads\\\/2025\\\/09\\\/T1-3-web-584x438.png&quot;}\" \/>\t\t<\/a><!-- hover-effect -->\n\t<\/div>\n<\/div>\t\t\t\t<div class=\"preview_loader\"><\/div>\n\t\t\t<\/div>\n\t\t\t<div class=\"item-body w-100 flex-fill\">\n\t\t\t\t<ul class=\"item-amenities item-amenities-with-icons mb-2\">\n\t\t\t\t\t<li class=\"h-type d-flex w-100\" role=\"listitem\"><span>Fastigheter i semesteranl\u00e4ggningen, L\u00e4genhet<\/span><\/li>\t\t\t\t<\/ul>\n\t\t\t\t<ul class=\"item-price-wrap d-flex align-items-end gap-3\" role=\"list\">\n\t\t\t\t\t<li class=\"item-price\"><span class=\"price\">311,850\u20ac<\/span><span class=\"price-postfix\"><\/span><\/li>\t\t\t\t<\/ul>\n\t\t\t\t<h2 class=\"item-title mb-2 \">\n\t<a target=\"_self\" href=\"https:\/\/www.mallorcaguru.es\/sv\/fastighet\/lagenhet-till-salu-i-portocolom101\/\" role=\"link\">L\u00e4genhet till salu i Portocolom AA101<\/a>\n<\/h2><!-- item-title -->\t\t\t\t<address class=\"item-address mb-2\"><i class=\"houzez-icon icon-pin me-1\" aria-hidden=\"true\"><\/i><span>Carrer de la Gavina, 07670 Felanitx, Illes Balears, Spain<\/span><\/address>\t\t\t\t<ul class=\"item-amenities item-amenities-with-icons d-flex flex-wrap align-items-center gap-2\" role=\"list\">\n\t<li class=\"h-property-id me-1\"><i class=\"houzez-icon icon-tags me-2\"><\/i><span class=\"item-amenities-text\">ID:<\/span> <span class=\"hz-figure\">AA101<\/span><\/li><li class=\"h-beds d-flex align-items-center me-1\"><i class=\"houzez-icon icon-hotel-double-bed-1 me-2\"><\/i><span class=\"item-amenities-text\">Bed:<\/span> <span class=\"hz-figure\">1<\/span><\/li><li class=\"h-baths d-flex align-items-center me-1\"><i class=\"houzez-icon icon-bathroom-shower-1 me-2\"><\/i><span class=\"item-amenities-text\">Bath:<\/span> <span class=\"hz-figure\">1<\/span><\/li><li class=\"h-area d-flex align-items-center me-1\"><i class=\"houzez-icon icon-ruler-triangle me-2\"><\/i><span class=\"hz-figure me-1\">50<\/span> <span class=\"hz-figure area_postfix\">m\u00b2<\/span><\/li><\/ul>\t\t\t<\/div>\n\t\t\t<div class=\"item-footer items-btns-count-1\">\n\t\t\t\t<div class=\"item-buttons-wrap d-flex justify-content-between gap-2\">\n\t\t\t\t\t\t\t\t<button type=\"button\" class=\"hz-email-popup-js btn btn-primary-outlined btn-item px-2 d-flex align-items-center justify-content-center flex-fill gap-1\" data-bs-toggle=\"modal\" data-model-id=\"email-popup-297302-NVMZy\">\n\t\t\t\t<i class=\"houzez-icon icon-envelope\"><\/i> Email\t\t\t<\/button>\n\t\t\t\t\t\t\t<\/div>\n\t\t\t<\/div>\n\t\t<\/div>\n\t<\/div>\n\t\t<div class=\"modal fade mobile-property-form\" id=\"email-popup-297302-NVMZy\">\n    <div class=\"modal-dialog\" role=\"document\">\n        <div class=\"modal-content\">\n            <div class=\"modal-header\">\n                <h5 class=\"modal-title\" id=\"phoneNumberModalLabel\">Contact me<\/h5>\n                <button type=\"button\" class=\"btn-close\" data-bs-dismiss=\"modal\" aria-label=\"Close\"><\/button>\n            <\/div><!-- modal-header -->\n            <div class=\"modal-body\">\n                <div class=\"property-form-wrap border-none\">\n                                    <div class=\"property-form\">\n                        <form method=\"post\" action=\"#\">\n                            \n                            <div class=\"agent-details\" role=\"region\"><div class=\"d-flex align-items-center gap-3\"><div class=\"agent-image\" role=\"img\"><img loading=\"lazy\" decoding=\"async\" class=\"rounded\" src=\"https:\/\/www.mallorcaguru.es\/wp-content\/themes\/houzez\/img\/profile-avatar.png\" alt=\"Mallorca Property Guru Admin\" width=\"70\" height=\"70\"><\/div><ul class=\"agent-information list-unstyled mb-0\" role=\"list\"><li class=\"agent-name\" role=\"listitem\"><i class=\"houzez-icon icon-single-neutral me-1\"><\/i> Mallorca Property Guru Admin<\/li><\/ul><\/div><\/div>\n                                                        <div class=\"form-group mb-2 mt-3\">\n                                <input class=\"form-control\" name=\"name\" value=\"\" type=\"text\" placeholder=\"Namn\">\n                            <\/div><!-- form-group -->\n                            \n                                \n                            <div class=\"form-group mb-2\">\n                                <input class=\"form-control\" name=\"mobile\" value=\"\" type=\"text\" placeholder=\"Telefon\">\n                            <\/div><!-- form-group -->\n                            \n                            <div class=\"form-group mb-2\">\n                                <input class=\"form-control\" name=\"email\" value=\"\" type=\"email\" placeholder=\"E-post\">\n                            <\/div><!-- form-group -->\n\n                              \n                            <div class=\"form-group form-group-textarea mb-2\">\n                                <textarea class=\"form-control hz-form-message\" name=\"message\" rows=\"4\" placeholder=\"Meddelande\">Hej, jag \u00e4r intresserad av [L\u00e4genhet till salu i Portocolom AA101]<\/textarea>\n                            <\/div><!-- form-group -->   \n                            \n                            \n                                                        <div class=\"form-group my-3\">\n                                <label class=\"control control--checkbox m-0 p-0 hz-no-gdpr-checkbox\">\n                                                                        <div class=\"gdpr-text-wrap\">\n                                        Genom att skicka in denna blankett godk\u00e4nner jag <a target=\"_blank\" href=\"https:\/\/www.mallorcaguru.es\/sv\/villkor\/\">Anv\u00e4ndarvillkor<\/a>\n                                    <\/div>\n                                <\/label>\n                            <\/div><!-- form-group -->   \n                                  \n                        \n                                                            <input type=\"hidden\" name=\"target_email\" value=\"&#105;n&#102;o&#64;ma&#108;l&#111;rc&#97;&#103;&#117;&#114;u&#46;&#101;&#115;\">\n                                                        <input type=\"hidden\" name=\"property_agent_contact_security\" value=\"a50bbda332\"\/>\n                            <input type=\"hidden\" name=\"property_permalink\" value=\"https:\/\/www.mallorcaguru.es\/sv\/fastighet\/lagenhet-till-salu-i-portocolom101\/\"\/>\n                            <input type=\"hidden\" name=\"property_title\" value=\"L\u00e4genhet till salu i Portocolom AA101\"\/>\n                            <input type=\"hidden\" name=\"property_id\" value=\"AA101\"\/>\n                            <input type=\"hidden\" name=\"action\" value=\"houzez_property_agent_contact\">\n                            <input type=\"hidden\" name=\"listing_id\" value=\"297302\">\n                            <input type=\"hidden\" name=\"is_listing_form\" value=\"yes\">\n                            <input type=\"hidden\" name=\"agent_id\" value=\"1\">\n                            <input type=\"hidden\" name=\"agent_type\" value=\"\">\n\n                                                        <div class=\"form_messages\"><\/div>\n                            <button type=\"button\" class=\"houzez_agent_property_form btn btn-secondary w-100\">\n                                <span class=\"houzez-loader-js houzez-hidden spinner-border spinner-border-sm\" aria-hidden=\"true\"><\/span>                                Skicka Epost                                \n                            <\/button>\n                            \n                        <\/form>\n                    <\/div><!-- property-form -->\n                    \n                            <\/div><!-- property-form-wrap -->\n\n    \n            <\/div>\n        <\/div>\n    <\/div>\n<\/div>\n<\/div>\n<div class=\"item-listing-wrap item-wrap-v9 hz-item-gallery-js hz-map-trigger\" data-hz-id=\"280619\" data-images=\"[{&quot;image&quot;:&quot;https:\\\/\\\/www.mallorcaguru.es\\\/wp-content\\\/smush-avif\\\/2025\\\/08\\\/Genova-25-584x438.jpg.avif&quot;,&quot;alt&quot;:&quot;Villa till salu i G\\u00e8nova Mallorca&quot;,&quot;width&quot;:584,&quot;height&quot;:438,&quot;srcset&quot;:false,&quot;sizes&quot;:&quot;(max-width: 584px) 100vw, 584px&quot;},{&quot;image&quot;:&quot;https:\\\/\\\/www.mallorcaguru.es\\\/wp-content\\\/smush-avif\\\/2025\\\/08\\\/Genova-25-584x438.jpg.avif&quot;,&quot;alt&quot;:&quot;Villa till salu i G\\u00e8nova Mallorca&quot;,&quot;width&quot;:584,&quot;height&quot;:438,&quot;srcset&quot;:false,&quot;sizes&quot;:&quot;(max-width: 584px) 100vw, 584px&quot;},{&quot;image&quot;:&quot;https:\\\/\\\/www.mallorcaguru.es\\\/wp-content\\\/smush-avif\\\/2025\\\/08\\\/Genova-27-584x438.jpg.avif&quot;,&quot;alt&quot;:&quot;&quot;,&quot;width&quot;:584,&quot;height&quot;:438,&quot;srcset&quot;:false,&quot;sizes&quot;:&quot;(max-width: 584px) 100vw, 584px&quot;}]\">\n\t<div class=\"item-wrap item-wrap-no-frame h-100\">\n\t\t<div class=\"d-flex flex-column align-items-center h-100\">\n\t\t\t<div class=\"item-header\">\n\t\t\t\t\t\t\t\t<div class=\"labels-wrap d-flex align-items-center gap-1\" role=\"group\"> \n\n\t<a href=\"https:\/\/www.mallorcaguru.es\/sv\/status\/fastigheter-till-salu-mallorca\/\" class=\"label-status label status-color-765\">\n\t\t\t\t\tTill salu\n\t\t\t\t<\/a><a href=\"https:\/\/www.mallorcaguru.es\/sv\/etikettera\/fastigheter-med-havsutsikt-till-salu-pa\/\" class=\"hz-label label label-color-3931\">\n\t\t\t\t\tFastigheter med havsutsikt till salu p\u00e5 Mallorca | Kustbost\u00e4der\n\t\t\t\t<\/a>       \n\n<\/div>\n\t\t\t\t<ul class=\"item-tools d-flex align-items-center justify-content-center gap-1\">\n        <li class=\"item-tool item-preview\">\n        <span class=\"hz-show-lightbox-js item-tool-preview text-center\" data-listid=\"280619\">\n            <span data-bs-toggle=\"tooltip\" data-bs-placement=\"top\" title=\"F\u00f6rhandsgranska\">\n                <i class=\"houzez-icon icon-expand-3\"><\/i>   \n            <\/span>\n        <\/span><!-- item-tool-favorite -->\n    <\/li><!-- item-tool -->\n        \n        <li class=\"item-tool item-favorite\">\n        <span class=\"add-favorite-js item-tool-favorite text-center\" data-bs-toggle=\"tooltip\" data-bs-placement=\"top\" title=\"Favorit\" data-listid=\"280619\">\n            <i class=\"houzez-icon icon-love-it \"><\/i>\n        <\/span><!-- item-tool-favorite -->\n    <\/li><!-- item-tool -->\n    \n        <li class=\"item-tool item-compare\">\n        <span class=\"houzez_compare compare-280619 item-tool-compare text-center\" data-bs-toggle=\"tooltip\" data-bs-placement=\"top\" title=\"L\u00e4gg till j\u00e4mf\u00f6relse\" data-listing_id=\"280619\" data-listing_image=\"https:\/\/www.mallorcaguru.es\/wp-content\/uploads\/2025\/08\/Genova-25-584x438.jpg\">\n            <i class=\"houzez-icon icon-add-circle\"><\/i>\n            <!-- <i class=\"houzez-icon icon-subtract-circle\"><\/i> -->\n        <\/span><!-- item-tool-compare -->\n    <\/li><!-- item-tool -->\n    <\/ul><!-- item-tools -->\n\t\t\t\t<div class=\"listing-image-wrap\">\n\t<div class=\"listing-thumb\">\n\t\t<a target=\"_self\" href=\"https:\/\/www.mallorcaguru.es\/sv\/fastighet\/villa-till-salu-i-genova-mallorca\/\" class=\"listing-featured-thumb hover-effect image-wrap\" role=\"link\">\n\t\t\t<img loading=\"lazy\" decoding=\"async\" width=\"584\" height=\"438\" src=\"https:\/\/www.mallorcaguru.es\/wp-content\/smush-avif\/2025\/08\/Genova-25-584x438.jpg.avif\" class=\"img-fluid wp-post-image\" alt=\"Villa till salu i G\u00e8nova Mallorca\" data-smush-avif-fallback=\"{&quot;src&quot;:&quot;https:\\\/\\\/www.mallorcaguru.es\\\/wp-content\\\/uploads\\\/2025\\\/08\\\/Genova-25-584x438.jpg&quot;}\" \/>\t\t<\/a><!-- hover-effect -->\n\t<\/div>\n<\/div>\t\t\t\t<div class=\"preview_loader\"><\/div>\n\t\t\t<\/div>\n\t\t\t<div class=\"item-body w-100 flex-fill\">\n\t\t\t\t<ul class=\"item-amenities item-amenities-with-icons mb-2\">\n\t\t\t\t\t<li class=\"h-type d-flex w-100\" role=\"listitem\"><span>Villa<\/span><\/li>\t\t\t\t<\/ul>\n\t\t\t\t<ul class=\"item-price-wrap d-flex align-items-end gap-3\" role=\"list\">\n\t\t\t\t\t<li class=\"item-price\"><span class=\"price\">3,200,000\u20ac<\/span><span class=\"price-postfix\"><\/span><\/li>\t\t\t\t<\/ul>\n\t\t\t\t<h2 class=\"item-title mb-2 \">\n\t<a target=\"_self\" href=\"https:\/\/www.mallorcaguru.es\/sv\/fastighet\/villa-till-salu-i-genova-mallorca\/\" role=\"link\">Villa till salu i G\u00e8nova Mallorca<\/a>\n<\/h2><!-- item-title -->\t\t\t\t<address class=\"item-address mb-2\"><i class=\"houzez-icon icon-pin me-1\" aria-hidden=\"true\"><\/i><span>Carrer del Rector Vives, Palma, Spain<\/span><\/address>\t\t\t\t<ul class=\"item-amenities item-amenities-with-icons d-flex flex-wrap align-items-center gap-2\" role=\"list\">\n\t<li class=\"h-property-id me-1\"><i class=\"houzez-icon icon-tags me-2\"><\/i><span class=\"item-amenities-text\">ID:<\/span> <span class=\"hz-figure\">925<\/span><\/li><li class=\"h-beds d-flex align-items-center me-1\"><i class=\"houzez-icon icon-hotel-double-bed-1 me-2\"><\/i><span class=\"item-amenities-text\">Sovrum:<\/span> <span class=\"hz-figure\">6<\/span><\/li><li class=\"h-baths d-flex align-items-center me-1\"><i class=\"houzez-icon icon-bathroom-shower-1 me-2\"><\/i><span class=\"item-amenities-text\">Bad:<\/span> <span class=\"hz-figure\">5<\/span><\/li><li class=\"h-area d-flex align-items-center me-1\"><i class=\"houzez-icon icon-ruler-triangle me-2\"><\/i><span class=\"hz-figure me-1\">526<\/span> <span class=\"hz-figure area_postfix\">m\u00b2<\/span><\/li><\/ul>\t\t\t<\/div>\n\t\t\t<div class=\"item-footer items-btns-count-1\">\n\t\t\t\t<div class=\"item-buttons-wrap d-flex justify-content-between gap-2\">\n\t\t\t\t\t\t\t\t<button type=\"button\" class=\"hz-email-popup-js btn btn-primary-outlined btn-item px-2 d-flex align-items-center justify-content-center flex-fill gap-1\" data-bs-toggle=\"modal\" data-model-id=\"email-popup-280619-AEU8W\">\n\t\t\t\t<i class=\"houzez-icon icon-envelope\"><\/i> Email\t\t\t<\/button>\n\t\t\t\t\t\t\t<\/div>\n\t\t\t<\/div>\n\t\t<\/div>\n\t<\/div>\n\t\t<div class=\"modal fade mobile-property-form\" id=\"email-popup-280619-AEU8W\">\n    <div class=\"modal-dialog\" role=\"document\">\n        <div class=\"modal-content\">\n            <div class=\"modal-header\">\n                <h5 class=\"modal-title\" id=\"phoneNumberModalLabel\">Contact me<\/h5>\n                <button type=\"button\" class=\"btn-close\" data-bs-dismiss=\"modal\" aria-label=\"Close\"><\/button>\n            <\/div><!-- modal-header -->\n            <div class=\"modal-body\">\n                <div class=\"property-form-wrap border-none\">\n                                    <div class=\"property-form\">\n                        <form method=\"post\" action=\"#\">\n                            \n                            <div class=\"agent-details\" role=\"region\"><div class=\"d-flex align-items-center gap-3\"><div class=\"agent-image\" role=\"img\"><img loading=\"lazy\" decoding=\"async\" class=\"rounded\" src=\"https:\/\/www.mallorcaguru.es\/wp-content\/themes\/houzez\/img\/profile-avatar.png\" alt=\"Mallorca Property Guru Admin\" width=\"70\" height=\"70\"><\/div><ul class=\"agent-information list-unstyled mb-0\" role=\"list\"><li class=\"agent-name\" role=\"listitem\"><i class=\"houzez-icon icon-single-neutral me-1\"><\/i> Mallorca Property Guru Admin<\/li><\/ul><\/div><\/div>\n                                                        <div class=\"form-group mb-2 mt-3\">\n                                <input class=\"form-control\" name=\"name\" value=\"\" type=\"text\" placeholder=\"Namn\">\n                            <\/div><!-- form-group -->\n                            \n                                \n                            <div class=\"form-group mb-2\">\n                                <input class=\"form-control\" name=\"mobile\" value=\"\" type=\"text\" placeholder=\"Telefon\">\n                            <\/div><!-- form-group -->\n                            \n                            <div class=\"form-group mb-2\">\n                                <input class=\"form-control\" name=\"email\" value=\"\" type=\"email\" placeholder=\"E-post\">\n                            <\/div><!-- form-group -->\n\n                              \n                            <div class=\"form-group form-group-textarea mb-2\">\n                                <textarea class=\"form-control hz-form-message\" name=\"message\" rows=\"4\" placeholder=\"Meddelande\">Hej, jag \u00e4r intresserad av [Villa till salu i G\u00e8nova Mallorca]<\/textarea>\n                            <\/div><!-- form-group -->   \n                            \n                            \n                                                        <div class=\"form-group my-3\">\n                                <label class=\"control control--checkbox m-0 p-0 hz-no-gdpr-checkbox\">\n                                                                        <div class=\"gdpr-text-wrap\">\n                                        Genom att skicka in denna blankett godk\u00e4nner jag <a target=\"_blank\" href=\"https:\/\/www.mallorcaguru.es\/sv\/villkor\/\">Anv\u00e4ndarvillkor<\/a>\n                                    <\/div>\n                                <\/label>\n                            <\/div><!-- form-group -->   \n                                  \n                        \n                                                            <input type=\"hidden\" name=\"target_email\" value=\"&#105;&#110;f&#111;&#64;m&#97;l&#108;o&#114;&#99;&#97;&#103;&#117;&#114;u&#46;&#101;s\">\n                                                        <input type=\"hidden\" name=\"property_agent_contact_security\" value=\"a50bbda332\"\/>\n                            <input type=\"hidden\" name=\"property_permalink\" value=\"https:\/\/www.mallorcaguru.es\/sv\/fastighet\/villa-till-salu-i-genova-mallorca\/\"\/>\n                            <input type=\"hidden\" name=\"property_title\" value=\"Villa till salu i G\u00e8nova Mallorca\"\/>\n                            <input type=\"hidden\" name=\"property_id\" value=\"925\"\/>\n                            <input type=\"hidden\" name=\"action\" value=\"houzez_property_agent_contact\">\n                            <input type=\"hidden\" name=\"listing_id\" value=\"280619\">\n                            <input type=\"hidden\" name=\"is_listing_form\" value=\"yes\">\n                            <input type=\"hidden\" name=\"agent_id\" value=\"1\">\n                            <input type=\"hidden\" name=\"agent_type\" value=\"\">\n\n                                                        <div class=\"form_messages\"><\/div>\n                            <button type=\"button\" class=\"houzez_agent_property_form btn btn-secondary w-100\">\n                                <span class=\"houzez-loader-js houzez-hidden spinner-border spinner-border-sm\" aria-hidden=\"true\"><\/span>                                Skicka Epost                                \n                            <\/button>\n                            \n                        <\/form>\n                    <\/div><!-- property-form -->\n                    \n                            <\/div><!-- property-form-wrap -->\n\n    \n            <\/div>\n        <\/div>\n    <\/div>\n<\/div>\n<\/div>\n<div class=\"item-listing-wrap item-wrap-v9 hz-item-gallery-js hz-map-trigger\" data-hz-id=\"263260\" data-images=\"[{&quot;image&quot;:&quot;https:\\\/\\\/www.mallorcaguru.es\\\/wp-content\\\/smush-avif\\\/2025\\\/08\\\/Villa-Son-Serra-de-Mallorca-1-584x438.jpeg.avif&quot;,&quot;alt&quot;:&quot;Strandn\\u00e4ra villa i Son Serra de Marina&quot;,&quot;width&quot;:584,&quot;height&quot;:438,&quot;srcset&quot;:false,&quot;sizes&quot;:&quot;(max-width: 584px) 100vw, 584px&quot;},{&quot;image&quot;:&quot;https:\\\/\\\/www.mallorcaguru.es\\\/wp-content\\\/smush-avif\\\/2025\\\/08\\\/Villa-Son-Serra-de-Mallorca-1-584x438.jpeg.avif&quot;,&quot;alt&quot;:&quot;Strandn\\u00e4ra villa i Son Serra de Marina&quot;,&quot;width&quot;:584,&quot;height&quot;:438,&quot;srcset&quot;:false,&quot;sizes&quot;:&quot;(max-width: 584px) 100vw, 584px&quot;},{&quot;image&quot;:&quot;https:\\\/\\\/www.mallorcaguru.es\\\/wp-content\\\/smush-avif\\\/2025\\\/08\\\/Villa-Son-Serra-de-Mallorca-3-584x438.jpeg.avif&quot;,&quot;alt&quot;:&quot;&quot;,&quot;width&quot;:584,&quot;height&quot;:438,&quot;srcset&quot;:false,&quot;sizes&quot;:&quot;(max-width: 584px) 100vw, 584px&quot;}]\">\n\t<div class=\"item-wrap item-wrap-no-frame h-100\">\n\t\t<div class=\"d-flex flex-column align-items-center h-100\">\n\t\t\t<div class=\"item-header\">\n\t\t\t\t<span class=\"label-featured label me-1\" role=\"status\">Utvalda<\/span>\t\t\t\t<div class=\"labels-wrap d-flex align-items-center gap-1\" role=\"group\"> \n\n\t<a href=\"https:\/\/www.mallorcaguru.es\/sv\/status\/fastigheter-till-salu-mallorca\/\" class=\"label-status label status-color-765\">\n\t\t\t\t\tTill salu\n\t\t\t\t<\/a><a href=\"https:\/\/www.mallorcaguru.es\/sv\/etikettera\/fastigheter-med-havsutsikt-till-salu-pa\/\" class=\"hz-label label label-color-3931\">\n\t\t\t\t\tFastigheter med havsutsikt till salu p\u00e5 Mallorca | Kustbost\u00e4der\n\t\t\t\t<\/a><a href=\"https:\/\/www.mallorcaguru.es\/sv\/etikettera\/licensierade-renoveringsprojekt-till-forsaljning-mallorca\/\" class=\"hz-label label label-color-3860\">\n\t\t\t\t\tRenoveringsprojekt\n\t\t\t\t<\/a>       \n\n<\/div>\n\t\t\t\t<ul class=\"item-tools d-flex align-items-center justify-content-center gap-1\">\n        <li class=\"item-tool item-preview\">\n        <span class=\"hz-show-lightbox-js item-tool-preview text-center\" data-listid=\"263260\">\n            <span data-bs-toggle=\"tooltip\" data-bs-placement=\"top\" title=\"F\u00f6rhandsgranska\">\n                <i class=\"houzez-icon icon-expand-3\"><\/i>   \n            <\/span>\n        <\/span><!-- item-tool-favorite -->\n    <\/li><!-- item-tool -->\n        \n        <li class=\"item-tool item-favorite\">\n        <span class=\"add-favorite-js item-tool-favorite text-center\" data-bs-toggle=\"tooltip\" data-bs-placement=\"top\" title=\"Favorit\" data-listid=\"263260\">\n            <i class=\"houzez-icon icon-love-it \"><\/i>\n        <\/span><!-- item-tool-favorite -->\n    <\/li><!-- item-tool -->\n    \n        <li class=\"item-tool item-compare\">\n        <span class=\"houzez_compare compare-263260 item-tool-compare text-center\" data-bs-toggle=\"tooltip\" data-bs-placement=\"top\" title=\"L\u00e4gg till j\u00e4mf\u00f6relse\" data-listing_id=\"263260\" data-listing_image=\"https:\/\/www.mallorcaguru.es\/wp-content\/uploads\/2025\/08\/Villa-Son-Serra-de-Mallorca-1-584x438.jpeg\">\n            <i class=\"houzez-icon icon-add-circle\"><\/i>\n            <!-- <i class=\"houzez-icon icon-subtract-circle\"><\/i> -->\n        <\/span><!-- item-tool-compare -->\n    <\/li><!-- item-tool -->\n    <\/ul><!-- item-tools -->\n\t\t\t\t<div class=\"listing-image-wrap\">\n\t<div class=\"listing-thumb\">\n\t\t<a target=\"_self\" href=\"https:\/\/www.mallorcaguru.es\/sv\/fastighet\/strandnara-villa-i-son-serra-de-marina\/\" class=\"listing-featured-thumb hover-effect image-wrap\" role=\"link\">\n\t\t\t<img loading=\"lazy\" decoding=\"async\" width=\"584\" height=\"438\" src=\"https:\/\/www.mallorcaguru.es\/wp-content\/smush-avif\/2025\/08\/Villa-Son-Serra-de-Mallorca-1-584x438.jpeg.avif\" class=\"img-fluid wp-post-image\" alt=\"Strandn\u00e4ra villa i Son Serra de Marina\" data-smush-avif-fallback=\"{&quot;src&quot;:&quot;https:\\\/\\\/www.mallorcaguru.es\\\/wp-content\\\/uploads\\\/2025\\\/08\\\/Villa-Son-Serra-de-Mallorca-1-584x438.jpeg&quot;}\" \/>\t\t<\/a><!-- hover-effect -->\n\t<\/div>\n<\/div>\t\t\t\t<div class=\"preview_loader\"><\/div>\n\t\t\t<\/div>\n\t\t\t<div class=\"item-body w-100 flex-fill\">\n\t\t\t\t<ul class=\"item-amenities item-amenities-with-icons mb-2\">\n\t\t\t\t\t<li class=\"h-type d-flex w-100\" role=\"listitem\"><span>Villa<\/span><\/li>\t\t\t\t<\/ul>\n\t\t\t\t<ul class=\"item-price-wrap d-flex align-items-end gap-3\" role=\"list\">\n\t\t\t\t\t<li class=\"item-price\"><span class=\"price\">1,400,000\u20ac<\/span><span class=\"price-postfix\"><\/span><\/li>\t\t\t\t<\/ul>\n\t\t\t\t<h2 class=\"item-title mb-2 \">\n\t<a target=\"_self\" href=\"https:\/\/www.mallorcaguru.es\/sv\/fastighet\/strandnara-villa-i-son-serra-de-marina\/\" role=\"link\">Strandn\u00e4ra villa i Son Serra de Marina<\/a>\n<\/h2><!-- item-title -->\t\t\t\t<address class=\"item-address mb-2\"><i class=\"houzez-icon icon-pin me-1\" aria-hidden=\"true\"><\/i><span>Son Serra de Marina, Passeig Mar\u00edtim, Son Serra de Marina, Spain<\/span><\/address>\t\t\t\t<ul class=\"item-amenities item-amenities-with-icons d-flex flex-wrap align-items-center gap-2\" role=\"list\">\n\t<li class=\"h-property-id me-1\"><i class=\"houzez-icon icon-tags me-2\"><\/i><span class=\"item-amenities-text\">ID:<\/span> <span class=\"hz-figure\">891<\/span><\/li><li class=\"h-beds d-flex align-items-center me-1\"><i class=\"houzez-icon icon-hotel-double-bed-1 me-2\"><\/i><span class=\"item-amenities-text\">Sovrum:<\/span> <span class=\"hz-figure\">3<\/span><\/li><li class=\"h-baths d-flex align-items-center me-1\"><i class=\"houzez-icon icon-bathroom-shower-1 me-2\"><\/i><span class=\"item-amenities-text\">Bath:<\/span> <span class=\"hz-figure\">1<\/span><\/li><li class=\"h-area d-flex align-items-center me-1\"><i class=\"houzez-icon icon-ruler-triangle me-2\"><\/i><span class=\"hz-figure me-1\">161<\/span> <span class=\"hz-figure area_postfix\">m\u00b2<\/span><\/li><\/ul>\t\t\t<\/div>\n\t\t\t<div class=\"item-footer items-btns-count-3\">\n\t\t\t\t<div class=\"item-buttons-wrap d-flex justify-content-between gap-2\">\n\t\t\t\t\t\t\t\t<button type=\"button\" class=\"hz-call-popup-js btn btn-primary-outlined btn-item px-2 d-flex align-items-center justify-content-center flex-fill gap-1\" data-bs-toggle=\"modal\" data-model-id=\"call-action-263260-AriVO\">\n\t\t\t\t<i class=\"houzez-icon icon-phone-actions-ring\"><\/i> Ring\t\t\t<\/button>\n\t\t \t\t\t\t<button type=\"button\" class=\"hz-email-popup-js btn btn-primary-outlined btn-item px-2 d-flex align-items-center justify-content-center flex-fill gap-1\" data-bs-toggle=\"modal\" data-model-id=\"email-popup-263260-AriVO\">\n\t\t\t\t<i class=\"houzez-icon icon-envelope\"><\/i> Email\t\t\t<\/button>\n\t\t\t\t\t\t<a class=\"btn btn-primary-outlined btn-item px-2 d-flex align-items-center justify-content-center flex-fill gap-1\" target=\"_blank\" href=\"https:\/\/api.whatsapp.com\/send?phone=+34671798832&text=Hej, jag \u00e4r intresserad av [Strandn\u00e4ra villa i Son Serra de Marina] https:\/\/www.mallorcaguru.es\/sv\/fastighet\/strandnara-villa-i-son-serra-de-marina\/\">\n\t\t\t\t<i class=\"houzez-icon icon-messaging-whatsapp\"><\/i> <span class=\"d-none d-md-block\">WhatsApp<\/span>\n\t\t\t<\/a>\n\t\t\t\t\t\t\t<\/div>\n\t\t\t<\/div>\n\t\t<\/div>\n\t<\/div>\n\t<div class=\"modal fade modal-phone-number\" id=\"call-action-263260-AriVO\" tabindex=\"-1\" aria-labelledby=\"phoneNumberModalLabel\" aria-hidden=\"true\">\n    <div class=\"modal-dialog\" role=\"document\">\n        <div class=\"modal-content\">\n            <div class=\"modal-header\">\n                <h5 class=\"modal-title\" id=\"phoneNumberModalLabel\">Kontakta oss<\/h5>\n                <button type=\"button\" class=\"btn-close\" data-bs-dismiss=\"modal\" aria-label=\"St\u00e4nga\"><\/button>\n            <\/div><!-- modal-header -->\n            <div class=\"modal-body\">\n                <p class=\"modal-body-phone-number-text\">\n                    Please quote property reference<br>\n\n                    <strong>Mallorca Property Guru - 891<\/strong>\n                <\/p>\n                <p class=\"modal-body-phone-number-number\">\n                     <a class=\"btn btn-primary-outlined\" href=\"tel:+34671798832\"><i class=\"houzez-icon icon-phone-actions-ring\"><\/i> +34 671 798 832<\/a>\n                <\/p>\n            <\/div><!-- modal-body -->\n        <\/div><!-- modal-content -->\n    <\/div><!-- modal-dialog -->\n<\/div><!-- login-register-form -->\n\t<div class=\"modal fade mobile-property-form\" id=\"email-popup-263260-AriVO\">\n    <div class=\"modal-dialog\" role=\"document\">\n        <div class=\"modal-content\">\n            <div class=\"modal-header\">\n                <h5 class=\"modal-title\" id=\"phoneNumberModalLabel\">Contact me<\/h5>\n                <button type=\"button\" class=\"btn-close\" data-bs-dismiss=\"modal\" aria-label=\"Close\"><\/button>\n            <\/div><!-- modal-header -->\n            <div class=\"modal-body\">\n                <div class=\"property-form-wrap border-none\">\n                                    <div class=\"property-form\">\n                        <form method=\"post\" action=\"#\">\n                            \n                            <div class=\"agent-details\" role=\"region\"><div class=\"d-flex align-items-center gap-3\"><div class=\"agent-image\" role=\"img\"><img loading=\"lazy\" decoding=\"async\" class=\"rounded\" src=\"https:\/\/www.mallorcaguru.es\/wp-content\/smush-avif\/2022\/03\/Mallorca-Property-Guru-Logo-2025-150x150.png.avif\" alt=\"Mallorca Property Guru Saionara Jackson\" width=\"70\" height=\"70\" data-smush-avif-fallback=\"{&quot;src&quot;:&quot;https:\\\/\\\/www.mallorcaguru.es\\\/wp-content\\\/uploads\\\/2022\\\/03\\\/Mallorca-Property-Guru-Logo-2025-150x150.png&quot;}\"><span class=\"badge btn-secondary agent-verified-icon\"><i class=\"houzez-icon icon-check-circle-1\"><\/i><\/span><\/div><ul class=\"agent-information list-unstyled mb-0\" role=\"list\"><li class=\"agent-name\" role=\"listitem\"><i class=\"houzez-icon icon-single-neutral me-1\"><\/i> Mallorca Property Guru Saionara Jackson<\/li><\/ul><\/div><\/div>\n                                                        <div class=\"form-group mb-2 mt-3\">\n                                <input class=\"form-control\" name=\"name\" value=\"\" type=\"text\" placeholder=\"Namn\">\n                            <\/div><!-- form-group -->\n                            \n                                \n                            <div class=\"form-group mb-2\">\n                                <input class=\"form-control\" name=\"mobile\" value=\"\" type=\"text\" placeholder=\"Telefon\">\n                            <\/div><!-- form-group -->\n                            \n                            <div class=\"form-group mb-2\">\n                                <input class=\"form-control\" name=\"email\" value=\"\" type=\"email\" placeholder=\"E-post\">\n                            <\/div><!-- form-group -->\n\n                              \n                            <div class=\"form-group form-group-textarea mb-2\">\n                                <textarea class=\"form-control hz-form-message\" name=\"message\" rows=\"4\" placeholder=\"Meddelande\">Hej, jag \u00e4r intresserad av [Strandn\u00e4ra villa i Son Serra de Marina]<\/textarea>\n                            <\/div><!-- form-group -->   \n                            \n                            \n                                                        <div class=\"form-group my-3\">\n                                <label class=\"control control--checkbox m-0 p-0 hz-no-gdpr-checkbox\">\n                                                                        <div class=\"gdpr-text-wrap\">\n                                        Genom att skicka in denna blankett godk\u00e4nner jag <a target=\"_blank\" href=\"https:\/\/www.mallorcaguru.es\/sv\/villkor\/\">Anv\u00e4ndarvillkor<\/a>\n                                    <\/div>\n                                <\/label>\n                            <\/div><!-- form-group -->   \n                                  \n                        \n                                                            <input type=\"hidden\" name=\"target_email\" value=\"&#115;&#97;i&#111;&#110;a&#114;a&#64;&#109;a&#108;l&#111;&#114;&#99;&#97;g&#117;ru&#46;&#101;s\">\n                                                        <input type=\"hidden\" name=\"property_agent_contact_security\" value=\"a50bbda332\"\/>\n                            <input type=\"hidden\" name=\"property_permalink\" value=\"https:\/\/www.mallorcaguru.es\/sv\/fastighet\/strandnara-villa-i-son-serra-de-marina\/\"\/>\n                            <input type=\"hidden\" name=\"property_title\" value=\"Strandn\u00e4ra villa i Son Serra de Marina\"\/>\n                            <input type=\"hidden\" name=\"property_id\" value=\"891\"\/>\n                            <input type=\"hidden\" name=\"action\" value=\"houzez_property_agent_contact\">\n                            <input type=\"hidden\" name=\"listing_id\" value=\"263260\">\n                            <input type=\"hidden\" name=\"is_listing_form\" value=\"yes\">\n                            <input type=\"hidden\" name=\"agent_id\" value=\"4999\">\n                            <input type=\"hidden\" name=\"agent_type\" value=\"agent_info\">\n\n                                                        <div class=\"form_messages\"><\/div>\n                            <button type=\"button\" class=\"houzez_agent_property_form btn btn-secondary w-100\">\n                                <span class=\"houzez-loader-js houzez-hidden spinner-border spinner-border-sm\" aria-hidden=\"true\"><\/span>                                Skicka Epost                                \n                            <\/button>\n                            \n                        <\/form>\n                    <\/div><!-- property-form -->\n                    \n                            <\/div><!-- property-form-wrap -->\n\n    \n            <\/div>\n        <\/div>\n    <\/div>\n<\/div>\n<\/div>\n<div class=\"item-listing-wrap item-wrap-v9 hz-item-gallery-js hz-map-trigger\" data-hz-id=\"263016\" data-images=\"[{&quot;image&quot;:&quot;https:\\\/\\\/www.mallorcaguru.es\\\/wp-content\\\/smush-avif\\\/2025\\\/08\\\/Playa-Son-Serra-de-Maria-01-584x438.jpg.avif&quot;,&quot;alt&quot;:&quot;Villa med ETV-licens och havsutsikt&quot;,&quot;width&quot;:584,&quot;height&quot;:438,&quot;srcset&quot;:false,&quot;sizes&quot;:&quot;(max-width: 584px) 100vw, 584px&quot;},{&quot;image&quot;:&quot;https:\\\/\\\/www.mallorcaguru.es\\\/wp-content\\\/smush-avif\\\/2025\\\/08\\\/Playa-Son-Serra-de-Maria-01-584x438.jpg.avif&quot;,&quot;alt&quot;:&quot;Villa med ETV-licens och havsutsikt&quot;,&quot;width&quot;:584,&quot;height&quot;:438,&quot;srcset&quot;:false,&quot;sizes&quot;:&quot;(max-width: 584px) 100vw, 584px&quot;},{&quot;image&quot;:&quot;https:\\\/\\\/www.mallorcaguru.es\\\/wp-content\\\/smush-avif\\\/2025\\\/08\\\/Playa-Son-Serra-de-Maria-13-584x438.jpg.avif&quot;,&quot;alt&quot;:&quot;&quot;,&quot;width&quot;:584,&quot;height&quot;:438,&quot;srcset&quot;:false,&quot;sizes&quot;:&quot;(max-width: 584px) 100vw, 584px&quot;}]\">\n\t<div class=\"item-wrap item-wrap-no-frame h-100\">\n\t\t<div class=\"d-flex flex-column align-items-center h-100\">\n\t\t\t<div class=\"item-header\">\n\t\t\t\t<span class=\"label-featured label me-1\" role=\"status\">Utvalda<\/span>\t\t\t\t<div class=\"labels-wrap d-flex align-items-center gap-1\" role=\"group\"> \n\n\t<a href=\"https:\/\/www.mallorcaguru.es\/sv\/status\/fastigheter-till-salu-mallorca\/\" class=\"label-status label status-color-765\">\n\t\t\t\t\tTill salu\n\t\t\t\t<\/a><a href=\"https:\/\/www.mallorcaguru.es\/sv\/etikettera\/etv-licensierade-bostader-till-salu-pa-mallorca\/\" class=\"hz-label label label-color-3839\">\n\t\t\t\t\tETV-licensierade bost\u00e4der till salu p\u00e5 Mallorca\n\t\t\t\t<\/a><a href=\"https:\/\/www.mallorcaguru.es\/sv\/etikettera\/fastigheter-med-havsutsikt-till-salu-pa\/\" class=\"hz-label label label-color-3931\">\n\t\t\t\t\tFastigheter med havsutsikt till salu p\u00e5 Mallorca | Kustbost\u00e4der\n\t\t\t\t<\/a>       \n\n<\/div>\n\t\t\t\t<ul class=\"item-tools d-flex align-items-center justify-content-center gap-1\">\n        <li class=\"item-tool item-preview\">\n        <span class=\"hz-show-lightbox-js item-tool-preview text-center\" data-listid=\"263016\">\n            <span data-bs-toggle=\"tooltip\" data-bs-placement=\"top\" title=\"F\u00f6rhandsgranska\">\n                <i class=\"houzez-icon icon-expand-3\"><\/i>   \n            <\/span>\n        <\/span><!-- item-tool-favorite -->\n    <\/li><!-- item-tool -->\n        \n        <li class=\"item-tool item-favorite\">\n        <span class=\"add-favorite-js item-tool-favorite text-center\" data-bs-toggle=\"tooltip\" data-bs-placement=\"top\" title=\"Favorit\" data-listid=\"263016\">\n            <i class=\"houzez-icon icon-love-it \"><\/i>\n        <\/span><!-- item-tool-favorite -->\n    <\/li><!-- item-tool -->\n    \n        <li class=\"item-tool item-compare\">\n        <span class=\"houzez_compare compare-263016 item-tool-compare text-center\" data-bs-toggle=\"tooltip\" data-bs-placement=\"top\" title=\"L\u00e4gg till j\u00e4mf\u00f6relse\" data-listing_id=\"263016\" data-listing_image=\"https:\/\/www.mallorcaguru.es\/wp-content\/uploads\/2025\/08\/Playa-Son-Serra-de-Maria-01-584x438.jpg\">\n            <i class=\"houzez-icon icon-add-circle\"><\/i>\n            <!-- <i class=\"houzez-icon icon-subtract-circle\"><\/i> -->\n        <\/span><!-- item-tool-compare -->\n    <\/li><!-- item-tool -->\n    <\/ul><!-- item-tools -->\n\t\t\t\t<div class=\"listing-image-wrap\">\n\t<div class=\"listing-thumb\">\n\t\t<a target=\"_self\" href=\"https:\/\/www.mallorcaguru.es\/sv\/fastighet\/villa-med-etv-licens-och-havsutsikt\/\" class=\"listing-featured-thumb hover-effect image-wrap\" role=\"link\">\n\t\t\t<img loading=\"lazy\" decoding=\"async\" width=\"584\" height=\"438\" src=\"https:\/\/www.mallorcaguru.es\/wp-content\/smush-avif\/2025\/08\/Playa-Son-Serra-de-Maria-01-584x438.jpg.avif\" class=\"img-fluid wp-post-image\" alt=\"Villa med ETV-licens och havsutsikt\" data-smush-avif-fallback=\"{&quot;src&quot;:&quot;https:\\\/\\\/www.mallorcaguru.es\\\/wp-content\\\/uploads\\\/2025\\\/08\\\/Playa-Son-Serra-de-Maria-01-584x438.jpg&quot;}\" \/>\t\t<\/a><!-- hover-effect -->\n\t<\/div>\n<\/div>\t\t\t\t<div class=\"preview_loader\"><\/div>\n\t\t\t<\/div>\n\t\t\t<div class=\"item-body w-100 flex-fill\">\n\t\t\t\t<ul class=\"item-amenities item-amenities-with-icons mb-2\">\n\t\t\t\t\t<li class=\"h-type d-flex w-100\" role=\"listitem\"><span>Villa<\/span><\/li>\t\t\t\t<\/ul>\n\t\t\t\t<ul class=\"item-price-wrap d-flex align-items-end gap-3\" role=\"list\">\n\t\t\t\t\t<li class=\"item-price\"><span class=\"price\">1,300,000\u20ac<\/span><span class=\"price-postfix\"><\/span><\/li>\t\t\t\t<\/ul>\n\t\t\t\t<h2 class=\"item-title mb-2 \">\n\t<a target=\"_self\" href=\"https:\/\/www.mallorcaguru.es\/sv\/fastighet\/villa-med-etv-licens-och-havsutsikt\/\" role=\"link\">Villa med ETV-licens och havsutsikt<\/a>\n<\/h2><!-- item-title -->\t\t\t\t<address class=\"item-address mb-2\"><i class=\"houzez-icon icon-pin me-1\" aria-hidden=\"true\"><\/i><span>Platja de Son Serra de Marina, Spain<\/span><\/address>\t\t\t\t<ul class=\"item-amenities item-amenities-with-icons d-flex flex-wrap align-items-center gap-2\" role=\"list\">\n\t<li class=\"h-property-id me-1\"><i class=\"houzez-icon icon-tags me-2\"><\/i><span class=\"item-amenities-text\">ID:<\/span> <span class=\"hz-figure\">914<\/span><\/li><li class=\"h-beds d-flex align-items-center me-1\"><i class=\"houzez-icon icon-hotel-double-bed-1 me-2\"><\/i><span class=\"item-amenities-text\">Sovrum:<\/span> <span class=\"hz-figure\">5<\/span><\/li><li class=\"h-baths d-flex align-items-center me-1\"><i class=\"houzez-icon icon-bathroom-shower-1 me-2\"><\/i><span class=\"item-amenities-text\">Bad:<\/span> <span class=\"hz-figure\">2<\/span><\/li><li class=\"h-area d-flex align-items-center me-1\"><i class=\"houzez-icon icon-ruler-triangle me-2\"><\/i><span class=\"hz-figure me-1\">388<\/span> <span class=\"hz-figure area_postfix\">m\u00b2<\/span><\/li><\/ul>\t\t\t<\/div>\n\t\t\t<div class=\"item-footer items-btns-count-3\">\n\t\t\t\t<div class=\"item-buttons-wrap d-flex justify-content-between gap-2\">\n\t\t\t\t\t\t\t\t<button type=\"button\" class=\"hz-call-popup-js btn btn-primary-outlined btn-item px-2 d-flex align-items-center justify-content-center flex-fill gap-1\" data-bs-toggle=\"modal\" data-model-id=\"call-action-263016-GjcUL\">\n\t\t\t\t<i class=\"houzez-icon icon-phone-actions-ring\"><\/i> Ring\t\t\t<\/button>\n\t\t \t\t\t\t<button type=\"button\" class=\"hz-email-popup-js btn btn-primary-outlined btn-item px-2 d-flex align-items-center justify-content-center flex-fill gap-1\" data-bs-toggle=\"modal\" data-model-id=\"email-popup-263016-GjcUL\">\n\t\t\t\t<i class=\"houzez-icon icon-envelope\"><\/i> Email\t\t\t<\/button>\n\t\t\t\t\t\t<a class=\"btn btn-primary-outlined btn-item px-2 d-flex align-items-center justify-content-center flex-fill gap-1\" target=\"_blank\" href=\"https:\/\/api.whatsapp.com\/send?phone=+34671798832&text=Hej, jag \u00e4r intresserad av [Villa med ETV-licens och havsutsikt] https:\/\/www.mallorcaguru.es\/sv\/fastighet\/villa-med-etv-licens-och-havsutsikt\/\">\n\t\t\t\t<i class=\"houzez-icon icon-messaging-whatsapp\"><\/i> <span class=\"d-none d-md-block\">WhatsApp<\/span>\n\t\t\t<\/a>\n\t\t\t\t\t\t\t<\/div>\n\t\t\t<\/div>\n\t\t<\/div>\n\t<\/div>\n\t<div class=\"modal fade modal-phone-number\" id=\"call-action-263016-GjcUL\" tabindex=\"-1\" aria-labelledby=\"phoneNumberModalLabel\" aria-hidden=\"true\">\n    <div class=\"modal-dialog\" role=\"document\">\n        <div class=\"modal-content\">\n            <div class=\"modal-header\">\n                <h5 class=\"modal-title\" id=\"phoneNumberModalLabel\">Kontakta oss<\/h5>\n                <button type=\"button\" class=\"btn-close\" data-bs-dismiss=\"modal\" aria-label=\"St\u00e4nga\"><\/button>\n            <\/div><!-- modal-header -->\n            <div class=\"modal-body\">\n                <p class=\"modal-body-phone-number-text\">\n                    Please quote property reference<br>\n\n                    <strong>Mallorca Property Guru - 914<\/strong>\n                <\/p>\n                <p class=\"modal-body-phone-number-number\">\n                     <a class=\"btn btn-primary-outlined\" href=\"tel:+34671798832\"><i class=\"houzez-icon icon-phone-actions-ring\"><\/i> +34 671 798 832<\/a>\n                <\/p>\n            <\/div><!-- modal-body -->\n        <\/div><!-- modal-content -->\n    <\/div><!-- modal-dialog -->\n<\/div><!-- login-register-form -->\n\t<div class=\"modal fade mobile-property-form\" id=\"email-popup-263016-GjcUL\">\n    <div class=\"modal-dialog\" role=\"document\">\n        <div class=\"modal-content\">\n            <div class=\"modal-header\">\n                <h5 class=\"modal-title\" id=\"phoneNumberModalLabel\">Contact me<\/h5>\n                <button type=\"button\" class=\"btn-close\" data-bs-dismiss=\"modal\" aria-label=\"Close\"><\/button>\n            <\/div><!-- modal-header -->\n            <div class=\"modal-body\">\n                <div class=\"property-form-wrap border-none\">\n                                    <div class=\"property-form\">\n                        <form method=\"post\" action=\"#\">\n                            \n                            <div class=\"agent-details\" role=\"region\"><div class=\"d-flex align-items-center gap-3\"><div class=\"agent-image\" role=\"img\"><img loading=\"lazy\" decoding=\"async\" class=\"rounded\" src=\"https:\/\/www.mallorcaguru.es\/wp-content\/smush-avif\/2022\/03\/Mallorca-Property-Guru-Logo-2025-150x150.png.avif\" alt=\"Mallorca Property Guru Saionara Jackson\" width=\"70\" height=\"70\" data-smush-avif-fallback=\"{&quot;src&quot;:&quot;https:\\\/\\\/www.mallorcaguru.es\\\/wp-content\\\/uploads\\\/2022\\\/03\\\/Mallorca-Property-Guru-Logo-2025-150x150.png&quot;}\"><span class=\"badge btn-secondary agent-verified-icon\"><i class=\"houzez-icon icon-check-circle-1\"><\/i><\/span><\/div><ul class=\"agent-information list-unstyled mb-0\" role=\"list\"><li class=\"agent-name\" role=\"listitem\"><i class=\"houzez-icon icon-single-neutral me-1\"><\/i> Mallorca Property Guru Saionara Jackson<\/li><\/ul><\/div><\/div>\n                                                        <div class=\"form-group mb-2 mt-3\">\n                                <input class=\"form-control\" name=\"name\" value=\"\" type=\"text\" placeholder=\"Namn\">\n                            <\/div><!-- form-group -->\n                            \n                                \n                            <div class=\"form-group mb-2\">\n                                <input class=\"form-control\" name=\"mobile\" value=\"\" type=\"text\" placeholder=\"Telefon\">\n                            <\/div><!-- form-group -->\n                            \n                            <div class=\"form-group mb-2\">\n                                <input class=\"form-control\" name=\"email\" value=\"\" type=\"email\" placeholder=\"E-post\">\n                            <\/div><!-- form-group -->\n\n                              \n                            <div class=\"form-group form-group-textarea mb-2\">\n                                <textarea class=\"form-control hz-form-message\" name=\"message\" rows=\"4\" placeholder=\"Meddelande\">Hej, jag \u00e4r intresserad av [Villa med ETV-licens och havsutsikt]<\/textarea>\n                            <\/div><!-- form-group -->   \n                            \n                            \n                                                        <div class=\"form-group my-3\">\n                                <label class=\"control control--checkbox m-0 p-0 hz-no-gdpr-checkbox\">\n                                                                        <div class=\"gdpr-text-wrap\">\n                                        Genom att skicka in denna blankett godk\u00e4nner jag <a target=\"_blank\" href=\"https:\/\/www.mallorcaguru.es\/sv\/villkor\/\">Anv\u00e4ndarvillkor<\/a>\n                                    <\/div>\n                                <\/label>\n                            <\/div><!-- form-group -->   \n                                  \n                        \n                                                            <input type=\"hidden\" name=\"target_email\" value=\"&#115;&#97;&#105;&#111;n&#97;&#114;&#97;&#64;&#109;&#97;&#108;l&#111;&#114;&#99;&#97;&#103;&#117;&#114;u.es\">\n                                                        <input type=\"hidden\" name=\"property_agent_contact_security\" value=\"a50bbda332\"\/>\n                            <input type=\"hidden\" name=\"property_permalink\" value=\"https:\/\/www.mallorcaguru.es\/sv\/fastighet\/villa-med-etv-licens-och-havsutsikt\/\"\/>\n                            <input type=\"hidden\" name=\"property_title\" value=\"Villa med ETV-licens och havsutsikt\"\/>\n                            <input type=\"hidden\" name=\"property_id\" value=\"914\"\/>\n                            <input type=\"hidden\" name=\"action\" value=\"houzez_property_agent_contact\">\n                            <input type=\"hidden\" name=\"listing_id\" value=\"263016\">\n                            <input type=\"hidden\" name=\"is_listing_form\" value=\"yes\">\n                            <input type=\"hidden\" name=\"agent_id\" value=\"4999\">\n                            <input type=\"hidden\" name=\"agent_type\" value=\"agent_info\">\n\n                                                        <div class=\"form_messages\"><\/div>\n                            <button type=\"button\" class=\"houzez_agent_property_form btn btn-secondary w-100\">\n                                <span class=\"houzez-loader-js houzez-hidden spinner-border spinner-border-sm\" aria-hidden=\"true\"><\/span>                                Skicka Epost                                \n                            <\/button>\n                            \n                        <\/form>\n                    <\/div><!-- property-form -->\n                    \n                            <\/div><!-- property-form-wrap -->\n\n    \n            <\/div>\n        <\/div>\n    <\/div>\n<\/div>\n<\/div>\n<div class=\"item-listing-wrap item-wrap-v9 hz-item-gallery-js hz-map-trigger\" data-hz-id=\"262140\" data-images=\"[{&quot;image&quot;:&quot;https:\\\/\\\/www.mallorcaguru.es\\\/wp-content\\\/smush-avif\\\/2025\\\/08\\\/Son-Serra-de-Marina-ETV07-584x438.jpg.avif&quot;,&quot;alt&quot;:&quot;Hus i frontlinjen i Son Serra de Marina&quot;,&quot;width&quot;:584,&quot;height&quot;:438,&quot;srcset&quot;:false,&quot;sizes&quot;:&quot;(max-width: 584px) 100vw, 584px&quot;},{&quot;image&quot;:&quot;https:\\\/\\\/www.mallorcaguru.es\\\/wp-content\\\/smush-avif\\\/2025\\\/08\\\/Son-Serra-de-Marina-ETV02-584x438.jpg.avif&quot;,&quot;alt&quot;:&quot;&quot;,&quot;width&quot;:584,&quot;height&quot;:438,&quot;srcset&quot;:false,&quot;sizes&quot;:&quot;(max-width: 584px) 100vw, 584px&quot;},{&quot;image&quot;:&quot;https:\\\/\\\/www.mallorcaguru.es\\\/wp-content\\\/smush-avif\\\/2025\\\/08\\\/Son-Serra-de-Marina-ETV04-584x438.jpg.avif&quot;,&quot;alt&quot;:&quot;&quot;,&quot;width&quot;:584,&quot;height&quot;:438,&quot;srcset&quot;:false,&quot;sizes&quot;:&quot;(max-width: 584px) 100vw, 584px&quot;}]\">\n\t<div class=\"item-wrap item-wrap-no-frame h-100\">\n\t\t<div class=\"d-flex flex-column align-items-center h-100\">\n\t\t\t<div class=\"item-header\">\n\t\t\t\t<span class=\"label-featured label me-1\" role=\"status\">Utvalda<\/span>\t\t\t\t<div class=\"labels-wrap d-flex align-items-center gap-1\" role=\"group\"> \n\n\t<a href=\"https:\/\/www.mallorcaguru.es\/sv\/status\/fastigheter-till-salu-mallorca\/\" class=\"label-status label status-color-765\">\n\t\t\t\t\tTill salu\n\t\t\t\t<\/a><a href=\"https:\/\/www.mallorcaguru.es\/sv\/etikettera\/etv-licensierade-bostader-till-salu-pa-mallorca\/\" class=\"hz-label label label-color-3839\">\n\t\t\t\t\tETV-licensierade bost\u00e4der till salu p\u00e5 Mallorca\n\t\t\t\t<\/a><a href=\"https:\/\/www.mallorcaguru.es\/sv\/etikettera\/fastigheter-med-havsutsikt-till-salu-pa\/\" class=\"hz-label label label-color-3931\">\n\t\t\t\t\tFastigheter med havsutsikt till salu p\u00e5 Mallorca | Kustbost\u00e4der\n\t\t\t\t<\/a>       \n\n<\/div>\n\t\t\t\t<ul class=\"item-tools d-flex align-items-center justify-content-center gap-1\">\n        <li class=\"item-tool item-preview\">\n        <span class=\"hz-show-lightbox-js item-tool-preview text-center\" data-listid=\"262140\">\n            <span data-bs-toggle=\"tooltip\" data-bs-placement=\"top\" title=\"F\u00f6rhandsgranska\">\n                <i class=\"houzez-icon icon-expand-3\"><\/i>   \n            <\/span>\n        <\/span><!-- item-tool-favorite -->\n    <\/li><!-- item-tool -->\n        \n        <li class=\"item-tool item-favorite\">\n        <span class=\"add-favorite-js item-tool-favorite text-center\" data-bs-toggle=\"tooltip\" data-bs-placement=\"top\" title=\"Favorit\" data-listid=\"262140\">\n            <i class=\"houzez-icon icon-love-it \"><\/i>\n        <\/span><!-- item-tool-favorite -->\n    <\/li><!-- item-tool -->\n    \n        <li class=\"item-tool item-compare\">\n        <span class=\"houzez_compare compare-262140 item-tool-compare text-center\" data-bs-toggle=\"tooltip\" data-bs-placement=\"top\" title=\"L\u00e4gg till j\u00e4mf\u00f6relse\" data-listing_id=\"262140\" data-listing_image=\"https:\/\/www.mallorcaguru.es\/wp-content\/uploads\/2025\/08\/Son-Serra-de-Marina-ETV07-584x438.jpg\">\n            <i class=\"houzez-icon icon-add-circle\"><\/i>\n            <!-- <i class=\"houzez-icon icon-subtract-circle\"><\/i> -->\n        <\/span><!-- item-tool-compare -->\n    <\/li><!-- item-tool -->\n    <\/ul><!-- item-tools -->\n\t\t\t\t<div class=\"listing-image-wrap\">\n\t<div class=\"listing-thumb\">\n\t\t<a target=\"_self\" href=\"https:\/\/www.mallorcaguru.es\/sv\/fastighet\/hus-i-frontlinjen-i-son-serra-de-marina\/\" class=\"listing-featured-thumb hover-effect image-wrap\" role=\"link\">\n\t\t\t<img loading=\"lazy\" decoding=\"async\" width=\"584\" height=\"438\" src=\"https:\/\/www.mallorcaguru.es\/wp-content\/smush-avif\/2025\/08\/Son-Serra-de-Marina-ETV07-584x438.jpg.avif\" class=\"img-fluid wp-post-image\" alt=\"Hus i frontlinjen i Son Serra de Marina\" data-smush-avif-fallback=\"{&quot;src&quot;:&quot;https:\\\/\\\/www.mallorcaguru.es\\\/wp-content\\\/uploads\\\/2025\\\/08\\\/Son-Serra-de-Marina-ETV07-584x438.jpg&quot;}\" \/>\t\t<\/a><!-- hover-effect -->\n\t<\/div>\n<\/div>\t\t\t\t<div class=\"preview_loader\"><\/div>\n\t\t\t<\/div>\n\t\t\t<div class=\"item-body w-100 flex-fill\">\n\t\t\t\t<ul class=\"item-amenities item-amenities-with-icons mb-2\">\n\t\t\t\t\t<li class=\"h-type d-flex w-100\" role=\"listitem\"><span>Byhus<\/span><\/li>\t\t\t\t<\/ul>\n\t\t\t\t<ul class=\"item-price-wrap d-flex align-items-end gap-3\" role=\"list\">\n\t\t\t\t\t<li class=\"item-price\"><span class=\"price\">975,000\u20ac<\/span><span class=\"price-postfix\"><\/span><\/li>\t\t\t\t<\/ul>\n\t\t\t\t<h2 class=\"item-title mb-2 \">\n\t<a target=\"_self\" href=\"https:\/\/www.mallorcaguru.es\/sv\/fastighet\/hus-i-frontlinjen-i-son-serra-de-marina\/\" role=\"link\">Hus i frontlinjen i Son Serra de Marina<\/a>\n<\/h2><!-- item-title -->\t\t\t\t<address class=\"item-address mb-2\"><i class=\"houzez-icon icon-pin me-1\" aria-hidden=\"true\"><\/i><span>Carrer Joan Frontera Riera, Son Serra de Marina, Spain<\/span><\/address>\t\t\t\t<ul class=\"item-amenities item-amenities-with-icons d-flex flex-wrap align-items-center gap-2\" role=\"list\">\n\t<li class=\"h-property-id me-1\"><i class=\"houzez-icon icon-tags me-2\"><\/i><span class=\"item-amenities-text\">ID:<\/span> <span class=\"hz-figure\">892<\/span><\/li><li class=\"h-beds d-flex align-items-center me-1\"><i class=\"houzez-icon icon-hotel-double-bed-1 me-2\"><\/i><span class=\"item-amenities-text\">Sovrum:<\/span> <span class=\"hz-figure\">3<\/span><\/li><li class=\"h-baths d-flex align-items-center me-1\"><i class=\"houzez-icon icon-bathroom-shower-1 me-2\"><\/i><span class=\"item-amenities-text\">Bad:<\/span> <span class=\"hz-figure\">2<\/span><\/li><li class=\"h-area d-flex align-items-center me-1\"><i class=\"houzez-icon icon-ruler-triangle me-2\"><\/i><span class=\"hz-figure me-1\">143<\/span> <span class=\"hz-figure area_postfix\">m\u00b2<\/span><\/li><\/ul>\t\t\t<\/div>\n\t\t\t<div class=\"item-footer items-btns-count-3\">\n\t\t\t\t<div class=\"item-buttons-wrap d-flex justify-content-between gap-2\">\n\t\t\t\t\t\t\t\t<button type=\"button\" class=\"hz-call-popup-js btn btn-primary-outlined btn-item px-2 d-flex align-items-center justify-content-center flex-fill gap-1\" data-bs-toggle=\"modal\" data-model-id=\"call-action-262140-SeGSx\">\n\t\t\t\t<i class=\"houzez-icon icon-phone-actions-ring\"><\/i> Ring\t\t\t<\/button>\n\t\t \t\t\t\t<button type=\"button\" class=\"hz-email-popup-js btn btn-primary-outlined btn-item px-2 d-flex align-items-center justify-content-center flex-fill gap-1\" data-bs-toggle=\"modal\" data-model-id=\"email-popup-262140-SeGSx\">\n\t\t\t\t<i class=\"houzez-icon icon-envelope\"><\/i> Email\t\t\t<\/button>\n\t\t\t\t\t\t<a class=\"btn btn-primary-outlined btn-item px-2 d-flex align-items-center justify-content-center flex-fill gap-1\" target=\"_blank\" href=\"https:\/\/api.whatsapp.com\/send?phone=+34671798832&text=Hej, jag \u00e4r intresserad av [Hus i frontlinjen i Son Serra de Marina] https:\/\/www.mallorcaguru.es\/sv\/fastighet\/hus-i-frontlinjen-i-son-serra-de-marina\/\">\n\t\t\t\t<i class=\"houzez-icon icon-messaging-whatsapp\"><\/i> <span class=\"d-none d-md-block\">WhatsApp<\/span>\n\t\t\t<\/a>\n\t\t\t\t\t\t\t<\/div>\n\t\t\t<\/div>\n\t\t<\/div>\n\t<\/div>\n\t<div class=\"modal fade modal-phone-number\" id=\"call-action-262140-SeGSx\" tabindex=\"-1\" aria-labelledby=\"phoneNumberModalLabel\" aria-hidden=\"true\">\n    <div class=\"modal-dialog\" role=\"document\">\n        <div class=\"modal-content\">\n            <div class=\"modal-header\">\n                <h5 class=\"modal-title\" id=\"phoneNumberModalLabel\">Kontakta oss<\/h5>\n                <button type=\"button\" class=\"btn-close\" data-bs-dismiss=\"modal\" aria-label=\"St\u00e4nga\"><\/button>\n            <\/div><!-- modal-header -->\n            <div class=\"modal-body\">\n                <p class=\"modal-body-phone-number-text\">\n                    Please quote property reference<br>\n\n                    <strong>Mallorca Property Guru - 892<\/strong>\n                <\/p>\n                <p class=\"modal-body-phone-number-number\">\n                     <a class=\"btn btn-primary-outlined\" href=\"tel:+34671798832\"><i class=\"houzez-icon icon-phone-actions-ring\"><\/i> +34 671 798 832<\/a>\n                <\/p>\n            <\/div><!-- modal-body -->\n        <\/div><!-- modal-content -->\n    <\/div><!-- modal-dialog -->\n<\/div><!-- login-register-form -->\n\t<div class=\"modal fade mobile-property-form\" id=\"email-popup-262140-SeGSx\">\n    <div class=\"modal-dialog\" role=\"document\">\n        <div class=\"modal-content\">\n            <div class=\"modal-header\">\n                <h5 class=\"modal-title\" id=\"phoneNumberModalLabel\">Contact me<\/h5>\n                <button type=\"button\" class=\"btn-close\" data-bs-dismiss=\"modal\" aria-label=\"Close\"><\/button>\n            <\/div><!-- modal-header -->\n            <div class=\"modal-body\">\n                <div class=\"property-form-wrap border-none\">\n                                    <div class=\"property-form\">\n                        <form method=\"post\" action=\"#\">\n                            \n                            <div class=\"agent-details\" role=\"region\"><div class=\"d-flex align-items-center gap-3\"><div class=\"agent-image\" role=\"img\"><img loading=\"lazy\" decoding=\"async\" class=\"rounded\" src=\"https:\/\/www.mallorcaguru.es\/wp-content\/smush-avif\/2022\/03\/Mallorca-Property-Guru-Logo-2025-150x150.png.avif\" alt=\"Mallorca Property Guru Saionara Jackson\" width=\"70\" height=\"70\" data-smush-avif-fallback=\"{&quot;src&quot;:&quot;https:\\\/\\\/www.mallorcaguru.es\\\/wp-content\\\/uploads\\\/2022\\\/03\\\/Mallorca-Property-Guru-Logo-2025-150x150.png&quot;}\"><span class=\"badge btn-secondary agent-verified-icon\"><i class=\"houzez-icon icon-check-circle-1\"><\/i><\/span><\/div><ul class=\"agent-information list-unstyled mb-0\" role=\"list\"><li class=\"agent-name\" role=\"listitem\"><i class=\"houzez-icon icon-single-neutral me-1\"><\/i> Mallorca Property Guru Saionara Jackson<\/li><\/ul><\/div><\/div>\n                                                        <div class=\"form-group mb-2 mt-3\">\n                                <input class=\"form-control\" name=\"name\" value=\"\" type=\"text\" placeholder=\"Namn\">\n                            <\/div><!-- form-group -->\n                            \n                                \n                            <div class=\"form-group mb-2\">\n                                <input class=\"form-control\" name=\"mobile\" value=\"\" type=\"text\" placeholder=\"Telefon\">\n                            <\/div><!-- form-group -->\n                            \n                            <div class=\"form-group mb-2\">\n                                <input class=\"form-control\" name=\"email\" value=\"\" type=\"email\" placeholder=\"E-post\">\n                            <\/div><!-- form-group -->\n\n                              \n                            <div class=\"form-group form-group-textarea mb-2\">\n                                <textarea class=\"form-control hz-form-message\" name=\"message\" rows=\"4\" placeholder=\"Meddelande\">Hej, jag \u00e4r intresserad av [Hus i frontlinjen i Son Serra de Marina]<\/textarea>\n                            <\/div><!-- form-group -->   \n                            \n                            \n                                                        <div class=\"form-group my-3\">\n                                <label class=\"control control--checkbox m-0 p-0 hz-no-gdpr-checkbox\">\n                                                                        <div class=\"gdpr-text-wrap\">\n                                        Genom att skicka in denna blankett godk\u00e4nner jag <a target=\"_blank\" href=\"https:\/\/www.mallorcaguru.es\/sv\/villkor\/\">Anv\u00e4ndarvillkor<\/a>\n                                    <\/div>\n                                <\/label>\n                            <\/div><!-- form-group -->   \n                                  \n                        \n                                                            <input type=\"hidden\" name=\"target_email\" value=\"s&#97;&#105;ona&#114;&#97;&#64;&#109;&#97;llo&#114;&#99;&#97;guru.&#101;&#115;\">\n                                                        <input type=\"hidden\" name=\"property_agent_contact_security\" value=\"a50bbda332\"\/>\n                            <input type=\"hidden\" name=\"property_permalink\" value=\"https:\/\/www.mallorcaguru.es\/sv\/fastighet\/hus-i-frontlinjen-i-son-serra-de-marina\/\"\/>\n                            <input type=\"hidden\" name=\"property_title\" value=\"Hus i frontlinjen i Son Serra de Marina\"\/>\n                            <input type=\"hidden\" name=\"property_id\" value=\"892\"\/>\n                            <input type=\"hidden\" name=\"action\" value=\"houzez_property_agent_contact\">\n                            <input type=\"hidden\" name=\"listing_id\" value=\"262140\">\n                            <input type=\"hidden\" name=\"is_listing_form\" value=\"yes\">\n                            <input type=\"hidden\" name=\"agent_id\" value=\"4999\">\n                            <input type=\"hidden\" name=\"agent_type\" value=\"agent_info\">\n\n                                                        <div class=\"form_messages\"><\/div>\n                            <button type=\"button\" class=\"houzez_agent_property_form btn btn-secondary w-100\">\n                                <span class=\"houzez-loader-js houzez-hidden spinner-border spinner-border-sm\" aria-hidden=\"true\"><\/span>                                Skicka Epost                                \n                            <\/button>\n                            \n                        <\/form>\n                    <\/div><!-- property-form -->\n                    \n                            <\/div><!-- property-form-wrap -->\n\n    \n            <\/div>\n        <\/div>\n    <\/div>\n<\/div>\n<\/div>\n<div class=\"item-listing-wrap item-wrap-v9 hz-item-gallery-js hz-map-trigger\" data-hz-id=\"229948\" data-images=\"[{&quot;image&quot;:&quot;https:\\\/\\\/www.mallorcaguru.es\\\/wp-content\\\/smush-avif\\\/2025\\\/06\\\/Villa-For-Sale-in-Cala-Bona-Son-Servera-3-584x438.jpeg.avif&quot;,&quot;alt&quot;:&quot;Villa till salu i Cala Bona Son Servera&quot;,&quot;width&quot;:584,&quot;height&quot;:438,&quot;srcset&quot;:false,&quot;sizes&quot;:&quot;(max-width: 584px) 100vw, 584px&quot;},{&quot;image&quot;:&quot;https:\\\/\\\/www.mallorcaguru.es\\\/wp-content\\\/smush-avif\\\/2025\\\/06\\\/Villa-For-Sale-in-Cala-Bona-Son-Servera-2-584x438.jpeg.avif&quot;,&quot;alt&quot;:&quot;Villa till salu i Cala Bona Son Servera&quot;,&quot;width&quot;:584,&quot;height&quot;:438,&quot;srcset&quot;:false,&quot;sizes&quot;:&quot;(max-width: 584px) 100vw, 584px&quot;},{&quot;image&quot;:&quot;https:\\\/\\\/www.mallorcaguru.es\\\/wp-content\\\/smush-avif\\\/2025\\\/06\\\/Villa-For-Sale-in-Cala-Bona-Son-Servera-6-584x438.jpeg.avif&quot;,&quot;alt&quot;:&quot;Villa till salu i Cala Bona Son Servera&quot;,&quot;width&quot;:584,&quot;height&quot;:438,&quot;srcset&quot;:&quot;https:\\\/\\\/www.mallorcaguru.es\\\/wp-content\\\/smush-avif\\\/2025\\\/06\\\/Villa-For-Sale-in-Cala-Bona-Son-Servera-6-584x438.jpeg.avif 584w, https:\\\/\\\/www.mallorcaguru.es\\\/wp-content\\\/smush-avif\\\/2025\\\/06\\\/Villa-For-Sale-in-Cala-Bona-Son-Servera-6-1536x1152.jpeg.avif 1536w, https:\\\/\\\/www.mallorcaguru.es\\\/wp-content\\\/smush-avif\\\/2025\\\/06\\\/Villa-For-Sale-in-Cala-Bona-Son-Servera-6.jpeg.avif 1638w&quot;,&quot;sizes&quot;:&quot;(max-width: 584px) 100vw, 584px&quot;}]\">\n\t<div class=\"item-wrap item-wrap-no-frame h-100\">\n\t\t<div class=\"d-flex flex-column align-items-center h-100\">\n\t\t\t<div class=\"item-header\">\n\t\t\t\t\t\t\t\t<div class=\"labels-wrap d-flex align-items-center gap-1\" role=\"group\"> \n\n\t<a href=\"https:\/\/www.mallorcaguru.es\/sv\/status\/fastigheter-till-salu-mallorca\/\" class=\"label-status label status-color-765\">\n\t\t\t\t\tTill salu\n\t\t\t\t<\/a><a href=\"https:\/\/www.mallorcaguru.es\/sv\/etikettera\/fastigheter-med-havsutsikt-till-salu-pa\/\" class=\"hz-label label label-color-3931\">\n\t\t\t\t\tFastigheter med havsutsikt till salu p\u00e5 Mallorca | Kustbost\u00e4der\n\t\t\t\t<\/a><a href=\"https:\/\/www.mallorcaguru.es\/sv\/etikettera\/mojligheter-prisreducerade-fastigheter-mallorca\/\" class=\"hz-label label label-color-3870\">\n\t\t\t\t\tPrisreducerade Fastigheter\n\t\t\t\t<\/a>       \n\n<\/div>\n\t\t\t\t<ul class=\"item-tools d-flex align-items-center justify-content-center gap-1\">\n        <li class=\"item-tool item-preview\">\n        <span class=\"hz-show-lightbox-js item-tool-preview text-center\" data-listid=\"229948\">\n            <span data-bs-toggle=\"tooltip\" data-bs-placement=\"top\" title=\"F\u00f6rhandsgranska\">\n                <i class=\"houzez-icon icon-expand-3\"><\/i>   \n            <\/span>\n        <\/span><!-- item-tool-favorite -->\n    <\/li><!-- item-tool -->\n        \n        <li class=\"item-tool item-favorite\">\n        <span class=\"add-favorite-js item-tool-favorite text-center\" data-bs-toggle=\"tooltip\" data-bs-placement=\"top\" title=\"Favorit\" data-listid=\"229948\">\n            <i class=\"houzez-icon icon-love-it \"><\/i>\n        <\/span><!-- item-tool-favorite -->\n    <\/li><!-- item-tool -->\n    \n        <li class=\"item-tool item-compare\">\n        <span class=\"houzez_compare compare-229948 item-tool-compare text-center\" data-bs-toggle=\"tooltip\" data-bs-placement=\"top\" title=\"L\u00e4gg till j\u00e4mf\u00f6relse\" data-listing_id=\"229948\" data-listing_image=\"https:\/\/www.mallorcaguru.es\/wp-content\/uploads\/2025\/06\/Villa-For-Sale-in-Cala-Bona-Son-Servera-3-584x438.jpeg\">\n            <i class=\"houzez-icon icon-add-circle\"><\/i>\n            <!-- <i class=\"houzez-icon icon-subtract-circle\"><\/i> -->\n        <\/span><!-- item-tool-compare -->\n    <\/li><!-- item-tool -->\n    <\/ul><!-- item-tools -->\n\t\t\t\t<div class=\"listing-image-wrap\">\n\t<div class=\"listing-thumb\">\n\t\t<a target=\"_self\" href=\"https:\/\/www.mallorcaguru.es\/sv\/fastighet\/villa-till-salu-i-cala-bona-son-servera\/\" class=\"listing-featured-thumb hover-effect image-wrap\" role=\"link\">\n\t\t\t<img loading=\"lazy\" decoding=\"async\" width=\"584\" height=\"438\" src=\"https:\/\/www.mallorcaguru.es\/wp-content\/smush-avif\/2025\/06\/Villa-For-Sale-in-Cala-Bona-Son-Servera-3-584x438.jpeg.avif\" class=\"img-fluid wp-post-image\" alt=\"Villa till salu i Cala Bona Son Servera\" data-smush-avif-fallback=\"{&quot;src&quot;:&quot;https:\\\/\\\/www.mallorcaguru.es\\\/wp-content\\\/uploads\\\/2025\\\/06\\\/Villa-For-Sale-in-Cala-Bona-Son-Servera-3-584x438.jpeg&quot;}\" \/>\t\t<\/a><!-- hover-effect -->\n\t<\/div>\n<\/div>\t\t\t\t<div class=\"preview_loader\"><\/div>\n\t\t\t<\/div>\n\t\t\t<div class=\"item-body w-100 flex-fill\">\n\t\t\t\t<ul class=\"item-amenities item-amenities-with-icons mb-2\">\n\t\t\t\t\t<li class=\"h-type d-flex w-100\" role=\"listitem\"><span>Villa<\/span><\/li>\t\t\t\t<\/ul>\n\t\t\t\t<ul class=\"item-price-wrap d-flex align-items-end gap-3\" role=\"list\">\n\t\t\t\t\t<li class=\"item-price\"><span class=\"price\">1,090,000\u20ac<\/span><span class=\"price-postfix\"><\/span><\/li>\t\t\t\t<\/ul>\n\t\t\t\t<h2 class=\"item-title mb-2 \">\n\t<a target=\"_self\" href=\"https:\/\/www.mallorcaguru.es\/sv\/fastighet\/villa-till-salu-i-cala-bona-son-servera\/\" role=\"link\">Villa till salu i Cala Bona Son Servera<\/a>\n<\/h2><!-- item-title -->\t\t\t\t<address class=\"item-address mb-2\"><i class=\"houzez-icon icon-pin me-1\" aria-hidden=\"true\"><\/i><span>Carrer de ses Juanetas, Son Servera, Spain<\/span><\/address>\t\t\t\t<ul class=\"item-amenities item-amenities-with-icons d-flex flex-wrap align-items-center gap-2\" role=\"list\">\n\t<li class=\"h-property-id me-1\"><i class=\"houzez-icon icon-tags me-2\"><\/i><span class=\"item-amenities-text\">ID:<\/span> <span class=\"hz-figure\">890<\/span><\/li><li class=\"h-beds d-flex align-items-center me-1\"><i class=\"houzez-icon icon-hotel-double-bed-1 me-2\"><\/i><span class=\"item-amenities-text\">Sovrum:<\/span> <span class=\"hz-figure\">5<\/span><\/li><li class=\"h-baths d-flex align-items-center me-1\"><i class=\"houzez-icon icon-bathroom-shower-1 me-2\"><\/i><span class=\"item-amenities-text\">Bad:<\/span> <span class=\"hz-figure\">3<\/span><\/li><li class=\"h-area d-flex align-items-center me-1\"><i class=\"houzez-icon icon-ruler-triangle me-2\"><\/i><span class=\"hz-figure me-1\">511<\/span> <span class=\"hz-figure area_postfix\">m\u00b2<\/span><\/li><\/ul>\t\t\t<\/div>\n\t\t\t<div class=\"item-footer items-btns-count-1\">\n\t\t\t\t<div class=\"item-buttons-wrap d-flex justify-content-between gap-2\">\n\t\t\t\t\t\t\t\t<button type=\"button\" class=\"hz-email-popup-js btn btn-primary-outlined btn-item px-2 d-flex align-items-center justify-content-center flex-fill gap-1\" data-bs-toggle=\"modal\" data-model-id=\"email-popup-229948-fFtve\">\n\t\t\t\t<i class=\"houzez-icon icon-envelope\"><\/i> Email\t\t\t<\/button>\n\t\t\t\t\t\t\t<\/div>\n\t\t\t<\/div>\n\t\t<\/div>\n\t<\/div>\n\t\t<div class=\"modal fade mobile-property-form\" id=\"email-popup-229948-fFtve\">\n    <div class=\"modal-dialog\" role=\"document\">\n        <div class=\"modal-content\">\n            <div class=\"modal-header\">\n                <h5 class=\"modal-title\" id=\"phoneNumberModalLabel\">Contact me<\/h5>\n                <button type=\"button\" class=\"btn-close\" data-bs-dismiss=\"modal\" aria-label=\"Close\"><\/button>\n            <\/div><!-- modal-header -->\n            <div class=\"modal-body\">\n                <div class=\"property-form-wrap border-none\">\n                                    <div class=\"property-form\">\n                        <form method=\"post\" action=\"#\">\n                            \n                            <div class=\"agent-details\" role=\"region\"><div class=\"d-flex align-items-center gap-3\"><div class=\"agent-image\" role=\"img\"><img loading=\"lazy\" decoding=\"async\" class=\"rounded\" src=\"https:\/\/www.mallorcaguru.es\/wp-content\/themes\/houzez\/img\/profile-avatar.png\" alt=\"Mallorca Property Guru Admin\" width=\"70\" height=\"70\"><\/div><ul class=\"agent-information list-unstyled mb-0\" role=\"list\"><li class=\"agent-name\" role=\"listitem\"><i class=\"houzez-icon icon-single-neutral me-1\"><\/i> Mallorca Property Guru Admin<\/li><\/ul><\/div><\/div>\n                                                        <div class=\"form-group mb-2 mt-3\">\n                                <input class=\"form-control\" name=\"name\" value=\"\" type=\"text\" placeholder=\"Namn\">\n                            <\/div><!-- form-group -->\n                            \n                                \n                            <div class=\"form-group mb-2\">\n                                <input class=\"form-control\" name=\"mobile\" value=\"\" type=\"text\" placeholder=\"Telefon\">\n                            <\/div><!-- form-group -->\n                            \n                            <div class=\"form-group mb-2\">\n                                <input class=\"form-control\" name=\"email\" value=\"\" type=\"email\" placeholder=\"E-post\">\n                            <\/div><!-- form-group -->\n\n                              \n                            <div class=\"form-group form-group-textarea mb-2\">\n                                <textarea class=\"form-control hz-form-message\" name=\"message\" rows=\"4\" placeholder=\"Meddelande\">Hej, jag \u00e4r intresserad av [Villa till salu i Cala Bona Son Servera]<\/textarea>\n                            <\/div><!-- form-group -->   \n                            \n                            \n                                                        <div class=\"form-group my-3\">\n                                <label class=\"control control--checkbox m-0 p-0 hz-no-gdpr-checkbox\">\n                                                                        <div class=\"gdpr-text-wrap\">\n                                        Genom att skicka in denna blankett godk\u00e4nner jag <a target=\"_blank\" href=\"https:\/\/www.mallorcaguru.es\/sv\/villkor\/\">Anv\u00e4ndarvillkor<\/a>\n                                    <\/div>\n                                <\/label>\n                            <\/div><!-- form-group -->   \n                                  \n                        \n                                                            <input type=\"hidden\" name=\"target_email\" value=\"&#105;n&#102;&#111;&#64;m&#97;&#108;&#108;&#111;rc&#97;&#103;ur&#117;.&#101;&#115;\">\n                                                        <input type=\"hidden\" name=\"property_agent_contact_security\" value=\"a50bbda332\"\/>\n                            <input type=\"hidden\" name=\"property_permalink\" value=\"https:\/\/www.mallorcaguru.es\/sv\/fastighet\/villa-till-salu-i-cala-bona-son-servera\/\"\/>\n                            <input type=\"hidden\" name=\"property_title\" value=\"Villa till salu i Cala Bona Son Servera\"\/>\n                            <input type=\"hidden\" name=\"property_id\" value=\"890\"\/>\n                            <input type=\"hidden\" name=\"action\" value=\"houzez_property_agent_contact\">\n                            <input type=\"hidden\" name=\"listing_id\" value=\"229948\">\n                            <input type=\"hidden\" name=\"is_listing_form\" value=\"yes\">\n                            <input type=\"hidden\" name=\"agent_id\" value=\"1\">\n                            <input type=\"hidden\" name=\"agent_type\" value=\"\">\n\n                                                        <div class=\"form_messages\"><\/div>\n                            <button type=\"button\" class=\"houzez_agent_property_form btn btn-secondary w-100\">\n                                <span class=\"houzez-loader-js houzez-hidden spinner-border spinner-border-sm\" aria-hidden=\"true\"><\/span>                                Skicka Epost                                \n                            <\/button>\n                            \n                        <\/form>\n                    <\/div><!-- property-form -->\n                    \n                            <\/div><!-- property-form-wrap -->\n\n    \n            <\/div>\n        <\/div>\n    <\/div>\n<\/div>\n<\/div>\n<div class=\"item-listing-wrap item-wrap-v9 hz-item-gallery-js hz-map-trigger\" data-hz-id=\"167779\" data-images=\"[{&quot;image&quot;:&quot;https:\\\/\\\/www.mallorcaguru.es\\\/wp-content\\\/smush-avif\\\/2025\\\/03\\\/Can-Corem-Country-House-15-584x438.jpg.avif&quot;,&quot;alt&quot;:&quot;Lanthus Till Salu i Ses Salines&quot;,&quot;width&quot;:584,&quot;height&quot;:438,&quot;srcset&quot;:&quot;https:\\\/\\\/www.mallorcaguru.es\\\/wp-content\\\/smush-avif\\\/2025\\\/03\\\/Can-Corem-Country-House-15-584x438.jpg.avif 584w, https:\\\/\\\/www.mallorcaguru.es\\\/wp-content\\\/smush-avif\\\/2025\\\/03\\\/Can-Corem-Country-House-15-300x225.jpg.avif 300w, https:\\\/\\\/www.mallorcaguru.es\\\/wp-content\\\/smush-avif\\\/2025\\\/03\\\/Can-Corem-Country-House-15-1024x768.jpg.avif 1024w, https:\\\/\\\/www.mallorcaguru.es\\\/wp-content\\\/smush-avif\\\/2025\\\/03\\\/Can-Corem-Country-House-15-768x576.jpg.avif 768w, https:\\\/\\\/www.mallorcaguru.es\\\/wp-content\\\/smush-avif\\\/2025\\\/03\\\/Can-Corem-Country-House-15-592x444.jpg.avif 592w, https:\\\/\\\/www.mallorcaguru.es\\\/wp-content\\\/smush-avif\\\/2025\\\/03\\\/Can-Corem-Country-House-15-800x600.jpg.avif 800w, https:\\\/\\\/www.mallorcaguru.es\\\/wp-content\\\/smush-avif\\\/2025\\\/03\\\/Can-Corem-Country-House-15-120x90.jpg.avif 120w, https:\\\/\\\/www.mallorcaguru.es\\\/wp-content\\\/smush-avif\\\/2025\\\/03\\\/Can-Corem-Country-House-15-496x372.jpg.avif 496w, https:\\\/\\\/www.mallorcaguru.es\\\/wp-content\\\/smush-avif\\\/2025\\\/03\\\/Can-Corem-Country-House-15.jpg.avif 1195w&quot;,&quot;sizes&quot;:&quot;(max-width: 584px) 100vw, 584px&quot;},{&quot;image&quot;:&quot;https:\\\/\\\/www.mallorcaguru.es\\\/wp-content\\\/smush-avif\\\/2025\\\/03\\\/Can-Corem-Country-House-11-584x438.jpg.avif&quot;,&quot;alt&quot;:&quot;Lanthus Till Salu Ses Salines&quot;,&quot;width&quot;:584,&quot;height&quot;:438,&quot;srcset&quot;:&quot;https:\\\/\\\/www.mallorcaguru.es\\\/wp-content\\\/smush-avif\\\/2025\\\/03\\\/Can-Corem-Country-House-11-584x438.jpg.avif 584w, https:\\\/\\\/www.mallorcaguru.es\\\/wp-content\\\/smush-avif\\\/2025\\\/03\\\/Can-Corem-Country-House-11-300x225.jpg.avif 300w, https:\\\/\\\/www.mallorcaguru.es\\\/wp-content\\\/smush-avif\\\/2025\\\/03\\\/Can-Corem-Country-House-11-1024x768.jpg.avif 1024w, https:\\\/\\\/www.mallorcaguru.es\\\/wp-content\\\/smush-avif\\\/2025\\\/03\\\/Can-Corem-Country-House-11-768x576.jpg.avif 768w, https:\\\/\\\/www.mallorcaguru.es\\\/wp-content\\\/smush-avif\\\/2025\\\/03\\\/Can-Corem-Country-House-11-592x444.jpg.avif 592w, https:\\\/\\\/www.mallorcaguru.es\\\/wp-content\\\/smush-avif\\\/2025\\\/03\\\/Can-Corem-Country-House-11-800x600.jpg.avif 800w, https:\\\/\\\/www.mallorcaguru.es\\\/wp-content\\\/smush-avif\\\/2025\\\/03\\\/Can-Corem-Country-House-11-120x90.jpg.avif 120w, https:\\\/\\\/www.mallorcaguru.es\\\/wp-content\\\/smush-avif\\\/2025\\\/03\\\/Can-Corem-Country-House-11-496x372.jpg.avif 496w, https:\\\/\\\/www.mallorcaguru.es\\\/wp-content\\\/smush-avif\\\/2025\\\/03\\\/Can-Corem-Country-House-11.jpg.avif 1195w&quot;,&quot;sizes&quot;:&quot;(max-width: 584px) 100vw, 584px&quot;},{&quot;image&quot;:&quot;https:\\\/\\\/www.mallorcaguru.es\\\/wp-content\\\/smush-avif\\\/2025\\\/03\\\/Can-Corem-Country-House-23-584x438.jpg.avif&quot;,&quot;alt&quot;:&quot;Lanthus Till Salu Ses Salines&quot;,&quot;width&quot;:584,&quot;height&quot;:438,&quot;srcset&quot;:&quot;https:\\\/\\\/www.mallorcaguru.es\\\/wp-content\\\/smush-avif\\\/2025\\\/03\\\/Can-Corem-Country-House-23-584x438.jpg.avif 584w, https:\\\/\\\/www.mallorcaguru.es\\\/wp-content\\\/smush-avif\\\/2025\\\/03\\\/Can-Corem-Country-House-23-300x225.jpg.avif 300w, https:\\\/\\\/www.mallorcaguru.es\\\/wp-content\\\/smush-avif\\\/2025\\\/03\\\/Can-Corem-Country-House-23-1024x768.jpg.avif 1024w, https:\\\/\\\/www.mallorcaguru.es\\\/wp-content\\\/smush-avif\\\/2025\\\/03\\\/Can-Corem-Country-House-23-768x576.jpg.avif 768w, https:\\\/\\\/www.mallorcaguru.es\\\/wp-content\\\/smush-avif\\\/2025\\\/03\\\/Can-Corem-Country-House-23-592x444.jpg.avif 592w, https:\\\/\\\/www.mallorcaguru.es\\\/wp-content\\\/smush-avif\\\/2025\\\/03\\\/Can-Corem-Country-House-23-800x600.jpg.avif 800w, https:\\\/\\\/www.mallorcaguru.es\\\/wp-content\\\/smush-avif\\\/2025\\\/03\\\/Can-Corem-Country-House-23-120x90.jpg.avif 120w, https:\\\/\\\/www.mallorcaguru.es\\\/wp-content\\\/smush-avif\\\/2025\\\/03\\\/Can-Corem-Country-House-23-496x372.jpg.avif 496w, https:\\\/\\\/www.mallorcaguru.es\\\/wp-content\\\/smush-avif\\\/2025\\\/03\\\/Can-Corem-Country-House-23.jpg.avif 1195w&quot;,&quot;sizes&quot;:&quot;(max-width: 584px) 100vw, 584px&quot;}]\">\n\t<div class=\"item-wrap item-wrap-no-frame h-100\">\n\t\t<div class=\"d-flex flex-column align-items-center h-100\">\n\t\t\t<div class=\"item-header\">\n\t\t\t\t<span class=\"label-featured label me-1\" role=\"status\">Utvalda<\/span>\t\t\t\t<div class=\"labels-wrap d-flex align-items-center gap-1\" role=\"group\"> \n\n\t<a href=\"https:\/\/www.mallorcaguru.es\/sv\/status\/fastigheter-till-salu-mallorca\/\" class=\"label-status label status-color-765\">\n\t\t\t\t\tTill salu\n\t\t\t\t<\/a><a href=\"https:\/\/www.mallorcaguru.es\/sv\/etikettera\/fastigheter-med-havsutsikt-till-salu-pa\/\" class=\"hz-label label label-color-3931\">\n\t\t\t\t\tFastigheter med havsutsikt till salu p\u00e5 Mallorca | Kustbost\u00e4der\n\t\t\t\t<\/a><a href=\"https:\/\/www.mallorcaguru.es\/sv\/etikettera\/licensierade-renoveringsprojekt-till-forsaljning-mallorca\/\" class=\"hz-label label label-color-3860\">\n\t\t\t\t\tRenoveringsprojekt\n\t\t\t\t<\/a>       \n\n<\/div>\n\t\t\t\t<ul class=\"item-tools d-flex align-items-center justify-content-center gap-1\">\n        <li class=\"item-tool item-preview\">\n        <span class=\"hz-show-lightbox-js item-tool-preview text-center\" data-listid=\"167779\">\n            <span data-bs-toggle=\"tooltip\" data-bs-placement=\"top\" title=\"F\u00f6rhandsgranska\">\n                <i class=\"houzez-icon icon-expand-3\"><\/i>   \n            <\/span>\n        <\/span><!-- item-tool-favorite -->\n    <\/li><!-- item-tool -->\n        \n        <li class=\"item-tool item-favorite\">\n        <span class=\"add-favorite-js item-tool-favorite text-center\" data-bs-toggle=\"tooltip\" data-bs-placement=\"top\" title=\"Favorit\" data-listid=\"167779\">\n            <i class=\"houzez-icon icon-love-it \"><\/i>\n        <\/span><!-- item-tool-favorite -->\n    <\/li><!-- item-tool -->\n    \n        <li class=\"item-tool item-compare\">\n        <span class=\"houzez_compare compare-167779 item-tool-compare text-center\" data-bs-toggle=\"tooltip\" data-bs-placement=\"top\" title=\"L\u00e4gg till j\u00e4mf\u00f6relse\" data-listing_id=\"167779\" data-listing_image=\"https:\/\/www.mallorcaguru.es\/wp-content\/uploads\/2025\/03\/Can-Corem-Country-House-15-584x438.jpg\">\n            <i class=\"houzez-icon icon-add-circle\"><\/i>\n            <!-- <i class=\"houzez-icon icon-subtract-circle\"><\/i> -->\n        <\/span><!-- item-tool-compare -->\n    <\/li><!-- item-tool -->\n    <\/ul><!-- item-tools -->\n\t\t\t\t<div class=\"listing-image-wrap\">\n\t<div class=\"listing-thumb\">\n\t\t<a target=\"_self\" href=\"https:\/\/www.mallorcaguru.es\/sv\/fastighet\/lanthus-till-i-salu-ses-salines\/\" class=\"listing-featured-thumb hover-effect image-wrap\" role=\"link\">\n\t\t\t<img loading=\"lazy\" decoding=\"async\" width=\"584\" height=\"438\" src=\"https:\/\/www.mallorcaguru.es\/wp-content\/smush-avif\/2025\/03\/Can-Corem-Country-House-15-584x438.jpg.avif\" class=\"img-fluid wp-post-image\" alt=\"Lanthus Till Salu i Ses Salines\" srcset=\"https:\/\/www.mallorcaguru.es\/wp-content\/smush-avif\/2025\/03\/Can-Corem-Country-House-15-584x438.jpg.avif 584w, https:\/\/www.mallorcaguru.es\/wp-content\/smush-avif\/2025\/03\/Can-Corem-Country-House-15-300x225.jpg.avif 300w, https:\/\/www.mallorcaguru.es\/wp-content\/smush-avif\/2025\/03\/Can-Corem-Country-House-15-1024x768.jpg.avif 1024w, https:\/\/www.mallorcaguru.es\/wp-content\/smush-avif\/2025\/03\/Can-Corem-Country-House-15-768x576.jpg.avif 768w, https:\/\/www.mallorcaguru.es\/wp-content\/smush-avif\/2025\/03\/Can-Corem-Country-House-15-592x444.jpg.avif 592w, https:\/\/www.mallorcaguru.es\/wp-content\/smush-avif\/2025\/03\/Can-Corem-Country-House-15-800x600.jpg.avif 800w, https:\/\/www.mallorcaguru.es\/wp-content\/smush-avif\/2025\/03\/Can-Corem-Country-House-15-120x90.jpg.avif 120w, https:\/\/www.mallorcaguru.es\/wp-content\/smush-avif\/2025\/03\/Can-Corem-Country-House-15-496x372.jpg.avif 496w, https:\/\/www.mallorcaguru.es\/wp-content\/smush-avif\/2025\/03\/Can-Corem-Country-House-15.jpg.avif 1195w\" sizes=\"auto, (max-width: 584px) 100vw, 584px\" data-smush-avif-fallback=\"{&quot;src&quot;:&quot;https:\\\/\\\/www.mallorcaguru.es\\\/wp-content\\\/uploads\\\/2025\\\/03\\\/Can-Corem-Country-House-15-584x438.jpg&quot;,&quot;srcset&quot;:&quot;https:\\\/\\\/www.mallorcaguru.es\\\/wp-content\\\/uploads\\\/2025\\\/03\\\/Can-Corem-Country-House-15-584x438.jpg 584w, https:\\\/\\\/www.mallorcaguru.es\\\/wp-content\\\/uploads\\\/2025\\\/03\\\/Can-Corem-Country-House-15-300x225.jpg 300w, https:\\\/\\\/www.mallorcaguru.es\\\/wp-content\\\/uploads\\\/2025\\\/03\\\/Can-Corem-Country-House-15-1024x768.jpg 1024w, https:\\\/\\\/www.mallorcaguru.es\\\/wp-content\\\/uploads\\\/2025\\\/03\\\/Can-Corem-Country-House-15-768x576.jpg 768w, https:\\\/\\\/www.mallorcaguru.es\\\/wp-content\\\/uploads\\\/2025\\\/03\\\/Can-Corem-Country-House-15-592x444.jpg 592w, https:\\\/\\\/www.mallorcaguru.es\\\/wp-content\\\/uploads\\\/2025\\\/03\\\/Can-Corem-Country-House-15-800x600.jpg 800w, https:\\\/\\\/www.mallorcaguru.es\\\/wp-content\\\/uploads\\\/2025\\\/03\\\/Can-Corem-Country-House-15-120x90.jpg 120w, https:\\\/\\\/www.mallorcaguru.es\\\/wp-content\\\/uploads\\\/2025\\\/03\\\/Can-Corem-Country-House-15-496x372.jpg 496w, https:\\\/\\\/www.mallorcaguru.es\\\/wp-content\\\/uploads\\\/2025\\\/03\\\/Can-Corem-Country-House-15.jpg 1195w&quot;}\" \/>\t\t<\/a><!-- hover-effect -->\n\t<\/div>\n<\/div>\t\t\t\t<div class=\"preview_loader\"><\/div>\n\t\t\t<\/div>\n\t\t\t<div class=\"item-body w-100 flex-fill\">\n\t\t\t\t<ul class=\"item-amenities item-amenities-with-icons mb-2\">\n\t\t\t\t\t<li class=\"h-type d-flex w-100\" role=\"listitem\"><span>Finca<\/span><\/li>\t\t\t\t<\/ul>\n\t\t\t\t<ul class=\"item-price-wrap d-flex align-items-end gap-3\" role=\"list\">\n\t\t\t\t\t<li class=\"item-price\"><span class=\"price\">1,350,000\u20ac<\/span><span class=\"price-postfix\"><\/span><\/li>\t\t\t\t<\/ul>\n\t\t\t\t<h2 class=\"item-title mb-2 \">\n\t<a target=\"_self\" href=\"https:\/\/www.mallorcaguru.es\/sv\/fastighet\/lanthus-till-i-salu-ses-salines\/\" role=\"link\">Lanthus Till Salu i Ses Salines<\/a>\n<\/h2><!-- item-title -->\t\t\t\t<address class=\"item-address mb-2\"><i class=\"houzez-icon icon-pin me-1\" aria-hidden=\"true\"><\/i><span>Sa Carrotja, carrer de Sa Carrotja, ses Salines, Migjorn, Illes Balears, 07640, Espa\u00f1a<\/span><\/address>\t\t\t\t<ul class=\"item-amenities item-amenities-with-icons d-flex flex-wrap align-items-center gap-2\" role=\"list\">\n\t<li class=\"h-property-id me-1\"><i class=\"houzez-icon icon-tags me-2\"><\/i><span class=\"item-amenities-text\">ID:<\/span> <span class=\"hz-figure\">778<\/span><\/li><li class=\"h-beds d-flex align-items-center me-1\"><i class=\"houzez-icon icon-hotel-double-bed-1 me-2\"><\/i><span class=\"item-amenities-text\">Sovrum:<\/span> <span class=\"hz-figure\">5<\/span><\/li><li class=\"h-baths d-flex align-items-center me-1\"><i class=\"houzez-icon icon-bathroom-shower-1 me-2\"><\/i><span class=\"item-amenities-text\">Bad:<\/span> <span class=\"hz-figure\">4<\/span><\/li><li class=\"h-area d-flex align-items-center me-1\"><i class=\"houzez-icon icon-ruler-triangle me-2\"><\/i><span class=\"hz-figure me-1\">362<\/span> <span class=\"hz-figure area_postfix\">m\u00b2<\/span><\/li><\/ul>\t\t\t<\/div>\n\t\t\t<div class=\"item-footer items-btns-count-3\">\n\t\t\t\t<div class=\"item-buttons-wrap d-flex justify-content-between gap-2\">\n\t\t\t\t\t\t\t\t<button type=\"button\" class=\"hz-call-popup-js btn btn-primary-outlined btn-item px-2 d-flex align-items-center justify-content-center flex-fill gap-1\" data-bs-toggle=\"modal\" data-model-id=\"call-action-167779-LyHkf\">\n\t\t\t\t<i class=\"houzez-icon icon-phone-actions-ring\"><\/i> Ring\t\t\t<\/button>\n\t\t \t\t\t\t<button type=\"button\" class=\"hz-email-popup-js btn btn-primary-outlined btn-item px-2 d-flex align-items-center justify-content-center flex-fill gap-1\" data-bs-toggle=\"modal\" data-model-id=\"email-popup-167779-LyHkf\">\n\t\t\t\t<i class=\"houzez-icon icon-envelope\"><\/i> Email\t\t\t<\/button>\n\t\t\t\t\t\t<a class=\"btn btn-primary-outlined btn-item px-2 d-flex align-items-center justify-content-center flex-fill gap-1\" target=\"_blank\" href=\"https:\/\/api.whatsapp.com\/send?phone=+34671798832&text=Hej, jag \u00e4r intresserad av [Lanthus Till Salu i Ses Salines] https:\/\/www.mallorcaguru.es\/sv\/fastighet\/lanthus-till-i-salu-ses-salines\/\">\n\t\t\t\t<i class=\"houzez-icon icon-messaging-whatsapp\"><\/i> <span class=\"d-none d-md-block\">WhatsApp<\/span>\n\t\t\t<\/a>\n\t\t\t\t\t\t\t<\/div>\n\t\t\t<\/div>\n\t\t<\/div>\n\t<\/div>\n\t<div class=\"modal fade modal-phone-number\" id=\"call-action-167779-LyHkf\" tabindex=\"-1\" aria-labelledby=\"phoneNumberModalLabel\" aria-hidden=\"true\">\n    <div class=\"modal-dialog\" role=\"document\">\n        <div class=\"modal-content\">\n            <div class=\"modal-header\">\n                <h5 class=\"modal-title\" id=\"phoneNumberModalLabel\">Kontakta oss<\/h5>\n                <button type=\"button\" class=\"btn-close\" data-bs-dismiss=\"modal\" aria-label=\"St\u00e4nga\"><\/button>\n            <\/div><!-- modal-header -->\n            <div class=\"modal-body\">\n                <p class=\"modal-body-phone-number-text\">\n                    Please quote property reference<br>\n\n                    <strong>Mallorca Property Guru - 778<\/strong>\n                <\/p>\n                <p class=\"modal-body-phone-number-number\">\n                     <a class=\"btn btn-primary-outlined\" href=\"tel:+34671798832\"><i class=\"houzez-icon icon-phone-actions-ring\"><\/i> +34 671 798 832<\/a>\n                <\/p>\n            <\/div><!-- modal-body -->\n        <\/div><!-- modal-content -->\n    <\/div><!-- modal-dialog -->\n<\/div><!-- login-register-form -->\n\t<div class=\"modal fade mobile-property-form\" id=\"email-popup-167779-LyHkf\">\n    <div class=\"modal-dialog\" role=\"document\">\n        <div class=\"modal-content\">\n            <div class=\"modal-header\">\n                <h5 class=\"modal-title\" id=\"phoneNumberModalLabel\">Contact me<\/h5>\n                <button type=\"button\" class=\"btn-close\" data-bs-dismiss=\"modal\" aria-label=\"Close\"><\/button>\n            <\/div><!-- modal-header -->\n            <div class=\"modal-body\">\n                <div class=\"property-form-wrap border-none\">\n                                    <div class=\"property-form\">\n                        <form method=\"post\" action=\"#\">\n                            \n                            <div class=\"agent-details\" role=\"region\"><div class=\"d-flex align-items-center gap-3\"><div class=\"agent-image\" role=\"img\"><img loading=\"lazy\" decoding=\"async\" class=\"rounded\" src=\"https:\/\/www.mallorcaguru.es\/wp-content\/smush-avif\/2022\/03\/Mallorca-Property-Guru-Logo-2025-150x150.png.avif\" alt=\"Mallorca Property Guru Saionara Jackson\" width=\"70\" height=\"70\" data-smush-avif-fallback=\"{&quot;src&quot;:&quot;https:\\\/\\\/www.mallorcaguru.es\\\/wp-content\\\/uploads\\\/2022\\\/03\\\/Mallorca-Property-Guru-Logo-2025-150x150.png&quot;}\"><span class=\"badge btn-secondary agent-verified-icon\"><i class=\"houzez-icon icon-check-circle-1\"><\/i><\/span><\/div><ul class=\"agent-information list-unstyled mb-0\" role=\"list\"><li class=\"agent-name\" role=\"listitem\"><i class=\"houzez-icon icon-single-neutral me-1\"><\/i> Mallorca Property Guru Saionara Jackson<\/li><\/ul><\/div><\/div>\n                                                        <div class=\"form-group mb-2 mt-3\">\n                                <input class=\"form-control\" name=\"name\" value=\"\" type=\"text\" placeholder=\"Namn\">\n                            <\/div><!-- form-group -->\n                            \n                                \n                            <div class=\"form-group mb-2\">\n                                <input class=\"form-control\" name=\"mobile\" value=\"\" type=\"text\" placeholder=\"Telefon\">\n                            <\/div><!-- form-group -->\n                            \n                            <div class=\"form-group mb-2\">\n                                <input class=\"form-control\" name=\"email\" value=\"\" type=\"email\" placeholder=\"E-post\">\n                            <\/div><!-- form-group -->\n\n                              \n                            <div class=\"form-group form-group-textarea mb-2\">\n                                <textarea class=\"form-control hz-form-message\" name=\"message\" rows=\"4\" placeholder=\"Meddelande\">Hej, jag \u00e4r intresserad av [Lanthus Till Salu i Ses Salines]<\/textarea>\n                            <\/div><!-- form-group -->   \n                            \n                            \n                                                        <div class=\"form-group my-3\">\n                                <label class=\"control control--checkbox m-0 p-0 hz-no-gdpr-checkbox\">\n                                                                        <div class=\"gdpr-text-wrap\">\n                                        Genom att skicka in denna blankett godk\u00e4nner jag <a target=\"_blank\" href=\"https:\/\/www.mallorcaguru.es\/sv\/villkor\/\">Anv\u00e4ndarvillkor<\/a>\n                                    <\/div>\n                                <\/label>\n                            <\/div><!-- form-group -->   \n                                  \n                        \n                                                            <input type=\"hidden\" name=\"target_email\" value=\"&#115;&#97;i&#111;&#110;&#97;ra&#64;&#109;a&#108;&#108;&#111;rcag&#117;ru&#46;es\">\n                                                        <input type=\"hidden\" name=\"property_agent_contact_security\" value=\"a50bbda332\"\/>\n                            <input type=\"hidden\" name=\"property_permalink\" value=\"https:\/\/www.mallorcaguru.es\/sv\/fastighet\/lanthus-till-i-salu-ses-salines\/\"\/>\n                            <input type=\"hidden\" name=\"property_title\" value=\"Lanthus Till Salu i Ses Salines\"\/>\n                            <input type=\"hidden\" name=\"property_id\" value=\"778\"\/>\n                            <input type=\"hidden\" name=\"action\" value=\"houzez_property_agent_contact\">\n                            <input type=\"hidden\" name=\"listing_id\" value=\"167779\">\n                            <input type=\"hidden\" name=\"is_listing_form\" value=\"yes\">\n                            <input type=\"hidden\" name=\"agent_id\" value=\"4999\">\n                            <input type=\"hidden\" name=\"agent_type\" value=\"agent_info\">\n\n                                                        <div class=\"form_messages\"><\/div>\n                            <button type=\"button\" class=\"houzez_agent_property_form btn btn-secondary w-100\">\n                                <span class=\"houzez-loader-js houzez-hidden spinner-border spinner-border-sm\" aria-hidden=\"true\"><\/span>                                Skicka Epost                                \n                            <\/button>\n                            \n                        <\/form>\n                    <\/div><!-- property-form -->\n                    \n                            <\/div><!-- property-form-wrap -->\n\n    \n            <\/div>\n        <\/div>\n    <\/div>\n<\/div>\n<\/div>\n        <\/div><!-- listing-view -->\n\n                <div id=\"fave-pagination-loadmore\" class=\"load-more-wrap mb-4 fave-load-more\">\n            <a class=\"btn btn-load-more btn-primary-outlined\"\n               data-pagination_type=\"loadmore\"\n               data-paged=\"2\" \n               data-posts_limit=\"12\" \n               data-card=\"v7\" \n               data-property_type=\"\" data-property_status=\"real-estate-for-sale-mallorca\" data-property_country=\"\" data-property_state=\"\" data-property_city=\"\" data-property_area=\"\" data-property_label=\"sea-view-properties-for-sale-in-mallorca\" data-property_ids=\"\" data-property_id=\"\" data-houzez_user_role=\"\" data-featured_prop=\"\" data-sort_by=\"\" data-offset=\"\" data-post_status=\"publish\" data-min_price=\"\" data-max_price=\"\" data-min_beds=\"\" data-max_beds=\"\" data-min_baths=\"\" data-max_baths=\"\" data-properties_by_agents=\"\" data-properties_by_agencies=\"\" data-hide_date=\"1\" data-nav_position=\"\"             >\n            <span class=\"houzez-loader-js houzez-hidden spinner-border spinner-border-sm\" aria-hidden=\"true\"><\/span>Ladda mer \n            <\/a>\n        <\/div>\n            <\/div><!-- property-grid-module -->\n    \t\t\t\t<\/div>\n\t\t\t\t<\/div>\n\t\t\t\t\t<\/div>\n\t\t<\/div>\n\t\t\t\t\t<\/div>\n\t\t<\/section>\n\t\t\t\t<\/div>\n\t\t","protected":false},"excerpt":{"rendered":"<p>Havsutsiktsfastigheter till salu p\u00e5 Mallorca Att \u00e4ga en bostad p\u00e5 Mallorca med havsutsikt \u00e4r en dr\u00f6m f\u00f6r m\u00e5nga k\u00f6pare \u2013 och med all r\u00e4tt. \u00d6n erbjuder ett brett utbud av bost\u00e4der, fr\u00e5n traditionella lantfincor med avl\u00e4gsen havsutsikt till moderna stadsl\u00e4genheter med utsikt \u00f6ver Palmabukten. Oavsett om du s\u00f6ker en fridfull tillflyktsort eller ett hem n\u00e4ra [&hellip;]<\/p>\n","protected":false},"author":1,"featured_media":290720,"parent":0,"menu_order":0,"comment_status":"closed","ping_status":"closed","template":"elementor_header_footer","meta":{"footnotes":""},"categories":[3926],"tags":[],"class_list":["post-290905","page","type-page","status-publish","has-post-thumbnail","hentry","category-fastighetssidor"],"_links":{"self":[{"href":"https:\/\/www.mallorcaguru.es\/sv\/wp-json\/wp\/v2\/pages\/290905","targetHints":{"allow":["GET"]}}],"collection":[{"href":"https:\/\/www.mallorcaguru.es\/sv\/wp-json\/wp\/v2\/pages"}],"about":[{"href":"https:\/\/www.mallorcaguru.es\/sv\/wp-json\/wp\/v2\/types\/page"}],"author":[{"embeddable":true,"href":"https:\/\/www.mallorcaguru.es\/sv\/wp-json\/wp\/v2\/users\/1"}],"replies":[{"embeddable":true,"href":"https:\/\/www.mallorcaguru.es\/sv\/wp-json\/wp\/v2\/comments?post=290905"}],"version-history":[{"count":0,"href":"https:\/\/www.mallorcaguru.es\/sv\/wp-json\/wp\/v2\/pages\/290905\/revisions"}],"wp:featuredmedia":[{"embeddable":true,"href":"https:\/\/www.mallorcaguru.es\/sv\/wp-json\/wp\/v2\/media\/290720"}],"wp:attachment":[{"href":"https:\/\/www.mallorcaguru.es\/sv\/wp-json\/wp\/v2\/media?parent=290905"}],"wp:term":[{"taxonomy":"category","embeddable":true,"href":"https:\/\/www.mallorcaguru.es\/sv\/wp-json\/wp\/v2\/categories?post=290905"},{"taxonomy":"post_tag","embeddable":true,"href":"https:\/\/www.mallorcaguru.es\/sv\/wp-json\/wp\/v2\/tags?post=290905"}],"curies":[{"name":"wp","href":"https:\/\/api.w.org\/{rel}","templated":true}]}}