{"id":32329,"date":"2022-07-15T15:50:47","date_gmt":"2022-07-15T13:50:47","guid":{"rendered":"https:\/\/www.mallorcaguru.es\/turistlicens-evt-ansokan-pa-mallorca\/"},"modified":"2026-01-20T14:09:22","modified_gmt":"2026-01-20T13:09:22","slug":"turistlicens-evt-ansokan-pa-mallorca","status":"publish","type":"page","link":"https:\/\/www.mallorcaguru.es\/sv\/turistlicens-evt-ansokan-pa-mallorca\/","title":{"rendered":"Turistlicens EVT-ans\u00f6kan p\u00e5 Mallorca"},"content":{"rendered":"\t\t<div data-elementor-type=\"wp-post\" data-elementor-id=\"32329\" class=\"elementor elementor-32329 elementor-30556\" data-elementor-post-type=\"page\">\n\t\t\t\t\t\t<section class=\"elementor-section elementor-top-section elementor-element elementor-element-111321da elementor-section-boxed elementor-section-height-default elementor-section-height-default\" data-id=\"111321da\" data-element_type=\"section\" data-e-type=\"section\">\n\t\t\t\t\t\t<div class=\"elementor-container elementor-column-gap-default\">\n\t\t\t\t\t<div class=\"elementor-column elementor-col-100 elementor-top-column elementor-element elementor-element-43d2ade7\" data-id=\"43d2ade7\" data-element_type=\"column\" data-e-type=\"column\">\n\t\t\t<div class=\"elementor-widget-wrap elementor-element-populated\">\n\t\t\t\t\t\t<div class=\"elementor-element elementor-element-241657a elementor-widget elementor-widget-text-editor\" data-id=\"241657a\" data-element_type=\"widget\" data-e-type=\"widget\" data-widget_type=\"text-editor.default\">\n\t\t\t\t<div class=\"elementor-widget-container\">\n\t\t\t\t\t\t\t\t\t<h2 style=\"padding-left: 40px;\"><strong><span style=\"font-size: 14pt;\">Turistlicens EVT-ans\u00f6kan p\u00e5 Mallorca<\/span><\/strong><\/h2>\n<p><\/p>\n<h2 style=\"padding-left: 40px;\"><span style=\"font-size: 12pt;\">ETV semesteruthyrningslicenser Mallorca<\/span><\/h2>\n<p><\/p>\n<p style=\"padding-left: 40px;\">Fr\u00e5n mars 2022 avbryts nya ans\u00f6kningar tills den huvudsakliga planeringsmyndigheten p\u00e5 Mallorca har slutf\u00f6rt en \u00f6versyn av turismen \u00f6ver Balearerna med r\u00e5dhusen \u00f6ver \u00f6arna.<\/p>\n<p><\/p>\n<p style=\"padding-left: 40px;\">Fr\u00e5n och med den 15 juni 2025 kommer fastighets\u00e4gare att kunna ans\u00f6ka om tillf\u00e4lliga turistuthyrningslicenser, vilket ger dem lagligt tillst\u00e5nd att hyra ut sina bost\u00e4der till turister under en begr\u00e4nsad period. \u00c5tg\u00e4rden \u00e4r en del av en str\u00e4van att kontrollera \u00f6verturism och f\u00f6rb\u00e4ttra tillg\u00e5ngen till l\u00e5ngtidsboende f\u00f6r inv\u00e5nare, s\u00e4rskilt i m\u00e4ttade omr\u00e5den som Palma, Alcudia och Serra de Tramuntana.<\/p>\n<p><\/p>\n<p style=\"padding-left: 40px;\">Sedan tillk\u00e4nnagivandet har Habtur, Associaci\u00f3 d&#8217;Habitatges Tur\u00edstics de Balears. Tel. 656 604 852, Baleariska federationen f\u00f6r turistuthyrningsf\u00f6reningar, f\u00e5tt en lavin av f\u00f6rfr\u00e5gningar. Fastighets\u00e4gare vill ha klarhet i:<\/p>\n<p><\/p>\n<p style=\"padding-left: 40px;\">Hur licensieringsprocessen kommer att fungera<\/p>\n<p><\/p>\n<p style=\"padding-left: 40px;\">Vilka fastigheter som kommer att vara ber\u00e4ttigade<\/p>\n<p><\/p>\n<p style=\"padding-left: 40px;\">Hur detta kan p\u00e5verka nuvarande eller framtida bokningar<\/p>\n<p><\/p>\n<p style=\"padding-left: 40px;\">Denna v\u00e5g av intresse belyser hur viktig den korttidsuthyrningsmarknaden har blivit f\u00f6r b\u00e5de lokala hus\u00e4gare och internationella investerare som s\u00f6ker avkastning fr\u00e5n fastigheter p\u00e5 Mallorca.<\/p>\n<p><\/p>\n<p style=\"padding-left: 40px;\">Mallorcas kommun har fram till den 15 juni 2025 p\u00e5 sig att publicera krav och antalet licenser f\u00f6r b\u00e5de ETV-licenser och hotells\u00e4ngar.<\/p>\n<p><\/p>\n<p style=\"padding-left: 40px;\">Vissa stadshus kommer fortfarande att utf\u00e4rda ett certifikat som ger r\u00e4tten att ans\u00f6ka om en <strong>ETV<\/strong> i sitt omr\u00e5de enligt beskrivningen i <strong>DEL ETT <\/strong>eftersom granskningen kan ta lite tid. Detta kan f\u00f6rbeh\u00e5lla dig r\u00e4tten till en turistlicens n\u00e4r tr\u00f6sten har slutf\u00f6rts.<\/p>\n<p><\/p>\n<p style=\"padding-left: 40px;\">Det kan vara v\u00e4rt att ans\u00f6ka och betala avgiften f\u00f6r att certifikatet ska vara en av de f\u00f6rsta <strong>ETV<\/strong>-licenserna som beviljas n\u00e4r avst\u00e4ngningen h\u00e4vs.<\/p>\n<p><\/p>\n<p style=\"padding-left: 40px;\">N\u00e4r avst\u00e4ngningen h\u00e4vs kommer vi att uppdatera informationen h\u00e4r om det har skett \u00e4ndringar i ans\u00f6kan.<\/p>\n<p><\/p>\n<p style=\"padding-left: 40px;\">\u00c4gare av l\u00e4genheter och villor p\u00e5 Mallorca kan ans\u00f6ka om en turistlicens f\u00f6r att lagligt erbjuda sin egendom som semesterbostad f\u00f6rutsatt att fastigheten uppfyller vissa kriterier.<\/p>\n<p><\/p>\n<p style=\"padding-left: 40px;\">1) Endast fastigheter i omr\u00e5den som godk\u00e4nts av turistr\u00e5det Mallorca \u00e4r ber\u00e4ttigade.<\/p>\n<p><\/p>\n<p style=\"padding-left: 40px;\">2) Inga fastigheter som \u00e4r mindre \u00e4n 5 \u00e5r kan ans\u00f6ka om turistlicens.<\/p>\n<p><\/p>\n<p style=\"padding-left: 40px;\">3) Ingen \u00e4gare kan ha mer \u00e4n 3 hyresfastigheter.<\/p>\n<p><\/p>\n<p style=\"padding-left: 40px;\">4) Varje semesterbostad m\u00e5ste ha b\u00e5de en cedula de habitabilidad och ett energicertifikat som m\u00e5ste vara en viss niv\u00e5 beroende p\u00e5 fastighetens \u00e5lder, b\u00e5da m\u00e5ste vara i daterade. Kontrollera innan n\u00e5gon ans\u00f6kan certifikaten l\u00f6per ut efter 10 \u00e5r.<\/p>\n<p><\/p>\n<p style=\"padding-left: 40px;\">Det finns tre typer av licenser f\u00f6r bostadsfastigheter.<br \/>\n<strong>ETV<\/strong>f\u00f6r villas finca eller n\u00e5gon frist\u00e5ende fastighetsfastighet.<br \/>\n<strong>ETVPL<\/strong> f\u00f6r l\u00e4genheter eller radhus, b\u00e5da kr\u00e4ver godk\u00e4nnande av grannar eller i fallet med ett hyreshus gemenskapen av grannar till byggnaden.<br \/>\n<strong>ETV60<\/strong> f\u00f6r fastigheter som endast kan hyras 60 dagar om \u00e5ret kan \u00e4garen v\u00e4lja en av h\u00f6gs\u00e4songsm\u00e5naderna att inkludera i licensens 60 dagar.<\/p>\n<p><\/p>\n<p style=\"padding-left: 40px;\">Turistlicensans\u00f6kan kan delas upp i tre huvuddelar.<\/p>\n<p><\/p>\n<p style=\"padding-left: 40px;\"><strong>DEL EN<\/strong>Boka din turistlicens fr\u00e5n de som f\u00f6r n\u00e4rvarande finns tillg\u00e4ngliga f\u00f6r r\u00e5dhuset eller kommunen d\u00e4r din fastighet ligger. N\u00e4r alla platser \u00e4r fyllda kommer en v\u00e4ntelista att g\u00f6ras.<br \/>\nOm r\u00e5dhuset har tillg\u00e4ngliga licenser kommer de att utf\u00e4rda ett intyg som bekr\u00e4ftar att din fastighet ligger i en &#8216;zon&#8217; som till\u00e5ter semesteruthyrning. Vissa omr\u00e5den har klassificerats som &#8220;m\u00e4ttade&#8221; och vissa omr\u00e5den kommer inte att vara ber\u00e4ttigade till en fullst\u00e4ndig 365 dagars licens, men en 60 dagars licens kan vara tillg\u00e4nglig beroende p\u00e5 typ av fastighet. Kostnaden f\u00f6r detta certifikat \u00e4r cirka 80 \u20ac och tar 5\/6 dagar att f\u00f6rbereda.<br \/>\nMed certifikatet fr\u00e5n stadshuset kan ett ans\u00f6kningsformul\u00e4r (som kan laddas ner online) fyllas i.<\/p>\n<p><\/p>\n<p style=\"padding-left: 40px;\">L\u00e4gga till det kommersiella namnet p\u00e5 din fastighet, namnet den kommer att annonseras med och 24-timmarstelefonnumret som m\u00e5ste vara tillg\u00e4ngligt f\u00f6r kunder.<br \/>\nTa detta formul\u00e4r (och en kopia) tillsammans med de 3 kopiorna av bankens st\u00e5ende orderformul\u00e4r f\u00f6r betalningar och originalet och kopior av ` cedula de habitabilidad \u00b4 och energicertifikat tas sedan till turistkontoren i Palma. Detta kontor ligger precis vid Paseo del Borne, n\u00e4ra Paseo Maritimo och katedralen. Det \u00e4r viktigt att notera att du bara kan ans\u00f6ka om antalet platser som visas p\u00e5 `cedula\u00b4.<\/p>\n<p><\/p>\n<p style=\"padding-left: 40px;\"><strong>DEL TV\u00c5<\/strong> Ungef\u00e4r en m\u00e5nad efter att ha reserverat turistplatserna, som f\u00f6rklaras i <strong>DEL ETT<\/strong>, kommer du att bli ombedd att \u00e5terv\u00e4nda till Palma f\u00f6r att h\u00e4mta ett certifikat som bekr\u00e4ftar bokningen av platser tillsammans med formul\u00e4r f\u00f6r att betala de initiala 20 % av den totala kostnaden f\u00f6r turistlicensen via bank\u00f6verf\u00f6ring. L\u00e4genhets\u00e4gare kommer att f\u00f6rv\u00e4ntas betala 875\u20ac per plats f\u00f6r en 5-\u00e5rig licens. Villa\u00e4gare kommer att betala 3500\u20ac per plats f\u00f6r en obest\u00e4md licens. Som ett exempel har en l\u00e4genhet med 2 sovrum med 4 s\u00e4ngar\/platser en total kostnad p\u00e5 3500 \u20ac, betalas \u00f6ver 5 \u00e5r. En \u00e4gare till en villa med 4 sovrum, med 8 b\u00e4ddar\/platser, kommer att bli ombedd att betala 28000 \u20ac som ocks\u00e5 ska betalas under 5 \u00e5r.<\/p>\n<p><\/p>\n<p style=\"padding-left: 40px;\"><strong>DEL TRE<\/strong> Sista etappen \u00e4r presentationen av `pappersarbete, tillsammans med betalningsbevis enligt ovan. I detta steg kommer det att vara n\u00f6dv\u00e4ndigt att bekr\u00e4fta de faciliteter och utrustning som tillhandah\u00e5lls i fastigheten, en skattebetalning p\u00e5 ca. 300\u20ac f\u00f6r att p\u00e5b\u00f6rja verksamheten som turistuthyrning. \u00c4gare m\u00e5ste bekr\u00e4fta att de ocks\u00e5 har tillr\u00e4cklig civilf\u00f6rs\u00e4kring. L\u00e4genhets\u00e4gare m\u00e5ste tillhandah\u00e5lla ett registrerat bevis p\u00e5 att samh\u00e4llet med majoritet accepterat att acceptera semesteruthyrning i sin byggnad. De m\u00e5ste ocks\u00e5 bevisa att de har individuella vattenm\u00e4tare och fakturor. Efter presentationen av slutrapporterna kommer ett provisoriskt licensnummer att tilldelas och \u00e4garna kan v\u00e4nta p\u00e5 en inspektion av fastigheten. Fr\u00e5n det \u00f6gonblick som du f\u00e5r ett provisoriskt licensnummer kommer det att vara m\u00f6jligt att marknadsf\u00f6ra fastigheten och acceptera bokningar.<\/p>\n<p><\/p>\n<p style=\"padding-left: 40px;\"><strong>SKYLDIGHETER<\/strong>\u00c4garna m\u00e5ste sedan registrera sig hos Guardia Civil f\u00f6r att l\u00e4mna veckovis information om sina g\u00e4ster kort efter ankomsten och, \u00e4ven hos skatteverket f\u00f6r betalning av turistskatten f\u00f6r varje person \u00f6ver 16 \u00e5r. Naturligtvis kommer m\u00e5nga \u00e4gare att anv\u00e4nda p\u00e5litliga agenter f\u00f6r att t\u00e4cka dessa aspekter f\u00f6r dem. En revisor m\u00e5ste anst\u00e4llas f\u00f6r att vara s\u00e4ker p\u00e5 att deklarationerna fylls i korrekt n\u00e4r deklarerar int\u00e4kter och l\u00f6pande kostnader.<br \/>\nAll reklam och kontrakt f\u00f6r semesteruthyrning m\u00e5ste tydligt visa handelsnamnet och licensnumret. Detta kommer att g\u00f6ra det l\u00e4ttare f\u00f6r bes\u00f6kare att identifiera om en fastighet har en licens och en app \u00e4r tillg\u00e4nglig f\u00f6r detta \u00e4ndam\u00e5l.<\/p>\n<p><\/p>\n<p style=\"padding-left: 40px;\">Om du vill ha mer information eller har fr\u00e5gor, v\u00e4nligen kontakta oss. Vi kommer att publicera ny information allt eftersom den blir tillg\u00e4nglig efter den 15 juni.<\/p>\n<p><\/p>\n<p style=\"padding-left: 40px;\"><a href=\"https:\/\/www.mallorcaguru.es\/sv\/ecotasa-baleares-turistskatt-mallorca\/\" target=\"_blank\" rel=\"noopener\">Ecotasa Baleares (Turistskatt Mallorca)<\/a><br \/>\n<a href=\"https:\/\/www.mallorcaguru.es\/sv\/turistuthyrningsveriferare-app\/\" target=\"_blank\" rel=\"noopener\">App f\u00f6r verifiering av turistuthyrning<\/a><\/p>\n\t\t\t\t\t\t\t\t<\/div>\n\t\t\t\t<\/div>\n\t\t\t\t<div class=\"elementor-element elementor-element-8ff1ac9 elementor-share-buttons--shape-rounded elementor-share-buttons--view-icon-text elementor-share-buttons--skin-gradient elementor-grid-0 elementor-share-buttons--color-official elementor-widget elementor-widget-share-buttons\" data-id=\"8ff1ac9\" data-element_type=\"widget\" data-e-type=\"widget\" data-widget_type=\"share-buttons.default\">\n\t\t\t\t<div class=\"elementor-widget-container\">\n\t\t\t\t\t\t\t<div class=\"elementor-grid\" role=\"list\">\n\t\t\t\t\t\t\t\t<div class=\"elementor-grid-item\" role=\"listitem\">\n\t\t\t\t\t\t<div class=\"elementor-share-btn elementor-share-btn_print\" role=\"button\" tabindex=\"0\" aria-label=\"Dela p\u00e5 print\">\n\t\t\t\t\t\t\t\t\t\t\t\t\t\t\t<span class=\"elementor-share-btn__icon\">\n\t\t\t\t\t\t\t\t<i class=\"fas fa-print\" aria-hidden=\"true\"><\/i>\t\t\t\t\t\t\t<\/span>\n\t\t\t\t\t\t\t\t\t\t\t\t\t\t\t\t\t\t\t\t\t\t<div class=\"elementor-share-btn__text\">\n\t\t\t\t\t\t\t\t\t\t\t\t\t\t\t\t\t\t\t<span class=\"elementor-share-btn__title\">\n\t\t\t\t\t\t\t\t\t\tPrint\t\t\t\t\t\t\t\t\t<\/span>\n\t\t\t\t\t\t\t\t\t\t\t\t\t\t\t\t\t<\/div>\n\t\t\t\t\t\t\t\t\t\t\t\t\t<\/div>\n\t\t\t\t\t<\/div>\n\t\t\t\t\t\t\t\t\t<div class=\"elementor-grid-item\" role=\"listitem\">\n\t\t\t\t\t\t<div class=\"elementor-share-btn elementor-share-btn_whatsapp\" role=\"button\" tabindex=\"0\" aria-label=\"Dela p\u00e5 whatsapp\">\n\t\t\t\t\t\t\t\t\t\t\t\t\t\t\t<span class=\"elementor-share-btn__icon\">\n\t\t\t\t\t\t\t\t<i class=\"fab fa-whatsapp\" aria-hidden=\"true\"><\/i>\t\t\t\t\t\t\t<\/span>\n\t\t\t\t\t\t\t\t\t\t\t\t\t\t\t\t\t\t\t\t\t\t<div class=\"elementor-share-btn__text\">\n\t\t\t\t\t\t\t\t\t\t\t\t\t\t\t\t\t\t\t<span class=\"elementor-share-btn__title\">\n\t\t\t\t\t\t\t\t\t\tWhatsApp\t\t\t\t\t\t\t\t\t<\/span>\n\t\t\t\t\t\t\t\t\t\t\t\t\t\t\t\t\t<\/div>\n\t\t\t\t\t\t\t\t\t\t\t\t\t<\/div>\n\t\t\t\t\t<\/div>\n\t\t\t\t\t\t\t\t\t<div class=\"elementor-grid-item\" role=\"listitem\">\n\t\t\t\t\t\t<div class=\"elementor-share-btn elementor-share-btn_email\" role=\"button\" tabindex=\"0\" aria-label=\"Dela p\u00e5 email\">\n\t\t\t\t\t\t\t\t\t\t\t\t\t\t\t<span class=\"elementor-share-btn__icon\">\n\t\t\t\t\t\t\t\t<i class=\"fas fa-envelope\" aria-hidden=\"true\"><\/i>\t\t\t\t\t\t\t<\/span>\n\t\t\t\t\t\t\t\t\t\t\t\t\t\t\t\t\t\t\t\t\t\t<div class=\"elementor-share-btn__text\">\n\t\t\t\t\t\t\t\t\t\t\t\t\t\t\t\t\t\t\t<span class=\"elementor-share-btn__title\">\n\t\t\t\t\t\t\t\t\t\tEmail\t\t\t\t\t\t\t\t\t<\/span>\n\t\t\t\t\t\t\t\t\t\t\t\t\t\t\t\t\t<\/div>\n\t\t\t\t\t\t\t\t\t\t\t\t\t<\/div>\n\t\t\t\t\t<\/div>\n\t\t\t\t\t\t<\/div>\n\t\t\t\t\t\t<\/div>\n\t\t\t\t<\/div>\n\t\t\t\t<div class=\"elementor-element elementor-element-c94ee38 elementor-button-align-center elementor-widget elementor-widget-houzez_elementor_contact_form\" data-id=\"c94ee38\" data-element_type=\"widget\" data-e-type=\"widget\" data-widget_type=\"houzez_elementor_contact_form.default\">\n\t\t\t\t<div class=\"elementor-widget-container\">\n\t\t\t\t\t\n        <script type=\"application\/javascript\">\n            jQuery(document).bind(\"ready\", function () {\n                houzezValidateElementor(\"#houzez-form-c94ee38\" );\n            });\n        <\/script>\n\n        <form class=\"elementor-form houzez-ele-form-js\" id=\"houzez-form-c94ee38\" method=\"post\" name=\"nya Form\" action=\"https:\/\/www.mallorcaguru.es\/wp-admin\/admin-ajax.php\">\n            <input type=\"hidden\" name=\"form_id\" value=\"c94ee38\"\/>\n            <input type=\"hidden\" name=\"houzez_contact_form\" value=\"yes\"\/>\n            <input type=\"hidden\" name=\"action\" value=\"houzez_ele_contact_form\" \/>\n            <input type=\"hidden\" name=\"source_link\" value=\"https:\/\/www.mallorcaguru.es\/sv\/turistlicens-evt-ansokan-pa-mallorca\/\" \/>\n            <input type=\"hidden\" name=\"lead_page_id\" value=\"32329\" \/>\n            <input type=\"hidden\" name=\"webhook\" value=\"false\" \/>\n            <input type=\"hidden\" name=\"webhook_url\" value=\"\" \/>\n            <input type=\"hidden\" name=\"redirect_to\" value=\"https:\/\/www.mallorcaguru.es\/sv\/tack-for-att-du-kontaktar-oss\/\" \/>\n            <input type=\"hidden\" name=\"google_recaptcha\" value=\"yes\" \/>\n            \n\n            <div class=\"elementor-form-fields-wrapper elementor-labels-above\">\n\n                                    <div class=\"elementor-field-group elementor-column form-group elementor-field-group-name elementor-col-100 elementor-field-required elementor-mark-required\">\n                    <label for=\"form-field-name\" class=\"form-label elementor-field-label\">Namn<\/label><input type=\"text\" name=\"name\" id=\"form-field-name\" class=\"elementor-field form-control elementor-size-sm elementor-field-textual\" placeholder=\"Namn\" title=\"* Namn\" required=\"required\">                    <\/div>\n\n                                        <div class=\"elementor-field-group elementor-column form-group elementor-field-group-email elementor-col-100 elementor-field-required elementor-mark-required\">\n                    <label for=\"form-field-email\" class=\"form-label elementor-field-label\">E-post<\/label><input type=\"email\" name=\"email\" id=\"form-field-email\" class=\"elementor-field form-control elementor-size-sm elementor-field-textual\" placeholder=\"E-post\" title=\"* E-post\" required=\"required\">                    <\/div>\n\n                                        <div class=\"elementor-field-group elementor-column form-group elementor-field-group-8eb9aeb elementor-col-100 elementor-field-required elementor-mark-required\">\n                    <label for=\"form-field-8eb9aeb\" class=\"form-label elementor-field-label\">Mobil<\/label><input type=\"text\" name=\"mobile\" id=\"form-field-8eb9aeb\" class=\"elementor-field form-control elementor-size-sm elementor-field-textual\" title=\"* Mobil\" required=\"required\">                    <\/div>\n\n                                        <div class=\"elementor-field-group elementor-column form-group elementor-field-group-message elementor-col-100 elementor-field-required elementor-mark-required\">\n                    <label for=\"form-field-message\" class=\"form-label elementor-field-label\">Meddelande<\/label><textarea class=\"elementor-field-textual elementor-field elementor-size-sm\" name=\"message\" id=\"form-field-message\" rows=\"4\" placeholder=\"Meddelande\" required=\"required\" title=\"* Meddelande\"><\/textarea>                    <\/div>\n\n                    \n                    \n                    \n                                        <div class=\"elementor-field-group\">\n                                            <\/div>\n                    \n                    <div class=\"elementor-field-group elementor-column elementor-field-type-submit elementor-col-100\">\n                    <button type=\"submit\" class=\"houzez-submit-button houzez-contact-form-js elementor-button elementor-size-sm\" id=\"ETV3&#039;032025\">\n                        <i class=\"houzez-loader-js houzez-hidden spinner-border spinner-border-sm\"><\/i>\n                                                    Submit                                            <\/button>\n                <\/div>\n            <\/div><!-- End wrapper-->\n            <br\/>\n            <div class=\"ele-form-messages\"><\/div>\n            <div class=\"error-container\"><\/div>\n\n        <\/form>\n\n    \t\t\t\t<\/div>\n\t\t\t\t<\/div>\n\t\t\t\t<div class=\"elementor-element elementor-element-3fb71f6 elementor-widget elementor-widget-houzez_elementor_space\" data-id=\"3fb71f6\" data-element_type=\"widget\" data-e-type=\"widget\" data-widget_type=\"houzez_elementor_space.default\">\n\t\t\t\t<div class=\"elementor-widget-container\">\n\t\t\t\t\t        <div class=\"houzez-spacer\">\n            <div class=\"houzez-spacer-inner\"><\/div>\n        <\/div>\n        \t\t\t\t<\/div>\n\t\t\t\t<\/div>\n\t\t\t\t<div class=\"elementor-element elementor-element-fce570d elementor-widget elementor-widget-heading\" data-id=\"fce570d\" data-element_type=\"widget\" data-e-type=\"widget\" data-widget_type=\"heading.default\">\n\t\t\t\t<div class=\"elementor-widget-container\">\n\t\t\t\t\t<h4 class=\"elementor-heading-title elementor-size-default\">ETV-licensierade fastigheter till salu p\u00e5 Mallorca<\/h4>\t\t\t\t<\/div>\n\t\t\t\t<\/div>\n\t\t\t\t<div class=\"elementor-element elementor-element-8310d43 elementor-widget elementor-widget-houzez_elementor_property-card-v1\" data-id=\"8310d43\" data-element_type=\"widget\" data-e-type=\"widget\" data-widget_type=\"houzez_elementor_property-card-v1.default\">\n\t\t\t\t<div class=\"elementor-widget-container\">\n\t\t\t\t\t    <div id=\"properties_module_section\" class=\"property-cards-module property-cards-module-v1 property-cards-module-col-2\">\n        <div id=\"module_properties\" class=\"listing-view grid-view row row-cols-1 row-cols-md-2 row-cols-lg-2 gy-4 gx-4\">\n            <div class=\"item-listing-wrap item-wrap-v1 hz-item-gallery-js hz-map-trigger\" data-hz-id=\"352908\" data-images=\"[{&quot;image&quot;:&quot;https:\\\/\\\/www.mallorcaguru.es\\\/wp-content\\\/smush-avif\\\/2025\\\/10\\\/default_1.1.1-2-web-1-584x438.jpg.avif&quot;,&quot;alt&quot;:&quot;&quot;,&quot;width&quot;:584,&quot;height&quot;:438,&quot;srcset&quot;:false,&quot;sizes&quot;:&quot;(max-width: 584px) 100vw, 584px&quot;},{&quot;image&quot;:&quot;https:\\\/\\\/www.mallorcaguru.es\\\/wp-content\\\/smush-avif\\\/2025\\\/10\\\/default_1.1.3-2-web-1-584x438.jpg.avif&quot;,&quot;alt&quot;:&quot;&quot;,&quot;width&quot;:584,&quot;height&quot;:438,&quot;srcset&quot;:false,&quot;sizes&quot;:&quot;(max-width: 584px) 100vw, 584px&quot;},{&quot;image&quot;:&quot;https:\\\/\\\/www.mallorcaguru.es\\\/wp-content\\\/smush-avif\\\/2025\\\/10\\\/default_1.1.1-2-web-1-584x438.jpg.avif&quot;,&quot;alt&quot;:&quot;&quot;,&quot;width&quot;:584,&quot;height&quot;:438,&quot;srcset&quot;:false,&quot;sizes&quot;:&quot;(max-width: 584px) 100vw, 584px&quot;}]\">\n\t<div class=\"item-wrap item-wrap-no-frame h-100\">\n\t\t<div class=\"d-flex flex-column align-items-center h-100\">\n\t\t\t<div class=\"item-header\">\n\t\t\t\t\t\t\t\t<div class=\"labels-wrap d-flex align-items-center gap-1\" role=\"group\"> \n\n\t<a href=\"https:\/\/www.mallorcaguru.es\/sv\/status\/fastigheter-till-salu-mallorca\/\" class=\"label-status label status-color-765\">\n\t\t\t\t\tTill salu\n\t\t\t\t<\/a><a href=\"https:\/\/www.mallorcaguru.es\/sv\/status\/till-salu-i-semesteranlaggningen\/\" class=\"label-status label status-color-3969\">\n\t\t\t\t\tTill salu i semesteranl\u00e4ggningen\n\t\t\t\t<\/a><a href=\"https:\/\/www.mallorcaguru.es\/sv\/etikettera\/etv-licensierade-bostader-till-salu-pa-mallorca\/\" class=\"hz-label label label-color-3839\">\n\t\t\t\t\tETV-licensierade bost\u00e4der till salu p\u00e5 Mallorca\n\t\t\t\t<\/a><a href=\"https:\/\/www.mallorcaguru.es\/sv\/etikettera\/fastigheter-med-havsutsikt-till-salu-pa\/\" class=\"hz-label label label-color-3931\">\n\t\t\t\t\tFastigheter med havsutsikt till salu p\u00e5 Mallorca | Kustbost\u00e4der\n\t\t\t\t<\/a>       \n\n<\/div>\n\t\t\t\t<ul class=\"item-price-wrap d-flex flex-column gap-2\" role=\"list\">\n\t<li class=\"item-price\"><span class=\"price\">355,000\u20ac<\/span><span class=\"price-postfix\"><\/span><\/li><\/ul>\t\t\t\t<ul class=\"item-tools d-flex align-items-center justify-content-center gap-1\">\n        <li class=\"item-tool item-preview\">\n        <span class=\"hz-show-lightbox-js item-tool-preview text-center\" data-listid=\"352908\">\n            <span data-bs-toggle=\"tooltip\" data-bs-placement=\"top\" title=\"F\u00f6rhandsgranska\">\n                <i class=\"houzez-icon icon-expand-3\"><\/i>   \n            <\/span>\n        <\/span><!-- item-tool-favorite -->\n    <\/li><!-- item-tool -->\n        \n        <li class=\"item-tool item-favorite\">\n        <span class=\"add-favorite-js item-tool-favorite text-center\" data-bs-toggle=\"tooltip\" data-bs-placement=\"top\" title=\"Favorit\" data-listid=\"352908\">\n            <i class=\"houzez-icon icon-love-it \"><\/i>\n        <\/span><!-- item-tool-favorite -->\n    <\/li><!-- item-tool -->\n    \n        <li class=\"item-tool item-compare\">\n        <span class=\"houzez_compare compare-352908 item-tool-compare text-center\" data-bs-toggle=\"tooltip\" data-bs-placement=\"top\" title=\"L\u00e4gg till j\u00e4mf\u00f6relse\" data-listing_id=\"352908\" data-listing_image=\"https:\/\/www.mallorcaguru.es\/wp-content\/uploads\/2025\/10\/default_1.1.1-2-web-1-584x438.jpg\">\n            <i class=\"houzez-icon icon-add-circle\"><\/i>\n            <!-- <i class=\"houzez-icon icon-subtract-circle\"><\/i> -->\n        <\/span><!-- item-tool-compare -->\n    <\/li><!-- item-tool -->\n    <\/ul><!-- item-tools -->\n\t\t\t\t<div class=\"listing-image-wrap\">\n\t<div class=\"listing-thumb\">\n\t\t<a target=\"_self\" href=\"https:\/\/www.mallorcaguru.es\/sv\/fastighet\/dubbelstudiolagenheter-till-salu-i-portocolom-mar630631\/\" class=\"listing-featured-thumb hover-effect image-wrap\" role=\"link\">\n\t\t\t<img fetchpriority=\"high\" decoding=\"async\" width=\"584\" height=\"438\" src=\"https:\/\/www.mallorcaguru.es\/wp-content\/smush-avif\/2025\/10\/default_1.1.1-2-web-1-584x438.jpg.avif\" class=\"img-fluid wp-post-image\" alt=\"\" data-smush-avif-fallback=\"{&quot;src&quot;:&quot;https:\\\/\\\/www.mallorcaguru.es\\\/wp-content\\\/uploads\\\/2025\\\/10\\\/default_1.1.1-2-web-1-584x438.jpg&quot;}\" \/>\t\t<\/a><!-- hover-effect -->\n\t<\/div>\n<\/div>\t\t\t\t<div class=\"preview_loader\"><\/div>\n\t\t\t<\/div>\n\t\t\t<div class=\"item-body w-100 flex-grow-1\">\n\t\t\t\t<h2 class=\"item-title mb-2 \">\n\t<a target=\"_self\" href=\"https:\/\/www.mallorcaguru.es\/sv\/fastighet\/dubbelstudiolagenheter-till-salu-i-portocolom-mar630631\/\" role=\"link\">Dubbelstudiol\u00e4genheter till salu i Portocolom MAR630631<\/a>\n<\/h2><!-- item-title -->\t\t\t\t<address class=\"item-address mb-2\"><i class=\"houzez-icon icon-pin me-1\" aria-hidden=\"true\"><\/i><span>Carrer de la Gavina, 07670 Felanitx, Illes Balears, Spain<\/span><\/address>\t\t\t\t\t\t\t\t<ul class=\"item-amenities d-flex flex-wrap align-items-center gap-2 mb-2 item-amenities-with-icons\" role=\"list\">\n\t<li class=\"h-property-id me-1\"><i class=\"houzez-icon icon-tags me-2\"><\/i><span class=\"item-amenities-text\">ID:<\/span> <span class=\"hz-figure\">MARSALSOL630631<\/span><\/li><li class=\"h-baths d-flex align-items-center me-1\"><i class=\"houzez-icon icon-bathroom-shower-1 me-2\"><\/i><span class=\"item-amenities-text\">Bad:<\/span> <span class=\"hz-figure\">2<\/span><\/li><li class=\"h-area d-flex align-items-center me-1\"><i class=\"houzez-icon icon-ruler-triangle me-2\"><\/i><span class=\"hz-figure me-1\">55<\/span> <span class=\"hz-figure area_postfix\">m\u00b2<\/span><\/li><li class=\"h-type d-flex w-100\" role=\"listitem\"><span>Fastigheter i semesteranl\u00e4ggningen, L\u00e4genhet<\/span><\/li><\/ul>\t\t\t\t<a class=\"btn btn-primary btn-item d-md-none d-xl-flex item-no-footer\" target=\"_self\" href=\"https:\/\/www.mallorcaguru.es\/sv\/fastighet\/dubbelstudiolagenheter-till-salu-i-portocolom-mar630631\/\">\n\tDetaljer<\/a><!-- btn-item -->\n\t\t\t<\/div>\n\t\t\t\t\t<\/div>\n\t<\/div>\n<\/div><div class=\"item-listing-wrap item-wrap-v1 hz-item-gallery-js hz-map-trigger\" data-hz-id=\"352891\" data-images=\"[{&quot;image&quot;:&quot;https:\\\/\\\/www.mallorcaguru.es\\\/wp-content\\\/smush-avif\\\/2025\\\/10\\\/default_1.1.1-2-web-1-584x438.jpg.avif&quot;,&quot;alt&quot;:&quot;&quot;,&quot;width&quot;:584,&quot;height&quot;:438,&quot;srcset&quot;:false,&quot;sizes&quot;:&quot;(max-width: 584px) 100vw, 584px&quot;},{&quot;image&quot;:&quot;https:\\\/\\\/www.mallorcaguru.es\\\/wp-content\\\/smush-avif\\\/2025\\\/10\\\/default_1.1.3-2-web-1-584x438.jpg.avif&quot;,&quot;alt&quot;:&quot;&quot;,&quot;width&quot;:584,&quot;height&quot;:438,&quot;srcset&quot;:false,&quot;sizes&quot;:&quot;(max-width: 584px) 100vw, 584px&quot;},{&quot;image&quot;:&quot;https:\\\/\\\/www.mallorcaguru.es\\\/wp-content\\\/smush-avif\\\/2025\\\/10\\\/default_1.1.1-2-web-1-584x438.jpg.avif&quot;,&quot;alt&quot;:&quot;&quot;,&quot;width&quot;:584,&quot;height&quot;:438,&quot;srcset&quot;:false,&quot;sizes&quot;:&quot;(max-width: 584px) 100vw, 584px&quot;}]\">\n\t<div class=\"item-wrap item-wrap-no-frame h-100\">\n\t\t<div class=\"d-flex flex-column align-items-center h-100\">\n\t\t\t<div class=\"item-header\">\n\t\t\t\t\t\t\t\t<div class=\"labels-wrap d-flex align-items-center gap-1\" role=\"group\"> \n\n\t<a href=\"https:\/\/www.mallorcaguru.es\/sv\/status\/fastigheter-till-salu-mallorca\/\" class=\"label-status label status-color-765\">\n\t\t\t\t\tTill salu\n\t\t\t\t<\/a><a href=\"https:\/\/www.mallorcaguru.es\/sv\/status\/till-salu-i-semesteranlaggningen\/\" class=\"label-status label status-color-3969\">\n\t\t\t\t\tTill salu i semesteranl\u00e4ggningen\n\t\t\t\t<\/a><a href=\"https:\/\/www.mallorcaguru.es\/sv\/etikettera\/etv-licensierade-bostader-till-salu-pa-mallorca\/\" class=\"hz-label label label-color-3839\">\n\t\t\t\t\tETV-licensierade bost\u00e4der till salu p\u00e5 Mallorca\n\t\t\t\t<\/a><a href=\"https:\/\/www.mallorcaguru.es\/sv\/etikettera\/fastigheter-med-havsutsikt-till-salu-pa\/\" class=\"hz-label label label-color-3931\">\n\t\t\t\t\tFastigheter med havsutsikt till salu p\u00e5 Mallorca | Kustbost\u00e4der\n\t\t\t\t<\/a>       \n\n<\/div>\n\t\t\t\t<ul class=\"item-price-wrap d-flex flex-column gap-2\" role=\"list\">\n\t<li class=\"item-price\"><span class=\"price\">352,000\u20ac<\/span><span class=\"price-postfix\"><\/span><\/li><\/ul>\t\t\t\t<ul class=\"item-tools d-flex align-items-center justify-content-center gap-1\">\n        <li class=\"item-tool item-preview\">\n        <span class=\"hz-show-lightbox-js item-tool-preview text-center\" data-listid=\"352891\">\n            <span data-bs-toggle=\"tooltip\" data-bs-placement=\"top\" title=\"F\u00f6rhandsgranska\">\n                <i class=\"houzez-icon icon-expand-3\"><\/i>   \n            <\/span>\n        <\/span><!-- item-tool-favorite -->\n    <\/li><!-- item-tool -->\n        \n        <li class=\"item-tool item-favorite\">\n        <span class=\"add-favorite-js item-tool-favorite text-center\" data-bs-toggle=\"tooltip\" data-bs-placement=\"top\" title=\"Favorit\" data-listid=\"352891\">\n            <i class=\"houzez-icon icon-love-it \"><\/i>\n        <\/span><!-- item-tool-favorite -->\n    <\/li><!-- item-tool -->\n    \n        <li class=\"item-tool item-compare\">\n        <span class=\"houzez_compare compare-352891 item-tool-compare text-center\" data-bs-toggle=\"tooltip\" data-bs-placement=\"top\" title=\"L\u00e4gg till j\u00e4mf\u00f6relse\" data-listing_id=\"352891\" data-listing_image=\"https:\/\/www.mallorcaguru.es\/wp-content\/uploads\/2025\/10\/default_1.1.1-2-web-1-584x438.jpg\">\n            <i class=\"houzez-icon icon-add-circle\"><\/i>\n            <!-- <i class=\"houzez-icon icon-subtract-circle\"><\/i> -->\n        <\/span><!-- item-tool-compare -->\n    <\/li><!-- item-tool -->\n    <\/ul><!-- item-tools -->\n\t\t\t\t<div class=\"listing-image-wrap\">\n\t<div class=\"listing-thumb\">\n\t\t<a target=\"_self\" href=\"https:\/\/www.mallorcaguru.es\/sv\/fastighet\/dubbelstudiolagenheter-till-salu-i-portocolom-mar420421\/\" class=\"listing-featured-thumb hover-effect image-wrap\" role=\"link\">\n\t\t\t<img fetchpriority=\"high\" decoding=\"async\" width=\"584\" height=\"438\" src=\"https:\/\/www.mallorcaguru.es\/wp-content\/smush-avif\/2025\/10\/default_1.1.1-2-web-1-584x438.jpg.avif\" class=\"img-fluid wp-post-image\" alt=\"\" data-smush-avif-fallback=\"{&quot;src&quot;:&quot;https:\\\/\\\/www.mallorcaguru.es\\\/wp-content\\\/uploads\\\/2025\\\/10\\\/default_1.1.1-2-web-1-584x438.jpg&quot;}\" \/>\t\t<\/a><!-- hover-effect -->\n\t<\/div>\n<\/div>\t\t\t\t<div class=\"preview_loader\"><\/div>\n\t\t\t<\/div>\n\t\t\t<div class=\"item-body w-100 flex-grow-1\">\n\t\t\t\t<h2 class=\"item-title mb-2 \">\n\t<a target=\"_self\" href=\"https:\/\/www.mallorcaguru.es\/sv\/fastighet\/dubbelstudiolagenheter-till-salu-i-portocolom-mar420421\/\" role=\"link\">Dubbelstudiol\u00e4genheter till salu i Portocolom MAR420421<\/a>\n<\/h2><!-- item-title -->\t\t\t\t<address class=\"item-address mb-2\"><i class=\"houzez-icon icon-pin me-1\" aria-hidden=\"true\"><\/i><span>Carrer de la Gavina, 07670 Felanitx, Illes Balears, Spain<\/span><\/address>\t\t\t\t\t\t\t\t<ul class=\"item-amenities d-flex flex-wrap align-items-center gap-2 mb-2 item-amenities-with-icons\" role=\"list\">\n\t<li class=\"h-property-id me-1\"><i class=\"houzez-icon icon-tags me-2\"><\/i><span class=\"item-amenities-text\">ID:<\/span> <span class=\"hz-figure\">MARSALSOL420421<\/span><\/li><li class=\"h-baths d-flex align-items-center me-1\"><i class=\"houzez-icon icon-bathroom-shower-1 me-2\"><\/i><span class=\"item-amenities-text\">Bad:<\/span> <span class=\"hz-figure\">2<\/span><\/li><li class=\"h-area d-flex align-items-center me-1\"><i class=\"houzez-icon icon-ruler-triangle me-2\"><\/i><span class=\"hz-figure me-1\">46<\/span> <span class=\"hz-figure area_postfix\">m\u00b2<\/span><\/li><li class=\"h-type d-flex w-100\" role=\"listitem\"><span>Fastigheter i semesteranl\u00e4ggningen, L\u00e4genhet<\/span><\/li><\/ul>\t\t\t\t<a class=\"btn btn-primary btn-item d-md-none d-xl-flex item-no-footer\" target=\"_self\" href=\"https:\/\/www.mallorcaguru.es\/sv\/fastighet\/dubbelstudiolagenheter-till-salu-i-portocolom-mar420421\/\">\n\tDetaljer<\/a><!-- btn-item -->\n\t\t\t<\/div>\n\t\t\t\t\t<\/div>\n\t<\/div>\n<\/div><div class=\"item-listing-wrap item-wrap-v1 hz-item-gallery-js hz-map-trigger\" data-hz-id=\"352866\" data-images=\"[{&quot;image&quot;:&quot;https:\\\/\\\/www.mallorcaguru.es\\\/wp-content\\\/smush-avif\\\/2025\\\/10\\\/default_1.1.1-2-web-1-584x438.jpg.avif&quot;,&quot;alt&quot;:&quot;&quot;,&quot;width&quot;:584,&quot;height&quot;:438,&quot;srcset&quot;:false,&quot;sizes&quot;:&quot;(max-width: 584px) 100vw, 584px&quot;},{&quot;image&quot;:&quot;https:\\\/\\\/www.mallorcaguru.es\\\/wp-content\\\/smush-avif\\\/2025\\\/10\\\/default_1.1.3-2-web-1-584x438.jpg.avif&quot;,&quot;alt&quot;:&quot;&quot;,&quot;width&quot;:584,&quot;height&quot;:438,&quot;srcset&quot;:false,&quot;sizes&quot;:&quot;(max-width: 584px) 100vw, 584px&quot;},{&quot;image&quot;:&quot;https:\\\/\\\/www.mallorcaguru.es\\\/wp-content\\\/smush-avif\\\/2025\\\/10\\\/default_1.1.1-2-web-1-584x438.jpg.avif&quot;,&quot;alt&quot;:&quot;&quot;,&quot;width&quot;:584,&quot;height&quot;:438,&quot;srcset&quot;:false,&quot;sizes&quot;:&quot;(max-width: 584px) 100vw, 584px&quot;}]\">\n\t<div class=\"item-wrap item-wrap-no-frame h-100\">\n\t\t<div class=\"d-flex flex-column align-items-center h-100\">\n\t\t\t<div class=\"item-header\">\n\t\t\t\t\t\t\t\t<div class=\"labels-wrap d-flex align-items-center gap-1\" role=\"group\"> \n\n\t<a href=\"https:\/\/www.mallorcaguru.es\/sv\/status\/fastigheter-till-salu-mallorca\/\" class=\"label-status label status-color-765\">\n\t\t\t\t\tTill salu\n\t\t\t\t<\/a><a href=\"https:\/\/www.mallorcaguru.es\/sv\/status\/till-salu-i-semesteranlaggningen\/\" class=\"label-status label status-color-3969\">\n\t\t\t\t\tTill salu i semesteranl\u00e4ggningen\n\t\t\t\t<\/a><a href=\"https:\/\/www.mallorcaguru.es\/sv\/etikettera\/etv-licensierade-bostader-till-salu-pa-mallorca\/\" class=\"hz-label label label-color-3839\">\n\t\t\t\t\tETV-licensierade bost\u00e4der till salu p\u00e5 Mallorca\n\t\t\t\t<\/a><a href=\"https:\/\/www.mallorcaguru.es\/sv\/etikettera\/fastigheter-med-havsutsikt-till-salu-pa\/\" class=\"hz-label label label-color-3931\">\n\t\t\t\t\tFastigheter med havsutsikt till salu p\u00e5 Mallorca | Kustbost\u00e4der\n\t\t\t\t<\/a>       \n\n<\/div>\n\t\t\t\t<ul class=\"item-price-wrap d-flex flex-column gap-2\" role=\"list\">\n\t<li class=\"item-price\"><span class=\"price\">352,000\u20ac<\/span><span class=\"price-postfix\"><\/span><\/li><\/ul>\t\t\t\t<ul class=\"item-tools d-flex align-items-center justify-content-center gap-1\">\n        <li class=\"item-tool item-preview\">\n        <span class=\"hz-show-lightbox-js item-tool-preview text-center\" data-listid=\"352866\">\n            <span data-bs-toggle=\"tooltip\" data-bs-placement=\"top\" title=\"F\u00f6rhandsgranska\">\n                <i class=\"houzez-icon icon-expand-3\"><\/i>   \n            <\/span>\n        <\/span><!-- item-tool-favorite -->\n    <\/li><!-- item-tool -->\n        \n        <li class=\"item-tool item-favorite\">\n        <span class=\"add-favorite-js item-tool-favorite text-center\" data-bs-toggle=\"tooltip\" data-bs-placement=\"top\" title=\"Favorit\" data-listid=\"352866\">\n            <i class=\"houzez-icon icon-love-it \"><\/i>\n        <\/span><!-- item-tool-favorite -->\n    <\/li><!-- item-tool -->\n    \n        <li class=\"item-tool item-compare\">\n        <span class=\"houzez_compare compare-352866 item-tool-compare text-center\" data-bs-toggle=\"tooltip\" data-bs-placement=\"top\" title=\"L\u00e4gg till j\u00e4mf\u00f6relse\" data-listing_id=\"352866\" data-listing_image=\"https:\/\/www.mallorcaguru.es\/wp-content\/uploads\/2025\/10\/default_1.1.1-2-web-1-584x438.jpg\">\n            <i class=\"houzez-icon icon-add-circle\"><\/i>\n            <!-- <i class=\"houzez-icon icon-subtract-circle\"><\/i> -->\n        <\/span><!-- item-tool-compare -->\n    <\/li><!-- item-tool -->\n    <\/ul><!-- item-tools -->\n\t\t\t\t<div class=\"listing-image-wrap\">\n\t<div class=\"listing-thumb\">\n\t\t<a target=\"_self\" href=\"https:\/\/www.mallorcaguru.es\/sv\/fastighet\/dubbla-studiolagenheter-till-salu-i-portocolom-ac308-309\/\" class=\"listing-featured-thumb hover-effect image-wrap\" role=\"link\">\n\t\t\t<img fetchpriority=\"high\" decoding=\"async\" width=\"584\" height=\"438\" src=\"https:\/\/www.mallorcaguru.es\/wp-content\/smush-avif\/2025\/10\/default_1.1.1-2-web-1-584x438.jpg.avif\" class=\"img-fluid wp-post-image\" alt=\"\" data-smush-avif-fallback=\"{&quot;src&quot;:&quot;https:\\\/\\\/www.mallorcaguru.es\\\/wp-content\\\/uploads\\\/2025\\\/10\\\/default_1.1.1-2-web-1-584x438.jpg&quot;}\" \/>\t\t<\/a><!-- hover-effect -->\n\t<\/div>\n<\/div>\t\t\t\t<div class=\"preview_loader\"><\/div>\n\t\t\t<\/div>\n\t\t\t<div class=\"item-body w-100 flex-grow-1\">\n\t\t\t\t<h2 class=\"item-title mb-2 \">\n\t<a target=\"_self\" href=\"https:\/\/www.mallorcaguru.es\/sv\/fastighet\/dubbla-studiolagenheter-till-salu-i-portocolom-ac308-309\/\" role=\"link\">Dubbla studiol\u00e4genheter till salu i Portocolom AC308-309<\/a>\n<\/h2><!-- item-title -->\t\t\t\t<address class=\"item-address mb-2\"><i class=\"houzez-icon icon-pin me-1\" aria-hidden=\"true\"><\/i><span>Carrer de la Gavina, 07670 Felanitx, Illes Balears, Spain<\/span><\/address>\t\t\t\t\t\t\t\t<ul class=\"item-amenities d-flex flex-wrap align-items-center gap-2 mb-2 item-amenities-with-icons\" role=\"list\">\n\t<li class=\"h-property-id me-1\"><i class=\"houzez-icon icon-tags me-2\"><\/i><span class=\"item-amenities-text\">ID:<\/span> <span class=\"hz-figure\">AC308-309<\/span><\/li><li class=\"h-baths d-flex align-items-center me-1\"><i class=\"houzez-icon icon-bathroom-shower-1 me-2\"><\/i><span class=\"item-amenities-text\">Bad:<\/span> <span class=\"hz-figure\">2<\/span><\/li><li class=\"h-area d-flex align-items-center me-1\"><i class=\"houzez-icon icon-ruler-triangle me-2\"><\/i><span class=\"hz-figure me-1\">53<\/span> <span class=\"hz-figure area_postfix\">m\u00b2<\/span><\/li><li class=\"h-type d-flex w-100\" role=\"listitem\"><span>Fastigheter i semesteranl\u00e4ggningen, L\u00e4genhet<\/span><\/li><\/ul>\t\t\t\t<a class=\"btn btn-primary btn-item d-md-none d-xl-flex item-no-footer\" target=\"_self\" href=\"https:\/\/www.mallorcaguru.es\/sv\/fastighet\/dubbla-studiolagenheter-till-salu-i-portocolom-ac308-309\/\">\n\tDetaljer<\/a><!-- btn-item -->\n\t\t\t<\/div>\n\t\t\t\t\t<\/div>\n\t<\/div>\n<\/div><div class=\"item-listing-wrap item-wrap-v1 hz-item-gallery-js hz-map-trigger\" data-hz-id=\"352842\" data-images=\"[{&quot;image&quot;:&quot;https:\\\/\\\/www.mallorcaguru.es\\\/wp-content\\\/smush-avif\\\/2025\\\/10\\\/Studio-web-2-584x438.jpg.avif&quot;,&quot;alt&quot;:&quot;&quot;,&quot;width&quot;:584,&quot;height&quot;:438,&quot;srcset&quot;:false,&quot;sizes&quot;:&quot;(max-width: 584px) 100vw, 584px&quot;},{&quot;image&quot;:&quot;https:\\\/\\\/www.mallorcaguru.es\\\/wp-content\\\/smush-avif\\\/2025\\\/10\\\/Studio-web-2-584x438.jpg.avif&quot;,&quot;alt&quot;:&quot;&quot;,&quot;width&quot;:584,&quot;height&quot;:438,&quot;srcset&quot;:false,&quot;sizes&quot;:&quot;(max-width: 584px) 100vw, 584px&quot;},{&quot;image&quot;:&quot;https:\\\/\\\/www.mallorcaguru.es\\\/wp-content\\\/smush-avif\\\/2025\\\/10\\\/T1-5-web-584x438.png.avif&quot;,&quot;alt&quot;:&quot;&quot;,&quot;width&quot;:584,&quot;height&quot;:438,&quot;srcset&quot;:false,&quot;sizes&quot;:&quot;(max-width: 584px) 100vw, 584px&quot;}]\">\n\t<div class=\"item-wrap item-wrap-no-frame h-100\">\n\t\t<div class=\"d-flex flex-column align-items-center h-100\">\n\t\t\t<div class=\"item-header\">\n\t\t\t\t\t\t\t\t<div class=\"labels-wrap d-flex align-items-center gap-1\" role=\"group\"> \n\n\t<a href=\"https:\/\/www.mallorcaguru.es\/sv\/status\/fastigheter-till-salu-mallorca\/\" class=\"label-status label status-color-765\">\n\t\t\t\t\tTill salu\n\t\t\t\t<\/a><a href=\"https:\/\/www.mallorcaguru.es\/sv\/status\/till-salu-i-semesteranlaggningen\/\" class=\"label-status label status-color-3969\">\n\t\t\t\t\tTill salu i semesteranl\u00e4ggningen\n\t\t\t\t<\/a><a href=\"https:\/\/www.mallorcaguru.es\/sv\/etikettera\/etv-licensierade-bostader-till-salu-pa-mallorca\/\" class=\"hz-label label label-color-3839\">\n\t\t\t\t\tETV-licensierade bost\u00e4der till salu p\u00e5 Mallorca\n\t\t\t\t<\/a><a href=\"https:\/\/www.mallorcaguru.es\/sv\/etikettera\/fastigheter-med-havsutsikt-till-salu-pa\/\" class=\"hz-label label label-color-3931\">\n\t\t\t\t\tFastigheter med havsutsikt till salu p\u00e5 Mallorca | Kustbost\u00e4der\n\t\t\t\t<\/a>       \n\n<\/div>\n\t\t\t\t<ul class=\"item-price-wrap d-flex flex-column gap-2\" role=\"list\">\n\t<li class=\"item-price\"><span class=\"price\">350,000\u20ac<\/span><span class=\"price-postfix\"><\/span><\/li><\/ul>\t\t\t\t<ul class=\"item-tools d-flex align-items-center justify-content-center gap-1\">\n        <li class=\"item-tool item-preview\">\n        <span class=\"hz-show-lightbox-js item-tool-preview text-center\" data-listid=\"352842\">\n            <span data-bs-toggle=\"tooltip\" data-bs-placement=\"top\" title=\"F\u00f6rhandsgranska\">\n                <i class=\"houzez-icon icon-expand-3\"><\/i>   \n            <\/span>\n        <\/span><!-- item-tool-favorite -->\n    <\/li><!-- item-tool -->\n        \n        <li class=\"item-tool item-favorite\">\n        <span class=\"add-favorite-js item-tool-favorite text-center\" data-bs-toggle=\"tooltip\" data-bs-placement=\"top\" title=\"Favorit\" data-listid=\"352842\">\n            <i class=\"houzez-icon icon-love-it \"><\/i>\n        <\/span><!-- item-tool-favorite -->\n    <\/li><!-- item-tool -->\n    \n        <li class=\"item-tool item-compare\">\n        <span class=\"houzez_compare compare-352842 item-tool-compare text-center\" data-bs-toggle=\"tooltip\" data-bs-placement=\"top\" title=\"L\u00e4gg till j\u00e4mf\u00f6relse\" data-listing_id=\"352842\" data-listing_image=\"https:\/\/www.mallorcaguru.es\/wp-content\/uploads\/2025\/10\/Studio-web-2-584x438.jpg\">\n            <i class=\"houzez-icon icon-add-circle\"><\/i>\n            <!-- <i class=\"houzez-icon icon-subtract-circle\"><\/i> -->\n        <\/span><!-- item-tool-compare -->\n    <\/li><!-- item-tool -->\n    <\/ul><!-- item-tools -->\n\t\t\t\t<div class=\"listing-image-wrap\">\n\t<div class=\"listing-thumb\">\n\t\t<a target=\"_self\" href=\"https:\/\/www.mallorcaguru.es\/sv\/fastighet\/dubbla-studiolagenheter-till-salu-i-portocolom-ac306-307\/\" class=\"listing-featured-thumb hover-effect image-wrap\" role=\"link\">\n\t\t\t<img decoding=\"async\" width=\"584\" height=\"438\" src=\"https:\/\/www.mallorcaguru.es\/wp-content\/smush-avif\/2025\/10\/Studio-web-2-584x438.jpg.avif\" class=\"img-fluid wp-post-image\" alt=\"\" loading=\"lazy\" data-smush-avif-fallback=\"{&quot;src&quot;:&quot;https:\\\/\\\/www.mallorcaguru.es\\\/wp-content\\\/uploads\\\/2025\\\/10\\\/Studio-web-2-584x438.jpg&quot;}\" \/>\t\t<\/a><!-- hover-effect -->\n\t<\/div>\n<\/div>\t\t\t\t<div class=\"preview_loader\"><\/div>\n\t\t\t<\/div>\n\t\t\t<div class=\"item-body w-100 flex-grow-1\">\n\t\t\t\t<h2 class=\"item-title mb-2 \">\n\t<a target=\"_self\" href=\"https:\/\/www.mallorcaguru.es\/sv\/fastighet\/dubbla-studiolagenheter-till-salu-i-portocolom-ac306-307\/\" role=\"link\">Dubbla studiol\u00e4genheter till salu i Portocolom AC306-307<\/a>\n<\/h2><!-- item-title -->\t\t\t\t<address class=\"item-address mb-2\"><i class=\"houzez-icon icon-pin me-1\" aria-hidden=\"true\"><\/i><span>Carrer de la Gavina, 07670 Felanitx, Illes Balears, Spain<\/span><\/address>\t\t\t\t\t\t\t\t<ul class=\"item-amenities d-flex flex-wrap align-items-center gap-2 mb-2 item-amenities-with-icons\" role=\"list\">\n\t<li class=\"h-property-id me-1\"><i class=\"houzez-icon icon-tags me-2\"><\/i><span class=\"item-amenities-text\">ID:<\/span> <span class=\"hz-figure\">AC306-307<\/span><\/li><li class=\"h-baths d-flex align-items-center me-1\"><i class=\"houzez-icon icon-bathroom-shower-1 me-2\"><\/i><span class=\"item-amenities-text\">Bad:<\/span> <span class=\"hz-figure\">2<\/span><\/li><li class=\"h-area d-flex align-items-center me-1\"><i class=\"houzez-icon icon-ruler-triangle me-2\"><\/i><span class=\"hz-figure me-1\">58<\/span> <span class=\"hz-figure area_postfix\">m\u00b2<\/span><\/li><li class=\"h-type d-flex w-100\" role=\"listitem\"><span>Fastigheter i semesteranl\u00e4ggningen, L\u00e4genhet<\/span><\/li><\/ul>\t\t\t\t<a class=\"btn btn-primary btn-item d-md-none d-xl-flex item-no-footer\" target=\"_self\" href=\"https:\/\/www.mallorcaguru.es\/sv\/fastighet\/dubbla-studiolagenheter-till-salu-i-portocolom-ac306-307\/\">\n\tDetaljer<\/a><!-- btn-item -->\n\t\t\t<\/div>\n\t\t\t\t\t<\/div>\n\t<\/div>\n<\/div>        <\/div><!-- listing-view -->\n\n                <div id=\"fave-pagination-loadmore\" class=\"load-more-wrap mb-4 fave-load-more\">\n            <a class=\"btn btn-load-more btn-primary-outlined\"\n               data-pagination_type=\"loadmore\"\n               data-paged=\"2\" \n               data-posts_limit=\"4\" \n               data-card=\"v1\" \n               data-property_type=\"\" data-property_status=\"\" data-property_country=\"\" data-property_state=\"\" data-property_city=\"\" data-property_area=\"\" data-property_label=\"etv-licensed-properties-for-sale-in-mallorca\" data-property_ids=\"\" data-property_id=\"\" data-houzez_user_role=\"\" data-featured_prop=\"\" data-sort_by=\"d_date\" data-offset=\"\" data-post_status=\"publish\" data-min_price=\"\" data-max_price=\"\" data-min_beds=\"\" data-max_beds=\"\" data-min_baths=\"\" data-max_baths=\"\" data-properties_by_agents=\"\" data-properties_by_agencies=\"\" data-hide_date=\"1\" data-nav_position=\"\"             >\n            <span class=\"houzez-loader-js houzez-hidden spinner-border spinner-border-sm\" aria-hidden=\"true\"><\/span>Ladda mer \n            <\/a>\n        <\/div>\n            <\/div><!-- property-grid-module -->\n    \t\t\t\t<\/div>\n\t\t\t\t<\/div>\n\t\t\t\t\t<\/div>\n\t\t<\/div>\n\t\t\t\t\t<\/div>\n\t\t<\/section>\n\t\t\t\t<section class=\"elementor-section elementor-top-section elementor-element elementor-element-f3d3c00 elementor-section-boxed elementor-section-height-default elementor-section-height-default\" data-id=\"f3d3c00\" data-element_type=\"section\" data-e-type=\"section\">\n\t\t\t\t\t\t<div class=\"elementor-container elementor-column-gap-default\">\n\t\t\t\t\t<div class=\"elementor-column elementor-col-100 elementor-top-column elementor-element elementor-element-f7e4d0d\" data-id=\"f7e4d0d\" data-element_type=\"column\" data-e-type=\"column\">\n\t\t\t<div class=\"elementor-widget-wrap elementor-element-populated\">\n\t\t\t\t\t\t<div class=\"elementor-element elementor-element-74d59b9 elementor-headline--style-highlight elementor-widget elementor-widget-animated-headline\" data-id=\"74d59b9\" data-element_type=\"widget\" data-e-type=\"widget\" data-settings=\"{&quot;highlighted_text&quot;:&quot;Mallorca &quot;,&quot;headline_style&quot;:&quot;highlight&quot;,&quot;marker&quot;:&quot;circle&quot;,&quot;loop&quot;:&quot;yes&quot;,&quot;highlight_animation_duration&quot;:1200,&quot;highlight_iteration_delay&quot;:8000}\" data-widget_type=\"animated-headline.default\">\n\t\t\t\t<div class=\"elementor-widget-container\">\n\t\t\t\t\t\t\t\t<a href=\"https:\/\/www.mallorcaguru.es\/sv\/wyndham-portocolom-mallorca\/\" target=\"_blank\">\n\n\t\t\t\t\t<h3 class=\"elementor-headline\">\n\t\t\t\t\t<span class=\"elementor-headline-plain-text elementor-headline-text-wrapper\">Ett fritidshus med en smart uthyrningsinvestering i<\/span>\n\t\t\t\t<span class=\"elementor-headline-dynamic-wrapper elementor-headline-text-wrapper\">\n\t\t\t\t\t<span class=\"elementor-headline-dynamic-text elementor-headline-text-active\">Mallorca <\/span>\n\t\t\t\t<\/span>\n\t\t\t\t\t<span class=\"elementor-headline-plain-text elementor-headline-text-wrapper\">Wyndham Portocolom. L\u00e4genheter fr\u00e5n 185.000\u20ac<\/span>\n\t\t\t\t\t<\/h3>\n\t\t<\/a>\t\t\t\t<\/div>\n\t\t\t\t<\/div>\n\t\t\t\t\t<\/div>\n\t\t<\/div>\n\t\t\t\t\t<\/div>\n\t\t<\/section>\n\t\t\t\t<\/div>\n\t\t","protected":false},"excerpt":{"rendered":"<p>Turistlicens EVT-ans\u00f6kan p\u00e5 Mallorca ETV semesteruthyrningslicenser Mallorca Fr\u00e5n mars 2022 avbryts nya ans\u00f6kningar tills den huvudsakliga planeringsmyndigheten p\u00e5 Mallorca har slutf\u00f6rt en \u00f6versyn av turismen \u00f6ver Balearerna med r\u00e5dhusen \u00f6ver \u00f6arna. Fr\u00e5n och med den 15 juni 2025 kommer fastighets\u00e4gare att kunna ans\u00f6ka om tillf\u00e4lliga turistuthyrningslicenser, vilket ger dem lagligt tillst\u00e5nd att hyra ut sina [&hellip;]<\/p>\n","protected":false},"author":1,"featured_media":51494,"parent":0,"menu_order":3,"comment_status":"closed","ping_status":"closed","template":"elementor_theme","meta":{"footnotes":""},"categories":[3342],"tags":[],"class_list":["post-32329","page","type-page","status-publish","has-post-thumbnail","hentry","category-allmanna-inlagg-artiklar"],"_links":{"self":[{"href":"https:\/\/www.mallorcaguru.es\/sv\/wp-json\/wp\/v2\/pages\/32329","targetHints":{"allow":["GET"]}}],"collection":[{"href":"https:\/\/www.mallorcaguru.es\/sv\/wp-json\/wp\/v2\/pages"}],"about":[{"href":"https:\/\/www.mallorcaguru.es\/sv\/wp-json\/wp\/v2\/types\/page"}],"author":[{"embeddable":true,"href":"https:\/\/www.mallorcaguru.es\/sv\/wp-json\/wp\/v2\/users\/1"}],"replies":[{"embeddable":true,"href":"https:\/\/www.mallorcaguru.es\/sv\/wp-json\/wp\/v2\/comments?post=32329"}],"version-history":[{"count":0,"href":"https:\/\/www.mallorcaguru.es\/sv\/wp-json\/wp\/v2\/pages\/32329\/revisions"}],"wp:featuredmedia":[{"embeddable":true,"href":"https:\/\/www.mallorcaguru.es\/sv\/wp-json\/wp\/v2\/media\/51494"}],"wp:attachment":[{"href":"https:\/\/www.mallorcaguru.es\/sv\/wp-json\/wp\/v2\/media?parent=32329"}],"wp:term":[{"taxonomy":"category","embeddable":true,"href":"https:\/\/www.mallorcaguru.es\/sv\/wp-json\/wp\/v2\/categories?post=32329"},{"taxonomy":"post_tag","embeddable":true,"href":"https:\/\/www.mallorcaguru.es\/sv\/wp-json\/wp\/v2\/tags?post=32329"}],"curies":[{"name":"wp","href":"https:\/\/api.w.org\/{rel}","templated":true}]}}