{"id":333107,"date":"2026-03-10T13:06:15","date_gmt":"2026-03-10T12:06:15","guid":{"rendered":"https:\/\/www.mallorcaguru.es\/vingardar-och-bodegas-till-salu-pa-mallorca\/"},"modified":"2026-03-10T16:58:00","modified_gmt":"2026-03-10T15:58:00","slug":"vingardar-och-bodegas-till-salu-pa-mallorca","status":"publish","type":"page","link":"https:\/\/www.mallorcaguru.es\/sv\/vingardar-och-bodegas-till-salu-pa-mallorca\/","title":{"rendered":"Ving\u00e5rdar och Bodegas till salu p\u00e5 Mallorca"},"content":{"rendered":"\t\t<div data-elementor-type=\"wp-page\" data-elementor-id=\"333107\" class=\"elementor elementor-333107 elementor-332800\" data-elementor-post-type=\"page\">\n\t\t\t\t\t\t<section class=\"elementor-section elementor-top-section elementor-element elementor-element-3555c64 elementor-section-boxed elementor-section-height-default elementor-section-height-default\" data-id=\"3555c64\" data-element_type=\"section\" data-e-type=\"section\">\n\t\t\t\t\t\t<div class=\"elementor-container elementor-column-gap-default\">\n\t\t\t\t\t<div class=\"elementor-column elementor-col-100 elementor-top-column elementor-element elementor-element-671a3fdc\" data-id=\"671a3fdc\" data-element_type=\"column\" data-e-type=\"column\">\n\t\t\t<div class=\"elementor-widget-wrap elementor-element-populated\">\n\t\t\t\t\t\t<div class=\"elementor-element elementor-element-15cb01f elementor-widget elementor-widget-houzez_elementor_section_title\" data-id=\"15cb01f\" data-element_type=\"widget\" data-e-type=\"widget\" data-widget_type=\"houzez_elementor_section_title.default\">\n\t\t\t\t<div class=\"elementor-widget-container\">\n\t\t\t\t\t            <div class=\"houzez_section_title_wrap section-title-module\">\n                                    <h2 class=\"houzez_section_title\">Mark l\u00e4mplig f\u00f6r vinproduktion p\u00e5 \u00f6n Mallorca<\/h2>\n                \n                                    <p class=\"houzez_section_subtitle\">Ving\u00e5rdar och Bodegas till salu p\u00e5 Mallorca Mark l\u00e4mplig f\u00f6r vinproduktion p\u00e5 \u00f6n Mallorca<\/p>\n                            <\/div>\n            \t\t\t\t<\/div>\n\t\t\t\t<\/div>\n\t\t\t\t<div class=\"elementor-element elementor-element-73fed58 elementor-widget elementor-widget-text-editor\" data-id=\"73fed58\" data-element_type=\"widget\" data-e-type=\"widget\" data-widget_type=\"text-editor.default\">\n\t\t\t\t<div class=\"elementor-widget-container\">\n\t\t\t\t\t\t\t\t\t<h3 style=\"text-align: center;\"><span style=\"font-size: 12pt;\">Vi de la Terra Mallorca \u2013 Vinreglering p\u00e5 \u00f6n<\/span><\/h3>\n<p>Vi de la Terra Mallorca \u00e4r det tillsynsorgan som \u00f6vervakar Mallorcas viner enligt <strong>IGP-klassificeringen (Indicaci\u00f3n Geogr\u00e1fica Protegida)<\/strong>. R\u00e5det representerar ving\u00e5rdar och vinodlare \u00f6ver hela \u00f6n och ansvarar f\u00f6r att uppr\u00e4tth\u00e5lla kvalitetsstandarder, certifiera viner och fr\u00e4mja Mallorcas vinodlingsarv.<\/p>\n<p>Vin kan produceras \u00f6ver hela \u00f6n om det \u00e4r korrekt registrerat hos Vi de la Terra Mallorca och marken \u00e4r certifierad f\u00f6r odling av vinstockar f\u00f6r vinproduktion.<\/p>\n<p>Vi har ett urval av fastigheter som \u00e4r l\u00e4mpliga f\u00f6r vinproduktion. Men juridisk r\u00e5dgivning b\u00f6r alltid s\u00f6kas innan man best\u00e4mmer sig f\u00f6r ett k\u00f6p. Marken m\u00e5ste vara korrekt registrerad och l\u00e4mplig f\u00f6r vinproduktion. Mark utanf\u00f6r de tv\u00e5 val\u00f6rerna p\u00e5 Mallorca som \u00e4r korrekt registrerad kan s\u00e4ljas med Vi de la Terra Mallorca-etiketten.<\/p>\n\t\t\t\t\t\t\t\t<\/div>\n\t\t\t\t<\/div>\n\t\t\t\t<section class=\"elementor-section elementor-inner-section elementor-element elementor-element-e99b869 elementor-section-boxed elementor-section-height-default elementor-section-height-default\" data-id=\"e99b869\" data-element_type=\"section\" data-e-type=\"section\">\n\t\t\t\t\t\t<div class=\"elementor-container elementor-column-gap-default\">\n\t\t\t\t\t<div class=\"elementor-column elementor-col-50 elementor-inner-column elementor-element elementor-element-328344f\" data-id=\"328344f\" data-element_type=\"column\" data-e-type=\"column\">\n\t\t\t<div class=\"elementor-widget-wrap elementor-element-populated\">\n\t\t\t\t\t\t<div class=\"elementor-element elementor-element-c000a28 elementor-widget elementor-widget-text-editor\" data-id=\"c000a28\" data-element_type=\"widget\" data-e-type=\"widget\" data-widget_type=\"text-editor.default\">\n\t\t\t\t<div class=\"elementor-widget-container\">\n\t\t\t\t\t\t\t\t\t<h3 style=\"text-align: center;\"><strong><span style=\"font-size: 12pt;\">Denominaci\u00f3n de Origen Binissalem<\/span><\/strong><\/h3>\n<p>Den mest k\u00e4nda och prestigefyllda vinregionen p\u00e5 Mallorca ligger i hj\u00e4rtat av Mallorca i Raiguer-regionen mitt p\u00e5 \u00f6n.<\/p>\n<p>Etablerad 1988 var det den f\u00f6rsta baleariska vinregionen som fick denna officiella kvalitetsstatus.<\/p>\n<p>Beteckningen \u00e4r v\u00e4lk\u00e4nd i hela Europa och exporteras till Tyskland, Skandinavien och Storbritannien.<\/p>\n<p>Den omfattar fem kommuner p\u00e5 centrala Mallorca: Binissalem, Consell, Santa Maria del Cam\u00ed, Santa Eug\u00e8nia och Sencelles. Med 605 hektar ving\u00e5rdar.<\/p>\n<p><strong>Druvsorter:<\/strong> Regionen \u00e4r k\u00e4nd f\u00f6r sina inhemska druvsorter, fr\u00e4mst <strong>Manto Negro<\/strong> f\u00f6r r\u00f6da viner och <strong>Moll<\/strong> (\u00e4ven k\u00e4nd som Prensal Blanc) f\u00f6r vita viner. Nyligen har en ny sort, Escursac, inf\u00f6rlivats i officiella f\u00f6reskrifter.<\/p>\n<p>Regionen producerar en rad r\u00f6da, vita, ros\u00e9- och mousserande viner.<\/p>\n<p><strong>R\u00f6da viner<\/strong> som ofta har h\u00f6g alkoholhalt, balanserad syra och aromer av mogen frukt.<\/p>\n<p><strong>Vita viner<\/strong> \u00e4r k\u00e4nda f\u00f6r att vara fr\u00e4scha och livfulla med fruktiga och blommiga toner.<\/p>\n\t\t\t\t\t\t\t\t<\/div>\n\t\t\t\t<\/div>\n\t\t\t\t\t<\/div>\n\t\t<\/div>\n\t\t\t\t<div class=\"elementor-column elementor-col-50 elementor-inner-column elementor-element elementor-element-f75010b\" data-id=\"f75010b\" data-element_type=\"column\" data-e-type=\"column\">\n\t\t\t<div class=\"elementor-widget-wrap elementor-element-populated\">\n\t\t\t\t\t\t<div class=\"elementor-element elementor-element-42445b9 elementor-widget elementor-widget-text-editor\" data-id=\"42445b9\" data-element_type=\"widget\" data-e-type=\"widget\" data-widget_type=\"text-editor.default\">\n\t\t\t\t<div class=\"elementor-widget-container\">\n\t\t\t\t\t\t\t\t\t<p style=\"text-align: center;\"><strong>Denominaci\u00f3n de Origen Pla i Llevant<\/strong><\/p>\n<p>Etablerat 1999 och t\u00e4cker den centrala sl\u00e4tten p\u00e5 \u00f6n P<strong>la de Mallorca<\/strong> och den \u00f6stra kustregionen <strong>Llevant<\/strong>.<\/p>\n<p>Det omfattar nitton kommuner Algaida Ariany Art\u00e0 Campos Capdepera Felanitx Llucmajor Manacor Maria de la Salut Montu\u00efri Muro Petra Porreres Sant Joan Sant Lloren\u00e7 des Cardassar Santa Margalida Santany\u00ed Sineu Vilafranca de Bonany. Med 444 hektar ving\u00e5rdar.<\/p>\n<p>Mindre k\u00e4nd \u00e4n DO i Binissalem har val\u00f6ren ett v\u00e4xande rykte, s\u00e4rskilt f\u00f6r produktion av mousserande viner och vita viner.<\/p>\n<p><strong>Druvsorter:<\/strong> Regionen \u00e4r k\u00e4nd f\u00f6r sina inhemska druvsorter, Callet, Mantonegro, Fogoneu, Gorgollassa, Premsal Blanc (Moll) och Gir\u00f3 Ros.<\/p>\n<p>Regionen producerar ett komplett utbud av viner inklusive f\u00e4rska, fruktiga vita viner; rundade och strukturerade r\u00f6da; aromatiska ros\u00e9er; och mousserande viner.<\/p>\n<p>Regionens mousserande vin <strong>Raor Brut Nature<\/strong>, tillverkat med traditionell metod, liknande Cava eller Champagne, f\u00e5r recensioner som rankar det bland de b\u00e4sta av de st\u00f6rre producenterna.<\/p>\n<p>Vita viner fr\u00e5n regionen f\u00e5r regelbundet utm\u00e4rkelser och priser f\u00f6r sin kvalitet, vilket matchar allt som finns tillg\u00e4ngligt i resten av Europa.<\/p>\n\t\t\t\t\t\t\t\t<\/div>\n\t\t\t\t<\/div>\n\t\t\t\t\t<\/div>\n\t\t<\/div>\n\t\t\t\t\t<\/div>\n\t\t<\/section>\n\t\t\t\t\t<\/div>\n\t\t<\/div>\n\t\t\t\t\t<\/div>\n\t\t<\/section>\n\t\t\t\t<section class=\"elementor-section elementor-top-section elementor-element elementor-element-3310a2d elementor-section-boxed elementor-section-height-default elementor-section-height-default\" data-id=\"3310a2d\" data-element_type=\"section\" data-e-type=\"section\">\n\t\t\t\t\t\t<div class=\"elementor-container elementor-column-gap-default\">\n\t\t\t\t\t<div class=\"elementor-column elementor-col-100 elementor-top-column elementor-element elementor-element-24fab7e\" data-id=\"24fab7e\" data-element_type=\"column\" data-e-type=\"column\">\n\t\t\t<div class=\"elementor-widget-wrap elementor-element-populated\">\n\t\t\t\t\t\t<div class=\"elementor-element elementor-element-2ada7af elementor-widget elementor-widget-text-editor\" data-id=\"2ada7af\" data-element_type=\"widget\" data-e-type=\"widget\" data-widget_type=\"text-editor.default\">\n\t\t\t\t<div class=\"elementor-widget-container\">\n\t\t\t\t\t\t\t\t\t<p style=\"text-align: center;\">Bodegas och mark l\u00e4mplig f\u00f6r vinproduktion inom de tv\u00e5 dominerande vinregionerna.<\/p>\n<p><\/p>\n<p style=\"text-align: center;\">Om du letar efter en fastighet utanf\u00f6r val\u00f6rerna, v\u00e4nligen kontakta oss.<\/p>\n\t\t\t\t\t\t\t\t<\/div>\n\t\t\t\t<\/div>\n\t\t\t\t<div class=\"elementor-element elementor-element-c21ab2e elementor-widget elementor-widget-houzez_elementor_property-card-v7\" data-id=\"c21ab2e\" data-element_type=\"widget\" data-e-type=\"widget\" data-widget_type=\"houzez_elementor_property-card-v7.default\">\n\t\t\t\t<div class=\"elementor-widget-container\">\n\t\t\t\t\t    <div id=\"properties_module_section\" class=\"property-cards-module property-cards-module-v7 property-cards-module-col-2\">\n        <div id=\"module_properties\" class=\"listing-view grid-view row row-cols-1 row-cols-md-2 row-cols-lg-2 gy-4 gx-4\">\n            <div class=\"item-listing-wrap item-wrap-v9 hz-item-gallery-js hz-map-trigger\" data-hz-id=\"346219\" data-images=\"[{&quot;image&quot;:&quot;https:\\\/\\\/www.mallorcaguru.es\\\/wp-content\\\/smush-avif\\\/2026\\\/04\\\/Vineyard-For-Sale-in-Mallorca-06-584x438.jpg.avif&quot;,&quot;alt&quot;:&quot;&quot;,&quot;width&quot;:584,&quot;height&quot;:438,&quot;srcset&quot;:false,&quot;sizes&quot;:&quot;(max-width: 584px) 100vw, 584px&quot;},{&quot;image&quot;:&quot;https:\\\/\\\/www.mallorcaguru.es\\\/wp-content\\\/smush-avif\\\/2026\\\/04\\\/Vineyard-For-Sale-in-Mallorca-06-584x438.jpg.avif&quot;,&quot;alt&quot;:&quot;&quot;,&quot;width&quot;:584,&quot;height&quot;:438,&quot;srcset&quot;:false,&quot;sizes&quot;:&quot;(max-width: 584px) 100vw, 584px&quot;},{&quot;image&quot;:&quot;https:\\\/\\\/www.mallorcaguru.es\\\/wp-content\\\/smush-avif\\\/2026\\\/04\\\/Vineyard-For-Sale-in-Mallorca-10-584x438.jpg.avif&quot;,&quot;alt&quot;:&quot;&quot;,&quot;width&quot;:584,&quot;height&quot;:438,&quot;srcset&quot;:&quot;https:\\\/\\\/www.mallorcaguru.es\\\/wp-content\\\/smush-avif\\\/2026\\\/04\\\/Vineyard-For-Sale-in-Mallorca-10-584x438.jpg.avif 584w, https:\\\/\\\/www.mallorcaguru.es\\\/wp-content\\\/smush-avif\\\/2026\\\/04\\\/Vineyard-For-Sale-in-Mallorca-10-1536x1152.jpg.avif 1536w, https:\\\/\\\/www.mallorcaguru.es\\\/wp-content\\\/smush-avif\\\/2026\\\/04\\\/Vineyard-For-Sale-in-Mallorca-10.jpg.avif 1600w&quot;,&quot;sizes&quot;:&quot;(max-width: 584px) 100vw, 584px&quot;}]\">\n\t<div class=\"item-wrap item-wrap-no-frame h-100\">\n\t\t<div class=\"d-flex flex-column align-items-center h-100\">\n\t\t\t<div class=\"item-header\">\n\t\t\t\t<span class=\"label-featured label me-1\" role=\"status\">Utvalda<\/span>\t\t\t\t<div class=\"labels-wrap d-flex align-items-center gap-1\" role=\"group\"> \n\n\t<a href=\"https:\/\/www.mallorcaguru.es\/sv\/status\/fastigheter-overlatelse-mallorca\/\" class=\"label-status label status-color-4378\">\n\t\t\t\t\t\u00d6verl\u00e5telse\n\t\t\t\t<\/a><a href=\"https:\/\/www.mallorcaguru.es\/sv\/status\/fastigheter-till-salu-mallorca\/\" class=\"label-status label status-color-765\">\n\t\t\t\t\tTill salu\n\t\t\t\t<\/a><a href=\"https:\/\/www.mallorcaguru.es\/sv\/etikettera\/vingardar-och-bodegas-till-salu-pa-mallorca\/\" class=\"hz-label label label-color-4373\">\n\t\t\t\t\tVing\u00e5rdar och Bodegas\n\t\t\t\t<\/a>       \n\n<\/div>\n\t\t\t\t<ul class=\"item-tools d-flex align-items-center justify-content-center gap-1\">\n        <li class=\"item-tool item-preview\">\n        <span class=\"hz-show-lightbox-js item-tool-preview text-center\" data-listid=\"346219\">\n            <span data-bs-toggle=\"tooltip\" data-bs-placement=\"top\" title=\"F\u00f6rhandsgranska\">\n                <i class=\"houzez-icon icon-expand-3\"><\/i>   \n            <\/span>\n        <\/span><!-- item-tool-favorite -->\n    <\/li><!-- item-tool -->\n        \n        <li class=\"item-tool item-favorite\">\n        <span class=\"add-favorite-js item-tool-favorite text-center\" data-bs-toggle=\"tooltip\" data-bs-placement=\"top\" title=\"Favorit\" data-listid=\"346219\">\n            <i class=\"houzez-icon icon-love-it \"><\/i>\n        <\/span><!-- item-tool-favorite -->\n    <\/li><!-- item-tool -->\n    \n        <li class=\"item-tool item-compare\">\n        <span class=\"houzez_compare compare-346219 item-tool-compare text-center\" data-bs-toggle=\"tooltip\" data-bs-placement=\"top\" title=\"L\u00e4gg till j\u00e4mf\u00f6relse\" data-listing_id=\"346219\" data-listing_image=\"https:\/\/www.mallorcaguru.es\/wp-content\/uploads\/2026\/04\/Vineyard-For-Sale-in-Mallorca-06-584x438.jpg\">\n            <i class=\"houzez-icon icon-add-circle\"><\/i>\n            <!-- <i class=\"houzez-icon icon-subtract-circle\"><\/i> -->\n        <\/span><!-- item-tool-compare -->\n    <\/li><!-- item-tool -->\n    <\/ul><!-- item-tools -->\n\t\t\t\t<div class=\"listing-image-wrap\">\n\t<div class=\"listing-thumb\">\n\t\t<a target=\"_self\" href=\"https:\/\/www.mallorcaguru.es\/sv\/fastighet\/vingard-till-salu-pa-mallorca-en-unik-mojlighet\/\" class=\"listing-featured-thumb hover-effect image-wrap\" role=\"link\">\n\t\t\t<img fetchpriority=\"high\" decoding=\"async\" width=\"584\" height=\"438\" src=\"https:\/\/www.mallorcaguru.es\/wp-content\/smush-avif\/2026\/04\/Vineyard-For-Sale-in-Mallorca-06-584x438.jpg.avif\" class=\"img-fluid wp-post-image\" alt=\"\" data-smush-avif-fallback=\"{&quot;src&quot;:&quot;https:\\\/\\\/www.mallorcaguru.es\\\/wp-content\\\/uploads\\\/2026\\\/04\\\/Vineyard-For-Sale-in-Mallorca-06-584x438.jpg&quot;}\" \/>\t\t<\/a><!-- hover-effect -->\n\t<\/div>\n<\/div>\t\t\t\t<div class=\"preview_loader\"><\/div>\n\t\t\t<\/div>\n\t\t\t<div class=\"item-body w-100 flex-fill\">\n\t\t\t\t<ul class=\"item-amenities item-amenities-with-icons mb-2\">\n\t\t\t\t\t<li class=\"h-type d-flex w-100\" role=\"listitem\"><span>Kommersiell<\/span><\/li>\t\t\t\t<\/ul>\n\t\t\t\t<ul class=\"item-price-wrap d-flex align-items-end gap-3\" role=\"list\">\n\t\t\t\t\t<li class=\"item-price\"><span class=\"price\">2,350,000\u20ac<\/span><span class=\"price-postfix\"><\/span><\/li>\t\t\t\t<\/ul>\n\t\t\t\t<h2 class=\"item-title mb-2 \">\n\t<a target=\"_self\" href=\"https:\/\/www.mallorcaguru.es\/sv\/fastighet\/vingard-till-salu-pa-mallorca-en-unik-mojlighet\/\" role=\"link\">Ving\u00e5rd till salu p\u00e5 Mallorca \u2013 en unik m\u00f6jlighet<\/a>\n<\/h2><!-- item-title -->\t\t\t\t<address class=\"item-address mb-2\"><i class=\"houzez-icon icon-pin me-1\" aria-hidden=\"true\"><\/i><span>Raiguer, Spanien<\/span><\/address>\t\t\t\t<ul class=\"item-amenities item-amenities-with-icons d-flex flex-wrap align-items-center gap-2\" role=\"list\">\n\t<li class=\"h-property-id me-1\"><i class=\"houzez-icon icon-tags me-2\"><\/i><span class=\"item-amenities-text\">ID:<\/span> <span class=\"hz-figure\">993<\/span><\/li><li class=\"h-baths d-flex align-items-center me-1\"><i class=\"houzez-icon icon-bathroom-shower-1 me-2\"><\/i><span class=\"item-amenities-text\">Bad:<\/span> <span class=\"hz-figure\">2<\/span><\/li><li class=\"h-area d-flex align-items-center me-1\"><i class=\"houzez-icon icon-ruler-triangle me-2\"><\/i><span class=\"hz-figure me-1\">352<\/span> <span class=\"hz-figure area_postfix\">m\u00b2<\/span><\/li><\/ul>\t\t\t<\/div>\n\t\t\t<div class=\"item-footer items-btns-count-3\">\n\t\t\t\t<div class=\"item-buttons-wrap d-flex justify-content-between gap-2\">\n\t\t\t\t\t\t\t\t<button type=\"button\" class=\"hz-call-popup-js btn btn-primary-outlined btn-item px-2 d-flex align-items-center justify-content-center flex-fill gap-1\" data-bs-toggle=\"modal\" data-model-id=\"call-action-346219-zLTNY\">\n\t\t\t\t<i class=\"houzez-icon icon-phone-actions-ring\"><\/i> Ring\t\t\t<\/button>\n\t\t \t\t\t\t<button type=\"button\" class=\"hz-email-popup-js btn btn-primary-outlined btn-item px-2 d-flex align-items-center justify-content-center flex-fill gap-1\" data-bs-toggle=\"modal\" data-model-id=\"email-popup-346219-zLTNY\">\n\t\t\t\t<i class=\"houzez-icon icon-envelope\"><\/i> Email\t\t\t<\/button>\n\t\t\t\t\t\t<a class=\"btn btn-primary-outlined btn-item px-2 d-flex align-items-center justify-content-center flex-fill gap-1\" target=\"_blank\" href=\"https:\/\/api.whatsapp.com\/send?phone=+34667515185&text=Hej, jag \u00e4r intresserad av [Ving\u00e5rd till salu p\u00e5 Mallorca \u2013 en unik m\u00f6jlighet] https:\/\/www.mallorcaguru.es\/sv\/fastighet\/vingard-till-salu-pa-mallorca-en-unik-mojlighet\/\">\n\t\t\t\t<i class=\"houzez-icon icon-messaging-whatsapp\"><\/i> <span class=\"d-none d-md-block\">WhatsApp<\/span>\n\t\t\t<\/a>\n\t\t\t\t\t\t\t<\/div>\n\t\t\t<\/div>\n\t\t<\/div>\n\t<\/div>\n\t<div class=\"modal fade modal-phone-number\" id=\"call-action-346219-zLTNY\" tabindex=\"-1\" aria-labelledby=\"phoneNumberModalLabel\" aria-hidden=\"true\">\n    <div class=\"modal-dialog\" role=\"document\">\n        <div class=\"modal-content\">\n            <div class=\"modal-header\">\n                <h5 class=\"modal-title\" id=\"phoneNumberModalLabel\">Kontakta oss<\/h5>\n                <button type=\"button\" class=\"btn-close\" data-bs-dismiss=\"modal\" aria-label=\"St\u00e4nga\"><\/button>\n            <\/div><!-- modal-header -->\n            <div class=\"modal-body\">\n                <p class=\"modal-body-phone-number-text\">\n                    Please quote property reference<br>\n\n                    <strong>Mallorca Property Guru - 993<\/strong>\n                <\/p>\n                <p class=\"modal-body-phone-number-number\">\n                     <a class=\"btn btn-primary-outlined\" href=\"tel:+34667515185\"><i class=\"houzez-icon icon-phone-actions-ring\"><\/i> +34 667 515 185<\/a>\n                <\/p>\n            <\/div><!-- modal-body -->\n        <\/div><!-- modal-content -->\n    <\/div><!-- modal-dialog -->\n<\/div><!-- login-register-form -->\n\t<div class=\"modal fade mobile-property-form\" id=\"email-popup-346219-zLTNY\">\n    <div class=\"modal-dialog\" role=\"document\">\n        <div class=\"modal-content\">\n            <div class=\"modal-header\">\n                <h5 class=\"modal-title\" id=\"phoneNumberModalLabel\">Contact me<\/h5>\n                <button type=\"button\" class=\"btn-close\" data-bs-dismiss=\"modal\" aria-label=\"Close\"><\/button>\n            <\/div><!-- modal-header -->\n            <div class=\"modal-body\">\n                <div class=\"property-form-wrap border-none\">\n                                    <div class=\"property-form\">\n                        <form method=\"post\" action=\"#\">\n                            \n                            <div class=\"agent-details\" role=\"region\"><div class=\"d-flex align-items-center gap-3\"><div class=\"agent-image\" role=\"img\"><img decoding=\"async\" class=\"rounded\" src=\"https:\/\/www.mallorcaguru.es\/wp-content\/smush-avif\/2022\/03\/Mallorca-Property-Guru-Logo-2025-150x150.png.avif\" alt=\"Mallorca Property Guru Carmen Dols Bastard\" width=\"70\" height=\"70\" loading=\"lazy\" data-smush-avif-fallback=\"{&quot;src&quot;:&quot;https:\\\/\\\/www.mallorcaguru.es\\\/wp-content\\\/uploads\\\/2022\\\/03\\\/Mallorca-Property-Guru-Logo-2025-150x150.png&quot;}\"><span class=\"badge btn-secondary agent-verified-icon\"><i class=\"houzez-icon icon-check-circle-1\"><\/i><\/span><\/div><ul class=\"agent-information list-unstyled mb-0\" role=\"list\"><li class=\"agent-name\" role=\"listitem\"><i class=\"houzez-icon icon-single-neutral me-1\"><\/i> Mallorca Property Guru Carmen Dols Bastard<\/li><\/ul><\/div><\/div>\n                                                        <div class=\"form-group mb-2 mt-3\">\n                                <input class=\"form-control\" name=\"name\" value=\"\" type=\"text\" placeholder=\"Namn\">\n                            <\/div><!-- form-group -->\n                            \n                                \n                            <div class=\"form-group mb-2\">\n                                <input class=\"form-control\" name=\"mobile\" value=\"\" type=\"text\" placeholder=\"Telefon\">\n                            <\/div><!-- form-group -->\n                            \n                            <div class=\"form-group mb-2\">\n                                <input class=\"form-control\" name=\"email\" value=\"\" type=\"email\" placeholder=\"E-post\">\n                            <\/div><!-- form-group -->\n\n                              \n                            <div class=\"form-group form-group-textarea mb-2\">\n                                <textarea class=\"form-control hz-form-message\" name=\"message\" rows=\"4\" placeholder=\"Meddelande\">Hej, jag \u00e4r intresserad av [Ving\u00e5rd till salu p\u00e5 Mallorca \u2013 en unik m\u00f6jlighet]<\/textarea>\n                            <\/div><!-- form-group -->   \n                            \n                            \n                                                        <div class=\"form-group my-3\">\n                                <label class=\"control control--checkbox m-0 p-0 hz-no-gdpr-checkbox\">\n                                                                        <div class=\"gdpr-text-wrap\">\n                                        Genom att skicka in denna blankett godk\u00e4nner jag <a target=\"_blank\" href=\"https:\/\/www.mallorcaguru.es\/sv\/villkor\/\">Anv\u00e4ndarvillkor<\/a>\n                                    <\/div>\n                                <\/label>\n                            <\/div><!-- form-group -->   \n                                  \n                        \n                                                            <input type=\"hidden\" name=\"target_email\" value=\"&#99;arme&#110;&#64;m&#97;llo&#114;c&#97;guru&#46;&#101;s\">\n                                                        <input type=\"hidden\" name=\"property_agent_contact_security\" value=\"a64e3040b5\"\/>\n                            <input type=\"hidden\" name=\"property_permalink\" value=\"https:\/\/www.mallorcaguru.es\/sv\/fastighet\/vingard-till-salu-pa-mallorca-en-unik-mojlighet\/\"\/>\n                            <input type=\"hidden\" name=\"property_title\" value=\"Ving\u00e5rd till salu p\u00e5 Mallorca \u2013 en unik m\u00f6jlighet\"\/>\n                            <input type=\"hidden\" name=\"property_id\" value=\"993\"\/>\n                            <input type=\"hidden\" name=\"action\" value=\"houzez_property_agent_contact\">\n                            <input type=\"hidden\" name=\"listing_id\" value=\"346219\">\n                            <input type=\"hidden\" name=\"is_listing_form\" value=\"yes\">\n                            <input type=\"hidden\" name=\"agent_id\" value=\"6103\">\n                            <input type=\"hidden\" name=\"agent_type\" value=\"agent_info\">\n\n                                                        <div class=\"form_messages\"><\/div>\n                            <button type=\"button\" class=\"houzez_agent_property_form btn btn-secondary w-100\">\n                                <span class=\"houzez-loader-js houzez-hidden spinner-border spinner-border-sm\" aria-hidden=\"true\"><\/span>                                Skicka Epost                                \n                            <\/button>\n                            \n                        <\/form>\n                    <\/div><!-- property-form -->\n                    \n                            <\/div><!-- property-form-wrap -->\n\n    \n            <\/div>\n        <\/div>\n    <\/div>\n<\/div>\n<\/div>\n<div class=\"item-listing-wrap item-wrap-v9 hz-item-gallery-js hz-map-trigger\" data-hz-id=\"331279\" data-images=\"[{&quot;image&quot;:&quot;https:\\\/\\\/www.mallorcaguru.es\\\/wp-content\\\/smush-avif\\\/2026\\\/03\\\/Land-Ariany-Mallorca-Spain-11-584x438.jpeg.avif&quot;,&quot;alt&quot;:&quot;&quot;,&quot;width&quot;:584,&quot;height&quot;:438,&quot;srcset&quot;:false,&quot;sizes&quot;:&quot;(max-width: 584px) 100vw, 584px&quot;},{&quot;image&quot;:&quot;https:\\\/\\\/www.mallorcaguru.es\\\/wp-content\\\/smush-avif\\\/2026\\\/03\\\/Land-Ariany-Mallorca-Spain-7-584x438.jpg.avif&quot;,&quot;alt&quot;:&quot;&quot;,&quot;width&quot;:584,&quot;height&quot;:438,&quot;srcset&quot;:false,&quot;sizes&quot;:&quot;(max-width: 584px) 100vw, 584px&quot;},{&quot;image&quot;:&quot;https:\\\/\\\/www.mallorcaguru.es\\\/wp-content\\\/smush-avif\\\/2026\\\/03\\\/Land-Ariany-Mallorca-Spain-8-584x438.jpg.avif&quot;,&quot;alt&quot;:&quot;&quot;,&quot;width&quot;:584,&quot;height&quot;:438,&quot;srcset&quot;:false,&quot;sizes&quot;:&quot;(max-width: 584px) 100vw, 584px&quot;}]\">\n\t<div class=\"item-wrap item-wrap-no-frame h-100\">\n\t\t<div class=\"d-flex flex-column align-items-center h-100\">\n\t\t\t<div class=\"item-header\">\n\t\t\t\t<span class=\"label-featured label me-1\" role=\"status\">Utvalda<\/span>\t\t\t\t<div class=\"labels-wrap d-flex align-items-center gap-1\" role=\"group\"> \n\n\t<a href=\"https:\/\/www.mallorcaguru.es\/sv\/status\/fastigheter-till-salu-mallorca\/\" class=\"label-status label status-color-765\">\n\t\t\t\t\tTill salu\n\t\t\t\t<\/a><a href=\"https:\/\/www.mallorcaguru.es\/sv\/etikettera\/vingardar-och-bodegas-till-salu-pa-mallorca\/\" class=\"hz-label label label-color-4373\">\n\t\t\t\t\tVing\u00e5rdar och Bodegas\n\t\t\t\t<\/a>       \n\n<\/div>\n\t\t\t\t<ul class=\"item-tools d-flex align-items-center justify-content-center gap-1\">\n        <li class=\"item-tool item-preview\">\n        <span class=\"hz-show-lightbox-js item-tool-preview text-center\" data-listid=\"331279\">\n            <span data-bs-toggle=\"tooltip\" data-bs-placement=\"top\" title=\"F\u00f6rhandsgranska\">\n                <i class=\"houzez-icon icon-expand-3\"><\/i>   \n            <\/span>\n        <\/span><!-- item-tool-favorite -->\n    <\/li><!-- item-tool -->\n        \n        <li class=\"item-tool item-favorite\">\n        <span class=\"add-favorite-js item-tool-favorite text-center\" data-bs-toggle=\"tooltip\" data-bs-placement=\"top\" title=\"Favorit\" data-listid=\"331279\">\n            <i class=\"houzez-icon icon-love-it \"><\/i>\n        <\/span><!-- item-tool-favorite -->\n    <\/li><!-- item-tool -->\n    \n        <li class=\"item-tool item-compare\">\n        <span class=\"houzez_compare compare-331279 item-tool-compare text-center\" data-bs-toggle=\"tooltip\" data-bs-placement=\"top\" title=\"L\u00e4gg till j\u00e4mf\u00f6relse\" data-listing_id=\"331279\" data-listing_image=\"https:\/\/www.mallorcaguru.es\/wp-content\/uploads\/2026\/03\/Land-Ariany-Mallorca-Spain-11-584x438.jpeg\">\n            <i class=\"houzez-icon icon-add-circle\"><\/i>\n            <!-- <i class=\"houzez-icon icon-subtract-circle\"><\/i> -->\n        <\/span><!-- item-tool-compare -->\n    <\/li><!-- item-tool -->\n    <\/ul><!-- item-tools -->\n\t\t\t\t<div class=\"listing-image-wrap\">\n\t<div class=\"listing-thumb\">\n\t\t<a target=\"_self\" href=\"https:\/\/www.mallorcaguru.es\/sv\/fastighet\/tomt-till-salu-i-ariany-mallorca\/\" class=\"listing-featured-thumb hover-effect image-wrap\" role=\"link\">\n\t\t\t<img decoding=\"async\" width=\"584\" height=\"438\" src=\"https:\/\/www.mallorcaguru.es\/wp-content\/smush-avif\/2026\/03\/Land-Ariany-Mallorca-Spain-11-584x438.jpeg.avif\" class=\"img-fluid wp-post-image\" alt=\"\" loading=\"lazy\" data-smush-avif-fallback=\"{&quot;src&quot;:&quot;https:\\\/\\\/www.mallorcaguru.es\\\/wp-content\\\/uploads\\\/2026\\\/03\\\/Land-Ariany-Mallorca-Spain-11-584x438.jpeg&quot;}\" \/>\t\t<\/a><!-- hover-effect -->\n\t<\/div>\n<\/div>\t\t\t\t<div class=\"preview_loader\"><\/div>\n\t\t\t<\/div>\n\t\t\t<div class=\"item-body w-100 flex-fill\">\n\t\t\t\t<ul class=\"item-amenities item-amenities-with-icons mb-2\">\n\t\t\t\t\t<li class=\"h-type d-flex w-100\" role=\"listitem\"><span>Tomt<\/span><\/li>\t\t\t\t<\/ul>\n\t\t\t\t<ul class=\"item-price-wrap d-flex align-items-end gap-3\" role=\"list\">\n\t\t\t\t\t<li class=\"item-price\"><span class=\"price\">975,000\u20ac<\/span><span class=\"price-postfix\"><\/span><\/li>\t\t\t\t<\/ul>\n\t\t\t\t<h2 class=\"item-title mb-2 \">\n\t<a target=\"_self\" href=\"https:\/\/www.mallorcaguru.es\/sv\/fastighet\/tomt-till-salu-i-ariany-mallorca\/\" role=\"link\">Tomt till salu i Ariany Mallorca<\/a>\n<\/h2><!-- item-title -->\t\t\t\t<address class=\"item-address mb-2\"><i class=\"houzez-icon icon-pin me-1\" aria-hidden=\"true\"><\/i><span>Carrer Major, 07529 Ariany, Spain<\/span><\/address>\t\t\t\t<ul class=\"item-amenities item-amenities-with-icons d-flex flex-wrap align-items-center gap-2\" role=\"list\">\n\t<li class=\"h-property-id me-1\"><i class=\"houzez-icon icon-tags me-2\"><\/i><span class=\"item-amenities-text\">ID:<\/span> <span class=\"hz-figure\">991<\/span><\/li><li class=\"h-area d-flex align-items-center me-1\"><i class=\"houzez-icon icon-ruler-triangle me-2\"><\/i><span class=\"hz-figure me-1\">126<\/span> <span class=\"hz-figure area_postfix\">m\u00b2<\/span><\/li><\/ul>\t\t\t<\/div>\n\t\t\t<div class=\"item-footer items-btns-count-3\">\n\t\t\t\t<div class=\"item-buttons-wrap d-flex justify-content-between gap-2\">\n\t\t\t\t\t\t\t\t<button type=\"button\" class=\"hz-call-popup-js btn btn-primary-outlined btn-item px-2 d-flex align-items-center justify-content-center flex-fill gap-1\" data-bs-toggle=\"modal\" data-model-id=\"call-action-331279-vb7hu\">\n\t\t\t\t<i class=\"houzez-icon icon-phone-actions-ring\"><\/i> Ring\t\t\t<\/button>\n\t\t \t\t\t\t<button type=\"button\" class=\"hz-email-popup-js btn btn-primary-outlined btn-item px-2 d-flex align-items-center justify-content-center flex-fill gap-1\" data-bs-toggle=\"modal\" data-model-id=\"email-popup-331279-vb7hu\">\n\t\t\t\t<i class=\"houzez-icon icon-envelope\"><\/i> Email\t\t\t<\/button>\n\t\t\t\t\t\t<a class=\"btn btn-primary-outlined btn-item px-2 d-flex align-items-center justify-content-center flex-fill gap-1\" target=\"_blank\" href=\"https:\/\/api.whatsapp.com\/send?phone=+34671798832&text=Hej, jag \u00e4r intresserad av [Tomt till salu i Ariany Mallorca] https:\/\/www.mallorcaguru.es\/sv\/fastighet\/tomt-till-salu-i-ariany-mallorca\/\">\n\t\t\t\t<i class=\"houzez-icon icon-messaging-whatsapp\"><\/i> <span class=\"d-none d-md-block\">WhatsApp<\/span>\n\t\t\t<\/a>\n\t\t\t\t\t\t\t<\/div>\n\t\t\t<\/div>\n\t\t<\/div>\n\t<\/div>\n\t<div class=\"modal fade modal-phone-number\" id=\"call-action-331279-vb7hu\" tabindex=\"-1\" aria-labelledby=\"phoneNumberModalLabel\" aria-hidden=\"true\">\n    <div class=\"modal-dialog\" role=\"document\">\n        <div class=\"modal-content\">\n            <div class=\"modal-header\">\n                <h5 class=\"modal-title\" id=\"phoneNumberModalLabel\">Kontakta oss<\/h5>\n                <button type=\"button\" class=\"btn-close\" data-bs-dismiss=\"modal\" aria-label=\"St\u00e4nga\"><\/button>\n            <\/div><!-- modal-header -->\n            <div class=\"modal-body\">\n                <p class=\"modal-body-phone-number-text\">\n                    Please quote property reference<br>\n\n                    <strong>Mallorca Property Guru - 991<\/strong>\n                <\/p>\n                <p class=\"modal-body-phone-number-number\">\n                     <a class=\"btn btn-primary-outlined\" href=\"tel:+34671798832\"><i class=\"houzez-icon icon-phone-actions-ring\"><\/i> +34 671 798 832<\/a>\n                <\/p>\n            <\/div><!-- modal-body -->\n        <\/div><!-- modal-content -->\n    <\/div><!-- modal-dialog -->\n<\/div><!-- login-register-form -->\n\t<div class=\"modal fade mobile-property-form\" id=\"email-popup-331279-vb7hu\">\n    <div class=\"modal-dialog\" role=\"document\">\n        <div class=\"modal-content\">\n            <div class=\"modal-header\">\n                <h5 class=\"modal-title\" id=\"phoneNumberModalLabel\">Contact me<\/h5>\n                <button type=\"button\" class=\"btn-close\" data-bs-dismiss=\"modal\" aria-label=\"Close\"><\/button>\n            <\/div><!-- modal-header -->\n            <div class=\"modal-body\">\n                <div class=\"property-form-wrap border-none\">\n                                    <div class=\"property-form\">\n                        <form method=\"post\" action=\"#\">\n                            \n                            <div class=\"agent-details\" role=\"region\"><div class=\"d-flex align-items-center gap-3\"><div class=\"agent-image\" role=\"img\"><img loading=\"lazy\" decoding=\"async\" class=\"rounded\" src=\"https:\/\/www.mallorcaguru.es\/wp-content\/smush-avif\/2022\/03\/Mallorca-Property-Guru-Logo-2025-150x150.png.avif\" alt=\"Mallorca Property Guru Saionara Jackson\" width=\"70\" height=\"70\" data-smush-avif-fallback=\"{&quot;src&quot;:&quot;https:\\\/\\\/www.mallorcaguru.es\\\/wp-content\\\/uploads\\\/2022\\\/03\\\/Mallorca-Property-Guru-Logo-2025-150x150.png&quot;}\"><span class=\"badge btn-secondary agent-verified-icon\"><i class=\"houzez-icon icon-check-circle-1\"><\/i><\/span><\/div><ul class=\"agent-information list-unstyled mb-0\" role=\"list\"><li class=\"agent-name\" role=\"listitem\"><i class=\"houzez-icon icon-single-neutral me-1\"><\/i> Mallorca Property Guru Saionara Jackson<\/li><\/ul><\/div><\/div>\n                                                        <div class=\"form-group mb-2 mt-3\">\n                                <input class=\"form-control\" name=\"name\" value=\"\" type=\"text\" placeholder=\"Namn\">\n                            <\/div><!-- form-group -->\n                            \n                                \n                            <div class=\"form-group mb-2\">\n                                <input class=\"form-control\" name=\"mobile\" value=\"\" type=\"text\" placeholder=\"Telefon\">\n                            <\/div><!-- form-group -->\n                            \n                            <div class=\"form-group mb-2\">\n                                <input class=\"form-control\" name=\"email\" value=\"\" type=\"email\" placeholder=\"E-post\">\n                            <\/div><!-- form-group -->\n\n                              \n                            <div class=\"form-group form-group-textarea mb-2\">\n                                <textarea class=\"form-control hz-form-message\" name=\"message\" rows=\"4\" placeholder=\"Meddelande\">Hej, jag \u00e4r intresserad av [Tomt till salu i Ariany Mallorca]<\/textarea>\n                            <\/div><!-- form-group -->   \n                            \n                            \n                                                        <div class=\"form-group my-3\">\n                                <label class=\"control control--checkbox m-0 p-0 hz-no-gdpr-checkbox\">\n                                                                        <div class=\"gdpr-text-wrap\">\n                                        Genom att skicka in denna blankett godk\u00e4nner jag <a target=\"_blank\" href=\"https:\/\/www.mallorcaguru.es\/sv\/villkor\/\">Anv\u00e4ndarvillkor<\/a>\n                                    <\/div>\n                                <\/label>\n                            <\/div><!-- form-group -->   \n                                  \n                        \n                                                            <input type=\"hidden\" name=\"target_email\" value=\"&#115;&#97;i&#111;n&#97;&#114;a&#64;&#109;&#97;l&#108;&#111;rc&#97;g&#117;&#114;u.e&#115;\">\n                                                        <input type=\"hidden\" name=\"property_agent_contact_security\" value=\"a64e3040b5\"\/>\n                            <input type=\"hidden\" name=\"property_permalink\" value=\"https:\/\/www.mallorcaguru.es\/sv\/fastighet\/tomt-till-salu-i-ariany-mallorca\/\"\/>\n                            <input type=\"hidden\" name=\"property_title\" value=\"Tomt till salu i Ariany Mallorca\"\/>\n                            <input type=\"hidden\" name=\"property_id\" value=\"991\"\/>\n                            <input type=\"hidden\" name=\"action\" value=\"houzez_property_agent_contact\">\n                            <input type=\"hidden\" name=\"listing_id\" value=\"331279\">\n                            <input type=\"hidden\" name=\"is_listing_form\" value=\"yes\">\n                            <input type=\"hidden\" name=\"agent_id\" value=\"4999\">\n                            <input type=\"hidden\" name=\"agent_type\" value=\"agent_info\">\n\n                                                        <div class=\"form_messages\"><\/div>\n                            <button type=\"button\" class=\"houzez_agent_property_form btn btn-secondary w-100\">\n                                <span class=\"houzez-loader-js houzez-hidden spinner-border spinner-border-sm\" aria-hidden=\"true\"><\/span>                                Skicka Epost                                \n                            <\/button>\n                            \n                        <\/form>\n                    <\/div><!-- property-form -->\n                    \n                            <\/div><!-- property-form-wrap -->\n\n    \n            <\/div>\n        <\/div>\n    <\/div>\n<\/div>\n<\/div>\n<div class=\"item-listing-wrap item-wrap-v9 hz-item-gallery-js hz-map-trigger\" data-hz-id=\"186539\" data-images=\"[{&quot;image&quot;:&quot;https:\\\/\\\/www.mallorcaguru.es\\\/wp-content\\\/smush-avif\\\/2025\\\/03\\\/Finca-Son-Fadri-Campos-29-584x438.jpg.avif&quot;,&quot;alt&quot;:&quot;Till salu i Campos&quot;,&quot;width&quot;:584,&quot;height&quot;:438,&quot;srcset&quot;:&quot;https:\\\/\\\/www.mallorcaguru.es\\\/wp-content\\\/smush-avif\\\/2025\\\/03\\\/Finca-Son-Fadri-Campos-29-584x438.jpg.avif 584w, https:\\\/\\\/www.mallorcaguru.es\\\/wp-content\\\/smush-avif\\\/2025\\\/03\\\/Finca-Son-Fadri-Campos-29-592x444.jpg.avif 592w, https:\\\/\\\/www.mallorcaguru.es\\\/wp-content\\\/smush-avif\\\/2025\\\/03\\\/Finca-Son-Fadri-Campos-29-120x90.jpg.avif 120w&quot;,&quot;sizes&quot;:&quot;(max-width: 584px) 100vw, 584px&quot;},{&quot;image&quot;:&quot;https:\\\/\\\/www.mallorcaguru.es\\\/wp-content\\\/smush-avif\\\/2025\\\/03\\\/Finca-Son-Fadri-Campos-29-584x438.jpg.avif&quot;,&quot;alt&quot;:&quot;Till salu i Campos&quot;,&quot;width&quot;:584,&quot;height&quot;:438,&quot;srcset&quot;:&quot;https:\\\/\\\/www.mallorcaguru.es\\\/wp-content\\\/smush-avif\\\/2025\\\/03\\\/Finca-Son-Fadri-Campos-29-584x438.jpg.avif 584w, https:\\\/\\\/www.mallorcaguru.es\\\/wp-content\\\/smush-avif\\\/2025\\\/03\\\/Finca-Son-Fadri-Campos-29-592x444.jpg.avif 592w, https:\\\/\\\/www.mallorcaguru.es\\\/wp-content\\\/smush-avif\\\/2025\\\/03\\\/Finca-Son-Fadri-Campos-29-120x90.jpg.avif 120w&quot;,&quot;sizes&quot;:&quot;(max-width: 584px) 100vw, 584px&quot;},{&quot;image&quot;:&quot;https:\\\/\\\/www.mallorcaguru.es\\\/wp-content\\\/smush-avif\\\/2025\\\/03\\\/Finca-Son-Fadri-Campos-28-584x438.jpg.avif&quot;,&quot;alt&quot;:&quot;Till salu i Campos,  Finca till salu i Campos Mallorca,  Finca i Campos&quot;,&quot;width&quot;:584,&quot;height&quot;:438,&quot;srcset&quot;:&quot;https:\\\/\\\/www.mallorcaguru.es\\\/wp-content\\\/smush-avif\\\/2025\\\/03\\\/Finca-Son-Fadri-Campos-28-584x438.jpg.avif 584w, https:\\\/\\\/www.mallorcaguru.es\\\/wp-content\\\/smush-avif\\\/2025\\\/03\\\/Finca-Son-Fadri-Campos-28-592x444.jpg.avif 592w, https:\\\/\\\/www.mallorcaguru.es\\\/wp-content\\\/smush-avif\\\/2025\\\/03\\\/Finca-Son-Fadri-Campos-28-120x90.jpg.avif 120w&quot;,&quot;sizes&quot;:&quot;(max-width: 584px) 100vw, 584px&quot;}]\">\n\t<div class=\"item-wrap item-wrap-no-frame h-100\">\n\t\t<div class=\"d-flex flex-column align-items-center h-100\">\n\t\t\t<div class=\"item-header\">\n\t\t\t\t<span class=\"label-featured label me-1\" role=\"status\">Utvalda<\/span>\t\t\t\t<div class=\"labels-wrap d-flex align-items-center gap-1\" role=\"group\"> \n\n\t<a href=\"https:\/\/www.mallorcaguru.es\/sv\/status\/fastigheter-till-salu-mallorca\/\" class=\"label-status label status-color-765\">\n\t\t\t\t\tTill salu\n\t\t\t\t<\/a><a href=\"https:\/\/www.mallorcaguru.es\/sv\/etikettera\/vingardar-och-bodegas-till-salu-pa-mallorca\/\" class=\"hz-label label label-color-4373\">\n\t\t\t\t\tVing\u00e5rdar och Bodegas\n\t\t\t\t<\/a>       \n\n<\/div>\n\t\t\t\t<ul class=\"item-tools d-flex align-items-center justify-content-center gap-1\">\n        <li class=\"item-tool item-preview\">\n        <span class=\"hz-show-lightbox-js item-tool-preview text-center\" data-listid=\"186539\">\n            <span data-bs-toggle=\"tooltip\" data-bs-placement=\"top\" title=\"F\u00f6rhandsgranska\">\n                <i class=\"houzez-icon icon-expand-3\"><\/i>   \n            <\/span>\n        <\/span><!-- item-tool-favorite -->\n    <\/li><!-- item-tool -->\n        \n        <li class=\"item-tool item-favorite\">\n        <span class=\"add-favorite-js item-tool-favorite text-center\" data-bs-toggle=\"tooltip\" data-bs-placement=\"top\" title=\"Favorit\" data-listid=\"186539\">\n            <i class=\"houzez-icon icon-love-it \"><\/i>\n        <\/span><!-- item-tool-favorite -->\n    <\/li><!-- item-tool -->\n    \n        <li class=\"item-tool item-compare\">\n        <span class=\"houzez_compare compare-186539 item-tool-compare text-center\" data-bs-toggle=\"tooltip\" data-bs-placement=\"top\" title=\"L\u00e4gg till j\u00e4mf\u00f6relse\" data-listing_id=\"186539\" data-listing_image=\"https:\/\/www.mallorcaguru.es\/wp-content\/uploads\/2025\/03\/Finca-Son-Fadri-Campos-29-584x438.jpg\">\n            <i class=\"houzez-icon icon-add-circle\"><\/i>\n            <!-- <i class=\"houzez-icon icon-subtract-circle\"><\/i> -->\n        <\/span><!-- item-tool-compare -->\n    <\/li><!-- item-tool -->\n    <\/ul><!-- item-tools -->\n\t\t\t\t<div class=\"listing-image-wrap\">\n\t<div class=\"listing-thumb\">\n\t\t<a target=\"_self\" href=\"https:\/\/www.mallorcaguru.es\/sv\/fastighet\/till-salu-i-campos-mallorca-finca-son-fadri\/\" class=\"listing-featured-thumb hover-effect image-wrap\" role=\"link\">\n\t\t\t<img loading=\"lazy\" decoding=\"async\" width=\"584\" height=\"438\" src=\"https:\/\/www.mallorcaguru.es\/wp-content\/smush-avif\/2025\/03\/Finca-Son-Fadri-Campos-29-584x438.jpg.avif\" class=\"img-fluid wp-post-image\" alt=\"Till salu i Campos\" srcset=\"https:\/\/www.mallorcaguru.es\/wp-content\/smush-avif\/2025\/03\/Finca-Son-Fadri-Campos-29-584x438.jpg.avif 584w, https:\/\/www.mallorcaguru.es\/wp-content\/smush-avif\/2025\/03\/Finca-Son-Fadri-Campos-29-592x444.jpg.avif 592w, https:\/\/www.mallorcaguru.es\/wp-content\/smush-avif\/2025\/03\/Finca-Son-Fadri-Campos-29-120x90.jpg.avif 120w\" sizes=\"auto, (max-width: 584px) 100vw, 584px\" data-smush-avif-fallback=\"{&quot;src&quot;:&quot;https:\\\/\\\/www.mallorcaguru.es\\\/wp-content\\\/uploads\\\/2025\\\/03\\\/Finca-Son-Fadri-Campos-29-584x438.jpg&quot;,&quot;srcset&quot;:&quot;https:\\\/\\\/www.mallorcaguru.es\\\/wp-content\\\/uploads\\\/2025\\\/03\\\/Finca-Son-Fadri-Campos-29-584x438.jpg 584w, https:\\\/\\\/www.mallorcaguru.es\\\/wp-content\\\/uploads\\\/2025\\\/03\\\/Finca-Son-Fadri-Campos-29-592x444.jpg 592w, https:\\\/\\\/www.mallorcaguru.es\\\/wp-content\\\/uploads\\\/2025\\\/03\\\/Finca-Son-Fadri-Campos-29-120x90.jpg 120w&quot;}\" \/>\t\t<\/a><!-- hover-effect -->\n\t<\/div>\n<\/div>\t\t\t\t<div class=\"preview_loader\"><\/div>\n\t\t\t<\/div>\n\t\t\t<div class=\"item-body w-100 flex-fill\">\n\t\t\t\t<ul class=\"item-amenities item-amenities-with-icons mb-2\">\n\t\t\t\t\t<li class=\"h-type d-flex w-100\" role=\"listitem\"><span>Finca<\/span><\/li>\t\t\t\t<\/ul>\n\t\t\t\t<ul class=\"item-price-wrap d-flex align-items-end gap-3\" role=\"list\">\n\t\t\t\t\t<li class=\"item-price\"><span class=\"price\">2,100,000\u20ac<\/span><span class=\"price-postfix\"><\/span><\/li>\t\t\t\t<\/ul>\n\t\t\t\t<h2 class=\"item-title mb-2 \">\n\t<a target=\"_self\" href=\"https:\/\/www.mallorcaguru.es\/sv\/fastighet\/till-salu-i-campos-mallorca-finca-son-fadri\/\" role=\"link\">Till salu i Campos Mallorca Finca Son Fadr\u00ec<\/a>\n<\/h2><!-- item-title -->\t\t\t\t<address class=\"item-address mb-2\"><i class=\"houzez-icon icon-pin me-1\" aria-hidden=\"true\"><\/i><span>Cam\u00ed de Son Xorc, Campos, Migjorn, Illes Balears, 07630, Espa\u00f1a<\/span><\/address>\t\t\t\t<ul class=\"item-amenities item-amenities-with-icons d-flex flex-wrap align-items-center gap-2\" role=\"list\">\n\t<li class=\"h-property-id me-1\"><i class=\"houzez-icon icon-tags me-2\"><\/i><span class=\"item-amenities-text\">ID:<\/span> <span class=\"hz-figure\">814<\/span><\/li><li class=\"h-beds d-flex align-items-center me-1\"><i class=\"houzez-icon icon-hotel-double-bed-1 me-2\"><\/i><span class=\"item-amenities-text\">Sovrum:<\/span> <span class=\"hz-figure\">3<\/span><\/li><li class=\"h-baths d-flex align-items-center me-1\"><i class=\"houzez-icon icon-bathroom-shower-1 me-2\"><\/i><span class=\"item-amenities-text\">Bad:<\/span> <span class=\"hz-figure\">2<\/span><\/li><li class=\"h-area d-flex align-items-center me-1\"><i class=\"houzez-icon icon-ruler-triangle me-2\"><\/i><span class=\"hz-figure me-1\">597<\/span> <span class=\"hz-figure area_postfix\">m\u00b2<\/span><\/li><\/ul>\t\t\t<\/div>\n\t\t\t<div class=\"item-footer items-btns-count-3\">\n\t\t\t\t<div class=\"item-buttons-wrap d-flex justify-content-between gap-2\">\n\t\t\t\t\t\t\t\t<button type=\"button\" class=\"hz-call-popup-js btn btn-primary-outlined btn-item px-2 d-flex align-items-center justify-content-center flex-fill gap-1\" data-bs-toggle=\"modal\" data-model-id=\"call-action-186539-09S3r\">\n\t\t\t\t<i class=\"houzez-icon icon-phone-actions-ring\"><\/i> Ring\t\t\t<\/button>\n\t\t \t\t\t\t<button type=\"button\" class=\"hz-email-popup-js btn btn-primary-outlined btn-item px-2 d-flex align-items-center justify-content-center flex-fill gap-1\" data-bs-toggle=\"modal\" data-model-id=\"email-popup-186539-09S3r\">\n\t\t\t\t<i class=\"houzez-icon icon-envelope\"><\/i> Email\t\t\t<\/button>\n\t\t\t\t\t\t<a class=\"btn btn-primary-outlined btn-item px-2 d-flex align-items-center justify-content-center flex-fill gap-1\" target=\"_blank\" href=\"https:\/\/api.whatsapp.com\/send?phone=+34667515185&text=Hej, jag \u00e4r intresserad av [Till salu i Campos Mallorca Finca Son Fadr\u00ec] https:\/\/www.mallorcaguru.es\/sv\/fastighet\/till-salu-i-campos-mallorca-finca-son-fadri\/\">\n\t\t\t\t<i class=\"houzez-icon icon-messaging-whatsapp\"><\/i> <span class=\"d-none d-md-block\">WhatsApp<\/span>\n\t\t\t<\/a>\n\t\t\t\t\t\t\t<\/div>\n\t\t\t<\/div>\n\t\t<\/div>\n\t<\/div>\n\t<div class=\"modal fade modal-phone-number\" id=\"call-action-186539-09S3r\" tabindex=\"-1\" aria-labelledby=\"phoneNumberModalLabel\" aria-hidden=\"true\">\n    <div class=\"modal-dialog\" role=\"document\">\n        <div class=\"modal-content\">\n            <div class=\"modal-header\">\n                <h5 class=\"modal-title\" id=\"phoneNumberModalLabel\">Kontakta oss<\/h5>\n                <button type=\"button\" class=\"btn-close\" data-bs-dismiss=\"modal\" aria-label=\"St\u00e4nga\"><\/button>\n            <\/div><!-- modal-header -->\n            <div class=\"modal-body\">\n                <p class=\"modal-body-phone-number-text\">\n                    Please quote property reference<br>\n\n                    <strong>Mallorca Property Guru - 814<\/strong>\n                <\/p>\n                <p class=\"modal-body-phone-number-number\">\n                     <a class=\"btn btn-primary-outlined\" href=\"tel:+34667515185\"><i class=\"houzez-icon icon-phone-actions-ring\"><\/i> +34 667 515 185<\/a>\n                <\/p>\n            <\/div><!-- modal-body -->\n        <\/div><!-- modal-content -->\n    <\/div><!-- modal-dialog -->\n<\/div><!-- login-register-form -->\n\t<div class=\"modal fade mobile-property-form\" id=\"email-popup-186539-09S3r\">\n    <div class=\"modal-dialog\" role=\"document\">\n        <div class=\"modal-content\">\n            <div class=\"modal-header\">\n                <h5 class=\"modal-title\" id=\"phoneNumberModalLabel\">Contact me<\/h5>\n                <button type=\"button\" class=\"btn-close\" data-bs-dismiss=\"modal\" aria-label=\"Close\"><\/button>\n            <\/div><!-- modal-header -->\n            <div class=\"modal-body\">\n                <div class=\"property-form-wrap border-none\">\n                                    <div class=\"property-form\">\n                        <form method=\"post\" action=\"#\">\n                            \n                            <div class=\"agent-details\" role=\"region\"><div class=\"d-flex align-items-center gap-3\"><div class=\"agent-image\" role=\"img\"><img decoding=\"async\" class=\"rounded\" src=\"https:\/\/www.mallorcaguru.es\/wp-content\/smush-avif\/2022\/03\/Mallorca-Property-Guru-Logo-2025-150x150.png.avif\" alt=\"Mallorca Property Guru Carmen Dols Bastard\" width=\"70\" height=\"70\" loading=\"lazy\" data-smush-avif-fallback=\"{&quot;src&quot;:&quot;https:\\\/\\\/www.mallorcaguru.es\\\/wp-content\\\/uploads\\\/2022\\\/03\\\/Mallorca-Property-Guru-Logo-2025-150x150.png&quot;}\"><span class=\"badge btn-secondary agent-verified-icon\"><i class=\"houzez-icon icon-check-circle-1\"><\/i><\/span><\/div><ul class=\"agent-information list-unstyled mb-0\" role=\"list\"><li class=\"agent-name\" role=\"listitem\"><i class=\"houzez-icon icon-single-neutral me-1\"><\/i> Mallorca Property Guru Carmen Dols Bastard<\/li><\/ul><\/div><\/div>\n                                                        <div class=\"form-group mb-2 mt-3\">\n                                <input class=\"form-control\" name=\"name\" value=\"\" type=\"text\" placeholder=\"Namn\">\n                            <\/div><!-- form-group -->\n                            \n                                \n                            <div class=\"form-group mb-2\">\n                                <input class=\"form-control\" name=\"mobile\" value=\"\" type=\"text\" placeholder=\"Telefon\">\n                            <\/div><!-- form-group -->\n                            \n                            <div class=\"form-group mb-2\">\n                                <input class=\"form-control\" name=\"email\" value=\"\" type=\"email\" placeholder=\"E-post\">\n                            <\/div><!-- form-group -->\n\n                              \n                            <div class=\"form-group form-group-textarea mb-2\">\n                                <textarea class=\"form-control hz-form-message\" name=\"message\" rows=\"4\" placeholder=\"Meddelande\">Hej, jag \u00e4r intresserad av [Till salu i Campos Mallorca Finca Son Fadr\u00ec]<\/textarea>\n                            <\/div><!-- form-group -->   \n                            \n                            \n                                                        <div class=\"form-group my-3\">\n                                <label class=\"control control--checkbox m-0 p-0 hz-no-gdpr-checkbox\">\n                                                                        <div class=\"gdpr-text-wrap\">\n                                        Genom att skicka in denna blankett godk\u00e4nner jag <a target=\"_blank\" href=\"https:\/\/www.mallorcaguru.es\/sv\/villkor\/\">Anv\u00e4ndarvillkor<\/a>\n                                    <\/div>\n                                <\/label>\n                            <\/div><!-- form-group -->   \n                                  \n                        \n                                                            <input type=\"hidden\" name=\"target_email\" value=\"c&#97;&#114;me&#110;&#64;mall&#111;&#114;&#99;&#97;gur&#117;.es\">\n                                                        <input type=\"hidden\" name=\"property_agent_contact_security\" value=\"a64e3040b5\"\/>\n                            <input type=\"hidden\" name=\"property_permalink\" value=\"https:\/\/www.mallorcaguru.es\/sv\/fastighet\/till-salu-i-campos-mallorca-finca-son-fadri\/\"\/>\n                            <input type=\"hidden\" name=\"property_title\" value=\"Till salu i Campos Mallorca Finca Son Fadr\u00ec\"\/>\n                            <input type=\"hidden\" name=\"property_id\" value=\"814\"\/>\n                            <input type=\"hidden\" name=\"action\" value=\"houzez_property_agent_contact\">\n                            <input type=\"hidden\" name=\"listing_id\" value=\"186539\">\n                            <input type=\"hidden\" name=\"is_listing_form\" value=\"yes\">\n                            <input type=\"hidden\" name=\"agent_id\" value=\"6103\">\n                            <input type=\"hidden\" name=\"agent_type\" value=\"agent_info\">\n\n                                                        <div class=\"form_messages\"><\/div>\n                            <button type=\"button\" class=\"houzez_agent_property_form btn btn-secondary w-100\">\n                                <span class=\"houzez-loader-js houzez-hidden spinner-border spinner-border-sm\" aria-hidden=\"true\"><\/span>                                Skicka Epost                                \n                            <\/button>\n                            \n                        <\/form>\n                    <\/div><!-- property-form -->\n                    \n                            <\/div><!-- property-form-wrap -->\n\n    \n            <\/div>\n        <\/div>\n    <\/div>\n<\/div>\n<\/div>\n<div class=\"item-listing-wrap item-wrap-v9 hz-item-gallery-js hz-map-trigger\" data-hz-id=\"173610\" data-images=\"[{&quot;image&quot;:&quot;https:\\\/\\\/www.mallorcaguru.es\\\/wp-content\\\/smush-avif\\\/2025\\\/03\\\/Country-Estate-Mallorca-Spain-27-584x438.jpg.avif&quot;,&quot;alt&quot;:&quot;Privat lantg\\u00e5rd till salu Mallorca&quot;,&quot;width&quot;:584,&quot;height&quot;:438,&quot;srcset&quot;:&quot;https:\\\/\\\/www.mallorcaguru.es\\\/wp-content\\\/smush-avif\\\/2025\\\/03\\\/Country-Estate-Mallorca-Spain-27-584x438.jpg.avif 584w, https:\\\/\\\/www.mallorcaguru.es\\\/wp-content\\\/smush-avif\\\/2025\\\/03\\\/Country-Estate-Mallorca-Spain-27-300x225.jpg.avif 300w, https:\\\/\\\/www.mallorcaguru.es\\\/wp-content\\\/smush-avif\\\/2025\\\/03\\\/Country-Estate-Mallorca-Spain-27-1024x768.jpg.avif 1024w, https:\\\/\\\/www.mallorcaguru.es\\\/wp-content\\\/smush-avif\\\/2025\\\/03\\\/Country-Estate-Mallorca-Spain-27-768x576.jpg.avif 768w, https:\\\/\\\/www.mallorcaguru.es\\\/wp-content\\\/smush-avif\\\/2025\\\/03\\\/Country-Estate-Mallorca-Spain-27-1536x1152.jpg.avif 1536w, https:\\\/\\\/www.mallorcaguru.es\\\/wp-content\\\/smush-avif\\\/2025\\\/03\\\/Country-Estate-Mallorca-Spain-27-2048x1536.jpg.avif 2048w, https:\\\/\\\/www.mallorcaguru.es\\\/wp-content\\\/smush-avif\\\/2025\\\/03\\\/Country-Estate-Mallorca-Spain-27-592x444.jpg.avif 592w, https:\\\/\\\/www.mallorcaguru.es\\\/wp-content\\\/smush-avif\\\/2025\\\/03\\\/Country-Estate-Mallorca-Spain-27-800x600.jpg.avif 800w, https:\\\/\\\/www.mallorcaguru.es\\\/wp-content\\\/smush-avif\\\/2025\\\/03\\\/Country-Estate-Mallorca-Spain-27-120x90.jpg.avif 120w, https:\\\/\\\/www.mallorcaguru.es\\\/wp-content\\\/smush-avif\\\/2025\\\/03\\\/Country-Estate-Mallorca-Spain-27-496x372.jpg.avif 496w&quot;,&quot;sizes&quot;:&quot;(max-width: 584px) 100vw, 584px&quot;},{&quot;image&quot;:&quot;https:\\\/\\\/www.mallorcaguru.es\\\/wp-content\\\/smush-avif\\\/2025\\\/03\\\/Country-Estate-Mallorca-Spain-27-584x438.jpg.avif&quot;,&quot;alt&quot;:&quot;Privat lantg\\u00e5rd till salu Mallorca&quot;,&quot;width&quot;:584,&quot;height&quot;:438,&quot;srcset&quot;:&quot;https:\\\/\\\/www.mallorcaguru.es\\\/wp-content\\\/smush-avif\\\/2025\\\/03\\\/Country-Estate-Mallorca-Spain-27-584x438.jpg.avif 584w, https:\\\/\\\/www.mallorcaguru.es\\\/wp-content\\\/smush-avif\\\/2025\\\/03\\\/Country-Estate-Mallorca-Spain-27-300x225.jpg.avif 300w, https:\\\/\\\/www.mallorcaguru.es\\\/wp-content\\\/smush-avif\\\/2025\\\/03\\\/Country-Estate-Mallorca-Spain-27-1024x768.jpg.avif 1024w, https:\\\/\\\/www.mallorcaguru.es\\\/wp-content\\\/smush-avif\\\/2025\\\/03\\\/Country-Estate-Mallorca-Spain-27-768x576.jpg.avif 768w, https:\\\/\\\/www.mallorcaguru.es\\\/wp-content\\\/smush-avif\\\/2025\\\/03\\\/Country-Estate-Mallorca-Spain-27-1536x1152.jpg.avif 1536w, https:\\\/\\\/www.mallorcaguru.es\\\/wp-content\\\/smush-avif\\\/2025\\\/03\\\/Country-Estate-Mallorca-Spain-27-2048x1536.jpg.avif 2048w, https:\\\/\\\/www.mallorcaguru.es\\\/wp-content\\\/smush-avif\\\/2025\\\/03\\\/Country-Estate-Mallorca-Spain-27-592x444.jpg.avif 592w, https:\\\/\\\/www.mallorcaguru.es\\\/wp-content\\\/smush-avif\\\/2025\\\/03\\\/Country-Estate-Mallorca-Spain-27-800x600.jpg.avif 800w, https:\\\/\\\/www.mallorcaguru.es\\\/wp-content\\\/smush-avif\\\/2025\\\/03\\\/Country-Estate-Mallorca-Spain-27-120x90.jpg.avif 120w, https:\\\/\\\/www.mallorcaguru.es\\\/wp-content\\\/smush-avif\\\/2025\\\/03\\\/Country-Estate-Mallorca-Spain-27-496x372.jpg.avif 496w&quot;,&quot;sizes&quot;:&quot;(max-width: 584px) 100vw, 584px&quot;},{&quot;image&quot;:&quot;https:\\\/\\\/www.mallorcaguru.es\\\/wp-content\\\/smush-avif\\\/2025\\\/03\\\/Country-Estate-Mallorca-Spain-4-584x438.jpg.avif&quot;,&quot;alt&quot;:&quot;Fastigheter till salu p\\u00e5 Mallorca,  Tomter till salu Mallorca,  Tomter till salu i Maria de la Salut till salu&quot;,&quot;width&quot;:584,&quot;height&quot;:438,&quot;srcset&quot;:&quot;https:\\\/\\\/www.mallorcaguru.es\\\/wp-content\\\/smush-avif\\\/2025\\\/03\\\/Country-Estate-Mallorca-Spain-4-584x438.jpg.avif 584w, https:\\\/\\\/www.mallorcaguru.es\\\/wp-content\\\/smush-avif\\\/2025\\\/03\\\/Country-Estate-Mallorca-Spain-4-300x225.jpg.avif 300w, https:\\\/\\\/www.mallorcaguru.es\\\/wp-content\\\/smush-avif\\\/2025\\\/03\\\/Country-Estate-Mallorca-Spain-4-1024x768.jpg.avif 1024w, https:\\\/\\\/www.mallorcaguru.es\\\/wp-content\\\/smush-avif\\\/2025\\\/03\\\/Country-Estate-Mallorca-Spain-4-768x576.jpg.avif 768w, https:\\\/\\\/www.mallorcaguru.es\\\/wp-content\\\/smush-avif\\\/2025\\\/03\\\/Country-Estate-Mallorca-Spain-4-1536x1152.jpg.avif 1536w, https:\\\/\\\/www.mallorcaguru.es\\\/wp-content\\\/smush-avif\\\/2025\\\/03\\\/Country-Estate-Mallorca-Spain-4-2048x1536.jpg.avif 2048w, https:\\\/\\\/www.mallorcaguru.es\\\/wp-content\\\/smush-avif\\\/2025\\\/03\\\/Country-Estate-Mallorca-Spain-4-592x444.jpg.avif 592w, https:\\\/\\\/www.mallorcaguru.es\\\/wp-content\\\/smush-avif\\\/2025\\\/03\\\/Country-Estate-Mallorca-Spain-4-800x600.jpg.avif 800w, https:\\\/\\\/www.mallorcaguru.es\\\/wp-content\\\/smush-avif\\\/2025\\\/03\\\/Country-Estate-Mallorca-Spain-4-120x90.jpg.avif 120w, https:\\\/\\\/www.mallorcaguru.es\\\/wp-content\\\/smush-avif\\\/2025\\\/03\\\/Country-Estate-Mallorca-Spain-4-496x372.jpg.avif 496w&quot;,&quot;sizes&quot;:&quot;(max-width: 584px) 100vw, 584px&quot;}]\">\n\t<div class=\"item-wrap item-wrap-no-frame h-100\">\n\t\t<div class=\"d-flex flex-column align-items-center h-100\">\n\t\t\t<div class=\"item-header\">\n\t\t\t\t<span class=\"label-featured label me-1\" role=\"status\">Utvalda<\/span>\t\t\t\t<div class=\"labels-wrap d-flex align-items-center gap-1\" role=\"group\"> \n\n\t<a href=\"https:\/\/www.mallorcaguru.es\/sv\/status\/fastigheter-till-salu-mallorca\/\" class=\"label-status label status-color-765\">\n\t\t\t\t\tTill salu\n\t\t\t\t<\/a><a href=\"https:\/\/www.mallorcaguru.es\/sv\/etikettera\/vingardar-och-bodegas-till-salu-pa-mallorca\/\" class=\"hz-label label label-color-4373\">\n\t\t\t\t\tVing\u00e5rdar och Bodegas\n\t\t\t\t<\/a>       \n\n<\/div>\n\t\t\t\t<ul class=\"item-tools d-flex align-items-center justify-content-center gap-1\">\n        <li class=\"item-tool item-preview\">\n        <span class=\"hz-show-lightbox-js item-tool-preview text-center\" data-listid=\"173610\">\n            <span data-bs-toggle=\"tooltip\" data-bs-placement=\"top\" title=\"F\u00f6rhandsgranska\">\n                <i class=\"houzez-icon icon-expand-3\"><\/i>   \n            <\/span>\n        <\/span><!-- item-tool-favorite -->\n    <\/li><!-- item-tool -->\n        \n        <li class=\"item-tool item-favorite\">\n        <span class=\"add-favorite-js item-tool-favorite text-center\" data-bs-toggle=\"tooltip\" data-bs-placement=\"top\" title=\"Favorit\" data-listid=\"173610\">\n            <i class=\"houzez-icon icon-love-it \"><\/i>\n        <\/span><!-- item-tool-favorite -->\n    <\/li><!-- item-tool -->\n    \n        <li class=\"item-tool item-compare\">\n        <span class=\"houzez_compare compare-173610 item-tool-compare text-center\" data-bs-toggle=\"tooltip\" data-bs-placement=\"top\" title=\"L\u00e4gg till j\u00e4mf\u00f6relse\" data-listing_id=\"173610\" data-listing_image=\"https:\/\/www.mallorcaguru.es\/wp-content\/uploads\/2025\/03\/Country-Estate-Mallorca-Spain-27-584x438.jpg\">\n            <i class=\"houzez-icon icon-add-circle\"><\/i>\n            <!-- <i class=\"houzez-icon icon-subtract-circle\"><\/i> -->\n        <\/span><!-- item-tool-compare -->\n    <\/li><!-- item-tool -->\n    <\/ul><!-- item-tools -->\n\t\t\t\t<div class=\"listing-image-wrap\">\n\t<div class=\"listing-thumb\">\n\t\t<a target=\"_self\" href=\"https:\/\/www.mallorcaguru.es\/sv\/fastighet\/privat-lantgard-till-salu-mallorca\/\" class=\"listing-featured-thumb hover-effect image-wrap\" role=\"link\">\n\t\t\t<img loading=\"lazy\" decoding=\"async\" width=\"584\" height=\"438\" src=\"https:\/\/www.mallorcaguru.es\/wp-content\/smush-avif\/2025\/03\/Country-Estate-Mallorca-Spain-27-584x438.jpg.avif\" class=\"img-fluid wp-post-image\" alt=\"Privat lantg\u00e5rd till salu Mallorca\" srcset=\"https:\/\/www.mallorcaguru.es\/wp-content\/smush-avif\/2025\/03\/Country-Estate-Mallorca-Spain-27-584x438.jpg.avif 584w, https:\/\/www.mallorcaguru.es\/wp-content\/smush-avif\/2025\/03\/Country-Estate-Mallorca-Spain-27-300x225.jpg.avif 300w, https:\/\/www.mallorcaguru.es\/wp-content\/smush-avif\/2025\/03\/Country-Estate-Mallorca-Spain-27-1024x768.jpg.avif 1024w, https:\/\/www.mallorcaguru.es\/wp-content\/smush-avif\/2025\/03\/Country-Estate-Mallorca-Spain-27-768x576.jpg.avif 768w, https:\/\/www.mallorcaguru.es\/wp-content\/smush-avif\/2025\/03\/Country-Estate-Mallorca-Spain-27-1536x1152.jpg.avif 1536w, https:\/\/www.mallorcaguru.es\/wp-content\/smush-avif\/2025\/03\/Country-Estate-Mallorca-Spain-27-2048x1536.jpg.avif 2048w, https:\/\/www.mallorcaguru.es\/wp-content\/smush-avif\/2025\/03\/Country-Estate-Mallorca-Spain-27-592x444.jpg.avif 592w, https:\/\/www.mallorcaguru.es\/wp-content\/smush-avif\/2025\/03\/Country-Estate-Mallorca-Spain-27-800x600.jpg.avif 800w, https:\/\/www.mallorcaguru.es\/wp-content\/smush-avif\/2025\/03\/Country-Estate-Mallorca-Spain-27-120x90.jpg.avif 120w, https:\/\/www.mallorcaguru.es\/wp-content\/smush-avif\/2025\/03\/Country-Estate-Mallorca-Spain-27-496x372.jpg.avif 496w\" sizes=\"auto, (max-width: 584px) 100vw, 584px\" data-smush-avif-fallback=\"{&quot;src&quot;:&quot;https:\\\/\\\/www.mallorcaguru.es\\\/wp-content\\\/uploads\\\/2025\\\/03\\\/Country-Estate-Mallorca-Spain-27-584x438.jpg&quot;,&quot;srcset&quot;:&quot;https:\\\/\\\/www.mallorcaguru.es\\\/wp-content\\\/uploads\\\/2025\\\/03\\\/Country-Estate-Mallorca-Spain-27-584x438.jpg 584w, https:\\\/\\\/www.mallorcaguru.es\\\/wp-content\\\/uploads\\\/2025\\\/03\\\/Country-Estate-Mallorca-Spain-27-300x225.jpg 300w, https:\\\/\\\/www.mallorcaguru.es\\\/wp-content\\\/uploads\\\/2025\\\/03\\\/Country-Estate-Mallorca-Spain-27-1024x768.jpg 1024w, https:\\\/\\\/www.mallorcaguru.es\\\/wp-content\\\/uploads\\\/2025\\\/03\\\/Country-Estate-Mallorca-Spain-27-768x576.jpg 768w, https:\\\/\\\/www.mallorcaguru.es\\\/wp-content\\\/uploads\\\/2025\\\/03\\\/Country-Estate-Mallorca-Spain-27-1536x1152.jpg 1536w, https:\\\/\\\/www.mallorcaguru.es\\\/wp-content\\\/uploads\\\/2025\\\/03\\\/Country-Estate-Mallorca-Spain-27-2048x1536.jpg 2048w, https:\\\/\\\/www.mallorcaguru.es\\\/wp-content\\\/uploads\\\/2025\\\/03\\\/Country-Estate-Mallorca-Spain-27-592x444.jpg 592w, https:\\\/\\\/www.mallorcaguru.es\\\/wp-content\\\/uploads\\\/2025\\\/03\\\/Country-Estate-Mallorca-Spain-27-800x600.jpg 800w, https:\\\/\\\/www.mallorcaguru.es\\\/wp-content\\\/uploads\\\/2025\\\/03\\\/Country-Estate-Mallorca-Spain-27-120x90.jpg 120w, https:\\\/\\\/www.mallorcaguru.es\\\/wp-content\\\/uploads\\\/2025\\\/03\\\/Country-Estate-Mallorca-Spain-27-496x372.jpg 496w&quot;}\" \/>\t\t<\/a><!-- hover-effect -->\n\t<\/div>\n<\/div>\t\t\t\t<div class=\"preview_loader\"><\/div>\n\t\t\t<\/div>\n\t\t\t<div class=\"item-body w-100 flex-fill\">\n\t\t\t\t<ul class=\"item-amenities item-amenities-with-icons mb-2\">\n\t\t\t\t\t<li class=\"h-type d-flex w-100\" role=\"listitem\"><span>Tomt<\/span><\/li>\t\t\t\t<\/ul>\n\t\t\t\t<ul class=\"item-price-wrap d-flex align-items-end gap-3\" role=\"list\">\n\t\t\t\t\t<li class=\"item-price\"><span class=\"price\">1,700,000\u20ac<\/span><span class=\"price-postfix\"><\/span><\/li>\t\t\t\t<\/ul>\n\t\t\t\t<h2 class=\"item-title mb-2 \">\n\t<a target=\"_self\" href=\"https:\/\/www.mallorcaguru.es\/sv\/fastighet\/privat-lantgard-till-salu-mallorca\/\" role=\"link\">Privat lantg\u00e5rd till salu Mallorca<\/a>\n<\/h2><!-- item-title -->\t\t\t\t<address class=\"item-address mb-2\"><i class=\"houzez-icon icon-pin me-1\" aria-hidden=\"true\"><\/i><span>Rotes Noves, Maria de la Salut, Pla de Mallorca, Illes Balears, Espa\u00f1a<\/span><\/address>\t\t\t\t<ul class=\"item-amenities item-amenities-with-icons d-flex flex-wrap align-items-center gap-2\" role=\"list\">\n\t<li class=\"h-property-id me-1\"><i class=\"houzez-icon icon-tags me-2\"><\/i><span class=\"item-amenities-text\">ID:<\/span> <span class=\"hz-figure\">813<\/span><\/li><li class=\"h-beds d-flex align-items-center me-1\"><i class=\"houzez-icon icon-hotel-double-bed-1 me-2\"><\/i><span class=\"item-amenities-text\">Bed:<\/span> <span class=\"hz-figure\">1<\/span><\/li><li class=\"h-baths d-flex align-items-center me-1\"><i class=\"houzez-icon icon-bathroom-shower-1 me-2\"><\/i><span class=\"item-amenities-text\">Bath:<\/span> <span class=\"hz-figure\">1<\/span><\/li><li class=\"h-area d-flex align-items-center me-1\"><i class=\"houzez-icon icon-ruler-triangle me-2\"><\/i><span class=\"hz-figure me-1\">244<\/span> <span class=\"hz-figure area_postfix\">m\u00b2<\/span><\/li><\/ul>\t\t\t<\/div>\n\t\t\t<div class=\"item-footer items-btns-count-3\">\n\t\t\t\t<div class=\"item-buttons-wrap d-flex justify-content-between gap-2\">\n\t\t\t\t\t\t\t\t<button type=\"button\" class=\"hz-call-popup-js btn btn-primary-outlined btn-item px-2 d-flex align-items-center justify-content-center flex-fill gap-1\" data-bs-toggle=\"modal\" data-model-id=\"call-action-173610-rPm0k\">\n\t\t\t\t<i class=\"houzez-icon icon-phone-actions-ring\"><\/i> Ring\t\t\t<\/button>\n\t\t \t\t\t\t<button type=\"button\" class=\"hz-email-popup-js btn btn-primary-outlined btn-item px-2 d-flex align-items-center justify-content-center flex-fill gap-1\" data-bs-toggle=\"modal\" data-model-id=\"email-popup-173610-rPm0k\">\n\t\t\t\t<i class=\"houzez-icon icon-envelope\"><\/i> Email\t\t\t<\/button>\n\t\t\t\t\t\t<a class=\"btn btn-primary-outlined btn-item px-2 d-flex align-items-center justify-content-center flex-fill gap-1\" target=\"_blank\" href=\"https:\/\/api.whatsapp.com\/send?phone=+34671798832&text=Hej, jag \u00e4r intresserad av [Privat lantg\u00e5rd till salu Mallorca] https:\/\/www.mallorcaguru.es\/sv\/fastighet\/privat-lantgard-till-salu-mallorca\/\">\n\t\t\t\t<i class=\"houzez-icon icon-messaging-whatsapp\"><\/i> <span class=\"d-none d-md-block\">WhatsApp<\/span>\n\t\t\t<\/a>\n\t\t\t\t\t\t\t<\/div>\n\t\t\t<\/div>\n\t\t<\/div>\n\t<\/div>\n\t<div class=\"modal fade modal-phone-number\" id=\"call-action-173610-rPm0k\" tabindex=\"-1\" aria-labelledby=\"phoneNumberModalLabel\" aria-hidden=\"true\">\n    <div class=\"modal-dialog\" role=\"document\">\n        <div class=\"modal-content\">\n            <div class=\"modal-header\">\n                <h5 class=\"modal-title\" id=\"phoneNumberModalLabel\">Kontakta oss<\/h5>\n                <button type=\"button\" class=\"btn-close\" data-bs-dismiss=\"modal\" aria-label=\"St\u00e4nga\"><\/button>\n            <\/div><!-- modal-header -->\n            <div class=\"modal-body\">\n                <p class=\"modal-body-phone-number-text\">\n                    Please quote property reference<br>\n\n                    <strong>Mallorca Property Guru - 813<\/strong>\n                <\/p>\n                <p class=\"modal-body-phone-number-number\">\n                     <a class=\"btn btn-primary-outlined\" href=\"tel:+34671798832\"><i class=\"houzez-icon icon-phone-actions-ring\"><\/i> +34 671 798 832<\/a>\n                <\/p>\n            <\/div><!-- modal-body -->\n        <\/div><!-- modal-content -->\n    <\/div><!-- modal-dialog -->\n<\/div><!-- login-register-form -->\n\t<div class=\"modal fade mobile-property-form\" id=\"email-popup-173610-rPm0k\">\n    <div class=\"modal-dialog\" role=\"document\">\n        <div class=\"modal-content\">\n            <div class=\"modal-header\">\n                <h5 class=\"modal-title\" id=\"phoneNumberModalLabel\">Contact me<\/h5>\n                <button type=\"button\" class=\"btn-close\" data-bs-dismiss=\"modal\" aria-label=\"Close\"><\/button>\n            <\/div><!-- modal-header -->\n            <div class=\"modal-body\">\n                <div class=\"property-form-wrap border-none\">\n                                    <div class=\"property-form\">\n                        <form method=\"post\" action=\"#\">\n                            \n                            <div class=\"agent-details\" role=\"region\"><div class=\"d-flex align-items-center gap-3\"><div class=\"agent-image\" role=\"img\"><img loading=\"lazy\" decoding=\"async\" class=\"rounded\" src=\"https:\/\/www.mallorcaguru.es\/wp-content\/smush-avif\/2022\/03\/Mallorca-Property-Guru-Logo-2025-150x150.png.avif\" alt=\"Mallorca Property Guru Saionara Jackson\" width=\"70\" height=\"70\" data-smush-avif-fallback=\"{&quot;src&quot;:&quot;https:\\\/\\\/www.mallorcaguru.es\\\/wp-content\\\/uploads\\\/2022\\\/03\\\/Mallorca-Property-Guru-Logo-2025-150x150.png&quot;}\"><span class=\"badge btn-secondary agent-verified-icon\"><i class=\"houzez-icon icon-check-circle-1\"><\/i><\/span><\/div><ul class=\"agent-information list-unstyled mb-0\" role=\"list\"><li class=\"agent-name\" role=\"listitem\"><i class=\"houzez-icon icon-single-neutral me-1\"><\/i> Mallorca Property Guru Saionara Jackson<\/li><\/ul><\/div><\/div>\n                                                        <div class=\"form-group mb-2 mt-3\">\n                                <input class=\"form-control\" name=\"name\" value=\"\" type=\"text\" placeholder=\"Namn\">\n                            <\/div><!-- form-group -->\n                            \n                                \n                            <div class=\"form-group mb-2\">\n                                <input class=\"form-control\" name=\"mobile\" value=\"\" type=\"text\" placeholder=\"Telefon\">\n                            <\/div><!-- form-group -->\n                            \n                            <div class=\"form-group mb-2\">\n                                <input class=\"form-control\" name=\"email\" value=\"\" type=\"email\" placeholder=\"E-post\">\n                            <\/div><!-- form-group -->\n\n                              \n                            <div class=\"form-group form-group-textarea mb-2\">\n                                <textarea class=\"form-control hz-form-message\" name=\"message\" rows=\"4\" placeholder=\"Meddelande\">Hej, jag \u00e4r intresserad av [Privat lantg\u00e5rd till salu Mallorca]<\/textarea>\n                            <\/div><!-- form-group -->   \n                            \n                            \n                                                        <div class=\"form-group my-3\">\n                                <label class=\"control control--checkbox m-0 p-0 hz-no-gdpr-checkbox\">\n                                                                        <div class=\"gdpr-text-wrap\">\n                                        Genom att skicka in denna blankett godk\u00e4nner jag <a target=\"_blank\" href=\"https:\/\/www.mallorcaguru.es\/sv\/villkor\/\">Anv\u00e4ndarvillkor<\/a>\n                                    <\/div>\n                                <\/label>\n                            <\/div><!-- form-group -->   \n                                  \n                        \n                                                            <input type=\"hidden\" name=\"target_email\" value=\"s&#97;&#105;onar&#97;&#64;&#109;&#97;&#108;lo&#114;&#99;&#97;g&#117;&#114;u.&#101;s\">\n                                                        <input type=\"hidden\" name=\"property_agent_contact_security\" value=\"a64e3040b5\"\/>\n                            <input type=\"hidden\" name=\"property_permalink\" value=\"https:\/\/www.mallorcaguru.es\/sv\/fastighet\/privat-lantgard-till-salu-mallorca\/\"\/>\n                            <input type=\"hidden\" name=\"property_title\" value=\"Privat lantg\u00e5rd till salu Mallorca\"\/>\n                            <input type=\"hidden\" name=\"property_id\" value=\"813\"\/>\n                            <input type=\"hidden\" name=\"action\" value=\"houzez_property_agent_contact\">\n                            <input type=\"hidden\" name=\"listing_id\" value=\"173610\">\n                            <input type=\"hidden\" name=\"is_listing_form\" value=\"yes\">\n                            <input type=\"hidden\" name=\"agent_id\" value=\"4999\">\n                            <input type=\"hidden\" name=\"agent_type\" value=\"agent_info\">\n\n                                                        <div class=\"form_messages\"><\/div>\n                            <button type=\"button\" class=\"houzez_agent_property_form btn btn-secondary w-100\">\n                                <span class=\"houzez-loader-js houzez-hidden spinner-border spinner-border-sm\" aria-hidden=\"true\"><\/span>                                Skicka Epost                                \n                            <\/button>\n                            \n                        <\/form>\n                    <\/div><!-- property-form -->\n                    \n                            <\/div><!-- property-form-wrap -->\n\n    \n            <\/div>\n        <\/div>\n    <\/div>\n<\/div>\n<\/div>\n<div class=\"item-listing-wrap item-wrap-v9 hz-item-gallery-js hz-map-trigger\" data-hz-id=\"167503\" data-images=\"[{&quot;image&quot;:&quot;https:\\\/\\\/www.mallorcaguru.es\\\/wp-content\\\/smush-avif\\\/2025\\\/03\\\/Ref-794-Parcelas-Santa-Margalida-7-584x438.jpg.avif&quot;,&quot;alt&quot;:&quot;Byggbar mark till salu Santa Margalida&quot;,&quot;width&quot;:584,&quot;height&quot;:438,&quot;srcset&quot;:&quot;https:\\\/\\\/www.mallorcaguru.es\\\/wp-content\\\/smush-avif\\\/2025\\\/03\\\/Ref-794-Parcelas-Santa-Margalida-7-584x438.jpg.avif 584w, https:\\\/\\\/www.mallorcaguru.es\\\/wp-content\\\/smush-avif\\\/2025\\\/03\\\/Ref-794-Parcelas-Santa-Margalida-7-592x444.jpg.avif 592w, https:\\\/\\\/www.mallorcaguru.es\\\/wp-content\\\/smush-avif\\\/2025\\\/03\\\/Ref-794-Parcelas-Santa-Margalida-7-120x90.jpg.avif 120w&quot;,&quot;sizes&quot;:&quot;(max-width: 584px) 100vw, 584px&quot;},{&quot;image&quot;:&quot;https:\\\/\\\/www.mallorcaguru.es\\\/wp-content\\\/smush-avif\\\/2025\\\/03\\\/Ref-794-Parcelas-Santa-Margalida-5-584x438.jpg.avif&quot;,&quot;alt&quot;:&quot;Tomt till salu Santa Margalida Mallorca,&quot;,&quot;width&quot;:584,&quot;height&quot;:438,&quot;srcset&quot;:&quot;https:\\\/\\\/www.mallorcaguru.es\\\/wp-content\\\/smush-avif\\\/2025\\\/03\\\/Ref-794-Parcelas-Santa-Margalida-5-584x438.jpg.avif 584w, https:\\\/\\\/www.mallorcaguru.es\\\/wp-content\\\/smush-avif\\\/2025\\\/03\\\/Ref-794-Parcelas-Santa-Margalida-5-592x444.jpg.avif 592w, https:\\\/\\\/www.mallorcaguru.es\\\/wp-content\\\/smush-avif\\\/2025\\\/03\\\/Ref-794-Parcelas-Santa-Margalida-5-120x90.jpg.avif 120w&quot;,&quot;sizes&quot;:&quot;(max-width: 584px) 100vw, 584px&quot;},{&quot;image&quot;:&quot;https:\\\/\\\/www.mallorcaguru.es\\\/wp-content\\\/smush-avif\\\/2025\\\/03\\\/Ref-794-Parcelas-Santa-Margalida-7-584x438.jpg.avif&quot;,&quot;alt&quot;:&quot;Byggbar mark till salu Santa Margalida&quot;,&quot;width&quot;:584,&quot;height&quot;:438,&quot;srcset&quot;:&quot;https:\\\/\\\/www.mallorcaguru.es\\\/wp-content\\\/smush-avif\\\/2025\\\/03\\\/Ref-794-Parcelas-Santa-Margalida-7-584x438.jpg.avif 584w, https:\\\/\\\/www.mallorcaguru.es\\\/wp-content\\\/smush-avif\\\/2025\\\/03\\\/Ref-794-Parcelas-Santa-Margalida-7-592x444.jpg.avif 592w, https:\\\/\\\/www.mallorcaguru.es\\\/wp-content\\\/smush-avif\\\/2025\\\/03\\\/Ref-794-Parcelas-Santa-Margalida-7-120x90.jpg.avif 120w&quot;,&quot;sizes&quot;:&quot;(max-width: 584px) 100vw, 584px&quot;}]\">\n\t<div class=\"item-wrap item-wrap-no-frame h-100\">\n\t\t<div class=\"d-flex flex-column align-items-center h-100\">\n\t\t\t<div class=\"item-header\">\n\t\t\t\t\t\t\t\t<div class=\"labels-wrap d-flex align-items-center gap-1\" role=\"group\"> \n\n\t<a href=\"https:\/\/www.mallorcaguru.es\/sv\/status\/fastigheter-till-salu-mallorca\/\" class=\"label-status label status-color-765\">\n\t\t\t\t\tTill salu\n\t\t\t\t<\/a><a href=\"https:\/\/www.mallorcaguru.es\/sv\/etikettera\/fastigheter-med-havsutsikt-till-salu-pa\/\" class=\"hz-label label label-color-3931\">\n\t\t\t\t\tFastigheter med havsutsikt till salu p\u00e5 Mallorca | Kustbost\u00e4der\n\t\t\t\t<\/a><a href=\"https:\/\/www.mallorcaguru.es\/sv\/etikettera\/vingardar-och-bodegas-till-salu-pa-mallorca\/\" class=\"hz-label label label-color-4373\">\n\t\t\t\t\tVing\u00e5rdar och Bodegas\n\t\t\t\t<\/a>       \n\n<\/div>\n\t\t\t\t<ul class=\"item-tools d-flex align-items-center justify-content-center gap-1\">\n        <li class=\"item-tool item-preview\">\n        <span class=\"hz-show-lightbox-js item-tool-preview text-center\" data-listid=\"167503\">\n            <span data-bs-toggle=\"tooltip\" data-bs-placement=\"top\" title=\"F\u00f6rhandsgranska\">\n                <i class=\"houzez-icon icon-expand-3\"><\/i>   \n            <\/span>\n        <\/span><!-- item-tool-favorite -->\n    <\/li><!-- item-tool -->\n        \n        <li class=\"item-tool item-favorite\">\n        <span class=\"add-favorite-js item-tool-favorite text-center\" data-bs-toggle=\"tooltip\" data-bs-placement=\"top\" title=\"Favorit\" data-listid=\"167503\">\n            <i class=\"houzez-icon icon-love-it \"><\/i>\n        <\/span><!-- item-tool-favorite -->\n    <\/li><!-- item-tool -->\n    \n        <li class=\"item-tool item-compare\">\n        <span class=\"houzez_compare compare-167503 item-tool-compare text-center\" data-bs-toggle=\"tooltip\" data-bs-placement=\"top\" title=\"L\u00e4gg till j\u00e4mf\u00f6relse\" data-listing_id=\"167503\" data-listing_image=\"https:\/\/www.mallorcaguru.es\/wp-content\/uploads\/2025\/03\/Ref-794-Parcelas-Santa-Margalida-7-584x438.jpg\">\n            <i class=\"houzez-icon icon-add-circle\"><\/i>\n            <!-- <i class=\"houzez-icon icon-subtract-circle\"><\/i> -->\n        <\/span><!-- item-tool-compare -->\n    <\/li><!-- item-tool -->\n    <\/ul><!-- item-tools -->\n\t\t\t\t<div class=\"listing-image-wrap\">\n\t<div class=\"listing-thumb\">\n\t\t<a target=\"_self\" href=\"https:\/\/www.mallorcaguru.es\/sv\/fastighet\/byggbar-mark-till-salu-santa-margalida-mallorca\/\" class=\"listing-featured-thumb hover-effect image-wrap\" role=\"link\">\n\t\t\t<img loading=\"lazy\" decoding=\"async\" width=\"584\" height=\"438\" src=\"https:\/\/www.mallorcaguru.es\/wp-content\/smush-avif\/2025\/03\/Ref-794-Parcelas-Santa-Margalida-7-584x438.jpg.avif\" class=\"img-fluid wp-post-image\" alt=\"Byggbar mark till salu Santa Margalida\" srcset=\"https:\/\/www.mallorcaguru.es\/wp-content\/smush-avif\/2025\/03\/Ref-794-Parcelas-Santa-Margalida-7-584x438.jpg.avif 584w, https:\/\/www.mallorcaguru.es\/wp-content\/smush-avif\/2025\/03\/Ref-794-Parcelas-Santa-Margalida-7-592x444.jpg.avif 592w, https:\/\/www.mallorcaguru.es\/wp-content\/smush-avif\/2025\/03\/Ref-794-Parcelas-Santa-Margalida-7-120x90.jpg.avif 120w\" sizes=\"auto, (max-width: 584px) 100vw, 584px\" data-smush-avif-fallback=\"{&quot;src&quot;:&quot;https:\\\/\\\/www.mallorcaguru.es\\\/wp-content\\\/uploads\\\/2025\\\/03\\\/Ref-794-Parcelas-Santa-Margalida-7-584x438.jpg&quot;,&quot;srcset&quot;:&quot;https:\\\/\\\/www.mallorcaguru.es\\\/wp-content\\\/uploads\\\/2025\\\/03\\\/Ref-794-Parcelas-Santa-Margalida-7-584x438.jpg 584w, https:\\\/\\\/www.mallorcaguru.es\\\/wp-content\\\/uploads\\\/2025\\\/03\\\/Ref-794-Parcelas-Santa-Margalida-7-592x444.jpg 592w, https:\\\/\\\/www.mallorcaguru.es\\\/wp-content\\\/uploads\\\/2025\\\/03\\\/Ref-794-Parcelas-Santa-Margalida-7-120x90.jpg 120w&quot;}\" \/>\t\t<\/a><!-- hover-effect -->\n\t<\/div>\n<\/div>\t\t\t\t<div class=\"preview_loader\"><\/div>\n\t\t\t<\/div>\n\t\t\t<div class=\"item-body w-100 flex-fill\">\n\t\t\t\t<ul class=\"item-amenities item-amenities-with-icons mb-2\">\n\t\t\t\t\t<li class=\"h-type d-flex w-100\" role=\"listitem\"><span>Tomt<\/span><\/li>\t\t\t\t<\/ul>\n\t\t\t\t<ul class=\"item-price-wrap d-flex align-items-end gap-3\" role=\"list\">\n\t\t\t\t\t<li class=\"item-price\"><span class=\"price\">675,000\u20ac<\/span><span class=\"price-postfix\"><\/span><\/li>\t\t\t\t<\/ul>\n\t\t\t\t<h2 class=\"item-title mb-2 \">\n\t<a target=\"_self\" href=\"https:\/\/www.mallorcaguru.es\/sv\/fastighet\/byggbar-mark-till-salu-santa-margalida-mallorca\/\" role=\"link\">Byggbar mark till salu Santa Margalida Mallorca<\/a>\n<\/h2><!-- item-title -->\t\t\t\t<address class=\"item-address mb-2\"><i class=\"houzez-icon icon-pin me-1\" aria-hidden=\"true\"><\/i><span>carrerassa de sa Teulada, Santa Margalida, Pla de Mallorca, Illes Balears, Espa\u00f1a<\/span><\/address>\t\t\t\t<ul class=\"item-amenities item-amenities-with-icons d-flex flex-wrap align-items-center gap-2\" role=\"list\">\n\t<li class=\"h-property-id me-1\"><i class=\"houzez-icon icon-tags me-2\"><\/i><span class=\"item-amenities-text\">ID:<\/span> <span class=\"hz-figure\">794<\/span><\/li><\/ul>\t\t\t<\/div>\n\t\t\t<div class=\"item-footer items-btns-count-3\">\n\t\t\t\t<div class=\"item-buttons-wrap d-flex justify-content-between gap-2\">\n\t\t\t\t\t\t\t\t<button type=\"button\" class=\"hz-call-popup-js btn btn-primary-outlined btn-item px-2 d-flex align-items-center justify-content-center flex-fill gap-1\" data-bs-toggle=\"modal\" data-model-id=\"call-action-167503-RPQvh\">\n\t\t\t\t<i class=\"houzez-icon icon-phone-actions-ring\"><\/i> Ring\t\t\t<\/button>\n\t\t \t\t\t\t<button type=\"button\" class=\"hz-email-popup-js btn btn-primary-outlined btn-item px-2 d-flex align-items-center justify-content-center flex-fill gap-1\" data-bs-toggle=\"modal\" data-model-id=\"email-popup-167503-RPQvh\">\n\t\t\t\t<i class=\"houzez-icon icon-envelope\"><\/i> Email\t\t\t<\/button>\n\t\t\t\t\t\t<a class=\"btn btn-primary-outlined btn-item px-2 d-flex align-items-center justify-content-center flex-fill gap-1\" target=\"_blank\" href=\"https:\/\/api.whatsapp.com\/send?phone=+34671798832&text=Hej, jag \u00e4r intresserad av [Byggbar mark till salu Santa Margalida Mallorca] https:\/\/www.mallorcaguru.es\/sv\/fastighet\/byggbar-mark-till-salu-santa-margalida-mallorca\/\">\n\t\t\t\t<i class=\"houzez-icon icon-messaging-whatsapp\"><\/i> <span class=\"d-none d-md-block\">WhatsApp<\/span>\n\t\t\t<\/a>\n\t\t\t\t\t\t\t<\/div>\n\t\t\t<\/div>\n\t\t<\/div>\n\t<\/div>\n\t<div class=\"modal fade modal-phone-number\" id=\"call-action-167503-RPQvh\" tabindex=\"-1\" aria-labelledby=\"phoneNumberModalLabel\" aria-hidden=\"true\">\n    <div class=\"modal-dialog\" role=\"document\">\n        <div class=\"modal-content\">\n            <div class=\"modal-header\">\n                <h5 class=\"modal-title\" id=\"phoneNumberModalLabel\">Kontakta oss<\/h5>\n                <button type=\"button\" class=\"btn-close\" data-bs-dismiss=\"modal\" aria-label=\"St\u00e4nga\"><\/button>\n            <\/div><!-- modal-header -->\n            <div class=\"modal-body\">\n                <p class=\"modal-body-phone-number-text\">\n                    Please quote property reference<br>\n\n                    <strong>Mallorca Property Guru - 794<\/strong>\n                <\/p>\n                <p class=\"modal-body-phone-number-number\">\n                     <a class=\"btn btn-primary-outlined\" href=\"tel:+34671798832\"><i class=\"houzez-icon icon-phone-actions-ring\"><\/i> +34 671 79 88 32<\/a>\n                <\/p>\n            <\/div><!-- modal-body -->\n        <\/div><!-- modal-content -->\n    <\/div><!-- modal-dialog -->\n<\/div><!-- login-register-form -->\n\t<div class=\"modal fade mobile-property-form\" id=\"email-popup-167503-RPQvh\">\n    <div class=\"modal-dialog\" role=\"document\">\n        <div class=\"modal-content\">\n            <div class=\"modal-header\">\n                <h5 class=\"modal-title\" id=\"phoneNumberModalLabel\">Contact me<\/h5>\n                <button type=\"button\" class=\"btn-close\" data-bs-dismiss=\"modal\" aria-label=\"Close\"><\/button>\n            <\/div><!-- modal-header -->\n            <div class=\"modal-body\">\n                <div class=\"property-form-wrap border-none\">\n                                    <div class=\"property-form\">\n                        <form method=\"post\" action=\"#\">\n                            \n                            <div class=\"agent-details\" role=\"region\"><div class=\"d-flex align-items-center gap-3\"><div class=\"agent-image\" role=\"img\"><img loading=\"lazy\" decoding=\"async\" class=\"rounded\" src=\"https:\/\/www.mallorcaguru.es\/wp-content\/smush-avif\/2025\/05\/Saionara-Jackson.jpg.avif\" alt=\"Saionara Jackson\" width=\"70\" height=\"70\" srcset=\"https:\/\/www.mallorcaguru.es\/wp-content\/smush-avif\/2025\/05\/Saionara-Jackson.jpg.avif 640w, https:\/\/www.mallorcaguru.es\/wp-content\/smush-avif\/2025\/05\/Saionara-Jackson-300x300.jpg.avif 300w, https:\/\/www.mallorcaguru.es\/wp-content\/smush-avif\/2025\/05\/Saionara-Jackson-150x150.jpg.avif 150w, https:\/\/www.mallorcaguru.es\/wp-content\/smush-avif\/2025\/05\/Saionara-Jackson-600x600.jpg.avif 600w, https:\/\/www.mallorcaguru.es\/wp-content\/smush-avif\/2025\/05\/Saionara-Jackson-496x496.jpg.avif 496w\" sizes=\"auto, (max-width: 70px) 100vw, 70px\" data-smush-avif-fallback=\"{&quot;src&quot;:&quot;https:\\\/\\\/www.mallorcaguru.es\\\/wp-content\\\/uploads\\\/2025\\\/05\\\/Saionara-Jackson.jpg&quot;,&quot;srcset&quot;:&quot;https:\\\/\\\/www.mallorcaguru.es\\\/wp-content\\\/uploads\\\/2025\\\/05\\\/Saionara-Jackson.jpg 640w, https:\\\/\\\/www.mallorcaguru.es\\\/wp-content\\\/uploads\\\/2025\\\/05\\\/Saionara-Jackson-300x300.jpg 300w, https:\\\/\\\/www.mallorcaguru.es\\\/wp-content\\\/uploads\\\/2025\\\/05\\\/Saionara-Jackson-150x150.jpg 150w, https:\\\/\\\/www.mallorcaguru.es\\\/wp-content\\\/uploads\\\/2025\\\/05\\\/Saionara-Jackson-600x600.jpg 600w, https:\\\/\\\/www.mallorcaguru.es\\\/wp-content\\\/uploads\\\/2025\\\/05\\\/Saionara-Jackson-496x496.jpg 496w&quot;}\"><\/div><ul class=\"agent-information list-unstyled mb-0\" role=\"list\"><li class=\"agent-name\" role=\"listitem\"><i class=\"houzez-icon icon-single-neutral me-1\"><\/i> Saionara Jackson<\/li><\/ul><\/div><\/div>\n                                                        <div class=\"form-group mb-2 mt-3\">\n                                <input class=\"form-control\" name=\"name\" value=\"\" type=\"text\" placeholder=\"Namn\">\n                            <\/div><!-- form-group -->\n                            \n                                \n                            <div class=\"form-group mb-2\">\n                                <input class=\"form-control\" name=\"mobile\" value=\"\" type=\"text\" placeholder=\"Telefon\">\n                            <\/div><!-- form-group -->\n                            \n                            <div class=\"form-group mb-2\">\n                                <input class=\"form-control\" name=\"email\" value=\"\" type=\"email\" placeholder=\"E-post\">\n                            <\/div><!-- form-group -->\n\n                              \n                            <div class=\"form-group form-group-textarea mb-2\">\n                                <textarea class=\"form-control hz-form-message\" name=\"message\" rows=\"4\" placeholder=\"Meddelande\">Hej, jag \u00e4r intresserad av [Byggbar mark till salu Santa Margalida Mallorca]<\/textarea>\n                            <\/div><!-- form-group -->   \n                            \n                            \n                                                        <div class=\"form-group my-3\">\n                                <label class=\"control control--checkbox m-0 p-0 hz-no-gdpr-checkbox\">\n                                                                        <div class=\"gdpr-text-wrap\">\n                                        Genom att skicka in denna blankett godk\u00e4nner jag <a target=\"_blank\" href=\"https:\/\/www.mallorcaguru.es\/sv\/villkor\/\">Anv\u00e4ndarvillkor<\/a>\n                                    <\/div>\n                                <\/label>\n                            <\/div><!-- form-group -->   \n                                  \n                        \n                                                            <input type=\"hidden\" name=\"target_email\" value=\"sa&#105;o&#110;ara&#64;m&#97;l&#108;or&#99;&#97;gu&#114;u&#46;&#101;&#115;\">\n                                                        <input type=\"hidden\" name=\"property_agent_contact_security\" value=\"a64e3040b5\"\/>\n                            <input type=\"hidden\" name=\"property_permalink\" value=\"https:\/\/www.mallorcaguru.es\/sv\/fastighet\/byggbar-mark-till-salu-santa-margalida-mallorca\/\"\/>\n                            <input type=\"hidden\" name=\"property_title\" value=\"Byggbar mark till salu Santa Margalida Mallorca\"\/>\n                            <input type=\"hidden\" name=\"property_id\" value=\"794\"\/>\n                            <input type=\"hidden\" name=\"action\" value=\"houzez_property_agent_contact\">\n                            <input type=\"hidden\" name=\"listing_id\" value=\"167503\">\n                            <input type=\"hidden\" name=\"is_listing_form\" value=\"yes\">\n                            <input type=\"hidden\" name=\"agent_id\" value=\"2749\">\n                            <input type=\"hidden\" name=\"agent_type\" value=\"\">\n\n                                                        <div class=\"form_messages\"><\/div>\n                            <button type=\"button\" class=\"houzez_agent_property_form btn btn-secondary w-100\">\n                                <span class=\"houzez-loader-js houzez-hidden spinner-border spinner-border-sm\" aria-hidden=\"true\"><\/span>                                Skicka Epost                                \n                            <\/button>\n                            \n                        <\/form>\n                    <\/div><!-- property-form -->\n                    \n                            <\/div><!-- property-form-wrap -->\n\n    \n            <\/div>\n        <\/div>\n    <\/div>\n<\/div>\n<\/div>\n<div class=\"item-listing-wrap item-wrap-v9 hz-item-gallery-js hz-map-trigger\" data-hz-id=\"79444\" data-images=\"[{&quot;image&quot;:&quot;https:\\\/\\\/www.mallorcaguru.es\\\/wp-content\\\/smush-avif\\\/2024\\\/04\\\/Parcela-Cami-de-Son-Roig-6-584x438.jpg.avif&quot;,&quot;alt&quot;:&quot;Till salu en tomt&quot;,&quot;width&quot;:584,&quot;height&quot;:438,&quot;srcset&quot;:&quot;https:\\\/\\\/www.mallorcaguru.es\\\/wp-content\\\/smush-avif\\\/2024\\\/04\\\/Parcela-Cami-de-Son-Roig-6-584x438.jpg.avif 584w, https:\\\/\\\/www.mallorcaguru.es\\\/wp-content\\\/smush-avif\\\/2024\\\/04\\\/Parcela-Cami-de-Son-Roig-6-592x444.jpg.avif 592w, https:\\\/\\\/www.mallorcaguru.es\\\/wp-content\\\/smush-avif\\\/2024\\\/04\\\/Parcela-Cami-de-Son-Roig-6-120x90.jpg.avif 120w&quot;,&quot;sizes&quot;:&quot;(max-width: 584px) 100vw, 584px&quot;},{&quot;image&quot;:&quot;https:\\\/\\\/www.mallorcaguru.es\\\/wp-content\\\/smush-avif\\\/2024\\\/04\\\/Parcela-Cami-de-Son-Roig-6-584x438.jpg.avif&quot;,&quot;alt&quot;:&quot;Till salu en tomt&quot;,&quot;width&quot;:584,&quot;height&quot;:438,&quot;srcset&quot;:&quot;https:\\\/\\\/www.mallorcaguru.es\\\/wp-content\\\/smush-avif\\\/2024\\\/04\\\/Parcela-Cami-de-Son-Roig-6-584x438.jpg.avif 584w, https:\\\/\\\/www.mallorcaguru.es\\\/wp-content\\\/smush-avif\\\/2024\\\/04\\\/Parcela-Cami-de-Son-Roig-6-592x444.jpg.avif 592w, https:\\\/\\\/www.mallorcaguru.es\\\/wp-content\\\/smush-avif\\\/2024\\\/04\\\/Parcela-Cami-de-Son-Roig-6-120x90.jpg.avif 120w&quot;,&quot;sizes&quot;:&quot;(max-width: 584px) 100vw, 584px&quot;},{&quot;image&quot;:&quot;https:\\\/\\\/www.mallorcaguru.es\\\/wp-content\\\/smush-avif\\\/2024\\\/04\\\/Parcela-Cami-de-Son-Roig-4-1-584x438.jpg.avif&quot;,&quot;alt&quot;:&quot;Till salu en tomt&quot;,&quot;width&quot;:584,&quot;height&quot;:438,&quot;srcset&quot;:&quot;https:\\\/\\\/www.mallorcaguru.es\\\/wp-content\\\/smush-avif\\\/2024\\\/04\\\/Parcela-Cami-de-Son-Roig-4-1-584x438.jpg.avif 584w, https:\\\/\\\/www.mallorcaguru.es\\\/wp-content\\\/smush-avif\\\/2024\\\/04\\\/Parcela-Cami-de-Son-Roig-4-1-592x444.jpg.avif 592w, https:\\\/\\\/www.mallorcaguru.es\\\/wp-content\\\/smush-avif\\\/2024\\\/04\\\/Parcela-Cami-de-Son-Roig-4-1-120x90.jpg.avif 120w&quot;,&quot;sizes&quot;:&quot;(max-width: 584px) 100vw, 584px&quot;}]\">\n\t<div class=\"item-wrap item-wrap-no-frame h-100\">\n\t\t<div class=\"d-flex flex-column align-items-center h-100\">\n\t\t\t<div class=\"item-header\">\n\t\t\t\t\t\t\t\t<div class=\"labels-wrap d-flex align-items-center gap-1\" role=\"group\"> \n\n\t<a href=\"https:\/\/www.mallorcaguru.es\/sv\/status\/fastigheter-till-salu-mallorca\/\" class=\"label-status label status-color-765\">\n\t\t\t\t\tTill salu\n\t\t\t\t<\/a><a href=\"https:\/\/www.mallorcaguru.es\/sv\/etikettera\/vingardar-och-bodegas-till-salu-pa-mallorca\/\" class=\"hz-label label label-color-4373\">\n\t\t\t\t\tVing\u00e5rdar och Bodegas\n\t\t\t\t<\/a>       \n\n<\/div>\n\t\t\t\t<ul class=\"item-tools d-flex align-items-center justify-content-center gap-1\">\n        <li class=\"item-tool item-preview\">\n        <span class=\"hz-show-lightbox-js item-tool-preview text-center\" data-listid=\"79444\">\n            <span data-bs-toggle=\"tooltip\" data-bs-placement=\"top\" title=\"F\u00f6rhandsgranska\">\n                <i class=\"houzez-icon icon-expand-3\"><\/i>   \n            <\/span>\n        <\/span><!-- item-tool-favorite -->\n    <\/li><!-- item-tool -->\n        \n        <li class=\"item-tool item-favorite\">\n        <span class=\"add-favorite-js item-tool-favorite text-center\" data-bs-toggle=\"tooltip\" data-bs-placement=\"top\" title=\"Favorit\" data-listid=\"79444\">\n            <i class=\"houzez-icon icon-love-it \"><\/i>\n        <\/span><!-- item-tool-favorite -->\n    <\/li><!-- item-tool -->\n    \n        <li class=\"item-tool item-compare\">\n        <span class=\"houzez_compare compare-79444 item-tool-compare text-center\" data-bs-toggle=\"tooltip\" data-bs-placement=\"top\" title=\"L\u00e4gg till j\u00e4mf\u00f6relse\" data-listing_id=\"79444\" data-listing_image=\"https:\/\/www.mallorcaguru.es\/wp-content\/uploads\/2024\/04\/Parcela-Cami-de-Son-Roig-6-584x438.jpg\">\n            <i class=\"houzez-icon icon-add-circle\"><\/i>\n            <!-- <i class=\"houzez-icon icon-subtract-circle\"><\/i> -->\n        <\/span><!-- item-tool-compare -->\n    <\/li><!-- item-tool -->\n    <\/ul><!-- item-tools -->\n\t\t\t\t<div class=\"listing-image-wrap\">\n\t<div class=\"listing-thumb\">\n\t\t<a target=\"_self\" href=\"https:\/\/www.mallorcaguru.es\/sv\/fastighet\/till-salu-en-tomt-pa-cami-son-roig-binissalem\/\" class=\"listing-featured-thumb hover-effect image-wrap\" role=\"link\">\n\t\t\t<img loading=\"lazy\" decoding=\"async\" width=\"584\" height=\"438\" src=\"https:\/\/www.mallorcaguru.es\/wp-content\/smush-avif\/2024\/04\/Parcela-Cami-de-Son-Roig-6-584x438.jpg.avif\" class=\"img-fluid wp-post-image\" alt=\"Till salu en tomt\" srcset=\"https:\/\/www.mallorcaguru.es\/wp-content\/smush-avif\/2024\/04\/Parcela-Cami-de-Son-Roig-6-584x438.jpg.avif 584w, https:\/\/www.mallorcaguru.es\/wp-content\/smush-avif\/2024\/04\/Parcela-Cami-de-Son-Roig-6-592x444.jpg.avif 592w, https:\/\/www.mallorcaguru.es\/wp-content\/smush-avif\/2024\/04\/Parcela-Cami-de-Son-Roig-6-120x90.jpg.avif 120w\" sizes=\"auto, (max-width: 584px) 100vw, 584px\" data-smush-avif-fallback=\"{&quot;src&quot;:&quot;https:\\\/\\\/www.mallorcaguru.es\\\/wp-content\\\/uploads\\\/2024\\\/04\\\/Parcela-Cami-de-Son-Roig-6-584x438.jpg&quot;,&quot;srcset&quot;:&quot;https:\\\/\\\/www.mallorcaguru.es\\\/wp-content\\\/uploads\\\/2024\\\/04\\\/Parcela-Cami-de-Son-Roig-6-584x438.jpg 584w, https:\\\/\\\/www.mallorcaguru.es\\\/wp-content\\\/uploads\\\/2024\\\/04\\\/Parcela-Cami-de-Son-Roig-6-592x444.jpg 592w, https:\\\/\\\/www.mallorcaguru.es\\\/wp-content\\\/uploads\\\/2024\\\/04\\\/Parcela-Cami-de-Son-Roig-6-120x90.jpg 120w&quot;}\" \/>\t\t<\/a><!-- hover-effect -->\n\t<\/div>\n<\/div>\t\t\t\t<div class=\"preview_loader\"><\/div>\n\t\t\t<\/div>\n\t\t\t<div class=\"item-body w-100 flex-fill\">\n\t\t\t\t<ul class=\"item-amenities item-amenities-with-icons mb-2\">\n\t\t\t\t\t<li class=\"h-type d-flex w-100\" role=\"listitem\"><span>Tomt<\/span><\/li>\t\t\t\t<\/ul>\n\t\t\t\t<ul class=\"item-price-wrap d-flex align-items-end gap-3\" role=\"list\">\n\t\t\t\t\t<li class=\"item-price\"><span class=\"price\">220,000\u20ac<\/span><span class=\"price-postfix\"><\/span><\/li>\t\t\t\t<\/ul>\n\t\t\t\t<h2 class=\"item-title mb-2 \">\n\t<a target=\"_self\" href=\"https:\/\/www.mallorcaguru.es\/sv\/fastighet\/till-salu-en-tomt-pa-cami-son-roig-binissalem\/\" role=\"link\">Till salu en tomt p\u00e5 Cami Son Roig Binissalem<\/a>\n<\/h2><!-- item-title -->\t\t\t\t<address class=\"item-address mb-2\"><i class=\"houzez-icon icon-pin me-1\" aria-hidden=\"true\"><\/i><span>Cam\u00ed de Son Roig, Binissalem, Raiguer, Illes Balears, 07350, Espa\u00f1a<\/span><\/address>\t\t\t\t<ul class=\"item-amenities item-amenities-with-icons d-flex flex-wrap align-items-center gap-2\" role=\"list\">\n\t<li class=\"h-property-id me-1\"><i class=\"houzez-icon icon-tags me-2\"><\/i><span class=\"item-amenities-text\">ID:<\/span> <span class=\"hz-figure\">237A<\/span><\/li><\/ul>\t\t\t<\/div>\n\t\t\t<div class=\"item-footer items-btns-count-3\">\n\t\t\t\t<div class=\"item-buttons-wrap d-flex justify-content-between gap-2\">\n\t\t\t\t\t\t\t\t<button type=\"button\" class=\"hz-call-popup-js btn btn-primary-outlined btn-item px-2 d-flex align-items-center justify-content-center flex-fill gap-1\" data-bs-toggle=\"modal\" data-model-id=\"call-action-79444-XOhL0\">\n\t\t\t\t<i class=\"houzez-icon icon-phone-actions-ring\"><\/i> Ring\t\t\t<\/button>\n\t\t \t\t\t\t<button type=\"button\" class=\"hz-email-popup-js btn btn-primary-outlined btn-item px-2 d-flex align-items-center justify-content-center flex-fill gap-1\" data-bs-toggle=\"modal\" data-model-id=\"email-popup-79444-XOhL0\">\n\t\t\t\t<i class=\"houzez-icon icon-envelope\"><\/i> Email\t\t\t<\/button>\n\t\t\t\t\t\t<a class=\"btn btn-primary-outlined btn-item px-2 d-flex align-items-center justify-content-center flex-fill gap-1\" target=\"_blank\" href=\"https:\/\/api.whatsapp.com\/send?phone=+34667515185&text=Hej, jag \u00e4r intresserad av [Till salu en tomt p\u00e5 Cami Son Roig Binissalem] https:\/\/www.mallorcaguru.es\/sv\/fastighet\/till-salu-en-tomt-pa-cami-son-roig-binissalem\/\">\n\t\t\t\t<i class=\"houzez-icon icon-messaging-whatsapp\"><\/i> <span class=\"d-none d-md-block\">WhatsApp<\/span>\n\t\t\t<\/a>\n\t\t\t\t\t\t\t<\/div>\n\t\t\t<\/div>\n\t\t<\/div>\n\t<\/div>\n\t<div class=\"modal fade modal-phone-number\" id=\"call-action-79444-XOhL0\" tabindex=\"-1\" aria-labelledby=\"phoneNumberModalLabel\" aria-hidden=\"true\">\n    <div class=\"modal-dialog\" role=\"document\">\n        <div class=\"modal-content\">\n            <div class=\"modal-header\">\n                <h5 class=\"modal-title\" id=\"phoneNumberModalLabel\">Kontakta oss<\/h5>\n                <button type=\"button\" class=\"btn-close\" data-bs-dismiss=\"modal\" aria-label=\"St\u00e4nga\"><\/button>\n            <\/div><!-- modal-header -->\n            <div class=\"modal-body\">\n                <p class=\"modal-body-phone-number-text\">\n                    Please quote property reference<br>\n\n                    <strong>Mallorca Property Guru - 237A<\/strong>\n                <\/p>\n                <p class=\"modal-body-phone-number-number\">\n                     <a class=\"btn btn-primary-outlined\" href=\"tel:+34667515185\"><i class=\"houzez-icon icon-phone-actions-ring\"><\/i> +34 667 515 185<\/a>\n                <\/p>\n            <\/div><!-- modal-body -->\n        <\/div><!-- modal-content -->\n    <\/div><!-- modal-dialog -->\n<\/div><!-- login-register-form -->\n\t<div class=\"modal fade mobile-property-form\" id=\"email-popup-79444-XOhL0\">\n    <div class=\"modal-dialog\" role=\"document\">\n        <div class=\"modal-content\">\n            <div class=\"modal-header\">\n                <h5 class=\"modal-title\" id=\"phoneNumberModalLabel\">Contact me<\/h5>\n                <button type=\"button\" class=\"btn-close\" data-bs-dismiss=\"modal\" aria-label=\"Close\"><\/button>\n            <\/div><!-- modal-header -->\n            <div class=\"modal-body\">\n                <div class=\"property-form-wrap border-none\">\n                                    <div class=\"property-form\">\n                        <form method=\"post\" action=\"#\">\n                            \n                            <div class=\"agent-details\" role=\"region\"><div class=\"d-flex align-items-center gap-3\"><div class=\"agent-image\" role=\"img\"><img decoding=\"async\" class=\"rounded\" src=\"https:\/\/www.mallorcaguru.es\/wp-content\/smush-avif\/2022\/03\/Mallorca-Property-Guru-Logo-2025-150x150.png.avif\" alt=\"Mallorca Property Guru Carmen Dols Bastard\" width=\"70\" height=\"70\" loading=\"lazy\" data-smush-avif-fallback=\"{&quot;src&quot;:&quot;https:\\\/\\\/www.mallorcaguru.es\\\/wp-content\\\/uploads\\\/2022\\\/03\\\/Mallorca-Property-Guru-Logo-2025-150x150.png&quot;}\"><span class=\"badge btn-secondary agent-verified-icon\"><i class=\"houzez-icon icon-check-circle-1\"><\/i><\/span><\/div><ul class=\"agent-information list-unstyled mb-0\" role=\"list\"><li class=\"agent-name\" role=\"listitem\"><i class=\"houzez-icon icon-single-neutral me-1\"><\/i> Mallorca Property Guru Carmen Dols Bastard<\/li><\/ul><\/div><\/div>\n                                                        <div class=\"form-group mb-2 mt-3\">\n                                <input class=\"form-control\" name=\"name\" value=\"\" type=\"text\" placeholder=\"Namn\">\n                            <\/div><!-- form-group -->\n                            \n                                \n                            <div class=\"form-group mb-2\">\n                                <input class=\"form-control\" name=\"mobile\" value=\"\" type=\"text\" placeholder=\"Telefon\">\n                            <\/div><!-- form-group -->\n                            \n                            <div class=\"form-group mb-2\">\n                                <input class=\"form-control\" name=\"email\" value=\"\" type=\"email\" placeholder=\"E-post\">\n                            <\/div><!-- form-group -->\n\n                              \n                            <div class=\"form-group form-group-textarea mb-2\">\n                                <textarea class=\"form-control hz-form-message\" name=\"message\" rows=\"4\" placeholder=\"Meddelande\">Hej, jag \u00e4r intresserad av [Till salu en tomt p\u00e5 Cami Son Roig Binissalem]<\/textarea>\n                            <\/div><!-- form-group -->   \n                            \n                            \n                                                        <div class=\"form-group my-3\">\n                                <label class=\"control control--checkbox m-0 p-0 hz-no-gdpr-checkbox\">\n                                                                        <div class=\"gdpr-text-wrap\">\n                                        Genom att skicka in denna blankett godk\u00e4nner jag <a target=\"_blank\" href=\"https:\/\/www.mallorcaguru.es\/sv\/villkor\/\">Anv\u00e4ndarvillkor<\/a>\n                                    <\/div>\n                                <\/label>\n                            <\/div><!-- form-group -->   \n                                  \n                        \n                                                            <input type=\"hidden\" name=\"target_email\" value=\"c&#97;&#114;&#109;&#101;n&#64;&#109;&#97;llorc&#97;&#103;u&#114;u.es\">\n                                                        <input type=\"hidden\" name=\"property_agent_contact_security\" value=\"a64e3040b5\"\/>\n                            <input type=\"hidden\" name=\"property_permalink\" value=\"https:\/\/www.mallorcaguru.es\/sv\/fastighet\/till-salu-en-tomt-pa-cami-son-roig-binissalem\/\"\/>\n                            <input type=\"hidden\" name=\"property_title\" value=\"Till salu en tomt p\u00e5 Cami Son Roig Binissalem\"\/>\n                            <input type=\"hidden\" name=\"property_id\" value=\"237A\"\/>\n                            <input type=\"hidden\" name=\"action\" value=\"houzez_property_agent_contact\">\n                            <input type=\"hidden\" name=\"listing_id\" value=\"79444\">\n                            <input type=\"hidden\" name=\"is_listing_form\" value=\"yes\">\n                            <input type=\"hidden\" name=\"agent_id\" value=\"6103\">\n                            <input type=\"hidden\" name=\"agent_type\" value=\"agent_info\">\n\n                                                        <div class=\"form_messages\"><\/div>\n                            <button type=\"button\" class=\"houzez_agent_property_form btn btn-secondary w-100\">\n                                <span class=\"houzez-loader-js houzez-hidden spinner-border spinner-border-sm\" aria-hidden=\"true\"><\/span>                                Skicka Epost                                \n                            <\/button>\n                            \n                        <\/form>\n                    <\/div><!-- property-form -->\n                    \n                            <\/div><!-- property-form-wrap -->\n\n    \n            <\/div>\n        <\/div>\n    <\/div>\n<\/div>\n<\/div>\n<div class=\"item-listing-wrap item-wrap-v9 hz-item-gallery-js hz-map-trigger\" data-hz-id=\"68855\" data-images=\"[{&quot;image&quot;:&quot;https:\\\/\\\/www.mallorcaguru.es\\\/wp-content\\\/smush-avif\\\/2024\\\/02\\\/Can-Biscai-Binissalem-30-584x438.jpg.avif&quot;,&quot;alt&quot;:&quot;Till salu i Binissalem&quot;,&quot;width&quot;:584,&quot;height&quot;:438,&quot;srcset&quot;:&quot;https:\\\/\\\/www.mallorcaguru.es\\\/wp-content\\\/smush-avif\\\/2024\\\/02\\\/Can-Biscai-Binissalem-30-584x438.jpg.avif 584w, https:\\\/\\\/www.mallorcaguru.es\\\/wp-content\\\/smush-avif\\\/2024\\\/02\\\/Can-Biscai-Binissalem-30-592x444.jpg.avif 592w, https:\\\/\\\/www.mallorcaguru.es\\\/wp-content\\\/smush-avif\\\/2024\\\/02\\\/Can-Biscai-Binissalem-30-120x90.jpg.avif 120w&quot;,&quot;sizes&quot;:&quot;(max-width: 584px) 100vw, 584px&quot;},{&quot;image&quot;:&quot;https:\\\/\\\/www.mallorcaguru.es\\\/wp-content\\\/smush-avif\\\/2024\\\/02\\\/Can-Biscai-Binissalem-28-1-584x438.jpg.avif&quot;,&quot;alt&quot;:&quot;Till salu Binissalem&quot;,&quot;width&quot;:584,&quot;height&quot;:438,&quot;srcset&quot;:&quot;https:\\\/\\\/www.mallorcaguru.es\\\/wp-content\\\/smush-avif\\\/2024\\\/02\\\/Can-Biscai-Binissalem-28-1-584x438.jpg.avif 584w, https:\\\/\\\/www.mallorcaguru.es\\\/wp-content\\\/smush-avif\\\/2024\\\/02\\\/Can-Biscai-Binissalem-28-1-592x444.jpg.avif 592w, https:\\\/\\\/www.mallorcaguru.es\\\/wp-content\\\/smush-avif\\\/2024\\\/02\\\/Can-Biscai-Binissalem-28-1-120x90.jpg.avif 120w&quot;,&quot;sizes&quot;:&quot;(max-width: 584px) 100vw, 584px&quot;},{&quot;image&quot;:&quot;https:\\\/\\\/www.mallorcaguru.es\\\/wp-content\\\/smush-avif\\\/2024\\\/02\\\/Can-Biscai-Binissalem-30-584x438.jpg.avif&quot;,&quot;alt&quot;:&quot;Till salu i Binissalem&quot;,&quot;width&quot;:584,&quot;height&quot;:438,&quot;srcset&quot;:&quot;https:\\\/\\\/www.mallorcaguru.es\\\/wp-content\\\/smush-avif\\\/2024\\\/02\\\/Can-Biscai-Binissalem-30-584x438.jpg.avif 584w, https:\\\/\\\/www.mallorcaguru.es\\\/wp-content\\\/smush-avif\\\/2024\\\/02\\\/Can-Biscai-Binissalem-30-592x444.jpg.avif 592w, https:\\\/\\\/www.mallorcaguru.es\\\/wp-content\\\/smush-avif\\\/2024\\\/02\\\/Can-Biscai-Binissalem-30-120x90.jpg.avif 120w&quot;,&quot;sizes&quot;:&quot;(max-width: 584px) 100vw, 584px&quot;}]\">\n\t<div class=\"item-wrap item-wrap-no-frame h-100\">\n\t\t<div class=\"d-flex flex-column align-items-center h-100\">\n\t\t\t<div class=\"item-header\">\n\t\t\t\t\t\t\t\t<div class=\"labels-wrap d-flex align-items-center gap-1\" role=\"group\"> \n\n\t<a href=\"https:\/\/www.mallorcaguru.es\/sv\/status\/fastigheter-till-salu-mallorca\/\" class=\"label-status label status-color-765\">\n\t\t\t\t\tTill salu\n\t\t\t\t<\/a><a href=\"https:\/\/www.mallorcaguru.es\/sv\/etikettera\/vingardar-och-bodegas-till-salu-pa-mallorca\/\" class=\"hz-label label label-color-4373\">\n\t\t\t\t\tVing\u00e5rdar och Bodegas\n\t\t\t\t<\/a>       \n\n<\/div>\n\t\t\t\t<ul class=\"item-tools d-flex align-items-center justify-content-center gap-1\">\n        <li class=\"item-tool item-preview\">\n        <span class=\"hz-show-lightbox-js item-tool-preview text-center\" data-listid=\"68855\">\n            <span data-bs-toggle=\"tooltip\" data-bs-placement=\"top\" title=\"F\u00f6rhandsgranska\">\n                <i class=\"houzez-icon icon-expand-3\"><\/i>   \n            <\/span>\n        <\/span><!-- item-tool-favorite -->\n    <\/li><!-- item-tool -->\n        \n        <li class=\"item-tool item-favorite\">\n        <span class=\"add-favorite-js item-tool-favorite text-center\" data-bs-toggle=\"tooltip\" data-bs-placement=\"top\" title=\"Favorit\" data-listid=\"68855\">\n            <i class=\"houzez-icon icon-love-it \"><\/i>\n        <\/span><!-- item-tool-favorite -->\n    <\/li><!-- item-tool -->\n    \n        <li class=\"item-tool item-compare\">\n        <span class=\"houzez_compare compare-68855 item-tool-compare text-center\" data-bs-toggle=\"tooltip\" data-bs-placement=\"top\" title=\"L\u00e4gg till j\u00e4mf\u00f6relse\" data-listing_id=\"68855\" data-listing_image=\"https:\/\/www.mallorcaguru.es\/wp-content\/uploads\/2024\/02\/Can-Biscai-Binissalem-30-584x438.jpg\">\n            <i class=\"houzez-icon icon-add-circle\"><\/i>\n            <!-- <i class=\"houzez-icon icon-subtract-circle\"><\/i> -->\n        <\/span><!-- item-tool-compare -->\n    <\/li><!-- item-tool -->\n    <\/ul><!-- item-tools -->\n\t\t\t\t<div class=\"listing-image-wrap\">\n\t<div class=\"listing-thumb\">\n\t\t<a target=\"_self\" href=\"https:\/\/www.mallorcaguru.es\/sv\/fastighet\/herrgard-can-biscai-binissalem\/\" class=\"listing-featured-thumb hover-effect image-wrap\" role=\"link\">\n\t\t\t<img loading=\"lazy\" decoding=\"async\" width=\"584\" height=\"438\" src=\"https:\/\/www.mallorcaguru.es\/wp-content\/smush-avif\/2024\/02\/Can-Biscai-Binissalem-30-584x438.jpg.avif\" class=\"img-fluid wp-post-image\" alt=\"Till salu i Binissalem\" srcset=\"https:\/\/www.mallorcaguru.es\/wp-content\/smush-avif\/2024\/02\/Can-Biscai-Binissalem-30-584x438.jpg.avif 584w, https:\/\/www.mallorcaguru.es\/wp-content\/smush-avif\/2024\/02\/Can-Biscai-Binissalem-30-592x444.jpg.avif 592w, https:\/\/www.mallorcaguru.es\/wp-content\/smush-avif\/2024\/02\/Can-Biscai-Binissalem-30-120x90.jpg.avif 120w\" sizes=\"auto, (max-width: 584px) 100vw, 584px\" data-smush-avif-fallback=\"{&quot;src&quot;:&quot;https:\\\/\\\/www.mallorcaguru.es\\\/wp-content\\\/uploads\\\/2024\\\/02\\\/Can-Biscai-Binissalem-30-584x438.jpg&quot;,&quot;srcset&quot;:&quot;https:\\\/\\\/www.mallorcaguru.es\\\/wp-content\\\/uploads\\\/2024\\\/02\\\/Can-Biscai-Binissalem-30-584x438.jpg 584w, https:\\\/\\\/www.mallorcaguru.es\\\/wp-content\\\/uploads\\\/2024\\\/02\\\/Can-Biscai-Binissalem-30-592x444.jpg 592w, https:\\\/\\\/www.mallorcaguru.es\\\/wp-content\\\/uploads\\\/2024\\\/02\\\/Can-Biscai-Binissalem-30-120x90.jpg 120w&quot;}\" \/>\t\t<\/a><!-- hover-effect -->\n\t<\/div>\n<\/div>\t\t\t\t<div class=\"preview_loader\"><\/div>\n\t\t\t<\/div>\n\t\t\t<div class=\"item-body w-100 flex-fill\">\n\t\t\t\t<ul class=\"item-amenities item-amenities-with-icons mb-2\">\n\t\t\t\t\t<li class=\"h-type d-flex w-100\" role=\"listitem\"><span>Byhus<\/span><\/li>\t\t\t\t<\/ul>\n\t\t\t\t<ul class=\"item-price-wrap d-flex align-items-end gap-3\" role=\"list\">\n\t\t\t\t\t<li class=\"item-price\"><span class=\"price\">1,500,000\u20ac<\/span><span class=\"price-postfix\"><\/span><\/li>\t\t\t\t<\/ul>\n\t\t\t\t<h2 class=\"item-title mb-2 \">\n\t<a target=\"_self\" href=\"https:\/\/www.mallorcaguru.es\/sv\/fastighet\/herrgard-can-biscai-binissalem\/\" role=\"link\">Till salu i Binissalem Can Bisca\u00ed<\/a>\n<\/h2><!-- item-title -->\t\t\t\t<address class=\"item-address mb-2\"><i class=\"houzez-icon icon-pin me-1\" aria-hidden=\"true\"><\/i><span>carrer de sa Goleta, Binissalem, Raiguer, Illes Balears, 07350, Espa\u00f1a<\/span><\/address>\t\t\t\t<ul class=\"item-amenities item-amenities-with-icons d-flex flex-wrap align-items-center gap-2\" role=\"list\">\n\t<li class=\"h-property-id me-1\"><i class=\"houzez-icon icon-tags me-2\"><\/i><span class=\"item-amenities-text\">ID:<\/span> <span class=\"hz-figure\">710<\/span><\/li><li class=\"h-area d-flex align-items-center me-1\"><i class=\"houzez-icon icon-ruler-triangle me-2\"><\/i><span class=\"hz-figure me-1\">784<\/span> <span class=\"hz-figure area_postfix\">m\u00b2<\/span><\/li><\/ul>\t\t\t<\/div>\n\t\t\t<div class=\"item-footer items-btns-count-1\">\n\t\t\t\t<div class=\"item-buttons-wrap d-flex justify-content-between gap-2\">\n\t\t\t\t\t\t\t\t<button type=\"button\" class=\"hz-email-popup-js btn btn-primary-outlined btn-item px-2 d-flex align-items-center justify-content-center flex-fill gap-1\" data-bs-toggle=\"modal\" data-model-id=\"email-popup-68855-f0NoJ\">\n\t\t\t\t<i class=\"houzez-icon icon-envelope\"><\/i> Email\t\t\t<\/button>\n\t\t\t\t\t\t\t<\/div>\n\t\t\t<\/div>\n\t\t<\/div>\n\t<\/div>\n\t\t<div class=\"modal fade mobile-property-form\" id=\"email-popup-68855-f0NoJ\">\n    <div class=\"modal-dialog\" role=\"document\">\n        <div class=\"modal-content\">\n            <div class=\"modal-header\">\n                <h5 class=\"modal-title\" id=\"phoneNumberModalLabel\">Contact me<\/h5>\n                <button type=\"button\" class=\"btn-close\" data-bs-dismiss=\"modal\" aria-label=\"Close\"><\/button>\n            <\/div><!-- modal-header -->\n            <div class=\"modal-body\">\n                <div class=\"property-form-wrap border-none\">\n                                    <div class=\"property-form\">\n                        <form method=\"post\" action=\"#\">\n                            \n                            <div class=\"agent-details\" role=\"region\"><div class=\"d-flex align-items-center gap-3\"><div class=\"agent-image\" role=\"img\"><img loading=\"lazy\" decoding=\"async\" class=\"rounded\" src=\"https:\/\/www.mallorcaguru.es\/wp-content\/themes\/houzez\/img\/profile-avatar.png\" alt=\"Mallorca Property Guru Admin\" width=\"70\" height=\"70\"><\/div><ul class=\"agent-information list-unstyled mb-0\" role=\"list\"><li class=\"agent-name\" role=\"listitem\"><i class=\"houzez-icon icon-single-neutral me-1\"><\/i> Mallorca Property Guru Admin<\/li><\/ul><\/div><\/div>\n                                                        <div class=\"form-group mb-2 mt-3\">\n                                <input class=\"form-control\" name=\"name\" value=\"\" type=\"text\" placeholder=\"Namn\">\n                            <\/div><!-- form-group -->\n                            \n                                \n                            <div class=\"form-group mb-2\">\n                                <input class=\"form-control\" name=\"mobile\" value=\"\" type=\"text\" placeholder=\"Telefon\">\n                            <\/div><!-- form-group -->\n                            \n                            <div class=\"form-group mb-2\">\n                                <input class=\"form-control\" name=\"email\" value=\"\" type=\"email\" placeholder=\"E-post\">\n                            <\/div><!-- form-group -->\n\n                              \n                            <div class=\"form-group form-group-textarea mb-2\">\n                                <textarea class=\"form-control hz-form-message\" name=\"message\" rows=\"4\" placeholder=\"Meddelande\">Hej, jag \u00e4r intresserad av [Till salu i Binissalem Can Bisca\u00ed]<\/textarea>\n                            <\/div><!-- form-group -->   \n                            \n                            \n                                                        <div class=\"form-group my-3\">\n                                <label class=\"control control--checkbox m-0 p-0 hz-no-gdpr-checkbox\">\n                                                                        <div class=\"gdpr-text-wrap\">\n                                        Genom att skicka in denna blankett godk\u00e4nner jag <a target=\"_blank\" href=\"https:\/\/www.mallorcaguru.es\/sv\/villkor\/\">Anv\u00e4ndarvillkor<\/a>\n                                    <\/div>\n                                <\/label>\n                            <\/div><!-- form-group -->   \n                                  \n                        \n                                                            <input type=\"hidden\" name=\"target_email\" value=\"i&#110;f&#111;&#64;m&#97;&#108;lorc&#97;&#103;u&#114;&#117;&#46;e&#115;\">\n                                                        <input type=\"hidden\" name=\"property_agent_contact_security\" value=\"a64e3040b5\"\/>\n                            <input type=\"hidden\" name=\"property_permalink\" value=\"https:\/\/www.mallorcaguru.es\/sv\/fastighet\/herrgard-can-biscai-binissalem\/\"\/>\n                            <input type=\"hidden\" name=\"property_title\" value=\"Till salu i Binissalem Can Bisca\u00ed\"\/>\n                            <input type=\"hidden\" name=\"property_id\" value=\"710\"\/>\n                            <input type=\"hidden\" name=\"action\" value=\"houzez_property_agent_contact\">\n                            <input type=\"hidden\" name=\"listing_id\" value=\"68855\">\n                            <input type=\"hidden\" name=\"is_listing_form\" value=\"yes\">\n                            <input type=\"hidden\" name=\"agent_id\" value=\"1\">\n                            <input type=\"hidden\" name=\"agent_type\" value=\"\">\n\n                                                        <div class=\"form_messages\"><\/div>\n                            <button type=\"button\" class=\"houzez_agent_property_form btn btn-secondary w-100\">\n                                <span class=\"houzez-loader-js houzez-hidden spinner-border spinner-border-sm\" aria-hidden=\"true\"><\/span>                                Skicka Epost                                \n                            <\/button>\n                            \n                        <\/form>\n                    <\/div><!-- property-form -->\n                    \n                            <\/div><!-- property-form-wrap -->\n\n    \n            <\/div>\n        <\/div>\n    <\/div>\n<\/div>\n<\/div>\n<div class=\"item-listing-wrap item-wrap-v9 hz-item-gallery-js hz-map-trigger\" data-hz-id=\"56931\" data-images=\"[{&quot;image&quot;:&quot;https:\\\/\\\/www.mallorcaguru.es\\\/wp-content\\\/smush-avif\\\/2023\\\/07\\\/Ref-614-Can-Macia-Binissalem-06-584x438.jpg.avif&quot;,&quot;alt&quot;:&quot;Till salu Mallorca Posesi\\u00f3n Mallorquina&quot;,&quot;width&quot;:584,&quot;height&quot;:438,&quot;srcset&quot;:&quot;https:\\\/\\\/www.mallorcaguru.es\\\/wp-content\\\/smush-avif\\\/2023\\\/07\\\/Ref-614-Can-Macia-Binissalem-06-584x438.jpg.avif 584w, https:\\\/\\\/www.mallorcaguru.es\\\/wp-content\\\/smush-avif\\\/2023\\\/07\\\/Ref-614-Can-Macia-Binissalem-06-300x225.jpg.avif 300w, https:\\\/\\\/www.mallorcaguru.es\\\/wp-content\\\/smush-avif\\\/2023\\\/07\\\/Ref-614-Can-Macia-Binissalem-06-1024x768.jpg.avif 1024w, https:\\\/\\\/www.mallorcaguru.es\\\/wp-content\\\/smush-avif\\\/2023\\\/07\\\/Ref-614-Can-Macia-Binissalem-06-768x576.jpg.avif 768w, https:\\\/\\\/www.mallorcaguru.es\\\/wp-content\\\/smush-avif\\\/2023\\\/07\\\/Ref-614-Can-Macia-Binissalem-06-1536x1152.jpg.avif 1536w, https:\\\/\\\/www.mallorcaguru.es\\\/wp-content\\\/smush-avif\\\/2023\\\/07\\\/Ref-614-Can-Macia-Binissalem-06-592x444.jpg.avif 592w, https:\\\/\\\/www.mallorcaguru.es\\\/wp-content\\\/smush-avif\\\/2023\\\/07\\\/Ref-614-Can-Macia-Binissalem-06-800x600.jpg.avif 800w, https:\\\/\\\/www.mallorcaguru.es\\\/wp-content\\\/smush-avif\\\/2023\\\/07\\\/Ref-614-Can-Macia-Binissalem-06-120x90.jpg.avif 120w, https:\\\/\\\/www.mallorcaguru.es\\\/wp-content\\\/smush-avif\\\/2023\\\/07\\\/Ref-614-Can-Macia-Binissalem-06-496x372.jpg.avif 496w, https:\\\/\\\/www.mallorcaguru.es\\\/wp-content\\\/smush-avif\\\/2023\\\/07\\\/Ref-614-Can-Macia-Binissalem-06.jpg.avif 2024w&quot;,&quot;sizes&quot;:&quot;(max-width: 584px) 100vw, 584px&quot;},{&quot;image&quot;:&quot;https:\\\/\\\/www.mallorcaguru.es\\\/wp-content\\\/smush-avif\\\/2023\\\/07\\\/Ref-614-Can-Macia-Binissalem-07-584x438.jpg.avif&quot;,&quot;alt&quot;:&quot;Till salu Mallorca Posesi\\u00f3n Mallorquina&quot;,&quot;width&quot;:584,&quot;height&quot;:438,&quot;srcset&quot;:&quot;https:\\\/\\\/www.mallorcaguru.es\\\/wp-content\\\/smush-avif\\\/2023\\\/07\\\/Ref-614-Can-Macia-Binissalem-07-584x438.jpg.avif 584w, https:\\\/\\\/www.mallorcaguru.es\\\/wp-content\\\/smush-avif\\\/2023\\\/07\\\/Ref-614-Can-Macia-Binissalem-07-300x225.jpg.avif 300w, https:\\\/\\\/www.mallorcaguru.es\\\/wp-content\\\/smush-avif\\\/2023\\\/07\\\/Ref-614-Can-Macia-Binissalem-07-1024x768.jpg.avif 1024w, https:\\\/\\\/www.mallorcaguru.es\\\/wp-content\\\/smush-avif\\\/2023\\\/07\\\/Ref-614-Can-Macia-Binissalem-07-768x576.jpg.avif 768w, https:\\\/\\\/www.mallorcaguru.es\\\/wp-content\\\/smush-avif\\\/2023\\\/07\\\/Ref-614-Can-Macia-Binissalem-07-1536x1152.jpg.avif 1536w, https:\\\/\\\/www.mallorcaguru.es\\\/wp-content\\\/smush-avif\\\/2023\\\/07\\\/Ref-614-Can-Macia-Binissalem-07-592x444.jpg.avif 592w, https:\\\/\\\/www.mallorcaguru.es\\\/wp-content\\\/smush-avif\\\/2023\\\/07\\\/Ref-614-Can-Macia-Binissalem-07-800x600.jpg.avif 800w, https:\\\/\\\/www.mallorcaguru.es\\\/wp-content\\\/smush-avif\\\/2023\\\/07\\\/Ref-614-Can-Macia-Binissalem-07-120x90.jpg.avif 120w, https:\\\/\\\/www.mallorcaguru.es\\\/wp-content\\\/smush-avif\\\/2023\\\/07\\\/Ref-614-Can-Macia-Binissalem-07-496x372.jpg.avif 496w, https:\\\/\\\/www.mallorcaguru.es\\\/wp-content\\\/smush-avif\\\/2023\\\/07\\\/Ref-614-Can-Macia-Binissalem-07.jpg.avif 2024w&quot;,&quot;sizes&quot;:&quot;(max-width: 584px) 100vw, 584px&quot;}]\">\n\t<div class=\"item-wrap item-wrap-no-frame h-100\">\n\t\t<div class=\"d-flex flex-column align-items-center h-100\">\n\t\t\t<div class=\"item-header\">\n\t\t\t\t<span class=\"label-featured label me-1\" role=\"status\">Utvalda<\/span>\t\t\t\t<div class=\"labels-wrap d-flex align-items-center gap-1\" role=\"group\"> \n\n\t<a href=\"https:\/\/www.mallorcaguru.es\/sv\/status\/fastigheter-till-salu-mallorca\/\" class=\"label-status label status-color-765\">\n\t\t\t\t\tTill salu\n\t\t\t\t<\/a><a href=\"https:\/\/www.mallorcaguru.es\/sv\/etikettera\/vingardar-och-bodegas-till-salu-pa-mallorca\/\" class=\"hz-label label label-color-4373\">\n\t\t\t\t\tVing\u00e5rdar och Bodegas\n\t\t\t\t<\/a>       \n\n<\/div>\n\t\t\t\t<ul class=\"item-tools d-flex align-items-center justify-content-center gap-1\">\n        <li class=\"item-tool item-preview\">\n        <span class=\"hz-show-lightbox-js item-tool-preview text-center\" data-listid=\"56931\">\n            <span data-bs-toggle=\"tooltip\" data-bs-placement=\"top\" title=\"F\u00f6rhandsgranska\">\n                <i class=\"houzez-icon icon-expand-3\"><\/i>   \n            <\/span>\n        <\/span><!-- item-tool-favorite -->\n    <\/li><!-- item-tool -->\n        \n        <li class=\"item-tool item-favorite\">\n        <span class=\"add-favorite-js item-tool-favorite text-center\" data-bs-toggle=\"tooltip\" data-bs-placement=\"top\" title=\"Favorit\" data-listid=\"56931\">\n            <i class=\"houzez-icon icon-love-it \"><\/i>\n        <\/span><!-- item-tool-favorite -->\n    <\/li><!-- item-tool -->\n    \n        <li class=\"item-tool item-compare\">\n        <span class=\"houzez_compare compare-56931 item-tool-compare text-center\" data-bs-toggle=\"tooltip\" data-bs-placement=\"top\" title=\"L\u00e4gg till j\u00e4mf\u00f6relse\" data-listing_id=\"56931\" data-listing_image=\"https:\/\/www.mallorcaguru.es\/wp-content\/themes\/houzez\/img\/placeholder.png\">\n            <i class=\"houzez-icon icon-add-circle\"><\/i>\n            <!-- <i class=\"houzez-icon icon-subtract-circle\"><\/i> -->\n        <\/span><!-- item-tool-compare -->\n    <\/li><!-- item-tool -->\n    <\/ul><!-- item-tools -->\n\t\t\t\t<div class=\"listing-image-wrap\">\n\t<div class=\"listing-thumb\">\n\t\t<a target=\"_self\" href=\"https:\/\/www.mallorcaguru.es\/sv\/fastighet\/posesion-mallorquina-can-macia\/\" class=\"listing-featured-thumb hover-effect image-wrap\" role=\"link\">\n\t\t\t<img decoding=\"async\" class=\"img-fluid smush-dimensions\" src=\"https:\/\/www.mallorcaguru.es\/wp-content\/themes\/houzez\/img\/placeholder.png\" alt=\"Posesi\u00f3n Mallorquina Can Macia\" width=\"1170\" style=\"--smush-image-width: 1170px; --smush-image-aspect-ratio: 1170\/850;\" loading=\"lazy\">\t\t<\/a><!-- hover-effect -->\n\t<\/div>\n<\/div>\t\t\t\t<div class=\"preview_loader\"><\/div>\n\t\t\t<\/div>\n\t\t\t<div class=\"item-body w-100 flex-fill\">\n\t\t\t\t<ul class=\"item-amenities item-amenities-with-icons mb-2\">\n\t\t\t\t\t<li class=\"h-type d-flex w-100\" role=\"listitem\"><span>Finca<\/span><\/li>\t\t\t\t<\/ul>\n\t\t\t\t<ul class=\"item-price-wrap d-flex align-items-end gap-3\" role=\"list\">\n\t\t\t\t\t<li class=\"item-price\"><span class=\"price\">4,500,000\u20ac<\/span><span class=\"price-postfix\"><\/span><\/li>\t\t\t\t<\/ul>\n\t\t\t\t<h2 class=\"item-title mb-2 \">\n\t<a target=\"_self\" href=\"https:\/\/www.mallorcaguru.es\/sv\/fastighet\/posesion-mallorquina-can-macia\/\" role=\"link\">Posesi\u00f3n Mallorquina Can Macia<\/a>\n<\/h2><!-- item-title -->\t\t\t\t<address class=\"item-address mb-2\"><i class=\"houzez-icon icon-pin me-1\" aria-hidden=\"true\"><\/i><span>cam\u00ed de Can Pere Antoni, Binissalem, Raiguer, Balearerna, 07350, Spanien<\/span><\/address>\t\t\t\t<ul class=\"item-amenities item-amenities-with-icons d-flex flex-wrap align-items-center gap-2\" role=\"list\">\n\t<li class=\"h-property-id me-1\"><i class=\"houzez-icon icon-tags me-2\"><\/i><span class=\"item-amenities-text\">ID:<\/span> <span class=\"hz-figure\">614<\/span><\/li><li class=\"h-beds d-flex align-items-center me-1\"><i class=\"houzez-icon icon-hotel-double-bed-1 me-2\"><\/i><span class=\"item-amenities-text\">Sovrum:<\/span> <span class=\"hz-figure\">11<\/span><\/li><li class=\"h-baths d-flex align-items-center me-1\"><i class=\"houzez-icon icon-bathroom-shower-1 me-2\"><\/i><span class=\"item-amenities-text\">Bad:<\/span> <span class=\"hz-figure\">3<\/span><\/li><li class=\"h-area d-flex align-items-center me-1\"><i class=\"houzez-icon icon-ruler-triangle me-2\"><\/i><span class=\"hz-figure me-1\">2297<\/span> <span class=\"hz-figure area_postfix\">m\u00b2<\/span><\/li><\/ul>\t\t\t<\/div>\n\t\t\t<div class=\"item-footer items-btns-count-3\">\n\t\t\t\t<div class=\"item-buttons-wrap d-flex justify-content-between gap-2\">\n\t\t\t\t\t\t\t\t<button type=\"button\" class=\"hz-call-popup-js btn btn-primary-outlined btn-item px-2 d-flex align-items-center justify-content-center flex-fill gap-1\" data-bs-toggle=\"modal\" data-model-id=\"call-action-56931-TE9TB\">\n\t\t\t\t<i class=\"houzez-icon icon-phone-actions-ring\"><\/i> Ring\t\t\t<\/button>\n\t\t \t\t\t\t<button type=\"button\" class=\"hz-email-popup-js btn btn-primary-outlined btn-item px-2 d-flex align-items-center justify-content-center flex-fill gap-1\" data-bs-toggle=\"modal\" data-model-id=\"email-popup-56931-TE9TB\">\n\t\t\t\t<i class=\"houzez-icon icon-envelope\"><\/i> Email\t\t\t<\/button>\n\t\t\t\t\t\t<a class=\"btn btn-primary-outlined btn-item px-2 d-flex align-items-center justify-content-center flex-fill gap-1\" target=\"_blank\" href=\"https:\/\/api.whatsapp.com\/send?phone=+34667515185&text=Hej, jag \u00e4r intresserad av [Posesi\u00f3n Mallorquina Can Macia] https:\/\/www.mallorcaguru.es\/sv\/fastighet\/posesion-mallorquina-can-macia\/\">\n\t\t\t\t<i class=\"houzez-icon icon-messaging-whatsapp\"><\/i> <span class=\"d-none d-md-block\">WhatsApp<\/span>\n\t\t\t<\/a>\n\t\t\t\t\t\t\t<\/div>\n\t\t\t<\/div>\n\t\t<\/div>\n\t<\/div>\n\t<div class=\"modal fade modal-phone-number\" id=\"call-action-56931-TE9TB\" tabindex=\"-1\" aria-labelledby=\"phoneNumberModalLabel\" aria-hidden=\"true\">\n    <div class=\"modal-dialog\" role=\"document\">\n        <div class=\"modal-content\">\n            <div class=\"modal-header\">\n                <h5 class=\"modal-title\" id=\"phoneNumberModalLabel\">Kontakta oss<\/h5>\n                <button type=\"button\" class=\"btn-close\" data-bs-dismiss=\"modal\" aria-label=\"St\u00e4nga\"><\/button>\n            <\/div><!-- modal-header -->\n            <div class=\"modal-body\">\n                <p class=\"modal-body-phone-number-text\">\n                    Please quote property reference<br>\n\n                    <strong>Mallorca Property Guru - 614<\/strong>\n                <\/p>\n                <p class=\"modal-body-phone-number-number\">\n                     <a class=\"btn btn-primary-outlined\" href=\"tel:+34667515185\"><i class=\"houzez-icon icon-phone-actions-ring\"><\/i> +34 667 515 185<\/a>\n                <\/p>\n            <\/div><!-- modal-body -->\n        <\/div><!-- modal-content -->\n    <\/div><!-- modal-dialog -->\n<\/div><!-- login-register-form -->\n\t<div class=\"modal fade mobile-property-form\" id=\"email-popup-56931-TE9TB\">\n    <div class=\"modal-dialog\" role=\"document\">\n        <div class=\"modal-content\">\n            <div class=\"modal-header\">\n                <h5 class=\"modal-title\" id=\"phoneNumberModalLabel\">Contact me<\/h5>\n                <button type=\"button\" class=\"btn-close\" data-bs-dismiss=\"modal\" aria-label=\"Close\"><\/button>\n            <\/div><!-- modal-header -->\n            <div class=\"modal-body\">\n                <div class=\"property-form-wrap border-none\">\n                                    <div class=\"property-form\">\n                        <form method=\"post\" action=\"#\">\n                            \n                            <div class=\"agent-details\" role=\"region\"><div class=\"d-flex align-items-center gap-3\"><div class=\"agent-image\" role=\"img\"><img decoding=\"async\" class=\"rounded\" src=\"https:\/\/www.mallorcaguru.es\/wp-content\/smush-avif\/2022\/03\/Mallorca-Property-Guru-Logo-2025-150x150.png.avif\" alt=\"Mallorca Property Guru Carmen Dols Bastard\" width=\"70\" height=\"70\" loading=\"lazy\" data-smush-avif-fallback=\"{&quot;src&quot;:&quot;https:\\\/\\\/www.mallorcaguru.es\\\/wp-content\\\/uploads\\\/2022\\\/03\\\/Mallorca-Property-Guru-Logo-2025-150x150.png&quot;}\"><span class=\"badge btn-secondary agent-verified-icon\"><i class=\"houzez-icon icon-check-circle-1\"><\/i><\/span><\/div><ul class=\"agent-information list-unstyled mb-0\" role=\"list\"><li class=\"agent-name\" role=\"listitem\"><i class=\"houzez-icon icon-single-neutral me-1\"><\/i> Mallorca Property Guru Carmen Dols Bastard<\/li><\/ul><\/div><\/div>\n                                                        <div class=\"form-group mb-2 mt-3\">\n                                <input class=\"form-control\" name=\"name\" value=\"\" type=\"text\" placeholder=\"Namn\">\n                            <\/div><!-- form-group -->\n                            \n                                \n                            <div class=\"form-group mb-2\">\n                                <input class=\"form-control\" name=\"mobile\" value=\"\" type=\"text\" placeholder=\"Telefon\">\n                            <\/div><!-- form-group -->\n                            \n                            <div class=\"form-group mb-2\">\n                                <input class=\"form-control\" name=\"email\" value=\"\" type=\"email\" placeholder=\"E-post\">\n                            <\/div><!-- form-group -->\n\n                              \n                            <div class=\"form-group form-group-textarea mb-2\">\n                                <textarea class=\"form-control hz-form-message\" name=\"message\" rows=\"4\" placeholder=\"Meddelande\">Hej, jag \u00e4r intresserad av [Posesi\u00f3n Mallorquina Can Macia]<\/textarea>\n                            <\/div><!-- form-group -->   \n                            \n                            \n                                                        <div class=\"form-group my-3\">\n                                <label class=\"control control--checkbox m-0 p-0 hz-no-gdpr-checkbox\">\n                                                                        <div class=\"gdpr-text-wrap\">\n                                        Genom att skicka in denna blankett godk\u00e4nner jag <a target=\"_blank\" href=\"https:\/\/www.mallorcaguru.es\/sv\/villkor\/\">Anv\u00e4ndarvillkor<\/a>\n                                    <\/div>\n                                <\/label>\n                            <\/div><!-- form-group -->   \n                                  \n                        \n                                                            <input type=\"hidden\" name=\"target_email\" value=\"ca&#114;&#109;en&#64;&#109;&#97;&#108;&#108;&#111;&#114;&#99;a&#103;&#117;&#114;u&#46;es\">\n                                                        <input type=\"hidden\" name=\"property_agent_contact_security\" value=\"a64e3040b5\"\/>\n                            <input type=\"hidden\" name=\"property_permalink\" value=\"https:\/\/www.mallorcaguru.es\/sv\/fastighet\/posesion-mallorquina-can-macia\/\"\/>\n                            <input type=\"hidden\" name=\"property_title\" value=\"Posesi\u00f3n Mallorquina Can Macia\"\/>\n                            <input type=\"hidden\" name=\"property_id\" value=\"614\"\/>\n                            <input type=\"hidden\" name=\"action\" value=\"houzez_property_agent_contact\">\n                            <input type=\"hidden\" name=\"listing_id\" value=\"56931\">\n                            <input type=\"hidden\" name=\"is_listing_form\" value=\"yes\">\n                            <input type=\"hidden\" name=\"agent_id\" value=\"6103\">\n                            <input type=\"hidden\" name=\"agent_type\" value=\"agent_info\">\n\n                                                        <div class=\"form_messages\"><\/div>\n                            <button type=\"button\" class=\"houzez_agent_property_form btn btn-secondary w-100\">\n                                <span class=\"houzez-loader-js houzez-hidden spinner-border spinner-border-sm\" aria-hidden=\"true\"><\/span>                                Skicka Epost                                \n                            <\/button>\n                            \n                        <\/form>\n                    <\/div><!-- property-form -->\n                    \n                            <\/div><!-- property-form-wrap -->\n\n    \n            <\/div>\n        <\/div>\n    <\/div>\n<\/div>\n<\/div>\n<div class=\"item-listing-wrap item-wrap-v9 hz-item-gallery-js hz-map-trigger\" data-hz-id=\"44456\" data-images=\"[{&quot;image&quot;:&quot;https:\\\/\\\/www.mallorcaguru.es\\\/wp-content\\\/smush-avif\\\/2022\\\/12\\\/Bodega-for-sale-Binissalem-1-584x438.jpg.avif&quot;,&quot;alt&quot;:&quot;Vink\\u00e4llare till salu p\\u00e5 Mallorca&quot;,&quot;width&quot;:584,&quot;height&quot;:438,&quot;srcset&quot;:&quot;https:\\\/\\\/www.mallorcaguru.es\\\/wp-content\\\/smush-avif\\\/2022\\\/12\\\/Bodega-for-sale-Binissalem-1-584x438.jpg.avif 584w, https:\\\/\\\/www.mallorcaguru.es\\\/wp-content\\\/smush-avif\\\/2022\\\/12\\\/Bodega-for-sale-Binissalem-1-592x444.jpg.avif 592w, https:\\\/\\\/www.mallorcaguru.es\\\/wp-content\\\/smush-avif\\\/2022\\\/12\\\/Bodega-for-sale-Binissalem-1-120x90.jpg.avif 120w&quot;,&quot;sizes&quot;:&quot;(max-width: 584px) 100vw, 584px&quot;},{&quot;image&quot;:&quot;https:\\\/\\\/www.mallorcaguru.es\\\/wp-content\\\/smush-avif\\\/2022\\\/12\\\/Bodega-for-sale-Binissalem-1-584x438.jpg.avif&quot;,&quot;alt&quot;:&quot;Vink\\u00e4llare till salu p\\u00e5 Mallorca&quot;,&quot;width&quot;:584,&quot;height&quot;:438,&quot;srcset&quot;:&quot;https:\\\/\\\/www.mallorcaguru.es\\\/wp-content\\\/smush-avif\\\/2022\\\/12\\\/Bodega-for-sale-Binissalem-1-584x438.jpg.avif 584w, https:\\\/\\\/www.mallorcaguru.es\\\/wp-content\\\/smush-avif\\\/2022\\\/12\\\/Bodega-for-sale-Binissalem-1-592x444.jpg.avif 592w, https:\\\/\\\/www.mallorcaguru.es\\\/wp-content\\\/smush-avif\\\/2022\\\/12\\\/Bodega-for-sale-Binissalem-1-120x90.jpg.avif 120w&quot;,&quot;sizes&quot;:&quot;(max-width: 584px) 100vw, 584px&quot;},{&quot;image&quot;:&quot;https:\\\/\\\/www.mallorcaguru.es\\\/wp-content\\\/smush-avif\\\/2022\\\/12\\\/Bodega-for-sale-Binissalem-2-584x438.jpg.avif&quot;,&quot;alt&quot;:&quot;Bodega till salu p\\u00e5 Mallorca&quot;,&quot;width&quot;:584,&quot;height&quot;:438,&quot;srcset&quot;:&quot;https:\\\/\\\/www.mallorcaguru.es\\\/wp-content\\\/smush-avif\\\/2022\\\/12\\\/Bodega-for-sale-Binissalem-2-584x438.jpg.avif 584w, https:\\\/\\\/www.mallorcaguru.es\\\/wp-content\\\/smush-avif\\\/2022\\\/12\\\/Bodega-for-sale-Binissalem-2-592x444.jpg.avif 592w, https:\\\/\\\/www.mallorcaguru.es\\\/wp-content\\\/smush-avif\\\/2022\\\/12\\\/Bodega-for-sale-Binissalem-2-120x90.jpg.avif 120w&quot;,&quot;sizes&quot;:&quot;(max-width: 584px) 100vw, 584px&quot;}]\">\n\t<div class=\"item-wrap item-wrap-no-frame h-100\">\n\t\t<div class=\"d-flex flex-column align-items-center h-100\">\n\t\t\t<div class=\"item-header\">\n\t\t\t\t<span class=\"label-featured label me-1\" role=\"status\">Utvalda<\/span>\t\t\t\t<div class=\"labels-wrap d-flex align-items-center gap-1\" role=\"group\"> \n\n\t<a href=\"https:\/\/www.mallorcaguru.es\/sv\/status\/fastigheter-till-salu-mallorca\/\" class=\"label-status label status-color-765\">\n\t\t\t\t\tTill salu\n\t\t\t\t<\/a><a href=\"https:\/\/www.mallorcaguru.es\/sv\/etikettera\/vingardar-och-bodegas-till-salu-pa-mallorca\/\" class=\"hz-label label label-color-4373\">\n\t\t\t\t\tVing\u00e5rdar och Bodegas\n\t\t\t\t<\/a>       \n\n<\/div>\n\t\t\t\t<ul class=\"item-tools d-flex align-items-center justify-content-center gap-1\">\n        <li class=\"item-tool item-preview\">\n        <span class=\"hz-show-lightbox-js item-tool-preview text-center\" data-listid=\"44456\">\n            <span data-bs-toggle=\"tooltip\" data-bs-placement=\"top\" title=\"F\u00f6rhandsgranska\">\n                <i class=\"houzez-icon icon-expand-3\"><\/i>   \n            <\/span>\n        <\/span><!-- item-tool-favorite -->\n    <\/li><!-- item-tool -->\n        \n        <li class=\"item-tool item-favorite\">\n        <span class=\"add-favorite-js item-tool-favorite text-center\" data-bs-toggle=\"tooltip\" data-bs-placement=\"top\" title=\"Favorit\" data-listid=\"44456\">\n            <i class=\"houzez-icon icon-love-it \"><\/i>\n        <\/span><!-- item-tool-favorite -->\n    <\/li><!-- item-tool -->\n    \n        <li class=\"item-tool item-compare\">\n        <span class=\"houzez_compare compare-44456 item-tool-compare text-center\" data-bs-toggle=\"tooltip\" data-bs-placement=\"top\" title=\"L\u00e4gg till j\u00e4mf\u00f6relse\" data-listing_id=\"44456\" data-listing_image=\"https:\/\/www.mallorcaguru.es\/wp-content\/uploads\/2022\/12\/Bodega-for-sale-Binissalem-1-584x438.jpg\">\n            <i class=\"houzez-icon icon-add-circle\"><\/i>\n            <!-- <i class=\"houzez-icon icon-subtract-circle\"><\/i> -->\n        <\/span><!-- item-tool-compare -->\n    <\/li><!-- item-tool -->\n    <\/ul><!-- item-tools -->\n\t\t\t\t<div class=\"listing-image-wrap\">\n\t<div class=\"listing-thumb\">\n\t\t<a target=\"_self\" href=\"https:\/\/www.mallorcaguru.es\/sv\/fastighet\/vinkallare-till-salu-pa-mallorca\/\" class=\"listing-featured-thumb hover-effect image-wrap\" role=\"link\">\n\t\t\t<img loading=\"lazy\" decoding=\"async\" width=\"584\" height=\"438\" src=\"https:\/\/www.mallorcaguru.es\/wp-content\/smush-avif\/2022\/12\/Bodega-for-sale-Binissalem-1-584x438.jpg.avif\" class=\"img-fluid wp-post-image\" alt=\"Vink\u00e4llare till salu p\u00e5 Mallorca\" srcset=\"https:\/\/www.mallorcaguru.es\/wp-content\/smush-avif\/2022\/12\/Bodega-for-sale-Binissalem-1-584x438.jpg.avif 584w, https:\/\/www.mallorcaguru.es\/wp-content\/smush-avif\/2022\/12\/Bodega-for-sale-Binissalem-1-592x444.jpg.avif 592w, https:\/\/www.mallorcaguru.es\/wp-content\/smush-avif\/2022\/12\/Bodega-for-sale-Binissalem-1-120x90.jpg.avif 120w\" sizes=\"auto, (max-width: 584px) 100vw, 584px\" data-smush-avif-fallback=\"{&quot;src&quot;:&quot;https:\\\/\\\/www.mallorcaguru.es\\\/wp-content\\\/uploads\\\/2022\\\/12\\\/Bodega-for-sale-Binissalem-1-584x438.jpg&quot;,&quot;srcset&quot;:&quot;https:\\\/\\\/www.mallorcaguru.es\\\/wp-content\\\/uploads\\\/2022\\\/12\\\/Bodega-for-sale-Binissalem-1-584x438.jpg 584w, https:\\\/\\\/www.mallorcaguru.es\\\/wp-content\\\/uploads\\\/2022\\\/12\\\/Bodega-for-sale-Binissalem-1-592x444.jpg 592w, https:\\\/\\\/www.mallorcaguru.es\\\/wp-content\\\/uploads\\\/2022\\\/12\\\/Bodega-for-sale-Binissalem-1-120x90.jpg 120w&quot;}\" \/>\t\t<\/a><!-- hover-effect -->\n\t<\/div>\n<\/div>\t\t\t\t<div class=\"preview_loader\"><\/div>\n\t\t\t<\/div>\n\t\t\t<div class=\"item-body w-100 flex-fill\">\n\t\t\t\t<ul class=\"item-amenities item-amenities-with-icons mb-2\">\n\t\t\t\t\t<li class=\"h-type d-flex w-100\" role=\"listitem\"><span>Kommersiell<\/span><\/li>\t\t\t\t<\/ul>\n\t\t\t\t<ul class=\"item-price-wrap d-flex align-items-end gap-3\" role=\"list\">\n\t\t\t\t\t<li class=\"item-price\"><span class=\"price\">2,500,000\u20ac<\/span><span class=\"price-postfix\"><\/span><\/li>\t\t\t\t<\/ul>\n\t\t\t\t<h2 class=\"item-title mb-2 \">\n\t<a target=\"_self\" href=\"https:\/\/www.mallorcaguru.es\/sv\/fastighet\/vinkallare-till-salu-pa-mallorca\/\" role=\"link\">Vink\u00e4llare till salu p\u00e5 Mallorca<\/a>\n<\/h2><!-- item-title -->\t\t\t\t<address class=\"item-address mb-2\"><i class=\"houzez-icon icon-pin me-1\" aria-hidden=\"true\"><\/i><span>Raiguer, Balearerna, Spanien<\/span><\/address>\t\t\t\t<ul class=\"item-amenities item-amenities-with-icons d-flex flex-wrap align-items-center gap-2\" role=\"list\">\n\t<li class=\"h-property-id me-1\"><i class=\"houzez-icon icon-tags me-2\"><\/i><span class=\"item-amenities-text\">ID:<\/span> <span class=\"hz-figure\">540<\/span><\/li><li class=\"h-baths d-flex align-items-center me-1\"><i class=\"houzez-icon icon-bathroom-shower-1 me-2\"><\/i><span class=\"item-amenities-text\">Bath:<\/span> <span class=\"hz-figure\">1<\/span><\/li><li class=\"h-area d-flex align-items-center me-1\"><i class=\"houzez-icon icon-ruler-triangle me-2\"><\/i><span class=\"hz-figure me-1\">1228<\/span> <span class=\"hz-figure area_postfix\">m\u00b2<\/span><\/li><\/ul>\t\t\t<\/div>\n\t\t\t<div class=\"item-footer items-btns-count-3\">\n\t\t\t\t<div class=\"item-buttons-wrap d-flex justify-content-between gap-2\">\n\t\t\t\t\t\t\t\t<button type=\"button\" class=\"hz-call-popup-js btn btn-primary-outlined btn-item px-2 d-flex align-items-center justify-content-center flex-fill gap-1\" data-bs-toggle=\"modal\" data-model-id=\"call-action-44456-73cSz\">\n\t\t\t\t<i class=\"houzez-icon icon-phone-actions-ring\"><\/i> Ring\t\t\t<\/button>\n\t\t \t\t\t\t<button type=\"button\" class=\"hz-email-popup-js btn btn-primary-outlined btn-item px-2 d-flex align-items-center justify-content-center flex-fill gap-1\" data-bs-toggle=\"modal\" data-model-id=\"email-popup-44456-73cSz\">\n\t\t\t\t<i class=\"houzez-icon icon-envelope\"><\/i> Email\t\t\t<\/button>\n\t\t\t\t\t\t<a class=\"btn btn-primary-outlined btn-item px-2 d-flex align-items-center justify-content-center flex-fill gap-1\" target=\"_blank\" href=\"https:\/\/api.whatsapp.com\/send?phone=+34667515185&text=Hej, jag \u00e4r intresserad av [Vink\u00e4llare till salu p\u00e5 Mallorca] https:\/\/www.mallorcaguru.es\/sv\/fastighet\/vinkallare-till-salu-pa-mallorca\/\">\n\t\t\t\t<i class=\"houzez-icon icon-messaging-whatsapp\"><\/i> <span class=\"d-none d-md-block\">WhatsApp<\/span>\n\t\t\t<\/a>\n\t\t\t\t\t\t\t<\/div>\n\t\t\t<\/div>\n\t\t<\/div>\n\t<\/div>\n\t<div class=\"modal fade modal-phone-number\" id=\"call-action-44456-73cSz\" tabindex=\"-1\" aria-labelledby=\"phoneNumberModalLabel\" aria-hidden=\"true\">\n    <div class=\"modal-dialog\" role=\"document\">\n        <div class=\"modal-content\">\n            <div class=\"modal-header\">\n                <h5 class=\"modal-title\" id=\"phoneNumberModalLabel\">Kontakta oss<\/h5>\n                <button type=\"button\" class=\"btn-close\" data-bs-dismiss=\"modal\" aria-label=\"St\u00e4nga\"><\/button>\n            <\/div><!-- modal-header -->\n            <div class=\"modal-body\">\n                <p class=\"modal-body-phone-number-text\">\n                    Please quote property reference<br>\n\n                    <strong>Mallorca Property Guru - 540<\/strong>\n                <\/p>\n                <p class=\"modal-body-phone-number-number\">\n                     <a class=\"btn btn-primary-outlined\" href=\"tel:+34667515185\"><i class=\"houzez-icon icon-phone-actions-ring\"><\/i> +34 667 515 185<\/a>\n                <\/p>\n            <\/div><!-- modal-body -->\n        <\/div><!-- modal-content -->\n    <\/div><!-- modal-dialog -->\n<\/div><!-- login-register-form -->\n\t<div class=\"modal fade mobile-property-form\" id=\"email-popup-44456-73cSz\">\n    <div class=\"modal-dialog\" role=\"document\">\n        <div class=\"modal-content\">\n            <div class=\"modal-header\">\n                <h5 class=\"modal-title\" id=\"phoneNumberModalLabel\">Contact me<\/h5>\n                <button type=\"button\" class=\"btn-close\" data-bs-dismiss=\"modal\" aria-label=\"Close\"><\/button>\n            <\/div><!-- modal-header -->\n            <div class=\"modal-body\">\n                <div class=\"property-form-wrap border-none\">\n                                    <div class=\"property-form\">\n                        <form method=\"post\" action=\"#\">\n                            \n                            <div class=\"agent-details\" role=\"region\"><div class=\"d-flex align-items-center gap-3\"><div class=\"agent-image\" role=\"img\"><img decoding=\"async\" class=\"rounded\" src=\"https:\/\/www.mallorcaguru.es\/wp-content\/smush-avif\/2022\/03\/Mallorca-Property-Guru-Logo-2025-150x150.png.avif\" alt=\"Mallorca Property Guru Carmen Dols Bastard\" width=\"70\" height=\"70\" loading=\"lazy\" data-smush-avif-fallback=\"{&quot;src&quot;:&quot;https:\\\/\\\/www.mallorcaguru.es\\\/wp-content\\\/uploads\\\/2022\\\/03\\\/Mallorca-Property-Guru-Logo-2025-150x150.png&quot;}\"><span class=\"badge btn-secondary agent-verified-icon\"><i class=\"houzez-icon icon-check-circle-1\"><\/i><\/span><\/div><ul class=\"agent-information list-unstyled mb-0\" role=\"list\"><li class=\"agent-name\" role=\"listitem\"><i class=\"houzez-icon icon-single-neutral me-1\"><\/i> Mallorca Property Guru Carmen Dols Bastard<\/li><\/ul><\/div><\/div>\n                                                        <div class=\"form-group mb-2 mt-3\">\n                                <input class=\"form-control\" name=\"name\" value=\"\" type=\"text\" placeholder=\"Namn\">\n                            <\/div><!-- form-group -->\n                            \n                                \n                            <div class=\"form-group mb-2\">\n                                <input class=\"form-control\" name=\"mobile\" value=\"\" type=\"text\" placeholder=\"Telefon\">\n                            <\/div><!-- form-group -->\n                            \n                            <div class=\"form-group mb-2\">\n                                <input class=\"form-control\" name=\"email\" value=\"\" type=\"email\" placeholder=\"E-post\">\n                            <\/div><!-- form-group -->\n\n                              \n                            <div class=\"form-group form-group-textarea mb-2\">\n                                <textarea class=\"form-control hz-form-message\" name=\"message\" rows=\"4\" placeholder=\"Meddelande\">Hej, jag \u00e4r intresserad av [Vink\u00e4llare till salu p\u00e5 Mallorca]<\/textarea>\n                            <\/div><!-- form-group -->   \n                            \n                            \n                                                        <div class=\"form-group my-3\">\n                                <label class=\"control control--checkbox m-0 p-0 hz-no-gdpr-checkbox\">\n                                                                        <div class=\"gdpr-text-wrap\">\n                                        Genom att skicka in denna blankett godk\u00e4nner jag <a target=\"_blank\" href=\"https:\/\/www.mallorcaguru.es\/sv\/villkor\/\">Anv\u00e4ndarvillkor<\/a>\n                                    <\/div>\n                                <\/label>\n                            <\/div><!-- form-group -->   \n                                  \n                        \n                                                            <input type=\"hidden\" name=\"target_email\" value=\"&#99;&#97;&#114;men&#64;ma&#108;&#108;orcaguru&#46;e&#115;\">\n                                                        <input type=\"hidden\" name=\"property_agent_contact_security\" value=\"a64e3040b5\"\/>\n                            <input type=\"hidden\" name=\"property_permalink\" value=\"https:\/\/www.mallorcaguru.es\/sv\/fastighet\/vinkallare-till-salu-pa-mallorca\/\"\/>\n                            <input type=\"hidden\" name=\"property_title\" value=\"Vink\u00e4llare till salu p\u00e5 Mallorca\"\/>\n                            <input type=\"hidden\" name=\"property_id\" value=\"540\"\/>\n                            <input type=\"hidden\" name=\"action\" value=\"houzez_property_agent_contact\">\n                            <input type=\"hidden\" name=\"listing_id\" value=\"44456\">\n                            <input type=\"hidden\" name=\"is_listing_form\" value=\"yes\">\n                            <input type=\"hidden\" name=\"agent_id\" value=\"6103\">\n                            <input type=\"hidden\" name=\"agent_type\" value=\"agent_info\">\n\n                                                        <div class=\"form_messages\"><\/div>\n                            <button type=\"button\" class=\"houzez_agent_property_form btn btn-secondary w-100\">\n                                <span class=\"houzez-loader-js houzez-hidden spinner-border spinner-border-sm\" aria-hidden=\"true\"><\/span>                                Skicka Epost                                \n                            <\/button>\n                            \n                        <\/form>\n                    <\/div><!-- property-form -->\n                    \n                            <\/div><!-- property-form-wrap -->\n\n    \n            <\/div>\n        <\/div>\n    <\/div>\n<\/div>\n<\/div>\n        <\/div><!-- listing-view -->\n\n            <\/div><!-- property-grid-module -->\n    \t\t\t\t<\/div>\n\t\t\t\t<\/div>\n\t\t\t\t\t<\/div>\n\t\t<\/div>\n\t\t\t\t\t<\/div>\n\t\t<\/section>\n\t\t\t\t<section class=\"elementor-section elementor-top-section elementor-element elementor-element-6dd5680 elementor-section-boxed elementor-section-height-default elementor-section-height-default\" data-id=\"6dd5680\" data-element_type=\"section\" data-e-type=\"section\">\n\t\t\t\t\t\t<div class=\"elementor-container elementor-column-gap-default\">\n\t\t\t\t\t<div class=\"elementor-column elementor-col-100 elementor-top-column elementor-element elementor-element-bdcca59\" data-id=\"bdcca59\" data-element_type=\"column\" data-e-type=\"column\">\n\t\t\t<div class=\"elementor-widget-wrap elementor-element-populated\">\n\t\t\t\t\t\t<div class=\"elementor-element elementor-element-75f4dc3 elementor-widget elementor-widget-houzez_site_menu\" data-id=\"75f4dc3\" data-element_type=\"widget\" data-e-type=\"widget\" data-widget_type=\"houzez_site_menu.default\">\n\t\t\t\t<div class=\"elementor-widget-container\">\n\t\t\t\t\t\n     \t        <div class=\"houzez-ele-menu-75f4dc3 houzez-nav-menu-main-desktop-wrap houzez-hide-menu-tablet hz-show-menu-desktop \">\n\t    \t<nav class=\"main-ele-nav houzez-nav-menu-main on-hover-menu with-angle-icon houzez-nav-menu-layout-horizontal animation-fade pointer-underline\" role=\"navigation\" aria-hidden=\"false\">\n\t\t\t\t<ul id=\"main-nav-75f4dc3\" class=\"navbar-nav houzez-elementor-menu\"><li id=\"menu-item-265702\" class=\"menu-item menu-item-type-post_type menu-item-object-page nav-item menu-item-265702 menu-item-design-default\"><a  class=\"nav-link \" href=\"https:\/\/www.mallorcaguru.es\/sv\/fastigheter-till-salu-med-semesterlicenser\/\">ETV-licensierade Fastigheter<\/a> <\/li>\n<li id=\"menu-item-298330\" class=\"menu-item menu-item-type-post_type menu-item-object-page nav-item menu-item-298330 menu-item-design-default\"><a  class=\"nav-link \" href=\"https:\/\/www.mallorcaguru.es\/sv\/wyndham-portocolom-mallorca\/\">Wyndham Portocolom<\/a> <\/li>\n<li id=\"menu-item-298617\" class=\"menu-item menu-item-type-post_type menu-item-object-page nav-item menu-item-298617 menu-item-design-default\"><a  class=\"nav-link \" href=\"https:\/\/www.mallorcaguru.es\/sv\/forsaljning-av-wyndham-portocolom\/\">F\u00f6rs\u00e4ljning av Wyndham Portocolom<\/a> <\/li>\n<li id=\"menu-item-291004\" class=\"menu-item menu-item-type-post_type menu-item-object-page nav-item menu-item-291004 menu-item-design-default\"><a  class=\"nav-link \" href=\"https:\/\/www.mallorcaguru.es\/sv\/fastigheter-med-havsutsikt-till-salu-pa-mallorca\/\">Fastigheter med havsutsikt<\/a> <\/li>\n<li id=\"menu-item-266405\" class=\"menu-item menu-item-type-post_type menu-item-object-page nav-item menu-item-266405 menu-item-design-default\"><a  class=\"nav-link \" href=\"https:\/\/www.mallorcaguru.es\/sv\/nybyggda-fastigheter\/\">Nybyggda Fastigheter<\/a> <\/li>\n<li id=\"menu-item-266844\" class=\"menu-item menu-item-type-post_type menu-item-object-page nav-item menu-item-266844 menu-item-design-default\"><a  class=\"nav-link \" href=\"https:\/\/www.mallorcaguru.es\/sv\/byggprojekt\/\">Byggprojekt<\/a> <\/li>\n<li id=\"menu-item-258958\" class=\"menu-item menu-item-type-custom menu-item-object-custom nav-item menu-item-258958 menu-item-design-default\"><a  class=\"nav-link \" href=\"https:\/\/www.mallorcaguru.es\/sv\/etikettera\/licensierade-renoveringsprojekt-till-forsaljning-mallorca\/\">Renoveringsprojekt<\/a> <\/li>\n<li id=\"menu-item-259890\" class=\"menu-item menu-item-type-custom menu-item-object-custom nav-item menu-item-259890 menu-item-design-default\"><a  class=\"nav-link \" href=\"https:\/\/www.mallorcaguru.es\/sv\/etikettera\/mojligheter-prisreducerade-fastigheter-mallorca\/\">Prisreducerade Fastigheter<\/a> <\/li>\n<li id=\"menu-item-260113\" class=\"menu-item menu-item-type-custom menu-item-object-custom nav-item menu-item-260113 menu-item-design-default\"><a  class=\"nav-link \" href=\"https:\/\/www.mallorcaguru.es\/sv\/etikettera\/fastigheter-bankfastigheter-mallorca-spanien\/\">Bankfastigheter<\/a> <\/li>\n<\/ul>\t\t\t<\/nav>\n\t\t<\/div><!-- houzez-nav-menu-main-desktop-wrap -->\n\t\t\n\t\t\t\t<div class=\"houzez-ele-mobile-menu-75f4dc3 nav-mobile houzez-show-menu-tablet \">\n\t\t\t\n\t\t\n\t\t\t<div class=\"houzez-menu-toggle-button\" role=\"button\" tabindex=\"0\" aria-label=\"Open menu\" data-bs-toggle=\"offcanvas\" data-bs-target=\"#hz-offcanvas-ele-menu-XFCKY\" aria-controls=\"hz-offcanvas-ele-menu-XFCKY\" aria-expanded=\"false\">\n\t\t\t\t\t\t\t\t\t<i class=\"houzez-icon icon-navigation-menu hz-navigation-open\"><\/i>\n\t\t\t\t\t\t\t\t<\/div> <!-- .houzez-menu-toggle-button -->\n\t\t\t\n\t\t\t<div class=\"main-nav navbar houzez-elementor-mobile-menu\">\n\t\t\t\t<div class=\"offcanvas offcanvas-start offcanvas-mobile-menu\" tabindex=\"-1\" id=\"hz-offcanvas-ele-menu-XFCKY\" aria-labelledby=\"hz-offcanvas-ele-menu-label\">\n\t\t\t\t\t<div class=\"offcanvas-header\">\n\t\t\t\t\t\t<div class=\"offcanvas-title fs-6\" id=\"hz-offcanvas-ele-menu-label\">Menu<\/div>\n\t\t\t\t\t\t<button type=\"button\" class=\"btn-close\" data-bs-dismiss=\"offcanvas\">\n\t\t\t\t\t\t\t<i class=\"houzez-icon icon-close\"><\/i>\n\t\t\t\t\t\t<\/button>\n\t\t\t\t\t<\/div>\n\t\t\t\t\t<div class=\"offcanvas-mobile-menu-body\">\n\t\t\t\t\t\t<ul id=\"main-mobile-nav-75f4dc3\" class=\"navbar-nav mobile-navbar-nav\"><li class=\"menu-item menu-item-type-post_type menu-item-object-page nav-item menu-item-265702 menu-item-design-default\"><a  class=\"nav-link \" href=\"https:\/\/www.mallorcaguru.es\/sv\/fastigheter-till-salu-med-semesterlicenser\/\">ETV-licensierade Fastigheter<\/a> <\/li>\n<li class=\"menu-item menu-item-type-post_type menu-item-object-page nav-item menu-item-298330 menu-item-design-default\"><a  class=\"nav-link \" href=\"https:\/\/www.mallorcaguru.es\/sv\/wyndham-portocolom-mallorca\/\">Wyndham Portocolom<\/a> <\/li>\n<li class=\"menu-item menu-item-type-post_type menu-item-object-page nav-item menu-item-298617 menu-item-design-default\"><a  class=\"nav-link \" href=\"https:\/\/www.mallorcaguru.es\/sv\/forsaljning-av-wyndham-portocolom\/\">F\u00f6rs\u00e4ljning av Wyndham Portocolom<\/a> <\/li>\n<li class=\"menu-item menu-item-type-post_type menu-item-object-page nav-item menu-item-291004 menu-item-design-default\"><a  class=\"nav-link \" href=\"https:\/\/www.mallorcaguru.es\/sv\/fastigheter-med-havsutsikt-till-salu-pa-mallorca\/\">Fastigheter med havsutsikt<\/a> <\/li>\n<li class=\"menu-item menu-item-type-post_type menu-item-object-page nav-item menu-item-266405 menu-item-design-default\"><a  class=\"nav-link \" href=\"https:\/\/www.mallorcaguru.es\/sv\/nybyggda-fastigheter\/\">Nybyggda Fastigheter<\/a> <\/li>\n<li class=\"menu-item menu-item-type-post_type menu-item-object-page nav-item menu-item-266844 menu-item-design-default\"><a  class=\"nav-link \" href=\"https:\/\/www.mallorcaguru.es\/sv\/byggprojekt\/\">Byggprojekt<\/a> <\/li>\n<li class=\"menu-item menu-item-type-custom menu-item-object-custom nav-item menu-item-258958 menu-item-design-default\"><a  class=\"nav-link \" href=\"https:\/\/www.mallorcaguru.es\/sv\/etikettera\/licensierade-renoveringsprojekt-till-forsaljning-mallorca\/\">Renoveringsprojekt<\/a> <\/li>\n<li class=\"menu-item menu-item-type-custom menu-item-object-custom nav-item menu-item-259890 menu-item-design-default\"><a  class=\"nav-link \" href=\"https:\/\/www.mallorcaguru.es\/sv\/etikettera\/mojligheter-prisreducerade-fastigheter-mallorca\/\">Prisreducerade Fastigheter<\/a> <\/li>\n<li class=\"menu-item menu-item-type-custom menu-item-object-custom nav-item menu-item-260113 menu-item-design-default\"><a  class=\"nav-link \" href=\"https:\/\/www.mallorcaguru.es\/sv\/etikettera\/fastigheter-bankfastigheter-mallorca-spanien\/\">Bankfastigheter<\/a> <\/li>\n<\/ul>\t\t\t\t\t<\/div>\n\t\t\t\t<\/div>\n\t\t\t<\/div><!-- main-nav -->\n\n\t\t<\/div>\n\t\t\t\t\t\t<\/div>\n\t\t\t\t<\/div>\n\t\t\t\t<div class=\"elementor-element elementor-element-2643e96 elementor-widget elementor-widget-houzez_site_menu\" data-id=\"2643e96\" data-element_type=\"widget\" data-e-type=\"widget\" data-widget_type=\"houzez_site_menu.default\">\n\t\t\t\t<div class=\"elementor-widget-container\">\n\t\t\t\t\t\n     \t        <div class=\"houzez-ele-menu-2643e96 houzez-nav-menu-main-desktop-wrap houzez-hide-menu-tablet hz-show-menu-desktop \">\n\t    \t<nav class=\"main-ele-nav houzez-nav-menu-main on-hover-menu with-angle-icon houzez-nav-menu-layout-horizontal animation-fade pointer-underline\" role=\"navigation\" aria-hidden=\"false\">\n\t\t\t\t<ul id=\"main-nav-2643e96\" class=\"navbar-nav houzez-elementor-menu\"><li id=\"menu-item-270069\" class=\"menu-item menu-item-type-post_type menu-item-object-page nav-item menu-item-270069 menu-item-design-default\"><a  class=\"nav-link \" href=\"https:\/\/www.mallorcaguru.es\/sv\/fastigheter-pa-centrala-mallorca\/\">Fastigheter p\u00e5 centrala Mallorca<\/a> <\/li>\n<li id=\"menu-item-270070\" class=\"menu-item menu-item-type-post_type menu-item-object-page nav-item menu-item-270070 menu-item-design-default\"><a  class=\"nav-link \" href=\"https:\/\/www.mallorcaguru.es\/sv\/fastigheter-i-palma-de-mallorca\/\">Fastigheter i Palma de Mallorca<\/a> <\/li>\n<li id=\"menu-item-270071\" class=\"menu-item menu-item-type-post_type menu-item-object-page nav-item menu-item-270071 menu-item-design-default\"><a  class=\"nav-link \" href=\"https:\/\/www.mallorcaguru.es\/sv\/fastigheter-pa-sydostra-mallorca\/\">Fastigheter p\u00e5 syd\u00f6stra Mallorca<\/a> <\/li>\n<li id=\"menu-item-270072\" class=\"menu-item menu-item-type-post_type menu-item-object-page nav-item menu-item-270072 menu-item-design-default\"><a  class=\"nav-link \" href=\"https:\/\/www.mallorcaguru.es\/sv\/fastigheter-pa-nordostra-mallorca\/\">Fastigheter p\u00e5 nord\u00f6stra Mallorca<\/a> <\/li>\n<li id=\"menu-item-270073\" class=\"menu-item menu-item-type-post_type menu-item-object-page nav-item menu-item-270073 menu-item-design-default\"><a  class=\"nav-link \" href=\"https:\/\/www.mallorcaguru.es\/sv\/fastigheter-pa-mallorca-vast\/\">Fastigheter p\u00e5 Mallorca V\u00e4st<\/a> <\/li>\n<\/ul>\t\t\t<\/nav>\n\t\t<\/div><!-- houzez-nav-menu-main-desktop-wrap -->\n\t\t\n\t\t\t\t<div class=\"houzez-ele-mobile-menu-2643e96 nav-mobile houzez-show-menu-tablet \">\n\t\t\t\n\t\t\n\t\t\t<div class=\"houzez-menu-toggle-button\" role=\"button\" tabindex=\"0\" aria-label=\"Open menu\" data-bs-toggle=\"offcanvas\" data-bs-target=\"#hz-offcanvas-ele-menu-fAC2x\" aria-controls=\"hz-offcanvas-ele-menu-fAC2x\" aria-expanded=\"false\">\n\t\t\t\t\t\t\t\t\t<i class=\"houzez-icon icon-navigation-menu hz-navigation-open\"><\/i>\n\t\t\t\t\t\t\t\t<\/div> <!-- .houzez-menu-toggle-button -->\n\t\t\t\n\t\t\t<div class=\"main-nav navbar houzez-elementor-mobile-menu\">\n\t\t\t\t<div class=\"offcanvas offcanvas-start offcanvas-mobile-menu\" tabindex=\"-1\" id=\"hz-offcanvas-ele-menu-fAC2x\" aria-labelledby=\"hz-offcanvas-ele-menu-label\">\n\t\t\t\t\t<div class=\"offcanvas-header\">\n\t\t\t\t\t\t<div class=\"offcanvas-title fs-6\" id=\"hz-offcanvas-ele-menu-label\">Menu<\/div>\n\t\t\t\t\t\t<button type=\"button\" class=\"btn-close\" data-bs-dismiss=\"offcanvas\">\n\t\t\t\t\t\t\t<i class=\"houzez-icon icon-close\"><\/i>\n\t\t\t\t\t\t<\/button>\n\t\t\t\t\t<\/div>\n\t\t\t\t\t<div class=\"offcanvas-mobile-menu-body\">\n\t\t\t\t\t\t<ul id=\"main-mobile-nav-2643e96\" class=\"navbar-nav mobile-navbar-nav\"><li class=\"menu-item menu-item-type-post_type menu-item-object-page nav-item menu-item-270069 menu-item-design-default\"><a  class=\"nav-link \" href=\"https:\/\/www.mallorcaguru.es\/sv\/fastigheter-pa-centrala-mallorca\/\">Fastigheter p\u00e5 centrala Mallorca<\/a> <\/li>\n<li class=\"menu-item menu-item-type-post_type menu-item-object-page nav-item menu-item-270070 menu-item-design-default\"><a  class=\"nav-link \" href=\"https:\/\/www.mallorcaguru.es\/sv\/fastigheter-i-palma-de-mallorca\/\">Fastigheter i Palma de Mallorca<\/a> <\/li>\n<li class=\"menu-item menu-item-type-post_type menu-item-object-page nav-item menu-item-270071 menu-item-design-default\"><a  class=\"nav-link \" href=\"https:\/\/www.mallorcaguru.es\/sv\/fastigheter-pa-sydostra-mallorca\/\">Fastigheter p\u00e5 syd\u00f6stra Mallorca<\/a> <\/li>\n<li class=\"menu-item menu-item-type-post_type menu-item-object-page nav-item menu-item-270072 menu-item-design-default\"><a  class=\"nav-link \" href=\"https:\/\/www.mallorcaguru.es\/sv\/fastigheter-pa-nordostra-mallorca\/\">Fastigheter p\u00e5 nord\u00f6stra Mallorca<\/a> <\/li>\n<li class=\"menu-item menu-item-type-post_type menu-item-object-page nav-item menu-item-270073 menu-item-design-default\"><a  class=\"nav-link \" href=\"https:\/\/www.mallorcaguru.es\/sv\/fastigheter-pa-mallorca-vast\/\">Fastigheter p\u00e5 Mallorca V\u00e4st<\/a> <\/li>\n<\/ul>\t\t\t\t\t<\/div>\n\t\t\t\t<\/div>\n\t\t\t<\/div><!-- main-nav -->\n\n\t\t<\/div>\n\t\t\t\t\t\t<\/div>\n\t\t\t\t<\/div>\n\t\t\t\t\t<\/div>\n\t\t<\/div>\n\t\t\t\t\t<\/div>\n\t\t<\/section>\n\t\t\t\t<\/div>\n\t\t","protected":false},"excerpt":{"rendered":"<p>Mark l\u00e4mplig f\u00f6r vinproduktion p\u00e5 \u00f6n Mallorca Ving\u00e5rdar och Bodegas till salu p\u00e5 Mallorca Mark l\u00e4mplig f\u00f6r vinproduktion p\u00e5 \u00f6n Mallorca Vi de la Terra Mallorca \u2013 Vinreglering p\u00e5 \u00f6n Vi de la Terra Mallorca \u00e4r det tillsynsorgan som \u00f6vervakar Mallorcas viner enligt IGP-klassificeringen (Indicaci\u00f3n Geogr\u00e1fica Protegida). R\u00e5det representerar ving\u00e5rdar och vinodlare \u00f6ver hela \u00f6n [&hellip;]<\/p>\n","protected":false},"author":1,"featured_media":333106,"parent":0,"menu_order":0,"comment_status":"closed","ping_status":"closed","template":"template\/template-homepage.php","meta":{"footnotes":""},"categories":[3926],"tags":[],"class_list":["post-333107","page","type-page","status-publish","has-post-thumbnail","hentry","category-fastighetssidor"],"_links":{"self":[{"href":"https:\/\/www.mallorcaguru.es\/sv\/wp-json\/wp\/v2\/pages\/333107","targetHints":{"allow":["GET"]}}],"collection":[{"href":"https:\/\/www.mallorcaguru.es\/sv\/wp-json\/wp\/v2\/pages"}],"about":[{"href":"https:\/\/www.mallorcaguru.es\/sv\/wp-json\/wp\/v2\/types\/page"}],"author":[{"embeddable":true,"href":"https:\/\/www.mallorcaguru.es\/sv\/wp-json\/wp\/v2\/users\/1"}],"replies":[{"embeddable":true,"href":"https:\/\/www.mallorcaguru.es\/sv\/wp-json\/wp\/v2\/comments?post=333107"}],"version-history":[{"count":0,"href":"https:\/\/www.mallorcaguru.es\/sv\/wp-json\/wp\/v2\/pages\/333107\/revisions"}],"wp:featuredmedia":[{"embeddable":true,"href":"https:\/\/www.mallorcaguru.es\/sv\/wp-json\/wp\/v2\/media\/333106"}],"wp:attachment":[{"href":"https:\/\/www.mallorcaguru.es\/sv\/wp-json\/wp\/v2\/media?parent=333107"}],"wp:term":[{"taxonomy":"category","embeddable":true,"href":"https:\/\/www.mallorcaguru.es\/sv\/wp-json\/wp\/v2\/categories?post=333107"},{"taxonomy":"post_tag","embeddable":true,"href":"https:\/\/www.mallorcaguru.es\/sv\/wp-json\/wp\/v2\/tags?post=333107"}],"curies":[{"name":"wp","href":"https:\/\/api.w.org\/{rel}","templated":true}]}}